{"id":2598,"date":"2023-04-18T21:13:48","date_gmt":"2023-04-18T21:13:48","guid":{"rendered":"https:\/\/www.design-award.cz\/?post_type=portfolio&#038;p=2598"},"modified":"2023-04-18T21:17:23","modified_gmt":"2023-04-18T21:17:23","slug":"verejny-interier-kancelar-pro-poradenstvi-plastic-corals","status":"publish","type":"portfolio","link":"https:\/\/www.design-award.cz\/?portfolio=verejny-interier-kancelar-pro-poradenstvi-plastic-corals","title":{"rendered":"Ve\u0159ejn\u00fd interi\u00e9r &#8211; Kancel\u00e1\u0159 pro poradenstv\u00ed &#8211; PLASTIC CORALS"},"content":{"rendered":"\n<p>Magdal\u00e9na Be\u0148ov\u00e1<\/p>\n\n\n\n<p>St\u0159edn\u00ed \u0161kola designu a m\u00f3dy, Prost\u011bjov<\/p>\n\n\n\n<p>N\u00e1vrh kancel\u00e1\u0159e pro organizaci pom\u00e1haj\u00edc\u00ed podmo\u0159sk\u00e9mu sv\u011btu- Coral Plastic. Moje prvn\u00ed my\u0161lenky sm\u011b\u0159ovaly k podmo\u0159sk\u00e9mu sv\u011btu, recyklaci, udr\u017eitelnosti, kvalit\u011b a pestrosti. Ve sv\u00e9m n\u00e1vrhu vyu\u017e\u00edv\u00e1m modern\u00edch technologi\u00ed, kter\u00e9 vedou k zaj\u00edmav\u00fdm a udr\u017eiteln\u00fdm prvk\u016fm v interi\u00e9ru. My\u0161lenka recyklace se skr\u00fdv\u00e1 ve vyu\u017eit\u00ed plastov\u00e9ho odpadu, ze kter\u00e9ho lze vyrobit mnoho nov\u00fdch produkt\u016f. Dominantou je st\u011bna z velkoform\u00e1tov\u00fdch plastov\u00fdch desek, kter\u00e1 je podsv\u00edcen\u00e1 a vytv\u00e1\u0159\u00ed zaj\u00edmav\u00fd efekt.\u00a0Plastov\u00e9 desky, barevn\u00e1 skla, organick\u00e9 tvary nebo textilie jsou inspirovan\u00e9 velk\u00fdm bari\u00e9rov\u00fdm \u00fatesem pod\u00e9l pob\u0159e\u017e\u00ed Queenslandu v Austr\u00e1lii. Podmo\u0159sk\u00fd sv\u011bt je neskute\u010dn\u011b nohat\u00fd, a proto by byla \u0161koda se jim neinspirovat.<\/p>\n\n\n\n<figure class=\"wp-block-image size-full\"><img decoding=\"async\" width=\"1000\" height=\"563\" data-src=\"http:\/\/www.design-award.cz\/wp-content\/uploads\/2023\/04\/Obrazek1.jpg\" alt=\"\" class=\"wp-image-2629 lazyload\" data-srcset=\"https:\/\/www.design-award.cz\/wp-content\/uploads\/2023\/04\/Obrazek1.jpg 1000w, https:\/\/www.design-award.cz\/wp-content\/uploads\/2023\/04\/Obrazek1-300x169.jpg 300w, https:\/\/www.design-award.cz\/wp-content\/uploads\/2023\/04\/Obrazek1-768x432.jpg 768w, https:\/\/www.design-award.cz\/wp-content\/uploads\/2023\/04\/Obrazek1-500x282.jpg 500w, https:\/\/www.design-award.cz\/wp-content\/uploads\/2023\/04\/Obrazek1-800x450.jpg 800w\" data-sizes=\"(max-width: 1000px) 100vw, 1000px\" src=\"data:image\/svg+xml;base64,PHN2ZyB3aWR0aD0iMSIgaGVpZ2h0PSIxIiB4bWxucz0iaHR0cDovL3d3dy53My5vcmcvMjAwMC9zdmciPjwvc3ZnPg==\" style=\"--smush-placeholder-width: 1000px; --smush-placeholder-aspect-ratio: 1000\/563;\" \/><\/figure>\n\n\n\n<figure class=\"wp-block-image size-full\"><img decoding=\"async\" width=\"1000\" height=\"563\" data-src=\"http:\/\/www.design-award.cz\/wp-content\/uploads\/2023\/04\/4.jpg\" alt=\"\" class=\"wp-image-2631 lazyload\" data-srcset=\"https:\/\/www.design-award.cz\/wp-content\/uploads\/2023\/04\/4.jpg 1000w, https:\/\/www.design-award.cz\/wp-content\/uploads\/2023\/04\/4-300x169.jpg 300w, https:\/\/www.design-award.cz\/wp-content\/uploads\/2023\/04\/4-768x432.jpg 768w, https:\/\/www.design-award.cz\/wp-content\/uploads\/2023\/04\/4-500x282.jpg 500w, https:\/\/www.design-award.cz\/wp-content\/uploads\/2023\/04\/4-800x450.jpg 800w\" data-sizes=\"(max-width: 1000px) 100vw, 1000px\" src=\"data:image\/svg+xml;base64,PHN2ZyB3aWR0aD0iMSIgaGVpZ2h0PSIxIiB4bWxucz0iaHR0cDovL3d3dy53My5vcmcvMjAwMC9zdmciPjwvc3ZnPg==\" style=\"--smush-placeholder-width: 1000px; --smush-placeholder-aspect-ratio: 1000\/563;\" \/><\/figure>\n\n\n\n<figure class=\"wp-block-image size-full is-resized\"><img decoding=\"async\" data-src=\"http:\/\/www.design-award.cz\/wp-content\/uploads\/2023\/04\/pohledy.jpg\" alt=\"\" class=\"wp-image-2633 lazyload\" width=\"840\" height=\"472\" data-srcset=\"https:\/\/www.design-award.cz\/wp-content\/uploads\/2023\/04\/pohledy.jpg 1000w, https:\/\/www.design-award.cz\/wp-content\/uploads\/2023\/04\/pohledy-300x169.jpg 300w, https:\/\/www.design-award.cz\/wp-content\/uploads\/2023\/04\/pohledy-768x432.jpg 768w, https:\/\/www.design-award.cz\/wp-content\/uploads\/2023\/04\/pohledy-500x282.jpg 500w, https:\/\/www.design-award.cz\/wp-content\/uploads\/2023\/04\/pohledy-800x450.jpg 800w\" data-sizes=\"(max-width: 840px) 100vw, 840px\" src=\"data:image\/svg+xml;base64,PHN2ZyB3aWR0aD0iMSIgaGVpZ2h0PSIxIiB4bWxucz0iaHR0cDovL3d3dy53My5vcmcvMjAwMC9zdmciPjwvc3ZnPg==\" style=\"--smush-placeholder-width: 840px; --smush-placeholder-aspect-ratio: 840\/472;\" \/><\/figure>\n\n\n\n<figure class=\"wp-block-image size-full\"><img decoding=\"async\" width=\"1000\" height=\"563\" data-src=\"http:\/\/www.design-award.cz\/wp-content\/uploads\/2023\/04\/vykres.jpg\" alt=\"\" class=\"wp-image-2632 lazyload\" data-srcset=\"https:\/\/www.design-award.cz\/wp-content\/uploads\/2023\/04\/vykres.jpg 1000w, https:\/\/www.design-award.cz\/wp-content\/uploads\/2023\/04\/vykres-300x169.jpg 300w, https:\/\/www.design-award.cz\/wp-content\/uploads\/2023\/04\/vykres-768x432.jpg 768w, https:\/\/www.design-award.cz\/wp-content\/uploads\/2023\/04\/vykres-500x282.jpg 500w, https:\/\/www.design-award.cz\/wp-content\/uploads\/2023\/04\/vykres-800x450.jpg 800w\" data-sizes=\"(max-width: 1000px) 100vw, 1000px\" src=\"data:image\/svg+xml;base64,PHN2ZyB3aWR0aD0iMSIgaGVpZ2h0PSIxIiB4bWxucz0iaHR0cDovL3d3dy53My5vcmcvMjAwMC9zdmciPjwvc3ZnPg==\" style=\"--smush-placeholder-width: 1000px; --smush-placeholder-aspect-ratio: 1000\/563;\" \/><\/figure>\n","protected":false},"excerpt":{"rendered":"<p>Magdal\u00e9na Be\u0148ov\u00e1 St\u0159edn\u00ed \u0161kola designu a m\u00f3dy, Prost\u011bjov N\u00e1vrh kancel\u00e1\u0159e pro organizaci pom\u00e1haj\u00edc\u00ed podmo\u0159sk\u00e9mu sv\u011btu- Coral Plastic. Moje prvn\u00ed my\u0161lenky sm\u011b\u0159ovaly k podmo\u0159sk\u00e9mu sv\u011btu, recyklaci, udr\u017eitelnosti, kvalit\u011b a pestrosti. Ve sv\u00e9m n\u00e1vrhu vyu\u017e\u00edv\u00e1m modern\u00edch technologi\u00ed, kter\u00e9 vedou k zaj\u00edmav\u00fdm a udr\u017eiteln\u00fdm prvk\u016fm v interi\u00e9ru. My\u0161lenka recyklace se skr\u00fdv\u00e1 ve vyu\u017eit\u00ed plastov\u00e9ho odpadu, ze kter\u00e9ho lze [&hellip;]<\/p>\n","protected":false},"author":5,"featured_media":2630,"menu_order":0,"comment_status":"closed","ping_status":"closed","template":"","format":"standard","meta":{"ngg_post_thumbnail":0,"ocean_post_layout":"","ocean_both_sidebars_style":"","ocean_both_sidebars_content_width":0,"ocean_both_sidebars_sidebars_width":0,"ocean_sidebar":"","ocean_second_sidebar":"","ocean_disable_margins":"enable","ocean_add_body_class":"","ocean_shortcode_before_top_bar":"","ocean_shortcode_after_top_bar":"","ocean_shortcode_before_header":"","ocean_shortcode_after_header":"","ocean_has_shortcode":"","ocean_shortcode_after_title":"","ocean_shortcode_before_footer_widgets":"","ocean_shortcode_after_footer_widgets":"","ocean_shortcode_before_footer_bottom":"","ocean_shortcode_after_footer_bottom":"","ocean_display_top_bar":"default","ocean_display_header":"default","ocean_header_style":"","ocean_center_header_left_menu":"","ocean_custom_header_template":"","ocean_custom_logo":0,"ocean_custom_retina_logo":0,"ocean_custom_logo_max_width":0,"ocean_custom_logo_tablet_max_width":0,"ocean_custom_logo_mobile_max_width":0,"ocean_custom_logo_max_height":0,"ocean_custom_logo_tablet_max_height":0,"ocean_custom_logo_mobile_max_height":0,"ocean_header_custom_menu":"","ocean_menu_typo_font_family":"","ocean_menu_typo_font_subset":"","ocean_menu_typo_font_size":0,"ocean_menu_typo_font_size_tablet":0,"ocean_menu_typo_font_size_mobile":0,"ocean_menu_typo_font_size_unit":"px","ocean_menu_typo_font_weight":"","ocean_menu_typo_font_weight_tablet":"","ocean_menu_typo_font_weight_mobile":"","ocean_menu_typo_transform":"","ocean_menu_typo_transform_tablet":"","ocean_menu_typo_transform_mobile":"","ocean_menu_typo_line_height":0,"ocean_menu_typo_line_height_tablet":0,"ocean_menu_typo_line_height_mobile":0,"ocean_menu_typo_line_height_unit":"","ocean_menu_typo_spacing":0,"ocean_menu_typo_spacing_tablet":0,"ocean_menu_typo_spacing_mobile":0,"ocean_menu_typo_spacing_unit":"","ocean_menu_link_color":"","ocean_menu_link_color_hover":"","ocean_menu_link_color_active":"","ocean_menu_link_background":"","ocean_menu_link_hover_background":"","ocean_menu_link_active_background":"","ocean_menu_social_links_bg":"","ocean_menu_social_hover_links_bg":"","ocean_menu_social_links_color":"","ocean_menu_social_hover_links_color":"","ocean_disable_title":"default","ocean_disable_heading":"default","ocean_post_title":"","ocean_post_subheading":"","ocean_post_title_style":"","ocean_post_title_background_color":"","ocean_post_title_background":0,"ocean_post_title_bg_image_position":"","ocean_post_title_bg_image_attachment":"","ocean_post_title_bg_image_repeat":"","ocean_post_title_bg_image_size":"","ocean_post_title_height":0,"ocean_post_title_bg_overlay":0.5,"ocean_post_title_bg_overlay_color":"","ocean_disable_breadcrumbs":"default","ocean_breadcrumbs_color":"","ocean_breadcrumbs_separator_color":"","ocean_breadcrumbs_links_color":"","ocean_breadcrumbs_links_hover_color":"","ocean_display_footer_widgets":"default","ocean_display_footer_bottom":"default","ocean_custom_footer_template":"","_vp_format_video_url":"","_vp_image_focal_point":[],"footnotes":""},"portfolio_category":[10],"portfolio_tag":[],"class_list":["post-2598","portfolio","type-portfolio","status-publish","format-standard","has-post-thumbnail","hentry","portfolio_category-soutezici-2023","entry","has-media"],"yoast_head":"<!-- This site is optimized with the Yoast SEO plugin v25.2 - https:\/\/yoast.com\/wordpress\/plugins\/seo\/ -->\n<title>Ve\u0159ejn\u00fd interi\u00e9r - Kancel\u00e1\u0159 pro poradenstv\u00ed - PLASTIC CORALS - design-award.cz<\/title>\n<meta name=\"robots\" content=\"index, follow, max-snippet:-1, max-image-preview:large, max-video-preview:-1\" \/>\n<link rel=\"canonical\" href=\"https:\/\/www.design-award.cz\/?portfolio=verejny-interier-kancelar-pro-poradenstvi-plastic-corals\" \/>\n<meta property=\"og:locale\" content=\"cs_CZ\" \/>\n<meta property=\"og:type\" content=\"article\" \/>\n<meta property=\"og:title\" content=\"Ve\u0159ejn\u00fd interi\u00e9r - Kancel\u00e1\u0159 pro poradenstv\u00ed - PLASTIC CORALS - design-award.cz\" \/>\n<meta property=\"og:description\" content=\"Magdal\u00e9na Be\u0148ov\u00e1 St\u0159edn\u00ed \u0161kola designu a m\u00f3dy, Prost\u011bjov N\u00e1vrh kancel\u00e1\u0159e pro organizaci pom\u00e1haj\u00edc\u00ed podmo\u0159sk\u00e9mu sv\u011btu- Coral Plastic. Moje prvn\u00ed my\u0161lenky sm\u011b\u0159ovaly k podmo\u0159sk\u00e9mu sv\u011btu, recyklaci, udr\u017eitelnosti, kvalit\u011b a pestrosti. Ve sv\u00e9m n\u00e1vrhu vyu\u017e\u00edv\u00e1m modern\u00edch technologi\u00ed, kter\u00e9 vedou k zaj\u00edmav\u00fdm a udr\u017eiteln\u00fdm prvk\u016fm v interi\u00e9ru. My\u0161lenka recyklace se skr\u00fdv\u00e1 ve vyu\u017eit\u00ed plastov\u00e9ho odpadu, ze kter\u00e9ho lze [&hellip;]\" \/>\n<meta property=\"og:url\" content=\"https:\/\/www.design-award.cz\/?portfolio=verejny-interier-kancelar-pro-poradenstvi-plastic-corals\" \/>\n<meta property=\"og:site_name\" content=\"design-award.cz\" \/>\n<meta property=\"article:modified_time\" content=\"2023-04-18T21:17:23+00:00\" \/>\n<meta property=\"og:image\" content=\"http:\/\/www.design-award.cz\/wp-content\/uploads\/2023\/04\/6.jpg\" \/>\n\t<meta property=\"og:image:width\" content=\"1000\" \/>\n\t<meta property=\"og:image:height\" content=\"563\" \/>\n\t<meta property=\"og:image:type\" content=\"image\/jpeg\" \/>\n<meta name=\"twitter:card\" content=\"summary_large_image\" \/>\n<meta name=\"twitter:label1\" content=\"Odhadovan\u00e1 doba \u010dten\u00ed\" \/>\n\t<meta name=\"twitter:data1\" content=\"1 minuta\" \/>\n<script type=\"application\/ld+json\" class=\"yoast-schema-graph\">{\"@context\":\"https:\/\/schema.org\",\"@graph\":[{\"@type\":\"WebPage\",\"@id\":\"https:\/\/www.design-award.cz\/?portfolio=verejny-interier-kancelar-pro-poradenstvi-plastic-corals\",\"url\":\"https:\/\/www.design-award.cz\/?portfolio=verejny-interier-kancelar-pro-poradenstvi-plastic-corals\",\"name\":\"Ve\u0159ejn\u00fd interi\u00e9r - Kancel\u00e1\u0159 pro poradenstv\u00ed - PLASTIC CORALS - design-award.cz\",\"isPartOf\":{\"@id\":\"https:\/\/www.design-award.cz\/#website\"},\"primaryImageOfPage\":{\"@id\":\"https:\/\/www.design-award.cz\/?portfolio=verejny-interier-kancelar-pro-poradenstvi-plastic-corals#primaryimage\"},\"image\":{\"@id\":\"https:\/\/www.design-award.cz\/?portfolio=verejny-interier-kancelar-pro-poradenstvi-plastic-corals#primaryimage\"},\"thumbnailUrl\":\"https:\/\/www.design-award.cz\/wp-content\/uploads\/2023\/04\/6.jpg\",\"datePublished\":\"2023-04-18T21:13:48+00:00\",\"dateModified\":\"2023-04-18T21:17:23+00:00\",\"breadcrumb\":{\"@id\":\"https:\/\/www.design-award.cz\/?portfolio=verejny-interier-kancelar-pro-poradenstvi-plastic-corals#breadcrumb\"},\"inLanguage\":\"cs\",\"potentialAction\":[{\"@type\":\"ReadAction\",\"target\":[\"https:\/\/www.design-award.cz\/?portfolio=verejny-interier-kancelar-pro-poradenstvi-plastic-corals\"]}]},{\"@type\":\"ImageObject\",\"inLanguage\":\"cs\",\"@id\":\"https:\/\/www.design-award.cz\/?portfolio=verejny-interier-kancelar-pro-poradenstvi-plastic-corals#primaryimage\",\"url\":\"https:\/\/www.design-award.cz\/wp-content\/uploads\/2023\/04\/6.jpg\",\"contentUrl\":\"https:\/\/www.design-award.cz\/wp-content\/uploads\/2023\/04\/6.jpg\",\"width\":1000,\"height\":563},{\"@type\":\"BreadcrumbList\",\"@id\":\"https:\/\/www.design-award.cz\/?portfolio=verejny-interier-kancelar-pro-poradenstvi-plastic-corals#breadcrumb\",\"itemListElement\":[{\"@type\":\"ListItem\",\"position\":1,\"name\":\"Dom\u016f\",\"item\":\"https:\/\/www.design-award.cz\/\"},{\"@type\":\"ListItem\",\"position\":2,\"name\":\"Portfolio Items\",\"item\":\"https:\/\/www.design-award.cz\/?post_type=portfolio\"},{\"@type\":\"ListItem\",\"position\":3,\"name\":\"Ve\u0159ejn\u00fd interi\u00e9r &#8211; Kancel\u00e1\u0159 pro poradenstv\u00ed &#8211; PLASTIC CORALS\"}]},{\"@type\":\"WebSite\",\"@id\":\"https:\/\/www.design-award.cz\/#website\",\"url\":\"https:\/\/www.design-award.cz\/\",\"name\":\"design-award.cz\",\"description\":\"WARD vznikla v roce 2022. Je ur\u010dena p\u0159edev\u0161\u00edm student\u016fm st\u0159edn\u00edch um\u011bleck\u00fdch \u0161kol (S\u0160 a VO\u0160), kte\u0159\u00ed mohou bezplatn\u011b zaslat sv\u00e9 n\u00e1vrhy v uveden\u00fdch kategori\u00ed a tak pom\u011b\u0159it sv\u00e9 n\u00e1pady s konkurenc\u00ed sv\u00fdch vrstevn\u00edk\u016f. N\u00e1vrhy jsou n\u00e1sledn\u011b posouzeny nez\u00e1vislou porotou z \u0159ad v\u00fdtvarn\u00edk\u016f, pedagog\u016f a profesion\u00e1l\u016f z oboru.\",\"publisher\":{\"@id\":\"https:\/\/www.design-award.cz\/#organization\"},\"potentialAction\":[{\"@type\":\"SearchAction\",\"target\":{\"@type\":\"EntryPoint\",\"urlTemplate\":\"https:\/\/www.design-award.cz\/?s={search_term_string}\"},\"query-input\":{\"@type\":\"PropertyValueSpecification\",\"valueRequired\":true,\"valueName\":\"search_term_string\"}}],\"inLanguage\":\"cs\"},{\"@type\":\"Organization\",\"@id\":\"https:\/\/www.design-award.cz\/#organization\",\"name\":\"Design Award\",\"url\":\"https:\/\/www.design-award.cz\/\",\"logo\":{\"@type\":\"ImageObject\",\"inLanguage\":\"cs\",\"@id\":\"https:\/\/www.design-award.cz\/#\/schema\/logo\/image\/\",\"url\":\"http:\/\/www.design-award.cz\/wp-content\/uploads\/2021\/12\/hornilogo_design-award.png\",\"contentUrl\":\"http:\/\/www.design-award.cz\/wp-content\/uploads\/2021\/12\/hornilogo_design-award.png\",\"width\":800,\"height\":600,\"caption\":\"Design Award\"},\"image\":{\"@id\":\"https:\/\/www.design-award.cz\/#\/schema\/logo\/image\/\"},\"sameAs\":[\"https:\/\/www.instagram.com\/design_award\/\"]}]}<\/script>\n<!-- \/ Yoast SEO plugin. -->","yoast_head_json":{"title":"Ve\u0159ejn\u00fd interi\u00e9r - Kancel\u00e1\u0159 pro poradenstv\u00ed - PLASTIC CORALS - design-award.cz","robots":{"index":"index","follow":"follow","max-snippet":"max-snippet:-1","max-image-preview":"max-image-preview:large","max-video-preview":"max-video-preview:-1"},"canonical":"https:\/\/www.design-award.cz\/?portfolio=verejny-interier-kancelar-pro-poradenstvi-plastic-corals","og_locale":"cs_CZ","og_type":"article","og_title":"Ve\u0159ejn\u00fd interi\u00e9r - Kancel\u00e1\u0159 pro poradenstv\u00ed - PLASTIC CORALS - design-award.cz","og_description":"Magdal\u00e9na Be\u0148ov\u00e1 St\u0159edn\u00ed \u0161kola designu a m\u00f3dy, Prost\u011bjov N\u00e1vrh kancel\u00e1\u0159e pro organizaci pom\u00e1haj\u00edc\u00ed podmo\u0159sk\u00e9mu sv\u011btu- Coral Plastic. Moje prvn\u00ed my\u0161lenky sm\u011b\u0159ovaly k podmo\u0159sk\u00e9mu sv\u011btu, recyklaci, udr\u017eitelnosti, kvalit\u011b a pestrosti. Ve sv\u00e9m n\u00e1vrhu vyu\u017e\u00edv\u00e1m modern\u00edch technologi\u00ed, kter\u00e9 vedou k zaj\u00edmav\u00fdm a udr\u017eiteln\u00fdm prvk\u016fm v interi\u00e9ru. My\u0161lenka recyklace se skr\u00fdv\u00e1 ve vyu\u017eit\u00ed plastov\u00e9ho odpadu, ze kter\u00e9ho lze [&hellip;]","og_url":"https:\/\/www.design-award.cz\/?portfolio=verejny-interier-kancelar-pro-poradenstvi-plastic-corals","og_site_name":"design-award.cz","article_modified_time":"2023-04-18T21:17:23+00:00","og_image":[{"width":1000,"height":563,"url":"http:\/\/www.design-award.cz\/wp-content\/uploads\/2023\/04\/6.jpg","type":"image\/jpeg"}],"twitter_card":"summary_large_image","twitter_misc":{"Odhadovan\u00e1 doba \u010dten\u00ed":"1 minuta"},"schema":{"@context":"https:\/\/schema.org","@graph":[{"@type":"WebPage","@id":"https:\/\/www.design-award.cz\/?portfolio=verejny-interier-kancelar-pro-poradenstvi-plastic-corals","url":"https:\/\/www.design-award.cz\/?portfolio=verejny-interier-kancelar-pro-poradenstvi-plastic-corals","name":"Ve\u0159ejn\u00fd interi\u00e9r - Kancel\u00e1\u0159 pro poradenstv\u00ed - PLASTIC CORALS - design-award.cz","isPartOf":{"@id":"https:\/\/www.design-award.cz\/#website"},"primaryImageOfPage":{"@id":"https:\/\/www.design-award.cz\/?portfolio=verejny-interier-kancelar-pro-poradenstvi-plastic-corals#primaryimage"},"image":{"@id":"https:\/\/www.design-award.cz\/?portfolio=verejny-interier-kancelar-pro-poradenstvi-plastic-corals#primaryimage"},"thumbnailUrl":"https:\/\/www.design-award.cz\/wp-content\/uploads\/2023\/04\/6.jpg","datePublished":"2023-04-18T21:13:48+00:00","dateModified":"2023-04-18T21:17:23+00:00","breadcrumb":{"@id":"https:\/\/www.design-award.cz\/?portfolio=verejny-interier-kancelar-pro-poradenstvi-plastic-corals#breadcrumb"},"inLanguage":"cs","potentialAction":[{"@type":"ReadAction","target":["https:\/\/www.design-award.cz\/?portfolio=verejny-interier-kancelar-pro-poradenstvi-plastic-corals"]}]},{"@type":"ImageObject","inLanguage":"cs","@id":"https:\/\/www.design-award.cz\/?portfolio=verejny-interier-kancelar-pro-poradenstvi-plastic-corals#primaryimage","url":"https:\/\/www.design-award.cz\/wp-content\/uploads\/2023\/04\/6.jpg","contentUrl":"https:\/\/www.design-award.cz\/wp-content\/uploads\/2023\/04\/6.jpg","width":1000,"height":563},{"@type":"BreadcrumbList","@id":"https:\/\/www.design-award.cz\/?portfolio=verejny-interier-kancelar-pro-poradenstvi-plastic-corals#breadcrumb","itemListElement":[{"@type":"ListItem","position":1,"name":"Dom\u016f","item":"https:\/\/www.design-award.cz\/"},{"@type":"ListItem","position":2,"name":"Portfolio Items","item":"https:\/\/www.design-award.cz\/?post_type=portfolio"},{"@type":"ListItem","position":3,"name":"Ve\u0159ejn\u00fd interi\u00e9r &#8211; Kancel\u00e1\u0159 pro poradenstv\u00ed &#8211; PLASTIC CORALS"}]},{"@type":"WebSite","@id":"https:\/\/www.design-award.cz\/#website","url":"https:\/\/www.design-award.cz\/","name":"design-award.cz","description":"WARD vznikla v roce 2022. Je ur\u010dena p\u0159edev\u0161\u00edm student\u016fm st\u0159edn\u00edch um\u011bleck\u00fdch \u0161kol (S\u0160 a VO\u0160), kte\u0159\u00ed mohou bezplatn\u011b zaslat sv\u00e9 n\u00e1vrhy v uveden\u00fdch kategori\u00ed a tak pom\u011b\u0159it sv\u00e9 n\u00e1pady s konkurenc\u00ed sv\u00fdch vrstevn\u00edk\u016f. N\u00e1vrhy jsou n\u00e1sledn\u011b posouzeny nez\u00e1vislou porotou z \u0159ad v\u00fdtvarn\u00edk\u016f, pedagog\u016f a profesion\u00e1l\u016f z oboru.","publisher":{"@id":"https:\/\/www.design-award.cz\/#organization"},"potentialAction":[{"@type":"SearchAction","target":{"@type":"EntryPoint","urlTemplate":"https:\/\/www.design-award.cz\/?s={search_term_string}"},"query-input":{"@type":"PropertyValueSpecification","valueRequired":true,"valueName":"search_term_string"}}],"inLanguage":"cs"},{"@type":"Organization","@id":"https:\/\/www.design-award.cz\/#organization","name":"Design Award","url":"https:\/\/www.design-award.cz\/","logo":{"@type":"ImageObject","inLanguage":"cs","@id":"https:\/\/www.design-award.cz\/#\/schema\/logo\/image\/","url":"http:\/\/www.design-award.cz\/wp-content\/uploads\/2021\/12\/hornilogo_design-award.png","contentUrl":"http:\/\/www.design-award.cz\/wp-content\/uploads\/2021\/12\/hornilogo_design-award.png","width":800,"height":600,"caption":"Design Award"},"image":{"@id":"https:\/\/www.design-award.cz\/#\/schema\/logo\/image\/"},"sameAs":["https:\/\/www.instagram.com\/design_award\/"]}]}},"_links":{"self":[{"href":"https:\/\/www.design-award.cz\/index.php?rest_route=\/wp\/v2\/portfolio\/2598","targetHints":{"allow":["GET"]}}],"collection":[{"href":"https:\/\/www.design-award.cz\/index.php?rest_route=\/wp\/v2\/portfolio"}],"about":[{"href":"https:\/\/www.design-award.cz\/index.php?rest_route=\/wp\/v2\/types\/portfolio"}],"author":[{"embeddable":true,"href":"https:\/\/www.design-award.cz\/index.php?rest_route=\/wp\/v2\/users\/5"}],"replies":[{"embeddable":true,"href":"https:\/\/www.design-award.cz\/index.php?rest_route=%2Fwp%2Fv2%2Fcomments&post=2598"}],"version-history":[{"count":1,"href":"https:\/\/www.design-award.cz\/index.php?rest_route=\/wp\/v2\/portfolio\/2598\/revisions"}],"predecessor-version":[{"id":2634,"href":"https:\/\/www.design-award.cz\/index.php?rest_route=\/wp\/v2\/portfolio\/2598\/revisions\/2634"}],"wp:featuredmedia":[{"embeddable":true,"href":"https:\/\/www.design-award.cz\/index.php?rest_route=\/wp\/v2\/media\/2630"}],"wp:attachment":[{"href":"https:\/\/www.design-award.cz\/index.php?rest_route=%2Fwp%2Fv2%2Fmedia&parent=2598"}],"wp:term":[{"taxonomy":"portfolio_category","embeddable":true,"href":"https:\/\/www.design-award.cz\/index.php?rest_route=%2Fwp%2Fv2%2Fportfolio_category&post=2598"},{"taxonomy":"portfolio_tag","embeddable":true,"href":"https:\/\/www.design-award.cz\/index.php?rest_route=%2Fwp%2Fv2%2Fportfolio_tag&post=2598"}],"curies":[{"name":"wp","href":"https:\/\/api.w.org\/{rel}","templated":true}]}}