{"id":2624,"date":"2023-04-18T21:06:14","date_gmt":"2023-04-18T21:06:14","guid":{"rendered":"https:\/\/www.design-award.cz\/?post_type=portfolio&#038;p=2624"},"modified":"2023-04-18T21:06:15","modified_gmt":"2023-04-18T21:06:15","slug":"soukromy-interier-koupelna-4","status":"publish","type":"portfolio","link":"https:\/\/www.design-award.cz\/?portfolio=soukromy-interier-koupelna-4","title":{"rendered":"Soukrom\u00fd interi\u00e9r &#8211; Koupelna"},"content":{"rendered":"\n<p>Rozalie Jon\u00e1kov\u00e1<\/p>\n\n\n\n<p>MICHAEL &#8211; S\u0160 a VO\u0160 reklamn\u00ed a um\u011bleck\u00e9 tvorby, s.r.o.<\/p>\n\n\n\n<p>Mou klientelou je aktivn\u00ed seniorsk\u00fd p\u00e1r neboj\u00e1cn\u00fd v\u016f\u010di jak\u00fdmkoliv dne\u0161n\u00edm trend\u016fm<br>a novink\u00e1m v designu. Klienti tohoto typu m\u011b zvl\u00e1\u0161t\u011b donutili p\u0159em\u00fd\u0161let nejen nad ji\u017e zmi\u0148ovanou prakti\u010dnost\u00ed a ergonomi\u00ed, ale p\u0159edev\u0161\u00edm nad budoucnost\u00ed vyu\u017eit\u00ed cel\u00e9 koupelny. J\u00e1 po celou dobu pracovala s p\u016fdorysem A. \u010ctvercov\u00e1 m\u00edstnost s vysok\u00fdmi stropy a vycentrovan\u00fdm oknem i dve\u0159mi p\u0159\u00edmo naproti sob\u011b. Pe\u010dliv\u011b jsem se sna\u017eila tento na prvn\u00ed pohled lehce vypadaj\u00edc\u00ed p\u016fdorys navrhnout a vyplnit tak, aby nikde nevznikaly nep\u0159\u00edjemn\u011b pr\u00e1zdn\u00e9 nebo nepraktick\u00e9 prostory a cel\u00e1 koupelna spolu sou\u017eila &#8211; d\u00e1vala smysl. Cht\u011bla jsem p\u0159\u00edjemn\u00fd, modern\u00ed prostor, z\u00e1rove\u0148 s dlouholetou \u017eivotnost\u00ed, kter\u00fd nebude nijak v\u00fdrazn\u011b neobvykl\u00fd, av\u0161ak ho bude cel\u00fd podtrh\u00e1vat jeden dominantn\u00ed prvek.<\/p>\n\n\n\n<p>N\u011bkolika m\u011bs\u00ed\u010dn\u00ed z\u00edsk\u00e1v\u00e1n\u00ed zku\u0161enost\u00ed, objevov\u00e1n\u00ed nov\u00fdch zna\u010dek, materi\u00e1l\u016f i pravidel a navrhov\u00e1n\u00ed n\u011bkolika r\u016fzn\u00fdch dispozic i design\u016f m\u011b dovedlo<br>k m\u00e9mu fin\u00e1ln\u00edmu n\u00e1vrhu koupelny. Mou hlavn\u00ed dominantou neboli st\u0159edov\u00fdm bodem je luxusn\u00ed p\u016fl v\u00e1lcovit\u00fd obklad z travertinov\u00e9ho kamene od zna\u010dky Il Granito. Dopl\u0148uji ho betonovou st\u011brkou s jemn\u00fdm vzorem ve stejn\u00e9 teple \u0161ed\u00e9 barv\u011b. Sv\u011btl\u00e9 javorov\u00e9 d\u0159evo pou\u017eit\u00e9 na umyvadlov\u00e9 sk\u0159\u00ed\u0148ce a sk\u0159\u00edni<br>s mnoho \u00falo\u017en\u00fdmi prostory cel\u00fd, do teplej\u0161\u00edch podt\u00f3n\u016f barev zvolen\u00fd interi\u00e9r, podtrh\u00e1v\u00e1. Ve\u0161ker\u00e9 dopl\u0148ky a pot\u0159eby jsou matn\u011b \u010dern\u00e9 a pov\u011bt\u0161inou zaoblen\u00e9 tak, aby ladily k obl\u00e9mu vzhledu obkladu. Pro snadn\u00e9 pou\u017e\u00edv\u00e1n\u00ed sprchy<br>i toalety je koupelna dopln\u011bna vyv\u00fd\u0161enou toaletou, vyh\u0159\u00edvan\u00fdm sprchov\u00fdm sed\u00e1kem z travertinov\u00e9ho kamene a minimalistick\u00fdmi madly. Po celou dobu jsem dbala na jak st\u00e1vaj\u00edc\u00ed, tak nast\u00e1vaj\u00edc\u00ed po\u017eadavky klient\u016f. Interi\u00e9r dopl\u0148uji velk\u00fdm abstraktn\u00edm zrcadlem a designov\u00fdmi z\u00e1v\u011bsn\u00fdmi sv\u00edtidly od skandin\u00e1vsk\u00e9 zna\u010dky Normann Copenhagen do ka\u017ed\u00e9ho rohu. Toaleta je odd\u011blena p\u0159\u00ed\u010dkou s vestav\u011bn\u00fdmi poli\u010dkami a t\u00edm vytv\u00e1\u0159\u00ed pocit soukrom\u00ed. Na podlaze<br>je pou\u017eita o trochu sv\u011btlej\u0161\u00ed, protiskluzov\u00e1 betonov\u00e1 st\u011brka, pod kterou se schov\u00e1v\u00e1 podlahov\u00e9 topen\u00ed. Spousty denn\u00edho sv\u011btla z rozm\u011brn\u00e9ho okna, \u0161ed\u00fd k\u00e1men a betonov\u00e1 st\u011brka spole\u010dn\u011b se sklen\u011bn\u00fdm walk-in sprchov\u00fdm koutem a \u010dernou sanitou i v\u0161emi ostatn\u00edmi dopl\u0148ky vytv\u00e1\u0159\u00ed jedine\u010dn\u00fd, lehce industri\u00e1ln\u00ed, ale p\u0159edev\u0161\u00edm kr\u00e1sn\u00fd a praktick\u00fd prostor, kter\u00fd m\u00e1 sv\u00fdm designem dlouhou \u017eivotnost.<\/p>\n\n\n\n<figure class=\"wp-block-image size-large\"><img decoding=\"async\" width=\"1024\" height=\"576\" data-src=\"http:\/\/www.design-award.cz\/wp-content\/uploads\/2023\/04\/MicrosoftTeams-image-7-1024x576.png\" alt=\"\" class=\"wp-image-2623 lazyload\" data-srcset=\"https:\/\/www.design-award.cz\/wp-content\/uploads\/2023\/04\/MicrosoftTeams-image-7-1024x576.png 1024w, https:\/\/www.design-award.cz\/wp-content\/uploads\/2023\/04\/MicrosoftTeams-image-7-300x169.png 300w, https:\/\/www.design-award.cz\/wp-content\/uploads\/2023\/04\/MicrosoftTeams-image-7-768x432.png 768w, https:\/\/www.design-award.cz\/wp-content\/uploads\/2023\/04\/MicrosoftTeams-image-7-1536x864.png 1536w, https:\/\/www.design-award.cz\/wp-content\/uploads\/2023\/04\/MicrosoftTeams-image-7-2048x1152.png 2048w, https:\/\/www.design-award.cz\/wp-content\/uploads\/2023\/04\/MicrosoftTeams-image-7-500x281.png 500w, https:\/\/www.design-award.cz\/wp-content\/uploads\/2023\/04\/MicrosoftTeams-image-7-800x450.png 800w, https:\/\/www.design-award.cz\/wp-content\/uploads\/2023\/04\/MicrosoftTeams-image-7-1280x720.png 1280w, https:\/\/www.design-award.cz\/wp-content\/uploads\/2023\/04\/MicrosoftTeams-image-7-1920x1080.png 1920w\" data-sizes=\"(max-width: 1024px) 100vw, 1024px\" src=\"data:image\/svg+xml;base64,PHN2ZyB3aWR0aD0iMSIgaGVpZ2h0PSIxIiB4bWxucz0iaHR0cDovL3d3dy53My5vcmcvMjAwMC9zdmciPjwvc3ZnPg==\" style=\"--smush-placeholder-width: 1024px; --smush-placeholder-aspect-ratio: 1024\/576;\" \/><\/figure>\n\n\n\n<figure class=\"wp-block-image size-large\"><img decoding=\"async\" width=\"1024\" height=\"576\" data-src=\"http:\/\/www.design-award.cz\/wp-content\/uploads\/2023\/04\/MicrosoftTeams-image-6-1024x576.png\" alt=\"\" class=\"wp-image-2622 lazyload\" data-srcset=\"https:\/\/www.design-award.cz\/wp-content\/uploads\/2023\/04\/MicrosoftTeams-image-6-1024x576.png 1024w, https:\/\/www.design-award.cz\/wp-content\/uploads\/2023\/04\/MicrosoftTeams-image-6-300x169.png 300w, https:\/\/www.design-award.cz\/wp-content\/uploads\/2023\/04\/MicrosoftTeams-image-6-768x432.png 768w, https:\/\/www.design-award.cz\/wp-content\/uploads\/2023\/04\/MicrosoftTeams-image-6-1536x864.png 1536w, https:\/\/www.design-award.cz\/wp-content\/uploads\/2023\/04\/MicrosoftTeams-image-6-2048x1152.png 2048w, https:\/\/www.design-award.cz\/wp-content\/uploads\/2023\/04\/MicrosoftTeams-image-6-500x281.png 500w, https:\/\/www.design-award.cz\/wp-content\/uploads\/2023\/04\/MicrosoftTeams-image-6-800x450.png 800w, https:\/\/www.design-award.cz\/wp-content\/uploads\/2023\/04\/MicrosoftTeams-image-6-1280x720.png 1280w, https:\/\/www.design-award.cz\/wp-content\/uploads\/2023\/04\/MicrosoftTeams-image-6-1920x1080.png 1920w\" data-sizes=\"(max-width: 1024px) 100vw, 1024px\" src=\"data:image\/svg+xml;base64,PHN2ZyB3aWR0aD0iMSIgaGVpZ2h0PSIxIiB4bWxucz0iaHR0cDovL3d3dy53My5vcmcvMjAwMC9zdmciPjwvc3ZnPg==\" style=\"--smush-placeholder-width: 1024px; --smush-placeholder-aspect-ratio: 1024\/576;\" \/><\/figure>\n\n\n\n<figure class=\"wp-block-image size-full\"><img decoding=\"async\" width=\"792\" height=\"612\" data-src=\"http:\/\/www.design-award.cz\/wp-content\/uploads\/2023\/04\/pA\u00afdorys-koupelna-dispozice-final.jpg\" alt=\"\" class=\"wp-image-2626 lazyload\" data-srcset=\"https:\/\/www.design-award.cz\/wp-content\/uploads\/2023\/04\/pA\u00afdorys-koupelna-dispozice-final.jpg 792w, https:\/\/www.design-award.cz\/wp-content\/uploads\/2023\/04\/pA\u00afdorys-koupelna-dispozice-final-300x232.jpg 300w, https:\/\/www.design-award.cz\/wp-content\/uploads\/2023\/04\/pA\u00afdorys-koupelna-dispozice-final-768x593.jpg 768w, https:\/\/www.design-award.cz\/wp-content\/uploads\/2023\/04\/pA\u00afdorys-koupelna-dispozice-final-500x386.jpg 500w\" data-sizes=\"(max-width: 792px) 100vw, 792px\" src=\"data:image\/svg+xml;base64,PHN2ZyB3aWR0aD0iMSIgaGVpZ2h0PSIxIiB4bWxucz0iaHR0cDovL3d3dy53My5vcmcvMjAwMC9zdmciPjwvc3ZnPg==\" style=\"--smush-placeholder-width: 792px; --smush-placeholder-aspect-ratio: 792\/612;\" \/><\/figure>\n","protected":false},"excerpt":{"rendered":"<p>Rozalie Jon\u00e1kov\u00e1 MICHAEL &#8211; S\u0160 a VO\u0160 reklamn\u00ed a um\u011bleck\u00e9 tvorby, s.r.o. Mou klientelou je aktivn\u00ed seniorsk\u00fd p\u00e1r neboj\u00e1cn\u00fd v\u016f\u010di jak\u00fdmkoliv dne\u0161n\u00edm trend\u016fma novink\u00e1m v designu. Klienti tohoto typu m\u011b zvl\u00e1\u0161t\u011b donutili p\u0159em\u00fd\u0161let nejen nad ji\u017e zmi\u0148ovanou prakti\u010dnost\u00ed a ergonomi\u00ed, ale p\u0159edev\u0161\u00edm nad budoucnost\u00ed vyu\u017eit\u00ed cel\u00e9 koupelny. J\u00e1 po celou dobu pracovala s p\u016fdorysem A. [&hellip;]<\/p>\n","protected":false},"author":5,"featured_media":2625,"menu_order":0,"comment_status":"closed","ping_status":"closed","template":"","format":"standard","meta":{"ngg_post_thumbnail":0,"ocean_post_layout":"","ocean_both_sidebars_style":"","ocean_both_sidebars_content_width":0,"ocean_both_sidebars_sidebars_width":0,"ocean_sidebar":"","ocean_second_sidebar":"","ocean_disable_margins":"enable","ocean_add_body_class":"","ocean_shortcode_before_top_bar":"","ocean_shortcode_after_top_bar":"","ocean_shortcode_before_header":"","ocean_shortcode_after_header":"","ocean_has_shortcode":"","ocean_shortcode_after_title":"","ocean_shortcode_before_footer_widgets":"","ocean_shortcode_after_footer_widgets":"","ocean_shortcode_before_footer_bottom":"","ocean_shortcode_after_footer_bottom":"","ocean_display_top_bar":"default","ocean_display_header":"default","ocean_header_style":"","ocean_center_header_left_menu":"","ocean_custom_header_template":"","ocean_custom_logo":0,"ocean_custom_retina_logo":0,"ocean_custom_logo_max_width":0,"ocean_custom_logo_tablet_max_width":0,"ocean_custom_logo_mobile_max_width":0,"ocean_custom_logo_max_height":0,"ocean_custom_logo_tablet_max_height":0,"ocean_custom_logo_mobile_max_height":0,"ocean_header_custom_menu":"","ocean_menu_typo_font_family":"","ocean_menu_typo_font_subset":"","ocean_menu_typo_font_size":0,"ocean_menu_typo_font_size_tablet":0,"ocean_menu_typo_font_size_mobile":0,"ocean_menu_typo_font_size_unit":"px","ocean_menu_typo_font_weight":"","ocean_menu_typo_font_weight_tablet":"","ocean_menu_typo_font_weight_mobile":"","ocean_menu_typo_transform":"","ocean_menu_typo_transform_tablet":"","ocean_menu_typo_transform_mobile":"","ocean_menu_typo_line_height":0,"ocean_menu_typo_line_height_tablet":0,"ocean_menu_typo_line_height_mobile":0,"ocean_menu_typo_line_height_unit":"","ocean_menu_typo_spacing":0,"ocean_menu_typo_spacing_tablet":0,"ocean_menu_typo_spacing_mobile":0,"ocean_menu_typo_spacing_unit":"","ocean_menu_link_color":"","ocean_menu_link_color_hover":"","ocean_menu_link_color_active":"","ocean_menu_link_background":"","ocean_menu_link_hover_background":"","ocean_menu_link_active_background":"","ocean_menu_social_links_bg":"","ocean_menu_social_hover_links_bg":"","ocean_menu_social_links_color":"","ocean_menu_social_hover_links_color":"","ocean_disable_title":"default","ocean_disable_heading":"default","ocean_post_title":"","ocean_post_subheading":"","ocean_post_title_style":"","ocean_post_title_background_color":"","ocean_post_title_background":0,"ocean_post_title_bg_image_position":"","ocean_post_title_bg_image_attachment":"","ocean_post_title_bg_image_repeat":"","ocean_post_title_bg_image_size":"","ocean_post_title_height":0,"ocean_post_title_bg_overlay":0.5,"ocean_post_title_bg_overlay_color":"","ocean_disable_breadcrumbs":"default","ocean_breadcrumbs_color":"","ocean_breadcrumbs_separator_color":"","ocean_breadcrumbs_links_color":"","ocean_breadcrumbs_links_hover_color":"","ocean_display_footer_widgets":"default","ocean_display_footer_bottom":"default","ocean_custom_footer_template":"","_vp_format_video_url":"","_vp_image_focal_point":[],"footnotes":""},"portfolio_category":[10],"portfolio_tag":[],"class_list":["post-2624","portfolio","type-portfolio","status-publish","format-standard","has-post-thumbnail","hentry","portfolio_category-soutezici-2023","entry","has-media"],"yoast_head":"<!-- This site is optimized with the Yoast SEO plugin v25.2 - https:\/\/yoast.com\/wordpress\/plugins\/seo\/ -->\n<title>Soukrom\u00fd interi\u00e9r - Koupelna - design-award.cz<\/title>\n<meta name=\"robots\" content=\"index, follow, max-snippet:-1, max-image-preview:large, max-video-preview:-1\" \/>\n<link rel=\"canonical\" href=\"https:\/\/www.design-award.cz\/?portfolio=soukromy-interier-koupelna-4\" \/>\n<meta property=\"og:locale\" content=\"cs_CZ\" \/>\n<meta property=\"og:type\" content=\"article\" \/>\n<meta property=\"og:title\" content=\"Soukrom\u00fd interi\u00e9r - Koupelna - design-award.cz\" \/>\n<meta property=\"og:description\" content=\"Rozalie Jon\u00e1kov\u00e1 MICHAEL &#8211; S\u0160 a VO\u0160 reklamn\u00ed a um\u011bleck\u00e9 tvorby, s.r.o. Mou klientelou je aktivn\u00ed seniorsk\u00fd p\u00e1r neboj\u00e1cn\u00fd v\u016f\u010di jak\u00fdmkoliv dne\u0161n\u00edm trend\u016fma novink\u00e1m v designu. Klienti tohoto typu m\u011b zvl\u00e1\u0161t\u011b donutili p\u0159em\u00fd\u0161let nejen nad ji\u017e zmi\u0148ovanou prakti\u010dnost\u00ed a ergonomi\u00ed, ale p\u0159edev\u0161\u00edm nad budoucnost\u00ed vyu\u017eit\u00ed cel\u00e9 koupelny. J\u00e1 po celou dobu pracovala s p\u016fdorysem A. [&hellip;]\" \/>\n<meta property=\"og:url\" content=\"https:\/\/www.design-award.cz\/?portfolio=soukromy-interier-koupelna-4\" \/>\n<meta property=\"og:site_name\" content=\"design-award.cz\" \/>\n<meta property=\"article:modified_time\" content=\"2023-04-18T21:06:15+00:00\" \/>\n<meta property=\"og:image\" content=\"http:\/\/www.design-award.cz\/wp-content\/uploads\/2023\/04\/MicrosoftTeams-image-8-1024x576.png\" \/>\n\t<meta property=\"og:image:width\" content=\"1024\" \/>\n\t<meta property=\"og:image:height\" content=\"576\" \/>\n\t<meta property=\"og:image:type\" content=\"image\/png\" \/>\n<meta name=\"twitter:card\" content=\"summary_large_image\" \/>\n<meta name=\"twitter:label1\" content=\"Odhadovan\u00e1 doba \u010dten\u00ed\" \/>\n\t<meta name=\"twitter:data1\" content=\"2 minuty\" \/>\n<script type=\"application\/ld+json\" class=\"yoast-schema-graph\">{\"@context\":\"https:\/\/schema.org\",\"@graph\":[{\"@type\":\"WebPage\",\"@id\":\"https:\/\/www.design-award.cz\/?portfolio=soukromy-interier-koupelna-4\",\"url\":\"https:\/\/www.design-award.cz\/?portfolio=soukromy-interier-koupelna-4\",\"name\":\"Soukrom\u00fd interi\u00e9r - Koupelna - design-award.cz\",\"isPartOf\":{\"@id\":\"https:\/\/www.design-award.cz\/#website\"},\"primaryImageOfPage\":{\"@id\":\"https:\/\/www.design-award.cz\/?portfolio=soukromy-interier-koupelna-4#primaryimage\"},\"image\":{\"@id\":\"https:\/\/www.design-award.cz\/?portfolio=soukromy-interier-koupelna-4#primaryimage\"},\"thumbnailUrl\":\"https:\/\/www.design-award.cz\/wp-content\/uploads\/2023\/04\/MicrosoftTeams-image-8.png\",\"datePublished\":\"2023-04-18T21:06:14+00:00\",\"dateModified\":\"2023-04-18T21:06:15+00:00\",\"breadcrumb\":{\"@id\":\"https:\/\/www.design-award.cz\/?portfolio=soukromy-interier-koupelna-4#breadcrumb\"},\"inLanguage\":\"cs\",\"potentialAction\":[{\"@type\":\"ReadAction\",\"target\":[\"https:\/\/www.design-award.cz\/?portfolio=soukromy-interier-koupelna-4\"]}]},{\"@type\":\"ImageObject\",\"inLanguage\":\"cs\",\"@id\":\"https:\/\/www.design-award.cz\/?portfolio=soukromy-interier-koupelna-4#primaryimage\",\"url\":\"https:\/\/www.design-award.cz\/wp-content\/uploads\/2023\/04\/MicrosoftTeams-image-8.png\",\"contentUrl\":\"https:\/\/www.design-award.cz\/wp-content\/uploads\/2023\/04\/MicrosoftTeams-image-8.png\",\"width\":3000,\"height\":1687},{\"@type\":\"BreadcrumbList\",\"@id\":\"https:\/\/www.design-award.cz\/?portfolio=soukromy-interier-koupelna-4#breadcrumb\",\"itemListElement\":[{\"@type\":\"ListItem\",\"position\":1,\"name\":\"Dom\u016f\",\"item\":\"https:\/\/www.design-award.cz\/\"},{\"@type\":\"ListItem\",\"position\":2,\"name\":\"Portfolio Items\",\"item\":\"https:\/\/www.design-award.cz\/?post_type=portfolio\"},{\"@type\":\"ListItem\",\"position\":3,\"name\":\"Soukrom\u00fd interi\u00e9r &#8211; Koupelna\"}]},{\"@type\":\"WebSite\",\"@id\":\"https:\/\/www.design-award.cz\/#website\",\"url\":\"https:\/\/www.design-award.cz\/\",\"name\":\"design-award.cz\",\"description\":\"WARD vznikla v roce 2022. Je ur\u010dena p\u0159edev\u0161\u00edm student\u016fm st\u0159edn\u00edch um\u011bleck\u00fdch \u0161kol (S\u0160 a VO\u0160), kte\u0159\u00ed mohou bezplatn\u011b zaslat sv\u00e9 n\u00e1vrhy v uveden\u00fdch kategori\u00ed a tak pom\u011b\u0159it sv\u00e9 n\u00e1pady s konkurenc\u00ed sv\u00fdch vrstevn\u00edk\u016f. N\u00e1vrhy jsou n\u00e1sledn\u011b posouzeny nez\u00e1vislou porotou z \u0159ad v\u00fdtvarn\u00edk\u016f, pedagog\u016f a profesion\u00e1l\u016f z oboru.\",\"publisher\":{\"@id\":\"https:\/\/www.design-award.cz\/#organization\"},\"potentialAction\":[{\"@type\":\"SearchAction\",\"target\":{\"@type\":\"EntryPoint\",\"urlTemplate\":\"https:\/\/www.design-award.cz\/?s={search_term_string}\"},\"query-input\":{\"@type\":\"PropertyValueSpecification\",\"valueRequired\":true,\"valueName\":\"search_term_string\"}}],\"inLanguage\":\"cs\"},{\"@type\":\"Organization\",\"@id\":\"https:\/\/www.design-award.cz\/#organization\",\"name\":\"Design Award\",\"url\":\"https:\/\/www.design-award.cz\/\",\"logo\":{\"@type\":\"ImageObject\",\"inLanguage\":\"cs\",\"@id\":\"https:\/\/www.design-award.cz\/#\/schema\/logo\/image\/\",\"url\":\"http:\/\/www.design-award.cz\/wp-content\/uploads\/2021\/12\/hornilogo_design-award.png\",\"contentUrl\":\"http:\/\/www.design-award.cz\/wp-content\/uploads\/2021\/12\/hornilogo_design-award.png\",\"width\":800,\"height\":600,\"caption\":\"Design Award\"},\"image\":{\"@id\":\"https:\/\/www.design-award.cz\/#\/schema\/logo\/image\/\"},\"sameAs\":[\"https:\/\/www.instagram.com\/design_award\/\"]}]}<\/script>\n<!-- \/ Yoast SEO plugin. -->","yoast_head_json":{"title":"Soukrom\u00fd interi\u00e9r - Koupelna - design-award.cz","robots":{"index":"index","follow":"follow","max-snippet":"max-snippet:-1","max-image-preview":"max-image-preview:large","max-video-preview":"max-video-preview:-1"},"canonical":"https:\/\/www.design-award.cz\/?portfolio=soukromy-interier-koupelna-4","og_locale":"cs_CZ","og_type":"article","og_title":"Soukrom\u00fd interi\u00e9r - Koupelna - design-award.cz","og_description":"Rozalie Jon\u00e1kov\u00e1 MICHAEL &#8211; S\u0160 a VO\u0160 reklamn\u00ed a um\u011bleck\u00e9 tvorby, s.r.o. Mou klientelou je aktivn\u00ed seniorsk\u00fd p\u00e1r neboj\u00e1cn\u00fd v\u016f\u010di jak\u00fdmkoliv dne\u0161n\u00edm trend\u016fma novink\u00e1m v designu. Klienti tohoto typu m\u011b zvl\u00e1\u0161t\u011b donutili p\u0159em\u00fd\u0161let nejen nad ji\u017e zmi\u0148ovanou prakti\u010dnost\u00ed a ergonomi\u00ed, ale p\u0159edev\u0161\u00edm nad budoucnost\u00ed vyu\u017eit\u00ed cel\u00e9 koupelny. J\u00e1 po celou dobu pracovala s p\u016fdorysem A. [&hellip;]","og_url":"https:\/\/www.design-award.cz\/?portfolio=soukromy-interier-koupelna-4","og_site_name":"design-award.cz","article_modified_time":"2023-04-18T21:06:15+00:00","og_image":[{"width":1024,"height":576,"url":"http:\/\/www.design-award.cz\/wp-content\/uploads\/2023\/04\/MicrosoftTeams-image-8-1024x576.png","type":"image\/png"}],"twitter_card":"summary_large_image","twitter_misc":{"Odhadovan\u00e1 doba \u010dten\u00ed":"2 minuty"},"schema":{"@context":"https:\/\/schema.org","@graph":[{"@type":"WebPage","@id":"https:\/\/www.design-award.cz\/?portfolio=soukromy-interier-koupelna-4","url":"https:\/\/www.design-award.cz\/?portfolio=soukromy-interier-koupelna-4","name":"Soukrom\u00fd interi\u00e9r - Koupelna - design-award.cz","isPartOf":{"@id":"https:\/\/www.design-award.cz\/#website"},"primaryImageOfPage":{"@id":"https:\/\/www.design-award.cz\/?portfolio=soukromy-interier-koupelna-4#primaryimage"},"image":{"@id":"https:\/\/www.design-award.cz\/?portfolio=soukromy-interier-koupelna-4#primaryimage"},"thumbnailUrl":"https:\/\/www.design-award.cz\/wp-content\/uploads\/2023\/04\/MicrosoftTeams-image-8.png","datePublished":"2023-04-18T21:06:14+00:00","dateModified":"2023-04-18T21:06:15+00:00","breadcrumb":{"@id":"https:\/\/www.design-award.cz\/?portfolio=soukromy-interier-koupelna-4#breadcrumb"},"inLanguage":"cs","potentialAction":[{"@type":"ReadAction","target":["https:\/\/www.design-award.cz\/?portfolio=soukromy-interier-koupelna-4"]}]},{"@type":"ImageObject","inLanguage":"cs","@id":"https:\/\/www.design-award.cz\/?portfolio=soukromy-interier-koupelna-4#primaryimage","url":"https:\/\/www.design-award.cz\/wp-content\/uploads\/2023\/04\/MicrosoftTeams-image-8.png","contentUrl":"https:\/\/www.design-award.cz\/wp-content\/uploads\/2023\/04\/MicrosoftTeams-image-8.png","width":3000,"height":1687},{"@type":"BreadcrumbList","@id":"https:\/\/www.design-award.cz\/?portfolio=soukromy-interier-koupelna-4#breadcrumb","itemListElement":[{"@type":"ListItem","position":1,"name":"Dom\u016f","item":"https:\/\/www.design-award.cz\/"},{"@type":"ListItem","position":2,"name":"Portfolio Items","item":"https:\/\/www.design-award.cz\/?post_type=portfolio"},{"@type":"ListItem","position":3,"name":"Soukrom\u00fd interi\u00e9r &#8211; Koupelna"}]},{"@type":"WebSite","@id":"https:\/\/www.design-award.cz\/#website","url":"https:\/\/www.design-award.cz\/","name":"design-award.cz","description":"WARD vznikla v roce 2022. Je ur\u010dena p\u0159edev\u0161\u00edm student\u016fm st\u0159edn\u00edch um\u011bleck\u00fdch \u0161kol (S\u0160 a VO\u0160), kte\u0159\u00ed mohou bezplatn\u011b zaslat sv\u00e9 n\u00e1vrhy v uveden\u00fdch kategori\u00ed a tak pom\u011b\u0159it sv\u00e9 n\u00e1pady s konkurenc\u00ed sv\u00fdch vrstevn\u00edk\u016f. N\u00e1vrhy jsou n\u00e1sledn\u011b posouzeny nez\u00e1vislou porotou z \u0159ad v\u00fdtvarn\u00edk\u016f, pedagog\u016f a profesion\u00e1l\u016f z oboru.","publisher":{"@id":"https:\/\/www.design-award.cz\/#organization"},"potentialAction":[{"@type":"SearchAction","target":{"@type":"EntryPoint","urlTemplate":"https:\/\/www.design-award.cz\/?s={search_term_string}"},"query-input":{"@type":"PropertyValueSpecification","valueRequired":true,"valueName":"search_term_string"}}],"inLanguage":"cs"},{"@type":"Organization","@id":"https:\/\/www.design-award.cz\/#organization","name":"Design Award","url":"https:\/\/www.design-award.cz\/","logo":{"@type":"ImageObject","inLanguage":"cs","@id":"https:\/\/www.design-award.cz\/#\/schema\/logo\/image\/","url":"http:\/\/www.design-award.cz\/wp-content\/uploads\/2021\/12\/hornilogo_design-award.png","contentUrl":"http:\/\/www.design-award.cz\/wp-content\/uploads\/2021\/12\/hornilogo_design-award.png","width":800,"height":600,"caption":"Design Award"},"image":{"@id":"https:\/\/www.design-award.cz\/#\/schema\/logo\/image\/"},"sameAs":["https:\/\/www.instagram.com\/design_award\/"]}]}},"_links":{"self":[{"href":"https:\/\/www.design-award.cz\/index.php?rest_route=\/wp\/v2\/portfolio\/2624","targetHints":{"allow":["GET"]}}],"collection":[{"href":"https:\/\/www.design-award.cz\/index.php?rest_route=\/wp\/v2\/portfolio"}],"about":[{"href":"https:\/\/www.design-award.cz\/index.php?rest_route=\/wp\/v2\/types\/portfolio"}],"author":[{"embeddable":true,"href":"https:\/\/www.design-award.cz\/index.php?rest_route=\/wp\/v2\/users\/5"}],"replies":[{"embeddable":true,"href":"https:\/\/www.design-award.cz\/index.php?rest_route=%2Fwp%2Fv2%2Fcomments&post=2624"}],"version-history":[{"count":1,"href":"https:\/\/www.design-award.cz\/index.php?rest_route=\/wp\/v2\/portfolio\/2624\/revisions"}],"predecessor-version":[{"id":2627,"href":"https:\/\/www.design-award.cz\/index.php?rest_route=\/wp\/v2\/portfolio\/2624\/revisions\/2627"}],"wp:featuredmedia":[{"embeddable":true,"href":"https:\/\/www.design-award.cz\/index.php?rest_route=\/wp\/v2\/media\/2625"}],"wp:attachment":[{"href":"https:\/\/www.design-award.cz\/index.php?rest_route=%2Fwp%2Fv2%2Fmedia&parent=2624"}],"wp:term":[{"taxonomy":"portfolio_category","embeddable":true,"href":"https:\/\/www.design-award.cz\/index.php?rest_route=%2Fwp%2Fv2%2Fportfolio_category&post=2624"},{"taxonomy":"portfolio_tag","embeddable":true,"href":"https:\/\/www.design-award.cz\/index.php?rest_route=%2Fwp%2Fv2%2Fportfolio_tag&post=2624"}],"curies":[{"name":"wp","href":"https:\/\/api.w.org\/{rel}","templated":true}]}}