{"id":3097,"date":"2024-02-22T11:52:52","date_gmt":"2024-02-22T11:52:52","guid":{"rendered":"https:\/\/www.design-award.cz\/?post_type=portfolio&#038;p=3097"},"modified":"2024-02-22T11:52:53","modified_gmt":"2024-02-22T11:52:53","slug":"verejny-interier-veletrzni-stanek","status":"publish","type":"portfolio","link":"https:\/\/www.design-award.cz\/?portfolio=verejny-interier-veletrzni-stanek","title":{"rendered":"Ve\u0159ejn\u00fd interi\u00e9r &#8211; Veletr\u017en\u00ed st\u00e1nek"},"content":{"rendered":"\n<p><strong>Michaela K\u0151rberov\u00e1<\/strong><\/p>\n\n\n\n<p>Akademie Sv\u011btl\u00e1 nad S\u00e1zavou st\u0159edn\u00ed \u0161kola a vy\u0161\u0161\u00ed odborn\u00e1 \u0161kola<\/p>\n\n\n\n<p>Zad\u00e1n\u00ed pololetn\u00ed pr\u00e1ce bylo navrhnout VELETR\u017dN\u00cd ST\u00c1NEK. Rozm\u011bry st\u00e1nku byly p\u0159edem dan\u00e9 4000x3000mm.<br>St\u00e1nek je navr\u017een pro fiktivn\u00ed firmu Maber, kter\u00e1 zasahuje do m\u00f3dn\u00edho odv\u011btv\u00ed. Maber se specializuje na navrhov\u00e1n\u00ed a v\u00fdrobu knofl\u00edku. Zn\u00e1m\u00e1 je p\u0159edev\u0161\u00edm sv\u00fdmi man\u017eetov\u00fdmi knofl\u00edky, kter\u00e9 jsou popul\u00e1rn\u00ed nejen v Evrop\u011b.<\/p>\n\n\n\n<p>Na\u0161la jsem styl, kter\u00fd jsem po u\u017eila do sv\u00e9ho projektu, a to styl Wabi-Sabi, kter\u00fd popisuje pr\u00e1ci Maber. Tento styl vypl\u00fdv\u00e1 z japonsk\u00e9 filozofie. V tom to stylu jde o jednoduchost, kvalitu, p\u0159irozenost a ve v\u011bcech, na kter\u00e9 se \u010das podepsal.<br>Maber je rodinn\u00e1 firma. N\u00e1zev vznikl spojen\u00fdm dvou rodinn\u00fdch jmen a to Mat\u011bjka a K\u0151rber. St\u00e1nek je rohov\u00fd, a tak sn\u00e1z p\u0159\u00edstupn\u00fd pro z\u00e1jemce. Hlavn\u00ed prvkem st\u00e1nku jsou v\u00fdstavn\u00e9 stojany z hlin\u00edkov\u00e9ho plechu, kter\u00e9 jsou obaleny akryl\u00e1tovou st\u011brkou. Vystaven\u00e9 produkty jsou aran\u017eovan\u00e9 do plastov\u00fdch ban\u011bk, kterou jsou p\u0159ipevn\u011bn\u00e9 na stojanech.<br>Z\u00e1jemci tak sn\u00e1z prohl\u00e9dnou produkty a z\u00e1rove\u0148 m\u016f\u017eou \u010derpat \u0159emeslnou energii, do kterou do nich vlo\u017eili \u0159emesln\u00edci.<br>St\u00e1nek je kvalitn\u00ed a origin\u00e1ln\u00ed, hlavn\u00ed roli hraje jeho praktick\u00e9 navr\u017een\u00ed. Hostesky st\u00e1nku maj\u00ed mo\u017enost se v z\u00e1zem\u00ed nejenom odreagovat, ale i p\u0159ipravit si poho\u0161t\u011bn\u00ed a pohodln\u011b si sednou a ulevit tak noh\u00e1m. Z\u00e1zem\u00ed funguje i jako men\u0161\u00ed sklad.<\/p>\n\n\n\n<figure class=\"wp-block-image size-large\"><img decoding=\"async\" width=\"1024\" height=\"768\" data-src=\"http:\/\/www.design-award.cz\/wp-content\/uploads\/2024\/02\/veletrzni-stanek-bok-1024x768.png\" alt=\"\" class=\"wp-image-3103 lazyload\" data-srcset=\"https:\/\/www.design-award.cz\/wp-content\/uploads\/2024\/02\/veletrzni-stanek-bok-1024x768.png 1024w, https:\/\/www.design-award.cz\/wp-content\/uploads\/2024\/02\/veletrzni-stanek-bok-300x225.png 300w, https:\/\/www.design-award.cz\/wp-content\/uploads\/2024\/02\/veletrzni-stanek-bok-768x576.png 768w, https:\/\/www.design-award.cz\/wp-content\/uploads\/2024\/02\/veletrzni-stanek-bok-1536x1152.png 1536w, https:\/\/www.design-award.cz\/wp-content\/uploads\/2024\/02\/veletrzni-stanek-bok-500x375.png 500w, https:\/\/www.design-award.cz\/wp-content\/uploads\/2024\/02\/veletrzni-stanek-bok-800x600.png 800w, https:\/\/www.design-award.cz\/wp-content\/uploads\/2024\/02\/veletrzni-stanek-bok-1280x960.png 1280w, https:\/\/www.design-award.cz\/wp-content\/uploads\/2024\/02\/veletrzni-stanek-bok-1920x1440.png 1920w, https:\/\/www.design-award.cz\/wp-content\/uploads\/2024\/02\/veletrzni-stanek-bok.png 2000w\" data-sizes=\"(max-width: 1024px) 100vw, 1024px\" src=\"data:image\/svg+xml;base64,PHN2ZyB3aWR0aD0iMSIgaGVpZ2h0PSIxIiB4bWxucz0iaHR0cDovL3d3dy53My5vcmcvMjAwMC9zdmciPjwvc3ZnPg==\" style=\"--smush-placeholder-width: 1024px; --smush-placeholder-aspect-ratio: 1024\/768;\" \/><\/figure>\n\n\n\n<figure class=\"wp-block-image size-large\"><img decoding=\"async\" width=\"1024\" height=\"856\" data-src=\"http:\/\/www.design-award.cz\/wp-content\/uploads\/2024\/02\/nabytek-stanky-1024x856.png\" alt=\"\" class=\"wp-image-3098 lazyload\" data-srcset=\"https:\/\/www.design-award.cz\/wp-content\/uploads\/2024\/02\/nabytek-stanky-1024x856.png 1024w, https:\/\/www.design-award.cz\/wp-content\/uploads\/2024\/02\/nabytek-stanky-300x251.png 300w, https:\/\/www.design-award.cz\/wp-content\/uploads\/2024\/02\/nabytek-stanky-768x642.png 768w, https:\/\/www.design-award.cz\/wp-content\/uploads\/2024\/02\/nabytek-stanky-1536x1284.png 1536w, https:\/\/www.design-award.cz\/wp-content\/uploads\/2024\/02\/nabytek-stanky-500x418.png 500w, https:\/\/www.design-award.cz\/wp-content\/uploads\/2024\/02\/nabytek-stanky-800x669.png 800w, https:\/\/www.design-award.cz\/wp-content\/uploads\/2024\/02\/nabytek-stanky-1280x1070.png 1280w, https:\/\/www.design-award.cz\/wp-content\/uploads\/2024\/02\/nabytek-stanky.png 1775w\" data-sizes=\"(max-width: 1024px) 100vw, 1024px\" src=\"data:image\/svg+xml;base64,PHN2ZyB3aWR0aD0iMSIgaGVpZ2h0PSIxIiB4bWxucz0iaHR0cDovL3d3dy53My5vcmcvMjAwMC9zdmciPjwvc3ZnPg==\" style=\"--smush-placeholder-width: 1024px; --smush-placeholder-aspect-ratio: 1024\/856;\" \/><\/figure>\n\n\n\n<figure class=\"wp-block-image size-large\"><img decoding=\"async\" width=\"1024\" height=\"710\" data-src=\"http:\/\/www.design-award.cz\/wp-content\/uploads\/2024\/02\/stanek-P-1024x710.jpg\" alt=\"\" class=\"wp-image-3101 lazyload\" data-srcset=\"https:\/\/www.design-award.cz\/wp-content\/uploads\/2024\/02\/stanek-P-1024x710.jpg 1024w, https:\/\/www.design-award.cz\/wp-content\/uploads\/2024\/02\/stanek-P-300x208.jpg 300w, https:\/\/www.design-award.cz\/wp-content\/uploads\/2024\/02\/stanek-P-768x532.jpg 768w, https:\/\/www.design-award.cz\/wp-content\/uploads\/2024\/02\/stanek-P-1536x1065.jpg 1536w, https:\/\/www.design-award.cz\/wp-content\/uploads\/2024\/02\/stanek-P-2048x1420.jpg 2048w, https:\/\/www.design-award.cz\/wp-content\/uploads\/2024\/02\/stanek-P-500x347.jpg 500w, https:\/\/www.design-award.cz\/wp-content\/uploads\/2024\/02\/stanek-P-800x555.jpg 800w, https:\/\/www.design-award.cz\/wp-content\/uploads\/2024\/02\/stanek-P-1280x887.jpg 1280w, https:\/\/www.design-award.cz\/wp-content\/uploads\/2024\/02\/stanek-P-1920x1331.jpg 1920w\" data-sizes=\"(max-width: 1024px) 100vw, 1024px\" src=\"data:image\/svg+xml;base64,PHN2ZyB3aWR0aD0iMSIgaGVpZ2h0PSIxIiB4bWxucz0iaHR0cDovL3d3dy53My5vcmcvMjAwMC9zdmciPjwvc3ZnPg==\" style=\"--smush-placeholder-width: 1024px; --smush-placeholder-aspect-ratio: 1024\/710;\" \/><\/figure>\n\n\n\n<figure class=\"wp-block-image size-large\"><img decoding=\"async\" width=\"1024\" height=\"710\" data-src=\"http:\/\/www.design-award.cz\/wp-content\/uploads\/2024\/02\/stanek-NABYTEK-1024x710.png\" alt=\"\" class=\"wp-image-3100 lazyload\" data-srcset=\"https:\/\/www.design-award.cz\/wp-content\/uploads\/2024\/02\/stanek-NABYTEK-1024x710.png 1024w, https:\/\/www.design-award.cz\/wp-content\/uploads\/2024\/02\/stanek-NABYTEK-300x208.png 300w, https:\/\/www.design-award.cz\/wp-content\/uploads\/2024\/02\/stanek-NABYTEK-768x532.png 768w, https:\/\/www.design-award.cz\/wp-content\/uploads\/2024\/02\/stanek-NABYTEK-1536x1065.png 1536w, https:\/\/www.design-award.cz\/wp-content\/uploads\/2024\/02\/stanek-NABYTEK-2048x1420.png 2048w, https:\/\/www.design-award.cz\/wp-content\/uploads\/2024\/02\/stanek-NABYTEK-500x347.png 500w, https:\/\/www.design-award.cz\/wp-content\/uploads\/2024\/02\/stanek-NABYTEK-800x555.png 800w, https:\/\/www.design-award.cz\/wp-content\/uploads\/2024\/02\/stanek-NABYTEK-1280x887.png 1280w, https:\/\/www.design-award.cz\/wp-content\/uploads\/2024\/02\/stanek-NABYTEK-1920x1331.png 1920w\" data-sizes=\"(max-width: 1024px) 100vw, 1024px\" src=\"data:image\/svg+xml;base64,PHN2ZyB3aWR0aD0iMSIgaGVpZ2h0PSIxIiB4bWxucz0iaHR0cDovL3d3dy53My5vcmcvMjAwMC9zdmciPjwvc3ZnPg==\" style=\"--smush-placeholder-width: 1024px; --smush-placeholder-aspect-ratio: 1024\/710;\" \/><\/figure>\n\n\n\n<figure class=\"wp-block-image size-large\"><img decoding=\"async\" width=\"1024\" height=\"710\" data-src=\"http:\/\/www.design-award.cz\/wp-content\/uploads\/2024\/02\/stanek-N-1024x710.png\" alt=\"\" class=\"wp-image-3099 lazyload\" data-srcset=\"https:\/\/www.design-award.cz\/wp-content\/uploads\/2024\/02\/stanek-N-1024x710.png 1024w, https:\/\/www.design-award.cz\/wp-content\/uploads\/2024\/02\/stanek-N-300x208.png 300w, https:\/\/www.design-award.cz\/wp-content\/uploads\/2024\/02\/stanek-N-768x532.png 768w, https:\/\/www.design-award.cz\/wp-content\/uploads\/2024\/02\/stanek-N-1536x1065.png 1536w, https:\/\/www.design-award.cz\/wp-content\/uploads\/2024\/02\/stanek-N-2048x1420.png 2048w, https:\/\/www.design-award.cz\/wp-content\/uploads\/2024\/02\/stanek-N-500x347.png 500w, https:\/\/www.design-award.cz\/wp-content\/uploads\/2024\/02\/stanek-N-800x555.png 800w, https:\/\/www.design-award.cz\/wp-content\/uploads\/2024\/02\/stanek-N-1280x887.png 1280w, https:\/\/www.design-award.cz\/wp-content\/uploads\/2024\/02\/stanek-N-1920x1331.png 1920w\" data-sizes=\"(max-width: 1024px) 100vw, 1024px\" src=\"data:image\/svg+xml;base64,PHN2ZyB3aWR0aD0iMSIgaGVpZ2h0PSIxIiB4bWxucz0iaHR0cDovL3d3dy53My5vcmcvMjAwMC9zdmciPjwvc3ZnPg==\" style=\"--smush-placeholder-width: 1024px; --smush-placeholder-aspect-ratio: 1024\/710;\" \/><\/figure>\n","protected":false},"excerpt":{"rendered":"<p>Michaela K\u0151rberov\u00e1 Akademie Sv\u011btl\u00e1 nad S\u00e1zavou st\u0159edn\u00ed \u0161kola a vy\u0161\u0161\u00ed odborn\u00e1 \u0161kola Zad\u00e1n\u00ed pololetn\u00ed pr\u00e1ce bylo navrhnout VELETR\u017dN\u00cd ST\u00c1NEK. Rozm\u011bry st\u00e1nku byly p\u0159edem dan\u00e9 4000x3000mm.St\u00e1nek je navr\u017een pro fiktivn\u00ed firmu Maber, kter\u00e1 zasahuje do m\u00f3dn\u00edho odv\u011btv\u00ed. Maber se specializuje na navrhov\u00e1n\u00ed a v\u00fdrobu knofl\u00edku. Zn\u00e1m\u00e1 je p\u0159edev\u0161\u00edm sv\u00fdmi man\u017eetov\u00fdmi knofl\u00edky, kter\u00e9 jsou popul\u00e1rn\u00ed nejen v [&hellip;]<\/p>\n","protected":false},"author":2,"featured_media":3102,"menu_order":0,"comment_status":"closed","ping_status":"closed","template":"","format":"standard","meta":{"ngg_post_thumbnail":0,"ocean_post_layout":"","ocean_both_sidebars_style":"","ocean_both_sidebars_content_width":0,"ocean_both_sidebars_sidebars_width":0,"ocean_sidebar":"","ocean_second_sidebar":"","ocean_disable_margins":"enable","ocean_add_body_class":"","ocean_shortcode_before_top_bar":"","ocean_shortcode_after_top_bar":"","ocean_shortcode_before_header":"","ocean_shortcode_after_header":"","ocean_has_shortcode":"","ocean_shortcode_after_title":"","ocean_shortcode_before_footer_widgets":"","ocean_shortcode_after_footer_widgets":"","ocean_shortcode_before_footer_bottom":"","ocean_shortcode_after_footer_bottom":"","ocean_display_top_bar":"default","ocean_display_header":"default","ocean_header_style":"","ocean_center_header_left_menu":"","ocean_custom_header_template":"","ocean_custom_logo":0,"ocean_custom_retina_logo":0,"ocean_custom_logo_max_width":0,"ocean_custom_logo_tablet_max_width":0,"ocean_custom_logo_mobile_max_width":0,"ocean_custom_logo_max_height":0,"ocean_custom_logo_tablet_max_height":0,"ocean_custom_logo_mobile_max_height":0,"ocean_header_custom_menu":"","ocean_menu_typo_font_family":"","ocean_menu_typo_font_subset":"","ocean_menu_typo_font_size":0,"ocean_menu_typo_font_size_tablet":0,"ocean_menu_typo_font_size_mobile":0,"ocean_menu_typo_font_size_unit":"px","ocean_menu_typo_font_weight":"","ocean_menu_typo_font_weight_tablet":"","ocean_menu_typo_font_weight_mobile":"","ocean_menu_typo_transform":"","ocean_menu_typo_transform_tablet":"","ocean_menu_typo_transform_mobile":"","ocean_menu_typo_line_height":0,"ocean_menu_typo_line_height_tablet":0,"ocean_menu_typo_line_height_mobile":0,"ocean_menu_typo_line_height_unit":"","ocean_menu_typo_spacing":0,"ocean_menu_typo_spacing_tablet":0,"ocean_menu_typo_spacing_mobile":0,"ocean_menu_typo_spacing_unit":"","ocean_menu_link_color":"","ocean_menu_link_color_hover":"","ocean_menu_link_color_active":"","ocean_menu_link_background":"","ocean_menu_link_hover_background":"","ocean_menu_link_active_background":"","ocean_menu_social_links_bg":"","ocean_menu_social_hover_links_bg":"","ocean_menu_social_links_color":"","ocean_menu_social_hover_links_color":"","ocean_disable_title":"default","ocean_disable_heading":"default","ocean_post_title":"","ocean_post_subheading":"","ocean_post_title_style":"","ocean_post_title_background_color":"","ocean_post_title_background":0,"ocean_post_title_bg_image_position":"","ocean_post_title_bg_image_attachment":"","ocean_post_title_bg_image_repeat":"","ocean_post_title_bg_image_size":"","ocean_post_title_height":0,"ocean_post_title_bg_overlay":0.5,"ocean_post_title_bg_overlay_color":"","ocean_disable_breadcrumbs":"default","ocean_breadcrumbs_color":"","ocean_breadcrumbs_separator_color":"","ocean_breadcrumbs_links_color":"","ocean_breadcrumbs_links_hover_color":"","ocean_display_footer_widgets":"default","ocean_display_footer_bottom":"default","ocean_custom_footer_template":"","_vp_format_video_url":"","_vp_image_focal_point":[],"footnotes":""},"portfolio_category":[13],"portfolio_tag":[],"class_list":["post-3097","portfolio","type-portfolio","status-publish","format-standard","has-post-thumbnail","hentry","portfolio_category-soutezici-2024","entry","has-media"],"yoast_head":"<!-- This site is optimized with the Yoast SEO plugin v25.2 - https:\/\/yoast.com\/wordpress\/plugins\/seo\/ -->\n<title>Ve\u0159ejn\u00fd interi\u00e9r - Veletr\u017en\u00ed st\u00e1nek - design-award.cz<\/title>\n<meta name=\"robots\" content=\"index, follow, max-snippet:-1, max-image-preview:large, max-video-preview:-1\" \/>\n<link rel=\"canonical\" href=\"https:\/\/www.design-award.cz\/?portfolio=verejny-interier-veletrzni-stanek\" \/>\n<meta property=\"og:locale\" content=\"cs_CZ\" \/>\n<meta property=\"og:type\" content=\"article\" \/>\n<meta property=\"og:title\" content=\"Ve\u0159ejn\u00fd interi\u00e9r - Veletr\u017en\u00ed st\u00e1nek - design-award.cz\" \/>\n<meta property=\"og:description\" content=\"Michaela K\u0151rberov\u00e1 Akademie Sv\u011btl\u00e1 nad S\u00e1zavou st\u0159edn\u00ed \u0161kola a vy\u0161\u0161\u00ed odborn\u00e1 \u0161kola Zad\u00e1n\u00ed pololetn\u00ed pr\u00e1ce bylo navrhnout VELETR\u017dN\u00cd ST\u00c1NEK. Rozm\u011bry st\u00e1nku byly p\u0159edem dan\u00e9 4000x3000mm.St\u00e1nek je navr\u017een pro fiktivn\u00ed firmu Maber, kter\u00e1 zasahuje do m\u00f3dn\u00edho odv\u011btv\u00ed. Maber se specializuje na navrhov\u00e1n\u00ed a v\u00fdrobu knofl\u00edku. Zn\u00e1m\u00e1 je p\u0159edev\u0161\u00edm sv\u00fdmi man\u017eetov\u00fdmi knofl\u00edky, kter\u00e9 jsou popul\u00e1rn\u00ed nejen v [&hellip;]\" \/>\n<meta property=\"og:url\" content=\"https:\/\/www.design-award.cz\/?portfolio=verejny-interier-veletrzni-stanek\" \/>\n<meta property=\"og:site_name\" content=\"design-award.cz\" \/>\n<meta property=\"article:modified_time\" content=\"2024-02-22T11:52:53+00:00\" \/>\n<meta property=\"og:image\" content=\"http:\/\/www.design-award.cz\/wp-content\/uploads\/2024\/02\/veletrzni-stanek-1024x768.png\" \/>\n\t<meta property=\"og:image:width\" content=\"1024\" \/>\n\t<meta property=\"og:image:height\" content=\"768\" \/>\n\t<meta property=\"og:image:type\" content=\"image\/png\" \/>\n<meta name=\"twitter:card\" content=\"summary_large_image\" \/>\n<meta name=\"twitter:label1\" content=\"Odhadovan\u00e1 doba \u010dten\u00ed\" \/>\n\t<meta name=\"twitter:data1\" content=\"1 minuta\" \/>\n<script type=\"application\/ld+json\" class=\"yoast-schema-graph\">{\"@context\":\"https:\/\/schema.org\",\"@graph\":[{\"@type\":\"WebPage\",\"@id\":\"https:\/\/www.design-award.cz\/?portfolio=verejny-interier-veletrzni-stanek\",\"url\":\"https:\/\/www.design-award.cz\/?portfolio=verejny-interier-veletrzni-stanek\",\"name\":\"Ve\u0159ejn\u00fd interi\u00e9r - Veletr\u017en\u00ed st\u00e1nek - design-award.cz\",\"isPartOf\":{\"@id\":\"https:\/\/www.design-award.cz\/#website\"},\"primaryImageOfPage\":{\"@id\":\"https:\/\/www.design-award.cz\/?portfolio=verejny-interier-veletrzni-stanek#primaryimage\"},\"image\":{\"@id\":\"https:\/\/www.design-award.cz\/?portfolio=verejny-interier-veletrzni-stanek#primaryimage\"},\"thumbnailUrl\":\"https:\/\/www.design-award.cz\/wp-content\/uploads\/2024\/02\/veletrzni-stanek.png\",\"datePublished\":\"2024-02-22T11:52:52+00:00\",\"dateModified\":\"2024-02-22T11:52:53+00:00\",\"breadcrumb\":{\"@id\":\"https:\/\/www.design-award.cz\/?portfolio=verejny-interier-veletrzni-stanek#breadcrumb\"},\"inLanguage\":\"cs\",\"potentialAction\":[{\"@type\":\"ReadAction\",\"target\":[\"https:\/\/www.design-award.cz\/?portfolio=verejny-interier-veletrzni-stanek\"]}]},{\"@type\":\"ImageObject\",\"inLanguage\":\"cs\",\"@id\":\"https:\/\/www.design-award.cz\/?portfolio=verejny-interier-veletrzni-stanek#primaryimage\",\"url\":\"https:\/\/www.design-award.cz\/wp-content\/uploads\/2024\/02\/veletrzni-stanek.png\",\"contentUrl\":\"https:\/\/www.design-award.cz\/wp-content\/uploads\/2024\/02\/veletrzni-stanek.png\",\"width\":2000,\"height\":1500},{\"@type\":\"BreadcrumbList\",\"@id\":\"https:\/\/www.design-award.cz\/?portfolio=verejny-interier-veletrzni-stanek#breadcrumb\",\"itemListElement\":[{\"@type\":\"ListItem\",\"position\":1,\"name\":\"Dom\u016f\",\"item\":\"https:\/\/www.design-award.cz\/\"},{\"@type\":\"ListItem\",\"position\":2,\"name\":\"Portfolio Items\",\"item\":\"https:\/\/www.design-award.cz\/?post_type=portfolio\"},{\"@type\":\"ListItem\",\"position\":3,\"name\":\"Ve\u0159ejn\u00fd interi\u00e9r &#8211; Veletr\u017en\u00ed st\u00e1nek\"}]},{\"@type\":\"WebSite\",\"@id\":\"https:\/\/www.design-award.cz\/#website\",\"url\":\"https:\/\/www.design-award.cz\/\",\"name\":\"design-award.cz\",\"description\":\"WARD vznikla v roce 2022. Je ur\u010dena p\u0159edev\u0161\u00edm student\u016fm st\u0159edn\u00edch um\u011bleck\u00fdch \u0161kol (S\u0160 a VO\u0160), kte\u0159\u00ed mohou bezplatn\u011b zaslat sv\u00e9 n\u00e1vrhy v uveden\u00fdch kategori\u00ed a tak pom\u011b\u0159it sv\u00e9 n\u00e1pady s konkurenc\u00ed sv\u00fdch vrstevn\u00edk\u016f. N\u00e1vrhy jsou n\u00e1sledn\u011b posouzeny nez\u00e1vislou porotou z \u0159ad v\u00fdtvarn\u00edk\u016f, pedagog\u016f a profesion\u00e1l\u016f z oboru.\",\"publisher\":{\"@id\":\"https:\/\/www.design-award.cz\/#organization\"},\"potentialAction\":[{\"@type\":\"SearchAction\",\"target\":{\"@type\":\"EntryPoint\",\"urlTemplate\":\"https:\/\/www.design-award.cz\/?s={search_term_string}\"},\"query-input\":{\"@type\":\"PropertyValueSpecification\",\"valueRequired\":true,\"valueName\":\"search_term_string\"}}],\"inLanguage\":\"cs\"},{\"@type\":\"Organization\",\"@id\":\"https:\/\/www.design-award.cz\/#organization\",\"name\":\"Design Award\",\"url\":\"https:\/\/www.design-award.cz\/\",\"logo\":{\"@type\":\"ImageObject\",\"inLanguage\":\"cs\",\"@id\":\"https:\/\/www.design-award.cz\/#\/schema\/logo\/image\/\",\"url\":\"http:\/\/www.design-award.cz\/wp-content\/uploads\/2021\/12\/hornilogo_design-award.png\",\"contentUrl\":\"http:\/\/www.design-award.cz\/wp-content\/uploads\/2021\/12\/hornilogo_design-award.png\",\"width\":800,\"height\":600,\"caption\":\"Design Award\"},\"image\":{\"@id\":\"https:\/\/www.design-award.cz\/#\/schema\/logo\/image\/\"},\"sameAs\":[\"https:\/\/www.instagram.com\/design_award\/\"]}]}<\/script>\n<!-- \/ Yoast SEO plugin. -->","yoast_head_json":{"title":"Ve\u0159ejn\u00fd interi\u00e9r - Veletr\u017en\u00ed st\u00e1nek - design-award.cz","robots":{"index":"index","follow":"follow","max-snippet":"max-snippet:-1","max-image-preview":"max-image-preview:large","max-video-preview":"max-video-preview:-1"},"canonical":"https:\/\/www.design-award.cz\/?portfolio=verejny-interier-veletrzni-stanek","og_locale":"cs_CZ","og_type":"article","og_title":"Ve\u0159ejn\u00fd interi\u00e9r - Veletr\u017en\u00ed st\u00e1nek - design-award.cz","og_description":"Michaela K\u0151rberov\u00e1 Akademie Sv\u011btl\u00e1 nad S\u00e1zavou st\u0159edn\u00ed \u0161kola a vy\u0161\u0161\u00ed odborn\u00e1 \u0161kola Zad\u00e1n\u00ed pololetn\u00ed pr\u00e1ce bylo navrhnout VELETR\u017dN\u00cd ST\u00c1NEK. Rozm\u011bry st\u00e1nku byly p\u0159edem dan\u00e9 4000x3000mm.St\u00e1nek je navr\u017een pro fiktivn\u00ed firmu Maber, kter\u00e1 zasahuje do m\u00f3dn\u00edho odv\u011btv\u00ed. Maber se specializuje na navrhov\u00e1n\u00ed a v\u00fdrobu knofl\u00edku. Zn\u00e1m\u00e1 je p\u0159edev\u0161\u00edm sv\u00fdmi man\u017eetov\u00fdmi knofl\u00edky, kter\u00e9 jsou popul\u00e1rn\u00ed nejen v [&hellip;]","og_url":"https:\/\/www.design-award.cz\/?portfolio=verejny-interier-veletrzni-stanek","og_site_name":"design-award.cz","article_modified_time":"2024-02-22T11:52:53+00:00","og_image":[{"width":1024,"height":768,"url":"http:\/\/www.design-award.cz\/wp-content\/uploads\/2024\/02\/veletrzni-stanek-1024x768.png","type":"image\/png"}],"twitter_card":"summary_large_image","twitter_misc":{"Odhadovan\u00e1 doba \u010dten\u00ed":"1 minuta"},"schema":{"@context":"https:\/\/schema.org","@graph":[{"@type":"WebPage","@id":"https:\/\/www.design-award.cz\/?portfolio=verejny-interier-veletrzni-stanek","url":"https:\/\/www.design-award.cz\/?portfolio=verejny-interier-veletrzni-stanek","name":"Ve\u0159ejn\u00fd interi\u00e9r - Veletr\u017en\u00ed st\u00e1nek - design-award.cz","isPartOf":{"@id":"https:\/\/www.design-award.cz\/#website"},"primaryImageOfPage":{"@id":"https:\/\/www.design-award.cz\/?portfolio=verejny-interier-veletrzni-stanek#primaryimage"},"image":{"@id":"https:\/\/www.design-award.cz\/?portfolio=verejny-interier-veletrzni-stanek#primaryimage"},"thumbnailUrl":"https:\/\/www.design-award.cz\/wp-content\/uploads\/2024\/02\/veletrzni-stanek.png","datePublished":"2024-02-22T11:52:52+00:00","dateModified":"2024-02-22T11:52:53+00:00","breadcrumb":{"@id":"https:\/\/www.design-award.cz\/?portfolio=verejny-interier-veletrzni-stanek#breadcrumb"},"inLanguage":"cs","potentialAction":[{"@type":"ReadAction","target":["https:\/\/www.design-award.cz\/?portfolio=verejny-interier-veletrzni-stanek"]}]},{"@type":"ImageObject","inLanguage":"cs","@id":"https:\/\/www.design-award.cz\/?portfolio=verejny-interier-veletrzni-stanek#primaryimage","url":"https:\/\/www.design-award.cz\/wp-content\/uploads\/2024\/02\/veletrzni-stanek.png","contentUrl":"https:\/\/www.design-award.cz\/wp-content\/uploads\/2024\/02\/veletrzni-stanek.png","width":2000,"height":1500},{"@type":"BreadcrumbList","@id":"https:\/\/www.design-award.cz\/?portfolio=verejny-interier-veletrzni-stanek#breadcrumb","itemListElement":[{"@type":"ListItem","position":1,"name":"Dom\u016f","item":"https:\/\/www.design-award.cz\/"},{"@type":"ListItem","position":2,"name":"Portfolio Items","item":"https:\/\/www.design-award.cz\/?post_type=portfolio"},{"@type":"ListItem","position":3,"name":"Ve\u0159ejn\u00fd interi\u00e9r &#8211; Veletr\u017en\u00ed st\u00e1nek"}]},{"@type":"WebSite","@id":"https:\/\/www.design-award.cz\/#website","url":"https:\/\/www.design-award.cz\/","name":"design-award.cz","description":"WARD vznikla v roce 2022. Je ur\u010dena p\u0159edev\u0161\u00edm student\u016fm st\u0159edn\u00edch um\u011bleck\u00fdch \u0161kol (S\u0160 a VO\u0160), kte\u0159\u00ed mohou bezplatn\u011b zaslat sv\u00e9 n\u00e1vrhy v uveden\u00fdch kategori\u00ed a tak pom\u011b\u0159it sv\u00e9 n\u00e1pady s konkurenc\u00ed sv\u00fdch vrstevn\u00edk\u016f. N\u00e1vrhy jsou n\u00e1sledn\u011b posouzeny nez\u00e1vislou porotou z \u0159ad v\u00fdtvarn\u00edk\u016f, pedagog\u016f a profesion\u00e1l\u016f z oboru.","publisher":{"@id":"https:\/\/www.design-award.cz\/#organization"},"potentialAction":[{"@type":"SearchAction","target":{"@type":"EntryPoint","urlTemplate":"https:\/\/www.design-award.cz\/?s={search_term_string}"},"query-input":{"@type":"PropertyValueSpecification","valueRequired":true,"valueName":"search_term_string"}}],"inLanguage":"cs"},{"@type":"Organization","@id":"https:\/\/www.design-award.cz\/#organization","name":"Design Award","url":"https:\/\/www.design-award.cz\/","logo":{"@type":"ImageObject","inLanguage":"cs","@id":"https:\/\/www.design-award.cz\/#\/schema\/logo\/image\/","url":"http:\/\/www.design-award.cz\/wp-content\/uploads\/2021\/12\/hornilogo_design-award.png","contentUrl":"http:\/\/www.design-award.cz\/wp-content\/uploads\/2021\/12\/hornilogo_design-award.png","width":800,"height":600,"caption":"Design Award"},"image":{"@id":"https:\/\/www.design-award.cz\/#\/schema\/logo\/image\/"},"sameAs":["https:\/\/www.instagram.com\/design_award\/"]}]}},"_links":{"self":[{"href":"https:\/\/www.design-award.cz\/index.php?rest_route=\/wp\/v2\/portfolio\/3097","targetHints":{"allow":["GET"]}}],"collection":[{"href":"https:\/\/www.design-award.cz\/index.php?rest_route=\/wp\/v2\/portfolio"}],"about":[{"href":"https:\/\/www.design-award.cz\/index.php?rest_route=\/wp\/v2\/types\/portfolio"}],"author":[{"embeddable":true,"href":"https:\/\/www.design-award.cz\/index.php?rest_route=\/wp\/v2\/users\/2"}],"replies":[{"embeddable":true,"href":"https:\/\/www.design-award.cz\/index.php?rest_route=%2Fwp%2Fv2%2Fcomments&post=3097"}],"version-history":[{"count":1,"href":"https:\/\/www.design-award.cz\/index.php?rest_route=\/wp\/v2\/portfolio\/3097\/revisions"}],"predecessor-version":[{"id":3104,"href":"https:\/\/www.design-award.cz\/index.php?rest_route=\/wp\/v2\/portfolio\/3097\/revisions\/3104"}],"wp:featuredmedia":[{"embeddable":true,"href":"https:\/\/www.design-award.cz\/index.php?rest_route=\/wp\/v2\/media\/3102"}],"wp:attachment":[{"href":"https:\/\/www.design-award.cz\/index.php?rest_route=%2Fwp%2Fv2%2Fmedia&parent=3097"}],"wp:term":[{"taxonomy":"portfolio_category","embeddable":true,"href":"https:\/\/www.design-award.cz\/index.php?rest_route=%2Fwp%2Fv2%2Fportfolio_category&post=3097"},{"taxonomy":"portfolio_tag","embeddable":true,"href":"https:\/\/www.design-award.cz\/index.php?rest_route=%2Fwp%2Fv2%2Fportfolio_tag&post=3097"}],"curies":[{"name":"wp","href":"https:\/\/api.w.org\/{rel}","templated":true}]}}