{"id":3158,"date":"2024-04-25T12:29:39","date_gmt":"2024-04-25T12:29:39","guid":{"rendered":"https:\/\/www.design-award.cz\/?post_type=portfolio&#038;p=3158"},"modified":"2024-06-28T20:45:19","modified_gmt":"2024-06-28T20:45:19","slug":"verejny-interier-bistro","status":"publish","type":"portfolio","link":"https:\/\/www.design-award.cz\/?portfolio=verejny-interier-bistro","title":{"rendered":"Ve\u0159ejn\u00fd interi\u00e9r &#8211; Bistro"},"content":{"rendered":"\n<p><strong>Krist\u00edna Gallov\u00e1<\/strong><\/p>\n\n\n\n<p>\u0160kola Michael<\/p>\n\n\n\n<p>Bistro BloQ je sou\u010d\u00e1st\u00ed um\u011bleck\u00e9 kompozice t\u0159\u00ed objekt\u016f, kter\u00e9 se zam\u011b\u0159uj\u00ed na komunitu,<br>z\u00e1\u017eitek a va\u0161e smysly. Hlavn\u00ed objekt je ur\u010den\u00fd pro posezen\u00ed a gastronomick\u00fd z\u00e1\u017eitek<br>z unik\u00e1tn\u00ed molekul\u00e1rn\u00ed kuchyn\u011b. J\u00eddlo se po cel\u00e9m obvodu budovy p\u0159esouv\u00e1 d\u00edky p\u00e1su,<br>kter\u00fd z\u00e1rove\u0148 umo\u017e\u0148uje p\u0159em\u00edst\u011bn\u00ed j\u00eddla z jedn\u00e9 bu\u0148ky do druh\u00e9. Dal\u0161\u00ed koule slou\u017e\u00ed jako<br>sklad a kuchy\u0148, kde se pokrmy serv\u00edruj\u00ed a n\u00e1sledn\u011b dopl\u0148uj\u00ed na pohybuj\u00edc\u00ed se p\u00e1s. Poledn\u00ed<br>a z\u00e1rove\u0148 nejmen\u0161\u00ed objekt slou\u017e\u00ed jako v\u00fdstavnick\u00fd prostor, kde m\u00e1te mo\u017enost zapojit sv\u00e9<br>sluchov\u00e9 smysly. Celou futuristickou instalaci obklopuje Prager\u016fv brutalismus, jeho\u017e<br>struktura se odr\u00e1\u017e\u00ed na le\u0161t\u011bn\u00e9m povrchu koul\u00ed a t\u00edm vytv\u00e1\u0159\u00ed unik\u00e1tn\u00ed propojen\u00ed styl\u016f.<\/p>\n\n\n\n<figure class=\"wp-block-image size-large\"><img decoding=\"async\" width=\"1024\" height=\"659\" data-src=\"http:\/\/www.design-award.cz\/wp-content\/uploads\/2024\/04\/render1-1024x659.png\" alt=\"\" class=\"wp-image-3187 lazyload\" data-srcset=\"https:\/\/www.design-award.cz\/wp-content\/uploads\/2024\/04\/render1-1024x659.png 1024w, https:\/\/www.design-award.cz\/wp-content\/uploads\/2024\/04\/render1-300x193.png 300w, https:\/\/www.design-award.cz\/wp-content\/uploads\/2024\/04\/render1-768x494.png 768w, https:\/\/www.design-award.cz\/wp-content\/uploads\/2024\/04\/render1-500x322.png 500w, https:\/\/www.design-award.cz\/wp-content\/uploads\/2024\/04\/render1-800x515.png 800w, https:\/\/www.design-award.cz\/wp-content\/uploads\/2024\/04\/render1.png 1181w\" data-sizes=\"(max-width: 1024px) 100vw, 1024px\" src=\"data:image\/svg+xml;base64,PHN2ZyB3aWR0aD0iMSIgaGVpZ2h0PSIxIiB4bWxucz0iaHR0cDovL3d3dy53My5vcmcvMjAwMC9zdmciPjwvc3ZnPg==\" style=\"--smush-placeholder-width: 1024px; --smush-placeholder-aspect-ratio: 1024\/659;\" \/><\/figure>\n\n\n\n<figure class=\"wp-block-image size-large\"><img decoding=\"async\" width=\"1024\" height=\"576\" data-src=\"http:\/\/www.design-award.cz\/wp-content\/uploads\/2024\/04\/render3-1024x576.png\" alt=\"\" class=\"wp-image-3189 lazyload\" data-srcset=\"https:\/\/www.design-award.cz\/wp-content\/uploads\/2024\/04\/render3-1024x576.png 1024w, https:\/\/www.design-award.cz\/wp-content\/uploads\/2024\/04\/render3-300x169.png 300w, https:\/\/www.design-award.cz\/wp-content\/uploads\/2024\/04\/render3-768x432.png 768w, https:\/\/www.design-award.cz\/wp-content\/uploads\/2024\/04\/render3-1536x864.png 1536w, https:\/\/www.design-award.cz\/wp-content\/uploads\/2024\/04\/render3-500x281.png 500w, https:\/\/www.design-award.cz\/wp-content\/uploads\/2024\/04\/render3-800x450.png 800w, https:\/\/www.design-award.cz\/wp-content\/uploads\/2024\/04\/render3-1280x720.png 1280w, https:\/\/www.design-award.cz\/wp-content\/uploads\/2024\/04\/render3.png 1575w\" data-sizes=\"(max-width: 1024px) 100vw, 1024px\" src=\"data:image\/svg+xml;base64,PHN2ZyB3aWR0aD0iMSIgaGVpZ2h0PSIxIiB4bWxucz0iaHR0cDovL3d3dy53My5vcmcvMjAwMC9zdmciPjwvc3ZnPg==\" style=\"--smush-placeholder-width: 1024px; --smush-placeholder-aspect-ratio: 1024\/576;\" \/><\/figure>\n\n\n\n<figure class=\"wp-block-image size-large\"><img decoding=\"async\" width=\"1024\" height=\"576\" data-src=\"http:\/\/www.design-award.cz\/wp-content\/uploads\/2024\/04\/render4-1024x576.png\" alt=\"\" class=\"wp-image-3190 lazyload\" data-srcset=\"https:\/\/www.design-award.cz\/wp-content\/uploads\/2024\/04\/render4-1024x576.png 1024w, https:\/\/www.design-award.cz\/wp-content\/uploads\/2024\/04\/render4-300x169.png 300w, https:\/\/www.design-award.cz\/wp-content\/uploads\/2024\/04\/render4-768x432.png 768w, https:\/\/www.design-award.cz\/wp-content\/uploads\/2024\/04\/render4-1536x864.png 1536w, https:\/\/www.design-award.cz\/wp-content\/uploads\/2024\/04\/render4-500x281.png 500w, https:\/\/www.design-award.cz\/wp-content\/uploads\/2024\/04\/render4-800x450.png 800w, https:\/\/www.design-award.cz\/wp-content\/uploads\/2024\/04\/render4-1280x720.png 1280w, https:\/\/www.design-award.cz\/wp-content\/uploads\/2024\/04\/render4.png 1575w\" data-sizes=\"(max-width: 1024px) 100vw, 1024px\" src=\"data:image\/svg+xml;base64,PHN2ZyB3aWR0aD0iMSIgaGVpZ2h0PSIxIiB4bWxucz0iaHR0cDovL3d3dy53My5vcmcvMjAwMC9zdmciPjwvc3ZnPg==\" style=\"--smush-placeholder-width: 1024px; --smush-placeholder-aspect-ratio: 1024\/576;\" \/><\/figure>\n\n\n\n<figure class=\"wp-block-image size-full\"><img decoding=\"async\" width=\"984\" height=\"554\" data-src=\"http:\/\/www.design-award.cz\/wp-content\/uploads\/2024\/06\/render2.png\" alt=\"\" class=\"wp-image-4075 lazyload\" data-srcset=\"https:\/\/www.design-award.cz\/wp-content\/uploads\/2024\/06\/render2.png 984w, https:\/\/www.design-award.cz\/wp-content\/uploads\/2024\/06\/render2-300x169.png 300w, https:\/\/www.design-award.cz\/wp-content\/uploads\/2024\/06\/render2-768x432.png 768w, https:\/\/www.design-award.cz\/wp-content\/uploads\/2024\/06\/render2-500x282.png 500w, https:\/\/www.design-award.cz\/wp-content\/uploads\/2024\/06\/render2-800x450.png 800w\" data-sizes=\"(max-width: 984px) 100vw, 984px\" src=\"data:image\/svg+xml;base64,PHN2ZyB3aWR0aD0iMSIgaGVpZ2h0PSIxIiB4bWxucz0iaHR0cDovL3d3dy53My5vcmcvMjAwMC9zdmciPjwvc3ZnPg==\" style=\"--smush-placeholder-width: 984px; --smush-placeholder-aspect-ratio: 984\/554;\" \/><\/figure>\n\n\n\n<figure class=\"wp-block-image size-large\"><img decoding=\"async\" width=\"1024\" height=\"879\" data-src=\"http:\/\/www.design-award.cz\/wp-content\/uploads\/2024\/04\/pudorys_gallova-1024x879.png\" alt=\"\" class=\"wp-image-3186 lazyload\" data-srcset=\"https:\/\/www.design-award.cz\/wp-content\/uploads\/2024\/04\/pudorys_gallova-1024x879.png 1024w, https:\/\/www.design-award.cz\/wp-content\/uploads\/2024\/04\/pudorys_gallova-300x258.png 300w, https:\/\/www.design-award.cz\/wp-content\/uploads\/2024\/04\/pudorys_gallova-768x660.png 768w, https:\/\/www.design-award.cz\/wp-content\/uploads\/2024\/04\/pudorys_gallova-1536x1319.png 1536w, https:\/\/www.design-award.cz\/wp-content\/uploads\/2024\/04\/pudorys_gallova-2048x1759.png 2048w, https:\/\/www.design-award.cz\/wp-content\/uploads\/2024\/04\/pudorys_gallova-500x429.png 500w, https:\/\/www.design-award.cz\/wp-content\/uploads\/2024\/04\/pudorys_gallova-800x687.png 800w, https:\/\/www.design-award.cz\/wp-content\/uploads\/2024\/04\/pudorys_gallova-1280x1099.png 1280w, https:\/\/www.design-award.cz\/wp-content\/uploads\/2024\/04\/pudorys_gallova-1920x1649.png 1920w\" data-sizes=\"(max-width: 1024px) 100vw, 1024px\" src=\"data:image\/svg+xml;base64,PHN2ZyB3aWR0aD0iMSIgaGVpZ2h0PSIxIiB4bWxucz0iaHR0cDovL3d3dy53My5vcmcvMjAwMC9zdmciPjwvc3ZnPg==\" style=\"--smush-placeholder-width: 1024px; --smush-placeholder-aspect-ratio: 1024\/879;\" \/><\/figure>\n","protected":false},"excerpt":{"rendered":"<p>Krist\u00edna Gallov\u00e1 \u0160kola Michael Bistro BloQ je sou\u010d\u00e1st\u00ed um\u011bleck\u00e9 kompozice t\u0159\u00ed objekt\u016f, kter\u00e9 se zam\u011b\u0159uj\u00ed na komunitu,z\u00e1\u017eitek a va\u0161e smysly. Hlavn\u00ed objekt je ur\u010den\u00fd pro posezen\u00ed a gastronomick\u00fd z\u00e1\u017eitekz unik\u00e1tn\u00ed molekul\u00e1rn\u00ed kuchyn\u011b. J\u00eddlo se po cel\u00e9m obvodu budovy p\u0159esouv\u00e1 d\u00edky p\u00e1su,kter\u00fd z\u00e1rove\u0148 umo\u017e\u0148uje p\u0159em\u00edst\u011bn\u00ed j\u00eddla z jedn\u00e9 bu\u0148ky do druh\u00e9. Dal\u0161\u00ed koule slou\u017e\u00ed jakosklad a [&hellip;]<\/p>\n","protected":false},"author":2,"featured_media":4072,"menu_order":0,"comment_status":"closed","ping_status":"closed","template":"","format":"standard","meta":{"ngg_post_thumbnail":0,"ocean_post_layout":"","ocean_both_sidebars_style":"","ocean_both_sidebars_content_width":0,"ocean_both_sidebars_sidebars_width":0,"ocean_sidebar":"","ocean_second_sidebar":"","ocean_disable_margins":"enable","ocean_add_body_class":"","ocean_shortcode_before_top_bar":"","ocean_shortcode_after_top_bar":"","ocean_shortcode_before_header":"","ocean_shortcode_after_header":"","ocean_has_shortcode":"","ocean_shortcode_after_title":"","ocean_shortcode_before_footer_widgets":"","ocean_shortcode_after_footer_widgets":"","ocean_shortcode_before_footer_bottom":"","ocean_shortcode_after_footer_bottom":"","ocean_display_top_bar":"default","ocean_display_header":"default","ocean_header_style":"","ocean_center_header_left_menu":"","ocean_custom_header_template":"","ocean_custom_logo":0,"ocean_custom_retina_logo":0,"ocean_custom_logo_max_width":0,"ocean_custom_logo_tablet_max_width":0,"ocean_custom_logo_mobile_max_width":0,"ocean_custom_logo_max_height":0,"ocean_custom_logo_tablet_max_height":0,"ocean_custom_logo_mobile_max_height":0,"ocean_header_custom_menu":"","ocean_menu_typo_font_family":"","ocean_menu_typo_font_subset":"","ocean_menu_typo_font_size":0,"ocean_menu_typo_font_size_tablet":0,"ocean_menu_typo_font_size_mobile":0,"ocean_menu_typo_font_size_unit":"px","ocean_menu_typo_font_weight":"","ocean_menu_typo_font_weight_tablet":"","ocean_menu_typo_font_weight_mobile":"","ocean_menu_typo_transform":"","ocean_menu_typo_transform_tablet":"","ocean_menu_typo_transform_mobile":"","ocean_menu_typo_line_height":0,"ocean_menu_typo_line_height_tablet":0,"ocean_menu_typo_line_height_mobile":0,"ocean_menu_typo_line_height_unit":"","ocean_menu_typo_spacing":0,"ocean_menu_typo_spacing_tablet":0,"ocean_menu_typo_spacing_mobile":0,"ocean_menu_typo_spacing_unit":"","ocean_menu_link_color":"","ocean_menu_link_color_hover":"","ocean_menu_link_color_active":"","ocean_menu_link_background":"","ocean_menu_link_hover_background":"","ocean_menu_link_active_background":"","ocean_menu_social_links_bg":"","ocean_menu_social_hover_links_bg":"","ocean_menu_social_links_color":"","ocean_menu_social_hover_links_color":"","ocean_disable_title":"default","ocean_disable_heading":"default","ocean_post_title":"","ocean_post_subheading":"","ocean_post_title_style":"","ocean_post_title_background_color":"","ocean_post_title_background":0,"ocean_post_title_bg_image_position":"","ocean_post_title_bg_image_attachment":"","ocean_post_title_bg_image_repeat":"","ocean_post_title_bg_image_size":"","ocean_post_title_height":0,"ocean_post_title_bg_overlay":0.5,"ocean_post_title_bg_overlay_color":"","ocean_disable_breadcrumbs":"default","ocean_breadcrumbs_color":"","ocean_breadcrumbs_separator_color":"","ocean_breadcrumbs_links_color":"","ocean_breadcrumbs_links_hover_color":"","ocean_display_footer_widgets":"default","ocean_display_footer_bottom":"default","ocean_custom_footer_template":"","_vp_format_video_url":"","_vp_image_focal_point":[],"footnotes":""},"portfolio_category":[],"portfolio_tag":[],"class_list":["post-3158","portfolio","type-portfolio","status-publish","format-standard","has-post-thumbnail","hentry","entry","has-media"],"yoast_head":"<!-- This site is optimized with the Yoast SEO plugin v25.2 - https:\/\/yoast.com\/wordpress\/plugins\/seo\/ -->\n<title>Ve\u0159ejn\u00fd interi\u00e9r - Bistro - design-award.cz<\/title>\n<meta name=\"robots\" content=\"index, follow, max-snippet:-1, max-image-preview:large, max-video-preview:-1\" \/>\n<link rel=\"canonical\" href=\"https:\/\/www.design-award.cz\/?portfolio=verejny-interier-bistro\" \/>\n<meta property=\"og:locale\" content=\"cs_CZ\" \/>\n<meta property=\"og:type\" content=\"article\" \/>\n<meta property=\"og:title\" content=\"Ve\u0159ejn\u00fd interi\u00e9r - Bistro - design-award.cz\" \/>\n<meta property=\"og:description\" content=\"Krist\u00edna Gallov\u00e1 \u0160kola Michael Bistro BloQ je sou\u010d\u00e1st\u00ed um\u011bleck\u00e9 kompozice t\u0159\u00ed objekt\u016f, kter\u00e9 se zam\u011b\u0159uj\u00ed na komunitu,z\u00e1\u017eitek a va\u0161e smysly. Hlavn\u00ed objekt je ur\u010den\u00fd pro posezen\u00ed a gastronomick\u00fd z\u00e1\u017eitekz unik\u00e1tn\u00ed molekul\u00e1rn\u00ed kuchyn\u011b. J\u00eddlo se po cel\u00e9m obvodu budovy p\u0159esouv\u00e1 d\u00edky p\u00e1su,kter\u00fd z\u00e1rove\u0148 umo\u017e\u0148uje p\u0159em\u00edst\u011bn\u00ed j\u00eddla z jedn\u00e9 bu\u0148ky do druh\u00e9. Dal\u0161\u00ed koule slou\u017e\u00ed jakosklad a [&hellip;]\" \/>\n<meta property=\"og:url\" content=\"https:\/\/www.design-award.cz\/?portfolio=verejny-interier-bistro\" \/>\n<meta property=\"og:site_name\" content=\"design-award.cz\" \/>\n<meta property=\"article:modified_time\" content=\"2024-06-28T20:45:19+00:00\" \/>\n<meta property=\"og:image\" content=\"https:\/\/www.design-award.cz\/wp-content\/uploads\/2024\/06\/hl.render.png\" \/>\n\t<meta property=\"og:image:width\" content=\"984\" \/>\n\t<meta property=\"og:image:height\" content=\"672\" \/>\n\t<meta property=\"og:image:type\" content=\"image\/png\" \/>\n<meta name=\"twitter:card\" content=\"summary_large_image\" \/>\n<meta name=\"twitter:label1\" content=\"Odhadovan\u00e1 doba \u010dten\u00ed\" \/>\n\t<meta name=\"twitter:data1\" content=\"1 minuta\" \/>\n<script type=\"application\/ld+json\" class=\"yoast-schema-graph\">{\"@context\":\"https:\/\/schema.org\",\"@graph\":[{\"@type\":\"WebPage\",\"@id\":\"https:\/\/www.design-award.cz\/?portfolio=verejny-interier-bistro\",\"url\":\"https:\/\/www.design-award.cz\/?portfolio=verejny-interier-bistro\",\"name\":\"Ve\u0159ejn\u00fd interi\u00e9r - Bistro - design-award.cz\",\"isPartOf\":{\"@id\":\"https:\/\/www.design-award.cz\/#website\"},\"primaryImageOfPage\":{\"@id\":\"https:\/\/www.design-award.cz\/?portfolio=verejny-interier-bistro#primaryimage\"},\"image\":{\"@id\":\"https:\/\/www.design-award.cz\/?portfolio=verejny-interier-bistro#primaryimage\"},\"thumbnailUrl\":\"https:\/\/www.design-award.cz\/wp-content\/uploads\/2024\/06\/hl.render.png\",\"datePublished\":\"2024-04-25T12:29:39+00:00\",\"dateModified\":\"2024-06-28T20:45:19+00:00\",\"breadcrumb\":{\"@id\":\"https:\/\/www.design-award.cz\/?portfolio=verejny-interier-bistro#breadcrumb\"},\"inLanguage\":\"cs\",\"potentialAction\":[{\"@type\":\"ReadAction\",\"target\":[\"https:\/\/www.design-award.cz\/?portfolio=verejny-interier-bistro\"]}]},{\"@type\":\"ImageObject\",\"inLanguage\":\"cs\",\"@id\":\"https:\/\/www.design-award.cz\/?portfolio=verejny-interier-bistro#primaryimage\",\"url\":\"https:\/\/www.design-award.cz\/wp-content\/uploads\/2024\/06\/hl.render.png\",\"contentUrl\":\"https:\/\/www.design-award.cz\/wp-content\/uploads\/2024\/06\/hl.render.png\",\"width\":984,\"height\":672},{\"@type\":\"BreadcrumbList\",\"@id\":\"https:\/\/www.design-award.cz\/?portfolio=verejny-interier-bistro#breadcrumb\",\"itemListElement\":[{\"@type\":\"ListItem\",\"position\":1,\"name\":\"Dom\u016f\",\"item\":\"https:\/\/www.design-award.cz\/\"},{\"@type\":\"ListItem\",\"position\":2,\"name\":\"Portfolio Items\",\"item\":\"https:\/\/www.design-award.cz\/?post_type=portfolio\"},{\"@type\":\"ListItem\",\"position\":3,\"name\":\"Ve\u0159ejn\u00fd interi\u00e9r &#8211; Bistro\"}]},{\"@type\":\"WebSite\",\"@id\":\"https:\/\/www.design-award.cz\/#website\",\"url\":\"https:\/\/www.design-award.cz\/\",\"name\":\"design-award.cz\",\"description\":\"WARD vznikla v roce 2022. Je ur\u010dena p\u0159edev\u0161\u00edm student\u016fm st\u0159edn\u00edch um\u011bleck\u00fdch \u0161kol (S\u0160 a VO\u0160), kte\u0159\u00ed mohou bezplatn\u011b zaslat sv\u00e9 n\u00e1vrhy v uveden\u00fdch kategori\u00ed a tak pom\u011b\u0159it sv\u00e9 n\u00e1pady s konkurenc\u00ed sv\u00fdch vrstevn\u00edk\u016f. N\u00e1vrhy jsou n\u00e1sledn\u011b posouzeny nez\u00e1vislou porotou z \u0159ad v\u00fdtvarn\u00edk\u016f, pedagog\u016f a profesion\u00e1l\u016f z oboru.\",\"publisher\":{\"@id\":\"https:\/\/www.design-award.cz\/#organization\"},\"potentialAction\":[{\"@type\":\"SearchAction\",\"target\":{\"@type\":\"EntryPoint\",\"urlTemplate\":\"https:\/\/www.design-award.cz\/?s={search_term_string}\"},\"query-input\":{\"@type\":\"PropertyValueSpecification\",\"valueRequired\":true,\"valueName\":\"search_term_string\"}}],\"inLanguage\":\"cs\"},{\"@type\":\"Organization\",\"@id\":\"https:\/\/www.design-award.cz\/#organization\",\"name\":\"Design Award\",\"url\":\"https:\/\/www.design-award.cz\/\",\"logo\":{\"@type\":\"ImageObject\",\"inLanguage\":\"cs\",\"@id\":\"https:\/\/www.design-award.cz\/#\/schema\/logo\/image\/\",\"url\":\"http:\/\/www.design-award.cz\/wp-content\/uploads\/2021\/12\/hornilogo_design-award.png\",\"contentUrl\":\"http:\/\/www.design-award.cz\/wp-content\/uploads\/2021\/12\/hornilogo_design-award.png\",\"width\":800,\"height\":600,\"caption\":\"Design Award\"},\"image\":{\"@id\":\"https:\/\/www.design-award.cz\/#\/schema\/logo\/image\/\"},\"sameAs\":[\"https:\/\/www.instagram.com\/design_award\/\"]}]}<\/script>\n<!-- \/ Yoast SEO plugin. -->","yoast_head_json":{"title":"Ve\u0159ejn\u00fd interi\u00e9r - Bistro - design-award.cz","robots":{"index":"index","follow":"follow","max-snippet":"max-snippet:-1","max-image-preview":"max-image-preview:large","max-video-preview":"max-video-preview:-1"},"canonical":"https:\/\/www.design-award.cz\/?portfolio=verejny-interier-bistro","og_locale":"cs_CZ","og_type":"article","og_title":"Ve\u0159ejn\u00fd interi\u00e9r - Bistro - design-award.cz","og_description":"Krist\u00edna Gallov\u00e1 \u0160kola Michael Bistro BloQ je sou\u010d\u00e1st\u00ed um\u011bleck\u00e9 kompozice t\u0159\u00ed objekt\u016f, kter\u00e9 se zam\u011b\u0159uj\u00ed na komunitu,z\u00e1\u017eitek a va\u0161e smysly. Hlavn\u00ed objekt je ur\u010den\u00fd pro posezen\u00ed a gastronomick\u00fd z\u00e1\u017eitekz unik\u00e1tn\u00ed molekul\u00e1rn\u00ed kuchyn\u011b. J\u00eddlo se po cel\u00e9m obvodu budovy p\u0159esouv\u00e1 d\u00edky p\u00e1su,kter\u00fd z\u00e1rove\u0148 umo\u017e\u0148uje p\u0159em\u00edst\u011bn\u00ed j\u00eddla z jedn\u00e9 bu\u0148ky do druh\u00e9. Dal\u0161\u00ed koule slou\u017e\u00ed jakosklad a [&hellip;]","og_url":"https:\/\/www.design-award.cz\/?portfolio=verejny-interier-bistro","og_site_name":"design-award.cz","article_modified_time":"2024-06-28T20:45:19+00:00","og_image":[{"width":984,"height":672,"url":"https:\/\/www.design-award.cz\/wp-content\/uploads\/2024\/06\/hl.render.png","type":"image\/png"}],"twitter_card":"summary_large_image","twitter_misc":{"Odhadovan\u00e1 doba \u010dten\u00ed":"1 minuta"},"schema":{"@context":"https:\/\/schema.org","@graph":[{"@type":"WebPage","@id":"https:\/\/www.design-award.cz\/?portfolio=verejny-interier-bistro","url":"https:\/\/www.design-award.cz\/?portfolio=verejny-interier-bistro","name":"Ve\u0159ejn\u00fd interi\u00e9r - Bistro - design-award.cz","isPartOf":{"@id":"https:\/\/www.design-award.cz\/#website"},"primaryImageOfPage":{"@id":"https:\/\/www.design-award.cz\/?portfolio=verejny-interier-bistro#primaryimage"},"image":{"@id":"https:\/\/www.design-award.cz\/?portfolio=verejny-interier-bistro#primaryimage"},"thumbnailUrl":"https:\/\/www.design-award.cz\/wp-content\/uploads\/2024\/06\/hl.render.png","datePublished":"2024-04-25T12:29:39+00:00","dateModified":"2024-06-28T20:45:19+00:00","breadcrumb":{"@id":"https:\/\/www.design-award.cz\/?portfolio=verejny-interier-bistro#breadcrumb"},"inLanguage":"cs","potentialAction":[{"@type":"ReadAction","target":["https:\/\/www.design-award.cz\/?portfolio=verejny-interier-bistro"]}]},{"@type":"ImageObject","inLanguage":"cs","@id":"https:\/\/www.design-award.cz\/?portfolio=verejny-interier-bistro#primaryimage","url":"https:\/\/www.design-award.cz\/wp-content\/uploads\/2024\/06\/hl.render.png","contentUrl":"https:\/\/www.design-award.cz\/wp-content\/uploads\/2024\/06\/hl.render.png","width":984,"height":672},{"@type":"BreadcrumbList","@id":"https:\/\/www.design-award.cz\/?portfolio=verejny-interier-bistro#breadcrumb","itemListElement":[{"@type":"ListItem","position":1,"name":"Dom\u016f","item":"https:\/\/www.design-award.cz\/"},{"@type":"ListItem","position":2,"name":"Portfolio Items","item":"https:\/\/www.design-award.cz\/?post_type=portfolio"},{"@type":"ListItem","position":3,"name":"Ve\u0159ejn\u00fd interi\u00e9r &#8211; Bistro"}]},{"@type":"WebSite","@id":"https:\/\/www.design-award.cz\/#website","url":"https:\/\/www.design-award.cz\/","name":"design-award.cz","description":"WARD vznikla v roce 2022. Je ur\u010dena p\u0159edev\u0161\u00edm student\u016fm st\u0159edn\u00edch um\u011bleck\u00fdch \u0161kol (S\u0160 a VO\u0160), kte\u0159\u00ed mohou bezplatn\u011b zaslat sv\u00e9 n\u00e1vrhy v uveden\u00fdch kategori\u00ed a tak pom\u011b\u0159it sv\u00e9 n\u00e1pady s konkurenc\u00ed sv\u00fdch vrstevn\u00edk\u016f. N\u00e1vrhy jsou n\u00e1sledn\u011b posouzeny nez\u00e1vislou porotou z \u0159ad v\u00fdtvarn\u00edk\u016f, pedagog\u016f a profesion\u00e1l\u016f z oboru.","publisher":{"@id":"https:\/\/www.design-award.cz\/#organization"},"potentialAction":[{"@type":"SearchAction","target":{"@type":"EntryPoint","urlTemplate":"https:\/\/www.design-award.cz\/?s={search_term_string}"},"query-input":{"@type":"PropertyValueSpecification","valueRequired":true,"valueName":"search_term_string"}}],"inLanguage":"cs"},{"@type":"Organization","@id":"https:\/\/www.design-award.cz\/#organization","name":"Design Award","url":"https:\/\/www.design-award.cz\/","logo":{"@type":"ImageObject","inLanguage":"cs","@id":"https:\/\/www.design-award.cz\/#\/schema\/logo\/image\/","url":"http:\/\/www.design-award.cz\/wp-content\/uploads\/2021\/12\/hornilogo_design-award.png","contentUrl":"http:\/\/www.design-award.cz\/wp-content\/uploads\/2021\/12\/hornilogo_design-award.png","width":800,"height":600,"caption":"Design Award"},"image":{"@id":"https:\/\/www.design-award.cz\/#\/schema\/logo\/image\/"},"sameAs":["https:\/\/www.instagram.com\/design_award\/"]}]}},"_links":{"self":[{"href":"https:\/\/www.design-award.cz\/index.php?rest_route=\/wp\/v2\/portfolio\/3158","targetHints":{"allow":["GET"]}}],"collection":[{"href":"https:\/\/www.design-award.cz\/index.php?rest_route=\/wp\/v2\/portfolio"}],"about":[{"href":"https:\/\/www.design-award.cz\/index.php?rest_route=\/wp\/v2\/types\/portfolio"}],"author":[{"embeddable":true,"href":"https:\/\/www.design-award.cz\/index.php?rest_route=\/wp\/v2\/users\/2"}],"replies":[{"embeddable":true,"href":"https:\/\/www.design-award.cz\/index.php?rest_route=%2Fwp%2Fv2%2Fcomments&post=3158"}],"version-history":[{"count":2,"href":"https:\/\/www.design-award.cz\/index.php?rest_route=\/wp\/v2\/portfolio\/3158\/revisions"}],"predecessor-version":[{"id":4085,"href":"https:\/\/www.design-award.cz\/index.php?rest_route=\/wp\/v2\/portfolio\/3158\/revisions\/4085"}],"wp:featuredmedia":[{"embeddable":true,"href":"https:\/\/www.design-award.cz\/index.php?rest_route=\/wp\/v2\/media\/4072"}],"wp:attachment":[{"href":"https:\/\/www.design-award.cz\/index.php?rest_route=%2Fwp%2Fv2%2Fmedia&parent=3158"}],"wp:term":[{"taxonomy":"portfolio_category","embeddable":true,"href":"https:\/\/www.design-award.cz\/index.php?rest_route=%2Fwp%2Fv2%2Fportfolio_category&post=3158"},{"taxonomy":"portfolio_tag","embeddable":true,"href":"https:\/\/www.design-award.cz\/index.php?rest_route=%2Fwp%2Fv2%2Fportfolio_tag&post=3158"}],"curies":[{"name":"wp","href":"https:\/\/api.w.org\/{rel}","templated":true}]}}