{"id":3191,"date":"2024-04-25T12:29:42","date_gmt":"2024-04-25T12:29:42","guid":{"rendered":"https:\/\/www.design-award.cz\/?post_type=portfolio&#038;p=3191"},"modified":"2024-04-25T12:29:44","modified_gmt":"2024-04-25T12:29:44","slug":"verejny-interier-bistro-2","status":"publish","type":"portfolio","link":"https:\/\/www.design-award.cz\/?portfolio=verejny-interier-bistro-2","title":{"rendered":"Ve\u0159ejn\u00fd interi\u00e9r &#8211; Bistro"},"content":{"rendered":"\n<p><strong>Nikola L\u00e1\u017ekov\u00e1<\/strong><\/p>\n\n\n\n<p>\u0160kola Michael<\/p>\n\n\n\n<p>Bistro v are\u00e1lu \u010cVUT. M\u00fdm hlavn\u00edm konceptem je vytvo\u0159en\u00ed prost\u0159ed\u00ed, kter\u00e9 odr\u00e1\u017e\u00ed technickou a stavebn\u00ed esenci fakulty. Modr\u00e9 le\u0161en\u00ed, kter\u00e9 je pochoz\u00ed a vede studenty a\u017e na st\u0159echu bistra, umo\u017e\u0148uje n\u00e1v\u0161t\u011bvn\u00edk\u016fm d\u00edky prosklen\u00e9 plo\u0161e nahl\u00e9dnout dovnit\u0159 a sledovat d\u011bn\u00ed v interi\u00e9ru. Samotn\u00fd interi\u00e9r je minimalistick\u00fd, dominuje betonov\u00fd materi\u00e1l a nab\u00edz\u00ed pouze omezen\u00e9 mno\u017estv\u00ed m\u00edst k sezen\u00ed.<\/p>\n\n\n\n<p>Nab\u00eddka bistra je z\u00e1m\u011brn\u011b jednoduch\u00e1, zam\u011b\u0159en\u00e1 na kvalitn\u00ed k\u00e1vu, pivo, nealkoholick\u00e9 n\u00e1poje a dom\u00e1c\u00ed oblo\u017een\u00e9 chleby. Tento sortiment odpov\u00edd\u00e1 pot\u0159eb\u00e1m rychl\u00e9ho ob\u010derstven\u00ed student\u016f, kte\u0159\u00ed si mohou nechat ob\u010derstven\u00ed zabalit sebou a vychutnat si jej na \u010derstv\u00e9m vzduchu.<\/p>\n\n\n\n<p>Projekt je koncipov\u00e1n tak, aby poskytoval student\u016fm p\u0159\u00edjemn\u00e9 m\u00edsto k setk\u00e1v\u00e1n\u00ed, studiu a relaxaci, kter\u00e9 je z\u00e1rove\u0148 v souladu s identitou a charakterem \u010cVUT. T\u00edmto zp\u016fsobem bistro dopl\u0148uje \u017eivot na fakult\u011b a p\u0159isp\u00edv\u00e1 k pos\u00edlen\u00ed komunitn\u00edho ducha mezi studenty.<\/p>\n\n\n\n<figure class=\"wp-block-image size-large\"><img decoding=\"async\" width=\"1024\" height=\"576\" data-src=\"http:\/\/www.design-award.cz\/wp-content\/uploads\/2024\/04\/render-interier-4K-1024x576.png\" alt=\"\" class=\"wp-image-3196 lazyload\" data-srcset=\"https:\/\/www.design-award.cz\/wp-content\/uploads\/2024\/04\/render-interier-4K-1024x576.png 1024w, https:\/\/www.design-award.cz\/wp-content\/uploads\/2024\/04\/render-interier-4K-300x169.png 300w, https:\/\/www.design-award.cz\/wp-content\/uploads\/2024\/04\/render-interier-4K-768x432.png 768w, https:\/\/www.design-award.cz\/wp-content\/uploads\/2024\/04\/render-interier-4K-500x281.png 500w, https:\/\/www.design-award.cz\/wp-content\/uploads\/2024\/04\/render-interier-4K-800x450.png 800w, https:\/\/www.design-award.cz\/wp-content\/uploads\/2024\/04\/render-interier-4K.png 1134w\" data-sizes=\"(max-width: 1024px) 100vw, 1024px\" src=\"data:image\/svg+xml;base64,PHN2ZyB3aWR0aD0iMSIgaGVpZ2h0PSIxIiB4bWxucz0iaHR0cDovL3d3dy53My5vcmcvMjAwMC9zdmciPjwvc3ZnPg==\" style=\"--smush-placeholder-width: 1024px; --smush-placeholder-aspect-ratio: 1024\/576;\" \/><\/figure>\n\n\n\n<figure class=\"wp-block-image size-large\"><img decoding=\"async\" width=\"1024\" height=\"576\" data-src=\"http:\/\/www.design-award.cz\/wp-content\/uploads\/2024\/04\/render4k-ineterier-1-1024x576.png\" alt=\"\" class=\"wp-image-3193 lazyload\" data-srcset=\"https:\/\/www.design-award.cz\/wp-content\/uploads\/2024\/04\/render4k-ineterier-1-1024x576.png 1024w, https:\/\/www.design-award.cz\/wp-content\/uploads\/2024\/04\/render4k-ineterier-1-300x169.png 300w, https:\/\/www.design-award.cz\/wp-content\/uploads\/2024\/04\/render4k-ineterier-1-768x432.png 768w, https:\/\/www.design-award.cz\/wp-content\/uploads\/2024\/04\/render4k-ineterier-1-500x281.png 500w, https:\/\/www.design-award.cz\/wp-content\/uploads\/2024\/04\/render4k-ineterier-1-800x450.png 800w, https:\/\/www.design-award.cz\/wp-content\/uploads\/2024\/04\/render4k-ineterier-1.png 1134w\" data-sizes=\"(max-width: 1024px) 100vw, 1024px\" src=\"data:image\/svg+xml;base64,PHN2ZyB3aWR0aD0iMSIgaGVpZ2h0PSIxIiB4bWxucz0iaHR0cDovL3d3dy53My5vcmcvMjAwMC9zdmciPjwvc3ZnPg==\" style=\"--smush-placeholder-width: 1024px; --smush-placeholder-aspect-ratio: 1024\/576;\" \/><\/figure>\n\n\n\n<figure class=\"wp-block-image size-large\"><img decoding=\"async\" width=\"1024\" height=\"819\" data-src=\"http:\/\/www.design-award.cz\/wp-content\/uploads\/2024\/04\/render-detail-1-1024x819.png\" alt=\"\" class=\"wp-image-3195 lazyload\" data-srcset=\"https:\/\/www.design-award.cz\/wp-content\/uploads\/2024\/04\/render-detail-1-1024x819.png 1024w, https:\/\/www.design-award.cz\/wp-content\/uploads\/2024\/04\/render-detail-1-300x240.png 300w, https:\/\/www.design-award.cz\/wp-content\/uploads\/2024\/04\/render-detail-1-768x614.png 768w, https:\/\/www.design-award.cz\/wp-content\/uploads\/2024\/04\/render-detail-1-500x400.png 500w, https:\/\/www.design-award.cz\/wp-content\/uploads\/2024\/04\/render-detail-1-800x640.png 800w, https:\/\/www.design-award.cz\/wp-content\/uploads\/2024\/04\/render-detail-1.png 1134w\" data-sizes=\"(max-width: 1024px) 100vw, 1024px\" src=\"data:image\/svg+xml;base64,PHN2ZyB3aWR0aD0iMSIgaGVpZ2h0PSIxIiB4bWxucz0iaHR0cDovL3d3dy53My5vcmcvMjAwMC9zdmciPjwvc3ZnPg==\" style=\"--smush-placeholder-width: 1024px; --smush-placeholder-aspect-ratio: 1024\/819;\" \/><\/figure>\n\n\n\n<figure class=\"wp-block-image size-large\"><img decoding=\"async\" width=\"693\" height=\"1024\" data-src=\"http:\/\/www.design-award.cz\/wp-content\/uploads\/2024\/04\/pudorys-693x1024.png\" alt=\"\" class=\"wp-image-3192 lazyload\" data-srcset=\"https:\/\/www.design-award.cz\/wp-content\/uploads\/2024\/04\/pudorys-693x1024.png 693w, https:\/\/www.design-award.cz\/wp-content\/uploads\/2024\/04\/pudorys-203x300.png 203w, https:\/\/www.design-award.cz\/wp-content\/uploads\/2024\/04\/pudorys-768x1135.png 768w, https:\/\/www.design-award.cz\/wp-content\/uploads\/2024\/04\/pudorys-500x739.png 500w, https:\/\/www.design-award.cz\/wp-content\/uploads\/2024\/04\/pudorys-800x1182.png 800w, https:\/\/www.design-award.cz\/wp-content\/uploads\/2024\/04\/pudorys.png 844w\" data-sizes=\"(max-width: 693px) 100vw, 693px\" src=\"data:image\/svg+xml;base64,PHN2ZyB3aWR0aD0iMSIgaGVpZ2h0PSIxIiB4bWxucz0iaHR0cDovL3d3dy53My5vcmcvMjAwMC9zdmciPjwvc3ZnPg==\" style=\"--smush-placeholder-width: 693px; --smush-placeholder-aspect-ratio: 693\/1024;\" \/><\/figure>\n","protected":false},"excerpt":{"rendered":"<p>Nikola L\u00e1\u017ekov\u00e1 \u0160kola Michael Bistro v are\u00e1lu \u010cVUT. M\u00fdm hlavn\u00edm konceptem je vytvo\u0159en\u00ed prost\u0159ed\u00ed, kter\u00e9 odr\u00e1\u017e\u00ed technickou a stavebn\u00ed esenci fakulty. Modr\u00e9 le\u0161en\u00ed, kter\u00e9 je pochoz\u00ed a vede studenty a\u017e na st\u0159echu bistra, umo\u017e\u0148uje n\u00e1v\u0161t\u011bvn\u00edk\u016fm d\u00edky prosklen\u00e9 plo\u0161e nahl\u00e9dnout dovnit\u0159 a sledovat d\u011bn\u00ed v interi\u00e9ru. Samotn\u00fd interi\u00e9r je minimalistick\u00fd, dominuje betonov\u00fd materi\u00e1l a nab\u00edz\u00ed pouze [&hellip;]<\/p>\n","protected":false},"author":2,"featured_media":3194,"menu_order":0,"comment_status":"open","ping_status":"closed","template":"","format":"standard","meta":{"ngg_post_thumbnail":0,"ocean_post_layout":"","ocean_both_sidebars_style":"","ocean_both_sidebars_content_width":0,"ocean_both_sidebars_sidebars_width":0,"ocean_sidebar":"","ocean_second_sidebar":"","ocean_disable_margins":"enable","ocean_add_body_class":"","ocean_shortcode_before_top_bar":"","ocean_shortcode_after_top_bar":"","ocean_shortcode_before_header":"","ocean_shortcode_after_header":"","ocean_has_shortcode":"","ocean_shortcode_after_title":"","ocean_shortcode_before_footer_widgets":"","ocean_shortcode_after_footer_widgets":"","ocean_shortcode_before_footer_bottom":"","ocean_shortcode_after_footer_bottom":"","ocean_display_top_bar":"default","ocean_display_header":"default","ocean_header_style":"","ocean_center_header_left_menu":"","ocean_custom_header_template":"","ocean_custom_logo":0,"ocean_custom_retina_logo":0,"ocean_custom_logo_max_width":0,"ocean_custom_logo_tablet_max_width":0,"ocean_custom_logo_mobile_max_width":0,"ocean_custom_logo_max_height":0,"ocean_custom_logo_tablet_max_height":0,"ocean_custom_logo_mobile_max_height":0,"ocean_header_custom_menu":"","ocean_menu_typo_font_family":"","ocean_menu_typo_font_subset":"","ocean_menu_typo_font_size":0,"ocean_menu_typo_font_size_tablet":0,"ocean_menu_typo_font_size_mobile":0,"ocean_menu_typo_font_size_unit":"px","ocean_menu_typo_font_weight":"","ocean_menu_typo_font_weight_tablet":"","ocean_menu_typo_font_weight_mobile":"","ocean_menu_typo_transform":"","ocean_menu_typo_transform_tablet":"","ocean_menu_typo_transform_mobile":"","ocean_menu_typo_line_height":0,"ocean_menu_typo_line_height_tablet":0,"ocean_menu_typo_line_height_mobile":0,"ocean_menu_typo_line_height_unit":"","ocean_menu_typo_spacing":0,"ocean_menu_typo_spacing_tablet":0,"ocean_menu_typo_spacing_mobile":0,"ocean_menu_typo_spacing_unit":"","ocean_menu_link_color":"","ocean_menu_link_color_hover":"","ocean_menu_link_color_active":"","ocean_menu_link_background":"","ocean_menu_link_hover_background":"","ocean_menu_link_active_background":"","ocean_menu_social_links_bg":"","ocean_menu_social_hover_links_bg":"","ocean_menu_social_links_color":"","ocean_menu_social_hover_links_color":"","ocean_disable_title":"default","ocean_disable_heading":"default","ocean_post_title":"","ocean_post_subheading":"","ocean_post_title_style":"","ocean_post_title_background_color":"","ocean_post_title_background":0,"ocean_post_title_bg_image_position":"","ocean_post_title_bg_image_attachment":"","ocean_post_title_bg_image_repeat":"","ocean_post_title_bg_image_size":"","ocean_post_title_height":0,"ocean_post_title_bg_overlay":0.5,"ocean_post_title_bg_overlay_color":"","ocean_disable_breadcrumbs":"default","ocean_breadcrumbs_color":"","ocean_breadcrumbs_separator_color":"","ocean_breadcrumbs_links_color":"","ocean_breadcrumbs_links_hover_color":"","ocean_display_footer_widgets":"default","ocean_display_footer_bottom":"default","ocean_custom_footer_template":"","_vp_format_video_url":"","_vp_image_focal_point":[],"footnotes":""},"portfolio_category":[],"portfolio_tag":[],"class_list":["post-3191","portfolio","type-portfolio","status-publish","format-standard","has-post-thumbnail","hentry","entry","has-media"],"yoast_head":"<!-- This site is optimized with the Yoast SEO plugin v25.2 - https:\/\/yoast.com\/wordpress\/plugins\/seo\/ -->\n<title>Ve\u0159ejn\u00fd interi\u00e9r - Bistro - design-award.cz<\/title>\n<meta name=\"robots\" content=\"index, follow, max-snippet:-1, max-image-preview:large, max-video-preview:-1\" \/>\n<link rel=\"canonical\" href=\"https:\/\/www.design-award.cz\/?portfolio=verejny-interier-bistro-2\" \/>\n<meta property=\"og:locale\" content=\"cs_CZ\" \/>\n<meta property=\"og:type\" content=\"article\" \/>\n<meta property=\"og:title\" content=\"Ve\u0159ejn\u00fd interi\u00e9r - Bistro - design-award.cz\" \/>\n<meta property=\"og:description\" content=\"Nikola L\u00e1\u017ekov\u00e1 \u0160kola Michael Bistro v are\u00e1lu \u010cVUT. M\u00fdm hlavn\u00edm konceptem je vytvo\u0159en\u00ed prost\u0159ed\u00ed, kter\u00e9 odr\u00e1\u017e\u00ed technickou a stavebn\u00ed esenci fakulty. Modr\u00e9 le\u0161en\u00ed, kter\u00e9 je pochoz\u00ed a vede studenty a\u017e na st\u0159echu bistra, umo\u017e\u0148uje n\u00e1v\u0161t\u011bvn\u00edk\u016fm d\u00edky prosklen\u00e9 plo\u0161e nahl\u00e9dnout dovnit\u0159 a sledovat d\u011bn\u00ed v interi\u00e9ru. Samotn\u00fd interi\u00e9r je minimalistick\u00fd, dominuje betonov\u00fd materi\u00e1l a nab\u00edz\u00ed pouze [&hellip;]\" \/>\n<meta property=\"og:url\" content=\"https:\/\/www.design-award.cz\/?portfolio=verejny-interier-bistro-2\" \/>\n<meta property=\"og:site_name\" content=\"design-award.cz\" \/>\n<meta property=\"article:modified_time\" content=\"2024-04-25T12:29:44+00:00\" \/>\n<meta property=\"og:image\" content=\"http:\/\/www.design-award.cz\/wp-content\/uploads\/2024\/04\/render-10k-exterier.png\" \/>\n\t<meta property=\"og:image:width\" content=\"1134\" \/>\n\t<meta property=\"og:image:height\" content=\"850\" \/>\n\t<meta property=\"og:image:type\" content=\"image\/png\" \/>\n<meta name=\"twitter:card\" content=\"summary_large_image\" \/>\n<meta name=\"twitter:label1\" content=\"Odhadovan\u00e1 doba \u010dten\u00ed\" \/>\n\t<meta name=\"twitter:data1\" content=\"1 minuta\" \/>\n<script type=\"application\/ld+json\" class=\"yoast-schema-graph\">{\"@context\":\"https:\/\/schema.org\",\"@graph\":[{\"@type\":\"WebPage\",\"@id\":\"https:\/\/www.design-award.cz\/?portfolio=verejny-interier-bistro-2\",\"url\":\"https:\/\/www.design-award.cz\/?portfolio=verejny-interier-bistro-2\",\"name\":\"Ve\u0159ejn\u00fd interi\u00e9r - Bistro - design-award.cz\",\"isPartOf\":{\"@id\":\"https:\/\/www.design-award.cz\/#website\"},\"primaryImageOfPage\":{\"@id\":\"https:\/\/www.design-award.cz\/?portfolio=verejny-interier-bistro-2#primaryimage\"},\"image\":{\"@id\":\"https:\/\/www.design-award.cz\/?portfolio=verejny-interier-bistro-2#primaryimage\"},\"thumbnailUrl\":\"https:\/\/www.design-award.cz\/wp-content\/uploads\/2024\/04\/render-10k-exterier.png\",\"datePublished\":\"2024-04-25T12:29:42+00:00\",\"dateModified\":\"2024-04-25T12:29:44+00:00\",\"breadcrumb\":{\"@id\":\"https:\/\/www.design-award.cz\/?portfolio=verejny-interier-bistro-2#breadcrumb\"},\"inLanguage\":\"cs\",\"potentialAction\":[{\"@type\":\"ReadAction\",\"target\":[\"https:\/\/www.design-award.cz\/?portfolio=verejny-interier-bistro-2\"]}]},{\"@type\":\"ImageObject\",\"inLanguage\":\"cs\",\"@id\":\"https:\/\/www.design-award.cz\/?portfolio=verejny-interier-bistro-2#primaryimage\",\"url\":\"https:\/\/www.design-award.cz\/wp-content\/uploads\/2024\/04\/render-10k-exterier.png\",\"contentUrl\":\"https:\/\/www.design-award.cz\/wp-content\/uploads\/2024\/04\/render-10k-exterier.png\",\"width\":1134,\"height\":850},{\"@type\":\"BreadcrumbList\",\"@id\":\"https:\/\/www.design-award.cz\/?portfolio=verejny-interier-bistro-2#breadcrumb\",\"itemListElement\":[{\"@type\":\"ListItem\",\"position\":1,\"name\":\"Dom\u016f\",\"item\":\"https:\/\/www.design-award.cz\/\"},{\"@type\":\"ListItem\",\"position\":2,\"name\":\"Portfolio Items\",\"item\":\"https:\/\/www.design-award.cz\/?post_type=portfolio\"},{\"@type\":\"ListItem\",\"position\":3,\"name\":\"Ve\u0159ejn\u00fd interi\u00e9r &#8211; Bistro\"}]},{\"@type\":\"WebSite\",\"@id\":\"https:\/\/www.design-award.cz\/#website\",\"url\":\"https:\/\/www.design-award.cz\/\",\"name\":\"design-award.cz\",\"description\":\"WARD vznikla v roce 2022. Je ur\u010dena p\u0159edev\u0161\u00edm student\u016fm st\u0159edn\u00edch um\u011bleck\u00fdch \u0161kol (S\u0160 a VO\u0160), kte\u0159\u00ed mohou bezplatn\u011b zaslat sv\u00e9 n\u00e1vrhy v uveden\u00fdch kategori\u00ed a tak pom\u011b\u0159it sv\u00e9 n\u00e1pady s konkurenc\u00ed sv\u00fdch vrstevn\u00edk\u016f. N\u00e1vrhy jsou n\u00e1sledn\u011b posouzeny nez\u00e1vislou porotou z \u0159ad v\u00fdtvarn\u00edk\u016f, pedagog\u016f a profesion\u00e1l\u016f z oboru.\",\"publisher\":{\"@id\":\"https:\/\/www.design-award.cz\/#organization\"},\"potentialAction\":[{\"@type\":\"SearchAction\",\"target\":{\"@type\":\"EntryPoint\",\"urlTemplate\":\"https:\/\/www.design-award.cz\/?s={search_term_string}\"},\"query-input\":{\"@type\":\"PropertyValueSpecification\",\"valueRequired\":true,\"valueName\":\"search_term_string\"}}],\"inLanguage\":\"cs\"},{\"@type\":\"Organization\",\"@id\":\"https:\/\/www.design-award.cz\/#organization\",\"name\":\"Design Award\",\"url\":\"https:\/\/www.design-award.cz\/\",\"logo\":{\"@type\":\"ImageObject\",\"inLanguage\":\"cs\",\"@id\":\"https:\/\/www.design-award.cz\/#\/schema\/logo\/image\/\",\"url\":\"http:\/\/www.design-award.cz\/wp-content\/uploads\/2021\/12\/hornilogo_design-award.png\",\"contentUrl\":\"http:\/\/www.design-award.cz\/wp-content\/uploads\/2021\/12\/hornilogo_design-award.png\",\"width\":800,\"height\":600,\"caption\":\"Design Award\"},\"image\":{\"@id\":\"https:\/\/www.design-award.cz\/#\/schema\/logo\/image\/\"},\"sameAs\":[\"https:\/\/www.instagram.com\/design_award\/\"]}]}<\/script>\n<!-- \/ Yoast SEO plugin. -->","yoast_head_json":{"title":"Ve\u0159ejn\u00fd interi\u00e9r - Bistro - design-award.cz","robots":{"index":"index","follow":"follow","max-snippet":"max-snippet:-1","max-image-preview":"max-image-preview:large","max-video-preview":"max-video-preview:-1"},"canonical":"https:\/\/www.design-award.cz\/?portfolio=verejny-interier-bistro-2","og_locale":"cs_CZ","og_type":"article","og_title":"Ve\u0159ejn\u00fd interi\u00e9r - Bistro - design-award.cz","og_description":"Nikola L\u00e1\u017ekov\u00e1 \u0160kola Michael Bistro v are\u00e1lu \u010cVUT. M\u00fdm hlavn\u00edm konceptem je vytvo\u0159en\u00ed prost\u0159ed\u00ed, kter\u00e9 odr\u00e1\u017e\u00ed technickou a stavebn\u00ed esenci fakulty. Modr\u00e9 le\u0161en\u00ed, kter\u00e9 je pochoz\u00ed a vede studenty a\u017e na st\u0159echu bistra, umo\u017e\u0148uje n\u00e1v\u0161t\u011bvn\u00edk\u016fm d\u00edky prosklen\u00e9 plo\u0161e nahl\u00e9dnout dovnit\u0159 a sledovat d\u011bn\u00ed v interi\u00e9ru. Samotn\u00fd interi\u00e9r je minimalistick\u00fd, dominuje betonov\u00fd materi\u00e1l a nab\u00edz\u00ed pouze [&hellip;]","og_url":"https:\/\/www.design-award.cz\/?portfolio=verejny-interier-bistro-2","og_site_name":"design-award.cz","article_modified_time":"2024-04-25T12:29:44+00:00","og_image":[{"width":1134,"height":850,"url":"http:\/\/www.design-award.cz\/wp-content\/uploads\/2024\/04\/render-10k-exterier.png","type":"image\/png"}],"twitter_card":"summary_large_image","twitter_misc":{"Odhadovan\u00e1 doba \u010dten\u00ed":"1 minuta"},"schema":{"@context":"https:\/\/schema.org","@graph":[{"@type":"WebPage","@id":"https:\/\/www.design-award.cz\/?portfolio=verejny-interier-bistro-2","url":"https:\/\/www.design-award.cz\/?portfolio=verejny-interier-bistro-2","name":"Ve\u0159ejn\u00fd interi\u00e9r - Bistro - design-award.cz","isPartOf":{"@id":"https:\/\/www.design-award.cz\/#website"},"primaryImageOfPage":{"@id":"https:\/\/www.design-award.cz\/?portfolio=verejny-interier-bistro-2#primaryimage"},"image":{"@id":"https:\/\/www.design-award.cz\/?portfolio=verejny-interier-bistro-2#primaryimage"},"thumbnailUrl":"https:\/\/www.design-award.cz\/wp-content\/uploads\/2024\/04\/render-10k-exterier.png","datePublished":"2024-04-25T12:29:42+00:00","dateModified":"2024-04-25T12:29:44+00:00","breadcrumb":{"@id":"https:\/\/www.design-award.cz\/?portfolio=verejny-interier-bistro-2#breadcrumb"},"inLanguage":"cs","potentialAction":[{"@type":"ReadAction","target":["https:\/\/www.design-award.cz\/?portfolio=verejny-interier-bistro-2"]}]},{"@type":"ImageObject","inLanguage":"cs","@id":"https:\/\/www.design-award.cz\/?portfolio=verejny-interier-bistro-2#primaryimage","url":"https:\/\/www.design-award.cz\/wp-content\/uploads\/2024\/04\/render-10k-exterier.png","contentUrl":"https:\/\/www.design-award.cz\/wp-content\/uploads\/2024\/04\/render-10k-exterier.png","width":1134,"height":850},{"@type":"BreadcrumbList","@id":"https:\/\/www.design-award.cz\/?portfolio=verejny-interier-bistro-2#breadcrumb","itemListElement":[{"@type":"ListItem","position":1,"name":"Dom\u016f","item":"https:\/\/www.design-award.cz\/"},{"@type":"ListItem","position":2,"name":"Portfolio Items","item":"https:\/\/www.design-award.cz\/?post_type=portfolio"},{"@type":"ListItem","position":3,"name":"Ve\u0159ejn\u00fd interi\u00e9r &#8211; Bistro"}]},{"@type":"WebSite","@id":"https:\/\/www.design-award.cz\/#website","url":"https:\/\/www.design-award.cz\/","name":"design-award.cz","description":"WARD vznikla v roce 2022. Je ur\u010dena p\u0159edev\u0161\u00edm student\u016fm st\u0159edn\u00edch um\u011bleck\u00fdch \u0161kol (S\u0160 a VO\u0160), kte\u0159\u00ed mohou bezplatn\u011b zaslat sv\u00e9 n\u00e1vrhy v uveden\u00fdch kategori\u00ed a tak pom\u011b\u0159it sv\u00e9 n\u00e1pady s konkurenc\u00ed sv\u00fdch vrstevn\u00edk\u016f. N\u00e1vrhy jsou n\u00e1sledn\u011b posouzeny nez\u00e1vislou porotou z \u0159ad v\u00fdtvarn\u00edk\u016f, pedagog\u016f a profesion\u00e1l\u016f z oboru.","publisher":{"@id":"https:\/\/www.design-award.cz\/#organization"},"potentialAction":[{"@type":"SearchAction","target":{"@type":"EntryPoint","urlTemplate":"https:\/\/www.design-award.cz\/?s={search_term_string}"},"query-input":{"@type":"PropertyValueSpecification","valueRequired":true,"valueName":"search_term_string"}}],"inLanguage":"cs"},{"@type":"Organization","@id":"https:\/\/www.design-award.cz\/#organization","name":"Design Award","url":"https:\/\/www.design-award.cz\/","logo":{"@type":"ImageObject","inLanguage":"cs","@id":"https:\/\/www.design-award.cz\/#\/schema\/logo\/image\/","url":"http:\/\/www.design-award.cz\/wp-content\/uploads\/2021\/12\/hornilogo_design-award.png","contentUrl":"http:\/\/www.design-award.cz\/wp-content\/uploads\/2021\/12\/hornilogo_design-award.png","width":800,"height":600,"caption":"Design Award"},"image":{"@id":"https:\/\/www.design-award.cz\/#\/schema\/logo\/image\/"},"sameAs":["https:\/\/www.instagram.com\/design_award\/"]}]}},"_links":{"self":[{"href":"https:\/\/www.design-award.cz\/index.php?rest_route=\/wp\/v2\/portfolio\/3191","targetHints":{"allow":["GET"]}}],"collection":[{"href":"https:\/\/www.design-award.cz\/index.php?rest_route=\/wp\/v2\/portfolio"}],"about":[{"href":"https:\/\/www.design-award.cz\/index.php?rest_route=\/wp\/v2\/types\/portfolio"}],"author":[{"embeddable":true,"href":"https:\/\/www.design-award.cz\/index.php?rest_route=\/wp\/v2\/users\/2"}],"replies":[{"embeddable":true,"href":"https:\/\/www.design-award.cz\/index.php?rest_route=%2Fwp%2Fv2%2Fcomments&post=3191"}],"version-history":[{"count":1,"href":"https:\/\/www.design-award.cz\/index.php?rest_route=\/wp\/v2\/portfolio\/3191\/revisions"}],"predecessor-version":[{"id":3197,"href":"https:\/\/www.design-award.cz\/index.php?rest_route=\/wp\/v2\/portfolio\/3191\/revisions\/3197"}],"wp:featuredmedia":[{"embeddable":true,"href":"https:\/\/www.design-award.cz\/index.php?rest_route=\/wp\/v2\/media\/3194"}],"wp:attachment":[{"href":"https:\/\/www.design-award.cz\/index.php?rest_route=%2Fwp%2Fv2%2Fmedia&parent=3191"}],"wp:term":[{"taxonomy":"portfolio_category","embeddable":true,"href":"https:\/\/www.design-award.cz\/index.php?rest_route=%2Fwp%2Fv2%2Fportfolio_category&post=3191"},{"taxonomy":"portfolio_tag","embeddable":true,"href":"https:\/\/www.design-award.cz\/index.php?rest_route=%2Fwp%2Fv2%2Fportfolio_tag&post=3191"}],"curies":[{"name":"wp","href":"https:\/\/api.w.org\/{rel}","templated":true}]}}