{"id":3203,"date":"2024-04-25T12:29:47","date_gmt":"2024-04-25T12:29:47","guid":{"rendered":"https:\/\/www.design-award.cz\/?post_type=portfolio&#038;p=3203"},"modified":"2024-04-25T12:29:48","modified_gmt":"2024-04-25T12:29:48","slug":"verejny-interier-bistro-3","status":"publish","type":"portfolio","link":"https:\/\/www.design-award.cz\/?portfolio=verejny-interier-bistro-3","title":{"rendered":"Ve\u0159ejn\u00fd interi\u00e9r &#8211; Bistro"},"content":{"rendered":"\n<p><strong>Ilona Kratochv\u00edlov\u00e1<\/strong><\/p>\n\n\n\n<p>\u0160kola Michael<\/p>\n\n\n\n<p>RIBS &amp; RIFFS<br>Bistro Ribs &amp; Riffs vytv\u00e1\u0159\u00ed jedine\u010dnou atmosf\u00e9ru spojen\u00edm legend\u00e1rn\u00ed hudby a skv\u011bl\u00e9ho j\u00eddla. Um\u00edst\u011bn\u00e9 ve Vr\u0161ovic\u00edch, toto hudebn\u00ed bistro je obl\u00edben\u00fdm m\u00edstem pro milovn\u00edky dobr\u00e9ho j\u00eddla a \u017eiv\u00e9 hudby.<br>P\u0159i n\u00e1v\u0161t\u011bv\u011b tohoto m\u00edsta si m\u016f\u017eete vychutnat nejen lahodn\u00e9 pokrmy, ale tak\u00e9 poslechnout skv\u011bl\u00e9 interpretace obl\u00edben\u00fdch hit\u016f. P\u0159\u00edpadn\u011b se sami zapojit a jamovat spolu s dal\u0161\u00edmi nad\u0161enci, d\u00edky \u201ekonverza\u010dn\u00edmu koutku\u201c kter\u00fd je jednozna\u010dnou dominantou samotn\u00e9ho prostoru.<\/p>\n\n\n\n<figure class=\"wp-block-image size-large\"><img decoding=\"async\" width=\"1024\" height=\"672\" data-src=\"http:\/\/www.design-award.cz\/wp-content\/uploads\/2024\/04\/Detail-4-1024x672.png\" alt=\"\" class=\"wp-image-3211 lazyload\" data-srcset=\"https:\/\/www.design-award.cz\/wp-content\/uploads\/2024\/04\/Detail-4-1024x672.png 1024w, https:\/\/www.design-award.cz\/wp-content\/uploads\/2024\/04\/Detail-4-300x197.png 300w, https:\/\/www.design-award.cz\/wp-content\/uploads\/2024\/04\/Detail-4-768x504.png 768w, https:\/\/www.design-award.cz\/wp-content\/uploads\/2024\/04\/Detail-4-500x328.png 500w, https:\/\/www.design-award.cz\/wp-content\/uploads\/2024\/04\/Detail-4-800x525.png 800w, https:\/\/www.design-award.cz\/wp-content\/uploads\/2024\/04\/Detail-4-1280x840.png 1280w, https:\/\/www.design-award.cz\/wp-content\/uploads\/2024\/04\/Detail-4.png 1512w\" data-sizes=\"(max-width: 1024px) 100vw, 1024px\" src=\"data:image\/svg+xml;base64,PHN2ZyB3aWR0aD0iMSIgaGVpZ2h0PSIxIiB4bWxucz0iaHR0cDovL3d3dy53My5vcmcvMjAwMC9zdmciPjwvc3ZnPg==\" style=\"--smush-placeholder-width: 1024px; --smush-placeholder-aspect-ratio: 1024\/672;\" \/><\/figure>\n\n\n\n<figure class=\"wp-block-image size-large\"><img decoding=\"async\" width=\"1024\" height=\"768\" data-src=\"http:\/\/www.design-award.cz\/wp-content\/uploads\/2024\/04\/Exterier-detail-1024x768.png\" alt=\"\" class=\"wp-image-3213 lazyload\" data-srcset=\"https:\/\/www.design-award.cz\/wp-content\/uploads\/2024\/04\/Exterier-detail-1024x768.png 1024w, https:\/\/www.design-award.cz\/wp-content\/uploads\/2024\/04\/Exterier-detail-300x225.png 300w, https:\/\/www.design-award.cz\/wp-content\/uploads\/2024\/04\/Exterier-detail-768x576.png 768w, https:\/\/www.design-award.cz\/wp-content\/uploads\/2024\/04\/Exterier-detail-500x375.png 500w, https:\/\/www.design-award.cz\/wp-content\/uploads\/2024\/04\/Exterier-detail-800x600.png 800w, https:\/\/www.design-award.cz\/wp-content\/uploads\/2024\/04\/Exterier-detail.png 1134w\" data-sizes=\"(max-width: 1024px) 100vw, 1024px\" src=\"data:image\/svg+xml;base64,PHN2ZyB3aWR0aD0iMSIgaGVpZ2h0PSIxIiB4bWxucz0iaHR0cDovL3d3dy53My5vcmcvMjAwMC9zdmciPjwvc3ZnPg==\" style=\"--smush-placeholder-width: 1024px; --smush-placeholder-aspect-ratio: 1024\/768;\" \/><\/figure>\n\n\n\n<figure class=\"wp-block-image size-large\"><img decoding=\"async\" width=\"1024\" height=\"768\" data-src=\"http:\/\/www.design-award.cz\/wp-content\/uploads\/2024\/04\/Render-5-1024x768.png\" alt=\"\" class=\"wp-image-3217 lazyload\" data-srcset=\"https:\/\/www.design-award.cz\/wp-content\/uploads\/2024\/04\/Render-5-1024x768.png 1024w, https:\/\/www.design-award.cz\/wp-content\/uploads\/2024\/04\/Render-5-300x225.png 300w, https:\/\/www.design-award.cz\/wp-content\/uploads\/2024\/04\/Render-5-768x576.png 768w, https:\/\/www.design-award.cz\/wp-content\/uploads\/2024\/04\/Render-5-500x375.png 500w, https:\/\/www.design-award.cz\/wp-content\/uploads\/2024\/04\/Render-5-800x600.png 800w, https:\/\/www.design-award.cz\/wp-content\/uploads\/2024\/04\/Render-5.png 1134w\" data-sizes=\"(max-width: 1024px) 100vw, 1024px\" src=\"data:image\/svg+xml;base64,PHN2ZyB3aWR0aD0iMSIgaGVpZ2h0PSIxIiB4bWxucz0iaHR0cDovL3d3dy53My5vcmcvMjAwMC9zdmciPjwvc3ZnPg==\" style=\"--smush-placeholder-width: 1024px; --smush-placeholder-aspect-ratio: 1024\/768;\" \/><\/figure>\n\n\n\n<figure class=\"wp-block-image size-large\"><img decoding=\"async\" width=\"791\" height=\"1024\" data-src=\"http:\/\/www.design-award.cz\/wp-content\/uploads\/2024\/04\/Pudorys-bistra-do-portfolia-791x1024.png\" alt=\"\" class=\"wp-image-3214 lazyload\" data-srcset=\"https:\/\/www.design-award.cz\/wp-content\/uploads\/2024\/04\/Pudorys-bistra-do-portfolia-791x1024.png 791w, https:\/\/www.design-award.cz\/wp-content\/uploads\/2024\/04\/Pudorys-bistra-do-portfolia-232x300.png 232w, https:\/\/www.design-award.cz\/wp-content\/uploads\/2024\/04\/Pudorys-bistra-do-portfolia-768x994.png 768w, https:\/\/www.design-award.cz\/wp-content\/uploads\/2024\/04\/Pudorys-bistra-do-portfolia-500x647.png 500w, https:\/\/www.design-award.cz\/wp-content\/uploads\/2024\/04\/Pudorys-bistra-do-portfolia-800x1035.png 800w, https:\/\/www.design-award.cz\/wp-content\/uploads\/2024\/04\/Pudorys-bistra-do-portfolia.png 850w\" data-sizes=\"(max-width: 791px) 100vw, 791px\" src=\"data:image\/svg+xml;base64,PHN2ZyB3aWR0aD0iMSIgaGVpZ2h0PSIxIiB4bWxucz0iaHR0cDovL3d3dy53My5vcmcvMjAwMC9zdmciPjwvc3ZnPg==\" style=\"--smush-placeholder-width: 791px; --smush-placeholder-aspect-ratio: 791\/1024;\" \/><\/figure>\n","protected":false},"excerpt":{"rendered":"<p>Ilona Kratochv\u00edlov\u00e1 \u0160kola Michael RIBS &amp; RIFFSBistro Ribs &amp; Riffs vytv\u00e1\u0159\u00ed jedine\u010dnou atmosf\u00e9ru spojen\u00edm legend\u00e1rn\u00ed hudby a skv\u011bl\u00e9ho j\u00eddla. Um\u00edst\u011bn\u00e9 ve Vr\u0161ovic\u00edch, toto hudebn\u00ed bistro je obl\u00edben\u00fdm m\u00edstem pro milovn\u00edky dobr\u00e9ho j\u00eddla a \u017eiv\u00e9 hudby.P\u0159i n\u00e1v\u0161t\u011bv\u011b tohoto m\u00edsta si m\u016f\u017eete vychutnat nejen lahodn\u00e9 pokrmy, ale tak\u00e9 poslechnout skv\u011bl\u00e9 interpretace obl\u00edben\u00fdch hit\u016f. P\u0159\u00edpadn\u011b se sami zapojit [&hellip;]<\/p>\n","protected":false},"author":2,"featured_media":3215,"menu_order":0,"comment_status":"open","ping_status":"closed","template":"","format":"standard","meta":{"ngg_post_thumbnail":0,"ocean_post_layout":"","ocean_both_sidebars_style":"","ocean_both_sidebars_content_width":0,"ocean_both_sidebars_sidebars_width":0,"ocean_sidebar":"","ocean_second_sidebar":"","ocean_disable_margins":"enable","ocean_add_body_class":"","ocean_shortcode_before_top_bar":"","ocean_shortcode_after_top_bar":"","ocean_shortcode_before_header":"","ocean_shortcode_after_header":"","ocean_has_shortcode":"","ocean_shortcode_after_title":"","ocean_shortcode_before_footer_widgets":"","ocean_shortcode_after_footer_widgets":"","ocean_shortcode_before_footer_bottom":"","ocean_shortcode_after_footer_bottom":"","ocean_display_top_bar":"default","ocean_display_header":"default","ocean_header_style":"","ocean_center_header_left_menu":"","ocean_custom_header_template":"","ocean_custom_logo":0,"ocean_custom_retina_logo":0,"ocean_custom_logo_max_width":0,"ocean_custom_logo_tablet_max_width":0,"ocean_custom_logo_mobile_max_width":0,"ocean_custom_logo_max_height":0,"ocean_custom_logo_tablet_max_height":0,"ocean_custom_logo_mobile_max_height":0,"ocean_header_custom_menu":"","ocean_menu_typo_font_family":"","ocean_menu_typo_font_subset":"","ocean_menu_typo_font_size":0,"ocean_menu_typo_font_size_tablet":0,"ocean_menu_typo_font_size_mobile":0,"ocean_menu_typo_font_size_unit":"px","ocean_menu_typo_font_weight":"","ocean_menu_typo_font_weight_tablet":"","ocean_menu_typo_font_weight_mobile":"","ocean_menu_typo_transform":"","ocean_menu_typo_transform_tablet":"","ocean_menu_typo_transform_mobile":"","ocean_menu_typo_line_height":0,"ocean_menu_typo_line_height_tablet":0,"ocean_menu_typo_line_height_mobile":0,"ocean_menu_typo_line_height_unit":"","ocean_menu_typo_spacing":0,"ocean_menu_typo_spacing_tablet":0,"ocean_menu_typo_spacing_mobile":0,"ocean_menu_typo_spacing_unit":"","ocean_menu_link_color":"","ocean_menu_link_color_hover":"","ocean_menu_link_color_active":"","ocean_menu_link_background":"","ocean_menu_link_hover_background":"","ocean_menu_link_active_background":"","ocean_menu_social_links_bg":"","ocean_menu_social_hover_links_bg":"","ocean_menu_social_links_color":"","ocean_menu_social_hover_links_color":"","ocean_disable_title":"default","ocean_disable_heading":"default","ocean_post_title":"","ocean_post_subheading":"","ocean_post_title_style":"","ocean_post_title_background_color":"","ocean_post_title_background":0,"ocean_post_title_bg_image_position":"","ocean_post_title_bg_image_attachment":"","ocean_post_title_bg_image_repeat":"","ocean_post_title_bg_image_size":"","ocean_post_title_height":0,"ocean_post_title_bg_overlay":0.5,"ocean_post_title_bg_overlay_color":"","ocean_disable_breadcrumbs":"default","ocean_breadcrumbs_color":"","ocean_breadcrumbs_separator_color":"","ocean_breadcrumbs_links_color":"","ocean_breadcrumbs_links_hover_color":"","ocean_display_footer_widgets":"default","ocean_display_footer_bottom":"default","ocean_custom_footer_template":"","_vp_format_video_url":"","_vp_image_focal_point":[],"footnotes":""},"portfolio_category":[],"portfolio_tag":[],"class_list":["post-3203","portfolio","type-portfolio","status-publish","format-standard","has-post-thumbnail","hentry","entry","has-media"],"yoast_head":"<!-- This site is optimized with the Yoast SEO plugin v25.2 - https:\/\/yoast.com\/wordpress\/plugins\/seo\/ -->\n<title>Ve\u0159ejn\u00fd interi\u00e9r - Bistro - design-award.cz<\/title>\n<meta name=\"robots\" content=\"index, follow, max-snippet:-1, max-image-preview:large, max-video-preview:-1\" \/>\n<link rel=\"canonical\" href=\"https:\/\/www.design-award.cz\/?portfolio=verejny-interier-bistro-3\" \/>\n<meta property=\"og:locale\" content=\"cs_CZ\" \/>\n<meta property=\"og:type\" content=\"article\" \/>\n<meta property=\"og:title\" content=\"Ve\u0159ejn\u00fd interi\u00e9r - Bistro - design-award.cz\" \/>\n<meta property=\"og:description\" content=\"Ilona Kratochv\u00edlov\u00e1 \u0160kola Michael RIBS &amp; RIFFSBistro Ribs &amp; Riffs vytv\u00e1\u0159\u00ed jedine\u010dnou atmosf\u00e9ru spojen\u00edm legend\u00e1rn\u00ed hudby a skv\u011bl\u00e9ho j\u00eddla. Um\u00edst\u011bn\u00e9 ve Vr\u0161ovic\u00edch, toto hudebn\u00ed bistro je obl\u00edben\u00fdm m\u00edstem pro milovn\u00edky dobr\u00e9ho j\u00eddla a \u017eiv\u00e9 hudby.P\u0159i n\u00e1v\u0161t\u011bv\u011b tohoto m\u00edsta si m\u016f\u017eete vychutnat nejen lahodn\u00e9 pokrmy, ale tak\u00e9 poslechnout skv\u011bl\u00e9 interpretace obl\u00edben\u00fdch hit\u016f. P\u0159\u00edpadn\u011b se sami zapojit [&hellip;]\" \/>\n<meta property=\"og:url\" content=\"https:\/\/www.design-award.cz\/?portfolio=verejny-interier-bistro-3\" \/>\n<meta property=\"og:site_name\" content=\"design-award.cz\" \/>\n<meta property=\"article:modified_time\" content=\"2024-04-25T12:29:48+00:00\" \/>\n<meta property=\"og:image\" content=\"http:\/\/www.design-award.cz\/wp-content\/uploads\/2024\/04\/Render-2.png\" \/>\n\t<meta property=\"og:image:width\" content=\"1134\" \/>\n\t<meta property=\"og:image:height\" content=\"850\" \/>\n\t<meta property=\"og:image:type\" content=\"image\/png\" \/>\n<meta name=\"twitter:card\" content=\"summary_large_image\" \/>\n<meta name=\"twitter:label1\" content=\"Odhadovan\u00e1 doba \u010dten\u00ed\" \/>\n\t<meta name=\"twitter:data1\" content=\"1 minuta\" \/>\n<script type=\"application\/ld+json\" class=\"yoast-schema-graph\">{\"@context\":\"https:\/\/schema.org\",\"@graph\":[{\"@type\":\"WebPage\",\"@id\":\"https:\/\/www.design-award.cz\/?portfolio=verejny-interier-bistro-3\",\"url\":\"https:\/\/www.design-award.cz\/?portfolio=verejny-interier-bistro-3\",\"name\":\"Ve\u0159ejn\u00fd interi\u00e9r - Bistro - design-award.cz\",\"isPartOf\":{\"@id\":\"https:\/\/www.design-award.cz\/#website\"},\"primaryImageOfPage\":{\"@id\":\"https:\/\/www.design-award.cz\/?portfolio=verejny-interier-bistro-3#primaryimage\"},\"image\":{\"@id\":\"https:\/\/www.design-award.cz\/?portfolio=verejny-interier-bistro-3#primaryimage\"},\"thumbnailUrl\":\"https:\/\/www.design-award.cz\/wp-content\/uploads\/2024\/04\/Render-2.png\",\"datePublished\":\"2024-04-25T12:29:47+00:00\",\"dateModified\":\"2024-04-25T12:29:48+00:00\",\"breadcrumb\":{\"@id\":\"https:\/\/www.design-award.cz\/?portfolio=verejny-interier-bistro-3#breadcrumb\"},\"inLanguage\":\"cs\",\"potentialAction\":[{\"@type\":\"ReadAction\",\"target\":[\"https:\/\/www.design-award.cz\/?portfolio=verejny-interier-bistro-3\"]}]},{\"@type\":\"ImageObject\",\"inLanguage\":\"cs\",\"@id\":\"https:\/\/www.design-award.cz\/?portfolio=verejny-interier-bistro-3#primaryimage\",\"url\":\"https:\/\/www.design-award.cz\/wp-content\/uploads\/2024\/04\/Render-2.png\",\"contentUrl\":\"https:\/\/www.design-award.cz\/wp-content\/uploads\/2024\/04\/Render-2.png\",\"width\":1134,\"height\":850},{\"@type\":\"BreadcrumbList\",\"@id\":\"https:\/\/www.design-award.cz\/?portfolio=verejny-interier-bistro-3#breadcrumb\",\"itemListElement\":[{\"@type\":\"ListItem\",\"position\":1,\"name\":\"Dom\u016f\",\"item\":\"https:\/\/www.design-award.cz\/\"},{\"@type\":\"ListItem\",\"position\":2,\"name\":\"Portfolio Items\",\"item\":\"https:\/\/www.design-award.cz\/?post_type=portfolio\"},{\"@type\":\"ListItem\",\"position\":3,\"name\":\"Ve\u0159ejn\u00fd interi\u00e9r &#8211; Bistro\"}]},{\"@type\":\"WebSite\",\"@id\":\"https:\/\/www.design-award.cz\/#website\",\"url\":\"https:\/\/www.design-award.cz\/\",\"name\":\"design-award.cz\",\"description\":\"WARD vznikla v roce 2022. Je ur\u010dena p\u0159edev\u0161\u00edm student\u016fm st\u0159edn\u00edch um\u011bleck\u00fdch \u0161kol (S\u0160 a VO\u0160), kte\u0159\u00ed mohou bezplatn\u011b zaslat sv\u00e9 n\u00e1vrhy v uveden\u00fdch kategori\u00ed a tak pom\u011b\u0159it sv\u00e9 n\u00e1pady s konkurenc\u00ed sv\u00fdch vrstevn\u00edk\u016f. N\u00e1vrhy jsou n\u00e1sledn\u011b posouzeny nez\u00e1vislou porotou z \u0159ad v\u00fdtvarn\u00edk\u016f, pedagog\u016f a profesion\u00e1l\u016f z oboru.\",\"publisher\":{\"@id\":\"https:\/\/www.design-award.cz\/#organization\"},\"potentialAction\":[{\"@type\":\"SearchAction\",\"target\":{\"@type\":\"EntryPoint\",\"urlTemplate\":\"https:\/\/www.design-award.cz\/?s={search_term_string}\"},\"query-input\":{\"@type\":\"PropertyValueSpecification\",\"valueRequired\":true,\"valueName\":\"search_term_string\"}}],\"inLanguage\":\"cs\"},{\"@type\":\"Organization\",\"@id\":\"https:\/\/www.design-award.cz\/#organization\",\"name\":\"Design Award\",\"url\":\"https:\/\/www.design-award.cz\/\",\"logo\":{\"@type\":\"ImageObject\",\"inLanguage\":\"cs\",\"@id\":\"https:\/\/www.design-award.cz\/#\/schema\/logo\/image\/\",\"url\":\"http:\/\/www.design-award.cz\/wp-content\/uploads\/2021\/12\/hornilogo_design-award.png\",\"contentUrl\":\"http:\/\/www.design-award.cz\/wp-content\/uploads\/2021\/12\/hornilogo_design-award.png\",\"width\":800,\"height\":600,\"caption\":\"Design Award\"},\"image\":{\"@id\":\"https:\/\/www.design-award.cz\/#\/schema\/logo\/image\/\"},\"sameAs\":[\"https:\/\/www.instagram.com\/design_award\/\"]}]}<\/script>\n<!-- \/ Yoast SEO plugin. -->","yoast_head_json":{"title":"Ve\u0159ejn\u00fd interi\u00e9r - Bistro - design-award.cz","robots":{"index":"index","follow":"follow","max-snippet":"max-snippet:-1","max-image-preview":"max-image-preview:large","max-video-preview":"max-video-preview:-1"},"canonical":"https:\/\/www.design-award.cz\/?portfolio=verejny-interier-bistro-3","og_locale":"cs_CZ","og_type":"article","og_title":"Ve\u0159ejn\u00fd interi\u00e9r - Bistro - design-award.cz","og_description":"Ilona Kratochv\u00edlov\u00e1 \u0160kola Michael RIBS &amp; RIFFSBistro Ribs &amp; Riffs vytv\u00e1\u0159\u00ed jedine\u010dnou atmosf\u00e9ru spojen\u00edm legend\u00e1rn\u00ed hudby a skv\u011bl\u00e9ho j\u00eddla. Um\u00edst\u011bn\u00e9 ve Vr\u0161ovic\u00edch, toto hudebn\u00ed bistro je obl\u00edben\u00fdm m\u00edstem pro milovn\u00edky dobr\u00e9ho j\u00eddla a \u017eiv\u00e9 hudby.P\u0159i n\u00e1v\u0161t\u011bv\u011b tohoto m\u00edsta si m\u016f\u017eete vychutnat nejen lahodn\u00e9 pokrmy, ale tak\u00e9 poslechnout skv\u011bl\u00e9 interpretace obl\u00edben\u00fdch hit\u016f. P\u0159\u00edpadn\u011b se sami zapojit [&hellip;]","og_url":"https:\/\/www.design-award.cz\/?portfolio=verejny-interier-bistro-3","og_site_name":"design-award.cz","article_modified_time":"2024-04-25T12:29:48+00:00","og_image":[{"width":1134,"height":850,"url":"http:\/\/www.design-award.cz\/wp-content\/uploads\/2024\/04\/Render-2.png","type":"image\/png"}],"twitter_card":"summary_large_image","twitter_misc":{"Odhadovan\u00e1 doba \u010dten\u00ed":"1 minuta"},"schema":{"@context":"https:\/\/schema.org","@graph":[{"@type":"WebPage","@id":"https:\/\/www.design-award.cz\/?portfolio=verejny-interier-bistro-3","url":"https:\/\/www.design-award.cz\/?portfolio=verejny-interier-bistro-3","name":"Ve\u0159ejn\u00fd interi\u00e9r - Bistro - design-award.cz","isPartOf":{"@id":"https:\/\/www.design-award.cz\/#website"},"primaryImageOfPage":{"@id":"https:\/\/www.design-award.cz\/?portfolio=verejny-interier-bistro-3#primaryimage"},"image":{"@id":"https:\/\/www.design-award.cz\/?portfolio=verejny-interier-bistro-3#primaryimage"},"thumbnailUrl":"https:\/\/www.design-award.cz\/wp-content\/uploads\/2024\/04\/Render-2.png","datePublished":"2024-04-25T12:29:47+00:00","dateModified":"2024-04-25T12:29:48+00:00","breadcrumb":{"@id":"https:\/\/www.design-award.cz\/?portfolio=verejny-interier-bistro-3#breadcrumb"},"inLanguage":"cs","potentialAction":[{"@type":"ReadAction","target":["https:\/\/www.design-award.cz\/?portfolio=verejny-interier-bistro-3"]}]},{"@type":"ImageObject","inLanguage":"cs","@id":"https:\/\/www.design-award.cz\/?portfolio=verejny-interier-bistro-3#primaryimage","url":"https:\/\/www.design-award.cz\/wp-content\/uploads\/2024\/04\/Render-2.png","contentUrl":"https:\/\/www.design-award.cz\/wp-content\/uploads\/2024\/04\/Render-2.png","width":1134,"height":850},{"@type":"BreadcrumbList","@id":"https:\/\/www.design-award.cz\/?portfolio=verejny-interier-bistro-3#breadcrumb","itemListElement":[{"@type":"ListItem","position":1,"name":"Dom\u016f","item":"https:\/\/www.design-award.cz\/"},{"@type":"ListItem","position":2,"name":"Portfolio Items","item":"https:\/\/www.design-award.cz\/?post_type=portfolio"},{"@type":"ListItem","position":3,"name":"Ve\u0159ejn\u00fd interi\u00e9r &#8211; Bistro"}]},{"@type":"WebSite","@id":"https:\/\/www.design-award.cz\/#website","url":"https:\/\/www.design-award.cz\/","name":"design-award.cz","description":"WARD vznikla v roce 2022. Je ur\u010dena p\u0159edev\u0161\u00edm student\u016fm st\u0159edn\u00edch um\u011bleck\u00fdch \u0161kol (S\u0160 a VO\u0160), kte\u0159\u00ed mohou bezplatn\u011b zaslat sv\u00e9 n\u00e1vrhy v uveden\u00fdch kategori\u00ed a tak pom\u011b\u0159it sv\u00e9 n\u00e1pady s konkurenc\u00ed sv\u00fdch vrstevn\u00edk\u016f. N\u00e1vrhy jsou n\u00e1sledn\u011b posouzeny nez\u00e1vislou porotou z \u0159ad v\u00fdtvarn\u00edk\u016f, pedagog\u016f a profesion\u00e1l\u016f z oboru.","publisher":{"@id":"https:\/\/www.design-award.cz\/#organization"},"potentialAction":[{"@type":"SearchAction","target":{"@type":"EntryPoint","urlTemplate":"https:\/\/www.design-award.cz\/?s={search_term_string}"},"query-input":{"@type":"PropertyValueSpecification","valueRequired":true,"valueName":"search_term_string"}}],"inLanguage":"cs"},{"@type":"Organization","@id":"https:\/\/www.design-award.cz\/#organization","name":"Design Award","url":"https:\/\/www.design-award.cz\/","logo":{"@type":"ImageObject","inLanguage":"cs","@id":"https:\/\/www.design-award.cz\/#\/schema\/logo\/image\/","url":"http:\/\/www.design-award.cz\/wp-content\/uploads\/2021\/12\/hornilogo_design-award.png","contentUrl":"http:\/\/www.design-award.cz\/wp-content\/uploads\/2021\/12\/hornilogo_design-award.png","width":800,"height":600,"caption":"Design Award"},"image":{"@id":"https:\/\/www.design-award.cz\/#\/schema\/logo\/image\/"},"sameAs":["https:\/\/www.instagram.com\/design_award\/"]}]}},"_links":{"self":[{"href":"https:\/\/www.design-award.cz\/index.php?rest_route=\/wp\/v2\/portfolio\/3203","targetHints":{"allow":["GET"]}}],"collection":[{"href":"https:\/\/www.design-award.cz\/index.php?rest_route=\/wp\/v2\/portfolio"}],"about":[{"href":"https:\/\/www.design-award.cz\/index.php?rest_route=\/wp\/v2\/types\/portfolio"}],"author":[{"embeddable":true,"href":"https:\/\/www.design-award.cz\/index.php?rest_route=\/wp\/v2\/users\/2"}],"replies":[{"embeddable":true,"href":"https:\/\/www.design-award.cz\/index.php?rest_route=%2Fwp%2Fv2%2Fcomments&post=3203"}],"version-history":[{"count":1,"href":"https:\/\/www.design-award.cz\/index.php?rest_route=\/wp\/v2\/portfolio\/3203\/revisions"}],"predecessor-version":[{"id":3224,"href":"https:\/\/www.design-award.cz\/index.php?rest_route=\/wp\/v2\/portfolio\/3203\/revisions\/3224"}],"wp:featuredmedia":[{"embeddable":true,"href":"https:\/\/www.design-award.cz\/index.php?rest_route=\/wp\/v2\/media\/3215"}],"wp:attachment":[{"href":"https:\/\/www.design-award.cz\/index.php?rest_route=%2Fwp%2Fv2%2Fmedia&parent=3203"}],"wp:term":[{"taxonomy":"portfolio_category","embeddable":true,"href":"https:\/\/www.design-award.cz\/index.php?rest_route=%2Fwp%2Fv2%2Fportfolio_category&post=3203"},{"taxonomy":"portfolio_tag","embeddable":true,"href":"https:\/\/www.design-award.cz\/index.php?rest_route=%2Fwp%2Fv2%2Fportfolio_tag&post=3203"}],"curies":[{"name":"wp","href":"https:\/\/api.w.org\/{rel}","templated":true}]}}