{"id":3212,"date":"2024-04-25T12:29:58","date_gmt":"2024-04-25T12:29:58","guid":{"rendered":"https:\/\/www.design-award.cz\/?post_type=portfolio&#038;p=3212"},"modified":"2024-04-25T12:29:59","modified_gmt":"2024-04-25T12:29:59","slug":"verejny-interier-bistro-5","status":"publish","type":"portfolio","link":"https:\/\/www.design-award.cz\/?portfolio=verejny-interier-bistro-5","title":{"rendered":"Ve\u0159ejn\u00fd interi\u00e9r &#8211; Bistro"},"content":{"rendered":"\n<p><strong>Roz\u00e1lie Ostert\u00e1gov\u00e1<\/strong><\/p>\n\n\n\n<p>\u0160kola Michael<\/p>\n\n\n\n<p>Bistro, kter\u00e9 je jako sklen\u00edk, je prostorn\u00fd a pln\u00fd skla, kter\u00e9 propou\u0161t\u00ed dostatek sv\u011btla a umo\u017e\u0148uje n\u00e1v\u0161t\u011bvn\u00edk\u016fm vychutnat si kr\u00e1su p\u0159\u00edrody z pohodl\u00ed interi\u00e9ru. Interi\u00e9r je za\u0159\u00edzen\u00fd p\u0159ev\u00e1\u017en\u011b ze betonu a oceli, aby vytvo\u0159il modern\u00ed a p\u0159\u00edjemnou atmosf\u00e9ru.<br><br>Na j\u00eddeln\u00edm l\u00edstku bistra se nach\u00e1z\u00ed pouze sez\u00f3nn\u00ed a \u010derstv\u00e1 zeleninov\u00e1 j\u00eddla, kter\u00e1 jsou p\u0159ipravovan\u00e1 z m\u00edstn\u00edch surovin. Ka\u017ed\u00fd den se pod\u00e1vaj\u00ed nov\u00e9 pokrmy inspirovan\u00e9 moment\u00e1ln\u00ed nab\u00eddkou sez\u00f3nn\u00ed zeleniny. Celkov\u011b je bistro jako sklen\u00edk ide\u00e1ln\u00edm m\u00edstem pro ty, kte\u0159\u00ed si cht\u011bj\u00ed vychutnat \u010derstv\u00e9 a vyv\u00e1\u017een\u00e9 j\u00eddlo v kr\u00e1sn\u00e9m prost\u0159ed\u00ed Stomovky.<\/p>\n\n\n\n<figure class=\"wp-block-image size-large\"><img decoding=\"async\" width=\"1024\" height=\"576\" data-src=\"http:\/\/www.design-award.cz\/wp-content\/uploads\/2024\/04\/render-1-4000-1024x576.png\" alt=\"\" class=\"wp-image-3219 lazyload\" data-srcset=\"https:\/\/www.design-award.cz\/wp-content\/uploads\/2024\/04\/render-1-4000-1024x576.png 1024w, https:\/\/www.design-award.cz\/wp-content\/uploads\/2024\/04\/render-1-4000-300x169.png 300w, https:\/\/www.design-award.cz\/wp-content\/uploads\/2024\/04\/render-1-4000-768x432.png 768w, https:\/\/www.design-award.cz\/wp-content\/uploads\/2024\/04\/render-1-4000-1536x864.png 1536w, https:\/\/www.design-award.cz\/wp-content\/uploads\/2024\/04\/render-1-4000-500x281.png 500w, https:\/\/www.design-award.cz\/wp-content\/uploads\/2024\/04\/render-1-4000-800x450.png 800w, https:\/\/www.design-award.cz\/wp-content\/uploads\/2024\/04\/render-1-4000-1280x720.png 1280w, https:\/\/www.design-award.cz\/wp-content\/uploads\/2024\/04\/render-1-4000.png 1575w\" data-sizes=\"(max-width: 1024px) 100vw, 1024px\" src=\"data:image\/svg+xml;base64,PHN2ZyB3aWR0aD0iMSIgaGVpZ2h0PSIxIiB4bWxucz0iaHR0cDovL3d3dy53My5vcmcvMjAwMC9zdmciPjwvc3ZnPg==\" style=\"--smush-placeholder-width: 1024px; --smush-placeholder-aspect-ratio: 1024\/576;\" \/><\/figure>\n\n\n\n<figure class=\"wp-block-image size-large\"><img decoding=\"async\" width=\"1024\" height=\"576\" data-src=\"http:\/\/www.design-award.cz\/wp-content\/uploads\/2024\/04\/render-4-4000-1024x576.png\" alt=\"\" class=\"wp-image-3222 lazyload\" data-srcset=\"https:\/\/www.design-award.cz\/wp-content\/uploads\/2024\/04\/render-4-4000-1024x576.png 1024w, https:\/\/www.design-award.cz\/wp-content\/uploads\/2024\/04\/render-4-4000-300x169.png 300w, https:\/\/www.design-award.cz\/wp-content\/uploads\/2024\/04\/render-4-4000-768x432.png 768w, https:\/\/www.design-award.cz\/wp-content\/uploads\/2024\/04\/render-4-4000-1536x864.png 1536w, https:\/\/www.design-award.cz\/wp-content\/uploads\/2024\/04\/render-4-4000-500x281.png 500w, https:\/\/www.design-award.cz\/wp-content\/uploads\/2024\/04\/render-4-4000-800x450.png 800w, https:\/\/www.design-award.cz\/wp-content\/uploads\/2024\/04\/render-4-4000-1280x720.png 1280w, https:\/\/www.design-award.cz\/wp-content\/uploads\/2024\/04\/render-4-4000.png 1575w\" data-sizes=\"(max-width: 1024px) 100vw, 1024px\" src=\"data:image\/svg+xml;base64,PHN2ZyB3aWR0aD0iMSIgaGVpZ2h0PSIxIiB4bWxucz0iaHR0cDovL3d3dy53My5vcmcvMjAwMC9zdmciPjwvc3ZnPg==\" style=\"--smush-placeholder-width: 1024px; --smush-placeholder-aspect-ratio: 1024\/576;\" \/><\/figure>\n\n\n\n<figure class=\"wp-block-image size-large\"><img decoding=\"async\" width=\"1024\" height=\"576\" data-src=\"http:\/\/www.design-award.cz\/wp-content\/uploads\/2024\/04\/render-3-4000-1024x576.png\" alt=\"\" class=\"wp-image-3221 lazyload\" data-srcset=\"https:\/\/www.design-award.cz\/wp-content\/uploads\/2024\/04\/render-3-4000-1024x576.png 1024w, https:\/\/www.design-award.cz\/wp-content\/uploads\/2024\/04\/render-3-4000-300x169.png 300w, https:\/\/www.design-award.cz\/wp-content\/uploads\/2024\/04\/render-3-4000-768x432.png 768w, https:\/\/www.design-award.cz\/wp-content\/uploads\/2024\/04\/render-3-4000-1536x864.png 1536w, https:\/\/www.design-award.cz\/wp-content\/uploads\/2024\/04\/render-3-4000-500x281.png 500w, https:\/\/www.design-award.cz\/wp-content\/uploads\/2024\/04\/render-3-4000-800x450.png 800w, https:\/\/www.design-award.cz\/wp-content\/uploads\/2024\/04\/render-3-4000-1280x720.png 1280w, https:\/\/www.design-award.cz\/wp-content\/uploads\/2024\/04\/render-3-4000.png 1575w\" data-sizes=\"(max-width: 1024px) 100vw, 1024px\" src=\"data:image\/svg+xml;base64,PHN2ZyB3aWR0aD0iMSIgaGVpZ2h0PSIxIiB4bWxucz0iaHR0cDovL3d3dy53My5vcmcvMjAwMC9zdmciPjwvc3ZnPg==\" style=\"--smush-placeholder-width: 1024px; --smush-placeholder-aspect-ratio: 1024\/576;\" \/><\/figure>\n\n\n\n<figure class=\"wp-block-image size-large\"><img decoding=\"async\" width=\"1024\" height=\"576\" data-src=\"http:\/\/www.design-award.cz\/wp-content\/uploads\/2024\/04\/render-2-4000-1024x576.png\" alt=\"\" class=\"wp-image-3220 lazyload\" data-srcset=\"https:\/\/www.design-award.cz\/wp-content\/uploads\/2024\/04\/render-2-4000-1024x576.png 1024w, https:\/\/www.design-award.cz\/wp-content\/uploads\/2024\/04\/render-2-4000-300x169.png 300w, https:\/\/www.design-award.cz\/wp-content\/uploads\/2024\/04\/render-2-4000-768x432.png 768w, https:\/\/www.design-award.cz\/wp-content\/uploads\/2024\/04\/render-2-4000-1536x864.png 1536w, https:\/\/www.design-award.cz\/wp-content\/uploads\/2024\/04\/render-2-4000-500x281.png 500w, https:\/\/www.design-award.cz\/wp-content\/uploads\/2024\/04\/render-2-4000-800x450.png 800w, https:\/\/www.design-award.cz\/wp-content\/uploads\/2024\/04\/render-2-4000-1280x720.png 1280w, https:\/\/www.design-award.cz\/wp-content\/uploads\/2024\/04\/render-2-4000.png 1575w\" data-sizes=\"(max-width: 1024px) 100vw, 1024px\" src=\"data:image\/svg+xml;base64,PHN2ZyB3aWR0aD0iMSIgaGVpZ2h0PSIxIiB4bWxucz0iaHR0cDovL3d3dy53My5vcmcvMjAwMC9zdmciPjwvc3ZnPg==\" style=\"--smush-placeholder-width: 1024px; --smush-placeholder-aspect-ratio: 1024\/576;\" \/><\/figure>\n\n\n\n<figure class=\"wp-block-image size-large\"><img decoding=\"async\" width=\"1024\" height=\"947\" data-src=\"http:\/\/www.design-award.cz\/wp-content\/uploads\/2024\/04\/pudorys-interier-1024x947.png\" alt=\"\" class=\"wp-image-3218 lazyload\" data-srcset=\"https:\/\/www.design-award.cz\/wp-content\/uploads\/2024\/04\/pudorys-interier-1024x947.png 1024w, https:\/\/www.design-award.cz\/wp-content\/uploads\/2024\/04\/pudorys-interier-300x277.png 300w, https:\/\/www.design-award.cz\/wp-content\/uploads\/2024\/04\/pudorys-interier-768x710.png 768w, https:\/\/www.design-award.cz\/wp-content\/uploads\/2024\/04\/pudorys-interier-1536x1420.png 1536w, https:\/\/www.design-award.cz\/wp-content\/uploads\/2024\/04\/pudorys-interier-500x462.png 500w, https:\/\/www.design-award.cz\/wp-content\/uploads\/2024\/04\/pudorys-interier-800x740.png 800w, https:\/\/www.design-award.cz\/wp-content\/uploads\/2024\/04\/pudorys-interier-1280x1183.png 1280w, https:\/\/www.design-award.cz\/wp-content\/uploads\/2024\/04\/pudorys-interier.png 1575w\" data-sizes=\"(max-width: 1024px) 100vw, 1024px\" src=\"data:image\/svg+xml;base64,PHN2ZyB3aWR0aD0iMSIgaGVpZ2h0PSIxIiB4bWxucz0iaHR0cDovL3d3dy53My5vcmcvMjAwMC9zdmciPjwvc3ZnPg==\" style=\"--smush-placeholder-width: 1024px; --smush-placeholder-aspect-ratio: 1024\/947;\" \/><\/figure>\n","protected":false},"excerpt":{"rendered":"<p>Roz\u00e1lie Ostert\u00e1gov\u00e1 \u0160kola Michael Bistro, kter\u00e9 je jako sklen\u00edk, je prostorn\u00fd a pln\u00fd skla, kter\u00e9 propou\u0161t\u00ed dostatek sv\u011btla a umo\u017e\u0148uje n\u00e1v\u0161t\u011bvn\u00edk\u016fm vychutnat si kr\u00e1su p\u0159\u00edrody z pohodl\u00ed interi\u00e9ru. Interi\u00e9r je za\u0159\u00edzen\u00fd p\u0159ev\u00e1\u017en\u011b ze betonu a oceli, aby vytvo\u0159il modern\u00ed a p\u0159\u00edjemnou atmosf\u00e9ru. Na j\u00eddeln\u00edm l\u00edstku bistra se nach\u00e1z\u00ed pouze sez\u00f3nn\u00ed a \u010derstv\u00e1 zeleninov\u00e1 j\u00eddla, kter\u00e1 [&hellip;]<\/p>\n","protected":false},"author":2,"featured_media":3223,"menu_order":0,"comment_status":"closed","ping_status":"closed","template":"","format":"standard","meta":{"ngg_post_thumbnail":0,"ocean_post_layout":"","ocean_both_sidebars_style":"","ocean_both_sidebars_content_width":0,"ocean_both_sidebars_sidebars_width":0,"ocean_sidebar":"","ocean_second_sidebar":"","ocean_disable_margins":"enable","ocean_add_body_class":"","ocean_shortcode_before_top_bar":"","ocean_shortcode_after_top_bar":"","ocean_shortcode_before_header":"","ocean_shortcode_after_header":"","ocean_has_shortcode":"","ocean_shortcode_after_title":"","ocean_shortcode_before_footer_widgets":"","ocean_shortcode_after_footer_widgets":"","ocean_shortcode_before_footer_bottom":"","ocean_shortcode_after_footer_bottom":"","ocean_display_top_bar":"default","ocean_display_header":"default","ocean_header_style":"","ocean_center_header_left_menu":"","ocean_custom_header_template":"","ocean_custom_logo":0,"ocean_custom_retina_logo":0,"ocean_custom_logo_max_width":0,"ocean_custom_logo_tablet_max_width":0,"ocean_custom_logo_mobile_max_width":0,"ocean_custom_logo_max_height":0,"ocean_custom_logo_tablet_max_height":0,"ocean_custom_logo_mobile_max_height":0,"ocean_header_custom_menu":"","ocean_menu_typo_font_family":"","ocean_menu_typo_font_subset":"","ocean_menu_typo_font_size":0,"ocean_menu_typo_font_size_tablet":0,"ocean_menu_typo_font_size_mobile":0,"ocean_menu_typo_font_size_unit":"px","ocean_menu_typo_font_weight":"","ocean_menu_typo_font_weight_tablet":"","ocean_menu_typo_font_weight_mobile":"","ocean_menu_typo_transform":"","ocean_menu_typo_transform_tablet":"","ocean_menu_typo_transform_mobile":"","ocean_menu_typo_line_height":0,"ocean_menu_typo_line_height_tablet":0,"ocean_menu_typo_line_height_mobile":0,"ocean_menu_typo_line_height_unit":"","ocean_menu_typo_spacing":0,"ocean_menu_typo_spacing_tablet":0,"ocean_menu_typo_spacing_mobile":0,"ocean_menu_typo_spacing_unit":"","ocean_menu_link_color":"","ocean_menu_link_color_hover":"","ocean_menu_link_color_active":"","ocean_menu_link_background":"","ocean_menu_link_hover_background":"","ocean_menu_link_active_background":"","ocean_menu_social_links_bg":"","ocean_menu_social_hover_links_bg":"","ocean_menu_social_links_color":"","ocean_menu_social_hover_links_color":"","ocean_disable_title":"default","ocean_disable_heading":"default","ocean_post_title":"","ocean_post_subheading":"","ocean_post_title_style":"","ocean_post_title_background_color":"","ocean_post_title_background":0,"ocean_post_title_bg_image_position":"","ocean_post_title_bg_image_attachment":"","ocean_post_title_bg_image_repeat":"","ocean_post_title_bg_image_size":"","ocean_post_title_height":0,"ocean_post_title_bg_overlay":0.5,"ocean_post_title_bg_overlay_color":"","ocean_disable_breadcrumbs":"default","ocean_breadcrumbs_color":"","ocean_breadcrumbs_separator_color":"","ocean_breadcrumbs_links_color":"","ocean_breadcrumbs_links_hover_color":"","ocean_display_footer_widgets":"default","ocean_display_footer_bottom":"default","ocean_custom_footer_template":"","_vp_format_video_url":"","_vp_image_focal_point":[],"footnotes":""},"portfolio_category":[],"portfolio_tag":[],"class_list":["post-3212","portfolio","type-portfolio","status-publish","format-standard","has-post-thumbnail","hentry","entry","has-media"],"yoast_head":"<!-- This site is optimized with the Yoast SEO plugin v25.2 - https:\/\/yoast.com\/wordpress\/plugins\/seo\/ -->\n<title>Ve\u0159ejn\u00fd interi\u00e9r - Bistro - design-award.cz<\/title>\n<meta name=\"robots\" content=\"index, follow, max-snippet:-1, max-image-preview:large, max-video-preview:-1\" \/>\n<link rel=\"canonical\" href=\"https:\/\/www.design-award.cz\/?portfolio=verejny-interier-bistro-5\" \/>\n<meta property=\"og:locale\" content=\"cs_CZ\" \/>\n<meta property=\"og:type\" content=\"article\" \/>\n<meta property=\"og:title\" content=\"Ve\u0159ejn\u00fd interi\u00e9r - Bistro - design-award.cz\" \/>\n<meta property=\"og:description\" content=\"Roz\u00e1lie Ostert\u00e1gov\u00e1 \u0160kola Michael Bistro, kter\u00e9 je jako sklen\u00edk, je prostorn\u00fd a pln\u00fd skla, kter\u00e9 propou\u0161t\u00ed dostatek sv\u011btla a umo\u017e\u0148uje n\u00e1v\u0161t\u011bvn\u00edk\u016fm vychutnat si kr\u00e1su p\u0159\u00edrody z pohodl\u00ed interi\u00e9ru. Interi\u00e9r je za\u0159\u00edzen\u00fd p\u0159ev\u00e1\u017en\u011b ze betonu a oceli, aby vytvo\u0159il modern\u00ed a p\u0159\u00edjemnou atmosf\u00e9ru. Na j\u00eddeln\u00edm l\u00edstku bistra se nach\u00e1z\u00ed pouze sez\u00f3nn\u00ed a \u010derstv\u00e1 zeleninov\u00e1 j\u00eddla, kter\u00e1 [&hellip;]\" \/>\n<meta property=\"og:url\" content=\"https:\/\/www.design-award.cz\/?portfolio=verejny-interier-bistro-5\" \/>\n<meta property=\"og:site_name\" content=\"design-award.cz\" \/>\n<meta property=\"article:modified_time\" content=\"2024-04-25T12:29:59+00:00\" \/>\n<meta property=\"og:image\" content=\"http:\/\/www.design-award.cz\/wp-content\/uploads\/2024\/04\/render-10000-3-1024x819.png\" \/>\n\t<meta property=\"og:image:width\" content=\"1024\" \/>\n\t<meta property=\"og:image:height\" content=\"819\" \/>\n\t<meta property=\"og:image:type\" content=\"image\/png\" \/>\n<meta name=\"twitter:card\" content=\"summary_large_image\" \/>\n<meta name=\"twitter:label1\" content=\"Odhadovan\u00e1 doba \u010dten\u00ed\" \/>\n\t<meta name=\"twitter:data1\" content=\"1 minuta\" \/>\n<script type=\"application\/ld+json\" class=\"yoast-schema-graph\">{\"@context\":\"https:\/\/schema.org\",\"@graph\":[{\"@type\":\"WebPage\",\"@id\":\"https:\/\/www.design-award.cz\/?portfolio=verejny-interier-bistro-5\",\"url\":\"https:\/\/www.design-award.cz\/?portfolio=verejny-interier-bistro-5\",\"name\":\"Ve\u0159ejn\u00fd interi\u00e9r - Bistro - design-award.cz\",\"isPartOf\":{\"@id\":\"https:\/\/www.design-award.cz\/#website\"},\"primaryImageOfPage\":{\"@id\":\"https:\/\/www.design-award.cz\/?portfolio=verejny-interier-bistro-5#primaryimage\"},\"image\":{\"@id\":\"https:\/\/www.design-award.cz\/?portfolio=verejny-interier-bistro-5#primaryimage\"},\"thumbnailUrl\":\"https:\/\/www.design-award.cz\/wp-content\/uploads\/2024\/04\/render-10000-3.png\",\"datePublished\":\"2024-04-25T12:29:58+00:00\",\"dateModified\":\"2024-04-25T12:29:59+00:00\",\"breadcrumb\":{\"@id\":\"https:\/\/www.design-award.cz\/?portfolio=verejny-interier-bistro-5#breadcrumb\"},\"inLanguage\":\"cs\",\"potentialAction\":[{\"@type\":\"ReadAction\",\"target\":[\"https:\/\/www.design-award.cz\/?portfolio=verejny-interier-bistro-5\"]}]},{\"@type\":\"ImageObject\",\"inLanguage\":\"cs\",\"@id\":\"https:\/\/www.design-award.cz\/?portfolio=verejny-interier-bistro-5#primaryimage\",\"url\":\"https:\/\/www.design-award.cz\/wp-content\/uploads\/2024\/04\/render-10000-3.png\",\"contentUrl\":\"https:\/\/www.design-award.cz\/wp-content\/uploads\/2024\/04\/render-10000-3.png\",\"width\":1181,\"height\":945},{\"@type\":\"BreadcrumbList\",\"@id\":\"https:\/\/www.design-award.cz\/?portfolio=verejny-interier-bistro-5#breadcrumb\",\"itemListElement\":[{\"@type\":\"ListItem\",\"position\":1,\"name\":\"Dom\u016f\",\"item\":\"https:\/\/www.design-award.cz\/\"},{\"@type\":\"ListItem\",\"position\":2,\"name\":\"Portfolio Items\",\"item\":\"https:\/\/www.design-award.cz\/?post_type=portfolio\"},{\"@type\":\"ListItem\",\"position\":3,\"name\":\"Ve\u0159ejn\u00fd interi\u00e9r &#8211; Bistro\"}]},{\"@type\":\"WebSite\",\"@id\":\"https:\/\/www.design-award.cz\/#website\",\"url\":\"https:\/\/www.design-award.cz\/\",\"name\":\"design-award.cz\",\"description\":\"WARD vznikla v roce 2022. Je ur\u010dena p\u0159edev\u0161\u00edm student\u016fm st\u0159edn\u00edch um\u011bleck\u00fdch \u0161kol (S\u0160 a VO\u0160), kte\u0159\u00ed mohou bezplatn\u011b zaslat sv\u00e9 n\u00e1vrhy v uveden\u00fdch kategori\u00ed a tak pom\u011b\u0159it sv\u00e9 n\u00e1pady s konkurenc\u00ed sv\u00fdch vrstevn\u00edk\u016f. N\u00e1vrhy jsou n\u00e1sledn\u011b posouzeny nez\u00e1vislou porotou z \u0159ad v\u00fdtvarn\u00edk\u016f, pedagog\u016f a profesion\u00e1l\u016f z oboru.\",\"publisher\":{\"@id\":\"https:\/\/www.design-award.cz\/#organization\"},\"potentialAction\":[{\"@type\":\"SearchAction\",\"target\":{\"@type\":\"EntryPoint\",\"urlTemplate\":\"https:\/\/www.design-award.cz\/?s={search_term_string}\"},\"query-input\":{\"@type\":\"PropertyValueSpecification\",\"valueRequired\":true,\"valueName\":\"search_term_string\"}}],\"inLanguage\":\"cs\"},{\"@type\":\"Organization\",\"@id\":\"https:\/\/www.design-award.cz\/#organization\",\"name\":\"Design Award\",\"url\":\"https:\/\/www.design-award.cz\/\",\"logo\":{\"@type\":\"ImageObject\",\"inLanguage\":\"cs\",\"@id\":\"https:\/\/www.design-award.cz\/#\/schema\/logo\/image\/\",\"url\":\"http:\/\/www.design-award.cz\/wp-content\/uploads\/2021\/12\/hornilogo_design-award.png\",\"contentUrl\":\"http:\/\/www.design-award.cz\/wp-content\/uploads\/2021\/12\/hornilogo_design-award.png\",\"width\":800,\"height\":600,\"caption\":\"Design Award\"},\"image\":{\"@id\":\"https:\/\/www.design-award.cz\/#\/schema\/logo\/image\/\"},\"sameAs\":[\"https:\/\/www.instagram.com\/design_award\/\"]}]}<\/script>\n<!-- \/ Yoast SEO plugin. -->","yoast_head_json":{"title":"Ve\u0159ejn\u00fd interi\u00e9r - Bistro - design-award.cz","robots":{"index":"index","follow":"follow","max-snippet":"max-snippet:-1","max-image-preview":"max-image-preview:large","max-video-preview":"max-video-preview:-1"},"canonical":"https:\/\/www.design-award.cz\/?portfolio=verejny-interier-bistro-5","og_locale":"cs_CZ","og_type":"article","og_title":"Ve\u0159ejn\u00fd interi\u00e9r - Bistro - design-award.cz","og_description":"Roz\u00e1lie Ostert\u00e1gov\u00e1 \u0160kola Michael Bistro, kter\u00e9 je jako sklen\u00edk, je prostorn\u00fd a pln\u00fd skla, kter\u00e9 propou\u0161t\u00ed dostatek sv\u011btla a umo\u017e\u0148uje n\u00e1v\u0161t\u011bvn\u00edk\u016fm vychutnat si kr\u00e1su p\u0159\u00edrody z pohodl\u00ed interi\u00e9ru. Interi\u00e9r je za\u0159\u00edzen\u00fd p\u0159ev\u00e1\u017en\u011b ze betonu a oceli, aby vytvo\u0159il modern\u00ed a p\u0159\u00edjemnou atmosf\u00e9ru. Na j\u00eddeln\u00edm l\u00edstku bistra se nach\u00e1z\u00ed pouze sez\u00f3nn\u00ed a \u010derstv\u00e1 zeleninov\u00e1 j\u00eddla, kter\u00e1 [&hellip;]","og_url":"https:\/\/www.design-award.cz\/?portfolio=verejny-interier-bistro-5","og_site_name":"design-award.cz","article_modified_time":"2024-04-25T12:29:59+00:00","og_image":[{"width":1024,"height":819,"url":"http:\/\/www.design-award.cz\/wp-content\/uploads\/2024\/04\/render-10000-3-1024x819.png","type":"image\/png"}],"twitter_card":"summary_large_image","twitter_misc":{"Odhadovan\u00e1 doba \u010dten\u00ed":"1 minuta"},"schema":{"@context":"https:\/\/schema.org","@graph":[{"@type":"WebPage","@id":"https:\/\/www.design-award.cz\/?portfolio=verejny-interier-bistro-5","url":"https:\/\/www.design-award.cz\/?portfolio=verejny-interier-bistro-5","name":"Ve\u0159ejn\u00fd interi\u00e9r - Bistro - design-award.cz","isPartOf":{"@id":"https:\/\/www.design-award.cz\/#website"},"primaryImageOfPage":{"@id":"https:\/\/www.design-award.cz\/?portfolio=verejny-interier-bistro-5#primaryimage"},"image":{"@id":"https:\/\/www.design-award.cz\/?portfolio=verejny-interier-bistro-5#primaryimage"},"thumbnailUrl":"https:\/\/www.design-award.cz\/wp-content\/uploads\/2024\/04\/render-10000-3.png","datePublished":"2024-04-25T12:29:58+00:00","dateModified":"2024-04-25T12:29:59+00:00","breadcrumb":{"@id":"https:\/\/www.design-award.cz\/?portfolio=verejny-interier-bistro-5#breadcrumb"},"inLanguage":"cs","potentialAction":[{"@type":"ReadAction","target":["https:\/\/www.design-award.cz\/?portfolio=verejny-interier-bistro-5"]}]},{"@type":"ImageObject","inLanguage":"cs","@id":"https:\/\/www.design-award.cz\/?portfolio=verejny-interier-bistro-5#primaryimage","url":"https:\/\/www.design-award.cz\/wp-content\/uploads\/2024\/04\/render-10000-3.png","contentUrl":"https:\/\/www.design-award.cz\/wp-content\/uploads\/2024\/04\/render-10000-3.png","width":1181,"height":945},{"@type":"BreadcrumbList","@id":"https:\/\/www.design-award.cz\/?portfolio=verejny-interier-bistro-5#breadcrumb","itemListElement":[{"@type":"ListItem","position":1,"name":"Dom\u016f","item":"https:\/\/www.design-award.cz\/"},{"@type":"ListItem","position":2,"name":"Portfolio Items","item":"https:\/\/www.design-award.cz\/?post_type=portfolio"},{"@type":"ListItem","position":3,"name":"Ve\u0159ejn\u00fd interi\u00e9r &#8211; Bistro"}]},{"@type":"WebSite","@id":"https:\/\/www.design-award.cz\/#website","url":"https:\/\/www.design-award.cz\/","name":"design-award.cz","description":"WARD vznikla v roce 2022. Je ur\u010dena p\u0159edev\u0161\u00edm student\u016fm st\u0159edn\u00edch um\u011bleck\u00fdch \u0161kol (S\u0160 a VO\u0160), kte\u0159\u00ed mohou bezplatn\u011b zaslat sv\u00e9 n\u00e1vrhy v uveden\u00fdch kategori\u00ed a tak pom\u011b\u0159it sv\u00e9 n\u00e1pady s konkurenc\u00ed sv\u00fdch vrstevn\u00edk\u016f. N\u00e1vrhy jsou n\u00e1sledn\u011b posouzeny nez\u00e1vislou porotou z \u0159ad v\u00fdtvarn\u00edk\u016f, pedagog\u016f a profesion\u00e1l\u016f z oboru.","publisher":{"@id":"https:\/\/www.design-award.cz\/#organization"},"potentialAction":[{"@type":"SearchAction","target":{"@type":"EntryPoint","urlTemplate":"https:\/\/www.design-award.cz\/?s={search_term_string}"},"query-input":{"@type":"PropertyValueSpecification","valueRequired":true,"valueName":"search_term_string"}}],"inLanguage":"cs"},{"@type":"Organization","@id":"https:\/\/www.design-award.cz\/#organization","name":"Design Award","url":"https:\/\/www.design-award.cz\/","logo":{"@type":"ImageObject","inLanguage":"cs","@id":"https:\/\/www.design-award.cz\/#\/schema\/logo\/image\/","url":"http:\/\/www.design-award.cz\/wp-content\/uploads\/2021\/12\/hornilogo_design-award.png","contentUrl":"http:\/\/www.design-award.cz\/wp-content\/uploads\/2021\/12\/hornilogo_design-award.png","width":800,"height":600,"caption":"Design Award"},"image":{"@id":"https:\/\/www.design-award.cz\/#\/schema\/logo\/image\/"},"sameAs":["https:\/\/www.instagram.com\/design_award\/"]}]}},"_links":{"self":[{"href":"https:\/\/www.design-award.cz\/index.php?rest_route=\/wp\/v2\/portfolio\/3212","targetHints":{"allow":["GET"]}}],"collection":[{"href":"https:\/\/www.design-award.cz\/index.php?rest_route=\/wp\/v2\/portfolio"}],"about":[{"href":"https:\/\/www.design-award.cz\/index.php?rest_route=\/wp\/v2\/types\/portfolio"}],"author":[{"embeddable":true,"href":"https:\/\/www.design-award.cz\/index.php?rest_route=\/wp\/v2\/users\/2"}],"replies":[{"embeddable":true,"href":"https:\/\/www.design-award.cz\/index.php?rest_route=%2Fwp%2Fv2%2Fcomments&post=3212"}],"version-history":[{"count":1,"href":"https:\/\/www.design-award.cz\/index.php?rest_route=\/wp\/v2\/portfolio\/3212\/revisions"}],"predecessor-version":[{"id":3225,"href":"https:\/\/www.design-award.cz\/index.php?rest_route=\/wp\/v2\/portfolio\/3212\/revisions\/3225"}],"wp:featuredmedia":[{"embeddable":true,"href":"https:\/\/www.design-award.cz\/index.php?rest_route=\/wp\/v2\/media\/3223"}],"wp:attachment":[{"href":"https:\/\/www.design-award.cz\/index.php?rest_route=%2Fwp%2Fv2%2Fmedia&parent=3212"}],"wp:term":[{"taxonomy":"portfolio_category","embeddable":true,"href":"https:\/\/www.design-award.cz\/index.php?rest_route=%2Fwp%2Fv2%2Fportfolio_category&post=3212"},{"taxonomy":"portfolio_tag","embeddable":true,"href":"https:\/\/www.design-award.cz\/index.php?rest_route=%2Fwp%2Fv2%2Fportfolio_tag&post=3212"}],"curies":[{"name":"wp","href":"https:\/\/api.w.org\/{rel}","templated":true}]}}