{"id":3289,"date":"2024-05-23T06:53:42","date_gmt":"2024-05-23T06:53:42","guid":{"rendered":"https:\/\/www.design-award.cz\/?post_type=portfolio&#038;p=3289"},"modified":"2024-05-23T07:20:35","modified_gmt":"2024-05-23T07:20:35","slug":"soukromy-interier-rekonstrukce-mezonetoveho-bytu","status":"publish","type":"portfolio","link":"https:\/\/www.design-award.cz\/?portfolio=soukromy-interier-rekonstrukce-mezonetoveho-bytu","title":{"rendered":"Soukrom\u00fd interi\u00e9r &#8211; Rekonstrukce mezonetov\u00e9ho bytu"},"content":{"rendered":"\n<p><strong>Eli\u0161ka Gavlovsk\u00e1<\/strong><\/p>\n\n\n\n<p>Akademie Sv\u011btl\u00e1 nad S\u00e1zavou, st\u0159edn\u00ed \u0161kola a vy\u0161\u0161\u00ed odborn\u00e1 \u0161kola<\/p>\n\n\n\n<p>Interi\u00e9r poj\u00edm\u00e1m minimalisticky a vkusn\u011b. Je stylizov\u00e1n do modern\u00edho stylu v tlumen\u00fdch tmav\u00fdch barv\u00e1ch, a proto p\u0159irozen\u011b kladu v\u011bt\u0161\u00ed d\u016fraz na osv\u011btlen\u00ed. Z tohoto d\u016fvodu jsem krom\u011b centr\u00e1ln\u00edch sv\u00edtidel do interi\u00e9ru za\u0159adila hned n\u011bkolik LED p\u00e1sk\u016f. V\u011bt\u0161inu osv\u011btlen\u00ed v\u0161ak \u0159e\u0161\u00edm kombinac\u00ed LED bodov\u00fdch sv\u011btel, kter\u00e9 zajist\u00ed rovnom\u011brn\u00e9 nasv\u00edcen\u00ed prostoru. Kuchy\u0148 je situov\u00e1na do rohu a spojena s j\u00eddeln\u00edm stolem. Sk\u0159\u00ed\u0148ky a \u0161upl\u00edky v n\u00ed jsou bez \u00fachytek, funguj\u00ed na push syst\u00e9m. D\u00edky tomu, \u017ee schody do patra jsou ve tvaru p\u00edsmene L, vznik\u00e1 pod nim dostatek m\u00edsta pro rohvou pohovku. Cel\u00fd byt je vybaven dostate\u010dn\u00fdm po\u010dtem \u00falo\u017en\u00fdchprostor\u016f a polic na p\u0159edm\u011bty denn\u00ed pot\u0159eby a pro<br>p\u011bstov\u00e1n\u00ed pokojov\u00fdch rostlin. Nechyb\u00ed ani samostatn\u00e1 pracovna s knihovnou.<\/p>\n\n\n\n<figure class=\"wp-block-image size-large\"><img decoding=\"async\" width=\"1024\" height=\"576\" data-src=\"http:\/\/www.design-award.cz\/wp-content\/uploads\/2024\/05\/prac2_optimized-1024x576.png\" alt=\"\" class=\"wp-image-3296 lazyload\" data-srcset=\"https:\/\/www.design-award.cz\/wp-content\/uploads\/2024\/05\/prac2_optimized-1024x576.png 1024w, https:\/\/www.design-award.cz\/wp-content\/uploads\/2024\/05\/prac2_optimized-300x169.png 300w, https:\/\/www.design-award.cz\/wp-content\/uploads\/2024\/05\/prac2_optimized-768x432.png 768w, https:\/\/www.design-award.cz\/wp-content\/uploads\/2024\/05\/prac2_optimized-1536x864.png 1536w, https:\/\/www.design-award.cz\/wp-content\/uploads\/2024\/05\/prac2_optimized-2048x1152.png 2048w, https:\/\/www.design-award.cz\/wp-content\/uploads\/2024\/05\/prac2_optimized-500x281.png 500w, https:\/\/www.design-award.cz\/wp-content\/uploads\/2024\/05\/prac2_optimized-800x450.png 800w, https:\/\/www.design-award.cz\/wp-content\/uploads\/2024\/05\/prac2_optimized-1280x720.png 1280w, https:\/\/www.design-award.cz\/wp-content\/uploads\/2024\/05\/prac2_optimized-1920x1080.png 1920w\" data-sizes=\"(max-width: 1024px) 100vw, 1024px\" src=\"data:image\/svg+xml;base64,PHN2ZyB3aWR0aD0iMSIgaGVpZ2h0PSIxIiB4bWxucz0iaHR0cDovL3d3dy53My5vcmcvMjAwMC9zdmciPjwvc3ZnPg==\" style=\"--smush-placeholder-width: 1024px; --smush-placeholder-aspect-ratio: 1024\/576;\" \/><\/figure>\n\n\n\n<figure class=\"wp-block-image size-large\"><img decoding=\"async\" width=\"1024\" height=\"576\" data-src=\"http:\/\/www.design-award.cz\/wp-content\/uploads\/2024\/05\/kuch-3_optimized-1024x576.png\" alt=\"\" class=\"wp-image-3295 lazyload\" data-srcset=\"https:\/\/www.design-award.cz\/wp-content\/uploads\/2024\/05\/kuch-3_optimized-1024x576.png 1024w, https:\/\/www.design-award.cz\/wp-content\/uploads\/2024\/05\/kuch-3_optimized-300x169.png 300w, https:\/\/www.design-award.cz\/wp-content\/uploads\/2024\/05\/kuch-3_optimized-768x432.png 768w, https:\/\/www.design-award.cz\/wp-content\/uploads\/2024\/05\/kuch-3_optimized-1536x864.png 1536w, https:\/\/www.design-award.cz\/wp-content\/uploads\/2024\/05\/kuch-3_optimized-2048x1152.png 2048w, https:\/\/www.design-award.cz\/wp-content\/uploads\/2024\/05\/kuch-3_optimized-500x281.png 500w, https:\/\/www.design-award.cz\/wp-content\/uploads\/2024\/05\/kuch-3_optimized-800x450.png 800w, https:\/\/www.design-award.cz\/wp-content\/uploads\/2024\/05\/kuch-3_optimized-1280x720.png 1280w, https:\/\/www.design-award.cz\/wp-content\/uploads\/2024\/05\/kuch-3_optimized-1920x1080.png 1920w\" data-sizes=\"(max-width: 1024px) 100vw, 1024px\" src=\"data:image\/svg+xml;base64,PHN2ZyB3aWR0aD0iMSIgaGVpZ2h0PSIxIiB4bWxucz0iaHR0cDovL3d3dy53My5vcmcvMjAwMC9zdmciPjwvc3ZnPg==\" style=\"--smush-placeholder-width: 1024px; --smush-placeholder-aspect-ratio: 1024\/576;\" \/><\/figure>\n\n\n\n<figure class=\"wp-block-image size-large\"><img decoding=\"async\" width=\"823\" height=\"1024\" data-src=\"http:\/\/www.design-award.cz\/wp-content\/uploads\/2024\/05\/IMG_20240429_175750-823x1024.jpg\" alt=\"\" class=\"wp-image-3294 lazyload\" data-srcset=\"https:\/\/www.design-award.cz\/wp-content\/uploads\/2024\/05\/IMG_20240429_175750-823x1024.jpg 823w, https:\/\/www.design-award.cz\/wp-content\/uploads\/2024\/05\/IMG_20240429_175750-241x300.jpg 241w, https:\/\/www.design-award.cz\/wp-content\/uploads\/2024\/05\/IMG_20240429_175750-768x955.jpg 768w, https:\/\/www.design-award.cz\/wp-content\/uploads\/2024\/05\/IMG_20240429_175750-1235x1536.jpg 1235w, https:\/\/www.design-award.cz\/wp-content\/uploads\/2024\/05\/IMG_20240429_175750-1647x2048.jpg 1647w, https:\/\/www.design-award.cz\/wp-content\/uploads\/2024\/05\/IMG_20240429_175750-500x622.jpg 500w, https:\/\/www.design-award.cz\/wp-content\/uploads\/2024\/05\/IMG_20240429_175750-800x995.jpg 800w, https:\/\/www.design-award.cz\/wp-content\/uploads\/2024\/05\/IMG_20240429_175750-1280x1592.jpg 1280w, https:\/\/www.design-award.cz\/wp-content\/uploads\/2024\/05\/IMG_20240429_175750-1920x2388.jpg 1920w\" data-sizes=\"(max-width: 823px) 100vw, 823px\" src=\"data:image\/svg+xml;base64,PHN2ZyB3aWR0aD0iMSIgaGVpZ2h0PSIxIiB4bWxucz0iaHR0cDovL3d3dy53My5vcmcvMjAwMC9zdmciPjwvc3ZnPg==\" style=\"--smush-placeholder-width: 823px; --smush-placeholder-aspect-ratio: 823\/1024;\" \/><\/figure>\n\n\n\n<figure class=\"wp-block-image size-large is-resized\"><img decoding=\"async\" width=\"1024\" height=\"399\" data-src=\"http:\/\/www.design-award.cz\/wp-content\/uploads\/2024\/05\/img_1992_optimized-1024x399.jpg\" alt=\"\" class=\"wp-image-3293 lazyload\" style=\"--smush-placeholder-width: 1024px; --smush-placeholder-aspect-ratio: 1024\/399;width:auto;height:2px\" data-srcset=\"https:\/\/www.design-award.cz\/wp-content\/uploads\/2024\/05\/img_1992_optimized-1024x399.jpg 1024w, https:\/\/www.design-award.cz\/wp-content\/uploads\/2024\/05\/img_1992_optimized-300x117.jpg 300w, https:\/\/www.design-award.cz\/wp-content\/uploads\/2024\/05\/img_1992_optimized-768x299.jpg 768w, https:\/\/www.design-award.cz\/wp-content\/uploads\/2024\/05\/img_1992_optimized-1536x599.jpg 1536w, https:\/\/www.design-award.cz\/wp-content\/uploads\/2024\/05\/img_1992_optimized-2048x798.jpg 2048w, https:\/\/www.design-award.cz\/wp-content\/uploads\/2024\/05\/img_1992_optimized-500x195.jpg 500w, https:\/\/www.design-award.cz\/wp-content\/uploads\/2024\/05\/img_1992_optimized-800x312.jpg 800w, https:\/\/www.design-award.cz\/wp-content\/uploads\/2024\/05\/img_1992_optimized-1280x499.jpg 1280w, https:\/\/www.design-award.cz\/wp-content\/uploads\/2024\/05\/img_1992_optimized-1920x748.jpg 1920w\" data-sizes=\"(max-width: 1024px) 100vw, 1024px\" src=\"data:image\/svg+xml;base64,PHN2ZyB3aWR0aD0iMSIgaGVpZ2h0PSIxIiB4bWxucz0iaHR0cDovL3d3dy53My5vcmcvMjAwMC9zdmciPjwvc3ZnPg==\" \/><\/figure>\n","protected":false},"excerpt":{"rendered":"<p>Eli\u0161ka Gavlovsk\u00e1 Akademie Sv\u011btl\u00e1 nad S\u00e1zavou, st\u0159edn\u00ed \u0161kola a vy\u0161\u0161\u00ed odborn\u00e1 \u0161kola Interi\u00e9r poj\u00edm\u00e1m minimalisticky a vkusn\u011b. Je stylizov\u00e1n do modern\u00edho stylu v tlumen\u00fdch tmav\u00fdch barv\u00e1ch, a proto p\u0159irozen\u011b kladu v\u011bt\u0161\u00ed d\u016fraz na osv\u011btlen\u00ed. Z tohoto d\u016fvodu jsem krom\u011b centr\u00e1ln\u00edch sv\u00edtidel do interi\u00e9ru za\u0159adila hned n\u011bkolik LED p\u00e1sk\u016f. V\u011bt\u0161inu osv\u011btlen\u00ed v\u0161ak \u0159e\u0161\u00edm kombinac\u00ed LED bodov\u00fdch [&hellip;]<\/p>\n","protected":false},"author":2,"featured_media":3292,"menu_order":0,"comment_status":"open","ping_status":"closed","template":"","format":"standard","meta":{"ngg_post_thumbnail":0,"ocean_post_layout":"","ocean_both_sidebars_style":"","ocean_both_sidebars_content_width":0,"ocean_both_sidebars_sidebars_width":0,"ocean_sidebar":"","ocean_second_sidebar":"","ocean_disable_margins":"enable","ocean_add_body_class":"","ocean_shortcode_before_top_bar":"","ocean_shortcode_after_top_bar":"","ocean_shortcode_before_header":"","ocean_shortcode_after_header":"","ocean_has_shortcode":"","ocean_shortcode_after_title":"","ocean_shortcode_before_footer_widgets":"","ocean_shortcode_after_footer_widgets":"","ocean_shortcode_before_footer_bottom":"","ocean_shortcode_after_footer_bottom":"","ocean_display_top_bar":"default","ocean_display_header":"default","ocean_header_style":"","ocean_center_header_left_menu":"","ocean_custom_header_template":"","ocean_custom_logo":0,"ocean_custom_retina_logo":0,"ocean_custom_logo_max_width":0,"ocean_custom_logo_tablet_max_width":0,"ocean_custom_logo_mobile_max_width":0,"ocean_custom_logo_max_height":0,"ocean_custom_logo_tablet_max_height":0,"ocean_custom_logo_mobile_max_height":0,"ocean_header_custom_menu":"","ocean_menu_typo_font_family":"","ocean_menu_typo_font_subset":"","ocean_menu_typo_font_size":0,"ocean_menu_typo_font_size_tablet":0,"ocean_menu_typo_font_size_mobile":0,"ocean_menu_typo_font_size_unit":"px","ocean_menu_typo_font_weight":"","ocean_menu_typo_font_weight_tablet":"","ocean_menu_typo_font_weight_mobile":"","ocean_menu_typo_transform":"","ocean_menu_typo_transform_tablet":"","ocean_menu_typo_transform_mobile":"","ocean_menu_typo_line_height":0,"ocean_menu_typo_line_height_tablet":0,"ocean_menu_typo_line_height_mobile":0,"ocean_menu_typo_line_height_unit":"","ocean_menu_typo_spacing":0,"ocean_menu_typo_spacing_tablet":0,"ocean_menu_typo_spacing_mobile":0,"ocean_menu_typo_spacing_unit":"","ocean_menu_link_color":"","ocean_menu_link_color_hover":"","ocean_menu_link_color_active":"","ocean_menu_link_background":"","ocean_menu_link_hover_background":"","ocean_menu_link_active_background":"","ocean_menu_social_links_bg":"","ocean_menu_social_hover_links_bg":"","ocean_menu_social_links_color":"","ocean_menu_social_hover_links_color":"","ocean_disable_title":"default","ocean_disable_heading":"default","ocean_post_title":"","ocean_post_subheading":"","ocean_post_title_style":"","ocean_post_title_background_color":"","ocean_post_title_background":0,"ocean_post_title_bg_image_position":"","ocean_post_title_bg_image_attachment":"","ocean_post_title_bg_image_repeat":"","ocean_post_title_bg_image_size":"","ocean_post_title_height":0,"ocean_post_title_bg_overlay":0.5,"ocean_post_title_bg_overlay_color":"","ocean_disable_breadcrumbs":"default","ocean_breadcrumbs_color":"","ocean_breadcrumbs_separator_color":"","ocean_breadcrumbs_links_color":"","ocean_breadcrumbs_links_hover_color":"","ocean_display_footer_widgets":"default","ocean_display_footer_bottom":"default","ocean_custom_footer_template":"","_vp_format_video_url":"","_vp_image_focal_point":[],"footnotes":""},"portfolio_category":[],"portfolio_tag":[],"class_list":["post-3289","portfolio","type-portfolio","status-publish","format-standard","has-post-thumbnail","hentry","entry","has-media"],"yoast_head":"<!-- This site is optimized with the Yoast SEO plugin v25.2 - https:\/\/yoast.com\/wordpress\/plugins\/seo\/ -->\n<title>Soukrom\u00fd interi\u00e9r - Rekonstrukce mezonetov\u00e9ho bytu - design-award.cz<\/title>\n<meta name=\"robots\" content=\"index, follow, max-snippet:-1, max-image-preview:large, max-video-preview:-1\" \/>\n<link rel=\"canonical\" href=\"https:\/\/www.design-award.cz\/?portfolio=soukromy-interier-rekonstrukce-mezonetoveho-bytu\" \/>\n<meta property=\"og:locale\" content=\"cs_CZ\" \/>\n<meta property=\"og:type\" content=\"article\" \/>\n<meta property=\"og:title\" content=\"Soukrom\u00fd interi\u00e9r - Rekonstrukce mezonetov\u00e9ho bytu - design-award.cz\" \/>\n<meta property=\"og:description\" content=\"Eli\u0161ka Gavlovsk\u00e1 Akademie Sv\u011btl\u00e1 nad S\u00e1zavou, st\u0159edn\u00ed \u0161kola a vy\u0161\u0161\u00ed odborn\u00e1 \u0161kola Interi\u00e9r poj\u00edm\u00e1m minimalisticky a vkusn\u011b. Je stylizov\u00e1n do modern\u00edho stylu v tlumen\u00fdch tmav\u00fdch barv\u00e1ch, a proto p\u0159irozen\u011b kladu v\u011bt\u0161\u00ed d\u016fraz na osv\u011btlen\u00ed. Z tohoto d\u016fvodu jsem krom\u011b centr\u00e1ln\u00edch sv\u00edtidel do interi\u00e9ru za\u0159adila hned n\u011bkolik LED p\u00e1sk\u016f. V\u011bt\u0161inu osv\u011btlen\u00ed v\u0161ak \u0159e\u0161\u00edm kombinac\u00ed LED bodov\u00fdch [&hellip;]\" \/>\n<meta property=\"og:url\" content=\"https:\/\/www.design-award.cz\/?portfolio=soukromy-interier-rekonstrukce-mezonetoveho-bytu\" \/>\n<meta property=\"og:site_name\" content=\"design-award.cz\" \/>\n<meta property=\"article:modified_time\" content=\"2024-05-23T07:20:35+00:00\" \/>\n<meta property=\"og:image\" content=\"http:\/\/www.design-award.cz\/wp-content\/uploads\/2024\/05\/gauc1_optimized.png\" \/>\n\t<meta property=\"og:image:width\" content=\"2999\" \/>\n\t<meta property=\"og:image:height\" content=\"1687\" \/>\n\t<meta property=\"og:image:type\" content=\"image\/png\" \/>\n<meta name=\"twitter:card\" content=\"summary_large_image\" \/>\n<meta name=\"twitter:label1\" content=\"Odhadovan\u00e1 doba \u010dten\u00ed\" \/>\n\t<meta name=\"twitter:data1\" content=\"1 minuta\" \/>\n<script type=\"application\/ld+json\" class=\"yoast-schema-graph\">{\"@context\":\"https:\/\/schema.org\",\"@graph\":[{\"@type\":\"WebPage\",\"@id\":\"https:\/\/www.design-award.cz\/?portfolio=soukromy-interier-rekonstrukce-mezonetoveho-bytu\",\"url\":\"https:\/\/www.design-award.cz\/?portfolio=soukromy-interier-rekonstrukce-mezonetoveho-bytu\",\"name\":\"Soukrom\u00fd interi\u00e9r - Rekonstrukce mezonetov\u00e9ho bytu - design-award.cz\",\"isPartOf\":{\"@id\":\"https:\/\/www.design-award.cz\/#website\"},\"primaryImageOfPage\":{\"@id\":\"https:\/\/www.design-award.cz\/?portfolio=soukromy-interier-rekonstrukce-mezonetoveho-bytu#primaryimage\"},\"image\":{\"@id\":\"https:\/\/www.design-award.cz\/?portfolio=soukromy-interier-rekonstrukce-mezonetoveho-bytu#primaryimage\"},\"thumbnailUrl\":\"https:\/\/www.design-award.cz\/wp-content\/uploads\/2024\/05\/gauc1_optimized.png\",\"datePublished\":\"2024-05-23T06:53:42+00:00\",\"dateModified\":\"2024-05-23T07:20:35+00:00\",\"breadcrumb\":{\"@id\":\"https:\/\/www.design-award.cz\/?portfolio=soukromy-interier-rekonstrukce-mezonetoveho-bytu#breadcrumb\"},\"inLanguage\":\"cs\",\"potentialAction\":[{\"@type\":\"ReadAction\",\"target\":[\"https:\/\/www.design-award.cz\/?portfolio=soukromy-interier-rekonstrukce-mezonetoveho-bytu\"]}]},{\"@type\":\"ImageObject\",\"inLanguage\":\"cs\",\"@id\":\"https:\/\/www.design-award.cz\/?portfolio=soukromy-interier-rekonstrukce-mezonetoveho-bytu#primaryimage\",\"url\":\"https:\/\/www.design-award.cz\/wp-content\/uploads\/2024\/05\/gauc1_optimized.png\",\"contentUrl\":\"https:\/\/www.design-award.cz\/wp-content\/uploads\/2024\/05\/gauc1_optimized.png\",\"width\":2999,\"height\":1687},{\"@type\":\"BreadcrumbList\",\"@id\":\"https:\/\/www.design-award.cz\/?portfolio=soukromy-interier-rekonstrukce-mezonetoveho-bytu#breadcrumb\",\"itemListElement\":[{\"@type\":\"ListItem\",\"position\":1,\"name\":\"Dom\u016f\",\"item\":\"https:\/\/www.design-award.cz\/\"},{\"@type\":\"ListItem\",\"position\":2,\"name\":\"Portfolio Items\",\"item\":\"https:\/\/www.design-award.cz\/?post_type=portfolio\"},{\"@type\":\"ListItem\",\"position\":3,\"name\":\"Soukrom\u00fd interi\u00e9r &#8211; Rekonstrukce mezonetov\u00e9ho bytu\"}]},{\"@type\":\"WebSite\",\"@id\":\"https:\/\/www.design-award.cz\/#website\",\"url\":\"https:\/\/www.design-award.cz\/\",\"name\":\"design-award.cz\",\"description\":\"WARD vznikla v roce 2022. Je ur\u010dena p\u0159edev\u0161\u00edm student\u016fm st\u0159edn\u00edch um\u011bleck\u00fdch \u0161kol (S\u0160 a VO\u0160), kte\u0159\u00ed mohou bezplatn\u011b zaslat sv\u00e9 n\u00e1vrhy v uveden\u00fdch kategori\u00ed a tak pom\u011b\u0159it sv\u00e9 n\u00e1pady s konkurenc\u00ed sv\u00fdch vrstevn\u00edk\u016f. N\u00e1vrhy jsou n\u00e1sledn\u011b posouzeny nez\u00e1vislou porotou z \u0159ad v\u00fdtvarn\u00edk\u016f, pedagog\u016f a profesion\u00e1l\u016f z oboru.\",\"publisher\":{\"@id\":\"https:\/\/www.design-award.cz\/#organization\"},\"potentialAction\":[{\"@type\":\"SearchAction\",\"target\":{\"@type\":\"EntryPoint\",\"urlTemplate\":\"https:\/\/www.design-award.cz\/?s={search_term_string}\"},\"query-input\":{\"@type\":\"PropertyValueSpecification\",\"valueRequired\":true,\"valueName\":\"search_term_string\"}}],\"inLanguage\":\"cs\"},{\"@type\":\"Organization\",\"@id\":\"https:\/\/www.design-award.cz\/#organization\",\"name\":\"Design Award\",\"url\":\"https:\/\/www.design-award.cz\/\",\"logo\":{\"@type\":\"ImageObject\",\"inLanguage\":\"cs\",\"@id\":\"https:\/\/www.design-award.cz\/#\/schema\/logo\/image\/\",\"url\":\"http:\/\/www.design-award.cz\/wp-content\/uploads\/2021\/12\/hornilogo_design-award.png\",\"contentUrl\":\"http:\/\/www.design-award.cz\/wp-content\/uploads\/2021\/12\/hornilogo_design-award.png\",\"width\":800,\"height\":600,\"caption\":\"Design Award\"},\"image\":{\"@id\":\"https:\/\/www.design-award.cz\/#\/schema\/logo\/image\/\"},\"sameAs\":[\"https:\/\/www.instagram.com\/design_award\/\"]}]}<\/script>\n<!-- \/ Yoast SEO plugin. -->","yoast_head_json":{"title":"Soukrom\u00fd interi\u00e9r - Rekonstrukce mezonetov\u00e9ho bytu - design-award.cz","robots":{"index":"index","follow":"follow","max-snippet":"max-snippet:-1","max-image-preview":"max-image-preview:large","max-video-preview":"max-video-preview:-1"},"canonical":"https:\/\/www.design-award.cz\/?portfolio=soukromy-interier-rekonstrukce-mezonetoveho-bytu","og_locale":"cs_CZ","og_type":"article","og_title":"Soukrom\u00fd interi\u00e9r - Rekonstrukce mezonetov\u00e9ho bytu - design-award.cz","og_description":"Eli\u0161ka Gavlovsk\u00e1 Akademie Sv\u011btl\u00e1 nad S\u00e1zavou, st\u0159edn\u00ed \u0161kola a vy\u0161\u0161\u00ed odborn\u00e1 \u0161kola Interi\u00e9r poj\u00edm\u00e1m minimalisticky a vkusn\u011b. Je stylizov\u00e1n do modern\u00edho stylu v tlumen\u00fdch tmav\u00fdch barv\u00e1ch, a proto p\u0159irozen\u011b kladu v\u011bt\u0161\u00ed d\u016fraz na osv\u011btlen\u00ed. Z tohoto d\u016fvodu jsem krom\u011b centr\u00e1ln\u00edch sv\u00edtidel do interi\u00e9ru za\u0159adila hned n\u011bkolik LED p\u00e1sk\u016f. V\u011bt\u0161inu osv\u011btlen\u00ed v\u0161ak \u0159e\u0161\u00edm kombinac\u00ed LED bodov\u00fdch [&hellip;]","og_url":"https:\/\/www.design-award.cz\/?portfolio=soukromy-interier-rekonstrukce-mezonetoveho-bytu","og_site_name":"design-award.cz","article_modified_time":"2024-05-23T07:20:35+00:00","og_image":[{"width":2999,"height":1687,"url":"http:\/\/www.design-award.cz\/wp-content\/uploads\/2024\/05\/gauc1_optimized.png","type":"image\/png"}],"twitter_card":"summary_large_image","twitter_misc":{"Odhadovan\u00e1 doba \u010dten\u00ed":"1 minuta"},"schema":{"@context":"https:\/\/schema.org","@graph":[{"@type":"WebPage","@id":"https:\/\/www.design-award.cz\/?portfolio=soukromy-interier-rekonstrukce-mezonetoveho-bytu","url":"https:\/\/www.design-award.cz\/?portfolio=soukromy-interier-rekonstrukce-mezonetoveho-bytu","name":"Soukrom\u00fd interi\u00e9r - Rekonstrukce mezonetov\u00e9ho bytu - design-award.cz","isPartOf":{"@id":"https:\/\/www.design-award.cz\/#website"},"primaryImageOfPage":{"@id":"https:\/\/www.design-award.cz\/?portfolio=soukromy-interier-rekonstrukce-mezonetoveho-bytu#primaryimage"},"image":{"@id":"https:\/\/www.design-award.cz\/?portfolio=soukromy-interier-rekonstrukce-mezonetoveho-bytu#primaryimage"},"thumbnailUrl":"https:\/\/www.design-award.cz\/wp-content\/uploads\/2024\/05\/gauc1_optimized.png","datePublished":"2024-05-23T06:53:42+00:00","dateModified":"2024-05-23T07:20:35+00:00","breadcrumb":{"@id":"https:\/\/www.design-award.cz\/?portfolio=soukromy-interier-rekonstrukce-mezonetoveho-bytu#breadcrumb"},"inLanguage":"cs","potentialAction":[{"@type":"ReadAction","target":["https:\/\/www.design-award.cz\/?portfolio=soukromy-interier-rekonstrukce-mezonetoveho-bytu"]}]},{"@type":"ImageObject","inLanguage":"cs","@id":"https:\/\/www.design-award.cz\/?portfolio=soukromy-interier-rekonstrukce-mezonetoveho-bytu#primaryimage","url":"https:\/\/www.design-award.cz\/wp-content\/uploads\/2024\/05\/gauc1_optimized.png","contentUrl":"https:\/\/www.design-award.cz\/wp-content\/uploads\/2024\/05\/gauc1_optimized.png","width":2999,"height":1687},{"@type":"BreadcrumbList","@id":"https:\/\/www.design-award.cz\/?portfolio=soukromy-interier-rekonstrukce-mezonetoveho-bytu#breadcrumb","itemListElement":[{"@type":"ListItem","position":1,"name":"Dom\u016f","item":"https:\/\/www.design-award.cz\/"},{"@type":"ListItem","position":2,"name":"Portfolio Items","item":"https:\/\/www.design-award.cz\/?post_type=portfolio"},{"@type":"ListItem","position":3,"name":"Soukrom\u00fd interi\u00e9r &#8211; Rekonstrukce mezonetov\u00e9ho bytu"}]},{"@type":"WebSite","@id":"https:\/\/www.design-award.cz\/#website","url":"https:\/\/www.design-award.cz\/","name":"design-award.cz","description":"WARD vznikla v roce 2022. Je ur\u010dena p\u0159edev\u0161\u00edm student\u016fm st\u0159edn\u00edch um\u011bleck\u00fdch \u0161kol (S\u0160 a VO\u0160), kte\u0159\u00ed mohou bezplatn\u011b zaslat sv\u00e9 n\u00e1vrhy v uveden\u00fdch kategori\u00ed a tak pom\u011b\u0159it sv\u00e9 n\u00e1pady s konkurenc\u00ed sv\u00fdch vrstevn\u00edk\u016f. N\u00e1vrhy jsou n\u00e1sledn\u011b posouzeny nez\u00e1vislou porotou z \u0159ad v\u00fdtvarn\u00edk\u016f, pedagog\u016f a profesion\u00e1l\u016f z oboru.","publisher":{"@id":"https:\/\/www.design-award.cz\/#organization"},"potentialAction":[{"@type":"SearchAction","target":{"@type":"EntryPoint","urlTemplate":"https:\/\/www.design-award.cz\/?s={search_term_string}"},"query-input":{"@type":"PropertyValueSpecification","valueRequired":true,"valueName":"search_term_string"}}],"inLanguage":"cs"},{"@type":"Organization","@id":"https:\/\/www.design-award.cz\/#organization","name":"Design Award","url":"https:\/\/www.design-award.cz\/","logo":{"@type":"ImageObject","inLanguage":"cs","@id":"https:\/\/www.design-award.cz\/#\/schema\/logo\/image\/","url":"http:\/\/www.design-award.cz\/wp-content\/uploads\/2021\/12\/hornilogo_design-award.png","contentUrl":"http:\/\/www.design-award.cz\/wp-content\/uploads\/2021\/12\/hornilogo_design-award.png","width":800,"height":600,"caption":"Design Award"},"image":{"@id":"https:\/\/www.design-award.cz\/#\/schema\/logo\/image\/"},"sameAs":["https:\/\/www.instagram.com\/design_award\/"]}]}},"_links":{"self":[{"href":"https:\/\/www.design-award.cz\/index.php?rest_route=\/wp\/v2\/portfolio\/3289","targetHints":{"allow":["GET"]}}],"collection":[{"href":"https:\/\/www.design-award.cz\/index.php?rest_route=\/wp\/v2\/portfolio"}],"about":[{"href":"https:\/\/www.design-award.cz\/index.php?rest_route=\/wp\/v2\/types\/portfolio"}],"author":[{"embeddable":true,"href":"https:\/\/www.design-award.cz\/index.php?rest_route=\/wp\/v2\/users\/2"}],"replies":[{"embeddable":true,"href":"https:\/\/www.design-award.cz\/index.php?rest_route=%2Fwp%2Fv2%2Fcomments&post=3289"}],"version-history":[{"count":1,"href":"https:\/\/www.design-award.cz\/index.php?rest_route=\/wp\/v2\/portfolio\/3289\/revisions"}],"predecessor-version":[{"id":3302,"href":"https:\/\/www.design-award.cz\/index.php?rest_route=\/wp\/v2\/portfolio\/3289\/revisions\/3302"}],"wp:featuredmedia":[{"embeddable":true,"href":"https:\/\/www.design-award.cz\/index.php?rest_route=\/wp\/v2\/media\/3292"}],"wp:attachment":[{"href":"https:\/\/www.design-award.cz\/index.php?rest_route=%2Fwp%2Fv2%2Fmedia&parent=3289"}],"wp:term":[{"taxonomy":"portfolio_category","embeddable":true,"href":"https:\/\/www.design-award.cz\/index.php?rest_route=%2Fwp%2Fv2%2Fportfolio_category&post=3289"},{"taxonomy":"portfolio_tag","embeddable":true,"href":"https:\/\/www.design-award.cz\/index.php?rest_route=%2Fwp%2Fv2%2Fportfolio_tag&post=3289"}],"curies":[{"name":"wp","href":"https:\/\/api.w.org\/{rel}","templated":true}]}}