{"id":3358,"date":"2024-05-23T07:35:12","date_gmt":"2024-05-23T07:35:12","guid":{"rendered":"https:\/\/www.design-award.cz\/?post_type=portfolio&#038;p=3358"},"modified":"2024-05-23T07:40:40","modified_gmt":"2024-05-23T07:40:40","slug":"verejny-interier-bistro-svit","status":"publish","type":"portfolio","link":"https:\/\/www.design-award.cz\/?portfolio=verejny-interier-bistro-svit","title":{"rendered":"Ve\u0159ejn\u00fd interi\u00e9r &#8211; Bistro Svit"},"content":{"rendered":"\n<p><strong>Lucie Ku\u010derov\u00e1<\/strong><\/p>\n\n\n\n<p>\u0160kola Michael<\/p>\n\n\n\n<p>Bistro Svit je monumentem obiln\u00e9ho pole, nesouc\u00ed my\u0161lenku hodnoty tradi\u010dn\u00edho \u0159emesla a lidsk\u00e9 pospolitosti.<br>Konceptem n\u00e1vrhu je chleba, ritu\u00e1ln\u00ed potravina, kter\u00e1 je neodmyslitelnou sou\u010d\u00e1st\u00ed v\u00fdvoje lidsk\u00e9 spole\u010dnosti a dodnes z\u016fst\u00e1v\u00e1 symbolem pro mnoho n\u00e1rod\u016f.<br>V pr\u00e1ci se zam\u011b\u0159uji na kruhovou symboliku. Vych\u00e1z\u00edm z \u201earchetypu\u201c sila a jeho centr\u00e1ln\u00edho p\u016fdorysu, kter\u00fd m\u016f\u017ee tvarov\u011b p\u0159ipom\u00ednat sakr\u00e1ln\u00ed stavby (p\u0159edev\u0161\u00edm rom\u00e1nsk\u00e9ho slohu). Symboliku kruhu tak\u00e9 nach\u00e1z\u00edm v samotn\u00e9m tvaru chleba \u010di procesu jeho v\u00fdroby, a to v pohybech lidsk\u00e9ho t\u011bla p\u0159i jeho p\u0159\u00edprav\u011b.<br>Sou\u010d\u00e1st\u00ed interi\u00e9ru je v\u00fdtvarn\u00fd prvek v podob\u011b kruhov\u00e9ho okna a osv\u011btlen\u00ed, kter\u00fd je reakc\u00ed na dne\u0161n\u00ed zrychlen\u00fd a (v d\u016fsledku soci\u00e1ln\u00edch s\u00edt\u00ed) \u010dasto nere\u00e1ln\u00fd sv\u011bt. Vede \u010dlov\u011bka k uv\u011bdom\u011bn\u00ed si cykli\u010dnosti \u017eivota a vn\u00edm\u00e1n\u00ed skute\u010dn\u00e9ho prost\u0159ed\u00ed, kter\u00e9ho je sou\u010d\u00e1st\u00ed. N\u00e1v\u0161t\u011bvn\u00edk m\u00e1 ve Svitu mo\u017enost p\u0159irozen\u011b vn\u00edmat prom\u011bnlivost denn\u00ed doby, v\u016fni a opravdovou chu\u0165 chleba.<br>Centr\u00e1ln\u00ed st\u016fl je symbolem demokrati\u010dnosti, rovnosti a soun\u00e1le\u017eitosti stoluj\u00edc\u00edch. Umo\u017e\u0148uje jim plnohodnotn\u00fd kontakt, \u010d\u00edm\u017e doch\u00e1z\u00ed k o\u017eiven\u00ed j\u00e1dra samotn\u00e9ho prostoru.<br>Svit je \u017eiv\u00fdm organismem, m\u00edstem pro spole\u010dn\u00e9 setk\u00e1n\u00ed a znovuo\u017eiven\u00ed t\u00e9m\u011b\u0159 zapomenut\u00e9 tradice.<\/p>\n\n\n\n<figure class=\"wp-block-image size-large\"><img decoding=\"async\" width=\"1024\" height=\"576\" data-src=\"http:\/\/www.design-award.cz\/wp-content\/uploads\/2024\/05\/render-6-1024x576.png\" alt=\"\" class=\"wp-image-3360 lazyload\" data-srcset=\"https:\/\/www.design-award.cz\/wp-content\/uploads\/2024\/05\/render-6-1024x576.png 1024w, https:\/\/www.design-award.cz\/wp-content\/uploads\/2024\/05\/render-6-300x169.png 300w, https:\/\/www.design-award.cz\/wp-content\/uploads\/2024\/05\/render-6-768x432.png 768w, https:\/\/www.design-award.cz\/wp-content\/uploads\/2024\/05\/render-6-500x281.png 500w, https:\/\/www.design-award.cz\/wp-content\/uploads\/2024\/05\/render-6-800x450.png 800w, https:\/\/www.design-award.cz\/wp-content\/uploads\/2024\/05\/render-6.png 1134w\" data-sizes=\"(max-width: 1024px) 100vw, 1024px\" src=\"data:image\/svg+xml;base64,PHN2ZyB3aWR0aD0iMSIgaGVpZ2h0PSIxIiB4bWxucz0iaHR0cDovL3d3dy53My5vcmcvMjAwMC9zdmciPjwvc3ZnPg==\" style=\"--smush-placeholder-width: 1024px; --smush-placeholder-aspect-ratio: 1024\/576;\" \/><\/figure>\n\n\n\n<figure class=\"wp-block-image size-large\"><img decoding=\"async\" width=\"1024\" height=\"576\" data-src=\"http:\/\/www.design-award.cz\/wp-content\/uploads\/2024\/05\/wc-render-1024x576.png\" alt=\"\" class=\"wp-image-3362 lazyload\" data-srcset=\"https:\/\/www.design-award.cz\/wp-content\/uploads\/2024\/05\/wc-render-1024x576.png 1024w, https:\/\/www.design-award.cz\/wp-content\/uploads\/2024\/05\/wc-render-300x169.png 300w, https:\/\/www.design-award.cz\/wp-content\/uploads\/2024\/05\/wc-render-768x432.png 768w, https:\/\/www.design-award.cz\/wp-content\/uploads\/2024\/05\/wc-render-500x281.png 500w, https:\/\/www.design-award.cz\/wp-content\/uploads\/2024\/05\/wc-render-800x450.png 800w, https:\/\/www.design-award.cz\/wp-content\/uploads\/2024\/05\/wc-render.png 1134w\" data-sizes=\"(max-width: 1024px) 100vw, 1024px\" src=\"data:image\/svg+xml;base64,PHN2ZyB3aWR0aD0iMSIgaGVpZ2h0PSIxIiB4bWxucz0iaHR0cDovL3d3dy53My5vcmcvMjAwMC9zdmciPjwvc3ZnPg==\" style=\"--smush-placeholder-width: 1024px; --smush-placeholder-aspect-ratio: 1024\/576;\" \/><\/figure>\n\n\n\n<figure class=\"wp-block-image size-full\"><img decoding=\"async\" width=\"313\" height=\"295\" data-src=\"http:\/\/www.design-award.cz\/wp-content\/uploads\/2024\/05\/technicky-vykres-bistro-vybaveni-1.png\" alt=\"\" class=\"wp-image-3361 lazyload\" data-srcset=\"https:\/\/www.design-award.cz\/wp-content\/uploads\/2024\/05\/technicky-vykres-bistro-vybaveni-1.png 313w, https:\/\/www.design-award.cz\/wp-content\/uploads\/2024\/05\/technicky-vykres-bistro-vybaveni-1-300x283.png 300w\" data-sizes=\"(max-width: 313px) 100vw, 313px\" src=\"data:image\/svg+xml;base64,PHN2ZyB3aWR0aD0iMSIgaGVpZ2h0PSIxIiB4bWxucz0iaHR0cDovL3d3dy53My5vcmcvMjAwMC9zdmciPjwvc3ZnPg==\" style=\"--smush-placeholder-width: 313px; --smush-placeholder-aspect-ratio: 313\/295;\" \/><\/figure>\n","protected":false},"excerpt":{"rendered":"<p>Lucie Ku\u010derov\u00e1 \u0160kola Michael Bistro Svit je monumentem obiln\u00e9ho pole, nesouc\u00ed my\u0161lenku hodnoty tradi\u010dn\u00edho \u0159emesla a lidsk\u00e9 pospolitosti.Konceptem n\u00e1vrhu je chleba, ritu\u00e1ln\u00ed potravina, kter\u00e1 je neodmyslitelnou sou\u010d\u00e1st\u00ed v\u00fdvoje lidsk\u00e9 spole\u010dnosti a dodnes z\u016fst\u00e1v\u00e1 symbolem pro mnoho n\u00e1rod\u016f.V pr\u00e1ci se zam\u011b\u0159uji na kruhovou symboliku. Vych\u00e1z\u00edm z \u201earchetypu\u201c sila a jeho centr\u00e1ln\u00edho p\u016fdorysu, kter\u00fd m\u016f\u017ee tvarov\u011b p\u0159ipom\u00ednat [&hellip;]<\/p>\n","protected":false},"author":2,"featured_media":3359,"menu_order":0,"comment_status":"closed","ping_status":"closed","template":"","format":"standard","meta":{"ngg_post_thumbnail":0,"ocean_post_layout":"","ocean_both_sidebars_style":"","ocean_both_sidebars_content_width":0,"ocean_both_sidebars_sidebars_width":0,"ocean_sidebar":"","ocean_second_sidebar":"","ocean_disable_margins":"enable","ocean_add_body_class":"","ocean_shortcode_before_top_bar":"","ocean_shortcode_after_top_bar":"","ocean_shortcode_before_header":"","ocean_shortcode_after_header":"","ocean_has_shortcode":"","ocean_shortcode_after_title":"","ocean_shortcode_before_footer_widgets":"","ocean_shortcode_after_footer_widgets":"","ocean_shortcode_before_footer_bottom":"","ocean_shortcode_after_footer_bottom":"","ocean_display_top_bar":"default","ocean_display_header":"default","ocean_header_style":"","ocean_center_header_left_menu":"","ocean_custom_header_template":"","ocean_custom_logo":0,"ocean_custom_retina_logo":0,"ocean_custom_logo_max_width":0,"ocean_custom_logo_tablet_max_width":0,"ocean_custom_logo_mobile_max_width":0,"ocean_custom_logo_max_height":0,"ocean_custom_logo_tablet_max_height":0,"ocean_custom_logo_mobile_max_height":0,"ocean_header_custom_menu":"","ocean_menu_typo_font_family":"","ocean_menu_typo_font_subset":"","ocean_menu_typo_font_size":0,"ocean_menu_typo_font_size_tablet":0,"ocean_menu_typo_font_size_mobile":0,"ocean_menu_typo_font_size_unit":"px","ocean_menu_typo_font_weight":"","ocean_menu_typo_font_weight_tablet":"","ocean_menu_typo_font_weight_mobile":"","ocean_menu_typo_transform":"","ocean_menu_typo_transform_tablet":"","ocean_menu_typo_transform_mobile":"","ocean_menu_typo_line_height":0,"ocean_menu_typo_line_height_tablet":0,"ocean_menu_typo_line_height_mobile":0,"ocean_menu_typo_line_height_unit":"","ocean_menu_typo_spacing":0,"ocean_menu_typo_spacing_tablet":0,"ocean_menu_typo_spacing_mobile":0,"ocean_menu_typo_spacing_unit":"","ocean_menu_link_color":"","ocean_menu_link_color_hover":"","ocean_menu_link_color_active":"","ocean_menu_link_background":"","ocean_menu_link_hover_background":"","ocean_menu_link_active_background":"","ocean_menu_social_links_bg":"","ocean_menu_social_hover_links_bg":"","ocean_menu_social_links_color":"","ocean_menu_social_hover_links_color":"","ocean_disable_title":"default","ocean_disable_heading":"default","ocean_post_title":"","ocean_post_subheading":"","ocean_post_title_style":"","ocean_post_title_background_color":"","ocean_post_title_background":0,"ocean_post_title_bg_image_position":"","ocean_post_title_bg_image_attachment":"","ocean_post_title_bg_image_repeat":"","ocean_post_title_bg_image_size":"","ocean_post_title_height":0,"ocean_post_title_bg_overlay":0.5,"ocean_post_title_bg_overlay_color":"","ocean_disable_breadcrumbs":"default","ocean_breadcrumbs_color":"","ocean_breadcrumbs_separator_color":"","ocean_breadcrumbs_links_color":"","ocean_breadcrumbs_links_hover_color":"","ocean_display_footer_widgets":"default","ocean_display_footer_bottom":"default","ocean_custom_footer_template":"","_vp_format_video_url":"","_vp_image_focal_point":[],"footnotes":""},"portfolio_category":[],"portfolio_tag":[],"class_list":["post-3358","portfolio","type-portfolio","status-publish","format-standard","has-post-thumbnail","hentry","entry","has-media"],"yoast_head":"<!-- This site is optimized with the Yoast SEO plugin v25.2 - https:\/\/yoast.com\/wordpress\/plugins\/seo\/ -->\n<title>Ve\u0159ejn\u00fd interi\u00e9r - Bistro Svit - design-award.cz<\/title>\n<meta name=\"robots\" content=\"index, follow, max-snippet:-1, max-image-preview:large, max-video-preview:-1\" \/>\n<link rel=\"canonical\" href=\"https:\/\/www.design-award.cz\/?portfolio=verejny-interier-bistro-svit\" \/>\n<meta property=\"og:locale\" content=\"cs_CZ\" \/>\n<meta property=\"og:type\" content=\"article\" \/>\n<meta property=\"og:title\" content=\"Ve\u0159ejn\u00fd interi\u00e9r - Bistro Svit - design-award.cz\" \/>\n<meta property=\"og:description\" content=\"Lucie Ku\u010derov\u00e1 \u0160kola Michael Bistro Svit je monumentem obiln\u00e9ho pole, nesouc\u00ed my\u0161lenku hodnoty tradi\u010dn\u00edho \u0159emesla a lidsk\u00e9 pospolitosti.Konceptem n\u00e1vrhu je chleba, ritu\u00e1ln\u00ed potravina, kter\u00e1 je neodmyslitelnou sou\u010d\u00e1st\u00ed v\u00fdvoje lidsk\u00e9 spole\u010dnosti a dodnes z\u016fst\u00e1v\u00e1 symbolem pro mnoho n\u00e1rod\u016f.V pr\u00e1ci se zam\u011b\u0159uji na kruhovou symboliku. Vych\u00e1z\u00edm z \u201earchetypu\u201c sila a jeho centr\u00e1ln\u00edho p\u016fdorysu, kter\u00fd m\u016f\u017ee tvarov\u011b p\u0159ipom\u00ednat [&hellip;]\" \/>\n<meta property=\"og:url\" content=\"https:\/\/www.design-award.cz\/?portfolio=verejny-interier-bistro-svit\" \/>\n<meta property=\"og:site_name\" content=\"design-award.cz\" \/>\n<meta property=\"article:modified_time\" content=\"2024-05-23T07:40:40+00:00\" \/>\n<meta property=\"og:image\" content=\"http:\/\/www.design-award.cz\/wp-content\/uploads\/2024\/05\/HLAVNI-RENDER-Mensi.jpg\" \/>\n\t<meta property=\"og:image:width\" content=\"1575\" \/>\n\t<meta property=\"og:image:height\" content=\"886\" \/>\n\t<meta property=\"og:image:type\" content=\"image\/jpeg\" \/>\n<meta name=\"twitter:card\" content=\"summary_large_image\" \/>\n<meta name=\"twitter:label1\" content=\"Odhadovan\u00e1 doba \u010dten\u00ed\" \/>\n\t<meta name=\"twitter:data1\" content=\"1 minuta\" \/>\n<script type=\"application\/ld+json\" class=\"yoast-schema-graph\">{\"@context\":\"https:\/\/schema.org\",\"@graph\":[{\"@type\":\"WebPage\",\"@id\":\"https:\/\/www.design-award.cz\/?portfolio=verejny-interier-bistro-svit\",\"url\":\"https:\/\/www.design-award.cz\/?portfolio=verejny-interier-bistro-svit\",\"name\":\"Ve\u0159ejn\u00fd interi\u00e9r - Bistro Svit - design-award.cz\",\"isPartOf\":{\"@id\":\"https:\/\/www.design-award.cz\/#website\"},\"primaryImageOfPage\":{\"@id\":\"https:\/\/www.design-award.cz\/?portfolio=verejny-interier-bistro-svit#primaryimage\"},\"image\":{\"@id\":\"https:\/\/www.design-award.cz\/?portfolio=verejny-interier-bistro-svit#primaryimage\"},\"thumbnailUrl\":\"https:\/\/www.design-award.cz\/wp-content\/uploads\/2024\/05\/HLAVNI-RENDER-Mensi.jpg\",\"datePublished\":\"2024-05-23T07:35:12+00:00\",\"dateModified\":\"2024-05-23T07:40:40+00:00\",\"breadcrumb\":{\"@id\":\"https:\/\/www.design-award.cz\/?portfolio=verejny-interier-bistro-svit#breadcrumb\"},\"inLanguage\":\"cs\",\"potentialAction\":[{\"@type\":\"ReadAction\",\"target\":[\"https:\/\/www.design-award.cz\/?portfolio=verejny-interier-bistro-svit\"]}]},{\"@type\":\"ImageObject\",\"inLanguage\":\"cs\",\"@id\":\"https:\/\/www.design-award.cz\/?portfolio=verejny-interier-bistro-svit#primaryimage\",\"url\":\"https:\/\/www.design-award.cz\/wp-content\/uploads\/2024\/05\/HLAVNI-RENDER-Mensi.jpg\",\"contentUrl\":\"https:\/\/www.design-award.cz\/wp-content\/uploads\/2024\/05\/HLAVNI-RENDER-Mensi.jpg\",\"width\":1575,\"height\":886},{\"@type\":\"BreadcrumbList\",\"@id\":\"https:\/\/www.design-award.cz\/?portfolio=verejny-interier-bistro-svit#breadcrumb\",\"itemListElement\":[{\"@type\":\"ListItem\",\"position\":1,\"name\":\"Dom\u016f\",\"item\":\"https:\/\/www.design-award.cz\/\"},{\"@type\":\"ListItem\",\"position\":2,\"name\":\"Portfolio Items\",\"item\":\"https:\/\/www.design-award.cz\/?post_type=portfolio\"},{\"@type\":\"ListItem\",\"position\":3,\"name\":\"Ve\u0159ejn\u00fd interi\u00e9r &#8211; Bistro Svit\"}]},{\"@type\":\"WebSite\",\"@id\":\"https:\/\/www.design-award.cz\/#website\",\"url\":\"https:\/\/www.design-award.cz\/\",\"name\":\"design-award.cz\",\"description\":\"WARD vznikla v roce 2022. Je ur\u010dena p\u0159edev\u0161\u00edm student\u016fm st\u0159edn\u00edch um\u011bleck\u00fdch \u0161kol (S\u0160 a VO\u0160), kte\u0159\u00ed mohou bezplatn\u011b zaslat sv\u00e9 n\u00e1vrhy v uveden\u00fdch kategori\u00ed a tak pom\u011b\u0159it sv\u00e9 n\u00e1pady s konkurenc\u00ed sv\u00fdch vrstevn\u00edk\u016f. N\u00e1vrhy jsou n\u00e1sledn\u011b posouzeny nez\u00e1vislou porotou z \u0159ad v\u00fdtvarn\u00edk\u016f, pedagog\u016f a profesion\u00e1l\u016f z oboru.\",\"publisher\":{\"@id\":\"https:\/\/www.design-award.cz\/#organization\"},\"potentialAction\":[{\"@type\":\"SearchAction\",\"target\":{\"@type\":\"EntryPoint\",\"urlTemplate\":\"https:\/\/www.design-award.cz\/?s={search_term_string}\"},\"query-input\":{\"@type\":\"PropertyValueSpecification\",\"valueRequired\":true,\"valueName\":\"search_term_string\"}}],\"inLanguage\":\"cs\"},{\"@type\":\"Organization\",\"@id\":\"https:\/\/www.design-award.cz\/#organization\",\"name\":\"Design Award\",\"url\":\"https:\/\/www.design-award.cz\/\",\"logo\":{\"@type\":\"ImageObject\",\"inLanguage\":\"cs\",\"@id\":\"https:\/\/www.design-award.cz\/#\/schema\/logo\/image\/\",\"url\":\"http:\/\/www.design-award.cz\/wp-content\/uploads\/2021\/12\/hornilogo_design-award.png\",\"contentUrl\":\"http:\/\/www.design-award.cz\/wp-content\/uploads\/2021\/12\/hornilogo_design-award.png\",\"width\":800,\"height\":600,\"caption\":\"Design Award\"},\"image\":{\"@id\":\"https:\/\/www.design-award.cz\/#\/schema\/logo\/image\/\"},\"sameAs\":[\"https:\/\/www.instagram.com\/design_award\/\"]}]}<\/script>\n<!-- \/ Yoast SEO plugin. -->","yoast_head_json":{"title":"Ve\u0159ejn\u00fd interi\u00e9r - Bistro Svit - design-award.cz","robots":{"index":"index","follow":"follow","max-snippet":"max-snippet:-1","max-image-preview":"max-image-preview:large","max-video-preview":"max-video-preview:-1"},"canonical":"https:\/\/www.design-award.cz\/?portfolio=verejny-interier-bistro-svit","og_locale":"cs_CZ","og_type":"article","og_title":"Ve\u0159ejn\u00fd interi\u00e9r - Bistro Svit - design-award.cz","og_description":"Lucie Ku\u010derov\u00e1 \u0160kola Michael Bistro Svit je monumentem obiln\u00e9ho pole, nesouc\u00ed my\u0161lenku hodnoty tradi\u010dn\u00edho \u0159emesla a lidsk\u00e9 pospolitosti.Konceptem n\u00e1vrhu je chleba, ritu\u00e1ln\u00ed potravina, kter\u00e1 je neodmyslitelnou sou\u010d\u00e1st\u00ed v\u00fdvoje lidsk\u00e9 spole\u010dnosti a dodnes z\u016fst\u00e1v\u00e1 symbolem pro mnoho n\u00e1rod\u016f.V pr\u00e1ci se zam\u011b\u0159uji na kruhovou symboliku. Vych\u00e1z\u00edm z \u201earchetypu\u201c sila a jeho centr\u00e1ln\u00edho p\u016fdorysu, kter\u00fd m\u016f\u017ee tvarov\u011b p\u0159ipom\u00ednat [&hellip;]","og_url":"https:\/\/www.design-award.cz\/?portfolio=verejny-interier-bistro-svit","og_site_name":"design-award.cz","article_modified_time":"2024-05-23T07:40:40+00:00","og_image":[{"width":1575,"height":886,"url":"http:\/\/www.design-award.cz\/wp-content\/uploads\/2024\/05\/HLAVNI-RENDER-Mensi.jpg","type":"image\/jpeg"}],"twitter_card":"summary_large_image","twitter_misc":{"Odhadovan\u00e1 doba \u010dten\u00ed":"1 minuta"},"schema":{"@context":"https:\/\/schema.org","@graph":[{"@type":"WebPage","@id":"https:\/\/www.design-award.cz\/?portfolio=verejny-interier-bistro-svit","url":"https:\/\/www.design-award.cz\/?portfolio=verejny-interier-bistro-svit","name":"Ve\u0159ejn\u00fd interi\u00e9r - Bistro Svit - design-award.cz","isPartOf":{"@id":"https:\/\/www.design-award.cz\/#website"},"primaryImageOfPage":{"@id":"https:\/\/www.design-award.cz\/?portfolio=verejny-interier-bistro-svit#primaryimage"},"image":{"@id":"https:\/\/www.design-award.cz\/?portfolio=verejny-interier-bistro-svit#primaryimage"},"thumbnailUrl":"https:\/\/www.design-award.cz\/wp-content\/uploads\/2024\/05\/HLAVNI-RENDER-Mensi.jpg","datePublished":"2024-05-23T07:35:12+00:00","dateModified":"2024-05-23T07:40:40+00:00","breadcrumb":{"@id":"https:\/\/www.design-award.cz\/?portfolio=verejny-interier-bistro-svit#breadcrumb"},"inLanguage":"cs","potentialAction":[{"@type":"ReadAction","target":["https:\/\/www.design-award.cz\/?portfolio=verejny-interier-bistro-svit"]}]},{"@type":"ImageObject","inLanguage":"cs","@id":"https:\/\/www.design-award.cz\/?portfolio=verejny-interier-bistro-svit#primaryimage","url":"https:\/\/www.design-award.cz\/wp-content\/uploads\/2024\/05\/HLAVNI-RENDER-Mensi.jpg","contentUrl":"https:\/\/www.design-award.cz\/wp-content\/uploads\/2024\/05\/HLAVNI-RENDER-Mensi.jpg","width":1575,"height":886},{"@type":"BreadcrumbList","@id":"https:\/\/www.design-award.cz\/?portfolio=verejny-interier-bistro-svit#breadcrumb","itemListElement":[{"@type":"ListItem","position":1,"name":"Dom\u016f","item":"https:\/\/www.design-award.cz\/"},{"@type":"ListItem","position":2,"name":"Portfolio Items","item":"https:\/\/www.design-award.cz\/?post_type=portfolio"},{"@type":"ListItem","position":3,"name":"Ve\u0159ejn\u00fd interi\u00e9r &#8211; Bistro Svit"}]},{"@type":"WebSite","@id":"https:\/\/www.design-award.cz\/#website","url":"https:\/\/www.design-award.cz\/","name":"design-award.cz","description":"WARD vznikla v roce 2022. Je ur\u010dena p\u0159edev\u0161\u00edm student\u016fm st\u0159edn\u00edch um\u011bleck\u00fdch \u0161kol (S\u0160 a VO\u0160), kte\u0159\u00ed mohou bezplatn\u011b zaslat sv\u00e9 n\u00e1vrhy v uveden\u00fdch kategori\u00ed a tak pom\u011b\u0159it sv\u00e9 n\u00e1pady s konkurenc\u00ed sv\u00fdch vrstevn\u00edk\u016f. N\u00e1vrhy jsou n\u00e1sledn\u011b posouzeny nez\u00e1vislou porotou z \u0159ad v\u00fdtvarn\u00edk\u016f, pedagog\u016f a profesion\u00e1l\u016f z oboru.","publisher":{"@id":"https:\/\/www.design-award.cz\/#organization"},"potentialAction":[{"@type":"SearchAction","target":{"@type":"EntryPoint","urlTemplate":"https:\/\/www.design-award.cz\/?s={search_term_string}"},"query-input":{"@type":"PropertyValueSpecification","valueRequired":true,"valueName":"search_term_string"}}],"inLanguage":"cs"},{"@type":"Organization","@id":"https:\/\/www.design-award.cz\/#organization","name":"Design Award","url":"https:\/\/www.design-award.cz\/","logo":{"@type":"ImageObject","inLanguage":"cs","@id":"https:\/\/www.design-award.cz\/#\/schema\/logo\/image\/","url":"http:\/\/www.design-award.cz\/wp-content\/uploads\/2021\/12\/hornilogo_design-award.png","contentUrl":"http:\/\/www.design-award.cz\/wp-content\/uploads\/2021\/12\/hornilogo_design-award.png","width":800,"height":600,"caption":"Design Award"},"image":{"@id":"https:\/\/www.design-award.cz\/#\/schema\/logo\/image\/"},"sameAs":["https:\/\/www.instagram.com\/design_award\/"]}]}},"_links":{"self":[{"href":"https:\/\/www.design-award.cz\/index.php?rest_route=\/wp\/v2\/portfolio\/3358","targetHints":{"allow":["GET"]}}],"collection":[{"href":"https:\/\/www.design-award.cz\/index.php?rest_route=\/wp\/v2\/portfolio"}],"about":[{"href":"https:\/\/www.design-award.cz\/index.php?rest_route=\/wp\/v2\/types\/portfolio"}],"author":[{"embeddable":true,"href":"https:\/\/www.design-award.cz\/index.php?rest_route=\/wp\/v2\/users\/2"}],"replies":[{"embeddable":true,"href":"https:\/\/www.design-award.cz\/index.php?rest_route=%2Fwp%2Fv2%2Fcomments&post=3358"}],"version-history":[{"count":2,"href":"https:\/\/www.design-award.cz\/index.php?rest_route=\/wp\/v2\/portfolio\/3358\/revisions"}],"predecessor-version":[{"id":3367,"href":"https:\/\/www.design-award.cz\/index.php?rest_route=\/wp\/v2\/portfolio\/3358\/revisions\/3367"}],"wp:featuredmedia":[{"embeddable":true,"href":"https:\/\/www.design-award.cz\/index.php?rest_route=\/wp\/v2\/media\/3359"}],"wp:attachment":[{"href":"https:\/\/www.design-award.cz\/index.php?rest_route=%2Fwp%2Fv2%2Fmedia&parent=3358"}],"wp:term":[{"taxonomy":"portfolio_category","embeddable":true,"href":"https:\/\/www.design-award.cz\/index.php?rest_route=%2Fwp%2Fv2%2Fportfolio_category&post=3358"},{"taxonomy":"portfolio_tag","embeddable":true,"href":"https:\/\/www.design-award.cz\/index.php?rest_route=%2Fwp%2Fv2%2Fportfolio_tag&post=3358"}],"curies":[{"name":"wp","href":"https:\/\/api.w.org\/{rel}","templated":true}]}}