{"id":3482,"date":"2024-06-06T21:16:34","date_gmt":"2024-06-06T21:16:34","guid":{"rendered":"https:\/\/www.design-award.cz\/?post_type=portfolio&#038;p=3482"},"modified":"2024-06-06T21:18:17","modified_gmt":"2024-06-06T21:18:17","slug":"soukromy-interier-detsky-pokoj-4","status":"publish","type":"portfolio","link":"https:\/\/www.design-award.cz\/?portfolio=soukromy-interier-detsky-pokoj-4","title":{"rendered":"Soukrom\u00fd interi\u00e9r &#8211; D\u011btsk\u00fd pokoj"},"content":{"rendered":"\n<p><strong>Nat\u00e1lie Stuchl\u00edkov\u00e1<\/strong><\/p>\n\n\n\n<p>Akademie Sv\u011btl\u00e1 nad S\u00e1zavou, st\u0159edn\u00ed \u0161kola a vy\u0161\u0161\u00ed odborn\u00e1 \u0161kola<\/p>\n\n\n\n<p>D\u011btsk\u00fd pokoj<\/p>\n\n\n\n<p>Zad\u00e1n\u00ed bylo za\u0159\u00eddit a vybavit d\u011btsk\u00fd pokoj pro 5 let\u00e9ho chlapce a pro 8 letou d\u00edvku, s ji\u017e dan\u00fdmi parametry prostoru.<\/p>\n\n\n\n<p>P\u0159i prvotn\u00edm rozm\u00eds\u0165ov\u00e1n\u00ed n\u00e1bytku v prostoru jsem se p\u0159edev\u0161\u00edm zam\u011b\u0159ovala na jeho celkov\u00e9 vyu\u017eit\u00ed a udr\u017eitelnost jednotliv\u00fdch kus\u016f v pr\u016fb\u011bhu r\u016fstu d\u011bt\u00ed a tak\u00e9 na situov\u00e1n\u00ed n\u00e1bytku v\u016f\u010di p\u0159irozen\u00e9mu sv\u011btlu.<br>Tak\u00e9 jsem se sna\u017eila vytvo\u0159it co nejv\u00edce \u00falo\u017en\u00e9ho prostoru, kter\u00fd je v d\u011btsk\u00e9m v\u011bku nezbytnou sou\u010d\u00e1st\u00ed.<br>Cel\u00fd prostor m\u00e1 p\u016fsobit sjednocen\u011b opakuj\u00edc\u00edmi se barvami, dekory a ur\u010dit\u00fdmi prvky, p\u0159esto ka\u017ed\u00e9 d\u00edt\u011b m\u00e1 pro sebe vyhrazen\u00fd prostor.<\/p>\n\n\n\n<p>Podlahovou krytinu jsem vybrala korkovou p\u0159edev\u0161\u00edm pro jej\u00ed prakti\u010dnost. Cel\u00fd prostor jsem se sna\u017eila vyu\u017e\u00edt co nejv\u00edce, a proto jsem zvolila n\u00e1bytek na m\u00edru, u kter\u00e9ho jsem ponechala d\u0159ev\u011bn\u00fd dekor dopln\u011bn\u00fd b\u00edlou barvou pro vytvo\u0159en\u00ed opticky v\u011bt\u0161\u00edho a prosv\u011btlen\u011bj\u0161\u00edho prostoru. Pastelov\u00e9 barvy jsou pou\u017eity pouze na dekorac\u00edch pro snadn\u011bj\u0161\u00ed obnovitelnost v pr\u016fb\u011bhu r\u016fstu d\u011bt\u00ed.<\/p>\n\n\n\n<p>V\u00fdstupem na\u0161\u00ed pr\u00e1ce bylo portfolio a zmen\u0161en\u00fd model v m\u011b\u0159\u00edtku 1:20<\/p>\n\n\n\n<figure class=\"wp-block-image size-large\"><img decoding=\"async\" width=\"1024\" height=\"571\" data-src=\"http:\/\/www.design-award.cz\/wp-content\/uploads\/2024\/06\/Snimek-obrazovky-2024-06-03-194153-1024x571.png\" alt=\"\" class=\"wp-image-3502 lazyload\" data-srcset=\"https:\/\/www.design-award.cz\/wp-content\/uploads\/2024\/06\/Snimek-obrazovky-2024-06-03-194153-1024x571.png 1024w, https:\/\/www.design-award.cz\/wp-content\/uploads\/2024\/06\/Snimek-obrazovky-2024-06-03-194153-300x167.png 300w, https:\/\/www.design-award.cz\/wp-content\/uploads\/2024\/06\/Snimek-obrazovky-2024-06-03-194153-768x428.png 768w, https:\/\/www.design-award.cz\/wp-content\/uploads\/2024\/06\/Snimek-obrazovky-2024-06-03-194153-1536x856.png 1536w, https:\/\/www.design-award.cz\/wp-content\/uploads\/2024\/06\/Snimek-obrazovky-2024-06-03-194153-2048x1142.png 2048w, https:\/\/www.design-award.cz\/wp-content\/uploads\/2024\/06\/Snimek-obrazovky-2024-06-03-194153-500x279.png 500w, https:\/\/www.design-award.cz\/wp-content\/uploads\/2024\/06\/Snimek-obrazovky-2024-06-03-194153-800x446.png 800w, https:\/\/www.design-award.cz\/wp-content\/uploads\/2024\/06\/Snimek-obrazovky-2024-06-03-194153-1280x713.png 1280w, https:\/\/www.design-award.cz\/wp-content\/uploads\/2024\/06\/Snimek-obrazovky-2024-06-03-194153-1920x1070.png 1920w\" data-sizes=\"(max-width: 1024px) 100vw, 1024px\" src=\"data:image\/svg+xml;base64,PHN2ZyB3aWR0aD0iMSIgaGVpZ2h0PSIxIiB4bWxucz0iaHR0cDovL3d3dy53My5vcmcvMjAwMC9zdmciPjwvc3ZnPg==\" style=\"--smush-placeholder-width: 1024px; --smush-placeholder-aspect-ratio: 1024\/571;\" \/><\/figure>\n\n\n\n<figure class=\"wp-block-image size-large\"><img decoding=\"async\" width=\"1024\" height=\"574\" data-src=\"http:\/\/www.design-award.cz\/wp-content\/uploads\/2024\/06\/Snimek-obrazovky-2024-06-03-194105-1024x574.png\" alt=\"\" class=\"wp-image-3500 lazyload\" data-srcset=\"https:\/\/www.design-award.cz\/wp-content\/uploads\/2024\/06\/Snimek-obrazovky-2024-06-03-194105-1024x574.png 1024w, https:\/\/www.design-award.cz\/wp-content\/uploads\/2024\/06\/Snimek-obrazovky-2024-06-03-194105-300x168.png 300w, https:\/\/www.design-award.cz\/wp-content\/uploads\/2024\/06\/Snimek-obrazovky-2024-06-03-194105-768x430.png 768w, https:\/\/www.design-award.cz\/wp-content\/uploads\/2024\/06\/Snimek-obrazovky-2024-06-03-194105-1536x860.png 1536w, https:\/\/www.design-award.cz\/wp-content\/uploads\/2024\/06\/Snimek-obrazovky-2024-06-03-194105-2048x1147.png 2048w, https:\/\/www.design-award.cz\/wp-content\/uploads\/2024\/06\/Snimek-obrazovky-2024-06-03-194105-500x280.png 500w, https:\/\/www.design-award.cz\/wp-content\/uploads\/2024\/06\/Snimek-obrazovky-2024-06-03-194105-800x448.png 800w, https:\/\/www.design-award.cz\/wp-content\/uploads\/2024\/06\/Snimek-obrazovky-2024-06-03-194105-1280x717.png 1280w, https:\/\/www.design-award.cz\/wp-content\/uploads\/2024\/06\/Snimek-obrazovky-2024-06-03-194105-1920x1076.png 1920w\" data-sizes=\"(max-width: 1024px) 100vw, 1024px\" src=\"data:image\/svg+xml;base64,PHN2ZyB3aWR0aD0iMSIgaGVpZ2h0PSIxIiB4bWxucz0iaHR0cDovL3d3dy53My5vcmcvMjAwMC9zdmciPjwvc3ZnPg==\" style=\"--smush-placeholder-width: 1024px; --smush-placeholder-aspect-ratio: 1024\/574;\" \/><\/figure>\n\n\n\n<figure class=\"wp-block-image size-large\"><img decoding=\"async\" width=\"768\" height=\"1024\" data-src=\"http:\/\/www.design-award.cz\/wp-content\/uploads\/2024\/06\/11-768x1024.jpg\" alt=\"\" class=\"wp-image-3499 lazyload\" data-srcset=\"https:\/\/www.design-award.cz\/wp-content\/uploads\/2024\/06\/11-768x1024.jpg 768w, https:\/\/www.design-award.cz\/wp-content\/uploads\/2024\/06\/11-225x300.jpg 225w, https:\/\/www.design-award.cz\/wp-content\/uploads\/2024\/06\/11-1152x1536.jpg 1152w, https:\/\/www.design-award.cz\/wp-content\/uploads\/2024\/06\/11-500x667.jpg 500w, https:\/\/www.design-award.cz\/wp-content\/uploads\/2024\/06\/11-800x1066.jpg 800w, https:\/\/www.design-award.cz\/wp-content\/uploads\/2024\/06\/11.jpg 1165w\" data-sizes=\"(max-width: 768px) 100vw, 768px\" src=\"data:image\/svg+xml;base64,PHN2ZyB3aWR0aD0iMSIgaGVpZ2h0PSIxIiB4bWxucz0iaHR0cDovL3d3dy53My5vcmcvMjAwMC9zdmciPjwvc3ZnPg==\" style=\"--smush-placeholder-width: 768px; --smush-placeholder-aspect-ratio: 768\/1024;\" \/><\/figure>\n\n\n\n<figure class=\"wp-block-image size-large\"><img decoding=\"async\" width=\"1024\" height=\"698\" data-src=\"http:\/\/www.design-award.cz\/wp-content\/uploads\/2024\/06\/Snimek-obrazovky-2024-06-03-203657-1024x698.png\" alt=\"\" class=\"wp-image-3507 lazyload\" data-srcset=\"https:\/\/www.design-award.cz\/wp-content\/uploads\/2024\/06\/Snimek-obrazovky-2024-06-03-203657-1024x698.png 1024w, https:\/\/www.design-award.cz\/wp-content\/uploads\/2024\/06\/Snimek-obrazovky-2024-06-03-203657-300x204.png 300w, https:\/\/www.design-award.cz\/wp-content\/uploads\/2024\/06\/Snimek-obrazovky-2024-06-03-203657-768x523.png 768w, https:\/\/www.design-award.cz\/wp-content\/uploads\/2024\/06\/Snimek-obrazovky-2024-06-03-203657-1536x1046.png 1536w, https:\/\/www.design-award.cz\/wp-content\/uploads\/2024\/06\/Snimek-obrazovky-2024-06-03-203657-500x341.png 500w, https:\/\/www.design-award.cz\/wp-content\/uploads\/2024\/06\/Snimek-obrazovky-2024-06-03-203657-800x545.png 800w, https:\/\/www.design-award.cz\/wp-content\/uploads\/2024\/06\/Snimek-obrazovky-2024-06-03-203657-1280x872.png 1280w, https:\/\/www.design-award.cz\/wp-content\/uploads\/2024\/06\/Snimek-obrazovky-2024-06-03-203657.png 1914w\" data-sizes=\"(max-width: 1024px) 100vw, 1024px\" src=\"data:image\/svg+xml;base64,PHN2ZyB3aWR0aD0iMSIgaGVpZ2h0PSIxIiB4bWxucz0iaHR0cDovL3d3dy53My5vcmcvMjAwMC9zdmciPjwvc3ZnPg==\" style=\"--smush-placeholder-width: 1024px; --smush-placeholder-aspect-ratio: 1024\/698;\" \/><\/figure>\n","protected":false},"excerpt":{"rendered":"<p>Nat\u00e1lie Stuchl\u00edkov\u00e1 Akademie Sv\u011btl\u00e1 nad S\u00e1zavou, st\u0159edn\u00ed \u0161kola a vy\u0161\u0161\u00ed odborn\u00e1 \u0161kola D\u011btsk\u00fd pokoj Zad\u00e1n\u00ed bylo za\u0159\u00eddit a vybavit d\u011btsk\u00fd pokoj pro 5 let\u00e9ho chlapce a pro 8 letou d\u00edvku, s ji\u017e dan\u00fdmi parametry prostoru. P\u0159i prvotn\u00edm rozm\u00eds\u0165ov\u00e1n\u00ed n\u00e1bytku v prostoru jsem se p\u0159edev\u0161\u00edm zam\u011b\u0159ovala na jeho celkov\u00e9 vyu\u017eit\u00ed a udr\u017eitelnost jednotliv\u00fdch kus\u016f v pr\u016fb\u011bhu [&hellip;]<\/p>\n","protected":false},"author":2,"featured_media":3501,"menu_order":0,"comment_status":"closed","ping_status":"closed","template":"","format":"standard","meta":{"ngg_post_thumbnail":0,"ocean_post_layout":"","ocean_both_sidebars_style":"","ocean_both_sidebars_content_width":0,"ocean_both_sidebars_sidebars_width":0,"ocean_sidebar":"","ocean_second_sidebar":"","ocean_disable_margins":"enable","ocean_add_body_class":"","ocean_shortcode_before_top_bar":"","ocean_shortcode_after_top_bar":"","ocean_shortcode_before_header":"","ocean_shortcode_after_header":"","ocean_has_shortcode":"","ocean_shortcode_after_title":"","ocean_shortcode_before_footer_widgets":"","ocean_shortcode_after_footer_widgets":"","ocean_shortcode_before_footer_bottom":"","ocean_shortcode_after_footer_bottom":"","ocean_display_top_bar":"default","ocean_display_header":"default","ocean_header_style":"","ocean_center_header_left_menu":"","ocean_custom_header_template":"","ocean_custom_logo":0,"ocean_custom_retina_logo":0,"ocean_custom_logo_max_width":0,"ocean_custom_logo_tablet_max_width":0,"ocean_custom_logo_mobile_max_width":0,"ocean_custom_logo_max_height":0,"ocean_custom_logo_tablet_max_height":0,"ocean_custom_logo_mobile_max_height":0,"ocean_header_custom_menu":"","ocean_menu_typo_font_family":"","ocean_menu_typo_font_subset":"","ocean_menu_typo_font_size":0,"ocean_menu_typo_font_size_tablet":0,"ocean_menu_typo_font_size_mobile":0,"ocean_menu_typo_font_size_unit":"px","ocean_menu_typo_font_weight":"","ocean_menu_typo_font_weight_tablet":"","ocean_menu_typo_font_weight_mobile":"","ocean_menu_typo_transform":"","ocean_menu_typo_transform_tablet":"","ocean_menu_typo_transform_mobile":"","ocean_menu_typo_line_height":0,"ocean_menu_typo_line_height_tablet":0,"ocean_menu_typo_line_height_mobile":0,"ocean_menu_typo_line_height_unit":"","ocean_menu_typo_spacing":0,"ocean_menu_typo_spacing_tablet":0,"ocean_menu_typo_spacing_mobile":0,"ocean_menu_typo_spacing_unit":"","ocean_menu_link_color":"","ocean_menu_link_color_hover":"","ocean_menu_link_color_active":"","ocean_menu_link_background":"","ocean_menu_link_hover_background":"","ocean_menu_link_active_background":"","ocean_menu_social_links_bg":"","ocean_menu_social_hover_links_bg":"","ocean_menu_social_links_color":"","ocean_menu_social_hover_links_color":"","ocean_disable_title":"default","ocean_disable_heading":"default","ocean_post_title":"","ocean_post_subheading":"","ocean_post_title_style":"","ocean_post_title_background_color":"","ocean_post_title_background":0,"ocean_post_title_bg_image_position":"","ocean_post_title_bg_image_attachment":"","ocean_post_title_bg_image_repeat":"","ocean_post_title_bg_image_size":"","ocean_post_title_height":0,"ocean_post_title_bg_overlay":0.5,"ocean_post_title_bg_overlay_color":"","ocean_disable_breadcrumbs":"default","ocean_breadcrumbs_color":"","ocean_breadcrumbs_separator_color":"","ocean_breadcrumbs_links_color":"","ocean_breadcrumbs_links_hover_color":"","ocean_display_footer_widgets":"default","ocean_display_footer_bottom":"default","ocean_custom_footer_template":"","_vp_format_video_url":"","_vp_image_focal_point":[],"footnotes":""},"portfolio_category":[],"portfolio_tag":[],"class_list":["post-3482","portfolio","type-portfolio","status-publish","format-standard","has-post-thumbnail","hentry","entry","has-media"],"yoast_head":"<!-- This site is optimized with the Yoast SEO plugin v25.2 - https:\/\/yoast.com\/wordpress\/plugins\/seo\/ -->\n<title>Soukrom\u00fd interi\u00e9r - D\u011btsk\u00fd pokoj - design-award.cz<\/title>\n<meta name=\"robots\" content=\"index, follow, max-snippet:-1, max-image-preview:large, max-video-preview:-1\" \/>\n<link rel=\"canonical\" href=\"https:\/\/www.design-award.cz\/?portfolio=soukromy-interier-detsky-pokoj-4\" \/>\n<meta property=\"og:locale\" content=\"cs_CZ\" \/>\n<meta property=\"og:type\" content=\"article\" \/>\n<meta property=\"og:title\" content=\"Soukrom\u00fd interi\u00e9r - D\u011btsk\u00fd pokoj - design-award.cz\" \/>\n<meta property=\"og:description\" content=\"Nat\u00e1lie Stuchl\u00edkov\u00e1 Akademie Sv\u011btl\u00e1 nad S\u00e1zavou, st\u0159edn\u00ed \u0161kola a vy\u0161\u0161\u00ed odborn\u00e1 \u0161kola D\u011btsk\u00fd pokoj Zad\u00e1n\u00ed bylo za\u0159\u00eddit a vybavit d\u011btsk\u00fd pokoj pro 5 let\u00e9ho chlapce a pro 8 letou d\u00edvku, s ji\u017e dan\u00fdmi parametry prostoru. P\u0159i prvotn\u00edm rozm\u00eds\u0165ov\u00e1n\u00ed n\u00e1bytku v prostoru jsem se p\u0159edev\u0161\u00edm zam\u011b\u0159ovala na jeho celkov\u00e9 vyu\u017eit\u00ed a udr\u017eitelnost jednotliv\u00fdch kus\u016f v pr\u016fb\u011bhu [&hellip;]\" \/>\n<meta property=\"og:url\" content=\"https:\/\/www.design-award.cz\/?portfolio=soukromy-interier-detsky-pokoj-4\" \/>\n<meta property=\"og:site_name\" content=\"design-award.cz\" \/>\n<meta property=\"article:modified_time\" content=\"2024-06-06T21:18:17+00:00\" \/>\n<meta property=\"og:image\" content=\"http:\/\/www.design-award.cz\/wp-content\/uploads\/2024\/06\/Snimek-obrazovky-2024-06-03-194122-1024x572.png\" \/>\n\t<meta property=\"og:image:width\" content=\"1024\" \/>\n\t<meta property=\"og:image:height\" content=\"572\" \/>\n\t<meta property=\"og:image:type\" content=\"image\/png\" \/>\n<meta name=\"twitter:card\" content=\"summary_large_image\" \/>\n<meta name=\"twitter:label1\" content=\"Odhadovan\u00e1 doba \u010dten\u00ed\" \/>\n\t<meta name=\"twitter:data1\" content=\"1 minuta\" \/>\n<script type=\"application\/ld+json\" class=\"yoast-schema-graph\">{\"@context\":\"https:\/\/schema.org\",\"@graph\":[{\"@type\":\"WebPage\",\"@id\":\"https:\/\/www.design-award.cz\/?portfolio=soukromy-interier-detsky-pokoj-4\",\"url\":\"https:\/\/www.design-award.cz\/?portfolio=soukromy-interier-detsky-pokoj-4\",\"name\":\"Soukrom\u00fd interi\u00e9r - D\u011btsk\u00fd pokoj - design-award.cz\",\"isPartOf\":{\"@id\":\"https:\/\/www.design-award.cz\/#website\"},\"primaryImageOfPage\":{\"@id\":\"https:\/\/www.design-award.cz\/?portfolio=soukromy-interier-detsky-pokoj-4#primaryimage\"},\"image\":{\"@id\":\"https:\/\/www.design-award.cz\/?portfolio=soukromy-interier-detsky-pokoj-4#primaryimage\"},\"thumbnailUrl\":\"https:\/\/www.design-award.cz\/wp-content\/uploads\/2024\/06\/Snimek-obrazovky-2024-06-03-194122.png\",\"datePublished\":\"2024-06-06T21:16:34+00:00\",\"dateModified\":\"2024-06-06T21:18:17+00:00\",\"breadcrumb\":{\"@id\":\"https:\/\/www.design-award.cz\/?portfolio=soukromy-interier-detsky-pokoj-4#breadcrumb\"},\"inLanguage\":\"cs\",\"potentialAction\":[{\"@type\":\"ReadAction\",\"target\":[\"https:\/\/www.design-award.cz\/?portfolio=soukromy-interier-detsky-pokoj-4\"]}]},{\"@type\":\"ImageObject\",\"inLanguage\":\"cs\",\"@id\":\"https:\/\/www.design-award.cz\/?portfolio=soukromy-interier-detsky-pokoj-4#primaryimage\",\"url\":\"https:\/\/www.design-award.cz\/wp-content\/uploads\/2024\/06\/Snimek-obrazovky-2024-06-03-194122.png\",\"contentUrl\":\"https:\/\/www.design-award.cz\/wp-content\/uploads\/2024\/06\/Snimek-obrazovky-2024-06-03-194122.png\",\"width\":2226,\"height\":1244},{\"@type\":\"BreadcrumbList\",\"@id\":\"https:\/\/www.design-award.cz\/?portfolio=soukromy-interier-detsky-pokoj-4#breadcrumb\",\"itemListElement\":[{\"@type\":\"ListItem\",\"position\":1,\"name\":\"Dom\u016f\",\"item\":\"https:\/\/www.design-award.cz\/\"},{\"@type\":\"ListItem\",\"position\":2,\"name\":\"Portfolio Items\",\"item\":\"https:\/\/www.design-award.cz\/?post_type=portfolio\"},{\"@type\":\"ListItem\",\"position\":3,\"name\":\"Soukrom\u00fd interi\u00e9r &#8211; D\u011btsk\u00fd pokoj\"}]},{\"@type\":\"WebSite\",\"@id\":\"https:\/\/www.design-award.cz\/#website\",\"url\":\"https:\/\/www.design-award.cz\/\",\"name\":\"design-award.cz\",\"description\":\"WARD vznikla v roce 2022. Je ur\u010dena p\u0159edev\u0161\u00edm student\u016fm st\u0159edn\u00edch um\u011bleck\u00fdch \u0161kol (S\u0160 a VO\u0160), kte\u0159\u00ed mohou bezplatn\u011b zaslat sv\u00e9 n\u00e1vrhy v uveden\u00fdch kategori\u00ed a tak pom\u011b\u0159it sv\u00e9 n\u00e1pady s konkurenc\u00ed sv\u00fdch vrstevn\u00edk\u016f. N\u00e1vrhy jsou n\u00e1sledn\u011b posouzeny nez\u00e1vislou porotou z \u0159ad v\u00fdtvarn\u00edk\u016f, pedagog\u016f a profesion\u00e1l\u016f z oboru.\",\"publisher\":{\"@id\":\"https:\/\/www.design-award.cz\/#organization\"},\"potentialAction\":[{\"@type\":\"SearchAction\",\"target\":{\"@type\":\"EntryPoint\",\"urlTemplate\":\"https:\/\/www.design-award.cz\/?s={search_term_string}\"},\"query-input\":{\"@type\":\"PropertyValueSpecification\",\"valueRequired\":true,\"valueName\":\"search_term_string\"}}],\"inLanguage\":\"cs\"},{\"@type\":\"Organization\",\"@id\":\"https:\/\/www.design-award.cz\/#organization\",\"name\":\"Design Award\",\"url\":\"https:\/\/www.design-award.cz\/\",\"logo\":{\"@type\":\"ImageObject\",\"inLanguage\":\"cs\",\"@id\":\"https:\/\/www.design-award.cz\/#\/schema\/logo\/image\/\",\"url\":\"http:\/\/www.design-award.cz\/wp-content\/uploads\/2021\/12\/hornilogo_design-award.png\",\"contentUrl\":\"http:\/\/www.design-award.cz\/wp-content\/uploads\/2021\/12\/hornilogo_design-award.png\",\"width\":800,\"height\":600,\"caption\":\"Design Award\"},\"image\":{\"@id\":\"https:\/\/www.design-award.cz\/#\/schema\/logo\/image\/\"},\"sameAs\":[\"https:\/\/www.instagram.com\/design_award\/\"]}]}<\/script>\n<!-- \/ Yoast SEO plugin. -->","yoast_head_json":{"title":"Soukrom\u00fd interi\u00e9r - D\u011btsk\u00fd pokoj - design-award.cz","robots":{"index":"index","follow":"follow","max-snippet":"max-snippet:-1","max-image-preview":"max-image-preview:large","max-video-preview":"max-video-preview:-1"},"canonical":"https:\/\/www.design-award.cz\/?portfolio=soukromy-interier-detsky-pokoj-4","og_locale":"cs_CZ","og_type":"article","og_title":"Soukrom\u00fd interi\u00e9r - D\u011btsk\u00fd pokoj - design-award.cz","og_description":"Nat\u00e1lie Stuchl\u00edkov\u00e1 Akademie Sv\u011btl\u00e1 nad S\u00e1zavou, st\u0159edn\u00ed \u0161kola a vy\u0161\u0161\u00ed odborn\u00e1 \u0161kola D\u011btsk\u00fd pokoj Zad\u00e1n\u00ed bylo za\u0159\u00eddit a vybavit d\u011btsk\u00fd pokoj pro 5 let\u00e9ho chlapce a pro 8 letou d\u00edvku, s ji\u017e dan\u00fdmi parametry prostoru. P\u0159i prvotn\u00edm rozm\u00eds\u0165ov\u00e1n\u00ed n\u00e1bytku v prostoru jsem se p\u0159edev\u0161\u00edm zam\u011b\u0159ovala na jeho celkov\u00e9 vyu\u017eit\u00ed a udr\u017eitelnost jednotliv\u00fdch kus\u016f v pr\u016fb\u011bhu [&hellip;]","og_url":"https:\/\/www.design-award.cz\/?portfolio=soukromy-interier-detsky-pokoj-4","og_site_name":"design-award.cz","article_modified_time":"2024-06-06T21:18:17+00:00","og_image":[{"width":1024,"height":572,"url":"http:\/\/www.design-award.cz\/wp-content\/uploads\/2024\/06\/Snimek-obrazovky-2024-06-03-194122-1024x572.png","type":"image\/png"}],"twitter_card":"summary_large_image","twitter_misc":{"Odhadovan\u00e1 doba \u010dten\u00ed":"1 minuta"},"schema":{"@context":"https:\/\/schema.org","@graph":[{"@type":"WebPage","@id":"https:\/\/www.design-award.cz\/?portfolio=soukromy-interier-detsky-pokoj-4","url":"https:\/\/www.design-award.cz\/?portfolio=soukromy-interier-detsky-pokoj-4","name":"Soukrom\u00fd interi\u00e9r - D\u011btsk\u00fd pokoj - design-award.cz","isPartOf":{"@id":"https:\/\/www.design-award.cz\/#website"},"primaryImageOfPage":{"@id":"https:\/\/www.design-award.cz\/?portfolio=soukromy-interier-detsky-pokoj-4#primaryimage"},"image":{"@id":"https:\/\/www.design-award.cz\/?portfolio=soukromy-interier-detsky-pokoj-4#primaryimage"},"thumbnailUrl":"https:\/\/www.design-award.cz\/wp-content\/uploads\/2024\/06\/Snimek-obrazovky-2024-06-03-194122.png","datePublished":"2024-06-06T21:16:34+00:00","dateModified":"2024-06-06T21:18:17+00:00","breadcrumb":{"@id":"https:\/\/www.design-award.cz\/?portfolio=soukromy-interier-detsky-pokoj-4#breadcrumb"},"inLanguage":"cs","potentialAction":[{"@type":"ReadAction","target":["https:\/\/www.design-award.cz\/?portfolio=soukromy-interier-detsky-pokoj-4"]}]},{"@type":"ImageObject","inLanguage":"cs","@id":"https:\/\/www.design-award.cz\/?portfolio=soukromy-interier-detsky-pokoj-4#primaryimage","url":"https:\/\/www.design-award.cz\/wp-content\/uploads\/2024\/06\/Snimek-obrazovky-2024-06-03-194122.png","contentUrl":"https:\/\/www.design-award.cz\/wp-content\/uploads\/2024\/06\/Snimek-obrazovky-2024-06-03-194122.png","width":2226,"height":1244},{"@type":"BreadcrumbList","@id":"https:\/\/www.design-award.cz\/?portfolio=soukromy-interier-detsky-pokoj-4#breadcrumb","itemListElement":[{"@type":"ListItem","position":1,"name":"Dom\u016f","item":"https:\/\/www.design-award.cz\/"},{"@type":"ListItem","position":2,"name":"Portfolio Items","item":"https:\/\/www.design-award.cz\/?post_type=portfolio"},{"@type":"ListItem","position":3,"name":"Soukrom\u00fd interi\u00e9r &#8211; D\u011btsk\u00fd pokoj"}]},{"@type":"WebSite","@id":"https:\/\/www.design-award.cz\/#website","url":"https:\/\/www.design-award.cz\/","name":"design-award.cz","description":"WARD vznikla v roce 2022. Je ur\u010dena p\u0159edev\u0161\u00edm student\u016fm st\u0159edn\u00edch um\u011bleck\u00fdch \u0161kol (S\u0160 a VO\u0160), kte\u0159\u00ed mohou bezplatn\u011b zaslat sv\u00e9 n\u00e1vrhy v uveden\u00fdch kategori\u00ed a tak pom\u011b\u0159it sv\u00e9 n\u00e1pady s konkurenc\u00ed sv\u00fdch vrstevn\u00edk\u016f. N\u00e1vrhy jsou n\u00e1sledn\u011b posouzeny nez\u00e1vislou porotou z \u0159ad v\u00fdtvarn\u00edk\u016f, pedagog\u016f a profesion\u00e1l\u016f z oboru.","publisher":{"@id":"https:\/\/www.design-award.cz\/#organization"},"potentialAction":[{"@type":"SearchAction","target":{"@type":"EntryPoint","urlTemplate":"https:\/\/www.design-award.cz\/?s={search_term_string}"},"query-input":{"@type":"PropertyValueSpecification","valueRequired":true,"valueName":"search_term_string"}}],"inLanguage":"cs"},{"@type":"Organization","@id":"https:\/\/www.design-award.cz\/#organization","name":"Design Award","url":"https:\/\/www.design-award.cz\/","logo":{"@type":"ImageObject","inLanguage":"cs","@id":"https:\/\/www.design-award.cz\/#\/schema\/logo\/image\/","url":"http:\/\/www.design-award.cz\/wp-content\/uploads\/2021\/12\/hornilogo_design-award.png","contentUrl":"http:\/\/www.design-award.cz\/wp-content\/uploads\/2021\/12\/hornilogo_design-award.png","width":800,"height":600,"caption":"Design Award"},"image":{"@id":"https:\/\/www.design-award.cz\/#\/schema\/logo\/image\/"},"sameAs":["https:\/\/www.instagram.com\/design_award\/"]}]}},"_links":{"self":[{"href":"https:\/\/www.design-award.cz\/index.php?rest_route=\/wp\/v2\/portfolio\/3482","targetHints":{"allow":["GET"]}}],"collection":[{"href":"https:\/\/www.design-award.cz\/index.php?rest_route=\/wp\/v2\/portfolio"}],"about":[{"href":"https:\/\/www.design-award.cz\/index.php?rest_route=\/wp\/v2\/types\/portfolio"}],"author":[{"embeddable":true,"href":"https:\/\/www.design-award.cz\/index.php?rest_route=\/wp\/v2\/users\/2"}],"replies":[{"embeddable":true,"href":"https:\/\/www.design-award.cz\/index.php?rest_route=%2Fwp%2Fv2%2Fcomments&post=3482"}],"version-history":[{"count":1,"href":"https:\/\/www.design-award.cz\/index.php?rest_route=\/wp\/v2\/portfolio\/3482\/revisions"}],"predecessor-version":[{"id":3511,"href":"https:\/\/www.design-award.cz\/index.php?rest_route=\/wp\/v2\/portfolio\/3482\/revisions\/3511"}],"wp:featuredmedia":[{"embeddable":true,"href":"https:\/\/www.design-award.cz\/index.php?rest_route=\/wp\/v2\/media\/3501"}],"wp:attachment":[{"href":"https:\/\/www.design-award.cz\/index.php?rest_route=%2Fwp%2Fv2%2Fmedia&parent=3482"}],"wp:term":[{"taxonomy":"portfolio_category","embeddable":true,"href":"https:\/\/www.design-award.cz\/index.php?rest_route=%2Fwp%2Fv2%2Fportfolio_category&post=3482"},{"taxonomy":"portfolio_tag","embeddable":true,"href":"https:\/\/www.design-award.cz\/index.php?rest_route=%2Fwp%2Fv2%2Fportfolio_tag&post=3482"}],"curies":[{"name":"wp","href":"https:\/\/api.w.org\/{rel}","templated":true}]}}