{"id":3484,"date":"2024-06-06T21:08:50","date_gmt":"2024-06-06T21:08:50","guid":{"rendered":"https:\/\/www.design-award.cz\/?post_type=portfolio&#038;p=3484"},"modified":"2024-06-06T21:11:00","modified_gmt":"2024-06-06T21:11:00","slug":"verejny-interier-coffe-time","status":"publish","type":"portfolio","link":"https:\/\/www.design-award.cz\/?portfolio=verejny-interier-coffe-time","title":{"rendered":"Ve\u0159ejn\u00fd interi\u00e9r &#8211; Coffe time"},"content":{"rendered":"\n<p><strong>Jakub Hor\u00e1k<\/strong><\/p>\n\n\n\n<p>St\u0159edn\u00ed \u0161kola designu interi\u00e9ru Kate\u0159inky \u2013 Liberec, s.r.o.<\/p>\n\n\n\n<p>Zad\u00e1n\u00edm pr\u00e1ce bylo vyu\u017e\u00edt komer\u010dn\u011b dostupn\u00e9 kontejnery a toto je moje pojet\u00ed tohoto t\u00e9matu. M\u011bli jsme mo\u017enost zpracovat projekt pro soukromou nebo komer\u010dn\u00ed sf\u00e9ru a j\u00e1 jsem si vybral komer\u010dn\u00ed, jeliko\u017e jsem ji\u017e nespo\u010detn\u011bkr\u00e1t zpracov\u00e1val projekty pro soukromou sf\u00e9ru.<\/p>\n\n\n\n<p>Celkov\u00e9 um\u00edst\u011bn\u00ed projektu je situov\u00e1no v lesoparku ve Vratislavic\u00edch, na m\u00edst\u011b, kde se dv\u011b cesty prot\u00ednaj\u00ed. Sna\u017eil jsem se, aby tento objekt ladil s modern\u00edm vzhledem okoln\u00edch budov a z\u00e1rove\u0148 aby n\u00e1v\u0161t\u011bvn\u00edci m\u011bli pocit, \u017ee se nach\u00e1zej\u00ed v n\u00e1dhern\u00e9m p\u0159\u00edrodn\u00edm prost\u0159ed\u00ed.<\/p>\n\n\n\n<p>Projekt velmi d\u016fkladn\u011b zohled\u0148uje t\u00e9ma recyklace a obnovitelnosti. Mnoho \u010d\u00e1st\u00ed prodejny je vyrobeno z recyklovan\u00fdch materi\u00e1l\u016f, jako nap\u0159\u00edklad textilie pou\u017eit\u00e9 nad balkonem nebo reg\u00e1lov\u00e9 desky pou\u017eit\u00e9 na podlahu pro zam\u011bstnance.<\/p>\n\n\n\n<figure class=\"wp-block-image size-large\"><img decoding=\"async\" width=\"1024\" height=\"800\" data-src=\"http:\/\/www.design-award.cz\/wp-content\/uploads\/2024\/06\/D5_Image_20240412_181940-min-1024x800.png\" alt=\"\" class=\"wp-image-3485 lazyload\" data-srcset=\"https:\/\/www.design-award.cz\/wp-content\/uploads\/2024\/06\/D5_Image_20240412_181940-min-1024x800.png 1024w, https:\/\/www.design-award.cz\/wp-content\/uploads\/2024\/06\/D5_Image_20240412_181940-min-300x234.png 300w, https:\/\/www.design-award.cz\/wp-content\/uploads\/2024\/06\/D5_Image_20240412_181940-min-768x600.png 768w, https:\/\/www.design-award.cz\/wp-content\/uploads\/2024\/06\/D5_Image_20240412_181940-min-1536x1201.png 1536w, https:\/\/www.design-award.cz\/wp-content\/uploads\/2024\/06\/D5_Image_20240412_181940-min-2048x1601.png 2048w, https:\/\/www.design-award.cz\/wp-content\/uploads\/2024\/06\/D5_Image_20240412_181940-min-500x391.png 500w, https:\/\/www.design-award.cz\/wp-content\/uploads\/2024\/06\/D5_Image_20240412_181940-min-800x625.png 800w, https:\/\/www.design-award.cz\/wp-content\/uploads\/2024\/06\/D5_Image_20240412_181940-min-1280x1001.png 1280w, https:\/\/www.design-award.cz\/wp-content\/uploads\/2024\/06\/D5_Image_20240412_181940-min-1920x1501.png 1920w\" data-sizes=\"(max-width: 1024px) 100vw, 1024px\" src=\"data:image\/svg+xml;base64,PHN2ZyB3aWR0aD0iMSIgaGVpZ2h0PSIxIiB4bWxucz0iaHR0cDovL3d3dy53My5vcmcvMjAwMC9zdmciPjwvc3ZnPg==\" style=\"--smush-placeholder-width: 1024px; --smush-placeholder-aspect-ratio: 1024\/800;\" \/><\/figure>\n\n\n\n<figure class=\"wp-block-image size-large\"><img decoding=\"async\" width=\"1024\" height=\"800\" data-src=\"http:\/\/www.design-award.cz\/wp-content\/uploads\/2024\/06\/D5_Image_20240412_185115-min-1024x800.png\" alt=\"\" class=\"wp-image-3489 lazyload\" data-srcset=\"https:\/\/www.design-award.cz\/wp-content\/uploads\/2024\/06\/D5_Image_20240412_185115-min-1024x800.png 1024w, https:\/\/www.design-award.cz\/wp-content\/uploads\/2024\/06\/D5_Image_20240412_185115-min-300x234.png 300w, https:\/\/www.design-award.cz\/wp-content\/uploads\/2024\/06\/D5_Image_20240412_185115-min-768x600.png 768w, https:\/\/www.design-award.cz\/wp-content\/uploads\/2024\/06\/D5_Image_20240412_185115-min-1536x1201.png 1536w, https:\/\/www.design-award.cz\/wp-content\/uploads\/2024\/06\/D5_Image_20240412_185115-min-2048x1601.png 2048w, https:\/\/www.design-award.cz\/wp-content\/uploads\/2024\/06\/D5_Image_20240412_185115-min-500x391.png 500w, https:\/\/www.design-award.cz\/wp-content\/uploads\/2024\/06\/D5_Image_20240412_185115-min-800x625.png 800w, https:\/\/www.design-award.cz\/wp-content\/uploads\/2024\/06\/D5_Image_20240412_185115-min-1280x1001.png 1280w, https:\/\/www.design-award.cz\/wp-content\/uploads\/2024\/06\/D5_Image_20240412_185115-min-1920x1501.png 1920w\" data-sizes=\"(max-width: 1024px) 100vw, 1024px\" src=\"data:image\/svg+xml;base64,PHN2ZyB3aWR0aD0iMSIgaGVpZ2h0PSIxIiB4bWxucz0iaHR0cDovL3d3dy53My5vcmcvMjAwMC9zdmciPjwvc3ZnPg==\" style=\"--smush-placeholder-width: 1024px; --smush-placeholder-aspect-ratio: 1024\/800;\" \/><\/figure>\n\n\n\n<figure class=\"wp-block-image size-large\"><img decoding=\"async\" width=\"1024\" height=\"800\" data-src=\"http:\/\/www.design-award.cz\/wp-content\/uploads\/2024\/06\/D5_Image_20240412_184445-min-1024x800.png\" alt=\"\" class=\"wp-image-3488 lazyload\" data-srcset=\"https:\/\/www.design-award.cz\/wp-content\/uploads\/2024\/06\/D5_Image_20240412_184445-min-1024x800.png 1024w, https:\/\/www.design-award.cz\/wp-content\/uploads\/2024\/06\/D5_Image_20240412_184445-min-300x234.png 300w, https:\/\/www.design-award.cz\/wp-content\/uploads\/2024\/06\/D5_Image_20240412_184445-min-768x600.png 768w, https:\/\/www.design-award.cz\/wp-content\/uploads\/2024\/06\/D5_Image_20240412_184445-min-1536x1201.png 1536w, https:\/\/www.design-award.cz\/wp-content\/uploads\/2024\/06\/D5_Image_20240412_184445-min-2048x1601.png 2048w, https:\/\/www.design-award.cz\/wp-content\/uploads\/2024\/06\/D5_Image_20240412_184445-min-500x391.png 500w, https:\/\/www.design-award.cz\/wp-content\/uploads\/2024\/06\/D5_Image_20240412_184445-min-800x625.png 800w, https:\/\/www.design-award.cz\/wp-content\/uploads\/2024\/06\/D5_Image_20240412_184445-min-1280x1001.png 1280w, https:\/\/www.design-award.cz\/wp-content\/uploads\/2024\/06\/D5_Image_20240412_184445-min-1920x1501.png 1920w\" data-sizes=\"(max-width: 1024px) 100vw, 1024px\" src=\"data:image\/svg+xml;base64,PHN2ZyB3aWR0aD0iMSIgaGVpZ2h0PSIxIiB4bWxucz0iaHR0cDovL3d3dy53My5vcmcvMjAwMC9zdmciPjwvc3ZnPg==\" style=\"--smush-placeholder-width: 1024px; --smush-placeholder-aspect-ratio: 1024\/800;\" \/><\/figure>\n\n\n\n<figure class=\"wp-block-image size-large\"><img decoding=\"async\" width=\"1024\" height=\"800\" data-src=\"http:\/\/www.design-award.cz\/wp-content\/uploads\/2024\/06\/D5_Image_20240412_183501-min-1024x800.png\" alt=\"\" class=\"wp-image-3487 lazyload\" data-srcset=\"https:\/\/www.design-award.cz\/wp-content\/uploads\/2024\/06\/D5_Image_20240412_183501-min-1024x800.png 1024w, https:\/\/www.design-award.cz\/wp-content\/uploads\/2024\/06\/D5_Image_20240412_183501-min-300x234.png 300w, https:\/\/www.design-award.cz\/wp-content\/uploads\/2024\/06\/D5_Image_20240412_183501-min-768x600.png 768w, https:\/\/www.design-award.cz\/wp-content\/uploads\/2024\/06\/D5_Image_20240412_183501-min-1536x1201.png 1536w, https:\/\/www.design-award.cz\/wp-content\/uploads\/2024\/06\/D5_Image_20240412_183501-min-2048x1601.png 2048w, https:\/\/www.design-award.cz\/wp-content\/uploads\/2024\/06\/D5_Image_20240412_183501-min-500x391.png 500w, https:\/\/www.design-award.cz\/wp-content\/uploads\/2024\/06\/D5_Image_20240412_183501-min-800x625.png 800w, https:\/\/www.design-award.cz\/wp-content\/uploads\/2024\/06\/D5_Image_20240412_183501-min-1280x1001.png 1280w, https:\/\/www.design-award.cz\/wp-content\/uploads\/2024\/06\/D5_Image_20240412_183501-min-1920x1501.png 1920w\" data-sizes=\"(max-width: 1024px) 100vw, 1024px\" src=\"data:image\/svg+xml;base64,PHN2ZyB3aWR0aD0iMSIgaGVpZ2h0PSIxIiB4bWxucz0iaHR0cDovL3d3dy53My5vcmcvMjAwMC9zdmciPjwvc3ZnPg==\" style=\"--smush-placeholder-width: 1024px; --smush-placeholder-aspect-ratio: 1024\/800;\" \/><\/figure>\n\n\n\n<figure class=\"wp-block-image size-large\"><img decoding=\"async\" width=\"1024\" height=\"800\" data-src=\"http:\/\/www.design-award.cz\/wp-content\/uploads\/2024\/06\/D5_Image_20240412_183018-min-1024x800.png\" alt=\"\" class=\"wp-image-3486 lazyload\" data-srcset=\"https:\/\/www.design-award.cz\/wp-content\/uploads\/2024\/06\/D5_Image_20240412_183018-min-1024x800.png 1024w, https:\/\/www.design-award.cz\/wp-content\/uploads\/2024\/06\/D5_Image_20240412_183018-min-300x234.png 300w, https:\/\/www.design-award.cz\/wp-content\/uploads\/2024\/06\/D5_Image_20240412_183018-min-768x600.png 768w, https:\/\/www.design-award.cz\/wp-content\/uploads\/2024\/06\/D5_Image_20240412_183018-min-1536x1201.png 1536w, https:\/\/www.design-award.cz\/wp-content\/uploads\/2024\/06\/D5_Image_20240412_183018-min-2048x1601.png 2048w, https:\/\/www.design-award.cz\/wp-content\/uploads\/2024\/06\/D5_Image_20240412_183018-min-500x391.png 500w, https:\/\/www.design-award.cz\/wp-content\/uploads\/2024\/06\/D5_Image_20240412_183018-min-800x625.png 800w, https:\/\/www.design-award.cz\/wp-content\/uploads\/2024\/06\/D5_Image_20240412_183018-min-1280x1001.png 1280w, https:\/\/www.design-award.cz\/wp-content\/uploads\/2024\/06\/D5_Image_20240412_183018-min-1920x1501.png 1920w\" data-sizes=\"(max-width: 1024px) 100vw, 1024px\" src=\"data:image\/svg+xml;base64,PHN2ZyB3aWR0aD0iMSIgaGVpZ2h0PSIxIiB4bWxucz0iaHR0cDovL3d3dy53My5vcmcvMjAwMC9zdmciPjwvc3ZnPg==\" style=\"--smush-placeholder-width: 1024px; --smush-placeholder-aspect-ratio: 1024\/800;\" \/><\/figure>\n","protected":false},"excerpt":{"rendered":"<p>Jakub Hor\u00e1k St\u0159edn\u00ed \u0161kola designu interi\u00e9ru Kate\u0159inky \u2013 Liberec, s.r.o. Zad\u00e1n\u00edm pr\u00e1ce bylo vyu\u017e\u00edt komer\u010dn\u011b dostupn\u00e9 kontejnery a toto je moje pojet\u00ed tohoto t\u00e9matu. M\u011bli jsme mo\u017enost zpracovat projekt pro soukromou nebo komer\u010dn\u00ed sf\u00e9ru a j\u00e1 jsem si vybral komer\u010dn\u00ed, jeliko\u017e jsem ji\u017e nespo\u010detn\u011bkr\u00e1t zpracov\u00e1val projekty pro soukromou sf\u00e9ru. Celkov\u00e9 um\u00edst\u011bn\u00ed projektu je situov\u00e1no v [&hellip;]<\/p>\n","protected":false},"author":2,"featured_media":3490,"menu_order":0,"comment_status":"closed","ping_status":"closed","template":"","format":"standard","meta":{"ngg_post_thumbnail":0,"ocean_post_layout":"","ocean_both_sidebars_style":"","ocean_both_sidebars_content_width":0,"ocean_both_sidebars_sidebars_width":0,"ocean_sidebar":"","ocean_second_sidebar":"","ocean_disable_margins":"enable","ocean_add_body_class":"","ocean_shortcode_before_top_bar":"","ocean_shortcode_after_top_bar":"","ocean_shortcode_before_header":"","ocean_shortcode_after_header":"","ocean_has_shortcode":"","ocean_shortcode_after_title":"","ocean_shortcode_before_footer_widgets":"","ocean_shortcode_after_footer_widgets":"","ocean_shortcode_before_footer_bottom":"","ocean_shortcode_after_footer_bottom":"","ocean_display_top_bar":"default","ocean_display_header":"default","ocean_header_style":"","ocean_center_header_left_menu":"","ocean_custom_header_template":"","ocean_custom_logo":0,"ocean_custom_retina_logo":0,"ocean_custom_logo_max_width":0,"ocean_custom_logo_tablet_max_width":0,"ocean_custom_logo_mobile_max_width":0,"ocean_custom_logo_max_height":0,"ocean_custom_logo_tablet_max_height":0,"ocean_custom_logo_mobile_max_height":0,"ocean_header_custom_menu":"","ocean_menu_typo_font_family":"","ocean_menu_typo_font_subset":"","ocean_menu_typo_font_size":0,"ocean_menu_typo_font_size_tablet":0,"ocean_menu_typo_font_size_mobile":0,"ocean_menu_typo_font_size_unit":"px","ocean_menu_typo_font_weight":"","ocean_menu_typo_font_weight_tablet":"","ocean_menu_typo_font_weight_mobile":"","ocean_menu_typo_transform":"","ocean_menu_typo_transform_tablet":"","ocean_menu_typo_transform_mobile":"","ocean_menu_typo_line_height":0,"ocean_menu_typo_line_height_tablet":0,"ocean_menu_typo_line_height_mobile":0,"ocean_menu_typo_line_height_unit":"","ocean_menu_typo_spacing":0,"ocean_menu_typo_spacing_tablet":0,"ocean_menu_typo_spacing_mobile":0,"ocean_menu_typo_spacing_unit":"","ocean_menu_link_color":"","ocean_menu_link_color_hover":"","ocean_menu_link_color_active":"","ocean_menu_link_background":"","ocean_menu_link_hover_background":"","ocean_menu_link_active_background":"","ocean_menu_social_links_bg":"","ocean_menu_social_hover_links_bg":"","ocean_menu_social_links_color":"","ocean_menu_social_hover_links_color":"","ocean_disable_title":"default","ocean_disable_heading":"default","ocean_post_title":"","ocean_post_subheading":"","ocean_post_title_style":"","ocean_post_title_background_color":"","ocean_post_title_background":0,"ocean_post_title_bg_image_position":"","ocean_post_title_bg_image_attachment":"","ocean_post_title_bg_image_repeat":"","ocean_post_title_bg_image_size":"","ocean_post_title_height":0,"ocean_post_title_bg_overlay":0.5,"ocean_post_title_bg_overlay_color":"","ocean_disable_breadcrumbs":"default","ocean_breadcrumbs_color":"","ocean_breadcrumbs_separator_color":"","ocean_breadcrumbs_links_color":"","ocean_breadcrumbs_links_hover_color":"","ocean_display_footer_widgets":"default","ocean_display_footer_bottom":"default","ocean_custom_footer_template":"","_vp_format_video_url":"","_vp_image_focal_point":[],"footnotes":""},"portfolio_category":[],"portfolio_tag":[],"class_list":["post-3484","portfolio","type-portfolio","status-publish","format-standard","has-post-thumbnail","hentry","entry","has-media"],"yoast_head":"<!-- This site is optimized with the Yoast SEO plugin v25.2 - https:\/\/yoast.com\/wordpress\/plugins\/seo\/ -->\n<title>Ve\u0159ejn\u00fd interi\u00e9r - Coffe time - design-award.cz<\/title>\n<meta name=\"robots\" content=\"index, follow, max-snippet:-1, max-image-preview:large, max-video-preview:-1\" \/>\n<link rel=\"canonical\" href=\"https:\/\/www.design-award.cz\/?portfolio=verejny-interier-coffe-time\" \/>\n<meta property=\"og:locale\" content=\"cs_CZ\" \/>\n<meta property=\"og:type\" content=\"article\" \/>\n<meta property=\"og:title\" content=\"Ve\u0159ejn\u00fd interi\u00e9r - Coffe time - design-award.cz\" \/>\n<meta property=\"og:description\" content=\"Jakub Hor\u00e1k St\u0159edn\u00ed \u0161kola designu interi\u00e9ru Kate\u0159inky \u2013 Liberec, s.r.o. Zad\u00e1n\u00edm pr\u00e1ce bylo vyu\u017e\u00edt komer\u010dn\u011b dostupn\u00e9 kontejnery a toto je moje pojet\u00ed tohoto t\u00e9matu. M\u011bli jsme mo\u017enost zpracovat projekt pro soukromou nebo komer\u010dn\u00ed sf\u00e9ru a j\u00e1 jsem si vybral komer\u010dn\u00ed, jeliko\u017e jsem ji\u017e nespo\u010detn\u011bkr\u00e1t zpracov\u00e1val projekty pro soukromou sf\u00e9ru. Celkov\u00e9 um\u00edst\u011bn\u00ed projektu je situov\u00e1no v [&hellip;]\" \/>\n<meta property=\"og:url\" content=\"https:\/\/www.design-award.cz\/?portfolio=verejny-interier-coffe-time\" \/>\n<meta property=\"og:site_name\" content=\"design-award.cz\" \/>\n<meta property=\"article:modified_time\" content=\"2024-06-06T21:11:00+00:00\" \/>\n<meta property=\"og:image\" content=\"http:\/\/www.design-award.cz\/wp-content\/uploads\/2024\/06\/D5_Image_20240412_210548-min.png\" \/>\n\t<meta property=\"og:image:width\" content=\"848\" \/>\n\t<meta property=\"og:image:height\" content=\"663\" \/>\n\t<meta property=\"og:image:type\" content=\"image\/png\" \/>\n<meta name=\"twitter:card\" content=\"summary_large_image\" \/>\n<meta name=\"twitter:label1\" content=\"Odhadovan\u00e1 doba \u010dten\u00ed\" \/>\n\t<meta name=\"twitter:data1\" content=\"1 minuta\" \/>\n<script type=\"application\/ld+json\" class=\"yoast-schema-graph\">{\"@context\":\"https:\/\/schema.org\",\"@graph\":[{\"@type\":\"WebPage\",\"@id\":\"https:\/\/www.design-award.cz\/?portfolio=verejny-interier-coffe-time\",\"url\":\"https:\/\/www.design-award.cz\/?portfolio=verejny-interier-coffe-time\",\"name\":\"Ve\u0159ejn\u00fd interi\u00e9r - Coffe time - design-award.cz\",\"isPartOf\":{\"@id\":\"https:\/\/www.design-award.cz\/#website\"},\"primaryImageOfPage\":{\"@id\":\"https:\/\/www.design-award.cz\/?portfolio=verejny-interier-coffe-time#primaryimage\"},\"image\":{\"@id\":\"https:\/\/www.design-award.cz\/?portfolio=verejny-interier-coffe-time#primaryimage\"},\"thumbnailUrl\":\"https:\/\/www.design-award.cz\/wp-content\/uploads\/2024\/06\/D5_Image_20240412_210548-min.png\",\"datePublished\":\"2024-06-06T21:08:50+00:00\",\"dateModified\":\"2024-06-06T21:11:00+00:00\",\"breadcrumb\":{\"@id\":\"https:\/\/www.design-award.cz\/?portfolio=verejny-interier-coffe-time#breadcrumb\"},\"inLanguage\":\"cs\",\"potentialAction\":[{\"@type\":\"ReadAction\",\"target\":[\"https:\/\/www.design-award.cz\/?portfolio=verejny-interier-coffe-time\"]}]},{\"@type\":\"ImageObject\",\"inLanguage\":\"cs\",\"@id\":\"https:\/\/www.design-award.cz\/?portfolio=verejny-interier-coffe-time#primaryimage\",\"url\":\"https:\/\/www.design-award.cz\/wp-content\/uploads\/2024\/06\/D5_Image_20240412_210548-min.png\",\"contentUrl\":\"https:\/\/www.design-award.cz\/wp-content\/uploads\/2024\/06\/D5_Image_20240412_210548-min.png\",\"width\":848,\"height\":663},{\"@type\":\"BreadcrumbList\",\"@id\":\"https:\/\/www.design-award.cz\/?portfolio=verejny-interier-coffe-time#breadcrumb\",\"itemListElement\":[{\"@type\":\"ListItem\",\"position\":1,\"name\":\"Dom\u016f\",\"item\":\"https:\/\/www.design-award.cz\/\"},{\"@type\":\"ListItem\",\"position\":2,\"name\":\"Portfolio Items\",\"item\":\"https:\/\/www.design-award.cz\/?post_type=portfolio\"},{\"@type\":\"ListItem\",\"position\":3,\"name\":\"Ve\u0159ejn\u00fd interi\u00e9r &#8211; Coffe time\"}]},{\"@type\":\"WebSite\",\"@id\":\"https:\/\/www.design-award.cz\/#website\",\"url\":\"https:\/\/www.design-award.cz\/\",\"name\":\"design-award.cz\",\"description\":\"WARD vznikla v roce 2022. Je ur\u010dena p\u0159edev\u0161\u00edm student\u016fm st\u0159edn\u00edch um\u011bleck\u00fdch \u0161kol (S\u0160 a VO\u0160), kte\u0159\u00ed mohou bezplatn\u011b zaslat sv\u00e9 n\u00e1vrhy v uveden\u00fdch kategori\u00ed a tak pom\u011b\u0159it sv\u00e9 n\u00e1pady s konkurenc\u00ed sv\u00fdch vrstevn\u00edk\u016f. N\u00e1vrhy jsou n\u00e1sledn\u011b posouzeny nez\u00e1vislou porotou z \u0159ad v\u00fdtvarn\u00edk\u016f, pedagog\u016f a profesion\u00e1l\u016f z oboru.\",\"publisher\":{\"@id\":\"https:\/\/www.design-award.cz\/#organization\"},\"potentialAction\":[{\"@type\":\"SearchAction\",\"target\":{\"@type\":\"EntryPoint\",\"urlTemplate\":\"https:\/\/www.design-award.cz\/?s={search_term_string}\"},\"query-input\":{\"@type\":\"PropertyValueSpecification\",\"valueRequired\":true,\"valueName\":\"search_term_string\"}}],\"inLanguage\":\"cs\"},{\"@type\":\"Organization\",\"@id\":\"https:\/\/www.design-award.cz\/#organization\",\"name\":\"Design Award\",\"url\":\"https:\/\/www.design-award.cz\/\",\"logo\":{\"@type\":\"ImageObject\",\"inLanguage\":\"cs\",\"@id\":\"https:\/\/www.design-award.cz\/#\/schema\/logo\/image\/\",\"url\":\"http:\/\/www.design-award.cz\/wp-content\/uploads\/2021\/12\/hornilogo_design-award.png\",\"contentUrl\":\"http:\/\/www.design-award.cz\/wp-content\/uploads\/2021\/12\/hornilogo_design-award.png\",\"width\":800,\"height\":600,\"caption\":\"Design Award\"},\"image\":{\"@id\":\"https:\/\/www.design-award.cz\/#\/schema\/logo\/image\/\"},\"sameAs\":[\"https:\/\/www.instagram.com\/design_award\/\"]}]}<\/script>\n<!-- \/ Yoast SEO plugin. -->","yoast_head_json":{"title":"Ve\u0159ejn\u00fd interi\u00e9r - Coffe time - design-award.cz","robots":{"index":"index","follow":"follow","max-snippet":"max-snippet:-1","max-image-preview":"max-image-preview:large","max-video-preview":"max-video-preview:-1"},"canonical":"https:\/\/www.design-award.cz\/?portfolio=verejny-interier-coffe-time","og_locale":"cs_CZ","og_type":"article","og_title":"Ve\u0159ejn\u00fd interi\u00e9r - Coffe time - design-award.cz","og_description":"Jakub Hor\u00e1k St\u0159edn\u00ed \u0161kola designu interi\u00e9ru Kate\u0159inky \u2013 Liberec, s.r.o. Zad\u00e1n\u00edm pr\u00e1ce bylo vyu\u017e\u00edt komer\u010dn\u011b dostupn\u00e9 kontejnery a toto je moje pojet\u00ed tohoto t\u00e9matu. M\u011bli jsme mo\u017enost zpracovat projekt pro soukromou nebo komer\u010dn\u00ed sf\u00e9ru a j\u00e1 jsem si vybral komer\u010dn\u00ed, jeliko\u017e jsem ji\u017e nespo\u010detn\u011bkr\u00e1t zpracov\u00e1val projekty pro soukromou sf\u00e9ru. Celkov\u00e9 um\u00edst\u011bn\u00ed projektu je situov\u00e1no v [&hellip;]","og_url":"https:\/\/www.design-award.cz\/?portfolio=verejny-interier-coffe-time","og_site_name":"design-award.cz","article_modified_time":"2024-06-06T21:11:00+00:00","og_image":[{"width":848,"height":663,"url":"http:\/\/www.design-award.cz\/wp-content\/uploads\/2024\/06\/D5_Image_20240412_210548-min.png","type":"image\/png"}],"twitter_card":"summary_large_image","twitter_misc":{"Odhadovan\u00e1 doba \u010dten\u00ed":"1 minuta"},"schema":{"@context":"https:\/\/schema.org","@graph":[{"@type":"WebPage","@id":"https:\/\/www.design-award.cz\/?portfolio=verejny-interier-coffe-time","url":"https:\/\/www.design-award.cz\/?portfolio=verejny-interier-coffe-time","name":"Ve\u0159ejn\u00fd interi\u00e9r - Coffe time - design-award.cz","isPartOf":{"@id":"https:\/\/www.design-award.cz\/#website"},"primaryImageOfPage":{"@id":"https:\/\/www.design-award.cz\/?portfolio=verejny-interier-coffe-time#primaryimage"},"image":{"@id":"https:\/\/www.design-award.cz\/?portfolio=verejny-interier-coffe-time#primaryimage"},"thumbnailUrl":"https:\/\/www.design-award.cz\/wp-content\/uploads\/2024\/06\/D5_Image_20240412_210548-min.png","datePublished":"2024-06-06T21:08:50+00:00","dateModified":"2024-06-06T21:11:00+00:00","breadcrumb":{"@id":"https:\/\/www.design-award.cz\/?portfolio=verejny-interier-coffe-time#breadcrumb"},"inLanguage":"cs","potentialAction":[{"@type":"ReadAction","target":["https:\/\/www.design-award.cz\/?portfolio=verejny-interier-coffe-time"]}]},{"@type":"ImageObject","inLanguage":"cs","@id":"https:\/\/www.design-award.cz\/?portfolio=verejny-interier-coffe-time#primaryimage","url":"https:\/\/www.design-award.cz\/wp-content\/uploads\/2024\/06\/D5_Image_20240412_210548-min.png","contentUrl":"https:\/\/www.design-award.cz\/wp-content\/uploads\/2024\/06\/D5_Image_20240412_210548-min.png","width":848,"height":663},{"@type":"BreadcrumbList","@id":"https:\/\/www.design-award.cz\/?portfolio=verejny-interier-coffe-time#breadcrumb","itemListElement":[{"@type":"ListItem","position":1,"name":"Dom\u016f","item":"https:\/\/www.design-award.cz\/"},{"@type":"ListItem","position":2,"name":"Portfolio Items","item":"https:\/\/www.design-award.cz\/?post_type=portfolio"},{"@type":"ListItem","position":3,"name":"Ve\u0159ejn\u00fd interi\u00e9r &#8211; Coffe time"}]},{"@type":"WebSite","@id":"https:\/\/www.design-award.cz\/#website","url":"https:\/\/www.design-award.cz\/","name":"design-award.cz","description":"WARD vznikla v roce 2022. Je ur\u010dena p\u0159edev\u0161\u00edm student\u016fm st\u0159edn\u00edch um\u011bleck\u00fdch \u0161kol (S\u0160 a VO\u0160), kte\u0159\u00ed mohou bezplatn\u011b zaslat sv\u00e9 n\u00e1vrhy v uveden\u00fdch kategori\u00ed a tak pom\u011b\u0159it sv\u00e9 n\u00e1pady s konkurenc\u00ed sv\u00fdch vrstevn\u00edk\u016f. N\u00e1vrhy jsou n\u00e1sledn\u011b posouzeny nez\u00e1vislou porotou z \u0159ad v\u00fdtvarn\u00edk\u016f, pedagog\u016f a profesion\u00e1l\u016f z oboru.","publisher":{"@id":"https:\/\/www.design-award.cz\/#organization"},"potentialAction":[{"@type":"SearchAction","target":{"@type":"EntryPoint","urlTemplate":"https:\/\/www.design-award.cz\/?s={search_term_string}"},"query-input":{"@type":"PropertyValueSpecification","valueRequired":true,"valueName":"search_term_string"}}],"inLanguage":"cs"},{"@type":"Organization","@id":"https:\/\/www.design-award.cz\/#organization","name":"Design Award","url":"https:\/\/www.design-award.cz\/","logo":{"@type":"ImageObject","inLanguage":"cs","@id":"https:\/\/www.design-award.cz\/#\/schema\/logo\/image\/","url":"http:\/\/www.design-award.cz\/wp-content\/uploads\/2021\/12\/hornilogo_design-award.png","contentUrl":"http:\/\/www.design-award.cz\/wp-content\/uploads\/2021\/12\/hornilogo_design-award.png","width":800,"height":600,"caption":"Design Award"},"image":{"@id":"https:\/\/www.design-award.cz\/#\/schema\/logo\/image\/"},"sameAs":["https:\/\/www.instagram.com\/design_award\/"]}]}},"_links":{"self":[{"href":"https:\/\/www.design-award.cz\/index.php?rest_route=\/wp\/v2\/portfolio\/3484","targetHints":{"allow":["GET"]}}],"collection":[{"href":"https:\/\/www.design-award.cz\/index.php?rest_route=\/wp\/v2\/portfolio"}],"about":[{"href":"https:\/\/www.design-award.cz\/index.php?rest_route=\/wp\/v2\/types\/portfolio"}],"author":[{"embeddable":true,"href":"https:\/\/www.design-award.cz\/index.php?rest_route=\/wp\/v2\/users\/2"}],"replies":[{"embeddable":true,"href":"https:\/\/www.design-award.cz\/index.php?rest_route=%2Fwp%2Fv2%2Fcomments&post=3484"}],"version-history":[{"count":1,"href":"https:\/\/www.design-award.cz\/index.php?rest_route=\/wp\/v2\/portfolio\/3484\/revisions"}],"predecessor-version":[{"id":3497,"href":"https:\/\/www.design-award.cz\/index.php?rest_route=\/wp\/v2\/portfolio\/3484\/revisions\/3497"}],"wp:featuredmedia":[{"embeddable":true,"href":"https:\/\/www.design-award.cz\/index.php?rest_route=\/wp\/v2\/media\/3490"}],"wp:attachment":[{"href":"https:\/\/www.design-award.cz\/index.php?rest_route=%2Fwp%2Fv2%2Fmedia&parent=3484"}],"wp:term":[{"taxonomy":"portfolio_category","embeddable":true,"href":"https:\/\/www.design-award.cz\/index.php?rest_route=%2Fwp%2Fv2%2Fportfolio_category&post=3484"},{"taxonomy":"portfolio_tag","embeddable":true,"href":"https:\/\/www.design-award.cz\/index.php?rest_route=%2Fwp%2Fv2%2Fportfolio_tag&post=3484"}],"curies":[{"name":"wp","href":"https:\/\/api.w.org\/{rel}","templated":true}]}}