{"id":3517,"date":"2024-06-06T21:27:56","date_gmt":"2024-06-06T21:27:56","guid":{"rendered":"https:\/\/www.design-award.cz\/?post_type=portfolio&#038;p=3517"},"modified":"2024-06-06T21:29:43","modified_gmt":"2024-06-06T21:29:43","slug":"produktovy-design-dna-chair","status":"publish","type":"portfolio","link":"https:\/\/www.design-award.cz\/?portfolio=produktovy-design-dna-chair","title":{"rendered":"Produktov\u00fd design &#8211; DNA Chair"},"content":{"rendered":"\n<p><strong>Lucie Kar\u00e1skov\u00e1<\/strong><\/p>\n\n\n\n<p>\u0160kola Michael<\/p>\n\n\n\n<p>\u017didle v nemocni\u010dn\u00edm pokoji zast\u00e1v\u00e1 d\u016fle\u017eitou roli. Pro m\u011b bylo<br>d\u016fle\u017eit\u00e9 vytvo\u0159it \u017eidli, kter\u00e1 zapadne do interi\u00e9ru a bude p\u016fsobit klidn\u00fdm a elegantn\u00edm dojmem. Vytvo\u0159\u00ed p\u0159\u00edjemn\u00e9 prost\u0159ed\u00ed na sezen\u00ed,<br>kter\u00e9 bude kvalitn\u00ed a pohodln\u00e9. Z\u00e1rove\u0148 v interi\u00e9ru nezab\u00edr\u00e1 p\u0159\u00edli\u0161<br>m\u00edsta, aby neomezovala v pohybu pacienty, l\u00e9ka\u0159e a n\u00e1v\u0161t\u011bvy.<br>\u017didle je navr\u017eena ve t\u0159ech variant\u00e1ch. Z\u00e1kladn\u00ed \u017eidle nese n\u00e1zev Adenin. K \u017eidli je Cytosin je p\u0159id\u00e1n stole\u010dek na odkl\u00e1d\u00e1n\u00ed v\u011bc\u00ed.<br>Na \u017eidli Guanin jsou po stran\u00e1ch h\u00e1\u010dky, kter\u00e9 umo\u017e\u0148uj\u00ed si pov\u011bsit<br>ta\u0161ku nebo kus oble\u010den\u00ed. \u017didle jsou snadno stohovateln\u00e9 ve v\u0161ech<br>t\u0159ech variant\u00e1ch.<\/p>\n\n\n\n<figure class=\"wp-block-image size-large\"><img decoding=\"async\" width=\"667\" height=\"1024\" data-src=\"http:\/\/www.design-award.cz\/wp-content\/uploads\/2024\/06\/Zidle-portfolio-24-667x1024.png\" alt=\"\" class=\"wp-image-3530 lazyload\" data-srcset=\"https:\/\/www.design-award.cz\/wp-content\/uploads\/2024\/06\/Zidle-portfolio-24-667x1024.png 667w, https:\/\/www.design-award.cz\/wp-content\/uploads\/2024\/06\/Zidle-portfolio-24-196x300.png 196w, https:\/\/www.design-award.cz\/wp-content\/uploads\/2024\/06\/Zidle-portfolio-24-500x767.png 500w, https:\/\/www.design-award.cz\/wp-content\/uploads\/2024\/06\/Zidle-portfolio-24.png 747w\" data-sizes=\"(max-width: 667px) 100vw, 667px\" src=\"data:image\/svg+xml;base64,PHN2ZyB3aWR0aD0iMSIgaGVpZ2h0PSIxIiB4bWxucz0iaHR0cDovL3d3dy53My5vcmcvMjAwMC9zdmciPjwvc3ZnPg==\" style=\"--smush-placeholder-width: 667px; --smush-placeholder-aspect-ratio: 667\/1024;\" \/><\/figure>\n\n\n\n<figure class=\"wp-block-image size-large\"><img decoding=\"async\" width=\"768\" height=\"1024\" data-src=\"http:\/\/www.design-award.cz\/wp-content\/uploads\/2024\/06\/zidle-na-sobe-plus-ve-predu-768x1024.png\" alt=\"\" class=\"wp-image-3527 lazyload\" data-srcset=\"https:\/\/www.design-award.cz\/wp-content\/uploads\/2024\/06\/zidle-na-sobe-plus-ve-predu-768x1024.png 768w, https:\/\/www.design-award.cz\/wp-content\/uploads\/2024\/06\/zidle-na-sobe-plus-ve-predu-225x300.png 225w, https:\/\/www.design-award.cz\/wp-content\/uploads\/2024\/06\/zidle-na-sobe-plus-ve-predu-1152x1536.png 1152w, https:\/\/www.design-award.cz\/wp-content\/uploads\/2024\/06\/zidle-na-sobe-plus-ve-predu-500x666.png 500w, https:\/\/www.design-award.cz\/wp-content\/uploads\/2024\/06\/zidle-na-sobe-plus-ve-predu-800x1066.png 800w, https:\/\/www.design-award.cz\/wp-content\/uploads\/2024\/06\/zidle-na-sobe-plus-ve-predu-1280x1706.png 1280w, https:\/\/www.design-award.cz\/wp-content\/uploads\/2024\/06\/zidle-na-sobe-plus-ve-predu.png 1463w\" data-sizes=\"(max-width: 768px) 100vw, 768px\" src=\"data:image\/svg+xml;base64,PHN2ZyB3aWR0aD0iMSIgaGVpZ2h0PSIxIiB4bWxucz0iaHR0cDovL3d3dy53My5vcmcvMjAwMC9zdmciPjwvc3ZnPg==\" style=\"--smush-placeholder-width: 768px; --smush-placeholder-aspect-ratio: 768\/1024;\" \/><\/figure>\n\n\n\n<figure class=\"wp-block-image size-large\"><img decoding=\"async\" width=\"768\" height=\"1024\" data-src=\"http:\/\/www.design-award.cz\/wp-content\/uploads\/2024\/06\/detail-modre-zidle-768x1024.png\" alt=\"\" class=\"wp-image-3523 lazyload\" data-srcset=\"https:\/\/www.design-award.cz\/wp-content\/uploads\/2024\/06\/detail-modre-zidle-768x1024.png 768w, https:\/\/www.design-award.cz\/wp-content\/uploads\/2024\/06\/detail-modre-zidle-225x300.png 225w, https:\/\/www.design-award.cz\/wp-content\/uploads\/2024\/06\/detail-modre-zidle-500x667.png 500w, https:\/\/www.design-award.cz\/wp-content\/uploads\/2024\/06\/detail-modre-zidle-800x1067.png 800w, https:\/\/www.design-award.cz\/wp-content\/uploads\/2024\/06\/detail-modre-zidle.png 1080w\" data-sizes=\"(max-width: 768px) 100vw, 768px\" src=\"data:image\/svg+xml;base64,PHN2ZyB3aWR0aD0iMSIgaGVpZ2h0PSIxIiB4bWxucz0iaHR0cDovL3d3dy53My5vcmcvMjAwMC9zdmciPjwvc3ZnPg==\" style=\"--smush-placeholder-width: 768px; --smush-placeholder-aspect-ratio: 768\/1024;\" \/><\/figure>\n\n\n\n<figure class=\"wp-block-image size-large\"><img decoding=\"async\" width=\"768\" height=\"1024\" data-src=\"http:\/\/www.design-award.cz\/wp-content\/uploads\/2024\/06\/detail-768x1024.png\" alt=\"\" class=\"wp-image-3522 lazyload\" data-srcset=\"https:\/\/www.design-award.cz\/wp-content\/uploads\/2024\/06\/detail-768x1024.png 768w, https:\/\/www.design-award.cz\/wp-content\/uploads\/2024\/06\/detail-225x300.png 225w, https:\/\/www.design-award.cz\/wp-content\/uploads\/2024\/06\/detail-1152x1536.png 1152w, https:\/\/www.design-award.cz\/wp-content\/uploads\/2024\/06\/detail-500x666.png 500w, https:\/\/www.design-award.cz\/wp-content\/uploads\/2024\/06\/detail-800x1066.png 800w, https:\/\/www.design-award.cz\/wp-content\/uploads\/2024\/06\/detail-1280x1706.png 1280w, https:\/\/www.design-award.cz\/wp-content\/uploads\/2024\/06\/detail.png 1463w\" data-sizes=\"(max-width: 768px) 100vw, 768px\" src=\"data:image\/svg+xml;base64,PHN2ZyB3aWR0aD0iMSIgaGVpZ2h0PSIxIiB4bWxucz0iaHR0cDovL3d3dy53My5vcmcvMjAwMC9zdmciPjwvc3ZnPg==\" style=\"--smush-placeholder-width: 768px; --smush-placeholder-aspect-ratio: 768\/1024;\" \/><\/figure>\n\n\n\n<figure class=\"wp-block-image size-full\"><img decoding=\"async\" width=\"811\" height=\"918\" data-src=\"http:\/\/www.design-award.cz\/wp-content\/uploads\/2024\/06\/vykres-1.png\" alt=\"\" class=\"wp-image-3526 lazyload\" data-srcset=\"https:\/\/www.design-award.cz\/wp-content\/uploads\/2024\/06\/vykres-1.png 811w, https:\/\/www.design-award.cz\/wp-content\/uploads\/2024\/06\/vykres-1-265x300.png 265w, https:\/\/www.design-award.cz\/wp-content\/uploads\/2024\/06\/vykres-1-768x869.png 768w, https:\/\/www.design-award.cz\/wp-content\/uploads\/2024\/06\/vykres-1-500x566.png 500w, https:\/\/www.design-award.cz\/wp-content\/uploads\/2024\/06\/vykres-1-800x906.png 800w\" data-sizes=\"(max-width: 811px) 100vw, 811px\" src=\"data:image\/svg+xml;base64,PHN2ZyB3aWR0aD0iMSIgaGVpZ2h0PSIxIiB4bWxucz0iaHR0cDovL3d3dy53My5vcmcvMjAwMC9zdmciPjwvc3ZnPg==\" style=\"--smush-placeholder-width: 811px; --smush-placeholder-aspect-ratio: 811\/918;\" \/><\/figure>\n","protected":false},"excerpt":{"rendered":"<p>Lucie Kar\u00e1skov\u00e1 \u0160kola Michael \u017didle v nemocni\u010dn\u00edm pokoji zast\u00e1v\u00e1 d\u016fle\u017eitou roli. Pro m\u011b bylod\u016fle\u017eit\u00e9 vytvo\u0159it \u017eidli, kter\u00e1 zapadne do interi\u00e9ru a bude p\u016fsobit klidn\u00fdm a elegantn\u00edm dojmem. Vytvo\u0159\u00ed p\u0159\u00edjemn\u00e9 prost\u0159ed\u00ed na sezen\u00ed,kter\u00e9 bude kvalitn\u00ed a pohodln\u00e9. Z\u00e1rove\u0148 v interi\u00e9ru nezab\u00edr\u00e1 p\u0159\u00edli\u0161m\u00edsta, aby neomezovala v pohybu pacienty, l\u00e9ka\u0159e a n\u00e1v\u0161t\u011bvy.\u017didle je navr\u017eena ve t\u0159ech variant\u00e1ch. Z\u00e1kladn\u00ed [&hellip;]<\/p>\n","protected":false},"author":2,"featured_media":3524,"menu_order":0,"comment_status":"closed","ping_status":"closed","template":"","format":"standard","meta":{"ngg_post_thumbnail":0,"ocean_post_layout":"","ocean_both_sidebars_style":"","ocean_both_sidebars_content_width":0,"ocean_both_sidebars_sidebars_width":0,"ocean_sidebar":"","ocean_second_sidebar":"","ocean_disable_margins":"enable","ocean_add_body_class":"","ocean_shortcode_before_top_bar":"","ocean_shortcode_after_top_bar":"","ocean_shortcode_before_header":"","ocean_shortcode_after_header":"","ocean_has_shortcode":"","ocean_shortcode_after_title":"","ocean_shortcode_before_footer_widgets":"","ocean_shortcode_after_footer_widgets":"","ocean_shortcode_before_footer_bottom":"","ocean_shortcode_after_footer_bottom":"","ocean_display_top_bar":"default","ocean_display_header":"default","ocean_header_style":"","ocean_center_header_left_menu":"","ocean_custom_header_template":"","ocean_custom_logo":0,"ocean_custom_retina_logo":0,"ocean_custom_logo_max_width":0,"ocean_custom_logo_tablet_max_width":0,"ocean_custom_logo_mobile_max_width":0,"ocean_custom_logo_max_height":0,"ocean_custom_logo_tablet_max_height":0,"ocean_custom_logo_mobile_max_height":0,"ocean_header_custom_menu":"","ocean_menu_typo_font_family":"","ocean_menu_typo_font_subset":"","ocean_menu_typo_font_size":0,"ocean_menu_typo_font_size_tablet":0,"ocean_menu_typo_font_size_mobile":0,"ocean_menu_typo_font_size_unit":"px","ocean_menu_typo_font_weight":"","ocean_menu_typo_font_weight_tablet":"","ocean_menu_typo_font_weight_mobile":"","ocean_menu_typo_transform":"","ocean_menu_typo_transform_tablet":"","ocean_menu_typo_transform_mobile":"","ocean_menu_typo_line_height":0,"ocean_menu_typo_line_height_tablet":0,"ocean_menu_typo_line_height_mobile":0,"ocean_menu_typo_line_height_unit":"","ocean_menu_typo_spacing":0,"ocean_menu_typo_spacing_tablet":0,"ocean_menu_typo_spacing_mobile":0,"ocean_menu_typo_spacing_unit":"","ocean_menu_link_color":"","ocean_menu_link_color_hover":"","ocean_menu_link_color_active":"","ocean_menu_link_background":"","ocean_menu_link_hover_background":"","ocean_menu_link_active_background":"","ocean_menu_social_links_bg":"","ocean_menu_social_hover_links_bg":"","ocean_menu_social_links_color":"","ocean_menu_social_hover_links_color":"","ocean_disable_title":"default","ocean_disable_heading":"default","ocean_post_title":"","ocean_post_subheading":"","ocean_post_title_style":"","ocean_post_title_background_color":"","ocean_post_title_background":0,"ocean_post_title_bg_image_position":"","ocean_post_title_bg_image_attachment":"","ocean_post_title_bg_image_repeat":"","ocean_post_title_bg_image_size":"","ocean_post_title_height":0,"ocean_post_title_bg_overlay":0.5,"ocean_post_title_bg_overlay_color":"","ocean_disable_breadcrumbs":"default","ocean_breadcrumbs_color":"","ocean_breadcrumbs_separator_color":"","ocean_breadcrumbs_links_color":"","ocean_breadcrumbs_links_hover_color":"","ocean_display_footer_widgets":"default","ocean_display_footer_bottom":"default","ocean_custom_footer_template":"","_vp_format_video_url":"","_vp_image_focal_point":[],"footnotes":""},"portfolio_category":[],"portfolio_tag":[],"class_list":["post-3517","portfolio","type-portfolio","status-publish","format-standard","has-post-thumbnail","hentry","entry","has-media"],"yoast_head":"<!-- This site is optimized with the Yoast SEO plugin v25.2 - https:\/\/yoast.com\/wordpress\/plugins\/seo\/ -->\n<title>Produktov\u00fd design - DNA Chair - design-award.cz<\/title>\n<meta name=\"robots\" content=\"index, follow, max-snippet:-1, max-image-preview:large, max-video-preview:-1\" \/>\n<link rel=\"canonical\" href=\"https:\/\/www.design-award.cz\/?portfolio=produktovy-design-dna-chair\" \/>\n<meta property=\"og:locale\" content=\"cs_CZ\" \/>\n<meta property=\"og:type\" content=\"article\" \/>\n<meta property=\"og:title\" content=\"Produktov\u00fd design - DNA Chair - design-award.cz\" \/>\n<meta property=\"og:description\" content=\"Lucie Kar\u00e1skov\u00e1 \u0160kola Michael \u017didle v nemocni\u010dn\u00edm pokoji zast\u00e1v\u00e1 d\u016fle\u017eitou roli. Pro m\u011b bylod\u016fle\u017eit\u00e9 vytvo\u0159it \u017eidli, kter\u00e1 zapadne do interi\u00e9ru a bude p\u016fsobit klidn\u00fdm a elegantn\u00edm dojmem. Vytvo\u0159\u00ed p\u0159\u00edjemn\u00e9 prost\u0159ed\u00ed na sezen\u00ed,kter\u00e9 bude kvalitn\u00ed a pohodln\u00e9. Z\u00e1rove\u0148 v interi\u00e9ru nezab\u00edr\u00e1 p\u0159\u00edli\u0161m\u00edsta, aby neomezovala v pohybu pacienty, l\u00e9ka\u0159e a n\u00e1v\u0161t\u011bvy.\u017didle je navr\u017eena ve t\u0159ech variant\u00e1ch. Z\u00e1kladn\u00ed [&hellip;]\" \/>\n<meta property=\"og:url\" content=\"https:\/\/www.design-award.cz\/?portfolio=produktovy-design-dna-chair\" \/>\n<meta property=\"og:site_name\" content=\"design-award.cz\" \/>\n<meta property=\"article:modified_time\" content=\"2024-06-06T21:29:43+00:00\" \/>\n<meta property=\"og:image\" content=\"http:\/\/www.design-award.cz\/wp-content\/uploads\/2024\/06\/render-v-nemocnicnim-prostredi-1024x576.png\" \/>\n\t<meta property=\"og:image:width\" content=\"1024\" \/>\n\t<meta property=\"og:image:height\" content=\"576\" \/>\n\t<meta property=\"og:image:type\" content=\"image\/png\" \/>\n<meta name=\"twitter:card\" content=\"summary_large_image\" \/>\n<meta name=\"twitter:label1\" content=\"Odhadovan\u00e1 doba \u010dten\u00ed\" \/>\n\t<meta name=\"twitter:data1\" content=\"1 minuta\" \/>\n<script type=\"application\/ld+json\" class=\"yoast-schema-graph\">{\"@context\":\"https:\/\/schema.org\",\"@graph\":[{\"@type\":\"WebPage\",\"@id\":\"https:\/\/www.design-award.cz\/?portfolio=produktovy-design-dna-chair\",\"url\":\"https:\/\/www.design-award.cz\/?portfolio=produktovy-design-dna-chair\",\"name\":\"Produktov\u00fd design - DNA Chair - design-award.cz\",\"isPartOf\":{\"@id\":\"https:\/\/www.design-award.cz\/#website\"},\"primaryImageOfPage\":{\"@id\":\"https:\/\/www.design-award.cz\/?portfolio=produktovy-design-dna-chair#primaryimage\"},\"image\":{\"@id\":\"https:\/\/www.design-award.cz\/?portfolio=produktovy-design-dna-chair#primaryimage\"},\"thumbnailUrl\":\"https:\/\/www.design-award.cz\/wp-content\/uploads\/2024\/06\/render-v-nemocnicnim-prostredi.png\",\"datePublished\":\"2024-06-06T21:27:56+00:00\",\"dateModified\":\"2024-06-06T21:29:43+00:00\",\"breadcrumb\":{\"@id\":\"https:\/\/www.design-award.cz\/?portfolio=produktovy-design-dna-chair#breadcrumb\"},\"inLanguage\":\"cs\",\"potentialAction\":[{\"@type\":\"ReadAction\",\"target\":[\"https:\/\/www.design-award.cz\/?portfolio=produktovy-design-dna-chair\"]}]},{\"@type\":\"ImageObject\",\"inLanguage\":\"cs\",\"@id\":\"https:\/\/www.design-award.cz\/?portfolio=produktovy-design-dna-chair#primaryimage\",\"url\":\"https:\/\/www.design-award.cz\/wp-content\/uploads\/2024\/06\/render-v-nemocnicnim-prostredi.png\",\"contentUrl\":\"https:\/\/www.design-award.cz\/wp-content\/uploads\/2024\/06\/render-v-nemocnicnim-prostredi.png\",\"width\":1920,\"height\":1080},{\"@type\":\"BreadcrumbList\",\"@id\":\"https:\/\/www.design-award.cz\/?portfolio=produktovy-design-dna-chair#breadcrumb\",\"itemListElement\":[{\"@type\":\"ListItem\",\"position\":1,\"name\":\"Dom\u016f\",\"item\":\"https:\/\/www.design-award.cz\/\"},{\"@type\":\"ListItem\",\"position\":2,\"name\":\"Portfolio Items\",\"item\":\"https:\/\/www.design-award.cz\/?post_type=portfolio\"},{\"@type\":\"ListItem\",\"position\":3,\"name\":\"Produktov\u00fd design &#8211; DNA Chair\"}]},{\"@type\":\"WebSite\",\"@id\":\"https:\/\/www.design-award.cz\/#website\",\"url\":\"https:\/\/www.design-award.cz\/\",\"name\":\"design-award.cz\",\"description\":\"WARD vznikla v roce 2022. Je ur\u010dena p\u0159edev\u0161\u00edm student\u016fm st\u0159edn\u00edch um\u011bleck\u00fdch \u0161kol (S\u0160 a VO\u0160), kte\u0159\u00ed mohou bezplatn\u011b zaslat sv\u00e9 n\u00e1vrhy v uveden\u00fdch kategori\u00ed a tak pom\u011b\u0159it sv\u00e9 n\u00e1pady s konkurenc\u00ed sv\u00fdch vrstevn\u00edk\u016f. N\u00e1vrhy jsou n\u00e1sledn\u011b posouzeny nez\u00e1vislou porotou z \u0159ad v\u00fdtvarn\u00edk\u016f, pedagog\u016f a profesion\u00e1l\u016f z oboru.\",\"publisher\":{\"@id\":\"https:\/\/www.design-award.cz\/#organization\"},\"potentialAction\":[{\"@type\":\"SearchAction\",\"target\":{\"@type\":\"EntryPoint\",\"urlTemplate\":\"https:\/\/www.design-award.cz\/?s={search_term_string}\"},\"query-input\":{\"@type\":\"PropertyValueSpecification\",\"valueRequired\":true,\"valueName\":\"search_term_string\"}}],\"inLanguage\":\"cs\"},{\"@type\":\"Organization\",\"@id\":\"https:\/\/www.design-award.cz\/#organization\",\"name\":\"Design Award\",\"url\":\"https:\/\/www.design-award.cz\/\",\"logo\":{\"@type\":\"ImageObject\",\"inLanguage\":\"cs\",\"@id\":\"https:\/\/www.design-award.cz\/#\/schema\/logo\/image\/\",\"url\":\"http:\/\/www.design-award.cz\/wp-content\/uploads\/2021\/12\/hornilogo_design-award.png\",\"contentUrl\":\"http:\/\/www.design-award.cz\/wp-content\/uploads\/2021\/12\/hornilogo_design-award.png\",\"width\":800,\"height\":600,\"caption\":\"Design Award\"},\"image\":{\"@id\":\"https:\/\/www.design-award.cz\/#\/schema\/logo\/image\/\"},\"sameAs\":[\"https:\/\/www.instagram.com\/design_award\/\"]}]}<\/script>\n<!-- \/ Yoast SEO plugin. -->","yoast_head_json":{"title":"Produktov\u00fd design - DNA Chair - design-award.cz","robots":{"index":"index","follow":"follow","max-snippet":"max-snippet:-1","max-image-preview":"max-image-preview:large","max-video-preview":"max-video-preview:-1"},"canonical":"https:\/\/www.design-award.cz\/?portfolio=produktovy-design-dna-chair","og_locale":"cs_CZ","og_type":"article","og_title":"Produktov\u00fd design - DNA Chair - design-award.cz","og_description":"Lucie Kar\u00e1skov\u00e1 \u0160kola Michael \u017didle v nemocni\u010dn\u00edm pokoji zast\u00e1v\u00e1 d\u016fle\u017eitou roli. Pro m\u011b bylod\u016fle\u017eit\u00e9 vytvo\u0159it \u017eidli, kter\u00e1 zapadne do interi\u00e9ru a bude p\u016fsobit klidn\u00fdm a elegantn\u00edm dojmem. Vytvo\u0159\u00ed p\u0159\u00edjemn\u00e9 prost\u0159ed\u00ed na sezen\u00ed,kter\u00e9 bude kvalitn\u00ed a pohodln\u00e9. Z\u00e1rove\u0148 v interi\u00e9ru nezab\u00edr\u00e1 p\u0159\u00edli\u0161m\u00edsta, aby neomezovala v pohybu pacienty, l\u00e9ka\u0159e a n\u00e1v\u0161t\u011bvy.\u017didle je navr\u017eena ve t\u0159ech variant\u00e1ch. Z\u00e1kladn\u00ed [&hellip;]","og_url":"https:\/\/www.design-award.cz\/?portfolio=produktovy-design-dna-chair","og_site_name":"design-award.cz","article_modified_time":"2024-06-06T21:29:43+00:00","og_image":[{"width":1024,"height":576,"url":"http:\/\/www.design-award.cz\/wp-content\/uploads\/2024\/06\/render-v-nemocnicnim-prostredi-1024x576.png","type":"image\/png"}],"twitter_card":"summary_large_image","twitter_misc":{"Odhadovan\u00e1 doba \u010dten\u00ed":"1 minuta"},"schema":{"@context":"https:\/\/schema.org","@graph":[{"@type":"WebPage","@id":"https:\/\/www.design-award.cz\/?portfolio=produktovy-design-dna-chair","url":"https:\/\/www.design-award.cz\/?portfolio=produktovy-design-dna-chair","name":"Produktov\u00fd design - DNA Chair - design-award.cz","isPartOf":{"@id":"https:\/\/www.design-award.cz\/#website"},"primaryImageOfPage":{"@id":"https:\/\/www.design-award.cz\/?portfolio=produktovy-design-dna-chair#primaryimage"},"image":{"@id":"https:\/\/www.design-award.cz\/?portfolio=produktovy-design-dna-chair#primaryimage"},"thumbnailUrl":"https:\/\/www.design-award.cz\/wp-content\/uploads\/2024\/06\/render-v-nemocnicnim-prostredi.png","datePublished":"2024-06-06T21:27:56+00:00","dateModified":"2024-06-06T21:29:43+00:00","breadcrumb":{"@id":"https:\/\/www.design-award.cz\/?portfolio=produktovy-design-dna-chair#breadcrumb"},"inLanguage":"cs","potentialAction":[{"@type":"ReadAction","target":["https:\/\/www.design-award.cz\/?portfolio=produktovy-design-dna-chair"]}]},{"@type":"ImageObject","inLanguage":"cs","@id":"https:\/\/www.design-award.cz\/?portfolio=produktovy-design-dna-chair#primaryimage","url":"https:\/\/www.design-award.cz\/wp-content\/uploads\/2024\/06\/render-v-nemocnicnim-prostredi.png","contentUrl":"https:\/\/www.design-award.cz\/wp-content\/uploads\/2024\/06\/render-v-nemocnicnim-prostredi.png","width":1920,"height":1080},{"@type":"BreadcrumbList","@id":"https:\/\/www.design-award.cz\/?portfolio=produktovy-design-dna-chair#breadcrumb","itemListElement":[{"@type":"ListItem","position":1,"name":"Dom\u016f","item":"https:\/\/www.design-award.cz\/"},{"@type":"ListItem","position":2,"name":"Portfolio Items","item":"https:\/\/www.design-award.cz\/?post_type=portfolio"},{"@type":"ListItem","position":3,"name":"Produktov\u00fd design &#8211; DNA Chair"}]},{"@type":"WebSite","@id":"https:\/\/www.design-award.cz\/#website","url":"https:\/\/www.design-award.cz\/","name":"design-award.cz","description":"WARD vznikla v roce 2022. Je ur\u010dena p\u0159edev\u0161\u00edm student\u016fm st\u0159edn\u00edch um\u011bleck\u00fdch \u0161kol (S\u0160 a VO\u0160), kte\u0159\u00ed mohou bezplatn\u011b zaslat sv\u00e9 n\u00e1vrhy v uveden\u00fdch kategori\u00ed a tak pom\u011b\u0159it sv\u00e9 n\u00e1pady s konkurenc\u00ed sv\u00fdch vrstevn\u00edk\u016f. N\u00e1vrhy jsou n\u00e1sledn\u011b posouzeny nez\u00e1vislou porotou z \u0159ad v\u00fdtvarn\u00edk\u016f, pedagog\u016f a profesion\u00e1l\u016f z oboru.","publisher":{"@id":"https:\/\/www.design-award.cz\/#organization"},"potentialAction":[{"@type":"SearchAction","target":{"@type":"EntryPoint","urlTemplate":"https:\/\/www.design-award.cz\/?s={search_term_string}"},"query-input":{"@type":"PropertyValueSpecification","valueRequired":true,"valueName":"search_term_string"}}],"inLanguage":"cs"},{"@type":"Organization","@id":"https:\/\/www.design-award.cz\/#organization","name":"Design Award","url":"https:\/\/www.design-award.cz\/","logo":{"@type":"ImageObject","inLanguage":"cs","@id":"https:\/\/www.design-award.cz\/#\/schema\/logo\/image\/","url":"http:\/\/www.design-award.cz\/wp-content\/uploads\/2021\/12\/hornilogo_design-award.png","contentUrl":"http:\/\/www.design-award.cz\/wp-content\/uploads\/2021\/12\/hornilogo_design-award.png","width":800,"height":600,"caption":"Design Award"},"image":{"@id":"https:\/\/www.design-award.cz\/#\/schema\/logo\/image\/"},"sameAs":["https:\/\/www.instagram.com\/design_award\/"]}]}},"_links":{"self":[{"href":"https:\/\/www.design-award.cz\/index.php?rest_route=\/wp\/v2\/portfolio\/3517","targetHints":{"allow":["GET"]}}],"collection":[{"href":"https:\/\/www.design-award.cz\/index.php?rest_route=\/wp\/v2\/portfolio"}],"about":[{"href":"https:\/\/www.design-award.cz\/index.php?rest_route=\/wp\/v2\/types\/portfolio"}],"author":[{"embeddable":true,"href":"https:\/\/www.design-award.cz\/index.php?rest_route=\/wp\/v2\/users\/2"}],"replies":[{"embeddable":true,"href":"https:\/\/www.design-award.cz\/index.php?rest_route=%2Fwp%2Fv2%2Fcomments&post=3517"}],"version-history":[{"count":1,"href":"https:\/\/www.design-award.cz\/index.php?rest_route=\/wp\/v2\/portfolio\/3517\/revisions"}],"predecessor-version":[{"id":3534,"href":"https:\/\/www.design-award.cz\/index.php?rest_route=\/wp\/v2\/portfolio\/3517\/revisions\/3534"}],"wp:featuredmedia":[{"embeddable":true,"href":"https:\/\/www.design-award.cz\/index.php?rest_route=\/wp\/v2\/media\/3524"}],"wp:attachment":[{"href":"https:\/\/www.design-award.cz\/index.php?rest_route=%2Fwp%2Fv2%2Fmedia&parent=3517"}],"wp:term":[{"taxonomy":"portfolio_category","embeddable":true,"href":"https:\/\/www.design-award.cz\/index.php?rest_route=%2Fwp%2Fv2%2Fportfolio_category&post=3517"},{"taxonomy":"portfolio_tag","embeddable":true,"href":"https:\/\/www.design-award.cz\/index.php?rest_route=%2Fwp%2Fv2%2Fportfolio_tag&post=3517"}],"curies":[{"name":"wp","href":"https:\/\/api.w.org\/{rel}","templated":true}]}}