{"id":3555,"date":"2024-06-08T20:27:59","date_gmt":"2024-06-08T20:27:59","guid":{"rendered":"https:\/\/www.design-award.cz\/?post_type=portfolio&#038;p=3555"},"modified":"2024-06-08T20:28:00","modified_gmt":"2024-06-08T20:28:00","slug":"verejny-interier-materska-skola-jiraskova","status":"publish","type":"portfolio","link":"https:\/\/www.design-award.cz\/?portfolio=verejny-interier-materska-skola-jiraskova","title":{"rendered":"Ve\u0159ejn\u00fd interi\u00e9r &#8211; Mate\u0159sk\u00e1 \u0161kola Jir\u00e1skova"},"content":{"rendered":"\n<p><strong>Eli\u0161ka Jir\u00e1\u010dkov\u00e1<\/strong><\/p>\n\n\n\n<p>St\u0159edn\u00ed um\u011bleckopr\u016fmyslov\u00e1 \u0161kola hudebn\u00edch n\u00e1stroj\u016f a n\u00e1bytku<\/p>\n\n\n\n<p>M\u016fj n\u00e1vrh ve\u0159ejn\u00e9ho prostoru se zam\u011b\u0159uje na mate\u0159skou \u0161kolu situovanou v Jir\u00e1skov\u011b ulici ve m\u011bst\u011b He\u0159man\u016fv M\u011bstec. Jedn\u00e1 se o komplex slou\u017e\u00edc\u00ed n\u011bkolik let bez v\u011bt\u0161\u00edch interi\u00e9rov\u00fdch zm\u011bn. Mate\u0159sk\u00e9 \u0161koly se odjak\u017eiva sna\u017e\u00ed d\u011btem nab\u00eddnout co nejv\u011bt\u0161\u00ed \u0161k\u00e1lu barev, hra\u010dek a nucenosti zabavit o\u010di, co to jen jde, je to v\u0161ak spr\u00e1vn\u00e1 \u00favaha nad interi\u00e9rem pro d\u011bti?<\/p>\n\n\n\n<p>M\u00fdm c\u00edlem bylo interi\u00e9r navrhnout velice jednoduch\u00fd bez zbyte\u010dn\u00fdch kombinac\u00ed barev. Domn\u00edv\u00e1m se, \u017ee d\u011btsk\u00e1 fantazie nepot\u0159ebuje nucenou d\u011btskost v barv\u00e1ch, aby se mysl dok\u00e1zala zabavit a rozv\u00edjet, ba naopak si mysl\u00edm, \u017ee pro d\u011bti to m\u00e1 opa\u010dn\u00fd efekt.<\/p>\n\n\n\n<p>Prostory st\u00e1vaj\u00edc\u00ed \u0161kolky m\u011bly dostatek denn\u00edho sv\u011btla, ale jej\u00ed barevnost a smutn\u00fd n\u00e1bytek sv\u011btlo utlumovaly. Interi\u00e9r jsem odleh\u010dila, aby byl vhodn\u00fd pro d\u011btsk\u00fd pohyb a radov\u00e1nky. Rozd\u011blila jsem m\u00edstnost na dv\u011b \u010d\u00e1sti: prvn\u00ed pro hran\u00ed a sp\u00e1nek, kde se v ur\u010ditou dobu vyskl\u00e1daj\u00ed post\u00fdlky, a druhou pro kreativitu, vyr\u00e1b\u011bn\u00ed a jeden\u00ed. Inspirac\u00ed pro vybaven\u00ed a barevnost byla \u010daloun\u011bn\u00e1 mozaika ze zv\u00ed\u0159\u00e1tek v \u010derveno-b\u00e9\u017eovo-hn\u011bd\u00fdch t\u00f3nech, kter\u00e9 se prol\u00ednaj\u00ed hlavn\u00edm prostorem i chodbou \u0161kolky. Tyto barvy jsou syt\u00e9 a ladn\u00e9, co\u017e podporuje jednoduchost. Tvar zv\u00ed\u0159\u00e1tek je pou\u017eit ve sk\u0159\u00edn\u00edch a na ohrani\u010den\u00ed m\u00edstnost\u00ed z dubov\u00e9 p\u0159ekli\u017eky, kter\u00e1 p\u0159in\u00e1\u0161\u00ed pocit tepla. Na podlahy jsem pou\u017eila terazzo st\u011brku a polyuretanovou st\u011brku. Rozno\u017e\u00ed zv\u00ed\u0159at jsem pou\u017eila jako ko\u0161\u00edky l\u00e9taj\u00edc\u00edch bal\u00f3n\u016f, spojen\u00fdch provazy se stropem, co\u017e odd\u011bluje hrac\u00ed \u010d\u00e1st od j\u00eddeln\u00ed. Strop je z etfe plastu b\u011b\u017en\u011b pou\u017e\u00edvan\u00e9ho v architektu\u0159e, kter\u00fd vytv\u00e1\u0159\u00ed dojem oblaku prosv\u00edcen\u00e9ho sluncem. Koupelna a chodba jsou ve stejn\u00e9m duchu jako herna, kter\u00e1 z\u016fst\u00e1v\u00e1 nejv\u00fdrazn\u011bj\u0161\u00edm prvkem interi\u00e9ru.<\/p>\n\n\n\n<figure class=\"wp-block-image size-large\"><img decoding=\"async\" width=\"1024\" height=\"724\" data-src=\"http:\/\/www.design-award.cz\/wp-content\/uploads\/2024\/06\/viz_4-1-min1-1024x724.png\" alt=\"\" class=\"wp-image-3591 lazyload\" data-srcset=\"https:\/\/www.design-award.cz\/wp-content\/uploads\/2024\/06\/viz_4-1-min1-1024x724.png 1024w, https:\/\/www.design-award.cz\/wp-content\/uploads\/2024\/06\/viz_4-1-min1-300x212.png 300w, https:\/\/www.design-award.cz\/wp-content\/uploads\/2024\/06\/viz_4-1-min1-768x543.png 768w, https:\/\/www.design-award.cz\/wp-content\/uploads\/2024\/06\/viz_4-1-min1-1536x1086.png 1536w, https:\/\/www.design-award.cz\/wp-content\/uploads\/2024\/06\/viz_4-1-min1-2048x1448.png 2048w, https:\/\/www.design-award.cz\/wp-content\/uploads\/2024\/06\/viz_4-1-min1-500x354.png 500w, https:\/\/www.design-award.cz\/wp-content\/uploads\/2024\/06\/viz_4-1-min1-800x566.png 800w, https:\/\/www.design-award.cz\/wp-content\/uploads\/2024\/06\/viz_4-1-min1-1280x905.png 1280w, https:\/\/www.design-award.cz\/wp-content\/uploads\/2024\/06\/viz_4-1-min1-1920x1358.png 1920w\" data-sizes=\"(max-width: 1024px) 100vw, 1024px\" src=\"data:image\/svg+xml;base64,PHN2ZyB3aWR0aD0iMSIgaGVpZ2h0PSIxIiB4bWxucz0iaHR0cDovL3d3dy53My5vcmcvMjAwMC9zdmciPjwvc3ZnPg==\" style=\"--smush-placeholder-width: 1024px; --smush-placeholder-aspect-ratio: 1024\/724;\" \/><\/figure>\n\n\n\n<figure class=\"wp-block-image size-large\"><img decoding=\"async\" width=\"1024\" height=\"724\" data-src=\"http:\/\/www.design-award.cz\/wp-content\/uploads\/2024\/06\/viz_3-1-min1-1024x724.png\" alt=\"\" class=\"wp-image-3590 lazyload\" data-srcset=\"https:\/\/www.design-award.cz\/wp-content\/uploads\/2024\/06\/viz_3-1-min1-1024x724.png 1024w, https:\/\/www.design-award.cz\/wp-content\/uploads\/2024\/06\/viz_3-1-min1-300x212.png 300w, https:\/\/www.design-award.cz\/wp-content\/uploads\/2024\/06\/viz_3-1-min1-768x543.png 768w, https:\/\/www.design-award.cz\/wp-content\/uploads\/2024\/06\/viz_3-1-min1-1536x1086.png 1536w, https:\/\/www.design-award.cz\/wp-content\/uploads\/2024\/06\/viz_3-1-min1-2048x1448.png 2048w, https:\/\/www.design-award.cz\/wp-content\/uploads\/2024\/06\/viz_3-1-min1-500x354.png 500w, https:\/\/www.design-award.cz\/wp-content\/uploads\/2024\/06\/viz_3-1-min1-800x566.png 800w, https:\/\/www.design-award.cz\/wp-content\/uploads\/2024\/06\/viz_3-1-min1-1280x905.png 1280w, https:\/\/www.design-award.cz\/wp-content\/uploads\/2024\/06\/viz_3-1-min1-1920x1358.png 1920w\" data-sizes=\"(max-width: 1024px) 100vw, 1024px\" src=\"data:image\/svg+xml;base64,PHN2ZyB3aWR0aD0iMSIgaGVpZ2h0PSIxIiB4bWxucz0iaHR0cDovL3d3dy53My5vcmcvMjAwMC9zdmciPjwvc3ZnPg==\" style=\"--smush-placeholder-width: 1024px; --smush-placeholder-aspect-ratio: 1024\/724;\" \/><\/figure>\n\n\n\n<figure class=\"wp-block-image size-large\"><img decoding=\"async\" width=\"1024\" height=\"724\" data-src=\"http:\/\/www.design-award.cz\/wp-content\/uploads\/2024\/06\/viz_1-1-min1-1024x724.png\" alt=\"\" class=\"wp-image-3597 lazyload\" data-srcset=\"https:\/\/www.design-award.cz\/wp-content\/uploads\/2024\/06\/viz_1-1-min1-1024x724.png 1024w, https:\/\/www.design-award.cz\/wp-content\/uploads\/2024\/06\/viz_1-1-min1-300x212.png 300w, https:\/\/www.design-award.cz\/wp-content\/uploads\/2024\/06\/viz_1-1-min1-768x543.png 768w, https:\/\/www.design-award.cz\/wp-content\/uploads\/2024\/06\/viz_1-1-min1-1536x1086.png 1536w, https:\/\/www.design-award.cz\/wp-content\/uploads\/2024\/06\/viz_1-1-min1-2048x1448.png 2048w, https:\/\/www.design-award.cz\/wp-content\/uploads\/2024\/06\/viz_1-1-min1-500x354.png 500w, https:\/\/www.design-award.cz\/wp-content\/uploads\/2024\/06\/viz_1-1-min1-800x566.png 800w, https:\/\/www.design-award.cz\/wp-content\/uploads\/2024\/06\/viz_1-1-min1-1280x905.png 1280w, https:\/\/www.design-award.cz\/wp-content\/uploads\/2024\/06\/viz_1-1-min1-1920x1358.png 1920w\" data-sizes=\"(max-width: 1024px) 100vw, 1024px\" src=\"data:image\/svg+xml;base64,PHN2ZyB3aWR0aD0iMSIgaGVpZ2h0PSIxIiB4bWxucz0iaHR0cDovL3d3dy53My5vcmcvMjAwMC9zdmciPjwvc3ZnPg==\" style=\"--smush-placeholder-width: 1024px; --smush-placeholder-aspect-ratio: 1024\/724;\" \/><\/figure>\n\n\n\n<figure class=\"wp-block-image size-large\"><img decoding=\"async\" width=\"1024\" height=\"724\" data-src=\"http:\/\/www.design-award.cz\/wp-content\/uploads\/2024\/06\/viz-1-min1-1024x724.png\" alt=\"\" class=\"wp-image-3593 lazyload\" data-srcset=\"https:\/\/www.design-award.cz\/wp-content\/uploads\/2024\/06\/viz-1-min1-1024x724.png 1024w, https:\/\/www.design-award.cz\/wp-content\/uploads\/2024\/06\/viz-1-min1-300x212.png 300w, https:\/\/www.design-award.cz\/wp-content\/uploads\/2024\/06\/viz-1-min1-768x543.png 768w, https:\/\/www.design-award.cz\/wp-content\/uploads\/2024\/06\/viz-1-min1-1536x1086.png 1536w, https:\/\/www.design-award.cz\/wp-content\/uploads\/2024\/06\/viz-1-min1-2048x1448.png 2048w, https:\/\/www.design-award.cz\/wp-content\/uploads\/2024\/06\/viz-1-min1-500x354.png 500w, https:\/\/www.design-award.cz\/wp-content\/uploads\/2024\/06\/viz-1-min1-800x566.png 800w, https:\/\/www.design-award.cz\/wp-content\/uploads\/2024\/06\/viz-1-min1-1280x905.png 1280w, https:\/\/www.design-award.cz\/wp-content\/uploads\/2024\/06\/viz-1-min1-1920x1358.png 1920w\" data-sizes=\"(max-width: 1024px) 100vw, 1024px\" src=\"data:image\/svg+xml;base64,PHN2ZyB3aWR0aD0iMSIgaGVpZ2h0PSIxIiB4bWxucz0iaHR0cDovL3d3dy53My5vcmcvMjAwMC9zdmciPjwvc3ZnPg==\" style=\"--smush-placeholder-width: 1024px; --smush-placeholder-aspect-ratio: 1024\/724;\" \/><\/figure>\n\n\n\n<figure class=\"wp-block-image size-large\"><img decoding=\"async\" width=\"1024\" height=\"730\" data-src=\"http:\/\/www.design-award.cz\/wp-content\/uploads\/2024\/06\/vykres-1-1-1024x730.png\" alt=\"\" class=\"wp-image-3595 lazyload\" data-srcset=\"https:\/\/www.design-award.cz\/wp-content\/uploads\/2024\/06\/vykres-1-1-1024x730.png 1024w, https:\/\/www.design-award.cz\/wp-content\/uploads\/2024\/06\/vykres-1-1-300x214.png 300w, https:\/\/www.design-award.cz\/wp-content\/uploads\/2024\/06\/vykres-1-1-768x548.png 768w, https:\/\/www.design-award.cz\/wp-content\/uploads\/2024\/06\/vykres-1-1-1536x1095.png 1536w, https:\/\/www.design-award.cz\/wp-content\/uploads\/2024\/06\/vykres-1-1-2048x1460.png 2048w, https:\/\/www.design-award.cz\/wp-content\/uploads\/2024\/06\/vykres-1-1-500x356.png 500w, https:\/\/www.design-award.cz\/wp-content\/uploads\/2024\/06\/vykres-1-1-800x570.png 800w, https:\/\/www.design-award.cz\/wp-content\/uploads\/2024\/06\/vykres-1-1-1280x913.png 1280w, https:\/\/www.design-award.cz\/wp-content\/uploads\/2024\/06\/vykres-1-1-1920x1369.png 1920w\" data-sizes=\"(max-width: 1024px) 100vw, 1024px\" src=\"data:image\/svg+xml;base64,PHN2ZyB3aWR0aD0iMSIgaGVpZ2h0PSIxIiB4bWxucz0iaHR0cDovL3d3dy53My5vcmcvMjAwMC9zdmciPjwvc3ZnPg==\" style=\"--smush-placeholder-width: 1024px; --smush-placeholder-aspect-ratio: 1024\/730;\" \/><\/figure>\n","protected":false},"excerpt":{"rendered":"<p>Eli\u0161ka Jir\u00e1\u010dkov\u00e1 St\u0159edn\u00ed um\u011bleckopr\u016fmyslov\u00e1 \u0161kola hudebn\u00edch n\u00e1stroj\u016f a n\u00e1bytku M\u016fj n\u00e1vrh ve\u0159ejn\u00e9ho prostoru se zam\u011b\u0159uje na mate\u0159skou \u0161kolu situovanou v Jir\u00e1skov\u011b ulici ve m\u011bst\u011b He\u0159man\u016fv M\u011bstec. Jedn\u00e1 se o komplex slou\u017e\u00edc\u00ed n\u011bkolik let bez v\u011bt\u0161\u00edch interi\u00e9rov\u00fdch zm\u011bn. Mate\u0159sk\u00e9 \u0161koly se odjak\u017eiva sna\u017e\u00ed d\u011btem nab\u00eddnout co nejv\u011bt\u0161\u00ed \u0161k\u00e1lu barev, hra\u010dek a nucenosti zabavit o\u010di, co to [&hellip;]<\/p>\n","protected":false},"author":2,"featured_media":3599,"menu_order":0,"comment_status":"closed","ping_status":"closed","template":"","format":"standard","meta":{"ngg_post_thumbnail":0,"ocean_post_layout":"","ocean_both_sidebars_style":"","ocean_both_sidebars_content_width":0,"ocean_both_sidebars_sidebars_width":0,"ocean_sidebar":"","ocean_second_sidebar":"","ocean_disable_margins":"enable","ocean_add_body_class":"","ocean_shortcode_before_top_bar":"","ocean_shortcode_after_top_bar":"","ocean_shortcode_before_header":"","ocean_shortcode_after_header":"","ocean_has_shortcode":"","ocean_shortcode_after_title":"","ocean_shortcode_before_footer_widgets":"","ocean_shortcode_after_footer_widgets":"","ocean_shortcode_before_footer_bottom":"","ocean_shortcode_after_footer_bottom":"","ocean_display_top_bar":"default","ocean_display_header":"default","ocean_header_style":"","ocean_center_header_left_menu":"","ocean_custom_header_template":"","ocean_custom_logo":0,"ocean_custom_retina_logo":0,"ocean_custom_logo_max_width":0,"ocean_custom_logo_tablet_max_width":0,"ocean_custom_logo_mobile_max_width":0,"ocean_custom_logo_max_height":0,"ocean_custom_logo_tablet_max_height":0,"ocean_custom_logo_mobile_max_height":0,"ocean_header_custom_menu":"","ocean_menu_typo_font_family":"","ocean_menu_typo_font_subset":"","ocean_menu_typo_font_size":0,"ocean_menu_typo_font_size_tablet":0,"ocean_menu_typo_font_size_mobile":0,"ocean_menu_typo_font_size_unit":"px","ocean_menu_typo_font_weight":"","ocean_menu_typo_font_weight_tablet":"","ocean_menu_typo_font_weight_mobile":"","ocean_menu_typo_transform":"","ocean_menu_typo_transform_tablet":"","ocean_menu_typo_transform_mobile":"","ocean_menu_typo_line_height":0,"ocean_menu_typo_line_height_tablet":0,"ocean_menu_typo_line_height_mobile":0,"ocean_menu_typo_line_height_unit":"","ocean_menu_typo_spacing":0,"ocean_menu_typo_spacing_tablet":0,"ocean_menu_typo_spacing_mobile":0,"ocean_menu_typo_spacing_unit":"","ocean_menu_link_color":"","ocean_menu_link_color_hover":"","ocean_menu_link_color_active":"","ocean_menu_link_background":"","ocean_menu_link_hover_background":"","ocean_menu_link_active_background":"","ocean_menu_social_links_bg":"","ocean_menu_social_hover_links_bg":"","ocean_menu_social_links_color":"","ocean_menu_social_hover_links_color":"","ocean_disable_title":"default","ocean_disable_heading":"default","ocean_post_title":"","ocean_post_subheading":"","ocean_post_title_style":"","ocean_post_title_background_color":"","ocean_post_title_background":0,"ocean_post_title_bg_image_position":"","ocean_post_title_bg_image_attachment":"","ocean_post_title_bg_image_repeat":"","ocean_post_title_bg_image_size":"","ocean_post_title_height":0,"ocean_post_title_bg_overlay":0.5,"ocean_post_title_bg_overlay_color":"","ocean_disable_breadcrumbs":"default","ocean_breadcrumbs_color":"","ocean_breadcrumbs_separator_color":"","ocean_breadcrumbs_links_color":"","ocean_breadcrumbs_links_hover_color":"","ocean_display_footer_widgets":"default","ocean_display_footer_bottom":"default","ocean_custom_footer_template":"","_vp_format_video_url":"","_vp_image_focal_point":[],"footnotes":""},"portfolio_category":[],"portfolio_tag":[],"class_list":["post-3555","portfolio","type-portfolio","status-publish","format-standard","has-post-thumbnail","hentry","entry","has-media"],"yoast_head":"<!-- This site is optimized with the Yoast SEO plugin v25.2 - https:\/\/yoast.com\/wordpress\/plugins\/seo\/ -->\n<title>Ve\u0159ejn\u00fd interi\u00e9r - Mate\u0159sk\u00e1 \u0161kola Jir\u00e1skova - design-award.cz<\/title>\n<meta name=\"robots\" content=\"index, follow, max-snippet:-1, max-image-preview:large, max-video-preview:-1\" \/>\n<link rel=\"canonical\" href=\"https:\/\/www.design-award.cz\/?portfolio=verejny-interier-materska-skola-jiraskova\" \/>\n<meta property=\"og:locale\" content=\"cs_CZ\" \/>\n<meta property=\"og:type\" content=\"article\" \/>\n<meta property=\"og:title\" content=\"Ve\u0159ejn\u00fd interi\u00e9r - Mate\u0159sk\u00e1 \u0161kola Jir\u00e1skova - design-award.cz\" \/>\n<meta property=\"og:description\" content=\"Eli\u0161ka Jir\u00e1\u010dkov\u00e1 St\u0159edn\u00ed um\u011bleckopr\u016fmyslov\u00e1 \u0161kola hudebn\u00edch n\u00e1stroj\u016f a n\u00e1bytku M\u016fj n\u00e1vrh ve\u0159ejn\u00e9ho prostoru se zam\u011b\u0159uje na mate\u0159skou \u0161kolu situovanou v Jir\u00e1skov\u011b ulici ve m\u011bst\u011b He\u0159man\u016fv M\u011bstec. Jedn\u00e1 se o komplex slou\u017e\u00edc\u00ed n\u011bkolik let bez v\u011bt\u0161\u00edch interi\u00e9rov\u00fdch zm\u011bn. Mate\u0159sk\u00e9 \u0161koly se odjak\u017eiva sna\u017e\u00ed d\u011btem nab\u00eddnout co nejv\u011bt\u0161\u00ed \u0161k\u00e1lu barev, hra\u010dek a nucenosti zabavit o\u010di, co to [&hellip;]\" \/>\n<meta property=\"og:url\" content=\"https:\/\/www.design-award.cz\/?portfolio=verejny-interier-materska-skola-jiraskova\" \/>\n<meta property=\"og:site_name\" content=\"design-award.cz\" \/>\n<meta property=\"article:modified_time\" content=\"2024-06-08T20:28:00+00:00\" \/>\n<meta property=\"og:image\" content=\"http:\/\/www.design-award.cz\/wp-content\/uploads\/2024\/06\/viz_2-1-min1-1024x724.png\" \/>\n\t<meta property=\"og:image:width\" content=\"1024\" \/>\n\t<meta property=\"og:image:height\" content=\"724\" \/>\n\t<meta property=\"og:image:type\" content=\"image\/png\" \/>\n<meta name=\"twitter:card\" content=\"summary_large_image\" \/>\n<meta name=\"twitter:label1\" content=\"Odhadovan\u00e1 doba \u010dten\u00ed\" \/>\n\t<meta name=\"twitter:data1\" content=\"2 minuty\" \/>\n<script type=\"application\/ld+json\" class=\"yoast-schema-graph\">{\"@context\":\"https:\/\/schema.org\",\"@graph\":[{\"@type\":\"WebPage\",\"@id\":\"https:\/\/www.design-award.cz\/?portfolio=verejny-interier-materska-skola-jiraskova\",\"url\":\"https:\/\/www.design-award.cz\/?portfolio=verejny-interier-materska-skola-jiraskova\",\"name\":\"Ve\u0159ejn\u00fd interi\u00e9r - Mate\u0159sk\u00e1 \u0161kola Jir\u00e1skova - design-award.cz\",\"isPartOf\":{\"@id\":\"https:\/\/www.design-award.cz\/#website\"},\"primaryImageOfPage\":{\"@id\":\"https:\/\/www.design-award.cz\/?portfolio=verejny-interier-materska-skola-jiraskova#primaryimage\"},\"image\":{\"@id\":\"https:\/\/www.design-award.cz\/?portfolio=verejny-interier-materska-skola-jiraskova#primaryimage\"},\"thumbnailUrl\":\"https:\/\/www.design-award.cz\/wp-content\/uploads\/2024\/06\/viz_2-1-min1.png\",\"datePublished\":\"2024-06-08T20:27:59+00:00\",\"dateModified\":\"2024-06-08T20:28:00+00:00\",\"breadcrumb\":{\"@id\":\"https:\/\/www.design-award.cz\/?portfolio=verejny-interier-materska-skola-jiraskova#breadcrumb\"},\"inLanguage\":\"cs\",\"potentialAction\":[{\"@type\":\"ReadAction\",\"target\":[\"https:\/\/www.design-award.cz\/?portfolio=verejny-interier-materska-skola-jiraskova\"]}]},{\"@type\":\"ImageObject\",\"inLanguage\":\"cs\",\"@id\":\"https:\/\/www.design-award.cz\/?portfolio=verejny-interier-materska-skola-jiraskova#primaryimage\",\"url\":\"https:\/\/www.design-award.cz\/wp-content\/uploads\/2024\/06\/viz_2-1-min1.png\",\"contentUrl\":\"https:\/\/www.design-award.cz\/wp-content\/uploads\/2024\/06\/viz_2-1-min1.png\",\"width\":3308,\"height\":2339},{\"@type\":\"BreadcrumbList\",\"@id\":\"https:\/\/www.design-award.cz\/?portfolio=verejny-interier-materska-skola-jiraskova#breadcrumb\",\"itemListElement\":[{\"@type\":\"ListItem\",\"position\":1,\"name\":\"Dom\u016f\",\"item\":\"https:\/\/www.design-award.cz\/\"},{\"@type\":\"ListItem\",\"position\":2,\"name\":\"Portfolio Items\",\"item\":\"https:\/\/www.design-award.cz\/?post_type=portfolio\"},{\"@type\":\"ListItem\",\"position\":3,\"name\":\"Ve\u0159ejn\u00fd interi\u00e9r &#8211; Mate\u0159sk\u00e1 \u0161kola Jir\u00e1skova\"}]},{\"@type\":\"WebSite\",\"@id\":\"https:\/\/www.design-award.cz\/#website\",\"url\":\"https:\/\/www.design-award.cz\/\",\"name\":\"design-award.cz\",\"description\":\"WARD vznikla v roce 2022. Je ur\u010dena p\u0159edev\u0161\u00edm student\u016fm st\u0159edn\u00edch um\u011bleck\u00fdch \u0161kol (S\u0160 a VO\u0160), kte\u0159\u00ed mohou bezplatn\u011b zaslat sv\u00e9 n\u00e1vrhy v uveden\u00fdch kategori\u00ed a tak pom\u011b\u0159it sv\u00e9 n\u00e1pady s konkurenc\u00ed sv\u00fdch vrstevn\u00edk\u016f. N\u00e1vrhy jsou n\u00e1sledn\u011b posouzeny nez\u00e1vislou porotou z \u0159ad v\u00fdtvarn\u00edk\u016f, pedagog\u016f a profesion\u00e1l\u016f z oboru.\",\"publisher\":{\"@id\":\"https:\/\/www.design-award.cz\/#organization\"},\"potentialAction\":[{\"@type\":\"SearchAction\",\"target\":{\"@type\":\"EntryPoint\",\"urlTemplate\":\"https:\/\/www.design-award.cz\/?s={search_term_string}\"},\"query-input\":{\"@type\":\"PropertyValueSpecification\",\"valueRequired\":true,\"valueName\":\"search_term_string\"}}],\"inLanguage\":\"cs\"},{\"@type\":\"Organization\",\"@id\":\"https:\/\/www.design-award.cz\/#organization\",\"name\":\"Design Award\",\"url\":\"https:\/\/www.design-award.cz\/\",\"logo\":{\"@type\":\"ImageObject\",\"inLanguage\":\"cs\",\"@id\":\"https:\/\/www.design-award.cz\/#\/schema\/logo\/image\/\",\"url\":\"http:\/\/www.design-award.cz\/wp-content\/uploads\/2021\/12\/hornilogo_design-award.png\",\"contentUrl\":\"http:\/\/www.design-award.cz\/wp-content\/uploads\/2021\/12\/hornilogo_design-award.png\",\"width\":800,\"height\":600,\"caption\":\"Design Award\"},\"image\":{\"@id\":\"https:\/\/www.design-award.cz\/#\/schema\/logo\/image\/\"},\"sameAs\":[\"https:\/\/www.instagram.com\/design_award\/\"]}]}<\/script>\n<!-- \/ Yoast SEO plugin. -->","yoast_head_json":{"title":"Ve\u0159ejn\u00fd interi\u00e9r - Mate\u0159sk\u00e1 \u0161kola Jir\u00e1skova - design-award.cz","robots":{"index":"index","follow":"follow","max-snippet":"max-snippet:-1","max-image-preview":"max-image-preview:large","max-video-preview":"max-video-preview:-1"},"canonical":"https:\/\/www.design-award.cz\/?portfolio=verejny-interier-materska-skola-jiraskova","og_locale":"cs_CZ","og_type":"article","og_title":"Ve\u0159ejn\u00fd interi\u00e9r - Mate\u0159sk\u00e1 \u0161kola Jir\u00e1skova - design-award.cz","og_description":"Eli\u0161ka Jir\u00e1\u010dkov\u00e1 St\u0159edn\u00ed um\u011bleckopr\u016fmyslov\u00e1 \u0161kola hudebn\u00edch n\u00e1stroj\u016f a n\u00e1bytku M\u016fj n\u00e1vrh ve\u0159ejn\u00e9ho prostoru se zam\u011b\u0159uje na mate\u0159skou \u0161kolu situovanou v Jir\u00e1skov\u011b ulici ve m\u011bst\u011b He\u0159man\u016fv M\u011bstec. Jedn\u00e1 se o komplex slou\u017e\u00edc\u00ed n\u011bkolik let bez v\u011bt\u0161\u00edch interi\u00e9rov\u00fdch zm\u011bn. Mate\u0159sk\u00e9 \u0161koly se odjak\u017eiva sna\u017e\u00ed d\u011btem nab\u00eddnout co nejv\u011bt\u0161\u00ed \u0161k\u00e1lu barev, hra\u010dek a nucenosti zabavit o\u010di, co to [&hellip;]","og_url":"https:\/\/www.design-award.cz\/?portfolio=verejny-interier-materska-skola-jiraskova","og_site_name":"design-award.cz","article_modified_time":"2024-06-08T20:28:00+00:00","og_image":[{"width":1024,"height":724,"url":"http:\/\/www.design-award.cz\/wp-content\/uploads\/2024\/06\/viz_2-1-min1-1024x724.png","type":"image\/png"}],"twitter_card":"summary_large_image","twitter_misc":{"Odhadovan\u00e1 doba \u010dten\u00ed":"2 minuty"},"schema":{"@context":"https:\/\/schema.org","@graph":[{"@type":"WebPage","@id":"https:\/\/www.design-award.cz\/?portfolio=verejny-interier-materska-skola-jiraskova","url":"https:\/\/www.design-award.cz\/?portfolio=verejny-interier-materska-skola-jiraskova","name":"Ve\u0159ejn\u00fd interi\u00e9r - Mate\u0159sk\u00e1 \u0161kola Jir\u00e1skova - design-award.cz","isPartOf":{"@id":"https:\/\/www.design-award.cz\/#website"},"primaryImageOfPage":{"@id":"https:\/\/www.design-award.cz\/?portfolio=verejny-interier-materska-skola-jiraskova#primaryimage"},"image":{"@id":"https:\/\/www.design-award.cz\/?portfolio=verejny-interier-materska-skola-jiraskova#primaryimage"},"thumbnailUrl":"https:\/\/www.design-award.cz\/wp-content\/uploads\/2024\/06\/viz_2-1-min1.png","datePublished":"2024-06-08T20:27:59+00:00","dateModified":"2024-06-08T20:28:00+00:00","breadcrumb":{"@id":"https:\/\/www.design-award.cz\/?portfolio=verejny-interier-materska-skola-jiraskova#breadcrumb"},"inLanguage":"cs","potentialAction":[{"@type":"ReadAction","target":["https:\/\/www.design-award.cz\/?portfolio=verejny-interier-materska-skola-jiraskova"]}]},{"@type":"ImageObject","inLanguage":"cs","@id":"https:\/\/www.design-award.cz\/?portfolio=verejny-interier-materska-skola-jiraskova#primaryimage","url":"https:\/\/www.design-award.cz\/wp-content\/uploads\/2024\/06\/viz_2-1-min1.png","contentUrl":"https:\/\/www.design-award.cz\/wp-content\/uploads\/2024\/06\/viz_2-1-min1.png","width":3308,"height":2339},{"@type":"BreadcrumbList","@id":"https:\/\/www.design-award.cz\/?portfolio=verejny-interier-materska-skola-jiraskova#breadcrumb","itemListElement":[{"@type":"ListItem","position":1,"name":"Dom\u016f","item":"https:\/\/www.design-award.cz\/"},{"@type":"ListItem","position":2,"name":"Portfolio Items","item":"https:\/\/www.design-award.cz\/?post_type=portfolio"},{"@type":"ListItem","position":3,"name":"Ve\u0159ejn\u00fd interi\u00e9r &#8211; Mate\u0159sk\u00e1 \u0161kola Jir\u00e1skova"}]},{"@type":"WebSite","@id":"https:\/\/www.design-award.cz\/#website","url":"https:\/\/www.design-award.cz\/","name":"design-award.cz","description":"WARD vznikla v roce 2022. Je ur\u010dena p\u0159edev\u0161\u00edm student\u016fm st\u0159edn\u00edch um\u011bleck\u00fdch \u0161kol (S\u0160 a VO\u0160), kte\u0159\u00ed mohou bezplatn\u011b zaslat sv\u00e9 n\u00e1vrhy v uveden\u00fdch kategori\u00ed a tak pom\u011b\u0159it sv\u00e9 n\u00e1pady s konkurenc\u00ed sv\u00fdch vrstevn\u00edk\u016f. N\u00e1vrhy jsou n\u00e1sledn\u011b posouzeny nez\u00e1vislou porotou z \u0159ad v\u00fdtvarn\u00edk\u016f, pedagog\u016f a profesion\u00e1l\u016f z oboru.","publisher":{"@id":"https:\/\/www.design-award.cz\/#organization"},"potentialAction":[{"@type":"SearchAction","target":{"@type":"EntryPoint","urlTemplate":"https:\/\/www.design-award.cz\/?s={search_term_string}"},"query-input":{"@type":"PropertyValueSpecification","valueRequired":true,"valueName":"search_term_string"}}],"inLanguage":"cs"},{"@type":"Organization","@id":"https:\/\/www.design-award.cz\/#organization","name":"Design Award","url":"https:\/\/www.design-award.cz\/","logo":{"@type":"ImageObject","inLanguage":"cs","@id":"https:\/\/www.design-award.cz\/#\/schema\/logo\/image\/","url":"http:\/\/www.design-award.cz\/wp-content\/uploads\/2021\/12\/hornilogo_design-award.png","contentUrl":"http:\/\/www.design-award.cz\/wp-content\/uploads\/2021\/12\/hornilogo_design-award.png","width":800,"height":600,"caption":"Design Award"},"image":{"@id":"https:\/\/www.design-award.cz\/#\/schema\/logo\/image\/"},"sameAs":["https:\/\/www.instagram.com\/design_award\/"]}]}},"_links":{"self":[{"href":"https:\/\/www.design-award.cz\/index.php?rest_route=\/wp\/v2\/portfolio\/3555","targetHints":{"allow":["GET"]}}],"collection":[{"href":"https:\/\/www.design-award.cz\/index.php?rest_route=\/wp\/v2\/portfolio"}],"about":[{"href":"https:\/\/www.design-award.cz\/index.php?rest_route=\/wp\/v2\/types\/portfolio"}],"author":[{"embeddable":true,"href":"https:\/\/www.design-award.cz\/index.php?rest_route=\/wp\/v2\/users\/2"}],"replies":[{"embeddable":true,"href":"https:\/\/www.design-award.cz\/index.php?rest_route=%2Fwp%2Fv2%2Fcomments&post=3555"}],"version-history":[{"count":1,"href":"https:\/\/www.design-award.cz\/index.php?rest_route=\/wp\/v2\/portfolio\/3555\/revisions"}],"predecessor-version":[{"id":3601,"href":"https:\/\/www.design-award.cz\/index.php?rest_route=\/wp\/v2\/portfolio\/3555\/revisions\/3601"}],"wp:featuredmedia":[{"embeddable":true,"href":"https:\/\/www.design-award.cz\/index.php?rest_route=\/wp\/v2\/media\/3599"}],"wp:attachment":[{"href":"https:\/\/www.design-award.cz\/index.php?rest_route=%2Fwp%2Fv2%2Fmedia&parent=3555"}],"wp:term":[{"taxonomy":"portfolio_category","embeddable":true,"href":"https:\/\/www.design-award.cz\/index.php?rest_route=%2Fwp%2Fv2%2Fportfolio_category&post=3555"},{"taxonomy":"portfolio_tag","embeddable":true,"href":"https:\/\/www.design-award.cz\/index.php?rest_route=%2Fwp%2Fv2%2Fportfolio_tag&post=3555"}],"curies":[{"name":"wp","href":"https:\/\/api.w.org\/{rel}","templated":true}]}}