{"id":3560,"date":"2024-06-08T20:41:41","date_gmt":"2024-06-08T20:41:41","guid":{"rendered":"https:\/\/www.design-award.cz\/?post_type=portfolio&#038;p=3560"},"modified":"2024-06-08T20:43:27","modified_gmt":"2024-06-08T20:43:27","slug":"produktovy-design-sig-sag-mestsky-mobiliar","status":"publish","type":"portfolio","link":"https:\/\/www.design-award.cz\/?portfolio=produktovy-design-sig-sag-mestsky-mobiliar","title":{"rendered":"Produktov\u00fd design &#8211; Sig Sag, m\u011bstsk\u00fd mobili\u00e1\u0159"},"content":{"rendered":"\n<p><strong>Viktorie Anna Bo\u017eo\u0148ov\u00e1<\/strong><\/p>\n\n\n\n<p>AVE ART Ostrava &#8211; vy\u0161\u0161\u00ed odborn\u00e1 \u0161kola, st\u0159edn\u00ed um\u011bleck\u00e1 \u0161kola a z\u00e1kladn\u00ed um\u011bleck\u00e1 \u0161kola, s.r.o.<\/p>\n\n\n\n<p>M\u00fdm projektem je m\u011bstsk\u00fd mobili\u00e1\u0159, kter\u00fd se skl\u00e1d\u00e1 z lampy a lavi\u010dky. Ve m\u011bst\u011b se kolem t\u011bchto p\u0159edm\u011bt\u016f ka\u017edodenn\u011b pohybujeme, ale mnohdy je p\u0159\u00edli\u0161 nevn\u00edm\u00e1me. Proto jsem se rozhodla navrhnout m\u011bstsk\u00fd mobili\u00e1\u0159, kter\u00fd kolemjdouc\u00ed sv\u00fdm tvarem i barvou zaujme. Model lampy je vyroben z ocelov\u00e9 kulatiny, v realit\u011b by bylo ov\u0161em pot\u0159eba pou\u017e\u00edt trubkovou ocel. Lavi\u010dka je pak na modelu vyrobena z ohnut\u00e9 PVC trubky. P\u0159i v\u00fdrob\u011b re\u00e1ln\u00e9 lavi\u010dky by bylo ale pot\u0159eba vyu\u017e\u00edt takt\u00e9\u017e kov jako u lampy. U obou objekt\u016f jsem volila obl\u00e9, m\u011bkk\u00e9 tvaroslov\u00ed, aby zjem\u0148ovaly ostrost okoln\u00edch budov, se kter\u00fdmi by lampa a lavi\u010dka kontrastovaly.<br>Projekt lampy a lavi\u010dky jsem pojmenovala podle latinsk\u00e9 klikatice \u201ezig zag\u201c. Vzhledem k tvaroslov\u00ed zvolen\u00e9ho u m\u00e9ho mobili\u00e1\u0159e, kter\u00fd p\u0159ipom\u00edn\u00e1 p\u00edsmeno \u201es\u201c jsem se v\u0161ak rozhodla upravit v\u00fdraz \u201ezig zag\u201c na \u201esig sag\u201c.<br>M\u016fj m\u011bstsk\u00fd mobili\u00e1\u0159 by se podle m\u011b nejv\u00edce hodil do parku, nebo industri\u00e1ln\u00edho \u010di monot\u00f3nn\u00edho prost\u0159ed\u00ed, kter\u00e9 by tak o\u017eivil.<\/p>\n\n\n\n<figure class=\"wp-block-image size-large\"><img decoding=\"async\" width=\"1024\" height=\"998\" data-src=\"http:\/\/www.design-award.cz\/wp-content\/uploads\/2024\/06\/photoshop-soutez-lampa-1024x998.jpg\" alt=\"\" class=\"wp-image-3622 lazyload\" data-srcset=\"https:\/\/www.design-award.cz\/wp-content\/uploads\/2024\/06\/photoshop-soutez-lampa-1024x998.jpg 1024w, https:\/\/www.design-award.cz\/wp-content\/uploads\/2024\/06\/photoshop-soutez-lampa-300x292.jpg 300w, https:\/\/www.design-award.cz\/wp-content\/uploads\/2024\/06\/photoshop-soutez-lampa-768x749.jpg 768w, https:\/\/www.design-award.cz\/wp-content\/uploads\/2024\/06\/photoshop-soutez-lampa-1536x1498.jpg 1536w, https:\/\/www.design-award.cz\/wp-content\/uploads\/2024\/06\/photoshop-soutez-lampa-2048x1997.jpg 2048w, https:\/\/www.design-award.cz\/wp-content\/uploads\/2024\/06\/photoshop-soutez-lampa-500x487.jpg 500w, https:\/\/www.design-award.cz\/wp-content\/uploads\/2024\/06\/photoshop-soutez-lampa-800x780.jpg 800w, https:\/\/www.design-award.cz\/wp-content\/uploads\/2024\/06\/photoshop-soutez-lampa-1280x1248.jpg 1280w, https:\/\/www.design-award.cz\/wp-content\/uploads\/2024\/06\/photoshop-soutez-lampa-1920x1872.jpg 1920w\" data-sizes=\"(max-width: 1024px) 100vw, 1024px\" src=\"data:image\/svg+xml;base64,PHN2ZyB3aWR0aD0iMSIgaGVpZ2h0PSIxIiB4bWxucz0iaHR0cDovL3d3dy53My5vcmcvMjAwMC9zdmciPjwvc3ZnPg==\" style=\"--smush-placeholder-width: 1024px; --smush-placeholder-aspect-ratio: 1024\/998;\" \/><\/figure>\n\n\n\n<figure class=\"wp-block-image size-large\"><img decoding=\"async\" width=\"729\" height=\"1024\" data-src=\"http:\/\/www.design-award.cz\/wp-content\/uploads\/2024\/06\/bbbbbbbbb-729x1024.jpg\" alt=\"\" class=\"wp-image-3620 lazyload\" data-srcset=\"https:\/\/www.design-award.cz\/wp-content\/uploads\/2024\/06\/bbbbbbbbb-729x1024.jpg 729w, https:\/\/www.design-award.cz\/wp-content\/uploads\/2024\/06\/bbbbbbbbb-214x300.jpg 214w, https:\/\/www.design-award.cz\/wp-content\/uploads\/2024\/06\/bbbbbbbbb-768x1078.jpg 768w, https:\/\/www.design-award.cz\/wp-content\/uploads\/2024\/06\/bbbbbbbbb-1094x1536.jpg 1094w, https:\/\/www.design-award.cz\/wp-content\/uploads\/2024\/06\/bbbbbbbbb-1459x2048.jpg 1459w, https:\/\/www.design-award.cz\/wp-content\/uploads\/2024\/06\/bbbbbbbbb-500x702.jpg 500w, https:\/\/www.design-award.cz\/wp-content\/uploads\/2024\/06\/bbbbbbbbb-800x1123.jpg 800w, https:\/\/www.design-award.cz\/wp-content\/uploads\/2024\/06\/bbbbbbbbb-1280x1797.jpg 1280w, https:\/\/www.design-award.cz\/wp-content\/uploads\/2024\/06\/bbbbbbbbb-1920x2696.jpg 1920w, https:\/\/www.design-award.cz\/wp-content\/uploads\/2024\/06\/bbbbbbbbb-scaled.jpg 1823w\" data-sizes=\"(max-width: 729px) 100vw, 729px\" src=\"data:image\/svg+xml;base64,PHN2ZyB3aWR0aD0iMSIgaGVpZ2h0PSIxIiB4bWxucz0iaHR0cDovL3d3dy53My5vcmcvMjAwMC9zdmciPjwvc3ZnPg==\" style=\"--smush-placeholder-width: 729px; --smush-placeholder-aspect-ratio: 729\/1024;\" \/><\/figure>\n\n\n\n<figure class=\"wp-block-image size-large is-resized\"><img decoding=\"async\" width=\"624\" height=\"1024\" data-src=\"http:\/\/www.design-award.cz\/wp-content\/uploads\/2024\/06\/vvvvvvvvvv-624x1024.jpg\" alt=\"\" class=\"wp-image-3624 lazyload\" style=\"--smush-placeholder-width: 624px; --smush-placeholder-aspect-ratio: 624\/1024;width:840px;height:auto\" data-srcset=\"https:\/\/www.design-award.cz\/wp-content\/uploads\/2024\/06\/vvvvvvvvvv-624x1024.jpg 624w, https:\/\/www.design-award.cz\/wp-content\/uploads\/2024\/06\/vvvvvvvvvv-183x300.jpg 183w, https:\/\/www.design-award.cz\/wp-content\/uploads\/2024\/06\/vvvvvvvvvv-768x1261.jpg 768w, https:\/\/www.design-award.cz\/wp-content\/uploads\/2024\/06\/vvvvvvvvvv-936x1536.jpg 936w, https:\/\/www.design-award.cz\/wp-content\/uploads\/2024\/06\/vvvvvvvvvv-1248x2048.jpg 1248w, https:\/\/www.design-award.cz\/wp-content\/uploads\/2024\/06\/vvvvvvvvvv-500x821.jpg 500w, https:\/\/www.design-award.cz\/wp-content\/uploads\/2024\/06\/vvvvvvvvvv-800x1313.jpg 800w, https:\/\/www.design-award.cz\/wp-content\/uploads\/2024\/06\/vvvvvvvvvv-1280x2101.jpg 1280w, https:\/\/www.design-award.cz\/wp-content\/uploads\/2024\/06\/vvvvvvvvvv-1920x3152.jpg 1920w, https:\/\/www.design-award.cz\/wp-content\/uploads\/2024\/06\/vvvvvvvvvv-scaled.jpg 1560w\" data-sizes=\"(max-width: 624px) 100vw, 624px\" src=\"data:image\/svg+xml;base64,PHN2ZyB3aWR0aD0iMSIgaGVpZ2h0PSIxIiB4bWxucz0iaHR0cDovL3d3dy53My5vcmcvMjAwMC9zdmciPjwvc3ZnPg==\" \/><\/figure>\n\n\n\n<figure class=\"wp-block-image size-large\"><img decoding=\"async\" width=\"724\" height=\"1024\" data-src=\"http:\/\/www.design-award.cz\/wp-content\/uploads\/2024\/06\/VIKI-SOUTEZ-VYKRES-01-724x1024.jpg\" alt=\"\" class=\"wp-image-3623 lazyload\" data-srcset=\"https:\/\/www.design-award.cz\/wp-content\/uploads\/2024\/06\/VIKI-SOUTEZ-VYKRES-01-724x1024.jpg 724w, https:\/\/www.design-award.cz\/wp-content\/uploads\/2024\/06\/VIKI-SOUTEZ-VYKRES-01-212x300.jpg 212w, https:\/\/www.design-award.cz\/wp-content\/uploads\/2024\/06\/VIKI-SOUTEZ-VYKRES-01-768x1086.jpg 768w, https:\/\/www.design-award.cz\/wp-content\/uploads\/2024\/06\/VIKI-SOUTEZ-VYKRES-01-1086x1536.jpg 1086w, https:\/\/www.design-award.cz\/wp-content\/uploads\/2024\/06\/VIKI-SOUTEZ-VYKRES-01-1448x2048.jpg 1448w, https:\/\/www.design-award.cz\/wp-content\/uploads\/2024\/06\/VIKI-SOUTEZ-VYKRES-01-500x707.jpg 500w, https:\/\/www.design-award.cz\/wp-content\/uploads\/2024\/06\/VIKI-SOUTEZ-VYKRES-01-800x1132.jpg 800w, https:\/\/www.design-award.cz\/wp-content\/uploads\/2024\/06\/VIKI-SOUTEZ-VYKRES-01-1280x1811.jpg 1280w, https:\/\/www.design-award.cz\/wp-content\/uploads\/2024\/06\/VIKI-SOUTEZ-VYKRES-01-1920x2716.jpg 1920w, https:\/\/www.design-award.cz\/wp-content\/uploads\/2024\/06\/VIKI-SOUTEZ-VYKRES-01-scaled.jpg 1810w\" data-sizes=\"(max-width: 724px) 100vw, 724px\" src=\"data:image\/svg+xml;base64,PHN2ZyB3aWR0aD0iMSIgaGVpZ2h0PSIxIiB4bWxucz0iaHR0cDovL3d3dy53My5vcmcvMjAwMC9zdmciPjwvc3ZnPg==\" style=\"--smush-placeholder-width: 724px; --smush-placeholder-aspect-ratio: 724\/1024;\" \/><\/figure>\n","protected":false},"excerpt":{"rendered":"<p>Viktorie Anna Bo\u017eo\u0148ov\u00e1 AVE ART Ostrava &#8211; vy\u0161\u0161\u00ed odborn\u00e1 \u0161kola, st\u0159edn\u00ed um\u011bleck\u00e1 \u0161kola a z\u00e1kladn\u00ed um\u011bleck\u00e1 \u0161kola, s.r.o. M\u00fdm projektem je m\u011bstsk\u00fd mobili\u00e1\u0159, kter\u00fd se skl\u00e1d\u00e1 z lampy a lavi\u010dky. Ve m\u011bst\u011b se kolem t\u011bchto p\u0159edm\u011bt\u016f ka\u017edodenn\u011b pohybujeme, ale mnohdy je p\u0159\u00edli\u0161 nevn\u00edm\u00e1me. Proto jsem se rozhodla navrhnout m\u011bstsk\u00fd mobili\u00e1\u0159, kter\u00fd kolemjdouc\u00ed sv\u00fdm tvarem i [&hellip;]<\/p>\n","protected":false},"author":2,"featured_media":3621,"menu_order":0,"comment_status":"closed","ping_status":"closed","template":"","format":"standard","meta":{"ngg_post_thumbnail":0,"ocean_post_layout":"","ocean_both_sidebars_style":"","ocean_both_sidebars_content_width":0,"ocean_both_sidebars_sidebars_width":0,"ocean_sidebar":"","ocean_second_sidebar":"","ocean_disable_margins":"enable","ocean_add_body_class":"","ocean_shortcode_before_top_bar":"","ocean_shortcode_after_top_bar":"","ocean_shortcode_before_header":"","ocean_shortcode_after_header":"","ocean_has_shortcode":"","ocean_shortcode_after_title":"","ocean_shortcode_before_footer_widgets":"","ocean_shortcode_after_footer_widgets":"","ocean_shortcode_before_footer_bottom":"","ocean_shortcode_after_footer_bottom":"","ocean_display_top_bar":"default","ocean_display_header":"default","ocean_header_style":"","ocean_center_header_left_menu":"","ocean_custom_header_template":"","ocean_custom_logo":0,"ocean_custom_retina_logo":0,"ocean_custom_logo_max_width":0,"ocean_custom_logo_tablet_max_width":0,"ocean_custom_logo_mobile_max_width":0,"ocean_custom_logo_max_height":0,"ocean_custom_logo_tablet_max_height":0,"ocean_custom_logo_mobile_max_height":0,"ocean_header_custom_menu":"","ocean_menu_typo_font_family":"","ocean_menu_typo_font_subset":"","ocean_menu_typo_font_size":0,"ocean_menu_typo_font_size_tablet":0,"ocean_menu_typo_font_size_mobile":0,"ocean_menu_typo_font_size_unit":"px","ocean_menu_typo_font_weight":"","ocean_menu_typo_font_weight_tablet":"","ocean_menu_typo_font_weight_mobile":"","ocean_menu_typo_transform":"","ocean_menu_typo_transform_tablet":"","ocean_menu_typo_transform_mobile":"","ocean_menu_typo_line_height":0,"ocean_menu_typo_line_height_tablet":0,"ocean_menu_typo_line_height_mobile":0,"ocean_menu_typo_line_height_unit":"","ocean_menu_typo_spacing":0,"ocean_menu_typo_spacing_tablet":0,"ocean_menu_typo_spacing_mobile":0,"ocean_menu_typo_spacing_unit":"","ocean_menu_link_color":"","ocean_menu_link_color_hover":"","ocean_menu_link_color_active":"","ocean_menu_link_background":"","ocean_menu_link_hover_background":"","ocean_menu_link_active_background":"","ocean_menu_social_links_bg":"","ocean_menu_social_hover_links_bg":"","ocean_menu_social_links_color":"","ocean_menu_social_hover_links_color":"","ocean_disable_title":"default","ocean_disable_heading":"default","ocean_post_title":"","ocean_post_subheading":"","ocean_post_title_style":"","ocean_post_title_background_color":"","ocean_post_title_background":0,"ocean_post_title_bg_image_position":"","ocean_post_title_bg_image_attachment":"","ocean_post_title_bg_image_repeat":"","ocean_post_title_bg_image_size":"","ocean_post_title_height":0,"ocean_post_title_bg_overlay":0.5,"ocean_post_title_bg_overlay_color":"","ocean_disable_breadcrumbs":"default","ocean_breadcrumbs_color":"","ocean_breadcrumbs_separator_color":"","ocean_breadcrumbs_links_color":"","ocean_breadcrumbs_links_hover_color":"","ocean_display_footer_widgets":"default","ocean_display_footer_bottom":"default","ocean_custom_footer_template":"","_vp_format_video_url":"","_vp_image_focal_point":[],"footnotes":""},"portfolio_category":[],"portfolio_tag":[],"class_list":["post-3560","portfolio","type-portfolio","status-publish","format-standard","has-post-thumbnail","hentry","entry","has-media"],"yoast_head":"<!-- This site is optimized with the Yoast SEO plugin v25.2 - https:\/\/yoast.com\/wordpress\/plugins\/seo\/ -->\n<title>Produktov\u00fd design - Sig Sag, m\u011bstsk\u00fd mobili\u00e1\u0159 - design-award.cz<\/title>\n<meta name=\"robots\" content=\"index, follow, max-snippet:-1, max-image-preview:large, max-video-preview:-1\" \/>\n<link rel=\"canonical\" href=\"https:\/\/www.design-award.cz\/?portfolio=produktovy-design-sig-sag-mestsky-mobiliar\" \/>\n<meta property=\"og:locale\" content=\"cs_CZ\" \/>\n<meta property=\"og:type\" content=\"article\" \/>\n<meta property=\"og:title\" content=\"Produktov\u00fd design - Sig Sag, m\u011bstsk\u00fd mobili\u00e1\u0159 - design-award.cz\" \/>\n<meta property=\"og:description\" content=\"Viktorie Anna Bo\u017eo\u0148ov\u00e1 AVE ART Ostrava &#8211; vy\u0161\u0161\u00ed odborn\u00e1 \u0161kola, st\u0159edn\u00ed um\u011bleck\u00e1 \u0161kola a z\u00e1kladn\u00ed um\u011bleck\u00e1 \u0161kola, s.r.o. M\u00fdm projektem je m\u011bstsk\u00fd mobili\u00e1\u0159, kter\u00fd se skl\u00e1d\u00e1 z lampy a lavi\u010dky. Ve m\u011bst\u011b se kolem t\u011bchto p\u0159edm\u011bt\u016f ka\u017edodenn\u011b pohybujeme, ale mnohdy je p\u0159\u00edli\u0161 nevn\u00edm\u00e1me. Proto jsem se rozhodla navrhnout m\u011bstsk\u00fd mobili\u00e1\u0159, kter\u00fd kolemjdouc\u00ed sv\u00fdm tvarem i [&hellip;]\" \/>\n<meta property=\"og:url\" content=\"https:\/\/www.design-award.cz\/?portfolio=produktovy-design-sig-sag-mestsky-mobiliar\" \/>\n<meta property=\"og:site_name\" content=\"design-award.cz\" \/>\n<meta property=\"article:modified_time\" content=\"2024-06-08T20:43:27+00:00\" \/>\n<meta property=\"og:image\" content=\"https:\/\/www.design-award.cz\/wp-content\/uploads\/2024\/06\/lampa-rendr-2.png\" \/>\n\t<meta property=\"og:image:width\" content=\"1541\" \/>\n\t<meta property=\"og:image:height\" content=\"814\" \/>\n\t<meta property=\"og:image:type\" content=\"image\/png\" \/>\n<meta name=\"twitter:card\" content=\"summary_large_image\" \/>\n<meta name=\"twitter:label1\" content=\"Odhadovan\u00e1 doba \u010dten\u00ed\" \/>\n\t<meta name=\"twitter:data1\" content=\"1 minuta\" \/>\n<script type=\"application\/ld+json\" class=\"yoast-schema-graph\">{\"@context\":\"https:\/\/schema.org\",\"@graph\":[{\"@type\":\"WebPage\",\"@id\":\"https:\/\/www.design-award.cz\/?portfolio=produktovy-design-sig-sag-mestsky-mobiliar\",\"url\":\"https:\/\/www.design-award.cz\/?portfolio=produktovy-design-sig-sag-mestsky-mobiliar\",\"name\":\"Produktov\u00fd design - Sig Sag, m\u011bstsk\u00fd mobili\u00e1\u0159 - design-award.cz\",\"isPartOf\":{\"@id\":\"https:\/\/www.design-award.cz\/#website\"},\"primaryImageOfPage\":{\"@id\":\"https:\/\/www.design-award.cz\/?portfolio=produktovy-design-sig-sag-mestsky-mobiliar#primaryimage\"},\"image\":{\"@id\":\"https:\/\/www.design-award.cz\/?portfolio=produktovy-design-sig-sag-mestsky-mobiliar#primaryimage\"},\"thumbnailUrl\":\"https:\/\/www.design-award.cz\/wp-content\/uploads\/2024\/06\/lampa-rendr-2.png\",\"datePublished\":\"2024-06-08T20:41:41+00:00\",\"dateModified\":\"2024-06-08T20:43:27+00:00\",\"breadcrumb\":{\"@id\":\"https:\/\/www.design-award.cz\/?portfolio=produktovy-design-sig-sag-mestsky-mobiliar#breadcrumb\"},\"inLanguage\":\"cs\",\"potentialAction\":[{\"@type\":\"ReadAction\",\"target\":[\"https:\/\/www.design-award.cz\/?portfolio=produktovy-design-sig-sag-mestsky-mobiliar\"]}]},{\"@type\":\"ImageObject\",\"inLanguage\":\"cs\",\"@id\":\"https:\/\/www.design-award.cz\/?portfolio=produktovy-design-sig-sag-mestsky-mobiliar#primaryimage\",\"url\":\"https:\/\/www.design-award.cz\/wp-content\/uploads\/2024\/06\/lampa-rendr-2.png\",\"contentUrl\":\"https:\/\/www.design-award.cz\/wp-content\/uploads\/2024\/06\/lampa-rendr-2.png\",\"width\":1541,\"height\":814},{\"@type\":\"BreadcrumbList\",\"@id\":\"https:\/\/www.design-award.cz\/?portfolio=produktovy-design-sig-sag-mestsky-mobiliar#breadcrumb\",\"itemListElement\":[{\"@type\":\"ListItem\",\"position\":1,\"name\":\"Dom\u016f\",\"item\":\"https:\/\/www.design-award.cz\/\"},{\"@type\":\"ListItem\",\"position\":2,\"name\":\"Portfolio Items\",\"item\":\"https:\/\/www.design-award.cz\/?post_type=portfolio\"},{\"@type\":\"ListItem\",\"position\":3,\"name\":\"Produktov\u00fd design &#8211; Sig Sag, m\u011bstsk\u00fd mobili\u00e1\u0159\"}]},{\"@type\":\"WebSite\",\"@id\":\"https:\/\/www.design-award.cz\/#website\",\"url\":\"https:\/\/www.design-award.cz\/\",\"name\":\"design-award.cz\",\"description\":\"WARD vznikla v roce 2022. Je ur\u010dena p\u0159edev\u0161\u00edm student\u016fm st\u0159edn\u00edch um\u011bleck\u00fdch \u0161kol (S\u0160 a VO\u0160), kte\u0159\u00ed mohou bezplatn\u011b zaslat sv\u00e9 n\u00e1vrhy v uveden\u00fdch kategori\u00ed a tak pom\u011b\u0159it sv\u00e9 n\u00e1pady s konkurenc\u00ed sv\u00fdch vrstevn\u00edk\u016f. N\u00e1vrhy jsou n\u00e1sledn\u011b posouzeny nez\u00e1vislou porotou z \u0159ad v\u00fdtvarn\u00edk\u016f, pedagog\u016f a profesion\u00e1l\u016f z oboru.\",\"publisher\":{\"@id\":\"https:\/\/www.design-award.cz\/#organization\"},\"potentialAction\":[{\"@type\":\"SearchAction\",\"target\":{\"@type\":\"EntryPoint\",\"urlTemplate\":\"https:\/\/www.design-award.cz\/?s={search_term_string}\"},\"query-input\":{\"@type\":\"PropertyValueSpecification\",\"valueRequired\":true,\"valueName\":\"search_term_string\"}}],\"inLanguage\":\"cs\"},{\"@type\":\"Organization\",\"@id\":\"https:\/\/www.design-award.cz\/#organization\",\"name\":\"Design Award\",\"url\":\"https:\/\/www.design-award.cz\/\",\"logo\":{\"@type\":\"ImageObject\",\"inLanguage\":\"cs\",\"@id\":\"https:\/\/www.design-award.cz\/#\/schema\/logo\/image\/\",\"url\":\"http:\/\/www.design-award.cz\/wp-content\/uploads\/2021\/12\/hornilogo_design-award.png\",\"contentUrl\":\"http:\/\/www.design-award.cz\/wp-content\/uploads\/2021\/12\/hornilogo_design-award.png\",\"width\":800,\"height\":600,\"caption\":\"Design Award\"},\"image\":{\"@id\":\"https:\/\/www.design-award.cz\/#\/schema\/logo\/image\/\"},\"sameAs\":[\"https:\/\/www.instagram.com\/design_award\/\"]}]}<\/script>\n<!-- \/ Yoast SEO plugin. -->","yoast_head_json":{"title":"Produktov\u00fd design - Sig Sag, m\u011bstsk\u00fd mobili\u00e1\u0159 - design-award.cz","robots":{"index":"index","follow":"follow","max-snippet":"max-snippet:-1","max-image-preview":"max-image-preview:large","max-video-preview":"max-video-preview:-1"},"canonical":"https:\/\/www.design-award.cz\/?portfolio=produktovy-design-sig-sag-mestsky-mobiliar","og_locale":"cs_CZ","og_type":"article","og_title":"Produktov\u00fd design - Sig Sag, m\u011bstsk\u00fd mobili\u00e1\u0159 - design-award.cz","og_description":"Viktorie Anna Bo\u017eo\u0148ov\u00e1 AVE ART Ostrava &#8211; vy\u0161\u0161\u00ed odborn\u00e1 \u0161kola, st\u0159edn\u00ed um\u011bleck\u00e1 \u0161kola a z\u00e1kladn\u00ed um\u011bleck\u00e1 \u0161kola, s.r.o. M\u00fdm projektem je m\u011bstsk\u00fd mobili\u00e1\u0159, kter\u00fd se skl\u00e1d\u00e1 z lampy a lavi\u010dky. Ve m\u011bst\u011b se kolem t\u011bchto p\u0159edm\u011bt\u016f ka\u017edodenn\u011b pohybujeme, ale mnohdy je p\u0159\u00edli\u0161 nevn\u00edm\u00e1me. Proto jsem se rozhodla navrhnout m\u011bstsk\u00fd mobili\u00e1\u0159, kter\u00fd kolemjdouc\u00ed sv\u00fdm tvarem i [&hellip;]","og_url":"https:\/\/www.design-award.cz\/?portfolio=produktovy-design-sig-sag-mestsky-mobiliar","og_site_name":"design-award.cz","article_modified_time":"2024-06-08T20:43:27+00:00","og_image":[{"width":1541,"height":814,"url":"https:\/\/www.design-award.cz\/wp-content\/uploads\/2024\/06\/lampa-rendr-2.png","type":"image\/png"}],"twitter_card":"summary_large_image","twitter_misc":{"Odhadovan\u00e1 doba \u010dten\u00ed":"1 minuta"},"schema":{"@context":"https:\/\/schema.org","@graph":[{"@type":"WebPage","@id":"https:\/\/www.design-award.cz\/?portfolio=produktovy-design-sig-sag-mestsky-mobiliar","url":"https:\/\/www.design-award.cz\/?portfolio=produktovy-design-sig-sag-mestsky-mobiliar","name":"Produktov\u00fd design - Sig Sag, m\u011bstsk\u00fd mobili\u00e1\u0159 - design-award.cz","isPartOf":{"@id":"https:\/\/www.design-award.cz\/#website"},"primaryImageOfPage":{"@id":"https:\/\/www.design-award.cz\/?portfolio=produktovy-design-sig-sag-mestsky-mobiliar#primaryimage"},"image":{"@id":"https:\/\/www.design-award.cz\/?portfolio=produktovy-design-sig-sag-mestsky-mobiliar#primaryimage"},"thumbnailUrl":"https:\/\/www.design-award.cz\/wp-content\/uploads\/2024\/06\/lampa-rendr-2.png","datePublished":"2024-06-08T20:41:41+00:00","dateModified":"2024-06-08T20:43:27+00:00","breadcrumb":{"@id":"https:\/\/www.design-award.cz\/?portfolio=produktovy-design-sig-sag-mestsky-mobiliar#breadcrumb"},"inLanguage":"cs","potentialAction":[{"@type":"ReadAction","target":["https:\/\/www.design-award.cz\/?portfolio=produktovy-design-sig-sag-mestsky-mobiliar"]}]},{"@type":"ImageObject","inLanguage":"cs","@id":"https:\/\/www.design-award.cz\/?portfolio=produktovy-design-sig-sag-mestsky-mobiliar#primaryimage","url":"https:\/\/www.design-award.cz\/wp-content\/uploads\/2024\/06\/lampa-rendr-2.png","contentUrl":"https:\/\/www.design-award.cz\/wp-content\/uploads\/2024\/06\/lampa-rendr-2.png","width":1541,"height":814},{"@type":"BreadcrumbList","@id":"https:\/\/www.design-award.cz\/?portfolio=produktovy-design-sig-sag-mestsky-mobiliar#breadcrumb","itemListElement":[{"@type":"ListItem","position":1,"name":"Dom\u016f","item":"https:\/\/www.design-award.cz\/"},{"@type":"ListItem","position":2,"name":"Portfolio Items","item":"https:\/\/www.design-award.cz\/?post_type=portfolio"},{"@type":"ListItem","position":3,"name":"Produktov\u00fd design &#8211; Sig Sag, m\u011bstsk\u00fd mobili\u00e1\u0159"}]},{"@type":"WebSite","@id":"https:\/\/www.design-award.cz\/#website","url":"https:\/\/www.design-award.cz\/","name":"design-award.cz","description":"WARD vznikla v roce 2022. Je ur\u010dena p\u0159edev\u0161\u00edm student\u016fm st\u0159edn\u00edch um\u011bleck\u00fdch \u0161kol (S\u0160 a VO\u0160), kte\u0159\u00ed mohou bezplatn\u011b zaslat sv\u00e9 n\u00e1vrhy v uveden\u00fdch kategori\u00ed a tak pom\u011b\u0159it sv\u00e9 n\u00e1pady s konkurenc\u00ed sv\u00fdch vrstevn\u00edk\u016f. N\u00e1vrhy jsou n\u00e1sledn\u011b posouzeny nez\u00e1vislou porotou z \u0159ad v\u00fdtvarn\u00edk\u016f, pedagog\u016f a profesion\u00e1l\u016f z oboru.","publisher":{"@id":"https:\/\/www.design-award.cz\/#organization"},"potentialAction":[{"@type":"SearchAction","target":{"@type":"EntryPoint","urlTemplate":"https:\/\/www.design-award.cz\/?s={search_term_string}"},"query-input":{"@type":"PropertyValueSpecification","valueRequired":true,"valueName":"search_term_string"}}],"inLanguage":"cs"},{"@type":"Organization","@id":"https:\/\/www.design-award.cz\/#organization","name":"Design Award","url":"https:\/\/www.design-award.cz\/","logo":{"@type":"ImageObject","inLanguage":"cs","@id":"https:\/\/www.design-award.cz\/#\/schema\/logo\/image\/","url":"http:\/\/www.design-award.cz\/wp-content\/uploads\/2021\/12\/hornilogo_design-award.png","contentUrl":"http:\/\/www.design-award.cz\/wp-content\/uploads\/2021\/12\/hornilogo_design-award.png","width":800,"height":600,"caption":"Design Award"},"image":{"@id":"https:\/\/www.design-award.cz\/#\/schema\/logo\/image\/"},"sameAs":["https:\/\/www.instagram.com\/design_award\/"]}]}},"_links":{"self":[{"href":"https:\/\/www.design-award.cz\/index.php?rest_route=\/wp\/v2\/portfolio\/3560","targetHints":{"allow":["GET"]}}],"collection":[{"href":"https:\/\/www.design-award.cz\/index.php?rest_route=\/wp\/v2\/portfolio"}],"about":[{"href":"https:\/\/www.design-award.cz\/index.php?rest_route=\/wp\/v2\/types\/portfolio"}],"author":[{"embeddable":true,"href":"https:\/\/www.design-award.cz\/index.php?rest_route=\/wp\/v2\/users\/2"}],"replies":[{"embeddable":true,"href":"https:\/\/www.design-award.cz\/index.php?rest_route=%2Fwp%2Fv2%2Fcomments&post=3560"}],"version-history":[{"count":1,"href":"https:\/\/www.design-award.cz\/index.php?rest_route=\/wp\/v2\/portfolio\/3560\/revisions"}],"predecessor-version":[{"id":3626,"href":"https:\/\/www.design-award.cz\/index.php?rest_route=\/wp\/v2\/portfolio\/3560\/revisions\/3626"}],"wp:featuredmedia":[{"embeddable":true,"href":"https:\/\/www.design-award.cz\/index.php?rest_route=\/wp\/v2\/media\/3621"}],"wp:attachment":[{"href":"https:\/\/www.design-award.cz\/index.php?rest_route=%2Fwp%2Fv2%2Fmedia&parent=3560"}],"wp:term":[{"taxonomy":"portfolio_category","embeddable":true,"href":"https:\/\/www.design-award.cz\/index.php?rest_route=%2Fwp%2Fv2%2Fportfolio_category&post=3560"},{"taxonomy":"portfolio_tag","embeddable":true,"href":"https:\/\/www.design-award.cz\/index.php?rest_route=%2Fwp%2Fv2%2Fportfolio_tag&post=3560"}],"curies":[{"name":"wp","href":"https:\/\/api.w.org\/{rel}","templated":true}]}}