{"id":3561,"date":"2024-06-08T20:39:32","date_gmt":"2024-06-08T20:39:32","guid":{"rendered":"https:\/\/www.design-award.cz\/?post_type=portfolio&#038;p=3561"},"modified":"2024-06-08T20:40:03","modified_gmt":"2024-06-08T20:40:03","slug":"produktovy-design-cylimon","status":"publish","type":"portfolio","link":"https:\/\/www.design-award.cz\/?portfolio=produktovy-design-cylimon","title":{"rendered":"Produktov\u00fd design &#8211; Cylimon"},"content":{"rendered":"\n<p><strong>Ji\u0159\u00ed V\u00edtek<\/strong><\/p>\n\n\n\n<p>AVE ART Ostrava &#8211; vy\u0161\u0161\u00ed odborn\u00e1 \u0161kola, st\u0159edn\u00ed um\u011bleck\u00e1 \u0161kola a z\u00e1kladn\u00ed um\u011bleck\u00e1 \u0161kola, s.r.o.<\/p>\n\n\n\n<p>N\u00e1zev m\u00e9 klauzurn\u00ed pr\u00e1ce Cylimon vych\u00e1z\u00ed z anglick\u00e9ho slova \u201ecylinder\u201c, kter\u00e9 ozna\u010duje v\u00e1lcovit\u00fd tvar. Tento tvar je kl\u00ed\u010dov\u00fdm prvkem n\u00e1vrhu m\u00e9ho projektu. Hlavn\u00ed materi\u00e1ly, kter\u00e9 jsem pou\u017eil, jsou ocel a beton. Ocel tvo\u0159\u00ed hlavn\u00ed konstrukci lampy, co\u017e zaji\u0161\u0165uje jej\u00ed pevnost a stabilitu. Beton se nach\u00e1z\u00ed ve spodn\u00ed \u010d\u00e1sti lampy a m\u00e1 d\u016fle\u017eitou ochrannou funkci \u2013 chr\u00e1n\u00ed ocelovou konstrukci p\u0159ed koroz\u00ed zp\u016fsobenou p\u016fdn\u00ed vlhkost\u00ed a dal\u0161\u00edmi vn\u011bj\u0161\u00edmi vlivy.<br>Jedn\u00edm z kl\u00ed\u010dov\u00fdch aspekt\u016f m\u00e9ho n\u00e1vrhu je lavi\u010dka, kter\u00e1 obklopuje betonovou \u010d\u00e1st lampy. Tato lavi\u010dka je odn\u00edmateln\u00e1, co\u017e znamen\u00e1, \u017ee lampa m\u016f\u017ee b\u00fdt snadno p\u0159em\u00edst\u011bna a pou\u017eita na r\u016fzn\u00fdch lokac\u00edch podle aktu\u00e1ln\u00edch pot\u0159eb. Tato flexibilita je jedn\u00edm z hlavn\u00edch p\u0159\u00ednos\u016f m\u00e9ho projektu.<br>M\u00fdm z\u00e1m\u011brem bylo, aby mont\u00e1\u017e a instalace lampy byly co nejjednodu\u0161\u0161\u00ed, co\u017e by minimalizovalo riziko vzniku vad a po\u0161kozen\u00ed b\u011bhem mont\u00e1\u017ee. Tento p\u0159\u00edstup zaji\u0161\u0165uje, \u017ee produkt bude dlouhodob\u011b funk\u010dn\u00ed a snadno udr\u017eovateln\u00fd. Douf\u00e1m, \u017ee m\u016fj n\u00e1vrh p\u0159isp\u011bje k efektivn\u011bj\u0161\u00edmu a esteticky p\u0159\u00edjemn\u011bj\u0161\u00edmu ve\u0159ejn\u00e9mu prostoru.<\/p>\n\n\n\n<figure class=\"wp-block-image size-large\"><img decoding=\"async\" width=\"768\" height=\"1024\" data-src=\"http:\/\/www.design-award.cz\/wp-content\/uploads\/2024\/06\/1000008617_663e7b3a567ce61af5b31bcd100bf8a3-6.-6.-2024-8_50_14-768x1024.jpg\" alt=\"\" class=\"wp-image-3617 lazyload\" data-srcset=\"https:\/\/www.design-award.cz\/wp-content\/uploads\/2024\/06\/1000008617_663e7b3a567ce61af5b31bcd100bf8a3-6.-6.-2024-8_50_14-768x1024.jpg 768w, https:\/\/www.design-award.cz\/wp-content\/uploads\/2024\/06\/1000008617_663e7b3a567ce61af5b31bcd100bf8a3-6.-6.-2024-8_50_14-225x300.jpg 225w, https:\/\/www.design-award.cz\/wp-content\/uploads\/2024\/06\/1000008617_663e7b3a567ce61af5b31bcd100bf8a3-6.-6.-2024-8_50_14-1152x1536.jpg 1152w, https:\/\/www.design-award.cz\/wp-content\/uploads\/2024\/06\/1000008617_663e7b3a567ce61af5b31bcd100bf8a3-6.-6.-2024-8_50_14-1536x2048.jpg 1536w, https:\/\/www.design-award.cz\/wp-content\/uploads\/2024\/06\/1000008617_663e7b3a567ce61af5b31bcd100bf8a3-6.-6.-2024-8_50_14-500x667.jpg 500w, https:\/\/www.design-award.cz\/wp-content\/uploads\/2024\/06\/1000008617_663e7b3a567ce61af5b31bcd100bf8a3-6.-6.-2024-8_50_14-800x1067.jpg 800w, https:\/\/www.design-award.cz\/wp-content\/uploads\/2024\/06\/1000008617_663e7b3a567ce61af5b31bcd100bf8a3-6.-6.-2024-8_50_14-1280x1707.jpg 1280w, https:\/\/www.design-award.cz\/wp-content\/uploads\/2024\/06\/1000008617_663e7b3a567ce61af5b31bcd100bf8a3-6.-6.-2024-8_50_14-scaled.jpg 1920w\" data-sizes=\"(max-width: 768px) 100vw, 768px\" src=\"data:image\/svg+xml;base64,PHN2ZyB3aWR0aD0iMSIgaGVpZ2h0PSIxIiB4bWxucz0iaHR0cDovL3d3dy53My5vcmcvMjAwMC9zdmciPjwvc3ZnPg==\" style=\"--smush-placeholder-width: 768px; --smush-placeholder-aspect-ratio: 768\/1024;\" \/><\/figure>\n\n\n\n<figure class=\"wp-block-image size-large\"><img decoding=\"async\" width=\"724\" height=\"1024\" data-src=\"http:\/\/www.design-award.cz\/wp-content\/uploads\/2024\/06\/Vitek_2D-vykres-724x1024.jpg\" alt=\"\" class=\"wp-image-3619 lazyload\" data-srcset=\"https:\/\/www.design-award.cz\/wp-content\/uploads\/2024\/06\/Vitek_2D-vykres-724x1024.jpg 724w, https:\/\/www.design-award.cz\/wp-content\/uploads\/2024\/06\/Vitek_2D-vykres-212x300.jpg 212w, https:\/\/www.design-award.cz\/wp-content\/uploads\/2024\/06\/Vitek_2D-vykres-768x1086.jpg 768w, https:\/\/www.design-award.cz\/wp-content\/uploads\/2024\/06\/Vitek_2D-vykres-1086x1536.jpg 1086w, https:\/\/www.design-award.cz\/wp-content\/uploads\/2024\/06\/Vitek_2D-vykres-1448x2048.jpg 1448w, https:\/\/www.design-award.cz\/wp-content\/uploads\/2024\/06\/Vitek_2D-vykres-500x707.jpg 500w, https:\/\/www.design-award.cz\/wp-content\/uploads\/2024\/06\/Vitek_2D-vykres-800x1131.jpg 800w, https:\/\/www.design-award.cz\/wp-content\/uploads\/2024\/06\/Vitek_2D-vykres-1280x1810.jpg 1280w, https:\/\/www.design-award.cz\/wp-content\/uploads\/2024\/06\/Vitek_2D-vykres-1920x2715.jpg 1920w, https:\/\/www.design-award.cz\/wp-content\/uploads\/2024\/06\/Vitek_2D-vykres-scaled.jpg 1810w\" data-sizes=\"(max-width: 724px) 100vw, 724px\" src=\"data:image\/svg+xml;base64,PHN2ZyB3aWR0aD0iMSIgaGVpZ2h0PSIxIiB4bWxucz0iaHR0cDovL3d3dy53My5vcmcvMjAwMC9zdmciPjwvc3ZnPg==\" style=\"--smush-placeholder-width: 724px; --smush-placeholder-aspect-ratio: 724\/1024;\" \/><\/figure>\n","protected":false},"excerpt":{"rendered":"<p>Ji\u0159\u00ed V\u00edtek AVE ART Ostrava &#8211; vy\u0161\u0161\u00ed odborn\u00e1 \u0161kola, st\u0159edn\u00ed um\u011bleck\u00e1 \u0161kola a z\u00e1kladn\u00ed um\u011bleck\u00e1 \u0161kola, s.r.o. N\u00e1zev m\u00e9 klauzurn\u00ed pr\u00e1ce Cylimon vych\u00e1z\u00ed z anglick\u00e9ho slova \u201ecylinder\u201c, kter\u00e9 ozna\u010duje v\u00e1lcovit\u00fd tvar. Tento tvar je kl\u00ed\u010dov\u00fdm prvkem n\u00e1vrhu m\u00e9ho projektu. Hlavn\u00ed materi\u00e1ly, kter\u00e9 jsem pou\u017eil, jsou ocel a beton. Ocel tvo\u0159\u00ed hlavn\u00ed konstrukci lampy, co\u017e zaji\u0161\u0165uje [&hellip;]<\/p>\n","protected":false},"author":2,"featured_media":3618,"menu_order":0,"comment_status":"closed","ping_status":"closed","template":"","format":"standard","meta":{"ngg_post_thumbnail":0,"ocean_post_layout":"","ocean_both_sidebars_style":"","ocean_both_sidebars_content_width":0,"ocean_both_sidebars_sidebars_width":0,"ocean_sidebar":"","ocean_second_sidebar":"","ocean_disable_margins":"enable","ocean_add_body_class":"","ocean_shortcode_before_top_bar":"","ocean_shortcode_after_top_bar":"","ocean_shortcode_before_header":"","ocean_shortcode_after_header":"","ocean_has_shortcode":"","ocean_shortcode_after_title":"","ocean_shortcode_before_footer_widgets":"","ocean_shortcode_after_footer_widgets":"","ocean_shortcode_before_footer_bottom":"","ocean_shortcode_after_footer_bottom":"","ocean_display_top_bar":"default","ocean_display_header":"default","ocean_header_style":"","ocean_center_header_left_menu":"","ocean_custom_header_template":"","ocean_custom_logo":0,"ocean_custom_retina_logo":0,"ocean_custom_logo_max_width":0,"ocean_custom_logo_tablet_max_width":0,"ocean_custom_logo_mobile_max_width":0,"ocean_custom_logo_max_height":0,"ocean_custom_logo_tablet_max_height":0,"ocean_custom_logo_mobile_max_height":0,"ocean_header_custom_menu":"","ocean_menu_typo_font_family":"","ocean_menu_typo_font_subset":"","ocean_menu_typo_font_size":0,"ocean_menu_typo_font_size_tablet":0,"ocean_menu_typo_font_size_mobile":0,"ocean_menu_typo_font_size_unit":"px","ocean_menu_typo_font_weight":"","ocean_menu_typo_font_weight_tablet":"","ocean_menu_typo_font_weight_mobile":"","ocean_menu_typo_transform":"","ocean_menu_typo_transform_tablet":"","ocean_menu_typo_transform_mobile":"","ocean_menu_typo_line_height":0,"ocean_menu_typo_line_height_tablet":0,"ocean_menu_typo_line_height_mobile":0,"ocean_menu_typo_line_height_unit":"","ocean_menu_typo_spacing":0,"ocean_menu_typo_spacing_tablet":0,"ocean_menu_typo_spacing_mobile":0,"ocean_menu_typo_spacing_unit":"","ocean_menu_link_color":"","ocean_menu_link_color_hover":"","ocean_menu_link_color_active":"","ocean_menu_link_background":"","ocean_menu_link_hover_background":"","ocean_menu_link_active_background":"","ocean_menu_social_links_bg":"","ocean_menu_social_hover_links_bg":"","ocean_menu_social_links_color":"","ocean_menu_social_hover_links_color":"","ocean_disable_title":"default","ocean_disable_heading":"default","ocean_post_title":"","ocean_post_subheading":"","ocean_post_title_style":"","ocean_post_title_background_color":"","ocean_post_title_background":0,"ocean_post_title_bg_image_position":"","ocean_post_title_bg_image_attachment":"","ocean_post_title_bg_image_repeat":"","ocean_post_title_bg_image_size":"","ocean_post_title_height":0,"ocean_post_title_bg_overlay":0.5,"ocean_post_title_bg_overlay_color":"","ocean_disable_breadcrumbs":"default","ocean_breadcrumbs_color":"","ocean_breadcrumbs_separator_color":"","ocean_breadcrumbs_links_color":"","ocean_breadcrumbs_links_hover_color":"","ocean_display_footer_widgets":"default","ocean_display_footer_bottom":"default","ocean_custom_footer_template":"","_vp_format_video_url":"","_vp_image_focal_point":[],"footnotes":""},"portfolio_category":[],"portfolio_tag":[],"class_list":["post-3561","portfolio","type-portfolio","status-publish","format-standard","has-post-thumbnail","hentry","entry","has-media"],"yoast_head":"<!-- This site is optimized with the Yoast SEO plugin v25.2 - https:\/\/yoast.com\/wordpress\/plugins\/seo\/ -->\n<title>Produktov\u00fd design - Cylimon - design-award.cz<\/title>\n<meta name=\"robots\" content=\"index, follow, max-snippet:-1, max-image-preview:large, max-video-preview:-1\" \/>\n<link rel=\"canonical\" href=\"https:\/\/www.design-award.cz\/?portfolio=produktovy-design-cylimon\" \/>\n<meta property=\"og:locale\" content=\"cs_CZ\" \/>\n<meta property=\"og:type\" content=\"article\" \/>\n<meta property=\"og:title\" content=\"Produktov\u00fd design - Cylimon - design-award.cz\" \/>\n<meta property=\"og:description\" content=\"Ji\u0159\u00ed V\u00edtek AVE ART Ostrava &#8211; vy\u0161\u0161\u00ed odborn\u00e1 \u0161kola, st\u0159edn\u00ed um\u011bleck\u00e1 \u0161kola a z\u00e1kladn\u00ed um\u011bleck\u00e1 \u0161kola, s.r.o. N\u00e1zev m\u00e9 klauzurn\u00ed pr\u00e1ce Cylimon vych\u00e1z\u00ed z anglick\u00e9ho slova \u201ecylinder\u201c, kter\u00e9 ozna\u010duje v\u00e1lcovit\u00fd tvar. Tento tvar je kl\u00ed\u010dov\u00fdm prvkem n\u00e1vrhu m\u00e9ho projektu. Hlavn\u00ed materi\u00e1ly, kter\u00e9 jsem pou\u017eil, jsou ocel a beton. Ocel tvo\u0159\u00ed hlavn\u00ed konstrukci lampy, co\u017e zaji\u0161\u0165uje [&hellip;]\" \/>\n<meta property=\"og:url\" content=\"https:\/\/www.design-award.cz\/?portfolio=produktovy-design-cylimon\" \/>\n<meta property=\"og:site_name\" content=\"design-award.cz\" \/>\n<meta property=\"article:modified_time\" content=\"2024-06-08T20:40:03+00:00\" \/>\n<meta property=\"og:image\" content=\"https:\/\/www.design-award.cz\/wp-content\/uploads\/2024\/06\/asjkgdfqdzgafdzafdvnigaggaaa.jpg\" \/>\n\t<meta property=\"og:image:width\" content=\"564\" \/>\n\t<meta property=\"og:image:height\" content=\"752\" \/>\n\t<meta property=\"og:image:type\" content=\"image\/jpeg\" \/>\n<meta name=\"twitter:card\" content=\"summary_large_image\" \/>\n<meta name=\"twitter:label1\" content=\"Odhadovan\u00e1 doba \u010dten\u00ed\" \/>\n\t<meta name=\"twitter:data1\" content=\"1 minuta\" \/>\n<script type=\"application\/ld+json\" class=\"yoast-schema-graph\">{\"@context\":\"https:\/\/schema.org\",\"@graph\":[{\"@type\":\"WebPage\",\"@id\":\"https:\/\/www.design-award.cz\/?portfolio=produktovy-design-cylimon\",\"url\":\"https:\/\/www.design-award.cz\/?portfolio=produktovy-design-cylimon\",\"name\":\"Produktov\u00fd design - Cylimon - design-award.cz\",\"isPartOf\":{\"@id\":\"https:\/\/www.design-award.cz\/#website\"},\"primaryImageOfPage\":{\"@id\":\"https:\/\/www.design-award.cz\/?portfolio=produktovy-design-cylimon#primaryimage\"},\"image\":{\"@id\":\"https:\/\/www.design-award.cz\/?portfolio=produktovy-design-cylimon#primaryimage\"},\"thumbnailUrl\":\"https:\/\/www.design-award.cz\/wp-content\/uploads\/2024\/06\/asjkgdfqdzgafdzafdvnigaggaaa.jpg\",\"datePublished\":\"2024-06-08T20:39:32+00:00\",\"dateModified\":\"2024-06-08T20:40:03+00:00\",\"breadcrumb\":{\"@id\":\"https:\/\/www.design-award.cz\/?portfolio=produktovy-design-cylimon#breadcrumb\"},\"inLanguage\":\"cs\",\"potentialAction\":[{\"@type\":\"ReadAction\",\"target\":[\"https:\/\/www.design-award.cz\/?portfolio=produktovy-design-cylimon\"]}]},{\"@type\":\"ImageObject\",\"inLanguage\":\"cs\",\"@id\":\"https:\/\/www.design-award.cz\/?portfolio=produktovy-design-cylimon#primaryimage\",\"url\":\"https:\/\/www.design-award.cz\/wp-content\/uploads\/2024\/06\/asjkgdfqdzgafdzafdvnigaggaaa.jpg\",\"contentUrl\":\"https:\/\/www.design-award.cz\/wp-content\/uploads\/2024\/06\/asjkgdfqdzgafdzafdvnigaggaaa.jpg\",\"width\":564,\"height\":752},{\"@type\":\"BreadcrumbList\",\"@id\":\"https:\/\/www.design-award.cz\/?portfolio=produktovy-design-cylimon#breadcrumb\",\"itemListElement\":[{\"@type\":\"ListItem\",\"position\":1,\"name\":\"Dom\u016f\",\"item\":\"https:\/\/www.design-award.cz\/\"},{\"@type\":\"ListItem\",\"position\":2,\"name\":\"Portfolio Items\",\"item\":\"https:\/\/www.design-award.cz\/?post_type=portfolio\"},{\"@type\":\"ListItem\",\"position\":3,\"name\":\"Produktov\u00fd design &#8211; Cylimon\"}]},{\"@type\":\"WebSite\",\"@id\":\"https:\/\/www.design-award.cz\/#website\",\"url\":\"https:\/\/www.design-award.cz\/\",\"name\":\"design-award.cz\",\"description\":\"WARD vznikla v roce 2022. Je ur\u010dena p\u0159edev\u0161\u00edm student\u016fm st\u0159edn\u00edch um\u011bleck\u00fdch \u0161kol (S\u0160 a VO\u0160), kte\u0159\u00ed mohou bezplatn\u011b zaslat sv\u00e9 n\u00e1vrhy v uveden\u00fdch kategori\u00ed a tak pom\u011b\u0159it sv\u00e9 n\u00e1pady s konkurenc\u00ed sv\u00fdch vrstevn\u00edk\u016f. N\u00e1vrhy jsou n\u00e1sledn\u011b posouzeny nez\u00e1vislou porotou z \u0159ad v\u00fdtvarn\u00edk\u016f, pedagog\u016f a profesion\u00e1l\u016f z oboru.\",\"publisher\":{\"@id\":\"https:\/\/www.design-award.cz\/#organization\"},\"potentialAction\":[{\"@type\":\"SearchAction\",\"target\":{\"@type\":\"EntryPoint\",\"urlTemplate\":\"https:\/\/www.design-award.cz\/?s={search_term_string}\"},\"query-input\":{\"@type\":\"PropertyValueSpecification\",\"valueRequired\":true,\"valueName\":\"search_term_string\"}}],\"inLanguage\":\"cs\"},{\"@type\":\"Organization\",\"@id\":\"https:\/\/www.design-award.cz\/#organization\",\"name\":\"Design Award\",\"url\":\"https:\/\/www.design-award.cz\/\",\"logo\":{\"@type\":\"ImageObject\",\"inLanguage\":\"cs\",\"@id\":\"https:\/\/www.design-award.cz\/#\/schema\/logo\/image\/\",\"url\":\"http:\/\/www.design-award.cz\/wp-content\/uploads\/2021\/12\/hornilogo_design-award.png\",\"contentUrl\":\"http:\/\/www.design-award.cz\/wp-content\/uploads\/2021\/12\/hornilogo_design-award.png\",\"width\":800,\"height\":600,\"caption\":\"Design Award\"},\"image\":{\"@id\":\"https:\/\/www.design-award.cz\/#\/schema\/logo\/image\/\"},\"sameAs\":[\"https:\/\/www.instagram.com\/design_award\/\"]}]}<\/script>\n<!-- \/ Yoast SEO plugin. -->","yoast_head_json":{"title":"Produktov\u00fd design - Cylimon - design-award.cz","robots":{"index":"index","follow":"follow","max-snippet":"max-snippet:-1","max-image-preview":"max-image-preview:large","max-video-preview":"max-video-preview:-1"},"canonical":"https:\/\/www.design-award.cz\/?portfolio=produktovy-design-cylimon","og_locale":"cs_CZ","og_type":"article","og_title":"Produktov\u00fd design - Cylimon - design-award.cz","og_description":"Ji\u0159\u00ed V\u00edtek AVE ART Ostrava &#8211; vy\u0161\u0161\u00ed odborn\u00e1 \u0161kola, st\u0159edn\u00ed um\u011bleck\u00e1 \u0161kola a z\u00e1kladn\u00ed um\u011bleck\u00e1 \u0161kola, s.r.o. N\u00e1zev m\u00e9 klauzurn\u00ed pr\u00e1ce Cylimon vych\u00e1z\u00ed z anglick\u00e9ho slova \u201ecylinder\u201c, kter\u00e9 ozna\u010duje v\u00e1lcovit\u00fd tvar. Tento tvar je kl\u00ed\u010dov\u00fdm prvkem n\u00e1vrhu m\u00e9ho projektu. Hlavn\u00ed materi\u00e1ly, kter\u00e9 jsem pou\u017eil, jsou ocel a beton. Ocel tvo\u0159\u00ed hlavn\u00ed konstrukci lampy, co\u017e zaji\u0161\u0165uje [&hellip;]","og_url":"https:\/\/www.design-award.cz\/?portfolio=produktovy-design-cylimon","og_site_name":"design-award.cz","article_modified_time":"2024-06-08T20:40:03+00:00","og_image":[{"width":564,"height":752,"url":"https:\/\/www.design-award.cz\/wp-content\/uploads\/2024\/06\/asjkgdfqdzgafdzafdvnigaggaaa.jpg","type":"image\/jpeg"}],"twitter_card":"summary_large_image","twitter_misc":{"Odhadovan\u00e1 doba \u010dten\u00ed":"1 minuta"},"schema":{"@context":"https:\/\/schema.org","@graph":[{"@type":"WebPage","@id":"https:\/\/www.design-award.cz\/?portfolio=produktovy-design-cylimon","url":"https:\/\/www.design-award.cz\/?portfolio=produktovy-design-cylimon","name":"Produktov\u00fd design - Cylimon - design-award.cz","isPartOf":{"@id":"https:\/\/www.design-award.cz\/#website"},"primaryImageOfPage":{"@id":"https:\/\/www.design-award.cz\/?portfolio=produktovy-design-cylimon#primaryimage"},"image":{"@id":"https:\/\/www.design-award.cz\/?portfolio=produktovy-design-cylimon#primaryimage"},"thumbnailUrl":"https:\/\/www.design-award.cz\/wp-content\/uploads\/2024\/06\/asjkgdfqdzgafdzafdvnigaggaaa.jpg","datePublished":"2024-06-08T20:39:32+00:00","dateModified":"2024-06-08T20:40:03+00:00","breadcrumb":{"@id":"https:\/\/www.design-award.cz\/?portfolio=produktovy-design-cylimon#breadcrumb"},"inLanguage":"cs","potentialAction":[{"@type":"ReadAction","target":["https:\/\/www.design-award.cz\/?portfolio=produktovy-design-cylimon"]}]},{"@type":"ImageObject","inLanguage":"cs","@id":"https:\/\/www.design-award.cz\/?portfolio=produktovy-design-cylimon#primaryimage","url":"https:\/\/www.design-award.cz\/wp-content\/uploads\/2024\/06\/asjkgdfqdzgafdzafdvnigaggaaa.jpg","contentUrl":"https:\/\/www.design-award.cz\/wp-content\/uploads\/2024\/06\/asjkgdfqdzgafdzafdvnigaggaaa.jpg","width":564,"height":752},{"@type":"BreadcrumbList","@id":"https:\/\/www.design-award.cz\/?portfolio=produktovy-design-cylimon#breadcrumb","itemListElement":[{"@type":"ListItem","position":1,"name":"Dom\u016f","item":"https:\/\/www.design-award.cz\/"},{"@type":"ListItem","position":2,"name":"Portfolio Items","item":"https:\/\/www.design-award.cz\/?post_type=portfolio"},{"@type":"ListItem","position":3,"name":"Produktov\u00fd design &#8211; Cylimon"}]},{"@type":"WebSite","@id":"https:\/\/www.design-award.cz\/#website","url":"https:\/\/www.design-award.cz\/","name":"design-award.cz","description":"WARD vznikla v roce 2022. Je ur\u010dena p\u0159edev\u0161\u00edm student\u016fm st\u0159edn\u00edch um\u011bleck\u00fdch \u0161kol (S\u0160 a VO\u0160), kte\u0159\u00ed mohou bezplatn\u011b zaslat sv\u00e9 n\u00e1vrhy v uveden\u00fdch kategori\u00ed a tak pom\u011b\u0159it sv\u00e9 n\u00e1pady s konkurenc\u00ed sv\u00fdch vrstevn\u00edk\u016f. N\u00e1vrhy jsou n\u00e1sledn\u011b posouzeny nez\u00e1vislou porotou z \u0159ad v\u00fdtvarn\u00edk\u016f, pedagog\u016f a profesion\u00e1l\u016f z oboru.","publisher":{"@id":"https:\/\/www.design-award.cz\/#organization"},"potentialAction":[{"@type":"SearchAction","target":{"@type":"EntryPoint","urlTemplate":"https:\/\/www.design-award.cz\/?s={search_term_string}"},"query-input":{"@type":"PropertyValueSpecification","valueRequired":true,"valueName":"search_term_string"}}],"inLanguage":"cs"},{"@type":"Organization","@id":"https:\/\/www.design-award.cz\/#organization","name":"Design Award","url":"https:\/\/www.design-award.cz\/","logo":{"@type":"ImageObject","inLanguage":"cs","@id":"https:\/\/www.design-award.cz\/#\/schema\/logo\/image\/","url":"http:\/\/www.design-award.cz\/wp-content\/uploads\/2021\/12\/hornilogo_design-award.png","contentUrl":"http:\/\/www.design-award.cz\/wp-content\/uploads\/2021\/12\/hornilogo_design-award.png","width":800,"height":600,"caption":"Design Award"},"image":{"@id":"https:\/\/www.design-award.cz\/#\/schema\/logo\/image\/"},"sameAs":["https:\/\/www.instagram.com\/design_award\/"]}]}},"_links":{"self":[{"href":"https:\/\/www.design-award.cz\/index.php?rest_route=\/wp\/v2\/portfolio\/3561","targetHints":{"allow":["GET"]}}],"collection":[{"href":"https:\/\/www.design-award.cz\/index.php?rest_route=\/wp\/v2\/portfolio"}],"about":[{"href":"https:\/\/www.design-award.cz\/index.php?rest_route=\/wp\/v2\/types\/portfolio"}],"author":[{"embeddable":true,"href":"https:\/\/www.design-award.cz\/index.php?rest_route=\/wp\/v2\/users\/2"}],"replies":[{"embeddable":true,"href":"https:\/\/www.design-award.cz\/index.php?rest_route=%2Fwp%2Fv2%2Fcomments&post=3561"}],"version-history":[{"count":1,"href":"https:\/\/www.design-award.cz\/index.php?rest_route=\/wp\/v2\/portfolio\/3561\/revisions"}],"predecessor-version":[{"id":3625,"href":"https:\/\/www.design-award.cz\/index.php?rest_route=\/wp\/v2\/portfolio\/3561\/revisions\/3625"}],"wp:featuredmedia":[{"embeddable":true,"href":"https:\/\/www.design-award.cz\/index.php?rest_route=\/wp\/v2\/media\/3618"}],"wp:attachment":[{"href":"https:\/\/www.design-award.cz\/index.php?rest_route=%2Fwp%2Fv2%2Fmedia&parent=3561"}],"wp:term":[{"taxonomy":"portfolio_category","embeddable":true,"href":"https:\/\/www.design-award.cz\/index.php?rest_route=%2Fwp%2Fv2%2Fportfolio_category&post=3561"},{"taxonomy":"portfolio_tag","embeddable":true,"href":"https:\/\/www.design-award.cz\/index.php?rest_route=%2Fwp%2Fv2%2Fportfolio_tag&post=3561"}],"curies":[{"name":"wp","href":"https:\/\/api.w.org\/{rel}","templated":true}]}}