{"id":3564,"date":"2024-06-08T20:29:12","date_gmt":"2024-06-08T20:29:12","guid":{"rendered":"https:\/\/www.design-award.cz\/?post_type=portfolio&#038;p=3564"},"modified":"2024-06-08T20:29:13","modified_gmt":"2024-06-08T20:29:13","slug":"soukromy-interier-byt-3kk-pardubice-nova-veselka","status":"publish","type":"portfolio","link":"https:\/\/www.design-award.cz\/?portfolio=soukromy-interier-byt-3kk-pardubice-nova-veselka","title":{"rendered":"Soukrom\u00fd interi\u00e9r &#8211; Byt 3+kk &#8211; Pardubice, Nov\u00e1 Veselka"},"content":{"rendered":"\n<p><strong>Karol\u00edna Vejsov\u00e1<\/strong><\/p>\n\n\n\n<p>St\u0159edn\u00ed um\u011bleckopr\u016fmyslov\u00e1 \u0161kola hudebn\u00edch n\u00e1stroj\u016f a n\u00e1bytku Hradec Kr\u00e1lov\u00e9<\/p>\n\n\n\n<p>Pro koho je tento byt ur\u010den? Jeliko\u017e jsme m\u011bli voln\u00e9 t\u00e9ma, kde jsme si mohli vybrat pro koho budeme byt tvo\u0159it, zamyslela jsem se trochu do budoucnosti. Byt jsem se tedy rozhodla tvo\u0159it sama pro sebe a sv\u00e9 pot\u0159eby, kter\u00e9 budu m\u00edt za 5 let.<br>Byt 3+kk jsem si vybrala kv\u016fli velk\u00e9 rozloze a vyhovuj\u00edc\u00ed dispozici m\u00edstnost\u00ed. V interi\u00e9rech obecn\u011b se mi velmi l\u00edb\u00ed b\u00e9\u017eov\u00e9, oran\u017eov\u00e9 a\u017e hn\u011bd\u00e9 odst\u00edny, kter\u00e9 p\u016fsob\u00ed velmi p\u0159\u00edjemn\u011b jak na oko tak na mysl \u010dlov\u011bka. V tomto p\u0159\u00edpad\u011b tomu nebylo jinak. Hlavn\u00edm obytn\u00fdm prostorem se stal ob\u00fdvac\u00ed pokoj. Dominantou prostoru se stala prostorn\u00e1 oran\u017eov\u00e1 pohovka s tapetou na vedlej\u0161\u00ed zdi. Oblouk, kter\u00fd d\u011bl\u00e1 samotnou m\u00edstnost velmi zaj\u00edmavou jsem podpo\u0159ila oblo\u017een\u00edm palubek, kter\u00e9 maj\u00ed \u010d\u00e1ste\u010dnou funkci<br>poli\u010dek. Koncept cel\u00e9ho bytu by m\u011bl b\u00fdt jednoduch\u00fd. Cel\u00fd byt je velmi otev\u0159en\u00fd. \u00da\u010delem bylo abych se v pomysln\u00e9m budouc\u00edm byt\u011b c\u00edtila komfortn\u011b, mohla relaxovat a z\u00e1rove\u0148 dob\u00edjet energii.<\/p>\n\n\n\n<figure class=\"wp-block-image size-large\"><img decoding=\"async\" width=\"1024\" height=\"576\" data-src=\"http:\/\/www.design-award.cz\/wp-content\/uploads\/2024\/06\/vizualizace1-1024x576.png\" alt=\"\" class=\"wp-image-3596 lazyload\" data-srcset=\"https:\/\/www.design-award.cz\/wp-content\/uploads\/2024\/06\/vizualizace1-1024x576.png 1024w, https:\/\/www.design-award.cz\/wp-content\/uploads\/2024\/06\/vizualizace1-300x169.png 300w, https:\/\/www.design-award.cz\/wp-content\/uploads\/2024\/06\/vizualizace1-768x432.png 768w, https:\/\/www.design-award.cz\/wp-content\/uploads\/2024\/06\/vizualizace1-1536x864.png 1536w, https:\/\/www.design-award.cz\/wp-content\/uploads\/2024\/06\/vizualizace1-500x281.png 500w, https:\/\/www.design-award.cz\/wp-content\/uploads\/2024\/06\/vizualizace1-800x450.png 800w, https:\/\/www.design-award.cz\/wp-content\/uploads\/2024\/06\/vizualizace1-1280x720.png 1280w, https:\/\/www.design-award.cz\/wp-content\/uploads\/2024\/06\/vizualizace1-1920x1080.png 1920w, https:\/\/www.design-award.cz\/wp-content\/uploads\/2024\/06\/vizualizace1.png 2000w\" data-sizes=\"(max-width: 1024px) 100vw, 1024px\" src=\"data:image\/svg+xml;base64,PHN2ZyB3aWR0aD0iMSIgaGVpZ2h0PSIxIiB4bWxucz0iaHR0cDovL3d3dy53My5vcmcvMjAwMC9zdmciPjwvc3ZnPg==\" style=\"--smush-placeholder-width: 1024px; --smush-placeholder-aspect-ratio: 1024\/576;\" \/><\/figure>\n\n\n\n<figure class=\"wp-block-image size-large\"><img decoding=\"async\" width=\"1024\" height=\"576\" data-src=\"http:\/\/www.design-award.cz\/wp-content\/uploads\/2024\/06\/vizualizace3-1024x576.png\" alt=\"\" class=\"wp-image-3600 lazyload\" data-srcset=\"https:\/\/www.design-award.cz\/wp-content\/uploads\/2024\/06\/vizualizace3-1024x576.png 1024w, https:\/\/www.design-award.cz\/wp-content\/uploads\/2024\/06\/vizualizace3-300x169.png 300w, https:\/\/www.design-award.cz\/wp-content\/uploads\/2024\/06\/vizualizace3-768x432.png 768w, https:\/\/www.design-award.cz\/wp-content\/uploads\/2024\/06\/vizualizace3-1536x864.png 1536w, https:\/\/www.design-award.cz\/wp-content\/uploads\/2024\/06\/vizualizace3-500x281.png 500w, https:\/\/www.design-award.cz\/wp-content\/uploads\/2024\/06\/vizualizace3-800x450.png 800w, https:\/\/www.design-award.cz\/wp-content\/uploads\/2024\/06\/vizualizace3-1280x720.png 1280w, https:\/\/www.design-award.cz\/wp-content\/uploads\/2024\/06\/vizualizace3-1920x1080.png 1920w, https:\/\/www.design-award.cz\/wp-content\/uploads\/2024\/06\/vizualizace3.png 2000w\" data-sizes=\"(max-width: 1024px) 100vw, 1024px\" src=\"data:image\/svg+xml;base64,PHN2ZyB3aWR0aD0iMSIgaGVpZ2h0PSIxIiB4bWxucz0iaHR0cDovL3d3dy53My5vcmcvMjAwMC9zdmciPjwvc3ZnPg==\" style=\"--smush-placeholder-width: 1024px; --smush-placeholder-aspect-ratio: 1024\/576;\" \/><\/figure>\n\n\n\n<figure class=\"wp-block-image size-large\"><img decoding=\"async\" width=\"1024\" height=\"724\" data-src=\"http:\/\/www.design-award.cz\/wp-content\/uploads\/2024\/06\/pudorys-1024x724.png\" alt=\"\" class=\"wp-image-3594 lazyload\" data-srcset=\"https:\/\/www.design-award.cz\/wp-content\/uploads\/2024\/06\/pudorys-1024x724.png 1024w, https:\/\/www.design-award.cz\/wp-content\/uploads\/2024\/06\/pudorys-300x212.png 300w, https:\/\/www.design-award.cz\/wp-content\/uploads\/2024\/06\/pudorys-768x543.png 768w, https:\/\/www.design-award.cz\/wp-content\/uploads\/2024\/06\/pudorys-1536x1086.png 1536w, https:\/\/www.design-award.cz\/wp-content\/uploads\/2024\/06\/pudorys-2048x1449.png 2048w, https:\/\/www.design-award.cz\/wp-content\/uploads\/2024\/06\/pudorys-500x354.png 500w, https:\/\/www.design-award.cz\/wp-content\/uploads\/2024\/06\/pudorys-800x566.png 800w, https:\/\/www.design-award.cz\/wp-content\/uploads\/2024\/06\/pudorys-1280x905.png 1280w, https:\/\/www.design-award.cz\/wp-content\/uploads\/2024\/06\/pudorys-1920x1358.png 1920w\" data-sizes=\"(max-width: 1024px) 100vw, 1024px\" src=\"data:image\/svg+xml;base64,PHN2ZyB3aWR0aD0iMSIgaGVpZ2h0PSIxIiB4bWxucz0iaHR0cDovL3d3dy53My5vcmcvMjAwMC9zdmciPjwvc3ZnPg==\" style=\"--smush-placeholder-width: 1024px; --smush-placeholder-aspect-ratio: 1024\/724;\" \/><\/figure>\n","protected":false},"excerpt":{"rendered":"<p>Karol\u00edna Vejsov\u00e1 St\u0159edn\u00ed um\u011bleckopr\u016fmyslov\u00e1 \u0161kola hudebn\u00edch n\u00e1stroj\u016f a n\u00e1bytku Hradec Kr\u00e1lov\u00e9 Pro koho je tento byt ur\u010den? Jeliko\u017e jsme m\u011bli voln\u00e9 t\u00e9ma, kde jsme si mohli vybrat pro koho budeme byt tvo\u0159it, zamyslela jsem se trochu do budoucnosti. Byt jsem se tedy rozhodla tvo\u0159it sama pro sebe a sv\u00e9 pot\u0159eby, kter\u00e9 budu m\u00edt za 5 [&hellip;]<\/p>\n","protected":false},"author":2,"featured_media":3598,"menu_order":0,"comment_status":"closed","ping_status":"closed","template":"","format":"standard","meta":{"ngg_post_thumbnail":0,"ocean_post_layout":"","ocean_both_sidebars_style":"","ocean_both_sidebars_content_width":0,"ocean_both_sidebars_sidebars_width":0,"ocean_sidebar":"","ocean_second_sidebar":"","ocean_disable_margins":"enable","ocean_add_body_class":"","ocean_shortcode_before_top_bar":"","ocean_shortcode_after_top_bar":"","ocean_shortcode_before_header":"","ocean_shortcode_after_header":"","ocean_has_shortcode":"","ocean_shortcode_after_title":"","ocean_shortcode_before_footer_widgets":"","ocean_shortcode_after_footer_widgets":"","ocean_shortcode_before_footer_bottom":"","ocean_shortcode_after_footer_bottom":"","ocean_display_top_bar":"default","ocean_display_header":"default","ocean_header_style":"","ocean_center_header_left_menu":"","ocean_custom_header_template":"","ocean_custom_logo":0,"ocean_custom_retina_logo":0,"ocean_custom_logo_max_width":0,"ocean_custom_logo_tablet_max_width":0,"ocean_custom_logo_mobile_max_width":0,"ocean_custom_logo_max_height":0,"ocean_custom_logo_tablet_max_height":0,"ocean_custom_logo_mobile_max_height":0,"ocean_header_custom_menu":"","ocean_menu_typo_font_family":"","ocean_menu_typo_font_subset":"","ocean_menu_typo_font_size":0,"ocean_menu_typo_font_size_tablet":0,"ocean_menu_typo_font_size_mobile":0,"ocean_menu_typo_font_size_unit":"px","ocean_menu_typo_font_weight":"","ocean_menu_typo_font_weight_tablet":"","ocean_menu_typo_font_weight_mobile":"","ocean_menu_typo_transform":"","ocean_menu_typo_transform_tablet":"","ocean_menu_typo_transform_mobile":"","ocean_menu_typo_line_height":0,"ocean_menu_typo_line_height_tablet":0,"ocean_menu_typo_line_height_mobile":0,"ocean_menu_typo_line_height_unit":"","ocean_menu_typo_spacing":0,"ocean_menu_typo_spacing_tablet":0,"ocean_menu_typo_spacing_mobile":0,"ocean_menu_typo_spacing_unit":"","ocean_menu_link_color":"","ocean_menu_link_color_hover":"","ocean_menu_link_color_active":"","ocean_menu_link_background":"","ocean_menu_link_hover_background":"","ocean_menu_link_active_background":"","ocean_menu_social_links_bg":"","ocean_menu_social_hover_links_bg":"","ocean_menu_social_links_color":"","ocean_menu_social_hover_links_color":"","ocean_disable_title":"default","ocean_disable_heading":"default","ocean_post_title":"","ocean_post_subheading":"","ocean_post_title_style":"","ocean_post_title_background_color":"","ocean_post_title_background":0,"ocean_post_title_bg_image_position":"","ocean_post_title_bg_image_attachment":"","ocean_post_title_bg_image_repeat":"","ocean_post_title_bg_image_size":"","ocean_post_title_height":0,"ocean_post_title_bg_overlay":0.5,"ocean_post_title_bg_overlay_color":"","ocean_disable_breadcrumbs":"default","ocean_breadcrumbs_color":"","ocean_breadcrumbs_separator_color":"","ocean_breadcrumbs_links_color":"","ocean_breadcrumbs_links_hover_color":"","ocean_display_footer_widgets":"default","ocean_display_footer_bottom":"default","ocean_custom_footer_template":"","_vp_format_video_url":"","_vp_image_focal_point":[],"footnotes":""},"portfolio_category":[],"portfolio_tag":[],"class_list":["post-3564","portfolio","type-portfolio","status-publish","format-standard","has-post-thumbnail","hentry","entry","has-media"],"yoast_head":"<!-- This site is optimized with the Yoast SEO plugin v25.2 - https:\/\/yoast.com\/wordpress\/plugins\/seo\/ -->\n<title>Soukrom\u00fd interi\u00e9r - Byt 3+kk - Pardubice, Nov\u00e1 Veselka - design-award.cz<\/title>\n<meta name=\"robots\" content=\"index, follow, max-snippet:-1, max-image-preview:large, max-video-preview:-1\" \/>\n<link rel=\"canonical\" href=\"https:\/\/www.design-award.cz\/?portfolio=soukromy-interier-byt-3kk-pardubice-nova-veselka\" \/>\n<meta property=\"og:locale\" content=\"cs_CZ\" \/>\n<meta property=\"og:type\" content=\"article\" \/>\n<meta property=\"og:title\" content=\"Soukrom\u00fd interi\u00e9r - Byt 3+kk - Pardubice, Nov\u00e1 Veselka - design-award.cz\" \/>\n<meta property=\"og:description\" content=\"Karol\u00edna Vejsov\u00e1 St\u0159edn\u00ed um\u011bleckopr\u016fmyslov\u00e1 \u0161kola hudebn\u00edch n\u00e1stroj\u016f a n\u00e1bytku Hradec Kr\u00e1lov\u00e9 Pro koho je tento byt ur\u010den? Jeliko\u017e jsme m\u011bli voln\u00e9 t\u00e9ma, kde jsme si mohli vybrat pro koho budeme byt tvo\u0159it, zamyslela jsem se trochu do budoucnosti. Byt jsem se tedy rozhodla tvo\u0159it sama pro sebe a sv\u00e9 pot\u0159eby, kter\u00e9 budu m\u00edt za 5 [&hellip;]\" \/>\n<meta property=\"og:url\" content=\"https:\/\/www.design-award.cz\/?portfolio=soukromy-interier-byt-3kk-pardubice-nova-veselka\" \/>\n<meta property=\"og:site_name\" content=\"design-award.cz\" \/>\n<meta property=\"article:modified_time\" content=\"2024-06-08T20:29:13+00:00\" \/>\n<meta property=\"og:image\" content=\"http:\/\/www.design-award.cz\/wp-content\/uploads\/2024\/06\/vizualizace2-1024x576.png\" \/>\n\t<meta property=\"og:image:width\" content=\"1024\" \/>\n\t<meta property=\"og:image:height\" content=\"576\" \/>\n\t<meta property=\"og:image:type\" content=\"image\/png\" \/>\n<meta name=\"twitter:card\" content=\"summary_large_image\" \/>\n<meta name=\"twitter:label1\" content=\"Odhadovan\u00e1 doba \u010dten\u00ed\" \/>\n\t<meta name=\"twitter:data1\" content=\"1 minuta\" \/>\n<script type=\"application\/ld+json\" class=\"yoast-schema-graph\">{\"@context\":\"https:\/\/schema.org\",\"@graph\":[{\"@type\":\"WebPage\",\"@id\":\"https:\/\/www.design-award.cz\/?portfolio=soukromy-interier-byt-3kk-pardubice-nova-veselka\",\"url\":\"https:\/\/www.design-award.cz\/?portfolio=soukromy-interier-byt-3kk-pardubice-nova-veselka\",\"name\":\"Soukrom\u00fd interi\u00e9r - Byt 3+kk - Pardubice, Nov\u00e1 Veselka - design-award.cz\",\"isPartOf\":{\"@id\":\"https:\/\/www.design-award.cz\/#website\"},\"primaryImageOfPage\":{\"@id\":\"https:\/\/www.design-award.cz\/?portfolio=soukromy-interier-byt-3kk-pardubice-nova-veselka#primaryimage\"},\"image\":{\"@id\":\"https:\/\/www.design-award.cz\/?portfolio=soukromy-interier-byt-3kk-pardubice-nova-veselka#primaryimage\"},\"thumbnailUrl\":\"https:\/\/www.design-award.cz\/wp-content\/uploads\/2024\/06\/vizualizace2.png\",\"datePublished\":\"2024-06-08T20:29:12+00:00\",\"dateModified\":\"2024-06-08T20:29:13+00:00\",\"breadcrumb\":{\"@id\":\"https:\/\/www.design-award.cz\/?portfolio=soukromy-interier-byt-3kk-pardubice-nova-veselka#breadcrumb\"},\"inLanguage\":\"cs\",\"potentialAction\":[{\"@type\":\"ReadAction\",\"target\":[\"https:\/\/www.design-award.cz\/?portfolio=soukromy-interier-byt-3kk-pardubice-nova-veselka\"]}]},{\"@type\":\"ImageObject\",\"inLanguage\":\"cs\",\"@id\":\"https:\/\/www.design-award.cz\/?portfolio=soukromy-interier-byt-3kk-pardubice-nova-veselka#primaryimage\",\"url\":\"https:\/\/www.design-award.cz\/wp-content\/uploads\/2024\/06\/vizualizace2.png\",\"contentUrl\":\"https:\/\/www.design-award.cz\/wp-content\/uploads\/2024\/06\/vizualizace2.png\",\"width\":2000,\"height\":1125},{\"@type\":\"BreadcrumbList\",\"@id\":\"https:\/\/www.design-award.cz\/?portfolio=soukromy-interier-byt-3kk-pardubice-nova-veselka#breadcrumb\",\"itemListElement\":[{\"@type\":\"ListItem\",\"position\":1,\"name\":\"Dom\u016f\",\"item\":\"https:\/\/www.design-award.cz\/\"},{\"@type\":\"ListItem\",\"position\":2,\"name\":\"Portfolio Items\",\"item\":\"https:\/\/www.design-award.cz\/?post_type=portfolio\"},{\"@type\":\"ListItem\",\"position\":3,\"name\":\"Soukrom\u00fd interi\u00e9r &#8211; Byt 3+kk &#8211; Pardubice, Nov\u00e1 Veselka\"}]},{\"@type\":\"WebSite\",\"@id\":\"https:\/\/www.design-award.cz\/#website\",\"url\":\"https:\/\/www.design-award.cz\/\",\"name\":\"design-award.cz\",\"description\":\"WARD vznikla v roce 2022. Je ur\u010dena p\u0159edev\u0161\u00edm student\u016fm st\u0159edn\u00edch um\u011bleck\u00fdch \u0161kol (S\u0160 a VO\u0160), kte\u0159\u00ed mohou bezplatn\u011b zaslat sv\u00e9 n\u00e1vrhy v uveden\u00fdch kategori\u00ed a tak pom\u011b\u0159it sv\u00e9 n\u00e1pady s konkurenc\u00ed sv\u00fdch vrstevn\u00edk\u016f. N\u00e1vrhy jsou n\u00e1sledn\u011b posouzeny nez\u00e1vislou porotou z \u0159ad v\u00fdtvarn\u00edk\u016f, pedagog\u016f a profesion\u00e1l\u016f z oboru.\",\"publisher\":{\"@id\":\"https:\/\/www.design-award.cz\/#organization\"},\"potentialAction\":[{\"@type\":\"SearchAction\",\"target\":{\"@type\":\"EntryPoint\",\"urlTemplate\":\"https:\/\/www.design-award.cz\/?s={search_term_string}\"},\"query-input\":{\"@type\":\"PropertyValueSpecification\",\"valueRequired\":true,\"valueName\":\"search_term_string\"}}],\"inLanguage\":\"cs\"},{\"@type\":\"Organization\",\"@id\":\"https:\/\/www.design-award.cz\/#organization\",\"name\":\"Design Award\",\"url\":\"https:\/\/www.design-award.cz\/\",\"logo\":{\"@type\":\"ImageObject\",\"inLanguage\":\"cs\",\"@id\":\"https:\/\/www.design-award.cz\/#\/schema\/logo\/image\/\",\"url\":\"http:\/\/www.design-award.cz\/wp-content\/uploads\/2021\/12\/hornilogo_design-award.png\",\"contentUrl\":\"http:\/\/www.design-award.cz\/wp-content\/uploads\/2021\/12\/hornilogo_design-award.png\",\"width\":800,\"height\":600,\"caption\":\"Design Award\"},\"image\":{\"@id\":\"https:\/\/www.design-award.cz\/#\/schema\/logo\/image\/\"},\"sameAs\":[\"https:\/\/www.instagram.com\/design_award\/\"]}]}<\/script>\n<!-- \/ Yoast SEO plugin. -->","yoast_head_json":{"title":"Soukrom\u00fd interi\u00e9r - Byt 3+kk - Pardubice, Nov\u00e1 Veselka - design-award.cz","robots":{"index":"index","follow":"follow","max-snippet":"max-snippet:-1","max-image-preview":"max-image-preview:large","max-video-preview":"max-video-preview:-1"},"canonical":"https:\/\/www.design-award.cz\/?portfolio=soukromy-interier-byt-3kk-pardubice-nova-veselka","og_locale":"cs_CZ","og_type":"article","og_title":"Soukrom\u00fd interi\u00e9r - Byt 3+kk - Pardubice, Nov\u00e1 Veselka - design-award.cz","og_description":"Karol\u00edna Vejsov\u00e1 St\u0159edn\u00ed um\u011bleckopr\u016fmyslov\u00e1 \u0161kola hudebn\u00edch n\u00e1stroj\u016f a n\u00e1bytku Hradec Kr\u00e1lov\u00e9 Pro koho je tento byt ur\u010den? Jeliko\u017e jsme m\u011bli voln\u00e9 t\u00e9ma, kde jsme si mohli vybrat pro koho budeme byt tvo\u0159it, zamyslela jsem se trochu do budoucnosti. Byt jsem se tedy rozhodla tvo\u0159it sama pro sebe a sv\u00e9 pot\u0159eby, kter\u00e9 budu m\u00edt za 5 [&hellip;]","og_url":"https:\/\/www.design-award.cz\/?portfolio=soukromy-interier-byt-3kk-pardubice-nova-veselka","og_site_name":"design-award.cz","article_modified_time":"2024-06-08T20:29:13+00:00","og_image":[{"width":1024,"height":576,"url":"http:\/\/www.design-award.cz\/wp-content\/uploads\/2024\/06\/vizualizace2-1024x576.png","type":"image\/png"}],"twitter_card":"summary_large_image","twitter_misc":{"Odhadovan\u00e1 doba \u010dten\u00ed":"1 minuta"},"schema":{"@context":"https:\/\/schema.org","@graph":[{"@type":"WebPage","@id":"https:\/\/www.design-award.cz\/?portfolio=soukromy-interier-byt-3kk-pardubice-nova-veselka","url":"https:\/\/www.design-award.cz\/?portfolio=soukromy-interier-byt-3kk-pardubice-nova-veselka","name":"Soukrom\u00fd interi\u00e9r - Byt 3+kk - Pardubice, Nov\u00e1 Veselka - design-award.cz","isPartOf":{"@id":"https:\/\/www.design-award.cz\/#website"},"primaryImageOfPage":{"@id":"https:\/\/www.design-award.cz\/?portfolio=soukromy-interier-byt-3kk-pardubice-nova-veselka#primaryimage"},"image":{"@id":"https:\/\/www.design-award.cz\/?portfolio=soukromy-interier-byt-3kk-pardubice-nova-veselka#primaryimage"},"thumbnailUrl":"https:\/\/www.design-award.cz\/wp-content\/uploads\/2024\/06\/vizualizace2.png","datePublished":"2024-06-08T20:29:12+00:00","dateModified":"2024-06-08T20:29:13+00:00","breadcrumb":{"@id":"https:\/\/www.design-award.cz\/?portfolio=soukromy-interier-byt-3kk-pardubice-nova-veselka#breadcrumb"},"inLanguage":"cs","potentialAction":[{"@type":"ReadAction","target":["https:\/\/www.design-award.cz\/?portfolio=soukromy-interier-byt-3kk-pardubice-nova-veselka"]}]},{"@type":"ImageObject","inLanguage":"cs","@id":"https:\/\/www.design-award.cz\/?portfolio=soukromy-interier-byt-3kk-pardubice-nova-veselka#primaryimage","url":"https:\/\/www.design-award.cz\/wp-content\/uploads\/2024\/06\/vizualizace2.png","contentUrl":"https:\/\/www.design-award.cz\/wp-content\/uploads\/2024\/06\/vizualizace2.png","width":2000,"height":1125},{"@type":"BreadcrumbList","@id":"https:\/\/www.design-award.cz\/?portfolio=soukromy-interier-byt-3kk-pardubice-nova-veselka#breadcrumb","itemListElement":[{"@type":"ListItem","position":1,"name":"Dom\u016f","item":"https:\/\/www.design-award.cz\/"},{"@type":"ListItem","position":2,"name":"Portfolio Items","item":"https:\/\/www.design-award.cz\/?post_type=portfolio"},{"@type":"ListItem","position":3,"name":"Soukrom\u00fd interi\u00e9r &#8211; Byt 3+kk &#8211; Pardubice, Nov\u00e1 Veselka"}]},{"@type":"WebSite","@id":"https:\/\/www.design-award.cz\/#website","url":"https:\/\/www.design-award.cz\/","name":"design-award.cz","description":"WARD vznikla v roce 2022. Je ur\u010dena p\u0159edev\u0161\u00edm student\u016fm st\u0159edn\u00edch um\u011bleck\u00fdch \u0161kol (S\u0160 a VO\u0160), kte\u0159\u00ed mohou bezplatn\u011b zaslat sv\u00e9 n\u00e1vrhy v uveden\u00fdch kategori\u00ed a tak pom\u011b\u0159it sv\u00e9 n\u00e1pady s konkurenc\u00ed sv\u00fdch vrstevn\u00edk\u016f. N\u00e1vrhy jsou n\u00e1sledn\u011b posouzeny nez\u00e1vislou porotou z \u0159ad v\u00fdtvarn\u00edk\u016f, pedagog\u016f a profesion\u00e1l\u016f z oboru.","publisher":{"@id":"https:\/\/www.design-award.cz\/#organization"},"potentialAction":[{"@type":"SearchAction","target":{"@type":"EntryPoint","urlTemplate":"https:\/\/www.design-award.cz\/?s={search_term_string}"},"query-input":{"@type":"PropertyValueSpecification","valueRequired":true,"valueName":"search_term_string"}}],"inLanguage":"cs"},{"@type":"Organization","@id":"https:\/\/www.design-award.cz\/#organization","name":"Design Award","url":"https:\/\/www.design-award.cz\/","logo":{"@type":"ImageObject","inLanguage":"cs","@id":"https:\/\/www.design-award.cz\/#\/schema\/logo\/image\/","url":"http:\/\/www.design-award.cz\/wp-content\/uploads\/2021\/12\/hornilogo_design-award.png","contentUrl":"http:\/\/www.design-award.cz\/wp-content\/uploads\/2021\/12\/hornilogo_design-award.png","width":800,"height":600,"caption":"Design Award"},"image":{"@id":"https:\/\/www.design-award.cz\/#\/schema\/logo\/image\/"},"sameAs":["https:\/\/www.instagram.com\/design_award\/"]}]}},"_links":{"self":[{"href":"https:\/\/www.design-award.cz\/index.php?rest_route=\/wp\/v2\/portfolio\/3564","targetHints":{"allow":["GET"]}}],"collection":[{"href":"https:\/\/www.design-award.cz\/index.php?rest_route=\/wp\/v2\/portfolio"}],"about":[{"href":"https:\/\/www.design-award.cz\/index.php?rest_route=\/wp\/v2\/types\/portfolio"}],"author":[{"embeddable":true,"href":"https:\/\/www.design-award.cz\/index.php?rest_route=\/wp\/v2\/users\/2"}],"replies":[{"embeddable":true,"href":"https:\/\/www.design-award.cz\/index.php?rest_route=%2Fwp%2Fv2%2Fcomments&post=3564"}],"version-history":[{"count":1,"href":"https:\/\/www.design-award.cz\/index.php?rest_route=\/wp\/v2\/portfolio\/3564\/revisions"}],"predecessor-version":[{"id":3602,"href":"https:\/\/www.design-award.cz\/index.php?rest_route=\/wp\/v2\/portfolio\/3564\/revisions\/3602"}],"wp:featuredmedia":[{"embeddable":true,"href":"https:\/\/www.design-award.cz\/index.php?rest_route=\/wp\/v2\/media\/3598"}],"wp:attachment":[{"href":"https:\/\/www.design-award.cz\/index.php?rest_route=%2Fwp%2Fv2%2Fmedia&parent=3564"}],"wp:term":[{"taxonomy":"portfolio_category","embeddable":true,"href":"https:\/\/www.design-award.cz\/index.php?rest_route=%2Fwp%2Fv2%2Fportfolio_category&post=3564"},{"taxonomy":"portfolio_tag","embeddable":true,"href":"https:\/\/www.design-award.cz\/index.php?rest_route=%2Fwp%2Fv2%2Fportfolio_tag&post=3564"}],"curies":[{"name":"wp","href":"https:\/\/api.w.org\/{rel}","templated":true}]}}