{"id":3631,"date":"2024-06-08T20:59:20","date_gmt":"2024-06-08T20:59:20","guid":{"rendered":"https:\/\/www.design-award.cz\/?post_type=portfolio&#038;p=3631"},"modified":"2024-06-08T20:59:28","modified_gmt":"2024-06-08T20:59:28","slug":"soukromy-interier-rekonstrukce-mezonetoveho-bytu-2","status":"publish","type":"portfolio","link":"https:\/\/www.design-award.cz\/?portfolio=soukromy-interier-rekonstrukce-mezonetoveho-bytu-2","title":{"rendered":"Soukrom\u00fd interi\u00e9r &#8211; Rekonstrukce mezonetov\u00e9ho bytu"},"content":{"rendered":"\n<p><strong>Pavl\u00edna St\u00f6hrov\u00e1<\/strong><\/p>\n\n\n\n<p>Akademie Sv\u011btl\u00e1 nad S\u00e1zavou, st\u0159edn\u00ed \u0161kola a vy\u0161\u0161\u00ed odborn\u00e1 \u0161kola<\/p>\n\n\n\n<p>Interi\u00e9r je inspirov\u00e1n eklektick\u00fdm stylem, kter\u00fd je zn\u00e1m\u00fd lad\u011bn\u00edm r\u016fznorod\u00e9ho n\u00e1bytku, barev a dekorac\u00ed. Pro tuto pr\u00e1ci jsem pou\u017eila sv\u011btl\u00fd dubov\u00fd dekor v kombinaci s kontrastn\u00edmi barvami jako je tyrolsk\u00e1 modr\u00e1 a ho\u0159\u010dicov\u00e1 \u017elut\u00e1. Tyto barvy se na prvn\u00ed pohled k sob\u011b nehod\u00ed, ale kdy\u017e se spoj\u00ed v jeden celek, tak vznikne \u00fatuln\u00fd a hezk\u00fd interi\u00e9r. Dominantou p\u0159\u00edzem\u00ed je kuchy\u0148 v kombinaci sv\u011btl\u00e9ho dubu s tyrolskou modrou, tyto barvy k sob\u011b lad\u00ed sv\u00fdm klidem. Kuchy\u0148 je odd\u011blena od ob\u00fdvac\u00ed \u010d\u00e1sti paravanem z lat\u00ed, kter\u00fd je osv\u00edcen\u00fd LED p\u00e1skami. Pro hravost a o\u017eiven\u00ed neutr\u00e1ln\u00edch barev je sedac\u00ed n\u00e1bytek v ho\u0159\u010dicovo \u017elut\u00e9 barv\u011b. Zaj\u00edmav\u00fdm a \u010dast\u00fdm prvkem jsou lat\u011b, kter\u00e9 jsou u\u017eit\u00e9 v ka\u017ed\u00e9 m\u00edstnosti. Spodn\u00ed a horn\u00ed \u010d\u00e1st bytu propojuje dubov\u00e9 schodi\u0161t\u011b, jeho\u017e stupnice navazuj\u00ed na ob\u00fdvac\u00ed st\u011bnu a slou\u017e\u00ed jako police. Dal\u0161\u00ed nep\u0159ehl\u00e9dnutelnou v\u011bc\u00ed je obrovsk\u00e1 knihovna s poj\u00edzdn\u00fdm \u017eeb\u0159\u00edkem v horn\u00edm podla\u017e\u00ed. Bytem d\u00e1le disponuj\u00ed dv\u011b koupelny, jedna v p\u0159\u00edzem\u00ed a druh\u00e1 v horn\u00ed \u010d\u00e1sti interi\u00e9ru. Spodn\u00ed je vybaven\u00e1 pra\u010dkou se su\u0161i\u010dkou a horn\u00ed vypl\u0148uje vana. V byt\u011b nechyb\u00ed ani m\u00edsto pro odpo\u010dinek a sp\u00e1nek spojen\u00fd s \u0161atnou.<\/p>\n\n\n\n<figure class=\"wp-block-image size-large\"><img decoding=\"async\" width=\"1024\" height=\"576\" data-src=\"http:\/\/www.design-award.cz\/wp-content\/uploads\/2024\/06\/10-1024x576.jpg\" alt=\"\" class=\"wp-image-3645 lazyload\" data-srcset=\"https:\/\/www.design-award.cz\/wp-content\/uploads\/2024\/06\/10-1024x576.jpg 1024w, https:\/\/www.design-award.cz\/wp-content\/uploads\/2024\/06\/10-300x169.jpg 300w, https:\/\/www.design-award.cz\/wp-content\/uploads\/2024\/06\/10-768x432.jpg 768w, https:\/\/www.design-award.cz\/wp-content\/uploads\/2024\/06\/10-500x281.jpg 500w, https:\/\/www.design-award.cz\/wp-content\/uploads\/2024\/06\/10-800x450.jpg 800w, https:\/\/www.design-award.cz\/wp-content\/uploads\/2024\/06\/10-1280x720.jpg 1280w, https:\/\/www.design-award.cz\/wp-content\/uploads\/2024\/06\/10.jpg 1500w\" data-sizes=\"(max-width: 1024px) 100vw, 1024px\" src=\"data:image\/svg+xml;base64,PHN2ZyB3aWR0aD0iMSIgaGVpZ2h0PSIxIiB4bWxucz0iaHR0cDovL3d3dy53My5vcmcvMjAwMC9zdmciPjwvc3ZnPg==\" style=\"--smush-placeholder-width: 1024px; --smush-placeholder-aspect-ratio: 1024\/576;\" \/><\/figure>\n\n\n\n<figure class=\"wp-block-image size-large\"><img decoding=\"async\" width=\"1024\" height=\"576\" data-src=\"http:\/\/www.design-award.cz\/wp-content\/uploads\/2024\/06\/LOznice-1024x576.jpg\" alt=\"\" class=\"wp-image-3647 lazyload\" data-srcset=\"https:\/\/www.design-award.cz\/wp-content\/uploads\/2024\/06\/LOznice-1024x576.jpg 1024w, https:\/\/www.design-award.cz\/wp-content\/uploads\/2024\/06\/LOznice-300x169.jpg 300w, https:\/\/www.design-award.cz\/wp-content\/uploads\/2024\/06\/LOznice-768x432.jpg 768w, https:\/\/www.design-award.cz\/wp-content\/uploads\/2024\/06\/LOznice-500x281.jpg 500w, https:\/\/www.design-award.cz\/wp-content\/uploads\/2024\/06\/LOznice-800x450.jpg 800w, https:\/\/www.design-award.cz\/wp-content\/uploads\/2024\/06\/LOznice-1280x720.jpg 1280w, https:\/\/www.design-award.cz\/wp-content\/uploads\/2024\/06\/LOznice.jpg 1500w\" data-sizes=\"(max-width: 1024px) 100vw, 1024px\" src=\"data:image\/svg+xml;base64,PHN2ZyB3aWR0aD0iMSIgaGVpZ2h0PSIxIiB4bWxucz0iaHR0cDovL3d3dy53My5vcmcvMjAwMC9zdmciPjwvc3ZnPg==\" style=\"--smush-placeholder-width: 1024px; --smush-placeholder-aspect-ratio: 1024\/576;\" \/><\/figure>\n\n\n\n<figure class=\"wp-block-image size-large\"><img decoding=\"async\" width=\"1024\" height=\"576\" data-src=\"http:\/\/www.design-award.cz\/wp-content\/uploads\/2024\/06\/77-1024x576.jpg\" alt=\"\" class=\"wp-image-3646 lazyload\" data-srcset=\"https:\/\/www.design-award.cz\/wp-content\/uploads\/2024\/06\/77-1024x576.jpg 1024w, https:\/\/www.design-award.cz\/wp-content\/uploads\/2024\/06\/77-300x169.jpg 300w, https:\/\/www.design-award.cz\/wp-content\/uploads\/2024\/06\/77-768x432.jpg 768w, https:\/\/www.design-award.cz\/wp-content\/uploads\/2024\/06\/77-500x281.jpg 500w, https:\/\/www.design-award.cz\/wp-content\/uploads\/2024\/06\/77-800x450.jpg 800w, https:\/\/www.design-award.cz\/wp-content\/uploads\/2024\/06\/77-1280x720.jpg 1280w, https:\/\/www.design-award.cz\/wp-content\/uploads\/2024\/06\/77.jpg 1500w\" data-sizes=\"(max-width: 1024px) 100vw, 1024px\" src=\"data:image\/svg+xml;base64,PHN2ZyB3aWR0aD0iMSIgaGVpZ2h0PSIxIiB4bWxucz0iaHR0cDovL3d3dy53My5vcmcvMjAwMC9zdmciPjwvc3ZnPg==\" style=\"--smush-placeholder-width: 1024px; --smush-placeholder-aspect-ratio: 1024\/576;\" \/><\/figure>\n\n\n\n<figure class=\"wp-block-image size-large\"><img decoding=\"async\" width=\"1024\" height=\"725\" data-src=\"http:\/\/www.design-award.cz\/wp-content\/uploads\/2024\/06\/Technicky-vykres-pudorys-2P-FINAL-1024x725.jpg\" alt=\"\" class=\"wp-image-3648 lazyload\" data-srcset=\"https:\/\/www.design-award.cz\/wp-content\/uploads\/2024\/06\/Technicky-vykres-pudorys-2P-FINAL-1024x725.jpg 1024w, https:\/\/www.design-award.cz\/wp-content\/uploads\/2024\/06\/Technicky-vykres-pudorys-2P-FINAL-300x212.jpg 300w, https:\/\/www.design-award.cz\/wp-content\/uploads\/2024\/06\/Technicky-vykres-pudorys-2P-FINAL-768x543.jpg 768w, https:\/\/www.design-award.cz\/wp-content\/uploads\/2024\/06\/Technicky-vykres-pudorys-2P-FINAL-1536x1087.jpg 1536w, https:\/\/www.design-award.cz\/wp-content\/uploads\/2024\/06\/Technicky-vykres-pudorys-2P-FINAL-2048x1449.jpg 2048w, https:\/\/www.design-award.cz\/wp-content\/uploads\/2024\/06\/Technicky-vykres-pudorys-2P-FINAL-500x354.jpg 500w, https:\/\/www.design-award.cz\/wp-content\/uploads\/2024\/06\/Technicky-vykres-pudorys-2P-FINAL-800x566.jpg 800w, https:\/\/www.design-award.cz\/wp-content\/uploads\/2024\/06\/Technicky-vykres-pudorys-2P-FINAL-1280x906.jpg 1280w, https:\/\/www.design-award.cz\/wp-content\/uploads\/2024\/06\/Technicky-vykres-pudorys-2P-FINAL-1920x1359.jpg 1920w\" data-sizes=\"(max-width: 1024px) 100vw, 1024px\" src=\"data:image\/svg+xml;base64,PHN2ZyB3aWR0aD0iMSIgaGVpZ2h0PSIxIiB4bWxucz0iaHR0cDovL3d3dy53My5vcmcvMjAwMC9zdmciPjwvc3ZnPg==\" style=\"--smush-placeholder-width: 1024px; --smush-placeholder-aspect-ratio: 1024\/725;\" \/><\/figure>\n\n\n\n<figure class=\"wp-block-image size-large is-resized\"><img decoding=\"async\" width=\"1024\" height=\"697\" data-src=\"http:\/\/www.design-award.cz\/wp-content\/uploads\/2024\/06\/Technicky-vykres-pudorys-prizemi-FINAL-1024x697.jpg\" alt=\"\" class=\"wp-image-3649 lazyload\" style=\"--smush-placeholder-width: 1024px; --smush-placeholder-aspect-ratio: 1024\/697;width:820px;height:auto\" data-srcset=\"https:\/\/www.design-award.cz\/wp-content\/uploads\/2024\/06\/Technicky-vykres-pudorys-prizemi-FINAL-1024x697.jpg 1024w, https:\/\/www.design-award.cz\/wp-content\/uploads\/2024\/06\/Technicky-vykres-pudorys-prizemi-FINAL-300x204.jpg 300w, https:\/\/www.design-award.cz\/wp-content\/uploads\/2024\/06\/Technicky-vykres-pudorys-prizemi-FINAL-768x523.jpg 768w, https:\/\/www.design-award.cz\/wp-content\/uploads\/2024\/06\/Technicky-vykres-pudorys-prizemi-FINAL-1536x1045.jpg 1536w, https:\/\/www.design-award.cz\/wp-content\/uploads\/2024\/06\/Technicky-vykres-pudorys-prizemi-FINAL-2048x1393.jpg 2048w, https:\/\/www.design-award.cz\/wp-content\/uploads\/2024\/06\/Technicky-vykres-pudorys-prizemi-FINAL-500x340.jpg 500w, https:\/\/www.design-award.cz\/wp-content\/uploads\/2024\/06\/Technicky-vykres-pudorys-prizemi-FINAL-800x544.jpg 800w, https:\/\/www.design-award.cz\/wp-content\/uploads\/2024\/06\/Technicky-vykres-pudorys-prizemi-FINAL-1280x871.jpg 1280w, https:\/\/www.design-award.cz\/wp-content\/uploads\/2024\/06\/Technicky-vykres-pudorys-prizemi-FINAL-1920x1306.jpg 1920w\" data-sizes=\"(max-width: 1024px) 100vw, 1024px\" src=\"data:image\/svg+xml;base64,PHN2ZyB3aWR0aD0iMSIgaGVpZ2h0PSIxIiB4bWxucz0iaHR0cDovL3d3dy53My5vcmcvMjAwMC9zdmciPjwvc3ZnPg==\" \/><\/figure>\n","protected":false},"excerpt":{"rendered":"<p>Pavl\u00edna St\u00f6hrov\u00e1 Akademie Sv\u011btl\u00e1 nad S\u00e1zavou, st\u0159edn\u00ed \u0161kola a vy\u0161\u0161\u00ed odborn\u00e1 \u0161kola Interi\u00e9r je inspirov\u00e1n eklektick\u00fdm stylem, kter\u00fd je zn\u00e1m\u00fd lad\u011bn\u00edm r\u016fznorod\u00e9ho n\u00e1bytku, barev a dekorac\u00ed. Pro tuto pr\u00e1ci jsem pou\u017eila sv\u011btl\u00fd dubov\u00fd dekor v kombinaci s kontrastn\u00edmi barvami jako je tyrolsk\u00e1 modr\u00e1 a ho\u0159\u010dicov\u00e1 \u017elut\u00e1. Tyto barvy se na prvn\u00ed pohled k sob\u011b nehod\u00ed, [&hellip;]<\/p>\n","protected":false},"author":2,"featured_media":3643,"menu_order":0,"comment_status":"closed","ping_status":"closed","template":"","format":"standard","meta":{"ngg_post_thumbnail":0,"ocean_post_layout":"","ocean_both_sidebars_style":"","ocean_both_sidebars_content_width":0,"ocean_both_sidebars_sidebars_width":0,"ocean_sidebar":"","ocean_second_sidebar":"","ocean_disable_margins":"enable","ocean_add_body_class":"","ocean_shortcode_before_top_bar":"","ocean_shortcode_after_top_bar":"","ocean_shortcode_before_header":"","ocean_shortcode_after_header":"","ocean_has_shortcode":"","ocean_shortcode_after_title":"","ocean_shortcode_before_footer_widgets":"","ocean_shortcode_after_footer_widgets":"","ocean_shortcode_before_footer_bottom":"","ocean_shortcode_after_footer_bottom":"","ocean_display_top_bar":"default","ocean_display_header":"default","ocean_header_style":"","ocean_center_header_left_menu":"","ocean_custom_header_template":"","ocean_custom_logo":0,"ocean_custom_retina_logo":0,"ocean_custom_logo_max_width":0,"ocean_custom_logo_tablet_max_width":0,"ocean_custom_logo_mobile_max_width":0,"ocean_custom_logo_max_height":0,"ocean_custom_logo_tablet_max_height":0,"ocean_custom_logo_mobile_max_height":0,"ocean_header_custom_menu":"","ocean_menu_typo_font_family":"","ocean_menu_typo_font_subset":"","ocean_menu_typo_font_size":0,"ocean_menu_typo_font_size_tablet":0,"ocean_menu_typo_font_size_mobile":0,"ocean_menu_typo_font_size_unit":"px","ocean_menu_typo_font_weight":"","ocean_menu_typo_font_weight_tablet":"","ocean_menu_typo_font_weight_mobile":"","ocean_menu_typo_transform":"","ocean_menu_typo_transform_tablet":"","ocean_menu_typo_transform_mobile":"","ocean_menu_typo_line_height":0,"ocean_menu_typo_line_height_tablet":0,"ocean_menu_typo_line_height_mobile":0,"ocean_menu_typo_line_height_unit":"","ocean_menu_typo_spacing":0,"ocean_menu_typo_spacing_tablet":0,"ocean_menu_typo_spacing_mobile":0,"ocean_menu_typo_spacing_unit":"","ocean_menu_link_color":"","ocean_menu_link_color_hover":"","ocean_menu_link_color_active":"","ocean_menu_link_background":"","ocean_menu_link_hover_background":"","ocean_menu_link_active_background":"","ocean_menu_social_links_bg":"","ocean_menu_social_hover_links_bg":"","ocean_menu_social_links_color":"","ocean_menu_social_hover_links_color":"","ocean_disable_title":"default","ocean_disable_heading":"default","ocean_post_title":"","ocean_post_subheading":"","ocean_post_title_style":"","ocean_post_title_background_color":"","ocean_post_title_background":0,"ocean_post_title_bg_image_position":"","ocean_post_title_bg_image_attachment":"","ocean_post_title_bg_image_repeat":"","ocean_post_title_bg_image_size":"","ocean_post_title_height":0,"ocean_post_title_bg_overlay":0.5,"ocean_post_title_bg_overlay_color":"","ocean_disable_breadcrumbs":"default","ocean_breadcrumbs_color":"","ocean_breadcrumbs_separator_color":"","ocean_breadcrumbs_links_color":"","ocean_breadcrumbs_links_hover_color":"","ocean_display_footer_widgets":"default","ocean_display_footer_bottom":"default","ocean_custom_footer_template":"","_vp_format_video_url":"","_vp_image_focal_point":[],"footnotes":""},"portfolio_category":[],"portfolio_tag":[],"class_list":["post-3631","portfolio","type-portfolio","status-publish","format-standard","has-post-thumbnail","hentry","entry","has-media"],"yoast_head":"<!-- This site is optimized with the Yoast SEO plugin v25.2 - https:\/\/yoast.com\/wordpress\/plugins\/seo\/ -->\n<title>Soukrom\u00fd interi\u00e9r - Rekonstrukce mezonetov\u00e9ho bytu - design-award.cz<\/title>\n<meta name=\"robots\" content=\"index, follow, max-snippet:-1, max-image-preview:large, max-video-preview:-1\" \/>\n<link rel=\"canonical\" href=\"https:\/\/www.design-award.cz\/?portfolio=soukromy-interier-rekonstrukce-mezonetoveho-bytu-2\" \/>\n<meta property=\"og:locale\" content=\"cs_CZ\" \/>\n<meta property=\"og:type\" content=\"article\" \/>\n<meta property=\"og:title\" content=\"Soukrom\u00fd interi\u00e9r - Rekonstrukce mezonetov\u00e9ho bytu - design-award.cz\" \/>\n<meta property=\"og:description\" content=\"Pavl\u00edna St\u00f6hrov\u00e1 Akademie Sv\u011btl\u00e1 nad S\u00e1zavou, st\u0159edn\u00ed \u0161kola a vy\u0161\u0161\u00ed odborn\u00e1 \u0161kola Interi\u00e9r je inspirov\u00e1n eklektick\u00fdm stylem, kter\u00fd je zn\u00e1m\u00fd lad\u011bn\u00edm r\u016fznorod\u00e9ho n\u00e1bytku, barev a dekorac\u00ed. Pro tuto pr\u00e1ci jsem pou\u017eila sv\u011btl\u00fd dubov\u00fd dekor v kombinaci s kontrastn\u00edmi barvami jako je tyrolsk\u00e1 modr\u00e1 a ho\u0159\u010dicov\u00e1 \u017elut\u00e1. Tyto barvy se na prvn\u00ed pohled k sob\u011b nehod\u00ed, [&hellip;]\" \/>\n<meta property=\"og:url\" content=\"https:\/\/www.design-award.cz\/?portfolio=soukromy-interier-rekonstrukce-mezonetoveho-bytu-2\" \/>\n<meta property=\"og:site_name\" content=\"design-award.cz\" \/>\n<meta property=\"article:modified_time\" content=\"2024-06-08T20:59:28+00:00\" \/>\n<meta property=\"og:image\" content=\"http:\/\/www.design-award.cz\/wp-content\/uploads\/2024\/06\/6-1.jpg\" \/>\n\t<meta property=\"og:image:width\" content=\"1500\" \/>\n\t<meta property=\"og:image:height\" content=\"844\" \/>\n\t<meta property=\"og:image:type\" content=\"image\/jpeg\" \/>\n<meta name=\"twitter:card\" content=\"summary_large_image\" \/>\n<meta name=\"twitter:label1\" content=\"Odhadovan\u00e1 doba \u010dten\u00ed\" \/>\n\t<meta name=\"twitter:data1\" content=\"1 minuta\" \/>\n<script type=\"application\/ld+json\" class=\"yoast-schema-graph\">{\"@context\":\"https:\/\/schema.org\",\"@graph\":[{\"@type\":\"WebPage\",\"@id\":\"https:\/\/www.design-award.cz\/?portfolio=soukromy-interier-rekonstrukce-mezonetoveho-bytu-2\",\"url\":\"https:\/\/www.design-award.cz\/?portfolio=soukromy-interier-rekonstrukce-mezonetoveho-bytu-2\",\"name\":\"Soukrom\u00fd interi\u00e9r - Rekonstrukce mezonetov\u00e9ho bytu - design-award.cz\",\"isPartOf\":{\"@id\":\"https:\/\/www.design-award.cz\/#website\"},\"primaryImageOfPage\":{\"@id\":\"https:\/\/www.design-award.cz\/?portfolio=soukromy-interier-rekonstrukce-mezonetoveho-bytu-2#primaryimage\"},\"image\":{\"@id\":\"https:\/\/www.design-award.cz\/?portfolio=soukromy-interier-rekonstrukce-mezonetoveho-bytu-2#primaryimage\"},\"thumbnailUrl\":\"https:\/\/www.design-award.cz\/wp-content\/uploads\/2024\/06\/6-1.jpg\",\"datePublished\":\"2024-06-08T20:59:20+00:00\",\"dateModified\":\"2024-06-08T20:59:28+00:00\",\"breadcrumb\":{\"@id\":\"https:\/\/www.design-award.cz\/?portfolio=soukromy-interier-rekonstrukce-mezonetoveho-bytu-2#breadcrumb\"},\"inLanguage\":\"cs\",\"potentialAction\":[{\"@type\":\"ReadAction\",\"target\":[\"https:\/\/www.design-award.cz\/?portfolio=soukromy-interier-rekonstrukce-mezonetoveho-bytu-2\"]}]},{\"@type\":\"ImageObject\",\"inLanguage\":\"cs\",\"@id\":\"https:\/\/www.design-award.cz\/?portfolio=soukromy-interier-rekonstrukce-mezonetoveho-bytu-2#primaryimage\",\"url\":\"https:\/\/www.design-award.cz\/wp-content\/uploads\/2024\/06\/6-1.jpg\",\"contentUrl\":\"https:\/\/www.design-award.cz\/wp-content\/uploads\/2024\/06\/6-1.jpg\",\"width\":1500,\"height\":844},{\"@type\":\"BreadcrumbList\",\"@id\":\"https:\/\/www.design-award.cz\/?portfolio=soukromy-interier-rekonstrukce-mezonetoveho-bytu-2#breadcrumb\",\"itemListElement\":[{\"@type\":\"ListItem\",\"position\":1,\"name\":\"Dom\u016f\",\"item\":\"https:\/\/www.design-award.cz\/\"},{\"@type\":\"ListItem\",\"position\":2,\"name\":\"Portfolio Items\",\"item\":\"https:\/\/www.design-award.cz\/?post_type=portfolio\"},{\"@type\":\"ListItem\",\"position\":3,\"name\":\"Soukrom\u00fd interi\u00e9r &#8211; Rekonstrukce mezonetov\u00e9ho bytu\"}]},{\"@type\":\"WebSite\",\"@id\":\"https:\/\/www.design-award.cz\/#website\",\"url\":\"https:\/\/www.design-award.cz\/\",\"name\":\"design-award.cz\",\"description\":\"WARD vznikla v roce 2022. Je ur\u010dena p\u0159edev\u0161\u00edm student\u016fm st\u0159edn\u00edch um\u011bleck\u00fdch \u0161kol (S\u0160 a VO\u0160), kte\u0159\u00ed mohou bezplatn\u011b zaslat sv\u00e9 n\u00e1vrhy v uveden\u00fdch kategori\u00ed a tak pom\u011b\u0159it sv\u00e9 n\u00e1pady s konkurenc\u00ed sv\u00fdch vrstevn\u00edk\u016f. N\u00e1vrhy jsou n\u00e1sledn\u011b posouzeny nez\u00e1vislou porotou z \u0159ad v\u00fdtvarn\u00edk\u016f, pedagog\u016f a profesion\u00e1l\u016f z oboru.\",\"publisher\":{\"@id\":\"https:\/\/www.design-award.cz\/#organization\"},\"potentialAction\":[{\"@type\":\"SearchAction\",\"target\":{\"@type\":\"EntryPoint\",\"urlTemplate\":\"https:\/\/www.design-award.cz\/?s={search_term_string}\"},\"query-input\":{\"@type\":\"PropertyValueSpecification\",\"valueRequired\":true,\"valueName\":\"search_term_string\"}}],\"inLanguage\":\"cs\"},{\"@type\":\"Organization\",\"@id\":\"https:\/\/www.design-award.cz\/#organization\",\"name\":\"Design Award\",\"url\":\"https:\/\/www.design-award.cz\/\",\"logo\":{\"@type\":\"ImageObject\",\"inLanguage\":\"cs\",\"@id\":\"https:\/\/www.design-award.cz\/#\/schema\/logo\/image\/\",\"url\":\"http:\/\/www.design-award.cz\/wp-content\/uploads\/2021\/12\/hornilogo_design-award.png\",\"contentUrl\":\"http:\/\/www.design-award.cz\/wp-content\/uploads\/2021\/12\/hornilogo_design-award.png\",\"width\":800,\"height\":600,\"caption\":\"Design Award\"},\"image\":{\"@id\":\"https:\/\/www.design-award.cz\/#\/schema\/logo\/image\/\"},\"sameAs\":[\"https:\/\/www.instagram.com\/design_award\/\"]}]}<\/script>\n<!-- \/ Yoast SEO plugin. -->","yoast_head_json":{"title":"Soukrom\u00fd interi\u00e9r - Rekonstrukce mezonetov\u00e9ho bytu - design-award.cz","robots":{"index":"index","follow":"follow","max-snippet":"max-snippet:-1","max-image-preview":"max-image-preview:large","max-video-preview":"max-video-preview:-1"},"canonical":"https:\/\/www.design-award.cz\/?portfolio=soukromy-interier-rekonstrukce-mezonetoveho-bytu-2","og_locale":"cs_CZ","og_type":"article","og_title":"Soukrom\u00fd interi\u00e9r - Rekonstrukce mezonetov\u00e9ho bytu - design-award.cz","og_description":"Pavl\u00edna St\u00f6hrov\u00e1 Akademie Sv\u011btl\u00e1 nad S\u00e1zavou, st\u0159edn\u00ed \u0161kola a vy\u0161\u0161\u00ed odborn\u00e1 \u0161kola Interi\u00e9r je inspirov\u00e1n eklektick\u00fdm stylem, kter\u00fd je zn\u00e1m\u00fd lad\u011bn\u00edm r\u016fznorod\u00e9ho n\u00e1bytku, barev a dekorac\u00ed. Pro tuto pr\u00e1ci jsem pou\u017eila sv\u011btl\u00fd dubov\u00fd dekor v kombinaci s kontrastn\u00edmi barvami jako je tyrolsk\u00e1 modr\u00e1 a ho\u0159\u010dicov\u00e1 \u017elut\u00e1. Tyto barvy se na prvn\u00ed pohled k sob\u011b nehod\u00ed, [&hellip;]","og_url":"https:\/\/www.design-award.cz\/?portfolio=soukromy-interier-rekonstrukce-mezonetoveho-bytu-2","og_site_name":"design-award.cz","article_modified_time":"2024-06-08T20:59:28+00:00","og_image":[{"width":1500,"height":844,"url":"http:\/\/www.design-award.cz\/wp-content\/uploads\/2024\/06\/6-1.jpg","type":"image\/jpeg"}],"twitter_card":"summary_large_image","twitter_misc":{"Odhadovan\u00e1 doba \u010dten\u00ed":"1 minuta"},"schema":{"@context":"https:\/\/schema.org","@graph":[{"@type":"WebPage","@id":"https:\/\/www.design-award.cz\/?portfolio=soukromy-interier-rekonstrukce-mezonetoveho-bytu-2","url":"https:\/\/www.design-award.cz\/?portfolio=soukromy-interier-rekonstrukce-mezonetoveho-bytu-2","name":"Soukrom\u00fd interi\u00e9r - Rekonstrukce mezonetov\u00e9ho bytu - design-award.cz","isPartOf":{"@id":"https:\/\/www.design-award.cz\/#website"},"primaryImageOfPage":{"@id":"https:\/\/www.design-award.cz\/?portfolio=soukromy-interier-rekonstrukce-mezonetoveho-bytu-2#primaryimage"},"image":{"@id":"https:\/\/www.design-award.cz\/?portfolio=soukromy-interier-rekonstrukce-mezonetoveho-bytu-2#primaryimage"},"thumbnailUrl":"https:\/\/www.design-award.cz\/wp-content\/uploads\/2024\/06\/6-1.jpg","datePublished":"2024-06-08T20:59:20+00:00","dateModified":"2024-06-08T20:59:28+00:00","breadcrumb":{"@id":"https:\/\/www.design-award.cz\/?portfolio=soukromy-interier-rekonstrukce-mezonetoveho-bytu-2#breadcrumb"},"inLanguage":"cs","potentialAction":[{"@type":"ReadAction","target":["https:\/\/www.design-award.cz\/?portfolio=soukromy-interier-rekonstrukce-mezonetoveho-bytu-2"]}]},{"@type":"ImageObject","inLanguage":"cs","@id":"https:\/\/www.design-award.cz\/?portfolio=soukromy-interier-rekonstrukce-mezonetoveho-bytu-2#primaryimage","url":"https:\/\/www.design-award.cz\/wp-content\/uploads\/2024\/06\/6-1.jpg","contentUrl":"https:\/\/www.design-award.cz\/wp-content\/uploads\/2024\/06\/6-1.jpg","width":1500,"height":844},{"@type":"BreadcrumbList","@id":"https:\/\/www.design-award.cz\/?portfolio=soukromy-interier-rekonstrukce-mezonetoveho-bytu-2#breadcrumb","itemListElement":[{"@type":"ListItem","position":1,"name":"Dom\u016f","item":"https:\/\/www.design-award.cz\/"},{"@type":"ListItem","position":2,"name":"Portfolio Items","item":"https:\/\/www.design-award.cz\/?post_type=portfolio"},{"@type":"ListItem","position":3,"name":"Soukrom\u00fd interi\u00e9r &#8211; Rekonstrukce mezonetov\u00e9ho bytu"}]},{"@type":"WebSite","@id":"https:\/\/www.design-award.cz\/#website","url":"https:\/\/www.design-award.cz\/","name":"design-award.cz","description":"WARD vznikla v roce 2022. Je ur\u010dena p\u0159edev\u0161\u00edm student\u016fm st\u0159edn\u00edch um\u011bleck\u00fdch \u0161kol (S\u0160 a VO\u0160), kte\u0159\u00ed mohou bezplatn\u011b zaslat sv\u00e9 n\u00e1vrhy v uveden\u00fdch kategori\u00ed a tak pom\u011b\u0159it sv\u00e9 n\u00e1pady s konkurenc\u00ed sv\u00fdch vrstevn\u00edk\u016f. N\u00e1vrhy jsou n\u00e1sledn\u011b posouzeny nez\u00e1vislou porotou z \u0159ad v\u00fdtvarn\u00edk\u016f, pedagog\u016f a profesion\u00e1l\u016f z oboru.","publisher":{"@id":"https:\/\/www.design-award.cz\/#organization"},"potentialAction":[{"@type":"SearchAction","target":{"@type":"EntryPoint","urlTemplate":"https:\/\/www.design-award.cz\/?s={search_term_string}"},"query-input":{"@type":"PropertyValueSpecification","valueRequired":true,"valueName":"search_term_string"}}],"inLanguage":"cs"},{"@type":"Organization","@id":"https:\/\/www.design-award.cz\/#organization","name":"Design Award","url":"https:\/\/www.design-award.cz\/","logo":{"@type":"ImageObject","inLanguage":"cs","@id":"https:\/\/www.design-award.cz\/#\/schema\/logo\/image\/","url":"http:\/\/www.design-award.cz\/wp-content\/uploads\/2021\/12\/hornilogo_design-award.png","contentUrl":"http:\/\/www.design-award.cz\/wp-content\/uploads\/2021\/12\/hornilogo_design-award.png","width":800,"height":600,"caption":"Design Award"},"image":{"@id":"https:\/\/www.design-award.cz\/#\/schema\/logo\/image\/"},"sameAs":["https:\/\/www.instagram.com\/design_award\/"]}]}},"_links":{"self":[{"href":"https:\/\/www.design-award.cz\/index.php?rest_route=\/wp\/v2\/portfolio\/3631","targetHints":{"allow":["GET"]}}],"collection":[{"href":"https:\/\/www.design-award.cz\/index.php?rest_route=\/wp\/v2\/portfolio"}],"about":[{"href":"https:\/\/www.design-award.cz\/index.php?rest_route=\/wp\/v2\/types\/portfolio"}],"author":[{"embeddable":true,"href":"https:\/\/www.design-award.cz\/index.php?rest_route=\/wp\/v2\/users\/2"}],"replies":[{"embeddable":true,"href":"https:\/\/www.design-award.cz\/index.php?rest_route=%2Fwp%2Fv2%2Fcomments&post=3631"}],"version-history":[{"count":1,"href":"https:\/\/www.design-award.cz\/index.php?rest_route=\/wp\/v2\/portfolio\/3631\/revisions"}],"predecessor-version":[{"id":3650,"href":"https:\/\/www.design-award.cz\/index.php?rest_route=\/wp\/v2\/portfolio\/3631\/revisions\/3650"}],"wp:featuredmedia":[{"embeddable":true,"href":"https:\/\/www.design-award.cz\/index.php?rest_route=\/wp\/v2\/media\/3643"}],"wp:attachment":[{"href":"https:\/\/www.design-award.cz\/index.php?rest_route=%2Fwp%2Fv2%2Fmedia&parent=3631"}],"wp:term":[{"taxonomy":"portfolio_category","embeddable":true,"href":"https:\/\/www.design-award.cz\/index.php?rest_route=%2Fwp%2Fv2%2Fportfolio_category&post=3631"},{"taxonomy":"portfolio_tag","embeddable":true,"href":"https:\/\/www.design-award.cz\/index.php?rest_route=%2Fwp%2Fv2%2Fportfolio_tag&post=3631"}],"curies":[{"name":"wp","href":"https:\/\/api.w.org\/{rel}","templated":true}]}}