{"id":3672,"date":"2024-06-17T07:00:59","date_gmt":"2024-06-17T07:00:59","guid":{"rendered":"https:\/\/www.design-award.cz\/?post_type=portfolio&#038;p=3672"},"modified":"2024-06-17T20:55:13","modified_gmt":"2024-06-17T20:55:13","slug":"verejny-interier-jidelna-ssdi-katerinky","status":"publish","type":"portfolio","link":"https:\/\/www.design-award.cz\/?portfolio=verejny-interier-jidelna-ssdi-katerinky","title":{"rendered":"Ve\u0159ejn\u00fd interi\u00e9r &#8211; J\u00eddelna S\u0160DI Kate\u0159inky"},"content":{"rendered":"\n<p><strong>Tom\u00e1\u0161 Sk\u00e1cel<\/strong><\/p>\n\n\n\n<p>St\u0159edn\u00ed \u0161kola designu interi\u00e9ru Kate\u0159inky \u2013 Liberec<\/p>\n\n\n\n<p>N\u00e1vrh k renovaci j\u00eddelny St\u0159edn\u00ed \u0161koly designu interi\u00e9ru Kate\u0159inky by p\u0159inesl modern\u00ed a funk\u010dn\u00ed prostor, kter\u00fd \u0159e\u0161\u00ed probl\u00e9m fronty na v\u00fddej j\u00eddla a z\u00e1rove\u0148 poskytuje p\u0159\u00edjemn\u00e9 studijn\u00ed prost\u0159ed\u00ed pro studenty ubytovan\u00e9 na intern\u00e1t\u011b \u0161koly. Nov\u00fd n\u00e1vrh j\u00eddelny zahrnuje vyhrazen\u00e9 m\u00edsto pro st\u00e1n\u00ed fronty na j\u00eddlo pod\u00e9l okraje m\u00edstnosti, \u010d\u00edm\u017e by se uvolnil st\u0159ed j\u00eddelny a zlep\u0161il se pohyb po n\u00ed i v nejvyt\u00ed\u017een\u011bj\u0161\u00edch \u010d\u00e1stech dne.<\/p>\n\n\n\n<p>Stavebn\u00ed \u00fapravy zahrnuj\u00ed instalaci oken od firmy J\u00c1NO\u0160\u00cdK, kter\u00e1 poskytuj\u00ed n\u00e1dhern\u00fd v\u00fdhled do okoln\u00edho lesa, \u010d\u00edm\u017e p\u0159in\u00e1\u0161ej\u00ed kousek p\u0159\u00edrody p\u0159\u00edmo do j\u00eddelny. Interi\u00e9r je d\u00e1le obohacen \u017elut\u00fdmi \u017eidlemi a stoly od v\u00fdrobce TON, kter\u00e9 tvo\u0159\u00ed v\u00fdraznou dominantu m\u00edstnosti.&nbsp;<\/p>\n\n\n\n<p>Pro studijn\u00ed \u00fa\u010dely jsou k dispozici z\u00e1suvky pro zapojen\u00ed notebook\u016f a dal\u0161\u00edho p\u0159\u00edslu\u0161enstv\u00ed, co\u017e umo\u017e\u0148uje student\u016fm efektivn\u011b vyu\u017e\u00edt \u010das ke studiu. Estetiku prostoru dopl\u0148uje \u0161ed\u00fd ben\u00e1tsk\u00fd \u0161tuk na st\u011bn\u00e1ch v kombinaci s d\u0159ev\u011bn\u00fdm obkladem, kter\u00fd dod\u00e1v\u00e1 m\u00edstnosti sofistikovan\u00fd a \u00fatuln\u00fd vzhled.<\/p>\n\n\n\n<p>Celkov\u011b nov\u00e1 j\u00eddelna nejen \u0159e\u0161\u00ed praktick\u00e9 probl\u00e9my spojen\u00e9 s provozem a pohybem student\u016f, ale tak\u00e9 poskytuje inspirativn\u00ed a pohodln\u00e9 prost\u0159ed\u00ed pro jejich ka\u017edodenn\u00ed aktivity.<\/p>\n\n\n\n<figure class=\"wp-block-image size-large\"><img decoding=\"async\" width=\"1024\" height=\"768\" data-src=\"http:\/\/www.design-award.cz\/wp-content\/uploads\/2024\/06\/jidelna5-1024x768.jpg\" alt=\"\" class=\"wp-image-3679 lazyload\" data-srcset=\"https:\/\/www.design-award.cz\/wp-content\/uploads\/2024\/06\/jidelna5-1024x768.jpg 1024w, https:\/\/www.design-award.cz\/wp-content\/uploads\/2024\/06\/jidelna5-300x225.jpg 300w, https:\/\/www.design-award.cz\/wp-content\/uploads\/2024\/06\/jidelna5-768x576.jpg 768w, https:\/\/www.design-award.cz\/wp-content\/uploads\/2024\/06\/jidelna5-1536x1152.jpg 1536w, https:\/\/www.design-award.cz\/wp-content\/uploads\/2024\/06\/jidelna5-2048x1536.jpg 2048w, https:\/\/www.design-award.cz\/wp-content\/uploads\/2024\/06\/jidelna5-500x375.jpg 500w, https:\/\/www.design-award.cz\/wp-content\/uploads\/2024\/06\/jidelna5-800x600.jpg 800w, https:\/\/www.design-award.cz\/wp-content\/uploads\/2024\/06\/jidelna5-1280x960.jpg 1280w, https:\/\/www.design-award.cz\/wp-content\/uploads\/2024\/06\/jidelna5-1920x1440.jpg 1920w\" data-sizes=\"(max-width: 1024px) 100vw, 1024px\" src=\"data:image\/svg+xml;base64,PHN2ZyB3aWR0aD0iMSIgaGVpZ2h0PSIxIiB4bWxucz0iaHR0cDovL3d3dy53My5vcmcvMjAwMC9zdmciPjwvc3ZnPg==\" style=\"--smush-placeholder-width: 1024px; --smush-placeholder-aspect-ratio: 1024\/768;\" \/><\/figure>\n\n\n\n<figure class=\"wp-block-image size-large\"><img decoding=\"async\" width=\"1024\" height=\"768\" data-src=\"http:\/\/www.design-award.cz\/wp-content\/uploads\/2024\/06\/jidelna3-1024x768.jpg\" alt=\"\" class=\"wp-image-3677 lazyload\" data-srcset=\"https:\/\/www.design-award.cz\/wp-content\/uploads\/2024\/06\/jidelna3-1024x768.jpg 1024w, https:\/\/www.design-award.cz\/wp-content\/uploads\/2024\/06\/jidelna3-300x225.jpg 300w, https:\/\/www.design-award.cz\/wp-content\/uploads\/2024\/06\/jidelna3-768x576.jpg 768w, https:\/\/www.design-award.cz\/wp-content\/uploads\/2024\/06\/jidelna3-1536x1152.jpg 1536w, https:\/\/www.design-award.cz\/wp-content\/uploads\/2024\/06\/jidelna3-2048x1536.jpg 2048w, https:\/\/www.design-award.cz\/wp-content\/uploads\/2024\/06\/jidelna3-500x375.jpg 500w, https:\/\/www.design-award.cz\/wp-content\/uploads\/2024\/06\/jidelna3-800x600.jpg 800w, https:\/\/www.design-award.cz\/wp-content\/uploads\/2024\/06\/jidelna3-1280x960.jpg 1280w, https:\/\/www.design-award.cz\/wp-content\/uploads\/2024\/06\/jidelna3-1920x1440.jpg 1920w\" data-sizes=\"(max-width: 1024px) 100vw, 1024px\" src=\"data:image\/svg+xml;base64,PHN2ZyB3aWR0aD0iMSIgaGVpZ2h0PSIxIiB4bWxucz0iaHR0cDovL3d3dy53My5vcmcvMjAwMC9zdmciPjwvc3ZnPg==\" style=\"--smush-placeholder-width: 1024px; --smush-placeholder-aspect-ratio: 1024\/768;\" \/><\/figure>\n\n\n\n<figure class=\"wp-block-image size-large\"><img decoding=\"async\" width=\"1024\" height=\"741\" data-src=\"http:\/\/www.design-award.cz\/wp-content\/uploads\/2024\/06\/19-1024x741.png\" alt=\"\" class=\"wp-image-3682 lazyload\" data-srcset=\"https:\/\/www.design-award.cz\/wp-content\/uploads\/2024\/06\/19-1024x741.png 1024w, https:\/\/www.design-award.cz\/wp-content\/uploads\/2024\/06\/19-300x217.png 300w, https:\/\/www.design-award.cz\/wp-content\/uploads\/2024\/06\/19-768x556.png 768w, https:\/\/www.design-award.cz\/wp-content\/uploads\/2024\/06\/19-1536x1111.png 1536w, https:\/\/www.design-award.cz\/wp-content\/uploads\/2024\/06\/19-2048x1482.png 2048w, https:\/\/www.design-award.cz\/wp-content\/uploads\/2024\/06\/19-500x362.png 500w, https:\/\/www.design-award.cz\/wp-content\/uploads\/2024\/06\/19-800x579.png 800w, https:\/\/www.design-award.cz\/wp-content\/uploads\/2024\/06\/19-1280x926.png 1280w, https:\/\/www.design-award.cz\/wp-content\/uploads\/2024\/06\/19-1920x1389.png 1920w\" data-sizes=\"(max-width: 1024px) 100vw, 1024px\" src=\"data:image\/svg+xml;base64,PHN2ZyB3aWR0aD0iMSIgaGVpZ2h0PSIxIiB4bWxucz0iaHR0cDovL3d3dy53My5vcmcvMjAwMC9zdmciPjwvc3ZnPg==\" style=\"--smush-placeholder-width: 1024px; --smush-placeholder-aspect-ratio: 1024\/741;\" \/><\/figure>\n\n\n\n<figure class=\"wp-block-image size-large\"><img decoding=\"async\" width=\"1024\" height=\"768\" data-src=\"http:\/\/www.design-award.cz\/wp-content\/uploads\/2024\/06\/jidelna4-1024x768.jpg\" alt=\"\" class=\"wp-image-3678 lazyload\" data-srcset=\"https:\/\/www.design-award.cz\/wp-content\/uploads\/2024\/06\/jidelna4-1024x768.jpg 1024w, https:\/\/www.design-award.cz\/wp-content\/uploads\/2024\/06\/jidelna4-300x225.jpg 300w, https:\/\/www.design-award.cz\/wp-content\/uploads\/2024\/06\/jidelna4-768x576.jpg 768w, https:\/\/www.design-award.cz\/wp-content\/uploads\/2024\/06\/jidelna4-1536x1152.jpg 1536w, https:\/\/www.design-award.cz\/wp-content\/uploads\/2024\/06\/jidelna4-2048x1536.jpg 2048w, https:\/\/www.design-award.cz\/wp-content\/uploads\/2024\/06\/jidelna4-500x375.jpg 500w, https:\/\/www.design-award.cz\/wp-content\/uploads\/2024\/06\/jidelna4-800x600.jpg 800w, https:\/\/www.design-award.cz\/wp-content\/uploads\/2024\/06\/jidelna4-1280x960.jpg 1280w, https:\/\/www.design-award.cz\/wp-content\/uploads\/2024\/06\/jidelna4-1920x1440.jpg 1920w\" data-sizes=\"(max-width: 1024px) 100vw, 1024px\" src=\"data:image\/svg+xml;base64,PHN2ZyB3aWR0aD0iMSIgaGVpZ2h0PSIxIiB4bWxucz0iaHR0cDovL3d3dy53My5vcmcvMjAwMC9zdmciPjwvc3ZnPg==\" style=\"--smush-placeholder-width: 1024px; --smush-placeholder-aspect-ratio: 1024\/768;\" \/><\/figure>\n\n\n\n<figure class=\"wp-block-image size-large\"><img decoding=\"async\" width=\"1024\" height=\"668\" data-src=\"http:\/\/www.design-award.cz\/wp-content\/uploads\/2024\/06\/jidelna-pudorys-po-1024x668.jpg\" alt=\"\" class=\"wp-image-3680 lazyload\" data-srcset=\"https:\/\/www.design-award.cz\/wp-content\/uploads\/2024\/06\/jidelna-pudorys-po-1024x668.jpg 1024w, https:\/\/www.design-award.cz\/wp-content\/uploads\/2024\/06\/jidelna-pudorys-po-300x196.jpg 300w, https:\/\/www.design-award.cz\/wp-content\/uploads\/2024\/06\/jidelna-pudorys-po-768x501.jpg 768w, https:\/\/www.design-award.cz\/wp-content\/uploads\/2024\/06\/jidelna-pudorys-po-1536x1002.jpg 1536w, https:\/\/www.design-award.cz\/wp-content\/uploads\/2024\/06\/jidelna-pudorys-po-2048x1336.jpg 2048w, https:\/\/www.design-award.cz\/wp-content\/uploads\/2024\/06\/jidelna-pudorys-po-500x326.jpg 500w, https:\/\/www.design-award.cz\/wp-content\/uploads\/2024\/06\/jidelna-pudorys-po-800x522.jpg 800w, https:\/\/www.design-award.cz\/wp-content\/uploads\/2024\/06\/jidelna-pudorys-po-1280x835.jpg 1280w, https:\/\/www.design-award.cz\/wp-content\/uploads\/2024\/06\/jidelna-pudorys-po-1920x1252.jpg 1920w\" data-sizes=\"(max-width: 1024px) 100vw, 1024px\" src=\"data:image\/svg+xml;base64,PHN2ZyB3aWR0aD0iMSIgaGVpZ2h0PSIxIiB4bWxucz0iaHR0cDovL3d3dy53My5vcmcvMjAwMC9zdmciPjwvc3ZnPg==\" style=\"--smush-placeholder-width: 1024px; --smush-placeholder-aspect-ratio: 1024\/668;\" \/><\/figure>\n","protected":false},"excerpt":{"rendered":"<p>Tom\u00e1\u0161 Sk\u00e1cel St\u0159edn\u00ed \u0161kola designu interi\u00e9ru Kate\u0159inky \u2013 Liberec N\u00e1vrh k renovaci j\u00eddelny St\u0159edn\u00ed \u0161koly designu interi\u00e9ru Kate\u0159inky by p\u0159inesl modern\u00ed a funk\u010dn\u00ed prostor, kter\u00fd \u0159e\u0161\u00ed probl\u00e9m fronty na v\u00fddej j\u00eddla a z\u00e1rove\u0148 poskytuje p\u0159\u00edjemn\u00e9 studijn\u00ed prost\u0159ed\u00ed pro studenty ubytovan\u00e9 na intern\u00e1t\u011b \u0161koly. Nov\u00fd n\u00e1vrh j\u00eddelny zahrnuje vyhrazen\u00e9 m\u00edsto pro st\u00e1n\u00ed fronty na j\u00eddlo pod\u00e9l [&hellip;]<\/p>\n","protected":false},"author":2,"featured_media":3681,"menu_order":0,"comment_status":"closed","ping_status":"closed","template":"","format":"standard","meta":{"ngg_post_thumbnail":0,"ocean_post_layout":"","ocean_both_sidebars_style":"","ocean_both_sidebars_content_width":0,"ocean_both_sidebars_sidebars_width":0,"ocean_sidebar":"","ocean_second_sidebar":"","ocean_disable_margins":"enable","ocean_add_body_class":"","ocean_shortcode_before_top_bar":"","ocean_shortcode_after_top_bar":"","ocean_shortcode_before_header":"","ocean_shortcode_after_header":"","ocean_has_shortcode":"","ocean_shortcode_after_title":"","ocean_shortcode_before_footer_widgets":"","ocean_shortcode_after_footer_widgets":"","ocean_shortcode_before_footer_bottom":"","ocean_shortcode_after_footer_bottom":"","ocean_display_top_bar":"default","ocean_display_header":"default","ocean_header_style":"","ocean_center_header_left_menu":"","ocean_custom_header_template":"","ocean_custom_logo":0,"ocean_custom_retina_logo":0,"ocean_custom_logo_max_width":0,"ocean_custom_logo_tablet_max_width":0,"ocean_custom_logo_mobile_max_width":0,"ocean_custom_logo_max_height":0,"ocean_custom_logo_tablet_max_height":0,"ocean_custom_logo_mobile_max_height":0,"ocean_header_custom_menu":"","ocean_menu_typo_font_family":"","ocean_menu_typo_font_subset":"","ocean_menu_typo_font_size":0,"ocean_menu_typo_font_size_tablet":0,"ocean_menu_typo_font_size_mobile":0,"ocean_menu_typo_font_size_unit":"px","ocean_menu_typo_font_weight":"","ocean_menu_typo_font_weight_tablet":"","ocean_menu_typo_font_weight_mobile":"","ocean_menu_typo_transform":"","ocean_menu_typo_transform_tablet":"","ocean_menu_typo_transform_mobile":"","ocean_menu_typo_line_height":0,"ocean_menu_typo_line_height_tablet":0,"ocean_menu_typo_line_height_mobile":0,"ocean_menu_typo_line_height_unit":"","ocean_menu_typo_spacing":0,"ocean_menu_typo_spacing_tablet":0,"ocean_menu_typo_spacing_mobile":0,"ocean_menu_typo_spacing_unit":"","ocean_menu_link_color":"","ocean_menu_link_color_hover":"","ocean_menu_link_color_active":"","ocean_menu_link_background":"","ocean_menu_link_hover_background":"","ocean_menu_link_active_background":"","ocean_menu_social_links_bg":"","ocean_menu_social_hover_links_bg":"","ocean_menu_social_links_color":"","ocean_menu_social_hover_links_color":"","ocean_disable_title":"default","ocean_disable_heading":"default","ocean_post_title":"","ocean_post_subheading":"","ocean_post_title_style":"","ocean_post_title_background_color":"","ocean_post_title_background":0,"ocean_post_title_bg_image_position":"","ocean_post_title_bg_image_attachment":"","ocean_post_title_bg_image_repeat":"","ocean_post_title_bg_image_size":"","ocean_post_title_height":0,"ocean_post_title_bg_overlay":0.5,"ocean_post_title_bg_overlay_color":"","ocean_disable_breadcrumbs":"default","ocean_breadcrumbs_color":"","ocean_breadcrumbs_separator_color":"","ocean_breadcrumbs_links_color":"","ocean_breadcrumbs_links_hover_color":"","ocean_display_footer_widgets":"default","ocean_display_footer_bottom":"default","ocean_custom_footer_template":"","_vp_format_video_url":"","_vp_image_focal_point":[],"footnotes":""},"portfolio_category":[],"portfolio_tag":[],"class_list":["post-3672","portfolio","type-portfolio","status-publish","format-standard","has-post-thumbnail","hentry","entry","has-media"],"yoast_head":"<!-- This site is optimized with the Yoast SEO plugin v25.2 - https:\/\/yoast.com\/wordpress\/plugins\/seo\/ -->\n<title>Ve\u0159ejn\u00fd interi\u00e9r - J\u00eddelna S\u0160DI Kate\u0159inky - design-award.cz<\/title>\n<meta name=\"robots\" content=\"index, follow, max-snippet:-1, max-image-preview:large, max-video-preview:-1\" \/>\n<link rel=\"canonical\" href=\"https:\/\/www.design-award.cz\/?portfolio=verejny-interier-jidelna-ssdi-katerinky\" \/>\n<meta property=\"og:locale\" content=\"cs_CZ\" \/>\n<meta property=\"og:type\" content=\"article\" \/>\n<meta property=\"og:title\" content=\"Ve\u0159ejn\u00fd interi\u00e9r - J\u00eddelna S\u0160DI Kate\u0159inky - design-award.cz\" \/>\n<meta property=\"og:description\" content=\"Tom\u00e1\u0161 Sk\u00e1cel St\u0159edn\u00ed \u0161kola designu interi\u00e9ru Kate\u0159inky \u2013 Liberec N\u00e1vrh k renovaci j\u00eddelny St\u0159edn\u00ed \u0161koly designu interi\u00e9ru Kate\u0159inky by p\u0159inesl modern\u00ed a funk\u010dn\u00ed prostor, kter\u00fd \u0159e\u0161\u00ed probl\u00e9m fronty na v\u00fddej j\u00eddla a z\u00e1rove\u0148 poskytuje p\u0159\u00edjemn\u00e9 studijn\u00ed prost\u0159ed\u00ed pro studenty ubytovan\u00e9 na intern\u00e1t\u011b \u0161koly. Nov\u00fd n\u00e1vrh j\u00eddelny zahrnuje vyhrazen\u00e9 m\u00edsto pro st\u00e1n\u00ed fronty na j\u00eddlo pod\u00e9l [&hellip;]\" \/>\n<meta property=\"og:url\" content=\"https:\/\/www.design-award.cz\/?portfolio=verejny-interier-jidelna-ssdi-katerinky\" \/>\n<meta property=\"og:site_name\" content=\"design-award.cz\" \/>\n<meta property=\"article:modified_time\" content=\"2024-06-17T20:55:13+00:00\" \/>\n<meta property=\"og:image\" content=\"http:\/\/www.design-award.cz\/wp-content\/uploads\/2024\/06\/jidelna1-scaled.jpg\" \/>\n\t<meta property=\"og:image:width\" content=\"2560\" \/>\n\t<meta property=\"og:image:height\" content=\"1920\" \/>\n\t<meta property=\"og:image:type\" content=\"image\/jpeg\" \/>\n<meta name=\"twitter:card\" content=\"summary_large_image\" \/>\n<meta name=\"twitter:label1\" content=\"Odhadovan\u00e1 doba \u010dten\u00ed\" \/>\n\t<meta name=\"twitter:data1\" content=\"1 minuta\" \/>\n<script type=\"application\/ld+json\" class=\"yoast-schema-graph\">{\"@context\":\"https:\/\/schema.org\",\"@graph\":[{\"@type\":\"WebPage\",\"@id\":\"https:\/\/www.design-award.cz\/?portfolio=verejny-interier-jidelna-ssdi-katerinky\",\"url\":\"https:\/\/www.design-award.cz\/?portfolio=verejny-interier-jidelna-ssdi-katerinky\",\"name\":\"Ve\u0159ejn\u00fd interi\u00e9r - J\u00eddelna S\u0160DI Kate\u0159inky - design-award.cz\",\"isPartOf\":{\"@id\":\"https:\/\/www.design-award.cz\/#website\"},\"primaryImageOfPage\":{\"@id\":\"https:\/\/www.design-award.cz\/?portfolio=verejny-interier-jidelna-ssdi-katerinky#primaryimage\"},\"image\":{\"@id\":\"https:\/\/www.design-award.cz\/?portfolio=verejny-interier-jidelna-ssdi-katerinky#primaryimage\"},\"thumbnailUrl\":\"https:\/\/www.design-award.cz\/wp-content\/uploads\/2024\/06\/jidelna1-scaled.jpg\",\"datePublished\":\"2024-06-17T07:00:59+00:00\",\"dateModified\":\"2024-06-17T20:55:13+00:00\",\"breadcrumb\":{\"@id\":\"https:\/\/www.design-award.cz\/?portfolio=verejny-interier-jidelna-ssdi-katerinky#breadcrumb\"},\"inLanguage\":\"cs\",\"potentialAction\":[{\"@type\":\"ReadAction\",\"target\":[\"https:\/\/www.design-award.cz\/?portfolio=verejny-interier-jidelna-ssdi-katerinky\"]}]},{\"@type\":\"ImageObject\",\"inLanguage\":\"cs\",\"@id\":\"https:\/\/www.design-award.cz\/?portfolio=verejny-interier-jidelna-ssdi-katerinky#primaryimage\",\"url\":\"https:\/\/www.design-award.cz\/wp-content\/uploads\/2024\/06\/jidelna1-scaled.jpg\",\"contentUrl\":\"https:\/\/www.design-award.cz\/wp-content\/uploads\/2024\/06\/jidelna1-scaled.jpg\",\"width\":2560,\"height\":1920},{\"@type\":\"BreadcrumbList\",\"@id\":\"https:\/\/www.design-award.cz\/?portfolio=verejny-interier-jidelna-ssdi-katerinky#breadcrumb\",\"itemListElement\":[{\"@type\":\"ListItem\",\"position\":1,\"name\":\"Dom\u016f\",\"item\":\"https:\/\/www.design-award.cz\/\"},{\"@type\":\"ListItem\",\"position\":2,\"name\":\"Portfolio Items\",\"item\":\"https:\/\/www.design-award.cz\/?post_type=portfolio\"},{\"@type\":\"ListItem\",\"position\":3,\"name\":\"Ve\u0159ejn\u00fd interi\u00e9r &#8211; J\u00eddelna S\u0160DI Kate\u0159inky\"}]},{\"@type\":\"WebSite\",\"@id\":\"https:\/\/www.design-award.cz\/#website\",\"url\":\"https:\/\/www.design-award.cz\/\",\"name\":\"design-award.cz\",\"description\":\"WARD vznikla v roce 2022. Je ur\u010dena p\u0159edev\u0161\u00edm student\u016fm st\u0159edn\u00edch um\u011bleck\u00fdch \u0161kol (S\u0160 a VO\u0160), kte\u0159\u00ed mohou bezplatn\u011b zaslat sv\u00e9 n\u00e1vrhy v uveden\u00fdch kategori\u00ed a tak pom\u011b\u0159it sv\u00e9 n\u00e1pady s konkurenc\u00ed sv\u00fdch vrstevn\u00edk\u016f. N\u00e1vrhy jsou n\u00e1sledn\u011b posouzeny nez\u00e1vislou porotou z \u0159ad v\u00fdtvarn\u00edk\u016f, pedagog\u016f a profesion\u00e1l\u016f z oboru.\",\"publisher\":{\"@id\":\"https:\/\/www.design-award.cz\/#organization\"},\"potentialAction\":[{\"@type\":\"SearchAction\",\"target\":{\"@type\":\"EntryPoint\",\"urlTemplate\":\"https:\/\/www.design-award.cz\/?s={search_term_string}\"},\"query-input\":{\"@type\":\"PropertyValueSpecification\",\"valueRequired\":true,\"valueName\":\"search_term_string\"}}],\"inLanguage\":\"cs\"},{\"@type\":\"Organization\",\"@id\":\"https:\/\/www.design-award.cz\/#organization\",\"name\":\"Design Award\",\"url\":\"https:\/\/www.design-award.cz\/\",\"logo\":{\"@type\":\"ImageObject\",\"inLanguage\":\"cs\",\"@id\":\"https:\/\/www.design-award.cz\/#\/schema\/logo\/image\/\",\"url\":\"http:\/\/www.design-award.cz\/wp-content\/uploads\/2021\/12\/hornilogo_design-award.png\",\"contentUrl\":\"http:\/\/www.design-award.cz\/wp-content\/uploads\/2021\/12\/hornilogo_design-award.png\",\"width\":800,\"height\":600,\"caption\":\"Design Award\"},\"image\":{\"@id\":\"https:\/\/www.design-award.cz\/#\/schema\/logo\/image\/\"},\"sameAs\":[\"https:\/\/www.instagram.com\/design_award\/\"]}]}<\/script>\n<!-- \/ Yoast SEO plugin. -->","yoast_head_json":{"title":"Ve\u0159ejn\u00fd interi\u00e9r - J\u00eddelna S\u0160DI Kate\u0159inky - design-award.cz","robots":{"index":"index","follow":"follow","max-snippet":"max-snippet:-1","max-image-preview":"max-image-preview:large","max-video-preview":"max-video-preview:-1"},"canonical":"https:\/\/www.design-award.cz\/?portfolio=verejny-interier-jidelna-ssdi-katerinky","og_locale":"cs_CZ","og_type":"article","og_title":"Ve\u0159ejn\u00fd interi\u00e9r - J\u00eddelna S\u0160DI Kate\u0159inky - design-award.cz","og_description":"Tom\u00e1\u0161 Sk\u00e1cel St\u0159edn\u00ed \u0161kola designu interi\u00e9ru Kate\u0159inky \u2013 Liberec N\u00e1vrh k renovaci j\u00eddelny St\u0159edn\u00ed \u0161koly designu interi\u00e9ru Kate\u0159inky by p\u0159inesl modern\u00ed a funk\u010dn\u00ed prostor, kter\u00fd \u0159e\u0161\u00ed probl\u00e9m fronty na v\u00fddej j\u00eddla a z\u00e1rove\u0148 poskytuje p\u0159\u00edjemn\u00e9 studijn\u00ed prost\u0159ed\u00ed pro studenty ubytovan\u00e9 na intern\u00e1t\u011b \u0161koly. Nov\u00fd n\u00e1vrh j\u00eddelny zahrnuje vyhrazen\u00e9 m\u00edsto pro st\u00e1n\u00ed fronty na j\u00eddlo pod\u00e9l [&hellip;]","og_url":"https:\/\/www.design-award.cz\/?portfolio=verejny-interier-jidelna-ssdi-katerinky","og_site_name":"design-award.cz","article_modified_time":"2024-06-17T20:55:13+00:00","og_image":[{"width":2560,"height":1920,"url":"http:\/\/www.design-award.cz\/wp-content\/uploads\/2024\/06\/jidelna1-scaled.jpg","type":"image\/jpeg"}],"twitter_card":"summary_large_image","twitter_misc":{"Odhadovan\u00e1 doba \u010dten\u00ed":"1 minuta"},"schema":{"@context":"https:\/\/schema.org","@graph":[{"@type":"WebPage","@id":"https:\/\/www.design-award.cz\/?portfolio=verejny-interier-jidelna-ssdi-katerinky","url":"https:\/\/www.design-award.cz\/?portfolio=verejny-interier-jidelna-ssdi-katerinky","name":"Ve\u0159ejn\u00fd interi\u00e9r - J\u00eddelna S\u0160DI Kate\u0159inky - design-award.cz","isPartOf":{"@id":"https:\/\/www.design-award.cz\/#website"},"primaryImageOfPage":{"@id":"https:\/\/www.design-award.cz\/?portfolio=verejny-interier-jidelna-ssdi-katerinky#primaryimage"},"image":{"@id":"https:\/\/www.design-award.cz\/?portfolio=verejny-interier-jidelna-ssdi-katerinky#primaryimage"},"thumbnailUrl":"https:\/\/www.design-award.cz\/wp-content\/uploads\/2024\/06\/jidelna1-scaled.jpg","datePublished":"2024-06-17T07:00:59+00:00","dateModified":"2024-06-17T20:55:13+00:00","breadcrumb":{"@id":"https:\/\/www.design-award.cz\/?portfolio=verejny-interier-jidelna-ssdi-katerinky#breadcrumb"},"inLanguage":"cs","potentialAction":[{"@type":"ReadAction","target":["https:\/\/www.design-award.cz\/?portfolio=verejny-interier-jidelna-ssdi-katerinky"]}]},{"@type":"ImageObject","inLanguage":"cs","@id":"https:\/\/www.design-award.cz\/?portfolio=verejny-interier-jidelna-ssdi-katerinky#primaryimage","url":"https:\/\/www.design-award.cz\/wp-content\/uploads\/2024\/06\/jidelna1-scaled.jpg","contentUrl":"https:\/\/www.design-award.cz\/wp-content\/uploads\/2024\/06\/jidelna1-scaled.jpg","width":2560,"height":1920},{"@type":"BreadcrumbList","@id":"https:\/\/www.design-award.cz\/?portfolio=verejny-interier-jidelna-ssdi-katerinky#breadcrumb","itemListElement":[{"@type":"ListItem","position":1,"name":"Dom\u016f","item":"https:\/\/www.design-award.cz\/"},{"@type":"ListItem","position":2,"name":"Portfolio Items","item":"https:\/\/www.design-award.cz\/?post_type=portfolio"},{"@type":"ListItem","position":3,"name":"Ve\u0159ejn\u00fd interi\u00e9r &#8211; J\u00eddelna S\u0160DI Kate\u0159inky"}]},{"@type":"WebSite","@id":"https:\/\/www.design-award.cz\/#website","url":"https:\/\/www.design-award.cz\/","name":"design-award.cz","description":"WARD vznikla v roce 2022. Je ur\u010dena p\u0159edev\u0161\u00edm student\u016fm st\u0159edn\u00edch um\u011bleck\u00fdch \u0161kol (S\u0160 a VO\u0160), kte\u0159\u00ed mohou bezplatn\u011b zaslat sv\u00e9 n\u00e1vrhy v uveden\u00fdch kategori\u00ed a tak pom\u011b\u0159it sv\u00e9 n\u00e1pady s konkurenc\u00ed sv\u00fdch vrstevn\u00edk\u016f. N\u00e1vrhy jsou n\u00e1sledn\u011b posouzeny nez\u00e1vislou porotou z \u0159ad v\u00fdtvarn\u00edk\u016f, pedagog\u016f a profesion\u00e1l\u016f z oboru.","publisher":{"@id":"https:\/\/www.design-award.cz\/#organization"},"potentialAction":[{"@type":"SearchAction","target":{"@type":"EntryPoint","urlTemplate":"https:\/\/www.design-award.cz\/?s={search_term_string}"},"query-input":{"@type":"PropertyValueSpecification","valueRequired":true,"valueName":"search_term_string"}}],"inLanguage":"cs"},{"@type":"Organization","@id":"https:\/\/www.design-award.cz\/#organization","name":"Design Award","url":"https:\/\/www.design-award.cz\/","logo":{"@type":"ImageObject","inLanguage":"cs","@id":"https:\/\/www.design-award.cz\/#\/schema\/logo\/image\/","url":"http:\/\/www.design-award.cz\/wp-content\/uploads\/2021\/12\/hornilogo_design-award.png","contentUrl":"http:\/\/www.design-award.cz\/wp-content\/uploads\/2021\/12\/hornilogo_design-award.png","width":800,"height":600,"caption":"Design Award"},"image":{"@id":"https:\/\/www.design-award.cz\/#\/schema\/logo\/image\/"},"sameAs":["https:\/\/www.instagram.com\/design_award\/"]}]}},"_links":{"self":[{"href":"https:\/\/www.design-award.cz\/index.php?rest_route=\/wp\/v2\/portfolio\/3672","targetHints":{"allow":["GET"]}}],"collection":[{"href":"https:\/\/www.design-award.cz\/index.php?rest_route=\/wp\/v2\/portfolio"}],"about":[{"href":"https:\/\/www.design-award.cz\/index.php?rest_route=\/wp\/v2\/types\/portfolio"}],"author":[{"embeddable":true,"href":"https:\/\/www.design-award.cz\/index.php?rest_route=\/wp\/v2\/users\/2"}],"replies":[{"embeddable":true,"href":"https:\/\/www.design-award.cz\/index.php?rest_route=%2Fwp%2Fv2%2Fcomments&post=3672"}],"version-history":[{"count":2,"href":"https:\/\/www.design-award.cz\/index.php?rest_route=\/wp\/v2\/portfolio\/3672\/revisions"}],"predecessor-version":[{"id":3691,"href":"https:\/\/www.design-award.cz\/index.php?rest_route=\/wp\/v2\/portfolio\/3672\/revisions\/3691"}],"wp:featuredmedia":[{"embeddable":true,"href":"https:\/\/www.design-award.cz\/index.php?rest_route=\/wp\/v2\/media\/3681"}],"wp:attachment":[{"href":"https:\/\/www.design-award.cz\/index.php?rest_route=%2Fwp%2Fv2%2Fmedia&parent=3672"}],"wp:term":[{"taxonomy":"portfolio_category","embeddable":true,"href":"https:\/\/www.design-award.cz\/index.php?rest_route=%2Fwp%2Fv2%2Fportfolio_category&post=3672"},{"taxonomy":"portfolio_tag","embeddable":true,"href":"https:\/\/www.design-award.cz\/index.php?rest_route=%2Fwp%2Fv2%2Fportfolio_tag&post=3672"}],"curies":[{"name":"wp","href":"https:\/\/api.w.org\/{rel}","templated":true}]}}