{"id":3710,"date":"2024-06-17T07:36:19","date_gmt":"2024-06-17T07:36:19","guid":{"rendered":"https:\/\/www.design-award.cz\/?post_type=portfolio&#038;p=3710"},"modified":"2024-06-17T20:54:27","modified_gmt":"2024-06-17T20:54:27","slug":"produktovy-design-libroseat","status":"publish","type":"portfolio","link":"https:\/\/www.design-award.cz\/?portfolio=produktovy-design-libroseat","title":{"rendered":"Produktov\u00fd design &#8211; LibroSeat"},"content":{"rendered":"\n<p><strong>Nathalia Fuj\u00e1kov\u00e1<\/strong><\/p>\n\n\n\n<p>AVE ART Ostrava &#8211; vy\u0161\u0161\u00ed odborn\u00e1 \u0161kola, st\u0159edn\u00ed um\u011bleck\u00e1 \u0161kola a z\u00e1kladn\u00ed um\u011bleck\u00e1 \u0161kola, s.r.o.<\/p>\n\n\n\n<p>Projekt LibroSeat je inovativn\u00ed n\u00e1bytek, kter\u00fd spojuje funk\u010dnost a estetiku. Jedn\u00e1 se o stoli\u010dku s \u00falo\u017en\u00fdm prostorem, navr\u017eenou tak, aby poskytovala pohodln\u00e9 sezen\u00ed a<br>z\u00e1rove\u0148 slou\u017eila jako praktick\u00e9 ulo\u017ei\u0161t\u011b.<br>Tento multifunk\u010dn\u00ed kus n\u00e1bytku kombinuje pohodl\u00ed stoli\u010dky s \u00falo\u017en\u00fdm prostorem, co\u017e z n\u011bj \u010din\u00ed ide\u00e1ln\u00ed dopln\u011bk pro ob\u00fdvac\u00ed pokoje, lo\u017enice, kancel\u00e1\u0159e, \u010dek\u00e1rny \u010di \u010dtec\u00ed koutky.<br>LibroSeat je navr\u017een s d\u016frazem na jednoduchost a modern\u00ed design. D\u00edky chytr\u00e9mu designu je obsah p\u0159ihr\u00e1dky snadno dostupn\u00fd i b\u011bhem sezen\u00ed. Sed\u00e1tko je tvarovan\u00e9 pro<br>dlouhodob\u00e9 sezen\u00ed. Hlavn\u00ed v\u00fdhodou stoli\u010dky je jej\u00ed dvoj\u00ed funkce. Krom\u011b sezen\u00ed poskytuje i ukl\u00e1d\u00e1n\u00ed knih, \u010dasopis\u016f, dek nebo jin\u00fdch drobnost\u00ed. D\u00edky tomu pom\u00e1h\u00e1 udr\u017eovat<br>po\u0159\u00e1dek a zvy\u0161uje prakti\u010dnost interi\u00e9ru.<br>Stoli\u010dka je ur\u010dena pro lidi, kte\u0159\u00ed hledaj\u00ed praktick\u00e9 \u0159e\u0161en\u00ed pro mal\u00e9 prostory. M\u016f\u017ee b\u00fdt ide\u00e1ln\u00ed pro studenty, obyvatele mal\u00fdch byt\u016f nebo kancel\u00e1\u0159e.<br>Z\u00e1kazn\u00edci mohou vyb\u00edrat z r\u016fzn\u00fdch materi\u00e1l\u016f, barev a design\u016f, aby stoli\u010dka co nejl\u00e9pe zapadla do jejich interi\u00e9r\u016f. Konstrukce je vyrobena z kvalitn\u00edho pevn\u00e9ho kovu.<\/p>\n\n\n\n<figure class=\"wp-block-image size-large\"><img decoding=\"async\" width=\"683\" height=\"1024\" data-src=\"http:\/\/www.design-award.cz\/wp-content\/uploads\/2024\/06\/02-683x1024.jpg\" alt=\"\" class=\"wp-image-3714 lazyload\" data-srcset=\"https:\/\/www.design-award.cz\/wp-content\/uploads\/2024\/06\/02-683x1024.jpg 683w, https:\/\/www.design-award.cz\/wp-content\/uploads\/2024\/06\/02-200x300.jpg 200w, https:\/\/www.design-award.cz\/wp-content\/uploads\/2024\/06\/02-768x1152.jpg 768w, https:\/\/www.design-award.cz\/wp-content\/uploads\/2024\/06\/02-1024x1536.jpg 1024w, https:\/\/www.design-award.cz\/wp-content\/uploads\/2024\/06\/02-1365x2048.jpg 1365w, https:\/\/www.design-award.cz\/wp-content\/uploads\/2024\/06\/02-500x750.jpg 500w, https:\/\/www.design-award.cz\/wp-content\/uploads\/2024\/06\/02-800x1200.jpg 800w, https:\/\/www.design-award.cz\/wp-content\/uploads\/2024\/06\/02-1280x1920.jpg 1280w, https:\/\/www.design-award.cz\/wp-content\/uploads\/2024\/06\/02-1920x2880.jpg 1920w, https:\/\/www.design-award.cz\/wp-content\/uploads\/2024\/06\/02-scaled.jpg 1707w\" data-sizes=\"(max-width: 683px) 100vw, 683px\" src=\"data:image\/svg+xml;base64,PHN2ZyB3aWR0aD0iMSIgaGVpZ2h0PSIxIiB4bWxucz0iaHR0cDovL3d3dy53My5vcmcvMjAwMC9zdmciPjwvc3ZnPg==\" style=\"--smush-placeholder-width: 683px; --smush-placeholder-aspect-ratio: 683\/1024;\" \/><\/figure>\n\n\n\n<figure class=\"wp-block-image size-full\"><img decoding=\"async\" width=\"564\" height=\"752\" data-src=\"http:\/\/www.design-award.cz\/wp-content\/uploads\/2024\/06\/vizualizace-02.jpg\" alt=\"\" class=\"wp-image-3720 lazyload\" data-srcset=\"https:\/\/www.design-award.cz\/wp-content\/uploads\/2024\/06\/vizualizace-02.jpg 564w, https:\/\/www.design-award.cz\/wp-content\/uploads\/2024\/06\/vizualizace-02-225x300.jpg 225w, https:\/\/www.design-award.cz\/wp-content\/uploads\/2024\/06\/vizualizace-02-500x667.jpg 500w\" data-sizes=\"(max-width: 564px) 100vw, 564px\" src=\"data:image\/svg+xml;base64,PHN2ZyB3aWR0aD0iMSIgaGVpZ2h0PSIxIiB4bWxucz0iaHR0cDovL3d3dy53My5vcmcvMjAwMC9zdmciPjwvc3ZnPg==\" style=\"--smush-placeholder-width: 564px; --smush-placeholder-aspect-ratio: 564\/752;\" \/><\/figure>\n\n\n\n<figure class=\"wp-block-image size-large\"><img decoding=\"async\" width=\"683\" height=\"1024\" data-src=\"http:\/\/www.design-award.cz\/wp-content\/uploads\/2024\/06\/03-683x1024.jpg\" alt=\"\" class=\"wp-image-3715 lazyload\" data-srcset=\"https:\/\/www.design-award.cz\/wp-content\/uploads\/2024\/06\/03-683x1024.jpg 683w, https:\/\/www.design-award.cz\/wp-content\/uploads\/2024\/06\/03-200x300.jpg 200w, https:\/\/www.design-award.cz\/wp-content\/uploads\/2024\/06\/03-768x1152.jpg 768w, https:\/\/www.design-award.cz\/wp-content\/uploads\/2024\/06\/03-1024x1536.jpg 1024w, https:\/\/www.design-award.cz\/wp-content\/uploads\/2024\/06\/03-1365x2048.jpg 1365w, https:\/\/www.design-award.cz\/wp-content\/uploads\/2024\/06\/03-500x750.jpg 500w, https:\/\/www.design-award.cz\/wp-content\/uploads\/2024\/06\/03-800x1200.jpg 800w, https:\/\/www.design-award.cz\/wp-content\/uploads\/2024\/06\/03-1280x1920.jpg 1280w, https:\/\/www.design-award.cz\/wp-content\/uploads\/2024\/06\/03-1920x2880.jpg 1920w, https:\/\/www.design-award.cz\/wp-content\/uploads\/2024\/06\/03-scaled.jpg 1707w\" data-sizes=\"(max-width: 683px) 100vw, 683px\" src=\"data:image\/svg+xml;base64,PHN2ZyB3aWR0aD0iMSIgaGVpZ2h0PSIxIiB4bWxucz0iaHR0cDovL3d3dy53My5vcmcvMjAwMC9zdmciPjwvc3ZnPg==\" style=\"--smush-placeholder-width: 683px; --smush-placeholder-aspect-ratio: 683\/1024;\" \/><\/figure>\n\n\n\n<figure class=\"wp-block-image size-large\"><img decoding=\"async\" width=\"724\" height=\"1024\" data-src=\"http:\/\/www.design-award.cz\/wp-content\/uploads\/2024\/06\/fujakova-klauzura-stolicka-tech-724x1024.jpg\" alt=\"\" class=\"wp-image-3716 lazyload\" data-srcset=\"https:\/\/www.design-award.cz\/wp-content\/uploads\/2024\/06\/fujakova-klauzura-stolicka-tech-724x1024.jpg 724w, https:\/\/www.design-award.cz\/wp-content\/uploads\/2024\/06\/fujakova-klauzura-stolicka-tech-212x300.jpg 212w, https:\/\/www.design-award.cz\/wp-content\/uploads\/2024\/06\/fujakova-klauzura-stolicka-tech-768x1086.jpg 768w, https:\/\/www.design-award.cz\/wp-content\/uploads\/2024\/06\/fujakova-klauzura-stolicka-tech-1086x1536.jpg 1086w, https:\/\/www.design-award.cz\/wp-content\/uploads\/2024\/06\/fujakova-klauzura-stolicka-tech-1448x2048.jpg 1448w, https:\/\/www.design-award.cz\/wp-content\/uploads\/2024\/06\/fujakova-klauzura-stolicka-tech-500x707.jpg 500w, https:\/\/www.design-award.cz\/wp-content\/uploads\/2024\/06\/fujakova-klauzura-stolicka-tech-800x1131.jpg 800w, https:\/\/www.design-award.cz\/wp-content\/uploads\/2024\/06\/fujakova-klauzura-stolicka-tech-1280x1810.jpg 1280w, https:\/\/www.design-award.cz\/wp-content\/uploads\/2024\/06\/fujakova-klauzura-stolicka-tech-1920x2715.jpg 1920w, https:\/\/www.design-award.cz\/wp-content\/uploads\/2024\/06\/fujakova-klauzura-stolicka-tech-scaled.jpg 1810w\" data-sizes=\"(max-width: 724px) 100vw, 724px\" src=\"data:image\/svg+xml;base64,PHN2ZyB3aWR0aD0iMSIgaGVpZ2h0PSIxIiB4bWxucz0iaHR0cDovL3d3dy53My5vcmcvMjAwMC9zdmciPjwvc3ZnPg==\" style=\"--smush-placeholder-width: 724px; --smush-placeholder-aspect-ratio: 724\/1024;\" \/><\/figure>\n","protected":false},"excerpt":{"rendered":"<p>Nathalia Fuj\u00e1kov\u00e1 AVE ART Ostrava &#8211; vy\u0161\u0161\u00ed odborn\u00e1 \u0161kola, st\u0159edn\u00ed um\u011bleck\u00e1 \u0161kola a z\u00e1kladn\u00ed um\u011bleck\u00e1 \u0161kola, s.r.o. Projekt LibroSeat je inovativn\u00ed n\u00e1bytek, kter\u00fd spojuje funk\u010dnost a estetiku. Jedn\u00e1 se o stoli\u010dku s \u00falo\u017en\u00fdm prostorem, navr\u017eenou tak, aby poskytovala pohodln\u00e9 sezen\u00ed az\u00e1rove\u0148 slou\u017eila jako praktick\u00e9 ulo\u017ei\u0161t\u011b.Tento multifunk\u010dn\u00ed kus n\u00e1bytku kombinuje pohodl\u00ed stoli\u010dky s \u00falo\u017en\u00fdm prostorem, co\u017e [&hellip;]<\/p>\n","protected":false},"author":2,"featured_media":3717,"menu_order":0,"comment_status":"closed","ping_status":"closed","template":"","format":"standard","meta":{"ngg_post_thumbnail":0,"ocean_post_layout":"","ocean_both_sidebars_style":"","ocean_both_sidebars_content_width":0,"ocean_both_sidebars_sidebars_width":0,"ocean_sidebar":"","ocean_second_sidebar":"","ocean_disable_margins":"enable","ocean_add_body_class":"","ocean_shortcode_before_top_bar":"","ocean_shortcode_after_top_bar":"","ocean_shortcode_before_header":"","ocean_shortcode_after_header":"","ocean_has_shortcode":"","ocean_shortcode_after_title":"","ocean_shortcode_before_footer_widgets":"","ocean_shortcode_after_footer_widgets":"","ocean_shortcode_before_footer_bottom":"","ocean_shortcode_after_footer_bottom":"","ocean_display_top_bar":"default","ocean_display_header":"default","ocean_header_style":"","ocean_center_header_left_menu":"","ocean_custom_header_template":"","ocean_custom_logo":0,"ocean_custom_retina_logo":0,"ocean_custom_logo_max_width":0,"ocean_custom_logo_tablet_max_width":0,"ocean_custom_logo_mobile_max_width":0,"ocean_custom_logo_max_height":0,"ocean_custom_logo_tablet_max_height":0,"ocean_custom_logo_mobile_max_height":0,"ocean_header_custom_menu":"","ocean_menu_typo_font_family":"","ocean_menu_typo_font_subset":"","ocean_menu_typo_font_size":0,"ocean_menu_typo_font_size_tablet":0,"ocean_menu_typo_font_size_mobile":0,"ocean_menu_typo_font_size_unit":"px","ocean_menu_typo_font_weight":"","ocean_menu_typo_font_weight_tablet":"","ocean_menu_typo_font_weight_mobile":"","ocean_menu_typo_transform":"","ocean_menu_typo_transform_tablet":"","ocean_menu_typo_transform_mobile":"","ocean_menu_typo_line_height":0,"ocean_menu_typo_line_height_tablet":0,"ocean_menu_typo_line_height_mobile":0,"ocean_menu_typo_line_height_unit":"","ocean_menu_typo_spacing":0,"ocean_menu_typo_spacing_tablet":0,"ocean_menu_typo_spacing_mobile":0,"ocean_menu_typo_spacing_unit":"","ocean_menu_link_color":"","ocean_menu_link_color_hover":"","ocean_menu_link_color_active":"","ocean_menu_link_background":"","ocean_menu_link_hover_background":"","ocean_menu_link_active_background":"","ocean_menu_social_links_bg":"","ocean_menu_social_hover_links_bg":"","ocean_menu_social_links_color":"","ocean_menu_social_hover_links_color":"","ocean_disable_title":"default","ocean_disable_heading":"default","ocean_post_title":"","ocean_post_subheading":"","ocean_post_title_style":"","ocean_post_title_background_color":"","ocean_post_title_background":0,"ocean_post_title_bg_image_position":"","ocean_post_title_bg_image_attachment":"","ocean_post_title_bg_image_repeat":"","ocean_post_title_bg_image_size":"","ocean_post_title_height":0,"ocean_post_title_bg_overlay":0.5,"ocean_post_title_bg_overlay_color":"","ocean_disable_breadcrumbs":"default","ocean_breadcrumbs_color":"","ocean_breadcrumbs_separator_color":"","ocean_breadcrumbs_links_color":"","ocean_breadcrumbs_links_hover_color":"","ocean_display_footer_widgets":"default","ocean_display_footer_bottom":"default","ocean_custom_footer_template":"","_vp_format_video_url":"","_vp_image_focal_point":[],"footnotes":""},"portfolio_category":[],"portfolio_tag":[],"class_list":["post-3710","portfolio","type-portfolio","status-publish","format-standard","has-post-thumbnail","hentry","entry","has-media"],"yoast_head":"<!-- This site is optimized with the Yoast SEO plugin v25.2 - https:\/\/yoast.com\/wordpress\/plugins\/seo\/ -->\n<title>Produktov\u00fd design - LibroSeat - design-award.cz<\/title>\n<meta name=\"robots\" content=\"index, follow, max-snippet:-1, max-image-preview:large, max-video-preview:-1\" \/>\n<link rel=\"canonical\" href=\"https:\/\/www.design-award.cz\/?portfolio=produktovy-design-libroseat\" \/>\n<meta property=\"og:locale\" content=\"cs_CZ\" \/>\n<meta property=\"og:type\" content=\"article\" \/>\n<meta property=\"og:title\" content=\"Produktov\u00fd design - LibroSeat - design-award.cz\" \/>\n<meta property=\"og:description\" content=\"Nathalia Fuj\u00e1kov\u00e1 AVE ART Ostrava &#8211; vy\u0161\u0161\u00ed odborn\u00e1 \u0161kola, st\u0159edn\u00ed um\u011bleck\u00e1 \u0161kola a z\u00e1kladn\u00ed um\u011bleck\u00e1 \u0161kola, s.r.o. Projekt LibroSeat je inovativn\u00ed n\u00e1bytek, kter\u00fd spojuje funk\u010dnost a estetiku. Jedn\u00e1 se o stoli\u010dku s \u00falo\u017en\u00fdm prostorem, navr\u017eenou tak, aby poskytovala pohodln\u00e9 sezen\u00ed az\u00e1rove\u0148 slou\u017eila jako praktick\u00e9 ulo\u017ei\u0161t\u011b.Tento multifunk\u010dn\u00ed kus n\u00e1bytku kombinuje pohodl\u00ed stoli\u010dky s \u00falo\u017en\u00fdm prostorem, co\u017e [&hellip;]\" \/>\n<meta property=\"og:url\" content=\"https:\/\/www.design-award.cz\/?portfolio=produktovy-design-libroseat\" \/>\n<meta property=\"og:site_name\" content=\"design-award.cz\" \/>\n<meta property=\"article:modified_time\" content=\"2024-06-17T20:54:27+00:00\" \/>\n<meta property=\"og:image\" content=\"http:\/\/www.design-award.cz\/wp-content\/uploads\/2024\/06\/render-soutez-1024x576.png\" \/>\n\t<meta property=\"og:image:width\" content=\"1024\" \/>\n\t<meta property=\"og:image:height\" content=\"576\" \/>\n\t<meta property=\"og:image:type\" content=\"image\/png\" \/>\n<meta name=\"twitter:card\" content=\"summary_large_image\" \/>\n<meta name=\"twitter:label1\" content=\"Odhadovan\u00e1 doba \u010dten\u00ed\" \/>\n\t<meta name=\"twitter:data1\" content=\"1 minuta\" \/>\n<script type=\"application\/ld+json\" class=\"yoast-schema-graph\">{\"@context\":\"https:\/\/schema.org\",\"@graph\":[{\"@type\":\"WebPage\",\"@id\":\"https:\/\/www.design-award.cz\/?portfolio=produktovy-design-libroseat\",\"url\":\"https:\/\/www.design-award.cz\/?portfolio=produktovy-design-libroseat\",\"name\":\"Produktov\u00fd design - LibroSeat - design-award.cz\",\"isPartOf\":{\"@id\":\"https:\/\/www.design-award.cz\/#website\"},\"primaryImageOfPage\":{\"@id\":\"https:\/\/www.design-award.cz\/?portfolio=produktovy-design-libroseat#primaryimage\"},\"image\":{\"@id\":\"https:\/\/www.design-award.cz\/?portfolio=produktovy-design-libroseat#primaryimage\"},\"thumbnailUrl\":\"https:\/\/www.design-award.cz\/wp-content\/uploads\/2024\/06\/render-soutez.png\",\"datePublished\":\"2024-06-17T07:36:19+00:00\",\"dateModified\":\"2024-06-17T20:54:27+00:00\",\"breadcrumb\":{\"@id\":\"https:\/\/www.design-award.cz\/?portfolio=produktovy-design-libroseat#breadcrumb\"},\"inLanguage\":\"cs\",\"potentialAction\":[{\"@type\":\"ReadAction\",\"target\":[\"https:\/\/www.design-award.cz\/?portfolio=produktovy-design-libroseat\"]}]},{\"@type\":\"ImageObject\",\"inLanguage\":\"cs\",\"@id\":\"https:\/\/www.design-award.cz\/?portfolio=produktovy-design-libroseat#primaryimage\",\"url\":\"https:\/\/www.design-award.cz\/wp-content\/uploads\/2024\/06\/render-soutez.png\",\"contentUrl\":\"https:\/\/www.design-award.cz\/wp-content\/uploads\/2024\/06\/render-soutez.png\",\"width\":1920,\"height\":1080},{\"@type\":\"BreadcrumbList\",\"@id\":\"https:\/\/www.design-award.cz\/?portfolio=produktovy-design-libroseat#breadcrumb\",\"itemListElement\":[{\"@type\":\"ListItem\",\"position\":1,\"name\":\"Dom\u016f\",\"item\":\"https:\/\/www.design-award.cz\/\"},{\"@type\":\"ListItem\",\"position\":2,\"name\":\"Portfolio Items\",\"item\":\"https:\/\/www.design-award.cz\/?post_type=portfolio\"},{\"@type\":\"ListItem\",\"position\":3,\"name\":\"Produktov\u00fd design &#8211; LibroSeat\"}]},{\"@type\":\"WebSite\",\"@id\":\"https:\/\/www.design-award.cz\/#website\",\"url\":\"https:\/\/www.design-award.cz\/\",\"name\":\"design-award.cz\",\"description\":\"WARD vznikla v roce 2022. Je ur\u010dena p\u0159edev\u0161\u00edm student\u016fm st\u0159edn\u00edch um\u011bleck\u00fdch \u0161kol (S\u0160 a VO\u0160), kte\u0159\u00ed mohou bezplatn\u011b zaslat sv\u00e9 n\u00e1vrhy v uveden\u00fdch kategori\u00ed a tak pom\u011b\u0159it sv\u00e9 n\u00e1pady s konkurenc\u00ed sv\u00fdch vrstevn\u00edk\u016f. N\u00e1vrhy jsou n\u00e1sledn\u011b posouzeny nez\u00e1vislou porotou z \u0159ad v\u00fdtvarn\u00edk\u016f, pedagog\u016f a profesion\u00e1l\u016f z oboru.\",\"publisher\":{\"@id\":\"https:\/\/www.design-award.cz\/#organization\"},\"potentialAction\":[{\"@type\":\"SearchAction\",\"target\":{\"@type\":\"EntryPoint\",\"urlTemplate\":\"https:\/\/www.design-award.cz\/?s={search_term_string}\"},\"query-input\":{\"@type\":\"PropertyValueSpecification\",\"valueRequired\":true,\"valueName\":\"search_term_string\"}}],\"inLanguage\":\"cs\"},{\"@type\":\"Organization\",\"@id\":\"https:\/\/www.design-award.cz\/#organization\",\"name\":\"Design Award\",\"url\":\"https:\/\/www.design-award.cz\/\",\"logo\":{\"@type\":\"ImageObject\",\"inLanguage\":\"cs\",\"@id\":\"https:\/\/www.design-award.cz\/#\/schema\/logo\/image\/\",\"url\":\"http:\/\/www.design-award.cz\/wp-content\/uploads\/2021\/12\/hornilogo_design-award.png\",\"contentUrl\":\"http:\/\/www.design-award.cz\/wp-content\/uploads\/2021\/12\/hornilogo_design-award.png\",\"width\":800,\"height\":600,\"caption\":\"Design Award\"},\"image\":{\"@id\":\"https:\/\/www.design-award.cz\/#\/schema\/logo\/image\/\"},\"sameAs\":[\"https:\/\/www.instagram.com\/design_award\/\"]}]}<\/script>\n<!-- \/ Yoast SEO plugin. -->","yoast_head_json":{"title":"Produktov\u00fd design - LibroSeat - design-award.cz","robots":{"index":"index","follow":"follow","max-snippet":"max-snippet:-1","max-image-preview":"max-image-preview:large","max-video-preview":"max-video-preview:-1"},"canonical":"https:\/\/www.design-award.cz\/?portfolio=produktovy-design-libroseat","og_locale":"cs_CZ","og_type":"article","og_title":"Produktov\u00fd design - LibroSeat - design-award.cz","og_description":"Nathalia Fuj\u00e1kov\u00e1 AVE ART Ostrava &#8211; vy\u0161\u0161\u00ed odborn\u00e1 \u0161kola, st\u0159edn\u00ed um\u011bleck\u00e1 \u0161kola a z\u00e1kladn\u00ed um\u011bleck\u00e1 \u0161kola, s.r.o. Projekt LibroSeat je inovativn\u00ed n\u00e1bytek, kter\u00fd spojuje funk\u010dnost a estetiku. Jedn\u00e1 se o stoli\u010dku s \u00falo\u017en\u00fdm prostorem, navr\u017eenou tak, aby poskytovala pohodln\u00e9 sezen\u00ed az\u00e1rove\u0148 slou\u017eila jako praktick\u00e9 ulo\u017ei\u0161t\u011b.Tento multifunk\u010dn\u00ed kus n\u00e1bytku kombinuje pohodl\u00ed stoli\u010dky s \u00falo\u017en\u00fdm prostorem, co\u017e [&hellip;]","og_url":"https:\/\/www.design-award.cz\/?portfolio=produktovy-design-libroseat","og_site_name":"design-award.cz","article_modified_time":"2024-06-17T20:54:27+00:00","og_image":[{"width":1024,"height":576,"url":"http:\/\/www.design-award.cz\/wp-content\/uploads\/2024\/06\/render-soutez-1024x576.png","type":"image\/png"}],"twitter_card":"summary_large_image","twitter_misc":{"Odhadovan\u00e1 doba \u010dten\u00ed":"1 minuta"},"schema":{"@context":"https:\/\/schema.org","@graph":[{"@type":"WebPage","@id":"https:\/\/www.design-award.cz\/?portfolio=produktovy-design-libroseat","url":"https:\/\/www.design-award.cz\/?portfolio=produktovy-design-libroseat","name":"Produktov\u00fd design - LibroSeat - design-award.cz","isPartOf":{"@id":"https:\/\/www.design-award.cz\/#website"},"primaryImageOfPage":{"@id":"https:\/\/www.design-award.cz\/?portfolio=produktovy-design-libroseat#primaryimage"},"image":{"@id":"https:\/\/www.design-award.cz\/?portfolio=produktovy-design-libroseat#primaryimage"},"thumbnailUrl":"https:\/\/www.design-award.cz\/wp-content\/uploads\/2024\/06\/render-soutez.png","datePublished":"2024-06-17T07:36:19+00:00","dateModified":"2024-06-17T20:54:27+00:00","breadcrumb":{"@id":"https:\/\/www.design-award.cz\/?portfolio=produktovy-design-libroseat#breadcrumb"},"inLanguage":"cs","potentialAction":[{"@type":"ReadAction","target":["https:\/\/www.design-award.cz\/?portfolio=produktovy-design-libroseat"]}]},{"@type":"ImageObject","inLanguage":"cs","@id":"https:\/\/www.design-award.cz\/?portfolio=produktovy-design-libroseat#primaryimage","url":"https:\/\/www.design-award.cz\/wp-content\/uploads\/2024\/06\/render-soutez.png","contentUrl":"https:\/\/www.design-award.cz\/wp-content\/uploads\/2024\/06\/render-soutez.png","width":1920,"height":1080},{"@type":"BreadcrumbList","@id":"https:\/\/www.design-award.cz\/?portfolio=produktovy-design-libroseat#breadcrumb","itemListElement":[{"@type":"ListItem","position":1,"name":"Dom\u016f","item":"https:\/\/www.design-award.cz\/"},{"@type":"ListItem","position":2,"name":"Portfolio Items","item":"https:\/\/www.design-award.cz\/?post_type=portfolio"},{"@type":"ListItem","position":3,"name":"Produktov\u00fd design &#8211; LibroSeat"}]},{"@type":"WebSite","@id":"https:\/\/www.design-award.cz\/#website","url":"https:\/\/www.design-award.cz\/","name":"design-award.cz","description":"WARD vznikla v roce 2022. Je ur\u010dena p\u0159edev\u0161\u00edm student\u016fm st\u0159edn\u00edch um\u011bleck\u00fdch \u0161kol (S\u0160 a VO\u0160), kte\u0159\u00ed mohou bezplatn\u011b zaslat sv\u00e9 n\u00e1vrhy v uveden\u00fdch kategori\u00ed a tak pom\u011b\u0159it sv\u00e9 n\u00e1pady s konkurenc\u00ed sv\u00fdch vrstevn\u00edk\u016f. N\u00e1vrhy jsou n\u00e1sledn\u011b posouzeny nez\u00e1vislou porotou z \u0159ad v\u00fdtvarn\u00edk\u016f, pedagog\u016f a profesion\u00e1l\u016f z oboru.","publisher":{"@id":"https:\/\/www.design-award.cz\/#organization"},"potentialAction":[{"@type":"SearchAction","target":{"@type":"EntryPoint","urlTemplate":"https:\/\/www.design-award.cz\/?s={search_term_string}"},"query-input":{"@type":"PropertyValueSpecification","valueRequired":true,"valueName":"search_term_string"}}],"inLanguage":"cs"},{"@type":"Organization","@id":"https:\/\/www.design-award.cz\/#organization","name":"Design Award","url":"https:\/\/www.design-award.cz\/","logo":{"@type":"ImageObject","inLanguage":"cs","@id":"https:\/\/www.design-award.cz\/#\/schema\/logo\/image\/","url":"http:\/\/www.design-award.cz\/wp-content\/uploads\/2021\/12\/hornilogo_design-award.png","contentUrl":"http:\/\/www.design-award.cz\/wp-content\/uploads\/2021\/12\/hornilogo_design-award.png","width":800,"height":600,"caption":"Design Award"},"image":{"@id":"https:\/\/www.design-award.cz\/#\/schema\/logo\/image\/"},"sameAs":["https:\/\/www.instagram.com\/design_award\/"]}]}},"_links":{"self":[{"href":"https:\/\/www.design-award.cz\/index.php?rest_route=\/wp\/v2\/portfolio\/3710","targetHints":{"allow":["GET"]}}],"collection":[{"href":"https:\/\/www.design-award.cz\/index.php?rest_route=\/wp\/v2\/portfolio"}],"about":[{"href":"https:\/\/www.design-award.cz\/index.php?rest_route=\/wp\/v2\/types\/portfolio"}],"author":[{"embeddable":true,"href":"https:\/\/www.design-award.cz\/index.php?rest_route=\/wp\/v2\/users\/2"}],"replies":[{"embeddable":true,"href":"https:\/\/www.design-award.cz\/index.php?rest_route=%2Fwp%2Fv2%2Fcomments&post=3710"}],"version-history":[{"count":1,"href":"https:\/\/www.design-award.cz\/index.php?rest_route=\/wp\/v2\/portfolio\/3710\/revisions"}],"predecessor-version":[{"id":3721,"href":"https:\/\/www.design-award.cz\/index.php?rest_route=\/wp\/v2\/portfolio\/3710\/revisions\/3721"}],"wp:featuredmedia":[{"embeddable":true,"href":"https:\/\/www.design-award.cz\/index.php?rest_route=\/wp\/v2\/media\/3717"}],"wp:attachment":[{"href":"https:\/\/www.design-award.cz\/index.php?rest_route=%2Fwp%2Fv2%2Fmedia&parent=3710"}],"wp:term":[{"taxonomy":"portfolio_category","embeddable":true,"href":"https:\/\/www.design-award.cz\/index.php?rest_route=%2Fwp%2Fv2%2Fportfolio_category&post=3710"},{"taxonomy":"portfolio_tag","embeddable":true,"href":"https:\/\/www.design-award.cz\/index.php?rest_route=%2Fwp%2Fv2%2Fportfolio_tag&post=3710"}],"curies":[{"name":"wp","href":"https:\/\/api.w.org\/{rel}","templated":true}]}}