{"id":3777,"date":"2024-06-20T15:55:20","date_gmt":"2024-06-20T15:55:20","guid":{"rendered":"https:\/\/www.design-award.cz\/?post_type=portfolio&#038;p=3777"},"modified":"2024-06-28T19:49:43","modified_gmt":"2024-06-28T19:49:43","slug":"verejny-interier-asmodias-tramvaj-chtice","status":"publish","type":"portfolio","link":"https:\/\/www.design-award.cz\/?portfolio=verejny-interier-asmodias-tramvaj-chtice","title":{"rendered":"Ve\u0159ejn\u00fd interi\u00e9r &#8211; ASMODEUS &#8211; Tramvaj Cht\u00ed\u010de"},"content":{"rendered":"\n<p><strong>Jakub Neck\u00e1\u0159<\/strong><\/p>\n\n\n\n<p>St\u0159edn\u00ed \u0161kola designu interi\u00e9ru Kate\u0159inky \u2013 Liberec, s.r.o.<\/p>\n\n\n\n<p>Cht\u00ed\u010d je emoce nebo pocit intenzivn\u00ed touhy v t\u011ble. Cht\u00ed\u010d m\u016f\u017ee m\u00edt jakoukoli formu, jako je nap\u0159\u00edklad touha po v\u011bd\u011bn\u00ed, touha po sexu, touha po kr\u00e1se nebo touha po moci.<br>Interi\u00e9r ASMODEUS spad\u00e1 pod projekt sedm z\u00e1\u017eitkov\u00fdch no\u010dn\u00edch tramvaj\u00ed, kter\u00e9 jsou inspirovan\u00e9 sedmi smrteln\u00fdmi h\u0159\u00edchy lidstva. Ka\u017ed\u00fd interi\u00e9r je jedine\u010dn\u00fd. P\u0159epracovan\u00fd Interi\u00e9r libereck\u00e9 dopravn\u00ed tramvaje EVO 2 &#8211; inspirovan\u00fd h\u0159\u00edchem cht\u00ed\u010de, je forma odleh\u010den\u00e9ho no\u010dn\u00edho klubu, kter\u00fd funguje pouze v no\u010dn\u00edch hodin\u00e1ch a m\u00e1 za \u00fakol probudit v lidech skryt\u00e9 h\u0159\u00edchy, touhy a ne\u0159esti. Podle toho je tak\u00e9 tato tramvaj pojmenovan\u00e1 ASMODEUS. Po d\u00e9monovi, kter\u00fd tento h\u0159\u00edch od prad\u00e1vna zhmot\u0148uje. Motivy a symbolika modr\u00e9ho ohn\u011b dod\u00e1vaj\u00ed pocit tajemnosti a navozuj\u00ed touhu po moci. Interi\u00e9r je dopln\u011bn podsv\u00edcenou chlupatinou aplikovanou na stropu kv\u016fli celkov\u00e9mu zjemn\u011bn\u00ed. Ambientn\u00ed sv\u011btlo hraje pro projekt Asmodeus d\u016fle\u017eitou roli. V\u0161e je v p\u0159\u00edtm\u00ed a to v\u0161e podpo\u0159\u00ed atmosf\u00e9ru tajemnosti. Poj\u010fte za\u017e\u00edt ,,Asmodeus,,!<\/p>\n\n\n\n<figure class=\"wp-block-image size-large\"><img decoding=\"async\" width=\"724\" height=\"1024\" data-src=\"http:\/\/www.design-award.cz\/wp-content\/uploads\/2024\/06\/ASMODEUS-plagat-724x1024.jpg\" alt=\"\" class=\"wp-image-3788 lazyload\" data-srcset=\"https:\/\/www.design-award.cz\/wp-content\/uploads\/2024\/06\/ASMODEUS-plagat-724x1024.jpg 724w, https:\/\/www.design-award.cz\/wp-content\/uploads\/2024\/06\/ASMODEUS-plagat-212x300.jpg 212w, https:\/\/www.design-award.cz\/wp-content\/uploads\/2024\/06\/ASMODEUS-plagat-768x1086.jpg 768w, https:\/\/www.design-award.cz\/wp-content\/uploads\/2024\/06\/ASMODEUS-plagat-1086x1536.jpg 1086w, https:\/\/www.design-award.cz\/wp-content\/uploads\/2024\/06\/ASMODEUS-plagat-1448x2048.jpg 1448w, https:\/\/www.design-award.cz\/wp-content\/uploads\/2024\/06\/ASMODEUS-plagat-500x707.jpg 500w, https:\/\/www.design-award.cz\/wp-content\/uploads\/2024\/06\/ASMODEUS-plagat-800x1131.jpg 800w, https:\/\/www.design-award.cz\/wp-content\/uploads\/2024\/06\/ASMODEUS-plagat-1280x1810.jpg 1280w, https:\/\/www.design-award.cz\/wp-content\/uploads\/2024\/06\/ASMODEUS-plagat-1920x2715.jpg 1920w, https:\/\/www.design-award.cz\/wp-content\/uploads\/2024\/06\/ASMODEUS-plagat-scaled.jpg 1810w\" data-sizes=\"(max-width: 724px) 100vw, 724px\" src=\"data:image\/svg+xml;base64,PHN2ZyB3aWR0aD0iMSIgaGVpZ2h0PSIxIiB4bWxucz0iaHR0cDovL3d3dy53My5vcmcvMjAwMC9zdmciPjwvc3ZnPg==\" style=\"--smush-placeholder-width: 724px; --smush-placeholder-aspect-ratio: 724\/1024;\" \/><\/figure>\n\n\n\n<figure class=\"wp-block-image size-large is-resized\"><img decoding=\"async\" width=\"724\" height=\"1024\" data-src=\"http:\/\/www.design-award.cz\/wp-content\/uploads\/2024\/06\/7-sins-724x1024.jpg\" alt=\"\" class=\"wp-image-3787 lazyload\" style=\"--smush-placeholder-width: 724px; --smush-placeholder-aspect-ratio: 724\/1024;width:840px;height:auto\" data-srcset=\"https:\/\/www.design-award.cz\/wp-content\/uploads\/2024\/06\/7-sins-724x1024.jpg 724w, https:\/\/www.design-award.cz\/wp-content\/uploads\/2024\/06\/7-sins-212x300.jpg 212w, https:\/\/www.design-award.cz\/wp-content\/uploads\/2024\/06\/7-sins-768x1086.jpg 768w, https:\/\/www.design-award.cz\/wp-content\/uploads\/2024\/06\/7-sins-1086x1536.jpg 1086w, https:\/\/www.design-award.cz\/wp-content\/uploads\/2024\/06\/7-sins-1448x2048.jpg 1448w, https:\/\/www.design-award.cz\/wp-content\/uploads\/2024\/06\/7-sins-500x707.jpg 500w, https:\/\/www.design-award.cz\/wp-content\/uploads\/2024\/06\/7-sins-800x1132.jpg 800w, https:\/\/www.design-award.cz\/wp-content\/uploads\/2024\/06\/7-sins-1280x1811.jpg 1280w, https:\/\/www.design-award.cz\/wp-content\/uploads\/2024\/06\/7-sins-1920x2716.jpg 1920w, https:\/\/www.design-award.cz\/wp-content\/uploads\/2024\/06\/7-sins-scaled.jpg 1810w\" data-sizes=\"(max-width: 724px) 100vw, 724px\" src=\"data:image\/svg+xml;base64,PHN2ZyB3aWR0aD0iMSIgaGVpZ2h0PSIxIiB4bWxucz0iaHR0cDovL3d3dy53My5vcmcvMjAwMC9zdmciPjwvc3ZnPg==\" \/><\/figure>\n\n\n\n<figure class=\"wp-block-image size-large\"><img decoding=\"async\" width=\"1024\" height=\"576\" data-src=\"http:\/\/www.design-award.cz\/wp-content\/uploads\/2024\/06\/Rendr-3-1024x576.jpg\" alt=\"\" class=\"wp-image-3791 lazyload\" data-srcset=\"https:\/\/www.design-award.cz\/wp-content\/uploads\/2024\/06\/Rendr-3-1024x576.jpg 1024w, https:\/\/www.design-award.cz\/wp-content\/uploads\/2024\/06\/Rendr-3-300x169.jpg 300w, https:\/\/www.design-award.cz\/wp-content\/uploads\/2024\/06\/Rendr-3-768x432.jpg 768w, https:\/\/www.design-award.cz\/wp-content\/uploads\/2024\/06\/Rendr-3-1536x864.jpg 1536w, https:\/\/www.design-award.cz\/wp-content\/uploads\/2024\/06\/Rendr-3-2048x1152.jpg 2048w, https:\/\/www.design-award.cz\/wp-content\/uploads\/2024\/06\/Rendr-3-500x281.jpg 500w, https:\/\/www.design-award.cz\/wp-content\/uploads\/2024\/06\/Rendr-3-800x450.jpg 800w, https:\/\/www.design-award.cz\/wp-content\/uploads\/2024\/06\/Rendr-3-1280x720.jpg 1280w, https:\/\/www.design-award.cz\/wp-content\/uploads\/2024\/06\/Rendr-3-1920x1080.jpg 1920w\" data-sizes=\"(max-width: 1024px) 100vw, 1024px\" src=\"data:image\/svg+xml;base64,PHN2ZyB3aWR0aD0iMSIgaGVpZ2h0PSIxIiB4bWxucz0iaHR0cDovL3d3dy53My5vcmcvMjAwMC9zdmciPjwvc3ZnPg==\" style=\"--smush-placeholder-width: 1024px; --smush-placeholder-aspect-ratio: 1024\/576;\" \/><\/figure>\n\n\n\n<figure class=\"wp-block-image size-large\"><img decoding=\"async\" width=\"1024\" height=\"576\" data-src=\"http:\/\/www.design-award.cz\/wp-content\/uploads\/2024\/06\/Rendr-1-1024x576.jpg\" alt=\"\" class=\"wp-image-3790 lazyload\" data-srcset=\"https:\/\/www.design-award.cz\/wp-content\/uploads\/2024\/06\/Rendr-1-1024x576.jpg 1024w, https:\/\/www.design-award.cz\/wp-content\/uploads\/2024\/06\/Rendr-1-300x169.jpg 300w, https:\/\/www.design-award.cz\/wp-content\/uploads\/2024\/06\/Rendr-1-768x432.jpg 768w, https:\/\/www.design-award.cz\/wp-content\/uploads\/2024\/06\/Rendr-1-1536x864.jpg 1536w, https:\/\/www.design-award.cz\/wp-content\/uploads\/2024\/06\/Rendr-1-2048x1152.jpg 2048w, https:\/\/www.design-award.cz\/wp-content\/uploads\/2024\/06\/Rendr-1-500x281.jpg 500w, https:\/\/www.design-award.cz\/wp-content\/uploads\/2024\/06\/Rendr-1-800x450.jpg 800w, https:\/\/www.design-award.cz\/wp-content\/uploads\/2024\/06\/Rendr-1-1280x720.jpg 1280w, https:\/\/www.design-award.cz\/wp-content\/uploads\/2024\/06\/Rendr-1-1920x1080.jpg 1920w\" data-sizes=\"(max-width: 1024px) 100vw, 1024px\" src=\"data:image\/svg+xml;base64,PHN2ZyB3aWR0aD0iMSIgaGVpZ2h0PSIxIiB4bWxucz0iaHR0cDovL3d3dy53My5vcmcvMjAwMC9zdmciPjwvc3ZnPg==\" style=\"--smush-placeholder-width: 1024px; --smush-placeholder-aspect-ratio: 1024\/576;\" \/><\/figure>\n\n\n\n<figure class=\"wp-block-image size-large\"><img decoding=\"async\" width=\"1024\" height=\"576\" data-src=\"http:\/\/www.design-award.cz\/wp-content\/uploads\/2024\/06\/pudorys-Asmodeus-1024x576.jpg\" alt=\"\" class=\"wp-image-3789 lazyload\" data-srcset=\"https:\/\/www.design-award.cz\/wp-content\/uploads\/2024\/06\/pudorys-Asmodeus-1024x576.jpg 1024w, https:\/\/www.design-award.cz\/wp-content\/uploads\/2024\/06\/pudorys-Asmodeus-300x169.jpg 300w, https:\/\/www.design-award.cz\/wp-content\/uploads\/2024\/06\/pudorys-Asmodeus-768x432.jpg 768w, https:\/\/www.design-award.cz\/wp-content\/uploads\/2024\/06\/pudorys-Asmodeus-1536x864.jpg 1536w, https:\/\/www.design-award.cz\/wp-content\/uploads\/2024\/06\/pudorys-Asmodeus-500x281.jpg 500w, https:\/\/www.design-award.cz\/wp-content\/uploads\/2024\/06\/pudorys-Asmodeus-800x450.jpg 800w, https:\/\/www.design-award.cz\/wp-content\/uploads\/2024\/06\/pudorys-Asmodeus-1280x720.jpg 1280w, https:\/\/www.design-award.cz\/wp-content\/uploads\/2024\/06\/pudorys-Asmodeus.jpg 1920w\" data-sizes=\"(max-width: 1024px) 100vw, 1024px\" src=\"data:image\/svg+xml;base64,PHN2ZyB3aWR0aD0iMSIgaGVpZ2h0PSIxIiB4bWxucz0iaHR0cDovL3d3dy53My5vcmcvMjAwMC9zdmciPjwvc3ZnPg==\" style=\"--smush-placeholder-width: 1024px; --smush-placeholder-aspect-ratio: 1024\/576;\" \/><\/figure>\n","protected":false},"excerpt":{"rendered":"<p>Jakub Neck\u00e1\u0159 St\u0159edn\u00ed \u0161kola designu interi\u00e9ru Kate\u0159inky \u2013 Liberec, s.r.o. Cht\u00ed\u010d je emoce nebo pocit intenzivn\u00ed touhy v t\u011ble. Cht\u00ed\u010d m\u016f\u017ee m\u00edt jakoukoli formu, jako je nap\u0159\u00edklad touha po v\u011bd\u011bn\u00ed, touha po sexu, touha po kr\u00e1se nebo touha po moci.Interi\u00e9r ASMODEUS spad\u00e1 pod projekt sedm z\u00e1\u017eitkov\u00fdch no\u010dn\u00edch tramvaj\u00ed, kter\u00e9 jsou inspirovan\u00e9 sedmi smrteln\u00fdmi h\u0159\u00edchy lidstva. [&hellip;]<\/p>\n","protected":false},"author":2,"featured_media":3790,"menu_order":0,"comment_status":"closed","ping_status":"closed","template":"","format":"standard","meta":{"ngg_post_thumbnail":0,"ocean_post_layout":"","ocean_both_sidebars_style":"","ocean_both_sidebars_content_width":0,"ocean_both_sidebars_sidebars_width":0,"ocean_sidebar":"","ocean_second_sidebar":"","ocean_disable_margins":"enable","ocean_add_body_class":"","ocean_shortcode_before_top_bar":"","ocean_shortcode_after_top_bar":"","ocean_shortcode_before_header":"","ocean_shortcode_after_header":"","ocean_has_shortcode":"","ocean_shortcode_after_title":"","ocean_shortcode_before_footer_widgets":"","ocean_shortcode_after_footer_widgets":"","ocean_shortcode_before_footer_bottom":"","ocean_shortcode_after_footer_bottom":"","ocean_display_top_bar":"default","ocean_display_header":"default","ocean_header_style":"","ocean_center_header_left_menu":"","ocean_custom_header_template":"","ocean_custom_logo":0,"ocean_custom_retina_logo":0,"ocean_custom_logo_max_width":0,"ocean_custom_logo_tablet_max_width":0,"ocean_custom_logo_mobile_max_width":0,"ocean_custom_logo_max_height":0,"ocean_custom_logo_tablet_max_height":0,"ocean_custom_logo_mobile_max_height":0,"ocean_header_custom_menu":"","ocean_menu_typo_font_family":"","ocean_menu_typo_font_subset":"","ocean_menu_typo_font_size":0,"ocean_menu_typo_font_size_tablet":0,"ocean_menu_typo_font_size_mobile":0,"ocean_menu_typo_font_size_unit":"px","ocean_menu_typo_font_weight":"","ocean_menu_typo_font_weight_tablet":"","ocean_menu_typo_font_weight_mobile":"","ocean_menu_typo_transform":"","ocean_menu_typo_transform_tablet":"","ocean_menu_typo_transform_mobile":"","ocean_menu_typo_line_height":0,"ocean_menu_typo_line_height_tablet":0,"ocean_menu_typo_line_height_mobile":0,"ocean_menu_typo_line_height_unit":"","ocean_menu_typo_spacing":0,"ocean_menu_typo_spacing_tablet":0,"ocean_menu_typo_spacing_mobile":0,"ocean_menu_typo_spacing_unit":"","ocean_menu_link_color":"","ocean_menu_link_color_hover":"","ocean_menu_link_color_active":"","ocean_menu_link_background":"","ocean_menu_link_hover_background":"","ocean_menu_link_active_background":"","ocean_menu_social_links_bg":"","ocean_menu_social_hover_links_bg":"","ocean_menu_social_links_color":"","ocean_menu_social_hover_links_color":"","ocean_disable_title":"default","ocean_disable_heading":"default","ocean_post_title":"","ocean_post_subheading":"","ocean_post_title_style":"","ocean_post_title_background_color":"","ocean_post_title_background":0,"ocean_post_title_bg_image_position":"","ocean_post_title_bg_image_attachment":"","ocean_post_title_bg_image_repeat":"","ocean_post_title_bg_image_size":"","ocean_post_title_height":0,"ocean_post_title_bg_overlay":0.5,"ocean_post_title_bg_overlay_color":"","ocean_disable_breadcrumbs":"default","ocean_breadcrumbs_color":"","ocean_breadcrumbs_separator_color":"","ocean_breadcrumbs_links_color":"","ocean_breadcrumbs_links_hover_color":"","ocean_display_footer_widgets":"default","ocean_display_footer_bottom":"default","ocean_custom_footer_template":"","_vp_format_video_url":"","_vp_image_focal_point":[],"footnotes":""},"portfolio_category":[],"portfolio_tag":[],"class_list":["post-3777","portfolio","type-portfolio","status-publish","format-standard","has-post-thumbnail","hentry","entry","has-media"],"yoast_head":"<!-- This site is optimized with the Yoast SEO plugin v25.2 - https:\/\/yoast.com\/wordpress\/plugins\/seo\/ -->\n<title>Ve\u0159ejn\u00fd interi\u00e9r - ASMODEUS - Tramvaj Cht\u00ed\u010de - design-award.cz<\/title>\n<meta name=\"robots\" content=\"index, follow, max-snippet:-1, max-image-preview:large, max-video-preview:-1\" \/>\n<link rel=\"canonical\" href=\"https:\/\/www.design-award.cz\/?portfolio=verejny-interier-asmodias-tramvaj-chtice\" \/>\n<meta property=\"og:locale\" content=\"cs_CZ\" \/>\n<meta property=\"og:type\" content=\"article\" \/>\n<meta property=\"og:title\" content=\"Ve\u0159ejn\u00fd interi\u00e9r - ASMODEUS - Tramvaj Cht\u00ed\u010de - design-award.cz\" \/>\n<meta property=\"og:description\" content=\"Jakub Neck\u00e1\u0159 St\u0159edn\u00ed \u0161kola designu interi\u00e9ru Kate\u0159inky \u2013 Liberec, s.r.o. Cht\u00ed\u010d je emoce nebo pocit intenzivn\u00ed touhy v t\u011ble. Cht\u00ed\u010d m\u016f\u017ee m\u00edt jakoukoli formu, jako je nap\u0159\u00edklad touha po v\u011bd\u011bn\u00ed, touha po sexu, touha po kr\u00e1se nebo touha po moci.Interi\u00e9r ASMODEUS spad\u00e1 pod projekt sedm z\u00e1\u017eitkov\u00fdch no\u010dn\u00edch tramvaj\u00ed, kter\u00e9 jsou inspirovan\u00e9 sedmi smrteln\u00fdmi h\u0159\u00edchy lidstva. [&hellip;]\" \/>\n<meta property=\"og:url\" content=\"https:\/\/www.design-award.cz\/?portfolio=verejny-interier-asmodias-tramvaj-chtice\" \/>\n<meta property=\"og:site_name\" content=\"design-award.cz\" \/>\n<meta property=\"article:modified_time\" content=\"2024-06-28T19:49:43+00:00\" \/>\n<meta property=\"og:image\" content=\"http:\/\/www.design-award.cz\/wp-content\/uploads\/2024\/06\/Rendr-1-scaled.jpg\" \/>\n\t<meta property=\"og:image:width\" content=\"2560\" \/>\n\t<meta property=\"og:image:height\" content=\"1440\" \/>\n\t<meta property=\"og:image:type\" content=\"image\/jpeg\" \/>\n<meta name=\"twitter:card\" content=\"summary_large_image\" \/>\n<meta name=\"twitter:label1\" content=\"Odhadovan\u00e1 doba \u010dten\u00ed\" \/>\n\t<meta name=\"twitter:data1\" content=\"1 minuta\" \/>\n<script type=\"application\/ld+json\" class=\"yoast-schema-graph\">{\"@context\":\"https:\/\/schema.org\",\"@graph\":[{\"@type\":\"WebPage\",\"@id\":\"https:\/\/www.design-award.cz\/?portfolio=verejny-interier-asmodias-tramvaj-chtice\",\"url\":\"https:\/\/www.design-award.cz\/?portfolio=verejny-interier-asmodias-tramvaj-chtice\",\"name\":\"Ve\u0159ejn\u00fd interi\u00e9r - ASMODEUS - Tramvaj Cht\u00ed\u010de - design-award.cz\",\"isPartOf\":{\"@id\":\"https:\/\/www.design-award.cz\/#website\"},\"primaryImageOfPage\":{\"@id\":\"https:\/\/www.design-award.cz\/?portfolio=verejny-interier-asmodias-tramvaj-chtice#primaryimage\"},\"image\":{\"@id\":\"https:\/\/www.design-award.cz\/?portfolio=verejny-interier-asmodias-tramvaj-chtice#primaryimage\"},\"thumbnailUrl\":\"https:\/\/www.design-award.cz\/wp-content\/uploads\/2024\/06\/Rendr-1-scaled.jpg\",\"datePublished\":\"2024-06-20T15:55:20+00:00\",\"dateModified\":\"2024-06-28T19:49:43+00:00\",\"breadcrumb\":{\"@id\":\"https:\/\/www.design-award.cz\/?portfolio=verejny-interier-asmodias-tramvaj-chtice#breadcrumb\"},\"inLanguage\":\"cs\",\"potentialAction\":[{\"@type\":\"ReadAction\",\"target\":[\"https:\/\/www.design-award.cz\/?portfolio=verejny-interier-asmodias-tramvaj-chtice\"]}]},{\"@type\":\"ImageObject\",\"inLanguage\":\"cs\",\"@id\":\"https:\/\/www.design-award.cz\/?portfolio=verejny-interier-asmodias-tramvaj-chtice#primaryimage\",\"url\":\"https:\/\/www.design-award.cz\/wp-content\/uploads\/2024\/06\/Rendr-1-scaled.jpg\",\"contentUrl\":\"https:\/\/www.design-award.cz\/wp-content\/uploads\/2024\/06\/Rendr-1-scaled.jpg\",\"width\":2560,\"height\":1440},{\"@type\":\"BreadcrumbList\",\"@id\":\"https:\/\/www.design-award.cz\/?portfolio=verejny-interier-asmodias-tramvaj-chtice#breadcrumb\",\"itemListElement\":[{\"@type\":\"ListItem\",\"position\":1,\"name\":\"Dom\u016f\",\"item\":\"https:\/\/www.design-award.cz\/\"},{\"@type\":\"ListItem\",\"position\":2,\"name\":\"Portfolio Items\",\"item\":\"https:\/\/www.design-award.cz\/?post_type=portfolio\"},{\"@type\":\"ListItem\",\"position\":3,\"name\":\"Ve\u0159ejn\u00fd interi\u00e9r &#8211; ASMODEUS &#8211; Tramvaj Cht\u00ed\u010de\"}]},{\"@type\":\"WebSite\",\"@id\":\"https:\/\/www.design-award.cz\/#website\",\"url\":\"https:\/\/www.design-award.cz\/\",\"name\":\"design-award.cz\",\"description\":\"WARD vznikla v roce 2022. Je ur\u010dena p\u0159edev\u0161\u00edm student\u016fm st\u0159edn\u00edch um\u011bleck\u00fdch \u0161kol (S\u0160 a VO\u0160), kte\u0159\u00ed mohou bezplatn\u011b zaslat sv\u00e9 n\u00e1vrhy v uveden\u00fdch kategori\u00ed a tak pom\u011b\u0159it sv\u00e9 n\u00e1pady s konkurenc\u00ed sv\u00fdch vrstevn\u00edk\u016f. N\u00e1vrhy jsou n\u00e1sledn\u011b posouzeny nez\u00e1vislou porotou z \u0159ad v\u00fdtvarn\u00edk\u016f, pedagog\u016f a profesion\u00e1l\u016f z oboru.\",\"publisher\":{\"@id\":\"https:\/\/www.design-award.cz\/#organization\"},\"potentialAction\":[{\"@type\":\"SearchAction\",\"target\":{\"@type\":\"EntryPoint\",\"urlTemplate\":\"https:\/\/www.design-award.cz\/?s={search_term_string}\"},\"query-input\":{\"@type\":\"PropertyValueSpecification\",\"valueRequired\":true,\"valueName\":\"search_term_string\"}}],\"inLanguage\":\"cs\"},{\"@type\":\"Organization\",\"@id\":\"https:\/\/www.design-award.cz\/#organization\",\"name\":\"Design Award\",\"url\":\"https:\/\/www.design-award.cz\/\",\"logo\":{\"@type\":\"ImageObject\",\"inLanguage\":\"cs\",\"@id\":\"https:\/\/www.design-award.cz\/#\/schema\/logo\/image\/\",\"url\":\"http:\/\/www.design-award.cz\/wp-content\/uploads\/2021\/12\/hornilogo_design-award.png\",\"contentUrl\":\"http:\/\/www.design-award.cz\/wp-content\/uploads\/2021\/12\/hornilogo_design-award.png\",\"width\":800,\"height\":600,\"caption\":\"Design Award\"},\"image\":{\"@id\":\"https:\/\/www.design-award.cz\/#\/schema\/logo\/image\/\"},\"sameAs\":[\"https:\/\/www.instagram.com\/design_award\/\"]}]}<\/script>\n<!-- \/ Yoast SEO plugin. -->","yoast_head_json":{"title":"Ve\u0159ejn\u00fd interi\u00e9r - ASMODEUS - Tramvaj Cht\u00ed\u010de - design-award.cz","robots":{"index":"index","follow":"follow","max-snippet":"max-snippet:-1","max-image-preview":"max-image-preview:large","max-video-preview":"max-video-preview:-1"},"canonical":"https:\/\/www.design-award.cz\/?portfolio=verejny-interier-asmodias-tramvaj-chtice","og_locale":"cs_CZ","og_type":"article","og_title":"Ve\u0159ejn\u00fd interi\u00e9r - ASMODEUS - Tramvaj Cht\u00ed\u010de - design-award.cz","og_description":"Jakub Neck\u00e1\u0159 St\u0159edn\u00ed \u0161kola designu interi\u00e9ru Kate\u0159inky \u2013 Liberec, s.r.o. Cht\u00ed\u010d je emoce nebo pocit intenzivn\u00ed touhy v t\u011ble. Cht\u00ed\u010d m\u016f\u017ee m\u00edt jakoukoli formu, jako je nap\u0159\u00edklad touha po v\u011bd\u011bn\u00ed, touha po sexu, touha po kr\u00e1se nebo touha po moci.Interi\u00e9r ASMODEUS spad\u00e1 pod projekt sedm z\u00e1\u017eitkov\u00fdch no\u010dn\u00edch tramvaj\u00ed, kter\u00e9 jsou inspirovan\u00e9 sedmi smrteln\u00fdmi h\u0159\u00edchy lidstva. [&hellip;]","og_url":"https:\/\/www.design-award.cz\/?portfolio=verejny-interier-asmodias-tramvaj-chtice","og_site_name":"design-award.cz","article_modified_time":"2024-06-28T19:49:43+00:00","og_image":[{"width":2560,"height":1440,"url":"http:\/\/www.design-award.cz\/wp-content\/uploads\/2024\/06\/Rendr-1-scaled.jpg","type":"image\/jpeg"}],"twitter_card":"summary_large_image","twitter_misc":{"Odhadovan\u00e1 doba \u010dten\u00ed":"1 minuta"},"schema":{"@context":"https:\/\/schema.org","@graph":[{"@type":"WebPage","@id":"https:\/\/www.design-award.cz\/?portfolio=verejny-interier-asmodias-tramvaj-chtice","url":"https:\/\/www.design-award.cz\/?portfolio=verejny-interier-asmodias-tramvaj-chtice","name":"Ve\u0159ejn\u00fd interi\u00e9r - ASMODEUS - Tramvaj Cht\u00ed\u010de - design-award.cz","isPartOf":{"@id":"https:\/\/www.design-award.cz\/#website"},"primaryImageOfPage":{"@id":"https:\/\/www.design-award.cz\/?portfolio=verejny-interier-asmodias-tramvaj-chtice#primaryimage"},"image":{"@id":"https:\/\/www.design-award.cz\/?portfolio=verejny-interier-asmodias-tramvaj-chtice#primaryimage"},"thumbnailUrl":"https:\/\/www.design-award.cz\/wp-content\/uploads\/2024\/06\/Rendr-1-scaled.jpg","datePublished":"2024-06-20T15:55:20+00:00","dateModified":"2024-06-28T19:49:43+00:00","breadcrumb":{"@id":"https:\/\/www.design-award.cz\/?portfolio=verejny-interier-asmodias-tramvaj-chtice#breadcrumb"},"inLanguage":"cs","potentialAction":[{"@type":"ReadAction","target":["https:\/\/www.design-award.cz\/?portfolio=verejny-interier-asmodias-tramvaj-chtice"]}]},{"@type":"ImageObject","inLanguage":"cs","@id":"https:\/\/www.design-award.cz\/?portfolio=verejny-interier-asmodias-tramvaj-chtice#primaryimage","url":"https:\/\/www.design-award.cz\/wp-content\/uploads\/2024\/06\/Rendr-1-scaled.jpg","contentUrl":"https:\/\/www.design-award.cz\/wp-content\/uploads\/2024\/06\/Rendr-1-scaled.jpg","width":2560,"height":1440},{"@type":"BreadcrumbList","@id":"https:\/\/www.design-award.cz\/?portfolio=verejny-interier-asmodias-tramvaj-chtice#breadcrumb","itemListElement":[{"@type":"ListItem","position":1,"name":"Dom\u016f","item":"https:\/\/www.design-award.cz\/"},{"@type":"ListItem","position":2,"name":"Portfolio Items","item":"https:\/\/www.design-award.cz\/?post_type=portfolio"},{"@type":"ListItem","position":3,"name":"Ve\u0159ejn\u00fd interi\u00e9r &#8211; ASMODEUS &#8211; Tramvaj Cht\u00ed\u010de"}]},{"@type":"WebSite","@id":"https:\/\/www.design-award.cz\/#website","url":"https:\/\/www.design-award.cz\/","name":"design-award.cz","description":"WARD vznikla v roce 2022. Je ur\u010dena p\u0159edev\u0161\u00edm student\u016fm st\u0159edn\u00edch um\u011bleck\u00fdch \u0161kol (S\u0160 a VO\u0160), kte\u0159\u00ed mohou bezplatn\u011b zaslat sv\u00e9 n\u00e1vrhy v uveden\u00fdch kategori\u00ed a tak pom\u011b\u0159it sv\u00e9 n\u00e1pady s konkurenc\u00ed sv\u00fdch vrstevn\u00edk\u016f. N\u00e1vrhy jsou n\u00e1sledn\u011b posouzeny nez\u00e1vislou porotou z \u0159ad v\u00fdtvarn\u00edk\u016f, pedagog\u016f a profesion\u00e1l\u016f z oboru.","publisher":{"@id":"https:\/\/www.design-award.cz\/#organization"},"potentialAction":[{"@type":"SearchAction","target":{"@type":"EntryPoint","urlTemplate":"https:\/\/www.design-award.cz\/?s={search_term_string}"},"query-input":{"@type":"PropertyValueSpecification","valueRequired":true,"valueName":"search_term_string"}}],"inLanguage":"cs"},{"@type":"Organization","@id":"https:\/\/www.design-award.cz\/#organization","name":"Design Award","url":"https:\/\/www.design-award.cz\/","logo":{"@type":"ImageObject","inLanguage":"cs","@id":"https:\/\/www.design-award.cz\/#\/schema\/logo\/image\/","url":"http:\/\/www.design-award.cz\/wp-content\/uploads\/2021\/12\/hornilogo_design-award.png","contentUrl":"http:\/\/www.design-award.cz\/wp-content\/uploads\/2021\/12\/hornilogo_design-award.png","width":800,"height":600,"caption":"Design Award"},"image":{"@id":"https:\/\/www.design-award.cz\/#\/schema\/logo\/image\/"},"sameAs":["https:\/\/www.instagram.com\/design_award\/"]}]}},"_links":{"self":[{"href":"https:\/\/www.design-award.cz\/index.php?rest_route=\/wp\/v2\/portfolio\/3777","targetHints":{"allow":["GET"]}}],"collection":[{"href":"https:\/\/www.design-award.cz\/index.php?rest_route=\/wp\/v2\/portfolio"}],"about":[{"href":"https:\/\/www.design-award.cz\/index.php?rest_route=\/wp\/v2\/types\/portfolio"}],"author":[{"embeddable":true,"href":"https:\/\/www.design-award.cz\/index.php?rest_route=\/wp\/v2\/users\/2"}],"replies":[{"embeddable":true,"href":"https:\/\/www.design-award.cz\/index.php?rest_route=%2Fwp%2Fv2%2Fcomments&post=3777"}],"version-history":[{"count":2,"href":"https:\/\/www.design-award.cz\/index.php?rest_route=\/wp\/v2\/portfolio\/3777\/revisions"}],"predecessor-version":[{"id":3982,"href":"https:\/\/www.design-award.cz\/index.php?rest_route=\/wp\/v2\/portfolio\/3777\/revisions\/3982"}],"wp:featuredmedia":[{"embeddable":true,"href":"https:\/\/www.design-award.cz\/index.php?rest_route=\/wp\/v2\/media\/3790"}],"wp:attachment":[{"href":"https:\/\/www.design-award.cz\/index.php?rest_route=%2Fwp%2Fv2%2Fmedia&parent=3777"}],"wp:term":[{"taxonomy":"portfolio_category","embeddable":true,"href":"https:\/\/www.design-award.cz\/index.php?rest_route=%2Fwp%2Fv2%2Fportfolio_category&post=3777"},{"taxonomy":"portfolio_tag","embeddable":true,"href":"https:\/\/www.design-award.cz\/index.php?rest_route=%2Fwp%2Fv2%2Fportfolio_tag&post=3777"}],"curies":[{"name":"wp","href":"https:\/\/api.w.org\/{rel}","templated":true}]}}