{"id":3780,"date":"2024-06-20T16:09:31","date_gmt":"2024-06-20T16:09:31","guid":{"rendered":"https:\/\/www.design-award.cz\/?post_type=portfolio&#038;p=3780"},"modified":"2024-06-20T16:10:18","modified_gmt":"2024-06-20T16:10:18","slug":"soukromy-interier-rodinny-dum","status":"publish","type":"portfolio","link":"https:\/\/www.design-award.cz\/?portfolio=soukromy-interier-rodinny-dum","title":{"rendered":"Soukrom\u00fd interi\u00e9r &#8211; Rodinn\u00fd d\u016fm"},"content":{"rendered":"\n<p><strong>Alena M\u00fcllerov\u00e1<\/strong><\/p>\n\n\n\n<p>Vy\u0161\u0161\u00ed odborn\u00e1 \u0161kola a St\u0159edn\u00ed pr\u016fmyslov\u00e1 \u0161kola Volyn\u011b<\/p>\n\n\n\n<p>Projekt interi\u00e9ru rodinn\u00e9ho domu, kter\u00fd jsem zpracovala jako svoji maturitn\u00ed pr\u00e1ci, vych\u00e1z\u00ed<br>z organick\u00e9ho modern\u00edho m\u011bstsk\u00e9ho stylu. Interi\u00e9r je navr\u017een pro \u010dty\u0159\u010dlennou rodinu, kter\u00e1 si p\u0159\u00e1la m\u00edt jednoduch\u00fd, sv\u011btl\u00fd a slunn\u00fd domov. Pro interi\u00e9rov\u00e9 prvky byla zvolena barevn\u00e1 kombinace sv\u011btl\u00e9ho d\u0159eva a b\u00edl\u00e9 barvy, kter\u00e1 navod\u00ed spolu se zelen\u00ed pocit klidu, harmonie a pohody.<\/p>\n\n\n\n<p>Rodina si p\u0159\u00e1la odd\u011blit ob\u00fdvac\u00ed pokoj od j\u00eddelny. Prostor jsem odd\u011blila d\u0159ev\u011bnou st\u011bnou s velk\u00fdm kruhov\u00fdm otvorem, kter\u00fd nab\u00edz\u00ed pr\u016fhled do obou \u010d\u00e1st\u00ed hlavn\u00edho obytn\u00e9ho prostoru.<\/p>\n\n\n\n<p>St\u011bna prostor rozd\u011bluje a z\u00e1rove\u0148 propojuje. Ze strany j\u00eddelny je navr\u017eena jako vertik\u00e1ln\u00ed zelen\u00e1 st\u011bna. Zelen\u00e1 st\u011bna je opakuj\u00edc\u00edm se prvkem cel\u00e9ho domu stejn\u011b jako zelen\u00fd mramor.<\/p>\n\n\n\n<p>V d\u011btsk\u00fdch pokoj\u00edch, kter\u00e9 jsem navrhovala u\u017e pro dosp\u00edvaj\u00edc\u00ed studuj\u00edc\u00ed sle\u010dny, jsem zvolila dlouh\u00fd psac\u00ed st\u016fl p\u0159es celou \u0161\u00ed\u0159ku pokoje, na kter\u00fd navazuje \u0161atn\u00ed sk\u0159\u00ed\u0148. Kolem l\u016f\u017eek v pokoj\u00edch jsou lamelov\u00e9 obklady ze sv\u011btl\u00e9ho d\u0159eva dopln\u011bn\u00e9 vertik\u00e1ln\u00ed zelen\u00ed.<\/p>\n\n\n\n<p>Lo\u017enice je navr\u017eena spole\u010dn\u011b s dom\u00e1c\u00ed pracovnou. V lo\u017enici se opakuje prvek zelen\u00e9 st\u011bny a d\u0159ev\u011bn\u00e9ho lamelov\u00e9ho obkladu.<\/p>\n\n\n\n<p>V koupeln\u011b si rodina p\u0159\u00e1la jak vanu, tak sprchov\u00fd kout a z\u00e1chod. Hlavn\u00edmi prvky jsou zelen\u00e1 st\u011bna, zelen\u00fd mramor a velik\u00e9 kulat\u00e9 zrcadlo. Ve druh\u00e9 koupeln\u011b, kter\u00e1 je propojena malou \u0161atnou s lo\u017enic\u00ed, jsem navrhla velik\u00fd sprchov\u00fd kout. Nen\u00ed uzav\u0159en a je odd\u011blen p\u0159\u00ed\u010dkou od prostoru s umyvadly. St\u011bna sprchov\u00e9ho koutu je op\u011bt porostl\u00e1 zelen\u00ed a umyvadlov\u00e1 deska je ze zelen\u00e9ho mramoru.<\/p>\n\n\n\n<figure class=\"wp-block-image size-full\"><img decoding=\"async\" width=\"7000\" height=\"10000\" data-src=\"http:\/\/www.design-award.cz\/wp-content\/uploads\/2024\/06\/6-2.jpg\" alt=\"\" class=\"wp-image-3816 lazyload\" src=\"data:image\/svg+xml;base64,PHN2ZyB3aWR0aD0iMSIgaGVpZ2h0PSIxIiB4bWxucz0iaHR0cDovL3d3dy53My5vcmcvMjAwMC9zdmciPjwvc3ZnPg==\" style=\"--smush-placeholder-width: 7000px; --smush-placeholder-aspect-ratio: 7000\/10000;\" \/><\/figure>\n\n\n\n<figure class=\"wp-block-image size-large\"><img decoding=\"async\" width=\"1024\" height=\"704\" data-src=\"http:\/\/www.design-award.cz\/wp-content\/uploads\/2024\/06\/3-1-1024x704.jpg\" alt=\"\" class=\"wp-image-3813 lazyload\" data-srcset=\"https:\/\/www.design-award.cz\/wp-content\/uploads\/2024\/06\/3-1-1024x704.jpg 1024w, https:\/\/www.design-award.cz\/wp-content\/uploads\/2024\/06\/3-1-300x206.jpg 300w, https:\/\/www.design-award.cz\/wp-content\/uploads\/2024\/06\/3-1-768x528.jpg 768w, https:\/\/www.design-award.cz\/wp-content\/uploads\/2024\/06\/3-1-500x344.jpg 500w, https:\/\/www.design-award.cz\/wp-content\/uploads\/2024\/06\/3-1-800x550.jpg 800w, https:\/\/www.design-award.cz\/wp-content\/uploads\/2024\/06\/3-1.jpg 1115w\" data-sizes=\"(max-width: 1024px) 100vw, 1024px\" src=\"data:image\/svg+xml;base64,PHN2ZyB3aWR0aD0iMSIgaGVpZ2h0PSIxIiB4bWxucz0iaHR0cDovL3d3dy53My5vcmcvMjAwMC9zdmciPjwvc3ZnPg==\" style=\"--smush-placeholder-width: 1024px; --smush-placeholder-aspect-ratio: 1024\/704;\" \/><\/figure>\n\n\n\n<figure class=\"wp-block-image size-large\"><img decoding=\"async\" width=\"1024\" height=\"593\" data-src=\"http:\/\/www.design-award.cz\/wp-content\/uploads\/2024\/06\/4-1024x593.jpg\" alt=\"\" class=\"wp-image-3814 lazyload\" data-srcset=\"https:\/\/www.design-award.cz\/wp-content\/uploads\/2024\/06\/4-1024x593.jpg 1024w, https:\/\/www.design-award.cz\/wp-content\/uploads\/2024\/06\/4-300x174.jpg 300w, https:\/\/www.design-award.cz\/wp-content\/uploads\/2024\/06\/4-768x445.jpg 768w, https:\/\/www.design-award.cz\/wp-content\/uploads\/2024\/06\/4-500x289.jpg 500w, https:\/\/www.design-award.cz\/wp-content\/uploads\/2024\/06\/4-800x463.jpg 800w, https:\/\/www.design-award.cz\/wp-content\/uploads\/2024\/06\/4-1280x741.jpg 1280w, https:\/\/www.design-award.cz\/wp-content\/uploads\/2024\/06\/4.jpg 1325w\" data-sizes=\"(max-width: 1024px) 100vw, 1024px\" src=\"data:image\/svg+xml;base64,PHN2ZyB3aWR0aD0iMSIgaGVpZ2h0PSIxIiB4bWxucz0iaHR0cDovL3d3dy53My5vcmcvMjAwMC9zdmciPjwvc3ZnPg==\" style=\"--smush-placeholder-width: 1024px; --smush-placeholder-aspect-ratio: 1024\/593;\" \/><\/figure>\n\n\n\n<figure class=\"wp-block-image size-full\"><img decoding=\"async\" width=\"9921\" height=\"7016\" data-src=\"http:\/\/www.design-award.cz\/wp-content\/uploads\/2024\/06\/5-1.jpg\" alt=\"\" class=\"wp-image-3815 lazyload\" src=\"data:image\/svg+xml;base64,PHN2ZyB3aWR0aD0iMSIgaGVpZ2h0PSIxIiB4bWxucz0iaHR0cDovL3d3dy53My5vcmcvMjAwMC9zdmciPjwvc3ZnPg==\" style=\"--smush-placeholder-width: 9921px; --smush-placeholder-aspect-ratio: 9921\/7016;\" \/><\/figure>\n","protected":false},"excerpt":{"rendered":"<p>Alena M\u00fcllerov\u00e1 Vy\u0161\u0161\u00ed odborn\u00e1 \u0161kola a St\u0159edn\u00ed pr\u016fmyslov\u00e1 \u0161kola Volyn\u011b Projekt interi\u00e9ru rodinn\u00e9ho domu, kter\u00fd jsem zpracovala jako svoji maturitn\u00ed pr\u00e1ci, vych\u00e1z\u00edz organick\u00e9ho modern\u00edho m\u011bstsk\u00e9ho stylu. Interi\u00e9r je navr\u017een pro \u010dty\u0159\u010dlennou rodinu, kter\u00e1 si p\u0159\u00e1la m\u00edt jednoduch\u00fd, sv\u011btl\u00fd a slunn\u00fd domov. Pro interi\u00e9rov\u00e9 prvky byla zvolena barevn\u00e1 kombinace sv\u011btl\u00e9ho d\u0159eva a b\u00edl\u00e9 barvy, kter\u00e1 navod\u00ed [&hellip;]<\/p>\n","protected":false},"author":2,"featured_media":3812,"menu_order":0,"comment_status":"closed","ping_status":"closed","template":"","format":"standard","meta":{"ngg_post_thumbnail":0,"ocean_post_layout":"","ocean_both_sidebars_style":"","ocean_both_sidebars_content_width":0,"ocean_both_sidebars_sidebars_width":0,"ocean_sidebar":"","ocean_second_sidebar":"","ocean_disable_margins":"enable","ocean_add_body_class":"","ocean_shortcode_before_top_bar":"","ocean_shortcode_after_top_bar":"","ocean_shortcode_before_header":"","ocean_shortcode_after_header":"","ocean_has_shortcode":"","ocean_shortcode_after_title":"","ocean_shortcode_before_footer_widgets":"","ocean_shortcode_after_footer_widgets":"","ocean_shortcode_before_footer_bottom":"","ocean_shortcode_after_footer_bottom":"","ocean_display_top_bar":"default","ocean_display_header":"default","ocean_header_style":"","ocean_center_header_left_menu":"","ocean_custom_header_template":"","ocean_custom_logo":0,"ocean_custom_retina_logo":0,"ocean_custom_logo_max_width":0,"ocean_custom_logo_tablet_max_width":0,"ocean_custom_logo_mobile_max_width":0,"ocean_custom_logo_max_height":0,"ocean_custom_logo_tablet_max_height":0,"ocean_custom_logo_mobile_max_height":0,"ocean_header_custom_menu":"","ocean_menu_typo_font_family":"","ocean_menu_typo_font_subset":"","ocean_menu_typo_font_size":0,"ocean_menu_typo_font_size_tablet":0,"ocean_menu_typo_font_size_mobile":0,"ocean_menu_typo_font_size_unit":"px","ocean_menu_typo_font_weight":"","ocean_menu_typo_font_weight_tablet":"","ocean_menu_typo_font_weight_mobile":"","ocean_menu_typo_transform":"","ocean_menu_typo_transform_tablet":"","ocean_menu_typo_transform_mobile":"","ocean_menu_typo_line_height":0,"ocean_menu_typo_line_height_tablet":0,"ocean_menu_typo_line_height_mobile":0,"ocean_menu_typo_line_height_unit":"","ocean_menu_typo_spacing":0,"ocean_menu_typo_spacing_tablet":0,"ocean_menu_typo_spacing_mobile":0,"ocean_menu_typo_spacing_unit":"","ocean_menu_link_color":"","ocean_menu_link_color_hover":"","ocean_menu_link_color_active":"","ocean_menu_link_background":"","ocean_menu_link_hover_background":"","ocean_menu_link_active_background":"","ocean_menu_social_links_bg":"","ocean_menu_social_hover_links_bg":"","ocean_menu_social_links_color":"","ocean_menu_social_hover_links_color":"","ocean_disable_title":"default","ocean_disable_heading":"default","ocean_post_title":"","ocean_post_subheading":"","ocean_post_title_style":"","ocean_post_title_background_color":"","ocean_post_title_background":0,"ocean_post_title_bg_image_position":"","ocean_post_title_bg_image_attachment":"","ocean_post_title_bg_image_repeat":"","ocean_post_title_bg_image_size":"","ocean_post_title_height":0,"ocean_post_title_bg_overlay":0.5,"ocean_post_title_bg_overlay_color":"","ocean_disable_breadcrumbs":"default","ocean_breadcrumbs_color":"","ocean_breadcrumbs_separator_color":"","ocean_breadcrumbs_links_color":"","ocean_breadcrumbs_links_hover_color":"","ocean_display_footer_widgets":"default","ocean_display_footer_bottom":"default","ocean_custom_footer_template":"","_vp_format_video_url":"","_vp_image_focal_point":[],"footnotes":""},"portfolio_category":[],"portfolio_tag":[],"class_list":["post-3780","portfolio","type-portfolio","status-publish","format-standard","has-post-thumbnail","hentry","entry","has-media"],"yoast_head":"<!-- This site is optimized with the Yoast SEO plugin v25.2 - https:\/\/yoast.com\/wordpress\/plugins\/seo\/ -->\n<title>Soukrom\u00fd interi\u00e9r - Rodinn\u00fd d\u016fm - design-award.cz<\/title>\n<meta name=\"robots\" content=\"index, follow, max-snippet:-1, max-image-preview:large, max-video-preview:-1\" \/>\n<link rel=\"canonical\" href=\"https:\/\/www.design-award.cz\/?portfolio=soukromy-interier-rodinny-dum\" \/>\n<meta property=\"og:locale\" content=\"cs_CZ\" \/>\n<meta property=\"og:type\" content=\"article\" \/>\n<meta property=\"og:title\" content=\"Soukrom\u00fd interi\u00e9r - Rodinn\u00fd d\u016fm - design-award.cz\" \/>\n<meta property=\"og:description\" content=\"Alena M\u00fcllerov\u00e1 Vy\u0161\u0161\u00ed odborn\u00e1 \u0161kola a St\u0159edn\u00ed pr\u016fmyslov\u00e1 \u0161kola Volyn\u011b Projekt interi\u00e9ru rodinn\u00e9ho domu, kter\u00fd jsem zpracovala jako svoji maturitn\u00ed pr\u00e1ci, vych\u00e1z\u00edz organick\u00e9ho modern\u00edho m\u011bstsk\u00e9ho stylu. Interi\u00e9r je navr\u017een pro \u010dty\u0159\u010dlennou rodinu, kter\u00e1 si p\u0159\u00e1la m\u00edt jednoduch\u00fd, sv\u011btl\u00fd a slunn\u00fd domov. Pro interi\u00e9rov\u00e9 prvky byla zvolena barevn\u00e1 kombinace sv\u011btl\u00e9ho d\u0159eva a b\u00edl\u00e9 barvy, kter\u00e1 navod\u00ed [&hellip;]\" \/>\n<meta property=\"og:url\" content=\"https:\/\/www.design-award.cz\/?portfolio=soukromy-interier-rodinny-dum\" \/>\n<meta property=\"og:site_name\" content=\"design-award.cz\" \/>\n<meta property=\"article:modified_time\" content=\"2024-06-20T16:10:18+00:00\" \/>\n<meta property=\"og:image\" content=\"http:\/\/www.design-award.cz\/wp-content\/uploads\/2024\/06\/2-1.jpg\" \/>\n\t<meta property=\"og:image:width\" content=\"1115\" \/>\n\t<meta property=\"og:image:height\" content=\"767\" \/>\n\t<meta property=\"og:image:type\" content=\"image\/jpeg\" \/>\n<meta name=\"twitter:card\" content=\"summary_large_image\" \/>\n<meta name=\"twitter:label1\" content=\"Odhadovan\u00e1 doba \u010dten\u00ed\" \/>\n\t<meta name=\"twitter:data1\" content=\"2 minuty\" \/>\n<script type=\"application\/ld+json\" class=\"yoast-schema-graph\">{\"@context\":\"https:\/\/schema.org\",\"@graph\":[{\"@type\":\"WebPage\",\"@id\":\"https:\/\/www.design-award.cz\/?portfolio=soukromy-interier-rodinny-dum\",\"url\":\"https:\/\/www.design-award.cz\/?portfolio=soukromy-interier-rodinny-dum\",\"name\":\"Soukrom\u00fd interi\u00e9r - Rodinn\u00fd d\u016fm - design-award.cz\",\"isPartOf\":{\"@id\":\"https:\/\/www.design-award.cz\/#website\"},\"primaryImageOfPage\":{\"@id\":\"https:\/\/www.design-award.cz\/?portfolio=soukromy-interier-rodinny-dum#primaryimage\"},\"image\":{\"@id\":\"https:\/\/www.design-award.cz\/?portfolio=soukromy-interier-rodinny-dum#primaryimage\"},\"thumbnailUrl\":\"https:\/\/www.design-award.cz\/wp-content\/uploads\/2024\/06\/2-1.jpg\",\"datePublished\":\"2024-06-20T16:09:31+00:00\",\"dateModified\":\"2024-06-20T16:10:18+00:00\",\"breadcrumb\":{\"@id\":\"https:\/\/www.design-award.cz\/?portfolio=soukromy-interier-rodinny-dum#breadcrumb\"},\"inLanguage\":\"cs\",\"potentialAction\":[{\"@type\":\"ReadAction\",\"target\":[\"https:\/\/www.design-award.cz\/?portfolio=soukromy-interier-rodinny-dum\"]}]},{\"@type\":\"ImageObject\",\"inLanguage\":\"cs\",\"@id\":\"https:\/\/www.design-award.cz\/?portfolio=soukromy-interier-rodinny-dum#primaryimage\",\"url\":\"https:\/\/www.design-award.cz\/wp-content\/uploads\/2024\/06\/2-1.jpg\",\"contentUrl\":\"https:\/\/www.design-award.cz\/wp-content\/uploads\/2024\/06\/2-1.jpg\",\"width\":1115,\"height\":767},{\"@type\":\"BreadcrumbList\",\"@id\":\"https:\/\/www.design-award.cz\/?portfolio=soukromy-interier-rodinny-dum#breadcrumb\",\"itemListElement\":[{\"@type\":\"ListItem\",\"position\":1,\"name\":\"Dom\u016f\",\"item\":\"https:\/\/www.design-award.cz\/\"},{\"@type\":\"ListItem\",\"position\":2,\"name\":\"Portfolio Items\",\"item\":\"https:\/\/www.design-award.cz\/?post_type=portfolio\"},{\"@type\":\"ListItem\",\"position\":3,\"name\":\"Soukrom\u00fd interi\u00e9r &#8211; Rodinn\u00fd d\u016fm\"}]},{\"@type\":\"WebSite\",\"@id\":\"https:\/\/www.design-award.cz\/#website\",\"url\":\"https:\/\/www.design-award.cz\/\",\"name\":\"design-award.cz\",\"description\":\"WARD vznikla v roce 2022. Je ur\u010dena p\u0159edev\u0161\u00edm student\u016fm st\u0159edn\u00edch um\u011bleck\u00fdch \u0161kol (S\u0160 a VO\u0160), kte\u0159\u00ed mohou bezplatn\u011b zaslat sv\u00e9 n\u00e1vrhy v uveden\u00fdch kategori\u00ed a tak pom\u011b\u0159it sv\u00e9 n\u00e1pady s konkurenc\u00ed sv\u00fdch vrstevn\u00edk\u016f. N\u00e1vrhy jsou n\u00e1sledn\u011b posouzeny nez\u00e1vislou porotou z \u0159ad v\u00fdtvarn\u00edk\u016f, pedagog\u016f a profesion\u00e1l\u016f z oboru.\",\"publisher\":{\"@id\":\"https:\/\/www.design-award.cz\/#organization\"},\"potentialAction\":[{\"@type\":\"SearchAction\",\"target\":{\"@type\":\"EntryPoint\",\"urlTemplate\":\"https:\/\/www.design-award.cz\/?s={search_term_string}\"},\"query-input\":{\"@type\":\"PropertyValueSpecification\",\"valueRequired\":true,\"valueName\":\"search_term_string\"}}],\"inLanguage\":\"cs\"},{\"@type\":\"Organization\",\"@id\":\"https:\/\/www.design-award.cz\/#organization\",\"name\":\"Design Award\",\"url\":\"https:\/\/www.design-award.cz\/\",\"logo\":{\"@type\":\"ImageObject\",\"inLanguage\":\"cs\",\"@id\":\"https:\/\/www.design-award.cz\/#\/schema\/logo\/image\/\",\"url\":\"http:\/\/www.design-award.cz\/wp-content\/uploads\/2021\/12\/hornilogo_design-award.png\",\"contentUrl\":\"http:\/\/www.design-award.cz\/wp-content\/uploads\/2021\/12\/hornilogo_design-award.png\",\"width\":800,\"height\":600,\"caption\":\"Design Award\"},\"image\":{\"@id\":\"https:\/\/www.design-award.cz\/#\/schema\/logo\/image\/\"},\"sameAs\":[\"https:\/\/www.instagram.com\/design_award\/\"]}]}<\/script>\n<!-- \/ Yoast SEO plugin. -->","yoast_head_json":{"title":"Soukrom\u00fd interi\u00e9r - Rodinn\u00fd d\u016fm - design-award.cz","robots":{"index":"index","follow":"follow","max-snippet":"max-snippet:-1","max-image-preview":"max-image-preview:large","max-video-preview":"max-video-preview:-1"},"canonical":"https:\/\/www.design-award.cz\/?portfolio=soukromy-interier-rodinny-dum","og_locale":"cs_CZ","og_type":"article","og_title":"Soukrom\u00fd interi\u00e9r - Rodinn\u00fd d\u016fm - design-award.cz","og_description":"Alena M\u00fcllerov\u00e1 Vy\u0161\u0161\u00ed odborn\u00e1 \u0161kola a St\u0159edn\u00ed pr\u016fmyslov\u00e1 \u0161kola Volyn\u011b Projekt interi\u00e9ru rodinn\u00e9ho domu, kter\u00fd jsem zpracovala jako svoji maturitn\u00ed pr\u00e1ci, vych\u00e1z\u00edz organick\u00e9ho modern\u00edho m\u011bstsk\u00e9ho stylu. Interi\u00e9r je navr\u017een pro \u010dty\u0159\u010dlennou rodinu, kter\u00e1 si p\u0159\u00e1la m\u00edt jednoduch\u00fd, sv\u011btl\u00fd a slunn\u00fd domov. Pro interi\u00e9rov\u00e9 prvky byla zvolena barevn\u00e1 kombinace sv\u011btl\u00e9ho d\u0159eva a b\u00edl\u00e9 barvy, kter\u00e1 navod\u00ed [&hellip;]","og_url":"https:\/\/www.design-award.cz\/?portfolio=soukromy-interier-rodinny-dum","og_site_name":"design-award.cz","article_modified_time":"2024-06-20T16:10:18+00:00","og_image":[{"width":1115,"height":767,"url":"http:\/\/www.design-award.cz\/wp-content\/uploads\/2024\/06\/2-1.jpg","type":"image\/jpeg"}],"twitter_card":"summary_large_image","twitter_misc":{"Odhadovan\u00e1 doba \u010dten\u00ed":"2 minuty"},"schema":{"@context":"https:\/\/schema.org","@graph":[{"@type":"WebPage","@id":"https:\/\/www.design-award.cz\/?portfolio=soukromy-interier-rodinny-dum","url":"https:\/\/www.design-award.cz\/?portfolio=soukromy-interier-rodinny-dum","name":"Soukrom\u00fd interi\u00e9r - Rodinn\u00fd d\u016fm - design-award.cz","isPartOf":{"@id":"https:\/\/www.design-award.cz\/#website"},"primaryImageOfPage":{"@id":"https:\/\/www.design-award.cz\/?portfolio=soukromy-interier-rodinny-dum#primaryimage"},"image":{"@id":"https:\/\/www.design-award.cz\/?portfolio=soukromy-interier-rodinny-dum#primaryimage"},"thumbnailUrl":"https:\/\/www.design-award.cz\/wp-content\/uploads\/2024\/06\/2-1.jpg","datePublished":"2024-06-20T16:09:31+00:00","dateModified":"2024-06-20T16:10:18+00:00","breadcrumb":{"@id":"https:\/\/www.design-award.cz\/?portfolio=soukromy-interier-rodinny-dum#breadcrumb"},"inLanguage":"cs","potentialAction":[{"@type":"ReadAction","target":["https:\/\/www.design-award.cz\/?portfolio=soukromy-interier-rodinny-dum"]}]},{"@type":"ImageObject","inLanguage":"cs","@id":"https:\/\/www.design-award.cz\/?portfolio=soukromy-interier-rodinny-dum#primaryimage","url":"https:\/\/www.design-award.cz\/wp-content\/uploads\/2024\/06\/2-1.jpg","contentUrl":"https:\/\/www.design-award.cz\/wp-content\/uploads\/2024\/06\/2-1.jpg","width":1115,"height":767},{"@type":"BreadcrumbList","@id":"https:\/\/www.design-award.cz\/?portfolio=soukromy-interier-rodinny-dum#breadcrumb","itemListElement":[{"@type":"ListItem","position":1,"name":"Dom\u016f","item":"https:\/\/www.design-award.cz\/"},{"@type":"ListItem","position":2,"name":"Portfolio Items","item":"https:\/\/www.design-award.cz\/?post_type=portfolio"},{"@type":"ListItem","position":3,"name":"Soukrom\u00fd interi\u00e9r &#8211; Rodinn\u00fd d\u016fm"}]},{"@type":"WebSite","@id":"https:\/\/www.design-award.cz\/#website","url":"https:\/\/www.design-award.cz\/","name":"design-award.cz","description":"WARD vznikla v roce 2022. Je ur\u010dena p\u0159edev\u0161\u00edm student\u016fm st\u0159edn\u00edch um\u011bleck\u00fdch \u0161kol (S\u0160 a VO\u0160), kte\u0159\u00ed mohou bezplatn\u011b zaslat sv\u00e9 n\u00e1vrhy v uveden\u00fdch kategori\u00ed a tak pom\u011b\u0159it sv\u00e9 n\u00e1pady s konkurenc\u00ed sv\u00fdch vrstevn\u00edk\u016f. N\u00e1vrhy jsou n\u00e1sledn\u011b posouzeny nez\u00e1vislou porotou z \u0159ad v\u00fdtvarn\u00edk\u016f, pedagog\u016f a profesion\u00e1l\u016f z oboru.","publisher":{"@id":"https:\/\/www.design-award.cz\/#organization"},"potentialAction":[{"@type":"SearchAction","target":{"@type":"EntryPoint","urlTemplate":"https:\/\/www.design-award.cz\/?s={search_term_string}"},"query-input":{"@type":"PropertyValueSpecification","valueRequired":true,"valueName":"search_term_string"}}],"inLanguage":"cs"},{"@type":"Organization","@id":"https:\/\/www.design-award.cz\/#organization","name":"Design Award","url":"https:\/\/www.design-award.cz\/","logo":{"@type":"ImageObject","inLanguage":"cs","@id":"https:\/\/www.design-award.cz\/#\/schema\/logo\/image\/","url":"http:\/\/www.design-award.cz\/wp-content\/uploads\/2021\/12\/hornilogo_design-award.png","contentUrl":"http:\/\/www.design-award.cz\/wp-content\/uploads\/2021\/12\/hornilogo_design-award.png","width":800,"height":600,"caption":"Design Award"},"image":{"@id":"https:\/\/www.design-award.cz\/#\/schema\/logo\/image\/"},"sameAs":["https:\/\/www.instagram.com\/design_award\/"]}]}},"_links":{"self":[{"href":"https:\/\/www.design-award.cz\/index.php?rest_route=\/wp\/v2\/portfolio\/3780","targetHints":{"allow":["GET"]}}],"collection":[{"href":"https:\/\/www.design-award.cz\/index.php?rest_route=\/wp\/v2\/portfolio"}],"about":[{"href":"https:\/\/www.design-award.cz\/index.php?rest_route=\/wp\/v2\/types\/portfolio"}],"author":[{"embeddable":true,"href":"https:\/\/www.design-award.cz\/index.php?rest_route=\/wp\/v2\/users\/2"}],"replies":[{"embeddable":true,"href":"https:\/\/www.design-award.cz\/index.php?rest_route=%2Fwp%2Fv2%2Fcomments&post=3780"}],"version-history":[{"count":1,"href":"https:\/\/www.design-award.cz\/index.php?rest_route=\/wp\/v2\/portfolio\/3780\/revisions"}],"predecessor-version":[{"id":3817,"href":"https:\/\/www.design-award.cz\/index.php?rest_route=\/wp\/v2\/portfolio\/3780\/revisions\/3817"}],"wp:featuredmedia":[{"embeddable":true,"href":"https:\/\/www.design-award.cz\/index.php?rest_route=\/wp\/v2\/media\/3812"}],"wp:attachment":[{"href":"https:\/\/www.design-award.cz\/index.php?rest_route=%2Fwp%2Fv2%2Fmedia&parent=3780"}],"wp:term":[{"taxonomy":"portfolio_category","embeddable":true,"href":"https:\/\/www.design-award.cz\/index.php?rest_route=%2Fwp%2Fv2%2Fportfolio_category&post=3780"},{"taxonomy":"portfolio_tag","embeddable":true,"href":"https:\/\/www.design-award.cz\/index.php?rest_route=%2Fwp%2Fv2%2Fportfolio_tag&post=3780"}],"curies":[{"name":"wp","href":"https:\/\/api.w.org\/{rel}","templated":true}]}}