{"id":3823,"date":"2024-06-20T16:21:58","date_gmt":"2024-06-20T16:21:58","guid":{"rendered":"https:\/\/www.design-award.cz\/?post_type=portfolio&#038;p=3823"},"modified":"2024-06-24T07:10:39","modified_gmt":"2024-06-24T07:10:39","slug":"verejny-interier-vyhlidka-2","status":"publish","type":"portfolio","link":"https:\/\/www.design-award.cz\/?portfolio=verejny-interier-vyhlidka-2","title":{"rendered":"Ve\u0159ejn\u00fd interi\u00e9r &#8211; Vyhl\u00eddka"},"content":{"rendered":"\n<p><strong>Kate\u0159ina Posp\u00ed\u0161ilov\u00e1<\/strong><\/p>\n\n\n\n<p>Vy\u0161\u0161\u00ed odborn\u00e1 \u0161kola a St\u0159edn\u00ed pr\u016fmyslov\u00e1 \u0161kola, \u0160umperk, Gen. Kr\u00e1tk\u00e9ho 1<\/p>\n\n\n\n<p>M\u016fj n\u00e1vrh odpo\u010dinkov\u00e9ho turistick\u00e9ho relaxa\u010dn\u00edho m\u00edsta jsem koncipovala jako otev\u0159en\u00e9 posezen\u00ed s mo\u017enost\u00ed vyu\u017eit\u00ed kryt\u00e9ho p\u0159\u00edst\u0159e\u0161ku rozhledny, kter\u00fd poskytuje \u00fato\u010di\u0161t\u011b p\u0159ed nep\u0159\u00edzn\u00ed po\u010das\u00ed a umo\u017e\u0148uje v\u00fdhled do krajiny.<\/p>\n\n\n\n<p>Z\u00e1m\u011brem n\u00e1vrhu je nevt\u00edrav\u00e9 a elegantn\u00ed spojen\u00ed s okoln\u00ed krajinou, a to pou\u017eit\u00edm dnes velmi modern\u00edch materi\u00e1lov\u00fdch prvk\u016f \u2013 beton a d\u0159evo. Pou\u017eit\u00e9 materi\u00e1ly spl\u0148uj\u00ed i n\u00e1roky kladen\u00e9 na provoz a \u00fadr\u017ebu vznikl\u00e9ho prostoru.<\/p>\n\n\n\n<p>Betonov\u00e9 prvky (sezen\u00ed) jsou \u0159e\u0161eny jako sestaviteln\u00e9 \u010d\u00e1sti sko\u0159epinov\u00e9ho charakteru, kter\u00e9 nemaj\u00ed vliv na ter\u00e9nn\u00ed zm\u011bny p\u0159i jejich usazen\u00ed na m\u00edsto. Jedn\u00e1 se pouze o p\u0159\u00edpadn\u00e9 jednoduch\u00e9 srovn\u00e1n\u00ed povrchu a obsyp\u00e1n\u00ed dan\u00fdch m\u00edst trochou p\u016fdy. Prvky napodobuj\u00ed skaln\u00ed popraskan\u00e9 \u00fatvary vystupuj\u00edc\u00ed na povrch a jejich p\u0159\u00edpadn\u00e1 om\u0161elost nebude na z\u00e1vadu. V\u00fdrobn\u011b se jedn\u00e1 o beton s kovou v\u00fdztu\u017e\u00ed (s\u00edt\u00ed), kter\u00e1 dod\u00e1v\u00e1 betonov\u00e9 sko\u0159epin\u011b pevnost. Tato technologie se pou\u017e\u00edv\u00e1 dnes ji\u017e v mnoha odv\u011btv\u00edch.<\/p>\n\n\n\n<p>Betonov\u00fd z\u00e1klad pro rozhlednu ji\u017e mus\u00ed m\u00edt pevn\u00e9 z\u00e1klady a tvo\u0159\u00ed se pomoc\u00ed bedn\u011bn\u00ed, kdy horn\u00ed \u010d\u00e1st odpov\u00edd\u00e1 tvarov\u011b segment\u016fm k sezen\u00ed. Opl\u00e1\u0161t\u011bn\u00ed rozhledny je vyrobeno z d\u0159ev\u011bn\u00fdch lat\u00ed (lamel) ze seversk\u00e9ho smrku \u010di mod\u0159\u00ednu s povrchovou \u00fapravou \u2013 mo\u0159en\u00edm. Vnit\u0159n\u00ed konstrukce pro uchycen\u00ed st\u011bny je vyrobena ze stejn\u00e9ho materi\u00e1lu za pomoc\u00ed oh\u00fdb\u00e1ni a lepen\u00ed jednotliv\u00fdch lamel. Na st\u0159echu m\u016f\u017ee b\u00fdt pou\u017eit materi\u00e1l z polykarbon\u00e1tu nebo d\u0159eva. D\u0159ev\u011bn\u00e1 varianta pak m\u016f\u017ee b\u00fdt opat\u0159en\u00e1 lehkou krytinou.<\/p>\n\n\n\n<figure class=\"wp-block-image size-large\"><img decoding=\"async\" width=\"724\" height=\"1024\" data-src=\"http:\/\/www.design-award.cz\/wp-content\/uploads\/2024\/06\/KPospisilova_vyhlidka_hlavni.viz_-724x1024.jpg\" alt=\"\" class=\"wp-image-3911 lazyload\" data-srcset=\"https:\/\/www.design-award.cz\/wp-content\/uploads\/2024\/06\/KPospisilova_vyhlidka_hlavni.viz_-724x1024.jpg 724w, https:\/\/www.design-award.cz\/wp-content\/uploads\/2024\/06\/KPospisilova_vyhlidka_hlavni.viz_-212x300.jpg 212w, https:\/\/www.design-award.cz\/wp-content\/uploads\/2024\/06\/KPospisilova_vyhlidka_hlavni.viz_-768x1086.jpg 768w, https:\/\/www.design-award.cz\/wp-content\/uploads\/2024\/06\/KPospisilova_vyhlidka_hlavni.viz_-1086x1536.jpg 1086w, https:\/\/www.design-award.cz\/wp-content\/uploads\/2024\/06\/KPospisilova_vyhlidka_hlavni.viz_-1448x2048.jpg 1448w, https:\/\/www.design-award.cz\/wp-content\/uploads\/2024\/06\/KPospisilova_vyhlidka_hlavni.viz_-500x707.jpg 500w, https:\/\/www.design-award.cz\/wp-content\/uploads\/2024\/06\/KPospisilova_vyhlidka_hlavni.viz_-800x1131.jpg 800w, https:\/\/www.design-award.cz\/wp-content\/uploads\/2024\/06\/KPospisilova_vyhlidka_hlavni.viz_-1280x1810.jpg 1280w, https:\/\/www.design-award.cz\/wp-content\/uploads\/2024\/06\/KPospisilova_vyhlidka_hlavni.viz_-1920x2715.jpg 1920w, https:\/\/www.design-award.cz\/wp-content\/uploads\/2024\/06\/KPospisilova_vyhlidka_hlavni.viz_-scaled.jpg 1810w\" data-sizes=\"(max-width: 724px) 100vw, 724px\" src=\"data:image\/svg+xml;base64,PHN2ZyB3aWR0aD0iMSIgaGVpZ2h0PSIxIiB4bWxucz0iaHR0cDovL3d3dy53My5vcmcvMjAwMC9zdmciPjwvc3ZnPg==\" style=\"--smush-placeholder-width: 724px; --smush-placeholder-aspect-ratio: 724\/1024;\" \/><\/figure>\n\n\n\n<figure class=\"wp-block-image size-large\"><img decoding=\"async\" width=\"1024\" height=\"576\" data-src=\"http:\/\/www.design-award.cz\/wp-content\/uploads\/2024\/06\/Vyhlidka_viz2-1-1024x576.jpg\" alt=\"\" class=\"wp-image-3913 lazyload\" data-srcset=\"https:\/\/www.design-award.cz\/wp-content\/uploads\/2024\/06\/Vyhlidka_viz2-1-1024x576.jpg 1024w, https:\/\/www.design-award.cz\/wp-content\/uploads\/2024\/06\/Vyhlidka_viz2-1-300x169.jpg 300w, https:\/\/www.design-award.cz\/wp-content\/uploads\/2024\/06\/Vyhlidka_viz2-1-768x432.jpg 768w, https:\/\/www.design-award.cz\/wp-content\/uploads\/2024\/06\/Vyhlidka_viz2-1-1536x864.jpg 1536w, https:\/\/www.design-award.cz\/wp-content\/uploads\/2024\/06\/Vyhlidka_viz2-1-500x281.jpg 500w, https:\/\/www.design-award.cz\/wp-content\/uploads\/2024\/06\/Vyhlidka_viz2-1-800x450.jpg 800w, https:\/\/www.design-award.cz\/wp-content\/uploads\/2024\/06\/Vyhlidka_viz2-1-1280x720.jpg 1280w, https:\/\/www.design-award.cz\/wp-content\/uploads\/2024\/06\/Vyhlidka_viz2-1.jpg 1920w\" data-sizes=\"(max-width: 1024px) 100vw, 1024px\" src=\"data:image\/svg+xml;base64,PHN2ZyB3aWR0aD0iMSIgaGVpZ2h0PSIxIiB4bWxucz0iaHR0cDovL3d3dy53My5vcmcvMjAwMC9zdmciPjwvc3ZnPg==\" style=\"--smush-placeholder-width: 1024px; --smush-placeholder-aspect-ratio: 1024\/576;\" \/><\/figure>\n\n\n\n<figure class=\"wp-block-image size-large\"><img decoding=\"async\" width=\"1024\" height=\"576\" data-src=\"http:\/\/www.design-award.cz\/wp-content\/uploads\/2024\/06\/Vyhlidka_viz4-1-1024x576.jpg\" alt=\"\" class=\"wp-image-3915 lazyload\" data-srcset=\"https:\/\/www.design-award.cz\/wp-content\/uploads\/2024\/06\/Vyhlidka_viz4-1-1024x576.jpg 1024w, https:\/\/www.design-award.cz\/wp-content\/uploads\/2024\/06\/Vyhlidka_viz4-1-300x169.jpg 300w, https:\/\/www.design-award.cz\/wp-content\/uploads\/2024\/06\/Vyhlidka_viz4-1-768x432.jpg 768w, https:\/\/www.design-award.cz\/wp-content\/uploads\/2024\/06\/Vyhlidka_viz4-1-1536x864.jpg 1536w, https:\/\/www.design-award.cz\/wp-content\/uploads\/2024\/06\/Vyhlidka_viz4-1-500x281.jpg 500w, https:\/\/www.design-award.cz\/wp-content\/uploads\/2024\/06\/Vyhlidka_viz4-1-800x450.jpg 800w, https:\/\/www.design-award.cz\/wp-content\/uploads\/2024\/06\/Vyhlidka_viz4-1-1280x720.jpg 1280w, https:\/\/www.design-award.cz\/wp-content\/uploads\/2024\/06\/Vyhlidka_viz4-1.jpg 1920w\" data-sizes=\"(max-width: 1024px) 100vw, 1024px\" src=\"data:image\/svg+xml;base64,PHN2ZyB3aWR0aD0iMSIgaGVpZ2h0PSIxIiB4bWxucz0iaHR0cDovL3d3dy53My5vcmcvMjAwMC9zdmciPjwvc3ZnPg==\" style=\"--smush-placeholder-width: 1024px; --smush-placeholder-aspect-ratio: 1024\/576;\" \/><\/figure>\n\n\n\n<figure class=\"wp-block-image size-large\"><img decoding=\"async\" width=\"1024\" height=\"576\" data-src=\"http:\/\/www.design-award.cz\/wp-content\/uploads\/2024\/06\/Vyhlidka_viz5-1-1024x576.jpg\" alt=\"\" class=\"wp-image-3916 lazyload\" data-srcset=\"https:\/\/www.design-award.cz\/wp-content\/uploads\/2024\/06\/Vyhlidka_viz5-1-1024x576.jpg 1024w, https:\/\/www.design-award.cz\/wp-content\/uploads\/2024\/06\/Vyhlidka_viz5-1-300x169.jpg 300w, https:\/\/www.design-award.cz\/wp-content\/uploads\/2024\/06\/Vyhlidka_viz5-1-768x432.jpg 768w, https:\/\/www.design-award.cz\/wp-content\/uploads\/2024\/06\/Vyhlidka_viz5-1-1536x864.jpg 1536w, https:\/\/www.design-award.cz\/wp-content\/uploads\/2024\/06\/Vyhlidka_viz5-1-500x281.jpg 500w, https:\/\/www.design-award.cz\/wp-content\/uploads\/2024\/06\/Vyhlidka_viz5-1-800x450.jpg 800w, https:\/\/www.design-award.cz\/wp-content\/uploads\/2024\/06\/Vyhlidka_viz5-1-1280x720.jpg 1280w, https:\/\/www.design-award.cz\/wp-content\/uploads\/2024\/06\/Vyhlidka_viz5-1.jpg 1920w\" data-sizes=\"(max-width: 1024px) 100vw, 1024px\" src=\"data:image\/svg+xml;base64,PHN2ZyB3aWR0aD0iMSIgaGVpZ2h0PSIxIiB4bWxucz0iaHR0cDovL3d3dy53My5vcmcvMjAwMC9zdmciPjwvc3ZnPg==\" style=\"--smush-placeholder-width: 1024px; --smush-placeholder-aspect-ratio: 1024\/576;\" \/><\/figure>\n\n\n\n<figure class=\"wp-block-image size-large\"><img decoding=\"async\" width=\"1024\" height=\"725\" data-src=\"http:\/\/www.design-award.cz\/wp-content\/uploads\/2024\/06\/KPospisilova_vyhlidka_techvykres-1-1024x725.png\" alt=\"\" class=\"wp-image-3912 lazyload\" data-srcset=\"https:\/\/www.design-award.cz\/wp-content\/uploads\/2024\/06\/KPospisilova_vyhlidka_techvykres-1-1024x725.png 1024w, https:\/\/www.design-award.cz\/wp-content\/uploads\/2024\/06\/KPospisilova_vyhlidka_techvykres-1-300x212.png 300w, https:\/\/www.design-award.cz\/wp-content\/uploads\/2024\/06\/KPospisilova_vyhlidka_techvykres-1-768x543.png 768w, https:\/\/www.design-award.cz\/wp-content\/uploads\/2024\/06\/KPospisilova_vyhlidka_techvykres-1-1536x1087.png 1536w, https:\/\/www.design-award.cz\/wp-content\/uploads\/2024\/06\/KPospisilova_vyhlidka_techvykres-1-2048x1449.png 2048w, https:\/\/www.design-award.cz\/wp-content\/uploads\/2024\/06\/KPospisilova_vyhlidka_techvykres-1-500x354.png 500w, https:\/\/www.design-award.cz\/wp-content\/uploads\/2024\/06\/KPospisilova_vyhlidka_techvykres-1-800x566.png 800w, https:\/\/www.design-award.cz\/wp-content\/uploads\/2024\/06\/KPospisilova_vyhlidka_techvykres-1-1280x906.png 1280w, https:\/\/www.design-award.cz\/wp-content\/uploads\/2024\/06\/KPospisilova_vyhlidka_techvykres-1-1920x1359.png 1920w\" data-sizes=\"(max-width: 1024px) 100vw, 1024px\" src=\"data:image\/svg+xml;base64,PHN2ZyB3aWR0aD0iMSIgaGVpZ2h0PSIxIiB4bWxucz0iaHR0cDovL3d3dy53My5vcmcvMjAwMC9zdmciPjwvc3ZnPg==\" style=\"--smush-placeholder-width: 1024px; --smush-placeholder-aspect-ratio: 1024\/725;\" \/><\/figure>\n","protected":false},"excerpt":{"rendered":"<p>Kate\u0159ina Posp\u00ed\u0161ilov\u00e1 Vy\u0161\u0161\u00ed odborn\u00e1 \u0161kola a St\u0159edn\u00ed pr\u016fmyslov\u00e1 \u0161kola, \u0160umperk, Gen. Kr\u00e1tk\u00e9ho 1 M\u016fj n\u00e1vrh odpo\u010dinkov\u00e9ho turistick\u00e9ho relaxa\u010dn\u00edho m\u00edsta jsem koncipovala jako otev\u0159en\u00e9 posezen\u00ed s mo\u017enost\u00ed vyu\u017eit\u00ed kryt\u00e9ho p\u0159\u00edst\u0159e\u0161ku rozhledny, kter\u00fd poskytuje \u00fato\u010di\u0161t\u011b p\u0159ed nep\u0159\u00edzn\u00ed po\u010das\u00ed a umo\u017e\u0148uje v\u00fdhled do krajiny. Z\u00e1m\u011brem n\u00e1vrhu je nevt\u00edrav\u00e9 a elegantn\u00ed spojen\u00ed s okoln\u00ed krajinou, a to pou\u017eit\u00edm dnes [&hellip;]<\/p>\n","protected":false},"author":2,"featured_media":3914,"menu_order":0,"comment_status":"closed","ping_status":"closed","template":"","format":"standard","meta":{"ngg_post_thumbnail":0,"ocean_post_layout":"","ocean_both_sidebars_style":"","ocean_both_sidebars_content_width":0,"ocean_both_sidebars_sidebars_width":0,"ocean_sidebar":"","ocean_second_sidebar":"","ocean_disable_margins":"enable","ocean_add_body_class":"","ocean_shortcode_before_top_bar":"","ocean_shortcode_after_top_bar":"","ocean_shortcode_before_header":"","ocean_shortcode_after_header":"","ocean_has_shortcode":"","ocean_shortcode_after_title":"","ocean_shortcode_before_footer_widgets":"","ocean_shortcode_after_footer_widgets":"","ocean_shortcode_before_footer_bottom":"","ocean_shortcode_after_footer_bottom":"","ocean_display_top_bar":"default","ocean_display_header":"default","ocean_header_style":"","ocean_center_header_left_menu":"","ocean_custom_header_template":"","ocean_custom_logo":0,"ocean_custom_retina_logo":0,"ocean_custom_logo_max_width":0,"ocean_custom_logo_tablet_max_width":0,"ocean_custom_logo_mobile_max_width":0,"ocean_custom_logo_max_height":0,"ocean_custom_logo_tablet_max_height":0,"ocean_custom_logo_mobile_max_height":0,"ocean_header_custom_menu":"","ocean_menu_typo_font_family":"","ocean_menu_typo_font_subset":"","ocean_menu_typo_font_size":0,"ocean_menu_typo_font_size_tablet":0,"ocean_menu_typo_font_size_mobile":0,"ocean_menu_typo_font_size_unit":"px","ocean_menu_typo_font_weight":"","ocean_menu_typo_font_weight_tablet":"","ocean_menu_typo_font_weight_mobile":"","ocean_menu_typo_transform":"","ocean_menu_typo_transform_tablet":"","ocean_menu_typo_transform_mobile":"","ocean_menu_typo_line_height":0,"ocean_menu_typo_line_height_tablet":0,"ocean_menu_typo_line_height_mobile":0,"ocean_menu_typo_line_height_unit":"","ocean_menu_typo_spacing":0,"ocean_menu_typo_spacing_tablet":0,"ocean_menu_typo_spacing_mobile":0,"ocean_menu_typo_spacing_unit":"","ocean_menu_link_color":"","ocean_menu_link_color_hover":"","ocean_menu_link_color_active":"","ocean_menu_link_background":"","ocean_menu_link_hover_background":"","ocean_menu_link_active_background":"","ocean_menu_social_links_bg":"","ocean_menu_social_hover_links_bg":"","ocean_menu_social_links_color":"","ocean_menu_social_hover_links_color":"","ocean_disable_title":"default","ocean_disable_heading":"default","ocean_post_title":"","ocean_post_subheading":"","ocean_post_title_style":"","ocean_post_title_background_color":"","ocean_post_title_background":0,"ocean_post_title_bg_image_position":"","ocean_post_title_bg_image_attachment":"","ocean_post_title_bg_image_repeat":"","ocean_post_title_bg_image_size":"","ocean_post_title_height":0,"ocean_post_title_bg_overlay":0.5,"ocean_post_title_bg_overlay_color":"","ocean_disable_breadcrumbs":"default","ocean_breadcrumbs_color":"","ocean_breadcrumbs_separator_color":"","ocean_breadcrumbs_links_color":"","ocean_breadcrumbs_links_hover_color":"","ocean_display_footer_widgets":"default","ocean_display_footer_bottom":"default","ocean_custom_footer_template":"","_vp_format_video_url":"","_vp_image_focal_point":[],"footnotes":""},"portfolio_category":[],"portfolio_tag":[],"class_list":["post-3823","portfolio","type-portfolio","status-publish","format-standard","has-post-thumbnail","hentry","entry","has-media"],"yoast_head":"<!-- This site is optimized with the Yoast SEO plugin v25.2 - https:\/\/yoast.com\/wordpress\/plugins\/seo\/ -->\n<title>Ve\u0159ejn\u00fd interi\u00e9r - Vyhl\u00eddka - design-award.cz<\/title>\n<meta name=\"robots\" content=\"index, follow, max-snippet:-1, max-image-preview:large, max-video-preview:-1\" \/>\n<link rel=\"canonical\" href=\"https:\/\/www.design-award.cz\/?portfolio=verejny-interier-vyhlidka-2\" \/>\n<meta property=\"og:locale\" content=\"cs_CZ\" \/>\n<meta property=\"og:type\" content=\"article\" \/>\n<meta property=\"og:title\" content=\"Ve\u0159ejn\u00fd interi\u00e9r - Vyhl\u00eddka - design-award.cz\" \/>\n<meta property=\"og:description\" content=\"Kate\u0159ina Posp\u00ed\u0161ilov\u00e1 Vy\u0161\u0161\u00ed odborn\u00e1 \u0161kola a St\u0159edn\u00ed pr\u016fmyslov\u00e1 \u0161kola, \u0160umperk, Gen. Kr\u00e1tk\u00e9ho 1 M\u016fj n\u00e1vrh odpo\u010dinkov\u00e9ho turistick\u00e9ho relaxa\u010dn\u00edho m\u00edsta jsem koncipovala jako otev\u0159en\u00e9 posezen\u00ed s mo\u017enost\u00ed vyu\u017eit\u00ed kryt\u00e9ho p\u0159\u00edst\u0159e\u0161ku rozhledny, kter\u00fd poskytuje \u00fato\u010di\u0161t\u011b p\u0159ed nep\u0159\u00edzn\u00ed po\u010das\u00ed a umo\u017e\u0148uje v\u00fdhled do krajiny. Z\u00e1m\u011brem n\u00e1vrhu je nevt\u00edrav\u00e9 a elegantn\u00ed spojen\u00ed s okoln\u00ed krajinou, a to pou\u017eit\u00edm dnes [&hellip;]\" \/>\n<meta property=\"og:url\" content=\"https:\/\/www.design-award.cz\/?portfolio=verejny-interier-vyhlidka-2\" \/>\n<meta property=\"og:site_name\" content=\"design-award.cz\" \/>\n<meta property=\"article:modified_time\" content=\"2024-06-24T07:10:39+00:00\" \/>\n<meta property=\"og:image\" content=\"https:\/\/www.design-award.cz\/wp-content\/uploads\/2024\/06\/Vyhlidka_viz3-1.jpg\" \/>\n\t<meta property=\"og:image:width\" content=\"1920\" \/>\n\t<meta property=\"og:image:height\" content=\"1080\" \/>\n\t<meta property=\"og:image:type\" content=\"image\/jpeg\" \/>\n<meta name=\"twitter:card\" content=\"summary_large_image\" \/>\n<meta name=\"twitter:label1\" content=\"Odhadovan\u00e1 doba \u010dten\u00ed\" \/>\n\t<meta name=\"twitter:data1\" content=\"2 minuty\" \/>\n<script type=\"application\/ld+json\" class=\"yoast-schema-graph\">{\"@context\":\"https:\/\/schema.org\",\"@graph\":[{\"@type\":\"WebPage\",\"@id\":\"https:\/\/www.design-award.cz\/?portfolio=verejny-interier-vyhlidka-2\",\"url\":\"https:\/\/www.design-award.cz\/?portfolio=verejny-interier-vyhlidka-2\",\"name\":\"Ve\u0159ejn\u00fd interi\u00e9r - Vyhl\u00eddka - design-award.cz\",\"isPartOf\":{\"@id\":\"https:\/\/www.design-award.cz\/#website\"},\"primaryImageOfPage\":{\"@id\":\"https:\/\/www.design-award.cz\/?portfolio=verejny-interier-vyhlidka-2#primaryimage\"},\"image\":{\"@id\":\"https:\/\/www.design-award.cz\/?portfolio=verejny-interier-vyhlidka-2#primaryimage\"},\"thumbnailUrl\":\"https:\/\/www.design-award.cz\/wp-content\/uploads\/2024\/06\/Vyhlidka_viz3-1.jpg\",\"datePublished\":\"2024-06-20T16:21:58+00:00\",\"dateModified\":\"2024-06-24T07:10:39+00:00\",\"breadcrumb\":{\"@id\":\"https:\/\/www.design-award.cz\/?portfolio=verejny-interier-vyhlidka-2#breadcrumb\"},\"inLanguage\":\"cs\",\"potentialAction\":[{\"@type\":\"ReadAction\",\"target\":[\"https:\/\/www.design-award.cz\/?portfolio=verejny-interier-vyhlidka-2\"]}]},{\"@type\":\"ImageObject\",\"inLanguage\":\"cs\",\"@id\":\"https:\/\/www.design-award.cz\/?portfolio=verejny-interier-vyhlidka-2#primaryimage\",\"url\":\"https:\/\/www.design-award.cz\/wp-content\/uploads\/2024\/06\/Vyhlidka_viz3-1.jpg\",\"contentUrl\":\"https:\/\/www.design-award.cz\/wp-content\/uploads\/2024\/06\/Vyhlidka_viz3-1.jpg\",\"width\":1920,\"height\":1080},{\"@type\":\"BreadcrumbList\",\"@id\":\"https:\/\/www.design-award.cz\/?portfolio=verejny-interier-vyhlidka-2#breadcrumb\",\"itemListElement\":[{\"@type\":\"ListItem\",\"position\":1,\"name\":\"Dom\u016f\",\"item\":\"https:\/\/www.design-award.cz\/\"},{\"@type\":\"ListItem\",\"position\":2,\"name\":\"Portfolio Items\",\"item\":\"https:\/\/www.design-award.cz\/?post_type=portfolio\"},{\"@type\":\"ListItem\",\"position\":3,\"name\":\"Ve\u0159ejn\u00fd interi\u00e9r &#8211; Vyhl\u00eddka\"}]},{\"@type\":\"WebSite\",\"@id\":\"https:\/\/www.design-award.cz\/#website\",\"url\":\"https:\/\/www.design-award.cz\/\",\"name\":\"design-award.cz\",\"description\":\"WARD vznikla v roce 2022. Je ur\u010dena p\u0159edev\u0161\u00edm student\u016fm st\u0159edn\u00edch um\u011bleck\u00fdch \u0161kol (S\u0160 a VO\u0160), kte\u0159\u00ed mohou bezplatn\u011b zaslat sv\u00e9 n\u00e1vrhy v uveden\u00fdch kategori\u00ed a tak pom\u011b\u0159it sv\u00e9 n\u00e1pady s konkurenc\u00ed sv\u00fdch vrstevn\u00edk\u016f. N\u00e1vrhy jsou n\u00e1sledn\u011b posouzeny nez\u00e1vislou porotou z \u0159ad v\u00fdtvarn\u00edk\u016f, pedagog\u016f a profesion\u00e1l\u016f z oboru.\",\"publisher\":{\"@id\":\"https:\/\/www.design-award.cz\/#organization\"},\"potentialAction\":[{\"@type\":\"SearchAction\",\"target\":{\"@type\":\"EntryPoint\",\"urlTemplate\":\"https:\/\/www.design-award.cz\/?s={search_term_string}\"},\"query-input\":{\"@type\":\"PropertyValueSpecification\",\"valueRequired\":true,\"valueName\":\"search_term_string\"}}],\"inLanguage\":\"cs\"},{\"@type\":\"Organization\",\"@id\":\"https:\/\/www.design-award.cz\/#organization\",\"name\":\"Design Award\",\"url\":\"https:\/\/www.design-award.cz\/\",\"logo\":{\"@type\":\"ImageObject\",\"inLanguage\":\"cs\",\"@id\":\"https:\/\/www.design-award.cz\/#\/schema\/logo\/image\/\",\"url\":\"http:\/\/www.design-award.cz\/wp-content\/uploads\/2021\/12\/hornilogo_design-award.png\",\"contentUrl\":\"http:\/\/www.design-award.cz\/wp-content\/uploads\/2021\/12\/hornilogo_design-award.png\",\"width\":800,\"height\":600,\"caption\":\"Design Award\"},\"image\":{\"@id\":\"https:\/\/www.design-award.cz\/#\/schema\/logo\/image\/\"},\"sameAs\":[\"https:\/\/www.instagram.com\/design_award\/\"]}]}<\/script>\n<!-- \/ Yoast SEO plugin. -->","yoast_head_json":{"title":"Ve\u0159ejn\u00fd interi\u00e9r - Vyhl\u00eddka - design-award.cz","robots":{"index":"index","follow":"follow","max-snippet":"max-snippet:-1","max-image-preview":"max-image-preview:large","max-video-preview":"max-video-preview:-1"},"canonical":"https:\/\/www.design-award.cz\/?portfolio=verejny-interier-vyhlidka-2","og_locale":"cs_CZ","og_type":"article","og_title":"Ve\u0159ejn\u00fd interi\u00e9r - Vyhl\u00eddka - design-award.cz","og_description":"Kate\u0159ina Posp\u00ed\u0161ilov\u00e1 Vy\u0161\u0161\u00ed odborn\u00e1 \u0161kola a St\u0159edn\u00ed pr\u016fmyslov\u00e1 \u0161kola, \u0160umperk, Gen. Kr\u00e1tk\u00e9ho 1 M\u016fj n\u00e1vrh odpo\u010dinkov\u00e9ho turistick\u00e9ho relaxa\u010dn\u00edho m\u00edsta jsem koncipovala jako otev\u0159en\u00e9 posezen\u00ed s mo\u017enost\u00ed vyu\u017eit\u00ed kryt\u00e9ho p\u0159\u00edst\u0159e\u0161ku rozhledny, kter\u00fd poskytuje \u00fato\u010di\u0161t\u011b p\u0159ed nep\u0159\u00edzn\u00ed po\u010das\u00ed a umo\u017e\u0148uje v\u00fdhled do krajiny. Z\u00e1m\u011brem n\u00e1vrhu je nevt\u00edrav\u00e9 a elegantn\u00ed spojen\u00ed s okoln\u00ed krajinou, a to pou\u017eit\u00edm dnes [&hellip;]","og_url":"https:\/\/www.design-award.cz\/?portfolio=verejny-interier-vyhlidka-2","og_site_name":"design-award.cz","article_modified_time":"2024-06-24T07:10:39+00:00","og_image":[{"width":1920,"height":1080,"url":"https:\/\/www.design-award.cz\/wp-content\/uploads\/2024\/06\/Vyhlidka_viz3-1.jpg","type":"image\/jpeg"}],"twitter_card":"summary_large_image","twitter_misc":{"Odhadovan\u00e1 doba \u010dten\u00ed":"2 minuty"},"schema":{"@context":"https:\/\/schema.org","@graph":[{"@type":"WebPage","@id":"https:\/\/www.design-award.cz\/?portfolio=verejny-interier-vyhlidka-2","url":"https:\/\/www.design-award.cz\/?portfolio=verejny-interier-vyhlidka-2","name":"Ve\u0159ejn\u00fd interi\u00e9r - Vyhl\u00eddka - design-award.cz","isPartOf":{"@id":"https:\/\/www.design-award.cz\/#website"},"primaryImageOfPage":{"@id":"https:\/\/www.design-award.cz\/?portfolio=verejny-interier-vyhlidka-2#primaryimage"},"image":{"@id":"https:\/\/www.design-award.cz\/?portfolio=verejny-interier-vyhlidka-2#primaryimage"},"thumbnailUrl":"https:\/\/www.design-award.cz\/wp-content\/uploads\/2024\/06\/Vyhlidka_viz3-1.jpg","datePublished":"2024-06-20T16:21:58+00:00","dateModified":"2024-06-24T07:10:39+00:00","breadcrumb":{"@id":"https:\/\/www.design-award.cz\/?portfolio=verejny-interier-vyhlidka-2#breadcrumb"},"inLanguage":"cs","potentialAction":[{"@type":"ReadAction","target":["https:\/\/www.design-award.cz\/?portfolio=verejny-interier-vyhlidka-2"]}]},{"@type":"ImageObject","inLanguage":"cs","@id":"https:\/\/www.design-award.cz\/?portfolio=verejny-interier-vyhlidka-2#primaryimage","url":"https:\/\/www.design-award.cz\/wp-content\/uploads\/2024\/06\/Vyhlidka_viz3-1.jpg","contentUrl":"https:\/\/www.design-award.cz\/wp-content\/uploads\/2024\/06\/Vyhlidka_viz3-1.jpg","width":1920,"height":1080},{"@type":"BreadcrumbList","@id":"https:\/\/www.design-award.cz\/?portfolio=verejny-interier-vyhlidka-2#breadcrumb","itemListElement":[{"@type":"ListItem","position":1,"name":"Dom\u016f","item":"https:\/\/www.design-award.cz\/"},{"@type":"ListItem","position":2,"name":"Portfolio Items","item":"https:\/\/www.design-award.cz\/?post_type=portfolio"},{"@type":"ListItem","position":3,"name":"Ve\u0159ejn\u00fd interi\u00e9r &#8211; Vyhl\u00eddka"}]},{"@type":"WebSite","@id":"https:\/\/www.design-award.cz\/#website","url":"https:\/\/www.design-award.cz\/","name":"design-award.cz","description":"WARD vznikla v roce 2022. Je ur\u010dena p\u0159edev\u0161\u00edm student\u016fm st\u0159edn\u00edch um\u011bleck\u00fdch \u0161kol (S\u0160 a VO\u0160), kte\u0159\u00ed mohou bezplatn\u011b zaslat sv\u00e9 n\u00e1vrhy v uveden\u00fdch kategori\u00ed a tak pom\u011b\u0159it sv\u00e9 n\u00e1pady s konkurenc\u00ed sv\u00fdch vrstevn\u00edk\u016f. N\u00e1vrhy jsou n\u00e1sledn\u011b posouzeny nez\u00e1vislou porotou z \u0159ad v\u00fdtvarn\u00edk\u016f, pedagog\u016f a profesion\u00e1l\u016f z oboru.","publisher":{"@id":"https:\/\/www.design-award.cz\/#organization"},"potentialAction":[{"@type":"SearchAction","target":{"@type":"EntryPoint","urlTemplate":"https:\/\/www.design-award.cz\/?s={search_term_string}"},"query-input":{"@type":"PropertyValueSpecification","valueRequired":true,"valueName":"search_term_string"}}],"inLanguage":"cs"},{"@type":"Organization","@id":"https:\/\/www.design-award.cz\/#organization","name":"Design Award","url":"https:\/\/www.design-award.cz\/","logo":{"@type":"ImageObject","inLanguage":"cs","@id":"https:\/\/www.design-award.cz\/#\/schema\/logo\/image\/","url":"http:\/\/www.design-award.cz\/wp-content\/uploads\/2021\/12\/hornilogo_design-award.png","contentUrl":"http:\/\/www.design-award.cz\/wp-content\/uploads\/2021\/12\/hornilogo_design-award.png","width":800,"height":600,"caption":"Design Award"},"image":{"@id":"https:\/\/www.design-award.cz\/#\/schema\/logo\/image\/"},"sameAs":["https:\/\/www.instagram.com\/design_award\/"]}]}},"_links":{"self":[{"href":"https:\/\/www.design-award.cz\/index.php?rest_route=\/wp\/v2\/portfolio\/3823","targetHints":{"allow":["GET"]}}],"collection":[{"href":"https:\/\/www.design-award.cz\/index.php?rest_route=\/wp\/v2\/portfolio"}],"about":[{"href":"https:\/\/www.design-award.cz\/index.php?rest_route=\/wp\/v2\/types\/portfolio"}],"author":[{"embeddable":true,"href":"https:\/\/www.design-award.cz\/index.php?rest_route=\/wp\/v2\/users\/2"}],"replies":[{"embeddable":true,"href":"https:\/\/www.design-award.cz\/index.php?rest_route=%2Fwp%2Fv2%2Fcomments&post=3823"}],"version-history":[{"count":2,"href":"https:\/\/www.design-award.cz\/index.php?rest_route=\/wp\/v2\/portfolio\/3823\/revisions"}],"predecessor-version":[{"id":3910,"href":"https:\/\/www.design-award.cz\/index.php?rest_route=\/wp\/v2\/portfolio\/3823\/revisions\/3910"}],"wp:featuredmedia":[{"embeddable":true,"href":"https:\/\/www.design-award.cz\/index.php?rest_route=\/wp\/v2\/media\/3914"}],"wp:attachment":[{"href":"https:\/\/www.design-award.cz\/index.php?rest_route=%2Fwp%2Fv2%2Fmedia&parent=3823"}],"wp:term":[{"taxonomy":"portfolio_category","embeddable":true,"href":"https:\/\/www.design-award.cz\/index.php?rest_route=%2Fwp%2Fv2%2Fportfolio_category&post=3823"},{"taxonomy":"portfolio_tag","embeddable":true,"href":"https:\/\/www.design-award.cz\/index.php?rest_route=%2Fwp%2Fv2%2Fportfolio_tag&post=3823"}],"curies":[{"name":"wp","href":"https:\/\/api.w.org\/{rel}","templated":true}]}}