{"id":3824,"date":"2024-06-20T16:26:34","date_gmt":"2024-06-20T16:26:34","guid":{"rendered":"https:\/\/www.design-award.cz\/?post_type=portfolio&#038;p=3824"},"modified":"2024-06-20T16:28:19","modified_gmt":"2024-06-20T16:28:19","slug":"produktovy-design-vario-komoda","status":"publish","type":"portfolio","link":"https:\/\/www.design-award.cz\/?portfolio=produktovy-design-vario-komoda","title":{"rendered":"Produktov\u00fd design &#8211; Vario-komoda"},"content":{"rendered":"\n<p><strong>Maty\u00e1\u0161 Vlkovsk\u00fd<\/strong><\/p>\n\n\n\n<p>St\u0159edn\u00ed \u0161kola \u0159ezb\u00e1\u0159sk\u00e1 Tova\u010dov<\/p>\n\n\n\n<p>Mou klauzurn\u00ed prac\u00ed bylo navrhnout variabiln\u00ed, \u00falo\u017en\u00fd n\u00e1bytek. Cht\u011bl jsem dos\u00e1hnout prakti\u010dnosti, jednoduchosti a minimalistick\u00e9ho vzhledu.<br>Pracoval jsem na n\u00e1vrhu variabiln\u00ed komody, kter\u00e1 poskytuje \u00falo\u017en\u00fd prostor ve form\u011b 3 z\u00e1suvek, polic a obsahuje tak\u00e9 vykl\u00e1p\u011bc\u00ed pracovn\u00ed desku.\u00a0 V lev\u00e9m horn\u00edm rohu je prostor pro kancel\u00e1\u0159sk\u00e9 \u0161anony. Nejv\u011bt\u0161\u00ed vyu\u017eit\u00ed bude m\u00edt tato komoda v podob\u011b mal\u00e9 kancel\u00e1\u0159e, a to v r\u016fzn\u00fdch prostor\u00e1ch. Vhodn\u00e1 je jak pro dom\u00e1c\u00ed, tak firemn\u00ed vyu\u017eit\u00ed.<br>Pracovn\u00ed desku lze nastavit do t\u0159\u00ed v\u00fd\u0161kov\u00fdch poloh a mohou ji tak pou\u017e\u00edvat lid\u00e9 r\u016fzn\u00e9ho vzr\u016fstu.\u00a0 Je vhodn\u00e1 pro sezen\u00ed, ale tak\u00e9 pro pr\u00e1ci ve stoje. Pr\u00e1v\u011b tato jej\u00ed variabilita ulevuje nejv\u00edce z\u00e1d\u016fm, co\u017e ur\u010dit\u011b ocen\u00ed ti, kte\u0159\u00ed za stolem tr\u00e1v\u00ed mnoho \u010dasu. Ve stolov\u00e9 desce jsou vykl\u00e1p\u011bc\u00ed teleskopick\u00e9 nohy, kter\u00e9 zaji\u0161\u0165uj\u00ed stabilitu.<br>V komod\u011b je ulo\u017een\u00fd taburet, kter\u00fd m\u00e1 praktick\u00e9 vnit\u0159n\u00ed \u010dlen\u011bn\u00ed. Sed\u00e1k taburetu je pota\u017een bavln\u011bnou \u010dalounickou l\u00e1tkou.<br>Komoda je provedena ve \u010dty\u0159ech barevn\u00fdch variant\u00e1ch a vyrobena z lamina, pro jeho cenovou dostupnost a udr\u017eitelnost.<\/p>\n\n\n\n<figure class=\"wp-block-image size-large\"><img decoding=\"async\" width=\"768\" height=\"1024\" data-src=\"http:\/\/www.design-award.cz\/wp-content\/uploads\/2024\/06\/vario-poster_page-0001-768x1024.jpg\" alt=\"\" class=\"wp-image-3850 lazyload\" data-srcset=\"https:\/\/www.design-award.cz\/wp-content\/uploads\/2024\/06\/vario-poster_page-0001-768x1024.jpg 768w, https:\/\/www.design-award.cz\/wp-content\/uploads\/2024\/06\/vario-poster_page-0001-225x300.jpg 225w, https:\/\/www.design-award.cz\/wp-content\/uploads\/2024\/06\/vario-poster_page-0001-1152x1536.jpg 1152w, https:\/\/www.design-award.cz\/wp-content\/uploads\/2024\/06\/vario-poster_page-0001-1536x2048.jpg 1536w, https:\/\/www.design-award.cz\/wp-content\/uploads\/2024\/06\/vario-poster_page-0001-500x667.jpg 500w, https:\/\/www.design-award.cz\/wp-content\/uploads\/2024\/06\/vario-poster_page-0001-800x1067.jpg 800w, https:\/\/www.design-award.cz\/wp-content\/uploads\/2024\/06\/vario-poster_page-0001-1280x1707.jpg 1280w, https:\/\/www.design-award.cz\/wp-content\/uploads\/2024\/06\/vario-poster_page-0001-scaled.jpg 1920w\" data-sizes=\"(max-width: 768px) 100vw, 768px\" src=\"data:image\/svg+xml;base64,PHN2ZyB3aWR0aD0iMSIgaGVpZ2h0PSIxIiB4bWxucz0iaHR0cDovL3d3dy53My5vcmcvMjAwMC9zdmciPjwvc3ZnPg==\" style=\"--smush-placeholder-width: 768px; --smush-placeholder-aspect-ratio: 768\/1024;\" \/><\/figure>\n\n\n\n<figure class=\"wp-block-image size-large\"><img decoding=\"async\" width=\"1024\" height=\"576\" data-src=\"http:\/\/www.design-award.cz\/wp-content\/uploads\/2024\/06\/vario6-1024x576.jpg\" alt=\"\" class=\"wp-image-3848 lazyload\" data-srcset=\"https:\/\/www.design-award.cz\/wp-content\/uploads\/2024\/06\/vario6-1024x576.jpg 1024w, https:\/\/www.design-award.cz\/wp-content\/uploads\/2024\/06\/vario6-300x169.jpg 300w, https:\/\/www.design-award.cz\/wp-content\/uploads\/2024\/06\/vario6-768x432.jpg 768w, https:\/\/www.design-award.cz\/wp-content\/uploads\/2024\/06\/vario6-1536x864.jpg 1536w, https:\/\/www.design-award.cz\/wp-content\/uploads\/2024\/06\/vario6-500x281.jpg 500w, https:\/\/www.design-award.cz\/wp-content\/uploads\/2024\/06\/vario6-800x450.jpg 800w, https:\/\/www.design-award.cz\/wp-content\/uploads\/2024\/06\/vario6-1280x720.jpg 1280w\" data-sizes=\"(max-width: 1024px) 100vw, 1024px\" src=\"data:image\/svg+xml;base64,PHN2ZyB3aWR0aD0iMSIgaGVpZ2h0PSIxIiB4bWxucz0iaHR0cDovL3d3dy53My5vcmcvMjAwMC9zdmciPjwvc3ZnPg==\" style=\"--smush-placeholder-width: 1024px; --smush-placeholder-aspect-ratio: 1024\/576;\" \/><\/figure>\n\n\n\n<figure class=\"wp-block-image size-large\"><img decoding=\"async\" width=\"1024\" height=\"576\" data-src=\"http:\/\/www.design-award.cz\/wp-content\/uploads\/2024\/06\/vario-veci-g1-1024x576.jpg\" alt=\"\" class=\"wp-image-3851 lazyload\" data-srcset=\"https:\/\/www.design-award.cz\/wp-content\/uploads\/2024\/06\/vario-veci-g1-1024x576.jpg 1024w, https:\/\/www.design-award.cz\/wp-content\/uploads\/2024\/06\/vario-veci-g1-300x169.jpg 300w, https:\/\/www.design-award.cz\/wp-content\/uploads\/2024\/06\/vario-veci-g1-768x432.jpg 768w, https:\/\/www.design-award.cz\/wp-content\/uploads\/2024\/06\/vario-veci-g1-1536x864.jpg 1536w, https:\/\/www.design-award.cz\/wp-content\/uploads\/2024\/06\/vario-veci-g1-500x281.jpg 500w, https:\/\/www.design-award.cz\/wp-content\/uploads\/2024\/06\/vario-veci-g1-800x450.jpg 800w, https:\/\/www.design-award.cz\/wp-content\/uploads\/2024\/06\/vario-veci-g1-1280x720.jpg 1280w\" data-sizes=\"(max-width: 1024px) 100vw, 1024px\" src=\"data:image\/svg+xml;base64,PHN2ZyB3aWR0aD0iMSIgaGVpZ2h0PSIxIiB4bWxucz0iaHR0cDovL3d3dy53My5vcmcvMjAwMC9zdmciPjwvc3ZnPg==\" style=\"--smush-placeholder-width: 1024px; --smush-placeholder-aspect-ratio: 1024\/576;\" \/><\/figure>\n\n\n\n<figure class=\"wp-block-image size-large\"><img decoding=\"async\" width=\"1024\" height=\"725\" data-src=\"http:\/\/www.design-award.cz\/wp-content\/uploads\/2024\/06\/4-varianty_page-0001-1-1024x725.jpg\" alt=\"\" class=\"wp-image-3847 lazyload\" data-srcset=\"https:\/\/www.design-award.cz\/wp-content\/uploads\/2024\/06\/4-varianty_page-0001-1-1024x725.jpg 1024w, https:\/\/www.design-award.cz\/wp-content\/uploads\/2024\/06\/4-varianty_page-0001-1-300x212.jpg 300w, https:\/\/www.design-award.cz\/wp-content\/uploads\/2024\/06\/4-varianty_page-0001-1-768x543.jpg 768w, https:\/\/www.design-award.cz\/wp-content\/uploads\/2024\/06\/4-varianty_page-0001-1-1536x1087.jpg 1536w, https:\/\/www.design-award.cz\/wp-content\/uploads\/2024\/06\/4-varianty_page-0001-1-500x354.jpg 500w, https:\/\/www.design-award.cz\/wp-content\/uploads\/2024\/06\/4-varianty_page-0001-1-800x566.jpg 800w, https:\/\/www.design-award.cz\/wp-content\/uploads\/2024\/06\/4-varianty_page-0001-1-1280x906.jpg 1280w, https:\/\/www.design-award.cz\/wp-content\/uploads\/2024\/06\/4-varianty_page-0001-1.jpg 1754w\" data-sizes=\"(max-width: 1024px) 100vw, 1024px\" src=\"data:image\/svg+xml;base64,PHN2ZyB3aWR0aD0iMSIgaGVpZ2h0PSIxIiB4bWxucz0iaHR0cDovL3d3dy53My5vcmcvMjAwMC9zdmciPjwvc3ZnPg==\" style=\"--smush-placeholder-width: 1024px; --smush-placeholder-aspect-ratio: 1024\/725;\" \/><\/figure>\n\n\n\n<figure class=\"wp-block-image size-large\"><img decoding=\"async\" width=\"1024\" height=\"724\" data-src=\"http:\/\/www.design-award.cz\/wp-content\/uploads\/2024\/06\/vario-vykres_page-0001-1024x724.jpg\" alt=\"\" class=\"wp-image-3852 lazyload\" data-srcset=\"https:\/\/www.design-award.cz\/wp-content\/uploads\/2024\/06\/vario-vykres_page-0001-1024x724.jpg 1024w, https:\/\/www.design-award.cz\/wp-content\/uploads\/2024\/06\/vario-vykres_page-0001-300x212.jpg 300w, https:\/\/www.design-award.cz\/wp-content\/uploads\/2024\/06\/vario-vykres_page-0001-768x543.jpg 768w, https:\/\/www.design-award.cz\/wp-content\/uploads\/2024\/06\/vario-vykres_page-0001-1536x1086.jpg 1536w, https:\/\/www.design-award.cz\/wp-content\/uploads\/2024\/06\/vario-vykres_page-0001-2048x1448.jpg 2048w, https:\/\/www.design-award.cz\/wp-content\/uploads\/2024\/06\/vario-vykres_page-0001-500x353.jpg 500w, https:\/\/www.design-award.cz\/wp-content\/uploads\/2024\/06\/vario-vykres_page-0001-800x566.jpg 800w, https:\/\/www.design-award.cz\/wp-content\/uploads\/2024\/06\/vario-vykres_page-0001-1280x905.jpg 1280w, https:\/\/www.design-award.cz\/wp-content\/uploads\/2024\/06\/vario-vykres_page-0001-1920x1357.jpg 1920w\" data-sizes=\"(max-width: 1024px) 100vw, 1024px\" src=\"data:image\/svg+xml;base64,PHN2ZyB3aWR0aD0iMSIgaGVpZ2h0PSIxIiB4bWxucz0iaHR0cDovL3d3dy53My5vcmcvMjAwMC9zdmciPjwvc3ZnPg==\" style=\"--smush-placeholder-width: 1024px; --smush-placeholder-aspect-ratio: 1024\/724;\" \/><\/figure>\n","protected":false},"excerpt":{"rendered":"<p>Maty\u00e1\u0161 Vlkovsk\u00fd St\u0159edn\u00ed \u0161kola \u0159ezb\u00e1\u0159sk\u00e1 Tova\u010dov Mou klauzurn\u00ed prac\u00ed bylo navrhnout variabiln\u00ed, \u00falo\u017en\u00fd n\u00e1bytek. Cht\u011bl jsem dos\u00e1hnout prakti\u010dnosti, jednoduchosti a minimalistick\u00e9ho vzhledu.Pracoval jsem na n\u00e1vrhu variabiln\u00ed komody, kter\u00e1 poskytuje \u00falo\u017en\u00fd prostor ve form\u011b 3 z\u00e1suvek, polic a obsahuje tak\u00e9 vykl\u00e1p\u011bc\u00ed pracovn\u00ed desku.\u00a0 V lev\u00e9m horn\u00edm rohu je prostor pro kancel\u00e1\u0159sk\u00e9 \u0161anony. Nejv\u011bt\u0161\u00ed vyu\u017eit\u00ed bude m\u00edt [&hellip;]<\/p>\n","protected":false},"author":2,"featured_media":3849,"menu_order":0,"comment_status":"closed","ping_status":"closed","template":"","format":"standard","meta":{"ngg_post_thumbnail":0,"ocean_post_layout":"","ocean_both_sidebars_style":"","ocean_both_sidebars_content_width":0,"ocean_both_sidebars_sidebars_width":0,"ocean_sidebar":"","ocean_second_sidebar":"","ocean_disable_margins":"enable","ocean_add_body_class":"","ocean_shortcode_before_top_bar":"","ocean_shortcode_after_top_bar":"","ocean_shortcode_before_header":"","ocean_shortcode_after_header":"","ocean_has_shortcode":"","ocean_shortcode_after_title":"","ocean_shortcode_before_footer_widgets":"","ocean_shortcode_after_footer_widgets":"","ocean_shortcode_before_footer_bottom":"","ocean_shortcode_after_footer_bottom":"","ocean_display_top_bar":"default","ocean_display_header":"default","ocean_header_style":"","ocean_center_header_left_menu":"","ocean_custom_header_template":"","ocean_custom_logo":0,"ocean_custom_retina_logo":0,"ocean_custom_logo_max_width":0,"ocean_custom_logo_tablet_max_width":0,"ocean_custom_logo_mobile_max_width":0,"ocean_custom_logo_max_height":0,"ocean_custom_logo_tablet_max_height":0,"ocean_custom_logo_mobile_max_height":0,"ocean_header_custom_menu":"","ocean_menu_typo_font_family":"","ocean_menu_typo_font_subset":"","ocean_menu_typo_font_size":0,"ocean_menu_typo_font_size_tablet":0,"ocean_menu_typo_font_size_mobile":0,"ocean_menu_typo_font_size_unit":"px","ocean_menu_typo_font_weight":"","ocean_menu_typo_font_weight_tablet":"","ocean_menu_typo_font_weight_mobile":"","ocean_menu_typo_transform":"","ocean_menu_typo_transform_tablet":"","ocean_menu_typo_transform_mobile":"","ocean_menu_typo_line_height":0,"ocean_menu_typo_line_height_tablet":0,"ocean_menu_typo_line_height_mobile":0,"ocean_menu_typo_line_height_unit":"","ocean_menu_typo_spacing":0,"ocean_menu_typo_spacing_tablet":0,"ocean_menu_typo_spacing_mobile":0,"ocean_menu_typo_spacing_unit":"","ocean_menu_link_color":"","ocean_menu_link_color_hover":"","ocean_menu_link_color_active":"","ocean_menu_link_background":"","ocean_menu_link_hover_background":"","ocean_menu_link_active_background":"","ocean_menu_social_links_bg":"","ocean_menu_social_hover_links_bg":"","ocean_menu_social_links_color":"","ocean_menu_social_hover_links_color":"","ocean_disable_title":"default","ocean_disable_heading":"default","ocean_post_title":"","ocean_post_subheading":"","ocean_post_title_style":"","ocean_post_title_background_color":"","ocean_post_title_background":0,"ocean_post_title_bg_image_position":"","ocean_post_title_bg_image_attachment":"","ocean_post_title_bg_image_repeat":"","ocean_post_title_bg_image_size":"","ocean_post_title_height":0,"ocean_post_title_bg_overlay":0.5,"ocean_post_title_bg_overlay_color":"","ocean_disable_breadcrumbs":"default","ocean_breadcrumbs_color":"","ocean_breadcrumbs_separator_color":"","ocean_breadcrumbs_links_color":"","ocean_breadcrumbs_links_hover_color":"","ocean_display_footer_widgets":"default","ocean_display_footer_bottom":"default","ocean_custom_footer_template":"","_vp_format_video_url":"","_vp_image_focal_point":[],"footnotes":""},"portfolio_category":[],"portfolio_tag":[],"class_list":["post-3824","portfolio","type-portfolio","status-publish","format-standard","has-post-thumbnail","hentry","entry","has-media"],"yoast_head":"<!-- This site is optimized with the Yoast SEO plugin v25.2 - https:\/\/yoast.com\/wordpress\/plugins\/seo\/ -->\n<title>Produktov\u00fd design - Vario-komoda - design-award.cz<\/title>\n<meta name=\"robots\" content=\"index, follow, max-snippet:-1, max-image-preview:large, max-video-preview:-1\" \/>\n<link rel=\"canonical\" href=\"https:\/\/www.design-award.cz\/?portfolio=produktovy-design-vario-komoda\" \/>\n<meta property=\"og:locale\" content=\"cs_CZ\" \/>\n<meta property=\"og:type\" content=\"article\" \/>\n<meta property=\"og:title\" content=\"Produktov\u00fd design - Vario-komoda - design-award.cz\" \/>\n<meta property=\"og:description\" content=\"Maty\u00e1\u0161 Vlkovsk\u00fd St\u0159edn\u00ed \u0161kola \u0159ezb\u00e1\u0159sk\u00e1 Tova\u010dov Mou klauzurn\u00ed prac\u00ed bylo navrhnout variabiln\u00ed, \u00falo\u017en\u00fd n\u00e1bytek. Cht\u011bl jsem dos\u00e1hnout prakti\u010dnosti, jednoduchosti a minimalistick\u00e9ho vzhledu.Pracoval jsem na n\u00e1vrhu variabiln\u00ed komody, kter\u00e1 poskytuje \u00falo\u017en\u00fd prostor ve form\u011b 3 z\u00e1suvek, polic a obsahuje tak\u00e9 vykl\u00e1p\u011bc\u00ed pracovn\u00ed desku.\u00a0 V lev\u00e9m horn\u00edm rohu je prostor pro kancel\u00e1\u0159sk\u00e9 \u0161anony. Nejv\u011bt\u0161\u00ed vyu\u017eit\u00ed bude m\u00edt [&hellip;]\" \/>\n<meta property=\"og:url\" content=\"https:\/\/www.design-award.cz\/?portfolio=produktovy-design-vario-komoda\" \/>\n<meta property=\"og:site_name\" content=\"design-award.cz\" \/>\n<meta property=\"article:modified_time\" content=\"2024-06-20T16:28:19+00:00\" \/>\n<meta property=\"og:image\" content=\"http:\/\/www.design-award.cz\/wp-content\/uploads\/2024\/06\/vario-11-1024x576.jpg\" \/>\n\t<meta property=\"og:image:width\" content=\"1024\" \/>\n\t<meta property=\"og:image:height\" content=\"576\" \/>\n\t<meta property=\"og:image:type\" content=\"image\/jpeg\" \/>\n<meta name=\"twitter:card\" content=\"summary_large_image\" \/>\n<meta name=\"twitter:label1\" content=\"Odhadovan\u00e1 doba \u010dten\u00ed\" \/>\n\t<meta name=\"twitter:data1\" content=\"1 minuta\" \/>\n<script type=\"application\/ld+json\" class=\"yoast-schema-graph\">{\"@context\":\"https:\/\/schema.org\",\"@graph\":[{\"@type\":\"WebPage\",\"@id\":\"https:\/\/www.design-award.cz\/?portfolio=produktovy-design-vario-komoda\",\"url\":\"https:\/\/www.design-award.cz\/?portfolio=produktovy-design-vario-komoda\",\"name\":\"Produktov\u00fd design - Vario-komoda - design-award.cz\",\"isPartOf\":{\"@id\":\"https:\/\/www.design-award.cz\/#website\"},\"primaryImageOfPage\":{\"@id\":\"https:\/\/www.design-award.cz\/?portfolio=produktovy-design-vario-komoda#primaryimage\"},\"image\":{\"@id\":\"https:\/\/www.design-award.cz\/?portfolio=produktovy-design-vario-komoda#primaryimage\"},\"thumbnailUrl\":\"https:\/\/www.design-award.cz\/wp-content\/uploads\/2024\/06\/vario-11.jpg\",\"datePublished\":\"2024-06-20T16:26:34+00:00\",\"dateModified\":\"2024-06-20T16:28:19+00:00\",\"breadcrumb\":{\"@id\":\"https:\/\/www.design-award.cz\/?portfolio=produktovy-design-vario-komoda#breadcrumb\"},\"inLanguage\":\"cs\",\"potentialAction\":[{\"@type\":\"ReadAction\",\"target\":[\"https:\/\/www.design-award.cz\/?portfolio=produktovy-design-vario-komoda\"]}]},{\"@type\":\"ImageObject\",\"inLanguage\":\"cs\",\"@id\":\"https:\/\/www.design-award.cz\/?portfolio=produktovy-design-vario-komoda#primaryimage\",\"url\":\"https:\/\/www.design-award.cz\/wp-content\/uploads\/2024\/06\/vario-11.jpg\",\"contentUrl\":\"https:\/\/www.design-award.cz\/wp-content\/uploads\/2024\/06\/vario-11.jpg\",\"width\":8889,\"height\":5000},{\"@type\":\"BreadcrumbList\",\"@id\":\"https:\/\/www.design-award.cz\/?portfolio=produktovy-design-vario-komoda#breadcrumb\",\"itemListElement\":[{\"@type\":\"ListItem\",\"position\":1,\"name\":\"Dom\u016f\",\"item\":\"https:\/\/www.design-award.cz\/\"},{\"@type\":\"ListItem\",\"position\":2,\"name\":\"Portfolio Items\",\"item\":\"https:\/\/www.design-award.cz\/?post_type=portfolio\"},{\"@type\":\"ListItem\",\"position\":3,\"name\":\"Produktov\u00fd design &#8211; Vario-komoda\"}]},{\"@type\":\"WebSite\",\"@id\":\"https:\/\/www.design-award.cz\/#website\",\"url\":\"https:\/\/www.design-award.cz\/\",\"name\":\"design-award.cz\",\"description\":\"WARD vznikla v roce 2022. Je ur\u010dena p\u0159edev\u0161\u00edm student\u016fm st\u0159edn\u00edch um\u011bleck\u00fdch \u0161kol (S\u0160 a VO\u0160), kte\u0159\u00ed mohou bezplatn\u011b zaslat sv\u00e9 n\u00e1vrhy v uveden\u00fdch kategori\u00ed a tak pom\u011b\u0159it sv\u00e9 n\u00e1pady s konkurenc\u00ed sv\u00fdch vrstevn\u00edk\u016f. N\u00e1vrhy jsou n\u00e1sledn\u011b posouzeny nez\u00e1vislou porotou z \u0159ad v\u00fdtvarn\u00edk\u016f, pedagog\u016f a profesion\u00e1l\u016f z oboru.\",\"publisher\":{\"@id\":\"https:\/\/www.design-award.cz\/#organization\"},\"potentialAction\":[{\"@type\":\"SearchAction\",\"target\":{\"@type\":\"EntryPoint\",\"urlTemplate\":\"https:\/\/www.design-award.cz\/?s={search_term_string}\"},\"query-input\":{\"@type\":\"PropertyValueSpecification\",\"valueRequired\":true,\"valueName\":\"search_term_string\"}}],\"inLanguage\":\"cs\"},{\"@type\":\"Organization\",\"@id\":\"https:\/\/www.design-award.cz\/#organization\",\"name\":\"Design Award\",\"url\":\"https:\/\/www.design-award.cz\/\",\"logo\":{\"@type\":\"ImageObject\",\"inLanguage\":\"cs\",\"@id\":\"https:\/\/www.design-award.cz\/#\/schema\/logo\/image\/\",\"url\":\"http:\/\/www.design-award.cz\/wp-content\/uploads\/2021\/12\/hornilogo_design-award.png\",\"contentUrl\":\"http:\/\/www.design-award.cz\/wp-content\/uploads\/2021\/12\/hornilogo_design-award.png\",\"width\":800,\"height\":600,\"caption\":\"Design Award\"},\"image\":{\"@id\":\"https:\/\/www.design-award.cz\/#\/schema\/logo\/image\/\"},\"sameAs\":[\"https:\/\/www.instagram.com\/design_award\/\"]}]}<\/script>\n<!-- \/ Yoast SEO plugin. -->","yoast_head_json":{"title":"Produktov\u00fd design - Vario-komoda - design-award.cz","robots":{"index":"index","follow":"follow","max-snippet":"max-snippet:-1","max-image-preview":"max-image-preview:large","max-video-preview":"max-video-preview:-1"},"canonical":"https:\/\/www.design-award.cz\/?portfolio=produktovy-design-vario-komoda","og_locale":"cs_CZ","og_type":"article","og_title":"Produktov\u00fd design - Vario-komoda - design-award.cz","og_description":"Maty\u00e1\u0161 Vlkovsk\u00fd St\u0159edn\u00ed \u0161kola \u0159ezb\u00e1\u0159sk\u00e1 Tova\u010dov Mou klauzurn\u00ed prac\u00ed bylo navrhnout variabiln\u00ed, \u00falo\u017en\u00fd n\u00e1bytek. Cht\u011bl jsem dos\u00e1hnout prakti\u010dnosti, jednoduchosti a minimalistick\u00e9ho vzhledu.Pracoval jsem na n\u00e1vrhu variabiln\u00ed komody, kter\u00e1 poskytuje \u00falo\u017en\u00fd prostor ve form\u011b 3 z\u00e1suvek, polic a obsahuje tak\u00e9 vykl\u00e1p\u011bc\u00ed pracovn\u00ed desku.\u00a0 V lev\u00e9m horn\u00edm rohu je prostor pro kancel\u00e1\u0159sk\u00e9 \u0161anony. Nejv\u011bt\u0161\u00ed vyu\u017eit\u00ed bude m\u00edt [&hellip;]","og_url":"https:\/\/www.design-award.cz\/?portfolio=produktovy-design-vario-komoda","og_site_name":"design-award.cz","article_modified_time":"2024-06-20T16:28:19+00:00","og_image":[{"width":1024,"height":576,"url":"http:\/\/www.design-award.cz\/wp-content\/uploads\/2024\/06\/vario-11-1024x576.jpg","type":"image\/jpeg"}],"twitter_card":"summary_large_image","twitter_misc":{"Odhadovan\u00e1 doba \u010dten\u00ed":"1 minuta"},"schema":{"@context":"https:\/\/schema.org","@graph":[{"@type":"WebPage","@id":"https:\/\/www.design-award.cz\/?portfolio=produktovy-design-vario-komoda","url":"https:\/\/www.design-award.cz\/?portfolio=produktovy-design-vario-komoda","name":"Produktov\u00fd design - Vario-komoda - design-award.cz","isPartOf":{"@id":"https:\/\/www.design-award.cz\/#website"},"primaryImageOfPage":{"@id":"https:\/\/www.design-award.cz\/?portfolio=produktovy-design-vario-komoda#primaryimage"},"image":{"@id":"https:\/\/www.design-award.cz\/?portfolio=produktovy-design-vario-komoda#primaryimage"},"thumbnailUrl":"https:\/\/www.design-award.cz\/wp-content\/uploads\/2024\/06\/vario-11.jpg","datePublished":"2024-06-20T16:26:34+00:00","dateModified":"2024-06-20T16:28:19+00:00","breadcrumb":{"@id":"https:\/\/www.design-award.cz\/?portfolio=produktovy-design-vario-komoda#breadcrumb"},"inLanguage":"cs","potentialAction":[{"@type":"ReadAction","target":["https:\/\/www.design-award.cz\/?portfolio=produktovy-design-vario-komoda"]}]},{"@type":"ImageObject","inLanguage":"cs","@id":"https:\/\/www.design-award.cz\/?portfolio=produktovy-design-vario-komoda#primaryimage","url":"https:\/\/www.design-award.cz\/wp-content\/uploads\/2024\/06\/vario-11.jpg","contentUrl":"https:\/\/www.design-award.cz\/wp-content\/uploads\/2024\/06\/vario-11.jpg","width":8889,"height":5000},{"@type":"BreadcrumbList","@id":"https:\/\/www.design-award.cz\/?portfolio=produktovy-design-vario-komoda#breadcrumb","itemListElement":[{"@type":"ListItem","position":1,"name":"Dom\u016f","item":"https:\/\/www.design-award.cz\/"},{"@type":"ListItem","position":2,"name":"Portfolio Items","item":"https:\/\/www.design-award.cz\/?post_type=portfolio"},{"@type":"ListItem","position":3,"name":"Produktov\u00fd design &#8211; Vario-komoda"}]},{"@type":"WebSite","@id":"https:\/\/www.design-award.cz\/#website","url":"https:\/\/www.design-award.cz\/","name":"design-award.cz","description":"WARD vznikla v roce 2022. Je ur\u010dena p\u0159edev\u0161\u00edm student\u016fm st\u0159edn\u00edch um\u011bleck\u00fdch \u0161kol (S\u0160 a VO\u0160), kte\u0159\u00ed mohou bezplatn\u011b zaslat sv\u00e9 n\u00e1vrhy v uveden\u00fdch kategori\u00ed a tak pom\u011b\u0159it sv\u00e9 n\u00e1pady s konkurenc\u00ed sv\u00fdch vrstevn\u00edk\u016f. N\u00e1vrhy jsou n\u00e1sledn\u011b posouzeny nez\u00e1vislou porotou z \u0159ad v\u00fdtvarn\u00edk\u016f, pedagog\u016f a profesion\u00e1l\u016f z oboru.","publisher":{"@id":"https:\/\/www.design-award.cz\/#organization"},"potentialAction":[{"@type":"SearchAction","target":{"@type":"EntryPoint","urlTemplate":"https:\/\/www.design-award.cz\/?s={search_term_string}"},"query-input":{"@type":"PropertyValueSpecification","valueRequired":true,"valueName":"search_term_string"}}],"inLanguage":"cs"},{"@type":"Organization","@id":"https:\/\/www.design-award.cz\/#organization","name":"Design Award","url":"https:\/\/www.design-award.cz\/","logo":{"@type":"ImageObject","inLanguage":"cs","@id":"https:\/\/www.design-award.cz\/#\/schema\/logo\/image\/","url":"http:\/\/www.design-award.cz\/wp-content\/uploads\/2021\/12\/hornilogo_design-award.png","contentUrl":"http:\/\/www.design-award.cz\/wp-content\/uploads\/2021\/12\/hornilogo_design-award.png","width":800,"height":600,"caption":"Design Award"},"image":{"@id":"https:\/\/www.design-award.cz\/#\/schema\/logo\/image\/"},"sameAs":["https:\/\/www.instagram.com\/design_award\/"]}]}},"_links":{"self":[{"href":"https:\/\/www.design-award.cz\/index.php?rest_route=\/wp\/v2\/portfolio\/3824","targetHints":{"allow":["GET"]}}],"collection":[{"href":"https:\/\/www.design-award.cz\/index.php?rest_route=\/wp\/v2\/portfolio"}],"about":[{"href":"https:\/\/www.design-award.cz\/index.php?rest_route=\/wp\/v2\/types\/portfolio"}],"author":[{"embeddable":true,"href":"https:\/\/www.design-award.cz\/index.php?rest_route=\/wp\/v2\/users\/2"}],"replies":[{"embeddable":true,"href":"https:\/\/www.design-award.cz\/index.php?rest_route=%2Fwp%2Fv2%2Fcomments&post=3824"}],"version-history":[{"count":1,"href":"https:\/\/www.design-award.cz\/index.php?rest_route=\/wp\/v2\/portfolio\/3824\/revisions"}],"predecessor-version":[{"id":3857,"href":"https:\/\/www.design-award.cz\/index.php?rest_route=\/wp\/v2\/portfolio\/3824\/revisions\/3857"}],"wp:featuredmedia":[{"embeddable":true,"href":"https:\/\/www.design-award.cz\/index.php?rest_route=\/wp\/v2\/media\/3849"}],"wp:attachment":[{"href":"https:\/\/www.design-award.cz\/index.php?rest_route=%2Fwp%2Fv2%2Fmedia&parent=3824"}],"wp:term":[{"taxonomy":"portfolio_category","embeddable":true,"href":"https:\/\/www.design-award.cz\/index.php?rest_route=%2Fwp%2Fv2%2Fportfolio_category&post=3824"},{"taxonomy":"portfolio_tag","embeddable":true,"href":"https:\/\/www.design-award.cz\/index.php?rest_route=%2Fwp%2Fv2%2Fportfolio_tag&post=3824"}],"curies":[{"name":"wp","href":"https:\/\/api.w.org\/{rel}","templated":true}]}}