{"id":3985,"date":"2024-06-28T20:25:00","date_gmt":"2024-06-28T20:25:00","guid":{"rendered":"https:\/\/www.design-award.cz\/?post_type=portfolio&#038;p=3985"},"modified":"2024-06-28T20:25:01","modified_gmt":"2024-06-28T20:25:01","slug":"produktovy-design-ceska-tradice-trochu-jinak","status":"publish","type":"portfolio","link":"https:\/\/www.design-award.cz\/?portfolio=produktovy-design-ceska-tradice-trochu-jinak","title":{"rendered":"Produktov\u00fd design &#8211; \u010cesk\u00e1 tradice trochu jinak"},"content":{"rendered":"\n<p><strong>Pavel \u010cepl<\/strong><\/p>\n\n\n\n<p>Akademie Sv\u011btl\u00e1 nad S\u00e1zavou, st\u0159edn\u00ed \u0161kola a vy\u0161\u0161\u00ed odborn\u00e1 \u0161kola<\/p>\n\n\n\n<p>Mimo tvorbu ve \u0161kole jsem v\u00e1\u0161niv\u00fd motork\u00e1\u0159 a ve sv\u00e9m voln\u00e9m \u010dase opravuji a sestavuji motorky. Zadan\u00e9 t\u00e9ma bylo \u010cesk\u00e1 tradice a kor\u00e1lek (kv\u016fli vyu\u017eit\u00ed kor\u00e1lk\u016f z Preciosa), realizace m\u011bla b\u00fdt z materi\u00e1lu sklo. Hlavn\u00ed my\u0161lenka, kter\u00e1 stoj\u00ed za t\u00edmto v\u00fdrobkem, je p\u0159edev\u0161\u00edm hled\u00e1n\u00ed nov\u00fdch vyu\u017eit\u00ed u v\u011bc\u00ed, kter\u00e9 sv\u016fj \u00fa\u010del ztratily, jedn\u00e1 se tedy o upcyklaci, kter\u00e1 je nezbytn\u00e1 pro redukov\u00e1n\u00ed odpadn\u00edch materi\u00e1l\u016f na na\u0161\u00ed planet\u011b. Rozhodl jsem se vytvo\u0159it formu z pou\u017eit\u00fdch lo\u017eisek z motorek, kter\u00e9 ji\u017e nemaj\u00ed vyu\u017eit\u00ed. Do t\u00e9to formy se vyfoukly dv\u011b v\u00e1zy, kter\u00e9 se n\u00e1sledn\u011b vyndaly a u posledn\u00edho, nejv\u011bt\u0161\u00edho kusu z\u016fstala kovov\u00e1 forma sou\u010d\u00e1st\u00ed. Vznikla tak men\u0161\u00ed kolekce, kde je ka\u017ed\u00e1 v\u00e1za unik\u00e1tn\u00ed sv\u00fdm tvarem, kter\u00fd se ned\u00e1 p\u0159esn\u011b zopakovat.<\/p>\n\n\n\n<figure class=\"wp-block-image size-large\"><img decoding=\"async\" width=\"698\" height=\"1024\" data-src=\"http:\/\/www.design-award.cz\/wp-content\/uploads\/2024\/06\/Pavel-Cepl_hlavni-vaza-698x1024.jpg\" alt=\"\" class=\"wp-image-4038 lazyload\" data-srcset=\"https:\/\/www.design-award.cz\/wp-content\/uploads\/2024\/06\/Pavel-Cepl_hlavni-vaza-698x1024.jpg 698w, https:\/\/www.design-award.cz\/wp-content\/uploads\/2024\/06\/Pavel-Cepl_hlavni-vaza-204x300.jpg 204w, https:\/\/www.design-award.cz\/wp-content\/uploads\/2024\/06\/Pavel-Cepl_hlavni-vaza-768x1127.jpg 768w, https:\/\/www.design-award.cz\/wp-content\/uploads\/2024\/06\/Pavel-Cepl_hlavni-vaza-1046x1536.jpg 1046w, https:\/\/www.design-award.cz\/wp-content\/uploads\/2024\/06\/Pavel-Cepl_hlavni-vaza-1395x2048.jpg 1395w, https:\/\/www.design-award.cz\/wp-content\/uploads\/2024\/06\/Pavel-Cepl_hlavni-vaza-500x734.jpg 500w, https:\/\/www.design-award.cz\/wp-content\/uploads\/2024\/06\/Pavel-Cepl_hlavni-vaza-800x1174.jpg 800w, https:\/\/www.design-award.cz\/wp-content\/uploads\/2024\/06\/Pavel-Cepl_hlavni-vaza-1280x1879.jpg 1280w, https:\/\/www.design-award.cz\/wp-content\/uploads\/2024\/06\/Pavel-Cepl_hlavni-vaza-1920x2818.jpg 1920w, https:\/\/www.design-award.cz\/wp-content\/uploads\/2024\/06\/Pavel-Cepl_hlavni-vaza-scaled.jpg 1744w\" data-sizes=\"(max-width: 698px) 100vw, 698px\" src=\"data:image\/svg+xml;base64,PHN2ZyB3aWR0aD0iMSIgaGVpZ2h0PSIxIiB4bWxucz0iaHR0cDovL3d3dy53My5vcmcvMjAwMC9zdmciPjwvc3ZnPg==\" style=\"--smush-placeholder-width: 698px; --smush-placeholder-aspect-ratio: 698\/1024;\" \/><\/figure>\n\n\n\n<figure class=\"wp-block-image size-large is-resized\"><img decoding=\"async\" width=\"731\" height=\"1024\" data-src=\"http:\/\/www.design-award.cz\/wp-content\/uploads\/2024\/06\/Pavel-Cepl_detail-731x1024.jpg\" alt=\"\" class=\"wp-image-4037 lazyload\" style=\"--smush-placeholder-width: 731px; --smush-placeholder-aspect-ratio: 731\/1024;width:840px;height:auto\" data-srcset=\"https:\/\/www.design-award.cz\/wp-content\/uploads\/2024\/06\/Pavel-Cepl_detail-731x1024.jpg 731w, https:\/\/www.design-award.cz\/wp-content\/uploads\/2024\/06\/Pavel-Cepl_detail-214x300.jpg 214w, https:\/\/www.design-award.cz\/wp-content\/uploads\/2024\/06\/Pavel-Cepl_detail-768x1075.jpg 768w, https:\/\/www.design-award.cz\/wp-content\/uploads\/2024\/06\/Pavel-Cepl_detail-1097x1536.jpg 1097w, https:\/\/www.design-award.cz\/wp-content\/uploads\/2024\/06\/Pavel-Cepl_detail-1463x2048.jpg 1463w, https:\/\/www.design-award.cz\/wp-content\/uploads\/2024\/06\/Pavel-Cepl_detail-500x700.jpg 500w, https:\/\/www.design-award.cz\/wp-content\/uploads\/2024\/06\/Pavel-Cepl_detail-800x1120.jpg 800w, https:\/\/www.design-award.cz\/wp-content\/uploads\/2024\/06\/Pavel-Cepl_detail-1280x1792.jpg 1280w, https:\/\/www.design-award.cz\/wp-content\/uploads\/2024\/06\/Pavel-Cepl_detail-1920x2688.jpg 1920w, https:\/\/www.design-award.cz\/wp-content\/uploads\/2024\/06\/Pavel-Cepl_detail-scaled.jpg 1828w\" data-sizes=\"(max-width: 731px) 100vw, 731px\" src=\"data:image\/svg+xml;base64,PHN2ZyB3aWR0aD0iMSIgaGVpZ2h0PSIxIiB4bWxucz0iaHR0cDovL3d3dy53My5vcmcvMjAwMC9zdmciPjwvc3ZnPg==\" \/><\/figure>\n\n\n\n<figure class=\"wp-block-image size-large\"><img decoding=\"async\" width=\"1024\" height=\"652\" data-src=\"http:\/\/www.design-award.cz\/wp-content\/uploads\/2024\/06\/Pavel-Cepl_technicky-vykres-1024x652.jpg\" alt=\"\" class=\"wp-image-4039 lazyload\" data-srcset=\"https:\/\/www.design-award.cz\/wp-content\/uploads\/2024\/06\/Pavel-Cepl_technicky-vykres-1024x652.jpg 1024w, https:\/\/www.design-award.cz\/wp-content\/uploads\/2024\/06\/Pavel-Cepl_technicky-vykres-300x191.jpg 300w, https:\/\/www.design-award.cz\/wp-content\/uploads\/2024\/06\/Pavel-Cepl_technicky-vykres-768x489.jpg 768w, https:\/\/www.design-award.cz\/wp-content\/uploads\/2024\/06\/Pavel-Cepl_technicky-vykres-1536x978.jpg 1536w, https:\/\/www.design-award.cz\/wp-content\/uploads\/2024\/06\/Pavel-Cepl_technicky-vykres-2048x1304.jpg 2048w, https:\/\/www.design-award.cz\/wp-content\/uploads\/2024\/06\/Pavel-Cepl_technicky-vykres-500x318.jpg 500w, https:\/\/www.design-award.cz\/wp-content\/uploads\/2024\/06\/Pavel-Cepl_technicky-vykres-800x509.jpg 800w, https:\/\/www.design-award.cz\/wp-content\/uploads\/2024\/06\/Pavel-Cepl_technicky-vykres-1280x815.jpg 1280w, https:\/\/www.design-award.cz\/wp-content\/uploads\/2024\/06\/Pavel-Cepl_technicky-vykres-1920x1222.jpg 1920w\" data-sizes=\"(max-width: 1024px) 100vw, 1024px\" src=\"data:image\/svg+xml;base64,PHN2ZyB3aWR0aD0iMSIgaGVpZ2h0PSIxIiB4bWxucz0iaHR0cDovL3d3dy53My5vcmcvMjAwMC9zdmciPjwvc3ZnPg==\" style=\"--smush-placeholder-width: 1024px; --smush-placeholder-aspect-ratio: 1024\/652;\" \/><\/figure>\n","protected":false},"excerpt":{"rendered":"<p>Pavel \u010cepl Akademie Sv\u011btl\u00e1 nad S\u00e1zavou, st\u0159edn\u00ed \u0161kola a vy\u0161\u0161\u00ed odborn\u00e1 \u0161kola Mimo tvorbu ve \u0161kole jsem v\u00e1\u0161niv\u00fd motork\u00e1\u0159 a ve sv\u00e9m voln\u00e9m \u010dase opravuji a sestavuji motorky. Zadan\u00e9 t\u00e9ma bylo \u010cesk\u00e1 tradice a kor\u00e1lek (kv\u016fli vyu\u017eit\u00ed kor\u00e1lk\u016f z Preciosa), realizace m\u011bla b\u00fdt z materi\u00e1lu sklo. Hlavn\u00ed my\u0161lenka, kter\u00e1 stoj\u00ed za t\u00edmto v\u00fdrobkem, je p\u0159edev\u0161\u00edm [&hellip;]<\/p>\n","protected":false},"author":2,"featured_media":4036,"menu_order":0,"comment_status":"closed","ping_status":"closed","template":"","format":"standard","meta":{"ngg_post_thumbnail":0,"ocean_post_layout":"","ocean_both_sidebars_style":"","ocean_both_sidebars_content_width":0,"ocean_both_sidebars_sidebars_width":0,"ocean_sidebar":"","ocean_second_sidebar":"","ocean_disable_margins":"enable","ocean_add_body_class":"","ocean_shortcode_before_top_bar":"","ocean_shortcode_after_top_bar":"","ocean_shortcode_before_header":"","ocean_shortcode_after_header":"","ocean_has_shortcode":"","ocean_shortcode_after_title":"","ocean_shortcode_before_footer_widgets":"","ocean_shortcode_after_footer_widgets":"","ocean_shortcode_before_footer_bottom":"","ocean_shortcode_after_footer_bottom":"","ocean_display_top_bar":"default","ocean_display_header":"default","ocean_header_style":"","ocean_center_header_left_menu":"","ocean_custom_header_template":"","ocean_custom_logo":0,"ocean_custom_retina_logo":0,"ocean_custom_logo_max_width":0,"ocean_custom_logo_tablet_max_width":0,"ocean_custom_logo_mobile_max_width":0,"ocean_custom_logo_max_height":0,"ocean_custom_logo_tablet_max_height":0,"ocean_custom_logo_mobile_max_height":0,"ocean_header_custom_menu":"","ocean_menu_typo_font_family":"","ocean_menu_typo_font_subset":"","ocean_menu_typo_font_size":0,"ocean_menu_typo_font_size_tablet":0,"ocean_menu_typo_font_size_mobile":0,"ocean_menu_typo_font_size_unit":"px","ocean_menu_typo_font_weight":"","ocean_menu_typo_font_weight_tablet":"","ocean_menu_typo_font_weight_mobile":"","ocean_menu_typo_transform":"","ocean_menu_typo_transform_tablet":"","ocean_menu_typo_transform_mobile":"","ocean_menu_typo_line_height":0,"ocean_menu_typo_line_height_tablet":0,"ocean_menu_typo_line_height_mobile":0,"ocean_menu_typo_line_height_unit":"","ocean_menu_typo_spacing":0,"ocean_menu_typo_spacing_tablet":0,"ocean_menu_typo_spacing_mobile":0,"ocean_menu_typo_spacing_unit":"","ocean_menu_link_color":"","ocean_menu_link_color_hover":"","ocean_menu_link_color_active":"","ocean_menu_link_background":"","ocean_menu_link_hover_background":"","ocean_menu_link_active_background":"","ocean_menu_social_links_bg":"","ocean_menu_social_hover_links_bg":"","ocean_menu_social_links_color":"","ocean_menu_social_hover_links_color":"","ocean_disable_title":"default","ocean_disable_heading":"default","ocean_post_title":"","ocean_post_subheading":"","ocean_post_title_style":"","ocean_post_title_background_color":"","ocean_post_title_background":0,"ocean_post_title_bg_image_position":"","ocean_post_title_bg_image_attachment":"","ocean_post_title_bg_image_repeat":"","ocean_post_title_bg_image_size":"","ocean_post_title_height":0,"ocean_post_title_bg_overlay":0.5,"ocean_post_title_bg_overlay_color":"","ocean_disable_breadcrumbs":"default","ocean_breadcrumbs_color":"","ocean_breadcrumbs_separator_color":"","ocean_breadcrumbs_links_color":"","ocean_breadcrumbs_links_hover_color":"","ocean_display_footer_widgets":"default","ocean_display_footer_bottom":"default","ocean_custom_footer_template":"","_vp_format_video_url":"","_vp_image_focal_point":[],"footnotes":""},"portfolio_category":[],"portfolio_tag":[],"class_list":["post-3985","portfolio","type-portfolio","status-publish","format-standard","has-post-thumbnail","hentry","entry","has-media"],"yoast_head":"<!-- This site is optimized with the Yoast SEO plugin v25.2 - https:\/\/yoast.com\/wordpress\/plugins\/seo\/ -->\n<title>Produktov\u00fd design - \u010cesk\u00e1 tradice trochu jinak - design-award.cz<\/title>\n<meta name=\"robots\" content=\"index, follow, max-snippet:-1, max-image-preview:large, max-video-preview:-1\" \/>\n<link rel=\"canonical\" href=\"https:\/\/www.design-award.cz\/?portfolio=produktovy-design-ceska-tradice-trochu-jinak\" \/>\n<meta property=\"og:locale\" content=\"cs_CZ\" \/>\n<meta property=\"og:type\" content=\"article\" \/>\n<meta property=\"og:title\" content=\"Produktov\u00fd design - \u010cesk\u00e1 tradice trochu jinak - design-award.cz\" \/>\n<meta property=\"og:description\" content=\"Pavel \u010cepl Akademie Sv\u011btl\u00e1 nad S\u00e1zavou, st\u0159edn\u00ed \u0161kola a vy\u0161\u0161\u00ed odborn\u00e1 \u0161kola Mimo tvorbu ve \u0161kole jsem v\u00e1\u0161niv\u00fd motork\u00e1\u0159 a ve sv\u00e9m voln\u00e9m \u010dase opravuji a sestavuji motorky. Zadan\u00e9 t\u00e9ma bylo \u010cesk\u00e1 tradice a kor\u00e1lek (kv\u016fli vyu\u017eit\u00ed kor\u00e1lk\u016f z Preciosa), realizace m\u011bla b\u00fdt z materi\u00e1lu sklo. Hlavn\u00ed my\u0161lenka, kter\u00e1 stoj\u00ed za t\u00edmto v\u00fdrobkem, je p\u0159edev\u0161\u00edm [&hellip;]\" \/>\n<meta property=\"og:url\" content=\"https:\/\/www.design-award.cz\/?portfolio=produktovy-design-ceska-tradice-trochu-jinak\" \/>\n<meta property=\"og:site_name\" content=\"design-award.cz\" \/>\n<meta property=\"article:modified_time\" content=\"2024-06-28T20:25:01+00:00\" \/>\n<meta property=\"og:image\" content=\"http:\/\/www.design-award.cz\/wp-content\/uploads\/2024\/06\/Pavel-Cepl_trojice-scaled.jpg\" \/>\n\t<meta property=\"og:image:width\" content=\"2151\" \/>\n\t<meta property=\"og:image:height\" content=\"2560\" \/>\n\t<meta property=\"og:image:type\" content=\"image\/jpeg\" \/>\n<meta name=\"twitter:card\" content=\"summary_large_image\" \/>\n<meta name=\"twitter:label1\" content=\"Odhadovan\u00e1 doba \u010dten\u00ed\" \/>\n\t<meta name=\"twitter:data1\" content=\"1 minuta\" \/>\n<script type=\"application\/ld+json\" class=\"yoast-schema-graph\">{\"@context\":\"https:\/\/schema.org\",\"@graph\":[{\"@type\":\"WebPage\",\"@id\":\"https:\/\/www.design-award.cz\/?portfolio=produktovy-design-ceska-tradice-trochu-jinak\",\"url\":\"https:\/\/www.design-award.cz\/?portfolio=produktovy-design-ceska-tradice-trochu-jinak\",\"name\":\"Produktov\u00fd design - \u010cesk\u00e1 tradice trochu jinak - design-award.cz\",\"isPartOf\":{\"@id\":\"https:\/\/www.design-award.cz\/#website\"},\"primaryImageOfPage\":{\"@id\":\"https:\/\/www.design-award.cz\/?portfolio=produktovy-design-ceska-tradice-trochu-jinak#primaryimage\"},\"image\":{\"@id\":\"https:\/\/www.design-award.cz\/?portfolio=produktovy-design-ceska-tradice-trochu-jinak#primaryimage\"},\"thumbnailUrl\":\"https:\/\/www.design-award.cz\/wp-content\/uploads\/2024\/06\/Pavel-Cepl_trojice-scaled.jpg\",\"datePublished\":\"2024-06-28T20:25:00+00:00\",\"dateModified\":\"2024-06-28T20:25:01+00:00\",\"breadcrumb\":{\"@id\":\"https:\/\/www.design-award.cz\/?portfolio=produktovy-design-ceska-tradice-trochu-jinak#breadcrumb\"},\"inLanguage\":\"cs\",\"potentialAction\":[{\"@type\":\"ReadAction\",\"target\":[\"https:\/\/www.design-award.cz\/?portfolio=produktovy-design-ceska-tradice-trochu-jinak\"]}]},{\"@type\":\"ImageObject\",\"inLanguage\":\"cs\",\"@id\":\"https:\/\/www.design-award.cz\/?portfolio=produktovy-design-ceska-tradice-trochu-jinak#primaryimage\",\"url\":\"https:\/\/www.design-award.cz\/wp-content\/uploads\/2024\/06\/Pavel-Cepl_trojice-scaled.jpg\",\"contentUrl\":\"https:\/\/www.design-award.cz\/wp-content\/uploads\/2024\/06\/Pavel-Cepl_trojice-scaled.jpg\",\"width\":2151,\"height\":2560},{\"@type\":\"BreadcrumbList\",\"@id\":\"https:\/\/www.design-award.cz\/?portfolio=produktovy-design-ceska-tradice-trochu-jinak#breadcrumb\",\"itemListElement\":[{\"@type\":\"ListItem\",\"position\":1,\"name\":\"Dom\u016f\",\"item\":\"https:\/\/www.design-award.cz\/\"},{\"@type\":\"ListItem\",\"position\":2,\"name\":\"Portfolio Items\",\"item\":\"https:\/\/www.design-award.cz\/?post_type=portfolio\"},{\"@type\":\"ListItem\",\"position\":3,\"name\":\"Produktov\u00fd design &#8211; \u010cesk\u00e1 tradice trochu jinak\"}]},{\"@type\":\"WebSite\",\"@id\":\"https:\/\/www.design-award.cz\/#website\",\"url\":\"https:\/\/www.design-award.cz\/\",\"name\":\"design-award.cz\",\"description\":\"WARD vznikla v roce 2022. Je ur\u010dena p\u0159edev\u0161\u00edm student\u016fm st\u0159edn\u00edch um\u011bleck\u00fdch \u0161kol (S\u0160 a VO\u0160), kte\u0159\u00ed mohou bezplatn\u011b zaslat sv\u00e9 n\u00e1vrhy v uveden\u00fdch kategori\u00ed a tak pom\u011b\u0159it sv\u00e9 n\u00e1pady s konkurenc\u00ed sv\u00fdch vrstevn\u00edk\u016f. N\u00e1vrhy jsou n\u00e1sledn\u011b posouzeny nez\u00e1vislou porotou z \u0159ad v\u00fdtvarn\u00edk\u016f, pedagog\u016f a profesion\u00e1l\u016f z oboru.\",\"publisher\":{\"@id\":\"https:\/\/www.design-award.cz\/#organization\"},\"potentialAction\":[{\"@type\":\"SearchAction\",\"target\":{\"@type\":\"EntryPoint\",\"urlTemplate\":\"https:\/\/www.design-award.cz\/?s={search_term_string}\"},\"query-input\":{\"@type\":\"PropertyValueSpecification\",\"valueRequired\":true,\"valueName\":\"search_term_string\"}}],\"inLanguage\":\"cs\"},{\"@type\":\"Organization\",\"@id\":\"https:\/\/www.design-award.cz\/#organization\",\"name\":\"Design Award\",\"url\":\"https:\/\/www.design-award.cz\/\",\"logo\":{\"@type\":\"ImageObject\",\"inLanguage\":\"cs\",\"@id\":\"https:\/\/www.design-award.cz\/#\/schema\/logo\/image\/\",\"url\":\"http:\/\/www.design-award.cz\/wp-content\/uploads\/2021\/12\/hornilogo_design-award.png\",\"contentUrl\":\"http:\/\/www.design-award.cz\/wp-content\/uploads\/2021\/12\/hornilogo_design-award.png\",\"width\":800,\"height\":600,\"caption\":\"Design Award\"},\"image\":{\"@id\":\"https:\/\/www.design-award.cz\/#\/schema\/logo\/image\/\"},\"sameAs\":[\"https:\/\/www.instagram.com\/design_award\/\"]}]}<\/script>\n<!-- \/ Yoast SEO plugin. -->","yoast_head_json":{"title":"Produktov\u00fd design - \u010cesk\u00e1 tradice trochu jinak - design-award.cz","robots":{"index":"index","follow":"follow","max-snippet":"max-snippet:-1","max-image-preview":"max-image-preview:large","max-video-preview":"max-video-preview:-1"},"canonical":"https:\/\/www.design-award.cz\/?portfolio=produktovy-design-ceska-tradice-trochu-jinak","og_locale":"cs_CZ","og_type":"article","og_title":"Produktov\u00fd design - \u010cesk\u00e1 tradice trochu jinak - design-award.cz","og_description":"Pavel \u010cepl Akademie Sv\u011btl\u00e1 nad S\u00e1zavou, st\u0159edn\u00ed \u0161kola a vy\u0161\u0161\u00ed odborn\u00e1 \u0161kola Mimo tvorbu ve \u0161kole jsem v\u00e1\u0161niv\u00fd motork\u00e1\u0159 a ve sv\u00e9m voln\u00e9m \u010dase opravuji a sestavuji motorky. Zadan\u00e9 t\u00e9ma bylo \u010cesk\u00e1 tradice a kor\u00e1lek (kv\u016fli vyu\u017eit\u00ed kor\u00e1lk\u016f z Preciosa), realizace m\u011bla b\u00fdt z materi\u00e1lu sklo. Hlavn\u00ed my\u0161lenka, kter\u00e1 stoj\u00ed za t\u00edmto v\u00fdrobkem, je p\u0159edev\u0161\u00edm [&hellip;]","og_url":"https:\/\/www.design-award.cz\/?portfolio=produktovy-design-ceska-tradice-trochu-jinak","og_site_name":"design-award.cz","article_modified_time":"2024-06-28T20:25:01+00:00","og_image":[{"width":2151,"height":2560,"url":"http:\/\/www.design-award.cz\/wp-content\/uploads\/2024\/06\/Pavel-Cepl_trojice-scaled.jpg","type":"image\/jpeg"}],"twitter_card":"summary_large_image","twitter_misc":{"Odhadovan\u00e1 doba \u010dten\u00ed":"1 minuta"},"schema":{"@context":"https:\/\/schema.org","@graph":[{"@type":"WebPage","@id":"https:\/\/www.design-award.cz\/?portfolio=produktovy-design-ceska-tradice-trochu-jinak","url":"https:\/\/www.design-award.cz\/?portfolio=produktovy-design-ceska-tradice-trochu-jinak","name":"Produktov\u00fd design - \u010cesk\u00e1 tradice trochu jinak - design-award.cz","isPartOf":{"@id":"https:\/\/www.design-award.cz\/#website"},"primaryImageOfPage":{"@id":"https:\/\/www.design-award.cz\/?portfolio=produktovy-design-ceska-tradice-trochu-jinak#primaryimage"},"image":{"@id":"https:\/\/www.design-award.cz\/?portfolio=produktovy-design-ceska-tradice-trochu-jinak#primaryimage"},"thumbnailUrl":"https:\/\/www.design-award.cz\/wp-content\/uploads\/2024\/06\/Pavel-Cepl_trojice-scaled.jpg","datePublished":"2024-06-28T20:25:00+00:00","dateModified":"2024-06-28T20:25:01+00:00","breadcrumb":{"@id":"https:\/\/www.design-award.cz\/?portfolio=produktovy-design-ceska-tradice-trochu-jinak#breadcrumb"},"inLanguage":"cs","potentialAction":[{"@type":"ReadAction","target":["https:\/\/www.design-award.cz\/?portfolio=produktovy-design-ceska-tradice-trochu-jinak"]}]},{"@type":"ImageObject","inLanguage":"cs","@id":"https:\/\/www.design-award.cz\/?portfolio=produktovy-design-ceska-tradice-trochu-jinak#primaryimage","url":"https:\/\/www.design-award.cz\/wp-content\/uploads\/2024\/06\/Pavel-Cepl_trojice-scaled.jpg","contentUrl":"https:\/\/www.design-award.cz\/wp-content\/uploads\/2024\/06\/Pavel-Cepl_trojice-scaled.jpg","width":2151,"height":2560},{"@type":"BreadcrumbList","@id":"https:\/\/www.design-award.cz\/?portfolio=produktovy-design-ceska-tradice-trochu-jinak#breadcrumb","itemListElement":[{"@type":"ListItem","position":1,"name":"Dom\u016f","item":"https:\/\/www.design-award.cz\/"},{"@type":"ListItem","position":2,"name":"Portfolio Items","item":"https:\/\/www.design-award.cz\/?post_type=portfolio"},{"@type":"ListItem","position":3,"name":"Produktov\u00fd design &#8211; \u010cesk\u00e1 tradice trochu jinak"}]},{"@type":"WebSite","@id":"https:\/\/www.design-award.cz\/#website","url":"https:\/\/www.design-award.cz\/","name":"design-award.cz","description":"WARD vznikla v roce 2022. Je ur\u010dena p\u0159edev\u0161\u00edm student\u016fm st\u0159edn\u00edch um\u011bleck\u00fdch \u0161kol (S\u0160 a VO\u0160), kte\u0159\u00ed mohou bezplatn\u011b zaslat sv\u00e9 n\u00e1vrhy v uveden\u00fdch kategori\u00ed a tak pom\u011b\u0159it sv\u00e9 n\u00e1pady s konkurenc\u00ed sv\u00fdch vrstevn\u00edk\u016f. N\u00e1vrhy jsou n\u00e1sledn\u011b posouzeny nez\u00e1vislou porotou z \u0159ad v\u00fdtvarn\u00edk\u016f, pedagog\u016f a profesion\u00e1l\u016f z oboru.","publisher":{"@id":"https:\/\/www.design-award.cz\/#organization"},"potentialAction":[{"@type":"SearchAction","target":{"@type":"EntryPoint","urlTemplate":"https:\/\/www.design-award.cz\/?s={search_term_string}"},"query-input":{"@type":"PropertyValueSpecification","valueRequired":true,"valueName":"search_term_string"}}],"inLanguage":"cs"},{"@type":"Organization","@id":"https:\/\/www.design-award.cz\/#organization","name":"Design Award","url":"https:\/\/www.design-award.cz\/","logo":{"@type":"ImageObject","inLanguage":"cs","@id":"https:\/\/www.design-award.cz\/#\/schema\/logo\/image\/","url":"http:\/\/www.design-award.cz\/wp-content\/uploads\/2021\/12\/hornilogo_design-award.png","contentUrl":"http:\/\/www.design-award.cz\/wp-content\/uploads\/2021\/12\/hornilogo_design-award.png","width":800,"height":600,"caption":"Design Award"},"image":{"@id":"https:\/\/www.design-award.cz\/#\/schema\/logo\/image\/"},"sameAs":["https:\/\/www.instagram.com\/design_award\/"]}]}},"_links":{"self":[{"href":"https:\/\/www.design-award.cz\/index.php?rest_route=\/wp\/v2\/portfolio\/3985","targetHints":{"allow":["GET"]}}],"collection":[{"href":"https:\/\/www.design-award.cz\/index.php?rest_route=\/wp\/v2\/portfolio"}],"about":[{"href":"https:\/\/www.design-award.cz\/index.php?rest_route=\/wp\/v2\/types\/portfolio"}],"author":[{"embeddable":true,"href":"https:\/\/www.design-award.cz\/index.php?rest_route=\/wp\/v2\/users\/2"}],"replies":[{"embeddable":true,"href":"https:\/\/www.design-award.cz\/index.php?rest_route=%2Fwp%2Fv2%2Fcomments&post=3985"}],"version-history":[{"count":1,"href":"https:\/\/www.design-award.cz\/index.php?rest_route=\/wp\/v2\/portfolio\/3985\/revisions"}],"predecessor-version":[{"id":4045,"href":"https:\/\/www.design-award.cz\/index.php?rest_route=\/wp\/v2\/portfolio\/3985\/revisions\/4045"}],"wp:featuredmedia":[{"embeddable":true,"href":"https:\/\/www.design-award.cz\/index.php?rest_route=\/wp\/v2\/media\/4036"}],"wp:attachment":[{"href":"https:\/\/www.design-award.cz\/index.php?rest_route=%2Fwp%2Fv2%2Fmedia&parent=3985"}],"wp:term":[{"taxonomy":"portfolio_category","embeddable":true,"href":"https:\/\/www.design-award.cz\/index.php?rest_route=%2Fwp%2Fv2%2Fportfolio_category&post=3985"},{"taxonomy":"portfolio_tag","embeddable":true,"href":"https:\/\/www.design-award.cz\/index.php?rest_route=%2Fwp%2Fv2%2Fportfolio_tag&post=3985"}],"curies":[{"name":"wp","href":"https:\/\/api.w.org\/{rel}","templated":true}]}}