{"id":3991,"date":"2024-06-28T20:08:20","date_gmt":"2024-06-28T20:08:20","guid":{"rendered":"https:\/\/www.design-award.cz\/?post_type=portfolio&#038;p=3991"},"modified":"2024-06-28T20:08:21","modified_gmt":"2024-06-28T20:08:21","slug":"verejny-interier-caffewood-cave","status":"publish","type":"portfolio","link":"https:\/\/www.design-award.cz\/?portfolio=verejny-interier-caffewood-cave","title":{"rendered":"Ve\u0159ejn\u00fd interi\u00e9r &#8211; Caffewood cave"},"content":{"rendered":"\n<p><strong>Eli\u0161ka Klovrzov\u00e1<\/strong><\/p>\n\n\n\n<p>St\u0159edn\u00ed \u0161kola designu interi\u00e9ru Kate\u0159inky &#8211; Liberec<\/p>\n\n\n\n<p>Kav\u00e1rna &#8222;Caffewood Cave&#8220; je inspirov\u00e1na kr\u00e1pn\u00edkov\u00fdmi jeskyn\u011bmi, p\u0159in\u00e1\u0161\u00ed kousek p\u0159\u00edrody a tajemn\u00e9 kouzlo podzemn\u00edch jeskyn\u00ed do m\u011bstsk\u00e9ho prost\u0159ed\u00ed. Interi\u00e9r, i kdy\u017e inspirovan\u00fd chladnou jeskyn\u00ed, je navr\u017een tak, aby poskytoval tepl\u00e9 a p\u0159\u00edv\u011btiv\u00e9 m\u00edsto pro odpo\u010dinek a setk\u00e1v\u00e1n\u00ed.<\/p>\n\n\n\n<p>Hlavn\u00edm materi\u00e1lem pou\u017eit\u00fdm p\u0159i n\u00e1vrhu interi\u00e9ru je sv\u011btl\u00e1 a tmav\u00e1 p\u0159ekli\u017eovan\u00e1 deska, p\u0159\u00edpadn\u011b \u010dern\u00e1 DTD. Tyto materi\u00e1ly p\u0159isp\u00edvaj\u00ed k vytvo\u0159en\u00ed \u00fatuln\u00e9 atmosf\u00e9ry, kter\u00e1 kontrastuje s konceptem studen\u00e9 jeskyn\u011b. Stropy a st\u011bny zdob\u00ed d\u0159ev\u011bn\u00e9 panely a instalace p\u0159ipom\u00ednaj\u00edc\u00ed nejen stalaktity, ale i rozmanit\u00e9 povrchy jeskyn\u00ed, co\u017e dod\u00e1v\u00e1 prostoru modern\u00ed a elegantn\u00ed vzhled.<\/p>\n\n\n\n<p>Pracovn\u00ed plochy jsou vyrobeny z kompaktn\u00edch desek v \u010dern\u00e9 a sv\u011btle \u0161ed\u00e9 barv\u011b, co\u017e p\u0159id\u00e1v\u00e1 na estetice a funk\u010dnosti prostoru. Osv\u011btlen\u00ed je v\u00fdhradn\u011b LED s mo\u017enost\u00ed nastaven\u00ed barvy, co\u017e umo\u017e\u0148uje p\u0159izp\u016fsobit atmosf\u00e9ru dle aktu\u00e1ln\u00ed n\u00e1lady a pot\u0159eb n\u00e1v\u0161t\u011bvn\u00edk\u016f.<\/p>\n\n\n\n<p>Zelen\u00e1 ze\u010f, tvo\u0159en\u00e1 p\u0159\u00edrodn\u00edmi mechy a men\u0161\u00edmi rostlinami, navozuje pocit spojen\u00ed s p\u0159\u00edrodou a p\u0159isp\u00edv\u00e1 k celkov\u00e9mu pocitu pohody a relaxace. Tento prvek interi\u00e9ru zd\u016fraz\u0148uje ekologick\u00fd a p\u0159\u00edrodn\u00ed koncept kav\u00e1rny.<\/p>\n\n\n\n<p>Jednotliv\u00e9 vrstvy oblo\u017een\u00ed se skl\u00e1daj\u00ed z 15 navazuj\u00edc\u00edch form\u00e1t\u016f o rozm\u011brech 2500 x 1500 mm, p\u0159i\u010dem\u017e celkov\u00fd po\u010det vrstev v tomto projektu je 130. Ka\u017ed\u00fd detail, od n\u00e1bytku a\u017e po dekorace, byl pe\u010dliv\u011b vybr\u00e1n a slad\u011bn, aby vytv\u00e1\u0159el harmonick\u00fd celek.<\/p>\n\n\n\n<p>&#8222;Caffewood Cave&#8220; nen\u00ed jen m\u00edstem pro pit\u00ed k\u00e1vy, ale tak\u00e9 klidn\u00fdm a inspirativn\u00edm \u00fato\u010di\u0161t\u011bm p\u0159ed ka\u017edodenn\u00edm shonem. Nab\u00edz\u00ed modern\u00ed a funk\u010dn\u00ed design, kter\u00fd podporuje pocit pohody a spojen\u00ed s p\u0159\u00edrodou.<\/p>\n\n\n\n<figure class=\"wp-block-image size-large\"><img decoding=\"async\" width=\"1024\" height=\"512\" data-src=\"http:\/\/www.design-award.cz\/wp-content\/uploads\/2024\/06\/Caffewood-cave-7-1024x512.jpg\" alt=\"\" class=\"wp-image-4012 lazyload\" data-srcset=\"https:\/\/www.design-award.cz\/wp-content\/uploads\/2024\/06\/Caffewood-cave-7-1024x512.jpg 1024w, https:\/\/www.design-award.cz\/wp-content\/uploads\/2024\/06\/Caffewood-cave-7-300x150.jpg 300w, https:\/\/www.design-award.cz\/wp-content\/uploads\/2024\/06\/Caffewood-cave-7-768x384.jpg 768w, https:\/\/www.design-award.cz\/wp-content\/uploads\/2024\/06\/Caffewood-cave-7-1536x768.jpg 1536w, https:\/\/www.design-award.cz\/wp-content\/uploads\/2024\/06\/Caffewood-cave-7-2048x1024.jpg 2048w, https:\/\/www.design-award.cz\/wp-content\/uploads\/2024\/06\/Caffewood-cave-7-500x250.jpg 500w, https:\/\/www.design-award.cz\/wp-content\/uploads\/2024\/06\/Caffewood-cave-7-800x400.jpg 800w, https:\/\/www.design-award.cz\/wp-content\/uploads\/2024\/06\/Caffewood-cave-7-1280x640.jpg 1280w, https:\/\/www.design-award.cz\/wp-content\/uploads\/2024\/06\/Caffewood-cave-7-1920x960.jpg 1920w\" data-sizes=\"(max-width: 1024px) 100vw, 1024px\" src=\"data:image\/svg+xml;base64,PHN2ZyB3aWR0aD0iMSIgaGVpZ2h0PSIxIiB4bWxucz0iaHR0cDovL3d3dy53My5vcmcvMjAwMC9zdmciPjwvc3ZnPg==\" style=\"--smush-placeholder-width: 1024px; --smush-placeholder-aspect-ratio: 1024\/512;\" \/><\/figure>\n\n\n\n<figure class=\"wp-block-image size-large\"><img decoding=\"async\" width=\"1024\" height=\"512\" data-src=\"http:\/\/www.design-award.cz\/wp-content\/uploads\/2024\/06\/Caffewood-cave-13-1024x512.jpg\" alt=\"\" class=\"wp-image-4013 lazyload\" data-srcset=\"https:\/\/www.design-award.cz\/wp-content\/uploads\/2024\/06\/Caffewood-cave-13-1024x512.jpg 1024w, https:\/\/www.design-award.cz\/wp-content\/uploads\/2024\/06\/Caffewood-cave-13-300x150.jpg 300w, https:\/\/www.design-award.cz\/wp-content\/uploads\/2024\/06\/Caffewood-cave-13-768x384.jpg 768w, https:\/\/www.design-award.cz\/wp-content\/uploads\/2024\/06\/Caffewood-cave-13-1536x768.jpg 1536w, https:\/\/www.design-award.cz\/wp-content\/uploads\/2024\/06\/Caffewood-cave-13-2048x1024.jpg 2048w, https:\/\/www.design-award.cz\/wp-content\/uploads\/2024\/06\/Caffewood-cave-13-500x250.jpg 500w, https:\/\/www.design-award.cz\/wp-content\/uploads\/2024\/06\/Caffewood-cave-13-800x400.jpg 800w, https:\/\/www.design-award.cz\/wp-content\/uploads\/2024\/06\/Caffewood-cave-13-1280x640.jpg 1280w, https:\/\/www.design-award.cz\/wp-content\/uploads\/2024\/06\/Caffewood-cave-13-1920x960.jpg 1920w\" data-sizes=\"(max-width: 1024px) 100vw, 1024px\" src=\"data:image\/svg+xml;base64,PHN2ZyB3aWR0aD0iMSIgaGVpZ2h0PSIxIiB4bWxucz0iaHR0cDovL3d3dy53My5vcmcvMjAwMC9zdmciPjwvc3ZnPg==\" style=\"--smush-placeholder-width: 1024px; --smush-placeholder-aspect-ratio: 1024\/512;\" \/><\/figure>\n\n\n\n<figure class=\"wp-block-image size-large\"><img decoding=\"async\" width=\"1024\" height=\"512\" data-src=\"http:\/\/www.design-award.cz\/wp-content\/uploads\/2024\/06\/Caffewood-cave-15-1024x512.jpg\" alt=\"\" class=\"wp-image-4014 lazyload\" data-srcset=\"https:\/\/www.design-award.cz\/wp-content\/uploads\/2024\/06\/Caffewood-cave-15-1024x512.jpg 1024w, https:\/\/www.design-award.cz\/wp-content\/uploads\/2024\/06\/Caffewood-cave-15-300x150.jpg 300w, https:\/\/www.design-award.cz\/wp-content\/uploads\/2024\/06\/Caffewood-cave-15-768x384.jpg 768w, https:\/\/www.design-award.cz\/wp-content\/uploads\/2024\/06\/Caffewood-cave-15-1536x768.jpg 1536w, https:\/\/www.design-award.cz\/wp-content\/uploads\/2024\/06\/Caffewood-cave-15-2048x1024.jpg 2048w, https:\/\/www.design-award.cz\/wp-content\/uploads\/2024\/06\/Caffewood-cave-15-500x250.jpg 500w, https:\/\/www.design-award.cz\/wp-content\/uploads\/2024\/06\/Caffewood-cave-15-800x400.jpg 800w, https:\/\/www.design-award.cz\/wp-content\/uploads\/2024\/06\/Caffewood-cave-15-1280x640.jpg 1280w, https:\/\/www.design-award.cz\/wp-content\/uploads\/2024\/06\/Caffewood-cave-15-1920x960.jpg 1920w\" data-sizes=\"(max-width: 1024px) 100vw, 1024px\" src=\"data:image\/svg+xml;base64,PHN2ZyB3aWR0aD0iMSIgaGVpZ2h0PSIxIiB4bWxucz0iaHR0cDovL3d3dy53My5vcmcvMjAwMC9zdmciPjwvc3ZnPg==\" style=\"--smush-placeholder-width: 1024px; --smush-placeholder-aspect-ratio: 1024\/512;\" \/><\/figure>\n\n\n\n<figure class=\"wp-block-image size-large\"><img decoding=\"async\" width=\"1024\" height=\"512\" data-src=\"http:\/\/www.design-award.cz\/wp-content\/uploads\/2024\/06\/Caffewood-cave-16-1024x512.jpg\" alt=\"\" class=\"wp-image-4015 lazyload\" data-srcset=\"https:\/\/www.design-award.cz\/wp-content\/uploads\/2024\/06\/Caffewood-cave-16-1024x512.jpg 1024w, https:\/\/www.design-award.cz\/wp-content\/uploads\/2024\/06\/Caffewood-cave-16-300x150.jpg 300w, https:\/\/www.design-award.cz\/wp-content\/uploads\/2024\/06\/Caffewood-cave-16-768x384.jpg 768w, https:\/\/www.design-award.cz\/wp-content\/uploads\/2024\/06\/Caffewood-cave-16-1536x768.jpg 1536w, https:\/\/www.design-award.cz\/wp-content\/uploads\/2024\/06\/Caffewood-cave-16-2048x1024.jpg 2048w, https:\/\/www.design-award.cz\/wp-content\/uploads\/2024\/06\/Caffewood-cave-16-500x250.jpg 500w, https:\/\/www.design-award.cz\/wp-content\/uploads\/2024\/06\/Caffewood-cave-16-800x400.jpg 800w, https:\/\/www.design-award.cz\/wp-content\/uploads\/2024\/06\/Caffewood-cave-16-1280x640.jpg 1280w, https:\/\/www.design-award.cz\/wp-content\/uploads\/2024\/06\/Caffewood-cave-16-1920x960.jpg 1920w\" data-sizes=\"(max-width: 1024px) 100vw, 1024px\" src=\"data:image\/svg+xml;base64,PHN2ZyB3aWR0aD0iMSIgaGVpZ2h0PSIxIiB4bWxucz0iaHR0cDovL3d3dy53My5vcmcvMjAwMC9zdmciPjwvc3ZnPg==\" style=\"--smush-placeholder-width: 1024px; --smush-placeholder-aspect-ratio: 1024\/512;\" \/><\/figure>\n\n\n\n<figure class=\"wp-block-image size-large\"><img decoding=\"async\" width=\"1024\" height=\"724\" data-src=\"http:\/\/www.design-award.cz\/wp-content\/uploads\/2024\/06\/Pudorys-caffewood-cave-1024x724.png\" alt=\"\" class=\"wp-image-4016 lazyload\" data-srcset=\"https:\/\/www.design-award.cz\/wp-content\/uploads\/2024\/06\/Pudorys-caffewood-cave-1024x724.png 1024w, https:\/\/www.design-award.cz\/wp-content\/uploads\/2024\/06\/Pudorys-caffewood-cave-300x212.png 300w, https:\/\/www.design-award.cz\/wp-content\/uploads\/2024\/06\/Pudorys-caffewood-cave-768x543.png 768w, https:\/\/www.design-award.cz\/wp-content\/uploads\/2024\/06\/Pudorys-caffewood-cave-1536x1086.png 1536w, https:\/\/www.design-award.cz\/wp-content\/uploads\/2024\/06\/Pudorys-caffewood-cave-2048x1449.png 2048w, https:\/\/www.design-award.cz\/wp-content\/uploads\/2024\/06\/Pudorys-caffewood-cave-500x354.png 500w, https:\/\/www.design-award.cz\/wp-content\/uploads\/2024\/06\/Pudorys-caffewood-cave-800x566.png 800w, https:\/\/www.design-award.cz\/wp-content\/uploads\/2024\/06\/Pudorys-caffewood-cave-1280x905.png 1280w, https:\/\/www.design-award.cz\/wp-content\/uploads\/2024\/06\/Pudorys-caffewood-cave-1920x1358.png 1920w\" data-sizes=\"(max-width: 1024px) 100vw, 1024px\" src=\"data:image\/svg+xml;base64,PHN2ZyB3aWR0aD0iMSIgaGVpZ2h0PSIxIiB4bWxucz0iaHR0cDovL3d3dy53My5vcmcvMjAwMC9zdmciPjwvc3ZnPg==\" style=\"--smush-placeholder-width: 1024px; --smush-placeholder-aspect-ratio: 1024\/724;\" \/><\/figure>\n","protected":false},"excerpt":{"rendered":"<p>Eli\u0161ka Klovrzov\u00e1 St\u0159edn\u00ed \u0161kola designu interi\u00e9ru Kate\u0159inky &#8211; Liberec Kav\u00e1rna &#8222;Caffewood Cave&#8220; je inspirov\u00e1na kr\u00e1pn\u00edkov\u00fdmi jeskyn\u011bmi, p\u0159in\u00e1\u0161\u00ed kousek p\u0159\u00edrody a tajemn\u00e9 kouzlo podzemn\u00edch jeskyn\u00ed do m\u011bstsk\u00e9ho prost\u0159ed\u00ed. Interi\u00e9r, i kdy\u017e inspirovan\u00fd chladnou jeskyn\u00ed, je navr\u017een tak, aby poskytoval tepl\u00e9 a p\u0159\u00edv\u011btiv\u00e9 m\u00edsto pro odpo\u010dinek a setk\u00e1v\u00e1n\u00ed. Hlavn\u00edm materi\u00e1lem pou\u017eit\u00fdm p\u0159i n\u00e1vrhu interi\u00e9ru je sv\u011btl\u00e1 a [&hellip;]<\/p>\n","protected":false},"author":2,"featured_media":4011,"menu_order":0,"comment_status":"closed","ping_status":"closed","template":"","format":"standard","meta":{"ngg_post_thumbnail":0,"ocean_post_layout":"","ocean_both_sidebars_style":"","ocean_both_sidebars_content_width":0,"ocean_both_sidebars_sidebars_width":0,"ocean_sidebar":"","ocean_second_sidebar":"","ocean_disable_margins":"enable","ocean_add_body_class":"","ocean_shortcode_before_top_bar":"","ocean_shortcode_after_top_bar":"","ocean_shortcode_before_header":"","ocean_shortcode_after_header":"","ocean_has_shortcode":"","ocean_shortcode_after_title":"","ocean_shortcode_before_footer_widgets":"","ocean_shortcode_after_footer_widgets":"","ocean_shortcode_before_footer_bottom":"","ocean_shortcode_after_footer_bottom":"","ocean_display_top_bar":"default","ocean_display_header":"default","ocean_header_style":"","ocean_center_header_left_menu":"","ocean_custom_header_template":"","ocean_custom_logo":0,"ocean_custom_retina_logo":0,"ocean_custom_logo_max_width":0,"ocean_custom_logo_tablet_max_width":0,"ocean_custom_logo_mobile_max_width":0,"ocean_custom_logo_max_height":0,"ocean_custom_logo_tablet_max_height":0,"ocean_custom_logo_mobile_max_height":0,"ocean_header_custom_menu":"","ocean_menu_typo_font_family":"","ocean_menu_typo_font_subset":"","ocean_menu_typo_font_size":0,"ocean_menu_typo_font_size_tablet":0,"ocean_menu_typo_font_size_mobile":0,"ocean_menu_typo_font_size_unit":"px","ocean_menu_typo_font_weight":"","ocean_menu_typo_font_weight_tablet":"","ocean_menu_typo_font_weight_mobile":"","ocean_menu_typo_transform":"","ocean_menu_typo_transform_tablet":"","ocean_menu_typo_transform_mobile":"","ocean_menu_typo_line_height":0,"ocean_menu_typo_line_height_tablet":0,"ocean_menu_typo_line_height_mobile":0,"ocean_menu_typo_line_height_unit":"","ocean_menu_typo_spacing":0,"ocean_menu_typo_spacing_tablet":0,"ocean_menu_typo_spacing_mobile":0,"ocean_menu_typo_spacing_unit":"","ocean_menu_link_color":"","ocean_menu_link_color_hover":"","ocean_menu_link_color_active":"","ocean_menu_link_background":"","ocean_menu_link_hover_background":"","ocean_menu_link_active_background":"","ocean_menu_social_links_bg":"","ocean_menu_social_hover_links_bg":"","ocean_menu_social_links_color":"","ocean_menu_social_hover_links_color":"","ocean_disable_title":"default","ocean_disable_heading":"default","ocean_post_title":"","ocean_post_subheading":"","ocean_post_title_style":"","ocean_post_title_background_color":"","ocean_post_title_background":0,"ocean_post_title_bg_image_position":"","ocean_post_title_bg_image_attachment":"","ocean_post_title_bg_image_repeat":"","ocean_post_title_bg_image_size":"","ocean_post_title_height":0,"ocean_post_title_bg_overlay":0.5,"ocean_post_title_bg_overlay_color":"","ocean_disable_breadcrumbs":"default","ocean_breadcrumbs_color":"","ocean_breadcrumbs_separator_color":"","ocean_breadcrumbs_links_color":"","ocean_breadcrumbs_links_hover_color":"","ocean_display_footer_widgets":"default","ocean_display_footer_bottom":"default","ocean_custom_footer_template":"","_vp_format_video_url":"","_vp_image_focal_point":[],"footnotes":""},"portfolio_category":[],"portfolio_tag":[],"class_list":["post-3991","portfolio","type-portfolio","status-publish","format-standard","has-post-thumbnail","hentry","entry","has-media"],"yoast_head":"<!-- This site is optimized with the Yoast SEO plugin v25.2 - https:\/\/yoast.com\/wordpress\/plugins\/seo\/ -->\n<title>Ve\u0159ejn\u00fd interi\u00e9r - Caffewood cave - design-award.cz<\/title>\n<meta name=\"robots\" content=\"index, follow, max-snippet:-1, max-image-preview:large, max-video-preview:-1\" \/>\n<link rel=\"canonical\" href=\"https:\/\/www.design-award.cz\/?portfolio=verejny-interier-caffewood-cave\" \/>\n<meta property=\"og:locale\" content=\"cs_CZ\" \/>\n<meta property=\"og:type\" content=\"article\" \/>\n<meta property=\"og:title\" content=\"Ve\u0159ejn\u00fd interi\u00e9r - Caffewood cave - design-award.cz\" \/>\n<meta property=\"og:description\" content=\"Eli\u0161ka Klovrzov\u00e1 St\u0159edn\u00ed \u0161kola designu interi\u00e9ru Kate\u0159inky &#8211; Liberec Kav\u00e1rna &#8222;Caffewood Cave&#8220; je inspirov\u00e1na kr\u00e1pn\u00edkov\u00fdmi jeskyn\u011bmi, p\u0159in\u00e1\u0161\u00ed kousek p\u0159\u00edrody a tajemn\u00e9 kouzlo podzemn\u00edch jeskyn\u00ed do m\u011bstsk\u00e9ho prost\u0159ed\u00ed. Interi\u00e9r, i kdy\u017e inspirovan\u00fd chladnou jeskyn\u00ed, je navr\u017een tak, aby poskytoval tepl\u00e9 a p\u0159\u00edv\u011btiv\u00e9 m\u00edsto pro odpo\u010dinek a setk\u00e1v\u00e1n\u00ed. Hlavn\u00edm materi\u00e1lem pou\u017eit\u00fdm p\u0159i n\u00e1vrhu interi\u00e9ru je sv\u011btl\u00e1 a [&hellip;]\" \/>\n<meta property=\"og:url\" content=\"https:\/\/www.design-award.cz\/?portfolio=verejny-interier-caffewood-cave\" \/>\n<meta property=\"og:site_name\" content=\"design-award.cz\" \/>\n<meta property=\"article:modified_time\" content=\"2024-06-28T20:08:21+00:00\" \/>\n<meta property=\"og:image\" content=\"http:\/\/www.design-award.cz\/wp-content\/uploads\/2024\/06\/Caffewood-cave-3-scaled.jpg\" \/>\n\t<meta property=\"og:image:width\" content=\"2560\" \/>\n\t<meta property=\"og:image:height\" content=\"1280\" \/>\n\t<meta property=\"og:image:type\" content=\"image\/jpeg\" \/>\n<meta name=\"twitter:card\" content=\"summary_large_image\" \/>\n<meta name=\"twitter:label1\" content=\"Odhadovan\u00e1 doba \u010dten\u00ed\" \/>\n\t<meta name=\"twitter:data1\" content=\"2 minuty\" \/>\n<script type=\"application\/ld+json\" class=\"yoast-schema-graph\">{\"@context\":\"https:\/\/schema.org\",\"@graph\":[{\"@type\":\"WebPage\",\"@id\":\"https:\/\/www.design-award.cz\/?portfolio=verejny-interier-caffewood-cave\",\"url\":\"https:\/\/www.design-award.cz\/?portfolio=verejny-interier-caffewood-cave\",\"name\":\"Ve\u0159ejn\u00fd interi\u00e9r - Caffewood cave - design-award.cz\",\"isPartOf\":{\"@id\":\"https:\/\/www.design-award.cz\/#website\"},\"primaryImageOfPage\":{\"@id\":\"https:\/\/www.design-award.cz\/?portfolio=verejny-interier-caffewood-cave#primaryimage\"},\"image\":{\"@id\":\"https:\/\/www.design-award.cz\/?portfolio=verejny-interier-caffewood-cave#primaryimage\"},\"thumbnailUrl\":\"https:\/\/www.design-award.cz\/wp-content\/uploads\/2024\/06\/Caffewood-cave-3-scaled.jpg\",\"datePublished\":\"2024-06-28T20:08:20+00:00\",\"dateModified\":\"2024-06-28T20:08:21+00:00\",\"breadcrumb\":{\"@id\":\"https:\/\/www.design-award.cz\/?portfolio=verejny-interier-caffewood-cave#breadcrumb\"},\"inLanguage\":\"cs\",\"potentialAction\":[{\"@type\":\"ReadAction\",\"target\":[\"https:\/\/www.design-award.cz\/?portfolio=verejny-interier-caffewood-cave\"]}]},{\"@type\":\"ImageObject\",\"inLanguage\":\"cs\",\"@id\":\"https:\/\/www.design-award.cz\/?portfolio=verejny-interier-caffewood-cave#primaryimage\",\"url\":\"https:\/\/www.design-award.cz\/wp-content\/uploads\/2024\/06\/Caffewood-cave-3-scaled.jpg\",\"contentUrl\":\"https:\/\/www.design-award.cz\/wp-content\/uploads\/2024\/06\/Caffewood-cave-3-scaled.jpg\",\"width\":2560,\"height\":1280},{\"@type\":\"BreadcrumbList\",\"@id\":\"https:\/\/www.design-award.cz\/?portfolio=verejny-interier-caffewood-cave#breadcrumb\",\"itemListElement\":[{\"@type\":\"ListItem\",\"position\":1,\"name\":\"Dom\u016f\",\"item\":\"https:\/\/www.design-award.cz\/\"},{\"@type\":\"ListItem\",\"position\":2,\"name\":\"Portfolio Items\",\"item\":\"https:\/\/www.design-award.cz\/?post_type=portfolio\"},{\"@type\":\"ListItem\",\"position\":3,\"name\":\"Ve\u0159ejn\u00fd interi\u00e9r &#8211; Caffewood cave\"}]},{\"@type\":\"WebSite\",\"@id\":\"https:\/\/www.design-award.cz\/#website\",\"url\":\"https:\/\/www.design-award.cz\/\",\"name\":\"design-award.cz\",\"description\":\"WARD vznikla v roce 2022. Je ur\u010dena p\u0159edev\u0161\u00edm student\u016fm st\u0159edn\u00edch um\u011bleck\u00fdch \u0161kol (S\u0160 a VO\u0160), kte\u0159\u00ed mohou bezplatn\u011b zaslat sv\u00e9 n\u00e1vrhy v uveden\u00fdch kategori\u00ed a tak pom\u011b\u0159it sv\u00e9 n\u00e1pady s konkurenc\u00ed sv\u00fdch vrstevn\u00edk\u016f. N\u00e1vrhy jsou n\u00e1sledn\u011b posouzeny nez\u00e1vislou porotou z \u0159ad v\u00fdtvarn\u00edk\u016f, pedagog\u016f a profesion\u00e1l\u016f z oboru.\",\"publisher\":{\"@id\":\"https:\/\/www.design-award.cz\/#organization\"},\"potentialAction\":[{\"@type\":\"SearchAction\",\"target\":{\"@type\":\"EntryPoint\",\"urlTemplate\":\"https:\/\/www.design-award.cz\/?s={search_term_string}\"},\"query-input\":{\"@type\":\"PropertyValueSpecification\",\"valueRequired\":true,\"valueName\":\"search_term_string\"}}],\"inLanguage\":\"cs\"},{\"@type\":\"Organization\",\"@id\":\"https:\/\/www.design-award.cz\/#organization\",\"name\":\"Design Award\",\"url\":\"https:\/\/www.design-award.cz\/\",\"logo\":{\"@type\":\"ImageObject\",\"inLanguage\":\"cs\",\"@id\":\"https:\/\/www.design-award.cz\/#\/schema\/logo\/image\/\",\"url\":\"http:\/\/www.design-award.cz\/wp-content\/uploads\/2021\/12\/hornilogo_design-award.png\",\"contentUrl\":\"http:\/\/www.design-award.cz\/wp-content\/uploads\/2021\/12\/hornilogo_design-award.png\",\"width\":800,\"height\":600,\"caption\":\"Design Award\"},\"image\":{\"@id\":\"https:\/\/www.design-award.cz\/#\/schema\/logo\/image\/\"},\"sameAs\":[\"https:\/\/www.instagram.com\/design_award\/\"]}]}<\/script>\n<!-- \/ Yoast SEO plugin. -->","yoast_head_json":{"title":"Ve\u0159ejn\u00fd interi\u00e9r - Caffewood cave - design-award.cz","robots":{"index":"index","follow":"follow","max-snippet":"max-snippet:-1","max-image-preview":"max-image-preview:large","max-video-preview":"max-video-preview:-1"},"canonical":"https:\/\/www.design-award.cz\/?portfolio=verejny-interier-caffewood-cave","og_locale":"cs_CZ","og_type":"article","og_title":"Ve\u0159ejn\u00fd interi\u00e9r - Caffewood cave - design-award.cz","og_description":"Eli\u0161ka Klovrzov\u00e1 St\u0159edn\u00ed \u0161kola designu interi\u00e9ru Kate\u0159inky &#8211; Liberec Kav\u00e1rna &#8222;Caffewood Cave&#8220; je inspirov\u00e1na kr\u00e1pn\u00edkov\u00fdmi jeskyn\u011bmi, p\u0159in\u00e1\u0161\u00ed kousek p\u0159\u00edrody a tajemn\u00e9 kouzlo podzemn\u00edch jeskyn\u00ed do m\u011bstsk\u00e9ho prost\u0159ed\u00ed. Interi\u00e9r, i kdy\u017e inspirovan\u00fd chladnou jeskyn\u00ed, je navr\u017een tak, aby poskytoval tepl\u00e9 a p\u0159\u00edv\u011btiv\u00e9 m\u00edsto pro odpo\u010dinek a setk\u00e1v\u00e1n\u00ed. Hlavn\u00edm materi\u00e1lem pou\u017eit\u00fdm p\u0159i n\u00e1vrhu interi\u00e9ru je sv\u011btl\u00e1 a [&hellip;]","og_url":"https:\/\/www.design-award.cz\/?portfolio=verejny-interier-caffewood-cave","og_site_name":"design-award.cz","article_modified_time":"2024-06-28T20:08:21+00:00","og_image":[{"width":2560,"height":1280,"url":"http:\/\/www.design-award.cz\/wp-content\/uploads\/2024\/06\/Caffewood-cave-3-scaled.jpg","type":"image\/jpeg"}],"twitter_card":"summary_large_image","twitter_misc":{"Odhadovan\u00e1 doba \u010dten\u00ed":"2 minuty"},"schema":{"@context":"https:\/\/schema.org","@graph":[{"@type":"WebPage","@id":"https:\/\/www.design-award.cz\/?portfolio=verejny-interier-caffewood-cave","url":"https:\/\/www.design-award.cz\/?portfolio=verejny-interier-caffewood-cave","name":"Ve\u0159ejn\u00fd interi\u00e9r - Caffewood cave - design-award.cz","isPartOf":{"@id":"https:\/\/www.design-award.cz\/#website"},"primaryImageOfPage":{"@id":"https:\/\/www.design-award.cz\/?portfolio=verejny-interier-caffewood-cave#primaryimage"},"image":{"@id":"https:\/\/www.design-award.cz\/?portfolio=verejny-interier-caffewood-cave#primaryimage"},"thumbnailUrl":"https:\/\/www.design-award.cz\/wp-content\/uploads\/2024\/06\/Caffewood-cave-3-scaled.jpg","datePublished":"2024-06-28T20:08:20+00:00","dateModified":"2024-06-28T20:08:21+00:00","breadcrumb":{"@id":"https:\/\/www.design-award.cz\/?portfolio=verejny-interier-caffewood-cave#breadcrumb"},"inLanguage":"cs","potentialAction":[{"@type":"ReadAction","target":["https:\/\/www.design-award.cz\/?portfolio=verejny-interier-caffewood-cave"]}]},{"@type":"ImageObject","inLanguage":"cs","@id":"https:\/\/www.design-award.cz\/?portfolio=verejny-interier-caffewood-cave#primaryimage","url":"https:\/\/www.design-award.cz\/wp-content\/uploads\/2024\/06\/Caffewood-cave-3-scaled.jpg","contentUrl":"https:\/\/www.design-award.cz\/wp-content\/uploads\/2024\/06\/Caffewood-cave-3-scaled.jpg","width":2560,"height":1280},{"@type":"BreadcrumbList","@id":"https:\/\/www.design-award.cz\/?portfolio=verejny-interier-caffewood-cave#breadcrumb","itemListElement":[{"@type":"ListItem","position":1,"name":"Dom\u016f","item":"https:\/\/www.design-award.cz\/"},{"@type":"ListItem","position":2,"name":"Portfolio Items","item":"https:\/\/www.design-award.cz\/?post_type=portfolio"},{"@type":"ListItem","position":3,"name":"Ve\u0159ejn\u00fd interi\u00e9r &#8211; Caffewood cave"}]},{"@type":"WebSite","@id":"https:\/\/www.design-award.cz\/#website","url":"https:\/\/www.design-award.cz\/","name":"design-award.cz","description":"WARD vznikla v roce 2022. Je ur\u010dena p\u0159edev\u0161\u00edm student\u016fm st\u0159edn\u00edch um\u011bleck\u00fdch \u0161kol (S\u0160 a VO\u0160), kte\u0159\u00ed mohou bezplatn\u011b zaslat sv\u00e9 n\u00e1vrhy v uveden\u00fdch kategori\u00ed a tak pom\u011b\u0159it sv\u00e9 n\u00e1pady s konkurenc\u00ed sv\u00fdch vrstevn\u00edk\u016f. N\u00e1vrhy jsou n\u00e1sledn\u011b posouzeny nez\u00e1vislou porotou z \u0159ad v\u00fdtvarn\u00edk\u016f, pedagog\u016f a profesion\u00e1l\u016f z oboru.","publisher":{"@id":"https:\/\/www.design-award.cz\/#organization"},"potentialAction":[{"@type":"SearchAction","target":{"@type":"EntryPoint","urlTemplate":"https:\/\/www.design-award.cz\/?s={search_term_string}"},"query-input":{"@type":"PropertyValueSpecification","valueRequired":true,"valueName":"search_term_string"}}],"inLanguage":"cs"},{"@type":"Organization","@id":"https:\/\/www.design-award.cz\/#organization","name":"Design Award","url":"https:\/\/www.design-award.cz\/","logo":{"@type":"ImageObject","inLanguage":"cs","@id":"https:\/\/www.design-award.cz\/#\/schema\/logo\/image\/","url":"http:\/\/www.design-award.cz\/wp-content\/uploads\/2021\/12\/hornilogo_design-award.png","contentUrl":"http:\/\/www.design-award.cz\/wp-content\/uploads\/2021\/12\/hornilogo_design-award.png","width":800,"height":600,"caption":"Design Award"},"image":{"@id":"https:\/\/www.design-award.cz\/#\/schema\/logo\/image\/"},"sameAs":["https:\/\/www.instagram.com\/design_award\/"]}]}},"_links":{"self":[{"href":"https:\/\/www.design-award.cz\/index.php?rest_route=\/wp\/v2\/portfolio\/3991","targetHints":{"allow":["GET"]}}],"collection":[{"href":"https:\/\/www.design-award.cz\/index.php?rest_route=\/wp\/v2\/portfolio"}],"about":[{"href":"https:\/\/www.design-award.cz\/index.php?rest_route=\/wp\/v2\/types\/portfolio"}],"author":[{"embeddable":true,"href":"https:\/\/www.design-award.cz\/index.php?rest_route=\/wp\/v2\/users\/2"}],"replies":[{"embeddable":true,"href":"https:\/\/www.design-award.cz\/index.php?rest_route=%2Fwp%2Fv2%2Fcomments&post=3991"}],"version-history":[{"count":1,"href":"https:\/\/www.design-award.cz\/index.php?rest_route=\/wp\/v2\/portfolio\/3991\/revisions"}],"predecessor-version":[{"id":4018,"href":"https:\/\/www.design-award.cz\/index.php?rest_route=\/wp\/v2\/portfolio\/3991\/revisions\/4018"}],"wp:featuredmedia":[{"embeddable":true,"href":"https:\/\/www.design-award.cz\/index.php?rest_route=\/wp\/v2\/media\/4011"}],"wp:attachment":[{"href":"https:\/\/www.design-award.cz\/index.php?rest_route=%2Fwp%2Fv2%2Fmedia&parent=3991"}],"wp:term":[{"taxonomy":"portfolio_category","embeddable":true,"href":"https:\/\/www.design-award.cz\/index.php?rest_route=%2Fwp%2Fv2%2Fportfolio_category&post=3991"},{"taxonomy":"portfolio_tag","embeddable":true,"href":"https:\/\/www.design-award.cz\/index.php?rest_route=%2Fwp%2Fv2%2Fportfolio_tag&post=3991"}],"curies":[{"name":"wp","href":"https:\/\/api.w.org\/{rel}","templated":true}]}}