{"id":3992,"date":"2024-06-28T20:16:10","date_gmt":"2024-06-28T20:16:10","guid":{"rendered":"https:\/\/www.design-award.cz\/?post_type=portfolio&#038;p=3992"},"modified":"2024-06-28T20:16:11","modified_gmt":"2024-06-28T20:16:11","slug":"produktovy-design-promena","status":"publish","type":"portfolio","link":"https:\/\/www.design-award.cz\/?portfolio=produktovy-design-promena","title":{"rendered":"Produktov\u00fd design &#8211; Prom\u011bna"},"content":{"rendered":"\n<p><strong>Andrea Balcarov\u00e1<\/strong><\/p>\n\n\n\n<p>St\u0159edn\u00ed um\u011bleckopr\u016fmyslov\u00e1 \u0161kola hudebn\u00edch n\u00e1stroj\u016f a n\u00e1bytku, Hradec Kr\u00e1lov\u00e9<\/p>\n\n\n\n<p>Prom\u011bna je eduka\u010dn\u00ed a motorick\u00e1 hra\u010dka pro d\u011bti v p\u0159ed\u0161koln\u00edm v\u011bku. Jak\u00fdmkoliv oto\u010den\u00edm hra\u010dky se prom\u011bn\u00ed na jin\u00e9 zv\u00ed\u0159e. Nem\u00e1 v\u0161ak b\u00fdt na prvn\u00ed pohled poznat o jak\u00e9 se jedn\u00e1, d\u00edt\u011b si to samo p\u0159i h\u0159e p\u0159edstav\u00ed.<br>M\u00fdm z\u00e1m\u011brem bylo vytvo\u0159it multifunk\u010dn\u00ed hra\u010dku, kterou by d\u011bti mohly zahrnout do jejich vlastn\u00ed hry (hran\u00ed na pir\u00e1ty, indi\u00e1ny, princezny..), ale z\u00e1rove\u0148 aby byla vyu\u017eita i v jin\u00e9m sm\u011bru ne\u017e hran\u00ed, t\u0159eba na n\u00ed jen le\u017eet, houpat nebo ji zahrnout do u\u010den\u00ed. Vytvo\u0159ila jsem tedy hra\u010dku, kter\u00e1 d\u00edt\u011b zabav\u00ed a z\u00e1rove\u0148 nau\u010d\u00ed, rozvine jeho p\u0159edstavivost a motorickou schopnost.<br>Ka\u017ed\u00e1 l\u00e1tka je hmatov\u011b \u00fapln\u011b jin\u00e1, t\u00edm d\u011bti rozezn\u00e1vaj\u00ed r\u016fznorodost materi\u00e1l\u016f. Proto jsem z\u00e1m\u011brn\u011b vyb\u00edrala l\u00e1tky jako nap\u0159. modr\u00e1, kter\u00e1 je jemn\u00e1, jako k\u016f\u017ee delf\u00edna, a l\u00e1tka zelen\u00e1, kter\u00e1 je hrub\u0161\u00ed jako k\u016f\u017ee \u017eelvy.<br>Abych zjistila, co d\u011bti ve tvaru vid\u00ed, nav\u0161t\u00edvila jsem mate\u0159sk\u00e9 \u0161koly a d\u011btsk\u00e9 domovy. D\u011btem jsem dala obrys hra\u010dky vybarvit. Objevila se velmi \u010dast\u00e1 \u017eelva, velryba s delf\u00ednem, d\u00e1le kachna, prase, velbloud, \u0161nek, pes, \u010di dokonce mo\u0159sk\u00e1 panna.&nbsp;<br>Na v\u00fdrobu jsem pou\u017eila zbytky potahov\u00fdch l\u00e1tek z hradeck\u00e9 \u010dalounick\u00e9 firmy Polstrin, molitan z \u010dalounictv\u00ed v N\u00e1chod\u011b a pojenou polyuretanovou p\u011bnu z firmy Purtex v Mal\u00e9 Skalici.<br>Potah je z odoln\u00e9 \u010dalounick\u00e9 l\u00e1tky. Kdyby se za\u0161pinil, na u\u017e\u0161\u00ed \u010d\u00e1sti se nach\u00e1z\u00ed skryt\u00fd zip (od \u017elut\u00e9 po b\u00e9\u017eovou), potah se d\u00e1 sundat a vyprat.<br>Molitan je m\u011bkk\u00fd a lehk\u00fd a d\u011bti si o n\u011bj nemohou ubl\u00ed\u017eit. Pou\u017eila jsem dva druhy, jeden jako zpev\u0148uj\u00edc\u00ed prvek, t\u00edm je pojen\u00e1 polyuretanov\u00e1 p\u011bna a druh\u00fd, jako m\u011bkk\u00fd obal.<\/p>\n\n\n\n<figure class=\"wp-block-image size-large\"><img decoding=\"async\" width=\"717\" height=\"1024\" data-src=\"http:\/\/www.design-award.cz\/wp-content\/uploads\/2024\/06\/POSTER-JPG-717x1024.jpg\" alt=\"\" class=\"wp-image-4023 lazyload\" data-srcset=\"https:\/\/www.design-award.cz\/wp-content\/uploads\/2024\/06\/POSTER-JPG-717x1024.jpg 717w, https:\/\/www.design-award.cz\/wp-content\/uploads\/2024\/06\/POSTER-JPG-210x300.jpg 210w, https:\/\/www.design-award.cz\/wp-content\/uploads\/2024\/06\/POSTER-JPG-768x1097.jpg 768w, https:\/\/www.design-award.cz\/wp-content\/uploads\/2024\/06\/POSTER-JPG-1075x1536.jpg 1075w, https:\/\/www.design-award.cz\/wp-content\/uploads\/2024\/06\/POSTER-JPG-1433x2048.jpg 1433w, https:\/\/www.design-award.cz\/wp-content\/uploads\/2024\/06\/POSTER-JPG-500x714.jpg 500w, https:\/\/www.design-award.cz\/wp-content\/uploads\/2024\/06\/POSTER-JPG-800x1143.jpg 800w, https:\/\/www.design-award.cz\/wp-content\/uploads\/2024\/06\/POSTER-JPG-1280x1829.jpg 1280w, https:\/\/www.design-award.cz\/wp-content\/uploads\/2024\/06\/POSTER-JPG-1920x2744.jpg 1920w, https:\/\/www.design-award.cz\/wp-content\/uploads\/2024\/06\/POSTER-JPG-scaled.jpg 1792w\" data-sizes=\"(max-width: 717px) 100vw, 717px\" src=\"data:image\/svg+xml;base64,PHN2ZyB3aWR0aD0iMSIgaGVpZ2h0PSIxIiB4bWxucz0iaHR0cDovL3d3dy53My5vcmcvMjAwMC9zdmciPjwvc3ZnPg==\" style=\"--smush-placeholder-width: 717px; --smush-placeholder-aspect-ratio: 717\/1024;\" \/><\/figure>\n\n\n\n<figure class=\"wp-block-image size-large\"><img decoding=\"async\" width=\"1024\" height=\"732\" data-src=\"http:\/\/www.design-award.cz\/wp-content\/uploads\/2024\/06\/balcarova-fotky-1024x732.jpg\" alt=\"\" class=\"wp-image-4022 lazyload\" data-srcset=\"https:\/\/www.design-award.cz\/wp-content\/uploads\/2024\/06\/balcarova-fotky-1024x732.jpg 1024w, https:\/\/www.design-award.cz\/wp-content\/uploads\/2024\/06\/balcarova-fotky-300x215.jpg 300w, https:\/\/www.design-award.cz\/wp-content\/uploads\/2024\/06\/balcarova-fotky-768x549.jpg 768w, https:\/\/www.design-award.cz\/wp-content\/uploads\/2024\/06\/balcarova-fotky-1536x1098.jpg 1536w, https:\/\/www.design-award.cz\/wp-content\/uploads\/2024\/06\/balcarova-fotky-2048x1464.jpg 2048w, https:\/\/www.design-award.cz\/wp-content\/uploads\/2024\/06\/balcarova-fotky-500x358.jpg 500w, https:\/\/www.design-award.cz\/wp-content\/uploads\/2024\/06\/balcarova-fotky-800x572.jpg 800w, https:\/\/www.design-award.cz\/wp-content\/uploads\/2024\/06\/balcarova-fotky-1280x915.jpg 1280w, https:\/\/www.design-award.cz\/wp-content\/uploads\/2024\/06\/balcarova-fotky-1920x1373.jpg 1920w\" data-sizes=\"(max-width: 1024px) 100vw, 1024px\" src=\"data:image\/svg+xml;base64,PHN2ZyB3aWR0aD0iMSIgaGVpZ2h0PSIxIiB4bWxucz0iaHR0cDovL3d3dy53My5vcmcvMjAwMC9zdmciPjwvc3ZnPg==\" style=\"--smush-placeholder-width: 1024px; --smush-placeholder-aspect-ratio: 1024\/732;\" \/><\/figure>\n\n\n\n<figure class=\"wp-block-image size-large\"><img decoding=\"async\" width=\"1024\" height=\"656\" data-src=\"http:\/\/www.design-award.cz\/wp-content\/uploads\/2024\/06\/Balcarova_Andrea_4DV_mat_2024_viz4-1-1024x656.jpg\" alt=\"\" class=\"wp-image-4021 lazyload\" data-srcset=\"https:\/\/www.design-award.cz\/wp-content\/uploads\/2024\/06\/Balcarova_Andrea_4DV_mat_2024_viz4-1-1024x656.jpg 1024w, https:\/\/www.design-award.cz\/wp-content\/uploads\/2024\/06\/Balcarova_Andrea_4DV_mat_2024_viz4-1-300x192.jpg 300w, https:\/\/www.design-award.cz\/wp-content\/uploads\/2024\/06\/Balcarova_Andrea_4DV_mat_2024_viz4-1-768x492.jpg 768w, https:\/\/www.design-award.cz\/wp-content\/uploads\/2024\/06\/Balcarova_Andrea_4DV_mat_2024_viz4-1-1536x985.jpg 1536w, https:\/\/www.design-award.cz\/wp-content\/uploads\/2024\/06\/Balcarova_Andrea_4DV_mat_2024_viz4-1-2048x1313.jpg 2048w, https:\/\/www.design-award.cz\/wp-content\/uploads\/2024\/06\/Balcarova_Andrea_4DV_mat_2024_viz4-1-500x321.jpg 500w, https:\/\/www.design-award.cz\/wp-content\/uploads\/2024\/06\/Balcarova_Andrea_4DV_mat_2024_viz4-1-800x513.jpg 800w, https:\/\/www.design-award.cz\/wp-content\/uploads\/2024\/06\/Balcarova_Andrea_4DV_mat_2024_viz4-1-1280x820.jpg 1280w, https:\/\/www.design-award.cz\/wp-content\/uploads\/2024\/06\/Balcarova_Andrea_4DV_mat_2024_viz4-1-1920x1231.jpg 1920w\" data-sizes=\"(max-width: 1024px) 100vw, 1024px\" src=\"data:image\/svg+xml;base64,PHN2ZyB3aWR0aD0iMSIgaGVpZ2h0PSIxIiB4bWxucz0iaHR0cDovL3d3dy53My5vcmcvMjAwMC9zdmciPjwvc3ZnPg==\" style=\"--smush-placeholder-width: 1024px; --smush-placeholder-aspect-ratio: 1024\/656;\" \/><\/figure>\n\n\n\n<figure class=\"wp-block-image size-large\"><img decoding=\"async\" width=\"1024\" height=\"656\" data-src=\"http:\/\/www.design-award.cz\/wp-content\/uploads\/2024\/06\/Balcarova_Andrea_4DV_mat_2024_viz1-1024x656.jpg\" alt=\"\" class=\"wp-image-4019 lazyload\" data-srcset=\"https:\/\/www.design-award.cz\/wp-content\/uploads\/2024\/06\/Balcarova_Andrea_4DV_mat_2024_viz1-1024x656.jpg 1024w, https:\/\/www.design-award.cz\/wp-content\/uploads\/2024\/06\/Balcarova_Andrea_4DV_mat_2024_viz1-300x192.jpg 300w, https:\/\/www.design-award.cz\/wp-content\/uploads\/2024\/06\/Balcarova_Andrea_4DV_mat_2024_viz1-768x492.jpg 768w, https:\/\/www.design-award.cz\/wp-content\/uploads\/2024\/06\/Balcarova_Andrea_4DV_mat_2024_viz1-1536x985.jpg 1536w, https:\/\/www.design-award.cz\/wp-content\/uploads\/2024\/06\/Balcarova_Andrea_4DV_mat_2024_viz1-2048x1313.jpg 2048w, https:\/\/www.design-award.cz\/wp-content\/uploads\/2024\/06\/Balcarova_Andrea_4DV_mat_2024_viz1-500x321.jpg 500w, https:\/\/www.design-award.cz\/wp-content\/uploads\/2024\/06\/Balcarova_Andrea_4DV_mat_2024_viz1-800x513.jpg 800w, https:\/\/www.design-award.cz\/wp-content\/uploads\/2024\/06\/Balcarova_Andrea_4DV_mat_2024_viz1-1280x820.jpg 1280w, https:\/\/www.design-award.cz\/wp-content\/uploads\/2024\/06\/Balcarova_Andrea_4DV_mat_2024_viz1-1920x1231.jpg 1920w\" data-sizes=\"(max-width: 1024px) 100vw, 1024px\" src=\"data:image\/svg+xml;base64,PHN2ZyB3aWR0aD0iMSIgaGVpZ2h0PSIxIiB4bWxucz0iaHR0cDovL3d3dy53My5vcmcvMjAwMC9zdmciPjwvc3ZnPg==\" style=\"--smush-placeholder-width: 1024px; --smush-placeholder-aspect-ratio: 1024\/656;\" \/><\/figure>\n\n\n\n<figure class=\"wp-block-image size-large\"><img decoding=\"async\" width=\"1024\" height=\"724\" data-src=\"http:\/\/www.design-award.cz\/wp-content\/uploads\/2024\/06\/technicky-vykres-bez-prurezu-1024x724.jpg\" alt=\"\" class=\"wp-image-4024 lazyload\" data-srcset=\"https:\/\/www.design-award.cz\/wp-content\/uploads\/2024\/06\/technicky-vykres-bez-prurezu-1024x724.jpg 1024w, https:\/\/www.design-award.cz\/wp-content\/uploads\/2024\/06\/technicky-vykres-bez-prurezu-300x212.jpg 300w, https:\/\/www.design-award.cz\/wp-content\/uploads\/2024\/06\/technicky-vykres-bez-prurezu-768x543.jpg 768w, https:\/\/www.design-award.cz\/wp-content\/uploads\/2024\/06\/technicky-vykres-bez-prurezu-1536x1086.jpg 1536w, https:\/\/www.design-award.cz\/wp-content\/uploads\/2024\/06\/technicky-vykres-bez-prurezu-2048x1448.jpg 2048w, https:\/\/www.design-award.cz\/wp-content\/uploads\/2024\/06\/technicky-vykres-bez-prurezu-500x354.jpg 500w, https:\/\/www.design-award.cz\/wp-content\/uploads\/2024\/06\/technicky-vykres-bez-prurezu-800x566.jpg 800w, https:\/\/www.design-award.cz\/wp-content\/uploads\/2024\/06\/technicky-vykres-bez-prurezu-1280x905.jpg 1280w, https:\/\/www.design-award.cz\/wp-content\/uploads\/2024\/06\/technicky-vykres-bez-prurezu-1920x1358.jpg 1920w\" data-sizes=\"(max-width: 1024px) 100vw, 1024px\" src=\"data:image\/svg+xml;base64,PHN2ZyB3aWR0aD0iMSIgaGVpZ2h0PSIxIiB4bWxucz0iaHR0cDovL3d3dy53My5vcmcvMjAwMC9zdmciPjwvc3ZnPg==\" style=\"--smush-placeholder-width: 1024px; --smush-placeholder-aspect-ratio: 1024\/724;\" \/><\/figure>\n","protected":false},"excerpt":{"rendered":"<p>Andrea Balcarov\u00e1 St\u0159edn\u00ed um\u011bleckopr\u016fmyslov\u00e1 \u0161kola hudebn\u00edch n\u00e1stroj\u016f a n\u00e1bytku, Hradec Kr\u00e1lov\u00e9 Prom\u011bna je eduka\u010dn\u00ed a motorick\u00e1 hra\u010dka pro d\u011bti v p\u0159ed\u0161koln\u00edm v\u011bku. Jak\u00fdmkoliv oto\u010den\u00edm hra\u010dky se prom\u011bn\u00ed na jin\u00e9 zv\u00ed\u0159e. Nem\u00e1 v\u0161ak b\u00fdt na prvn\u00ed pohled poznat o jak\u00e9 se jedn\u00e1, d\u00edt\u011b si to samo p\u0159i h\u0159e p\u0159edstav\u00ed.M\u00fdm z\u00e1m\u011brem bylo vytvo\u0159it multifunk\u010dn\u00ed hra\u010dku, kterou by [&hellip;]<\/p>\n","protected":false},"author":2,"featured_media":4020,"menu_order":0,"comment_status":"closed","ping_status":"closed","template":"","format":"standard","meta":{"ngg_post_thumbnail":0,"ocean_post_layout":"","ocean_both_sidebars_style":"","ocean_both_sidebars_content_width":0,"ocean_both_sidebars_sidebars_width":0,"ocean_sidebar":"","ocean_second_sidebar":"","ocean_disable_margins":"enable","ocean_add_body_class":"","ocean_shortcode_before_top_bar":"","ocean_shortcode_after_top_bar":"","ocean_shortcode_before_header":"","ocean_shortcode_after_header":"","ocean_has_shortcode":"","ocean_shortcode_after_title":"","ocean_shortcode_before_footer_widgets":"","ocean_shortcode_after_footer_widgets":"","ocean_shortcode_before_footer_bottom":"","ocean_shortcode_after_footer_bottom":"","ocean_display_top_bar":"default","ocean_display_header":"default","ocean_header_style":"","ocean_center_header_left_menu":"","ocean_custom_header_template":"","ocean_custom_logo":0,"ocean_custom_retina_logo":0,"ocean_custom_logo_max_width":0,"ocean_custom_logo_tablet_max_width":0,"ocean_custom_logo_mobile_max_width":0,"ocean_custom_logo_max_height":0,"ocean_custom_logo_tablet_max_height":0,"ocean_custom_logo_mobile_max_height":0,"ocean_header_custom_menu":"","ocean_menu_typo_font_family":"","ocean_menu_typo_font_subset":"","ocean_menu_typo_font_size":0,"ocean_menu_typo_font_size_tablet":0,"ocean_menu_typo_font_size_mobile":0,"ocean_menu_typo_font_size_unit":"px","ocean_menu_typo_font_weight":"","ocean_menu_typo_font_weight_tablet":"","ocean_menu_typo_font_weight_mobile":"","ocean_menu_typo_transform":"","ocean_menu_typo_transform_tablet":"","ocean_menu_typo_transform_mobile":"","ocean_menu_typo_line_height":0,"ocean_menu_typo_line_height_tablet":0,"ocean_menu_typo_line_height_mobile":0,"ocean_menu_typo_line_height_unit":"","ocean_menu_typo_spacing":0,"ocean_menu_typo_spacing_tablet":0,"ocean_menu_typo_spacing_mobile":0,"ocean_menu_typo_spacing_unit":"","ocean_menu_link_color":"","ocean_menu_link_color_hover":"","ocean_menu_link_color_active":"","ocean_menu_link_background":"","ocean_menu_link_hover_background":"","ocean_menu_link_active_background":"","ocean_menu_social_links_bg":"","ocean_menu_social_hover_links_bg":"","ocean_menu_social_links_color":"","ocean_menu_social_hover_links_color":"","ocean_disable_title":"default","ocean_disable_heading":"default","ocean_post_title":"","ocean_post_subheading":"","ocean_post_title_style":"","ocean_post_title_background_color":"","ocean_post_title_background":0,"ocean_post_title_bg_image_position":"","ocean_post_title_bg_image_attachment":"","ocean_post_title_bg_image_repeat":"","ocean_post_title_bg_image_size":"","ocean_post_title_height":0,"ocean_post_title_bg_overlay":0.5,"ocean_post_title_bg_overlay_color":"","ocean_disable_breadcrumbs":"default","ocean_breadcrumbs_color":"","ocean_breadcrumbs_separator_color":"","ocean_breadcrumbs_links_color":"","ocean_breadcrumbs_links_hover_color":"","ocean_display_footer_widgets":"default","ocean_display_footer_bottom":"default","ocean_custom_footer_template":"","_vp_format_video_url":"","_vp_image_focal_point":[],"footnotes":""},"portfolio_category":[],"portfolio_tag":[],"class_list":["post-3992","portfolio","type-portfolio","status-publish","format-standard","has-post-thumbnail","hentry","entry","has-media"],"yoast_head":"<!-- This site is optimized with the Yoast SEO plugin v25.2 - https:\/\/yoast.com\/wordpress\/plugins\/seo\/ -->\n<title>Produktov\u00fd design - Prom\u011bna - design-award.cz<\/title>\n<meta name=\"robots\" content=\"index, follow, max-snippet:-1, max-image-preview:large, max-video-preview:-1\" \/>\n<link rel=\"canonical\" href=\"https:\/\/www.design-award.cz\/?portfolio=produktovy-design-promena\" \/>\n<meta property=\"og:locale\" content=\"cs_CZ\" \/>\n<meta property=\"og:type\" content=\"article\" \/>\n<meta property=\"og:title\" content=\"Produktov\u00fd design - Prom\u011bna - design-award.cz\" \/>\n<meta property=\"og:description\" content=\"Andrea Balcarov\u00e1 St\u0159edn\u00ed um\u011bleckopr\u016fmyslov\u00e1 \u0161kola hudebn\u00edch n\u00e1stroj\u016f a n\u00e1bytku, Hradec Kr\u00e1lov\u00e9 Prom\u011bna je eduka\u010dn\u00ed a motorick\u00e1 hra\u010dka pro d\u011bti v p\u0159ed\u0161koln\u00edm v\u011bku. Jak\u00fdmkoliv oto\u010den\u00edm hra\u010dky se prom\u011bn\u00ed na jin\u00e9 zv\u00ed\u0159e. Nem\u00e1 v\u0161ak b\u00fdt na prvn\u00ed pohled poznat o jak\u00e9 se jedn\u00e1, d\u00edt\u011b si to samo p\u0159i h\u0159e p\u0159edstav\u00ed.M\u00fdm z\u00e1m\u011brem bylo vytvo\u0159it multifunk\u010dn\u00ed hra\u010dku, kterou by [&hellip;]\" \/>\n<meta property=\"og:url\" content=\"https:\/\/www.design-award.cz\/?portfolio=produktovy-design-promena\" \/>\n<meta property=\"og:site_name\" content=\"design-award.cz\" \/>\n<meta property=\"article:modified_time\" content=\"2024-06-28T20:16:11+00:00\" \/>\n<meta property=\"og:image\" content=\"http:\/\/www.design-award.cz\/wp-content\/uploads\/2024\/06\/Balcarova_Andrea_4DV_mat_2024_viz3-scaled.jpg\" \/>\n\t<meta property=\"og:image:width\" content=\"2560\" \/>\n\t<meta property=\"og:image:height\" content=\"1641\" \/>\n\t<meta property=\"og:image:type\" content=\"image\/jpeg\" \/>\n<meta name=\"twitter:card\" content=\"summary_large_image\" \/>\n<meta name=\"twitter:label1\" content=\"Odhadovan\u00e1 doba \u010dten\u00ed\" \/>\n\t<meta name=\"twitter:data1\" content=\"2 minuty\" \/>\n<script type=\"application\/ld+json\" class=\"yoast-schema-graph\">{\"@context\":\"https:\/\/schema.org\",\"@graph\":[{\"@type\":\"WebPage\",\"@id\":\"https:\/\/www.design-award.cz\/?portfolio=produktovy-design-promena\",\"url\":\"https:\/\/www.design-award.cz\/?portfolio=produktovy-design-promena\",\"name\":\"Produktov\u00fd design - Prom\u011bna - design-award.cz\",\"isPartOf\":{\"@id\":\"https:\/\/www.design-award.cz\/#website\"},\"primaryImageOfPage\":{\"@id\":\"https:\/\/www.design-award.cz\/?portfolio=produktovy-design-promena#primaryimage\"},\"image\":{\"@id\":\"https:\/\/www.design-award.cz\/?portfolio=produktovy-design-promena#primaryimage\"},\"thumbnailUrl\":\"https:\/\/www.design-award.cz\/wp-content\/uploads\/2024\/06\/Balcarova_Andrea_4DV_mat_2024_viz3-scaled.jpg\",\"datePublished\":\"2024-06-28T20:16:10+00:00\",\"dateModified\":\"2024-06-28T20:16:11+00:00\",\"breadcrumb\":{\"@id\":\"https:\/\/www.design-award.cz\/?portfolio=produktovy-design-promena#breadcrumb\"},\"inLanguage\":\"cs\",\"potentialAction\":[{\"@type\":\"ReadAction\",\"target\":[\"https:\/\/www.design-award.cz\/?portfolio=produktovy-design-promena\"]}]},{\"@type\":\"ImageObject\",\"inLanguage\":\"cs\",\"@id\":\"https:\/\/www.design-award.cz\/?portfolio=produktovy-design-promena#primaryimage\",\"url\":\"https:\/\/www.design-award.cz\/wp-content\/uploads\/2024\/06\/Balcarova_Andrea_4DV_mat_2024_viz3-scaled.jpg\",\"contentUrl\":\"https:\/\/www.design-award.cz\/wp-content\/uploads\/2024\/06\/Balcarova_Andrea_4DV_mat_2024_viz3-scaled.jpg\",\"width\":2560,\"height\":1641},{\"@type\":\"BreadcrumbList\",\"@id\":\"https:\/\/www.design-award.cz\/?portfolio=produktovy-design-promena#breadcrumb\",\"itemListElement\":[{\"@type\":\"ListItem\",\"position\":1,\"name\":\"Dom\u016f\",\"item\":\"https:\/\/www.design-award.cz\/\"},{\"@type\":\"ListItem\",\"position\":2,\"name\":\"Portfolio Items\",\"item\":\"https:\/\/www.design-award.cz\/?post_type=portfolio\"},{\"@type\":\"ListItem\",\"position\":3,\"name\":\"Produktov\u00fd design &#8211; Prom\u011bna\"}]},{\"@type\":\"WebSite\",\"@id\":\"https:\/\/www.design-award.cz\/#website\",\"url\":\"https:\/\/www.design-award.cz\/\",\"name\":\"design-award.cz\",\"description\":\"WARD vznikla v roce 2022. Je ur\u010dena p\u0159edev\u0161\u00edm student\u016fm st\u0159edn\u00edch um\u011bleck\u00fdch \u0161kol (S\u0160 a VO\u0160), kte\u0159\u00ed mohou bezplatn\u011b zaslat sv\u00e9 n\u00e1vrhy v uveden\u00fdch kategori\u00ed a tak pom\u011b\u0159it sv\u00e9 n\u00e1pady s konkurenc\u00ed sv\u00fdch vrstevn\u00edk\u016f. N\u00e1vrhy jsou n\u00e1sledn\u011b posouzeny nez\u00e1vislou porotou z \u0159ad v\u00fdtvarn\u00edk\u016f, pedagog\u016f a profesion\u00e1l\u016f z oboru.\",\"publisher\":{\"@id\":\"https:\/\/www.design-award.cz\/#organization\"},\"potentialAction\":[{\"@type\":\"SearchAction\",\"target\":{\"@type\":\"EntryPoint\",\"urlTemplate\":\"https:\/\/www.design-award.cz\/?s={search_term_string}\"},\"query-input\":{\"@type\":\"PropertyValueSpecification\",\"valueRequired\":true,\"valueName\":\"search_term_string\"}}],\"inLanguage\":\"cs\"},{\"@type\":\"Organization\",\"@id\":\"https:\/\/www.design-award.cz\/#organization\",\"name\":\"Design Award\",\"url\":\"https:\/\/www.design-award.cz\/\",\"logo\":{\"@type\":\"ImageObject\",\"inLanguage\":\"cs\",\"@id\":\"https:\/\/www.design-award.cz\/#\/schema\/logo\/image\/\",\"url\":\"http:\/\/www.design-award.cz\/wp-content\/uploads\/2021\/12\/hornilogo_design-award.png\",\"contentUrl\":\"http:\/\/www.design-award.cz\/wp-content\/uploads\/2021\/12\/hornilogo_design-award.png\",\"width\":800,\"height\":600,\"caption\":\"Design Award\"},\"image\":{\"@id\":\"https:\/\/www.design-award.cz\/#\/schema\/logo\/image\/\"},\"sameAs\":[\"https:\/\/www.instagram.com\/design_award\/\"]}]}<\/script>\n<!-- \/ Yoast SEO plugin. -->","yoast_head_json":{"title":"Produktov\u00fd design - Prom\u011bna - design-award.cz","robots":{"index":"index","follow":"follow","max-snippet":"max-snippet:-1","max-image-preview":"max-image-preview:large","max-video-preview":"max-video-preview:-1"},"canonical":"https:\/\/www.design-award.cz\/?portfolio=produktovy-design-promena","og_locale":"cs_CZ","og_type":"article","og_title":"Produktov\u00fd design - Prom\u011bna - design-award.cz","og_description":"Andrea Balcarov\u00e1 St\u0159edn\u00ed um\u011bleckopr\u016fmyslov\u00e1 \u0161kola hudebn\u00edch n\u00e1stroj\u016f a n\u00e1bytku, Hradec Kr\u00e1lov\u00e9 Prom\u011bna je eduka\u010dn\u00ed a motorick\u00e1 hra\u010dka pro d\u011bti v p\u0159ed\u0161koln\u00edm v\u011bku. Jak\u00fdmkoliv oto\u010den\u00edm hra\u010dky se prom\u011bn\u00ed na jin\u00e9 zv\u00ed\u0159e. Nem\u00e1 v\u0161ak b\u00fdt na prvn\u00ed pohled poznat o jak\u00e9 se jedn\u00e1, d\u00edt\u011b si to samo p\u0159i h\u0159e p\u0159edstav\u00ed.M\u00fdm z\u00e1m\u011brem bylo vytvo\u0159it multifunk\u010dn\u00ed hra\u010dku, kterou by [&hellip;]","og_url":"https:\/\/www.design-award.cz\/?portfolio=produktovy-design-promena","og_site_name":"design-award.cz","article_modified_time":"2024-06-28T20:16:11+00:00","og_image":[{"width":2560,"height":1641,"url":"http:\/\/www.design-award.cz\/wp-content\/uploads\/2024\/06\/Balcarova_Andrea_4DV_mat_2024_viz3-scaled.jpg","type":"image\/jpeg"}],"twitter_card":"summary_large_image","twitter_misc":{"Odhadovan\u00e1 doba \u010dten\u00ed":"2 minuty"},"schema":{"@context":"https:\/\/schema.org","@graph":[{"@type":"WebPage","@id":"https:\/\/www.design-award.cz\/?portfolio=produktovy-design-promena","url":"https:\/\/www.design-award.cz\/?portfolio=produktovy-design-promena","name":"Produktov\u00fd design - Prom\u011bna - design-award.cz","isPartOf":{"@id":"https:\/\/www.design-award.cz\/#website"},"primaryImageOfPage":{"@id":"https:\/\/www.design-award.cz\/?portfolio=produktovy-design-promena#primaryimage"},"image":{"@id":"https:\/\/www.design-award.cz\/?portfolio=produktovy-design-promena#primaryimage"},"thumbnailUrl":"https:\/\/www.design-award.cz\/wp-content\/uploads\/2024\/06\/Balcarova_Andrea_4DV_mat_2024_viz3-scaled.jpg","datePublished":"2024-06-28T20:16:10+00:00","dateModified":"2024-06-28T20:16:11+00:00","breadcrumb":{"@id":"https:\/\/www.design-award.cz\/?portfolio=produktovy-design-promena#breadcrumb"},"inLanguage":"cs","potentialAction":[{"@type":"ReadAction","target":["https:\/\/www.design-award.cz\/?portfolio=produktovy-design-promena"]}]},{"@type":"ImageObject","inLanguage":"cs","@id":"https:\/\/www.design-award.cz\/?portfolio=produktovy-design-promena#primaryimage","url":"https:\/\/www.design-award.cz\/wp-content\/uploads\/2024\/06\/Balcarova_Andrea_4DV_mat_2024_viz3-scaled.jpg","contentUrl":"https:\/\/www.design-award.cz\/wp-content\/uploads\/2024\/06\/Balcarova_Andrea_4DV_mat_2024_viz3-scaled.jpg","width":2560,"height":1641},{"@type":"BreadcrumbList","@id":"https:\/\/www.design-award.cz\/?portfolio=produktovy-design-promena#breadcrumb","itemListElement":[{"@type":"ListItem","position":1,"name":"Dom\u016f","item":"https:\/\/www.design-award.cz\/"},{"@type":"ListItem","position":2,"name":"Portfolio Items","item":"https:\/\/www.design-award.cz\/?post_type=portfolio"},{"@type":"ListItem","position":3,"name":"Produktov\u00fd design &#8211; Prom\u011bna"}]},{"@type":"WebSite","@id":"https:\/\/www.design-award.cz\/#website","url":"https:\/\/www.design-award.cz\/","name":"design-award.cz","description":"WARD vznikla v roce 2022. Je ur\u010dena p\u0159edev\u0161\u00edm student\u016fm st\u0159edn\u00edch um\u011bleck\u00fdch \u0161kol (S\u0160 a VO\u0160), kte\u0159\u00ed mohou bezplatn\u011b zaslat sv\u00e9 n\u00e1vrhy v uveden\u00fdch kategori\u00ed a tak pom\u011b\u0159it sv\u00e9 n\u00e1pady s konkurenc\u00ed sv\u00fdch vrstevn\u00edk\u016f. N\u00e1vrhy jsou n\u00e1sledn\u011b posouzeny nez\u00e1vislou porotou z \u0159ad v\u00fdtvarn\u00edk\u016f, pedagog\u016f a profesion\u00e1l\u016f z oboru.","publisher":{"@id":"https:\/\/www.design-award.cz\/#organization"},"potentialAction":[{"@type":"SearchAction","target":{"@type":"EntryPoint","urlTemplate":"https:\/\/www.design-award.cz\/?s={search_term_string}"},"query-input":{"@type":"PropertyValueSpecification","valueRequired":true,"valueName":"search_term_string"}}],"inLanguage":"cs"},{"@type":"Organization","@id":"https:\/\/www.design-award.cz\/#organization","name":"Design Award","url":"https:\/\/www.design-award.cz\/","logo":{"@type":"ImageObject","inLanguage":"cs","@id":"https:\/\/www.design-award.cz\/#\/schema\/logo\/image\/","url":"http:\/\/www.design-award.cz\/wp-content\/uploads\/2021\/12\/hornilogo_design-award.png","contentUrl":"http:\/\/www.design-award.cz\/wp-content\/uploads\/2021\/12\/hornilogo_design-award.png","width":800,"height":600,"caption":"Design Award"},"image":{"@id":"https:\/\/www.design-award.cz\/#\/schema\/logo\/image\/"},"sameAs":["https:\/\/www.instagram.com\/design_award\/"]}]}},"_links":{"self":[{"href":"https:\/\/www.design-award.cz\/index.php?rest_route=\/wp\/v2\/portfolio\/3992","targetHints":{"allow":["GET"]}}],"collection":[{"href":"https:\/\/www.design-award.cz\/index.php?rest_route=\/wp\/v2\/portfolio"}],"about":[{"href":"https:\/\/www.design-award.cz\/index.php?rest_route=\/wp\/v2\/types\/portfolio"}],"author":[{"embeddable":true,"href":"https:\/\/www.design-award.cz\/index.php?rest_route=\/wp\/v2\/users\/2"}],"replies":[{"embeddable":true,"href":"https:\/\/www.design-award.cz\/index.php?rest_route=%2Fwp%2Fv2%2Fcomments&post=3992"}],"version-history":[{"count":1,"href":"https:\/\/www.design-award.cz\/index.php?rest_route=\/wp\/v2\/portfolio\/3992\/revisions"}],"predecessor-version":[{"id":4031,"href":"https:\/\/www.design-award.cz\/index.php?rest_route=\/wp\/v2\/portfolio\/3992\/revisions\/4031"}],"wp:featuredmedia":[{"embeddable":true,"href":"https:\/\/www.design-award.cz\/index.php?rest_route=\/wp\/v2\/media\/4020"}],"wp:attachment":[{"href":"https:\/\/www.design-award.cz\/index.php?rest_route=%2Fwp%2Fv2%2Fmedia&parent=3992"}],"wp:term":[{"taxonomy":"portfolio_category","embeddable":true,"href":"https:\/\/www.design-award.cz\/index.php?rest_route=%2Fwp%2Fv2%2Fportfolio_category&post=3992"},{"taxonomy":"portfolio_tag","embeddable":true,"href":"https:\/\/www.design-award.cz\/index.php?rest_route=%2Fwp%2Fv2%2Fportfolio_tag&post=3992"}],"curies":[{"name":"wp","href":"https:\/\/api.w.org\/{rel}","templated":true}]}}