{"id":402,"date":"2022-02-16T19:43:26","date_gmt":"2022-02-16T19:43:26","guid":{"rendered":"https:\/\/www.design-award.cz\/?post_type=portfolio&#038;p=402"},"modified":"2022-04-16T10:17:09","modified_gmt":"2022-04-16T10:17:09","slug":"soukromy-interier-kuchyne-s-obyvaci-casti","status":"publish","type":"portfolio","link":"https:\/\/www.design-award.cz\/?portfolio=soukromy-interier-kuchyne-s-obyvaci-casti","title":{"rendered":"Soukrom\u00fd interi\u00e9r &#8211; Kuchyn\u011b s ob\u00fdvac\u00ed \u010d\u00e1st\u00ed"},"content":{"rendered":"\n<h2 class=\"wp-block-heading\" id=\"nguyen-minhhieu\">Nguyen MinhHieu<\/h2>\n\n\n\n<p><strong>Michael \u2013 St\u0159edn\u00ed \u0161kola a Vy\u0161\u0161\u00ed odborn\u00e1 \u0161kola reklamn\u00ed a um\u011bleck\u00e9 tvorby<\/strong><\/p>\n\n\n\n<p>Zad\u00e1n\u00ed klauzurn\u00ed pr\u00e1ce v&nbsp;tomto roce bylo navrhnout kuchyni s ob\u00fdvac\u00edm prostorem. Dostali jsme<br>p\u016fdorys s my\u0161lenkou dodat rustik\u00e1ln\u00ed styl do interi\u00e9ru. V m\u00e9m pod\u00e1n\u00ed jsem se rozhodl zkombinovat<br>rustik\u00e1ln\u00ed styl s organick\u00fdm modern\u00edm stylem, kter\u00fd komplementuje a dod\u00e1v\u00e1 interi\u00e9ru p\u0159idanou<br>hodnotu. Cel\u00fd interi\u00e9r vynik\u00e1 kombinac\u00ed dubov\u00e9ho d\u0159eva, skla a m\u011bd\u011bn\u00fdch dopl\u0148k\u016f.<\/p>\n\n\n\n<figure class=\"wp-block-image size-large is-style-default\"><img decoding=\"async\" width=\"1024\" height=\"576\" data-src=\"http:\/\/www.design-award.cz\/wp-content\/uploads\/2022\/02\/MicrosoftTeams-image-6-1-1024x576.jpg\" alt=\"\" class=\"wp-image-405 lazyload\" data-srcset=\"https:\/\/www.design-award.cz\/wp-content\/uploads\/2022\/02\/MicrosoftTeams-image-6-1-1024x576.jpg 1024w, https:\/\/www.design-award.cz\/wp-content\/uploads\/2022\/02\/MicrosoftTeams-image-6-1-300x169.jpg 300w, https:\/\/www.design-award.cz\/wp-content\/uploads\/2022\/02\/MicrosoftTeams-image-6-1-768x432.jpg 768w, https:\/\/www.design-award.cz\/wp-content\/uploads\/2022\/02\/MicrosoftTeams-image-6-1-1536x864.jpg 1536w, https:\/\/www.design-award.cz\/wp-content\/uploads\/2022\/02\/MicrosoftTeams-image-6-1-2048x1152.jpg 2048w, https:\/\/www.design-award.cz\/wp-content\/uploads\/2022\/02\/MicrosoftTeams-image-6-1-500x281.jpg 500w, https:\/\/www.design-award.cz\/wp-content\/uploads\/2022\/02\/MicrosoftTeams-image-6-1-800x450.jpg 800w, https:\/\/www.design-award.cz\/wp-content\/uploads\/2022\/02\/MicrosoftTeams-image-6-1-1280x720.jpg 1280w, https:\/\/www.design-award.cz\/wp-content\/uploads\/2022\/02\/MicrosoftTeams-image-6-1-1920x1080.jpg 1920w\" data-sizes=\"(max-width: 1024px) 100vw, 1024px\" src=\"data:image\/svg+xml;base64,PHN2ZyB3aWR0aD0iMSIgaGVpZ2h0PSIxIiB4bWxucz0iaHR0cDovL3d3dy53My5vcmcvMjAwMC9zdmciPjwvc3ZnPg==\" style=\"--smush-placeholder-width: 1024px; --smush-placeholder-aspect-ratio: 1024\/576;\" \/><\/figure>\n\n\n\n<figure class=\"wp-block-image size-large is-style-default\"><img decoding=\"async\" width=\"1024\" height=\"576\" data-src=\"http:\/\/www.design-award.cz\/wp-content\/uploads\/2022\/02\/MicrosoftTeams-image-7-1-1024x576.jpg\" alt=\"\" class=\"wp-image-406 lazyload\" data-srcset=\"https:\/\/www.design-award.cz\/wp-content\/uploads\/2022\/02\/MicrosoftTeams-image-7-1-1024x576.jpg 1024w, https:\/\/www.design-award.cz\/wp-content\/uploads\/2022\/02\/MicrosoftTeams-image-7-1-300x169.jpg 300w, https:\/\/www.design-award.cz\/wp-content\/uploads\/2022\/02\/MicrosoftTeams-image-7-1-768x432.jpg 768w, https:\/\/www.design-award.cz\/wp-content\/uploads\/2022\/02\/MicrosoftTeams-image-7-1-1536x864.jpg 1536w, https:\/\/www.design-award.cz\/wp-content\/uploads\/2022\/02\/MicrosoftTeams-image-7-1-2048x1152.jpg 2048w, https:\/\/www.design-award.cz\/wp-content\/uploads\/2022\/02\/MicrosoftTeams-image-7-1-500x281.jpg 500w, https:\/\/www.design-award.cz\/wp-content\/uploads\/2022\/02\/MicrosoftTeams-image-7-1-800x450.jpg 800w, https:\/\/www.design-award.cz\/wp-content\/uploads\/2022\/02\/MicrosoftTeams-image-7-1-1280x720.jpg 1280w, https:\/\/www.design-award.cz\/wp-content\/uploads\/2022\/02\/MicrosoftTeams-image-7-1-1920x1080.jpg 1920w\" data-sizes=\"(max-width: 1024px) 100vw, 1024px\" src=\"data:image\/svg+xml;base64,PHN2ZyB3aWR0aD0iMSIgaGVpZ2h0PSIxIiB4bWxucz0iaHR0cDovL3d3dy53My5vcmcvMjAwMC9zdmciPjwvc3ZnPg==\" style=\"--smush-placeholder-width: 1024px; --smush-placeholder-aspect-ratio: 1024\/576;\" \/><\/figure>\n\n\n\n<figure class=\"wp-block-image size-large is-style-default\"><img decoding=\"async\" width=\"1024\" height=\"576\" data-src=\"http:\/\/www.design-award.cz\/wp-content\/uploads\/2022\/02\/MicrosoftTeams-image-5-1-1024x576.jpg\" alt=\"\" class=\"wp-image-403 lazyload\" data-srcset=\"https:\/\/www.design-award.cz\/wp-content\/uploads\/2022\/02\/MicrosoftTeams-image-5-1-1024x576.jpg 1024w, https:\/\/www.design-award.cz\/wp-content\/uploads\/2022\/02\/MicrosoftTeams-image-5-1-300x169.jpg 300w, https:\/\/www.design-award.cz\/wp-content\/uploads\/2022\/02\/MicrosoftTeams-image-5-1-768x432.jpg 768w, https:\/\/www.design-award.cz\/wp-content\/uploads\/2022\/02\/MicrosoftTeams-image-5-1-1536x864.jpg 1536w, https:\/\/www.design-award.cz\/wp-content\/uploads\/2022\/02\/MicrosoftTeams-image-5-1-2048x1152.jpg 2048w, https:\/\/www.design-award.cz\/wp-content\/uploads\/2022\/02\/MicrosoftTeams-image-5-1-500x281.jpg 500w, https:\/\/www.design-award.cz\/wp-content\/uploads\/2022\/02\/MicrosoftTeams-image-5-1-800x450.jpg 800w, https:\/\/www.design-award.cz\/wp-content\/uploads\/2022\/02\/MicrosoftTeams-image-5-1-1280x720.jpg 1280w, https:\/\/www.design-award.cz\/wp-content\/uploads\/2022\/02\/MicrosoftTeams-image-5-1-1920x1080.jpg 1920w\" data-sizes=\"(max-width: 1024px) 100vw, 1024px\" src=\"data:image\/svg+xml;base64,PHN2ZyB3aWR0aD0iMSIgaGVpZ2h0PSIxIiB4bWxucz0iaHR0cDovL3d3dy53My5vcmcvMjAwMC9zdmciPjwvc3ZnPg==\" style=\"--smush-placeholder-width: 1024px; --smush-placeholder-aspect-ratio: 1024\/576;\" \/><\/figure>\n\n\n\n<figure class=\"wp-block-image size-large is-style-default\"><img decoding=\"async\" width=\"1024\" height=\"576\" data-src=\"http:\/\/www.design-award.cz\/wp-content\/uploads\/2022\/02\/MicrosoftTeams-image-4-1-1024x576.jpg\" alt=\"\" class=\"wp-image-407 lazyload\" data-srcset=\"https:\/\/www.design-award.cz\/wp-content\/uploads\/2022\/02\/MicrosoftTeams-image-4-1-1024x576.jpg 1024w, https:\/\/www.design-award.cz\/wp-content\/uploads\/2022\/02\/MicrosoftTeams-image-4-1-300x169.jpg 300w, https:\/\/www.design-award.cz\/wp-content\/uploads\/2022\/02\/MicrosoftTeams-image-4-1-768x432.jpg 768w, https:\/\/www.design-award.cz\/wp-content\/uploads\/2022\/02\/MicrosoftTeams-image-4-1-1536x864.jpg 1536w, https:\/\/www.design-award.cz\/wp-content\/uploads\/2022\/02\/MicrosoftTeams-image-4-1-2048x1152.jpg 2048w, https:\/\/www.design-award.cz\/wp-content\/uploads\/2022\/02\/MicrosoftTeams-image-4-1-500x281.jpg 500w, https:\/\/www.design-award.cz\/wp-content\/uploads\/2022\/02\/MicrosoftTeams-image-4-1-800x450.jpg 800w, https:\/\/www.design-award.cz\/wp-content\/uploads\/2022\/02\/MicrosoftTeams-image-4-1-1280x720.jpg 1280w, https:\/\/www.design-award.cz\/wp-content\/uploads\/2022\/02\/MicrosoftTeams-image-4-1-1920x1080.jpg 1920w\" data-sizes=\"(max-width: 1024px) 100vw, 1024px\" src=\"data:image\/svg+xml;base64,PHN2ZyB3aWR0aD0iMSIgaGVpZ2h0PSIxIiB4bWxucz0iaHR0cDovL3d3dy53My5vcmcvMjAwMC9zdmciPjwvc3ZnPg==\" style=\"--smush-placeholder-width: 1024px; --smush-placeholder-aspect-ratio: 1024\/576;\" \/><\/figure>\n\n\n\n<figure class=\"wp-block-image size-large is-style-default\"><img decoding=\"async\" width=\"1024\" height=\"1024\" data-src=\"https:\/\/www.design-award.cz\/wp-content\/uploads\/2022\/02\/1.-NP-Nabytek-pdf-1024x1024-1-1024x1024.jpg\" alt=\"\" class=\"wp-image-462 lazyload\" data-srcset=\"https:\/\/www.design-award.cz\/wp-content\/uploads\/2022\/02\/1.-NP-Nabytek-pdf-1024x1024-1.jpg 1024w, https:\/\/www.design-award.cz\/wp-content\/uploads\/2022\/02\/1.-NP-Nabytek-pdf-1024x1024-1-300x300.jpg 300w, https:\/\/www.design-award.cz\/wp-content\/uploads\/2022\/02\/1.-NP-Nabytek-pdf-1024x1024-1-150x150.jpg 150w, https:\/\/www.design-award.cz\/wp-content\/uploads\/2022\/02\/1.-NP-Nabytek-pdf-1024x1024-1-768x768.jpg 768w, https:\/\/www.design-award.cz\/wp-content\/uploads\/2022\/02\/1.-NP-Nabytek-pdf-1024x1024-1-500x500.jpg 500w, https:\/\/www.design-award.cz\/wp-content\/uploads\/2022\/02\/1.-NP-Nabytek-pdf-1024x1024-1-800x800.jpg 800w\" data-sizes=\"(max-width: 1024px) 100vw, 1024px\" src=\"data:image\/svg+xml;base64,PHN2ZyB3aWR0aD0iMSIgaGVpZ2h0PSIxIiB4bWxucz0iaHR0cDovL3d3dy53My5vcmcvMjAwMC9zdmciPjwvc3ZnPg==\" style=\"--smush-placeholder-width: 1024px; --smush-placeholder-aspect-ratio: 1024\/1024;\" \/><\/figure>\n\n\n\n<figure class=\"wp-block-image size-large is-style-default\"><img decoding=\"async\" width=\"1024\" height=\"1024\" data-src=\"https:\/\/www.design-award.cz\/wp-content\/uploads\/2022\/02\/2.-NP-1-pdf-1024x1024-1-1024x1024.jpg\" alt=\"\" class=\"wp-image-463 lazyload\" data-srcset=\"https:\/\/www.design-award.cz\/wp-content\/uploads\/2022\/02\/2.-NP-1-pdf-1024x1024-1.jpg 1024w, https:\/\/www.design-award.cz\/wp-content\/uploads\/2022\/02\/2.-NP-1-pdf-1024x1024-1-300x300.jpg 300w, https:\/\/www.design-award.cz\/wp-content\/uploads\/2022\/02\/2.-NP-1-pdf-1024x1024-1-150x150.jpg 150w, https:\/\/www.design-award.cz\/wp-content\/uploads\/2022\/02\/2.-NP-1-pdf-1024x1024-1-768x768.jpg 768w, https:\/\/www.design-award.cz\/wp-content\/uploads\/2022\/02\/2.-NP-1-pdf-1024x1024-1-500x500.jpg 500w, https:\/\/www.design-award.cz\/wp-content\/uploads\/2022\/02\/2.-NP-1-pdf-1024x1024-1-800x800.jpg 800w\" data-sizes=\"(max-width: 1024px) 100vw, 1024px\" src=\"data:image\/svg+xml;base64,PHN2ZyB3aWR0aD0iMSIgaGVpZ2h0PSIxIiB4bWxucz0iaHR0cDovL3d3dy53My5vcmcvMjAwMC9zdmciPjwvc3ZnPg==\" style=\"--smush-placeholder-width: 1024px; --smush-placeholder-aspect-ratio: 1024\/1024;\" \/><\/figure>\n\n\n<div class=\"wp-block-visual-portfolio\">\n<div class=\"vp-portfolio vp-uid-2ece4a06 vp-id-607\"\n\tdata-vp-layout=\"slider\" data-vp-content-source=\"post-based\" data-vp-items-style=\"fade\" data-vp-items-click-action=\"url\" data-vp-items-gap=\"12\" data-vp-items-gap-vertical=\"\" data-vp-pagination=\"load-more\" data-vp-next-page-url=\"https:\/\/www.design-award.cz\/index.php?rest_route=%2Fwp%2Fv2%2Fportfolio%2F402&#038;vp_page=2\" data-vp-random-seed=\"392254488\" data-vp-slider-effect=\"slide\" data-vp-slider-items-height=\"80%\" data-vp-slider-items-min-height=\"\" data-vp-slider-slides-per-view=\"3\" data-vp-slider-speed=\"0.3\" data-vp-slider-autoplay=\"4.8\" data-vp-slider-autoplay-hover-pause=\"false\" data-vp-slider-centered-slides=\"true\" data-vp-slider-loop=\"true\" data-vp-slider-free-mode=\"false\" data-vp-slider-free-mode-sticky=\"false\" data-vp-slider-arrows=\"true\" data-vp-slider-bullets=\"false\" data-vp-slider-bullets-dynamic=\"false\" data-vp-slider-mousewheel=\"false\" data-vp-slider-thumbnails=\"false\" >\n\t<div class=\"vp-portfolio__preloader-wrap\">\n\t\t<div class=\"vp-portfolio__preloader\">\n\t\t\t<img decoding=\"async\" loading=\"eager\" src=\"https:\/\/www.design-award.cz\/wp-content\/plugins\/visual-portfolio\/assets\/images\/logo-dark.svg\" alt=\"Visual Portfolio, Posts &amp; Image Gallery for WordPress\" width=\"20\" height=\"20\" data-skip-lazy>\n\t\t<\/div>\n\t<\/div>\n\t\t<div class=\"vp-portfolio__items-wrap\">\n\t\t\t\n<div class=\"vp-portfolio__items vp-portfolio__items-style-fade vp-portfolio__items-show-overlay-hover\">\n\n\t\t<article\t\tclass=\"vp-portfolio__item-wrap post-630 portfolio type-portfolio status-publish format-standard has-post-thumbnail hentry entry has-media vp-portfolio__item-uid-9564f0c8\" data-vp-filter=\"\" \t\t>\n\t\t\t\t\t\t\t\t\t<figure class=\"vp-portfolio__item\">\n\t\t\t\t\n<div class=\"vp-portfolio__item-img-wrap\">\n\t<div class=\"vp-portfolio__item-img\">\n\t\t\t<a\n\t\thref=\"https:\/\/www.design-award.cz\/?portfolio=soukromy-interier-detsky-pokoj-2\"\n\t\t\t>\n\t\n\t\t<noscript><img decoding=\"async\" width=\"1920\" height=\"1358\" data-skip-lazy src=\"https:\/\/www.design-award.cz\/wp-content\/uploads\/2022\/04\/detsky-pokoj-kresba-1920x1358.jpg\" class=\"wp-image-633\" alt=\"\" srcset=\"https:\/\/www.design-award.cz\/wp-content\/uploads\/2022\/04\/detsky-pokoj-kresba-1920x1358.jpg 1920w, https:\/\/www.design-award.cz\/wp-content\/uploads\/2022\/04\/detsky-pokoj-kresba-300x212.jpg 300w, https:\/\/www.design-award.cz\/wp-content\/uploads\/2022\/04\/detsky-pokoj-kresba-1024x724.jpg 1024w, https:\/\/www.design-award.cz\/wp-content\/uploads\/2022\/04\/detsky-pokoj-kresba-768x543.jpg 768w, https:\/\/www.design-award.cz\/wp-content\/uploads\/2022\/04\/detsky-pokoj-kresba-1536x1086.jpg 1536w, https:\/\/www.design-award.cz\/wp-content\/uploads\/2022\/04\/detsky-pokoj-kresba-2048x1448.jpg 2048w, https:\/\/www.design-award.cz\/wp-content\/uploads\/2022\/04\/detsky-pokoj-kresba-500x354.jpg 500w, https:\/\/www.design-award.cz\/wp-content\/uploads\/2022\/04\/detsky-pokoj-kresba-800x566.jpg 800w, https:\/\/www.design-award.cz\/wp-content\/uploads\/2022\/04\/detsky-pokoj-kresba-1280x905.jpg 1280w\" sizes=\"(max-width: 1920px) 100vw, 1920px\" \/><\/noscript><img fetchpriority=\"high\" decoding=\"async\" width=\"1920\" height=\"1358\" src=\"https:\/\/www.design-award.cz\/wp-content\/uploads\/2022\/04\/detsky-pokoj-kresba-1920x1358.jpg\" class=\"wp-image-633 vp-lazyload\" alt srcset=\"data:image\/svg+xml;base64,PHN2ZyB3aWR0aD0iMTkyMCIgaGVpZ2h0PSIxMzU4IiB2aWV3Qm94PSIwIDAgMTkyMCAxMzU4IiBmaWxsPSJub25lIiB4bWxucz0iaHR0cDovL3d3dy53My5vcmcvMjAwMC9zdmciPjwvc3ZnPg==\" data-src=\"https:\/\/www.design-award.cz\/wp-content\/uploads\/2022\/04\/detsky-pokoj-kresba-1920x1358.jpg\" data-srcset=\"https:\/\/www.design-award.cz\/wp-content\/uploads\/2022\/04\/detsky-pokoj-kresba-1920x1358.jpg 1920w, https:\/\/www.design-award.cz\/wp-content\/uploads\/2022\/04\/detsky-pokoj-kresba-300x212.jpg 300w, https:\/\/www.design-award.cz\/wp-content\/uploads\/2022\/04\/detsky-pokoj-kresba-1024x724.jpg 1024w, https:\/\/www.design-award.cz\/wp-content\/uploads\/2022\/04\/detsky-pokoj-kresba-768x543.jpg 768w, https:\/\/www.design-award.cz\/wp-content\/uploads\/2022\/04\/detsky-pokoj-kresba-1536x1086.jpg 1536w, https:\/\/www.design-award.cz\/wp-content\/uploads\/2022\/04\/detsky-pokoj-kresba-2048x1448.jpg 2048w, https:\/\/www.design-award.cz\/wp-content\/uploads\/2022\/04\/detsky-pokoj-kresba-500x354.jpg 500w, https:\/\/www.design-award.cz\/wp-content\/uploads\/2022\/04\/detsky-pokoj-kresba-800x566.jpg 800w, https:\/\/www.design-award.cz\/wp-content\/uploads\/2022\/04\/detsky-pokoj-kresba-1280x905.jpg 1280w\" data-sizes=\"auto\" loading=\"eager\">\n\t\t<\/a>\t<\/div>\n<\/div>\n\t<figcaption class=\"vp-portfolio__item-overlay vp-portfolio__item-overlay-text-align-center\">\n\t\t<div class=\"vp-portfolio__item-meta-wrap vp-portfolio__custom-scrollbar\">\n\t\t\t\t<a\n\t\thref=\"https:\/\/www.design-award.cz\/?portfolio=soukromy-interier-detsky-pokoj-2\"\n\t\ttabindex=\"-1\" class=\"vp-portfolio__item-meta\" \t>\n\t\n<h2 class=\"vp-portfolio__item-meta-title\">\n\tSoukrom\u00fd interi\u00e9r &#8211; d\u011btsk\u00fd pokoj<\/h2>\n<\/a>\t\t<\/div>\n\t<\/figcaption>\n\t\t\t<\/figure>\n\t\t\t\t\t<\/article>\n\t\t\n\t\t<article\t\tclass=\"vp-portfolio__item-wrap post-4708 portfolio type-portfolio status-publish format-standard has-post-thumbnail hentry entry has-media vp-portfolio__item-uid-c22a1936\" data-vp-filter=\"\" \t\t>\n\t\t\t\t\t\t\t\t\t<figure class=\"vp-portfolio__item\">\n\t\t\t\t\n<div class=\"vp-portfolio__item-img-wrap\">\n\t<div class=\"vp-portfolio__item-img\">\n\t\t\t<a\n\t\thref=\"https:\/\/www.design-award.cz\/?portfolio=produktovy-design-fold-eco-chair\"\n\t\t\t>\n\t\n\t\t<noscript><img decoding=\"async\" width=\"1600\" height=\"1200\" data-skip-lazy src=\"https:\/\/www.design-award.cz\/wp-content\/uploads\/2025\/06\/render_1_havelkova.jpg\" class=\"wp-image-4715\" alt=\"\" srcset=\"https:\/\/www.design-award.cz\/wp-content\/uploads\/2025\/06\/render_1_havelkova.jpg 1600w, https:\/\/www.design-award.cz\/wp-content\/uploads\/2025\/06\/render_1_havelkova-300x225.jpg 300w, https:\/\/www.design-award.cz\/wp-content\/uploads\/2025\/06\/render_1_havelkova-1024x768.jpg 1024w, https:\/\/www.design-award.cz\/wp-content\/uploads\/2025\/06\/render_1_havelkova-768x576.jpg 768w, https:\/\/www.design-award.cz\/wp-content\/uploads\/2025\/06\/render_1_havelkova-1536x1152.jpg 1536w, https:\/\/www.design-award.cz\/wp-content\/uploads\/2025\/06\/render_1_havelkova-500x375.jpg 500w, https:\/\/www.design-award.cz\/wp-content\/uploads\/2025\/06\/render_1_havelkova-800x600.jpg 800w, https:\/\/www.design-award.cz\/wp-content\/uploads\/2025\/06\/render_1_havelkova-1280x960.jpg 1280w\" sizes=\"(max-width: 1600px) 100vw, 1600px\" \/><\/noscript><img decoding=\"async\" width=\"1600\" height=\"1200\" src=\"https:\/\/www.design-award.cz\/wp-content\/uploads\/2025\/06\/render_1_havelkova.jpg\" class=\"wp-image-4715 vp-lazyload\" alt srcset=\"data:image\/svg+xml;base64,PHN2ZyB3aWR0aD0iMTYwMCIgaGVpZ2h0PSIxMjAwIiB2aWV3Qm94PSIwIDAgMTYwMCAxMjAwIiBmaWxsPSJub25lIiB4bWxucz0iaHR0cDovL3d3dy53My5vcmcvMjAwMC9zdmciPjwvc3ZnPg==\" data-src=\"https:\/\/www.design-award.cz\/wp-content\/uploads\/2025\/06\/render_1_havelkova.jpg\" data-srcset=\"https:\/\/www.design-award.cz\/wp-content\/uploads\/2025\/06\/render_1_havelkova.jpg 1600w, https:\/\/www.design-award.cz\/wp-content\/uploads\/2025\/06\/render_1_havelkova-300x225.jpg 300w, https:\/\/www.design-award.cz\/wp-content\/uploads\/2025\/06\/render_1_havelkova-1024x768.jpg 1024w, https:\/\/www.design-award.cz\/wp-content\/uploads\/2025\/06\/render_1_havelkova-768x576.jpg 768w, https:\/\/www.design-award.cz\/wp-content\/uploads\/2025\/06\/render_1_havelkova-1536x1152.jpg 1536w, https:\/\/www.design-award.cz\/wp-content\/uploads\/2025\/06\/render_1_havelkova-500x375.jpg 500w, https:\/\/www.design-award.cz\/wp-content\/uploads\/2025\/06\/render_1_havelkova-800x600.jpg 800w, https:\/\/www.design-award.cz\/wp-content\/uploads\/2025\/06\/render_1_havelkova-1280x960.jpg 1280w\" data-sizes=\"auto\" loading=\"eager\">\n\t\t<\/a>\t<\/div>\n<\/div>\n\t<figcaption class=\"vp-portfolio__item-overlay vp-portfolio__item-overlay-text-align-center\">\n\t\t<div class=\"vp-portfolio__item-meta-wrap vp-portfolio__custom-scrollbar\">\n\t\t\t\t<a\n\t\thref=\"https:\/\/www.design-award.cz\/?portfolio=produktovy-design-fold-eco-chair\"\n\t\ttabindex=\"-1\" class=\"vp-portfolio__item-meta\" \t>\n\t\n<h2 class=\"vp-portfolio__item-meta-title\">\n\tProduktov\u00fd design &#8211; FOLD-ECO Chair<\/h2>\n<\/a>\t\t<\/div>\n\t<\/figcaption>\n\t\t\t<\/figure>\n\t\t\t\t\t<\/article>\n\t\t\n\t\t<article\t\tclass=\"vp-portfolio__item-wrap post-4900 portfolio type-portfolio status-publish format-standard has-post-thumbnail hentry entry has-media vp-portfolio__item-uid-c66fbc0e\" data-vp-filter=\"\" \t\t>\n\t\t\t\t\t\t\t\t\t<figure class=\"vp-portfolio__item\">\n\t\t\t\t\n<div class=\"vp-portfolio__item-img-wrap\">\n\t<div class=\"vp-portfolio__item-img\">\n\t\t\t<a\n\t\thref=\"https:\/\/www.design-award.cz\/?portfolio=produktovy-design-frangere\"\n\t\t\t>\n\t\n\t\t<noscript><img decoding=\"async\" width=\"1920\" height=\"1044\" data-skip-lazy src=\"https:\/\/www.design-award.cz\/wp-content\/uploads\/2025\/06\/render_10-Photo-1920x1044.jpg\" class=\"wp-image-4904\" alt=\"\" srcset=\"https:\/\/www.design-award.cz\/wp-content\/uploads\/2025\/06\/render_10-Photo-1920x1044.jpg 1920w, https:\/\/www.design-award.cz\/wp-content\/uploads\/2025\/06\/render_10-Photo-300x163.jpg 300w, https:\/\/www.design-award.cz\/wp-content\/uploads\/2025\/06\/render_10-Photo-1024x557.jpg 1024w, https:\/\/www.design-award.cz\/wp-content\/uploads\/2025\/06\/render_10-Photo-768x418.jpg 768w, https:\/\/www.design-award.cz\/wp-content\/uploads\/2025\/06\/render_10-Photo-1536x835.jpg 1536w, https:\/\/www.design-award.cz\/wp-content\/uploads\/2025\/06\/render_10-Photo-2048x1114.jpg 2048w, https:\/\/www.design-award.cz\/wp-content\/uploads\/2025\/06\/render_10-Photo-500x272.jpg 500w, https:\/\/www.design-award.cz\/wp-content\/uploads\/2025\/06\/render_10-Photo-800x435.jpg 800w, https:\/\/www.design-award.cz\/wp-content\/uploads\/2025\/06\/render_10-Photo-1280x696.jpg 1280w\" sizes=\"(max-width: 1920px) 100vw, 1920px\" \/><\/noscript><img decoding=\"async\" width=\"1920\" height=\"1044\" src=\"https:\/\/www.design-award.cz\/wp-content\/uploads\/2025\/06\/render_10-Photo-1920x1044.jpg\" class=\"wp-image-4904 vp-lazyload\" alt srcset=\"data:image\/svg+xml;base64,PHN2ZyB3aWR0aD0iMTkyMCIgaGVpZ2h0PSIxMDQ0IiB2aWV3Qm94PSIwIDAgMTkyMCAxMDQ0IiBmaWxsPSJub25lIiB4bWxucz0iaHR0cDovL3d3dy53My5vcmcvMjAwMC9zdmciPjwvc3ZnPg==\" data-src=\"https:\/\/www.design-award.cz\/wp-content\/uploads\/2025\/06\/render_10-Photo-1920x1044.jpg\" data-srcset=\"https:\/\/www.design-award.cz\/wp-content\/uploads\/2025\/06\/render_10-Photo-1920x1044.jpg 1920w, https:\/\/www.design-award.cz\/wp-content\/uploads\/2025\/06\/render_10-Photo-300x163.jpg 300w, https:\/\/www.design-award.cz\/wp-content\/uploads\/2025\/06\/render_10-Photo-1024x557.jpg 1024w, https:\/\/www.design-award.cz\/wp-content\/uploads\/2025\/06\/render_10-Photo-768x418.jpg 768w, https:\/\/www.design-award.cz\/wp-content\/uploads\/2025\/06\/render_10-Photo-1536x835.jpg 1536w, https:\/\/www.design-award.cz\/wp-content\/uploads\/2025\/06\/render_10-Photo-2048x1114.jpg 2048w, https:\/\/www.design-award.cz\/wp-content\/uploads\/2025\/06\/render_10-Photo-500x272.jpg 500w, https:\/\/www.design-award.cz\/wp-content\/uploads\/2025\/06\/render_10-Photo-800x435.jpg 800w, https:\/\/www.design-award.cz\/wp-content\/uploads\/2025\/06\/render_10-Photo-1280x696.jpg 1280w\" data-sizes=\"auto\" loading=\"eager\">\n\t\t<\/a>\t<\/div>\n<\/div>\n\t<figcaption class=\"vp-portfolio__item-overlay vp-portfolio__item-overlay-text-align-center\">\n\t\t<div class=\"vp-portfolio__item-meta-wrap vp-portfolio__custom-scrollbar\">\n\t\t\t\t<a\n\t\thref=\"https:\/\/www.design-award.cz\/?portfolio=produktovy-design-frangere\"\n\t\ttabindex=\"-1\" class=\"vp-portfolio__item-meta\" \t>\n\t\n<h2 class=\"vp-portfolio__item-meta-title\">\n\tProduktov\u00fd design &#8211; Frangere<\/h2>\n<\/a>\t\t<\/div>\n\t<\/figcaption>\n\t\t\t<\/figure>\n\t\t\t\t\t<\/article>\n\t\t\n\t\t<article\t\tclass=\"vp-portfolio__item-wrap post-3080 portfolio type-portfolio status-publish format-standard has-post-thumbnail hentry portfolio_category-soutezici-2024 entry has-media vp-portfolio__item-uid-9cb03530\" data-vp-filter=\"soutezici-2024\" \t\t>\n\t\t\t\t\t\t\t\t\t<figure class=\"vp-portfolio__item\">\n\t\t\t\t\n<div class=\"vp-portfolio__item-img-wrap\">\n\t<div class=\"vp-portfolio__item-img\">\n\t\t\t<a\n\t\thref=\"https:\/\/www.design-award.cz\/?portfolio=produktovy-design-compact\"\n\t\t\t>\n\t\n\t\t<noscript><img decoding=\"async\" width=\"1920\" height=\"1080\" data-skip-lazy src=\"https:\/\/www.design-award.cz\/wp-content\/uploads\/2024\/02\/ano-1920x1080.jpg\" class=\"wp-image-3081\" alt=\"\" srcset=\"https:\/\/www.design-award.cz\/wp-content\/uploads\/2024\/02\/ano-1920x1080.jpg 1920w, https:\/\/www.design-award.cz\/wp-content\/uploads\/2024\/02\/ano-300x169.jpg 300w, https:\/\/www.design-award.cz\/wp-content\/uploads\/2024\/02\/ano-1024x576.jpg 1024w, https:\/\/www.design-award.cz\/wp-content\/uploads\/2024\/02\/ano-768x432.jpg 768w, https:\/\/www.design-award.cz\/wp-content\/uploads\/2024\/02\/ano-1536x864.jpg 1536w, https:\/\/www.design-award.cz\/wp-content\/uploads\/2024\/02\/ano-2048x1152.jpg 2048w, https:\/\/www.design-award.cz\/wp-content\/uploads\/2024\/02\/ano-500x281.jpg 500w, https:\/\/www.design-award.cz\/wp-content\/uploads\/2024\/02\/ano-800x450.jpg 800w, https:\/\/www.design-award.cz\/wp-content\/uploads\/2024\/02\/ano-1280x720.jpg 1280w\" sizes=\"(max-width: 1920px) 100vw, 1920px\" \/><\/noscript><img decoding=\"async\" width=\"1920\" height=\"1080\" src=\"https:\/\/www.design-award.cz\/wp-content\/uploads\/2024\/02\/ano-1920x1080.jpg\" class=\"wp-image-3081 vp-lazyload\" alt srcset=\"data:image\/svg+xml;base64,PHN2ZyB3aWR0aD0iMTkyMCIgaGVpZ2h0PSIxMDgwIiB2aWV3Qm94PSIwIDAgMTkyMCAxMDgwIiBmaWxsPSJub25lIiB4bWxucz0iaHR0cDovL3d3dy53My5vcmcvMjAwMC9zdmciPjwvc3ZnPg==\" data-src=\"https:\/\/www.design-award.cz\/wp-content\/uploads\/2024\/02\/ano-1920x1080.jpg\" data-srcset=\"https:\/\/www.design-award.cz\/wp-content\/uploads\/2024\/02\/ano-1920x1080.jpg 1920w, https:\/\/www.design-award.cz\/wp-content\/uploads\/2024\/02\/ano-300x169.jpg 300w, https:\/\/www.design-award.cz\/wp-content\/uploads\/2024\/02\/ano-1024x576.jpg 1024w, https:\/\/www.design-award.cz\/wp-content\/uploads\/2024\/02\/ano-768x432.jpg 768w, https:\/\/www.design-award.cz\/wp-content\/uploads\/2024\/02\/ano-1536x864.jpg 1536w, https:\/\/www.design-award.cz\/wp-content\/uploads\/2024\/02\/ano-2048x1152.jpg 2048w, https:\/\/www.design-award.cz\/wp-content\/uploads\/2024\/02\/ano-500x281.jpg 500w, https:\/\/www.design-award.cz\/wp-content\/uploads\/2024\/02\/ano-800x450.jpg 800w, https:\/\/www.design-award.cz\/wp-content\/uploads\/2024\/02\/ano-1280x720.jpg 1280w\" data-sizes=\"auto\" loading=\"eager\">\n\t\t<\/a>\t<\/div>\n<\/div>\n\t<figcaption class=\"vp-portfolio__item-overlay vp-portfolio__item-overlay-text-align-center\">\n\t\t<div class=\"vp-portfolio__item-meta-wrap vp-portfolio__custom-scrollbar\">\n\t\t\t\t<a\n\t\thref=\"https:\/\/www.design-award.cz\/?portfolio=produktovy-design-compact\"\n\t\ttabindex=\"-1\" class=\"vp-portfolio__item-meta\" \t>\n\t\n<div class=\"vp-portfolio__item-meta-categories\">\n\t\t\t<div class=\"vp-portfolio__item-meta-category\">\n\t\t\t\t<span\t\t\t>\n\tSOUT\u011a\u017d\u00cdC\u00cd 2024<\/span>\t\t<\/div>\n\t\t<\/div>\n\n<h2 class=\"vp-portfolio__item-meta-title\">\n\tProduktov\u00fd design &#8211; Compact<\/h2>\n<\/a>\t\t<\/div>\n\t<\/figcaption>\n\t\t\t<\/figure>\n\t\t\t\t\t<\/article>\n\t\t\n\t\t<article\t\tclass=\"vp-portfolio__item-wrap post-4841 portfolio type-portfolio status-publish format-standard has-post-thumbnail hentry entry has-media vp-portfolio__item-uid-d4c623ab\" data-vp-filter=\"\" \t\t>\n\t\t\t\t\t\t\t\t\t<figure class=\"vp-portfolio__item\">\n\t\t\t\t\n<div class=\"vp-portfolio__item-img-wrap\">\n\t<div class=\"vp-portfolio__item-img\">\n\t\t\t<a\n\t\thref=\"https:\/\/www.design-award.cz\/?portfolio=produktovy-design-paralights\"\n\t\t\t>\n\t\n\t\t<noscript><img decoding=\"async\" width=\"1520\" height=\"1146\" data-skip-lazy src=\"https:\/\/www.design-award.cz\/wp-content\/uploads\/2025\/06\/a01.jpg\" class=\"wp-image-4843\" alt=\"\" srcset=\"https:\/\/www.design-award.cz\/wp-content\/uploads\/2025\/06\/a01.jpg 1520w, https:\/\/www.design-award.cz\/wp-content\/uploads\/2025\/06\/a01-300x226.jpg 300w, https:\/\/www.design-award.cz\/wp-content\/uploads\/2025\/06\/a01-1024x772.jpg 1024w, https:\/\/www.design-award.cz\/wp-content\/uploads\/2025\/06\/a01-768x579.jpg 768w, https:\/\/www.design-award.cz\/wp-content\/uploads\/2025\/06\/a01-500x377.jpg 500w, https:\/\/www.design-award.cz\/wp-content\/uploads\/2025\/06\/a01-800x603.jpg 800w, https:\/\/www.design-award.cz\/wp-content\/uploads\/2025\/06\/a01-1280x965.jpg 1280w\" sizes=\"(max-width: 1520px) 100vw, 1520px\" \/><\/noscript><img decoding=\"async\" width=\"1520\" height=\"1146\" src=\"https:\/\/www.design-award.cz\/wp-content\/uploads\/2025\/06\/a01.jpg\" class=\"wp-image-4843 vp-lazyload\" alt srcset=\"data:image\/svg+xml;base64,PHN2ZyB3aWR0aD0iMTUyMCIgaGVpZ2h0PSIxMTQ2IiB2aWV3Qm94PSIwIDAgMTUyMCAxMTQ2IiBmaWxsPSJub25lIiB4bWxucz0iaHR0cDovL3d3dy53My5vcmcvMjAwMC9zdmciPjwvc3ZnPg==\" data-src=\"https:\/\/www.design-award.cz\/wp-content\/uploads\/2025\/06\/a01.jpg\" data-srcset=\"https:\/\/www.design-award.cz\/wp-content\/uploads\/2025\/06\/a01.jpg 1520w, https:\/\/www.design-award.cz\/wp-content\/uploads\/2025\/06\/a01-300x226.jpg 300w, https:\/\/www.design-award.cz\/wp-content\/uploads\/2025\/06\/a01-1024x772.jpg 1024w, https:\/\/www.design-award.cz\/wp-content\/uploads\/2025\/06\/a01-768x579.jpg 768w, https:\/\/www.design-award.cz\/wp-content\/uploads\/2025\/06\/a01-500x377.jpg 500w, https:\/\/www.design-award.cz\/wp-content\/uploads\/2025\/06\/a01-800x603.jpg 800w, https:\/\/www.design-award.cz\/wp-content\/uploads\/2025\/06\/a01-1280x965.jpg 1280w\" data-sizes=\"auto\" loading=\"eager\">\n\t\t<\/a>\t<\/div>\n<\/div>\n\t<figcaption class=\"vp-portfolio__item-overlay vp-portfolio__item-overlay-text-align-center\">\n\t\t<div class=\"vp-portfolio__item-meta-wrap vp-portfolio__custom-scrollbar\">\n\t\t\t\t<a\n\t\thref=\"https:\/\/www.design-award.cz\/?portfolio=produktovy-design-paralights\"\n\t\ttabindex=\"-1\" class=\"vp-portfolio__item-meta\" \t>\n\t\n<h2 class=\"vp-portfolio__item-meta-title\">\n\tProduktov\u00fd design &#8211; Paralights<\/h2>\n<\/a>\t\t<\/div>\n\t<\/figcaption>\n\t\t\t<\/figure>\n\t\t\t\t\t<\/article>\n\t\t\n\t\t<article\t\tclass=\"vp-portfolio__item-wrap post-985 portfolio type-portfolio status-publish format-standard has-post-thumbnail hentry entry has-media vp-portfolio__item-uid-0da69ab1\" data-vp-filter=\"\" \t\t>\n\t\t\t\t\t\t\t\t\t<figure class=\"vp-portfolio__item\">\n\t\t\t\t\n<div class=\"vp-portfolio__item-img-wrap\">\n\t<div class=\"vp-portfolio__item-img\">\n\t\t\t<a\n\t\thref=\"https:\/\/www.design-award.cz\/?portfolio=produktovy-design-slant\"\n\t\t\t>\n\t\n\t\t<noscript><img decoding=\"async\" width=\"1920\" height=\"1340\" data-skip-lazy src=\"https:\/\/www.design-award.cz\/wp-content\/uploads\/2022\/04\/untitled.5.jpg\" class=\"wp-image-983\" alt=\"\" srcset=\"https:\/\/www.design-award.cz\/wp-content\/uploads\/2022\/04\/untitled.5.jpg 1920w, https:\/\/www.design-award.cz\/wp-content\/uploads\/2022\/04\/untitled.5-300x209.jpg 300w, https:\/\/www.design-award.cz\/wp-content\/uploads\/2022\/04\/untitled.5-1024x715.jpg 1024w, https:\/\/www.design-award.cz\/wp-content\/uploads\/2022\/04\/untitled.5-768x536.jpg 768w, https:\/\/www.design-award.cz\/wp-content\/uploads\/2022\/04\/untitled.5-1536x1072.jpg 1536w, https:\/\/www.design-award.cz\/wp-content\/uploads\/2022\/04\/untitled.5-500x349.jpg 500w, https:\/\/www.design-award.cz\/wp-content\/uploads\/2022\/04\/untitled.5-800x558.jpg 800w, https:\/\/www.design-award.cz\/wp-content\/uploads\/2022\/04\/untitled.5-1280x893.jpg 1280w\" sizes=\"(max-width: 1920px) 100vw, 1920px\" \/><\/noscript><img decoding=\"async\" width=\"1920\" height=\"1340\" src=\"https:\/\/www.design-award.cz\/wp-content\/uploads\/2022\/04\/untitled.5.jpg\" class=\"wp-image-983 vp-lazyload\" alt srcset=\"data:image\/svg+xml;base64,PHN2ZyB3aWR0aD0iMTkyMCIgaGVpZ2h0PSIxMzQwIiB2aWV3Qm94PSIwIDAgMTkyMCAxMzQwIiBmaWxsPSJub25lIiB4bWxucz0iaHR0cDovL3d3dy53My5vcmcvMjAwMC9zdmciPjwvc3ZnPg==\" data-src=\"https:\/\/www.design-award.cz\/wp-content\/uploads\/2022\/04\/untitled.5.jpg\" data-srcset=\"https:\/\/www.design-award.cz\/wp-content\/uploads\/2022\/04\/untitled.5.jpg 1920w, https:\/\/www.design-award.cz\/wp-content\/uploads\/2022\/04\/untitled.5-300x209.jpg 300w, https:\/\/www.design-award.cz\/wp-content\/uploads\/2022\/04\/untitled.5-1024x715.jpg 1024w, https:\/\/www.design-award.cz\/wp-content\/uploads\/2022\/04\/untitled.5-768x536.jpg 768w, https:\/\/www.design-award.cz\/wp-content\/uploads\/2022\/04\/untitled.5-1536x1072.jpg 1536w, https:\/\/www.design-award.cz\/wp-content\/uploads\/2022\/04\/untitled.5-500x349.jpg 500w, https:\/\/www.design-award.cz\/wp-content\/uploads\/2022\/04\/untitled.5-800x558.jpg 800w, https:\/\/www.design-award.cz\/wp-content\/uploads\/2022\/04\/untitled.5-1280x893.jpg 1280w\" data-sizes=\"auto\" loading=\"eager\">\n\t\t<\/a>\t<\/div>\n<\/div>\n\t<figcaption class=\"vp-portfolio__item-overlay vp-portfolio__item-overlay-text-align-center\">\n\t\t<div class=\"vp-portfolio__item-meta-wrap vp-portfolio__custom-scrollbar\">\n\t\t\t\t<a\n\t\thref=\"https:\/\/www.design-award.cz\/?portfolio=produktovy-design-slant\"\n\t\ttabindex=\"-1\" class=\"vp-portfolio__item-meta\" \t>\n\t\n<h2 class=\"vp-portfolio__item-meta-title\">\n\tProduktov\u00fd design &#8211; Slant<\/h2>\n<\/a>\t\t<\/div>\n\t<\/figcaption>\n\t\t\t<\/figure>\n\t\t\t\t\t<\/article>\n\t\t\n\t\t<article\t\tclass=\"vp-portfolio__item-wrap post-817 portfolio type-portfolio status-publish format-standard has-post-thumbnail hentry entry has-media vp-portfolio__item-uid-33a82ae3\" data-vp-filter=\"\" \t\t>\n\t\t\t\t\t\t\t\t\t<figure class=\"vp-portfolio__item\">\n\t\t\t\t\n<div class=\"vp-portfolio__item-img-wrap\">\n\t<div class=\"vp-portfolio__item-img\">\n\t\t\t<a\n\t\thref=\"https:\/\/www.design-award.cz\/?portfolio=verejny-interier-interier-kavarny-a-bistra\"\n\t\t\t>\n\t\n\t\t<noscript><img decoding=\"async\" width=\"1890\" height=\"1038\" data-skip-lazy src=\"https:\/\/www.design-award.cz\/wp-content\/uploads\/2022\/05\/Tereza-Tomsikova.jpg\" class=\"wp-image-1521\" alt=\"\" srcset=\"https:\/\/www.design-award.cz\/wp-content\/uploads\/2022\/05\/Tereza-Tomsikova.jpg 1890w, https:\/\/www.design-award.cz\/wp-content\/uploads\/2022\/05\/Tereza-Tomsikova-300x165.jpg 300w, https:\/\/www.design-award.cz\/wp-content\/uploads\/2022\/05\/Tereza-Tomsikova-1024x562.jpg 1024w, https:\/\/www.design-award.cz\/wp-content\/uploads\/2022\/05\/Tereza-Tomsikova-768x422.jpg 768w, https:\/\/www.design-award.cz\/wp-content\/uploads\/2022\/05\/Tereza-Tomsikova-1536x844.jpg 1536w, https:\/\/www.design-award.cz\/wp-content\/uploads\/2022\/05\/Tereza-Tomsikova-500x275.jpg 500w, https:\/\/www.design-award.cz\/wp-content\/uploads\/2022\/05\/Tereza-Tomsikova-800x439.jpg 800w, https:\/\/www.design-award.cz\/wp-content\/uploads\/2022\/05\/Tereza-Tomsikova-1280x703.jpg 1280w\" sizes=\"(max-width: 1890px) 100vw, 1890px\" \/><\/noscript><img decoding=\"async\" width=\"1890\" height=\"1038\" src=\"https:\/\/www.design-award.cz\/wp-content\/uploads\/2022\/05\/Tereza-Tomsikova.jpg\" class=\"wp-image-1521 vp-lazyload\" alt srcset=\"data:image\/svg+xml;base64,PHN2ZyB3aWR0aD0iMTg5MCIgaGVpZ2h0PSIxMDM4IiB2aWV3Qm94PSIwIDAgMTg5MCAxMDM4IiBmaWxsPSJub25lIiB4bWxucz0iaHR0cDovL3d3dy53My5vcmcvMjAwMC9zdmciPjwvc3ZnPg==\" data-src=\"https:\/\/www.design-award.cz\/wp-content\/uploads\/2022\/05\/Tereza-Tomsikova.jpg\" data-srcset=\"https:\/\/www.design-award.cz\/wp-content\/uploads\/2022\/05\/Tereza-Tomsikova.jpg 1890w, https:\/\/www.design-award.cz\/wp-content\/uploads\/2022\/05\/Tereza-Tomsikova-300x165.jpg 300w, https:\/\/www.design-award.cz\/wp-content\/uploads\/2022\/05\/Tereza-Tomsikova-1024x562.jpg 1024w, https:\/\/www.design-award.cz\/wp-content\/uploads\/2022\/05\/Tereza-Tomsikova-768x422.jpg 768w, https:\/\/www.design-award.cz\/wp-content\/uploads\/2022\/05\/Tereza-Tomsikova-1536x844.jpg 1536w, https:\/\/www.design-award.cz\/wp-content\/uploads\/2022\/05\/Tereza-Tomsikova-500x275.jpg 500w, https:\/\/www.design-award.cz\/wp-content\/uploads\/2022\/05\/Tereza-Tomsikova-800x439.jpg 800w, https:\/\/www.design-award.cz\/wp-content\/uploads\/2022\/05\/Tereza-Tomsikova-1280x703.jpg 1280w\" data-sizes=\"auto\" loading=\"eager\">\n\t\t<\/a>\t<\/div>\n<\/div>\n\t<figcaption class=\"vp-portfolio__item-overlay vp-portfolio__item-overlay-text-align-center\">\n\t\t<div class=\"vp-portfolio__item-meta-wrap vp-portfolio__custom-scrollbar\">\n\t\t\t\t<a\n\t\thref=\"https:\/\/www.design-award.cz\/?portfolio=verejny-interier-interier-kavarny-a-bistra\"\n\t\ttabindex=\"-1\" class=\"vp-portfolio__item-meta\" \t>\n\t\n<h2 class=\"vp-portfolio__item-meta-title\">\n\tVe\u0159ejn\u00fd interi\u00e9r &#8211; Interi\u00e9r kav\u00e1rny a bistra<\/h2>\n<\/a>\t\t<\/div>\n\t<\/figcaption>\n\t\t\t<\/figure>\n\t\t\t\t\t<\/article>\n\t\t\n\t\t<article\t\tclass=\"vp-portfolio__item-wrap post-5435 portfolio type-portfolio status-publish format-standard has-post-thumbnail hentry entry has-media vp-portfolio__item-uid-2d4cef74\" data-vp-filter=\"\" \t\t>\n\t\t\t\t\t\t\t\t\t<figure class=\"vp-portfolio__item\">\n\t\t\t\t\n<div class=\"vp-portfolio__item-img-wrap\">\n\t<div class=\"vp-portfolio__item-img\">\n\t\t\t<a\n\t\thref=\"https:\/\/www.design-award.cz\/?portfolio=interierovy-design-internatni-pokoj-2\"\n\t\t\t>\n\t\n\t\t<noscript><img decoding=\"async\" width=\"1596\" height=\"863\" data-skip-lazy src=\"https:\/\/www.design-award.cz\/wp-content\/uploads\/2025\/06\/SCR_03.jpg\" class=\"wp-image-5465\" alt=\"\" srcset=\"https:\/\/www.design-award.cz\/wp-content\/uploads\/2025\/06\/SCR_03.jpg 1596w, https:\/\/www.design-award.cz\/wp-content\/uploads\/2025\/06\/SCR_03-300x162.jpg 300w, https:\/\/www.design-award.cz\/wp-content\/uploads\/2025\/06\/SCR_03-1024x554.jpg 1024w, https:\/\/www.design-award.cz\/wp-content\/uploads\/2025\/06\/SCR_03-768x415.jpg 768w, https:\/\/www.design-award.cz\/wp-content\/uploads\/2025\/06\/SCR_03-1536x831.jpg 1536w, https:\/\/www.design-award.cz\/wp-content\/uploads\/2025\/06\/SCR_03-500x270.jpg 500w, https:\/\/www.design-award.cz\/wp-content\/uploads\/2025\/06\/SCR_03-800x433.jpg 800w, https:\/\/www.design-award.cz\/wp-content\/uploads\/2025\/06\/SCR_03-1280x692.jpg 1280w\" sizes=\"(max-width: 1596px) 100vw, 1596px\" \/><\/noscript><img decoding=\"async\" width=\"1596\" height=\"863\" src=\"https:\/\/www.design-award.cz\/wp-content\/uploads\/2025\/06\/SCR_03.jpg\" class=\"wp-image-5465 vp-lazyload\" alt srcset=\"data:image\/svg+xml;base64,PHN2ZyB3aWR0aD0iMTU5NiIgaGVpZ2h0PSI4NjMiIHZpZXdCb3g9IjAgMCAxNTk2IDg2MyIgZmlsbD0ibm9uZSIgeG1sbnM9Imh0dHA6Ly93d3cudzMub3JnLzIwMDAvc3ZnIj48L3N2Zz4=\" data-src=\"https:\/\/www.design-award.cz\/wp-content\/uploads\/2025\/06\/SCR_03.jpg\" data-srcset=\"https:\/\/www.design-award.cz\/wp-content\/uploads\/2025\/06\/SCR_03.jpg 1596w, https:\/\/www.design-award.cz\/wp-content\/uploads\/2025\/06\/SCR_03-300x162.jpg 300w, https:\/\/www.design-award.cz\/wp-content\/uploads\/2025\/06\/SCR_03-1024x554.jpg 1024w, https:\/\/www.design-award.cz\/wp-content\/uploads\/2025\/06\/SCR_03-768x415.jpg 768w, https:\/\/www.design-award.cz\/wp-content\/uploads\/2025\/06\/SCR_03-1536x831.jpg 1536w, https:\/\/www.design-award.cz\/wp-content\/uploads\/2025\/06\/SCR_03-500x270.jpg 500w, https:\/\/www.design-award.cz\/wp-content\/uploads\/2025\/06\/SCR_03-800x433.jpg 800w, https:\/\/www.design-award.cz\/wp-content\/uploads\/2025\/06\/SCR_03-1280x692.jpg 1280w\" data-sizes=\"auto\" loading=\"eager\">\n\t\t<\/a>\t<\/div>\n<\/div>\n\t<figcaption class=\"vp-portfolio__item-overlay vp-portfolio__item-overlay-text-align-center\">\n\t\t<div class=\"vp-portfolio__item-meta-wrap vp-portfolio__custom-scrollbar\">\n\t\t\t\t<a\n\t\thref=\"https:\/\/www.design-award.cz\/?portfolio=interierovy-design-internatni-pokoj-2\"\n\t\ttabindex=\"-1\" class=\"vp-portfolio__item-meta\" \t>\n\t\n<h2 class=\"vp-portfolio__item-meta-title\">\n\tInteri\u00e9rov\u00fd design &#8211; Intern\u00e1tn\u00ed pokoj<\/h2>\n<\/a>\t\t<\/div>\n\t<\/figcaption>\n\t\t\t<\/figure>\n\t\t\t\t\t<\/article>\n\t\t\n<\/div>\n\n<div class=\"vp-portfolio__items-arrow vp-portfolio__items-arrow-prev\" tabindex=\"0\" role=\"button\" aria-label=\"Previous Slide\">\n\t\n<svg class=\"vp-svg-icon\" width=\"20\" height=\"20\" viewBox=\"0 0 20 20\" fill=\"none\" xmlns=\"http:\/\/www.w3.org\/2000\/svg\">\n\t<path d=\"M12 4L6 10L12 16\" stroke=\"currentColor\" stroke-width=\"1.5\" stroke-linecap=\"round\" stroke-linejoin=\"round\" fill=\"transparent\" \/>\n<\/svg>\n<\/div>\n<div class=\"vp-portfolio__items-arrow vp-portfolio__items-arrow-next\" tabindex=\"0\" role=\"button\" aria-label=\"Next Slide\">\n\t\n<svg class=\"vp-svg-icon\" width=\"20\" height=\"20\" viewBox=\"0 0 20 20\" fill=\"none\" xmlns=\"http:\/\/www.w3.org\/2000\/svg\">\n\t<path d=\"M8 4L14 10L8 16\" stroke=\"currentColor\" stroke-width=\"1.5\" stroke-linecap=\"round\" stroke-linejoin=\"round\" fill=\"transparent\" \/>\n<\/svg>\n<\/div>\n\t\t<\/div>\n\t\t\t\t<div class=\"vp-portfolio__layout-elements vp-portfolio__layout-elements-bottom vp-portfolio__layout-elements-align-center\">\n\t\t\t\t<div class=\"vp-portfolio__pagination-wrap\">\n\t\t\n<div class=\"vp-pagination vp-pagination__style-minimal\" data-vp-pagination-type=\"load-more\">\n\t<div class=\"vp-pagination__item\">\n\t\t<a class=\"vp-pagination__load-more\" href=\"https:\/\/www.design-award.cz\/index.php?rest_route=%2Fwp%2Fv2%2Fportfolio%2F402&#038;vp_page=2\">\n\t\t\t<span>Load More<\/span>\n\t\t\t<span class=\"vp-pagination__load-more-loading\"><span class=\"vp-spinner\"><\/span><span class=\"vp-screen-reader-text\"> Loading More&#8230;<\/span><\/span>\n\t\t\t<span class=\"vp-pagination__load-more-no-more\">You\u2019ve reached the end of the list<\/span>\n\t\t<\/a>\n\t<\/div>\n<\/div>\n\t\t<\/div>\n\t\t\t\t<\/div>\n\t\t\n<\/div>\n<\/div>","protected":false},"excerpt":{"rendered":"<p>Nguyen MinhHieu Michael \u2013 St\u0159edn\u00ed \u0161kola a Vy\u0161\u0161\u00ed odborn\u00e1 \u0161kola reklamn\u00ed a um\u011bleck\u00e9 tvorby Zad\u00e1n\u00ed klauzurn\u00ed pr\u00e1ce v&nbsp;tomto roce bylo navrhnout kuchyni s ob\u00fdvac\u00edm prostorem. Dostali jsmep\u016fdorys s my\u0161lenkou dodat rustik\u00e1ln\u00ed styl do interi\u00e9ru. V m\u00e9m pod\u00e1n\u00ed jsem se rozhodl zkombinovatrustik\u00e1ln\u00ed styl s organick\u00fdm modern\u00edm stylem, kter\u00fd komplementuje a dod\u00e1v\u00e1 interi\u00e9ru p\u0159idanouhodnotu. Cel\u00fd interi\u00e9r vynik\u00e1 [&hellip;]<\/p>\n","protected":false},"author":1,"featured_media":404,"menu_order":0,"comment_status":"closed","ping_status":"closed","template":"","format":"standard","meta":{"ngg_post_thumbnail":0,"ocean_post_layout":"","ocean_both_sidebars_style":"","ocean_both_sidebars_content_width":0,"ocean_both_sidebars_sidebars_width":0,"ocean_sidebar":"","ocean_second_sidebar":"","ocean_disable_margins":"enable","ocean_add_body_class":"","ocean_shortcode_before_top_bar":"","ocean_shortcode_after_top_bar":"","ocean_shortcode_before_header":"","ocean_shortcode_after_header":"","ocean_has_shortcode":"","ocean_shortcode_after_title":"","ocean_shortcode_before_footer_widgets":"","ocean_shortcode_after_footer_widgets":"","ocean_shortcode_before_footer_bottom":"","ocean_shortcode_after_footer_bottom":"","ocean_display_top_bar":"default","ocean_display_header":"default","ocean_header_style":"","ocean_center_header_left_menu":"","ocean_custom_header_template":"","ocean_custom_logo":0,"ocean_custom_retina_logo":0,"ocean_custom_logo_max_width":0,"ocean_custom_logo_tablet_max_width":0,"ocean_custom_logo_mobile_max_width":0,"ocean_custom_logo_max_height":0,"ocean_custom_logo_tablet_max_height":0,"ocean_custom_logo_mobile_max_height":0,"ocean_header_custom_menu":"","ocean_menu_typo_font_family":"","ocean_menu_typo_font_subset":"","ocean_menu_typo_font_size":0,"ocean_menu_typo_font_size_tablet":0,"ocean_menu_typo_font_size_mobile":0,"ocean_menu_typo_font_size_unit":"px","ocean_menu_typo_font_weight":"","ocean_menu_typo_font_weight_tablet":"","ocean_menu_typo_font_weight_mobile":"","ocean_menu_typo_transform":"","ocean_menu_typo_transform_tablet":"","ocean_menu_typo_transform_mobile":"","ocean_menu_typo_line_height":0,"ocean_menu_typo_line_height_tablet":0,"ocean_menu_typo_line_height_mobile":0,"ocean_menu_typo_line_height_unit":"","ocean_menu_typo_spacing":0,"ocean_menu_typo_spacing_tablet":0,"ocean_menu_typo_spacing_mobile":0,"ocean_menu_typo_spacing_unit":"","ocean_menu_link_color":"","ocean_menu_link_color_hover":"","ocean_menu_link_color_active":"","ocean_menu_link_background":"","ocean_menu_link_hover_background":"","ocean_menu_link_active_background":"","ocean_menu_social_links_bg":"","ocean_menu_social_hover_links_bg":"","ocean_menu_social_links_color":"","ocean_menu_social_hover_links_color":"","ocean_disable_title":"default","ocean_disable_heading":"default","ocean_post_title":"","ocean_post_subheading":"","ocean_post_title_style":"","ocean_post_title_background_color":"","ocean_post_title_background":0,"ocean_post_title_bg_image_position":"","ocean_post_title_bg_image_attachment":"","ocean_post_title_bg_image_repeat":"","ocean_post_title_bg_image_size":"","ocean_post_title_height":0,"ocean_post_title_bg_overlay":0.5,"ocean_post_title_bg_overlay_color":"","ocean_disable_breadcrumbs":"default","ocean_breadcrumbs_color":"","ocean_breadcrumbs_separator_color":"","ocean_breadcrumbs_links_color":"","ocean_breadcrumbs_links_hover_color":"","ocean_display_footer_widgets":"default","ocean_display_footer_bottom":"default","ocean_custom_footer_template":"","_vp_format_video_url":"","_vp_image_focal_point":[],"footnotes":""},"portfolio_category":[],"portfolio_tag":[],"class_list":["post-402","portfolio","type-portfolio","status-publish","format-standard","has-post-thumbnail","hentry","entry","has-media"],"yoast_head":"<!-- This site is optimized with the Yoast SEO plugin v25.2 - https:\/\/yoast.com\/wordpress\/plugins\/seo\/ -->\n<title>Soukrom\u00fd interi\u00e9r - Kuchyn\u011b s ob\u00fdvac\u00ed \u010d\u00e1st\u00ed - design-award.cz<\/title>\n<meta name=\"robots\" content=\"index, follow, max-snippet:-1, max-image-preview:large, max-video-preview:-1\" \/>\n<link rel=\"canonical\" href=\"https:\/\/www.design-award.cz\/?portfolio=soukromy-interier-kuchyne-s-obyvaci-casti\" \/>\n<meta property=\"og:locale\" content=\"cs_CZ\" \/>\n<meta property=\"og:type\" content=\"article\" \/>\n<meta property=\"og:title\" content=\"Soukrom\u00fd interi\u00e9r - Kuchyn\u011b s ob\u00fdvac\u00ed \u010d\u00e1st\u00ed - design-award.cz\" \/>\n<meta property=\"og:description\" content=\"Nguyen MinhHieu Michael \u2013 St\u0159edn\u00ed \u0161kola a Vy\u0161\u0161\u00ed odborn\u00e1 \u0161kola reklamn\u00ed a um\u011bleck\u00e9 tvorby Zad\u00e1n\u00ed klauzurn\u00ed pr\u00e1ce v&nbsp;tomto roce bylo navrhnout kuchyni s ob\u00fdvac\u00edm prostorem. Dostali jsmep\u016fdorys s my\u0161lenkou dodat rustik\u00e1ln\u00ed styl do interi\u00e9ru. V m\u00e9m pod\u00e1n\u00ed jsem se rozhodl zkombinovatrustik\u00e1ln\u00ed styl s organick\u00fdm modern\u00edm stylem, kter\u00fd komplementuje a dod\u00e1v\u00e1 interi\u00e9ru p\u0159idanouhodnotu. Cel\u00fd interi\u00e9r vynik\u00e1 [&hellip;]\" \/>\n<meta property=\"og:url\" content=\"https:\/\/www.design-award.cz\/?portfolio=soukromy-interier-kuchyne-s-obyvaci-casti\" \/>\n<meta property=\"og:site_name\" content=\"design-award.cz\" \/>\n<meta property=\"article:modified_time\" content=\"2022-04-16T10:17:09+00:00\" \/>\n<meta property=\"og:image\" content=\"http:\/\/www.design-award.cz\/wp-content\/uploads\/2022\/02\/kresba_obyvak-scaled.jpg\" \/>\n\t<meta property=\"og:image:width\" content=\"2560\" \/>\n\t<meta property=\"og:image:height\" content=\"1864\" \/>\n\t<meta property=\"og:image:type\" content=\"image\/jpeg\" \/>\n<meta name=\"twitter:card\" content=\"summary_large_image\" \/>\n<meta name=\"twitter:label1\" content=\"Odhadovan\u00e1 doba \u010dten\u00ed\" \/>\n\t<meta name=\"twitter:data1\" content=\"2 minuty\" \/>\n<script type=\"application\/ld+json\" class=\"yoast-schema-graph\">{\"@context\":\"https:\/\/schema.org\",\"@graph\":[{\"@type\":\"WebPage\",\"@id\":\"https:\/\/www.design-award.cz\/?portfolio=soukromy-interier-kuchyne-s-obyvaci-casti\",\"url\":\"https:\/\/www.design-award.cz\/?portfolio=soukromy-interier-kuchyne-s-obyvaci-casti\",\"name\":\"Soukrom\u00fd interi\u00e9r - Kuchyn\u011b s ob\u00fdvac\u00ed \u010d\u00e1st\u00ed - design-award.cz\",\"isPartOf\":{\"@id\":\"https:\/\/www.design-award.cz\/#website\"},\"primaryImageOfPage\":{\"@id\":\"https:\/\/www.design-award.cz\/?portfolio=soukromy-interier-kuchyne-s-obyvaci-casti#primaryimage\"},\"image\":{\"@id\":\"https:\/\/www.design-award.cz\/?portfolio=soukromy-interier-kuchyne-s-obyvaci-casti#primaryimage\"},\"thumbnailUrl\":\"https:\/\/www.design-award.cz\/wp-content\/uploads\/2022\/02\/kresba_obyvak-scaled.jpg\",\"datePublished\":\"2022-02-16T19:43:26+00:00\",\"dateModified\":\"2022-04-16T10:17:09+00:00\",\"breadcrumb\":{\"@id\":\"https:\/\/www.design-award.cz\/?portfolio=soukromy-interier-kuchyne-s-obyvaci-casti#breadcrumb\"},\"inLanguage\":\"cs\",\"potentialAction\":[{\"@type\":\"ReadAction\",\"target\":[\"https:\/\/www.design-award.cz\/?portfolio=soukromy-interier-kuchyne-s-obyvaci-casti\"]}]},{\"@type\":\"ImageObject\",\"inLanguage\":\"cs\",\"@id\":\"https:\/\/www.design-award.cz\/?portfolio=soukromy-interier-kuchyne-s-obyvaci-casti#primaryimage\",\"url\":\"https:\/\/www.design-award.cz\/wp-content\/uploads\/2022\/02\/kresba_obyvak-scaled.jpg\",\"contentUrl\":\"https:\/\/www.design-award.cz\/wp-content\/uploads\/2022\/02\/kresba_obyvak-scaled.jpg\",\"width\":2560,\"height\":1864},{\"@type\":\"BreadcrumbList\",\"@id\":\"https:\/\/www.design-award.cz\/?portfolio=soukromy-interier-kuchyne-s-obyvaci-casti#breadcrumb\",\"itemListElement\":[{\"@type\":\"ListItem\",\"position\":1,\"name\":\"Dom\u016f\",\"item\":\"https:\/\/www.design-award.cz\/\"},{\"@type\":\"ListItem\",\"position\":2,\"name\":\"Portfolio Items\",\"item\":\"https:\/\/www.design-award.cz\/?post_type=portfolio\"},{\"@type\":\"ListItem\",\"position\":3,\"name\":\"Soukrom\u00fd interi\u00e9r &#8211; Kuchyn\u011b s ob\u00fdvac\u00ed \u010d\u00e1st\u00ed\"}]},{\"@type\":\"WebSite\",\"@id\":\"https:\/\/www.design-award.cz\/#website\",\"url\":\"https:\/\/www.design-award.cz\/\",\"name\":\"design-award.cz\",\"description\":\"WARD vznikla v roce 2022. Je ur\u010dena p\u0159edev\u0161\u00edm student\u016fm st\u0159edn\u00edch um\u011bleck\u00fdch \u0161kol (S\u0160 a VO\u0160), kte\u0159\u00ed mohou bezplatn\u011b zaslat sv\u00e9 n\u00e1vrhy v uveden\u00fdch kategori\u00ed a tak pom\u011b\u0159it sv\u00e9 n\u00e1pady s konkurenc\u00ed sv\u00fdch vrstevn\u00edk\u016f. N\u00e1vrhy jsou n\u00e1sledn\u011b posouzeny nez\u00e1vislou porotou z \u0159ad v\u00fdtvarn\u00edk\u016f, pedagog\u016f a profesion\u00e1l\u016f z oboru.\",\"publisher\":{\"@id\":\"https:\/\/www.design-award.cz\/#organization\"},\"potentialAction\":[{\"@type\":\"SearchAction\",\"target\":{\"@type\":\"EntryPoint\",\"urlTemplate\":\"https:\/\/www.design-award.cz\/?s={search_term_string}\"},\"query-input\":{\"@type\":\"PropertyValueSpecification\",\"valueRequired\":true,\"valueName\":\"search_term_string\"}}],\"inLanguage\":\"cs\"},{\"@type\":\"Organization\",\"@id\":\"https:\/\/www.design-award.cz\/#organization\",\"name\":\"Design Award\",\"url\":\"https:\/\/www.design-award.cz\/\",\"logo\":{\"@type\":\"ImageObject\",\"inLanguage\":\"cs\",\"@id\":\"https:\/\/www.design-award.cz\/#\/schema\/logo\/image\/\",\"url\":\"http:\/\/www.design-award.cz\/wp-content\/uploads\/2021\/12\/hornilogo_design-award.png\",\"contentUrl\":\"http:\/\/www.design-award.cz\/wp-content\/uploads\/2021\/12\/hornilogo_design-award.png\",\"width\":800,\"height\":600,\"caption\":\"Design Award\"},\"image\":{\"@id\":\"https:\/\/www.design-award.cz\/#\/schema\/logo\/image\/\"},\"sameAs\":[\"https:\/\/www.instagram.com\/design_award\/\"]}]}<\/script>\n<!-- \/ Yoast SEO plugin. -->","yoast_head_json":{"title":"Soukrom\u00fd interi\u00e9r - Kuchyn\u011b s ob\u00fdvac\u00ed \u010d\u00e1st\u00ed - design-award.cz","robots":{"index":"index","follow":"follow","max-snippet":"max-snippet:-1","max-image-preview":"max-image-preview:large","max-video-preview":"max-video-preview:-1"},"canonical":"https:\/\/www.design-award.cz\/?portfolio=soukromy-interier-kuchyne-s-obyvaci-casti","og_locale":"cs_CZ","og_type":"article","og_title":"Soukrom\u00fd interi\u00e9r - Kuchyn\u011b s ob\u00fdvac\u00ed \u010d\u00e1st\u00ed - design-award.cz","og_description":"Nguyen MinhHieu Michael \u2013 St\u0159edn\u00ed \u0161kola a Vy\u0161\u0161\u00ed odborn\u00e1 \u0161kola reklamn\u00ed a um\u011bleck\u00e9 tvorby Zad\u00e1n\u00ed klauzurn\u00ed pr\u00e1ce v&nbsp;tomto roce bylo navrhnout kuchyni s ob\u00fdvac\u00edm prostorem. Dostali jsmep\u016fdorys s my\u0161lenkou dodat rustik\u00e1ln\u00ed styl do interi\u00e9ru. V m\u00e9m pod\u00e1n\u00ed jsem se rozhodl zkombinovatrustik\u00e1ln\u00ed styl s organick\u00fdm modern\u00edm stylem, kter\u00fd komplementuje a dod\u00e1v\u00e1 interi\u00e9ru p\u0159idanouhodnotu. Cel\u00fd interi\u00e9r vynik\u00e1 [&hellip;]","og_url":"https:\/\/www.design-award.cz\/?portfolio=soukromy-interier-kuchyne-s-obyvaci-casti","og_site_name":"design-award.cz","article_modified_time":"2022-04-16T10:17:09+00:00","og_image":[{"width":2560,"height":1864,"url":"http:\/\/www.design-award.cz\/wp-content\/uploads\/2022\/02\/kresba_obyvak-scaled.jpg","type":"image\/jpeg"}],"twitter_card":"summary_large_image","twitter_misc":{"Odhadovan\u00e1 doba \u010dten\u00ed":"2 minuty"},"schema":{"@context":"https:\/\/schema.org","@graph":[{"@type":"WebPage","@id":"https:\/\/www.design-award.cz\/?portfolio=soukromy-interier-kuchyne-s-obyvaci-casti","url":"https:\/\/www.design-award.cz\/?portfolio=soukromy-interier-kuchyne-s-obyvaci-casti","name":"Soukrom\u00fd interi\u00e9r - Kuchyn\u011b s ob\u00fdvac\u00ed \u010d\u00e1st\u00ed - design-award.cz","isPartOf":{"@id":"https:\/\/www.design-award.cz\/#website"},"primaryImageOfPage":{"@id":"https:\/\/www.design-award.cz\/?portfolio=soukromy-interier-kuchyne-s-obyvaci-casti#primaryimage"},"image":{"@id":"https:\/\/www.design-award.cz\/?portfolio=soukromy-interier-kuchyne-s-obyvaci-casti#primaryimage"},"thumbnailUrl":"https:\/\/www.design-award.cz\/wp-content\/uploads\/2022\/02\/kresba_obyvak-scaled.jpg","datePublished":"2022-02-16T19:43:26+00:00","dateModified":"2022-04-16T10:17:09+00:00","breadcrumb":{"@id":"https:\/\/www.design-award.cz\/?portfolio=soukromy-interier-kuchyne-s-obyvaci-casti#breadcrumb"},"inLanguage":"cs","potentialAction":[{"@type":"ReadAction","target":["https:\/\/www.design-award.cz\/?portfolio=soukromy-interier-kuchyne-s-obyvaci-casti"]}]},{"@type":"ImageObject","inLanguage":"cs","@id":"https:\/\/www.design-award.cz\/?portfolio=soukromy-interier-kuchyne-s-obyvaci-casti#primaryimage","url":"https:\/\/www.design-award.cz\/wp-content\/uploads\/2022\/02\/kresba_obyvak-scaled.jpg","contentUrl":"https:\/\/www.design-award.cz\/wp-content\/uploads\/2022\/02\/kresba_obyvak-scaled.jpg","width":2560,"height":1864},{"@type":"BreadcrumbList","@id":"https:\/\/www.design-award.cz\/?portfolio=soukromy-interier-kuchyne-s-obyvaci-casti#breadcrumb","itemListElement":[{"@type":"ListItem","position":1,"name":"Dom\u016f","item":"https:\/\/www.design-award.cz\/"},{"@type":"ListItem","position":2,"name":"Portfolio Items","item":"https:\/\/www.design-award.cz\/?post_type=portfolio"},{"@type":"ListItem","position":3,"name":"Soukrom\u00fd interi\u00e9r &#8211; Kuchyn\u011b s ob\u00fdvac\u00ed \u010d\u00e1st\u00ed"}]},{"@type":"WebSite","@id":"https:\/\/www.design-award.cz\/#website","url":"https:\/\/www.design-award.cz\/","name":"design-award.cz","description":"WARD vznikla v roce 2022. Je ur\u010dena p\u0159edev\u0161\u00edm student\u016fm st\u0159edn\u00edch um\u011bleck\u00fdch \u0161kol (S\u0160 a VO\u0160), kte\u0159\u00ed mohou bezplatn\u011b zaslat sv\u00e9 n\u00e1vrhy v uveden\u00fdch kategori\u00ed a tak pom\u011b\u0159it sv\u00e9 n\u00e1pady s konkurenc\u00ed sv\u00fdch vrstevn\u00edk\u016f. N\u00e1vrhy jsou n\u00e1sledn\u011b posouzeny nez\u00e1vislou porotou z \u0159ad v\u00fdtvarn\u00edk\u016f, pedagog\u016f a profesion\u00e1l\u016f z oboru.","publisher":{"@id":"https:\/\/www.design-award.cz\/#organization"},"potentialAction":[{"@type":"SearchAction","target":{"@type":"EntryPoint","urlTemplate":"https:\/\/www.design-award.cz\/?s={search_term_string}"},"query-input":{"@type":"PropertyValueSpecification","valueRequired":true,"valueName":"search_term_string"}}],"inLanguage":"cs"},{"@type":"Organization","@id":"https:\/\/www.design-award.cz\/#organization","name":"Design Award","url":"https:\/\/www.design-award.cz\/","logo":{"@type":"ImageObject","inLanguage":"cs","@id":"https:\/\/www.design-award.cz\/#\/schema\/logo\/image\/","url":"http:\/\/www.design-award.cz\/wp-content\/uploads\/2021\/12\/hornilogo_design-award.png","contentUrl":"http:\/\/www.design-award.cz\/wp-content\/uploads\/2021\/12\/hornilogo_design-award.png","width":800,"height":600,"caption":"Design Award"},"image":{"@id":"https:\/\/www.design-award.cz\/#\/schema\/logo\/image\/"},"sameAs":["https:\/\/www.instagram.com\/design_award\/"]}]}},"_links":{"self":[{"href":"https:\/\/www.design-award.cz\/index.php?rest_route=\/wp\/v2\/portfolio\/402","targetHints":{"allow":["GET"]}}],"collection":[{"href":"https:\/\/www.design-award.cz\/index.php?rest_route=\/wp\/v2\/portfolio"}],"about":[{"href":"https:\/\/www.design-award.cz\/index.php?rest_route=\/wp\/v2\/types\/portfolio"}],"author":[{"embeddable":true,"href":"https:\/\/www.design-award.cz\/index.php?rest_route=\/wp\/v2\/users\/1"}],"replies":[{"embeddable":true,"href":"https:\/\/www.design-award.cz\/index.php?rest_route=%2Fwp%2Fv2%2Fcomments&post=402"}],"version-history":[{"count":4,"href":"https:\/\/www.design-award.cz\/index.php?rest_route=\/wp\/v2\/portfolio\/402\/revisions"}],"predecessor-version":[{"id":617,"href":"https:\/\/www.design-award.cz\/index.php?rest_route=\/wp\/v2\/portfolio\/402\/revisions\/617"}],"wp:featuredmedia":[{"embeddable":true,"href":"https:\/\/www.design-award.cz\/index.php?rest_route=\/wp\/v2\/media\/404"}],"wp:attachment":[{"href":"https:\/\/www.design-award.cz\/index.php?rest_route=%2Fwp%2Fv2%2Fmedia&parent=402"}],"wp:term":[{"taxonomy":"portfolio_category","embeddable":true,"href":"https:\/\/www.design-award.cz\/index.php?rest_route=%2Fwp%2Fv2%2Fportfolio_category&post=402"},{"taxonomy":"portfolio_tag","embeddable":true,"href":"https:\/\/www.design-award.cz\/index.php?rest_route=%2Fwp%2Fv2%2Fportfolio_tag&post=402"}],"curies":[{"name":"wp","href":"https:\/\/api.w.org\/{rel}","templated":true}]}}