{"id":4063,"date":"2024-06-28T21:06:22","date_gmt":"2024-06-28T21:06:22","guid":{"rendered":"https:\/\/www.design-award.cz\/?post_type=portfolio&#038;p=4063"},"modified":"2024-06-28T21:21:22","modified_gmt":"2024-06-28T21:21:22","slug":"verejny-interier-vystavni-prostor-nova-figurace","status":"publish","type":"portfolio","link":"https:\/\/www.design-award.cz\/?portfolio=verejny-interier-vystavni-prostor-nova-figurace","title":{"rendered":"Ve\u0159ejn\u00fd interi\u00e9r &#8211; V\u00fdstavn\u00ed prostor &#8211; Nov\u00e1 figurace"},"content":{"rendered":"\n<p>Sabina \u0160vindrychov\u00e1<\/p>\n\n\n\n<p>Moravsk\u00e1 st\u0159edn\u00ed \u0161kola<\/p>\n\n\n\n<p>V\u00fdstava ukazuje tvorbu z\u00e1stupc\u016f Nov\u00e9 figurace, \u017e\u00e1kyn\u011b vytvo\u0159ila prostor, kter\u00fd d\u00edlo nejen vhodn\u011b prezentuje, ale tak\u00e9 reflektuje se v\u0161emi d\u016fle\u017eit\u00fdmi rysy.<\/p>\n\n\n\n<figure class=\"wp-block-image size-large\"><img decoding=\"async\" width=\"1024\" height=\"711\" data-src=\"http:\/\/www.design-award.cz\/wp-content\/uploads\/2024\/06\/05.3-Vizualizace-1024x711.jpg\" alt=\"\" class=\"wp-image-4118 lazyload\" data-srcset=\"https:\/\/www.design-award.cz\/wp-content\/uploads\/2024\/06\/05.3-Vizualizace-1024x711.jpg 1024w, https:\/\/www.design-award.cz\/wp-content\/uploads\/2024\/06\/05.3-Vizualizace-300x208.jpg 300w, https:\/\/www.design-award.cz\/wp-content\/uploads\/2024\/06\/05.3-Vizualizace-768x534.jpg 768w, https:\/\/www.design-award.cz\/wp-content\/uploads\/2024\/06\/05.3-Vizualizace-1536x1067.jpg 1536w, https:\/\/www.design-award.cz\/wp-content\/uploads\/2024\/06\/05.3-Vizualizace-2048x1423.jpg 2048w, https:\/\/www.design-award.cz\/wp-content\/uploads\/2024\/06\/05.3-Vizualizace-500x347.jpg 500w, https:\/\/www.design-award.cz\/wp-content\/uploads\/2024\/06\/05.3-Vizualizace-800x556.jpg 800w, https:\/\/www.design-award.cz\/wp-content\/uploads\/2024\/06\/05.3-Vizualizace-1280x889.jpg 1280w, https:\/\/www.design-award.cz\/wp-content\/uploads\/2024\/06\/05.3-Vizualizace-1920x1334.jpg 1920w\" data-sizes=\"(max-width: 1024px) 100vw, 1024px\" src=\"data:image\/svg+xml;base64,PHN2ZyB3aWR0aD0iMSIgaGVpZ2h0PSIxIiB4bWxucz0iaHR0cDovL3d3dy53My5vcmcvMjAwMC9zdmciPjwvc3ZnPg==\" style=\"--smush-placeholder-width: 1024px; --smush-placeholder-aspect-ratio: 1024\/711;\" \/><\/figure>\n\n\n\n<figure class=\"wp-block-image size-large\"><img decoding=\"async\" width=\"1024\" height=\"718\" data-src=\"http:\/\/www.design-award.cz\/wp-content\/uploads\/2024\/06\/05.2-Vizualizace-1024x718.jpg\" alt=\"\" class=\"wp-image-4117 lazyload\" data-srcset=\"https:\/\/www.design-award.cz\/wp-content\/uploads\/2024\/06\/05.2-Vizualizace-1024x718.jpg 1024w, https:\/\/www.design-award.cz\/wp-content\/uploads\/2024\/06\/05.2-Vizualizace-300x210.jpg 300w, https:\/\/www.design-award.cz\/wp-content\/uploads\/2024\/06\/05.2-Vizualizace-768x539.jpg 768w, https:\/\/www.design-award.cz\/wp-content\/uploads\/2024\/06\/05.2-Vizualizace-1536x1078.jpg 1536w, https:\/\/www.design-award.cz\/wp-content\/uploads\/2024\/06\/05.2-Vizualizace-2048x1437.jpg 2048w, https:\/\/www.design-award.cz\/wp-content\/uploads\/2024\/06\/05.2-Vizualizace-500x351.jpg 500w, https:\/\/www.design-award.cz\/wp-content\/uploads\/2024\/06\/05.2-Vizualizace-800x561.jpg 800w, https:\/\/www.design-award.cz\/wp-content\/uploads\/2024\/06\/05.2-Vizualizace-1280x898.jpg 1280w, https:\/\/www.design-award.cz\/wp-content\/uploads\/2024\/06\/05.2-Vizualizace-1920x1347.jpg 1920w\" data-sizes=\"(max-width: 1024px) 100vw, 1024px\" src=\"data:image\/svg+xml;base64,PHN2ZyB3aWR0aD0iMSIgaGVpZ2h0PSIxIiB4bWxucz0iaHR0cDovL3d3dy53My5vcmcvMjAwMC9zdmciPjwvc3ZnPg==\" style=\"--smush-placeholder-width: 1024px; --smush-placeholder-aspect-ratio: 1024\/718;\" \/><\/figure>\n\n\n\n<figure class=\"wp-block-image size-large\"><img decoding=\"async\" width=\"1024\" height=\"711\" data-src=\"http:\/\/www.design-award.cz\/wp-content\/uploads\/2024\/06\/03.3-Vnitrni-koty-1024x711.jpg\" alt=\"\" class=\"wp-image-4116 lazyload\" data-srcset=\"https:\/\/www.design-award.cz\/wp-content\/uploads\/2024\/06\/03.3-Vnitrni-koty-1024x711.jpg 1024w, https:\/\/www.design-award.cz\/wp-content\/uploads\/2024\/06\/03.3-Vnitrni-koty-300x208.jpg 300w, https:\/\/www.design-award.cz\/wp-content\/uploads\/2024\/06\/03.3-Vnitrni-koty-768x534.jpg 768w, https:\/\/www.design-award.cz\/wp-content\/uploads\/2024\/06\/03.3-Vnitrni-koty-1536x1067.jpg 1536w, https:\/\/www.design-award.cz\/wp-content\/uploads\/2024\/06\/03.3-Vnitrni-koty-2048x1423.jpg 2048w, https:\/\/www.design-award.cz\/wp-content\/uploads\/2024\/06\/03.3-Vnitrni-koty-500x347.jpg 500w, https:\/\/www.design-award.cz\/wp-content\/uploads\/2024\/06\/03.3-Vnitrni-koty-800x556.jpg 800w, https:\/\/www.design-award.cz\/wp-content\/uploads\/2024\/06\/03.3-Vnitrni-koty-1280x889.jpg 1280w, https:\/\/www.design-award.cz\/wp-content\/uploads\/2024\/06\/03.3-Vnitrni-koty-1920x1334.jpg 1920w\" data-sizes=\"(max-width: 1024px) 100vw, 1024px\" src=\"data:image\/svg+xml;base64,PHN2ZyB3aWR0aD0iMSIgaGVpZ2h0PSIxIiB4bWxucz0iaHR0cDovL3d3dy53My5vcmcvMjAwMC9zdmciPjwvc3ZnPg==\" style=\"--smush-placeholder-width: 1024px; --smush-placeholder-aspect-ratio: 1024\/711;\" \/><\/figure>\n","protected":false},"excerpt":{"rendered":"<p>Sabina \u0160vindrychov\u00e1 Moravsk\u00e1 st\u0159edn\u00ed \u0161kola V\u00fdstava ukazuje tvorbu z\u00e1stupc\u016f Nov\u00e9 figurace, \u017e\u00e1kyn\u011b vytvo\u0159ila prostor, kter\u00fd d\u00edlo nejen vhodn\u011b prezentuje, ale tak\u00e9 reflektuje se v\u0161emi d\u016fle\u017eit\u00fdmi rysy.<\/p>\n","protected":false},"author":2,"featured_media":4119,"menu_order":0,"comment_status":"closed","ping_status":"closed","template":"","format":"standard","meta":{"ngg_post_thumbnail":0,"ocean_post_layout":"","ocean_both_sidebars_style":"","ocean_both_sidebars_content_width":0,"ocean_both_sidebars_sidebars_width":0,"ocean_sidebar":"","ocean_second_sidebar":"","ocean_disable_margins":"enable","ocean_add_body_class":"","ocean_shortcode_before_top_bar":"","ocean_shortcode_after_top_bar":"","ocean_shortcode_before_header":"","ocean_shortcode_after_header":"","ocean_has_shortcode":"","ocean_shortcode_after_title":"","ocean_shortcode_before_footer_widgets":"","ocean_shortcode_after_footer_widgets":"","ocean_shortcode_before_footer_bottom":"","ocean_shortcode_after_footer_bottom":"","ocean_display_top_bar":"default","ocean_display_header":"default","ocean_header_style":"","ocean_center_header_left_menu":"","ocean_custom_header_template":"","ocean_custom_logo":0,"ocean_custom_retina_logo":0,"ocean_custom_logo_max_width":0,"ocean_custom_logo_tablet_max_width":0,"ocean_custom_logo_mobile_max_width":0,"ocean_custom_logo_max_height":0,"ocean_custom_logo_tablet_max_height":0,"ocean_custom_logo_mobile_max_height":0,"ocean_header_custom_menu":"","ocean_menu_typo_font_family":"","ocean_menu_typo_font_subset":"","ocean_menu_typo_font_size":0,"ocean_menu_typo_font_size_tablet":0,"ocean_menu_typo_font_size_mobile":0,"ocean_menu_typo_font_size_unit":"px","ocean_menu_typo_font_weight":"","ocean_menu_typo_font_weight_tablet":"","ocean_menu_typo_font_weight_mobile":"","ocean_menu_typo_transform":"","ocean_menu_typo_transform_tablet":"","ocean_menu_typo_transform_mobile":"","ocean_menu_typo_line_height":0,"ocean_menu_typo_line_height_tablet":0,"ocean_menu_typo_line_height_mobile":0,"ocean_menu_typo_line_height_unit":"","ocean_menu_typo_spacing":0,"ocean_menu_typo_spacing_tablet":0,"ocean_menu_typo_spacing_mobile":0,"ocean_menu_typo_spacing_unit":"","ocean_menu_link_color":"","ocean_menu_link_color_hover":"","ocean_menu_link_color_active":"","ocean_menu_link_background":"","ocean_menu_link_hover_background":"","ocean_menu_link_active_background":"","ocean_menu_social_links_bg":"","ocean_menu_social_hover_links_bg":"","ocean_menu_social_links_color":"","ocean_menu_social_hover_links_color":"","ocean_disable_title":"default","ocean_disable_heading":"default","ocean_post_title":"","ocean_post_subheading":"","ocean_post_title_style":"","ocean_post_title_background_color":"","ocean_post_title_background":0,"ocean_post_title_bg_image_position":"","ocean_post_title_bg_image_attachment":"","ocean_post_title_bg_image_repeat":"","ocean_post_title_bg_image_size":"","ocean_post_title_height":0,"ocean_post_title_bg_overlay":0.5,"ocean_post_title_bg_overlay_color":"","ocean_disable_breadcrumbs":"default","ocean_breadcrumbs_color":"","ocean_breadcrumbs_separator_color":"","ocean_breadcrumbs_links_color":"","ocean_breadcrumbs_links_hover_color":"","ocean_display_footer_widgets":"default","ocean_display_footer_bottom":"default","ocean_custom_footer_template":"","_vp_format_video_url":"","_vp_image_focal_point":[],"footnotes":""},"portfolio_category":[],"portfolio_tag":[],"class_list":["post-4063","portfolio","type-portfolio","status-publish","format-standard","has-post-thumbnail","hentry","entry","has-media"],"yoast_head":"<!-- This site is optimized with the Yoast SEO plugin v25.2 - https:\/\/yoast.com\/wordpress\/plugins\/seo\/ -->\n<title>Ve\u0159ejn\u00fd interi\u00e9r - V\u00fdstavn\u00ed prostor - Nov\u00e1 figurace - design-award.cz<\/title>\n<meta name=\"robots\" content=\"index, follow, max-snippet:-1, max-image-preview:large, max-video-preview:-1\" \/>\n<link rel=\"canonical\" href=\"https:\/\/www.design-award.cz\/?portfolio=verejny-interier-vystavni-prostor-nova-figurace\" \/>\n<meta property=\"og:locale\" content=\"cs_CZ\" \/>\n<meta property=\"og:type\" content=\"article\" \/>\n<meta property=\"og:title\" content=\"Ve\u0159ejn\u00fd interi\u00e9r - V\u00fdstavn\u00ed prostor - Nov\u00e1 figurace - design-award.cz\" \/>\n<meta property=\"og:description\" content=\"Sabina \u0160vindrychov\u00e1 Moravsk\u00e1 st\u0159edn\u00ed \u0161kola V\u00fdstava ukazuje tvorbu z\u00e1stupc\u016f Nov\u00e9 figurace, \u017e\u00e1kyn\u011b vytvo\u0159ila prostor, kter\u00fd d\u00edlo nejen vhodn\u011b prezentuje, ale tak\u00e9 reflektuje se v\u0161emi d\u016fle\u017eit\u00fdmi rysy.\" \/>\n<meta property=\"og:url\" content=\"https:\/\/www.design-award.cz\/?portfolio=verejny-interier-vystavni-prostor-nova-figurace\" \/>\n<meta property=\"og:site_name\" content=\"design-award.cz\" \/>\n<meta property=\"article:modified_time\" content=\"2024-06-28T21:21:22+00:00\" \/>\n<meta property=\"og:image\" content=\"http:\/\/www.design-award.cz\/wp-content\/uploads\/2024\/06\/05.4-Vizualizace-scaled.jpg\" \/>\n\t<meta property=\"og:image:width\" content=\"2560\" \/>\n\t<meta property=\"og:image:height\" content=\"1785\" \/>\n\t<meta property=\"og:image:type\" content=\"image\/jpeg\" \/>\n<meta name=\"twitter:card\" content=\"summary_large_image\" \/>\n<script type=\"application\/ld+json\" class=\"yoast-schema-graph\">{\"@context\":\"https:\/\/schema.org\",\"@graph\":[{\"@type\":\"WebPage\",\"@id\":\"https:\/\/www.design-award.cz\/?portfolio=verejny-interier-vystavni-prostor-nova-figurace\",\"url\":\"https:\/\/www.design-award.cz\/?portfolio=verejny-interier-vystavni-prostor-nova-figurace\",\"name\":\"Ve\u0159ejn\u00fd interi\u00e9r - V\u00fdstavn\u00ed prostor - Nov\u00e1 figurace - design-award.cz\",\"isPartOf\":{\"@id\":\"https:\/\/www.design-award.cz\/#website\"},\"primaryImageOfPage\":{\"@id\":\"https:\/\/www.design-award.cz\/?portfolio=verejny-interier-vystavni-prostor-nova-figurace#primaryimage\"},\"image\":{\"@id\":\"https:\/\/www.design-award.cz\/?portfolio=verejny-interier-vystavni-prostor-nova-figurace#primaryimage\"},\"thumbnailUrl\":\"https:\/\/www.design-award.cz\/wp-content\/uploads\/2024\/06\/05.4-Vizualizace-scaled.jpg\",\"datePublished\":\"2024-06-28T21:06:22+00:00\",\"dateModified\":\"2024-06-28T21:21:22+00:00\",\"breadcrumb\":{\"@id\":\"https:\/\/www.design-award.cz\/?portfolio=verejny-interier-vystavni-prostor-nova-figurace#breadcrumb\"},\"inLanguage\":\"cs\",\"potentialAction\":[{\"@type\":\"ReadAction\",\"target\":[\"https:\/\/www.design-award.cz\/?portfolio=verejny-interier-vystavni-prostor-nova-figurace\"]}]},{\"@type\":\"ImageObject\",\"inLanguage\":\"cs\",\"@id\":\"https:\/\/www.design-award.cz\/?portfolio=verejny-interier-vystavni-prostor-nova-figurace#primaryimage\",\"url\":\"https:\/\/www.design-award.cz\/wp-content\/uploads\/2024\/06\/05.4-Vizualizace-scaled.jpg\",\"contentUrl\":\"https:\/\/www.design-award.cz\/wp-content\/uploads\/2024\/06\/05.4-Vizualizace-scaled.jpg\",\"width\":2560,\"height\":1785},{\"@type\":\"BreadcrumbList\",\"@id\":\"https:\/\/www.design-award.cz\/?portfolio=verejny-interier-vystavni-prostor-nova-figurace#breadcrumb\",\"itemListElement\":[{\"@type\":\"ListItem\",\"position\":1,\"name\":\"Dom\u016f\",\"item\":\"https:\/\/www.design-award.cz\/\"},{\"@type\":\"ListItem\",\"position\":2,\"name\":\"Portfolio Items\",\"item\":\"https:\/\/www.design-award.cz\/?post_type=portfolio\"},{\"@type\":\"ListItem\",\"position\":3,\"name\":\"Ve\u0159ejn\u00fd interi\u00e9r &#8211; V\u00fdstavn\u00ed prostor &#8211; Nov\u00e1 figurace\"}]},{\"@type\":\"WebSite\",\"@id\":\"https:\/\/www.design-award.cz\/#website\",\"url\":\"https:\/\/www.design-award.cz\/\",\"name\":\"design-award.cz\",\"description\":\"WARD vznikla v roce 2022. Je ur\u010dena p\u0159edev\u0161\u00edm student\u016fm st\u0159edn\u00edch um\u011bleck\u00fdch \u0161kol (S\u0160 a VO\u0160), kte\u0159\u00ed mohou bezplatn\u011b zaslat sv\u00e9 n\u00e1vrhy v uveden\u00fdch kategori\u00ed a tak pom\u011b\u0159it sv\u00e9 n\u00e1pady s konkurenc\u00ed sv\u00fdch vrstevn\u00edk\u016f. N\u00e1vrhy jsou n\u00e1sledn\u011b posouzeny nez\u00e1vislou porotou z \u0159ad v\u00fdtvarn\u00edk\u016f, pedagog\u016f a profesion\u00e1l\u016f z oboru.\",\"publisher\":{\"@id\":\"https:\/\/www.design-award.cz\/#organization\"},\"potentialAction\":[{\"@type\":\"SearchAction\",\"target\":{\"@type\":\"EntryPoint\",\"urlTemplate\":\"https:\/\/www.design-award.cz\/?s={search_term_string}\"},\"query-input\":{\"@type\":\"PropertyValueSpecification\",\"valueRequired\":true,\"valueName\":\"search_term_string\"}}],\"inLanguage\":\"cs\"},{\"@type\":\"Organization\",\"@id\":\"https:\/\/www.design-award.cz\/#organization\",\"name\":\"Design Award\",\"url\":\"https:\/\/www.design-award.cz\/\",\"logo\":{\"@type\":\"ImageObject\",\"inLanguage\":\"cs\",\"@id\":\"https:\/\/www.design-award.cz\/#\/schema\/logo\/image\/\",\"url\":\"http:\/\/www.design-award.cz\/wp-content\/uploads\/2021\/12\/hornilogo_design-award.png\",\"contentUrl\":\"http:\/\/www.design-award.cz\/wp-content\/uploads\/2021\/12\/hornilogo_design-award.png\",\"width\":800,\"height\":600,\"caption\":\"Design Award\"},\"image\":{\"@id\":\"https:\/\/www.design-award.cz\/#\/schema\/logo\/image\/\"},\"sameAs\":[\"https:\/\/www.instagram.com\/design_award\/\"]}]}<\/script>\n<!-- \/ Yoast SEO plugin. -->","yoast_head_json":{"title":"Ve\u0159ejn\u00fd interi\u00e9r - V\u00fdstavn\u00ed prostor - Nov\u00e1 figurace - design-award.cz","robots":{"index":"index","follow":"follow","max-snippet":"max-snippet:-1","max-image-preview":"max-image-preview:large","max-video-preview":"max-video-preview:-1"},"canonical":"https:\/\/www.design-award.cz\/?portfolio=verejny-interier-vystavni-prostor-nova-figurace","og_locale":"cs_CZ","og_type":"article","og_title":"Ve\u0159ejn\u00fd interi\u00e9r - V\u00fdstavn\u00ed prostor - Nov\u00e1 figurace - design-award.cz","og_description":"Sabina \u0160vindrychov\u00e1 Moravsk\u00e1 st\u0159edn\u00ed \u0161kola V\u00fdstava ukazuje tvorbu z\u00e1stupc\u016f Nov\u00e9 figurace, \u017e\u00e1kyn\u011b vytvo\u0159ila prostor, kter\u00fd d\u00edlo nejen vhodn\u011b prezentuje, ale tak\u00e9 reflektuje se v\u0161emi d\u016fle\u017eit\u00fdmi rysy.","og_url":"https:\/\/www.design-award.cz\/?portfolio=verejny-interier-vystavni-prostor-nova-figurace","og_site_name":"design-award.cz","article_modified_time":"2024-06-28T21:21:22+00:00","og_image":[{"width":2560,"height":1785,"url":"http:\/\/www.design-award.cz\/wp-content\/uploads\/2024\/06\/05.4-Vizualizace-scaled.jpg","type":"image\/jpeg"}],"twitter_card":"summary_large_image","schema":{"@context":"https:\/\/schema.org","@graph":[{"@type":"WebPage","@id":"https:\/\/www.design-award.cz\/?portfolio=verejny-interier-vystavni-prostor-nova-figurace","url":"https:\/\/www.design-award.cz\/?portfolio=verejny-interier-vystavni-prostor-nova-figurace","name":"Ve\u0159ejn\u00fd interi\u00e9r - V\u00fdstavn\u00ed prostor - Nov\u00e1 figurace - design-award.cz","isPartOf":{"@id":"https:\/\/www.design-award.cz\/#website"},"primaryImageOfPage":{"@id":"https:\/\/www.design-award.cz\/?portfolio=verejny-interier-vystavni-prostor-nova-figurace#primaryimage"},"image":{"@id":"https:\/\/www.design-award.cz\/?portfolio=verejny-interier-vystavni-prostor-nova-figurace#primaryimage"},"thumbnailUrl":"https:\/\/www.design-award.cz\/wp-content\/uploads\/2024\/06\/05.4-Vizualizace-scaled.jpg","datePublished":"2024-06-28T21:06:22+00:00","dateModified":"2024-06-28T21:21:22+00:00","breadcrumb":{"@id":"https:\/\/www.design-award.cz\/?portfolio=verejny-interier-vystavni-prostor-nova-figurace#breadcrumb"},"inLanguage":"cs","potentialAction":[{"@type":"ReadAction","target":["https:\/\/www.design-award.cz\/?portfolio=verejny-interier-vystavni-prostor-nova-figurace"]}]},{"@type":"ImageObject","inLanguage":"cs","@id":"https:\/\/www.design-award.cz\/?portfolio=verejny-interier-vystavni-prostor-nova-figurace#primaryimage","url":"https:\/\/www.design-award.cz\/wp-content\/uploads\/2024\/06\/05.4-Vizualizace-scaled.jpg","contentUrl":"https:\/\/www.design-award.cz\/wp-content\/uploads\/2024\/06\/05.4-Vizualizace-scaled.jpg","width":2560,"height":1785},{"@type":"BreadcrumbList","@id":"https:\/\/www.design-award.cz\/?portfolio=verejny-interier-vystavni-prostor-nova-figurace#breadcrumb","itemListElement":[{"@type":"ListItem","position":1,"name":"Dom\u016f","item":"https:\/\/www.design-award.cz\/"},{"@type":"ListItem","position":2,"name":"Portfolio Items","item":"https:\/\/www.design-award.cz\/?post_type=portfolio"},{"@type":"ListItem","position":3,"name":"Ve\u0159ejn\u00fd interi\u00e9r &#8211; V\u00fdstavn\u00ed prostor &#8211; Nov\u00e1 figurace"}]},{"@type":"WebSite","@id":"https:\/\/www.design-award.cz\/#website","url":"https:\/\/www.design-award.cz\/","name":"design-award.cz","description":"WARD vznikla v roce 2022. Je ur\u010dena p\u0159edev\u0161\u00edm student\u016fm st\u0159edn\u00edch um\u011bleck\u00fdch \u0161kol (S\u0160 a VO\u0160), kte\u0159\u00ed mohou bezplatn\u011b zaslat sv\u00e9 n\u00e1vrhy v uveden\u00fdch kategori\u00ed a tak pom\u011b\u0159it sv\u00e9 n\u00e1pady s konkurenc\u00ed sv\u00fdch vrstevn\u00edk\u016f. N\u00e1vrhy jsou n\u00e1sledn\u011b posouzeny nez\u00e1vislou porotou z \u0159ad v\u00fdtvarn\u00edk\u016f, pedagog\u016f a profesion\u00e1l\u016f z oboru.","publisher":{"@id":"https:\/\/www.design-award.cz\/#organization"},"potentialAction":[{"@type":"SearchAction","target":{"@type":"EntryPoint","urlTemplate":"https:\/\/www.design-award.cz\/?s={search_term_string}"},"query-input":{"@type":"PropertyValueSpecification","valueRequired":true,"valueName":"search_term_string"}}],"inLanguage":"cs"},{"@type":"Organization","@id":"https:\/\/www.design-award.cz\/#organization","name":"Design Award","url":"https:\/\/www.design-award.cz\/","logo":{"@type":"ImageObject","inLanguage":"cs","@id":"https:\/\/www.design-award.cz\/#\/schema\/logo\/image\/","url":"http:\/\/www.design-award.cz\/wp-content\/uploads\/2021\/12\/hornilogo_design-award.png","contentUrl":"http:\/\/www.design-award.cz\/wp-content\/uploads\/2021\/12\/hornilogo_design-award.png","width":800,"height":600,"caption":"Design Award"},"image":{"@id":"https:\/\/www.design-award.cz\/#\/schema\/logo\/image\/"},"sameAs":["https:\/\/www.instagram.com\/design_award\/"]}]}},"_links":{"self":[{"href":"https:\/\/www.design-award.cz\/index.php?rest_route=\/wp\/v2\/portfolio\/4063","targetHints":{"allow":["GET"]}}],"collection":[{"href":"https:\/\/www.design-award.cz\/index.php?rest_route=\/wp\/v2\/portfolio"}],"about":[{"href":"https:\/\/www.design-award.cz\/index.php?rest_route=\/wp\/v2\/types\/portfolio"}],"author":[{"embeddable":true,"href":"https:\/\/www.design-award.cz\/index.php?rest_route=\/wp\/v2\/users\/2"}],"replies":[{"embeddable":true,"href":"https:\/\/www.design-award.cz\/index.php?rest_route=%2Fwp%2Fv2%2Fcomments&post=4063"}],"version-history":[{"count":1,"href":"https:\/\/www.design-award.cz\/index.php?rest_route=\/wp\/v2\/portfolio\/4063\/revisions"}],"predecessor-version":[{"id":4121,"href":"https:\/\/www.design-award.cz\/index.php?rest_route=\/wp\/v2\/portfolio\/4063\/revisions\/4121"}],"wp:featuredmedia":[{"embeddable":true,"href":"https:\/\/www.design-award.cz\/index.php?rest_route=\/wp\/v2\/media\/4119"}],"wp:attachment":[{"href":"https:\/\/www.design-award.cz\/index.php?rest_route=%2Fwp%2Fv2%2Fmedia&parent=4063"}],"wp:term":[{"taxonomy":"portfolio_category","embeddable":true,"href":"https:\/\/www.design-award.cz\/index.php?rest_route=%2Fwp%2Fv2%2Fportfolio_category&post=4063"},{"taxonomy":"portfolio_tag","embeddable":true,"href":"https:\/\/www.design-award.cz\/index.php?rest_route=%2Fwp%2Fv2%2Fportfolio_tag&post=4063"}],"curies":[{"name":"wp","href":"https:\/\/api.w.org\/{rel}","templated":true}]}}