{"id":4065,"date":"2024-06-28T21:17:02","date_gmt":"2024-06-28T21:17:02","guid":{"rendered":"https:\/\/www.design-award.cz\/?post_type=portfolio&#038;p=4065"},"modified":"2024-06-28T21:21:11","modified_gmt":"2024-06-28T21:21:11","slug":"produktovy-design-pavouci-kreslo-usak","status":"publish","type":"portfolio","link":"https:\/\/www.design-award.cz\/?portfolio=produktovy-design-pavouci-kreslo-usak","title":{"rendered":"Produktov\u00fd design &#8211; PAVOU\u010c\u00cd K\u0158ESLO U\u0160\u00c1K"},"content":{"rendered":"\n<p><strong>Bronislav V\u00e1\u0148a<\/strong><\/p>\n\n\n\n<p>St\u0159edn\u00ed \u0161kola \u0159emesln\u00e1, Jarom\u011b\u0159, Studni\u010dkova 260<\/p>\n\n\n\n<p>Projekt byl inspirovan\u00fd staro\u017eitn\u00fdm k\u0159eslem u\u0161\u00e1k, kter\u00fd jsem renovovala\/restaurovala klasickou technologi\u00ed. Dal\u0161\u00ed inspirac\u00ed mi byli pavouci, hlavn\u011b jejich kon\u010detiny, kter\u00e9 by se mi n\u011bkdy p\u0159i pr\u00e1ci hodily, jejich prvky jsem zakomponovala do sv\u00e9ho projektu.<\/p>\n\n\n\n<p>K\u0159eslo pavou\u010d\u00ed u\u0161\u00e1k se skl\u00e1d\u00e1 z\u202f\u0161esti nohou a&nbsp; dvou podru\u010dek, kter\u00e9 sahaj\u00ed a\u017e na zem. Jsou tvo\u0159eny z\u202fmasivn\u00edho dubu a tvo\u0159\u00ed dojem pavouka.<\/p>\n\n\n\n<p>&nbsp;Sed\u00e1k je tvo\u0159en z\u202fb\u0159ezov\u00e9 p\u0159ekli\u017eovan\u00e9 desky, nohy jsou k\u202fdesce p\u0159id\u011blan\u00e9 \u0161rouby. M\u011bkkou \u010d\u00e1st sed\u00e1ku tvo\u0159\u00ed PPUR p\u011bna a PUR p\u011bna N4050, kter\u00e9 jsou k\u202fsob\u011b p\u0159ilepen\u00e9. Cel\u00fd sed\u00e1k je pota\u017een\u00fd PES rounem a na vrchu je pota\u017een\u00fd l\u00e1tkou, kter\u00e1 je ze spodu p\u0159ichycena sponkami.&nbsp;<\/p>\n\n\n\n<p>Op\u011bra je tvo\u0159ena smrkov\u00fdmi hranoly, na jejich konci jsou p\u0159ilepen\u00e9 p\u016flkulat\u00e9 d\u00edlce, kter\u00e9 tvo\u0159\u00ed ozdobu.&nbsp; V\u202fop\u011b\u0159e najdeme pry\u017etextiln\u00ed popruhy, kter\u00e9 tvo\u0159\u00ed pru\u017enou a pohodlnou \u010d\u00e1st. PUR p\u011bna N3240 je p\u0159ilepen\u00e1 a p\u0159id\u011blan\u00e1 tak, aby tvo\u0159ila oblouky. Naho\u0159e je p\u0159eta\u017een\u00e1 p\u0159es p\u016flkulat\u00e9 d\u00edlce a vzadu p\u0159ilepen\u00e1.&nbsp;<\/p>\n\n\n\n<p>V u\u0161\u00edch s\u202fboky se nach\u00e1z\u00ed podru\u010dky. Boky tvo\u0159\u00ed kostra z\u202fmasivn\u00edho smrku a PUR p\u011bny N3240, cel\u00e9 je to d\u00e1no do PES rouna, stejn\u011b jako op\u011bra.&nbsp;<\/p>\n\n\n\n<p>U\u0161it\u00fd potah, kter\u00fd sed\u00ed, je vta\u017een ze spod a p\u0159eta\u017een z\u202fvrchu. Cel\u00fd je p\u0159i sponkovan\u00fd.&nbsp;<\/p>\n\n\n\n<p>\u00a0Z\u00e1da se skl\u00e1daj\u00ed z\u202flepenky a PES rouna, na vrchu je potahov\u00e1 l\u00e1tka. L\u00e1tkou je uzav\u0159ena cel\u00e1 kostra tak, aby to dob\u0159e vypadalo. Spodek zakryt\u00fd\u00a0 stejnou l\u00e1tkou, jeliko\u017e je viditeln\u00fd.<\/p>\n\n\n\n<figure class=\"wp-block-image size-full\"><img decoding=\"async\" width=\"700\" height=\"496\" data-src=\"http:\/\/www.design-award.cz\/wp-content\/uploads\/2024\/06\/technicky_vykres-rez.jpg\" alt=\"\" class=\"wp-image-4133 lazyload\" data-srcset=\"https:\/\/www.design-award.cz\/wp-content\/uploads\/2024\/06\/technicky_vykres-rez.jpg 700w, https:\/\/www.design-award.cz\/wp-content\/uploads\/2024\/06\/technicky_vykres-rez-300x213.jpg 300w, https:\/\/www.design-award.cz\/wp-content\/uploads\/2024\/06\/technicky_vykres-rez-500x354.jpg 500w\" data-sizes=\"(max-width: 700px) 100vw, 700px\" src=\"data:image\/svg+xml;base64,PHN2ZyB3aWR0aD0iMSIgaGVpZ2h0PSIxIiB4bWxucz0iaHR0cDovL3d3dy53My5vcmcvMjAwMC9zdmciPjwvc3ZnPg==\" style=\"--smush-placeholder-width: 700px; --smush-placeholder-aspect-ratio: 700\/496;\" \/><\/figure>\n\n\n\n<figure class=\"wp-block-image size-full\"><img decoding=\"async\" width=\"9594\" height=\"7195\" data-src=\"http:\/\/www.design-award.cz\/wp-content\/uploads\/2024\/06\/technicky_vykres-1.jpg\" alt=\"\" class=\"wp-image-4136 lazyload\" src=\"data:image\/svg+xml;base64,PHN2ZyB3aWR0aD0iMSIgaGVpZ2h0PSIxIiB4bWxucz0iaHR0cDovL3d3dy53My5vcmcvMjAwMC9zdmciPjwvc3ZnPg==\" style=\"--smush-placeholder-width: 9594px; --smush-placeholder-aspect-ratio: 9594\/7195;\" \/><\/figure>\n\n\n\n<figure class=\"wp-block-image size-large\"><img decoding=\"async\" width=\"1024\" height=\"768\" data-src=\"http:\/\/www.design-award.cz\/wp-content\/uploads\/2024\/06\/technicky_vykres-2-1024x768.jpg\" alt=\"\" class=\"wp-image-4137 lazyload\" data-srcset=\"https:\/\/www.design-award.cz\/wp-content\/uploads\/2024\/06\/technicky_vykres-2-1024x768.jpg 1024w, https:\/\/www.design-award.cz\/wp-content\/uploads\/2024\/06\/technicky_vykres-2-300x225.jpg 300w, https:\/\/www.design-award.cz\/wp-content\/uploads\/2024\/06\/technicky_vykres-2-768x576.jpg 768w, https:\/\/www.design-award.cz\/wp-content\/uploads\/2024\/06\/technicky_vykres-2-500x375.jpg 500w, https:\/\/www.design-award.cz\/wp-content\/uploads\/2024\/06\/technicky_vykres-2-800x600.jpg 800w, https:\/\/www.design-award.cz\/wp-content\/uploads\/2024\/06\/technicky_vykres-2-1280x960.jpg 1280w\" data-sizes=\"(max-width: 1024px) 100vw, 1024px\" src=\"data:image\/svg+xml;base64,PHN2ZyB3aWR0aD0iMSIgaGVpZ2h0PSIxIiB4bWxucz0iaHR0cDovL3d3dy53My5vcmcvMjAwMC9zdmciPjwvc3ZnPg==\" style=\"--smush-placeholder-width: 1024px; --smush-placeholder-aspect-ratio: 1024\/768;\" \/><\/figure>\n\n\n\n<figure class=\"wp-block-image size-large\"><img decoding=\"async\" width=\"1024\" height=\"768\" data-src=\"http:\/\/www.design-award.cz\/wp-content\/uploads\/2024\/06\/technicky_vykres-3-1024x768.jpg\" alt=\"\" class=\"wp-image-4138 lazyload\" data-srcset=\"https:\/\/www.design-award.cz\/wp-content\/uploads\/2024\/06\/technicky_vykres-3-1024x768.jpg 1024w, https:\/\/www.design-award.cz\/wp-content\/uploads\/2024\/06\/technicky_vykres-3-300x225.jpg 300w, https:\/\/www.design-award.cz\/wp-content\/uploads\/2024\/06\/technicky_vykres-3-768x576.jpg 768w, https:\/\/www.design-award.cz\/wp-content\/uploads\/2024\/06\/technicky_vykres-3-1536x1152.jpg 1536w, https:\/\/www.design-award.cz\/wp-content\/uploads\/2024\/06\/technicky_vykres-3-2048x1536.jpg 2048w, https:\/\/www.design-award.cz\/wp-content\/uploads\/2024\/06\/technicky_vykres-3-500x375.jpg 500w, https:\/\/www.design-award.cz\/wp-content\/uploads\/2024\/06\/technicky_vykres-3-800x600.jpg 800w, https:\/\/www.design-award.cz\/wp-content\/uploads\/2024\/06\/technicky_vykres-3-1280x960.jpg 1280w, https:\/\/www.design-award.cz\/wp-content\/uploads\/2024\/06\/technicky_vykres-3-1920x1440.jpg 1920w\" data-sizes=\"(max-width: 1024px) 100vw, 1024px\" src=\"data:image\/svg+xml;base64,PHN2ZyB3aWR0aD0iMSIgaGVpZ2h0PSIxIiB4bWxucz0iaHR0cDovL3d3dy53My5vcmcvMjAwMC9zdmciPjwvc3ZnPg==\" style=\"--smush-placeholder-width: 1024px; --smush-placeholder-aspect-ratio: 1024\/768;\" \/><\/figure>\n\n\n\n<figure class=\"wp-block-image size-large\"><img decoding=\"async\" width=\"1024\" height=\"768\" data-src=\"http:\/\/www.design-award.cz\/wp-content\/uploads\/2024\/06\/vizualizace-1-1-1024x768.jpg\" alt=\"\" class=\"wp-image-4134 lazyload\" data-srcset=\"https:\/\/www.design-award.cz\/wp-content\/uploads\/2024\/06\/vizualizace-1-1-1024x768.jpg 1024w, https:\/\/www.design-award.cz\/wp-content\/uploads\/2024\/06\/vizualizace-1-1-300x225.jpg 300w, https:\/\/www.design-award.cz\/wp-content\/uploads\/2024\/06\/vizualizace-1-1-768x576.jpg 768w, https:\/\/www.design-award.cz\/wp-content\/uploads\/2024\/06\/vizualizace-1-1-500x375.jpg 500w, https:\/\/www.design-award.cz\/wp-content\/uploads\/2024\/06\/vizualizace-1-1-800x600.jpg 800w, https:\/\/www.design-award.cz\/wp-content\/uploads\/2024\/06\/vizualizace-1-1-1280x960.jpg 1280w\" data-sizes=\"(max-width: 1024px) 100vw, 1024px\" src=\"data:image\/svg+xml;base64,PHN2ZyB3aWR0aD0iMSIgaGVpZ2h0PSIxIiB4bWxucz0iaHR0cDovL3d3dy53My5vcmcvMjAwMC9zdmciPjwvc3ZnPg==\" style=\"--smush-placeholder-width: 1024px; --smush-placeholder-aspect-ratio: 1024\/768;\" \/><\/figure>\n","protected":false},"excerpt":{"rendered":"<p>Bronislav V\u00e1\u0148a St\u0159edn\u00ed \u0161kola \u0159emesln\u00e1, Jarom\u011b\u0159, Studni\u010dkova 260 Projekt byl inspirovan\u00fd staro\u017eitn\u00fdm k\u0159eslem u\u0161\u00e1k, kter\u00fd jsem renovovala\/restaurovala klasickou technologi\u00ed. Dal\u0161\u00ed inspirac\u00ed mi byli pavouci, hlavn\u011b jejich kon\u010detiny, kter\u00e9 by se mi n\u011bkdy p\u0159i pr\u00e1ci hodily, jejich prvky jsem zakomponovala do sv\u00e9ho projektu. K\u0159eslo pavou\u010d\u00ed u\u0161\u00e1k se skl\u00e1d\u00e1 z\u202f\u0161esti nohou a&nbsp; dvou podru\u010dek, kter\u00e9 sahaj\u00ed a\u017e [&hellip;]<\/p>\n","protected":false},"author":2,"featured_media":4135,"menu_order":0,"comment_status":"closed","ping_status":"closed","template":"","format":"standard","meta":{"ngg_post_thumbnail":0,"ocean_post_layout":"","ocean_both_sidebars_style":"","ocean_both_sidebars_content_width":0,"ocean_both_sidebars_sidebars_width":0,"ocean_sidebar":"","ocean_second_sidebar":"","ocean_disable_margins":"enable","ocean_add_body_class":"","ocean_shortcode_before_top_bar":"","ocean_shortcode_after_top_bar":"","ocean_shortcode_before_header":"","ocean_shortcode_after_header":"","ocean_has_shortcode":"","ocean_shortcode_after_title":"","ocean_shortcode_before_footer_widgets":"","ocean_shortcode_after_footer_widgets":"","ocean_shortcode_before_footer_bottom":"","ocean_shortcode_after_footer_bottom":"","ocean_display_top_bar":"default","ocean_display_header":"default","ocean_header_style":"","ocean_center_header_left_menu":"","ocean_custom_header_template":"","ocean_custom_logo":0,"ocean_custom_retina_logo":0,"ocean_custom_logo_max_width":0,"ocean_custom_logo_tablet_max_width":0,"ocean_custom_logo_mobile_max_width":0,"ocean_custom_logo_max_height":0,"ocean_custom_logo_tablet_max_height":0,"ocean_custom_logo_mobile_max_height":0,"ocean_header_custom_menu":"","ocean_menu_typo_font_family":"","ocean_menu_typo_font_subset":"","ocean_menu_typo_font_size":0,"ocean_menu_typo_font_size_tablet":0,"ocean_menu_typo_font_size_mobile":0,"ocean_menu_typo_font_size_unit":"px","ocean_menu_typo_font_weight":"","ocean_menu_typo_font_weight_tablet":"","ocean_menu_typo_font_weight_mobile":"","ocean_menu_typo_transform":"","ocean_menu_typo_transform_tablet":"","ocean_menu_typo_transform_mobile":"","ocean_menu_typo_line_height":0,"ocean_menu_typo_line_height_tablet":0,"ocean_menu_typo_line_height_mobile":0,"ocean_menu_typo_line_height_unit":"","ocean_menu_typo_spacing":0,"ocean_menu_typo_spacing_tablet":0,"ocean_menu_typo_spacing_mobile":0,"ocean_menu_typo_spacing_unit":"","ocean_menu_link_color":"","ocean_menu_link_color_hover":"","ocean_menu_link_color_active":"","ocean_menu_link_background":"","ocean_menu_link_hover_background":"","ocean_menu_link_active_background":"","ocean_menu_social_links_bg":"","ocean_menu_social_hover_links_bg":"","ocean_menu_social_links_color":"","ocean_menu_social_hover_links_color":"","ocean_disable_title":"default","ocean_disable_heading":"default","ocean_post_title":"","ocean_post_subheading":"","ocean_post_title_style":"","ocean_post_title_background_color":"","ocean_post_title_background":0,"ocean_post_title_bg_image_position":"","ocean_post_title_bg_image_attachment":"","ocean_post_title_bg_image_repeat":"","ocean_post_title_bg_image_size":"","ocean_post_title_height":0,"ocean_post_title_bg_overlay":0.5,"ocean_post_title_bg_overlay_color":"","ocean_disable_breadcrumbs":"default","ocean_breadcrumbs_color":"","ocean_breadcrumbs_separator_color":"","ocean_breadcrumbs_links_color":"","ocean_breadcrumbs_links_hover_color":"","ocean_display_footer_widgets":"default","ocean_display_footer_bottom":"default","ocean_custom_footer_template":"","_vp_format_video_url":"","_vp_image_focal_point":[],"footnotes":""},"portfolio_category":[],"portfolio_tag":[],"class_list":["post-4065","portfolio","type-portfolio","status-publish","format-standard","has-post-thumbnail","hentry","entry","has-media"],"yoast_head":"<!-- This site is optimized with the Yoast SEO plugin v25.2 - https:\/\/yoast.com\/wordpress\/plugins\/seo\/ -->\n<title>Produktov\u00fd design - PAVOU\u010c\u00cd K\u0158ESLO U\u0160\u00c1K - design-award.cz<\/title>\n<meta name=\"robots\" content=\"index, follow, max-snippet:-1, max-image-preview:large, max-video-preview:-1\" \/>\n<link rel=\"canonical\" href=\"https:\/\/www.design-award.cz\/?portfolio=produktovy-design-pavouci-kreslo-usak\" \/>\n<meta property=\"og:locale\" content=\"cs_CZ\" \/>\n<meta property=\"og:type\" content=\"article\" \/>\n<meta property=\"og:title\" content=\"Produktov\u00fd design - PAVOU\u010c\u00cd K\u0158ESLO U\u0160\u00c1K - design-award.cz\" \/>\n<meta property=\"og:description\" content=\"Bronislav V\u00e1\u0148a St\u0159edn\u00ed \u0161kola \u0159emesln\u00e1, Jarom\u011b\u0159, Studni\u010dkova 260 Projekt byl inspirovan\u00fd staro\u017eitn\u00fdm k\u0159eslem u\u0161\u00e1k, kter\u00fd jsem renovovala\/restaurovala klasickou technologi\u00ed. Dal\u0161\u00ed inspirac\u00ed mi byli pavouci, hlavn\u011b jejich kon\u010detiny, kter\u00e9 by se mi n\u011bkdy p\u0159i pr\u00e1ci hodily, jejich prvky jsem zakomponovala do sv\u00e9ho projektu. K\u0159eslo pavou\u010d\u00ed u\u0161\u00e1k se skl\u00e1d\u00e1 z\u202f\u0161esti nohou a&nbsp; dvou podru\u010dek, kter\u00e9 sahaj\u00ed a\u017e [&hellip;]\" \/>\n<meta property=\"og:url\" content=\"https:\/\/www.design-award.cz\/?portfolio=produktovy-design-pavouci-kreslo-usak\" \/>\n<meta property=\"og:site_name\" content=\"design-award.cz\" \/>\n<meta property=\"article:modified_time\" content=\"2024-06-28T21:21:11+00:00\" \/>\n<meta property=\"og:image\" content=\"http:\/\/www.design-award.cz\/wp-content\/uploads\/2024\/06\/vizualizace-2-2.jpg\" \/>\n\t<meta property=\"og:image:width\" content=\"1920\" \/>\n\t<meta property=\"og:image:height\" content=\"1080\" \/>\n\t<meta property=\"og:image:type\" content=\"image\/jpeg\" \/>\n<meta name=\"twitter:card\" content=\"summary_large_image\" \/>\n<meta name=\"twitter:label1\" content=\"Odhadovan\u00e1 doba \u010dten\u00ed\" \/>\n\t<meta name=\"twitter:data1\" content=\"2 minuty\" \/>\n<script type=\"application\/ld+json\" class=\"yoast-schema-graph\">{\"@context\":\"https:\/\/schema.org\",\"@graph\":[{\"@type\":\"WebPage\",\"@id\":\"https:\/\/www.design-award.cz\/?portfolio=produktovy-design-pavouci-kreslo-usak\",\"url\":\"https:\/\/www.design-award.cz\/?portfolio=produktovy-design-pavouci-kreslo-usak\",\"name\":\"Produktov\u00fd design - PAVOU\u010c\u00cd K\u0158ESLO U\u0160\u00c1K - design-award.cz\",\"isPartOf\":{\"@id\":\"https:\/\/www.design-award.cz\/#website\"},\"primaryImageOfPage\":{\"@id\":\"https:\/\/www.design-award.cz\/?portfolio=produktovy-design-pavouci-kreslo-usak#primaryimage\"},\"image\":{\"@id\":\"https:\/\/www.design-award.cz\/?portfolio=produktovy-design-pavouci-kreslo-usak#primaryimage\"},\"thumbnailUrl\":\"https:\/\/www.design-award.cz\/wp-content\/uploads\/2024\/06\/vizualizace-2-2.jpg\",\"datePublished\":\"2024-06-28T21:17:02+00:00\",\"dateModified\":\"2024-06-28T21:21:11+00:00\",\"breadcrumb\":{\"@id\":\"https:\/\/www.design-award.cz\/?portfolio=produktovy-design-pavouci-kreslo-usak#breadcrumb\"},\"inLanguage\":\"cs\",\"potentialAction\":[{\"@type\":\"ReadAction\",\"target\":[\"https:\/\/www.design-award.cz\/?portfolio=produktovy-design-pavouci-kreslo-usak\"]}]},{\"@type\":\"ImageObject\",\"inLanguage\":\"cs\",\"@id\":\"https:\/\/www.design-award.cz\/?portfolio=produktovy-design-pavouci-kreslo-usak#primaryimage\",\"url\":\"https:\/\/www.design-award.cz\/wp-content\/uploads\/2024\/06\/vizualizace-2-2.jpg\",\"contentUrl\":\"https:\/\/www.design-award.cz\/wp-content\/uploads\/2024\/06\/vizualizace-2-2.jpg\",\"width\":1920,\"height\":1080},{\"@type\":\"BreadcrumbList\",\"@id\":\"https:\/\/www.design-award.cz\/?portfolio=produktovy-design-pavouci-kreslo-usak#breadcrumb\",\"itemListElement\":[{\"@type\":\"ListItem\",\"position\":1,\"name\":\"Dom\u016f\",\"item\":\"https:\/\/www.design-award.cz\/\"},{\"@type\":\"ListItem\",\"position\":2,\"name\":\"Portfolio Items\",\"item\":\"https:\/\/www.design-award.cz\/?post_type=portfolio\"},{\"@type\":\"ListItem\",\"position\":3,\"name\":\"Produktov\u00fd design &#8211; PAVOU\u010c\u00cd K\u0158ESLO U\u0160\u00c1K\"}]},{\"@type\":\"WebSite\",\"@id\":\"https:\/\/www.design-award.cz\/#website\",\"url\":\"https:\/\/www.design-award.cz\/\",\"name\":\"design-award.cz\",\"description\":\"WARD vznikla v roce 2022. Je ur\u010dena p\u0159edev\u0161\u00edm student\u016fm st\u0159edn\u00edch um\u011bleck\u00fdch \u0161kol (S\u0160 a VO\u0160), kte\u0159\u00ed mohou bezplatn\u011b zaslat sv\u00e9 n\u00e1vrhy v uveden\u00fdch kategori\u00ed a tak pom\u011b\u0159it sv\u00e9 n\u00e1pady s konkurenc\u00ed sv\u00fdch vrstevn\u00edk\u016f. N\u00e1vrhy jsou n\u00e1sledn\u011b posouzeny nez\u00e1vislou porotou z \u0159ad v\u00fdtvarn\u00edk\u016f, pedagog\u016f a profesion\u00e1l\u016f z oboru.\",\"publisher\":{\"@id\":\"https:\/\/www.design-award.cz\/#organization\"},\"potentialAction\":[{\"@type\":\"SearchAction\",\"target\":{\"@type\":\"EntryPoint\",\"urlTemplate\":\"https:\/\/www.design-award.cz\/?s={search_term_string}\"},\"query-input\":{\"@type\":\"PropertyValueSpecification\",\"valueRequired\":true,\"valueName\":\"search_term_string\"}}],\"inLanguage\":\"cs\"},{\"@type\":\"Organization\",\"@id\":\"https:\/\/www.design-award.cz\/#organization\",\"name\":\"Design Award\",\"url\":\"https:\/\/www.design-award.cz\/\",\"logo\":{\"@type\":\"ImageObject\",\"inLanguage\":\"cs\",\"@id\":\"https:\/\/www.design-award.cz\/#\/schema\/logo\/image\/\",\"url\":\"http:\/\/www.design-award.cz\/wp-content\/uploads\/2021\/12\/hornilogo_design-award.png\",\"contentUrl\":\"http:\/\/www.design-award.cz\/wp-content\/uploads\/2021\/12\/hornilogo_design-award.png\",\"width\":800,\"height\":600,\"caption\":\"Design Award\"},\"image\":{\"@id\":\"https:\/\/www.design-award.cz\/#\/schema\/logo\/image\/\"},\"sameAs\":[\"https:\/\/www.instagram.com\/design_award\/\"]}]}<\/script>\n<!-- \/ Yoast SEO plugin. -->","yoast_head_json":{"title":"Produktov\u00fd design - PAVOU\u010c\u00cd K\u0158ESLO U\u0160\u00c1K - design-award.cz","robots":{"index":"index","follow":"follow","max-snippet":"max-snippet:-1","max-image-preview":"max-image-preview:large","max-video-preview":"max-video-preview:-1"},"canonical":"https:\/\/www.design-award.cz\/?portfolio=produktovy-design-pavouci-kreslo-usak","og_locale":"cs_CZ","og_type":"article","og_title":"Produktov\u00fd design - PAVOU\u010c\u00cd K\u0158ESLO U\u0160\u00c1K - design-award.cz","og_description":"Bronislav V\u00e1\u0148a St\u0159edn\u00ed \u0161kola \u0159emesln\u00e1, Jarom\u011b\u0159, Studni\u010dkova 260 Projekt byl inspirovan\u00fd staro\u017eitn\u00fdm k\u0159eslem u\u0161\u00e1k, kter\u00fd jsem renovovala\/restaurovala klasickou technologi\u00ed. Dal\u0161\u00ed inspirac\u00ed mi byli pavouci, hlavn\u011b jejich kon\u010detiny, kter\u00e9 by se mi n\u011bkdy p\u0159i pr\u00e1ci hodily, jejich prvky jsem zakomponovala do sv\u00e9ho projektu. K\u0159eslo pavou\u010d\u00ed u\u0161\u00e1k se skl\u00e1d\u00e1 z\u202f\u0161esti nohou a&nbsp; dvou podru\u010dek, kter\u00e9 sahaj\u00ed a\u017e [&hellip;]","og_url":"https:\/\/www.design-award.cz\/?portfolio=produktovy-design-pavouci-kreslo-usak","og_site_name":"design-award.cz","article_modified_time":"2024-06-28T21:21:11+00:00","og_image":[{"width":1920,"height":1080,"url":"http:\/\/www.design-award.cz\/wp-content\/uploads\/2024\/06\/vizualizace-2-2.jpg","type":"image\/jpeg"}],"twitter_card":"summary_large_image","twitter_misc":{"Odhadovan\u00e1 doba \u010dten\u00ed":"2 minuty"},"schema":{"@context":"https:\/\/schema.org","@graph":[{"@type":"WebPage","@id":"https:\/\/www.design-award.cz\/?portfolio=produktovy-design-pavouci-kreslo-usak","url":"https:\/\/www.design-award.cz\/?portfolio=produktovy-design-pavouci-kreslo-usak","name":"Produktov\u00fd design - PAVOU\u010c\u00cd K\u0158ESLO U\u0160\u00c1K - design-award.cz","isPartOf":{"@id":"https:\/\/www.design-award.cz\/#website"},"primaryImageOfPage":{"@id":"https:\/\/www.design-award.cz\/?portfolio=produktovy-design-pavouci-kreslo-usak#primaryimage"},"image":{"@id":"https:\/\/www.design-award.cz\/?portfolio=produktovy-design-pavouci-kreslo-usak#primaryimage"},"thumbnailUrl":"https:\/\/www.design-award.cz\/wp-content\/uploads\/2024\/06\/vizualizace-2-2.jpg","datePublished":"2024-06-28T21:17:02+00:00","dateModified":"2024-06-28T21:21:11+00:00","breadcrumb":{"@id":"https:\/\/www.design-award.cz\/?portfolio=produktovy-design-pavouci-kreslo-usak#breadcrumb"},"inLanguage":"cs","potentialAction":[{"@type":"ReadAction","target":["https:\/\/www.design-award.cz\/?portfolio=produktovy-design-pavouci-kreslo-usak"]}]},{"@type":"ImageObject","inLanguage":"cs","@id":"https:\/\/www.design-award.cz\/?portfolio=produktovy-design-pavouci-kreslo-usak#primaryimage","url":"https:\/\/www.design-award.cz\/wp-content\/uploads\/2024\/06\/vizualizace-2-2.jpg","contentUrl":"https:\/\/www.design-award.cz\/wp-content\/uploads\/2024\/06\/vizualizace-2-2.jpg","width":1920,"height":1080},{"@type":"BreadcrumbList","@id":"https:\/\/www.design-award.cz\/?portfolio=produktovy-design-pavouci-kreslo-usak#breadcrumb","itemListElement":[{"@type":"ListItem","position":1,"name":"Dom\u016f","item":"https:\/\/www.design-award.cz\/"},{"@type":"ListItem","position":2,"name":"Portfolio Items","item":"https:\/\/www.design-award.cz\/?post_type=portfolio"},{"@type":"ListItem","position":3,"name":"Produktov\u00fd design &#8211; PAVOU\u010c\u00cd K\u0158ESLO U\u0160\u00c1K"}]},{"@type":"WebSite","@id":"https:\/\/www.design-award.cz\/#website","url":"https:\/\/www.design-award.cz\/","name":"design-award.cz","description":"WARD vznikla v roce 2022. Je ur\u010dena p\u0159edev\u0161\u00edm student\u016fm st\u0159edn\u00edch um\u011bleck\u00fdch \u0161kol (S\u0160 a VO\u0160), kte\u0159\u00ed mohou bezplatn\u011b zaslat sv\u00e9 n\u00e1vrhy v uveden\u00fdch kategori\u00ed a tak pom\u011b\u0159it sv\u00e9 n\u00e1pady s konkurenc\u00ed sv\u00fdch vrstevn\u00edk\u016f. N\u00e1vrhy jsou n\u00e1sledn\u011b posouzeny nez\u00e1vislou porotou z \u0159ad v\u00fdtvarn\u00edk\u016f, pedagog\u016f a profesion\u00e1l\u016f z oboru.","publisher":{"@id":"https:\/\/www.design-award.cz\/#organization"},"potentialAction":[{"@type":"SearchAction","target":{"@type":"EntryPoint","urlTemplate":"https:\/\/www.design-award.cz\/?s={search_term_string}"},"query-input":{"@type":"PropertyValueSpecification","valueRequired":true,"valueName":"search_term_string"}}],"inLanguage":"cs"},{"@type":"Organization","@id":"https:\/\/www.design-award.cz\/#organization","name":"Design Award","url":"https:\/\/www.design-award.cz\/","logo":{"@type":"ImageObject","inLanguage":"cs","@id":"https:\/\/www.design-award.cz\/#\/schema\/logo\/image\/","url":"http:\/\/www.design-award.cz\/wp-content\/uploads\/2021\/12\/hornilogo_design-award.png","contentUrl":"http:\/\/www.design-award.cz\/wp-content\/uploads\/2021\/12\/hornilogo_design-award.png","width":800,"height":600,"caption":"Design Award"},"image":{"@id":"https:\/\/www.design-award.cz\/#\/schema\/logo\/image\/"},"sameAs":["https:\/\/www.instagram.com\/design_award\/"]}]}},"_links":{"self":[{"href":"https:\/\/www.design-award.cz\/index.php?rest_route=\/wp\/v2\/portfolio\/4065","targetHints":{"allow":["GET"]}}],"collection":[{"href":"https:\/\/www.design-award.cz\/index.php?rest_route=\/wp\/v2\/portfolio"}],"about":[{"href":"https:\/\/www.design-award.cz\/index.php?rest_route=\/wp\/v2\/types\/portfolio"}],"author":[{"embeddable":true,"href":"https:\/\/www.design-award.cz\/index.php?rest_route=\/wp\/v2\/users\/2"}],"replies":[{"embeddable":true,"href":"https:\/\/www.design-award.cz\/index.php?rest_route=%2Fwp%2Fv2%2Fcomments&post=4065"}],"version-history":[{"count":2,"href":"https:\/\/www.design-award.cz\/index.php?rest_route=\/wp\/v2\/portfolio\/4065\/revisions"}],"predecessor-version":[{"id":4139,"href":"https:\/\/www.design-award.cz\/index.php?rest_route=\/wp\/v2\/portfolio\/4065\/revisions\/4139"}],"wp:featuredmedia":[{"embeddable":true,"href":"https:\/\/www.design-award.cz\/index.php?rest_route=\/wp\/v2\/media\/4135"}],"wp:attachment":[{"href":"https:\/\/www.design-award.cz\/index.php?rest_route=%2Fwp%2Fv2%2Fmedia&parent=4065"}],"wp:term":[{"taxonomy":"portfolio_category","embeddable":true,"href":"https:\/\/www.design-award.cz\/index.php?rest_route=%2Fwp%2Fv2%2Fportfolio_category&post=4065"},{"taxonomy":"portfolio_tag","embeddable":true,"href":"https:\/\/www.design-award.cz\/index.php?rest_route=%2Fwp%2Fv2%2Fportfolio_tag&post=4065"}],"curies":[{"name":"wp","href":"https:\/\/api.w.org\/{rel}","templated":true}]}}