{"id":413,"date":"2023-01-16T19:51:35","date_gmt":"2023-01-16T19:51:35","guid":{"rendered":"https:\/\/www.design-award.cz\/?post_type=portfolio&#038;p=413"},"modified":"2022-12-04T21:29:48","modified_gmt":"2022-12-04T21:29:48","slug":"soukromy-interier-kuchyne-s-obyvaci-casti-2","status":"publish","type":"portfolio","link":"https:\/\/www.design-award.cz\/?portfolio=soukromy-interier-kuchyne-s-obyvaci-casti-2","title":{"rendered":"Soukrom\u00fd interi\u00e9r \u2013 Kuchyn\u011b s ob\u00fdvac\u00ed \u010d\u00e1st\u00ed"},"content":{"rendered":"\n<h2 class=\"wp-block-heading\" id=\"charlota-praskova\">Charlota Pr\u00e1\u0161kov\u00e1<\/h2>\n\n\n\n<p><strong>Michael \u2013 St\u0159edn\u00ed \u0161kola a Vy\u0161\u0161\u00ed odborn\u00e1 \u0161kola reklamn\u00ed a um\u011bleck\u00e9 tvorby<\/strong><\/p>\n\n\n\n<p>Zad\u00e1n\u00edm na\u0161\u00ed pr\u00e1ce je n\u00e1vrh interi\u00e9ru ob\u00fdvac\u00ed a kuchy\u0148sk\u00e9 \u010d\u00e1sti domu. K dispozici jsme dostali<br>p\u016fdorys a byli jsme sezn\u00e1meni s p\u0159edb\u011b\u017enou p\u0159edstavou klienta. Interi\u00e9r domu je koncipov\u00e1n ve<br>venkovsk\u00e9m stylu. Klientka si z\u00e1rove\u0148 p\u0159\u00e1la vypracovat n\u00e1vrh zimn\u00ed zahrady s t\u00edm, \u017ee jej\u00ed \u0159e\u0161en\u00ed je<br>v na\u0161\u00ed kompetenci Samotn\u00fd interi\u00e9r je velice prostorn\u00fd s francouzsk\u00fdmi okny a kom\u00ednem. D\u00edky n\u011bmu<br>jsme mohli uva\u017eovat o z\u00fatuln\u011bn\u00ed prostoru pomoc\u00ed kamen nebo krbu. Pokud do zrenovovan\u00e9 \u010d\u00e1sti<br>sestupujeme ze schod\u016f, jako prvn\u00ed uvid\u00edme prostornou kuchy\u0148skou linku s d\u0159ezem, naproti n\u00ed je<br>ostr\u016fvek s varnou deskou. Kolmo na ostr\u016fvek se nach\u00e1z\u00ed j\u00eddeln\u00ed st\u016fl. Abychom tuto \u010d\u00e1st tzv. uzav\u0159eli ,<br>um\u00edstili jsme do rohu m\u00edstnosti velkou knihovnu s pohodln\u00fdm posezen\u00edm. Naproti kuchy\u0148sk\u00e9 \u010d\u00e1sti se<br>nach\u00e1z\u00ed ta ob\u00fdvac\u00ed. V n\u00ed je rohov\u00e1 pohovka s konferen\u010dn\u00edm stolkem. Na prot\u011bj\u0161\u00ed zdi jsou kamna,<br>prostor s policemi a televize. Zimn\u00ed zahrada je propojena s ob\u00fdvac\u00ed \u010d\u00e1st\u00ed pomoc\u00ed francouzsk\u00e9ho okna.<br>Najdeme v n\u00ed pohovku z palet, pohodln\u00e1 k\u0159es\u00edlka, stolek, z\u00e1v\u011bsn\u00e9 houpac\u00ed k\u0159eslo a malou<br>knihovni\u010dku. Cel\u00fd interi\u00e9r zimn\u00ed zahrady je navr\u017een jako relaxa\u010dn\u00ed z\u00f3na. Hlavn\u00edm c\u00edlem tohoto \u0159e\u0161en\u00ed<br>bylo se co nejv\u00edce p\u0159ibl\u00ed\u017eit k p\u0159edstav\u00e1m klienta a vytvo\u0159it prostor, kde by se ka\u017ed\u00fd c\u00edtil jako doma.<\/p>\n\n\n\n<figure class=\"wp-block-image size-large is-style-default\"><img decoding=\"async\" width=\"1024\" height=\"576\" data-src=\"http:\/\/www.design-award.cz\/wp-content\/uploads\/2022\/02\/DI_render_3-1024x576.jpg\" alt=\"\" class=\"wp-image-414 lazyload\" data-srcset=\"https:\/\/www.design-award.cz\/wp-content\/uploads\/2022\/02\/DI_render_3-1024x576.jpg 1024w, https:\/\/www.design-award.cz\/wp-content\/uploads\/2022\/02\/DI_render_3-300x169.jpg 300w, https:\/\/www.design-award.cz\/wp-content\/uploads\/2022\/02\/DI_render_3-768x432.jpg 768w, https:\/\/www.design-award.cz\/wp-content\/uploads\/2022\/02\/DI_render_3-1536x864.jpg 1536w, https:\/\/www.design-award.cz\/wp-content\/uploads\/2022\/02\/DI_render_3-2048x1152.jpg 2048w, https:\/\/www.design-award.cz\/wp-content\/uploads\/2022\/02\/DI_render_3-500x281.jpg 500w, https:\/\/www.design-award.cz\/wp-content\/uploads\/2022\/02\/DI_render_3-800x450.jpg 800w, https:\/\/www.design-award.cz\/wp-content\/uploads\/2022\/02\/DI_render_3-1280x720.jpg 1280w, https:\/\/www.design-award.cz\/wp-content\/uploads\/2022\/02\/DI_render_3-1920x1080.jpg 1920w\" data-sizes=\"(max-width: 1024px) 100vw, 1024px\" src=\"data:image\/svg+xml;base64,PHN2ZyB3aWR0aD0iMSIgaGVpZ2h0PSIxIiB4bWxucz0iaHR0cDovL3d3dy53My5vcmcvMjAwMC9zdmciPjwvc3ZnPg==\" style=\"--smush-placeholder-width: 1024px; --smush-placeholder-aspect-ratio: 1024\/576;\" \/><\/figure>\n\n\n\n<figure class=\"wp-block-image size-large is-style-default\"><img decoding=\"async\" width=\"1024\" height=\"576\" data-src=\"http:\/\/www.design-award.cz\/wp-content\/uploads\/2022\/02\/DI_render_9-1024x576.jpg\" alt=\"\" class=\"wp-image-415 lazyload\" data-srcset=\"https:\/\/www.design-award.cz\/wp-content\/uploads\/2022\/02\/DI_render_9-1024x576.jpg 1024w, https:\/\/www.design-award.cz\/wp-content\/uploads\/2022\/02\/DI_render_9-300x169.jpg 300w, https:\/\/www.design-award.cz\/wp-content\/uploads\/2022\/02\/DI_render_9-768x432.jpg 768w, https:\/\/www.design-award.cz\/wp-content\/uploads\/2022\/02\/DI_render_9-1536x864.jpg 1536w, https:\/\/www.design-award.cz\/wp-content\/uploads\/2022\/02\/DI_render_9-2048x1152.jpg 2048w, https:\/\/www.design-award.cz\/wp-content\/uploads\/2022\/02\/DI_render_9-500x281.jpg 500w, https:\/\/www.design-award.cz\/wp-content\/uploads\/2022\/02\/DI_render_9-800x450.jpg 800w, https:\/\/www.design-award.cz\/wp-content\/uploads\/2022\/02\/DI_render_9-1280x720.jpg 1280w, https:\/\/www.design-award.cz\/wp-content\/uploads\/2022\/02\/DI_render_9-1920x1080.jpg 1920w\" data-sizes=\"(max-width: 1024px) 100vw, 1024px\" src=\"data:image\/svg+xml;base64,PHN2ZyB3aWR0aD0iMSIgaGVpZ2h0PSIxIiB4bWxucz0iaHR0cDovL3d3dy53My5vcmcvMjAwMC9zdmciPjwvc3ZnPg==\" style=\"--smush-placeholder-width: 1024px; --smush-placeholder-aspect-ratio: 1024\/576;\" \/><\/figure>\n\n\n\n<figure class=\"wp-block-image size-large is-style-default\"><img decoding=\"async\" width=\"1024\" height=\"777\" data-src=\"http:\/\/www.design-award.cz\/wp-content\/uploads\/2022\/02\/pudorys_CharlotaPraskova-1-1024x777.jpg\" alt=\"\" class=\"wp-image-418 lazyload\" data-srcset=\"https:\/\/www.design-award.cz\/wp-content\/uploads\/2022\/02\/pudorys_CharlotaPraskova-1-1024x777.jpg 1024w, https:\/\/www.design-award.cz\/wp-content\/uploads\/2022\/02\/pudorys_CharlotaPraskova-1-300x228.jpg 300w, https:\/\/www.design-award.cz\/wp-content\/uploads\/2022\/02\/pudorys_CharlotaPraskova-1-768x582.jpg 768w, https:\/\/www.design-award.cz\/wp-content\/uploads\/2022\/02\/pudorys_CharlotaPraskova-1-1536x1165.jpg 1536w, https:\/\/www.design-award.cz\/wp-content\/uploads\/2022\/02\/pudorys_CharlotaPraskova-1-2048x1553.jpg 2048w, https:\/\/www.design-award.cz\/wp-content\/uploads\/2022\/02\/pudorys_CharlotaPraskova-1-500x379.jpg 500w, https:\/\/www.design-award.cz\/wp-content\/uploads\/2022\/02\/pudorys_CharlotaPraskova-1-800x607.jpg 800w, https:\/\/www.design-award.cz\/wp-content\/uploads\/2022\/02\/pudorys_CharlotaPraskova-1-1280x971.jpg 1280w, https:\/\/www.design-award.cz\/wp-content\/uploads\/2022\/02\/pudorys_CharlotaPraskova-1-1920x1456.jpg 1920w\" data-sizes=\"(max-width: 1024px) 100vw, 1024px\" src=\"data:image\/svg+xml;base64,PHN2ZyB3aWR0aD0iMSIgaGVpZ2h0PSIxIiB4bWxucz0iaHR0cDovL3d3dy53My5vcmcvMjAwMC9zdmciPjwvc3ZnPg==\" style=\"--smush-placeholder-width: 1024px; --smush-placeholder-aspect-ratio: 1024\/777;\" \/><\/figure>\n\n\n<div class=\"wp-block-visual-portfolio\">\n<div class=\"vp-portfolio vp-uid-2ece4a06 vp-id-607\"\n\tdata-vp-layout=\"slider\" data-vp-content-source=\"post-based\" data-vp-items-style=\"fade\" data-vp-items-click-action=\"url\" data-vp-items-gap=\"12\" data-vp-items-gap-vertical=\"\" data-vp-pagination=\"load-more\" data-vp-next-page-url=\"https:\/\/www.design-award.cz\/index.php?rest_route=%2Fwp%2Fv2%2Fportfolio%2F413&#038;vp_page=2\" data-vp-random-seed=\"131979653\" data-vp-slider-effect=\"slide\" data-vp-slider-items-height=\"80%\" data-vp-slider-items-min-height=\"\" data-vp-slider-slides-per-view=\"3\" data-vp-slider-speed=\"0.3\" data-vp-slider-autoplay=\"4.8\" data-vp-slider-autoplay-hover-pause=\"false\" data-vp-slider-centered-slides=\"true\" data-vp-slider-loop=\"true\" data-vp-slider-free-mode=\"false\" data-vp-slider-free-mode-sticky=\"false\" data-vp-slider-arrows=\"true\" data-vp-slider-bullets=\"false\" data-vp-slider-bullets-dynamic=\"false\" data-vp-slider-mousewheel=\"false\" data-vp-slider-thumbnails=\"false\" >\n\t<div class=\"vp-portfolio__preloader-wrap\">\n\t\t<div class=\"vp-portfolio__preloader\">\n\t\t\t<img decoding=\"async\" loading=\"eager\" src=\"https:\/\/www.design-award.cz\/wp-content\/plugins\/visual-portfolio\/assets\/images\/logo-dark.svg\" alt=\"Visual Portfolio, Posts &amp; Image Gallery for WordPress\" width=\"20\" height=\"20\" data-skip-lazy>\n\t\t<\/div>\n\t<\/div>\n\t\t<div class=\"vp-portfolio__items-wrap\">\n\t\t\t\n<div class=\"vp-portfolio__items vp-portfolio__items-style-fade vp-portfolio__items-show-overlay-hover\">\n\n\t\t<article\t\tclass=\"vp-portfolio__item-wrap post-2010 portfolio type-portfolio status-publish format-standard has-post-thumbnail hentry portfolio_category-soutezici-2023 entry has-media vp-portfolio__item-uid-f5cee91c\" data-vp-filter=\"soutezici-2023\" \t\t>\n\t\t\t\t\t\t\t\t\t<figure class=\"vp-portfolio__item\">\n\t\t\t\t\n<div class=\"vp-portfolio__item-img-wrap\">\n\t<div class=\"vp-portfolio__item-img\">\n\t\t\t<a\n\t\thref=\"https:\/\/www.design-award.cz\/?portfolio=produktovy-design-trian\"\n\t\t\t>\n\t\n\t\t<noscript><img decoding=\"async\" width=\"1195\" height=\"1685\" data-skip-lazy src=\"https:\/\/www.design-award.cz\/wp-content\/uploads\/2023\/04\/Plakat_Barabasova.jpg\" class=\"wp-image-2016\" alt=\"\" srcset=\"https:\/\/www.design-award.cz\/wp-content\/uploads\/2023\/04\/Plakat_Barabasova.jpg 1195w, https:\/\/www.design-award.cz\/wp-content\/uploads\/2023\/04\/Plakat_Barabasova-213x300.jpg 213w, https:\/\/www.design-award.cz\/wp-content\/uploads\/2023\/04\/Plakat_Barabasova-726x1024.jpg 726w, https:\/\/www.design-award.cz\/wp-content\/uploads\/2023\/04\/Plakat_Barabasova-768x1083.jpg 768w, https:\/\/www.design-award.cz\/wp-content\/uploads\/2023\/04\/Plakat_Barabasova-1089x1536.jpg 1089w, https:\/\/www.design-award.cz\/wp-content\/uploads\/2023\/04\/Plakat_Barabasova-500x705.jpg 500w, https:\/\/www.design-award.cz\/wp-content\/uploads\/2023\/04\/Plakat_Barabasova-800x1128.jpg 800w\" sizes=\"(max-width: 1195px) 100vw, 1195px\" \/><\/noscript><img fetchpriority=\"high\" decoding=\"async\" width=\"1195\" height=\"1685\" src=\"https:\/\/www.design-award.cz\/wp-content\/uploads\/2023\/04\/Plakat_Barabasova.jpg\" class=\"wp-image-2016 vp-lazyload\" alt srcset=\"data:image\/svg+xml;base64,PHN2ZyB3aWR0aD0iMTE5NSIgaGVpZ2h0PSIxNjg1IiB2aWV3Qm94PSIwIDAgMTE5NSAxNjg1IiBmaWxsPSJub25lIiB4bWxucz0iaHR0cDovL3d3dy53My5vcmcvMjAwMC9zdmciPjwvc3ZnPg==\" data-src=\"https:\/\/www.design-award.cz\/wp-content\/uploads\/2023\/04\/Plakat_Barabasova.jpg\" data-srcset=\"https:\/\/www.design-award.cz\/wp-content\/uploads\/2023\/04\/Plakat_Barabasova.jpg 1195w, https:\/\/www.design-award.cz\/wp-content\/uploads\/2023\/04\/Plakat_Barabasova-213x300.jpg 213w, https:\/\/www.design-award.cz\/wp-content\/uploads\/2023\/04\/Plakat_Barabasova-726x1024.jpg 726w, https:\/\/www.design-award.cz\/wp-content\/uploads\/2023\/04\/Plakat_Barabasova-768x1083.jpg 768w, https:\/\/www.design-award.cz\/wp-content\/uploads\/2023\/04\/Plakat_Barabasova-1089x1536.jpg 1089w, https:\/\/www.design-award.cz\/wp-content\/uploads\/2023\/04\/Plakat_Barabasova-500x705.jpg 500w, https:\/\/www.design-award.cz\/wp-content\/uploads\/2023\/04\/Plakat_Barabasova-800x1128.jpg 800w\" data-sizes=\"auto\" loading=\"eager\">\n\t\t<\/a>\t<\/div>\n<\/div>\n\t<figcaption class=\"vp-portfolio__item-overlay vp-portfolio__item-overlay-text-align-center\">\n\t\t<div class=\"vp-portfolio__item-meta-wrap vp-portfolio__custom-scrollbar\">\n\t\t\t\t<a\n\t\thref=\"https:\/\/www.design-award.cz\/?portfolio=produktovy-design-trian\"\n\t\ttabindex=\"-1\" class=\"vp-portfolio__item-meta\" \t>\n\t\n<div class=\"vp-portfolio__item-meta-categories\">\n\t\t\t<div class=\"vp-portfolio__item-meta-category\">\n\t\t\t\t<span\t\t\t>\n\tSOUT\u011a\u017d\u00cdC\u00cd 2023<\/span>\t\t<\/div>\n\t\t<\/div>\n\n<h2 class=\"vp-portfolio__item-meta-title\">\n\tProduktov\u00fd design &#8211; Trian<\/h2>\n<\/a>\t\t<\/div>\n\t<\/figcaption>\n\t\t\t<\/figure>\n\t\t\t\t\t<\/article>\n\t\t\n\t\t<article\t\tclass=\"vp-portfolio__item-wrap post-2170 portfolio type-portfolio status-publish format-standard has-post-thumbnail hentry portfolio_category-soutezici-2023 entry has-media vp-portfolio__item-uid-a25624ad\" data-vp-filter=\"soutezici-2023\" \t\t>\n\t\t\t\t\t\t\t\t\t<figure class=\"vp-portfolio__item\">\n\t\t\t\t\n<div class=\"vp-portfolio__item-img-wrap\">\n\t<div class=\"vp-portfolio__item-img\">\n\t\t\t<a\n\t\thref=\"https:\/\/www.design-award.cz\/?portfolio=produktovy-design-papirova-lampa\"\n\t\t\t>\n\t\n\t\t<noscript><img decoding=\"async\" width=\"720\" height=\"961\" data-skip-lazy src=\"https:\/\/www.design-award.cz\/wp-content\/uploads\/2023\/04\/IMG_20230414_083254_600.jpg\" class=\"wp-image-2171\" alt=\"\" srcset=\"https:\/\/www.design-award.cz\/wp-content\/uploads\/2023\/04\/IMG_20230414_083254_600.jpg 720w, https:\/\/www.design-award.cz\/wp-content\/uploads\/2023\/04\/IMG_20230414_083254_600-225x300.jpg 225w, https:\/\/www.design-award.cz\/wp-content\/uploads\/2023\/04\/IMG_20230414_083254_600-500x667.jpg 500w\" sizes=\"(max-width: 720px) 100vw, 720px\" \/><\/noscript><img decoding=\"async\" width=\"720\" height=\"961\" src=\"https:\/\/www.design-award.cz\/wp-content\/uploads\/2023\/04\/IMG_20230414_083254_600.jpg\" class=\"wp-image-2171 vp-lazyload\" alt srcset=\"data:image\/svg+xml;base64,PHN2ZyB3aWR0aD0iNzIwIiBoZWlnaHQ9Ijk2MSIgdmlld0JveD0iMCAwIDcyMCA5NjEiIGZpbGw9Im5vbmUiIHhtbG5zPSJodHRwOi8vd3d3LnczLm9yZy8yMDAwL3N2ZyI+PC9zdmc+\" data-src=\"https:\/\/www.design-award.cz\/wp-content\/uploads\/2023\/04\/IMG_20230414_083254_600.jpg\" data-srcset=\"https:\/\/www.design-award.cz\/wp-content\/uploads\/2023\/04\/IMG_20230414_083254_600.jpg 720w, https:\/\/www.design-award.cz\/wp-content\/uploads\/2023\/04\/IMG_20230414_083254_600-225x300.jpg 225w, https:\/\/www.design-award.cz\/wp-content\/uploads\/2023\/04\/IMG_20230414_083254_600-500x667.jpg 500w\" data-sizes=\"auto\" loading=\"eager\">\n\t\t<\/a>\t<\/div>\n<\/div>\n\t<figcaption class=\"vp-portfolio__item-overlay vp-portfolio__item-overlay-text-align-center\">\n\t\t<div class=\"vp-portfolio__item-meta-wrap vp-portfolio__custom-scrollbar\">\n\t\t\t\t<a\n\t\thref=\"https:\/\/www.design-award.cz\/?portfolio=produktovy-design-papirova-lampa\"\n\t\ttabindex=\"-1\" class=\"vp-portfolio__item-meta\" \t>\n\t\n<div class=\"vp-portfolio__item-meta-categories\">\n\t\t\t<div class=\"vp-portfolio__item-meta-category\">\n\t\t\t\t<span\t\t\t>\n\tSOUT\u011a\u017d\u00cdC\u00cd 2023<\/span>\t\t<\/div>\n\t\t<\/div>\n\n<h2 class=\"vp-portfolio__item-meta-title\">\n\tProduktov\u00fd design &#8211; PAP\u00cdROV\u00c1 lampa<\/h2>\n<\/a>\t\t<\/div>\n\t<\/figcaption>\n\t\t\t<\/figure>\n\t\t\t\t\t<\/article>\n\t\t\n\t\t<article\t\tclass=\"vp-portfolio__item-wrap post-5049 portfolio type-portfolio status-publish format-standard has-post-thumbnail hentry entry has-media vp-portfolio__item-uid-6cb29d44\" data-vp-filter=\"\" \t\t>\n\t\t\t\t\t\t\t\t\t<figure class=\"vp-portfolio__item\">\n\t\t\t\t\n<div class=\"vp-portfolio__item-img-wrap\">\n\t<div class=\"vp-portfolio__item-img\">\n\t\t\t<a\n\t\thref=\"https:\/\/www.design-award.cz\/?portfolio=interierovy-design-navrh-interieru-bytu-ve-stylu-high-tech\"\n\t\t\t>\n\t\n\t\t<noscript><img decoding=\"async\" width=\"1920\" height=\"1080\" data-skip-lazy src=\"https:\/\/www.design-award.cz\/wp-content\/uploads\/2025\/06\/vizualizace1-1920x1080.jpg\" class=\"wp-image-5074\" alt=\"\" srcset=\"https:\/\/www.design-award.cz\/wp-content\/uploads\/2025\/06\/vizualizace1-1920x1080.jpg 1920w, https:\/\/www.design-award.cz\/wp-content\/uploads\/2025\/06\/vizualizace1-300x169.jpg 300w, https:\/\/www.design-award.cz\/wp-content\/uploads\/2025\/06\/vizualizace1-1024x576.jpg 1024w, https:\/\/www.design-award.cz\/wp-content\/uploads\/2025\/06\/vizualizace1-768x432.jpg 768w, https:\/\/www.design-award.cz\/wp-content\/uploads\/2025\/06\/vizualizace1-1536x864.jpg 1536w, https:\/\/www.design-award.cz\/wp-content\/uploads\/2025\/06\/vizualizace1-2048x1152.jpg 2048w, https:\/\/www.design-award.cz\/wp-content\/uploads\/2025\/06\/vizualizace1-800x450.jpg 800w, https:\/\/www.design-award.cz\/wp-content\/uploads\/2025\/06\/vizualizace1-500x281.jpg 500w, https:\/\/www.design-award.cz\/wp-content\/uploads\/2025\/06\/vizualizace1-1280x720.jpg 1280w\" sizes=\"(max-width: 1920px) 100vw, 1920px\" \/><\/noscript><img decoding=\"async\" width=\"1920\" height=\"1080\" src=\"https:\/\/www.design-award.cz\/wp-content\/uploads\/2025\/06\/vizualizace1-1920x1080.jpg\" class=\"wp-image-5074 vp-lazyload\" alt srcset=\"data:image\/svg+xml;base64,PHN2ZyB3aWR0aD0iMTkyMCIgaGVpZ2h0PSIxMDgwIiB2aWV3Qm94PSIwIDAgMTkyMCAxMDgwIiBmaWxsPSJub25lIiB4bWxucz0iaHR0cDovL3d3dy53My5vcmcvMjAwMC9zdmciPjwvc3ZnPg==\" data-src=\"https:\/\/www.design-award.cz\/wp-content\/uploads\/2025\/06\/vizualizace1-1920x1080.jpg\" data-srcset=\"https:\/\/www.design-award.cz\/wp-content\/uploads\/2025\/06\/vizualizace1-1920x1080.jpg 1920w, https:\/\/www.design-award.cz\/wp-content\/uploads\/2025\/06\/vizualizace1-300x169.jpg 300w, https:\/\/www.design-award.cz\/wp-content\/uploads\/2025\/06\/vizualizace1-1024x576.jpg 1024w, https:\/\/www.design-award.cz\/wp-content\/uploads\/2025\/06\/vizualizace1-768x432.jpg 768w, https:\/\/www.design-award.cz\/wp-content\/uploads\/2025\/06\/vizualizace1-1536x864.jpg 1536w, https:\/\/www.design-award.cz\/wp-content\/uploads\/2025\/06\/vizualizace1-2048x1152.jpg 2048w, https:\/\/www.design-award.cz\/wp-content\/uploads\/2025\/06\/vizualizace1-800x450.jpg 800w, https:\/\/www.design-award.cz\/wp-content\/uploads\/2025\/06\/vizualizace1-500x281.jpg 500w, https:\/\/www.design-award.cz\/wp-content\/uploads\/2025\/06\/vizualizace1-1280x720.jpg 1280w\" data-sizes=\"auto\" loading=\"eager\">\n\t\t<\/a>\t<\/div>\n<\/div>\n\t<figcaption class=\"vp-portfolio__item-overlay vp-portfolio__item-overlay-text-align-center\">\n\t\t<div class=\"vp-portfolio__item-meta-wrap vp-portfolio__custom-scrollbar\">\n\t\t\t\t<a\n\t\thref=\"https:\/\/www.design-award.cz\/?portfolio=interierovy-design-navrh-interieru-bytu-ve-stylu-high-tech\"\n\t\ttabindex=\"-1\" class=\"vp-portfolio__item-meta\" \t>\n\t\n<h2 class=\"vp-portfolio__item-meta-title\">\n\tInteri\u00e9rov\u00fd design &#8211; N\u00e1vrh interi\u00e9ru bytu ve stylu high tech<\/h2>\n<\/a>\t\t<\/div>\n\t<\/figcaption>\n\t\t\t<\/figure>\n\t\t\t\t\t<\/article>\n\t\t\n\t\t<article\t\tclass=\"vp-portfolio__item-wrap post-5434 portfolio type-portfolio status-publish format-standard has-post-thumbnail hentry entry has-media vp-portfolio__item-uid-5a4bdfe2\" data-vp-filter=\"\" \t\t>\n\t\t\t\t\t\t\t\t\t<figure class=\"vp-portfolio__item\">\n\t\t\t\t\n<div class=\"vp-portfolio__item-img-wrap\">\n\t<div class=\"vp-portfolio__item-img\">\n\t\t\t<a\n\t\thref=\"https:\/\/www.design-award.cz\/?portfolio=5434\"\n\t\t\t>\n\t\n\t\t<noscript><img decoding=\"async\" width=\"905\" height=\"1134\" data-skip-lazy src=\"https:\/\/www.design-award.cz\/wp-content\/uploads\/2025\/06\/IMG_4894_converted.png\" class=\"wp-image-5471\" alt=\"\" srcset=\"https:\/\/www.design-award.cz\/wp-content\/uploads\/2025\/06\/IMG_4894_converted.png 905w, https:\/\/www.design-award.cz\/wp-content\/uploads\/2025\/06\/IMG_4894_converted-239x300.png 239w, https:\/\/www.design-award.cz\/wp-content\/uploads\/2025\/06\/IMG_4894_converted-817x1024.png 817w, https:\/\/www.design-award.cz\/wp-content\/uploads\/2025\/06\/IMG_4894_converted-768x962.png 768w, https:\/\/www.design-award.cz\/wp-content\/uploads\/2025\/06\/IMG_4894_converted-500x627.png 500w, https:\/\/www.design-award.cz\/wp-content\/uploads\/2025\/06\/IMG_4894_converted-800x1002.png 800w\" sizes=\"(max-width: 905px) 100vw, 905px\" \/><\/noscript><img decoding=\"async\" width=\"905\" height=\"1134\" src=\"https:\/\/www.design-award.cz\/wp-content\/uploads\/2025\/06\/IMG_4894_converted.png\" class=\"wp-image-5471 vp-lazyload\" alt srcset=\"data:image\/svg+xml;base64,PHN2ZyB3aWR0aD0iOTA1IiBoZWlnaHQ9IjExMzQiIHZpZXdCb3g9IjAgMCA5MDUgMTEzNCIgZmlsbD0ibm9uZSIgeG1sbnM9Imh0dHA6Ly93d3cudzMub3JnLzIwMDAvc3ZnIj48L3N2Zz4=\" data-src=\"https:\/\/www.design-award.cz\/wp-content\/uploads\/2025\/06\/IMG_4894_converted.png\" data-srcset=\"https:\/\/www.design-award.cz\/wp-content\/uploads\/2025\/06\/IMG_4894_converted.png 905w, https:\/\/www.design-award.cz\/wp-content\/uploads\/2025\/06\/IMG_4894_converted-239x300.png 239w, https:\/\/www.design-award.cz\/wp-content\/uploads\/2025\/06\/IMG_4894_converted-817x1024.png 817w, https:\/\/www.design-award.cz\/wp-content\/uploads\/2025\/06\/IMG_4894_converted-768x962.png 768w, https:\/\/www.design-award.cz\/wp-content\/uploads\/2025\/06\/IMG_4894_converted-500x627.png 500w, https:\/\/www.design-award.cz\/wp-content\/uploads\/2025\/06\/IMG_4894_converted-800x1002.png 800w\" data-sizes=\"auto\" loading=\"eager\">\n\t\t<\/a>\t<\/div>\n<\/div>\n\t<figcaption class=\"vp-portfolio__item-overlay vp-portfolio__item-overlay-text-align-center\">\n\t\t<div class=\"vp-portfolio__item-meta-wrap vp-portfolio__custom-scrollbar\">\n\t\t\t\t<a\n\t\thref=\"https:\/\/www.design-award.cz\/?portfolio=5434\"\n\t\ttabindex=\"-1\" class=\"vp-portfolio__item-meta\" \t>\n\t\n<h2 class=\"vp-portfolio__item-meta-title\">\n\tProduktov\u00fd design &#8211; Hra pro d\u011bti<\/h2>\n<\/a>\t\t<\/div>\n\t<\/figcaption>\n\t\t\t<\/figure>\n\t\t\t\t\t<\/article>\n\t\t\n\t\t<article\t\tclass=\"vp-portfolio__item-wrap post-3560 portfolio type-portfolio status-publish format-standard has-post-thumbnail hentry entry has-media vp-portfolio__item-uid-04f8da55\" data-vp-filter=\"\" \t\t>\n\t\t\t\t\t\t\t\t\t<figure class=\"vp-portfolio__item\">\n\t\t\t\t\n<div class=\"vp-portfolio__item-img-wrap\">\n\t<div class=\"vp-portfolio__item-img\">\n\t\t\t<a\n\t\thref=\"https:\/\/www.design-award.cz\/?portfolio=produktovy-design-sig-sag-mestsky-mobiliar\"\n\t\t\t>\n\t\n\t\t<noscript><img decoding=\"async\" width=\"1541\" height=\"814\" data-skip-lazy src=\"https:\/\/www.design-award.cz\/wp-content\/uploads\/2024\/06\/lampa-rendr-2.png\" class=\"wp-image-3621\" alt=\"\" srcset=\"https:\/\/www.design-award.cz\/wp-content\/uploads\/2024\/06\/lampa-rendr-2.png 1541w, https:\/\/www.design-award.cz\/wp-content\/uploads\/2024\/06\/lampa-rendr-2-300x158.png 300w, https:\/\/www.design-award.cz\/wp-content\/uploads\/2024\/06\/lampa-rendr-2-1024x541.png 1024w, https:\/\/www.design-award.cz\/wp-content\/uploads\/2024\/06\/lampa-rendr-2-768x406.png 768w, https:\/\/www.design-award.cz\/wp-content\/uploads\/2024\/06\/lampa-rendr-2-1536x811.png 1536w, https:\/\/www.design-award.cz\/wp-content\/uploads\/2024\/06\/lampa-rendr-2-500x264.png 500w, https:\/\/www.design-award.cz\/wp-content\/uploads\/2024\/06\/lampa-rendr-2-800x423.png 800w, https:\/\/www.design-award.cz\/wp-content\/uploads\/2024\/06\/lampa-rendr-2-1280x676.png 1280w\" sizes=\"(max-width: 1541px) 100vw, 1541px\" \/><\/noscript><img decoding=\"async\" width=\"1541\" height=\"814\" src=\"https:\/\/www.design-award.cz\/wp-content\/uploads\/2024\/06\/lampa-rendr-2.png\" class=\"wp-image-3621 vp-lazyload\" alt srcset=\"data:image\/svg+xml;base64,PHN2ZyB3aWR0aD0iMTU0MSIgaGVpZ2h0PSI4MTQiIHZpZXdCb3g9IjAgMCAxNTQxIDgxNCIgZmlsbD0ibm9uZSIgeG1sbnM9Imh0dHA6Ly93d3cudzMub3JnLzIwMDAvc3ZnIj48L3N2Zz4=\" data-src=\"https:\/\/www.design-award.cz\/wp-content\/uploads\/2024\/06\/lampa-rendr-2.png\" data-srcset=\"https:\/\/www.design-award.cz\/wp-content\/uploads\/2024\/06\/lampa-rendr-2.png 1541w, https:\/\/www.design-award.cz\/wp-content\/uploads\/2024\/06\/lampa-rendr-2-300x158.png 300w, https:\/\/www.design-award.cz\/wp-content\/uploads\/2024\/06\/lampa-rendr-2-1024x541.png 1024w, https:\/\/www.design-award.cz\/wp-content\/uploads\/2024\/06\/lampa-rendr-2-768x406.png 768w, https:\/\/www.design-award.cz\/wp-content\/uploads\/2024\/06\/lampa-rendr-2-1536x811.png 1536w, https:\/\/www.design-award.cz\/wp-content\/uploads\/2024\/06\/lampa-rendr-2-500x264.png 500w, https:\/\/www.design-award.cz\/wp-content\/uploads\/2024\/06\/lampa-rendr-2-800x423.png 800w, https:\/\/www.design-award.cz\/wp-content\/uploads\/2024\/06\/lampa-rendr-2-1280x676.png 1280w\" data-sizes=\"auto\" loading=\"eager\">\n\t\t<\/a>\t<\/div>\n<\/div>\n\t<figcaption class=\"vp-portfolio__item-overlay vp-portfolio__item-overlay-text-align-center\">\n\t\t<div class=\"vp-portfolio__item-meta-wrap vp-portfolio__custom-scrollbar\">\n\t\t\t\t<a\n\t\thref=\"https:\/\/www.design-award.cz\/?portfolio=produktovy-design-sig-sag-mestsky-mobiliar\"\n\t\ttabindex=\"-1\" class=\"vp-portfolio__item-meta\" \t>\n\t\n<h2 class=\"vp-portfolio__item-meta-title\">\n\tProduktov\u00fd design &#8211; Sig Sag, m\u011bstsk\u00fd mobili\u00e1\u0159<\/h2>\n<\/a>\t\t<\/div>\n\t<\/figcaption>\n\t\t\t<\/figure>\n\t\t\t\t\t<\/article>\n\t\t\n\t\t<article\t\tclass=\"vp-portfolio__item-wrap post-2490 portfolio type-portfolio status-publish format-standard has-post-thumbnail hentry portfolio_category-soutezici-2023 entry has-media vp-portfolio__item-uid-3a1ecbc8\" data-vp-filter=\"soutezici-2023\" \t\t>\n\t\t\t\t\t\t\t\t\t<figure class=\"vp-portfolio__item\">\n\t\t\t\t\n<div class=\"vp-portfolio__item-img-wrap\">\n\t<div class=\"vp-portfolio__item-img\">\n\t\t\t<a\n\t\thref=\"https:\/\/www.design-award.cz\/?portfolio=soukromy-interier-koupelna-3\"\n\t\t\t>\n\t\n\t\t<noscript><img decoding=\"async\" width=\"1920\" height=\"1080\" data-skip-lazy src=\"https:\/\/www.design-award.cz\/wp-content\/uploads\/2023\/04\/render-scene-3-1-min.png\" class=\"wp-image-2491\" alt=\"\" srcset=\"https:\/\/www.design-award.cz\/wp-content\/uploads\/2023\/04\/render-scene-3-1-min.png 1920w, https:\/\/www.design-award.cz\/wp-content\/uploads\/2023\/04\/render-scene-3-1-min-300x169.png 300w, https:\/\/www.design-award.cz\/wp-content\/uploads\/2023\/04\/render-scene-3-1-min-1024x576.png 1024w, https:\/\/www.design-award.cz\/wp-content\/uploads\/2023\/04\/render-scene-3-1-min-768x432.png 768w, https:\/\/www.design-award.cz\/wp-content\/uploads\/2023\/04\/render-scene-3-1-min-1536x864.png 1536w, https:\/\/www.design-award.cz\/wp-content\/uploads\/2023\/04\/render-scene-3-1-min-500x281.png 500w, https:\/\/www.design-award.cz\/wp-content\/uploads\/2023\/04\/render-scene-3-1-min-800x450.png 800w, https:\/\/www.design-award.cz\/wp-content\/uploads\/2023\/04\/render-scene-3-1-min-1280x720.png 1280w\" sizes=\"(max-width: 1920px) 100vw, 1920px\" \/><\/noscript><img decoding=\"async\" width=\"1920\" height=\"1080\" src=\"https:\/\/www.design-award.cz\/wp-content\/uploads\/2023\/04\/render-scene-3-1-min.png\" class=\"wp-image-2491 vp-lazyload\" alt srcset=\"data:image\/svg+xml;base64,PHN2ZyB3aWR0aD0iMTkyMCIgaGVpZ2h0PSIxMDgwIiB2aWV3Qm94PSIwIDAgMTkyMCAxMDgwIiBmaWxsPSJub25lIiB4bWxucz0iaHR0cDovL3d3dy53My5vcmcvMjAwMC9zdmciPjwvc3ZnPg==\" data-src=\"https:\/\/www.design-award.cz\/wp-content\/uploads\/2023\/04\/render-scene-3-1-min.png\" data-srcset=\"https:\/\/www.design-award.cz\/wp-content\/uploads\/2023\/04\/render-scene-3-1-min.png 1920w, https:\/\/www.design-award.cz\/wp-content\/uploads\/2023\/04\/render-scene-3-1-min-300x169.png 300w, https:\/\/www.design-award.cz\/wp-content\/uploads\/2023\/04\/render-scene-3-1-min-1024x576.png 1024w, https:\/\/www.design-award.cz\/wp-content\/uploads\/2023\/04\/render-scene-3-1-min-768x432.png 768w, https:\/\/www.design-award.cz\/wp-content\/uploads\/2023\/04\/render-scene-3-1-min-1536x864.png 1536w, https:\/\/www.design-award.cz\/wp-content\/uploads\/2023\/04\/render-scene-3-1-min-500x281.png 500w, https:\/\/www.design-award.cz\/wp-content\/uploads\/2023\/04\/render-scene-3-1-min-800x450.png 800w, https:\/\/www.design-award.cz\/wp-content\/uploads\/2023\/04\/render-scene-3-1-min-1280x720.png 1280w\" data-sizes=\"auto\" loading=\"eager\">\n\t\t<\/a>\t<\/div>\n<\/div>\n\t<figcaption class=\"vp-portfolio__item-overlay vp-portfolio__item-overlay-text-align-center\">\n\t\t<div class=\"vp-portfolio__item-meta-wrap vp-portfolio__custom-scrollbar\">\n\t\t\t\t<a\n\t\thref=\"https:\/\/www.design-award.cz\/?portfolio=soukromy-interier-koupelna-3\"\n\t\ttabindex=\"-1\" class=\"vp-portfolio__item-meta\" \t>\n\t\n<div class=\"vp-portfolio__item-meta-categories\">\n\t\t\t<div class=\"vp-portfolio__item-meta-category\">\n\t\t\t\t<span\t\t\t>\n\tSOUT\u011a\u017d\u00cdC\u00cd 2023<\/span>\t\t<\/div>\n\t\t<\/div>\n\n<h2 class=\"vp-portfolio__item-meta-title\">\n\tSoukrom\u00fd interi\u00e9r &#8211; Koupelna<\/h2>\n<\/a>\t\t<\/div>\n\t<\/figcaption>\n\t\t\t<\/figure>\n\t\t\t\t\t<\/article>\n\t\t\n\t\t<article\t\tclass=\"vp-portfolio__item-wrap post-4325 portfolio type-portfolio status-publish format-standard has-post-thumbnail hentry entry has-media vp-portfolio__item-uid-89a4afd5\" data-vp-filter=\"\" \t\t>\n\t\t\t\t\t\t\t\t\t<figure class=\"vp-portfolio__item\">\n\t\t\t\t\n<div class=\"vp-portfolio__item-img-wrap\">\n\t<div class=\"vp-portfolio__item-img\">\n\t\t\t<a\n\t\thref=\"https:\/\/www.design-award.cz\/?portfolio=produktovy-design-navrh-hodin-pro-budovu-skoly-2\"\n\t\t\t>\n\t\n\t\t<noscript><img decoding=\"async\" width=\"1920\" height=\"1280\" data-skip-lazy src=\"https:\/\/www.design-award.cz\/wp-content\/uploads\/2024\/07\/IMG_0027-1920x1280.jpg\" class=\"wp-image-4346\" alt=\"\" srcset=\"https:\/\/www.design-award.cz\/wp-content\/uploads\/2024\/07\/IMG_0027-1920x1280.jpg 1920w, https:\/\/www.design-award.cz\/wp-content\/uploads\/2024\/07\/IMG_0027-300x200.jpg 300w, https:\/\/www.design-award.cz\/wp-content\/uploads\/2024\/07\/IMG_0027-1024x683.jpg 1024w, https:\/\/www.design-award.cz\/wp-content\/uploads\/2024\/07\/IMG_0027-768x512.jpg 768w, https:\/\/www.design-award.cz\/wp-content\/uploads\/2024\/07\/IMG_0027-1536x1024.jpg 1536w, https:\/\/www.design-award.cz\/wp-content\/uploads\/2024\/07\/IMG_0027-2048x1365.jpg 2048w, https:\/\/www.design-award.cz\/wp-content\/uploads\/2024\/07\/IMG_0027-500x333.jpg 500w, https:\/\/www.design-award.cz\/wp-content\/uploads\/2024\/07\/IMG_0027-800x533.jpg 800w, https:\/\/www.design-award.cz\/wp-content\/uploads\/2024\/07\/IMG_0027-1280x853.jpg 1280w\" sizes=\"(max-width: 1920px) 100vw, 1920px\" \/><\/noscript><img decoding=\"async\" width=\"1920\" height=\"1280\" src=\"https:\/\/www.design-award.cz\/wp-content\/uploads\/2024\/07\/IMG_0027-1920x1280.jpg\" class=\"wp-image-4346 vp-lazyload\" alt srcset=\"data:image\/svg+xml;base64,PHN2ZyB3aWR0aD0iMTkyMCIgaGVpZ2h0PSIxMjgwIiB2aWV3Qm94PSIwIDAgMTkyMCAxMjgwIiBmaWxsPSJub25lIiB4bWxucz0iaHR0cDovL3d3dy53My5vcmcvMjAwMC9zdmciPjwvc3ZnPg==\" data-src=\"https:\/\/www.design-award.cz\/wp-content\/uploads\/2024\/07\/IMG_0027-1920x1280.jpg\" data-srcset=\"https:\/\/www.design-award.cz\/wp-content\/uploads\/2024\/07\/IMG_0027-1920x1280.jpg 1920w, https:\/\/www.design-award.cz\/wp-content\/uploads\/2024\/07\/IMG_0027-300x200.jpg 300w, https:\/\/www.design-award.cz\/wp-content\/uploads\/2024\/07\/IMG_0027-1024x683.jpg 1024w, https:\/\/www.design-award.cz\/wp-content\/uploads\/2024\/07\/IMG_0027-768x512.jpg 768w, https:\/\/www.design-award.cz\/wp-content\/uploads\/2024\/07\/IMG_0027-1536x1024.jpg 1536w, https:\/\/www.design-award.cz\/wp-content\/uploads\/2024\/07\/IMG_0027-2048x1365.jpg 2048w, https:\/\/www.design-award.cz\/wp-content\/uploads\/2024\/07\/IMG_0027-500x333.jpg 500w, https:\/\/www.design-award.cz\/wp-content\/uploads\/2024\/07\/IMG_0027-800x533.jpg 800w, https:\/\/www.design-award.cz\/wp-content\/uploads\/2024\/07\/IMG_0027-1280x853.jpg 1280w\" data-sizes=\"auto\" loading=\"eager\">\n\t\t<\/a>\t<\/div>\n<\/div>\n\t<figcaption class=\"vp-portfolio__item-overlay vp-portfolio__item-overlay-text-align-center\">\n\t\t<div class=\"vp-portfolio__item-meta-wrap vp-portfolio__custom-scrollbar\">\n\t\t\t\t<a\n\t\thref=\"https:\/\/www.design-award.cz\/?portfolio=produktovy-design-navrh-hodin-pro-budovu-skoly-2\"\n\t\ttabindex=\"-1\" class=\"vp-portfolio__item-meta\" \t>\n\t\n<h2 class=\"vp-portfolio__item-meta-title\">\n\tProduktov\u00fd design &#8211; N\u00e1vrh hodin pro budovu \u0161koly<\/h2>\n<\/a>\t\t<\/div>\n\t<\/figcaption>\n\t\t\t<\/figure>\n\t\t\t\t\t<\/article>\n\t\t\n\t\t<article\t\tclass=\"vp-portfolio__item-wrap post-3563 portfolio type-portfolio status-publish format-standard has-post-thumbnail hentry entry has-media vp-portfolio__item-uid-9df18bef\" data-vp-filter=\"\" \t\t>\n\t\t\t\t\t\t\t\t\t<figure class=\"vp-portfolio__item\">\n\t\t\t\t\n<div class=\"vp-portfolio__item-img-wrap\">\n\t<div class=\"vp-portfolio__item-img\">\n\t\t\t<a\n\t\thref=\"https:\/\/www.design-award.cz\/?portfolio=verejny-interier-materska-skola-habrinka\"\n\t\t\t>\n\t\n\t\t<noscript><img decoding=\"async\" width=\"1500\" height=\"844\" data-skip-lazy src=\"https:\/\/www.design-award.cz\/wp-content\/uploads\/2024\/06\/Vejsova_Karolina_4DI_mat_2024_viz44.png\" class=\"wp-image-3607\" alt=\"\" srcset=\"https:\/\/www.design-award.cz\/wp-content\/uploads\/2024\/06\/Vejsova_Karolina_4DI_mat_2024_viz44.png 1500w, https:\/\/www.design-award.cz\/wp-content\/uploads\/2024\/06\/Vejsova_Karolina_4DI_mat_2024_viz44-300x169.png 300w, https:\/\/www.design-award.cz\/wp-content\/uploads\/2024\/06\/Vejsova_Karolina_4DI_mat_2024_viz44-1024x576.png 1024w, https:\/\/www.design-award.cz\/wp-content\/uploads\/2024\/06\/Vejsova_Karolina_4DI_mat_2024_viz44-768x432.png 768w, https:\/\/www.design-award.cz\/wp-content\/uploads\/2024\/06\/Vejsova_Karolina_4DI_mat_2024_viz44-500x281.png 500w, https:\/\/www.design-award.cz\/wp-content\/uploads\/2024\/06\/Vejsova_Karolina_4DI_mat_2024_viz44-800x450.png 800w, https:\/\/www.design-award.cz\/wp-content\/uploads\/2024\/06\/Vejsova_Karolina_4DI_mat_2024_viz44-1280x720.png 1280w\" sizes=\"(max-width: 1500px) 100vw, 1500px\" \/><\/noscript><img decoding=\"async\" width=\"1500\" height=\"844\" src=\"https:\/\/www.design-award.cz\/wp-content\/uploads\/2024\/06\/Vejsova_Karolina_4DI_mat_2024_viz44.png\" class=\"wp-image-3607 vp-lazyload\" alt srcset=\"data:image\/svg+xml;base64,PHN2ZyB3aWR0aD0iMTUwMCIgaGVpZ2h0PSI4NDQiIHZpZXdCb3g9IjAgMCAxNTAwIDg0NCIgZmlsbD0ibm9uZSIgeG1sbnM9Imh0dHA6Ly93d3cudzMub3JnLzIwMDAvc3ZnIj48L3N2Zz4=\" data-src=\"https:\/\/www.design-award.cz\/wp-content\/uploads\/2024\/06\/Vejsova_Karolina_4DI_mat_2024_viz44.png\" data-srcset=\"https:\/\/www.design-award.cz\/wp-content\/uploads\/2024\/06\/Vejsova_Karolina_4DI_mat_2024_viz44.png 1500w, https:\/\/www.design-award.cz\/wp-content\/uploads\/2024\/06\/Vejsova_Karolina_4DI_mat_2024_viz44-300x169.png 300w, https:\/\/www.design-award.cz\/wp-content\/uploads\/2024\/06\/Vejsova_Karolina_4DI_mat_2024_viz44-1024x576.png 1024w, https:\/\/www.design-award.cz\/wp-content\/uploads\/2024\/06\/Vejsova_Karolina_4DI_mat_2024_viz44-768x432.png 768w, https:\/\/www.design-award.cz\/wp-content\/uploads\/2024\/06\/Vejsova_Karolina_4DI_mat_2024_viz44-500x281.png 500w, https:\/\/www.design-award.cz\/wp-content\/uploads\/2024\/06\/Vejsova_Karolina_4DI_mat_2024_viz44-800x450.png 800w, https:\/\/www.design-award.cz\/wp-content\/uploads\/2024\/06\/Vejsova_Karolina_4DI_mat_2024_viz44-1280x720.png 1280w\" data-sizes=\"auto\" loading=\"eager\">\n\t\t<\/a>\t<\/div>\n<\/div>\n\t<figcaption class=\"vp-portfolio__item-overlay vp-portfolio__item-overlay-text-align-center\">\n\t\t<div class=\"vp-portfolio__item-meta-wrap vp-portfolio__custom-scrollbar\">\n\t\t\t\t<a\n\t\thref=\"https:\/\/www.design-award.cz\/?portfolio=verejny-interier-materska-skola-habrinka\"\n\t\ttabindex=\"-1\" class=\"vp-portfolio__item-meta\" \t>\n\t\n<h2 class=\"vp-portfolio__item-meta-title\">\n\tVe\u0159ejn\u00fd interi\u00e9r &#8211; Mate\u0159sk\u00e1 \u0161kola Hab\u0159inka<\/h2>\n<\/a>\t\t<\/div>\n\t<\/figcaption>\n\t\t\t<\/figure>\n\t\t\t\t\t<\/article>\n\t\t\n<\/div>\n\n<div class=\"vp-portfolio__items-arrow vp-portfolio__items-arrow-prev\" tabindex=\"0\" role=\"button\" aria-label=\"Previous Slide\">\n\t\n<svg class=\"vp-svg-icon\" width=\"20\" height=\"20\" viewBox=\"0 0 20 20\" fill=\"none\" xmlns=\"http:\/\/www.w3.org\/2000\/svg\">\n\t<path d=\"M12 4L6 10L12 16\" stroke=\"currentColor\" stroke-width=\"1.5\" stroke-linecap=\"round\" stroke-linejoin=\"round\" fill=\"transparent\" \/>\n<\/svg>\n<\/div>\n<div class=\"vp-portfolio__items-arrow vp-portfolio__items-arrow-next\" tabindex=\"0\" role=\"button\" aria-label=\"Next Slide\">\n\t\n<svg class=\"vp-svg-icon\" width=\"20\" height=\"20\" viewBox=\"0 0 20 20\" fill=\"none\" xmlns=\"http:\/\/www.w3.org\/2000\/svg\">\n\t<path d=\"M8 4L14 10L8 16\" stroke=\"currentColor\" stroke-width=\"1.5\" stroke-linecap=\"round\" stroke-linejoin=\"round\" fill=\"transparent\" \/>\n<\/svg>\n<\/div>\n\t\t<\/div>\n\t\t\t\t<div class=\"vp-portfolio__layout-elements vp-portfolio__layout-elements-bottom vp-portfolio__layout-elements-align-center\">\n\t\t\t\t<div class=\"vp-portfolio__pagination-wrap\">\n\t\t\n<div class=\"vp-pagination vp-pagination__style-minimal\" data-vp-pagination-type=\"load-more\">\n\t<div class=\"vp-pagination__item\">\n\t\t<a class=\"vp-pagination__load-more\" href=\"https:\/\/www.design-award.cz\/index.php?rest_route=%2Fwp%2Fv2%2Fportfolio%2F413&#038;vp_page=2\">\n\t\t\t<span>Load More<\/span>\n\t\t\t<span class=\"vp-pagination__load-more-loading\"><span class=\"vp-spinner\"><\/span><span class=\"vp-screen-reader-text\"> Loading More&#8230;<\/span><\/span>\n\t\t\t<span class=\"vp-pagination__load-more-no-more\">You\u2019ve reached the end of the list<\/span>\n\t\t<\/a>\n\t<\/div>\n<\/div>\n\t\t<\/div>\n\t\t\t\t<\/div>\n\t\t\n<\/div>\n<\/div>","protected":false},"excerpt":{"rendered":"<p>Charlota Pr\u00e1\u0161kov\u00e1 Michael \u2013 St\u0159edn\u00ed \u0161kola a Vy\u0161\u0161\u00ed odborn\u00e1 \u0161kola reklamn\u00ed a um\u011bleck\u00e9 tvorby Zad\u00e1n\u00edm na\u0161\u00ed pr\u00e1ce je n\u00e1vrh interi\u00e9ru ob\u00fdvac\u00ed a kuchy\u0148sk\u00e9 \u010d\u00e1sti domu. K dispozici jsme dostalip\u016fdorys a byli jsme sezn\u00e1meni s p\u0159edb\u011b\u017enou p\u0159edstavou klienta. Interi\u00e9r domu je koncipov\u00e1n vevenkovsk\u00e9m stylu. Klientka si z\u00e1rove\u0148 p\u0159\u00e1la vypracovat n\u00e1vrh zimn\u00ed zahrady s t\u00edm, \u017ee jej\u00ed [&hellip;]<\/p>\n","protected":false},"author":1,"featured_media":416,"menu_order":0,"comment_status":"closed","ping_status":"closed","template":"","format":"standard","meta":{"ngg_post_thumbnail":0,"ocean_post_layout":"","ocean_both_sidebars_style":"","ocean_both_sidebars_content_width":0,"ocean_both_sidebars_sidebars_width":0,"ocean_sidebar":"","ocean_second_sidebar":"","ocean_disable_margins":"enable","ocean_add_body_class":"","ocean_shortcode_before_top_bar":"","ocean_shortcode_after_top_bar":"","ocean_shortcode_before_header":"","ocean_shortcode_after_header":"","ocean_has_shortcode":"","ocean_shortcode_after_title":"","ocean_shortcode_before_footer_widgets":"","ocean_shortcode_after_footer_widgets":"","ocean_shortcode_before_footer_bottom":"","ocean_shortcode_after_footer_bottom":"","ocean_display_top_bar":"default","ocean_display_header":"default","ocean_header_style":"","ocean_center_header_left_menu":"","ocean_custom_header_template":"","ocean_custom_logo":0,"ocean_custom_retina_logo":0,"ocean_custom_logo_max_width":0,"ocean_custom_logo_tablet_max_width":0,"ocean_custom_logo_mobile_max_width":0,"ocean_custom_logo_max_height":0,"ocean_custom_logo_tablet_max_height":0,"ocean_custom_logo_mobile_max_height":0,"ocean_header_custom_menu":"","ocean_menu_typo_font_family":"","ocean_menu_typo_font_subset":"","ocean_menu_typo_font_size":0,"ocean_menu_typo_font_size_tablet":0,"ocean_menu_typo_font_size_mobile":0,"ocean_menu_typo_font_size_unit":"px","ocean_menu_typo_font_weight":"","ocean_menu_typo_font_weight_tablet":"","ocean_menu_typo_font_weight_mobile":"","ocean_menu_typo_transform":"","ocean_menu_typo_transform_tablet":"","ocean_menu_typo_transform_mobile":"","ocean_menu_typo_line_height":0,"ocean_menu_typo_line_height_tablet":0,"ocean_menu_typo_line_height_mobile":0,"ocean_menu_typo_line_height_unit":"","ocean_menu_typo_spacing":0,"ocean_menu_typo_spacing_tablet":0,"ocean_menu_typo_spacing_mobile":0,"ocean_menu_typo_spacing_unit":"","ocean_menu_link_color":"","ocean_menu_link_color_hover":"","ocean_menu_link_color_active":"","ocean_menu_link_background":"","ocean_menu_link_hover_background":"","ocean_menu_link_active_background":"","ocean_menu_social_links_bg":"","ocean_menu_social_hover_links_bg":"","ocean_menu_social_links_color":"","ocean_menu_social_hover_links_color":"","ocean_disable_title":"default","ocean_disable_heading":"default","ocean_post_title":"","ocean_post_subheading":"","ocean_post_title_style":"","ocean_post_title_background_color":"","ocean_post_title_background":0,"ocean_post_title_bg_image_position":"","ocean_post_title_bg_image_attachment":"","ocean_post_title_bg_image_repeat":"","ocean_post_title_bg_image_size":"","ocean_post_title_height":0,"ocean_post_title_bg_overlay":0.5,"ocean_post_title_bg_overlay_color":"","ocean_disable_breadcrumbs":"default","ocean_breadcrumbs_color":"","ocean_breadcrumbs_separator_color":"","ocean_breadcrumbs_links_color":"","ocean_breadcrumbs_links_hover_color":"","ocean_display_footer_widgets":"default","ocean_display_footer_bottom":"default","ocean_custom_footer_template":"","_vp_format_video_url":"","_vp_image_focal_point":[],"footnotes":""},"portfolio_category":[8],"portfolio_tag":[9],"class_list":["post-413","portfolio","type-portfolio","status-publish","format-standard","has-post-thumbnail","hentry","portfolio_category-https-www-design-award-cz-page_id1603","portfolio_tag-9","entry","has-media"],"yoast_head":"<!-- This site is optimized with the Yoast SEO plugin v25.2 - https:\/\/yoast.com\/wordpress\/plugins\/seo\/ -->\n<title>Soukrom\u00fd interi\u00e9r \u2013 Kuchyn\u011b s ob\u00fdvac\u00ed \u010d\u00e1st\u00ed - design-award.cz<\/title>\n<meta name=\"robots\" content=\"index, follow, max-snippet:-1, max-image-preview:large, max-video-preview:-1\" \/>\n<link rel=\"canonical\" href=\"https:\/\/www.design-award.cz\/?portfolio=soukromy-interier-kuchyne-s-obyvaci-casti-2\" \/>\n<meta property=\"og:locale\" content=\"cs_CZ\" \/>\n<meta property=\"og:type\" content=\"article\" \/>\n<meta property=\"og:title\" content=\"Soukrom\u00fd interi\u00e9r \u2013 Kuchyn\u011b s ob\u00fdvac\u00ed \u010d\u00e1st\u00ed - design-award.cz\" \/>\n<meta property=\"og:description\" content=\"Charlota Pr\u00e1\u0161kov\u00e1 Michael \u2013 St\u0159edn\u00ed \u0161kola a Vy\u0161\u0161\u00ed odborn\u00e1 \u0161kola reklamn\u00ed a um\u011bleck\u00e9 tvorby Zad\u00e1n\u00edm na\u0161\u00ed pr\u00e1ce je n\u00e1vrh interi\u00e9ru ob\u00fdvac\u00ed a kuchy\u0148sk\u00e9 \u010d\u00e1sti domu. K dispozici jsme dostalip\u016fdorys a byli jsme sezn\u00e1meni s p\u0159edb\u011b\u017enou p\u0159edstavou klienta. Interi\u00e9r domu je koncipov\u00e1n vevenkovsk\u00e9m stylu. Klientka si z\u00e1rove\u0148 p\u0159\u00e1la vypracovat n\u00e1vrh zimn\u00ed zahrady s t\u00edm, \u017ee jej\u00ed [&hellip;]\" \/>\n<meta property=\"og:url\" content=\"https:\/\/www.design-award.cz\/?portfolio=soukromy-interier-kuchyne-s-obyvaci-casti-2\" \/>\n<meta property=\"og:site_name\" content=\"design-award.cz\" \/>\n<meta property=\"og:image\" content=\"https:\/\/www.design-award.cz\/wp-content\/uploads\/2022\/02\/DI_render_13-1-scaled.jpg\" \/>\n\t<meta property=\"og:image:width\" content=\"2560\" \/>\n\t<meta property=\"og:image:height\" content=\"1440\" \/>\n\t<meta property=\"og:image:type\" content=\"image\/jpeg\" \/>\n<meta name=\"twitter:card\" content=\"summary_large_image\" \/>\n<meta name=\"twitter:label1\" content=\"Odhadovan\u00e1 doba \u010dten\u00ed\" \/>\n\t<meta name=\"twitter:data1\" content=\"2 minuty\" \/>\n<script type=\"application\/ld+json\" class=\"yoast-schema-graph\">{\"@context\":\"https:\/\/schema.org\",\"@graph\":[{\"@type\":\"WebPage\",\"@id\":\"https:\/\/www.design-award.cz\/?portfolio=soukromy-interier-kuchyne-s-obyvaci-casti-2\",\"url\":\"https:\/\/www.design-award.cz\/?portfolio=soukromy-interier-kuchyne-s-obyvaci-casti-2\",\"name\":\"Soukrom\u00fd interi\u00e9r \u2013 Kuchyn\u011b s ob\u00fdvac\u00ed \u010d\u00e1st\u00ed - design-award.cz\",\"isPartOf\":{\"@id\":\"https:\/\/www.design-award.cz\/#website\"},\"primaryImageOfPage\":{\"@id\":\"https:\/\/www.design-award.cz\/?portfolio=soukromy-interier-kuchyne-s-obyvaci-casti-2#primaryimage\"},\"image\":{\"@id\":\"https:\/\/www.design-award.cz\/?portfolio=soukromy-interier-kuchyne-s-obyvaci-casti-2#primaryimage\"},\"thumbnailUrl\":\"https:\/\/www.design-award.cz\/wp-content\/uploads\/2022\/02\/DI_render_13-1-scaled.jpg\",\"datePublished\":\"2023-01-16T19:51:35+00:00\",\"breadcrumb\":{\"@id\":\"https:\/\/www.design-award.cz\/?portfolio=soukromy-interier-kuchyne-s-obyvaci-casti-2#breadcrumb\"},\"inLanguage\":\"cs\",\"potentialAction\":[{\"@type\":\"ReadAction\",\"target\":[\"https:\/\/www.design-award.cz\/?portfolio=soukromy-interier-kuchyne-s-obyvaci-casti-2\"]}]},{\"@type\":\"ImageObject\",\"inLanguage\":\"cs\",\"@id\":\"https:\/\/www.design-award.cz\/?portfolio=soukromy-interier-kuchyne-s-obyvaci-casti-2#primaryimage\",\"url\":\"https:\/\/www.design-award.cz\/wp-content\/uploads\/2022\/02\/DI_render_13-1-scaled.jpg\",\"contentUrl\":\"https:\/\/www.design-award.cz\/wp-content\/uploads\/2022\/02\/DI_render_13-1-scaled.jpg\",\"width\":2560,\"height\":1440},{\"@type\":\"BreadcrumbList\",\"@id\":\"https:\/\/www.design-award.cz\/?portfolio=soukromy-interier-kuchyne-s-obyvaci-casti-2#breadcrumb\",\"itemListElement\":[{\"@type\":\"ListItem\",\"position\":1,\"name\":\"Dom\u016f\",\"item\":\"https:\/\/www.design-award.cz\/\"},{\"@type\":\"ListItem\",\"position\":2,\"name\":\"Portfolio Items\",\"item\":\"https:\/\/www.design-award.cz\/?post_type=portfolio\"},{\"@type\":\"ListItem\",\"position\":3,\"name\":\"Soukrom\u00fd interi\u00e9r \u2013 Kuchyn\u011b s ob\u00fdvac\u00ed \u010d\u00e1st\u00ed\"}]},{\"@type\":\"WebSite\",\"@id\":\"https:\/\/www.design-award.cz\/#website\",\"url\":\"https:\/\/www.design-award.cz\/\",\"name\":\"design-award.cz\",\"description\":\"WARD vznikla v roce 2022. Je ur\u010dena p\u0159edev\u0161\u00edm student\u016fm st\u0159edn\u00edch um\u011bleck\u00fdch \u0161kol (S\u0160 a VO\u0160), kte\u0159\u00ed mohou bezplatn\u011b zaslat sv\u00e9 n\u00e1vrhy v uveden\u00fdch kategori\u00ed a tak pom\u011b\u0159it sv\u00e9 n\u00e1pady s konkurenc\u00ed sv\u00fdch vrstevn\u00edk\u016f. N\u00e1vrhy jsou n\u00e1sledn\u011b posouzeny nez\u00e1vislou porotou z \u0159ad v\u00fdtvarn\u00edk\u016f, pedagog\u016f a profesion\u00e1l\u016f z oboru.\",\"publisher\":{\"@id\":\"https:\/\/www.design-award.cz\/#organization\"},\"potentialAction\":[{\"@type\":\"SearchAction\",\"target\":{\"@type\":\"EntryPoint\",\"urlTemplate\":\"https:\/\/www.design-award.cz\/?s={search_term_string}\"},\"query-input\":{\"@type\":\"PropertyValueSpecification\",\"valueRequired\":true,\"valueName\":\"search_term_string\"}}],\"inLanguage\":\"cs\"},{\"@type\":\"Organization\",\"@id\":\"https:\/\/www.design-award.cz\/#organization\",\"name\":\"Design Award\",\"url\":\"https:\/\/www.design-award.cz\/\",\"logo\":{\"@type\":\"ImageObject\",\"inLanguage\":\"cs\",\"@id\":\"https:\/\/www.design-award.cz\/#\/schema\/logo\/image\/\",\"url\":\"http:\/\/www.design-award.cz\/wp-content\/uploads\/2021\/12\/hornilogo_design-award.png\",\"contentUrl\":\"http:\/\/www.design-award.cz\/wp-content\/uploads\/2021\/12\/hornilogo_design-award.png\",\"width\":800,\"height\":600,\"caption\":\"Design Award\"},\"image\":{\"@id\":\"https:\/\/www.design-award.cz\/#\/schema\/logo\/image\/\"},\"sameAs\":[\"https:\/\/www.instagram.com\/design_award\/\"]}]}<\/script>\n<!-- \/ Yoast SEO plugin. -->","yoast_head_json":{"title":"Soukrom\u00fd interi\u00e9r \u2013 Kuchyn\u011b s ob\u00fdvac\u00ed \u010d\u00e1st\u00ed - design-award.cz","robots":{"index":"index","follow":"follow","max-snippet":"max-snippet:-1","max-image-preview":"max-image-preview:large","max-video-preview":"max-video-preview:-1"},"canonical":"https:\/\/www.design-award.cz\/?portfolio=soukromy-interier-kuchyne-s-obyvaci-casti-2","og_locale":"cs_CZ","og_type":"article","og_title":"Soukrom\u00fd interi\u00e9r \u2013 Kuchyn\u011b s ob\u00fdvac\u00ed \u010d\u00e1st\u00ed - design-award.cz","og_description":"Charlota Pr\u00e1\u0161kov\u00e1 Michael \u2013 St\u0159edn\u00ed \u0161kola a Vy\u0161\u0161\u00ed odborn\u00e1 \u0161kola reklamn\u00ed a um\u011bleck\u00e9 tvorby Zad\u00e1n\u00edm na\u0161\u00ed pr\u00e1ce je n\u00e1vrh interi\u00e9ru ob\u00fdvac\u00ed a kuchy\u0148sk\u00e9 \u010d\u00e1sti domu. K dispozici jsme dostalip\u016fdorys a byli jsme sezn\u00e1meni s p\u0159edb\u011b\u017enou p\u0159edstavou klienta. Interi\u00e9r domu je koncipov\u00e1n vevenkovsk\u00e9m stylu. Klientka si z\u00e1rove\u0148 p\u0159\u00e1la vypracovat n\u00e1vrh zimn\u00ed zahrady s t\u00edm, \u017ee jej\u00ed [&hellip;]","og_url":"https:\/\/www.design-award.cz\/?portfolio=soukromy-interier-kuchyne-s-obyvaci-casti-2","og_site_name":"design-award.cz","og_image":[{"width":2560,"height":1440,"url":"https:\/\/www.design-award.cz\/wp-content\/uploads\/2022\/02\/DI_render_13-1-scaled.jpg","type":"image\/jpeg"}],"twitter_card":"summary_large_image","twitter_misc":{"Odhadovan\u00e1 doba \u010dten\u00ed":"2 minuty"},"schema":{"@context":"https:\/\/schema.org","@graph":[{"@type":"WebPage","@id":"https:\/\/www.design-award.cz\/?portfolio=soukromy-interier-kuchyne-s-obyvaci-casti-2","url":"https:\/\/www.design-award.cz\/?portfolio=soukromy-interier-kuchyne-s-obyvaci-casti-2","name":"Soukrom\u00fd interi\u00e9r \u2013 Kuchyn\u011b s ob\u00fdvac\u00ed \u010d\u00e1st\u00ed - design-award.cz","isPartOf":{"@id":"https:\/\/www.design-award.cz\/#website"},"primaryImageOfPage":{"@id":"https:\/\/www.design-award.cz\/?portfolio=soukromy-interier-kuchyne-s-obyvaci-casti-2#primaryimage"},"image":{"@id":"https:\/\/www.design-award.cz\/?portfolio=soukromy-interier-kuchyne-s-obyvaci-casti-2#primaryimage"},"thumbnailUrl":"https:\/\/www.design-award.cz\/wp-content\/uploads\/2022\/02\/DI_render_13-1-scaled.jpg","datePublished":"2023-01-16T19:51:35+00:00","breadcrumb":{"@id":"https:\/\/www.design-award.cz\/?portfolio=soukromy-interier-kuchyne-s-obyvaci-casti-2#breadcrumb"},"inLanguage":"cs","potentialAction":[{"@type":"ReadAction","target":["https:\/\/www.design-award.cz\/?portfolio=soukromy-interier-kuchyne-s-obyvaci-casti-2"]}]},{"@type":"ImageObject","inLanguage":"cs","@id":"https:\/\/www.design-award.cz\/?portfolio=soukromy-interier-kuchyne-s-obyvaci-casti-2#primaryimage","url":"https:\/\/www.design-award.cz\/wp-content\/uploads\/2022\/02\/DI_render_13-1-scaled.jpg","contentUrl":"https:\/\/www.design-award.cz\/wp-content\/uploads\/2022\/02\/DI_render_13-1-scaled.jpg","width":2560,"height":1440},{"@type":"BreadcrumbList","@id":"https:\/\/www.design-award.cz\/?portfolio=soukromy-interier-kuchyne-s-obyvaci-casti-2#breadcrumb","itemListElement":[{"@type":"ListItem","position":1,"name":"Dom\u016f","item":"https:\/\/www.design-award.cz\/"},{"@type":"ListItem","position":2,"name":"Portfolio Items","item":"https:\/\/www.design-award.cz\/?post_type=portfolio"},{"@type":"ListItem","position":3,"name":"Soukrom\u00fd interi\u00e9r \u2013 Kuchyn\u011b s ob\u00fdvac\u00ed \u010d\u00e1st\u00ed"}]},{"@type":"WebSite","@id":"https:\/\/www.design-award.cz\/#website","url":"https:\/\/www.design-award.cz\/","name":"design-award.cz","description":"WARD vznikla v roce 2022. Je ur\u010dena p\u0159edev\u0161\u00edm student\u016fm st\u0159edn\u00edch um\u011bleck\u00fdch \u0161kol (S\u0160 a VO\u0160), kte\u0159\u00ed mohou bezplatn\u011b zaslat sv\u00e9 n\u00e1vrhy v uveden\u00fdch kategori\u00ed a tak pom\u011b\u0159it sv\u00e9 n\u00e1pady s konkurenc\u00ed sv\u00fdch vrstevn\u00edk\u016f. N\u00e1vrhy jsou n\u00e1sledn\u011b posouzeny nez\u00e1vislou porotou z \u0159ad v\u00fdtvarn\u00edk\u016f, pedagog\u016f a profesion\u00e1l\u016f z oboru.","publisher":{"@id":"https:\/\/www.design-award.cz\/#organization"},"potentialAction":[{"@type":"SearchAction","target":{"@type":"EntryPoint","urlTemplate":"https:\/\/www.design-award.cz\/?s={search_term_string}"},"query-input":{"@type":"PropertyValueSpecification","valueRequired":true,"valueName":"search_term_string"}}],"inLanguage":"cs"},{"@type":"Organization","@id":"https:\/\/www.design-award.cz\/#organization","name":"Design Award","url":"https:\/\/www.design-award.cz\/","logo":{"@type":"ImageObject","inLanguage":"cs","@id":"https:\/\/www.design-award.cz\/#\/schema\/logo\/image\/","url":"http:\/\/www.design-award.cz\/wp-content\/uploads\/2021\/12\/hornilogo_design-award.png","contentUrl":"http:\/\/www.design-award.cz\/wp-content\/uploads\/2021\/12\/hornilogo_design-award.png","width":800,"height":600,"caption":"Design Award"},"image":{"@id":"https:\/\/www.design-award.cz\/#\/schema\/logo\/image\/"},"sameAs":["https:\/\/www.instagram.com\/design_award\/"]}]}},"_links":{"self":[{"href":"https:\/\/www.design-award.cz\/index.php?rest_route=\/wp\/v2\/portfolio\/413","targetHints":{"allow":["GET"]}}],"collection":[{"href":"https:\/\/www.design-award.cz\/index.php?rest_route=\/wp\/v2\/portfolio"}],"about":[{"href":"https:\/\/www.design-award.cz\/index.php?rest_route=\/wp\/v2\/types\/portfolio"}],"author":[{"embeddable":true,"href":"https:\/\/www.design-award.cz\/index.php?rest_route=\/wp\/v2\/users\/1"}],"replies":[{"embeddable":true,"href":"https:\/\/www.design-award.cz\/index.php?rest_route=%2Fwp%2Fv2%2Fcomments&post=413"}],"version-history":[{"count":3,"href":"https:\/\/www.design-award.cz\/index.php?rest_route=\/wp\/v2\/portfolio\/413\/revisions"}],"predecessor-version":[{"id":616,"href":"https:\/\/www.design-award.cz\/index.php?rest_route=\/wp\/v2\/portfolio\/413\/revisions\/616"}],"wp:featuredmedia":[{"embeddable":true,"href":"https:\/\/www.design-award.cz\/index.php?rest_route=\/wp\/v2\/media\/416"}],"wp:attachment":[{"href":"https:\/\/www.design-award.cz\/index.php?rest_route=%2Fwp%2Fv2%2Fmedia&parent=413"}],"wp:term":[{"taxonomy":"portfolio_category","embeddable":true,"href":"https:\/\/www.design-award.cz\/index.php?rest_route=%2Fwp%2Fv2%2Fportfolio_category&post=413"},{"taxonomy":"portfolio_tag","embeddable":true,"href":"https:\/\/www.design-award.cz\/index.php?rest_route=%2Fwp%2Fv2%2Fportfolio_tag&post=413"}],"curies":[{"name":"wp","href":"https:\/\/api.w.org\/{rel}","templated":true}]}}