{"id":4158,"date":"2024-07-03T13:27:48","date_gmt":"2024-07-03T13:27:48","guid":{"rendered":"https:\/\/www.design-award.cz\/?post_type=portfolio&#038;p=4158"},"modified":"2024-07-03T13:28:00","modified_gmt":"2024-07-03T13:28:00","slug":"verejny-interier-021","status":"publish","type":"portfolio","link":"https:\/\/www.design-award.cz\/?portfolio=verejny-interier-021","title":{"rendered":"Ve\u0159ejn\u00fd interi\u00e9r &#8211; 021"},"content":{"rendered":"\n<p><strong>Eli\u0161ka \u010c\u00ed\u017ekov\u00e1<\/strong><\/p>\n\n\n\n<p>St\u0159edn\u00ed \u0161kola designu interi\u00e9ru Kate\u0159inky &#8211; Liberec, s.r.o.<\/p>\n\n\n\n<p>Jedn\u00e1 se o n\u00e1vrh netradi\u010dn\u00edho designov\u00e9ho hotelov\u00e9ho pokoje.<br>Jeho interi\u00e9r je syrov\u00fd a minimalistick\u00fd. M\u016f\u017ee se zd\u00e1t na prvn\u00ed pohled chladn\u00fd. Ale tak to nen\u00ed. Jeho \u201eopot\u0159ebovanost\u201c je vl\u00eddn\u00e1. M\u00e1 pam\u011b\u0165 a o n\u011b\u010dem vypov\u00edd\u00e1. Snad i vypr\u00e1v\u00ed p\u0159\u00edb\u011bhy.<br>N\u011bkter\u00e9 hotely nab\u00edz\u00ed host\u016fm v r\u00e1mci p\u0159esp\u00e1n\u00ed i netradi\u010dn\u00ed v\u00fdtvarn\u00fd z\u00e1\u017eitek z interi\u00e9ru. Nab\u00edz\u00ed prostory v\u00fdjime\u010dn\u00e9 a neobvykl\u00e9. Jak p\u0159\u00edjemn\u00e9! Jak podn\u011btn\u00e9!<br>Host tak m\u016f\u017ee nejen obdivovat zaj\u00edmav\u00e9 n\u00e1pady design\u00e9r\u016f a architekt\u016f, ale m\u016f\u017ee tak\u00e9 zkoumat s\u00e1m sebe, sv\u00e9 nitro. Zkoumat, jak\u00e9 prost\u0159ed\u00ed je mu p\u0159\u00edjemn\u00e9 v\u00edce, jak\u00e9 m\u00e9n\u011b. A pt\u00e1t se s\u00e1m sebe pro\u010d.<br>Je to vlastn\u011b takov\u00e1 z\u00e1\u017eitkov\u00e1 sebereflexe.<br>Tento pokoj V\u00e1s osv\u011b\u017e\u00ed svou jednoduchost\u00ed a strohost\u00ed. Asi nen\u00ed pro ka\u017ed\u00e9ho\u2026 Ale to je p\u0159ece v\u00fdhoda hotel\u016f \u2013 kr\u00e1tkodob\u00fd pobyt nab\u00edz\u00ed mo\u017enost zkou\u0161en\u00ed a testov\u00e1n\u00ed. M\u016f\u017eete zkoumat sami sebe, sv\u00e9 dojmy, sv\u00e9 pocity. M\u016f\u017eete za\u017e\u00edt prost\u0159ed\u00ed, kter\u00e9 je v\u00fdjime\u010dn\u00e9 a kter\u00e9 byste jinde jen t\u011b\u017eko hledali.<br>N\u011bkter\u00e9 \u010d\u00e1sti t\u00e9to studie interi\u00e9ru byly dopracov\u00e1ny a\u017e do realiza\u010dn\u00ed f\u00e1ze \u2013 nap\u0159 rozkreslen\u00ed n\u00e1bytku pro zad\u00e1n\u00ed do v\u00fdroby.<\/p>\n\n\n\n<figure class=\"wp-block-image size-large\"><img decoding=\"async\" width=\"1024\" height=\"576\" data-src=\"http:\/\/www.design-award.cz\/wp-content\/uploads\/2024\/07\/02-1-1024x576.png\" alt=\"\" class=\"wp-image-4237 lazyload\" data-srcset=\"https:\/\/www.design-award.cz\/wp-content\/uploads\/2024\/07\/02-1-1024x576.png 1024w, https:\/\/www.design-award.cz\/wp-content\/uploads\/2024\/07\/02-1-300x169.png 300w, https:\/\/www.design-award.cz\/wp-content\/uploads\/2024\/07\/02-1-768x432.png 768w, https:\/\/www.design-award.cz\/wp-content\/uploads\/2024\/07\/02-1-1536x864.png 1536w, https:\/\/www.design-award.cz\/wp-content\/uploads\/2024\/07\/02-1-500x281.png 500w, https:\/\/www.design-award.cz\/wp-content\/uploads\/2024\/07\/02-1-800x450.png 800w, https:\/\/www.design-award.cz\/wp-content\/uploads\/2024\/07\/02-1-1280x720.png 1280w, https:\/\/www.design-award.cz\/wp-content\/uploads\/2024\/07\/02-1.png 1920w\" data-sizes=\"(max-width: 1024px) 100vw, 1024px\" src=\"data:image\/svg+xml;base64,PHN2ZyB3aWR0aD0iMSIgaGVpZ2h0PSIxIiB4bWxucz0iaHR0cDovL3d3dy53My5vcmcvMjAwMC9zdmciPjwvc3ZnPg==\" style=\"--smush-placeholder-width: 1024px; --smush-placeholder-aspect-ratio: 1024\/576;\" \/><\/figure>\n\n\n\n<figure class=\"wp-block-image size-large\"><img decoding=\"async\" width=\"1024\" height=\"576\" data-src=\"http:\/\/www.design-award.cz\/wp-content\/uploads\/2024\/07\/03-1024x576.png\" alt=\"\" class=\"wp-image-4238 lazyload\" data-srcset=\"https:\/\/www.design-award.cz\/wp-content\/uploads\/2024\/07\/03-1024x576.png 1024w, https:\/\/www.design-award.cz\/wp-content\/uploads\/2024\/07\/03-300x169.png 300w, https:\/\/www.design-award.cz\/wp-content\/uploads\/2024\/07\/03-768x432.png 768w, https:\/\/www.design-award.cz\/wp-content\/uploads\/2024\/07\/03-1536x864.png 1536w, https:\/\/www.design-award.cz\/wp-content\/uploads\/2024\/07\/03-500x281.png 500w, https:\/\/www.design-award.cz\/wp-content\/uploads\/2024\/07\/03-800x450.png 800w, https:\/\/www.design-award.cz\/wp-content\/uploads\/2024\/07\/03-1280x720.png 1280w, https:\/\/www.design-award.cz\/wp-content\/uploads\/2024\/07\/03.png 1920w\" data-sizes=\"(max-width: 1024px) 100vw, 1024px\" src=\"data:image\/svg+xml;base64,PHN2ZyB3aWR0aD0iMSIgaGVpZ2h0PSIxIiB4bWxucz0iaHR0cDovL3d3dy53My5vcmcvMjAwMC9zdmciPjwvc3ZnPg==\" style=\"--smush-placeholder-width: 1024px; --smush-placeholder-aspect-ratio: 1024\/576;\" \/><\/figure>\n\n\n\n<figure class=\"wp-block-image size-large\"><img decoding=\"async\" width=\"1024\" height=\"576\" data-src=\"http:\/\/www.design-award.cz\/wp-content\/uploads\/2024\/07\/04-1-1024x576.png\" alt=\"\" class=\"wp-image-4239 lazyload\" data-srcset=\"https:\/\/www.design-award.cz\/wp-content\/uploads\/2024\/07\/04-1-1024x576.png 1024w, https:\/\/www.design-award.cz\/wp-content\/uploads\/2024\/07\/04-1-300x169.png 300w, https:\/\/www.design-award.cz\/wp-content\/uploads\/2024\/07\/04-1-768x432.png 768w, https:\/\/www.design-award.cz\/wp-content\/uploads\/2024\/07\/04-1-1536x864.png 1536w, https:\/\/www.design-award.cz\/wp-content\/uploads\/2024\/07\/04-1-500x281.png 500w, https:\/\/www.design-award.cz\/wp-content\/uploads\/2024\/07\/04-1-800x450.png 800w, https:\/\/www.design-award.cz\/wp-content\/uploads\/2024\/07\/04-1-1280x720.png 1280w, https:\/\/www.design-award.cz\/wp-content\/uploads\/2024\/07\/04-1.png 1920w\" data-sizes=\"(max-width: 1024px) 100vw, 1024px\" src=\"data:image\/svg+xml;base64,PHN2ZyB3aWR0aD0iMSIgaGVpZ2h0PSIxIiB4bWxucz0iaHR0cDovL3d3dy53My5vcmcvMjAwMC9zdmciPjwvc3ZnPg==\" style=\"--smush-placeholder-width: 1024px; --smush-placeholder-aspect-ratio: 1024\/576;\" \/><\/figure>\n\n\n\n<figure class=\"wp-block-image size-large\"><img decoding=\"async\" width=\"1024\" height=\"576\" data-src=\"http:\/\/www.design-award.cz\/wp-content\/uploads\/2024\/07\/lavice5-1024x576.png\" alt=\"\" class=\"wp-image-4240 lazyload\" data-srcset=\"https:\/\/www.design-award.cz\/wp-content\/uploads\/2024\/07\/lavice5-1024x576.png 1024w, https:\/\/www.design-award.cz\/wp-content\/uploads\/2024\/07\/lavice5-300x169.png 300w, https:\/\/www.design-award.cz\/wp-content\/uploads\/2024\/07\/lavice5-768x432.png 768w, https:\/\/www.design-award.cz\/wp-content\/uploads\/2024\/07\/lavice5-1536x864.png 1536w, https:\/\/www.design-award.cz\/wp-content\/uploads\/2024\/07\/lavice5-500x281.png 500w, https:\/\/www.design-award.cz\/wp-content\/uploads\/2024\/07\/lavice5-800x450.png 800w, https:\/\/www.design-award.cz\/wp-content\/uploads\/2024\/07\/lavice5-1280x720.png 1280w, https:\/\/www.design-award.cz\/wp-content\/uploads\/2024\/07\/lavice5.png 1920w\" data-sizes=\"(max-width: 1024px) 100vw, 1024px\" src=\"data:image\/svg+xml;base64,PHN2ZyB3aWR0aD0iMSIgaGVpZ2h0PSIxIiB4bWxucz0iaHR0cDovL3d3dy53My5vcmcvMjAwMC9zdmciPjwvc3ZnPg==\" style=\"--smush-placeholder-width: 1024px; --smush-placeholder-aspect-ratio: 1024\/576;\" \/><\/figure>\n\n\n\n<figure class=\"wp-block-image size-large\"><img decoding=\"async\" width=\"1024\" height=\"565\" data-src=\"http:\/\/www.design-award.cz\/wp-content\/uploads\/2024\/07\/x-1024x565.jpg\" alt=\"\" class=\"wp-image-4241 lazyload\" data-srcset=\"https:\/\/www.design-award.cz\/wp-content\/uploads\/2024\/07\/x-1024x565.jpg 1024w, https:\/\/www.design-award.cz\/wp-content\/uploads\/2024\/07\/x-300x166.jpg 300w, https:\/\/www.design-award.cz\/wp-content\/uploads\/2024\/07\/x-768x424.jpg 768w, https:\/\/www.design-award.cz\/wp-content\/uploads\/2024\/07\/x-500x276.jpg 500w, https:\/\/www.design-award.cz\/wp-content\/uploads\/2024\/07\/x-800x442.jpg 800w, https:\/\/www.design-award.cz\/wp-content\/uploads\/2024\/07\/x-1280x706.jpg 1280w, https:\/\/www.design-award.cz\/wp-content\/uploads\/2024\/07\/x.jpg 1444w\" data-sizes=\"(max-width: 1024px) 100vw, 1024px\" src=\"data:image\/svg+xml;base64,PHN2ZyB3aWR0aD0iMSIgaGVpZ2h0PSIxIiB4bWxucz0iaHR0cDovL3d3dy53My5vcmcvMjAwMC9zdmciPjwvc3ZnPg==\" style=\"--smush-placeholder-width: 1024px; --smush-placeholder-aspect-ratio: 1024\/565;\" \/><\/figure>\n","protected":false},"excerpt":{"rendered":"<p>Eli\u0161ka \u010c\u00ed\u017ekov\u00e1 St\u0159edn\u00ed \u0161kola designu interi\u00e9ru Kate\u0159inky &#8211; Liberec, s.r.o. Jedn\u00e1 se o n\u00e1vrh netradi\u010dn\u00edho designov\u00e9ho hotelov\u00e9ho pokoje.Jeho interi\u00e9r je syrov\u00fd a minimalistick\u00fd. M\u016f\u017ee se zd\u00e1t na prvn\u00ed pohled chladn\u00fd. Ale tak to nen\u00ed. Jeho \u201eopot\u0159ebovanost\u201c je vl\u00eddn\u00e1. M\u00e1 pam\u011b\u0165 a o n\u011b\u010dem vypov\u00edd\u00e1. Snad i vypr\u00e1v\u00ed p\u0159\u00edb\u011bhy.N\u011bkter\u00e9 hotely nab\u00edz\u00ed host\u016fm v r\u00e1mci p\u0159esp\u00e1n\u00ed i [&hellip;]<\/p>\n","protected":false},"author":2,"featured_media":4236,"menu_order":0,"comment_status":"closed","ping_status":"closed","template":"","format":"standard","meta":{"ngg_post_thumbnail":0,"ocean_post_layout":"","ocean_both_sidebars_style":"","ocean_both_sidebars_content_width":0,"ocean_both_sidebars_sidebars_width":0,"ocean_sidebar":"","ocean_second_sidebar":"","ocean_disable_margins":"enable","ocean_add_body_class":"","ocean_shortcode_before_top_bar":"","ocean_shortcode_after_top_bar":"","ocean_shortcode_before_header":"","ocean_shortcode_after_header":"","ocean_has_shortcode":"","ocean_shortcode_after_title":"","ocean_shortcode_before_footer_widgets":"","ocean_shortcode_after_footer_widgets":"","ocean_shortcode_before_footer_bottom":"","ocean_shortcode_after_footer_bottom":"","ocean_display_top_bar":"default","ocean_display_header":"default","ocean_header_style":"","ocean_center_header_left_menu":"","ocean_custom_header_template":"","ocean_custom_logo":0,"ocean_custom_retina_logo":0,"ocean_custom_logo_max_width":0,"ocean_custom_logo_tablet_max_width":0,"ocean_custom_logo_mobile_max_width":0,"ocean_custom_logo_max_height":0,"ocean_custom_logo_tablet_max_height":0,"ocean_custom_logo_mobile_max_height":0,"ocean_header_custom_menu":"","ocean_menu_typo_font_family":"","ocean_menu_typo_font_subset":"","ocean_menu_typo_font_size":0,"ocean_menu_typo_font_size_tablet":0,"ocean_menu_typo_font_size_mobile":0,"ocean_menu_typo_font_size_unit":"px","ocean_menu_typo_font_weight":"","ocean_menu_typo_font_weight_tablet":"","ocean_menu_typo_font_weight_mobile":"","ocean_menu_typo_transform":"","ocean_menu_typo_transform_tablet":"","ocean_menu_typo_transform_mobile":"","ocean_menu_typo_line_height":0,"ocean_menu_typo_line_height_tablet":0,"ocean_menu_typo_line_height_mobile":0,"ocean_menu_typo_line_height_unit":"","ocean_menu_typo_spacing":0,"ocean_menu_typo_spacing_tablet":0,"ocean_menu_typo_spacing_mobile":0,"ocean_menu_typo_spacing_unit":"","ocean_menu_link_color":"","ocean_menu_link_color_hover":"","ocean_menu_link_color_active":"","ocean_menu_link_background":"","ocean_menu_link_hover_background":"","ocean_menu_link_active_background":"","ocean_menu_social_links_bg":"","ocean_menu_social_hover_links_bg":"","ocean_menu_social_links_color":"","ocean_menu_social_hover_links_color":"","ocean_disable_title":"default","ocean_disable_heading":"default","ocean_post_title":"","ocean_post_subheading":"","ocean_post_title_style":"","ocean_post_title_background_color":"","ocean_post_title_background":0,"ocean_post_title_bg_image_position":"","ocean_post_title_bg_image_attachment":"","ocean_post_title_bg_image_repeat":"","ocean_post_title_bg_image_size":"","ocean_post_title_height":0,"ocean_post_title_bg_overlay":0.5,"ocean_post_title_bg_overlay_color":"","ocean_disable_breadcrumbs":"default","ocean_breadcrumbs_color":"","ocean_breadcrumbs_separator_color":"","ocean_breadcrumbs_links_color":"","ocean_breadcrumbs_links_hover_color":"","ocean_display_footer_widgets":"default","ocean_display_footer_bottom":"default","ocean_custom_footer_template":"","_vp_format_video_url":"","_vp_image_focal_point":[],"footnotes":""},"portfolio_category":[],"portfolio_tag":[],"class_list":["post-4158","portfolio","type-portfolio","status-publish","format-standard","has-post-thumbnail","hentry","entry","has-media"],"yoast_head":"<!-- This site is optimized with the Yoast SEO plugin v25.2 - https:\/\/yoast.com\/wordpress\/plugins\/seo\/ -->\n<title>Ve\u0159ejn\u00fd interi\u00e9r - 021 - design-award.cz<\/title>\n<meta name=\"robots\" content=\"index, follow, max-snippet:-1, max-image-preview:large, max-video-preview:-1\" \/>\n<link rel=\"canonical\" href=\"https:\/\/www.design-award.cz\/?portfolio=verejny-interier-021\" \/>\n<meta property=\"og:locale\" content=\"cs_CZ\" \/>\n<meta property=\"og:type\" content=\"article\" \/>\n<meta property=\"og:title\" content=\"Ve\u0159ejn\u00fd interi\u00e9r - 021 - design-award.cz\" \/>\n<meta property=\"og:description\" content=\"Eli\u0161ka \u010c\u00ed\u017ekov\u00e1 St\u0159edn\u00ed \u0161kola designu interi\u00e9ru Kate\u0159inky &#8211; Liberec, s.r.o. Jedn\u00e1 se o n\u00e1vrh netradi\u010dn\u00edho designov\u00e9ho hotelov\u00e9ho pokoje.Jeho interi\u00e9r je syrov\u00fd a minimalistick\u00fd. M\u016f\u017ee se zd\u00e1t na prvn\u00ed pohled chladn\u00fd. Ale tak to nen\u00ed. Jeho \u201eopot\u0159ebovanost\u201c je vl\u00eddn\u00e1. M\u00e1 pam\u011b\u0165 a o n\u011b\u010dem vypov\u00edd\u00e1. Snad i vypr\u00e1v\u00ed p\u0159\u00edb\u011bhy.N\u011bkter\u00e9 hotely nab\u00edz\u00ed host\u016fm v r\u00e1mci p\u0159esp\u00e1n\u00ed i [&hellip;]\" \/>\n<meta property=\"og:url\" content=\"https:\/\/www.design-award.cz\/?portfolio=verejny-interier-021\" \/>\n<meta property=\"og:site_name\" content=\"design-award.cz\" \/>\n<meta property=\"article:modified_time\" content=\"2024-07-03T13:28:00+00:00\" \/>\n<meta property=\"og:image\" content=\"http:\/\/www.design-award.cz\/wp-content\/uploads\/2024\/07\/01-1-1024x576.png\" \/>\n\t<meta property=\"og:image:width\" content=\"1024\" \/>\n\t<meta property=\"og:image:height\" content=\"576\" \/>\n\t<meta property=\"og:image:type\" content=\"image\/png\" \/>\n<meta name=\"twitter:card\" content=\"summary_large_image\" \/>\n<meta name=\"twitter:label1\" content=\"Odhadovan\u00e1 doba \u010dten\u00ed\" \/>\n\t<meta name=\"twitter:data1\" content=\"1 minuta\" \/>\n<script type=\"application\/ld+json\" class=\"yoast-schema-graph\">{\"@context\":\"https:\/\/schema.org\",\"@graph\":[{\"@type\":\"WebPage\",\"@id\":\"https:\/\/www.design-award.cz\/?portfolio=verejny-interier-021\",\"url\":\"https:\/\/www.design-award.cz\/?portfolio=verejny-interier-021\",\"name\":\"Ve\u0159ejn\u00fd interi\u00e9r - 021 - design-award.cz\",\"isPartOf\":{\"@id\":\"https:\/\/www.design-award.cz\/#website\"},\"primaryImageOfPage\":{\"@id\":\"https:\/\/www.design-award.cz\/?portfolio=verejny-interier-021#primaryimage\"},\"image\":{\"@id\":\"https:\/\/www.design-award.cz\/?portfolio=verejny-interier-021#primaryimage\"},\"thumbnailUrl\":\"https:\/\/www.design-award.cz\/wp-content\/uploads\/2024\/07\/01-1.png\",\"datePublished\":\"2024-07-03T13:27:48+00:00\",\"dateModified\":\"2024-07-03T13:28:00+00:00\",\"breadcrumb\":{\"@id\":\"https:\/\/www.design-award.cz\/?portfolio=verejny-interier-021#breadcrumb\"},\"inLanguage\":\"cs\",\"potentialAction\":[{\"@type\":\"ReadAction\",\"target\":[\"https:\/\/www.design-award.cz\/?portfolio=verejny-interier-021\"]}]},{\"@type\":\"ImageObject\",\"inLanguage\":\"cs\",\"@id\":\"https:\/\/www.design-award.cz\/?portfolio=verejny-interier-021#primaryimage\",\"url\":\"https:\/\/www.design-award.cz\/wp-content\/uploads\/2024\/07\/01-1.png\",\"contentUrl\":\"https:\/\/www.design-award.cz\/wp-content\/uploads\/2024\/07\/01-1.png\",\"width\":1920,\"height\":1080},{\"@type\":\"BreadcrumbList\",\"@id\":\"https:\/\/www.design-award.cz\/?portfolio=verejny-interier-021#breadcrumb\",\"itemListElement\":[{\"@type\":\"ListItem\",\"position\":1,\"name\":\"Dom\u016f\",\"item\":\"https:\/\/www.design-award.cz\/\"},{\"@type\":\"ListItem\",\"position\":2,\"name\":\"Portfolio Items\",\"item\":\"https:\/\/www.design-award.cz\/?post_type=portfolio\"},{\"@type\":\"ListItem\",\"position\":3,\"name\":\"Ve\u0159ejn\u00fd interi\u00e9r &#8211; 021\"}]},{\"@type\":\"WebSite\",\"@id\":\"https:\/\/www.design-award.cz\/#website\",\"url\":\"https:\/\/www.design-award.cz\/\",\"name\":\"design-award.cz\",\"description\":\"WARD vznikla v roce 2022. Je ur\u010dena p\u0159edev\u0161\u00edm student\u016fm st\u0159edn\u00edch um\u011bleck\u00fdch \u0161kol (S\u0160 a VO\u0160), kte\u0159\u00ed mohou bezplatn\u011b zaslat sv\u00e9 n\u00e1vrhy v uveden\u00fdch kategori\u00ed a tak pom\u011b\u0159it sv\u00e9 n\u00e1pady s konkurenc\u00ed sv\u00fdch vrstevn\u00edk\u016f. N\u00e1vrhy jsou n\u00e1sledn\u011b posouzeny nez\u00e1vislou porotou z \u0159ad v\u00fdtvarn\u00edk\u016f, pedagog\u016f a profesion\u00e1l\u016f z oboru.\",\"publisher\":{\"@id\":\"https:\/\/www.design-award.cz\/#organization\"},\"potentialAction\":[{\"@type\":\"SearchAction\",\"target\":{\"@type\":\"EntryPoint\",\"urlTemplate\":\"https:\/\/www.design-award.cz\/?s={search_term_string}\"},\"query-input\":{\"@type\":\"PropertyValueSpecification\",\"valueRequired\":true,\"valueName\":\"search_term_string\"}}],\"inLanguage\":\"cs\"},{\"@type\":\"Organization\",\"@id\":\"https:\/\/www.design-award.cz\/#organization\",\"name\":\"Design Award\",\"url\":\"https:\/\/www.design-award.cz\/\",\"logo\":{\"@type\":\"ImageObject\",\"inLanguage\":\"cs\",\"@id\":\"https:\/\/www.design-award.cz\/#\/schema\/logo\/image\/\",\"url\":\"http:\/\/www.design-award.cz\/wp-content\/uploads\/2021\/12\/hornilogo_design-award.png\",\"contentUrl\":\"http:\/\/www.design-award.cz\/wp-content\/uploads\/2021\/12\/hornilogo_design-award.png\",\"width\":800,\"height\":600,\"caption\":\"Design Award\"},\"image\":{\"@id\":\"https:\/\/www.design-award.cz\/#\/schema\/logo\/image\/\"},\"sameAs\":[\"https:\/\/www.instagram.com\/design_award\/\"]}]}<\/script>\n<!-- \/ Yoast SEO plugin. -->","yoast_head_json":{"title":"Ve\u0159ejn\u00fd interi\u00e9r - 021 - design-award.cz","robots":{"index":"index","follow":"follow","max-snippet":"max-snippet:-1","max-image-preview":"max-image-preview:large","max-video-preview":"max-video-preview:-1"},"canonical":"https:\/\/www.design-award.cz\/?portfolio=verejny-interier-021","og_locale":"cs_CZ","og_type":"article","og_title":"Ve\u0159ejn\u00fd interi\u00e9r - 021 - design-award.cz","og_description":"Eli\u0161ka \u010c\u00ed\u017ekov\u00e1 St\u0159edn\u00ed \u0161kola designu interi\u00e9ru Kate\u0159inky &#8211; Liberec, s.r.o. Jedn\u00e1 se o n\u00e1vrh netradi\u010dn\u00edho designov\u00e9ho hotelov\u00e9ho pokoje.Jeho interi\u00e9r je syrov\u00fd a minimalistick\u00fd. M\u016f\u017ee se zd\u00e1t na prvn\u00ed pohled chladn\u00fd. Ale tak to nen\u00ed. Jeho \u201eopot\u0159ebovanost\u201c je vl\u00eddn\u00e1. M\u00e1 pam\u011b\u0165 a o n\u011b\u010dem vypov\u00edd\u00e1. Snad i vypr\u00e1v\u00ed p\u0159\u00edb\u011bhy.N\u011bkter\u00e9 hotely nab\u00edz\u00ed host\u016fm v r\u00e1mci p\u0159esp\u00e1n\u00ed i [&hellip;]","og_url":"https:\/\/www.design-award.cz\/?portfolio=verejny-interier-021","og_site_name":"design-award.cz","article_modified_time":"2024-07-03T13:28:00+00:00","og_image":[{"width":1024,"height":576,"url":"http:\/\/www.design-award.cz\/wp-content\/uploads\/2024\/07\/01-1-1024x576.png","type":"image\/png"}],"twitter_card":"summary_large_image","twitter_misc":{"Odhadovan\u00e1 doba \u010dten\u00ed":"1 minuta"},"schema":{"@context":"https:\/\/schema.org","@graph":[{"@type":"WebPage","@id":"https:\/\/www.design-award.cz\/?portfolio=verejny-interier-021","url":"https:\/\/www.design-award.cz\/?portfolio=verejny-interier-021","name":"Ve\u0159ejn\u00fd interi\u00e9r - 021 - design-award.cz","isPartOf":{"@id":"https:\/\/www.design-award.cz\/#website"},"primaryImageOfPage":{"@id":"https:\/\/www.design-award.cz\/?portfolio=verejny-interier-021#primaryimage"},"image":{"@id":"https:\/\/www.design-award.cz\/?portfolio=verejny-interier-021#primaryimage"},"thumbnailUrl":"https:\/\/www.design-award.cz\/wp-content\/uploads\/2024\/07\/01-1.png","datePublished":"2024-07-03T13:27:48+00:00","dateModified":"2024-07-03T13:28:00+00:00","breadcrumb":{"@id":"https:\/\/www.design-award.cz\/?portfolio=verejny-interier-021#breadcrumb"},"inLanguage":"cs","potentialAction":[{"@type":"ReadAction","target":["https:\/\/www.design-award.cz\/?portfolio=verejny-interier-021"]}]},{"@type":"ImageObject","inLanguage":"cs","@id":"https:\/\/www.design-award.cz\/?portfolio=verejny-interier-021#primaryimage","url":"https:\/\/www.design-award.cz\/wp-content\/uploads\/2024\/07\/01-1.png","contentUrl":"https:\/\/www.design-award.cz\/wp-content\/uploads\/2024\/07\/01-1.png","width":1920,"height":1080},{"@type":"BreadcrumbList","@id":"https:\/\/www.design-award.cz\/?portfolio=verejny-interier-021#breadcrumb","itemListElement":[{"@type":"ListItem","position":1,"name":"Dom\u016f","item":"https:\/\/www.design-award.cz\/"},{"@type":"ListItem","position":2,"name":"Portfolio Items","item":"https:\/\/www.design-award.cz\/?post_type=portfolio"},{"@type":"ListItem","position":3,"name":"Ve\u0159ejn\u00fd interi\u00e9r &#8211; 021"}]},{"@type":"WebSite","@id":"https:\/\/www.design-award.cz\/#website","url":"https:\/\/www.design-award.cz\/","name":"design-award.cz","description":"WARD vznikla v roce 2022. Je ur\u010dena p\u0159edev\u0161\u00edm student\u016fm st\u0159edn\u00edch um\u011bleck\u00fdch \u0161kol (S\u0160 a VO\u0160), kte\u0159\u00ed mohou bezplatn\u011b zaslat sv\u00e9 n\u00e1vrhy v uveden\u00fdch kategori\u00ed a tak pom\u011b\u0159it sv\u00e9 n\u00e1pady s konkurenc\u00ed sv\u00fdch vrstevn\u00edk\u016f. N\u00e1vrhy jsou n\u00e1sledn\u011b posouzeny nez\u00e1vislou porotou z \u0159ad v\u00fdtvarn\u00edk\u016f, pedagog\u016f a profesion\u00e1l\u016f z oboru.","publisher":{"@id":"https:\/\/www.design-award.cz\/#organization"},"potentialAction":[{"@type":"SearchAction","target":{"@type":"EntryPoint","urlTemplate":"https:\/\/www.design-award.cz\/?s={search_term_string}"},"query-input":{"@type":"PropertyValueSpecification","valueRequired":true,"valueName":"search_term_string"}}],"inLanguage":"cs"},{"@type":"Organization","@id":"https:\/\/www.design-award.cz\/#organization","name":"Design Award","url":"https:\/\/www.design-award.cz\/","logo":{"@type":"ImageObject","inLanguage":"cs","@id":"https:\/\/www.design-award.cz\/#\/schema\/logo\/image\/","url":"http:\/\/www.design-award.cz\/wp-content\/uploads\/2021\/12\/hornilogo_design-award.png","contentUrl":"http:\/\/www.design-award.cz\/wp-content\/uploads\/2021\/12\/hornilogo_design-award.png","width":800,"height":600,"caption":"Design Award"},"image":{"@id":"https:\/\/www.design-award.cz\/#\/schema\/logo\/image\/"},"sameAs":["https:\/\/www.instagram.com\/design_award\/"]}]}},"_links":{"self":[{"href":"https:\/\/www.design-award.cz\/index.php?rest_route=\/wp\/v2\/portfolio\/4158","targetHints":{"allow":["GET"]}}],"collection":[{"href":"https:\/\/www.design-award.cz\/index.php?rest_route=\/wp\/v2\/portfolio"}],"about":[{"href":"https:\/\/www.design-award.cz\/index.php?rest_route=\/wp\/v2\/types\/portfolio"}],"author":[{"embeddable":true,"href":"https:\/\/www.design-award.cz\/index.php?rest_route=\/wp\/v2\/users\/2"}],"replies":[{"embeddable":true,"href":"https:\/\/www.design-award.cz\/index.php?rest_route=%2Fwp%2Fv2%2Fcomments&post=4158"}],"version-history":[{"count":1,"href":"https:\/\/www.design-award.cz\/index.php?rest_route=\/wp\/v2\/portfolio\/4158\/revisions"}],"predecessor-version":[{"id":4242,"href":"https:\/\/www.design-award.cz\/index.php?rest_route=\/wp\/v2\/portfolio\/4158\/revisions\/4242"}],"wp:featuredmedia":[{"embeddable":true,"href":"https:\/\/www.design-award.cz\/index.php?rest_route=\/wp\/v2\/media\/4236"}],"wp:attachment":[{"href":"https:\/\/www.design-award.cz\/index.php?rest_route=%2Fwp%2Fv2%2Fmedia&parent=4158"}],"wp:term":[{"taxonomy":"portfolio_category","embeddable":true,"href":"https:\/\/www.design-award.cz\/index.php?rest_route=%2Fwp%2Fv2%2Fportfolio_category&post=4158"},{"taxonomy":"portfolio_tag","embeddable":true,"href":"https:\/\/www.design-award.cz\/index.php?rest_route=%2Fwp%2Fv2%2Fportfolio_tag&post=4158"}],"curies":[{"name":"wp","href":"https:\/\/api.w.org\/{rel}","templated":true}]}}