{"id":4161,"date":"2024-07-03T12:34:29","date_gmt":"2024-07-03T12:34:29","guid":{"rendered":"https:\/\/www.design-award.cz\/?post_type=portfolio&#038;p=4161"},"modified":"2024-07-03T12:34:30","modified_gmt":"2024-07-03T12:34:30","slug":"verejny-interier-utulna","status":"publish","type":"portfolio","link":"https:\/\/www.design-award.cz\/?portfolio=verejny-interier-utulna","title":{"rendered":"Ve\u0159ejn\u00fd interi\u00e9r &#8211; \u00datulna"},"content":{"rendered":"\n<p><strong>Vojt\u011bch Piroch<\/strong><\/p>\n\n\n\n<p>St\u0159edn\u00ed \u0161kola designu interi\u00e9ru Kate\u0159inky &#8211; Liberec, s.r.o.<\/p>\n\n\n\n<p>Turistick\u00e1 \u00fatulna, kter\u00e1 tvarem vych\u00e1z\u00ed z ter\u00e9nn\u00ed nerovnosti, je tvo\u0159ena dv\u011bma kontejnery sklon\u011bn\u00fdmi pod \u00fahlem 45 stup\u0148\u016f. P\u0159edn\u00ed \u010d\u00e1st \u00fatulny, kter\u00e1 je dostupn\u00e1 \u010deln\u00edm vstupem, obsahuje schodi\u0161t\u011b a 12 kapsl\u00ed pro p\u0159enocov\u00e1n\u00ed ve vlastn\u00edm spac\u00e1ku. Ka\u017ed\u00e1 z kapsl\u00ed je vybaven\u00e1 v\u00fdklopn\u00fdm oknem pro v\u011btr\u00e1n\u00ed. Ve druh\u00e9 \u010d\u00e1sti \u00fatulny se nach\u00e1z\u00ed j\u00eddeln\u00ed z\u00f3na spolu s pultem pro p\u0159\u00edpravu jednoduch\u00e9ho j\u00eddla a celoprosklenou st\u0159echou, kter\u00e1 propou\u0161t\u00ed denn\u00ed sv\u011btlo a vytv\u00e1\u0159\u00ed tak v interi\u00e9ru p\u0159\u00edjemn\u00e9 prost\u0159ed\u00ed. Pod touto spole\u010denskou m\u00edstnost\u00ed je situov\u00e1n samoobslu\u017en\u00fd obchod. Dostupn\u00fd je zven\u010d\u00ed a turist\u016fm poskytuje z\u00e1kladn\u00ed potraviny a balenou vodu. Fas\u00e1da \u00fatulny kombinuje nerezovou ocel se surov\u00fdm perforovan\u00fdm plechem, co\u017e j\u00ed dod\u00e1v\u00e1 modern\u00ed a unik\u00e1tn\u00ed vzhled. Tato inovativn\u00ed \u00fatulna je um\u00edst\u011bna na fiktivn\u00ed ho\u0159e Zweist, a turist\u016fm nab\u00edz\u00ed nejen \u00fakryt, ale i m\u00edsto k odpo\u010dinku a osv\u011b\u017een\u00ed b\u011bhem jejich putov\u00e1n\u00ed.<\/p>\n\n\n\n<p><\/p>\n\n\n\n<figure class=\"wp-block-image size-large\"><img decoding=\"async\" width=\"716\" height=\"1024\" data-src=\"http:\/\/www.design-award.cz\/wp-content\/uploads\/2024\/07\/02-716x1024.png\" alt=\"\" class=\"wp-image-4186 lazyload\" data-srcset=\"https:\/\/www.design-award.cz\/wp-content\/uploads\/2024\/07\/02-716x1024.png 716w, https:\/\/www.design-award.cz\/wp-content\/uploads\/2024\/07\/02-210x300.png 210w, https:\/\/www.design-award.cz\/wp-content\/uploads\/2024\/07\/02-768x1098.png 768w, https:\/\/www.design-award.cz\/wp-content\/uploads\/2024\/07\/02-1075x1536.png 1075w, https:\/\/www.design-award.cz\/wp-content\/uploads\/2024\/07\/02-500x715.png 500w, https:\/\/www.design-award.cz\/wp-content\/uploads\/2024\/07\/02-800x1143.png 800w, https:\/\/www.design-award.cz\/wp-content\/uploads\/2024\/07\/02.png 1181w\" data-sizes=\"(max-width: 716px) 100vw, 716px\" src=\"data:image\/svg+xml;base64,PHN2ZyB3aWR0aD0iMSIgaGVpZ2h0PSIxIiB4bWxucz0iaHR0cDovL3d3dy53My5vcmcvMjAwMC9zdmciPjwvc3ZnPg==\" style=\"--smush-placeholder-width: 716px; --smush-placeholder-aspect-ratio: 716\/1024;\" \/><\/figure>\n\n\n\n<figure class=\"wp-block-image size-large\"><img decoding=\"async\" width=\"891\" height=\"1024\" data-src=\"http:\/\/www.design-award.cz\/wp-content\/uploads\/2024\/07\/03-891x1024.jpg\" alt=\"\" class=\"wp-image-4187 lazyload\" data-srcset=\"https:\/\/www.design-award.cz\/wp-content\/uploads\/2024\/07\/03-891x1024.jpg 891w, https:\/\/www.design-award.cz\/wp-content\/uploads\/2024\/07\/03-261x300.jpg 261w, https:\/\/www.design-award.cz\/wp-content\/uploads\/2024\/07\/03-768x882.jpg 768w, https:\/\/www.design-award.cz\/wp-content\/uploads\/2024\/07\/03-1337x1536.jpg 1337w, https:\/\/www.design-award.cz\/wp-content\/uploads\/2024\/07\/03-1782x2048.jpg 1782w, https:\/\/www.design-award.cz\/wp-content\/uploads\/2024\/07\/03-500x574.jpg 500w, https:\/\/www.design-award.cz\/wp-content\/uploads\/2024\/07\/03-800x919.jpg 800w, https:\/\/www.design-award.cz\/wp-content\/uploads\/2024\/07\/03-1280x1471.jpg 1280w, https:\/\/www.design-award.cz\/wp-content\/uploads\/2024\/07\/03.jpg 1920w\" data-sizes=\"(max-width: 891px) 100vw, 891px\" src=\"data:image\/svg+xml;base64,PHN2ZyB3aWR0aD0iMSIgaGVpZ2h0PSIxIiB4bWxucz0iaHR0cDovL3d3dy53My5vcmcvMjAwMC9zdmciPjwvc3ZnPg==\" style=\"--smush-placeholder-width: 891px; --smush-placeholder-aspect-ratio: 891\/1024;\" \/><\/figure>\n\n\n\n<figure class=\"wp-block-image size-large\"><img decoding=\"async\" width=\"1024\" height=\"576\" data-src=\"http:\/\/www.design-award.cz\/wp-content\/uploads\/2024\/07\/04-1024x576.png\" alt=\"\" class=\"wp-image-4188 lazyload\" data-srcset=\"https:\/\/www.design-award.cz\/wp-content\/uploads\/2024\/07\/04-1024x576.png 1024w, https:\/\/www.design-award.cz\/wp-content\/uploads\/2024\/07\/04-300x169.png 300w, https:\/\/www.design-award.cz\/wp-content\/uploads\/2024\/07\/04-768x432.png 768w, https:\/\/www.design-award.cz\/wp-content\/uploads\/2024\/07\/04-1536x864.png 1536w, https:\/\/www.design-award.cz\/wp-content\/uploads\/2024\/07\/04-500x281.png 500w, https:\/\/www.design-award.cz\/wp-content\/uploads\/2024\/07\/04-800x450.png 800w, https:\/\/www.design-award.cz\/wp-content\/uploads\/2024\/07\/04-1280x720.png 1280w, https:\/\/www.design-award.cz\/wp-content\/uploads\/2024\/07\/04.png 1920w\" data-sizes=\"(max-width: 1024px) 100vw, 1024px\" src=\"data:image\/svg+xml;base64,PHN2ZyB3aWR0aD0iMSIgaGVpZ2h0PSIxIiB4bWxucz0iaHR0cDovL3d3dy53My5vcmcvMjAwMC9zdmciPjwvc3ZnPg==\" style=\"--smush-placeholder-width: 1024px; --smush-placeholder-aspect-ratio: 1024\/576;\" \/><\/figure>\n\n\n\n<figure class=\"wp-block-image size-large\"><img decoding=\"async\" width=\"988\" height=\"1024\" data-src=\"http:\/\/www.design-award.cz\/wp-content\/uploads\/2024\/07\/05-988x1024.jpg\" alt=\"\" class=\"wp-image-4189 lazyload\" data-srcset=\"https:\/\/www.design-award.cz\/wp-content\/uploads\/2024\/07\/05-988x1024.jpg 988w, https:\/\/www.design-award.cz\/wp-content\/uploads\/2024\/07\/05-290x300.jpg 290w, https:\/\/www.design-award.cz\/wp-content\/uploads\/2024\/07\/05-768x796.jpg 768w, https:\/\/www.design-award.cz\/wp-content\/uploads\/2024\/07\/05-1483x1536.jpg 1483w, https:\/\/www.design-award.cz\/wp-content\/uploads\/2024\/07\/05-500x518.jpg 500w, https:\/\/www.design-award.cz\/wp-content\/uploads\/2024\/07\/05-800x829.jpg 800w, https:\/\/www.design-award.cz\/wp-content\/uploads\/2024\/07\/05-1280x1326.jpg 1280w, https:\/\/www.design-award.cz\/wp-content\/uploads\/2024\/07\/05.jpg 1920w\" data-sizes=\"(max-width: 988px) 100vw, 988px\" src=\"data:image\/svg+xml;base64,PHN2ZyB3aWR0aD0iMSIgaGVpZ2h0PSIxIiB4bWxucz0iaHR0cDovL3d3dy53My5vcmcvMjAwMC9zdmciPjwvc3ZnPg==\" style=\"--smush-placeholder-width: 988px; --smush-placeholder-aspect-ratio: 988\/1024;\" \/><\/figure>\n\n\n\n<figure class=\"wp-block-image size-large\"><img decoding=\"async\" width=\"1024\" height=\"572\" data-src=\"http:\/\/www.design-award.cz\/wp-content\/uploads\/2024\/07\/06-1024x572.jpg\" alt=\"\" class=\"wp-image-4190 lazyload\" data-srcset=\"https:\/\/www.design-award.cz\/wp-content\/uploads\/2024\/07\/06-1024x572.jpg 1024w, https:\/\/www.design-award.cz\/wp-content\/uploads\/2024\/07\/06-300x168.jpg 300w, https:\/\/www.design-award.cz\/wp-content\/uploads\/2024\/07\/06-768x429.jpg 768w, https:\/\/www.design-award.cz\/wp-content\/uploads\/2024\/07\/06-500x279.jpg 500w, https:\/\/www.design-award.cz\/wp-content\/uploads\/2024\/07\/06-800x447.jpg 800w, https:\/\/www.design-award.cz\/wp-content\/uploads\/2024\/07\/06-1280x715.jpg 1280w, https:\/\/www.design-award.cz\/wp-content\/uploads\/2024\/07\/06.jpg 1315w\" data-sizes=\"(max-width: 1024px) 100vw, 1024px\" src=\"data:image\/svg+xml;base64,PHN2ZyB3aWR0aD0iMSIgaGVpZ2h0PSIxIiB4bWxucz0iaHR0cDovL3d3dy53My5vcmcvMjAwMC9zdmciPjwvc3ZnPg==\" style=\"--smush-placeholder-width: 1024px; --smush-placeholder-aspect-ratio: 1024\/572;\" \/><\/figure>\n","protected":false},"excerpt":{"rendered":"<p>Vojt\u011bch Piroch St\u0159edn\u00ed \u0161kola designu interi\u00e9ru Kate\u0159inky &#8211; Liberec, s.r.o. Turistick\u00e1 \u00fatulna, kter\u00e1 tvarem vych\u00e1z\u00ed z ter\u00e9nn\u00ed nerovnosti, je tvo\u0159ena dv\u011bma kontejnery sklon\u011bn\u00fdmi pod \u00fahlem 45 stup\u0148\u016f. P\u0159edn\u00ed \u010d\u00e1st \u00fatulny, kter\u00e1 je dostupn\u00e1 \u010deln\u00edm vstupem, obsahuje schodi\u0161t\u011b a 12 kapsl\u00ed pro p\u0159enocov\u00e1n\u00ed ve vlastn\u00edm spac\u00e1ku. Ka\u017ed\u00e1 z kapsl\u00ed je vybaven\u00e1 v\u00fdklopn\u00fdm oknem pro v\u011btr\u00e1n\u00ed. Ve [&hellip;]<\/p>\n","protected":false},"author":2,"featured_media":4185,"menu_order":0,"comment_status":"closed","ping_status":"closed","template":"","format":"standard","meta":{"ngg_post_thumbnail":0,"ocean_post_layout":"","ocean_both_sidebars_style":"","ocean_both_sidebars_content_width":0,"ocean_both_sidebars_sidebars_width":0,"ocean_sidebar":"","ocean_second_sidebar":"","ocean_disable_margins":"enable","ocean_add_body_class":"","ocean_shortcode_before_top_bar":"","ocean_shortcode_after_top_bar":"","ocean_shortcode_before_header":"","ocean_shortcode_after_header":"","ocean_has_shortcode":"","ocean_shortcode_after_title":"","ocean_shortcode_before_footer_widgets":"","ocean_shortcode_after_footer_widgets":"","ocean_shortcode_before_footer_bottom":"","ocean_shortcode_after_footer_bottom":"","ocean_display_top_bar":"default","ocean_display_header":"default","ocean_header_style":"","ocean_center_header_left_menu":"","ocean_custom_header_template":"","ocean_custom_logo":0,"ocean_custom_retina_logo":0,"ocean_custom_logo_max_width":0,"ocean_custom_logo_tablet_max_width":0,"ocean_custom_logo_mobile_max_width":0,"ocean_custom_logo_max_height":0,"ocean_custom_logo_tablet_max_height":0,"ocean_custom_logo_mobile_max_height":0,"ocean_header_custom_menu":"","ocean_menu_typo_font_family":"","ocean_menu_typo_font_subset":"","ocean_menu_typo_font_size":0,"ocean_menu_typo_font_size_tablet":0,"ocean_menu_typo_font_size_mobile":0,"ocean_menu_typo_font_size_unit":"px","ocean_menu_typo_font_weight":"","ocean_menu_typo_font_weight_tablet":"","ocean_menu_typo_font_weight_mobile":"","ocean_menu_typo_transform":"","ocean_menu_typo_transform_tablet":"","ocean_menu_typo_transform_mobile":"","ocean_menu_typo_line_height":0,"ocean_menu_typo_line_height_tablet":0,"ocean_menu_typo_line_height_mobile":0,"ocean_menu_typo_line_height_unit":"","ocean_menu_typo_spacing":0,"ocean_menu_typo_spacing_tablet":0,"ocean_menu_typo_spacing_mobile":0,"ocean_menu_typo_spacing_unit":"","ocean_menu_link_color":"","ocean_menu_link_color_hover":"","ocean_menu_link_color_active":"","ocean_menu_link_background":"","ocean_menu_link_hover_background":"","ocean_menu_link_active_background":"","ocean_menu_social_links_bg":"","ocean_menu_social_hover_links_bg":"","ocean_menu_social_links_color":"","ocean_menu_social_hover_links_color":"","ocean_disable_title":"default","ocean_disable_heading":"default","ocean_post_title":"","ocean_post_subheading":"","ocean_post_title_style":"","ocean_post_title_background_color":"","ocean_post_title_background":0,"ocean_post_title_bg_image_position":"","ocean_post_title_bg_image_attachment":"","ocean_post_title_bg_image_repeat":"","ocean_post_title_bg_image_size":"","ocean_post_title_height":0,"ocean_post_title_bg_overlay":0.5,"ocean_post_title_bg_overlay_color":"","ocean_disable_breadcrumbs":"default","ocean_breadcrumbs_color":"","ocean_breadcrumbs_separator_color":"","ocean_breadcrumbs_links_color":"","ocean_breadcrumbs_links_hover_color":"","ocean_display_footer_widgets":"default","ocean_display_footer_bottom":"default","ocean_custom_footer_template":"","_vp_format_video_url":"","_vp_image_focal_point":[],"footnotes":""},"portfolio_category":[],"portfolio_tag":[],"class_list":["post-4161","portfolio","type-portfolio","status-publish","format-standard","has-post-thumbnail","hentry","entry","has-media"],"yoast_head":"<!-- This site is optimized with the Yoast SEO plugin v25.2 - https:\/\/yoast.com\/wordpress\/plugins\/seo\/ -->\n<title>Ve\u0159ejn\u00fd interi\u00e9r - \u00datulna - design-award.cz<\/title>\n<meta name=\"robots\" content=\"index, follow, max-snippet:-1, max-image-preview:large, max-video-preview:-1\" \/>\n<link rel=\"canonical\" href=\"https:\/\/www.design-award.cz\/?portfolio=verejny-interier-utulna\" \/>\n<meta property=\"og:locale\" content=\"cs_CZ\" \/>\n<meta property=\"og:type\" content=\"article\" \/>\n<meta property=\"og:title\" content=\"Ve\u0159ejn\u00fd interi\u00e9r - \u00datulna - design-award.cz\" \/>\n<meta property=\"og:description\" content=\"Vojt\u011bch Piroch St\u0159edn\u00ed \u0161kola designu interi\u00e9ru Kate\u0159inky &#8211; Liberec, s.r.o. Turistick\u00e1 \u00fatulna, kter\u00e1 tvarem vych\u00e1z\u00ed z ter\u00e9nn\u00ed nerovnosti, je tvo\u0159ena dv\u011bma kontejnery sklon\u011bn\u00fdmi pod \u00fahlem 45 stup\u0148\u016f. P\u0159edn\u00ed \u010d\u00e1st \u00fatulny, kter\u00e1 je dostupn\u00e1 \u010deln\u00edm vstupem, obsahuje schodi\u0161t\u011b a 12 kapsl\u00ed pro p\u0159enocov\u00e1n\u00ed ve vlastn\u00edm spac\u00e1ku. Ka\u017ed\u00e1 z kapsl\u00ed je vybaven\u00e1 v\u00fdklopn\u00fdm oknem pro v\u011btr\u00e1n\u00ed. Ve [&hellip;]\" \/>\n<meta property=\"og:url\" content=\"https:\/\/www.design-award.cz\/?portfolio=verejny-interier-utulna\" \/>\n<meta property=\"og:site_name\" content=\"design-award.cz\" \/>\n<meta property=\"article:modified_time\" content=\"2024-07-03T12:34:30+00:00\" \/>\n<meta property=\"og:image\" content=\"http:\/\/www.design-award.cz\/wp-content\/uploads\/2024\/07\/01-1024x576.png\" \/>\n\t<meta property=\"og:image:width\" content=\"1024\" \/>\n\t<meta property=\"og:image:height\" content=\"576\" \/>\n\t<meta property=\"og:image:type\" content=\"image\/png\" \/>\n<meta name=\"twitter:card\" content=\"summary_large_image\" \/>\n<meta name=\"twitter:label1\" content=\"Odhadovan\u00e1 doba \u010dten\u00ed\" \/>\n\t<meta name=\"twitter:data1\" content=\"1 minuta\" \/>\n<script type=\"application\/ld+json\" class=\"yoast-schema-graph\">{\"@context\":\"https:\/\/schema.org\",\"@graph\":[{\"@type\":\"WebPage\",\"@id\":\"https:\/\/www.design-award.cz\/?portfolio=verejny-interier-utulna\",\"url\":\"https:\/\/www.design-award.cz\/?portfolio=verejny-interier-utulna\",\"name\":\"Ve\u0159ejn\u00fd interi\u00e9r - \u00datulna - design-award.cz\",\"isPartOf\":{\"@id\":\"https:\/\/www.design-award.cz\/#website\"},\"primaryImageOfPage\":{\"@id\":\"https:\/\/www.design-award.cz\/?portfolio=verejny-interier-utulna#primaryimage\"},\"image\":{\"@id\":\"https:\/\/www.design-award.cz\/?portfolio=verejny-interier-utulna#primaryimage\"},\"thumbnailUrl\":\"https:\/\/www.design-award.cz\/wp-content\/uploads\/2024\/07\/01.png\",\"datePublished\":\"2024-07-03T12:34:29+00:00\",\"dateModified\":\"2024-07-03T12:34:30+00:00\",\"breadcrumb\":{\"@id\":\"https:\/\/www.design-award.cz\/?portfolio=verejny-interier-utulna#breadcrumb\"},\"inLanguage\":\"cs\",\"potentialAction\":[{\"@type\":\"ReadAction\",\"target\":[\"https:\/\/www.design-award.cz\/?portfolio=verejny-interier-utulna\"]}]},{\"@type\":\"ImageObject\",\"inLanguage\":\"cs\",\"@id\":\"https:\/\/www.design-award.cz\/?portfolio=verejny-interier-utulna#primaryimage\",\"url\":\"https:\/\/www.design-award.cz\/wp-content\/uploads\/2024\/07\/01.png\",\"contentUrl\":\"https:\/\/www.design-award.cz\/wp-content\/uploads\/2024\/07\/01.png\",\"width\":1920,\"height\":1080},{\"@type\":\"BreadcrumbList\",\"@id\":\"https:\/\/www.design-award.cz\/?portfolio=verejny-interier-utulna#breadcrumb\",\"itemListElement\":[{\"@type\":\"ListItem\",\"position\":1,\"name\":\"Dom\u016f\",\"item\":\"https:\/\/www.design-award.cz\/\"},{\"@type\":\"ListItem\",\"position\":2,\"name\":\"Portfolio Items\",\"item\":\"https:\/\/www.design-award.cz\/?post_type=portfolio\"},{\"@type\":\"ListItem\",\"position\":3,\"name\":\"Ve\u0159ejn\u00fd interi\u00e9r &#8211; \u00datulna\"}]},{\"@type\":\"WebSite\",\"@id\":\"https:\/\/www.design-award.cz\/#website\",\"url\":\"https:\/\/www.design-award.cz\/\",\"name\":\"design-award.cz\",\"description\":\"WARD vznikla v roce 2022. Je ur\u010dena p\u0159edev\u0161\u00edm student\u016fm st\u0159edn\u00edch um\u011bleck\u00fdch \u0161kol (S\u0160 a VO\u0160), kte\u0159\u00ed mohou bezplatn\u011b zaslat sv\u00e9 n\u00e1vrhy v uveden\u00fdch kategori\u00ed a tak pom\u011b\u0159it sv\u00e9 n\u00e1pady s konkurenc\u00ed sv\u00fdch vrstevn\u00edk\u016f. N\u00e1vrhy jsou n\u00e1sledn\u011b posouzeny nez\u00e1vislou porotou z \u0159ad v\u00fdtvarn\u00edk\u016f, pedagog\u016f a profesion\u00e1l\u016f z oboru.\",\"publisher\":{\"@id\":\"https:\/\/www.design-award.cz\/#organization\"},\"potentialAction\":[{\"@type\":\"SearchAction\",\"target\":{\"@type\":\"EntryPoint\",\"urlTemplate\":\"https:\/\/www.design-award.cz\/?s={search_term_string}\"},\"query-input\":{\"@type\":\"PropertyValueSpecification\",\"valueRequired\":true,\"valueName\":\"search_term_string\"}}],\"inLanguage\":\"cs\"},{\"@type\":\"Organization\",\"@id\":\"https:\/\/www.design-award.cz\/#organization\",\"name\":\"Design Award\",\"url\":\"https:\/\/www.design-award.cz\/\",\"logo\":{\"@type\":\"ImageObject\",\"inLanguage\":\"cs\",\"@id\":\"https:\/\/www.design-award.cz\/#\/schema\/logo\/image\/\",\"url\":\"http:\/\/www.design-award.cz\/wp-content\/uploads\/2021\/12\/hornilogo_design-award.png\",\"contentUrl\":\"http:\/\/www.design-award.cz\/wp-content\/uploads\/2021\/12\/hornilogo_design-award.png\",\"width\":800,\"height\":600,\"caption\":\"Design Award\"},\"image\":{\"@id\":\"https:\/\/www.design-award.cz\/#\/schema\/logo\/image\/\"},\"sameAs\":[\"https:\/\/www.instagram.com\/design_award\/\"]}]}<\/script>\n<!-- \/ Yoast SEO plugin. -->","yoast_head_json":{"title":"Ve\u0159ejn\u00fd interi\u00e9r - \u00datulna - design-award.cz","robots":{"index":"index","follow":"follow","max-snippet":"max-snippet:-1","max-image-preview":"max-image-preview:large","max-video-preview":"max-video-preview:-1"},"canonical":"https:\/\/www.design-award.cz\/?portfolio=verejny-interier-utulna","og_locale":"cs_CZ","og_type":"article","og_title":"Ve\u0159ejn\u00fd interi\u00e9r - \u00datulna - design-award.cz","og_description":"Vojt\u011bch Piroch St\u0159edn\u00ed \u0161kola designu interi\u00e9ru Kate\u0159inky &#8211; Liberec, s.r.o. Turistick\u00e1 \u00fatulna, kter\u00e1 tvarem vych\u00e1z\u00ed z ter\u00e9nn\u00ed nerovnosti, je tvo\u0159ena dv\u011bma kontejnery sklon\u011bn\u00fdmi pod \u00fahlem 45 stup\u0148\u016f. P\u0159edn\u00ed \u010d\u00e1st \u00fatulny, kter\u00e1 je dostupn\u00e1 \u010deln\u00edm vstupem, obsahuje schodi\u0161t\u011b a 12 kapsl\u00ed pro p\u0159enocov\u00e1n\u00ed ve vlastn\u00edm spac\u00e1ku. Ka\u017ed\u00e1 z kapsl\u00ed je vybaven\u00e1 v\u00fdklopn\u00fdm oknem pro v\u011btr\u00e1n\u00ed. Ve [&hellip;]","og_url":"https:\/\/www.design-award.cz\/?portfolio=verejny-interier-utulna","og_site_name":"design-award.cz","article_modified_time":"2024-07-03T12:34:30+00:00","og_image":[{"width":1024,"height":576,"url":"http:\/\/www.design-award.cz\/wp-content\/uploads\/2024\/07\/01-1024x576.png","type":"image\/png"}],"twitter_card":"summary_large_image","twitter_misc":{"Odhadovan\u00e1 doba \u010dten\u00ed":"1 minuta"},"schema":{"@context":"https:\/\/schema.org","@graph":[{"@type":"WebPage","@id":"https:\/\/www.design-award.cz\/?portfolio=verejny-interier-utulna","url":"https:\/\/www.design-award.cz\/?portfolio=verejny-interier-utulna","name":"Ve\u0159ejn\u00fd interi\u00e9r - \u00datulna - design-award.cz","isPartOf":{"@id":"https:\/\/www.design-award.cz\/#website"},"primaryImageOfPage":{"@id":"https:\/\/www.design-award.cz\/?portfolio=verejny-interier-utulna#primaryimage"},"image":{"@id":"https:\/\/www.design-award.cz\/?portfolio=verejny-interier-utulna#primaryimage"},"thumbnailUrl":"https:\/\/www.design-award.cz\/wp-content\/uploads\/2024\/07\/01.png","datePublished":"2024-07-03T12:34:29+00:00","dateModified":"2024-07-03T12:34:30+00:00","breadcrumb":{"@id":"https:\/\/www.design-award.cz\/?portfolio=verejny-interier-utulna#breadcrumb"},"inLanguage":"cs","potentialAction":[{"@type":"ReadAction","target":["https:\/\/www.design-award.cz\/?portfolio=verejny-interier-utulna"]}]},{"@type":"ImageObject","inLanguage":"cs","@id":"https:\/\/www.design-award.cz\/?portfolio=verejny-interier-utulna#primaryimage","url":"https:\/\/www.design-award.cz\/wp-content\/uploads\/2024\/07\/01.png","contentUrl":"https:\/\/www.design-award.cz\/wp-content\/uploads\/2024\/07\/01.png","width":1920,"height":1080},{"@type":"BreadcrumbList","@id":"https:\/\/www.design-award.cz\/?portfolio=verejny-interier-utulna#breadcrumb","itemListElement":[{"@type":"ListItem","position":1,"name":"Dom\u016f","item":"https:\/\/www.design-award.cz\/"},{"@type":"ListItem","position":2,"name":"Portfolio Items","item":"https:\/\/www.design-award.cz\/?post_type=portfolio"},{"@type":"ListItem","position":3,"name":"Ve\u0159ejn\u00fd interi\u00e9r &#8211; \u00datulna"}]},{"@type":"WebSite","@id":"https:\/\/www.design-award.cz\/#website","url":"https:\/\/www.design-award.cz\/","name":"design-award.cz","description":"WARD vznikla v roce 2022. Je ur\u010dena p\u0159edev\u0161\u00edm student\u016fm st\u0159edn\u00edch um\u011bleck\u00fdch \u0161kol (S\u0160 a VO\u0160), kte\u0159\u00ed mohou bezplatn\u011b zaslat sv\u00e9 n\u00e1vrhy v uveden\u00fdch kategori\u00ed a tak pom\u011b\u0159it sv\u00e9 n\u00e1pady s konkurenc\u00ed sv\u00fdch vrstevn\u00edk\u016f. N\u00e1vrhy jsou n\u00e1sledn\u011b posouzeny nez\u00e1vislou porotou z \u0159ad v\u00fdtvarn\u00edk\u016f, pedagog\u016f a profesion\u00e1l\u016f z oboru.","publisher":{"@id":"https:\/\/www.design-award.cz\/#organization"},"potentialAction":[{"@type":"SearchAction","target":{"@type":"EntryPoint","urlTemplate":"https:\/\/www.design-award.cz\/?s={search_term_string}"},"query-input":{"@type":"PropertyValueSpecification","valueRequired":true,"valueName":"search_term_string"}}],"inLanguage":"cs"},{"@type":"Organization","@id":"https:\/\/www.design-award.cz\/#organization","name":"Design Award","url":"https:\/\/www.design-award.cz\/","logo":{"@type":"ImageObject","inLanguage":"cs","@id":"https:\/\/www.design-award.cz\/#\/schema\/logo\/image\/","url":"http:\/\/www.design-award.cz\/wp-content\/uploads\/2021\/12\/hornilogo_design-award.png","contentUrl":"http:\/\/www.design-award.cz\/wp-content\/uploads\/2021\/12\/hornilogo_design-award.png","width":800,"height":600,"caption":"Design Award"},"image":{"@id":"https:\/\/www.design-award.cz\/#\/schema\/logo\/image\/"},"sameAs":["https:\/\/www.instagram.com\/design_award\/"]}]}},"_links":{"self":[{"href":"https:\/\/www.design-award.cz\/index.php?rest_route=\/wp\/v2\/portfolio\/4161","targetHints":{"allow":["GET"]}}],"collection":[{"href":"https:\/\/www.design-award.cz\/index.php?rest_route=\/wp\/v2\/portfolio"}],"about":[{"href":"https:\/\/www.design-award.cz\/index.php?rest_route=\/wp\/v2\/types\/portfolio"}],"author":[{"embeddable":true,"href":"https:\/\/www.design-award.cz\/index.php?rest_route=\/wp\/v2\/users\/2"}],"replies":[{"embeddable":true,"href":"https:\/\/www.design-award.cz\/index.php?rest_route=%2Fwp%2Fv2%2Fcomments&post=4161"}],"version-history":[{"count":1,"href":"https:\/\/www.design-award.cz\/index.php?rest_route=\/wp\/v2\/portfolio\/4161\/revisions"}],"predecessor-version":[{"id":4191,"href":"https:\/\/www.design-award.cz\/index.php?rest_route=\/wp\/v2\/portfolio\/4161\/revisions\/4191"}],"wp:featuredmedia":[{"embeddable":true,"href":"https:\/\/www.design-award.cz\/index.php?rest_route=\/wp\/v2\/media\/4185"}],"wp:attachment":[{"href":"https:\/\/www.design-award.cz\/index.php?rest_route=%2Fwp%2Fv2%2Fmedia&parent=4161"}],"wp:term":[{"taxonomy":"portfolio_category","embeddable":true,"href":"https:\/\/www.design-award.cz\/index.php?rest_route=%2Fwp%2Fv2%2Fportfolio_category&post=4161"},{"taxonomy":"portfolio_tag","embeddable":true,"href":"https:\/\/www.design-award.cz\/index.php?rest_route=%2Fwp%2Fv2%2Fportfolio_tag&post=4161"}],"curies":[{"name":"wp","href":"https:\/\/api.w.org\/{rel}","templated":true}]}}