{"id":4162,"date":"2024-07-03T12:46:40","date_gmt":"2024-07-03T12:46:40","guid":{"rendered":"https:\/\/www.design-award.cz\/?post_type=portfolio&#038;p=4162"},"modified":"2024-07-03T12:46:51","modified_gmt":"2024-07-03T12:46:51","slug":"produktovy-design-sada-interierovych-doplnku-balance","status":"publish","type":"portfolio","link":"https:\/\/www.design-award.cz\/?portfolio=produktovy-design-sada-interierovych-doplnku-balance","title":{"rendered":"Produktov\u00fd design &#8211; Sada interi\u00e9rov\u00fdch dopl\u0148k\u016f Balance"},"content":{"rendered":"\n<p><strong>Luk\u00e1\u0161 Havrda<\/strong><\/p>\n\n\n\n<p>St\u0159edn\u00ed um\u011bleckopr\u016fmyslov\u00e1 a vy\u0161\u0161\u00ed odborn\u00e1 \u0161kola Turnov<\/p>\n\n\n\n<p>Jedn\u00e1 se o sadu interi\u00e9rov\u00fdch dopl\u0148k\u016f, tvo\u0159enou z v\u00e1zy a dvou lamp. Ka\u017ed\u00fd z t\u011bchto p\u0159edm\u011bt\u016f je z kovu, konkr\u00e9tn\u011b v\u00e1za je zpracov\u00e1na z mosazi a dvojice lamp je vyrobena z bronzu.<br>Inspirac\u00ed na design v\u0161ech t\u011bchto p\u0159edm\u011bt\u016f mi byl sport, kter\u00fd se v dne\u0161n\u00ed dob\u011b st\u00e1v\u00e1 st\u00e1le vet\u0161\u00edm a v\u011bt\u0161\u00edm trendem. Re\u010d je o balanci kamen\u016f ze kter\u00fdch jsem p\u0159evzal motiv jednotliv\u00fdch kamenn\u00fdch v\u011b\u017ei\u010dek. Zde jsem u\u017e pouze vyu\u017eil geometrizaci a zvolil kov jako materi\u00e1l ze kter\u00e9ho budou v\u0161echny t\u0159i p\u0159edm\u011bty vytvo\u0159eny. Hlavn\u00ed velk\u00e9 rozd\u00edly mezi malou a velkou lampou jsou velikost, mohutnost, monumentalita a funkce sv\u011btla. Mezit\u00edm co mal\u00e1 lampa je zam\u00fd\u0161lena jako stoln\u00ed lampa, tak velk\u00e1 lampa je ur\u010dena na vytvo\u0159en\u00ed atmosf\u00e9ry v m\u00edstnosti tak aby ka\u017ed\u00fd poci\u0165oval jin\u00e9 emoce. Povrch velk\u00e9 lampy je mimo jin\u00e9 obm\u011bn\u011bn epoxidov\u00fdmi desti\u010dkami p\u0159es kter\u00e9 vych\u00e1z\u00ed sv\u011bteln\u00fd paprsek z vnit\u0159ku lampy.<\/p>\n\n\n\n<figure class=\"wp-block-image size-large\"><img decoding=\"async\" width=\"1024\" height=\"875\" data-src=\"http:\/\/www.design-award.cz\/wp-content\/uploads\/2024\/07\/C6CA8DA2-1358-4C0D-8F78-5779A65F1CA9-1024x875.png\" alt=\"\" class=\"wp-image-4193 lazyload\" data-srcset=\"https:\/\/www.design-award.cz\/wp-content\/uploads\/2024\/07\/C6CA8DA2-1358-4C0D-8F78-5779A65F1CA9-1024x875.png 1024w, https:\/\/www.design-award.cz\/wp-content\/uploads\/2024\/07\/C6CA8DA2-1358-4C0D-8F78-5779A65F1CA9-300x256.png 300w, https:\/\/www.design-award.cz\/wp-content\/uploads\/2024\/07\/C6CA8DA2-1358-4C0D-8F78-5779A65F1CA9-768x657.png 768w, https:\/\/www.design-award.cz\/wp-content\/uploads\/2024\/07\/C6CA8DA2-1358-4C0D-8F78-5779A65F1CA9-500x427.png 500w, https:\/\/www.design-award.cz\/wp-content\/uploads\/2024\/07\/C6CA8DA2-1358-4C0D-8F78-5779A65F1CA9-800x684.png 800w, https:\/\/www.design-award.cz\/wp-content\/uploads\/2024\/07\/C6CA8DA2-1358-4C0D-8F78-5779A65F1CA9-1280x1094.png 1280w, https:\/\/www.design-award.cz\/wp-content\/uploads\/2024\/07\/C6CA8DA2-1358-4C0D-8F78-5779A65F1CA9.png 1440w\" data-sizes=\"(max-width: 1024px) 100vw, 1024px\" src=\"data:image\/svg+xml;base64,PHN2ZyB3aWR0aD0iMSIgaGVpZ2h0PSIxIiB4bWxucz0iaHR0cDovL3d3dy53My5vcmcvMjAwMC9zdmciPjwvc3ZnPg==\" style=\"--smush-placeholder-width: 1024px; --smush-placeholder-aspect-ratio: 1024\/875;\" \/><\/figure>\n\n\n\n<figure class=\"wp-block-image size-large\"><img decoding=\"async\" width=\"724\" height=\"1024\" data-src=\"http:\/\/www.design-award.cz\/wp-content\/uploads\/2024\/07\/Rozmery-dila-oprava.pdf-1-724x1024.png\" alt=\"\" class=\"wp-image-4195 lazyload\" data-srcset=\"https:\/\/www.design-award.cz\/wp-content\/uploads\/2024\/07\/Rozmery-dila-oprava.pdf-1-724x1024.png 724w, https:\/\/www.design-award.cz\/wp-content\/uploads\/2024\/07\/Rozmery-dila-oprava.pdf-1-212x300.png 212w, https:\/\/www.design-award.cz\/wp-content\/uploads\/2024\/07\/Rozmery-dila-oprava.pdf-1-768x1086.png 768w, https:\/\/www.design-award.cz\/wp-content\/uploads\/2024\/07\/Rozmery-dila-oprava.pdf-1-1086x1536.png 1086w, https:\/\/www.design-award.cz\/wp-content\/uploads\/2024\/07\/Rozmery-dila-oprava.pdf-1-500x707.png 500w, https:\/\/www.design-award.cz\/wp-content\/uploads\/2024\/07\/Rozmery-dila-oprava.pdf-1-800x1132.png 800w, https:\/\/www.design-award.cz\/wp-content\/uploads\/2024\/07\/Rozmery-dila-oprava.pdf-1-1280x1810.png 1280w, https:\/\/www.design-award.cz\/wp-content\/uploads\/2024\/07\/Rozmery-dila-oprava.pdf-1.png 1414w\" data-sizes=\"(max-width: 724px) 100vw, 724px\" src=\"data:image\/svg+xml;base64,PHN2ZyB3aWR0aD0iMSIgaGVpZ2h0PSIxIiB4bWxucz0iaHR0cDovL3d3dy53My5vcmcvMjAwMC9zdmciPjwvc3ZnPg==\" style=\"--smush-placeholder-width: 724px; --smush-placeholder-aspect-ratio: 724\/1024;\" \/><\/figure>\n","protected":false},"excerpt":{"rendered":"<p>Luk\u00e1\u0161 Havrda St\u0159edn\u00ed um\u011bleckopr\u016fmyslov\u00e1 a vy\u0161\u0161\u00ed odborn\u00e1 \u0161kola Turnov Jedn\u00e1 se o sadu interi\u00e9rov\u00fdch dopl\u0148k\u016f, tvo\u0159enou z v\u00e1zy a dvou lamp. Ka\u017ed\u00fd z t\u011bchto p\u0159edm\u011bt\u016f je z kovu, konkr\u00e9tn\u011b v\u00e1za je zpracov\u00e1na z mosazi a dvojice lamp je vyrobena z bronzu.Inspirac\u00ed na design v\u0161ech t\u011bchto p\u0159edm\u011bt\u016f mi byl sport, kter\u00fd se v dne\u0161n\u00ed dob\u011b st\u00e1v\u00e1 [&hellip;]<\/p>\n","protected":false},"author":2,"featured_media":4192,"menu_order":0,"comment_status":"closed","ping_status":"closed","template":"","format":"standard","meta":{"ngg_post_thumbnail":0,"ocean_post_layout":"","ocean_both_sidebars_style":"","ocean_both_sidebars_content_width":0,"ocean_both_sidebars_sidebars_width":0,"ocean_sidebar":"","ocean_second_sidebar":"","ocean_disable_margins":"enable","ocean_add_body_class":"","ocean_shortcode_before_top_bar":"","ocean_shortcode_after_top_bar":"","ocean_shortcode_before_header":"","ocean_shortcode_after_header":"","ocean_has_shortcode":"","ocean_shortcode_after_title":"","ocean_shortcode_before_footer_widgets":"","ocean_shortcode_after_footer_widgets":"","ocean_shortcode_before_footer_bottom":"","ocean_shortcode_after_footer_bottom":"","ocean_display_top_bar":"default","ocean_display_header":"default","ocean_header_style":"","ocean_center_header_left_menu":"","ocean_custom_header_template":"","ocean_custom_logo":0,"ocean_custom_retina_logo":0,"ocean_custom_logo_max_width":0,"ocean_custom_logo_tablet_max_width":0,"ocean_custom_logo_mobile_max_width":0,"ocean_custom_logo_max_height":0,"ocean_custom_logo_tablet_max_height":0,"ocean_custom_logo_mobile_max_height":0,"ocean_header_custom_menu":"","ocean_menu_typo_font_family":"","ocean_menu_typo_font_subset":"","ocean_menu_typo_font_size":0,"ocean_menu_typo_font_size_tablet":0,"ocean_menu_typo_font_size_mobile":0,"ocean_menu_typo_font_size_unit":"px","ocean_menu_typo_font_weight":"","ocean_menu_typo_font_weight_tablet":"","ocean_menu_typo_font_weight_mobile":"","ocean_menu_typo_transform":"","ocean_menu_typo_transform_tablet":"","ocean_menu_typo_transform_mobile":"","ocean_menu_typo_line_height":0,"ocean_menu_typo_line_height_tablet":0,"ocean_menu_typo_line_height_mobile":0,"ocean_menu_typo_line_height_unit":"","ocean_menu_typo_spacing":0,"ocean_menu_typo_spacing_tablet":0,"ocean_menu_typo_spacing_mobile":0,"ocean_menu_typo_spacing_unit":"","ocean_menu_link_color":"","ocean_menu_link_color_hover":"","ocean_menu_link_color_active":"","ocean_menu_link_background":"","ocean_menu_link_hover_background":"","ocean_menu_link_active_background":"","ocean_menu_social_links_bg":"","ocean_menu_social_hover_links_bg":"","ocean_menu_social_links_color":"","ocean_menu_social_hover_links_color":"","ocean_disable_title":"default","ocean_disable_heading":"default","ocean_post_title":"","ocean_post_subheading":"","ocean_post_title_style":"","ocean_post_title_background_color":"","ocean_post_title_background":0,"ocean_post_title_bg_image_position":"","ocean_post_title_bg_image_attachment":"","ocean_post_title_bg_image_repeat":"","ocean_post_title_bg_image_size":"","ocean_post_title_height":0,"ocean_post_title_bg_overlay":0.5,"ocean_post_title_bg_overlay_color":"","ocean_disable_breadcrumbs":"default","ocean_breadcrumbs_color":"","ocean_breadcrumbs_separator_color":"","ocean_breadcrumbs_links_color":"","ocean_breadcrumbs_links_hover_color":"","ocean_display_footer_widgets":"default","ocean_display_footer_bottom":"default","ocean_custom_footer_template":"","_vp_format_video_url":"","_vp_image_focal_point":[],"footnotes":""},"portfolio_category":[],"portfolio_tag":[],"class_list":["post-4162","portfolio","type-portfolio","status-publish","format-standard","has-post-thumbnail","hentry","entry","has-media"],"yoast_head":"<!-- This site is optimized with the Yoast SEO plugin v25.2 - https:\/\/yoast.com\/wordpress\/plugins\/seo\/ -->\n<title>Produktov\u00fd design - Sada interi\u00e9rov\u00fdch dopl\u0148k\u016f Balance - design-award.cz<\/title>\n<meta name=\"robots\" content=\"index, follow, max-snippet:-1, max-image-preview:large, max-video-preview:-1\" \/>\n<link rel=\"canonical\" href=\"https:\/\/www.design-award.cz\/?portfolio=produktovy-design-sada-interierovych-doplnku-balance\" \/>\n<meta property=\"og:locale\" content=\"cs_CZ\" \/>\n<meta property=\"og:type\" content=\"article\" \/>\n<meta property=\"og:title\" content=\"Produktov\u00fd design - Sada interi\u00e9rov\u00fdch dopl\u0148k\u016f Balance - design-award.cz\" \/>\n<meta property=\"og:description\" content=\"Luk\u00e1\u0161 Havrda St\u0159edn\u00ed um\u011bleckopr\u016fmyslov\u00e1 a vy\u0161\u0161\u00ed odborn\u00e1 \u0161kola Turnov Jedn\u00e1 se o sadu interi\u00e9rov\u00fdch dopl\u0148k\u016f, tvo\u0159enou z v\u00e1zy a dvou lamp. Ka\u017ed\u00fd z t\u011bchto p\u0159edm\u011bt\u016f je z kovu, konkr\u00e9tn\u011b v\u00e1za je zpracov\u00e1na z mosazi a dvojice lamp je vyrobena z bronzu.Inspirac\u00ed na design v\u0161ech t\u011bchto p\u0159edm\u011bt\u016f mi byl sport, kter\u00fd se v dne\u0161n\u00ed dob\u011b st\u00e1v\u00e1 [&hellip;]\" \/>\n<meta property=\"og:url\" content=\"https:\/\/www.design-award.cz\/?portfolio=produktovy-design-sada-interierovych-doplnku-balance\" \/>\n<meta property=\"og:site_name\" content=\"design-award.cz\" \/>\n<meta property=\"article:modified_time\" content=\"2024-07-03T12:46:51+00:00\" \/>\n<meta property=\"og:image\" content=\"http:\/\/www.design-award.cz\/wp-content\/uploads\/2024\/07\/0D70A016-5418-4D01-88E0-4A3B5F96A8CF.png\" \/>\n\t<meta property=\"og:image:width\" content=\"1440\" \/>\n\t<meta property=\"og:image:height\" content=\"1231\" \/>\n\t<meta property=\"og:image:type\" content=\"image\/png\" \/>\n<meta name=\"twitter:card\" content=\"summary_large_image\" \/>\n<meta name=\"twitter:label1\" content=\"Odhadovan\u00e1 doba \u010dten\u00ed\" \/>\n\t<meta name=\"twitter:data1\" content=\"1 minuta\" \/>\n<script type=\"application\/ld+json\" class=\"yoast-schema-graph\">{\"@context\":\"https:\/\/schema.org\",\"@graph\":[{\"@type\":\"WebPage\",\"@id\":\"https:\/\/www.design-award.cz\/?portfolio=produktovy-design-sada-interierovych-doplnku-balance\",\"url\":\"https:\/\/www.design-award.cz\/?portfolio=produktovy-design-sada-interierovych-doplnku-balance\",\"name\":\"Produktov\u00fd design - Sada interi\u00e9rov\u00fdch dopl\u0148k\u016f Balance - design-award.cz\",\"isPartOf\":{\"@id\":\"https:\/\/www.design-award.cz\/#website\"},\"primaryImageOfPage\":{\"@id\":\"https:\/\/www.design-award.cz\/?portfolio=produktovy-design-sada-interierovych-doplnku-balance#primaryimage\"},\"image\":{\"@id\":\"https:\/\/www.design-award.cz\/?portfolio=produktovy-design-sada-interierovych-doplnku-balance#primaryimage\"},\"thumbnailUrl\":\"https:\/\/www.design-award.cz\/wp-content\/uploads\/2024\/07\/0D70A016-5418-4D01-88E0-4A3B5F96A8CF.png\",\"datePublished\":\"2024-07-03T12:46:40+00:00\",\"dateModified\":\"2024-07-03T12:46:51+00:00\",\"breadcrumb\":{\"@id\":\"https:\/\/www.design-award.cz\/?portfolio=produktovy-design-sada-interierovych-doplnku-balance#breadcrumb\"},\"inLanguage\":\"cs\",\"potentialAction\":[{\"@type\":\"ReadAction\",\"target\":[\"https:\/\/www.design-award.cz\/?portfolio=produktovy-design-sada-interierovych-doplnku-balance\"]}]},{\"@type\":\"ImageObject\",\"inLanguage\":\"cs\",\"@id\":\"https:\/\/www.design-award.cz\/?portfolio=produktovy-design-sada-interierovych-doplnku-balance#primaryimage\",\"url\":\"https:\/\/www.design-award.cz\/wp-content\/uploads\/2024\/07\/0D70A016-5418-4D01-88E0-4A3B5F96A8CF.png\",\"contentUrl\":\"https:\/\/www.design-award.cz\/wp-content\/uploads\/2024\/07\/0D70A016-5418-4D01-88E0-4A3B5F96A8CF.png\",\"width\":1440,\"height\":1231},{\"@type\":\"BreadcrumbList\",\"@id\":\"https:\/\/www.design-award.cz\/?portfolio=produktovy-design-sada-interierovych-doplnku-balance#breadcrumb\",\"itemListElement\":[{\"@type\":\"ListItem\",\"position\":1,\"name\":\"Dom\u016f\",\"item\":\"https:\/\/www.design-award.cz\/\"},{\"@type\":\"ListItem\",\"position\":2,\"name\":\"Portfolio Items\",\"item\":\"https:\/\/www.design-award.cz\/?post_type=portfolio\"},{\"@type\":\"ListItem\",\"position\":3,\"name\":\"Produktov\u00fd design &#8211; Sada interi\u00e9rov\u00fdch dopl\u0148k\u016f Balance\"}]},{\"@type\":\"WebSite\",\"@id\":\"https:\/\/www.design-award.cz\/#website\",\"url\":\"https:\/\/www.design-award.cz\/\",\"name\":\"design-award.cz\",\"description\":\"WARD vznikla v roce 2022. Je ur\u010dena p\u0159edev\u0161\u00edm student\u016fm st\u0159edn\u00edch um\u011bleck\u00fdch \u0161kol (S\u0160 a VO\u0160), kte\u0159\u00ed mohou bezplatn\u011b zaslat sv\u00e9 n\u00e1vrhy v uveden\u00fdch kategori\u00ed a tak pom\u011b\u0159it sv\u00e9 n\u00e1pady s konkurenc\u00ed sv\u00fdch vrstevn\u00edk\u016f. N\u00e1vrhy jsou n\u00e1sledn\u011b posouzeny nez\u00e1vislou porotou z \u0159ad v\u00fdtvarn\u00edk\u016f, pedagog\u016f a profesion\u00e1l\u016f z oboru.\",\"publisher\":{\"@id\":\"https:\/\/www.design-award.cz\/#organization\"},\"potentialAction\":[{\"@type\":\"SearchAction\",\"target\":{\"@type\":\"EntryPoint\",\"urlTemplate\":\"https:\/\/www.design-award.cz\/?s={search_term_string}\"},\"query-input\":{\"@type\":\"PropertyValueSpecification\",\"valueRequired\":true,\"valueName\":\"search_term_string\"}}],\"inLanguage\":\"cs\"},{\"@type\":\"Organization\",\"@id\":\"https:\/\/www.design-award.cz\/#organization\",\"name\":\"Design Award\",\"url\":\"https:\/\/www.design-award.cz\/\",\"logo\":{\"@type\":\"ImageObject\",\"inLanguage\":\"cs\",\"@id\":\"https:\/\/www.design-award.cz\/#\/schema\/logo\/image\/\",\"url\":\"http:\/\/www.design-award.cz\/wp-content\/uploads\/2021\/12\/hornilogo_design-award.png\",\"contentUrl\":\"http:\/\/www.design-award.cz\/wp-content\/uploads\/2021\/12\/hornilogo_design-award.png\",\"width\":800,\"height\":600,\"caption\":\"Design Award\"},\"image\":{\"@id\":\"https:\/\/www.design-award.cz\/#\/schema\/logo\/image\/\"},\"sameAs\":[\"https:\/\/www.instagram.com\/design_award\/\"]}]}<\/script>\n<!-- \/ Yoast SEO plugin. -->","yoast_head_json":{"title":"Produktov\u00fd design - Sada interi\u00e9rov\u00fdch dopl\u0148k\u016f Balance - design-award.cz","robots":{"index":"index","follow":"follow","max-snippet":"max-snippet:-1","max-image-preview":"max-image-preview:large","max-video-preview":"max-video-preview:-1"},"canonical":"https:\/\/www.design-award.cz\/?portfolio=produktovy-design-sada-interierovych-doplnku-balance","og_locale":"cs_CZ","og_type":"article","og_title":"Produktov\u00fd design - Sada interi\u00e9rov\u00fdch dopl\u0148k\u016f Balance - design-award.cz","og_description":"Luk\u00e1\u0161 Havrda St\u0159edn\u00ed um\u011bleckopr\u016fmyslov\u00e1 a vy\u0161\u0161\u00ed odborn\u00e1 \u0161kola Turnov Jedn\u00e1 se o sadu interi\u00e9rov\u00fdch dopl\u0148k\u016f, tvo\u0159enou z v\u00e1zy a dvou lamp. Ka\u017ed\u00fd z t\u011bchto p\u0159edm\u011bt\u016f je z kovu, konkr\u00e9tn\u011b v\u00e1za je zpracov\u00e1na z mosazi a dvojice lamp je vyrobena z bronzu.Inspirac\u00ed na design v\u0161ech t\u011bchto p\u0159edm\u011bt\u016f mi byl sport, kter\u00fd se v dne\u0161n\u00ed dob\u011b st\u00e1v\u00e1 [&hellip;]","og_url":"https:\/\/www.design-award.cz\/?portfolio=produktovy-design-sada-interierovych-doplnku-balance","og_site_name":"design-award.cz","article_modified_time":"2024-07-03T12:46:51+00:00","og_image":[{"width":1440,"height":1231,"url":"http:\/\/www.design-award.cz\/wp-content\/uploads\/2024\/07\/0D70A016-5418-4D01-88E0-4A3B5F96A8CF.png","type":"image\/png"}],"twitter_card":"summary_large_image","twitter_misc":{"Odhadovan\u00e1 doba \u010dten\u00ed":"1 minuta"},"schema":{"@context":"https:\/\/schema.org","@graph":[{"@type":"WebPage","@id":"https:\/\/www.design-award.cz\/?portfolio=produktovy-design-sada-interierovych-doplnku-balance","url":"https:\/\/www.design-award.cz\/?portfolio=produktovy-design-sada-interierovych-doplnku-balance","name":"Produktov\u00fd design - Sada interi\u00e9rov\u00fdch dopl\u0148k\u016f Balance - design-award.cz","isPartOf":{"@id":"https:\/\/www.design-award.cz\/#website"},"primaryImageOfPage":{"@id":"https:\/\/www.design-award.cz\/?portfolio=produktovy-design-sada-interierovych-doplnku-balance#primaryimage"},"image":{"@id":"https:\/\/www.design-award.cz\/?portfolio=produktovy-design-sada-interierovych-doplnku-balance#primaryimage"},"thumbnailUrl":"https:\/\/www.design-award.cz\/wp-content\/uploads\/2024\/07\/0D70A016-5418-4D01-88E0-4A3B5F96A8CF.png","datePublished":"2024-07-03T12:46:40+00:00","dateModified":"2024-07-03T12:46:51+00:00","breadcrumb":{"@id":"https:\/\/www.design-award.cz\/?portfolio=produktovy-design-sada-interierovych-doplnku-balance#breadcrumb"},"inLanguage":"cs","potentialAction":[{"@type":"ReadAction","target":["https:\/\/www.design-award.cz\/?portfolio=produktovy-design-sada-interierovych-doplnku-balance"]}]},{"@type":"ImageObject","inLanguage":"cs","@id":"https:\/\/www.design-award.cz\/?portfolio=produktovy-design-sada-interierovych-doplnku-balance#primaryimage","url":"https:\/\/www.design-award.cz\/wp-content\/uploads\/2024\/07\/0D70A016-5418-4D01-88E0-4A3B5F96A8CF.png","contentUrl":"https:\/\/www.design-award.cz\/wp-content\/uploads\/2024\/07\/0D70A016-5418-4D01-88E0-4A3B5F96A8CF.png","width":1440,"height":1231},{"@type":"BreadcrumbList","@id":"https:\/\/www.design-award.cz\/?portfolio=produktovy-design-sada-interierovych-doplnku-balance#breadcrumb","itemListElement":[{"@type":"ListItem","position":1,"name":"Dom\u016f","item":"https:\/\/www.design-award.cz\/"},{"@type":"ListItem","position":2,"name":"Portfolio Items","item":"https:\/\/www.design-award.cz\/?post_type=portfolio"},{"@type":"ListItem","position":3,"name":"Produktov\u00fd design &#8211; Sada interi\u00e9rov\u00fdch dopl\u0148k\u016f Balance"}]},{"@type":"WebSite","@id":"https:\/\/www.design-award.cz\/#website","url":"https:\/\/www.design-award.cz\/","name":"design-award.cz","description":"WARD vznikla v roce 2022. Je ur\u010dena p\u0159edev\u0161\u00edm student\u016fm st\u0159edn\u00edch um\u011bleck\u00fdch \u0161kol (S\u0160 a VO\u0160), kte\u0159\u00ed mohou bezplatn\u011b zaslat sv\u00e9 n\u00e1vrhy v uveden\u00fdch kategori\u00ed a tak pom\u011b\u0159it sv\u00e9 n\u00e1pady s konkurenc\u00ed sv\u00fdch vrstevn\u00edk\u016f. N\u00e1vrhy jsou n\u00e1sledn\u011b posouzeny nez\u00e1vislou porotou z \u0159ad v\u00fdtvarn\u00edk\u016f, pedagog\u016f a profesion\u00e1l\u016f z oboru.","publisher":{"@id":"https:\/\/www.design-award.cz\/#organization"},"potentialAction":[{"@type":"SearchAction","target":{"@type":"EntryPoint","urlTemplate":"https:\/\/www.design-award.cz\/?s={search_term_string}"},"query-input":{"@type":"PropertyValueSpecification","valueRequired":true,"valueName":"search_term_string"}}],"inLanguage":"cs"},{"@type":"Organization","@id":"https:\/\/www.design-award.cz\/#organization","name":"Design Award","url":"https:\/\/www.design-award.cz\/","logo":{"@type":"ImageObject","inLanguage":"cs","@id":"https:\/\/www.design-award.cz\/#\/schema\/logo\/image\/","url":"http:\/\/www.design-award.cz\/wp-content\/uploads\/2021\/12\/hornilogo_design-award.png","contentUrl":"http:\/\/www.design-award.cz\/wp-content\/uploads\/2021\/12\/hornilogo_design-award.png","width":800,"height":600,"caption":"Design Award"},"image":{"@id":"https:\/\/www.design-award.cz\/#\/schema\/logo\/image\/"},"sameAs":["https:\/\/www.instagram.com\/design_award\/"]}]}},"_links":{"self":[{"href":"https:\/\/www.design-award.cz\/index.php?rest_route=\/wp\/v2\/portfolio\/4162","targetHints":{"allow":["GET"]}}],"collection":[{"href":"https:\/\/www.design-award.cz\/index.php?rest_route=\/wp\/v2\/portfolio"}],"about":[{"href":"https:\/\/www.design-award.cz\/index.php?rest_route=\/wp\/v2\/types\/portfolio"}],"author":[{"embeddable":true,"href":"https:\/\/www.design-award.cz\/index.php?rest_route=\/wp\/v2\/users\/2"}],"replies":[{"embeddable":true,"href":"https:\/\/www.design-award.cz\/index.php?rest_route=%2Fwp%2Fv2%2Fcomments&post=4162"}],"version-history":[{"count":1,"href":"https:\/\/www.design-award.cz\/index.php?rest_route=\/wp\/v2\/portfolio\/4162\/revisions"}],"predecessor-version":[{"id":4198,"href":"https:\/\/www.design-award.cz\/index.php?rest_route=\/wp\/v2\/portfolio\/4162\/revisions\/4198"}],"wp:featuredmedia":[{"embeddable":true,"href":"https:\/\/www.design-award.cz\/index.php?rest_route=\/wp\/v2\/media\/4192"}],"wp:attachment":[{"href":"https:\/\/www.design-award.cz\/index.php?rest_route=%2Fwp%2Fv2%2Fmedia&parent=4162"}],"wp:term":[{"taxonomy":"portfolio_category","embeddable":true,"href":"https:\/\/www.design-award.cz\/index.php?rest_route=%2Fwp%2Fv2%2Fportfolio_category&post=4162"},{"taxonomy":"portfolio_tag","embeddable":true,"href":"https:\/\/www.design-award.cz\/index.php?rest_route=%2Fwp%2Fv2%2Fportfolio_tag&post=4162"}],"curies":[{"name":"wp","href":"https:\/\/api.w.org\/{rel}","templated":true}]}}