{"id":4163,"date":"2024-07-03T12:50:38","date_gmt":"2024-07-03T12:50:38","guid":{"rendered":"https:\/\/www.design-award.cz\/?post_type=portfolio&#038;p=4163"},"modified":"2024-07-03T12:50:39","modified_gmt":"2024-07-03T12:50:39","slug":"produktovy-design-balanc","status":"publish","type":"portfolio","link":"https:\/\/www.design-award.cz\/?portfolio=produktovy-design-balanc","title":{"rendered":"Produktov\u00fd design &#8211; Balanc"},"content":{"rendered":"\n<p><strong>\u0160t\u011bp\u00e1nka Kl\u00edmov\u00e1<\/strong><\/p>\n\n\n\n<p>SO\u0160 obchodu, u\u017eit\u00e9ho um\u011bn\u00ed a designu, Nerudova 33, Plze\u0148<\/p>\n\n\n\n<p>M\u00e9 pojet\u00ed pojmu balanc spo\u010d\u00edv\u00e1 ve spojen\u00ed dvou \u010d\u00e1st\u00ed &#8211; oho\u0159el\u00e9 masivn\u00ed kulatiny a oh\u00fdban\u00e9 nerezov\u00e9 desky &#8211; d\u00edky n\u011bmu vznik\u00e1 estetick\u00fd odkl\u00e1dac\u00ed stolek. Technika oho\u0159en\u00ed mi p\u0159ijde velice netradi\u010dn\u00ed a nikdy p\u0159edt\u00edm jsem se s n\u00ed nesetkala. Plech je vsazen do dr\u00e1\u017eky, na\u0159\u00edznut\u00e9 v masivu. Vz\u00e1jemn\u011b se tak ob\u011b \u010d\u00e1sti podp\u00edraj\u00ed a t\u00edm definuj\u00ed pr\u00e1v\u011b onen term\u00edn balanc. Zab\u00fdvala jsem se tak\u00e9 rozd\u00edly jednotliv\u00fdch \u010d\u00e1st\u00ed, kdy masiv m\u00e1 tmavou barvu a plech barvu sv\u011btlou. Rozd\u00edl lze spat\u0159it i ve tvarech &#8211; organick\u00e9m a stroh\u00e9m. Rozd\u00edln\u00e1 tlou\u0161\u0165ka masivu a plechu je zde pova\u017eov\u00e1na za dal\u0161\u00ed vyj\u00e1d\u0159en\u00ed balancu. Stolek jsem pojmenovala Elow. N\u00e1zev je slo\u017eeninou anglick\u00fdch v\u00fdraz\u016f pou\u017eit\u00fdch materi\u00e1l\u016f &#8211; a to steel a wood, kdy \u201cEl\u201d odkazuje na dv\u011b posledn\u00ed p\u00edsmena slova steel a \u201cow\u201d jsou dv\u011b prvn\u00ed zrcadlov\u011b obr\u00e1cen\u00e1 p\u00edsmena slova wood. Odkl\u00e1dac\u00ed stolek je prim\u00e1rn\u011b ur\u010den do minimalistick\u00fdch interi\u00e9r\u016f, kde jako solit\u00e9r bez probl\u00e9m\u016f vynikne. Masivn\u00ed kulatina m\u00e1 p\u0159ibli\u017en\u00e9 rozm\u011bry 550 x 533 mm a ohnut\u00fd plech celkovou d\u00e9lku 1105 mm a \u0161\u00ed\u0159ku 500 mm.<\/p>\n\n\n\n<figure class=\"wp-block-image size-large\"><img decoding=\"async\" width=\"1024\" height=\"748\" data-src=\"http:\/\/www.design-award.cz\/wp-content\/uploads\/2024\/07\/KLIMOVA_render_na_bilem1-1024x748.jpg\" alt=\"\" class=\"wp-image-4203 lazyload\" data-srcset=\"https:\/\/www.design-award.cz\/wp-content\/uploads\/2024\/07\/KLIMOVA_render_na_bilem1-1024x748.jpg 1024w, https:\/\/www.design-award.cz\/wp-content\/uploads\/2024\/07\/KLIMOVA_render_na_bilem1-300x219.jpg 300w, https:\/\/www.design-award.cz\/wp-content\/uploads\/2024\/07\/KLIMOVA_render_na_bilem1-768x561.jpg 768w, https:\/\/www.design-award.cz\/wp-content\/uploads\/2024\/07\/KLIMOVA_render_na_bilem1-1536x1122.jpg 1536w, https:\/\/www.design-award.cz\/wp-content\/uploads\/2024\/07\/KLIMOVA_render_na_bilem1-2048x1496.jpg 2048w, https:\/\/www.design-award.cz\/wp-content\/uploads\/2024\/07\/KLIMOVA_render_na_bilem1-500x365.jpg 500w, https:\/\/www.design-award.cz\/wp-content\/uploads\/2024\/07\/KLIMOVA_render_na_bilem1-800x584.jpg 800w, https:\/\/www.design-award.cz\/wp-content\/uploads\/2024\/07\/KLIMOVA_render_na_bilem1-1280x935.jpg 1280w, https:\/\/www.design-award.cz\/wp-content\/uploads\/2024\/07\/KLIMOVA_render_na_bilem1-1920x1402.jpg 1920w\" data-sizes=\"(max-width: 1024px) 100vw, 1024px\" src=\"data:image\/svg+xml;base64,PHN2ZyB3aWR0aD0iMSIgaGVpZ2h0PSIxIiB4bWxucz0iaHR0cDovL3d3dy53My5vcmcvMjAwMC9zdmciPjwvc3ZnPg==\" style=\"--smush-placeholder-width: 1024px; --smush-placeholder-aspect-ratio: 1024\/748;\" \/><\/figure>\n\n\n\n<figure class=\"wp-block-image size-large\"><img decoding=\"async\" width=\"859\" height=\"1024\" data-src=\"http:\/\/www.design-award.cz\/wp-content\/uploads\/2024\/07\/Klimova_Balanc-1-859x1024.jpg\" alt=\"\" class=\"wp-image-4201 lazyload\" data-srcset=\"https:\/\/www.design-award.cz\/wp-content\/uploads\/2024\/07\/Klimova_Balanc-1-859x1024.jpg 859w, https:\/\/www.design-award.cz\/wp-content\/uploads\/2024\/07\/Klimova_Balanc-1-252x300.jpg 252w, https:\/\/www.design-award.cz\/wp-content\/uploads\/2024\/07\/Klimova_Balanc-1-768x915.jpg 768w, https:\/\/www.design-award.cz\/wp-content\/uploads\/2024\/07\/Klimova_Balanc-1-1289x1536.jpg 1289w, https:\/\/www.design-award.cz\/wp-content\/uploads\/2024\/07\/Klimova_Balanc-1-500x596.jpg 500w, https:\/\/www.design-award.cz\/wp-content\/uploads\/2024\/07\/Klimova_Balanc-1-800x954.jpg 800w, https:\/\/www.design-award.cz\/wp-content\/uploads\/2024\/07\/Klimova_Balanc-1-1280x1526.jpg 1280w, https:\/\/www.design-award.cz\/wp-content\/uploads\/2024\/07\/Klimova_Balanc-1.jpg 1527w\" data-sizes=\"(max-width: 859px) 100vw, 859px\" src=\"data:image\/svg+xml;base64,PHN2ZyB3aWR0aD0iMSIgaGVpZ2h0PSIxIiB4bWxucz0iaHR0cDovL3d3dy53My5vcmcvMjAwMC9zdmciPjwvc3ZnPg==\" style=\"--smush-placeholder-width: 859px; --smush-placeholder-aspect-ratio: 859\/1024;\" \/><\/figure>\n\n\n\n<figure class=\"wp-block-image size-large\"><img decoding=\"async\" width=\"875\" height=\"1024\" data-src=\"http:\/\/www.design-award.cz\/wp-content\/uploads\/2024\/07\/Klimova_Balanc-2-875x1024.jpg\" alt=\"\" class=\"wp-image-4202 lazyload\" data-srcset=\"https:\/\/www.design-award.cz\/wp-content\/uploads\/2024\/07\/Klimova_Balanc-2-875x1024.jpg 875w, https:\/\/www.design-award.cz\/wp-content\/uploads\/2024\/07\/Klimova_Balanc-2-256x300.jpg 256w, https:\/\/www.design-award.cz\/wp-content\/uploads\/2024\/07\/Klimova_Balanc-2-768x898.jpg 768w, https:\/\/www.design-award.cz\/wp-content\/uploads\/2024\/07\/Klimova_Balanc-2-1313x1536.jpg 1313w, https:\/\/www.design-award.cz\/wp-content\/uploads\/2024\/07\/Klimova_Balanc-2-500x585.jpg 500w, https:\/\/www.design-award.cz\/wp-content\/uploads\/2024\/07\/Klimova_Balanc-2-800x936.jpg 800w, https:\/\/www.design-award.cz\/wp-content\/uploads\/2024\/07\/Klimova_Balanc-2-1280x1497.jpg 1280w, https:\/\/www.design-award.cz\/wp-content\/uploads\/2024\/07\/Klimova_Balanc-2.jpg 1732w\" data-sizes=\"(max-width: 875px) 100vw, 875px\" src=\"data:image\/svg+xml;base64,PHN2ZyB3aWR0aD0iMSIgaGVpZ2h0PSIxIiB4bWxucz0iaHR0cDovL3d3dy53My5vcmcvMjAwMC9zdmciPjwvc3ZnPg==\" style=\"--smush-placeholder-width: 875px; --smush-placeholder-aspect-ratio: 875\/1024;\" \/><\/figure>\n\n\n\n<figure class=\"wp-block-image size-large\"><img decoding=\"async\" width=\"1024\" height=\"958\" data-src=\"http:\/\/www.design-award.cz\/wp-content\/uploads\/2024\/07\/Klimova-prototyp-balanc-1024x958.jpg\" alt=\"\" class=\"wp-image-4204 lazyload\" data-srcset=\"https:\/\/www.design-award.cz\/wp-content\/uploads\/2024\/07\/Klimova-prototyp-balanc-1024x958.jpg 1024w, https:\/\/www.design-award.cz\/wp-content\/uploads\/2024\/07\/Klimova-prototyp-balanc-300x281.jpg 300w, https:\/\/www.design-award.cz\/wp-content\/uploads\/2024\/07\/Klimova-prototyp-balanc-768x718.jpg 768w, https:\/\/www.design-award.cz\/wp-content\/uploads\/2024\/07\/Klimova-prototyp-balanc-1536x1436.jpg 1536w, https:\/\/www.design-award.cz\/wp-content\/uploads\/2024\/07\/Klimova-prototyp-balanc-2048x1915.jpg 2048w, https:\/\/www.design-award.cz\/wp-content\/uploads\/2024\/07\/Klimova-prototyp-balanc-500x468.jpg 500w, https:\/\/www.design-award.cz\/wp-content\/uploads\/2024\/07\/Klimova-prototyp-balanc-800x748.jpg 800w, https:\/\/www.design-award.cz\/wp-content\/uploads\/2024\/07\/Klimova-prototyp-balanc-1280x1197.jpg 1280w, https:\/\/www.design-award.cz\/wp-content\/uploads\/2024\/07\/Klimova-prototyp-balanc-1920x1795.jpg 1920w\" data-sizes=\"(max-width: 1024px) 100vw, 1024px\" src=\"data:image\/svg+xml;base64,PHN2ZyB3aWR0aD0iMSIgaGVpZ2h0PSIxIiB4bWxucz0iaHR0cDovL3d3dy53My5vcmcvMjAwMC9zdmciPjwvc3ZnPg==\" style=\"--smush-placeholder-width: 1024px; --smush-placeholder-aspect-ratio: 1024\/958;\" \/><\/figure>\n\n\n\n<figure class=\"wp-block-image size-full\"><img decoding=\"async\" width=\"567\" height=\"800\" data-src=\"http:\/\/www.design-award.cz\/wp-content\/uploads\/2024\/07\/KLIMOVA_BALANC_2_A4.jpg\" alt=\"\" class=\"wp-image-4199 lazyload\" data-srcset=\"https:\/\/www.design-award.cz\/wp-content\/uploads\/2024\/07\/KLIMOVA_BALANC_2_A4.jpg 567w, https:\/\/www.design-award.cz\/wp-content\/uploads\/2024\/07\/KLIMOVA_BALANC_2_A4-213x300.jpg 213w, https:\/\/www.design-award.cz\/wp-content\/uploads\/2024\/07\/KLIMOVA_BALANC_2_A4-500x705.jpg 500w\" data-sizes=\"(max-width: 567px) 100vw, 567px\" src=\"data:image\/svg+xml;base64,PHN2ZyB3aWR0aD0iMSIgaGVpZ2h0PSIxIiB4bWxucz0iaHR0cDovL3d3dy53My5vcmcvMjAwMC9zdmciPjwvc3ZnPg==\" style=\"--smush-placeholder-width: 567px; --smush-placeholder-aspect-ratio: 567\/800;\" \/><\/figure>\n","protected":false},"excerpt":{"rendered":"<p>\u0160t\u011bp\u00e1nka Kl\u00edmov\u00e1 SO\u0160 obchodu, u\u017eit\u00e9ho um\u011bn\u00ed a designu, Nerudova 33, Plze\u0148 M\u00e9 pojet\u00ed pojmu balanc spo\u010d\u00edv\u00e1 ve spojen\u00ed dvou \u010d\u00e1st\u00ed &#8211; oho\u0159el\u00e9 masivn\u00ed kulatiny a oh\u00fdban\u00e9 nerezov\u00e9 desky &#8211; d\u00edky n\u011bmu vznik\u00e1 estetick\u00fd odkl\u00e1dac\u00ed stolek. Technika oho\u0159en\u00ed mi p\u0159ijde velice netradi\u010dn\u00ed a nikdy p\u0159edt\u00edm jsem se s n\u00ed nesetkala. Plech je vsazen do dr\u00e1\u017eky, na\u0159\u00edznut\u00e9 [&hellip;]<\/p>\n","protected":false},"author":2,"featured_media":4200,"menu_order":0,"comment_status":"closed","ping_status":"closed","template":"","format":"standard","meta":{"ngg_post_thumbnail":0,"ocean_post_layout":"","ocean_both_sidebars_style":"","ocean_both_sidebars_content_width":0,"ocean_both_sidebars_sidebars_width":0,"ocean_sidebar":"","ocean_second_sidebar":"","ocean_disable_margins":"enable","ocean_add_body_class":"","ocean_shortcode_before_top_bar":"","ocean_shortcode_after_top_bar":"","ocean_shortcode_before_header":"","ocean_shortcode_after_header":"","ocean_has_shortcode":"","ocean_shortcode_after_title":"","ocean_shortcode_before_footer_widgets":"","ocean_shortcode_after_footer_widgets":"","ocean_shortcode_before_footer_bottom":"","ocean_shortcode_after_footer_bottom":"","ocean_display_top_bar":"default","ocean_display_header":"default","ocean_header_style":"","ocean_center_header_left_menu":"","ocean_custom_header_template":"","ocean_custom_logo":0,"ocean_custom_retina_logo":0,"ocean_custom_logo_max_width":0,"ocean_custom_logo_tablet_max_width":0,"ocean_custom_logo_mobile_max_width":0,"ocean_custom_logo_max_height":0,"ocean_custom_logo_tablet_max_height":0,"ocean_custom_logo_mobile_max_height":0,"ocean_header_custom_menu":"","ocean_menu_typo_font_family":"","ocean_menu_typo_font_subset":"","ocean_menu_typo_font_size":0,"ocean_menu_typo_font_size_tablet":0,"ocean_menu_typo_font_size_mobile":0,"ocean_menu_typo_font_size_unit":"px","ocean_menu_typo_font_weight":"","ocean_menu_typo_font_weight_tablet":"","ocean_menu_typo_font_weight_mobile":"","ocean_menu_typo_transform":"","ocean_menu_typo_transform_tablet":"","ocean_menu_typo_transform_mobile":"","ocean_menu_typo_line_height":0,"ocean_menu_typo_line_height_tablet":0,"ocean_menu_typo_line_height_mobile":0,"ocean_menu_typo_line_height_unit":"","ocean_menu_typo_spacing":0,"ocean_menu_typo_spacing_tablet":0,"ocean_menu_typo_spacing_mobile":0,"ocean_menu_typo_spacing_unit":"","ocean_menu_link_color":"","ocean_menu_link_color_hover":"","ocean_menu_link_color_active":"","ocean_menu_link_background":"","ocean_menu_link_hover_background":"","ocean_menu_link_active_background":"","ocean_menu_social_links_bg":"","ocean_menu_social_hover_links_bg":"","ocean_menu_social_links_color":"","ocean_menu_social_hover_links_color":"","ocean_disable_title":"default","ocean_disable_heading":"default","ocean_post_title":"","ocean_post_subheading":"","ocean_post_title_style":"","ocean_post_title_background_color":"","ocean_post_title_background":0,"ocean_post_title_bg_image_position":"","ocean_post_title_bg_image_attachment":"","ocean_post_title_bg_image_repeat":"","ocean_post_title_bg_image_size":"","ocean_post_title_height":0,"ocean_post_title_bg_overlay":0.5,"ocean_post_title_bg_overlay_color":"","ocean_disable_breadcrumbs":"default","ocean_breadcrumbs_color":"","ocean_breadcrumbs_separator_color":"","ocean_breadcrumbs_links_color":"","ocean_breadcrumbs_links_hover_color":"","ocean_display_footer_widgets":"default","ocean_display_footer_bottom":"default","ocean_custom_footer_template":"","_vp_format_video_url":"","_vp_image_focal_point":[],"footnotes":""},"portfolio_category":[],"portfolio_tag":[],"class_list":["post-4163","portfolio","type-portfolio","status-publish","format-standard","has-post-thumbnail","hentry","entry","has-media"],"yoast_head":"<!-- This site is optimized with the Yoast SEO plugin v25.2 - https:\/\/yoast.com\/wordpress\/plugins\/seo\/ -->\n<title>Produktov\u00fd design - Balanc - design-award.cz<\/title>\n<meta name=\"robots\" content=\"index, follow, max-snippet:-1, max-image-preview:large, max-video-preview:-1\" \/>\n<link rel=\"canonical\" href=\"https:\/\/www.design-award.cz\/?portfolio=produktovy-design-balanc\" \/>\n<meta property=\"og:locale\" content=\"cs_CZ\" \/>\n<meta property=\"og:type\" content=\"article\" \/>\n<meta property=\"og:title\" content=\"Produktov\u00fd design - Balanc - design-award.cz\" \/>\n<meta property=\"og:description\" content=\"\u0160t\u011bp\u00e1nka Kl\u00edmov\u00e1 SO\u0160 obchodu, u\u017eit\u00e9ho um\u011bn\u00ed a designu, Nerudova 33, Plze\u0148 M\u00e9 pojet\u00ed pojmu balanc spo\u010d\u00edv\u00e1 ve spojen\u00ed dvou \u010d\u00e1st\u00ed &#8211; oho\u0159el\u00e9 masivn\u00ed kulatiny a oh\u00fdban\u00e9 nerezov\u00e9 desky &#8211; d\u00edky n\u011bmu vznik\u00e1 estetick\u00fd odkl\u00e1dac\u00ed stolek. Technika oho\u0159en\u00ed mi p\u0159ijde velice netradi\u010dn\u00ed a nikdy p\u0159edt\u00edm jsem se s n\u00ed nesetkala. Plech je vsazen do dr\u00e1\u017eky, na\u0159\u00edznut\u00e9 [&hellip;]\" \/>\n<meta property=\"og:url\" content=\"https:\/\/www.design-award.cz\/?portfolio=produktovy-design-balanc\" \/>\n<meta property=\"og:site_name\" content=\"design-award.cz\" \/>\n<meta property=\"article:modified_time\" content=\"2024-07-03T12:50:39+00:00\" \/>\n<meta property=\"og:image\" content=\"http:\/\/www.design-award.cz\/wp-content\/uploads\/2024\/07\/KLIMOVA_BALANC_3_A4.jpg\" \/>\n\t<meta property=\"og:image:width\" content=\"800\" \/>\n\t<meta property=\"og:image:height\" content=\"566\" \/>\n\t<meta property=\"og:image:type\" content=\"image\/jpeg\" \/>\n<meta name=\"twitter:card\" content=\"summary_large_image\" \/>\n<meta name=\"twitter:label1\" content=\"Odhadovan\u00e1 doba \u010dten\u00ed\" \/>\n\t<meta name=\"twitter:data1\" content=\"1 minuta\" \/>\n<script type=\"application\/ld+json\" class=\"yoast-schema-graph\">{\"@context\":\"https:\/\/schema.org\",\"@graph\":[{\"@type\":\"WebPage\",\"@id\":\"https:\/\/www.design-award.cz\/?portfolio=produktovy-design-balanc\",\"url\":\"https:\/\/www.design-award.cz\/?portfolio=produktovy-design-balanc\",\"name\":\"Produktov\u00fd design - Balanc - design-award.cz\",\"isPartOf\":{\"@id\":\"https:\/\/www.design-award.cz\/#website\"},\"primaryImageOfPage\":{\"@id\":\"https:\/\/www.design-award.cz\/?portfolio=produktovy-design-balanc#primaryimage\"},\"image\":{\"@id\":\"https:\/\/www.design-award.cz\/?portfolio=produktovy-design-balanc#primaryimage\"},\"thumbnailUrl\":\"https:\/\/www.design-award.cz\/wp-content\/uploads\/2024\/07\/KLIMOVA_BALANC_3_A4.jpg\",\"datePublished\":\"2024-07-03T12:50:38+00:00\",\"dateModified\":\"2024-07-03T12:50:39+00:00\",\"breadcrumb\":{\"@id\":\"https:\/\/www.design-award.cz\/?portfolio=produktovy-design-balanc#breadcrumb\"},\"inLanguage\":\"cs\",\"potentialAction\":[{\"@type\":\"ReadAction\",\"target\":[\"https:\/\/www.design-award.cz\/?portfolio=produktovy-design-balanc\"]}]},{\"@type\":\"ImageObject\",\"inLanguage\":\"cs\",\"@id\":\"https:\/\/www.design-award.cz\/?portfolio=produktovy-design-balanc#primaryimage\",\"url\":\"https:\/\/www.design-award.cz\/wp-content\/uploads\/2024\/07\/KLIMOVA_BALANC_3_A4.jpg\",\"contentUrl\":\"https:\/\/www.design-award.cz\/wp-content\/uploads\/2024\/07\/KLIMOVA_BALANC_3_A4.jpg\",\"width\":800,\"height\":566},{\"@type\":\"BreadcrumbList\",\"@id\":\"https:\/\/www.design-award.cz\/?portfolio=produktovy-design-balanc#breadcrumb\",\"itemListElement\":[{\"@type\":\"ListItem\",\"position\":1,\"name\":\"Dom\u016f\",\"item\":\"https:\/\/www.design-award.cz\/\"},{\"@type\":\"ListItem\",\"position\":2,\"name\":\"Portfolio Items\",\"item\":\"https:\/\/www.design-award.cz\/?post_type=portfolio\"},{\"@type\":\"ListItem\",\"position\":3,\"name\":\"Produktov\u00fd design &#8211; Balanc\"}]},{\"@type\":\"WebSite\",\"@id\":\"https:\/\/www.design-award.cz\/#website\",\"url\":\"https:\/\/www.design-award.cz\/\",\"name\":\"design-award.cz\",\"description\":\"WARD vznikla v roce 2022. Je ur\u010dena p\u0159edev\u0161\u00edm student\u016fm st\u0159edn\u00edch um\u011bleck\u00fdch \u0161kol (S\u0160 a VO\u0160), kte\u0159\u00ed mohou bezplatn\u011b zaslat sv\u00e9 n\u00e1vrhy v uveden\u00fdch kategori\u00ed a tak pom\u011b\u0159it sv\u00e9 n\u00e1pady s konkurenc\u00ed sv\u00fdch vrstevn\u00edk\u016f. N\u00e1vrhy jsou n\u00e1sledn\u011b posouzeny nez\u00e1vislou porotou z \u0159ad v\u00fdtvarn\u00edk\u016f, pedagog\u016f a profesion\u00e1l\u016f z oboru.\",\"publisher\":{\"@id\":\"https:\/\/www.design-award.cz\/#organization\"},\"potentialAction\":[{\"@type\":\"SearchAction\",\"target\":{\"@type\":\"EntryPoint\",\"urlTemplate\":\"https:\/\/www.design-award.cz\/?s={search_term_string}\"},\"query-input\":{\"@type\":\"PropertyValueSpecification\",\"valueRequired\":true,\"valueName\":\"search_term_string\"}}],\"inLanguage\":\"cs\"},{\"@type\":\"Organization\",\"@id\":\"https:\/\/www.design-award.cz\/#organization\",\"name\":\"Design Award\",\"url\":\"https:\/\/www.design-award.cz\/\",\"logo\":{\"@type\":\"ImageObject\",\"inLanguage\":\"cs\",\"@id\":\"https:\/\/www.design-award.cz\/#\/schema\/logo\/image\/\",\"url\":\"http:\/\/www.design-award.cz\/wp-content\/uploads\/2021\/12\/hornilogo_design-award.png\",\"contentUrl\":\"http:\/\/www.design-award.cz\/wp-content\/uploads\/2021\/12\/hornilogo_design-award.png\",\"width\":800,\"height\":600,\"caption\":\"Design Award\"},\"image\":{\"@id\":\"https:\/\/www.design-award.cz\/#\/schema\/logo\/image\/\"},\"sameAs\":[\"https:\/\/www.instagram.com\/design_award\/\"]}]}<\/script>\n<!-- \/ Yoast SEO plugin. -->","yoast_head_json":{"title":"Produktov\u00fd design - Balanc - design-award.cz","robots":{"index":"index","follow":"follow","max-snippet":"max-snippet:-1","max-image-preview":"max-image-preview:large","max-video-preview":"max-video-preview:-1"},"canonical":"https:\/\/www.design-award.cz\/?portfolio=produktovy-design-balanc","og_locale":"cs_CZ","og_type":"article","og_title":"Produktov\u00fd design - Balanc - design-award.cz","og_description":"\u0160t\u011bp\u00e1nka Kl\u00edmov\u00e1 SO\u0160 obchodu, u\u017eit\u00e9ho um\u011bn\u00ed a designu, Nerudova 33, Plze\u0148 M\u00e9 pojet\u00ed pojmu balanc spo\u010d\u00edv\u00e1 ve spojen\u00ed dvou \u010d\u00e1st\u00ed &#8211; oho\u0159el\u00e9 masivn\u00ed kulatiny a oh\u00fdban\u00e9 nerezov\u00e9 desky &#8211; d\u00edky n\u011bmu vznik\u00e1 estetick\u00fd odkl\u00e1dac\u00ed stolek. Technika oho\u0159en\u00ed mi p\u0159ijde velice netradi\u010dn\u00ed a nikdy p\u0159edt\u00edm jsem se s n\u00ed nesetkala. Plech je vsazen do dr\u00e1\u017eky, na\u0159\u00edznut\u00e9 [&hellip;]","og_url":"https:\/\/www.design-award.cz\/?portfolio=produktovy-design-balanc","og_site_name":"design-award.cz","article_modified_time":"2024-07-03T12:50:39+00:00","og_image":[{"width":800,"height":566,"url":"http:\/\/www.design-award.cz\/wp-content\/uploads\/2024\/07\/KLIMOVA_BALANC_3_A4.jpg","type":"image\/jpeg"}],"twitter_card":"summary_large_image","twitter_misc":{"Odhadovan\u00e1 doba \u010dten\u00ed":"1 minuta"},"schema":{"@context":"https:\/\/schema.org","@graph":[{"@type":"WebPage","@id":"https:\/\/www.design-award.cz\/?portfolio=produktovy-design-balanc","url":"https:\/\/www.design-award.cz\/?portfolio=produktovy-design-balanc","name":"Produktov\u00fd design - Balanc - design-award.cz","isPartOf":{"@id":"https:\/\/www.design-award.cz\/#website"},"primaryImageOfPage":{"@id":"https:\/\/www.design-award.cz\/?portfolio=produktovy-design-balanc#primaryimage"},"image":{"@id":"https:\/\/www.design-award.cz\/?portfolio=produktovy-design-balanc#primaryimage"},"thumbnailUrl":"https:\/\/www.design-award.cz\/wp-content\/uploads\/2024\/07\/KLIMOVA_BALANC_3_A4.jpg","datePublished":"2024-07-03T12:50:38+00:00","dateModified":"2024-07-03T12:50:39+00:00","breadcrumb":{"@id":"https:\/\/www.design-award.cz\/?portfolio=produktovy-design-balanc#breadcrumb"},"inLanguage":"cs","potentialAction":[{"@type":"ReadAction","target":["https:\/\/www.design-award.cz\/?portfolio=produktovy-design-balanc"]}]},{"@type":"ImageObject","inLanguage":"cs","@id":"https:\/\/www.design-award.cz\/?portfolio=produktovy-design-balanc#primaryimage","url":"https:\/\/www.design-award.cz\/wp-content\/uploads\/2024\/07\/KLIMOVA_BALANC_3_A4.jpg","contentUrl":"https:\/\/www.design-award.cz\/wp-content\/uploads\/2024\/07\/KLIMOVA_BALANC_3_A4.jpg","width":800,"height":566},{"@type":"BreadcrumbList","@id":"https:\/\/www.design-award.cz\/?portfolio=produktovy-design-balanc#breadcrumb","itemListElement":[{"@type":"ListItem","position":1,"name":"Dom\u016f","item":"https:\/\/www.design-award.cz\/"},{"@type":"ListItem","position":2,"name":"Portfolio Items","item":"https:\/\/www.design-award.cz\/?post_type=portfolio"},{"@type":"ListItem","position":3,"name":"Produktov\u00fd design &#8211; Balanc"}]},{"@type":"WebSite","@id":"https:\/\/www.design-award.cz\/#website","url":"https:\/\/www.design-award.cz\/","name":"design-award.cz","description":"WARD vznikla v roce 2022. Je ur\u010dena p\u0159edev\u0161\u00edm student\u016fm st\u0159edn\u00edch um\u011bleck\u00fdch \u0161kol (S\u0160 a VO\u0160), kte\u0159\u00ed mohou bezplatn\u011b zaslat sv\u00e9 n\u00e1vrhy v uveden\u00fdch kategori\u00ed a tak pom\u011b\u0159it sv\u00e9 n\u00e1pady s konkurenc\u00ed sv\u00fdch vrstevn\u00edk\u016f. N\u00e1vrhy jsou n\u00e1sledn\u011b posouzeny nez\u00e1vislou porotou z \u0159ad v\u00fdtvarn\u00edk\u016f, pedagog\u016f a profesion\u00e1l\u016f z oboru.","publisher":{"@id":"https:\/\/www.design-award.cz\/#organization"},"potentialAction":[{"@type":"SearchAction","target":{"@type":"EntryPoint","urlTemplate":"https:\/\/www.design-award.cz\/?s={search_term_string}"},"query-input":{"@type":"PropertyValueSpecification","valueRequired":true,"valueName":"search_term_string"}}],"inLanguage":"cs"},{"@type":"Organization","@id":"https:\/\/www.design-award.cz\/#organization","name":"Design Award","url":"https:\/\/www.design-award.cz\/","logo":{"@type":"ImageObject","inLanguage":"cs","@id":"https:\/\/www.design-award.cz\/#\/schema\/logo\/image\/","url":"http:\/\/www.design-award.cz\/wp-content\/uploads\/2021\/12\/hornilogo_design-award.png","contentUrl":"http:\/\/www.design-award.cz\/wp-content\/uploads\/2021\/12\/hornilogo_design-award.png","width":800,"height":600,"caption":"Design Award"},"image":{"@id":"https:\/\/www.design-award.cz\/#\/schema\/logo\/image\/"},"sameAs":["https:\/\/www.instagram.com\/design_award\/"]}]}},"_links":{"self":[{"href":"https:\/\/www.design-award.cz\/index.php?rest_route=\/wp\/v2\/portfolio\/4163","targetHints":{"allow":["GET"]}}],"collection":[{"href":"https:\/\/www.design-award.cz\/index.php?rest_route=\/wp\/v2\/portfolio"}],"about":[{"href":"https:\/\/www.design-award.cz\/index.php?rest_route=\/wp\/v2\/types\/portfolio"}],"author":[{"embeddable":true,"href":"https:\/\/www.design-award.cz\/index.php?rest_route=\/wp\/v2\/users\/2"}],"replies":[{"embeddable":true,"href":"https:\/\/www.design-award.cz\/index.php?rest_route=%2Fwp%2Fv2%2Fcomments&post=4163"}],"version-history":[{"count":1,"href":"https:\/\/www.design-award.cz\/index.php?rest_route=\/wp\/v2\/portfolio\/4163\/revisions"}],"predecessor-version":[{"id":4205,"href":"https:\/\/www.design-award.cz\/index.php?rest_route=\/wp\/v2\/portfolio\/4163\/revisions\/4205"}],"wp:featuredmedia":[{"embeddable":true,"href":"https:\/\/www.design-award.cz\/index.php?rest_route=\/wp\/v2\/media\/4200"}],"wp:attachment":[{"href":"https:\/\/www.design-award.cz\/index.php?rest_route=%2Fwp%2Fv2%2Fmedia&parent=4163"}],"wp:term":[{"taxonomy":"portfolio_category","embeddable":true,"href":"https:\/\/www.design-award.cz\/index.php?rest_route=%2Fwp%2Fv2%2Fportfolio_category&post=4163"},{"taxonomy":"portfolio_tag","embeddable":true,"href":"https:\/\/www.design-award.cz\/index.php?rest_route=%2Fwp%2Fv2%2Fportfolio_tag&post=4163"}],"curies":[{"name":"wp","href":"https:\/\/api.w.org\/{rel}","templated":true}]}}