{"id":4164,"date":"2024-07-03T12:56:03","date_gmt":"2024-07-03T12:56:03","guid":{"rendered":"https:\/\/www.design-award.cz\/?post_type=portfolio&#038;p=4164"},"modified":"2024-07-03T12:56:04","modified_gmt":"2024-07-03T12:56:04","slug":"produktovy-design-vceli-ul-vertical","status":"publish","type":"portfolio","link":"https:\/\/www.design-award.cz\/?portfolio=produktovy-design-vceli-ul-vertical","title":{"rendered":"Produktov\u00fd design &#8211; V\u010del\u00ed \u00fal Vertical"},"content":{"rendered":"\n<p><strong>Michal Kreis<\/strong><\/p>\n\n\n\n<p>SO\u0160 obchodu, u\u017eit\u00e9ho um\u011bn\u00ed a designu, Nerudova 33, Plze\u0148<\/p>\n\n\n\n<p>Vertical je origin\u00e1ln\u00ed v\u010del\u00ed \u00fal, jeho\u017e inovativn\u00ed syst\u00e9m vkl\u00e1d\u00e1n\u00ed r\u00e1mk\u016f s pl\u00e1stvemi z \u010deln\u00ed a zadn\u00ed strany uleh\u010duje v\u010dela\u0159i p\u0159\u00edstup do plodov\u00fdch pater p\u0159i t\u00fddenn\u00ed kontrole \u00falu. V\u010dela\u0159 tak nemus\u00ed odeb\u00edrat horn\u00ed medov\u00e1 patra (n\u00e1stavky). Do plodov\u00e9ho patra se vejde 26 plodov\u00fdch r\u00e1mk\u016f (2 \u0159ady po 13ks), co\u017e je je\u0161t\u011b o 4 r\u00e1mky v\u00edce, ne\u017e se vejde do dvou klasick\u00fdch plodov\u00fdch pater na sob\u011b. V \u00falu je u\u017e zabudovan\u00e9 i jedno medov\u00e9 patro, na kter\u00e9 je mo\u017en\u00e9 d\u00e1le stav\u011bt dal\u0161\u00ed n\u00e1stavky nebo nap\u0159\u00edklad krm\u00edtko na dopln\u011bn\u00ed z\u00e1sob v\u010del cukern\u00fdm roztokem. Rozm\u011brov\u011b vych\u00e1z\u00ed Vertical z ji\u017e existuj\u00edc\u00edho \u00falu Optimal, co\u017e podporuje kompatibilitu s t\u00edmto \u00falem a usnad\u0148uje tak jeho v\u00fdrobu s\u00e9riov\u011b vyr\u00e1b\u011bn\u00fdmi kusy. Kompatibiln\u00ed jsou samoz\u0159ejm\u011b tak\u00e9 rozm\u011bry r\u00e1mk\u016f. Cel\u00fd tento koncept je zabalen do designov\u00e9ho pl\u00e1\u0161t\u011b, inspirovan\u00e9ho divok\u00fdmi \u00faly, kter\u00fd m\u00e1 z\u00e1rove\u0148 konstruk\u010dn\u00ed funkci. \u00dal Vertical je v souladu s modern\u00edm tzv. n\u00e1stavkov\u00fdm v\u010dela\u0159en\u00edm, obsahuje v\u0161echny pot\u0159ebn\u00e9 \u010d\u00e1sti v\u010detn\u011b mate\u0159\u00ed m\u0159\u00ed\u017eky, varroa dna i vodov\u00e1hy a je zcela funk\u010dn\u00ed.<\/p>\n\n\n\n<figure class=\"wp-block-image size-large\"><img decoding=\"async\" width=\"1024\" height=\"539\" data-src=\"http:\/\/www.design-award.cz\/wp-content\/uploads\/2024\/07\/Kreis-10-1024x539.jpg\" alt=\"\" class=\"wp-image-4211 lazyload\" data-srcset=\"https:\/\/www.design-award.cz\/wp-content\/uploads\/2024\/07\/Kreis-10-1024x539.jpg 1024w, https:\/\/www.design-award.cz\/wp-content\/uploads\/2024\/07\/Kreis-10-300x158.jpg 300w, https:\/\/www.design-award.cz\/wp-content\/uploads\/2024\/07\/Kreis-10-768x404.jpg 768w, https:\/\/www.design-award.cz\/wp-content\/uploads\/2024\/07\/Kreis-10-1536x808.jpg 1536w, https:\/\/www.design-award.cz\/wp-content\/uploads\/2024\/07\/Kreis-10-2048x1078.jpg 2048w, https:\/\/www.design-award.cz\/wp-content\/uploads\/2024\/07\/Kreis-10-500x263.jpg 500w, https:\/\/www.design-award.cz\/wp-content\/uploads\/2024\/07\/Kreis-10-800x421.jpg 800w, https:\/\/www.design-award.cz\/wp-content\/uploads\/2024\/07\/Kreis-10-1280x674.jpg 1280w, https:\/\/www.design-award.cz\/wp-content\/uploads\/2024\/07\/Kreis-10-1920x1010.jpg 1920w\" data-sizes=\"(max-width: 1024px) 100vw, 1024px\" src=\"data:image\/svg+xml;base64,PHN2ZyB3aWR0aD0iMSIgaGVpZ2h0PSIxIiB4bWxucz0iaHR0cDovL3d3dy53My5vcmcvMjAwMC9zdmciPjwvc3ZnPg==\" style=\"--smush-placeholder-width: 1024px; --smush-placeholder-aspect-ratio: 1024\/539;\" \/><\/figure>\n\n\n\n<figure class=\"wp-block-image size-large\"><img decoding=\"async\" width=\"1024\" height=\"683\" data-src=\"http:\/\/www.design-award.cz\/wp-content\/uploads\/2024\/07\/Kreis-4-1024x683.jpg\" alt=\"\" class=\"wp-image-4209 lazyload\" data-srcset=\"https:\/\/www.design-award.cz\/wp-content\/uploads\/2024\/07\/Kreis-4-1024x683.jpg 1024w, https:\/\/www.design-award.cz\/wp-content\/uploads\/2024\/07\/Kreis-4-300x200.jpg 300w, https:\/\/www.design-award.cz\/wp-content\/uploads\/2024\/07\/Kreis-4-768x512.jpg 768w, https:\/\/www.design-award.cz\/wp-content\/uploads\/2024\/07\/Kreis-4-1536x1024.jpg 1536w, https:\/\/www.design-award.cz\/wp-content\/uploads\/2024\/07\/Kreis-4-2048x1365.jpg 2048w, https:\/\/www.design-award.cz\/wp-content\/uploads\/2024\/07\/Kreis-4-500x333.jpg 500w, https:\/\/www.design-award.cz\/wp-content\/uploads\/2024\/07\/Kreis-4-800x533.jpg 800w, https:\/\/www.design-award.cz\/wp-content\/uploads\/2024\/07\/Kreis-4-1280x853.jpg 1280w, https:\/\/www.design-award.cz\/wp-content\/uploads\/2024\/07\/Kreis-4-1920x1280.jpg 1920w\" data-sizes=\"(max-width: 1024px) 100vw, 1024px\" src=\"data:image\/svg+xml;base64,PHN2ZyB3aWR0aD0iMSIgaGVpZ2h0PSIxIiB4bWxucz0iaHR0cDovL3d3dy53My5vcmcvMjAwMC9zdmciPjwvc3ZnPg==\" style=\"--smush-placeholder-width: 1024px; --smush-placeholder-aspect-ratio: 1024\/683;\" \/><\/figure>\n\n\n\n<figure class=\"wp-block-image size-large\"><img decoding=\"async\" width=\"768\" height=\"1024\" data-src=\"http:\/\/www.design-award.cz\/wp-content\/uploads\/2024\/07\/KREIS_model_2-768x1024.jpg\" alt=\"\" class=\"wp-image-4206 lazyload\" data-srcset=\"https:\/\/www.design-award.cz\/wp-content\/uploads\/2024\/07\/KREIS_model_2-768x1024.jpg 768w, https:\/\/www.design-award.cz\/wp-content\/uploads\/2024\/07\/KREIS_model_2-225x300.jpg 225w, https:\/\/www.design-award.cz\/wp-content\/uploads\/2024\/07\/KREIS_model_2-1152x1536.jpg 1152w, https:\/\/www.design-award.cz\/wp-content\/uploads\/2024\/07\/KREIS_model_2-1536x2048.jpg 1536w, https:\/\/www.design-award.cz\/wp-content\/uploads\/2024\/07\/KREIS_model_2-500x667.jpg 500w, https:\/\/www.design-award.cz\/wp-content\/uploads\/2024\/07\/KREIS_model_2-800x1067.jpg 800w, https:\/\/www.design-award.cz\/wp-content\/uploads\/2024\/07\/KREIS_model_2-1280x1707.jpg 1280w, https:\/\/www.design-award.cz\/wp-content\/uploads\/2024\/07\/KREIS_model_2-scaled.jpg 1920w\" data-sizes=\"(max-width: 768px) 100vw, 768px\" src=\"data:image\/svg+xml;base64,PHN2ZyB3aWR0aD0iMSIgaGVpZ2h0PSIxIiB4bWxucz0iaHR0cDovL3d3dy53My5vcmcvMjAwMC9zdmciPjwvc3ZnPg==\" style=\"--smush-placeholder-width: 768px; --smush-placeholder-aspect-ratio: 768\/1024;\" \/><\/figure>\n\n\n\n<figure class=\"wp-block-image size-large\"><img decoding=\"async\" width=\"768\" height=\"1024\" data-src=\"http:\/\/www.design-award.cz\/wp-content\/uploads\/2024\/07\/KREIS_model_7-768x1024.jpg\" alt=\"\" class=\"wp-image-4207 lazyload\" data-srcset=\"https:\/\/www.design-award.cz\/wp-content\/uploads\/2024\/07\/KREIS_model_7-768x1024.jpg 768w, https:\/\/www.design-award.cz\/wp-content\/uploads\/2024\/07\/KREIS_model_7-225x300.jpg 225w, https:\/\/www.design-award.cz\/wp-content\/uploads\/2024\/07\/KREIS_model_7-1152x1536.jpg 1152w, https:\/\/www.design-award.cz\/wp-content\/uploads\/2024\/07\/KREIS_model_7-1536x2048.jpg 1536w, https:\/\/www.design-award.cz\/wp-content\/uploads\/2024\/07\/KREIS_model_7-500x667.jpg 500w, https:\/\/www.design-award.cz\/wp-content\/uploads\/2024\/07\/KREIS_model_7-800x1067.jpg 800w, https:\/\/www.design-award.cz\/wp-content\/uploads\/2024\/07\/KREIS_model_7-1280x1707.jpg 1280w, https:\/\/www.design-award.cz\/wp-content\/uploads\/2024\/07\/KREIS_model_7-scaled.jpg 1920w\" data-sizes=\"(max-width: 768px) 100vw, 768px\" src=\"data:image\/svg+xml;base64,PHN2ZyB3aWR0aD0iMSIgaGVpZ2h0PSIxIiB4bWxucz0iaHR0cDovL3d3dy53My5vcmcvMjAwMC9zdmciPjwvc3ZnPg==\" style=\"--smush-placeholder-width: 768px; --smush-placeholder-aspect-ratio: 768\/1024;\" \/><\/figure>\n\n\n\n<figure class=\"wp-block-image size-large\"><img decoding=\"async\" width=\"959\" height=\"1024\" data-src=\"http:\/\/www.design-award.cz\/wp-content\/uploads\/2024\/07\/Kreis_ul_schema-959x1024.jpg\" alt=\"\" class=\"wp-image-4208 lazyload\" data-srcset=\"https:\/\/www.design-award.cz\/wp-content\/uploads\/2024\/07\/Kreis_ul_schema-959x1024.jpg 959w, https:\/\/www.design-award.cz\/wp-content\/uploads\/2024\/07\/Kreis_ul_schema-281x300.jpg 281w, https:\/\/www.design-award.cz\/wp-content\/uploads\/2024\/07\/Kreis_ul_schema-768x820.jpg 768w, https:\/\/www.design-award.cz\/wp-content\/uploads\/2024\/07\/Kreis_ul_schema-1438x1536.jpg 1438w, https:\/\/www.design-award.cz\/wp-content\/uploads\/2024\/07\/Kreis_ul_schema-1917x2048.jpg 1917w, https:\/\/www.design-award.cz\/wp-content\/uploads\/2024\/07\/Kreis_ul_schema-500x534.jpg 500w, https:\/\/www.design-award.cz\/wp-content\/uploads\/2024\/07\/Kreis_ul_schema-800x855.jpg 800w, https:\/\/www.design-award.cz\/wp-content\/uploads\/2024\/07\/Kreis_ul_schema-1280x1367.jpg 1280w, https:\/\/www.design-award.cz\/wp-content\/uploads\/2024\/07\/Kreis_ul_schema-1920x2051.jpg 1920w\" data-sizes=\"(max-width: 959px) 100vw, 959px\" src=\"data:image\/svg+xml;base64,PHN2ZyB3aWR0aD0iMSIgaGVpZ2h0PSIxIiB4bWxucz0iaHR0cDovL3d3dy53My5vcmcvMjAwMC9zdmciPjwvc3ZnPg==\" style=\"--smush-placeholder-width: 959px; --smush-placeholder-aspect-ratio: 959\/1024;\" \/><\/figure>\n","protected":false},"excerpt":{"rendered":"<p>Michal Kreis SO\u0160 obchodu, u\u017eit\u00e9ho um\u011bn\u00ed a designu, Nerudova 33, Plze\u0148 Vertical je origin\u00e1ln\u00ed v\u010del\u00ed \u00fal, jeho\u017e inovativn\u00ed syst\u00e9m vkl\u00e1d\u00e1n\u00ed r\u00e1mk\u016f s pl\u00e1stvemi z \u010deln\u00ed a zadn\u00ed strany uleh\u010duje v\u010dela\u0159i p\u0159\u00edstup do plodov\u00fdch pater p\u0159i t\u00fddenn\u00ed kontrole \u00falu. V\u010dela\u0159 tak nemus\u00ed odeb\u00edrat horn\u00ed medov\u00e1 patra (n\u00e1stavky). Do plodov\u00e9ho patra se vejde 26 plodov\u00fdch r\u00e1mk\u016f (2 [&hellip;]<\/p>\n","protected":false},"author":2,"featured_media":4210,"menu_order":0,"comment_status":"closed","ping_status":"closed","template":"","format":"standard","meta":{"ngg_post_thumbnail":0,"ocean_post_layout":"","ocean_both_sidebars_style":"","ocean_both_sidebars_content_width":0,"ocean_both_sidebars_sidebars_width":0,"ocean_sidebar":"","ocean_second_sidebar":"","ocean_disable_margins":"enable","ocean_add_body_class":"","ocean_shortcode_before_top_bar":"","ocean_shortcode_after_top_bar":"","ocean_shortcode_before_header":"","ocean_shortcode_after_header":"","ocean_has_shortcode":"","ocean_shortcode_after_title":"","ocean_shortcode_before_footer_widgets":"","ocean_shortcode_after_footer_widgets":"","ocean_shortcode_before_footer_bottom":"","ocean_shortcode_after_footer_bottom":"","ocean_display_top_bar":"default","ocean_display_header":"default","ocean_header_style":"","ocean_center_header_left_menu":"","ocean_custom_header_template":"","ocean_custom_logo":0,"ocean_custom_retina_logo":0,"ocean_custom_logo_max_width":0,"ocean_custom_logo_tablet_max_width":0,"ocean_custom_logo_mobile_max_width":0,"ocean_custom_logo_max_height":0,"ocean_custom_logo_tablet_max_height":0,"ocean_custom_logo_mobile_max_height":0,"ocean_header_custom_menu":"","ocean_menu_typo_font_family":"","ocean_menu_typo_font_subset":"","ocean_menu_typo_font_size":0,"ocean_menu_typo_font_size_tablet":0,"ocean_menu_typo_font_size_mobile":0,"ocean_menu_typo_font_size_unit":"px","ocean_menu_typo_font_weight":"","ocean_menu_typo_font_weight_tablet":"","ocean_menu_typo_font_weight_mobile":"","ocean_menu_typo_transform":"","ocean_menu_typo_transform_tablet":"","ocean_menu_typo_transform_mobile":"","ocean_menu_typo_line_height":0,"ocean_menu_typo_line_height_tablet":0,"ocean_menu_typo_line_height_mobile":0,"ocean_menu_typo_line_height_unit":"","ocean_menu_typo_spacing":0,"ocean_menu_typo_spacing_tablet":0,"ocean_menu_typo_spacing_mobile":0,"ocean_menu_typo_spacing_unit":"","ocean_menu_link_color":"","ocean_menu_link_color_hover":"","ocean_menu_link_color_active":"","ocean_menu_link_background":"","ocean_menu_link_hover_background":"","ocean_menu_link_active_background":"","ocean_menu_social_links_bg":"","ocean_menu_social_hover_links_bg":"","ocean_menu_social_links_color":"","ocean_menu_social_hover_links_color":"","ocean_disable_title":"default","ocean_disable_heading":"default","ocean_post_title":"","ocean_post_subheading":"","ocean_post_title_style":"","ocean_post_title_background_color":"","ocean_post_title_background":0,"ocean_post_title_bg_image_position":"","ocean_post_title_bg_image_attachment":"","ocean_post_title_bg_image_repeat":"","ocean_post_title_bg_image_size":"","ocean_post_title_height":0,"ocean_post_title_bg_overlay":0.5,"ocean_post_title_bg_overlay_color":"","ocean_disable_breadcrumbs":"default","ocean_breadcrumbs_color":"","ocean_breadcrumbs_separator_color":"","ocean_breadcrumbs_links_color":"","ocean_breadcrumbs_links_hover_color":"","ocean_display_footer_widgets":"default","ocean_display_footer_bottom":"default","ocean_custom_footer_template":"","_vp_format_video_url":"","_vp_image_focal_point":[],"footnotes":""},"portfolio_category":[],"portfolio_tag":[],"class_list":["post-4164","portfolio","type-portfolio","status-publish","format-standard","has-post-thumbnail","hentry","entry","has-media"],"yoast_head":"<!-- This site is optimized with the Yoast SEO plugin v25.2 - https:\/\/yoast.com\/wordpress\/plugins\/seo\/ -->\n<title>Produktov\u00fd design - V\u010del\u00ed \u00fal Vertical - design-award.cz<\/title>\n<meta name=\"robots\" content=\"index, follow, max-snippet:-1, max-image-preview:large, max-video-preview:-1\" \/>\n<link rel=\"canonical\" href=\"https:\/\/www.design-award.cz\/?portfolio=produktovy-design-vceli-ul-vertical\" \/>\n<meta property=\"og:locale\" content=\"cs_CZ\" \/>\n<meta property=\"og:type\" content=\"article\" \/>\n<meta property=\"og:title\" content=\"Produktov\u00fd design - V\u010del\u00ed \u00fal Vertical - design-award.cz\" \/>\n<meta property=\"og:description\" content=\"Michal Kreis SO\u0160 obchodu, u\u017eit\u00e9ho um\u011bn\u00ed a designu, Nerudova 33, Plze\u0148 Vertical je origin\u00e1ln\u00ed v\u010del\u00ed \u00fal, jeho\u017e inovativn\u00ed syst\u00e9m vkl\u00e1d\u00e1n\u00ed r\u00e1mk\u016f s pl\u00e1stvemi z \u010deln\u00ed a zadn\u00ed strany uleh\u010duje v\u010dela\u0159i p\u0159\u00edstup do plodov\u00fdch pater p\u0159i t\u00fddenn\u00ed kontrole \u00falu. V\u010dela\u0159 tak nemus\u00ed odeb\u00edrat horn\u00ed medov\u00e1 patra (n\u00e1stavky). Do plodov\u00e9ho patra se vejde 26 plodov\u00fdch r\u00e1mk\u016f (2 [&hellip;]\" \/>\n<meta property=\"og:url\" content=\"https:\/\/www.design-award.cz\/?portfolio=produktovy-design-vceli-ul-vertical\" \/>\n<meta property=\"og:site_name\" content=\"design-award.cz\" \/>\n<meta property=\"article:modified_time\" content=\"2024-07-03T12:56:04+00:00\" \/>\n<meta property=\"og:image\" content=\"http:\/\/www.design-award.cz\/wp-content\/uploads\/2024\/07\/Kreis-9-scaled.jpg\" \/>\n\t<meta property=\"og:image:width\" content=\"2560\" \/>\n\t<meta property=\"og:image:height\" content=\"1441\" \/>\n\t<meta property=\"og:image:type\" content=\"image\/jpeg\" \/>\n<meta name=\"twitter:card\" content=\"summary_large_image\" \/>\n<meta name=\"twitter:label1\" content=\"Odhadovan\u00e1 doba \u010dten\u00ed\" \/>\n\t<meta name=\"twitter:data1\" content=\"1 minuta\" \/>\n<script type=\"application\/ld+json\" class=\"yoast-schema-graph\">{\"@context\":\"https:\/\/schema.org\",\"@graph\":[{\"@type\":\"WebPage\",\"@id\":\"https:\/\/www.design-award.cz\/?portfolio=produktovy-design-vceli-ul-vertical\",\"url\":\"https:\/\/www.design-award.cz\/?portfolio=produktovy-design-vceli-ul-vertical\",\"name\":\"Produktov\u00fd design - V\u010del\u00ed \u00fal Vertical - design-award.cz\",\"isPartOf\":{\"@id\":\"https:\/\/www.design-award.cz\/#website\"},\"primaryImageOfPage\":{\"@id\":\"https:\/\/www.design-award.cz\/?portfolio=produktovy-design-vceli-ul-vertical#primaryimage\"},\"image\":{\"@id\":\"https:\/\/www.design-award.cz\/?portfolio=produktovy-design-vceli-ul-vertical#primaryimage\"},\"thumbnailUrl\":\"https:\/\/www.design-award.cz\/wp-content\/uploads\/2024\/07\/Kreis-9-scaled.jpg\",\"datePublished\":\"2024-07-03T12:56:03+00:00\",\"dateModified\":\"2024-07-03T12:56:04+00:00\",\"breadcrumb\":{\"@id\":\"https:\/\/www.design-award.cz\/?portfolio=produktovy-design-vceli-ul-vertical#breadcrumb\"},\"inLanguage\":\"cs\",\"potentialAction\":[{\"@type\":\"ReadAction\",\"target\":[\"https:\/\/www.design-award.cz\/?portfolio=produktovy-design-vceli-ul-vertical\"]}]},{\"@type\":\"ImageObject\",\"inLanguage\":\"cs\",\"@id\":\"https:\/\/www.design-award.cz\/?portfolio=produktovy-design-vceli-ul-vertical#primaryimage\",\"url\":\"https:\/\/www.design-award.cz\/wp-content\/uploads\/2024\/07\/Kreis-9-scaled.jpg\",\"contentUrl\":\"https:\/\/www.design-award.cz\/wp-content\/uploads\/2024\/07\/Kreis-9-scaled.jpg\",\"width\":2560,\"height\":1441},{\"@type\":\"BreadcrumbList\",\"@id\":\"https:\/\/www.design-award.cz\/?portfolio=produktovy-design-vceli-ul-vertical#breadcrumb\",\"itemListElement\":[{\"@type\":\"ListItem\",\"position\":1,\"name\":\"Dom\u016f\",\"item\":\"https:\/\/www.design-award.cz\/\"},{\"@type\":\"ListItem\",\"position\":2,\"name\":\"Portfolio Items\",\"item\":\"https:\/\/www.design-award.cz\/?post_type=portfolio\"},{\"@type\":\"ListItem\",\"position\":3,\"name\":\"Produktov\u00fd design &#8211; V\u010del\u00ed \u00fal Vertical\"}]},{\"@type\":\"WebSite\",\"@id\":\"https:\/\/www.design-award.cz\/#website\",\"url\":\"https:\/\/www.design-award.cz\/\",\"name\":\"design-award.cz\",\"description\":\"WARD vznikla v roce 2022. Je ur\u010dena p\u0159edev\u0161\u00edm student\u016fm st\u0159edn\u00edch um\u011bleck\u00fdch \u0161kol (S\u0160 a VO\u0160), kte\u0159\u00ed mohou bezplatn\u011b zaslat sv\u00e9 n\u00e1vrhy v uveden\u00fdch kategori\u00ed a tak pom\u011b\u0159it sv\u00e9 n\u00e1pady s konkurenc\u00ed sv\u00fdch vrstevn\u00edk\u016f. N\u00e1vrhy jsou n\u00e1sledn\u011b posouzeny nez\u00e1vislou porotou z \u0159ad v\u00fdtvarn\u00edk\u016f, pedagog\u016f a profesion\u00e1l\u016f z oboru.\",\"publisher\":{\"@id\":\"https:\/\/www.design-award.cz\/#organization\"},\"potentialAction\":[{\"@type\":\"SearchAction\",\"target\":{\"@type\":\"EntryPoint\",\"urlTemplate\":\"https:\/\/www.design-award.cz\/?s={search_term_string}\"},\"query-input\":{\"@type\":\"PropertyValueSpecification\",\"valueRequired\":true,\"valueName\":\"search_term_string\"}}],\"inLanguage\":\"cs\"},{\"@type\":\"Organization\",\"@id\":\"https:\/\/www.design-award.cz\/#organization\",\"name\":\"Design Award\",\"url\":\"https:\/\/www.design-award.cz\/\",\"logo\":{\"@type\":\"ImageObject\",\"inLanguage\":\"cs\",\"@id\":\"https:\/\/www.design-award.cz\/#\/schema\/logo\/image\/\",\"url\":\"http:\/\/www.design-award.cz\/wp-content\/uploads\/2021\/12\/hornilogo_design-award.png\",\"contentUrl\":\"http:\/\/www.design-award.cz\/wp-content\/uploads\/2021\/12\/hornilogo_design-award.png\",\"width\":800,\"height\":600,\"caption\":\"Design Award\"},\"image\":{\"@id\":\"https:\/\/www.design-award.cz\/#\/schema\/logo\/image\/\"},\"sameAs\":[\"https:\/\/www.instagram.com\/design_award\/\"]}]}<\/script>\n<!-- \/ Yoast SEO plugin. -->","yoast_head_json":{"title":"Produktov\u00fd design - V\u010del\u00ed \u00fal Vertical - design-award.cz","robots":{"index":"index","follow":"follow","max-snippet":"max-snippet:-1","max-image-preview":"max-image-preview:large","max-video-preview":"max-video-preview:-1"},"canonical":"https:\/\/www.design-award.cz\/?portfolio=produktovy-design-vceli-ul-vertical","og_locale":"cs_CZ","og_type":"article","og_title":"Produktov\u00fd design - V\u010del\u00ed \u00fal Vertical - design-award.cz","og_description":"Michal Kreis SO\u0160 obchodu, u\u017eit\u00e9ho um\u011bn\u00ed a designu, Nerudova 33, Plze\u0148 Vertical je origin\u00e1ln\u00ed v\u010del\u00ed \u00fal, jeho\u017e inovativn\u00ed syst\u00e9m vkl\u00e1d\u00e1n\u00ed r\u00e1mk\u016f s pl\u00e1stvemi z \u010deln\u00ed a zadn\u00ed strany uleh\u010duje v\u010dela\u0159i p\u0159\u00edstup do plodov\u00fdch pater p\u0159i t\u00fddenn\u00ed kontrole \u00falu. V\u010dela\u0159 tak nemus\u00ed odeb\u00edrat horn\u00ed medov\u00e1 patra (n\u00e1stavky). Do plodov\u00e9ho patra se vejde 26 plodov\u00fdch r\u00e1mk\u016f (2 [&hellip;]","og_url":"https:\/\/www.design-award.cz\/?portfolio=produktovy-design-vceli-ul-vertical","og_site_name":"design-award.cz","article_modified_time":"2024-07-03T12:56:04+00:00","og_image":[{"width":2560,"height":1441,"url":"http:\/\/www.design-award.cz\/wp-content\/uploads\/2024\/07\/Kreis-9-scaled.jpg","type":"image\/jpeg"}],"twitter_card":"summary_large_image","twitter_misc":{"Odhadovan\u00e1 doba \u010dten\u00ed":"1 minuta"},"schema":{"@context":"https:\/\/schema.org","@graph":[{"@type":"WebPage","@id":"https:\/\/www.design-award.cz\/?portfolio=produktovy-design-vceli-ul-vertical","url":"https:\/\/www.design-award.cz\/?portfolio=produktovy-design-vceli-ul-vertical","name":"Produktov\u00fd design - V\u010del\u00ed \u00fal Vertical - design-award.cz","isPartOf":{"@id":"https:\/\/www.design-award.cz\/#website"},"primaryImageOfPage":{"@id":"https:\/\/www.design-award.cz\/?portfolio=produktovy-design-vceli-ul-vertical#primaryimage"},"image":{"@id":"https:\/\/www.design-award.cz\/?portfolio=produktovy-design-vceli-ul-vertical#primaryimage"},"thumbnailUrl":"https:\/\/www.design-award.cz\/wp-content\/uploads\/2024\/07\/Kreis-9-scaled.jpg","datePublished":"2024-07-03T12:56:03+00:00","dateModified":"2024-07-03T12:56:04+00:00","breadcrumb":{"@id":"https:\/\/www.design-award.cz\/?portfolio=produktovy-design-vceli-ul-vertical#breadcrumb"},"inLanguage":"cs","potentialAction":[{"@type":"ReadAction","target":["https:\/\/www.design-award.cz\/?portfolio=produktovy-design-vceli-ul-vertical"]}]},{"@type":"ImageObject","inLanguage":"cs","@id":"https:\/\/www.design-award.cz\/?portfolio=produktovy-design-vceli-ul-vertical#primaryimage","url":"https:\/\/www.design-award.cz\/wp-content\/uploads\/2024\/07\/Kreis-9-scaled.jpg","contentUrl":"https:\/\/www.design-award.cz\/wp-content\/uploads\/2024\/07\/Kreis-9-scaled.jpg","width":2560,"height":1441},{"@type":"BreadcrumbList","@id":"https:\/\/www.design-award.cz\/?portfolio=produktovy-design-vceli-ul-vertical#breadcrumb","itemListElement":[{"@type":"ListItem","position":1,"name":"Dom\u016f","item":"https:\/\/www.design-award.cz\/"},{"@type":"ListItem","position":2,"name":"Portfolio Items","item":"https:\/\/www.design-award.cz\/?post_type=portfolio"},{"@type":"ListItem","position":3,"name":"Produktov\u00fd design &#8211; V\u010del\u00ed \u00fal Vertical"}]},{"@type":"WebSite","@id":"https:\/\/www.design-award.cz\/#website","url":"https:\/\/www.design-award.cz\/","name":"design-award.cz","description":"WARD vznikla v roce 2022. Je ur\u010dena p\u0159edev\u0161\u00edm student\u016fm st\u0159edn\u00edch um\u011bleck\u00fdch \u0161kol (S\u0160 a VO\u0160), kte\u0159\u00ed mohou bezplatn\u011b zaslat sv\u00e9 n\u00e1vrhy v uveden\u00fdch kategori\u00ed a tak pom\u011b\u0159it sv\u00e9 n\u00e1pady s konkurenc\u00ed sv\u00fdch vrstevn\u00edk\u016f. N\u00e1vrhy jsou n\u00e1sledn\u011b posouzeny nez\u00e1vislou porotou z \u0159ad v\u00fdtvarn\u00edk\u016f, pedagog\u016f a profesion\u00e1l\u016f z oboru.","publisher":{"@id":"https:\/\/www.design-award.cz\/#organization"},"potentialAction":[{"@type":"SearchAction","target":{"@type":"EntryPoint","urlTemplate":"https:\/\/www.design-award.cz\/?s={search_term_string}"},"query-input":{"@type":"PropertyValueSpecification","valueRequired":true,"valueName":"search_term_string"}}],"inLanguage":"cs"},{"@type":"Organization","@id":"https:\/\/www.design-award.cz\/#organization","name":"Design Award","url":"https:\/\/www.design-award.cz\/","logo":{"@type":"ImageObject","inLanguage":"cs","@id":"https:\/\/www.design-award.cz\/#\/schema\/logo\/image\/","url":"http:\/\/www.design-award.cz\/wp-content\/uploads\/2021\/12\/hornilogo_design-award.png","contentUrl":"http:\/\/www.design-award.cz\/wp-content\/uploads\/2021\/12\/hornilogo_design-award.png","width":800,"height":600,"caption":"Design Award"},"image":{"@id":"https:\/\/www.design-award.cz\/#\/schema\/logo\/image\/"},"sameAs":["https:\/\/www.instagram.com\/design_award\/"]}]}},"_links":{"self":[{"href":"https:\/\/www.design-award.cz\/index.php?rest_route=\/wp\/v2\/portfolio\/4164","targetHints":{"allow":["GET"]}}],"collection":[{"href":"https:\/\/www.design-award.cz\/index.php?rest_route=\/wp\/v2\/portfolio"}],"about":[{"href":"https:\/\/www.design-award.cz\/index.php?rest_route=\/wp\/v2\/types\/portfolio"}],"author":[{"embeddable":true,"href":"https:\/\/www.design-award.cz\/index.php?rest_route=\/wp\/v2\/users\/2"}],"replies":[{"embeddable":true,"href":"https:\/\/www.design-award.cz\/index.php?rest_route=%2Fwp%2Fv2%2Fcomments&post=4164"}],"version-history":[{"count":1,"href":"https:\/\/www.design-award.cz\/index.php?rest_route=\/wp\/v2\/portfolio\/4164\/revisions"}],"predecessor-version":[{"id":4212,"href":"https:\/\/www.design-award.cz\/index.php?rest_route=\/wp\/v2\/portfolio\/4164\/revisions\/4212"}],"wp:featuredmedia":[{"embeddable":true,"href":"https:\/\/www.design-award.cz\/index.php?rest_route=\/wp\/v2\/media\/4210"}],"wp:attachment":[{"href":"https:\/\/www.design-award.cz\/index.php?rest_route=%2Fwp%2Fv2%2Fmedia&parent=4164"}],"wp:term":[{"taxonomy":"portfolio_category","embeddable":true,"href":"https:\/\/www.design-award.cz\/index.php?rest_route=%2Fwp%2Fv2%2Fportfolio_category&post=4164"},{"taxonomy":"portfolio_tag","embeddable":true,"href":"https:\/\/www.design-award.cz\/index.php?rest_route=%2Fwp%2Fv2%2Fportfolio_tag&post=4164"}],"curies":[{"name":"wp","href":"https:\/\/api.w.org\/{rel}","templated":true}]}}