{"id":4245,"date":"2024-07-03T21:25:16","date_gmt":"2024-07-03T21:25:16","guid":{"rendered":"https:\/\/www.design-award.cz\/?post_type=portfolio&#038;p=4245"},"modified":"2024-07-03T21:25:17","modified_gmt":"2024-07-03T21:25:17","slug":"verejny-interier-oaza-klidu-v-rezidenci-central-park-praha","status":"publish","type":"portfolio","link":"https:\/\/www.design-award.cz\/?portfolio=verejny-interier-oaza-klidu-v-rezidenci-central-park-praha","title":{"rendered":"Ve\u0159ejn\u00fd interi\u00e9r &#8211; O\u00e1za klidu v Rezidenci Central Park Praha"},"content":{"rendered":"\n<p><strong>Nelly\u00a0 Miltnerov\u00e1<\/strong><\/p>\n\n\n\n<p>Student si vybere prostor do kter\u00e9ho navrhne \u201cvodn\u00ed d\u00edlo\u201d (font\u00e1nu, sestavu vodn\u00edch ploch, pot\u016f\u010dk\u016f, vodop\u00e1d\u016f \u010di vodotrysk\u016f). M\u011blo by se jednat o sofistikovan\u011bj\u0161\u00ed d\u00edlo, kter\u00e9 prostor n\u011bjak ur\u010d\u00ed, rozd\u011bl\u00ed do z\u00f3n, nab\u00eddne kolemjdouc\u00edm m\u00edsto k odpo\u010dinku \u010di jinak ozvl\u00e1\u0161tn\u00ed prostor.<\/p>\n\n\n\n<p>Projekt zahrnuje promy\u0161lenou sestavu vodn\u00edch ploch a vodop\u00e1d\u016f, kter\u00e9 vytv\u00e1\u0159ej\u00ed uklid\u0148uj\u00edc\u00ed zvukovou kulisu a vizu\u00e1ln\u00ed z\u00e1\u017eitek v centru velkom\u011bsta. Kl\u00ed\u010dovou sou\u010d\u00e1st\u00ed tohoto prostoru jsou tak\u00e9 kv\u011btinov\u00e9 z\u00e1hony, kter\u00e9 m\u00edstu dodaj\u00ed harmonick\u00fd vzhled. Hlavn\u00ed bod tohoho vodn\u00edho d\u00edla jsou vyv\u00fd\u0161en\u00e9 kv\u011btin\u00e1\u010de, kter\u00e9 maj\u00ed k sob\u011b p\u0159id\u00e1ny vodn\u00ed plochy ze kter\u00fdch se po okraji p\u0159el\u00e9v\u00e1 voda a vytv\u00e1\u0159\u00ed harmonick\u00e9 vodop\u00e1dy osv\u011b\u017euj\u00edc\u00ed vzduch. Jako materi\u00e1l pro vyv\u00fd\u0161en\u00e9 kv\u011btin\u00e1\u010de jsem zvolila pohledov\u00fd beton. Dva kv\u011btin\u00e1\u010de jsou ur\u010den\u00e9 pro stromy, kter\u00e9 nemaj\u00ed dno aby si stromy mohly zapustit ko\u0159eny a\u017e do zem\u011b a \u010derpat z n\u00ed vodu. Pro men\u0161\u00ed kv\u011btiny a okrasn\u00e9 tr\u00e1vy je betonov\u00e9 dno kv\u011btin\u00e1\u010de vyv\u00fd\u0161eno. Stromy v kv\u011btin\u00e1\u010d\u00edch slou\u017e\u00ed tak\u00e9 pro vytv\u00e1\u0159en\u00ed st\u00ednu u lavi\u010dek.<\/p>\n\n\n\n<figure class=\"wp-block-image size-large\"><img decoding=\"async\" width=\"1024\" height=\"576\" data-src=\"http:\/\/www.design-award.cz\/wp-content\/uploads\/2024\/07\/Miltnerova_vizualizace_2-1024x576.jpg\" alt=\"\" class=\"wp-image-4263 lazyload\" data-srcset=\"https:\/\/www.design-award.cz\/wp-content\/uploads\/2024\/07\/Miltnerova_vizualizace_2-1024x576.jpg 1024w, https:\/\/www.design-award.cz\/wp-content\/uploads\/2024\/07\/Miltnerova_vizualizace_2-300x169.jpg 300w, https:\/\/www.design-award.cz\/wp-content\/uploads\/2024\/07\/Miltnerova_vizualizace_2-768x432.jpg 768w, https:\/\/www.design-award.cz\/wp-content\/uploads\/2024\/07\/Miltnerova_vizualizace_2-1536x864.jpg 1536w, https:\/\/www.design-award.cz\/wp-content\/uploads\/2024\/07\/Miltnerova_vizualizace_2-2048x1152.jpg 2048w, https:\/\/www.design-award.cz\/wp-content\/uploads\/2024\/07\/Miltnerova_vizualizace_2-500x281.jpg 500w, https:\/\/www.design-award.cz\/wp-content\/uploads\/2024\/07\/Miltnerova_vizualizace_2-800x450.jpg 800w, https:\/\/www.design-award.cz\/wp-content\/uploads\/2024\/07\/Miltnerova_vizualizace_2-1280x720.jpg 1280w, https:\/\/www.design-award.cz\/wp-content\/uploads\/2024\/07\/Miltnerova_vizualizace_2-1920x1080.jpg 1920w\" data-sizes=\"(max-width: 1024px) 100vw, 1024px\" src=\"data:image\/svg+xml;base64,PHN2ZyB3aWR0aD0iMSIgaGVpZ2h0PSIxIiB4bWxucz0iaHR0cDovL3d3dy53My5vcmcvMjAwMC9zdmciPjwvc3ZnPg==\" style=\"--smush-placeholder-width: 1024px; --smush-placeholder-aspect-ratio: 1024\/576;\" \/><\/figure>\n\n\n\n<figure class=\"wp-block-image size-large\"><img decoding=\"async\" width=\"1024\" height=\"576\" data-src=\"http:\/\/www.design-award.cz\/wp-content\/uploads\/2024\/07\/Miltnerova_vizualizace_a-1-1024x576.jpg\" alt=\"\" class=\"wp-image-4264 lazyload\" data-srcset=\"https:\/\/www.design-award.cz\/wp-content\/uploads\/2024\/07\/Miltnerova_vizualizace_a-1-1024x576.jpg 1024w, https:\/\/www.design-award.cz\/wp-content\/uploads\/2024\/07\/Miltnerova_vizualizace_a-1-300x169.jpg 300w, https:\/\/www.design-award.cz\/wp-content\/uploads\/2024\/07\/Miltnerova_vizualizace_a-1-768x432.jpg 768w, https:\/\/www.design-award.cz\/wp-content\/uploads\/2024\/07\/Miltnerova_vizualizace_a-1-1536x864.jpg 1536w, https:\/\/www.design-award.cz\/wp-content\/uploads\/2024\/07\/Miltnerova_vizualizace_a-1-2048x1152.jpg 2048w, https:\/\/www.design-award.cz\/wp-content\/uploads\/2024\/07\/Miltnerova_vizualizace_a-1-500x281.jpg 500w, https:\/\/www.design-award.cz\/wp-content\/uploads\/2024\/07\/Miltnerova_vizualizace_a-1-800x450.jpg 800w, https:\/\/www.design-award.cz\/wp-content\/uploads\/2024\/07\/Miltnerova_vizualizace_a-1-1280x720.jpg 1280w, https:\/\/www.design-award.cz\/wp-content\/uploads\/2024\/07\/Miltnerova_vizualizace_a-1-1920x1080.jpg 1920w\" data-sizes=\"(max-width: 1024px) 100vw, 1024px\" src=\"data:image\/svg+xml;base64,PHN2ZyB3aWR0aD0iMSIgaGVpZ2h0PSIxIiB4bWxucz0iaHR0cDovL3d3dy53My5vcmcvMjAwMC9zdmciPjwvc3ZnPg==\" style=\"--smush-placeholder-width: 1024px; --smush-placeholder-aspect-ratio: 1024\/576;\" \/><\/figure>\n\n\n\n<figure class=\"wp-block-image size-large\"><img decoding=\"async\" width=\"1024\" height=\"576\" data-src=\"http:\/\/www.design-award.cz\/wp-content\/uploads\/2024\/07\/Miltnerova_vizualizace_a-2-1024x576.jpg\" alt=\"\" class=\"wp-image-4265 lazyload\" data-srcset=\"https:\/\/www.design-award.cz\/wp-content\/uploads\/2024\/07\/Miltnerova_vizualizace_a-2-1024x576.jpg 1024w, https:\/\/www.design-award.cz\/wp-content\/uploads\/2024\/07\/Miltnerova_vizualizace_a-2-300x169.jpg 300w, https:\/\/www.design-award.cz\/wp-content\/uploads\/2024\/07\/Miltnerova_vizualizace_a-2-768x432.jpg 768w, https:\/\/www.design-award.cz\/wp-content\/uploads\/2024\/07\/Miltnerova_vizualizace_a-2-1536x864.jpg 1536w, https:\/\/www.design-award.cz\/wp-content\/uploads\/2024\/07\/Miltnerova_vizualizace_a-2-2048x1152.jpg 2048w, https:\/\/www.design-award.cz\/wp-content\/uploads\/2024\/07\/Miltnerova_vizualizace_a-2-500x281.jpg 500w, https:\/\/www.design-award.cz\/wp-content\/uploads\/2024\/07\/Miltnerova_vizualizace_a-2-800x450.jpg 800w, https:\/\/www.design-award.cz\/wp-content\/uploads\/2024\/07\/Miltnerova_vizualizace_a-2-1280x720.jpg 1280w, https:\/\/www.design-award.cz\/wp-content\/uploads\/2024\/07\/Miltnerova_vizualizace_a-2-1920x1080.jpg 1920w\" data-sizes=\"(max-width: 1024px) 100vw, 1024px\" src=\"data:image\/svg+xml;base64,PHN2ZyB3aWR0aD0iMSIgaGVpZ2h0PSIxIiB4bWxucz0iaHR0cDovL3d3dy53My5vcmcvMjAwMC9zdmciPjwvc3ZnPg==\" style=\"--smush-placeholder-width: 1024px; --smush-placeholder-aspect-ratio: 1024\/576;\" \/><\/figure>\n\n\n\n<figure class=\"wp-block-image size-large\"><img decoding=\"async\" width=\"1024\" height=\"576\" data-src=\"http:\/\/www.design-award.cz\/wp-content\/uploads\/2024\/07\/Miltnerova_vizualizace_a-3-1024x576.jpg\" alt=\"\" class=\"wp-image-4266 lazyload\" data-srcset=\"https:\/\/www.design-award.cz\/wp-content\/uploads\/2024\/07\/Miltnerova_vizualizace_a-3-1024x576.jpg 1024w, https:\/\/www.design-award.cz\/wp-content\/uploads\/2024\/07\/Miltnerova_vizualizace_a-3-300x169.jpg 300w, https:\/\/www.design-award.cz\/wp-content\/uploads\/2024\/07\/Miltnerova_vizualizace_a-3-768x432.jpg 768w, https:\/\/www.design-award.cz\/wp-content\/uploads\/2024\/07\/Miltnerova_vizualizace_a-3-1536x864.jpg 1536w, https:\/\/www.design-award.cz\/wp-content\/uploads\/2024\/07\/Miltnerova_vizualizace_a-3-2048x1152.jpg 2048w, https:\/\/www.design-award.cz\/wp-content\/uploads\/2024\/07\/Miltnerova_vizualizace_a-3-500x281.jpg 500w, https:\/\/www.design-award.cz\/wp-content\/uploads\/2024\/07\/Miltnerova_vizualizace_a-3-800x450.jpg 800w, https:\/\/www.design-award.cz\/wp-content\/uploads\/2024\/07\/Miltnerova_vizualizace_a-3-1280x720.jpg 1280w, https:\/\/www.design-award.cz\/wp-content\/uploads\/2024\/07\/Miltnerova_vizualizace_a-3-1920x1080.jpg 1920w\" data-sizes=\"(max-width: 1024px) 100vw, 1024px\" src=\"data:image\/svg+xml;base64,PHN2ZyB3aWR0aD0iMSIgaGVpZ2h0PSIxIiB4bWxucz0iaHR0cDovL3d3dy53My5vcmcvMjAwMC9zdmciPjwvc3ZnPg==\" style=\"--smush-placeholder-width: 1024px; --smush-placeholder-aspect-ratio: 1024\/576;\" \/><\/figure>\n\n\n\n<figure class=\"wp-block-image size-large\"><img decoding=\"async\" width=\"1024\" height=\"632\" data-src=\"http:\/\/www.design-award.cz\/wp-content\/uploads\/2024\/07\/Miltnerova_schema-1024x632.jpg\" alt=\"\" class=\"wp-image-4261 lazyload\" data-srcset=\"https:\/\/www.design-award.cz\/wp-content\/uploads\/2024\/07\/Miltnerova_schema-1024x632.jpg 1024w, https:\/\/www.design-award.cz\/wp-content\/uploads\/2024\/07\/Miltnerova_schema-300x185.jpg 300w, https:\/\/www.design-award.cz\/wp-content\/uploads\/2024\/07\/Miltnerova_schema-768x474.jpg 768w, https:\/\/www.design-award.cz\/wp-content\/uploads\/2024\/07\/Miltnerova_schema-1536x947.jpg 1536w, https:\/\/www.design-award.cz\/wp-content\/uploads\/2024\/07\/Miltnerova_schema-2048x1263.jpg 2048w, https:\/\/www.design-award.cz\/wp-content\/uploads\/2024\/07\/Miltnerova_schema-500x308.jpg 500w, https:\/\/www.design-award.cz\/wp-content\/uploads\/2024\/07\/Miltnerova_schema-800x493.jpg 800w, https:\/\/www.design-award.cz\/wp-content\/uploads\/2024\/07\/Miltnerova_schema-1280x789.jpg 1280w, https:\/\/www.design-award.cz\/wp-content\/uploads\/2024\/07\/Miltnerova_schema-1920x1184.jpg 1920w\" data-sizes=\"(max-width: 1024px) 100vw, 1024px\" src=\"data:image\/svg+xml;base64,PHN2ZyB3aWR0aD0iMSIgaGVpZ2h0PSIxIiB4bWxucz0iaHR0cDovL3d3dy53My5vcmcvMjAwMC9zdmciPjwvc3ZnPg==\" style=\"--smush-placeholder-width: 1024px; --smush-placeholder-aspect-ratio: 1024\/632;\" \/><\/figure>\n","protected":false},"excerpt":{"rendered":"<p>Nelly\u00a0 Miltnerov\u00e1 Student si vybere prostor do kter\u00e9ho navrhne \u201cvodn\u00ed d\u00edlo\u201d (font\u00e1nu, sestavu vodn\u00edch ploch, pot\u016f\u010dk\u016f, vodop\u00e1d\u016f \u010di vodotrysk\u016f). M\u011blo by se jednat o sofistikovan\u011bj\u0161\u00ed d\u00edlo, kter\u00e9 prostor n\u011bjak ur\u010d\u00ed, rozd\u011bl\u00ed do z\u00f3n, nab\u00eddne kolemjdouc\u00edm m\u00edsto k odpo\u010dinku \u010di jinak ozvl\u00e1\u0161tn\u00ed prostor. Projekt zahrnuje promy\u0161lenou sestavu vodn\u00edch ploch a vodop\u00e1d\u016f, kter\u00e9 vytv\u00e1\u0159ej\u00ed uklid\u0148uj\u00edc\u00ed zvukovou kulisu [&hellip;]<\/p>\n","protected":false},"author":2,"featured_media":4262,"menu_order":0,"comment_status":"closed","ping_status":"closed","template":"","format":"standard","meta":{"ngg_post_thumbnail":0,"ocean_post_layout":"","ocean_both_sidebars_style":"","ocean_both_sidebars_content_width":0,"ocean_both_sidebars_sidebars_width":0,"ocean_sidebar":"","ocean_second_sidebar":"","ocean_disable_margins":"enable","ocean_add_body_class":"","ocean_shortcode_before_top_bar":"","ocean_shortcode_after_top_bar":"","ocean_shortcode_before_header":"","ocean_shortcode_after_header":"","ocean_has_shortcode":"","ocean_shortcode_after_title":"","ocean_shortcode_before_footer_widgets":"","ocean_shortcode_after_footer_widgets":"","ocean_shortcode_before_footer_bottom":"","ocean_shortcode_after_footer_bottom":"","ocean_display_top_bar":"default","ocean_display_header":"default","ocean_header_style":"","ocean_center_header_left_menu":"","ocean_custom_header_template":"","ocean_custom_logo":0,"ocean_custom_retina_logo":0,"ocean_custom_logo_max_width":0,"ocean_custom_logo_tablet_max_width":0,"ocean_custom_logo_mobile_max_width":0,"ocean_custom_logo_max_height":0,"ocean_custom_logo_tablet_max_height":0,"ocean_custom_logo_mobile_max_height":0,"ocean_header_custom_menu":"","ocean_menu_typo_font_family":"","ocean_menu_typo_font_subset":"","ocean_menu_typo_font_size":0,"ocean_menu_typo_font_size_tablet":0,"ocean_menu_typo_font_size_mobile":0,"ocean_menu_typo_font_size_unit":"px","ocean_menu_typo_font_weight":"","ocean_menu_typo_font_weight_tablet":"","ocean_menu_typo_font_weight_mobile":"","ocean_menu_typo_transform":"","ocean_menu_typo_transform_tablet":"","ocean_menu_typo_transform_mobile":"","ocean_menu_typo_line_height":0,"ocean_menu_typo_line_height_tablet":0,"ocean_menu_typo_line_height_mobile":0,"ocean_menu_typo_line_height_unit":"","ocean_menu_typo_spacing":0,"ocean_menu_typo_spacing_tablet":0,"ocean_menu_typo_spacing_mobile":0,"ocean_menu_typo_spacing_unit":"","ocean_menu_link_color":"","ocean_menu_link_color_hover":"","ocean_menu_link_color_active":"","ocean_menu_link_background":"","ocean_menu_link_hover_background":"","ocean_menu_link_active_background":"","ocean_menu_social_links_bg":"","ocean_menu_social_hover_links_bg":"","ocean_menu_social_links_color":"","ocean_menu_social_hover_links_color":"","ocean_disable_title":"default","ocean_disable_heading":"default","ocean_post_title":"","ocean_post_subheading":"","ocean_post_title_style":"","ocean_post_title_background_color":"","ocean_post_title_background":0,"ocean_post_title_bg_image_position":"","ocean_post_title_bg_image_attachment":"","ocean_post_title_bg_image_repeat":"","ocean_post_title_bg_image_size":"","ocean_post_title_height":0,"ocean_post_title_bg_overlay":0.5,"ocean_post_title_bg_overlay_color":"","ocean_disable_breadcrumbs":"default","ocean_breadcrumbs_color":"","ocean_breadcrumbs_separator_color":"","ocean_breadcrumbs_links_color":"","ocean_breadcrumbs_links_hover_color":"","ocean_display_footer_widgets":"default","ocean_display_footer_bottom":"default","ocean_custom_footer_template":"","_vp_format_video_url":"","_vp_image_focal_point":[],"footnotes":""},"portfolio_category":[],"portfolio_tag":[],"class_list":["post-4245","portfolio","type-portfolio","status-publish","format-standard","has-post-thumbnail","hentry","entry","has-media"],"yoast_head":"<!-- This site is optimized with the Yoast SEO plugin v25.2 - https:\/\/yoast.com\/wordpress\/plugins\/seo\/ -->\n<title>Ve\u0159ejn\u00fd interi\u00e9r - O\u00e1za klidu v Rezidenci Central Park Praha - design-award.cz<\/title>\n<meta name=\"robots\" content=\"index, follow, max-snippet:-1, max-image-preview:large, max-video-preview:-1\" \/>\n<link rel=\"canonical\" href=\"https:\/\/www.design-award.cz\/?portfolio=verejny-interier-oaza-klidu-v-rezidenci-central-park-praha\" \/>\n<meta property=\"og:locale\" content=\"cs_CZ\" \/>\n<meta property=\"og:type\" content=\"article\" \/>\n<meta property=\"og:title\" content=\"Ve\u0159ejn\u00fd interi\u00e9r - O\u00e1za klidu v Rezidenci Central Park Praha - design-award.cz\" \/>\n<meta property=\"og:description\" content=\"Nelly\u00a0 Miltnerov\u00e1 Student si vybere prostor do kter\u00e9ho navrhne \u201cvodn\u00ed d\u00edlo\u201d (font\u00e1nu, sestavu vodn\u00edch ploch, pot\u016f\u010dk\u016f, vodop\u00e1d\u016f \u010di vodotrysk\u016f). M\u011blo by se jednat o sofistikovan\u011bj\u0161\u00ed d\u00edlo, kter\u00e9 prostor n\u011bjak ur\u010d\u00ed, rozd\u011bl\u00ed do z\u00f3n, nab\u00eddne kolemjdouc\u00edm m\u00edsto k odpo\u010dinku \u010di jinak ozvl\u00e1\u0161tn\u00ed prostor. Projekt zahrnuje promy\u0161lenou sestavu vodn\u00edch ploch a vodop\u00e1d\u016f, kter\u00e9 vytv\u00e1\u0159ej\u00ed uklid\u0148uj\u00edc\u00ed zvukovou kulisu [&hellip;]\" \/>\n<meta property=\"og:url\" content=\"https:\/\/www.design-award.cz\/?portfolio=verejny-interier-oaza-klidu-v-rezidenci-central-park-praha\" \/>\n<meta property=\"og:site_name\" content=\"design-award.cz\" \/>\n<meta property=\"article:modified_time\" content=\"2024-07-03T21:25:17+00:00\" \/>\n<meta property=\"og:image\" content=\"http:\/\/www.design-award.cz\/wp-content\/uploads\/2024\/07\/Miltnerova_vizualizace_1-scaled.jpg\" \/>\n\t<meta property=\"og:image:width\" content=\"2560\" \/>\n\t<meta property=\"og:image:height\" content=\"1685\" \/>\n\t<meta property=\"og:image:type\" content=\"image\/jpeg\" \/>\n<meta name=\"twitter:card\" content=\"summary_large_image\" \/>\n<meta name=\"twitter:label1\" content=\"Odhadovan\u00e1 doba \u010dten\u00ed\" \/>\n\t<meta name=\"twitter:data1\" content=\"1 minuta\" \/>\n<script type=\"application\/ld+json\" class=\"yoast-schema-graph\">{\"@context\":\"https:\/\/schema.org\",\"@graph\":[{\"@type\":\"WebPage\",\"@id\":\"https:\/\/www.design-award.cz\/?portfolio=verejny-interier-oaza-klidu-v-rezidenci-central-park-praha\",\"url\":\"https:\/\/www.design-award.cz\/?portfolio=verejny-interier-oaza-klidu-v-rezidenci-central-park-praha\",\"name\":\"Ve\u0159ejn\u00fd interi\u00e9r - O\u00e1za klidu v Rezidenci Central Park Praha - design-award.cz\",\"isPartOf\":{\"@id\":\"https:\/\/www.design-award.cz\/#website\"},\"primaryImageOfPage\":{\"@id\":\"https:\/\/www.design-award.cz\/?portfolio=verejny-interier-oaza-klidu-v-rezidenci-central-park-praha#primaryimage\"},\"image\":{\"@id\":\"https:\/\/www.design-award.cz\/?portfolio=verejny-interier-oaza-klidu-v-rezidenci-central-park-praha#primaryimage\"},\"thumbnailUrl\":\"https:\/\/www.design-award.cz\/wp-content\/uploads\/2024\/07\/Miltnerova_vizualizace_1-scaled.jpg\",\"datePublished\":\"2024-07-03T21:25:16+00:00\",\"dateModified\":\"2024-07-03T21:25:17+00:00\",\"breadcrumb\":{\"@id\":\"https:\/\/www.design-award.cz\/?portfolio=verejny-interier-oaza-klidu-v-rezidenci-central-park-praha#breadcrumb\"},\"inLanguage\":\"cs\",\"potentialAction\":[{\"@type\":\"ReadAction\",\"target\":[\"https:\/\/www.design-award.cz\/?portfolio=verejny-interier-oaza-klidu-v-rezidenci-central-park-praha\"]}]},{\"@type\":\"ImageObject\",\"inLanguage\":\"cs\",\"@id\":\"https:\/\/www.design-award.cz\/?portfolio=verejny-interier-oaza-klidu-v-rezidenci-central-park-praha#primaryimage\",\"url\":\"https:\/\/www.design-award.cz\/wp-content\/uploads\/2024\/07\/Miltnerova_vizualizace_1-scaled.jpg\",\"contentUrl\":\"https:\/\/www.design-award.cz\/wp-content\/uploads\/2024\/07\/Miltnerova_vizualizace_1-scaled.jpg\",\"width\":2560,\"height\":1685},{\"@type\":\"BreadcrumbList\",\"@id\":\"https:\/\/www.design-award.cz\/?portfolio=verejny-interier-oaza-klidu-v-rezidenci-central-park-praha#breadcrumb\",\"itemListElement\":[{\"@type\":\"ListItem\",\"position\":1,\"name\":\"Dom\u016f\",\"item\":\"https:\/\/www.design-award.cz\/\"},{\"@type\":\"ListItem\",\"position\":2,\"name\":\"Portfolio Items\",\"item\":\"https:\/\/www.design-award.cz\/?post_type=portfolio\"},{\"@type\":\"ListItem\",\"position\":3,\"name\":\"Ve\u0159ejn\u00fd interi\u00e9r &#8211; O\u00e1za klidu v Rezidenci Central Park Praha\"}]},{\"@type\":\"WebSite\",\"@id\":\"https:\/\/www.design-award.cz\/#website\",\"url\":\"https:\/\/www.design-award.cz\/\",\"name\":\"design-award.cz\",\"description\":\"WARD vznikla v roce 2022. Je ur\u010dena p\u0159edev\u0161\u00edm student\u016fm st\u0159edn\u00edch um\u011bleck\u00fdch \u0161kol (S\u0160 a VO\u0160), kte\u0159\u00ed mohou bezplatn\u011b zaslat sv\u00e9 n\u00e1vrhy v uveden\u00fdch kategori\u00ed a tak pom\u011b\u0159it sv\u00e9 n\u00e1pady s konkurenc\u00ed sv\u00fdch vrstevn\u00edk\u016f. N\u00e1vrhy jsou n\u00e1sledn\u011b posouzeny nez\u00e1vislou porotou z \u0159ad v\u00fdtvarn\u00edk\u016f, pedagog\u016f a profesion\u00e1l\u016f z oboru.\",\"publisher\":{\"@id\":\"https:\/\/www.design-award.cz\/#organization\"},\"potentialAction\":[{\"@type\":\"SearchAction\",\"target\":{\"@type\":\"EntryPoint\",\"urlTemplate\":\"https:\/\/www.design-award.cz\/?s={search_term_string}\"},\"query-input\":{\"@type\":\"PropertyValueSpecification\",\"valueRequired\":true,\"valueName\":\"search_term_string\"}}],\"inLanguage\":\"cs\"},{\"@type\":\"Organization\",\"@id\":\"https:\/\/www.design-award.cz\/#organization\",\"name\":\"Design Award\",\"url\":\"https:\/\/www.design-award.cz\/\",\"logo\":{\"@type\":\"ImageObject\",\"inLanguage\":\"cs\",\"@id\":\"https:\/\/www.design-award.cz\/#\/schema\/logo\/image\/\",\"url\":\"http:\/\/www.design-award.cz\/wp-content\/uploads\/2021\/12\/hornilogo_design-award.png\",\"contentUrl\":\"http:\/\/www.design-award.cz\/wp-content\/uploads\/2021\/12\/hornilogo_design-award.png\",\"width\":800,\"height\":600,\"caption\":\"Design Award\"},\"image\":{\"@id\":\"https:\/\/www.design-award.cz\/#\/schema\/logo\/image\/\"},\"sameAs\":[\"https:\/\/www.instagram.com\/design_award\/\"]}]}<\/script>\n<!-- \/ Yoast SEO plugin. -->","yoast_head_json":{"title":"Ve\u0159ejn\u00fd interi\u00e9r - O\u00e1za klidu v Rezidenci Central Park Praha - design-award.cz","robots":{"index":"index","follow":"follow","max-snippet":"max-snippet:-1","max-image-preview":"max-image-preview:large","max-video-preview":"max-video-preview:-1"},"canonical":"https:\/\/www.design-award.cz\/?portfolio=verejny-interier-oaza-klidu-v-rezidenci-central-park-praha","og_locale":"cs_CZ","og_type":"article","og_title":"Ve\u0159ejn\u00fd interi\u00e9r - O\u00e1za klidu v Rezidenci Central Park Praha - design-award.cz","og_description":"Nelly\u00a0 Miltnerov\u00e1 Student si vybere prostor do kter\u00e9ho navrhne \u201cvodn\u00ed d\u00edlo\u201d (font\u00e1nu, sestavu vodn\u00edch ploch, pot\u016f\u010dk\u016f, vodop\u00e1d\u016f \u010di vodotrysk\u016f). M\u011blo by se jednat o sofistikovan\u011bj\u0161\u00ed d\u00edlo, kter\u00e9 prostor n\u011bjak ur\u010d\u00ed, rozd\u011bl\u00ed do z\u00f3n, nab\u00eddne kolemjdouc\u00edm m\u00edsto k odpo\u010dinku \u010di jinak ozvl\u00e1\u0161tn\u00ed prostor. Projekt zahrnuje promy\u0161lenou sestavu vodn\u00edch ploch a vodop\u00e1d\u016f, kter\u00e9 vytv\u00e1\u0159ej\u00ed uklid\u0148uj\u00edc\u00ed zvukovou kulisu [&hellip;]","og_url":"https:\/\/www.design-award.cz\/?portfolio=verejny-interier-oaza-klidu-v-rezidenci-central-park-praha","og_site_name":"design-award.cz","article_modified_time":"2024-07-03T21:25:17+00:00","og_image":[{"width":2560,"height":1685,"url":"http:\/\/www.design-award.cz\/wp-content\/uploads\/2024\/07\/Miltnerova_vizualizace_1-scaled.jpg","type":"image\/jpeg"}],"twitter_card":"summary_large_image","twitter_misc":{"Odhadovan\u00e1 doba \u010dten\u00ed":"1 minuta"},"schema":{"@context":"https:\/\/schema.org","@graph":[{"@type":"WebPage","@id":"https:\/\/www.design-award.cz\/?portfolio=verejny-interier-oaza-klidu-v-rezidenci-central-park-praha","url":"https:\/\/www.design-award.cz\/?portfolio=verejny-interier-oaza-klidu-v-rezidenci-central-park-praha","name":"Ve\u0159ejn\u00fd interi\u00e9r - O\u00e1za klidu v Rezidenci Central Park Praha - design-award.cz","isPartOf":{"@id":"https:\/\/www.design-award.cz\/#website"},"primaryImageOfPage":{"@id":"https:\/\/www.design-award.cz\/?portfolio=verejny-interier-oaza-klidu-v-rezidenci-central-park-praha#primaryimage"},"image":{"@id":"https:\/\/www.design-award.cz\/?portfolio=verejny-interier-oaza-klidu-v-rezidenci-central-park-praha#primaryimage"},"thumbnailUrl":"https:\/\/www.design-award.cz\/wp-content\/uploads\/2024\/07\/Miltnerova_vizualizace_1-scaled.jpg","datePublished":"2024-07-03T21:25:16+00:00","dateModified":"2024-07-03T21:25:17+00:00","breadcrumb":{"@id":"https:\/\/www.design-award.cz\/?portfolio=verejny-interier-oaza-klidu-v-rezidenci-central-park-praha#breadcrumb"},"inLanguage":"cs","potentialAction":[{"@type":"ReadAction","target":["https:\/\/www.design-award.cz\/?portfolio=verejny-interier-oaza-klidu-v-rezidenci-central-park-praha"]}]},{"@type":"ImageObject","inLanguage":"cs","@id":"https:\/\/www.design-award.cz\/?portfolio=verejny-interier-oaza-klidu-v-rezidenci-central-park-praha#primaryimage","url":"https:\/\/www.design-award.cz\/wp-content\/uploads\/2024\/07\/Miltnerova_vizualizace_1-scaled.jpg","contentUrl":"https:\/\/www.design-award.cz\/wp-content\/uploads\/2024\/07\/Miltnerova_vizualizace_1-scaled.jpg","width":2560,"height":1685},{"@type":"BreadcrumbList","@id":"https:\/\/www.design-award.cz\/?portfolio=verejny-interier-oaza-klidu-v-rezidenci-central-park-praha#breadcrumb","itemListElement":[{"@type":"ListItem","position":1,"name":"Dom\u016f","item":"https:\/\/www.design-award.cz\/"},{"@type":"ListItem","position":2,"name":"Portfolio Items","item":"https:\/\/www.design-award.cz\/?post_type=portfolio"},{"@type":"ListItem","position":3,"name":"Ve\u0159ejn\u00fd interi\u00e9r &#8211; O\u00e1za klidu v Rezidenci Central Park Praha"}]},{"@type":"WebSite","@id":"https:\/\/www.design-award.cz\/#website","url":"https:\/\/www.design-award.cz\/","name":"design-award.cz","description":"WARD vznikla v roce 2022. Je ur\u010dena p\u0159edev\u0161\u00edm student\u016fm st\u0159edn\u00edch um\u011bleck\u00fdch \u0161kol (S\u0160 a VO\u0160), kte\u0159\u00ed mohou bezplatn\u011b zaslat sv\u00e9 n\u00e1vrhy v uveden\u00fdch kategori\u00ed a tak pom\u011b\u0159it sv\u00e9 n\u00e1pady s konkurenc\u00ed sv\u00fdch vrstevn\u00edk\u016f. N\u00e1vrhy jsou n\u00e1sledn\u011b posouzeny nez\u00e1vislou porotou z \u0159ad v\u00fdtvarn\u00edk\u016f, pedagog\u016f a profesion\u00e1l\u016f z oboru.","publisher":{"@id":"https:\/\/www.design-award.cz\/#organization"},"potentialAction":[{"@type":"SearchAction","target":{"@type":"EntryPoint","urlTemplate":"https:\/\/www.design-award.cz\/?s={search_term_string}"},"query-input":{"@type":"PropertyValueSpecification","valueRequired":true,"valueName":"search_term_string"}}],"inLanguage":"cs"},{"@type":"Organization","@id":"https:\/\/www.design-award.cz\/#organization","name":"Design Award","url":"https:\/\/www.design-award.cz\/","logo":{"@type":"ImageObject","inLanguage":"cs","@id":"https:\/\/www.design-award.cz\/#\/schema\/logo\/image\/","url":"http:\/\/www.design-award.cz\/wp-content\/uploads\/2021\/12\/hornilogo_design-award.png","contentUrl":"http:\/\/www.design-award.cz\/wp-content\/uploads\/2021\/12\/hornilogo_design-award.png","width":800,"height":600,"caption":"Design Award"},"image":{"@id":"https:\/\/www.design-award.cz\/#\/schema\/logo\/image\/"},"sameAs":["https:\/\/www.instagram.com\/design_award\/"]}]}},"_links":{"self":[{"href":"https:\/\/www.design-award.cz\/index.php?rest_route=\/wp\/v2\/portfolio\/4245","targetHints":{"allow":["GET"]}}],"collection":[{"href":"https:\/\/www.design-award.cz\/index.php?rest_route=\/wp\/v2\/portfolio"}],"about":[{"href":"https:\/\/www.design-award.cz\/index.php?rest_route=\/wp\/v2\/types\/portfolio"}],"author":[{"embeddable":true,"href":"https:\/\/www.design-award.cz\/index.php?rest_route=\/wp\/v2\/users\/2"}],"replies":[{"embeddable":true,"href":"https:\/\/www.design-award.cz\/index.php?rest_route=%2Fwp%2Fv2%2Fcomments&post=4245"}],"version-history":[{"count":1,"href":"https:\/\/www.design-award.cz\/index.php?rest_route=\/wp\/v2\/portfolio\/4245\/revisions"}],"predecessor-version":[{"id":4320,"href":"https:\/\/www.design-award.cz\/index.php?rest_route=\/wp\/v2\/portfolio\/4245\/revisions\/4320"}],"wp:featuredmedia":[{"embeddable":true,"href":"https:\/\/www.design-award.cz\/index.php?rest_route=\/wp\/v2\/media\/4262"}],"wp:attachment":[{"href":"https:\/\/www.design-award.cz\/index.php?rest_route=%2Fwp%2Fv2%2Fmedia&parent=4245"}],"wp:term":[{"taxonomy":"portfolio_category","embeddable":true,"href":"https:\/\/www.design-award.cz\/index.php?rest_route=%2Fwp%2Fv2%2Fportfolio_category&post=4245"},{"taxonomy":"portfolio_tag","embeddable":true,"href":"https:\/\/www.design-award.cz\/index.php?rest_route=%2Fwp%2Fv2%2Fportfolio_tag&post=4245"}],"curies":[{"name":"wp","href":"https:\/\/api.w.org\/{rel}","templated":true}]}}