{"id":4247,"date":"2024-07-03T21:03:36","date_gmt":"2024-07-03T21:03:36","guid":{"rendered":"https:\/\/www.design-award.cz\/?post_type=portfolio&#038;p=4247"},"modified":"2024-07-03T21:03:37","modified_gmt":"2024-07-03T21:03:37","slug":"produktovy-design-par-kresel-modular-twin","status":"publish","type":"portfolio","link":"https:\/\/www.design-award.cz\/?portfolio=produktovy-design-par-kresel-modular-twin","title":{"rendered":"Produktov\u00fd design &#8211; P\u00e1r k\u0159esel &#8211; Modular Twin"},"content":{"rendered":"\n<p><strong>Zuzana Bradov\u00e1<\/strong><\/p>\n\n\n\n<p>SO\u0160 obchodu, u\u017eit\u00e9ho um\u011bn\u00ed a designu, Nerudova 33, Plze\u0148<\/p>\n\n\n\n<p>Zad\u00e1n\u00ed bylo vytvo\u0159it dv\u011b k\u0159esla, kter\u00e1 spolu budou n\u011bjak\u00fdm zp\u016fsobem ladit, ale z\u00e1rove\u0148 budou odli\u0161n\u00e1, tak aby bylo mo\u017en\u00e9 postavit je vedle sebe do jedn\u00e9 m\u00edstnosti. N\u00e1sledn\u011b jsem m\u011bla jedno z k\u0159esel realizovat. K\u0159esla jsem odli\u0161ila pomoc\u00ed ergonomie, prvn\u00ed k\u0159eslo, kter\u00e9 jsem vyr\u00e1b\u011bla, m\u00e1 rozm\u011bry klasick\u00e9ho k\u0159esla (v\u00fd\u0161ka sed\u00e1ku 40 cm, hloubka sed\u00e1ku 60 cm), a druh\u00e9 vych\u00e1z\u00ed z barov\u00e9 \u017eidle (v\u00fd\u0161ka sed\u00e1ku 60 cm, hloubka 45 cm). K\u0159esla jsou modul\u00e1rn\u00ed, tud\u00ed\u017e je lze rozlo\u017eit na dv\u011b \u010d\u00e1sti, kter\u00e9 slou\u017e\u00ed jako stole\u010dek a stoli\u010dka. Ob\u011b \u010d\u00e1sti maj\u00ed tvar poloviny \u0161esti\u00faheln\u00edku a spojuj\u00ed se pomoc\u00ed dr\u00e1\u017eek, kter\u00e9 m\u00e1 ka\u017ed\u00e1 z \u010d\u00e1st\u00ed. Ty se do sebe jednodu\u0161e zasunou a k\u0159eslo je slo\u017een\u00e9. Po slo\u017een\u00ed k\u0159esla vznik\u00e1 pod sed\u00e1kem \u00falo\u017en\u00fd prostor na knihy nebo t\u0159eba na polstrov\u00e1n\u00ed, kter\u00e9 je rovn\u011b\u017e sou\u010d\u00e1st\u00ed k\u0159esla. Nad sed\u00e1kem vznik\u00e1 mal\u00e1 mezera, d\u00edky kter\u00e9 lze polstrov\u00e1n\u00ed snadno p\u0159ipevnit. Polstrov\u00e1n\u00ed se skl\u00e1d\u00e1 z v\u00fdpln\u011b a povlaku. Vnit\u0159ek polstrov\u00e1n\u00ed je jednoduch\u00fd pol\u0161t\u00e1\u0159 napln\u011bn\u00fd v\u00fdpln\u00ed do pol\u0161ta\u0159\u016f a je pro\u0161it\u00fd knofl\u00edky, kter\u00e9 za\u0159\u00edd\u00ed stabiln\u00ed a pohodln\u011bj\u0161\u00ed sezen\u00ed. K tomu pat\u0159\u00ed povlak, kter\u00fd m\u00e1 zespodu skryt\u00fd zip a po stran\u00e1ch popruhy se such\u00fdm zipem, pomoc\u00ed kter\u00fdch se p\u0159ipevn\u00ed ke k\u0159eslu, aby nespadlo. K\u0159esla jsou ur\u010dena prim\u00e1rn\u011b do kav\u00e1rny nebo knihovny, ale lze je vyu\u017e\u00edt i v jin\u00fdch prostor\u00e1ch, nap\u0159\u00edklad v ob\u00fdvac\u00edm pokoji. D\u00e1le lze zv\u00fd\u0161it mo\u017enosti vyu\u017eit\u00ed zm\u011bnou materi\u00e1lu (plast a k\u016f\u017ee &#8211; \u010dek\u00e1rna u l\u00e9ka\u0159e) nebo zm\u011bnou ergonomie u d\u011btsk\u00e9ho n\u00e1bytku.\u00a0 Na k\u0159eslo jsem pou\u017eila b\u0159ezovou p\u0159ekli\u017eku, kterou jsem o\u0161et\u0159ila transparentn\u00edm olejem na d\u0159evo a na polstrov\u00e1n\u00ed velurovou potahovou l\u00e1tku s odolnost\u00ed v\u016f\u010di od\u011br\u016fm 140 000 cykl\u016f.<\/p>\n\n\n\n<figure class=\"wp-block-image size-full\"><img decoding=\"async\" width=\"8423\" height=\"11883\" data-src=\"http:\/\/www.design-award.cz\/wp-content\/uploads\/2024\/07\/Bradova_plakat_kreslo.jpg\" alt=\"\" class=\"wp-image-4274 lazyload\" src=\"data:image\/svg+xml;base64,PHN2ZyB3aWR0aD0iMSIgaGVpZ2h0PSIxIiB4bWxucz0iaHR0cDovL3d3dy53My5vcmcvMjAwMC9zdmciPjwvc3ZnPg==\" style=\"--smush-placeholder-width: 8423px; --smush-placeholder-aspect-ratio: 8423\/11883;\" \/><\/figure>\n\n\n\n<figure class=\"wp-block-image size-large\"><img decoding=\"async\" width=\"1024\" height=\"683\" data-src=\"http:\/\/www.design-award.cz\/wp-content\/uploads\/2024\/07\/Bradova_Zuzana_foto-1024x683.jpg\" alt=\"\" class=\"wp-image-4275 lazyload\" data-srcset=\"https:\/\/www.design-award.cz\/wp-content\/uploads\/2024\/07\/Bradova_Zuzana_foto-1024x683.jpg 1024w, https:\/\/www.design-award.cz\/wp-content\/uploads\/2024\/07\/Bradova_Zuzana_foto-300x200.jpg 300w, https:\/\/www.design-award.cz\/wp-content\/uploads\/2024\/07\/Bradova_Zuzana_foto-768x512.jpg 768w, https:\/\/www.design-award.cz\/wp-content\/uploads\/2024\/07\/Bradova_Zuzana_foto-1536x1024.jpg 1536w, https:\/\/www.design-award.cz\/wp-content\/uploads\/2024\/07\/Bradova_Zuzana_foto-2048x1365.jpg 2048w, https:\/\/www.design-award.cz\/wp-content\/uploads\/2024\/07\/Bradova_Zuzana_foto-500x333.jpg 500w, https:\/\/www.design-award.cz\/wp-content\/uploads\/2024\/07\/Bradova_Zuzana_foto-800x533.jpg 800w, https:\/\/www.design-award.cz\/wp-content\/uploads\/2024\/07\/Bradova_Zuzana_foto-1280x853.jpg 1280w, https:\/\/www.design-award.cz\/wp-content\/uploads\/2024\/07\/Bradova_Zuzana_foto-1920x1280.jpg 1920w\" data-sizes=\"(max-width: 1024px) 100vw, 1024px\" src=\"data:image\/svg+xml;base64,PHN2ZyB3aWR0aD0iMSIgaGVpZ2h0PSIxIiB4bWxucz0iaHR0cDovL3d3dy53My5vcmcvMjAwMC9zdmciPjwvc3ZnPg==\" style=\"--smush-placeholder-width: 1024px; --smush-placeholder-aspect-ratio: 1024\/683;\" \/><\/figure>\n\n\n\n<figure class=\"wp-block-image size-large\"><img decoding=\"async\" width=\"1024\" height=\"683\" data-src=\"http:\/\/www.design-award.cz\/wp-content\/uploads\/2024\/07\/Bradova_Zuzana_foto_2-1024x683.jpg\" alt=\"\" class=\"wp-image-4276 lazyload\" data-srcset=\"https:\/\/www.design-award.cz\/wp-content\/uploads\/2024\/07\/Bradova_Zuzana_foto_2-1024x683.jpg 1024w, https:\/\/www.design-award.cz\/wp-content\/uploads\/2024\/07\/Bradova_Zuzana_foto_2-300x200.jpg 300w, https:\/\/www.design-award.cz\/wp-content\/uploads\/2024\/07\/Bradova_Zuzana_foto_2-768x512.jpg 768w, https:\/\/www.design-award.cz\/wp-content\/uploads\/2024\/07\/Bradova_Zuzana_foto_2-1536x1024.jpg 1536w, https:\/\/www.design-award.cz\/wp-content\/uploads\/2024\/07\/Bradova_Zuzana_foto_2-2048x1365.jpg 2048w, https:\/\/www.design-award.cz\/wp-content\/uploads\/2024\/07\/Bradova_Zuzana_foto_2-500x333.jpg 500w, https:\/\/www.design-award.cz\/wp-content\/uploads\/2024\/07\/Bradova_Zuzana_foto_2-800x533.jpg 800w, https:\/\/www.design-award.cz\/wp-content\/uploads\/2024\/07\/Bradova_Zuzana_foto_2-1280x853.jpg 1280w, https:\/\/www.design-award.cz\/wp-content\/uploads\/2024\/07\/Bradova_Zuzana_foto_2-1920x1280.jpg 1920w\" data-sizes=\"(max-width: 1024px) 100vw, 1024px\" src=\"data:image\/svg+xml;base64,PHN2ZyB3aWR0aD0iMSIgaGVpZ2h0PSIxIiB4bWxucz0iaHR0cDovL3d3dy53My5vcmcvMjAwMC9zdmciPjwvc3ZnPg==\" style=\"--smush-placeholder-width: 1024px; --smush-placeholder-aspect-ratio: 1024\/683;\" \/><\/figure>\n\n\n\n<figure class=\"wp-block-image size-large\"><img decoding=\"async\" width=\"700\" height=\"1024\" data-src=\"http:\/\/www.design-award.cz\/wp-content\/uploads\/2024\/07\/Bradova_Zuzana_technicke_schema_kresel-700x1024.jpg\" alt=\"\" class=\"wp-image-4278 lazyload\" data-srcset=\"https:\/\/www.design-award.cz\/wp-content\/uploads\/2024\/07\/Bradova_Zuzana_technicke_schema_kresel-700x1024.jpg 700w, https:\/\/www.design-award.cz\/wp-content\/uploads\/2024\/07\/Bradova_Zuzana_technicke_schema_kresel-205x300.jpg 205w, https:\/\/www.design-award.cz\/wp-content\/uploads\/2024\/07\/Bradova_Zuzana_technicke_schema_kresel-768x1124.jpg 768w, https:\/\/www.design-award.cz\/wp-content\/uploads\/2024\/07\/Bradova_Zuzana_technicke_schema_kresel-1050x1536.jpg 1050w, https:\/\/www.design-award.cz\/wp-content\/uploads\/2024\/07\/Bradova_Zuzana_technicke_schema_kresel-1400x2048.jpg 1400w, https:\/\/www.design-award.cz\/wp-content\/uploads\/2024\/07\/Bradova_Zuzana_technicke_schema_kresel-500x732.jpg 500w, https:\/\/www.design-award.cz\/wp-content\/uploads\/2024\/07\/Bradova_Zuzana_technicke_schema_kresel-800x1171.jpg 800w, https:\/\/www.design-award.cz\/wp-content\/uploads\/2024\/07\/Bradova_Zuzana_technicke_schema_kresel-1280x1873.jpg 1280w, https:\/\/www.design-award.cz\/wp-content\/uploads\/2024\/07\/Bradova_Zuzana_technicke_schema_kresel-1920x2809.jpg 1920w, https:\/\/www.design-award.cz\/wp-content\/uploads\/2024\/07\/Bradova_Zuzana_technicke_schema_kresel-scaled.jpg 1750w\" data-sizes=\"(max-width: 700px) 100vw, 700px\" src=\"data:image\/svg+xml;base64,PHN2ZyB3aWR0aD0iMSIgaGVpZ2h0PSIxIiB4bWxucz0iaHR0cDovL3d3dy53My5vcmcvMjAwMC9zdmciPjwvc3ZnPg==\" style=\"--smush-placeholder-width: 700px; --smush-placeholder-aspect-ratio: 700\/1024;\" \/><\/figure>\n","protected":false},"excerpt":{"rendered":"<p>Zuzana Bradov\u00e1 SO\u0160 obchodu, u\u017eit\u00e9ho um\u011bn\u00ed a designu, Nerudova 33, Plze\u0148 Zad\u00e1n\u00ed bylo vytvo\u0159it dv\u011b k\u0159esla, kter\u00e1 spolu budou n\u011bjak\u00fdm zp\u016fsobem ladit, ale z\u00e1rove\u0148 budou odli\u0161n\u00e1, tak aby bylo mo\u017en\u00e9 postavit je vedle sebe do jedn\u00e9 m\u00edstnosti. N\u00e1sledn\u011b jsem m\u011bla jedno z k\u0159esel realizovat. K\u0159esla jsem odli\u0161ila pomoc\u00ed ergonomie, prvn\u00ed k\u0159eslo, kter\u00e9 jsem vyr\u00e1b\u011bla, m\u00e1 [&hellip;]<\/p>\n","protected":false},"author":2,"featured_media":4277,"menu_order":0,"comment_status":"closed","ping_status":"closed","template":"","format":"standard","meta":{"ngg_post_thumbnail":0,"ocean_post_layout":"","ocean_both_sidebars_style":"","ocean_both_sidebars_content_width":0,"ocean_both_sidebars_sidebars_width":0,"ocean_sidebar":"","ocean_second_sidebar":"","ocean_disable_margins":"enable","ocean_add_body_class":"","ocean_shortcode_before_top_bar":"","ocean_shortcode_after_top_bar":"","ocean_shortcode_before_header":"","ocean_shortcode_after_header":"","ocean_has_shortcode":"","ocean_shortcode_after_title":"","ocean_shortcode_before_footer_widgets":"","ocean_shortcode_after_footer_widgets":"","ocean_shortcode_before_footer_bottom":"","ocean_shortcode_after_footer_bottom":"","ocean_display_top_bar":"default","ocean_display_header":"default","ocean_header_style":"","ocean_center_header_left_menu":"","ocean_custom_header_template":"","ocean_custom_logo":0,"ocean_custom_retina_logo":0,"ocean_custom_logo_max_width":0,"ocean_custom_logo_tablet_max_width":0,"ocean_custom_logo_mobile_max_width":0,"ocean_custom_logo_max_height":0,"ocean_custom_logo_tablet_max_height":0,"ocean_custom_logo_mobile_max_height":0,"ocean_header_custom_menu":"","ocean_menu_typo_font_family":"","ocean_menu_typo_font_subset":"","ocean_menu_typo_font_size":0,"ocean_menu_typo_font_size_tablet":0,"ocean_menu_typo_font_size_mobile":0,"ocean_menu_typo_font_size_unit":"px","ocean_menu_typo_font_weight":"","ocean_menu_typo_font_weight_tablet":"","ocean_menu_typo_font_weight_mobile":"","ocean_menu_typo_transform":"","ocean_menu_typo_transform_tablet":"","ocean_menu_typo_transform_mobile":"","ocean_menu_typo_line_height":0,"ocean_menu_typo_line_height_tablet":0,"ocean_menu_typo_line_height_mobile":0,"ocean_menu_typo_line_height_unit":"","ocean_menu_typo_spacing":0,"ocean_menu_typo_spacing_tablet":0,"ocean_menu_typo_spacing_mobile":0,"ocean_menu_typo_spacing_unit":"","ocean_menu_link_color":"","ocean_menu_link_color_hover":"","ocean_menu_link_color_active":"","ocean_menu_link_background":"","ocean_menu_link_hover_background":"","ocean_menu_link_active_background":"","ocean_menu_social_links_bg":"","ocean_menu_social_hover_links_bg":"","ocean_menu_social_links_color":"","ocean_menu_social_hover_links_color":"","ocean_disable_title":"default","ocean_disable_heading":"default","ocean_post_title":"","ocean_post_subheading":"","ocean_post_title_style":"","ocean_post_title_background_color":"","ocean_post_title_background":0,"ocean_post_title_bg_image_position":"","ocean_post_title_bg_image_attachment":"","ocean_post_title_bg_image_repeat":"","ocean_post_title_bg_image_size":"","ocean_post_title_height":0,"ocean_post_title_bg_overlay":0.5,"ocean_post_title_bg_overlay_color":"","ocean_disable_breadcrumbs":"default","ocean_breadcrumbs_color":"","ocean_breadcrumbs_separator_color":"","ocean_breadcrumbs_links_color":"","ocean_breadcrumbs_links_hover_color":"","ocean_display_footer_widgets":"default","ocean_display_footer_bottom":"default","ocean_custom_footer_template":"","_vp_format_video_url":"","_vp_image_focal_point":[],"footnotes":""},"portfolio_category":[],"portfolio_tag":[],"class_list":["post-4247","portfolio","type-portfolio","status-publish","format-standard","has-post-thumbnail","hentry","entry","has-media"],"yoast_head":"<!-- This site is optimized with the Yoast SEO plugin v25.2 - https:\/\/yoast.com\/wordpress\/plugins\/seo\/ -->\n<title>Produktov\u00fd design - P\u00e1r k\u0159esel - Modular Twin - design-award.cz<\/title>\n<meta name=\"robots\" content=\"index, follow, max-snippet:-1, max-image-preview:large, max-video-preview:-1\" \/>\n<link rel=\"canonical\" href=\"https:\/\/www.design-award.cz\/?portfolio=produktovy-design-par-kresel-modular-twin\" \/>\n<meta property=\"og:locale\" content=\"cs_CZ\" \/>\n<meta property=\"og:type\" content=\"article\" \/>\n<meta property=\"og:title\" content=\"Produktov\u00fd design - P\u00e1r k\u0159esel - Modular Twin - design-award.cz\" \/>\n<meta property=\"og:description\" content=\"Zuzana Bradov\u00e1 SO\u0160 obchodu, u\u017eit\u00e9ho um\u011bn\u00ed a designu, Nerudova 33, Plze\u0148 Zad\u00e1n\u00ed bylo vytvo\u0159it dv\u011b k\u0159esla, kter\u00e1 spolu budou n\u011bjak\u00fdm zp\u016fsobem ladit, ale z\u00e1rove\u0148 budou odli\u0161n\u00e1, tak aby bylo mo\u017en\u00e9 postavit je vedle sebe do jedn\u00e9 m\u00edstnosti. N\u00e1sledn\u011b jsem m\u011bla jedno z k\u0159esel realizovat. K\u0159esla jsem odli\u0161ila pomoc\u00ed ergonomie, prvn\u00ed k\u0159eslo, kter\u00e9 jsem vyr\u00e1b\u011bla, m\u00e1 [&hellip;]\" \/>\n<meta property=\"og:url\" content=\"https:\/\/www.design-award.cz\/?portfolio=produktovy-design-par-kresel-modular-twin\" \/>\n<meta property=\"og:site_name\" content=\"design-award.cz\" \/>\n<meta property=\"article:modified_time\" content=\"2024-07-03T21:03:37+00:00\" \/>\n<meta property=\"og:image\" content=\"http:\/\/www.design-award.cz\/wp-content\/uploads\/2024\/07\/Bradova_Zuzana_foto_3-scaled.jpg\" \/>\n\t<meta property=\"og:image:width\" content=\"2560\" \/>\n\t<meta property=\"og:image:height\" content=\"1707\" \/>\n\t<meta property=\"og:image:type\" content=\"image\/jpeg\" \/>\n<meta name=\"twitter:card\" content=\"summary_large_image\" \/>\n<meta name=\"twitter:label1\" content=\"Odhadovan\u00e1 doba \u010dten\u00ed\" \/>\n\t<meta name=\"twitter:data1\" content=\"2 minuty\" \/>\n<script type=\"application\/ld+json\" class=\"yoast-schema-graph\">{\"@context\":\"https:\/\/schema.org\",\"@graph\":[{\"@type\":\"WebPage\",\"@id\":\"https:\/\/www.design-award.cz\/?portfolio=produktovy-design-par-kresel-modular-twin\",\"url\":\"https:\/\/www.design-award.cz\/?portfolio=produktovy-design-par-kresel-modular-twin\",\"name\":\"Produktov\u00fd design - P\u00e1r k\u0159esel - Modular Twin - design-award.cz\",\"isPartOf\":{\"@id\":\"https:\/\/www.design-award.cz\/#website\"},\"primaryImageOfPage\":{\"@id\":\"https:\/\/www.design-award.cz\/?portfolio=produktovy-design-par-kresel-modular-twin#primaryimage\"},\"image\":{\"@id\":\"https:\/\/www.design-award.cz\/?portfolio=produktovy-design-par-kresel-modular-twin#primaryimage\"},\"thumbnailUrl\":\"https:\/\/www.design-award.cz\/wp-content\/uploads\/2024\/07\/Bradova_Zuzana_foto_3-scaled.jpg\",\"datePublished\":\"2024-07-03T21:03:36+00:00\",\"dateModified\":\"2024-07-03T21:03:37+00:00\",\"breadcrumb\":{\"@id\":\"https:\/\/www.design-award.cz\/?portfolio=produktovy-design-par-kresel-modular-twin#breadcrumb\"},\"inLanguage\":\"cs\",\"potentialAction\":[{\"@type\":\"ReadAction\",\"target\":[\"https:\/\/www.design-award.cz\/?portfolio=produktovy-design-par-kresel-modular-twin\"]}]},{\"@type\":\"ImageObject\",\"inLanguage\":\"cs\",\"@id\":\"https:\/\/www.design-award.cz\/?portfolio=produktovy-design-par-kresel-modular-twin#primaryimage\",\"url\":\"https:\/\/www.design-award.cz\/wp-content\/uploads\/2024\/07\/Bradova_Zuzana_foto_3-scaled.jpg\",\"contentUrl\":\"https:\/\/www.design-award.cz\/wp-content\/uploads\/2024\/07\/Bradova_Zuzana_foto_3-scaled.jpg\",\"width\":2560,\"height\":1707},{\"@type\":\"BreadcrumbList\",\"@id\":\"https:\/\/www.design-award.cz\/?portfolio=produktovy-design-par-kresel-modular-twin#breadcrumb\",\"itemListElement\":[{\"@type\":\"ListItem\",\"position\":1,\"name\":\"Dom\u016f\",\"item\":\"https:\/\/www.design-award.cz\/\"},{\"@type\":\"ListItem\",\"position\":2,\"name\":\"Portfolio Items\",\"item\":\"https:\/\/www.design-award.cz\/?post_type=portfolio\"},{\"@type\":\"ListItem\",\"position\":3,\"name\":\"Produktov\u00fd design &#8211; P\u00e1r k\u0159esel &#8211; Modular Twin\"}]},{\"@type\":\"WebSite\",\"@id\":\"https:\/\/www.design-award.cz\/#website\",\"url\":\"https:\/\/www.design-award.cz\/\",\"name\":\"design-award.cz\",\"description\":\"WARD vznikla v roce 2022. Je ur\u010dena p\u0159edev\u0161\u00edm student\u016fm st\u0159edn\u00edch um\u011bleck\u00fdch \u0161kol (S\u0160 a VO\u0160), kte\u0159\u00ed mohou bezplatn\u011b zaslat sv\u00e9 n\u00e1vrhy v uveden\u00fdch kategori\u00ed a tak pom\u011b\u0159it sv\u00e9 n\u00e1pady s konkurenc\u00ed sv\u00fdch vrstevn\u00edk\u016f. N\u00e1vrhy jsou n\u00e1sledn\u011b posouzeny nez\u00e1vislou porotou z \u0159ad v\u00fdtvarn\u00edk\u016f, pedagog\u016f a profesion\u00e1l\u016f z oboru.\",\"publisher\":{\"@id\":\"https:\/\/www.design-award.cz\/#organization\"},\"potentialAction\":[{\"@type\":\"SearchAction\",\"target\":{\"@type\":\"EntryPoint\",\"urlTemplate\":\"https:\/\/www.design-award.cz\/?s={search_term_string}\"},\"query-input\":{\"@type\":\"PropertyValueSpecification\",\"valueRequired\":true,\"valueName\":\"search_term_string\"}}],\"inLanguage\":\"cs\"},{\"@type\":\"Organization\",\"@id\":\"https:\/\/www.design-award.cz\/#organization\",\"name\":\"Design Award\",\"url\":\"https:\/\/www.design-award.cz\/\",\"logo\":{\"@type\":\"ImageObject\",\"inLanguage\":\"cs\",\"@id\":\"https:\/\/www.design-award.cz\/#\/schema\/logo\/image\/\",\"url\":\"http:\/\/www.design-award.cz\/wp-content\/uploads\/2021\/12\/hornilogo_design-award.png\",\"contentUrl\":\"http:\/\/www.design-award.cz\/wp-content\/uploads\/2021\/12\/hornilogo_design-award.png\",\"width\":800,\"height\":600,\"caption\":\"Design Award\"},\"image\":{\"@id\":\"https:\/\/www.design-award.cz\/#\/schema\/logo\/image\/\"},\"sameAs\":[\"https:\/\/www.instagram.com\/design_award\/\"]}]}<\/script>\n<!-- \/ Yoast SEO plugin. -->","yoast_head_json":{"title":"Produktov\u00fd design - P\u00e1r k\u0159esel - Modular Twin - design-award.cz","robots":{"index":"index","follow":"follow","max-snippet":"max-snippet:-1","max-image-preview":"max-image-preview:large","max-video-preview":"max-video-preview:-1"},"canonical":"https:\/\/www.design-award.cz\/?portfolio=produktovy-design-par-kresel-modular-twin","og_locale":"cs_CZ","og_type":"article","og_title":"Produktov\u00fd design - P\u00e1r k\u0159esel - Modular Twin - design-award.cz","og_description":"Zuzana Bradov\u00e1 SO\u0160 obchodu, u\u017eit\u00e9ho um\u011bn\u00ed a designu, Nerudova 33, Plze\u0148 Zad\u00e1n\u00ed bylo vytvo\u0159it dv\u011b k\u0159esla, kter\u00e1 spolu budou n\u011bjak\u00fdm zp\u016fsobem ladit, ale z\u00e1rove\u0148 budou odli\u0161n\u00e1, tak aby bylo mo\u017en\u00e9 postavit je vedle sebe do jedn\u00e9 m\u00edstnosti. N\u00e1sledn\u011b jsem m\u011bla jedno z k\u0159esel realizovat. K\u0159esla jsem odli\u0161ila pomoc\u00ed ergonomie, prvn\u00ed k\u0159eslo, kter\u00e9 jsem vyr\u00e1b\u011bla, m\u00e1 [&hellip;]","og_url":"https:\/\/www.design-award.cz\/?portfolio=produktovy-design-par-kresel-modular-twin","og_site_name":"design-award.cz","article_modified_time":"2024-07-03T21:03:37+00:00","og_image":[{"width":2560,"height":1707,"url":"http:\/\/www.design-award.cz\/wp-content\/uploads\/2024\/07\/Bradova_Zuzana_foto_3-scaled.jpg","type":"image\/jpeg"}],"twitter_card":"summary_large_image","twitter_misc":{"Odhadovan\u00e1 doba \u010dten\u00ed":"2 minuty"},"schema":{"@context":"https:\/\/schema.org","@graph":[{"@type":"WebPage","@id":"https:\/\/www.design-award.cz\/?portfolio=produktovy-design-par-kresel-modular-twin","url":"https:\/\/www.design-award.cz\/?portfolio=produktovy-design-par-kresel-modular-twin","name":"Produktov\u00fd design - P\u00e1r k\u0159esel - Modular Twin - design-award.cz","isPartOf":{"@id":"https:\/\/www.design-award.cz\/#website"},"primaryImageOfPage":{"@id":"https:\/\/www.design-award.cz\/?portfolio=produktovy-design-par-kresel-modular-twin#primaryimage"},"image":{"@id":"https:\/\/www.design-award.cz\/?portfolio=produktovy-design-par-kresel-modular-twin#primaryimage"},"thumbnailUrl":"https:\/\/www.design-award.cz\/wp-content\/uploads\/2024\/07\/Bradova_Zuzana_foto_3-scaled.jpg","datePublished":"2024-07-03T21:03:36+00:00","dateModified":"2024-07-03T21:03:37+00:00","breadcrumb":{"@id":"https:\/\/www.design-award.cz\/?portfolio=produktovy-design-par-kresel-modular-twin#breadcrumb"},"inLanguage":"cs","potentialAction":[{"@type":"ReadAction","target":["https:\/\/www.design-award.cz\/?portfolio=produktovy-design-par-kresel-modular-twin"]}]},{"@type":"ImageObject","inLanguage":"cs","@id":"https:\/\/www.design-award.cz\/?portfolio=produktovy-design-par-kresel-modular-twin#primaryimage","url":"https:\/\/www.design-award.cz\/wp-content\/uploads\/2024\/07\/Bradova_Zuzana_foto_3-scaled.jpg","contentUrl":"https:\/\/www.design-award.cz\/wp-content\/uploads\/2024\/07\/Bradova_Zuzana_foto_3-scaled.jpg","width":2560,"height":1707},{"@type":"BreadcrumbList","@id":"https:\/\/www.design-award.cz\/?portfolio=produktovy-design-par-kresel-modular-twin#breadcrumb","itemListElement":[{"@type":"ListItem","position":1,"name":"Dom\u016f","item":"https:\/\/www.design-award.cz\/"},{"@type":"ListItem","position":2,"name":"Portfolio Items","item":"https:\/\/www.design-award.cz\/?post_type=portfolio"},{"@type":"ListItem","position":3,"name":"Produktov\u00fd design &#8211; P\u00e1r k\u0159esel &#8211; Modular Twin"}]},{"@type":"WebSite","@id":"https:\/\/www.design-award.cz\/#website","url":"https:\/\/www.design-award.cz\/","name":"design-award.cz","description":"WARD vznikla v roce 2022. Je ur\u010dena p\u0159edev\u0161\u00edm student\u016fm st\u0159edn\u00edch um\u011bleck\u00fdch \u0161kol (S\u0160 a VO\u0160), kte\u0159\u00ed mohou bezplatn\u011b zaslat sv\u00e9 n\u00e1vrhy v uveden\u00fdch kategori\u00ed a tak pom\u011b\u0159it sv\u00e9 n\u00e1pady s konkurenc\u00ed sv\u00fdch vrstevn\u00edk\u016f. N\u00e1vrhy jsou n\u00e1sledn\u011b posouzeny nez\u00e1vislou porotou z \u0159ad v\u00fdtvarn\u00edk\u016f, pedagog\u016f a profesion\u00e1l\u016f z oboru.","publisher":{"@id":"https:\/\/www.design-award.cz\/#organization"},"potentialAction":[{"@type":"SearchAction","target":{"@type":"EntryPoint","urlTemplate":"https:\/\/www.design-award.cz\/?s={search_term_string}"},"query-input":{"@type":"PropertyValueSpecification","valueRequired":true,"valueName":"search_term_string"}}],"inLanguage":"cs"},{"@type":"Organization","@id":"https:\/\/www.design-award.cz\/#organization","name":"Design Award","url":"https:\/\/www.design-award.cz\/","logo":{"@type":"ImageObject","inLanguage":"cs","@id":"https:\/\/www.design-award.cz\/#\/schema\/logo\/image\/","url":"http:\/\/www.design-award.cz\/wp-content\/uploads\/2021\/12\/hornilogo_design-award.png","contentUrl":"http:\/\/www.design-award.cz\/wp-content\/uploads\/2021\/12\/hornilogo_design-award.png","width":800,"height":600,"caption":"Design Award"},"image":{"@id":"https:\/\/www.design-award.cz\/#\/schema\/logo\/image\/"},"sameAs":["https:\/\/www.instagram.com\/design_award\/"]}]}},"_links":{"self":[{"href":"https:\/\/www.design-award.cz\/index.php?rest_route=\/wp\/v2\/portfolio\/4247","targetHints":{"allow":["GET"]}}],"collection":[{"href":"https:\/\/www.design-award.cz\/index.php?rest_route=\/wp\/v2\/portfolio"}],"about":[{"href":"https:\/\/www.design-award.cz\/index.php?rest_route=\/wp\/v2\/types\/portfolio"}],"author":[{"embeddable":true,"href":"https:\/\/www.design-award.cz\/index.php?rest_route=\/wp\/v2\/users\/2"}],"replies":[{"embeddable":true,"href":"https:\/\/www.design-award.cz\/index.php?rest_route=%2Fwp%2Fv2%2Fcomments&post=4247"}],"version-history":[{"count":1,"href":"https:\/\/www.design-award.cz\/index.php?rest_route=\/wp\/v2\/portfolio\/4247\/revisions"}],"predecessor-version":[{"id":4284,"href":"https:\/\/www.design-award.cz\/index.php?rest_route=\/wp\/v2\/portfolio\/4247\/revisions\/4284"}],"wp:featuredmedia":[{"embeddable":true,"href":"https:\/\/www.design-award.cz\/index.php?rest_route=\/wp\/v2\/media\/4277"}],"wp:attachment":[{"href":"https:\/\/www.design-award.cz\/index.php?rest_route=%2Fwp%2Fv2%2Fmedia&parent=4247"}],"wp:term":[{"taxonomy":"portfolio_category","embeddable":true,"href":"https:\/\/www.design-award.cz\/index.php?rest_route=%2Fwp%2Fv2%2Fportfolio_category&post=4247"},{"taxonomy":"portfolio_tag","embeddable":true,"href":"https:\/\/www.design-award.cz\/index.php?rest_route=%2Fwp%2Fv2%2Fportfolio_tag&post=4247"}],"curies":[{"name":"wp","href":"https:\/\/api.w.org\/{rel}","templated":true}]}}