{"id":4252,"date":"2024-07-03T21:18:56","date_gmt":"2024-07-03T21:18:56","guid":{"rendered":"https:\/\/www.design-award.cz\/?post_type=portfolio&#038;p=4252"},"modified":"2024-07-03T21:18:57","modified_gmt":"2024-07-03T21:18:57","slug":"soukromy-interier-kubisticky-interier","status":"publish","type":"portfolio","link":"https:\/\/www.design-award.cz\/?portfolio=soukromy-interier-kubisticky-interier","title":{"rendered":"Soukrom\u00fd interi\u00e9r &#8211; KUBISTICK\u00dd INTERI\u00c9R"},"content":{"rendered":"\n<p><strong>S\u00e1ra Nedb\u00e1lkov\u00e1<\/strong><\/p>\n\n\n\n<p>St\u0159edn\u00ed \u0161kola a Vy\u0161\u0161\u00ed odborn\u00e1 \u0161kola tradi\u010dn\u00edch \u0159emesel s.r.o.<\/p>\n\n\n\n<p>Cht\u011bla bych zde p\u0159edstavit sv\u016fj n\u00e1vrh na novodob\u00fd kubistick\u00fd interi\u00e9r. Zad\u00e1n\u00ed ze strany \u0161koly zn\u011blo, abychom vytvo\u0159ili soukrom\u00fd interi\u00e9r pro p\u0159echodn\u00e9 bydlen\u00ed v p\u0159edem stanoven\u00e9m bytov\u00e9m celku. Navrhovala jsem p\u011bt m\u00edstnost\u00ed :\u00a0 z\u00e1dve\u0159\u00ed, wc, koupelnu, lo\u017enici a kuchyni s ob\u00fdvac\u00edm pokojem. M\u00e1 prvotn\u00ed idea byla vytvo\u0159it neobvykl\u00fd interi\u00e9r inspirovan\u00fd um\u011bleck\u00fdm sm\u011brem 20. stolet\u00ed, kter\u00fd se do architektonick\u00e9 a interi\u00e9rov\u00e9 tvorby p\u0159\u00edli\u0161 neprom\u00edtl. Z toho vznikl koncept kubistick\u00e9ho interi\u00e9ru v 21. stolet\u00ed. Inspirovala jsem se zejm\u00e9na Josefem Go\u010d\u00e1rem, Pavlem Jan\u00e1kem a Vlastislavem Hofmanem. Koupelna, wc a lo\u017enice jsou inspirov\u00e1ny \u010dernob\u00edlou kubistickou keramikou od Pavla Jan\u00e1ka a Vlastislava Hofmana. Z\u00e1dve\u0159\u00ed a kuchyn\u011b s ob\u00fdvac\u00edm pokojem jsou inspirov\u00e1ny Josefem Go\u010d\u00e1rem, kde jsem pou\u017eila zejm\u00e9na tmav\u00e9 odst\u00edny d\u0159eva, sv\u011btlou l\u00e1tku, \u017elut\u00fd a b\u00edl\u00fd kov. V cel\u00e9m interi\u00e9ru jsou pou\u017eity jak reprodukce p\u016fvodn\u00edho kubistick\u00e9ho n\u00e1bytku tak nov\u011b navr\u017een\u00fd n\u00e1bytek na m\u00edru. V ob\u00fdvac\u00edm pokoji je pou\u017eita barevn\u00e1 litografie od Franti\u0161ka Kysely jako tapeta. Jako materi\u00e1ly je zde zastoupeno nejv\u00edce o\u0159echov\u00e9 a dubov\u00e9 d\u0159evo, keramika, mosaz, kov, sklo. M\u00fdm z\u00e1m\u011brem bylo vytvo\u0159it bydlen\u00ed s neobvykl\u00fdm pro\u017eitkem a pocitem spojen\u00ed s um\u011bn\u00ed a \u010deskou kulturou. Kubismus se toti\u017e v architektu\u0159e a interi\u00e9ru projevil zejm\u00e9na v \u010desk\u00fdch kraj\u00edch.<\/p>\n\n\n\n<figure class=\"wp-block-image size-full\"><img decoding=\"async\" width=\"954\" height=\"823\" data-src=\"http:\/\/www.design-award.cz\/wp-content\/uploads\/2024\/07\/793D4137-47FB-406B-B84D-04D889DD744F_1_105_c.png\" alt=\"\" class=\"wp-image-4304 lazyload\" data-srcset=\"https:\/\/www.design-award.cz\/wp-content\/uploads\/2024\/07\/793D4137-47FB-406B-B84D-04D889DD744F_1_105_c.png 954w, https:\/\/www.design-award.cz\/wp-content\/uploads\/2024\/07\/793D4137-47FB-406B-B84D-04D889DD744F_1_105_c-300x259.png 300w, https:\/\/www.design-award.cz\/wp-content\/uploads\/2024\/07\/793D4137-47FB-406B-B84D-04D889DD744F_1_105_c-768x663.png 768w, https:\/\/www.design-award.cz\/wp-content\/uploads\/2024\/07\/793D4137-47FB-406B-B84D-04D889DD744F_1_105_c-500x431.png 500w, https:\/\/www.design-award.cz\/wp-content\/uploads\/2024\/07\/793D4137-47FB-406B-B84D-04D889DD744F_1_105_c-800x690.png 800w\" data-sizes=\"(max-width: 954px) 100vw, 954px\" src=\"data:image\/svg+xml;base64,PHN2ZyB3aWR0aD0iMSIgaGVpZ2h0PSIxIiB4bWxucz0iaHR0cDovL3d3dy53My5vcmcvMjAwMC9zdmciPjwvc3ZnPg==\" style=\"--smush-placeholder-width: 954px; --smush-placeholder-aspect-ratio: 954\/823;\" \/><\/figure>\n\n\n\n<figure class=\"wp-block-image size-large\"><img decoding=\"async\" width=\"337\" height=\"1024\" data-src=\"http:\/\/www.design-award.cz\/wp-content\/uploads\/2024\/07\/6876D70B-BEA8-4423-8F2F-92092DC93D4E_1_201_a-337x1024.png\" alt=\"\" class=\"wp-image-4305 lazyload\" data-srcset=\"https:\/\/www.design-award.cz\/wp-content\/uploads\/2024\/07\/6876D70B-BEA8-4423-8F2F-92092DC93D4E_1_201_a-337x1024.png 337w, https:\/\/www.design-award.cz\/wp-content\/uploads\/2024\/07\/6876D70B-BEA8-4423-8F2F-92092DC93D4E_1_201_a-99x300.png 99w, https:\/\/www.design-award.cz\/wp-content\/uploads\/2024\/07\/6876D70B-BEA8-4423-8F2F-92092DC93D4E_1_201_a-506x1536.png 506w, https:\/\/www.design-award.cz\/wp-content\/uploads\/2024\/07\/6876D70B-BEA8-4423-8F2F-92092DC93D4E_1_201_a-500x1518.png 500w, https:\/\/www.design-award.cz\/wp-content\/uploads\/2024\/07\/6876D70B-BEA8-4423-8F2F-92092DC93D4E_1_201_a.png 631w\" data-sizes=\"(max-width: 337px) 100vw, 337px\" src=\"data:image\/svg+xml;base64,PHN2ZyB3aWR0aD0iMSIgaGVpZ2h0PSIxIiB4bWxucz0iaHR0cDovL3d3dy53My5vcmcvMjAwMC9zdmciPjwvc3ZnPg==\" style=\"--smush-placeholder-width: 337px; --smush-placeholder-aspect-ratio: 337\/1024;\" \/><\/figure>\n\n\n\n<figure class=\"wp-block-image size-large\"><img decoding=\"async\" width=\"768\" height=\"1024\" data-src=\"http:\/\/www.design-award.cz\/wp-content\/uploads\/2024\/07\/IMG_1450-768x1024.jpg\" alt=\"\" class=\"wp-image-4308 lazyload\" data-srcset=\"https:\/\/www.design-award.cz\/wp-content\/uploads\/2024\/07\/IMG_1450-768x1024.jpg 768w, https:\/\/www.design-award.cz\/wp-content\/uploads\/2024\/07\/IMG_1450-225x300.jpg 225w, https:\/\/www.design-award.cz\/wp-content\/uploads\/2024\/07\/IMG_1450-1152x1536.jpg 1152w, https:\/\/www.design-award.cz\/wp-content\/uploads\/2024\/07\/IMG_1450-1536x2048.jpg 1536w, https:\/\/www.design-award.cz\/wp-content\/uploads\/2024\/07\/IMG_1450-500x667.jpg 500w, https:\/\/www.design-award.cz\/wp-content\/uploads\/2024\/07\/IMG_1450-800x1067.jpg 800w, https:\/\/www.design-award.cz\/wp-content\/uploads\/2024\/07\/IMG_1450-1280x1707.jpg 1280w, https:\/\/www.design-award.cz\/wp-content\/uploads\/2024\/07\/IMG_1450-scaled.jpg 1920w\" data-sizes=\"(max-width: 768px) 100vw, 768px\" src=\"data:image\/svg+xml;base64,PHN2ZyB3aWR0aD0iMSIgaGVpZ2h0PSIxIiB4bWxucz0iaHR0cDovL3d3dy53My5vcmcvMjAwMC9zdmciPjwvc3ZnPg==\" style=\"--smush-placeholder-width: 768px; --smush-placeholder-aspect-ratio: 768\/1024;\" \/><\/figure>\n\n\n\n<figure class=\"wp-block-image size-large\"><img decoding=\"async\" width=\"1024\" height=\"710\" data-src=\"http:\/\/www.design-award.cz\/wp-content\/uploads\/2024\/07\/obyvak-1-1024x710.png\" alt=\"\" class=\"wp-image-4309 lazyload\" data-srcset=\"https:\/\/www.design-award.cz\/wp-content\/uploads\/2024\/07\/obyvak-1-1024x710.png 1024w, https:\/\/www.design-award.cz\/wp-content\/uploads\/2024\/07\/obyvak-1-300x208.png 300w, https:\/\/www.design-award.cz\/wp-content\/uploads\/2024\/07\/obyvak-1-768x533.png 768w, https:\/\/www.design-award.cz\/wp-content\/uploads\/2024\/07\/obyvak-1-1536x1065.png 1536w, https:\/\/www.design-award.cz\/wp-content\/uploads\/2024\/07\/obyvak-1-500x347.png 500w, https:\/\/www.design-award.cz\/wp-content\/uploads\/2024\/07\/obyvak-1-800x555.png 800w, https:\/\/www.design-award.cz\/wp-content\/uploads\/2024\/07\/obyvak-1-1280x888.png 1280w, https:\/\/www.design-award.cz\/wp-content\/uploads\/2024\/07\/obyvak-1.png 1593w\" data-sizes=\"(max-width: 1024px) 100vw, 1024px\" src=\"data:image\/svg+xml;base64,PHN2ZyB3aWR0aD0iMSIgaGVpZ2h0PSIxIiB4bWxucz0iaHR0cDovL3d3dy53My5vcmcvMjAwMC9zdmciPjwvc3ZnPg==\" style=\"--smush-placeholder-width: 1024px; --smush-placeholder-aspect-ratio: 1024\/710;\" \/><\/figure>\n","protected":false},"excerpt":{"rendered":"<p>S\u00e1ra Nedb\u00e1lkov\u00e1 St\u0159edn\u00ed \u0161kola a Vy\u0161\u0161\u00ed odborn\u00e1 \u0161kola tradi\u010dn\u00edch \u0159emesel s.r.o. Cht\u011bla bych zde p\u0159edstavit sv\u016fj n\u00e1vrh na novodob\u00fd kubistick\u00fd interi\u00e9r. Zad\u00e1n\u00ed ze strany \u0161koly zn\u011blo, abychom vytvo\u0159ili soukrom\u00fd interi\u00e9r pro p\u0159echodn\u00e9 bydlen\u00ed v p\u0159edem stanoven\u00e9m bytov\u00e9m celku. Navrhovala jsem p\u011bt m\u00edstnost\u00ed :\u00a0 z\u00e1dve\u0159\u00ed, wc, koupelnu, lo\u017enici a kuchyni s ob\u00fdvac\u00edm pokojem. M\u00e1 prvotn\u00ed idea [&hellip;]<\/p>\n","protected":false},"author":2,"featured_media":4307,"menu_order":0,"comment_status":"closed","ping_status":"closed","template":"","format":"standard","meta":{"ngg_post_thumbnail":0,"ocean_post_layout":"","ocean_both_sidebars_style":"","ocean_both_sidebars_content_width":0,"ocean_both_sidebars_sidebars_width":0,"ocean_sidebar":"","ocean_second_sidebar":"","ocean_disable_margins":"enable","ocean_add_body_class":"","ocean_shortcode_before_top_bar":"","ocean_shortcode_after_top_bar":"","ocean_shortcode_before_header":"","ocean_shortcode_after_header":"","ocean_has_shortcode":"","ocean_shortcode_after_title":"","ocean_shortcode_before_footer_widgets":"","ocean_shortcode_after_footer_widgets":"","ocean_shortcode_before_footer_bottom":"","ocean_shortcode_after_footer_bottom":"","ocean_display_top_bar":"default","ocean_display_header":"default","ocean_header_style":"","ocean_center_header_left_menu":"","ocean_custom_header_template":"","ocean_custom_logo":0,"ocean_custom_retina_logo":0,"ocean_custom_logo_max_width":0,"ocean_custom_logo_tablet_max_width":0,"ocean_custom_logo_mobile_max_width":0,"ocean_custom_logo_max_height":0,"ocean_custom_logo_tablet_max_height":0,"ocean_custom_logo_mobile_max_height":0,"ocean_header_custom_menu":"","ocean_menu_typo_font_family":"","ocean_menu_typo_font_subset":"","ocean_menu_typo_font_size":0,"ocean_menu_typo_font_size_tablet":0,"ocean_menu_typo_font_size_mobile":0,"ocean_menu_typo_font_size_unit":"px","ocean_menu_typo_font_weight":"","ocean_menu_typo_font_weight_tablet":"","ocean_menu_typo_font_weight_mobile":"","ocean_menu_typo_transform":"","ocean_menu_typo_transform_tablet":"","ocean_menu_typo_transform_mobile":"","ocean_menu_typo_line_height":0,"ocean_menu_typo_line_height_tablet":0,"ocean_menu_typo_line_height_mobile":0,"ocean_menu_typo_line_height_unit":"","ocean_menu_typo_spacing":0,"ocean_menu_typo_spacing_tablet":0,"ocean_menu_typo_spacing_mobile":0,"ocean_menu_typo_spacing_unit":"","ocean_menu_link_color":"","ocean_menu_link_color_hover":"","ocean_menu_link_color_active":"","ocean_menu_link_background":"","ocean_menu_link_hover_background":"","ocean_menu_link_active_background":"","ocean_menu_social_links_bg":"","ocean_menu_social_hover_links_bg":"","ocean_menu_social_links_color":"","ocean_menu_social_hover_links_color":"","ocean_disable_title":"default","ocean_disable_heading":"default","ocean_post_title":"","ocean_post_subheading":"","ocean_post_title_style":"","ocean_post_title_background_color":"","ocean_post_title_background":0,"ocean_post_title_bg_image_position":"","ocean_post_title_bg_image_attachment":"","ocean_post_title_bg_image_repeat":"","ocean_post_title_bg_image_size":"","ocean_post_title_height":0,"ocean_post_title_bg_overlay":0.5,"ocean_post_title_bg_overlay_color":"","ocean_disable_breadcrumbs":"default","ocean_breadcrumbs_color":"","ocean_breadcrumbs_separator_color":"","ocean_breadcrumbs_links_color":"","ocean_breadcrumbs_links_hover_color":"","ocean_display_footer_widgets":"default","ocean_display_footer_bottom":"default","ocean_custom_footer_template":"","_vp_format_video_url":"","_vp_image_focal_point":[],"footnotes":""},"portfolio_category":[],"portfolio_tag":[],"class_list":["post-4252","portfolio","type-portfolio","status-publish","format-standard","has-post-thumbnail","hentry","entry","has-media"],"yoast_head":"<!-- This site is optimized with the Yoast SEO plugin v25.2 - https:\/\/yoast.com\/wordpress\/plugins\/seo\/ -->\n<title>Soukrom\u00fd interi\u00e9r - KUBISTICK\u00dd INTERI\u00c9R - design-award.cz<\/title>\n<meta name=\"robots\" content=\"index, follow, max-snippet:-1, max-image-preview:large, max-video-preview:-1\" \/>\n<link rel=\"canonical\" href=\"https:\/\/www.design-award.cz\/?portfolio=soukromy-interier-kubisticky-interier\" \/>\n<meta property=\"og:locale\" content=\"cs_CZ\" \/>\n<meta property=\"og:type\" content=\"article\" \/>\n<meta property=\"og:title\" content=\"Soukrom\u00fd interi\u00e9r - KUBISTICK\u00dd INTERI\u00c9R - design-award.cz\" \/>\n<meta property=\"og:description\" content=\"S\u00e1ra Nedb\u00e1lkov\u00e1 St\u0159edn\u00ed \u0161kola a Vy\u0161\u0161\u00ed odborn\u00e1 \u0161kola tradi\u010dn\u00edch \u0159emesel s.r.o. Cht\u011bla bych zde p\u0159edstavit sv\u016fj n\u00e1vrh na novodob\u00fd kubistick\u00fd interi\u00e9r. Zad\u00e1n\u00ed ze strany \u0161koly zn\u011blo, abychom vytvo\u0159ili soukrom\u00fd interi\u00e9r pro p\u0159echodn\u00e9 bydlen\u00ed v p\u0159edem stanoven\u00e9m bytov\u00e9m celku. Navrhovala jsem p\u011bt m\u00edstnost\u00ed :\u00a0 z\u00e1dve\u0159\u00ed, wc, koupelnu, lo\u017enici a kuchyni s ob\u00fdvac\u00edm pokojem. M\u00e1 prvotn\u00ed idea [&hellip;]\" \/>\n<meta property=\"og:url\" content=\"https:\/\/www.design-award.cz\/?portfolio=soukromy-interier-kubisticky-interier\" \/>\n<meta property=\"og:site_name\" content=\"design-award.cz\" \/>\n<meta property=\"article:modified_time\" content=\"2024-07-03T21:18:57+00:00\" \/>\n<meta property=\"og:image\" content=\"http:\/\/www.design-award.cz\/wp-content\/uploads\/2024\/07\/B4BBAECA-9450-48EA-8E4D-1C7D1F01EFCE_1_105_c1.png\" \/>\n\t<meta property=\"og:image:width\" content=\"1182\" \/>\n\t<meta property=\"og:image:height\" content=\"665\" \/>\n\t<meta property=\"og:image:type\" content=\"image\/png\" \/>\n<meta name=\"twitter:card\" content=\"summary_large_image\" \/>\n<meta name=\"twitter:label1\" content=\"Odhadovan\u00e1 doba \u010dten\u00ed\" \/>\n\t<meta name=\"twitter:data1\" content=\"1 minuta\" \/>\n<script type=\"application\/ld+json\" class=\"yoast-schema-graph\">{\"@context\":\"https:\/\/schema.org\",\"@graph\":[{\"@type\":\"WebPage\",\"@id\":\"https:\/\/www.design-award.cz\/?portfolio=soukromy-interier-kubisticky-interier\",\"url\":\"https:\/\/www.design-award.cz\/?portfolio=soukromy-interier-kubisticky-interier\",\"name\":\"Soukrom\u00fd interi\u00e9r - KUBISTICK\u00dd INTERI\u00c9R - design-award.cz\",\"isPartOf\":{\"@id\":\"https:\/\/www.design-award.cz\/#website\"},\"primaryImageOfPage\":{\"@id\":\"https:\/\/www.design-award.cz\/?portfolio=soukromy-interier-kubisticky-interier#primaryimage\"},\"image\":{\"@id\":\"https:\/\/www.design-award.cz\/?portfolio=soukromy-interier-kubisticky-interier#primaryimage\"},\"thumbnailUrl\":\"https:\/\/www.design-award.cz\/wp-content\/uploads\/2024\/07\/B4BBAECA-9450-48EA-8E4D-1C7D1F01EFCE_1_105_c1.png\",\"datePublished\":\"2024-07-03T21:18:56+00:00\",\"dateModified\":\"2024-07-03T21:18:57+00:00\",\"breadcrumb\":{\"@id\":\"https:\/\/www.design-award.cz\/?portfolio=soukromy-interier-kubisticky-interier#breadcrumb\"},\"inLanguage\":\"cs\",\"potentialAction\":[{\"@type\":\"ReadAction\",\"target\":[\"https:\/\/www.design-award.cz\/?portfolio=soukromy-interier-kubisticky-interier\"]}]},{\"@type\":\"ImageObject\",\"inLanguage\":\"cs\",\"@id\":\"https:\/\/www.design-award.cz\/?portfolio=soukromy-interier-kubisticky-interier#primaryimage\",\"url\":\"https:\/\/www.design-award.cz\/wp-content\/uploads\/2024\/07\/B4BBAECA-9450-48EA-8E4D-1C7D1F01EFCE_1_105_c1.png\",\"contentUrl\":\"https:\/\/www.design-award.cz\/wp-content\/uploads\/2024\/07\/B4BBAECA-9450-48EA-8E4D-1C7D1F01EFCE_1_105_c1.png\",\"width\":1182,\"height\":665},{\"@type\":\"BreadcrumbList\",\"@id\":\"https:\/\/www.design-award.cz\/?portfolio=soukromy-interier-kubisticky-interier#breadcrumb\",\"itemListElement\":[{\"@type\":\"ListItem\",\"position\":1,\"name\":\"Dom\u016f\",\"item\":\"https:\/\/www.design-award.cz\/\"},{\"@type\":\"ListItem\",\"position\":2,\"name\":\"Portfolio Items\",\"item\":\"https:\/\/www.design-award.cz\/?post_type=portfolio\"},{\"@type\":\"ListItem\",\"position\":3,\"name\":\"Soukrom\u00fd interi\u00e9r &#8211; KUBISTICK\u00dd INTERI\u00c9R\"}]},{\"@type\":\"WebSite\",\"@id\":\"https:\/\/www.design-award.cz\/#website\",\"url\":\"https:\/\/www.design-award.cz\/\",\"name\":\"design-award.cz\",\"description\":\"WARD vznikla v roce 2022. Je ur\u010dena p\u0159edev\u0161\u00edm student\u016fm st\u0159edn\u00edch um\u011bleck\u00fdch \u0161kol (S\u0160 a VO\u0160), kte\u0159\u00ed mohou bezplatn\u011b zaslat sv\u00e9 n\u00e1vrhy v uveden\u00fdch kategori\u00ed a tak pom\u011b\u0159it sv\u00e9 n\u00e1pady s konkurenc\u00ed sv\u00fdch vrstevn\u00edk\u016f. N\u00e1vrhy jsou n\u00e1sledn\u011b posouzeny nez\u00e1vislou porotou z \u0159ad v\u00fdtvarn\u00edk\u016f, pedagog\u016f a profesion\u00e1l\u016f z oboru.\",\"publisher\":{\"@id\":\"https:\/\/www.design-award.cz\/#organization\"},\"potentialAction\":[{\"@type\":\"SearchAction\",\"target\":{\"@type\":\"EntryPoint\",\"urlTemplate\":\"https:\/\/www.design-award.cz\/?s={search_term_string}\"},\"query-input\":{\"@type\":\"PropertyValueSpecification\",\"valueRequired\":true,\"valueName\":\"search_term_string\"}}],\"inLanguage\":\"cs\"},{\"@type\":\"Organization\",\"@id\":\"https:\/\/www.design-award.cz\/#organization\",\"name\":\"Design Award\",\"url\":\"https:\/\/www.design-award.cz\/\",\"logo\":{\"@type\":\"ImageObject\",\"inLanguage\":\"cs\",\"@id\":\"https:\/\/www.design-award.cz\/#\/schema\/logo\/image\/\",\"url\":\"http:\/\/www.design-award.cz\/wp-content\/uploads\/2021\/12\/hornilogo_design-award.png\",\"contentUrl\":\"http:\/\/www.design-award.cz\/wp-content\/uploads\/2021\/12\/hornilogo_design-award.png\",\"width\":800,\"height\":600,\"caption\":\"Design Award\"},\"image\":{\"@id\":\"https:\/\/www.design-award.cz\/#\/schema\/logo\/image\/\"},\"sameAs\":[\"https:\/\/www.instagram.com\/design_award\/\"]}]}<\/script>\n<!-- \/ Yoast SEO plugin. -->","yoast_head_json":{"title":"Soukrom\u00fd interi\u00e9r - KUBISTICK\u00dd INTERI\u00c9R - design-award.cz","robots":{"index":"index","follow":"follow","max-snippet":"max-snippet:-1","max-image-preview":"max-image-preview:large","max-video-preview":"max-video-preview:-1"},"canonical":"https:\/\/www.design-award.cz\/?portfolio=soukromy-interier-kubisticky-interier","og_locale":"cs_CZ","og_type":"article","og_title":"Soukrom\u00fd interi\u00e9r - KUBISTICK\u00dd INTERI\u00c9R - design-award.cz","og_description":"S\u00e1ra Nedb\u00e1lkov\u00e1 St\u0159edn\u00ed \u0161kola a Vy\u0161\u0161\u00ed odborn\u00e1 \u0161kola tradi\u010dn\u00edch \u0159emesel s.r.o. Cht\u011bla bych zde p\u0159edstavit sv\u016fj n\u00e1vrh na novodob\u00fd kubistick\u00fd interi\u00e9r. Zad\u00e1n\u00ed ze strany \u0161koly zn\u011blo, abychom vytvo\u0159ili soukrom\u00fd interi\u00e9r pro p\u0159echodn\u00e9 bydlen\u00ed v p\u0159edem stanoven\u00e9m bytov\u00e9m celku. Navrhovala jsem p\u011bt m\u00edstnost\u00ed :\u00a0 z\u00e1dve\u0159\u00ed, wc, koupelnu, lo\u017enici a kuchyni s ob\u00fdvac\u00edm pokojem. M\u00e1 prvotn\u00ed idea [&hellip;]","og_url":"https:\/\/www.design-award.cz\/?portfolio=soukromy-interier-kubisticky-interier","og_site_name":"design-award.cz","article_modified_time":"2024-07-03T21:18:57+00:00","og_image":[{"width":1182,"height":665,"url":"http:\/\/www.design-award.cz\/wp-content\/uploads\/2024\/07\/B4BBAECA-9450-48EA-8E4D-1C7D1F01EFCE_1_105_c1.png","type":"image\/png"}],"twitter_card":"summary_large_image","twitter_misc":{"Odhadovan\u00e1 doba \u010dten\u00ed":"1 minuta"},"schema":{"@context":"https:\/\/schema.org","@graph":[{"@type":"WebPage","@id":"https:\/\/www.design-award.cz\/?portfolio=soukromy-interier-kubisticky-interier","url":"https:\/\/www.design-award.cz\/?portfolio=soukromy-interier-kubisticky-interier","name":"Soukrom\u00fd interi\u00e9r - KUBISTICK\u00dd INTERI\u00c9R - design-award.cz","isPartOf":{"@id":"https:\/\/www.design-award.cz\/#website"},"primaryImageOfPage":{"@id":"https:\/\/www.design-award.cz\/?portfolio=soukromy-interier-kubisticky-interier#primaryimage"},"image":{"@id":"https:\/\/www.design-award.cz\/?portfolio=soukromy-interier-kubisticky-interier#primaryimage"},"thumbnailUrl":"https:\/\/www.design-award.cz\/wp-content\/uploads\/2024\/07\/B4BBAECA-9450-48EA-8E4D-1C7D1F01EFCE_1_105_c1.png","datePublished":"2024-07-03T21:18:56+00:00","dateModified":"2024-07-03T21:18:57+00:00","breadcrumb":{"@id":"https:\/\/www.design-award.cz\/?portfolio=soukromy-interier-kubisticky-interier#breadcrumb"},"inLanguage":"cs","potentialAction":[{"@type":"ReadAction","target":["https:\/\/www.design-award.cz\/?portfolio=soukromy-interier-kubisticky-interier"]}]},{"@type":"ImageObject","inLanguage":"cs","@id":"https:\/\/www.design-award.cz\/?portfolio=soukromy-interier-kubisticky-interier#primaryimage","url":"https:\/\/www.design-award.cz\/wp-content\/uploads\/2024\/07\/B4BBAECA-9450-48EA-8E4D-1C7D1F01EFCE_1_105_c1.png","contentUrl":"https:\/\/www.design-award.cz\/wp-content\/uploads\/2024\/07\/B4BBAECA-9450-48EA-8E4D-1C7D1F01EFCE_1_105_c1.png","width":1182,"height":665},{"@type":"BreadcrumbList","@id":"https:\/\/www.design-award.cz\/?portfolio=soukromy-interier-kubisticky-interier#breadcrumb","itemListElement":[{"@type":"ListItem","position":1,"name":"Dom\u016f","item":"https:\/\/www.design-award.cz\/"},{"@type":"ListItem","position":2,"name":"Portfolio Items","item":"https:\/\/www.design-award.cz\/?post_type=portfolio"},{"@type":"ListItem","position":3,"name":"Soukrom\u00fd interi\u00e9r &#8211; KUBISTICK\u00dd INTERI\u00c9R"}]},{"@type":"WebSite","@id":"https:\/\/www.design-award.cz\/#website","url":"https:\/\/www.design-award.cz\/","name":"design-award.cz","description":"WARD vznikla v roce 2022. Je ur\u010dena p\u0159edev\u0161\u00edm student\u016fm st\u0159edn\u00edch um\u011bleck\u00fdch \u0161kol (S\u0160 a VO\u0160), kte\u0159\u00ed mohou bezplatn\u011b zaslat sv\u00e9 n\u00e1vrhy v uveden\u00fdch kategori\u00ed a tak pom\u011b\u0159it sv\u00e9 n\u00e1pady s konkurenc\u00ed sv\u00fdch vrstevn\u00edk\u016f. N\u00e1vrhy jsou n\u00e1sledn\u011b posouzeny nez\u00e1vislou porotou z \u0159ad v\u00fdtvarn\u00edk\u016f, pedagog\u016f a profesion\u00e1l\u016f z oboru.","publisher":{"@id":"https:\/\/www.design-award.cz\/#organization"},"potentialAction":[{"@type":"SearchAction","target":{"@type":"EntryPoint","urlTemplate":"https:\/\/www.design-award.cz\/?s={search_term_string}"},"query-input":{"@type":"PropertyValueSpecification","valueRequired":true,"valueName":"search_term_string"}}],"inLanguage":"cs"},{"@type":"Organization","@id":"https:\/\/www.design-award.cz\/#organization","name":"Design Award","url":"https:\/\/www.design-award.cz\/","logo":{"@type":"ImageObject","inLanguage":"cs","@id":"https:\/\/www.design-award.cz\/#\/schema\/logo\/image\/","url":"http:\/\/www.design-award.cz\/wp-content\/uploads\/2021\/12\/hornilogo_design-award.png","contentUrl":"http:\/\/www.design-award.cz\/wp-content\/uploads\/2021\/12\/hornilogo_design-award.png","width":800,"height":600,"caption":"Design Award"},"image":{"@id":"https:\/\/www.design-award.cz\/#\/schema\/logo\/image\/"},"sameAs":["https:\/\/www.instagram.com\/design_award\/"]}]}},"_links":{"self":[{"href":"https:\/\/www.design-award.cz\/index.php?rest_route=\/wp\/v2\/portfolio\/4252","targetHints":{"allow":["GET"]}}],"collection":[{"href":"https:\/\/www.design-award.cz\/index.php?rest_route=\/wp\/v2\/portfolio"}],"about":[{"href":"https:\/\/www.design-award.cz\/index.php?rest_route=\/wp\/v2\/types\/portfolio"}],"author":[{"embeddable":true,"href":"https:\/\/www.design-award.cz\/index.php?rest_route=\/wp\/v2\/users\/2"}],"replies":[{"embeddable":true,"href":"https:\/\/www.design-award.cz\/index.php?rest_route=%2Fwp%2Fv2%2Fcomments&post=4252"}],"version-history":[{"count":1,"href":"https:\/\/www.design-award.cz\/index.php?rest_route=\/wp\/v2\/portfolio\/4252\/revisions"}],"predecessor-version":[{"id":4311,"href":"https:\/\/www.design-award.cz\/index.php?rest_route=\/wp\/v2\/portfolio\/4252\/revisions\/4311"}],"wp:featuredmedia":[{"embeddable":true,"href":"https:\/\/www.design-award.cz\/index.php?rest_route=\/wp\/v2\/media\/4307"}],"wp:attachment":[{"href":"https:\/\/www.design-award.cz\/index.php?rest_route=%2Fwp%2Fv2%2Fmedia&parent=4252"}],"wp:term":[{"taxonomy":"portfolio_category","embeddable":true,"href":"https:\/\/www.design-award.cz\/index.php?rest_route=%2Fwp%2Fv2%2Fportfolio_category&post=4252"},{"taxonomy":"portfolio_tag","embeddable":true,"href":"https:\/\/www.design-award.cz\/index.php?rest_route=%2Fwp%2Fv2%2Fportfolio_tag&post=4252"}],"curies":[{"name":"wp","href":"https:\/\/api.w.org\/{rel}","templated":true}]}}