{"id":4323,"date":"2024-07-03T21:36:18","date_gmt":"2024-07-03T21:36:18","guid":{"rendered":"https:\/\/www.design-award.cz\/?post_type=portfolio&#038;p=4323"},"modified":"2024-07-03T21:36:19","modified_gmt":"2024-07-03T21:36:19","slug":"produktovy-design-fragment-stojan-na-kolo","status":"publish","type":"portfolio","link":"https:\/\/www.design-award.cz\/?portfolio=produktovy-design-fragment-stojan-na-kolo","title":{"rendered":"Produktov\u00fd design &#8211; Fragment &#8211; stojan na kolo"},"content":{"rendered":"\n<p><strong>Pavl\u00edna Dyr\u0161m\u00eddov\u00e1<\/strong><\/p>\n\n\n\n<p>St\u0159edn\u00ed um\u011bleckopr\u016fmyslov\u00e1 \u0161kola hudebn\u00edch n\u00e1stroj\u016f a n\u00e1bytku Hradec Kr\u00e1lov\u00e9<\/p>\n\n\n\n<p>T\u00e9ma stojan na kolo pro m\u011bstsk\u00fd mobili\u00e1\u0159 mi od za\u010d\u00e1tku p\u0159i\u0161lo zaj\u00edmav\u00e9, v\u011bd\u011bla jsem, \u017ee chci vytvo\u0159it stojan k ur\u010dit\u00e9mu m\u00edstu nebo architektu\u0159e. Nakonec jsem se rozhodla pro Velk\u00e9 n\u00e1m\u011bst\u00ed v okol\u00ed Katedr\u00e1ly Svat\u00e9ho Ducha v Hradci Kr\u00e1lov\u00e9, pr\u00e1v\u011b v katedr\u00e1le jsem pot\u00e9 na\u0161la svoji inspiraci a jednotliv\u00e9 fragmenty, kter\u00e9 jsem pou\u017eila v n\u00e1vrz\u00edch. Nelep\u0161\u00ed z nich mi p\u0159i\u0161la kombinace kv\u011btiny a kruhu, to jsem se sna\u017eila d\u00e1l rozpracovat. Sna\u017eila jsem se, aby n\u00e1vrh p\u016fsobil odleh\u010den\u011b, p\u0159irozen\u011b a aby vynikly jednotliv\u00e9 tvary. Stojan by byl vyroben z litiny, proto jsem mohla pracovat i s profilem objektu, kter\u00fd jsem cht\u011bla zanechat jednoduch\u00fd a tak jsem pou\u017eila zaoblen\u00fd koso\u010dtverec. Barevn\u00e9 varianty jsem zvolila takov\u00e9, aby zapadly do okol\u00ed gotick\u00fdch budov, tak\u017ee jsem volila odst\u00edny b\u00e9\u017eov\u00e9 a\u017e po bronzovou nebo oby\u010dejnou \u010dernou. Stojan lze um\u00edstit samostatn\u011b nebo ho lze multiplikovat do tzv. parkovi\u0161t\u011b kol.<\/p>\n\n\n\n<figure class=\"wp-block-image size-large is-resized\"><img decoding=\"async\" width=\"724\" height=\"1024\" data-src=\"http:\/\/www.design-award.cz\/wp-content\/uploads\/2024\/07\/poster-724x1024.png\" alt=\"\" class=\"wp-image-4338 lazyload\" style=\"--smush-placeholder-width: 724px; --smush-placeholder-aspect-ratio: 724\/1024;width:840px;height:auto\" data-srcset=\"https:\/\/www.design-award.cz\/wp-content\/uploads\/2024\/07\/poster-724x1024.png 724w, https:\/\/www.design-award.cz\/wp-content\/uploads\/2024\/07\/poster-212x300.png 212w, https:\/\/www.design-award.cz\/wp-content\/uploads\/2024\/07\/poster-768x1086.png 768w, https:\/\/www.design-award.cz\/wp-content\/uploads\/2024\/07\/poster-1086x1536.png 1086w, https:\/\/www.design-award.cz\/wp-content\/uploads\/2024\/07\/poster-1448x2048.png 1448w, https:\/\/www.design-award.cz\/wp-content\/uploads\/2024\/07\/poster-500x707.png 500w, https:\/\/www.design-award.cz\/wp-content\/uploads\/2024\/07\/poster-800x1132.png 800w, https:\/\/www.design-award.cz\/wp-content\/uploads\/2024\/07\/poster-1280x1810.png 1280w, https:\/\/www.design-award.cz\/wp-content\/uploads\/2024\/07\/poster-1920x2716.png 1920w\" data-sizes=\"(max-width: 724px) 100vw, 724px\" src=\"data:image\/svg+xml;base64,PHN2ZyB3aWR0aD0iMSIgaGVpZ2h0PSIxIiB4bWxucz0iaHR0cDovL3d3dy53My5vcmcvMjAwMC9zdmciPjwvc3ZnPg==\" \/><\/figure>\n\n\n\n<figure class=\"wp-block-image size-large\"><img decoding=\"async\" width=\"819\" height=\"1024\" data-src=\"http:\/\/www.design-award.cz\/wp-content\/uploads\/2024\/07\/stojan_r9_kolo-819x1024.png\" alt=\"\" class=\"wp-image-4335 lazyload\" data-srcset=\"https:\/\/www.design-award.cz\/wp-content\/uploads\/2024\/07\/stojan_r9_kolo-819x1024.png 819w, https:\/\/www.design-award.cz\/wp-content\/uploads\/2024\/07\/stojan_r9_kolo-240x300.png 240w, https:\/\/www.design-award.cz\/wp-content\/uploads\/2024\/07\/stojan_r9_kolo-768x960.png 768w, https:\/\/www.design-award.cz\/wp-content\/uploads\/2024\/07\/stojan_r9_kolo-1229x1536.png 1229w, https:\/\/www.design-award.cz\/wp-content\/uploads\/2024\/07\/stojan_r9_kolo-500x625.png 500w, https:\/\/www.design-award.cz\/wp-content\/uploads\/2024\/07\/stojan_r9_kolo-800x1000.png 800w, https:\/\/www.design-award.cz\/wp-content\/uploads\/2024\/07\/stojan_r9_kolo-1280x1600.png 1280w, https:\/\/www.design-award.cz\/wp-content\/uploads\/2024\/07\/stojan_r9_kolo.png 1301w\" data-sizes=\"(max-width: 819px) 100vw, 819px\" src=\"data:image\/svg+xml;base64,PHN2ZyB3aWR0aD0iMSIgaGVpZ2h0PSIxIiB4bWxucz0iaHR0cDovL3d3dy53My5vcmcvMjAwMC9zdmciPjwvc3ZnPg==\" style=\"--smush-placeholder-width: 819px; --smush-placeholder-aspect-ratio: 819\/1024;\" \/><\/figure>\n\n\n\n<figure class=\"wp-block-image size-full\"><img decoding=\"async\" width=\"800\" height=\"1000\" data-src=\"http:\/\/www.design-award.cz\/wp-content\/uploads\/2024\/07\/stojan_r3.png\" alt=\"\" class=\"wp-image-4334 lazyload\" data-srcset=\"https:\/\/www.design-award.cz\/wp-content\/uploads\/2024\/07\/stojan_r3.png 800w, https:\/\/www.design-award.cz\/wp-content\/uploads\/2024\/07\/stojan_r3-240x300.png 240w, https:\/\/www.design-award.cz\/wp-content\/uploads\/2024\/07\/stojan_r3-768x960.png 768w, https:\/\/www.design-award.cz\/wp-content\/uploads\/2024\/07\/stojan_r3-500x625.png 500w\" data-sizes=\"(max-width: 800px) 100vw, 800px\" src=\"data:image\/svg+xml;base64,PHN2ZyB3aWR0aD0iMSIgaGVpZ2h0PSIxIiB4bWxucz0iaHR0cDovL3d3dy53My5vcmcvMjAwMC9zdmciPjwvc3ZnPg==\" style=\"--smush-placeholder-width: 800px; --smush-placeholder-aspect-ratio: 800\/1000;\" \/><\/figure>\n\n\n\n<figure class=\"wp-block-image size-large\"><img decoding=\"async\" width=\"1024\" height=\"907\" data-src=\"http:\/\/www.design-award.cz\/wp-content\/uploads\/2024\/07\/prostredi-1-1024x907.png\" alt=\"\" class=\"wp-image-4333 lazyload\" data-srcset=\"https:\/\/www.design-award.cz\/wp-content\/uploads\/2024\/07\/prostredi-1-1024x907.png 1024w, https:\/\/www.design-award.cz\/wp-content\/uploads\/2024\/07\/prostredi-1-300x266.png 300w, https:\/\/www.design-award.cz\/wp-content\/uploads\/2024\/07\/prostredi-1-768x680.png 768w, https:\/\/www.design-award.cz\/wp-content\/uploads\/2024\/07\/prostredi-1-500x443.png 500w, https:\/\/www.design-award.cz\/wp-content\/uploads\/2024\/07\/prostredi-1-800x708.png 800w, https:\/\/www.design-award.cz\/wp-content\/uploads\/2024\/07\/prostredi-1.png 1100w\" data-sizes=\"(max-width: 1024px) 100vw, 1024px\" src=\"data:image\/svg+xml;base64,PHN2ZyB3aWR0aD0iMSIgaGVpZ2h0PSIxIiB4bWxucz0iaHR0cDovL3d3dy53My5vcmcvMjAwMC9zdmciPjwvc3ZnPg==\" style=\"--smush-placeholder-width: 1024px; --smush-placeholder-aspect-ratio: 1024\/907;\" \/><\/figure>\n\n\n\n<figure class=\"wp-block-image size-large\"><img decoding=\"async\" width=\"1024\" height=\"724\" data-src=\"http:\/\/www.design-award.cz\/wp-content\/uploads\/2024\/07\/vykres_stojan_final-1024x724.png\" alt=\"\" class=\"wp-image-4336 lazyload\" data-srcset=\"https:\/\/www.design-award.cz\/wp-content\/uploads\/2024\/07\/vykres_stojan_final-1024x724.png 1024w, https:\/\/www.design-award.cz\/wp-content\/uploads\/2024\/07\/vykres_stojan_final-300x212.png 300w, https:\/\/www.design-award.cz\/wp-content\/uploads\/2024\/07\/vykres_stojan_final-768x543.png 768w, https:\/\/www.design-award.cz\/wp-content\/uploads\/2024\/07\/vykres_stojan_final-1536x1086.png 1536w, https:\/\/www.design-award.cz\/wp-content\/uploads\/2024\/07\/vykres_stojan_final-2048x1448.png 2048w, https:\/\/www.design-award.cz\/wp-content\/uploads\/2024\/07\/vykres_stojan_final-500x354.png 500w, https:\/\/www.design-award.cz\/wp-content\/uploads\/2024\/07\/vykres_stojan_final-800x566.png 800w, https:\/\/www.design-award.cz\/wp-content\/uploads\/2024\/07\/vykres_stojan_final-1280x905.png 1280w, https:\/\/www.design-award.cz\/wp-content\/uploads\/2024\/07\/vykres_stojan_final-1920x1358.png 1920w\" data-sizes=\"(max-width: 1024px) 100vw, 1024px\" src=\"data:image\/svg+xml;base64,PHN2ZyB3aWR0aD0iMSIgaGVpZ2h0PSIxIiB4bWxucz0iaHR0cDovL3d3dy53My5vcmcvMjAwMC9zdmciPjwvc3ZnPg==\" style=\"--smush-placeholder-width: 1024px; --smush-placeholder-aspect-ratio: 1024\/724;\" \/><\/figure>\n\n\n","protected":false},"excerpt":{"rendered":"<p>Pavl\u00edna Dyr\u0161m\u00eddov\u00e1 St\u0159edn\u00ed um\u011bleckopr\u016fmyslov\u00e1 \u0161kola hudebn\u00edch n\u00e1stroj\u016f a n\u00e1bytku Hradec Kr\u00e1lov\u00e9 T\u00e9ma stojan na kolo pro m\u011bstsk\u00fd mobili\u00e1\u0159 mi od za\u010d\u00e1tku p\u0159i\u0161lo zaj\u00edmav\u00e9, v\u011bd\u011bla jsem, \u017ee chci vytvo\u0159it stojan k ur\u010dit\u00e9mu m\u00edstu nebo architektu\u0159e. Nakonec jsem se rozhodla pro Velk\u00e9 n\u00e1m\u011bst\u00ed v okol\u00ed Katedr\u00e1ly Svat\u00e9ho Ducha v Hradci Kr\u00e1lov\u00e9, pr\u00e1v\u011b v katedr\u00e1le jsem pot\u00e9 na\u0161la [&hellip;]<\/p>\n","protected":false},"author":2,"featured_media":4337,"menu_order":0,"comment_status":"closed","ping_status":"closed","template":"","format":"standard","meta":{"ngg_post_thumbnail":0,"ocean_post_layout":"","ocean_both_sidebars_style":"","ocean_both_sidebars_content_width":0,"ocean_both_sidebars_sidebars_width":0,"ocean_sidebar":"","ocean_second_sidebar":"","ocean_disable_margins":"enable","ocean_add_body_class":"","ocean_shortcode_before_top_bar":"","ocean_shortcode_after_top_bar":"","ocean_shortcode_before_header":"","ocean_shortcode_after_header":"","ocean_has_shortcode":"","ocean_shortcode_after_title":"","ocean_shortcode_before_footer_widgets":"","ocean_shortcode_after_footer_widgets":"","ocean_shortcode_before_footer_bottom":"","ocean_shortcode_after_footer_bottom":"","ocean_display_top_bar":"default","ocean_display_header":"default","ocean_header_style":"","ocean_center_header_left_menu":"","ocean_custom_header_template":"","ocean_custom_logo":0,"ocean_custom_retina_logo":0,"ocean_custom_logo_max_width":0,"ocean_custom_logo_tablet_max_width":0,"ocean_custom_logo_mobile_max_width":0,"ocean_custom_logo_max_height":0,"ocean_custom_logo_tablet_max_height":0,"ocean_custom_logo_mobile_max_height":0,"ocean_header_custom_menu":"","ocean_menu_typo_font_family":"","ocean_menu_typo_font_subset":"","ocean_menu_typo_font_size":0,"ocean_menu_typo_font_size_tablet":0,"ocean_menu_typo_font_size_mobile":0,"ocean_menu_typo_font_size_unit":"px","ocean_menu_typo_font_weight":"","ocean_menu_typo_font_weight_tablet":"","ocean_menu_typo_font_weight_mobile":"","ocean_menu_typo_transform":"","ocean_menu_typo_transform_tablet":"","ocean_menu_typo_transform_mobile":"","ocean_menu_typo_line_height":0,"ocean_menu_typo_line_height_tablet":0,"ocean_menu_typo_line_height_mobile":0,"ocean_menu_typo_line_height_unit":"","ocean_menu_typo_spacing":0,"ocean_menu_typo_spacing_tablet":0,"ocean_menu_typo_spacing_mobile":0,"ocean_menu_typo_spacing_unit":"","ocean_menu_link_color":"","ocean_menu_link_color_hover":"","ocean_menu_link_color_active":"","ocean_menu_link_background":"","ocean_menu_link_hover_background":"","ocean_menu_link_active_background":"","ocean_menu_social_links_bg":"","ocean_menu_social_hover_links_bg":"","ocean_menu_social_links_color":"","ocean_menu_social_hover_links_color":"","ocean_disable_title":"default","ocean_disable_heading":"default","ocean_post_title":"","ocean_post_subheading":"","ocean_post_title_style":"","ocean_post_title_background_color":"","ocean_post_title_background":0,"ocean_post_title_bg_image_position":"","ocean_post_title_bg_image_attachment":"","ocean_post_title_bg_image_repeat":"","ocean_post_title_bg_image_size":"","ocean_post_title_height":0,"ocean_post_title_bg_overlay":0.5,"ocean_post_title_bg_overlay_color":"","ocean_disable_breadcrumbs":"default","ocean_breadcrumbs_color":"","ocean_breadcrumbs_separator_color":"","ocean_breadcrumbs_links_color":"","ocean_breadcrumbs_links_hover_color":"","ocean_display_footer_widgets":"default","ocean_display_footer_bottom":"default","ocean_custom_footer_template":"","_vp_format_video_url":"","_vp_image_focal_point":[],"footnotes":""},"portfolio_category":[],"portfolio_tag":[],"class_list":["post-4323","portfolio","type-portfolio","status-publish","format-standard","has-post-thumbnail","hentry","entry","has-media"],"yoast_head":"<!-- This site is optimized with the Yoast SEO plugin v25.2 - https:\/\/yoast.com\/wordpress\/plugins\/seo\/ -->\n<title>Produktov\u00fd design - Fragment - stojan na kolo - design-award.cz<\/title>\n<meta name=\"robots\" content=\"index, follow, max-snippet:-1, max-image-preview:large, max-video-preview:-1\" \/>\n<link rel=\"canonical\" href=\"https:\/\/www.design-award.cz\/?portfolio=produktovy-design-fragment-stojan-na-kolo\" \/>\n<meta property=\"og:locale\" content=\"cs_CZ\" \/>\n<meta property=\"og:type\" content=\"article\" \/>\n<meta property=\"og:title\" content=\"Produktov\u00fd design - Fragment - stojan na kolo - design-award.cz\" \/>\n<meta property=\"og:description\" content=\"Pavl\u00edna Dyr\u0161m\u00eddov\u00e1 St\u0159edn\u00ed um\u011bleckopr\u016fmyslov\u00e1 \u0161kola hudebn\u00edch n\u00e1stroj\u016f a n\u00e1bytku Hradec Kr\u00e1lov\u00e9 T\u00e9ma stojan na kolo pro m\u011bstsk\u00fd mobili\u00e1\u0159 mi od za\u010d\u00e1tku p\u0159i\u0161lo zaj\u00edmav\u00e9, v\u011bd\u011bla jsem, \u017ee chci vytvo\u0159it stojan k ur\u010dit\u00e9mu m\u00edstu nebo architektu\u0159e. Nakonec jsem se rozhodla pro Velk\u00e9 n\u00e1m\u011bst\u00ed v okol\u00ed Katedr\u00e1ly Svat\u00e9ho Ducha v Hradci Kr\u00e1lov\u00e9, pr\u00e1v\u011b v katedr\u00e1le jsem pot\u00e9 na\u0161la [&hellip;]\" \/>\n<meta property=\"og:url\" content=\"https:\/\/www.design-award.cz\/?portfolio=produktovy-design-fragment-stojan-na-kolo\" \/>\n<meta property=\"og:site_name\" content=\"design-award.cz\" \/>\n<meta property=\"article:modified_time\" content=\"2024-07-03T21:36:19+00:00\" \/>\n<meta property=\"og:image\" content=\"http:\/\/www.design-award.cz\/wp-content\/uploads\/2024\/07\/barevne-varianty.png\" \/>\n\t<meta property=\"og:image:width\" content=\"1191\" \/>\n\t<meta property=\"og:image:height\" content=\"842\" \/>\n\t<meta property=\"og:image:type\" content=\"image\/png\" \/>\n<meta name=\"twitter:card\" content=\"summary_large_image\" \/>\n<meta name=\"twitter:label1\" content=\"Odhadovan\u00e1 doba \u010dten\u00ed\" \/>\n\t<meta name=\"twitter:data1\" content=\"1 minuta\" \/>\n<script type=\"application\/ld+json\" class=\"yoast-schema-graph\">{\"@context\":\"https:\/\/schema.org\",\"@graph\":[{\"@type\":\"WebPage\",\"@id\":\"https:\/\/www.design-award.cz\/?portfolio=produktovy-design-fragment-stojan-na-kolo\",\"url\":\"https:\/\/www.design-award.cz\/?portfolio=produktovy-design-fragment-stojan-na-kolo\",\"name\":\"Produktov\u00fd design - Fragment - stojan na kolo - design-award.cz\",\"isPartOf\":{\"@id\":\"https:\/\/www.design-award.cz\/#website\"},\"primaryImageOfPage\":{\"@id\":\"https:\/\/www.design-award.cz\/?portfolio=produktovy-design-fragment-stojan-na-kolo#primaryimage\"},\"image\":{\"@id\":\"https:\/\/www.design-award.cz\/?portfolio=produktovy-design-fragment-stojan-na-kolo#primaryimage\"},\"thumbnailUrl\":\"https:\/\/www.design-award.cz\/wp-content\/uploads\/2024\/07\/barevne-varianty.png\",\"datePublished\":\"2024-07-03T21:36:18+00:00\",\"dateModified\":\"2024-07-03T21:36:19+00:00\",\"breadcrumb\":{\"@id\":\"https:\/\/www.design-award.cz\/?portfolio=produktovy-design-fragment-stojan-na-kolo#breadcrumb\"},\"inLanguage\":\"cs\",\"potentialAction\":[{\"@type\":\"ReadAction\",\"target\":[\"https:\/\/www.design-award.cz\/?portfolio=produktovy-design-fragment-stojan-na-kolo\"]}]},{\"@type\":\"ImageObject\",\"inLanguage\":\"cs\",\"@id\":\"https:\/\/www.design-award.cz\/?portfolio=produktovy-design-fragment-stojan-na-kolo#primaryimage\",\"url\":\"https:\/\/www.design-award.cz\/wp-content\/uploads\/2024\/07\/barevne-varianty.png\",\"contentUrl\":\"https:\/\/www.design-award.cz\/wp-content\/uploads\/2024\/07\/barevne-varianty.png\",\"width\":1191,\"height\":842},{\"@type\":\"BreadcrumbList\",\"@id\":\"https:\/\/www.design-award.cz\/?portfolio=produktovy-design-fragment-stojan-na-kolo#breadcrumb\",\"itemListElement\":[{\"@type\":\"ListItem\",\"position\":1,\"name\":\"Dom\u016f\",\"item\":\"https:\/\/www.design-award.cz\/\"},{\"@type\":\"ListItem\",\"position\":2,\"name\":\"Portfolio Items\",\"item\":\"https:\/\/www.design-award.cz\/?post_type=portfolio\"},{\"@type\":\"ListItem\",\"position\":3,\"name\":\"Produktov\u00fd design &#8211; Fragment &#8211; stojan na kolo\"}]},{\"@type\":\"WebSite\",\"@id\":\"https:\/\/www.design-award.cz\/#website\",\"url\":\"https:\/\/www.design-award.cz\/\",\"name\":\"design-award.cz\",\"description\":\"WARD vznikla v roce 2022. Je ur\u010dena p\u0159edev\u0161\u00edm student\u016fm st\u0159edn\u00edch um\u011bleck\u00fdch \u0161kol (S\u0160 a VO\u0160), kte\u0159\u00ed mohou bezplatn\u011b zaslat sv\u00e9 n\u00e1vrhy v uveden\u00fdch kategori\u00ed a tak pom\u011b\u0159it sv\u00e9 n\u00e1pady s konkurenc\u00ed sv\u00fdch vrstevn\u00edk\u016f. N\u00e1vrhy jsou n\u00e1sledn\u011b posouzeny nez\u00e1vislou porotou z \u0159ad v\u00fdtvarn\u00edk\u016f, pedagog\u016f a profesion\u00e1l\u016f z oboru.\",\"publisher\":{\"@id\":\"https:\/\/www.design-award.cz\/#organization\"},\"potentialAction\":[{\"@type\":\"SearchAction\",\"target\":{\"@type\":\"EntryPoint\",\"urlTemplate\":\"https:\/\/www.design-award.cz\/?s={search_term_string}\"},\"query-input\":{\"@type\":\"PropertyValueSpecification\",\"valueRequired\":true,\"valueName\":\"search_term_string\"}}],\"inLanguage\":\"cs\"},{\"@type\":\"Organization\",\"@id\":\"https:\/\/www.design-award.cz\/#organization\",\"name\":\"Design Award\",\"url\":\"https:\/\/www.design-award.cz\/\",\"logo\":{\"@type\":\"ImageObject\",\"inLanguage\":\"cs\",\"@id\":\"https:\/\/www.design-award.cz\/#\/schema\/logo\/image\/\",\"url\":\"http:\/\/www.design-award.cz\/wp-content\/uploads\/2021\/12\/hornilogo_design-award.png\",\"contentUrl\":\"http:\/\/www.design-award.cz\/wp-content\/uploads\/2021\/12\/hornilogo_design-award.png\",\"width\":800,\"height\":600,\"caption\":\"Design Award\"},\"image\":{\"@id\":\"https:\/\/www.design-award.cz\/#\/schema\/logo\/image\/\"},\"sameAs\":[\"https:\/\/www.instagram.com\/design_award\/\"]}]}<\/script>\n<!-- \/ Yoast SEO plugin. -->","yoast_head_json":{"title":"Produktov\u00fd design - Fragment - stojan na kolo - design-award.cz","robots":{"index":"index","follow":"follow","max-snippet":"max-snippet:-1","max-image-preview":"max-image-preview:large","max-video-preview":"max-video-preview:-1"},"canonical":"https:\/\/www.design-award.cz\/?portfolio=produktovy-design-fragment-stojan-na-kolo","og_locale":"cs_CZ","og_type":"article","og_title":"Produktov\u00fd design - Fragment - stojan na kolo - design-award.cz","og_description":"Pavl\u00edna Dyr\u0161m\u00eddov\u00e1 St\u0159edn\u00ed um\u011bleckopr\u016fmyslov\u00e1 \u0161kola hudebn\u00edch n\u00e1stroj\u016f a n\u00e1bytku Hradec Kr\u00e1lov\u00e9 T\u00e9ma stojan na kolo pro m\u011bstsk\u00fd mobili\u00e1\u0159 mi od za\u010d\u00e1tku p\u0159i\u0161lo zaj\u00edmav\u00e9, v\u011bd\u011bla jsem, \u017ee chci vytvo\u0159it stojan k ur\u010dit\u00e9mu m\u00edstu nebo architektu\u0159e. Nakonec jsem se rozhodla pro Velk\u00e9 n\u00e1m\u011bst\u00ed v okol\u00ed Katedr\u00e1ly Svat\u00e9ho Ducha v Hradci Kr\u00e1lov\u00e9, pr\u00e1v\u011b v katedr\u00e1le jsem pot\u00e9 na\u0161la [&hellip;]","og_url":"https:\/\/www.design-award.cz\/?portfolio=produktovy-design-fragment-stojan-na-kolo","og_site_name":"design-award.cz","article_modified_time":"2024-07-03T21:36:19+00:00","og_image":[{"width":1191,"height":842,"url":"http:\/\/www.design-award.cz\/wp-content\/uploads\/2024\/07\/barevne-varianty.png","type":"image\/png"}],"twitter_card":"summary_large_image","twitter_misc":{"Odhadovan\u00e1 doba \u010dten\u00ed":"1 minuta"},"schema":{"@context":"https:\/\/schema.org","@graph":[{"@type":"WebPage","@id":"https:\/\/www.design-award.cz\/?portfolio=produktovy-design-fragment-stojan-na-kolo","url":"https:\/\/www.design-award.cz\/?portfolio=produktovy-design-fragment-stojan-na-kolo","name":"Produktov\u00fd design - Fragment - stojan na kolo - design-award.cz","isPartOf":{"@id":"https:\/\/www.design-award.cz\/#website"},"primaryImageOfPage":{"@id":"https:\/\/www.design-award.cz\/?portfolio=produktovy-design-fragment-stojan-na-kolo#primaryimage"},"image":{"@id":"https:\/\/www.design-award.cz\/?portfolio=produktovy-design-fragment-stojan-na-kolo#primaryimage"},"thumbnailUrl":"https:\/\/www.design-award.cz\/wp-content\/uploads\/2024\/07\/barevne-varianty.png","datePublished":"2024-07-03T21:36:18+00:00","dateModified":"2024-07-03T21:36:19+00:00","breadcrumb":{"@id":"https:\/\/www.design-award.cz\/?portfolio=produktovy-design-fragment-stojan-na-kolo#breadcrumb"},"inLanguage":"cs","potentialAction":[{"@type":"ReadAction","target":["https:\/\/www.design-award.cz\/?portfolio=produktovy-design-fragment-stojan-na-kolo"]}]},{"@type":"ImageObject","inLanguage":"cs","@id":"https:\/\/www.design-award.cz\/?portfolio=produktovy-design-fragment-stojan-na-kolo#primaryimage","url":"https:\/\/www.design-award.cz\/wp-content\/uploads\/2024\/07\/barevne-varianty.png","contentUrl":"https:\/\/www.design-award.cz\/wp-content\/uploads\/2024\/07\/barevne-varianty.png","width":1191,"height":842},{"@type":"BreadcrumbList","@id":"https:\/\/www.design-award.cz\/?portfolio=produktovy-design-fragment-stojan-na-kolo#breadcrumb","itemListElement":[{"@type":"ListItem","position":1,"name":"Dom\u016f","item":"https:\/\/www.design-award.cz\/"},{"@type":"ListItem","position":2,"name":"Portfolio Items","item":"https:\/\/www.design-award.cz\/?post_type=portfolio"},{"@type":"ListItem","position":3,"name":"Produktov\u00fd design &#8211; Fragment &#8211; stojan na kolo"}]},{"@type":"WebSite","@id":"https:\/\/www.design-award.cz\/#website","url":"https:\/\/www.design-award.cz\/","name":"design-award.cz","description":"WARD vznikla v roce 2022. Je ur\u010dena p\u0159edev\u0161\u00edm student\u016fm st\u0159edn\u00edch um\u011bleck\u00fdch \u0161kol (S\u0160 a VO\u0160), kte\u0159\u00ed mohou bezplatn\u011b zaslat sv\u00e9 n\u00e1vrhy v uveden\u00fdch kategori\u00ed a tak pom\u011b\u0159it sv\u00e9 n\u00e1pady s konkurenc\u00ed sv\u00fdch vrstevn\u00edk\u016f. N\u00e1vrhy jsou n\u00e1sledn\u011b posouzeny nez\u00e1vislou porotou z \u0159ad v\u00fdtvarn\u00edk\u016f, pedagog\u016f a profesion\u00e1l\u016f z oboru.","publisher":{"@id":"https:\/\/www.design-award.cz\/#organization"},"potentialAction":[{"@type":"SearchAction","target":{"@type":"EntryPoint","urlTemplate":"https:\/\/www.design-award.cz\/?s={search_term_string}"},"query-input":{"@type":"PropertyValueSpecification","valueRequired":true,"valueName":"search_term_string"}}],"inLanguage":"cs"},{"@type":"Organization","@id":"https:\/\/www.design-award.cz\/#organization","name":"Design Award","url":"https:\/\/www.design-award.cz\/","logo":{"@type":"ImageObject","inLanguage":"cs","@id":"https:\/\/www.design-award.cz\/#\/schema\/logo\/image\/","url":"http:\/\/www.design-award.cz\/wp-content\/uploads\/2021\/12\/hornilogo_design-award.png","contentUrl":"http:\/\/www.design-award.cz\/wp-content\/uploads\/2021\/12\/hornilogo_design-award.png","width":800,"height":600,"caption":"Design Award"},"image":{"@id":"https:\/\/www.design-award.cz\/#\/schema\/logo\/image\/"},"sameAs":["https:\/\/www.instagram.com\/design_award\/"]}]}},"_links":{"self":[{"href":"https:\/\/www.design-award.cz\/index.php?rest_route=\/wp\/v2\/portfolio\/4323","targetHints":{"allow":["GET"]}}],"collection":[{"href":"https:\/\/www.design-award.cz\/index.php?rest_route=\/wp\/v2\/portfolio"}],"about":[{"href":"https:\/\/www.design-award.cz\/index.php?rest_route=\/wp\/v2\/types\/portfolio"}],"author":[{"embeddable":true,"href":"https:\/\/www.design-award.cz\/index.php?rest_route=\/wp\/v2\/users\/2"}],"replies":[{"embeddable":true,"href":"https:\/\/www.design-award.cz\/index.php?rest_route=%2Fwp%2Fv2%2Fcomments&post=4323"}],"version-history":[{"count":1,"href":"https:\/\/www.design-award.cz\/index.php?rest_route=\/wp\/v2\/portfolio\/4323\/revisions"}],"predecessor-version":[{"id":4343,"href":"https:\/\/www.design-award.cz\/index.php?rest_route=\/wp\/v2\/portfolio\/4323\/revisions\/4343"}],"wp:featuredmedia":[{"embeddable":true,"href":"https:\/\/www.design-award.cz\/index.php?rest_route=\/wp\/v2\/media\/4337"}],"wp:attachment":[{"href":"https:\/\/www.design-award.cz\/index.php?rest_route=%2Fwp%2Fv2%2Fmedia&parent=4323"}],"wp:term":[{"taxonomy":"portfolio_category","embeddable":true,"href":"https:\/\/www.design-award.cz\/index.php?rest_route=%2Fwp%2Fv2%2Fportfolio_category&post=4323"},{"taxonomy":"portfolio_tag","embeddable":true,"href":"https:\/\/www.design-award.cz\/index.php?rest_route=%2Fwp%2Fv2%2Fportfolio_tag&post=4323"}],"curies":[{"name":"wp","href":"https:\/\/api.w.org\/{rel}","templated":true}]}}