{"id":4329,"date":"2024-07-03T21:58:29","date_gmt":"2024-07-03T21:58:29","guid":{"rendered":"https:\/\/www.design-award.cz\/?post_type=portfolio&#038;p=4329"},"modified":"2024-07-03T22:03:41","modified_gmt":"2024-07-03T22:03:41","slug":"soukromy-interier-kancelare-interieroveho-designerskeho-studia","status":"publish","type":"portfolio","link":"https:\/\/www.design-award.cz\/?portfolio=soukromy-interier-kancelare-interieroveho-designerskeho-studia","title":{"rendered":"Soukrom\u00fd interi\u00e9r &#8211; Kancel\u00e1\u0159e interi\u00e9rov\u00e9ho design\u00e9rsk\u00e9ho studia"},"content":{"rendered":"\n<p><strong>Michal Kreis<\/strong><\/p>\n\n\n\n<p>SO\u0160 obchodu, u\u017eit\u00e9ho um\u011bn\u00ed a designu, Nerudova 33, Plze\u0148<\/p>\n\n\n\n<p>\u00dakolem bylo navrhnout dispozici, vybaven\u00ed a neot\u0159el\u00fd design na\u0161eho budouc\u00edho vlastn\u00edho design\u00e9rsk\u00e9ho studia. Limitem na\u0161\u00ed pr\u00e1ce byl prostor a nutnost um\u00edstit do n\u011bho recepci, showroom, kancel\u00e1\u0159 pro \u0159editele a pracovn\u00ed m\u00edsta pro minim\u00e1ln\u011b 8 design\u00e9r\u016f. Prostory se nach\u00e1z\u00ed v posledn\u00edm pat\u0159e administrativn\u00ed budovy v Plzni a maj\u00ed rozlohu 187m2 a 35m2 velkou terasu.<br>Interi\u00e9r jsem rozd\u011blil na pot\u0159ebn\u00e9 z\u00f3ny a sna\u017eil jsem se vytvo\u0159it jedine\u010dn\u00fd design tak, aby jasn\u011b prezentoval zp\u016fsob moj\u00ed pr\u00e1ce, m\u016fj vkus a ka\u017ed\u00e9mu n\u00e1v\u0161t\u011bvn\u00edkovi, kter\u00fd do prostor vejde bylo jasn\u00e9, \u017ee se jedn\u00e1 o design\u00e9rsk\u00e9 studio. Nem\u00e9n\u011b v\u00fdznamn\u00e9 pro mne bylo, aby samotn\u00ed design\u00e9\u0159i m\u011bli dostatek p\u0159\u00edjemn\u00e9ho prostoru pro svoji pr\u00e1ci, ale i kr\u00e1tk\u00fd odpo\u010dinek. Velk\u00fd d\u016fraz jsem kladl na osv\u011btlen\u00ed, vybral jsem v\u00fdrazn\u00e1 sv\u00edtidla, kter\u00e1 v interi\u00e9ru vyniknou. Pro zv\u00fd\u0161en\u00ed \u00fatulnosti prostoru jsem navrhl v\u0161ude dostatek zelen\u00fdch rostlin, kter\u00e9 tvo\u0159\u00ed i parav\u00e1ny mezi z\u00f3nami.<br>Recep\u010dn\u00ed prostor zdob\u00ed logo m\u00e9 spole\u010dnosti a prezentace produkt\u016f, kter\u00e9 jsem navrhl. Jde nap\u0159\u00edklad o parav\u00e1n Concrete, v\u011b\u0161\u00e1k Linehang a multifunk\u010dn\u00ed stoli\u010dku do koupelny. Dal\u0161\u00ed n\u00e1vrhy a rozpracovan\u00e9 projekty m\u016f\u017ee n\u00e1v\u0161t\u011bvn\u00edk spat\u0159it na n\u00e1st\u011bnk\u00e1ch ve studiu.<\/p>\n\n\n\n<figure class=\"wp-block-image size-large\"><img decoding=\"async\" width=\"1024\" height=\"724\" data-src=\"http:\/\/www.design-award.cz\/wp-content\/uploads\/2024\/07\/Kreis_kancelare_interieroveho_studia_kancelar-reditele-VLASTNI-PRODUKTY-1024x724.jpg\" alt=\"\" class=\"wp-image-4371 lazyload\" data-srcset=\"https:\/\/www.design-award.cz\/wp-content\/uploads\/2024\/07\/Kreis_kancelare_interieroveho_studia_kancelar-reditele-VLASTNI-PRODUKTY-1024x724.jpg 1024w, https:\/\/www.design-award.cz\/wp-content\/uploads\/2024\/07\/Kreis_kancelare_interieroveho_studia_kancelar-reditele-VLASTNI-PRODUKTY-300x212.jpg 300w, https:\/\/www.design-award.cz\/wp-content\/uploads\/2024\/07\/Kreis_kancelare_interieroveho_studia_kancelar-reditele-VLASTNI-PRODUKTY-768x543.jpg 768w, https:\/\/www.design-award.cz\/wp-content\/uploads\/2024\/07\/Kreis_kancelare_interieroveho_studia_kancelar-reditele-VLASTNI-PRODUKTY-1536x1086.jpg 1536w, https:\/\/www.design-award.cz\/wp-content\/uploads\/2024\/07\/Kreis_kancelare_interieroveho_studia_kancelar-reditele-VLASTNI-PRODUKTY-2048x1448.jpg 2048w, https:\/\/www.design-award.cz\/wp-content\/uploads\/2024\/07\/Kreis_kancelare_interieroveho_studia_kancelar-reditele-VLASTNI-PRODUKTY-500x354.jpg 500w, https:\/\/www.design-award.cz\/wp-content\/uploads\/2024\/07\/Kreis_kancelare_interieroveho_studia_kancelar-reditele-VLASTNI-PRODUKTY-800x566.jpg 800w, https:\/\/www.design-award.cz\/wp-content\/uploads\/2024\/07\/Kreis_kancelare_interieroveho_studia_kancelar-reditele-VLASTNI-PRODUKTY-1280x905.jpg 1280w, https:\/\/www.design-award.cz\/wp-content\/uploads\/2024\/07\/Kreis_kancelare_interieroveho_studia_kancelar-reditele-VLASTNI-PRODUKTY-1920x1358.jpg 1920w\" data-sizes=\"(max-width: 1024px) 100vw, 1024px\" src=\"data:image\/svg+xml;base64,PHN2ZyB3aWR0aD0iMSIgaGVpZ2h0PSIxIiB4bWxucz0iaHR0cDovL3d3dy53My5vcmcvMjAwMC9zdmciPjwvc3ZnPg==\" style=\"--smush-placeholder-width: 1024px; --smush-placeholder-aspect-ratio: 1024\/724;\" \/><\/figure>\n\n\n\n<figure class=\"wp-block-image size-large\"><img decoding=\"async\" width=\"724\" height=\"1024\" data-src=\"http:\/\/www.design-award.cz\/wp-content\/uploads\/2024\/07\/Kreis_kancelare_interieroveho_studia_recepce-showroom-denni-mistnost-724x1024.jpg\" alt=\"\" class=\"wp-image-4374 lazyload\" data-srcset=\"https:\/\/www.design-award.cz\/wp-content\/uploads\/2024\/07\/Kreis_kancelare_interieroveho_studia_recepce-showroom-denni-mistnost-724x1024.jpg 724w, https:\/\/www.design-award.cz\/wp-content\/uploads\/2024\/07\/Kreis_kancelare_interieroveho_studia_recepce-showroom-denni-mistnost-212x300.jpg 212w, https:\/\/www.design-award.cz\/wp-content\/uploads\/2024\/07\/Kreis_kancelare_interieroveho_studia_recepce-showroom-denni-mistnost-768x1086.jpg 768w, https:\/\/www.design-award.cz\/wp-content\/uploads\/2024\/07\/Kreis_kancelare_interieroveho_studia_recepce-showroom-denni-mistnost-1086x1536.jpg 1086w, https:\/\/www.design-award.cz\/wp-content\/uploads\/2024\/07\/Kreis_kancelare_interieroveho_studia_recepce-showroom-denni-mistnost-1448x2048.jpg 1448w, https:\/\/www.design-award.cz\/wp-content\/uploads\/2024\/07\/Kreis_kancelare_interieroveho_studia_recepce-showroom-denni-mistnost-500x707.jpg 500w, https:\/\/www.design-award.cz\/wp-content\/uploads\/2024\/07\/Kreis_kancelare_interieroveho_studia_recepce-showroom-denni-mistnost-800x1131.jpg 800w, https:\/\/www.design-award.cz\/wp-content\/uploads\/2024\/07\/Kreis_kancelare_interieroveho_studia_recepce-showroom-denni-mistnost-1280x1810.jpg 1280w, https:\/\/www.design-award.cz\/wp-content\/uploads\/2024\/07\/Kreis_kancelare_interieroveho_studia_recepce-showroom-denni-mistnost-1920x2715.jpg 1920w, https:\/\/www.design-award.cz\/wp-content\/uploads\/2024\/07\/Kreis_kancelare_interieroveho_studia_recepce-showroom-denni-mistnost-scaled.jpg 1810w\" data-sizes=\"(max-width: 724px) 100vw, 724px\" src=\"data:image\/svg+xml;base64,PHN2ZyB3aWR0aD0iMSIgaGVpZ2h0PSIxIiB4bWxucz0iaHR0cDovL3d3dy53My5vcmcvMjAwMC9zdmciPjwvc3ZnPg==\" style=\"--smush-placeholder-width: 724px; --smush-placeholder-aspect-ratio: 724\/1024;\" \/><\/figure>\n\n\n\n<figure class=\"wp-block-image size-large\"><img decoding=\"async\" width=\"724\" height=\"1024\" data-src=\"http:\/\/www.design-award.cz\/wp-content\/uploads\/2024\/07\/Kreis_kancelare_interieroveho_studia_prac.-mista-724x1024.jpg\" alt=\"\" class=\"wp-image-4372 lazyload\" data-srcset=\"https:\/\/www.design-award.cz\/wp-content\/uploads\/2024\/07\/Kreis_kancelare_interieroveho_studia_prac.-mista-724x1024.jpg 724w, https:\/\/www.design-award.cz\/wp-content\/uploads\/2024\/07\/Kreis_kancelare_interieroveho_studia_prac.-mista-212x300.jpg 212w, https:\/\/www.design-award.cz\/wp-content\/uploads\/2024\/07\/Kreis_kancelare_interieroveho_studia_prac.-mista-768x1086.jpg 768w, https:\/\/www.design-award.cz\/wp-content\/uploads\/2024\/07\/Kreis_kancelare_interieroveho_studia_prac.-mista-1086x1536.jpg 1086w, https:\/\/www.design-award.cz\/wp-content\/uploads\/2024\/07\/Kreis_kancelare_interieroveho_studia_prac.-mista-1448x2048.jpg 1448w, https:\/\/www.design-award.cz\/wp-content\/uploads\/2024\/07\/Kreis_kancelare_interieroveho_studia_prac.-mista-500x707.jpg 500w, https:\/\/www.design-award.cz\/wp-content\/uploads\/2024\/07\/Kreis_kancelare_interieroveho_studia_prac.-mista-800x1131.jpg 800w, https:\/\/www.design-award.cz\/wp-content\/uploads\/2024\/07\/Kreis_kancelare_interieroveho_studia_prac.-mista-1280x1810.jpg 1280w, https:\/\/www.design-award.cz\/wp-content\/uploads\/2024\/07\/Kreis_kancelare_interieroveho_studia_prac.-mista-1920x2715.jpg 1920w, https:\/\/www.design-award.cz\/wp-content\/uploads\/2024\/07\/Kreis_kancelare_interieroveho_studia_prac.-mista-scaled.jpg 1810w\" data-sizes=\"(max-width: 724px) 100vw, 724px\" src=\"data:image\/svg+xml;base64,PHN2ZyB3aWR0aD0iMSIgaGVpZ2h0PSIxIiB4bWxucz0iaHR0cDovL3d3dy53My5vcmcvMjAwMC9zdmciPjwvc3ZnPg==\" style=\"--smush-placeholder-width: 724px; --smush-placeholder-aspect-ratio: 724\/1024;\" \/><\/figure>\n\n\n\n<figure class=\"wp-block-image size-large\"><img decoding=\"async\" width=\"1024\" height=\"724\" data-src=\"http:\/\/www.design-award.cz\/wp-content\/uploads\/2024\/07\/Kreis_kancelare_interieroveho_studia_PREZENTACE_VLASTNICH_PRODUKTU-1024x724.jpg\" alt=\"\" class=\"wp-image-4373 lazyload\" data-srcset=\"https:\/\/www.design-award.cz\/wp-content\/uploads\/2024\/07\/Kreis_kancelare_interieroveho_studia_PREZENTACE_VLASTNICH_PRODUKTU-1024x724.jpg 1024w, https:\/\/www.design-award.cz\/wp-content\/uploads\/2024\/07\/Kreis_kancelare_interieroveho_studia_PREZENTACE_VLASTNICH_PRODUKTU-300x212.jpg 300w, https:\/\/www.design-award.cz\/wp-content\/uploads\/2024\/07\/Kreis_kancelare_interieroveho_studia_PREZENTACE_VLASTNICH_PRODUKTU-768x543.jpg 768w, https:\/\/www.design-award.cz\/wp-content\/uploads\/2024\/07\/Kreis_kancelare_interieroveho_studia_PREZENTACE_VLASTNICH_PRODUKTU-500x354.jpg 500w, https:\/\/www.design-award.cz\/wp-content\/uploads\/2024\/07\/Kreis_kancelare_interieroveho_studia_PREZENTACE_VLASTNICH_PRODUKTU-800x566.jpg 800w\" data-sizes=\"(max-width: 1024px) 100vw, 1024px\" src=\"data:image\/svg+xml;base64,PHN2ZyB3aWR0aD0iMSIgaGVpZ2h0PSIxIiB4bWxucz0iaHR0cDovL3d3dy53My5vcmcvMjAwMC9zdmciPjwvc3ZnPg==\" style=\"--smush-placeholder-width: 1024px; --smush-placeholder-aspect-ratio: 1024\/724;\" \/><\/figure>\n\n\n\n<figure class=\"wp-block-image size-large\"><img decoding=\"async\" width=\"1024\" height=\"962\" data-src=\"http:\/\/www.design-award.cz\/wp-content\/uploads\/2024\/07\/Kreis_pudorys-1024x962.jpg\" alt=\"\" class=\"wp-image-4376 lazyload\" data-srcset=\"https:\/\/www.design-award.cz\/wp-content\/uploads\/2024\/07\/Kreis_pudorys-1024x962.jpg 1024w, https:\/\/www.design-award.cz\/wp-content\/uploads\/2024\/07\/Kreis_pudorys-300x282.jpg 300w, https:\/\/www.design-award.cz\/wp-content\/uploads\/2024\/07\/Kreis_pudorys-768x721.jpg 768w, https:\/\/www.design-award.cz\/wp-content\/uploads\/2024\/07\/Kreis_pudorys-1536x1442.jpg 1536w, https:\/\/www.design-award.cz\/wp-content\/uploads\/2024\/07\/Kreis_pudorys-2048x1923.jpg 2048w, https:\/\/www.design-award.cz\/wp-content\/uploads\/2024\/07\/Kreis_pudorys-500x469.jpg 500w, https:\/\/www.design-award.cz\/wp-content\/uploads\/2024\/07\/Kreis_pudorys-800x751.jpg 800w, https:\/\/www.design-award.cz\/wp-content\/uploads\/2024\/07\/Kreis_pudorys-1280x1202.jpg 1280w, https:\/\/www.design-award.cz\/wp-content\/uploads\/2024\/07\/Kreis_pudorys-1920x1803.jpg 1920w\" data-sizes=\"(max-width: 1024px) 100vw, 1024px\" src=\"data:image\/svg+xml;base64,PHN2ZyB3aWR0aD0iMSIgaGVpZ2h0PSIxIiB4bWxucz0iaHR0cDovL3d3dy53My5vcmcvMjAwMC9zdmciPjwvc3ZnPg==\" style=\"--smush-placeholder-width: 1024px; --smush-placeholder-aspect-ratio: 1024\/962;\" \/><\/figure>\n","protected":false},"excerpt":{"rendered":"<p>Michal Kreis SO\u0160 obchodu, u\u017eit\u00e9ho um\u011bn\u00ed a designu, Nerudova 33, Plze\u0148 \u00dakolem bylo navrhnout dispozici, vybaven\u00ed a neot\u0159el\u00fd design na\u0161eho budouc\u00edho vlastn\u00edho design\u00e9rsk\u00e9ho studia. Limitem na\u0161\u00ed pr\u00e1ce byl prostor a nutnost um\u00edstit do n\u011bho recepci, showroom, kancel\u00e1\u0159 pro \u0159editele a pracovn\u00ed m\u00edsta pro minim\u00e1ln\u011b 8 design\u00e9r\u016f. Prostory se nach\u00e1z\u00ed v posledn\u00edm pat\u0159e administrativn\u00ed budovy v [&hellip;]<\/p>\n","protected":false},"author":2,"featured_media":4375,"menu_order":0,"comment_status":"closed","ping_status":"closed","template":"","format":"standard","meta":{"ngg_post_thumbnail":0,"ocean_post_layout":"","ocean_both_sidebars_style":"","ocean_both_sidebars_content_width":0,"ocean_both_sidebars_sidebars_width":0,"ocean_sidebar":"","ocean_second_sidebar":"","ocean_disable_margins":"enable","ocean_add_body_class":"","ocean_shortcode_before_top_bar":"","ocean_shortcode_after_top_bar":"","ocean_shortcode_before_header":"","ocean_shortcode_after_header":"","ocean_has_shortcode":"","ocean_shortcode_after_title":"","ocean_shortcode_before_footer_widgets":"","ocean_shortcode_after_footer_widgets":"","ocean_shortcode_before_footer_bottom":"","ocean_shortcode_after_footer_bottom":"","ocean_display_top_bar":"default","ocean_display_header":"default","ocean_header_style":"","ocean_center_header_left_menu":"","ocean_custom_header_template":"","ocean_custom_logo":0,"ocean_custom_retina_logo":0,"ocean_custom_logo_max_width":0,"ocean_custom_logo_tablet_max_width":0,"ocean_custom_logo_mobile_max_width":0,"ocean_custom_logo_max_height":0,"ocean_custom_logo_tablet_max_height":0,"ocean_custom_logo_mobile_max_height":0,"ocean_header_custom_menu":"","ocean_menu_typo_font_family":"","ocean_menu_typo_font_subset":"","ocean_menu_typo_font_size":0,"ocean_menu_typo_font_size_tablet":0,"ocean_menu_typo_font_size_mobile":0,"ocean_menu_typo_font_size_unit":"px","ocean_menu_typo_font_weight":"","ocean_menu_typo_font_weight_tablet":"","ocean_menu_typo_font_weight_mobile":"","ocean_menu_typo_transform":"","ocean_menu_typo_transform_tablet":"","ocean_menu_typo_transform_mobile":"","ocean_menu_typo_line_height":0,"ocean_menu_typo_line_height_tablet":0,"ocean_menu_typo_line_height_mobile":0,"ocean_menu_typo_line_height_unit":"","ocean_menu_typo_spacing":0,"ocean_menu_typo_spacing_tablet":0,"ocean_menu_typo_spacing_mobile":0,"ocean_menu_typo_spacing_unit":"","ocean_menu_link_color":"","ocean_menu_link_color_hover":"","ocean_menu_link_color_active":"","ocean_menu_link_background":"","ocean_menu_link_hover_background":"","ocean_menu_link_active_background":"","ocean_menu_social_links_bg":"","ocean_menu_social_hover_links_bg":"","ocean_menu_social_links_color":"","ocean_menu_social_hover_links_color":"","ocean_disable_title":"default","ocean_disable_heading":"default","ocean_post_title":"","ocean_post_subheading":"","ocean_post_title_style":"","ocean_post_title_background_color":"","ocean_post_title_background":0,"ocean_post_title_bg_image_position":"","ocean_post_title_bg_image_attachment":"","ocean_post_title_bg_image_repeat":"","ocean_post_title_bg_image_size":"","ocean_post_title_height":0,"ocean_post_title_bg_overlay":0.5,"ocean_post_title_bg_overlay_color":"","ocean_disable_breadcrumbs":"default","ocean_breadcrumbs_color":"","ocean_breadcrumbs_separator_color":"","ocean_breadcrumbs_links_color":"","ocean_breadcrumbs_links_hover_color":"","ocean_display_footer_widgets":"default","ocean_display_footer_bottom":"default","ocean_custom_footer_template":"","_vp_format_video_url":"","_vp_image_focal_point":[],"footnotes":""},"portfolio_category":[],"portfolio_tag":[],"class_list":["post-4329","portfolio","type-portfolio","status-publish","format-standard","has-post-thumbnail","hentry","entry","has-media"],"yoast_head":"<!-- This site is optimized with the Yoast SEO plugin v25.2 - https:\/\/yoast.com\/wordpress\/plugins\/seo\/ -->\n<title>Soukrom\u00fd interi\u00e9r - Kancel\u00e1\u0159e interi\u00e9rov\u00e9ho design\u00e9rsk\u00e9ho studia - design-award.cz<\/title>\n<meta name=\"robots\" content=\"index, follow, max-snippet:-1, max-image-preview:large, max-video-preview:-1\" \/>\n<link rel=\"canonical\" href=\"https:\/\/www.design-award.cz\/?portfolio=soukromy-interier-kancelare-interieroveho-designerskeho-studia\" \/>\n<meta property=\"og:locale\" content=\"cs_CZ\" \/>\n<meta property=\"og:type\" content=\"article\" \/>\n<meta property=\"og:title\" content=\"Soukrom\u00fd interi\u00e9r - Kancel\u00e1\u0159e interi\u00e9rov\u00e9ho design\u00e9rsk\u00e9ho studia - design-award.cz\" \/>\n<meta property=\"og:description\" content=\"Michal Kreis SO\u0160 obchodu, u\u017eit\u00e9ho um\u011bn\u00ed a designu, Nerudova 33, Plze\u0148 \u00dakolem bylo navrhnout dispozici, vybaven\u00ed a neot\u0159el\u00fd design na\u0161eho budouc\u00edho vlastn\u00edho design\u00e9rsk\u00e9ho studia. Limitem na\u0161\u00ed pr\u00e1ce byl prostor a nutnost um\u00edstit do n\u011bho recepci, showroom, kancel\u00e1\u0159 pro \u0159editele a pracovn\u00ed m\u00edsta pro minim\u00e1ln\u011b 8 design\u00e9r\u016f. Prostory se nach\u00e1z\u00ed v posledn\u00edm pat\u0159e administrativn\u00ed budovy v [&hellip;]\" \/>\n<meta property=\"og:url\" content=\"https:\/\/www.design-award.cz\/?portfolio=soukromy-interier-kancelare-interieroveho-designerskeho-studia\" \/>\n<meta property=\"og:site_name\" content=\"design-award.cz\" \/>\n<meta property=\"article:modified_time\" content=\"2024-07-03T22:03:41+00:00\" \/>\n<meta property=\"og:image\" content=\"https:\/\/www.design-award.cz\/wp-content\/uploads\/2024\/07\/kreis_michal_stolicka_soutez_bold-1-scaled.jpg\" \/>\n\t<meta property=\"og:image:width\" content=\"1792\" \/>\n\t<meta property=\"og:image:height\" content=\"2560\" \/>\n\t<meta property=\"og:image:type\" content=\"image\/jpeg\" \/>\n<meta name=\"twitter:card\" content=\"summary_large_image\" \/>\n<meta name=\"twitter:label1\" content=\"Odhadovan\u00e1 doba \u010dten\u00ed\" \/>\n\t<meta name=\"twitter:data1\" content=\"1 minuta\" \/>\n<script type=\"application\/ld+json\" class=\"yoast-schema-graph\">{\"@context\":\"https:\/\/schema.org\",\"@graph\":[{\"@type\":\"WebPage\",\"@id\":\"https:\/\/www.design-award.cz\/?portfolio=soukromy-interier-kancelare-interieroveho-designerskeho-studia\",\"url\":\"https:\/\/www.design-award.cz\/?portfolio=soukromy-interier-kancelare-interieroveho-designerskeho-studia\",\"name\":\"Soukrom\u00fd interi\u00e9r - Kancel\u00e1\u0159e interi\u00e9rov\u00e9ho design\u00e9rsk\u00e9ho studia - design-award.cz\",\"isPartOf\":{\"@id\":\"https:\/\/www.design-award.cz\/#website\"},\"primaryImageOfPage\":{\"@id\":\"https:\/\/www.design-award.cz\/?portfolio=soukromy-interier-kancelare-interieroveho-designerskeho-studia#primaryimage\"},\"image\":{\"@id\":\"https:\/\/www.design-award.cz\/?portfolio=soukromy-interier-kancelare-interieroveho-designerskeho-studia#primaryimage\"},\"thumbnailUrl\":\"https:\/\/www.design-award.cz\/wp-content\/uploads\/2024\/07\/kreis_michal_stolicka_soutez_bold-1-scaled.jpg\",\"datePublished\":\"2024-07-03T21:58:29+00:00\",\"dateModified\":\"2024-07-03T22:03:41+00:00\",\"breadcrumb\":{\"@id\":\"https:\/\/www.design-award.cz\/?portfolio=soukromy-interier-kancelare-interieroveho-designerskeho-studia#breadcrumb\"},\"inLanguage\":\"cs\",\"potentialAction\":[{\"@type\":\"ReadAction\",\"target\":[\"https:\/\/www.design-award.cz\/?portfolio=soukromy-interier-kancelare-interieroveho-designerskeho-studia\"]}]},{\"@type\":\"ImageObject\",\"inLanguage\":\"cs\",\"@id\":\"https:\/\/www.design-award.cz\/?portfolio=soukromy-interier-kancelare-interieroveho-designerskeho-studia#primaryimage\",\"url\":\"https:\/\/www.design-award.cz\/wp-content\/uploads\/2024\/07\/kreis_michal_stolicka_soutez_bold-1-scaled.jpg\",\"contentUrl\":\"https:\/\/www.design-award.cz\/wp-content\/uploads\/2024\/07\/kreis_michal_stolicka_soutez_bold-1-scaled.jpg\",\"width\":1792,\"height\":2560},{\"@type\":\"BreadcrumbList\",\"@id\":\"https:\/\/www.design-award.cz\/?portfolio=soukromy-interier-kancelare-interieroveho-designerskeho-studia#breadcrumb\",\"itemListElement\":[{\"@type\":\"ListItem\",\"position\":1,\"name\":\"Dom\u016f\",\"item\":\"https:\/\/www.design-award.cz\/\"},{\"@type\":\"ListItem\",\"position\":2,\"name\":\"Portfolio Items\",\"item\":\"https:\/\/www.design-award.cz\/?post_type=portfolio\"},{\"@type\":\"ListItem\",\"position\":3,\"name\":\"Soukrom\u00fd interi\u00e9r &#8211; Kancel\u00e1\u0159e interi\u00e9rov\u00e9ho design\u00e9rsk\u00e9ho studia\"}]},{\"@type\":\"WebSite\",\"@id\":\"https:\/\/www.design-award.cz\/#website\",\"url\":\"https:\/\/www.design-award.cz\/\",\"name\":\"design-award.cz\",\"description\":\"WARD vznikla v roce 2022. Je ur\u010dena p\u0159edev\u0161\u00edm student\u016fm st\u0159edn\u00edch um\u011bleck\u00fdch \u0161kol (S\u0160 a VO\u0160), kte\u0159\u00ed mohou bezplatn\u011b zaslat sv\u00e9 n\u00e1vrhy v uveden\u00fdch kategori\u00ed a tak pom\u011b\u0159it sv\u00e9 n\u00e1pady s konkurenc\u00ed sv\u00fdch vrstevn\u00edk\u016f. N\u00e1vrhy jsou n\u00e1sledn\u011b posouzeny nez\u00e1vislou porotou z \u0159ad v\u00fdtvarn\u00edk\u016f, pedagog\u016f a profesion\u00e1l\u016f z oboru.\",\"publisher\":{\"@id\":\"https:\/\/www.design-award.cz\/#organization\"},\"potentialAction\":[{\"@type\":\"SearchAction\",\"target\":{\"@type\":\"EntryPoint\",\"urlTemplate\":\"https:\/\/www.design-award.cz\/?s={search_term_string}\"},\"query-input\":{\"@type\":\"PropertyValueSpecification\",\"valueRequired\":true,\"valueName\":\"search_term_string\"}}],\"inLanguage\":\"cs\"},{\"@type\":\"Organization\",\"@id\":\"https:\/\/www.design-award.cz\/#organization\",\"name\":\"Design Award\",\"url\":\"https:\/\/www.design-award.cz\/\",\"logo\":{\"@type\":\"ImageObject\",\"inLanguage\":\"cs\",\"@id\":\"https:\/\/www.design-award.cz\/#\/schema\/logo\/image\/\",\"url\":\"http:\/\/www.design-award.cz\/wp-content\/uploads\/2021\/12\/hornilogo_design-award.png\",\"contentUrl\":\"http:\/\/www.design-award.cz\/wp-content\/uploads\/2021\/12\/hornilogo_design-award.png\",\"width\":800,\"height\":600,\"caption\":\"Design Award\"},\"image\":{\"@id\":\"https:\/\/www.design-award.cz\/#\/schema\/logo\/image\/\"},\"sameAs\":[\"https:\/\/www.instagram.com\/design_award\/\"]}]}<\/script>\n<!-- \/ Yoast SEO plugin. -->","yoast_head_json":{"title":"Soukrom\u00fd interi\u00e9r - Kancel\u00e1\u0159e interi\u00e9rov\u00e9ho design\u00e9rsk\u00e9ho studia - design-award.cz","robots":{"index":"index","follow":"follow","max-snippet":"max-snippet:-1","max-image-preview":"max-image-preview:large","max-video-preview":"max-video-preview:-1"},"canonical":"https:\/\/www.design-award.cz\/?portfolio=soukromy-interier-kancelare-interieroveho-designerskeho-studia","og_locale":"cs_CZ","og_type":"article","og_title":"Soukrom\u00fd interi\u00e9r - Kancel\u00e1\u0159e interi\u00e9rov\u00e9ho design\u00e9rsk\u00e9ho studia - design-award.cz","og_description":"Michal Kreis SO\u0160 obchodu, u\u017eit\u00e9ho um\u011bn\u00ed a designu, Nerudova 33, Plze\u0148 \u00dakolem bylo navrhnout dispozici, vybaven\u00ed a neot\u0159el\u00fd design na\u0161eho budouc\u00edho vlastn\u00edho design\u00e9rsk\u00e9ho studia. Limitem na\u0161\u00ed pr\u00e1ce byl prostor a nutnost um\u00edstit do n\u011bho recepci, showroom, kancel\u00e1\u0159 pro \u0159editele a pracovn\u00ed m\u00edsta pro minim\u00e1ln\u011b 8 design\u00e9r\u016f. Prostory se nach\u00e1z\u00ed v posledn\u00edm pat\u0159e administrativn\u00ed budovy v [&hellip;]","og_url":"https:\/\/www.design-award.cz\/?portfolio=soukromy-interier-kancelare-interieroveho-designerskeho-studia","og_site_name":"design-award.cz","article_modified_time":"2024-07-03T22:03:41+00:00","og_image":[{"width":1792,"height":2560,"url":"https:\/\/www.design-award.cz\/wp-content\/uploads\/2024\/07\/kreis_michal_stolicka_soutez_bold-1-scaled.jpg","type":"image\/jpeg"}],"twitter_card":"summary_large_image","twitter_misc":{"Odhadovan\u00e1 doba \u010dten\u00ed":"1 minuta"},"schema":{"@context":"https:\/\/schema.org","@graph":[{"@type":"WebPage","@id":"https:\/\/www.design-award.cz\/?portfolio=soukromy-interier-kancelare-interieroveho-designerskeho-studia","url":"https:\/\/www.design-award.cz\/?portfolio=soukromy-interier-kancelare-interieroveho-designerskeho-studia","name":"Soukrom\u00fd interi\u00e9r - Kancel\u00e1\u0159e interi\u00e9rov\u00e9ho design\u00e9rsk\u00e9ho studia - design-award.cz","isPartOf":{"@id":"https:\/\/www.design-award.cz\/#website"},"primaryImageOfPage":{"@id":"https:\/\/www.design-award.cz\/?portfolio=soukromy-interier-kancelare-interieroveho-designerskeho-studia#primaryimage"},"image":{"@id":"https:\/\/www.design-award.cz\/?portfolio=soukromy-interier-kancelare-interieroveho-designerskeho-studia#primaryimage"},"thumbnailUrl":"https:\/\/www.design-award.cz\/wp-content\/uploads\/2024\/07\/kreis_michal_stolicka_soutez_bold-1-scaled.jpg","datePublished":"2024-07-03T21:58:29+00:00","dateModified":"2024-07-03T22:03:41+00:00","breadcrumb":{"@id":"https:\/\/www.design-award.cz\/?portfolio=soukromy-interier-kancelare-interieroveho-designerskeho-studia#breadcrumb"},"inLanguage":"cs","potentialAction":[{"@type":"ReadAction","target":["https:\/\/www.design-award.cz\/?portfolio=soukromy-interier-kancelare-interieroveho-designerskeho-studia"]}]},{"@type":"ImageObject","inLanguage":"cs","@id":"https:\/\/www.design-award.cz\/?portfolio=soukromy-interier-kancelare-interieroveho-designerskeho-studia#primaryimage","url":"https:\/\/www.design-award.cz\/wp-content\/uploads\/2024\/07\/kreis_michal_stolicka_soutez_bold-1-scaled.jpg","contentUrl":"https:\/\/www.design-award.cz\/wp-content\/uploads\/2024\/07\/kreis_michal_stolicka_soutez_bold-1-scaled.jpg","width":1792,"height":2560},{"@type":"BreadcrumbList","@id":"https:\/\/www.design-award.cz\/?portfolio=soukromy-interier-kancelare-interieroveho-designerskeho-studia#breadcrumb","itemListElement":[{"@type":"ListItem","position":1,"name":"Dom\u016f","item":"https:\/\/www.design-award.cz\/"},{"@type":"ListItem","position":2,"name":"Portfolio Items","item":"https:\/\/www.design-award.cz\/?post_type=portfolio"},{"@type":"ListItem","position":3,"name":"Soukrom\u00fd interi\u00e9r &#8211; Kancel\u00e1\u0159e interi\u00e9rov\u00e9ho design\u00e9rsk\u00e9ho studia"}]},{"@type":"WebSite","@id":"https:\/\/www.design-award.cz\/#website","url":"https:\/\/www.design-award.cz\/","name":"design-award.cz","description":"WARD vznikla v roce 2022. Je ur\u010dena p\u0159edev\u0161\u00edm student\u016fm st\u0159edn\u00edch um\u011bleck\u00fdch \u0161kol (S\u0160 a VO\u0160), kte\u0159\u00ed mohou bezplatn\u011b zaslat sv\u00e9 n\u00e1vrhy v uveden\u00fdch kategori\u00ed a tak pom\u011b\u0159it sv\u00e9 n\u00e1pady s konkurenc\u00ed sv\u00fdch vrstevn\u00edk\u016f. N\u00e1vrhy jsou n\u00e1sledn\u011b posouzeny nez\u00e1vislou porotou z \u0159ad v\u00fdtvarn\u00edk\u016f, pedagog\u016f a profesion\u00e1l\u016f z oboru.","publisher":{"@id":"https:\/\/www.design-award.cz\/#organization"},"potentialAction":[{"@type":"SearchAction","target":{"@type":"EntryPoint","urlTemplate":"https:\/\/www.design-award.cz\/?s={search_term_string}"},"query-input":{"@type":"PropertyValueSpecification","valueRequired":true,"valueName":"search_term_string"}}],"inLanguage":"cs"},{"@type":"Organization","@id":"https:\/\/www.design-award.cz\/#organization","name":"Design Award","url":"https:\/\/www.design-award.cz\/","logo":{"@type":"ImageObject","inLanguage":"cs","@id":"https:\/\/www.design-award.cz\/#\/schema\/logo\/image\/","url":"http:\/\/www.design-award.cz\/wp-content\/uploads\/2021\/12\/hornilogo_design-award.png","contentUrl":"http:\/\/www.design-award.cz\/wp-content\/uploads\/2021\/12\/hornilogo_design-award.png","width":800,"height":600,"caption":"Design Award"},"image":{"@id":"https:\/\/www.design-award.cz\/#\/schema\/logo\/image\/"},"sameAs":["https:\/\/www.instagram.com\/design_award\/"]}]}},"_links":{"self":[{"href":"https:\/\/www.design-award.cz\/index.php?rest_route=\/wp\/v2\/portfolio\/4329","targetHints":{"allow":["GET"]}}],"collection":[{"href":"https:\/\/www.design-award.cz\/index.php?rest_route=\/wp\/v2\/portfolio"}],"about":[{"href":"https:\/\/www.design-award.cz\/index.php?rest_route=\/wp\/v2\/types\/portfolio"}],"author":[{"embeddable":true,"href":"https:\/\/www.design-award.cz\/index.php?rest_route=\/wp\/v2\/users\/2"}],"replies":[{"embeddable":true,"href":"https:\/\/www.design-award.cz\/index.php?rest_route=%2Fwp%2Fv2%2Fcomments&post=4329"}],"version-history":[{"count":2,"href":"https:\/\/www.design-award.cz\/index.php?rest_route=\/wp\/v2\/portfolio\/4329\/revisions"}],"predecessor-version":[{"id":4378,"href":"https:\/\/www.design-award.cz\/index.php?rest_route=\/wp\/v2\/portfolio\/4329\/revisions\/4378"}],"wp:featuredmedia":[{"embeddable":true,"href":"https:\/\/www.design-award.cz\/index.php?rest_route=\/wp\/v2\/media\/4375"}],"wp:attachment":[{"href":"https:\/\/www.design-award.cz\/index.php?rest_route=%2Fwp%2Fv2%2Fmedia&parent=4329"}],"wp:term":[{"taxonomy":"portfolio_category","embeddable":true,"href":"https:\/\/www.design-award.cz\/index.php?rest_route=%2Fwp%2Fv2%2Fportfolio_category&post=4329"},{"taxonomy":"portfolio_tag","embeddable":true,"href":"https:\/\/www.design-award.cz\/index.php?rest_route=%2Fwp%2Fv2%2Fportfolio_tag&post=4329"}],"curies":[{"name":"wp","href":"https:\/\/api.w.org\/{rel}","templated":true}]}}