{"id":438,"date":"2022-02-17T13:10:55","date_gmt":"2022-02-17T13:10:55","guid":{"rendered":"https:\/\/www.design-award.cz\/?post_type=portfolio&#038;p=438"},"modified":"2022-04-16T10:13:30","modified_gmt":"2022-04-16T10:13:30","slug":"soukromy-interier-detsky-pokoj","status":"publish","type":"portfolio","link":"https:\/\/www.design-award.cz\/?portfolio=soukromy-interier-detsky-pokoj","title":{"rendered":"Soukrom\u00fd interi\u00e9r &#8211; Pokoj pro mal\u00e9ho hokejistu"},"content":{"rendered":"\n<h2 class=\"wp-block-heading\" id=\"rozalie-jonakova\">Roz\u00e1lie Jon\u00e1kov\u00e1<\/h2>\n\n\n\n<p><strong>Michael \u2013 St\u0159edn\u00ed \u0161kola a Vy\u0161\u0161\u00ed odborn\u00e1 \u0161kola reklamn\u00ed a um\u011bleck\u00e9 tvorby<\/strong><\/p>\n\n\n\n<p>V d\u011btsk\u00e9m pokoji jsem se p\u0159edev\u0161\u00edm zam\u011b\u0159ila na p\u0159\u00edrodn\u00ed materi\u00e1ly jako bukov\u00e9 d\u0159evo a p\u0159ekli\u017eka, kter\u00e9 daj\u00ed prostoru strukturu a \u00fatulnost. Do p\u0159\u00edrodn\u00edho materi\u00e1lu jsem zakombinovala p\u0159\u00edjemn\u011b modrou barvu a m\u00edsty tmav\u0161\u00ed \u0161edou pro kontrast se sv\u011btl\u00fdm d\u0159evem. Zdi jsou vymalovan\u00e9 teplej\u0161\u00ed b\u00edlou barvou. Ke v\u0161emu lad\u00ed modern\u00ed, minimalistick\u00fd a velmi kvalitn\u00ed n\u00e1bytek na m\u00edru. Z v\u00fdklenku za dve\u0159mi se p\u016fvodn\u011b m\u011bla st\u00e1t spac\u00ed z\u00f3na, ale rozhodla jsem se pro velkou \u0161atn\u00ed sk\u0159\u00ed\u0148, kter\u00e1 obsahuje malou knihovni\u010dku a napojuje se na psac\u00ed st\u016fl s velkou pracovn\u00ed plochou. Na druh\u00e9 stran\u011b pokoje, kde se objevily n\u00e1pady na odpo\u010d\u00edvac\u00ed nebo i pracovn\u00ed z\u00f3nu, se postavila spac\u00ed z\u00f3na s vyv\u00fd\u0161enou postel\u00ed, sch\u016fdky, tunelov\u00fdm bunkrem a knihovni\u010dkou, spole\u010dn\u011b s prostorn\u00fdmi a hlubok\u00fdmi \u00falo\u017en\u00fdmi prostory a \u0161uplaty p\u0159ipom\u00ednaj\u00edc\u00ed velk\u00e9 schody, na kter\u00fdch se d\u00e1 i sed\u011bt. Dopl\u0148ky jsem zvolila jemn\u00e9, ale st\u00e1le v\u00fdsti\u017en\u00e9 tak, aby se daly p\u0159i p\u0159\u00edpadn\u00e9 zm\u011bn\u011b z\u00e1jm\u016f snadno odstranit nebo vym\u011bnit. Sb\u011bratelsk\u00e1 poli\u010dka puk\u016f \u010di jednoduch\u00fd koberec hokejov\u00e9 t\u00e9matiky pokoj hezky podtrhly. Nejv\u011bt\u0161\u00edm zdrojem sv\u011btla v pokoji je p\u0159\u00edrodn\u00ed denn\u00ed sv\u011btlo z velk\u00e9ho okna, jeho\u017e sou\u010d\u00e1st\u00ed jsou p\u0159edokenn\u00ed \u017ealuzie. Dal\u0161\u00ed osv\u011btlen\u00ed v pokoji je \u0161etrn\u00e9 nastaviteln\u00e9 osv\u011btlen\u00ed v podob\u011b dvou centr\u00e1ln\u00edch stropn\u00edch lustr\u016f, stoln\u00ed lampi\u010dky se studen\u00fdm sv\u011btlem pro kvalitn\u00ed pr\u00e1ci \u010di dekorativn\u00ed podsv\u00edcen\u00ed LED p\u00e1sem pod postel\u00ed. V pokoji je zaji\u0161t\u011bn dostatek \u00falo\u017en\u00e9ho prostoru pro v\u011bci od hra\u010dek, p\u0159es knihy a\u017e po nadch\u00e1zej\u00edc\u00ed \u0161koln\u00ed vybaven\u00ed. Pokoj je funk\u010dn\u00ed, bezpe\u010dn\u00fd a p\u0159edev\u0161\u00edm se jen tak neokouk\u00e1.<\/p>\n\n\n\n<figure class=\"wp-block-image size-large is-style-default\"><img decoding=\"async\" width=\"2560\" height=\"1921\" data-src=\"https:\/\/www.design-award.cz\/wp-content\/uploads\/2022\/02\/scan22021014530-edited-scaled.jpg\" alt=\"\" class=\"wp-image-447 lazyload\" data-srcset=\"https:\/\/www.design-award.cz\/wp-content\/uploads\/2022\/02\/scan22021014530-edited-scaled.jpg 2560w, https:\/\/www.design-award.cz\/wp-content\/uploads\/2022\/02\/scan22021014530-edited-300x225.jpg 300w, https:\/\/www.design-award.cz\/wp-content\/uploads\/2022\/02\/scan22021014530-edited-1024x768.jpg 1024w, https:\/\/www.design-award.cz\/wp-content\/uploads\/2022\/02\/scan22021014530-edited-768x576.jpg 768w, https:\/\/www.design-award.cz\/wp-content\/uploads\/2022\/02\/scan22021014530-edited-1536x1153.jpg 1536w, https:\/\/www.design-award.cz\/wp-content\/uploads\/2022\/02\/scan22021014530-edited-2048x1537.jpg 2048w, https:\/\/www.design-award.cz\/wp-content\/uploads\/2022\/02\/scan22021014530-edited-500x375.jpg 500w, https:\/\/www.design-award.cz\/wp-content\/uploads\/2022\/02\/scan22021014530-edited-800x600.jpg 800w, https:\/\/www.design-award.cz\/wp-content\/uploads\/2022\/02\/scan22021014530-edited-1280x960.jpg 1280w, https:\/\/www.design-award.cz\/wp-content\/uploads\/2022\/02\/scan22021014530-edited-1920x1441.jpg 1920w\" data-sizes=\"(max-width: 2560px) 100vw, 2560px\" src=\"data:image\/svg+xml;base64,PHN2ZyB3aWR0aD0iMSIgaGVpZ2h0PSIxIiB4bWxucz0iaHR0cDovL3d3dy53My5vcmcvMjAwMC9zdmciPjwvc3ZnPg==\" style=\"--smush-placeholder-width: 2560px; --smush-placeholder-aspect-ratio: 2560\/1921;\" \/><\/figure>\n\n\n\n<figure class=\"wp-block-image size-large is-style-default\"><img decoding=\"async\" width=\"1024\" height=\"352\" data-src=\"http:\/\/www.design-award.cz\/wp-content\/uploads\/2022\/02\/scan22021014531-1024x352.jpg\" alt=\"\" class=\"wp-image-445 lazyload\" data-srcset=\"https:\/\/www.design-award.cz\/wp-content\/uploads\/2022\/02\/scan22021014531-1024x352.jpg 1024w, https:\/\/www.design-award.cz\/wp-content\/uploads\/2022\/02\/scan22021014531-300x103.jpg 300w, https:\/\/www.design-award.cz\/wp-content\/uploads\/2022\/02\/scan22021014531-768x264.jpg 768w, https:\/\/www.design-award.cz\/wp-content\/uploads\/2022\/02\/scan22021014531-1536x528.jpg 1536w, https:\/\/www.design-award.cz\/wp-content\/uploads\/2022\/02\/scan22021014531-2048x703.jpg 2048w, https:\/\/www.design-award.cz\/wp-content\/uploads\/2022\/02\/scan22021014531-500x172.jpg 500w, https:\/\/www.design-award.cz\/wp-content\/uploads\/2022\/02\/scan22021014531-800x275.jpg 800w, https:\/\/www.design-award.cz\/wp-content\/uploads\/2022\/02\/scan22021014531-1280x440.jpg 1280w, https:\/\/www.design-award.cz\/wp-content\/uploads\/2022\/02\/scan22021014531-1920x659.jpg 1920w\" data-sizes=\"(max-width: 1024px) 100vw, 1024px\" src=\"data:image\/svg+xml;base64,PHN2ZyB3aWR0aD0iMSIgaGVpZ2h0PSIxIiB4bWxucz0iaHR0cDovL3d3dy53My5vcmcvMjAwMC9zdmciPjwvc3ZnPg==\" style=\"--smush-placeholder-width: 1024px; --smush-placeholder-aspect-ratio: 1024\/352;\" \/><\/figure>\n\n\n\n<figure class=\"wp-block-image size-large is-style-default\"><img decoding=\"async\" width=\"1024\" height=\"736\" data-src=\"http:\/\/www.design-award.cz\/wp-content\/uploads\/2022\/02\/scan22021014401-1024x736.jpg\" alt=\"\" class=\"wp-image-439 lazyload\" data-srcset=\"https:\/\/www.design-award.cz\/wp-content\/uploads\/2022\/02\/scan22021014401-1024x736.jpg 1024w, https:\/\/www.design-award.cz\/wp-content\/uploads\/2022\/02\/scan22021014401-300x216.jpg 300w, https:\/\/www.design-award.cz\/wp-content\/uploads\/2022\/02\/scan22021014401-768x552.jpg 768w, https:\/\/www.design-award.cz\/wp-content\/uploads\/2022\/02\/scan22021014401-1536x1103.jpg 1536w, https:\/\/www.design-award.cz\/wp-content\/uploads\/2022\/02\/scan22021014401-2048x1471.jpg 2048w, https:\/\/www.design-award.cz\/wp-content\/uploads\/2022\/02\/scan22021014401-500x359.jpg 500w, https:\/\/www.design-award.cz\/wp-content\/uploads\/2022\/02\/scan22021014401-800x575.jpg 800w, https:\/\/www.design-award.cz\/wp-content\/uploads\/2022\/02\/scan22021014401-1280x919.jpg 1280w, https:\/\/www.design-award.cz\/wp-content\/uploads\/2022\/02\/scan22021014401-1920x1379.jpg 1920w\" data-sizes=\"(max-width: 1024px) 100vw, 1024px\" src=\"data:image\/svg+xml;base64,PHN2ZyB3aWR0aD0iMSIgaGVpZ2h0PSIxIiB4bWxucz0iaHR0cDovL3d3dy53My5vcmcvMjAwMC9zdmciPjwvc3ZnPg==\" style=\"--smush-placeholder-width: 1024px; --smush-placeholder-aspect-ratio: 1024\/736;\" \/><\/figure>\n\n\n\n<figure class=\"wp-block-image size-large is-style-default\"><img decoding=\"async\" width=\"1024\" height=\"740\" data-src=\"http:\/\/www.design-award.cz\/wp-content\/uploads\/2022\/02\/scan22021014430-1024x740.jpg\" alt=\"\" class=\"wp-image-440 lazyload\" data-srcset=\"https:\/\/www.design-award.cz\/wp-content\/uploads\/2022\/02\/scan22021014430-1024x740.jpg 1024w, https:\/\/www.design-award.cz\/wp-content\/uploads\/2022\/02\/scan22021014430-300x217.jpg 300w, https:\/\/www.design-award.cz\/wp-content\/uploads\/2022\/02\/scan22021014430-768x555.jpg 768w, https:\/\/www.design-award.cz\/wp-content\/uploads\/2022\/02\/scan22021014430-1536x1110.jpg 1536w, https:\/\/www.design-award.cz\/wp-content\/uploads\/2022\/02\/scan22021014430-2048x1480.jpg 2048w, https:\/\/www.design-award.cz\/wp-content\/uploads\/2022\/02\/scan22021014430-500x361.jpg 500w, https:\/\/www.design-award.cz\/wp-content\/uploads\/2022\/02\/scan22021014430-800x578.jpg 800w, https:\/\/www.design-award.cz\/wp-content\/uploads\/2022\/02\/scan22021014430-1280x925.jpg 1280w, https:\/\/www.design-award.cz\/wp-content\/uploads\/2022\/02\/scan22021014430-1920x1388.jpg 1920w\" data-sizes=\"(max-width: 1024px) 100vw, 1024px\" src=\"data:image\/svg+xml;base64,PHN2ZyB3aWR0aD0iMSIgaGVpZ2h0PSIxIiB4bWxucz0iaHR0cDovL3d3dy53My5vcmcvMjAwMC9zdmciPjwvc3ZnPg==\" style=\"--smush-placeholder-width: 1024px; --smush-placeholder-aspect-ratio: 1024\/740;\" \/><\/figure>\n\n\n\n<figure class=\"wp-block-image size-large is-style-default\"><img decoding=\"async\" width=\"1024\" height=\"978\" data-src=\"http:\/\/www.design-award.cz\/wp-content\/uploads\/2022\/02\/scan22021014490-1024x978.jpg\" alt=\"\" class=\"wp-image-441 lazyload\" data-srcset=\"https:\/\/www.design-award.cz\/wp-content\/uploads\/2022\/02\/scan22021014490-1024x978.jpg 1024w, https:\/\/www.design-award.cz\/wp-content\/uploads\/2022\/02\/scan22021014490-300x286.jpg 300w, https:\/\/www.design-award.cz\/wp-content\/uploads\/2022\/02\/scan22021014490-768x733.jpg 768w, https:\/\/www.design-award.cz\/wp-content\/uploads\/2022\/02\/scan22021014490-1536x1466.jpg 1536w, https:\/\/www.design-award.cz\/wp-content\/uploads\/2022\/02\/scan22021014490-2048x1955.jpg 2048w, https:\/\/www.design-award.cz\/wp-content\/uploads\/2022\/02\/scan22021014490-500x477.jpg 500w, https:\/\/www.design-award.cz\/wp-content\/uploads\/2022\/02\/scan22021014490-800x764.jpg 800w, https:\/\/www.design-award.cz\/wp-content\/uploads\/2022\/02\/scan22021014490-1280x1222.jpg 1280w, https:\/\/www.design-award.cz\/wp-content\/uploads\/2022\/02\/scan22021014490-1920x1833.jpg 1920w\" data-sizes=\"(max-width: 1024px) 100vw, 1024px\" src=\"data:image\/svg+xml;base64,PHN2ZyB3aWR0aD0iMSIgaGVpZ2h0PSIxIiB4bWxucz0iaHR0cDovL3d3dy53My5vcmcvMjAwMC9zdmciPjwvc3ZnPg==\" style=\"--smush-placeholder-width: 1024px; --smush-placeholder-aspect-ratio: 1024\/978;\" \/><\/figure>\n\n\n\n<figure class=\"wp-block-image size-large is-style-default\"><img decoding=\"async\" width=\"1001\" height=\"1024\" data-src=\"http:\/\/www.design-award.cz\/wp-content\/uploads\/2022\/02\/scan22021014510-1001x1024.jpg\" alt=\"\" class=\"wp-image-442 lazyload\" data-srcset=\"https:\/\/www.design-award.cz\/wp-content\/uploads\/2022\/02\/scan22021014510-1001x1024.jpg 1001w, https:\/\/www.design-award.cz\/wp-content\/uploads\/2022\/02\/scan22021014510-293x300.jpg 293w, https:\/\/www.design-award.cz\/wp-content\/uploads\/2022\/02\/scan22021014510-768x786.jpg 768w, https:\/\/www.design-award.cz\/wp-content\/uploads\/2022\/02\/scan22021014510-1501x1536.jpg 1501w, https:\/\/www.design-award.cz\/wp-content\/uploads\/2022\/02\/scan22021014510-2001x2048.jpg 2001w, https:\/\/www.design-award.cz\/wp-content\/uploads\/2022\/02\/scan22021014510-500x512.jpg 500w, https:\/\/www.design-award.cz\/wp-content\/uploads\/2022\/02\/scan22021014510-800x819.jpg 800w, https:\/\/www.design-award.cz\/wp-content\/uploads\/2022\/02\/scan22021014510-1280x1310.jpg 1280w, https:\/\/www.design-award.cz\/wp-content\/uploads\/2022\/02\/scan22021014510-1920x1965.jpg 1920w\" data-sizes=\"(max-width: 1001px) 100vw, 1001px\" src=\"data:image\/svg+xml;base64,PHN2ZyB3aWR0aD0iMSIgaGVpZ2h0PSIxIiB4bWxucz0iaHR0cDovL3d3dy53My5vcmcvMjAwMC9zdmciPjwvc3ZnPg==\" style=\"--smush-placeholder-width: 1001px; --smush-placeholder-aspect-ratio: 1001\/1024;\" \/><\/figure>\n\n\n<div class=\"wp-block-visual-portfolio\">\n<div class=\"vp-portfolio vp-uid-2ece4a06 vp-id-607\"\n\tdata-vp-layout=\"slider\" data-vp-content-source=\"post-based\" data-vp-items-style=\"fade\" data-vp-items-click-action=\"url\" data-vp-items-gap=\"12\" data-vp-items-gap-vertical=\"\" data-vp-pagination=\"load-more\" data-vp-next-page-url=\"https:\/\/www.design-award.cz\/index.php?rest_route=%2Fwp%2Fv2%2Fportfolio%2F438&#038;vp_page=2\" data-vp-random-seed=\"1145808689\" data-vp-slider-effect=\"slide\" data-vp-slider-items-height=\"80%\" data-vp-slider-items-min-height=\"\" data-vp-slider-slides-per-view=\"3\" data-vp-slider-speed=\"0.3\" data-vp-slider-autoplay=\"4.8\" data-vp-slider-autoplay-hover-pause=\"false\" data-vp-slider-centered-slides=\"true\" data-vp-slider-loop=\"true\" data-vp-slider-free-mode=\"false\" data-vp-slider-free-mode-sticky=\"false\" data-vp-slider-arrows=\"true\" data-vp-slider-bullets=\"false\" data-vp-slider-bullets-dynamic=\"false\" data-vp-slider-mousewheel=\"false\" data-vp-slider-thumbnails=\"false\" >\n\t<div class=\"vp-portfolio__preloader-wrap\">\n\t\t<div class=\"vp-portfolio__preloader\">\n\t\t\t<img decoding=\"async\" loading=\"eager\" src=\"https:\/\/www.design-award.cz\/wp-content\/plugins\/visual-portfolio\/assets\/images\/logo-dark.svg\" alt=\"Visual Portfolio, Posts &amp; Image Gallery for WordPress\" width=\"20\" height=\"20\" data-skip-lazy>\n\t\t<\/div>\n\t<\/div>\n\t\t<div class=\"vp-portfolio__items-wrap\">\n\t\t\t\n<div class=\"vp-portfolio__items vp-portfolio__items-style-fade vp-portfolio__items-show-overlay-hover\">\n\n\t\t<article\t\tclass=\"vp-portfolio__item-wrap post-4162 portfolio type-portfolio status-publish format-standard has-post-thumbnail hentry entry has-media vp-portfolio__item-uid-70282b1c\" data-vp-filter=\"\" \t\t>\n\t\t\t\t\t\t\t\t\t<figure class=\"vp-portfolio__item\">\n\t\t\t\t\n<div class=\"vp-portfolio__item-img-wrap\">\n\t<div class=\"vp-portfolio__item-img\">\n\t\t\t<a\n\t\thref=\"https:\/\/www.design-award.cz\/?portfolio=produktovy-design-sada-interierovych-doplnku-balance\"\n\t\t\t>\n\t\n\t\t<noscript><img decoding=\"async\" width=\"1440\" height=\"1231\" data-skip-lazy src=\"https:\/\/www.design-award.cz\/wp-content\/uploads\/2024\/07\/0D70A016-5418-4D01-88E0-4A3B5F96A8CF.png\" class=\"wp-image-4192\" alt=\"\" srcset=\"https:\/\/www.design-award.cz\/wp-content\/uploads\/2024\/07\/0D70A016-5418-4D01-88E0-4A3B5F96A8CF.png 1440w, https:\/\/www.design-award.cz\/wp-content\/uploads\/2024\/07\/0D70A016-5418-4D01-88E0-4A3B5F96A8CF-300x256.png 300w, https:\/\/www.design-award.cz\/wp-content\/uploads\/2024\/07\/0D70A016-5418-4D01-88E0-4A3B5F96A8CF-1024x875.png 1024w, https:\/\/www.design-award.cz\/wp-content\/uploads\/2024\/07\/0D70A016-5418-4D01-88E0-4A3B5F96A8CF-768x657.png 768w, https:\/\/www.design-award.cz\/wp-content\/uploads\/2024\/07\/0D70A016-5418-4D01-88E0-4A3B5F96A8CF-500x427.png 500w, https:\/\/www.design-award.cz\/wp-content\/uploads\/2024\/07\/0D70A016-5418-4D01-88E0-4A3B5F96A8CF-800x684.png 800w, https:\/\/www.design-award.cz\/wp-content\/uploads\/2024\/07\/0D70A016-5418-4D01-88E0-4A3B5F96A8CF-1280x1094.png 1280w\" sizes=\"(max-width: 1440px) 100vw, 1440px\" \/><\/noscript><img fetchpriority=\"high\" decoding=\"async\" width=\"1440\" height=\"1231\" src=\"https:\/\/www.design-award.cz\/wp-content\/uploads\/2024\/07\/0D70A016-5418-4D01-88E0-4A3B5F96A8CF.png\" class=\"wp-image-4192 vp-lazyload\" alt srcset=\"data:image\/svg+xml;base64,PHN2ZyB3aWR0aD0iMTQ0MCIgaGVpZ2h0PSIxMjMxIiB2aWV3Qm94PSIwIDAgMTQ0MCAxMjMxIiBmaWxsPSJub25lIiB4bWxucz0iaHR0cDovL3d3dy53My5vcmcvMjAwMC9zdmciPjwvc3ZnPg==\" data-src=\"https:\/\/www.design-award.cz\/wp-content\/uploads\/2024\/07\/0D70A016-5418-4D01-88E0-4A3B5F96A8CF.png\" data-srcset=\"https:\/\/www.design-award.cz\/wp-content\/uploads\/2024\/07\/0D70A016-5418-4D01-88E0-4A3B5F96A8CF.png 1440w, https:\/\/www.design-award.cz\/wp-content\/uploads\/2024\/07\/0D70A016-5418-4D01-88E0-4A3B5F96A8CF-300x256.png 300w, https:\/\/www.design-award.cz\/wp-content\/uploads\/2024\/07\/0D70A016-5418-4D01-88E0-4A3B5F96A8CF-1024x875.png 1024w, https:\/\/www.design-award.cz\/wp-content\/uploads\/2024\/07\/0D70A016-5418-4D01-88E0-4A3B5F96A8CF-768x657.png 768w, https:\/\/www.design-award.cz\/wp-content\/uploads\/2024\/07\/0D70A016-5418-4D01-88E0-4A3B5F96A8CF-500x427.png 500w, https:\/\/www.design-award.cz\/wp-content\/uploads\/2024\/07\/0D70A016-5418-4D01-88E0-4A3B5F96A8CF-800x684.png 800w, https:\/\/www.design-award.cz\/wp-content\/uploads\/2024\/07\/0D70A016-5418-4D01-88E0-4A3B5F96A8CF-1280x1094.png 1280w\" data-sizes=\"auto\" loading=\"eager\">\n\t\t<\/a>\t<\/div>\n<\/div>\n\t<figcaption class=\"vp-portfolio__item-overlay vp-portfolio__item-overlay-text-align-center\">\n\t\t<div class=\"vp-portfolio__item-meta-wrap vp-portfolio__custom-scrollbar\">\n\t\t\t\t<a\n\t\thref=\"https:\/\/www.design-award.cz\/?portfolio=produktovy-design-sada-interierovych-doplnku-balance\"\n\t\ttabindex=\"-1\" class=\"vp-portfolio__item-meta\" \t>\n\t\n<h2 class=\"vp-portfolio__item-meta-title\">\n\tProduktov\u00fd design &#8211; Sada interi\u00e9rov\u00fdch dopl\u0148k\u016f Balance<\/h2>\n<\/a>\t\t<\/div>\n\t<\/figcaption>\n\t\t\t<\/figure>\n\t\t\t\t\t<\/article>\n\t\t\n\t\t<article\t\tclass=\"vp-portfolio__item-wrap post-1953 portfolio type-portfolio status-publish format-standard has-post-thumbnail hentry portfolio_category-soutezici-2023 entry has-media vp-portfolio__item-uid-15cfe9c3\" data-vp-filter=\"soutezici-2023\" \t\t>\n\t\t\t\t\t\t\t\t\t<figure class=\"vp-portfolio__item\">\n\t\t\t\t\n<div class=\"vp-portfolio__item-img-wrap\">\n\t<div class=\"vp-portfolio__item-img\">\n\t\t\t<a\n\t\thref=\"https:\/\/www.design-award.cz\/?portfolio=produktovy-design-misa-na-peri\"\n\t\t\t>\n\t\n\t\t<noscript><img decoding=\"async\" width=\"1920\" height=\"1652\" data-skip-lazy src=\"https:\/\/www.design-award.cz\/wp-content\/uploads\/2023\/04\/IMG1290-1920x1652.jpg\" class=\"wp-image-1956\" alt=\"\" srcset=\"https:\/\/www.design-award.cz\/wp-content\/uploads\/2023\/04\/IMG1290-1920x1652.jpg 1920w, https:\/\/www.design-award.cz\/wp-content\/uploads\/2023\/04\/IMG1290-300x258.jpg 300w, https:\/\/www.design-award.cz\/wp-content\/uploads\/2023\/04\/IMG1290-1024x881.jpg 1024w, https:\/\/www.design-award.cz\/wp-content\/uploads\/2023\/04\/IMG1290-768x661.jpg 768w, https:\/\/www.design-award.cz\/wp-content\/uploads\/2023\/04\/IMG1290-1536x1322.jpg 1536w, https:\/\/www.design-award.cz\/wp-content\/uploads\/2023\/04\/IMG1290-2048x1762.jpg 2048w, https:\/\/www.design-award.cz\/wp-content\/uploads\/2023\/04\/IMG1290-500x430.jpg 500w, https:\/\/www.design-award.cz\/wp-content\/uploads\/2023\/04\/IMG1290-800x688.jpg 800w, https:\/\/www.design-award.cz\/wp-content\/uploads\/2023\/04\/IMG1290-1280x1101.jpg 1280w\" sizes=\"(max-width: 1920px) 100vw, 1920px\" \/><\/noscript><img decoding=\"async\" width=\"1920\" height=\"1652\" src=\"https:\/\/www.design-award.cz\/wp-content\/uploads\/2023\/04\/IMG1290-1920x1652.jpg\" class=\"wp-image-1956 vp-lazyload\" alt srcset=\"data:image\/svg+xml;base64,PHN2ZyB3aWR0aD0iMTkyMCIgaGVpZ2h0PSIxNjUyIiB2aWV3Qm94PSIwIDAgMTkyMCAxNjUyIiBmaWxsPSJub25lIiB4bWxucz0iaHR0cDovL3d3dy53My5vcmcvMjAwMC9zdmciPjwvc3ZnPg==\" data-src=\"https:\/\/www.design-award.cz\/wp-content\/uploads\/2023\/04\/IMG1290-1920x1652.jpg\" data-srcset=\"https:\/\/www.design-award.cz\/wp-content\/uploads\/2023\/04\/IMG1290-1920x1652.jpg 1920w, https:\/\/www.design-award.cz\/wp-content\/uploads\/2023\/04\/IMG1290-300x258.jpg 300w, https:\/\/www.design-award.cz\/wp-content\/uploads\/2023\/04\/IMG1290-1024x881.jpg 1024w, https:\/\/www.design-award.cz\/wp-content\/uploads\/2023\/04\/IMG1290-768x661.jpg 768w, https:\/\/www.design-award.cz\/wp-content\/uploads\/2023\/04\/IMG1290-1536x1322.jpg 1536w, https:\/\/www.design-award.cz\/wp-content\/uploads\/2023\/04\/IMG1290-2048x1762.jpg 2048w, https:\/\/www.design-award.cz\/wp-content\/uploads\/2023\/04\/IMG1290-500x430.jpg 500w, https:\/\/www.design-award.cz\/wp-content\/uploads\/2023\/04\/IMG1290-800x688.jpg 800w, https:\/\/www.design-award.cz\/wp-content\/uploads\/2023\/04\/IMG1290-1280x1101.jpg 1280w\" data-sizes=\"auto\" loading=\"eager\">\n\t\t<\/a>\t<\/div>\n<\/div>\n\t<figcaption class=\"vp-portfolio__item-overlay vp-portfolio__item-overlay-text-align-center\">\n\t\t<div class=\"vp-portfolio__item-meta-wrap vp-portfolio__custom-scrollbar\">\n\t\t\t\t<a\n\t\thref=\"https:\/\/www.design-award.cz\/?portfolio=produktovy-design-misa-na-peri\"\n\t\ttabindex=\"-1\" class=\"vp-portfolio__item-meta\" \t>\n\t\n<div class=\"vp-portfolio__item-meta-categories\">\n\t\t\t<div class=\"vp-portfolio__item-meta-category\">\n\t\t\t\t<span\t\t\t>\n\tSOUT\u011a\u017d\u00cdC\u00cd 2023<\/span>\t\t<\/div>\n\t\t<\/div>\n\n<h2 class=\"vp-portfolio__item-meta-title\">\n\tProduktov\u00fd design &#8211; M\u00edsa na pe\u0159\u00ed<\/h2>\n<\/a>\t\t<\/div>\n\t<\/figcaption>\n\t\t\t<\/figure>\n\t\t\t\t\t<\/article>\n\t\t\n\t\t<article\t\tclass=\"vp-portfolio__item-wrap post-1718 portfolio type-portfolio status-publish format-standard has-post-thumbnail hentry portfolio_category-soutezici-2023 entry has-media vp-portfolio__item-uid-ecefd845\" data-vp-filter=\"soutezici-2023\" \t\t>\n\t\t\t\t\t\t\t\t\t<figure class=\"vp-portfolio__item\">\n\t\t\t\t\n<div class=\"vp-portfolio__item-img-wrap\">\n\t<div class=\"vp-portfolio__item-img\">\n\t\t\t<a\n\t\thref=\"https:\/\/www.design-award.cz\/?portfolio=verejny-interier-folklorni-expo\"\n\t\t\t>\n\t\n\t\t<noscript><img decoding=\"async\" width=\"800\" height=\"600\" data-skip-lazy src=\"https:\/\/www.design-award.cz\/wp-content\/uploads\/2023\/02\/Klauzury-VM4-Krejcirova-Folklor-VENEK.jpg\" class=\"wp-image-1724\" alt=\"\" srcset=\"https:\/\/www.design-award.cz\/wp-content\/uploads\/2023\/02\/Klauzury-VM4-Krejcirova-Folklor-VENEK.jpg 800w, https:\/\/www.design-award.cz\/wp-content\/uploads\/2023\/02\/Klauzury-VM4-Krejcirova-Folklor-VENEK-300x225.jpg 300w, https:\/\/www.design-award.cz\/wp-content\/uploads\/2023\/02\/Klauzury-VM4-Krejcirova-Folklor-VENEK-768x576.jpg 768w, https:\/\/www.design-award.cz\/wp-content\/uploads\/2023\/02\/Klauzury-VM4-Krejcirova-Folklor-VENEK-500x375.jpg 500w\" sizes=\"(max-width: 800px) 100vw, 800px\" \/><\/noscript><img decoding=\"async\" width=\"800\" height=\"600\" src=\"https:\/\/www.design-award.cz\/wp-content\/uploads\/2023\/02\/Klauzury-VM4-Krejcirova-Folklor-VENEK.jpg\" class=\"wp-image-1724 vp-lazyload\" alt srcset=\"data:image\/svg+xml;base64,PHN2ZyB3aWR0aD0iODAwIiBoZWlnaHQ9IjYwMCIgdmlld0JveD0iMCAwIDgwMCA2MDAiIGZpbGw9Im5vbmUiIHhtbG5zPSJodHRwOi8vd3d3LnczLm9yZy8yMDAwL3N2ZyI+PC9zdmc+\" data-src=\"https:\/\/www.design-award.cz\/wp-content\/uploads\/2023\/02\/Klauzury-VM4-Krejcirova-Folklor-VENEK.jpg\" data-srcset=\"https:\/\/www.design-award.cz\/wp-content\/uploads\/2023\/02\/Klauzury-VM4-Krejcirova-Folklor-VENEK.jpg 800w, https:\/\/www.design-award.cz\/wp-content\/uploads\/2023\/02\/Klauzury-VM4-Krejcirova-Folklor-VENEK-300x225.jpg 300w, https:\/\/www.design-award.cz\/wp-content\/uploads\/2023\/02\/Klauzury-VM4-Krejcirova-Folklor-VENEK-768x576.jpg 768w, https:\/\/www.design-award.cz\/wp-content\/uploads\/2023\/02\/Klauzury-VM4-Krejcirova-Folklor-VENEK-500x375.jpg 500w\" data-sizes=\"auto\" loading=\"eager\">\n\t\t<\/a>\t<\/div>\n<\/div>\n\t<figcaption class=\"vp-portfolio__item-overlay vp-portfolio__item-overlay-text-align-center\">\n\t\t<div class=\"vp-portfolio__item-meta-wrap vp-portfolio__custom-scrollbar\">\n\t\t\t\t<a\n\t\thref=\"https:\/\/www.design-award.cz\/?portfolio=verejny-interier-folklorni-expo\"\n\t\ttabindex=\"-1\" class=\"vp-portfolio__item-meta\" \t>\n\t\n<div class=\"vp-portfolio__item-meta-categories\">\n\t\t\t<div class=\"vp-portfolio__item-meta-category\">\n\t\t\t\t<span\t\t\t>\n\tSOUT\u011a\u017d\u00cdC\u00cd 2023<\/span>\t\t<\/div>\n\t\t<\/div>\n\n<h2 class=\"vp-portfolio__item-meta-title\">\n\tVe\u0159ejn\u00fd interi\u00e9r &#8211; Folkl\u00f3rn\u00ed expo<\/h2>\n<\/a>\t\t<\/div>\n\t<\/figcaption>\n\t\t\t<\/figure>\n\t\t\t\t\t<\/article>\n\t\t\n\t\t<article\t\tclass=\"vp-portfolio__item-wrap post-5352 portfolio type-portfolio status-publish format-standard has-post-thumbnail hentry entry has-media vp-portfolio__item-uid-e03dcbd4\" data-vp-filter=\"\" \t\t>\n\t\t\t\t\t\t\t\t\t<figure class=\"vp-portfolio__item\">\n\t\t\t\t\n<div class=\"vp-portfolio__item-img-wrap\">\n\t<div class=\"vp-portfolio__item-img\">\n\t\t\t<a\n\t\thref=\"https:\/\/www.design-award.cz\/?portfolio=produktovy-design-middle-point\"\n\t\t\t>\n\t\n\t\t<noscript><img decoding=\"async\" width=\"1920\" height=\"1080\" data-skip-lazy src=\"https:\/\/www.design-award.cz\/wp-content\/uploads\/2025\/06\/vizualizace2.png\" class=\"wp-image-5410\" alt=\"\" srcset=\"https:\/\/www.design-award.cz\/wp-content\/uploads\/2025\/06\/vizualizace2.png 2200w, https:\/\/www.design-award.cz\/wp-content\/uploads\/2025\/06\/vizualizace2-300x169.png 300w, https:\/\/www.design-award.cz\/wp-content\/uploads\/2025\/06\/vizualizace2-1024x576.png 1024w\" sizes=\"(max-width: 1920px) 100vw, 1920px\" \/><\/noscript><img decoding=\"async\" width=\"1920\" height=\"1080\" src=\"https:\/\/www.design-award.cz\/wp-content\/uploads\/2025\/06\/vizualizace2.png\" class=\"wp-image-5410 vp-lazyload\" alt srcset=\"data:image\/svg+xml;base64,PHN2ZyB3aWR0aD0iMTkyMCIgaGVpZ2h0PSIxMDgwIiB2aWV3Qm94PSIwIDAgMTkyMCAxMDgwIiBmaWxsPSJub25lIiB4bWxucz0iaHR0cDovL3d3dy53My5vcmcvMjAwMC9zdmciPjwvc3ZnPg==\" data-src=\"https:\/\/www.design-award.cz\/wp-content\/uploads\/2025\/06\/vizualizace2.png\" data-srcset=\"https:\/\/www.design-award.cz\/wp-content\/uploads\/2025\/06\/vizualizace2.png 2200w, https:\/\/www.design-award.cz\/wp-content\/uploads\/2025\/06\/vizualizace2-300x169.png 300w, https:\/\/www.design-award.cz\/wp-content\/uploads\/2025\/06\/vizualizace2-1024x576.png 1024w\" data-sizes=\"auto\" loading=\"eager\">\n\t\t<\/a>\t<\/div>\n<\/div>\n\t<figcaption class=\"vp-portfolio__item-overlay vp-portfolio__item-overlay-text-align-center\">\n\t\t<div class=\"vp-portfolio__item-meta-wrap vp-portfolio__custom-scrollbar\">\n\t\t\t\t<a\n\t\thref=\"https:\/\/www.design-award.cz\/?portfolio=produktovy-design-middle-point\"\n\t\ttabindex=\"-1\" class=\"vp-portfolio__item-meta\" \t>\n\t\n<h2 class=\"vp-portfolio__item-meta-title\">\n\tProduktov\u00fd design &#8211; Middle Point<\/h2>\n<\/a>\t\t<\/div>\n\t<\/figcaption>\n\t\t\t<\/figure>\n\t\t\t\t\t<\/article>\n\t\t\n\t\t<article\t\tclass=\"vp-portfolio__item-wrap post-1012 portfolio type-portfolio status-publish format-standard has-post-thumbnail hentry entry has-media vp-portfolio__item-uid-097527de\" data-vp-filter=\"\" \t\t>\n\t\t\t\t\t\t\t\t\t<figure class=\"vp-portfolio__item\">\n\t\t\t\t\n<div class=\"vp-portfolio__item-img-wrap\">\n\t<div class=\"vp-portfolio__item-img\">\n\t\t\t<a\n\t\thref=\"https:\/\/www.design-award.cz\/?portfolio=soukromy-interier-obyvaci-pokoj\"\n\t\t\t>\n\t\n\t\t<noscript><img decoding=\"async\" width=\"1587\" height=\"893\" data-skip-lazy src=\"https:\/\/www.design-award.cz\/wp-content\/uploads\/2022\/04\/vizualizace-01.png\" class=\"wp-image-1013\" alt=\"\" srcset=\"https:\/\/www.design-award.cz\/wp-content\/uploads\/2022\/04\/vizualizace-01.png 1587w, https:\/\/www.design-award.cz\/wp-content\/uploads\/2022\/04\/vizualizace-01-300x169.png 300w, https:\/\/www.design-award.cz\/wp-content\/uploads\/2022\/04\/vizualizace-01-1024x576.png 1024w, https:\/\/www.design-award.cz\/wp-content\/uploads\/2022\/04\/vizualizace-01-768x432.png 768w, https:\/\/www.design-award.cz\/wp-content\/uploads\/2022\/04\/vizualizace-01-1536x864.png 1536w, https:\/\/www.design-award.cz\/wp-content\/uploads\/2022\/04\/vizualizace-01-500x281.png 500w, https:\/\/www.design-award.cz\/wp-content\/uploads\/2022\/04\/vizualizace-01-800x450.png 800w, https:\/\/www.design-award.cz\/wp-content\/uploads\/2022\/04\/vizualizace-01-1280x720.png 1280w\" sizes=\"(max-width: 1587px) 100vw, 1587px\" \/><\/noscript><img decoding=\"async\" width=\"1587\" height=\"893\" src=\"https:\/\/www.design-award.cz\/wp-content\/uploads\/2022\/04\/vizualizace-01.png\" class=\"wp-image-1013 vp-lazyload\" alt srcset=\"data:image\/svg+xml;base64,PHN2ZyB3aWR0aD0iMTU4NyIgaGVpZ2h0PSI4OTMiIHZpZXdCb3g9IjAgMCAxNTg3IDg5MyIgZmlsbD0ibm9uZSIgeG1sbnM9Imh0dHA6Ly93d3cudzMub3JnLzIwMDAvc3ZnIj48L3N2Zz4=\" data-src=\"https:\/\/www.design-award.cz\/wp-content\/uploads\/2022\/04\/vizualizace-01.png\" data-srcset=\"https:\/\/www.design-award.cz\/wp-content\/uploads\/2022\/04\/vizualizace-01.png 1587w, https:\/\/www.design-award.cz\/wp-content\/uploads\/2022\/04\/vizualizace-01-300x169.png 300w, https:\/\/www.design-award.cz\/wp-content\/uploads\/2022\/04\/vizualizace-01-1024x576.png 1024w, https:\/\/www.design-award.cz\/wp-content\/uploads\/2022\/04\/vizualizace-01-768x432.png 768w, https:\/\/www.design-award.cz\/wp-content\/uploads\/2022\/04\/vizualizace-01-1536x864.png 1536w, https:\/\/www.design-award.cz\/wp-content\/uploads\/2022\/04\/vizualizace-01-500x281.png 500w, https:\/\/www.design-award.cz\/wp-content\/uploads\/2022\/04\/vizualizace-01-800x450.png 800w, https:\/\/www.design-award.cz\/wp-content\/uploads\/2022\/04\/vizualizace-01-1280x720.png 1280w\" data-sizes=\"auto\" loading=\"eager\">\n\t\t<\/a>\t<\/div>\n<\/div>\n\t<figcaption class=\"vp-portfolio__item-overlay vp-portfolio__item-overlay-text-align-center\">\n\t\t<div class=\"vp-portfolio__item-meta-wrap vp-portfolio__custom-scrollbar\">\n\t\t\t\t<a\n\t\thref=\"https:\/\/www.design-award.cz\/?portfolio=soukromy-interier-obyvaci-pokoj\"\n\t\ttabindex=\"-1\" class=\"vp-portfolio__item-meta\" \t>\n\t\n<h2 class=\"vp-portfolio__item-meta-title\">\n\tSoukrom\u00fd interi\u00e9r &#8211; Ob\u00fdvac\u00ed pokoj<\/h2>\n<\/a>\t\t<\/div>\n\t<\/figcaption>\n\t\t\t<\/figure>\n\t\t\t\t\t<\/article>\n\t\t\n\t\t<article\t\tclass=\"vp-portfolio__item-wrap post-3158 portfolio type-portfolio status-publish format-standard has-post-thumbnail hentry entry has-media vp-portfolio__item-uid-2607a978\" data-vp-filter=\"\" \t\t>\n\t\t\t\t\t\t\t\t\t<figure class=\"vp-portfolio__item\">\n\t\t\t\t\n<div class=\"vp-portfolio__item-img-wrap\">\n\t<div class=\"vp-portfolio__item-img\">\n\t\t\t<a\n\t\thref=\"https:\/\/www.design-award.cz\/?portfolio=verejny-interier-bistro\"\n\t\t\t>\n\t\n\t\t<noscript><img decoding=\"async\" width=\"984\" height=\"672\" data-skip-lazy src=\"https:\/\/www.design-award.cz\/wp-content\/uploads\/2024\/06\/hl.render.png\" class=\"wp-image-4072\" alt=\"\" srcset=\"https:\/\/www.design-award.cz\/wp-content\/uploads\/2024\/06\/hl.render.png 984w, https:\/\/www.design-award.cz\/wp-content\/uploads\/2024\/06\/hl.render-300x205.png 300w, https:\/\/www.design-award.cz\/wp-content\/uploads\/2024\/06\/hl.render-768x524.png 768w, https:\/\/www.design-award.cz\/wp-content\/uploads\/2024\/06\/hl.render-500x341.png 500w, https:\/\/www.design-award.cz\/wp-content\/uploads\/2024\/06\/hl.render-800x546.png 800w\" sizes=\"(max-width: 984px) 100vw, 984px\" \/><\/noscript><img decoding=\"async\" width=\"984\" height=\"672\" src=\"https:\/\/www.design-award.cz\/wp-content\/uploads\/2024\/06\/hl.render.png\" class=\"wp-image-4072 vp-lazyload\" alt srcset=\"data:image\/svg+xml;base64,PHN2ZyB3aWR0aD0iOTg0IiBoZWlnaHQ9IjY3MiIgdmlld0JveD0iMCAwIDk4NCA2NzIiIGZpbGw9Im5vbmUiIHhtbG5zPSJodHRwOi8vd3d3LnczLm9yZy8yMDAwL3N2ZyI+PC9zdmc+\" data-src=\"https:\/\/www.design-award.cz\/wp-content\/uploads\/2024\/06\/hl.render.png\" data-srcset=\"https:\/\/www.design-award.cz\/wp-content\/uploads\/2024\/06\/hl.render.png 984w, https:\/\/www.design-award.cz\/wp-content\/uploads\/2024\/06\/hl.render-300x205.png 300w, https:\/\/www.design-award.cz\/wp-content\/uploads\/2024\/06\/hl.render-768x524.png 768w, https:\/\/www.design-award.cz\/wp-content\/uploads\/2024\/06\/hl.render-500x341.png 500w, https:\/\/www.design-award.cz\/wp-content\/uploads\/2024\/06\/hl.render-800x546.png 800w\" data-sizes=\"auto\" loading=\"eager\">\n\t\t<\/a>\t<\/div>\n<\/div>\n\t<figcaption class=\"vp-portfolio__item-overlay vp-portfolio__item-overlay-text-align-center\">\n\t\t<div class=\"vp-portfolio__item-meta-wrap vp-portfolio__custom-scrollbar\">\n\t\t\t\t<a\n\t\thref=\"https:\/\/www.design-award.cz\/?portfolio=verejny-interier-bistro\"\n\t\ttabindex=\"-1\" class=\"vp-portfolio__item-meta\" \t>\n\t\n<h2 class=\"vp-portfolio__item-meta-title\">\n\tVe\u0159ejn\u00fd interi\u00e9r &#8211; Bistro<\/h2>\n<\/a>\t\t<\/div>\n\t<\/figcaption>\n\t\t\t<\/figure>\n\t\t\t\t\t<\/article>\n\t\t\n\t\t<article\t\tclass=\"vp-portfolio__item-wrap post-1093 portfolio type-portfolio status-publish format-standard has-post-thumbnail hentry entry has-media vp-portfolio__item-uid-b6ab9d40\" data-vp-filter=\"\" \t\t>\n\t\t\t\t\t\t\t\t\t<figure class=\"vp-portfolio__item\">\n\t\t\t\t\n<div class=\"vp-portfolio__item-img-wrap\">\n\t<div class=\"vp-portfolio__item-img\">\n\t\t\t<a\n\t\thref=\"https:\/\/www.design-award.cz\/?portfolio=soukromy-interier-rodinny-dum-klidova-cast\"\n\t\t\t>\n\t\n\t\t<noscript><img decoding=\"async\" width=\"1294\" height=\"862\" data-skip-lazy src=\"https:\/\/www.design-award.cz\/wp-content\/uploads\/2022\/05\/Aneta-Novicka.jpg\" class=\"wp-image-1514\" alt=\"\" srcset=\"https:\/\/www.design-award.cz\/wp-content\/uploads\/2022\/05\/Aneta-Novicka.jpg 1294w, https:\/\/www.design-award.cz\/wp-content\/uploads\/2022\/05\/Aneta-Novicka-300x200.jpg 300w, https:\/\/www.design-award.cz\/wp-content\/uploads\/2022\/05\/Aneta-Novicka-1024x682.jpg 1024w, https:\/\/www.design-award.cz\/wp-content\/uploads\/2022\/05\/Aneta-Novicka-768x512.jpg 768w, https:\/\/www.design-award.cz\/wp-content\/uploads\/2022\/05\/Aneta-Novicka-500x333.jpg 500w, https:\/\/www.design-award.cz\/wp-content\/uploads\/2022\/05\/Aneta-Novicka-800x533.jpg 800w, https:\/\/www.design-award.cz\/wp-content\/uploads\/2022\/05\/Aneta-Novicka-1280x853.jpg 1280w\" sizes=\"(max-width: 1294px) 100vw, 1294px\" \/><\/noscript><img decoding=\"async\" width=\"1294\" height=\"862\" src=\"https:\/\/www.design-award.cz\/wp-content\/uploads\/2022\/05\/Aneta-Novicka.jpg\" class=\"wp-image-1514 vp-lazyload\" alt srcset=\"data:image\/svg+xml;base64,PHN2ZyB3aWR0aD0iMTI5NCIgaGVpZ2h0PSI4NjIiIHZpZXdCb3g9IjAgMCAxMjk0IDg2MiIgZmlsbD0ibm9uZSIgeG1sbnM9Imh0dHA6Ly93d3cudzMub3JnLzIwMDAvc3ZnIj48L3N2Zz4=\" data-src=\"https:\/\/www.design-award.cz\/wp-content\/uploads\/2022\/05\/Aneta-Novicka.jpg\" data-srcset=\"https:\/\/www.design-award.cz\/wp-content\/uploads\/2022\/05\/Aneta-Novicka.jpg 1294w, https:\/\/www.design-award.cz\/wp-content\/uploads\/2022\/05\/Aneta-Novicka-300x200.jpg 300w, https:\/\/www.design-award.cz\/wp-content\/uploads\/2022\/05\/Aneta-Novicka-1024x682.jpg 1024w, https:\/\/www.design-award.cz\/wp-content\/uploads\/2022\/05\/Aneta-Novicka-768x512.jpg 768w, https:\/\/www.design-award.cz\/wp-content\/uploads\/2022\/05\/Aneta-Novicka-500x333.jpg 500w, https:\/\/www.design-award.cz\/wp-content\/uploads\/2022\/05\/Aneta-Novicka-800x533.jpg 800w, https:\/\/www.design-award.cz\/wp-content\/uploads\/2022\/05\/Aneta-Novicka-1280x853.jpg 1280w\" data-sizes=\"auto\" loading=\"eager\">\n\t\t<\/a>\t<\/div>\n<\/div>\n\t<figcaption class=\"vp-portfolio__item-overlay vp-portfolio__item-overlay-text-align-center\">\n\t\t<div class=\"vp-portfolio__item-meta-wrap vp-portfolio__custom-scrollbar\">\n\t\t\t\t<a\n\t\thref=\"https:\/\/www.design-award.cz\/?portfolio=soukromy-interier-rodinny-dum-klidova-cast\"\n\t\ttabindex=\"-1\" class=\"vp-portfolio__item-meta\" \t>\n\t\n<h2 class=\"vp-portfolio__item-meta-title\">\n\tSoukrom\u00fd interi\u00e9r &#8211; Rodinn\u00fd d\u016fm, klidov\u00e1 \u010d\u00e1st<\/h2>\n<\/a>\t\t<\/div>\n\t<\/figcaption>\n\t\t\t<\/figure>\n\t\t\t\t\t<\/article>\n\t\t\n\t\t<article\t\tclass=\"vp-portfolio__item-wrap post-5567 portfolio type-portfolio status-publish format-standard has-post-thumbnail hentry entry has-media vp-portfolio__item-uid-bff7102a\" data-vp-filter=\"\" \t\t>\n\t\t\t\t\t\t\t\t\t<figure class=\"vp-portfolio__item\">\n\t\t\t\t\n<div class=\"vp-portfolio__item-img-wrap\">\n\t<div class=\"vp-portfolio__item-img\">\n\t\t\t<a\n\t\thref=\"https:\/\/www.design-award.cz\/?portfolio=interierovy-design-studio-interieroveho-designera-3\"\n\t\t\t>\n\t\n\t\t<noscript><img decoding=\"async\" width=\"1920\" height=\"1006\" data-skip-lazy src=\"https:\/\/www.design-award.cz\/wp-content\/uploads\/2025\/06\/BLAHOVA_Justyna_studio_interieroveho_designera_vizualizace-1920x1006.jpg\" class=\"wp-image-5595\" alt=\"\" srcset=\"https:\/\/www.design-award.cz\/wp-content\/uploads\/2025\/06\/BLAHOVA_Justyna_studio_interieroveho_designera_vizualizace-1920x1006.jpg 1920w, https:\/\/www.design-award.cz\/wp-content\/uploads\/2025\/06\/BLAHOVA_Justyna_studio_interieroveho_designera_vizualizace-300x157.jpg 300w, https:\/\/www.design-award.cz\/wp-content\/uploads\/2025\/06\/BLAHOVA_Justyna_studio_interieroveho_designera_vizualizace-1024x536.jpg 1024w, https:\/\/www.design-award.cz\/wp-content\/uploads\/2025\/06\/BLAHOVA_Justyna_studio_interieroveho_designera_vizualizace-768x402.jpg 768w, https:\/\/www.design-award.cz\/wp-content\/uploads\/2025\/06\/BLAHOVA_Justyna_studio_interieroveho_designera_vizualizace-1536x804.jpg 1536w, https:\/\/www.design-award.cz\/wp-content\/uploads\/2025\/06\/BLAHOVA_Justyna_studio_interieroveho_designera_vizualizace-2048x1073.jpg 2048w, https:\/\/www.design-award.cz\/wp-content\/uploads\/2025\/06\/BLAHOVA_Justyna_studio_interieroveho_designera_vizualizace-500x262.jpg 500w, https:\/\/www.design-award.cz\/wp-content\/uploads\/2025\/06\/BLAHOVA_Justyna_studio_interieroveho_designera_vizualizace-800x419.jpg 800w, https:\/\/www.design-award.cz\/wp-content\/uploads\/2025\/06\/BLAHOVA_Justyna_studio_interieroveho_designera_vizualizace-1280x670.jpg 1280w\" sizes=\"(max-width: 1920px) 100vw, 1920px\" \/><\/noscript><img decoding=\"async\" width=\"1920\" height=\"1006\" src=\"https:\/\/www.design-award.cz\/wp-content\/uploads\/2025\/06\/BLAHOVA_Justyna_studio_interieroveho_designera_vizualizace-1920x1006.jpg\" class=\"wp-image-5595 vp-lazyload\" alt srcset=\"data:image\/svg+xml;base64,PHN2ZyB3aWR0aD0iMTkyMCIgaGVpZ2h0PSIxMDA2IiB2aWV3Qm94PSIwIDAgMTkyMCAxMDA2IiBmaWxsPSJub25lIiB4bWxucz0iaHR0cDovL3d3dy53My5vcmcvMjAwMC9zdmciPjwvc3ZnPg==\" data-src=\"https:\/\/www.design-award.cz\/wp-content\/uploads\/2025\/06\/BLAHOVA_Justyna_studio_interieroveho_designera_vizualizace-1920x1006.jpg\" data-srcset=\"https:\/\/www.design-award.cz\/wp-content\/uploads\/2025\/06\/BLAHOVA_Justyna_studio_interieroveho_designera_vizualizace-1920x1006.jpg 1920w, https:\/\/www.design-award.cz\/wp-content\/uploads\/2025\/06\/BLAHOVA_Justyna_studio_interieroveho_designera_vizualizace-300x157.jpg 300w, https:\/\/www.design-award.cz\/wp-content\/uploads\/2025\/06\/BLAHOVA_Justyna_studio_interieroveho_designera_vizualizace-1024x536.jpg 1024w, https:\/\/www.design-award.cz\/wp-content\/uploads\/2025\/06\/BLAHOVA_Justyna_studio_interieroveho_designera_vizualizace-768x402.jpg 768w, https:\/\/www.design-award.cz\/wp-content\/uploads\/2025\/06\/BLAHOVA_Justyna_studio_interieroveho_designera_vizualizace-1536x804.jpg 1536w, https:\/\/www.design-award.cz\/wp-content\/uploads\/2025\/06\/BLAHOVA_Justyna_studio_interieroveho_designera_vizualizace-2048x1073.jpg 2048w, https:\/\/www.design-award.cz\/wp-content\/uploads\/2025\/06\/BLAHOVA_Justyna_studio_interieroveho_designera_vizualizace-500x262.jpg 500w, https:\/\/www.design-award.cz\/wp-content\/uploads\/2025\/06\/BLAHOVA_Justyna_studio_interieroveho_designera_vizualizace-800x419.jpg 800w, https:\/\/www.design-award.cz\/wp-content\/uploads\/2025\/06\/BLAHOVA_Justyna_studio_interieroveho_designera_vizualizace-1280x670.jpg 1280w\" data-sizes=\"auto\" loading=\"eager\">\n\t\t<\/a>\t<\/div>\n<\/div>\n\t<figcaption class=\"vp-portfolio__item-overlay vp-portfolio__item-overlay-text-align-center\">\n\t\t<div class=\"vp-portfolio__item-meta-wrap vp-portfolio__custom-scrollbar\">\n\t\t\t\t<a\n\t\thref=\"https:\/\/www.design-award.cz\/?portfolio=interierovy-design-studio-interieroveho-designera-3\"\n\t\ttabindex=\"-1\" class=\"vp-portfolio__item-meta\" \t>\n\t\n<h2 class=\"vp-portfolio__item-meta-title\">\n\tInteri\u00e9rov\u00fd design &#8211; Studio interi\u00e9rov\u00e9ho design\u00e9ra<\/h2>\n<\/a>\t\t<\/div>\n\t<\/figcaption>\n\t\t\t<\/figure>\n\t\t\t\t\t<\/article>\n\t\t\n<\/div>\n\n<div class=\"vp-portfolio__items-arrow vp-portfolio__items-arrow-prev\" tabindex=\"0\" role=\"button\" aria-label=\"Previous Slide\">\n\t\n<svg class=\"vp-svg-icon\" width=\"20\" height=\"20\" viewBox=\"0 0 20 20\" fill=\"none\" xmlns=\"http:\/\/www.w3.org\/2000\/svg\">\n\t<path d=\"M12 4L6 10L12 16\" stroke=\"currentColor\" stroke-width=\"1.5\" stroke-linecap=\"round\" stroke-linejoin=\"round\" fill=\"transparent\" \/>\n<\/svg>\n<\/div>\n<div class=\"vp-portfolio__items-arrow vp-portfolio__items-arrow-next\" tabindex=\"0\" role=\"button\" aria-label=\"Next Slide\">\n\t\n<svg class=\"vp-svg-icon\" width=\"20\" height=\"20\" viewBox=\"0 0 20 20\" fill=\"none\" xmlns=\"http:\/\/www.w3.org\/2000\/svg\">\n\t<path d=\"M8 4L14 10L8 16\" stroke=\"currentColor\" stroke-width=\"1.5\" stroke-linecap=\"round\" stroke-linejoin=\"round\" fill=\"transparent\" \/>\n<\/svg>\n<\/div>\n\t\t<\/div>\n\t\t\t\t<div class=\"vp-portfolio__layout-elements vp-portfolio__layout-elements-bottom vp-portfolio__layout-elements-align-center\">\n\t\t\t\t<div class=\"vp-portfolio__pagination-wrap\">\n\t\t\n<div class=\"vp-pagination vp-pagination__style-minimal\" data-vp-pagination-type=\"load-more\">\n\t<div class=\"vp-pagination__item\">\n\t\t<a class=\"vp-pagination__load-more\" href=\"https:\/\/www.design-award.cz\/index.php?rest_route=%2Fwp%2Fv2%2Fportfolio%2F438&#038;vp_page=2\">\n\t\t\t<span>Load More<\/span>\n\t\t\t<span class=\"vp-pagination__load-more-loading\"><span class=\"vp-spinner\"><\/span><span class=\"vp-screen-reader-text\"> Loading More&#8230;<\/span><\/span>\n\t\t\t<span class=\"vp-pagination__load-more-no-more\">You\u2019ve reached the end of the list<\/span>\n\t\t<\/a>\n\t<\/div>\n<\/div>\n\t\t<\/div>\n\t\t\t\t<\/div>\n\t\t\n<\/div>\n<\/div>","protected":false},"excerpt":{"rendered":"<p>Roz\u00e1lie Jon\u00e1kov\u00e1 Michael \u2013 St\u0159edn\u00ed \u0161kola a Vy\u0161\u0161\u00ed odborn\u00e1 \u0161kola reklamn\u00ed a um\u011bleck\u00e9 tvorby V d\u011btsk\u00e9m pokoji jsem se p\u0159edev\u0161\u00edm zam\u011b\u0159ila na p\u0159\u00edrodn\u00ed materi\u00e1ly jako bukov\u00e9 d\u0159evo a p\u0159ekli\u017eka, kter\u00e9 daj\u00ed prostoru strukturu a \u00fatulnost. Do p\u0159\u00edrodn\u00edho materi\u00e1lu jsem zakombinovala p\u0159\u00edjemn\u011b modrou barvu a m\u00edsty tmav\u0161\u00ed \u0161edou pro kontrast se sv\u011btl\u00fdm d\u0159evem. Zdi jsou vymalovan\u00e9 [&hellip;]<\/p>\n","protected":false},"author":1,"featured_media":443,"menu_order":0,"comment_status":"closed","ping_status":"closed","template":"","format":"standard","meta":{"ngg_post_thumbnail":0,"ocean_post_layout":"","ocean_both_sidebars_style":"","ocean_both_sidebars_content_width":0,"ocean_both_sidebars_sidebars_width":0,"ocean_sidebar":"","ocean_second_sidebar":"","ocean_disable_margins":"enable","ocean_add_body_class":"","ocean_shortcode_before_top_bar":"","ocean_shortcode_after_top_bar":"","ocean_shortcode_before_header":"","ocean_shortcode_after_header":"","ocean_has_shortcode":"","ocean_shortcode_after_title":"","ocean_shortcode_before_footer_widgets":"","ocean_shortcode_after_footer_widgets":"","ocean_shortcode_before_footer_bottom":"","ocean_shortcode_after_footer_bottom":"","ocean_display_top_bar":"default","ocean_display_header":"default","ocean_header_style":"","ocean_center_header_left_menu":"","ocean_custom_header_template":"","ocean_custom_logo":0,"ocean_custom_retina_logo":0,"ocean_custom_logo_max_width":0,"ocean_custom_logo_tablet_max_width":0,"ocean_custom_logo_mobile_max_width":0,"ocean_custom_logo_max_height":0,"ocean_custom_logo_tablet_max_height":0,"ocean_custom_logo_mobile_max_height":0,"ocean_header_custom_menu":"","ocean_menu_typo_font_family":"","ocean_menu_typo_font_subset":"","ocean_menu_typo_font_size":0,"ocean_menu_typo_font_size_tablet":0,"ocean_menu_typo_font_size_mobile":0,"ocean_menu_typo_font_size_unit":"px","ocean_menu_typo_font_weight":"","ocean_menu_typo_font_weight_tablet":"","ocean_menu_typo_font_weight_mobile":"","ocean_menu_typo_transform":"","ocean_menu_typo_transform_tablet":"","ocean_menu_typo_transform_mobile":"","ocean_menu_typo_line_height":0,"ocean_menu_typo_line_height_tablet":0,"ocean_menu_typo_line_height_mobile":0,"ocean_menu_typo_line_height_unit":"","ocean_menu_typo_spacing":0,"ocean_menu_typo_spacing_tablet":0,"ocean_menu_typo_spacing_mobile":0,"ocean_menu_typo_spacing_unit":"","ocean_menu_link_color":"","ocean_menu_link_color_hover":"","ocean_menu_link_color_active":"","ocean_menu_link_background":"","ocean_menu_link_hover_background":"","ocean_menu_link_active_background":"","ocean_menu_social_links_bg":"","ocean_menu_social_hover_links_bg":"","ocean_menu_social_links_color":"","ocean_menu_social_hover_links_color":"","ocean_disable_title":"default","ocean_disable_heading":"default","ocean_post_title":"","ocean_post_subheading":"","ocean_post_title_style":"","ocean_post_title_background_color":"","ocean_post_title_background":0,"ocean_post_title_bg_image_position":"","ocean_post_title_bg_image_attachment":"","ocean_post_title_bg_image_repeat":"","ocean_post_title_bg_image_size":"","ocean_post_title_height":0,"ocean_post_title_bg_overlay":0.5,"ocean_post_title_bg_overlay_color":"","ocean_disable_breadcrumbs":"default","ocean_breadcrumbs_color":"","ocean_breadcrumbs_separator_color":"","ocean_breadcrumbs_links_color":"","ocean_breadcrumbs_links_hover_color":"","ocean_display_footer_widgets":"default","ocean_display_footer_bottom":"default","ocean_custom_footer_template":"","_vp_format_video_url":"","_vp_image_focal_point":{"x":0.49,"y":0.57},"footnotes":""},"portfolio_category":[],"portfolio_tag":[],"class_list":["post-438","portfolio","type-portfolio","status-publish","format-standard","has-post-thumbnail","hentry","entry","has-media"],"yoast_head":"<!-- This site is optimized with the Yoast SEO plugin v25.2 - https:\/\/yoast.com\/wordpress\/plugins\/seo\/ -->\n<title>Soukrom\u00fd interi\u00e9r - Pokoj pro mal\u00e9ho hokejistu - design-award.cz<\/title>\n<meta name=\"robots\" content=\"index, follow, max-snippet:-1, max-image-preview:large, max-video-preview:-1\" \/>\n<link rel=\"canonical\" href=\"https:\/\/www.design-award.cz\/?portfolio=soukromy-interier-detsky-pokoj\" \/>\n<meta property=\"og:locale\" content=\"cs_CZ\" \/>\n<meta property=\"og:type\" content=\"article\" \/>\n<meta property=\"og:title\" content=\"Soukrom\u00fd interi\u00e9r - Pokoj pro mal\u00e9ho hokejistu - design-award.cz\" \/>\n<meta property=\"og:description\" content=\"Roz\u00e1lie Jon\u00e1kov\u00e1 Michael \u2013 St\u0159edn\u00ed \u0161kola a Vy\u0161\u0161\u00ed odborn\u00e1 \u0161kola reklamn\u00ed a um\u011bleck\u00e9 tvorby V d\u011btsk\u00e9m pokoji jsem se p\u0159edev\u0161\u00edm zam\u011b\u0159ila na p\u0159\u00edrodn\u00ed materi\u00e1ly jako bukov\u00e9 d\u0159evo a p\u0159ekli\u017eka, kter\u00e9 daj\u00ed prostoru strukturu a \u00fatulnost. Do p\u0159\u00edrodn\u00edho materi\u00e1lu jsem zakombinovala p\u0159\u00edjemn\u011b modrou barvu a m\u00edsty tmav\u0161\u00ed \u0161edou pro kontrast se sv\u011btl\u00fdm d\u0159evem. Zdi jsou vymalovan\u00e9 [&hellip;]\" \/>\n<meta property=\"og:url\" content=\"https:\/\/www.design-award.cz\/?portfolio=soukromy-interier-detsky-pokoj\" \/>\n<meta property=\"og:site_name\" content=\"design-award.cz\" \/>\n<meta property=\"article:modified_time\" content=\"2022-04-16T10:13:30+00:00\" \/>\n<meta property=\"og:image\" content=\"http:\/\/www.design-award.cz\/wp-content\/uploads\/2022\/02\/scan22021014520-scaled-e1645103636805.jpg\" \/>\n\t<meta property=\"og:image:width\" content=\"2560\" \/>\n\t<meta property=\"og:image:height\" content=\"1939\" \/>\n\t<meta property=\"og:image:type\" content=\"image\/jpeg\" \/>\n<meta name=\"twitter:card\" content=\"summary_large_image\" \/>\n<meta name=\"twitter:label1\" content=\"Odhadovan\u00e1 doba \u010dten\u00ed\" \/>\n\t<meta name=\"twitter:data1\" content=\"3 minuty\" \/>\n<script type=\"application\/ld+json\" class=\"yoast-schema-graph\">{\"@context\":\"https:\/\/schema.org\",\"@graph\":[{\"@type\":\"WebPage\",\"@id\":\"https:\/\/www.design-award.cz\/?portfolio=soukromy-interier-detsky-pokoj\",\"url\":\"https:\/\/www.design-award.cz\/?portfolio=soukromy-interier-detsky-pokoj\",\"name\":\"Soukrom\u00fd interi\u00e9r - Pokoj pro mal\u00e9ho hokejistu - design-award.cz\",\"isPartOf\":{\"@id\":\"https:\/\/www.design-award.cz\/#website\"},\"primaryImageOfPage\":{\"@id\":\"https:\/\/www.design-award.cz\/?portfolio=soukromy-interier-detsky-pokoj#primaryimage\"},\"image\":{\"@id\":\"https:\/\/www.design-award.cz\/?portfolio=soukromy-interier-detsky-pokoj#primaryimage\"},\"thumbnailUrl\":\"https:\/\/www.design-award.cz\/wp-content\/uploads\/2022\/02\/scan22021014520-scaled-e1645103636805.jpg\",\"datePublished\":\"2022-02-17T13:10:55+00:00\",\"dateModified\":\"2022-04-16T10:13:30+00:00\",\"breadcrumb\":{\"@id\":\"https:\/\/www.design-award.cz\/?portfolio=soukromy-interier-detsky-pokoj#breadcrumb\"},\"inLanguage\":\"cs\",\"potentialAction\":[{\"@type\":\"ReadAction\",\"target\":[\"https:\/\/www.design-award.cz\/?portfolio=soukromy-interier-detsky-pokoj\"]}]},{\"@type\":\"ImageObject\",\"inLanguage\":\"cs\",\"@id\":\"https:\/\/www.design-award.cz\/?portfolio=soukromy-interier-detsky-pokoj#primaryimage\",\"url\":\"https:\/\/www.design-award.cz\/wp-content\/uploads\/2022\/02\/scan22021014520-scaled-e1645103636805.jpg\",\"contentUrl\":\"https:\/\/www.design-award.cz\/wp-content\/uploads\/2022\/02\/scan22021014520-scaled-e1645103636805.jpg\",\"width\":2560,\"height\":1939},{\"@type\":\"BreadcrumbList\",\"@id\":\"https:\/\/www.design-award.cz\/?portfolio=soukromy-interier-detsky-pokoj#breadcrumb\",\"itemListElement\":[{\"@type\":\"ListItem\",\"position\":1,\"name\":\"Dom\u016f\",\"item\":\"https:\/\/www.design-award.cz\/\"},{\"@type\":\"ListItem\",\"position\":2,\"name\":\"Portfolio Items\",\"item\":\"https:\/\/www.design-award.cz\/?post_type=portfolio\"},{\"@type\":\"ListItem\",\"position\":3,\"name\":\"Soukrom\u00fd interi\u00e9r &#8211; Pokoj pro mal\u00e9ho hokejistu\"}]},{\"@type\":\"WebSite\",\"@id\":\"https:\/\/www.design-award.cz\/#website\",\"url\":\"https:\/\/www.design-award.cz\/\",\"name\":\"design-award.cz\",\"description\":\"WARD vznikla v roce 2022. Je ur\u010dena p\u0159edev\u0161\u00edm student\u016fm st\u0159edn\u00edch um\u011bleck\u00fdch \u0161kol (S\u0160 a VO\u0160), kte\u0159\u00ed mohou bezplatn\u011b zaslat sv\u00e9 n\u00e1vrhy v uveden\u00fdch kategori\u00ed a tak pom\u011b\u0159it sv\u00e9 n\u00e1pady s konkurenc\u00ed sv\u00fdch vrstevn\u00edk\u016f. N\u00e1vrhy jsou n\u00e1sledn\u011b posouzeny nez\u00e1vislou porotou z \u0159ad v\u00fdtvarn\u00edk\u016f, pedagog\u016f a profesion\u00e1l\u016f z oboru.\",\"publisher\":{\"@id\":\"https:\/\/www.design-award.cz\/#organization\"},\"potentialAction\":[{\"@type\":\"SearchAction\",\"target\":{\"@type\":\"EntryPoint\",\"urlTemplate\":\"https:\/\/www.design-award.cz\/?s={search_term_string}\"},\"query-input\":{\"@type\":\"PropertyValueSpecification\",\"valueRequired\":true,\"valueName\":\"search_term_string\"}}],\"inLanguage\":\"cs\"},{\"@type\":\"Organization\",\"@id\":\"https:\/\/www.design-award.cz\/#organization\",\"name\":\"Design Award\",\"url\":\"https:\/\/www.design-award.cz\/\",\"logo\":{\"@type\":\"ImageObject\",\"inLanguage\":\"cs\",\"@id\":\"https:\/\/www.design-award.cz\/#\/schema\/logo\/image\/\",\"url\":\"http:\/\/www.design-award.cz\/wp-content\/uploads\/2021\/12\/hornilogo_design-award.png\",\"contentUrl\":\"http:\/\/www.design-award.cz\/wp-content\/uploads\/2021\/12\/hornilogo_design-award.png\",\"width\":800,\"height\":600,\"caption\":\"Design Award\"},\"image\":{\"@id\":\"https:\/\/www.design-award.cz\/#\/schema\/logo\/image\/\"},\"sameAs\":[\"https:\/\/www.instagram.com\/design_award\/\"]}]}<\/script>\n<!-- \/ Yoast SEO plugin. -->","yoast_head_json":{"title":"Soukrom\u00fd interi\u00e9r - Pokoj pro mal\u00e9ho hokejistu - design-award.cz","robots":{"index":"index","follow":"follow","max-snippet":"max-snippet:-1","max-image-preview":"max-image-preview:large","max-video-preview":"max-video-preview:-1"},"canonical":"https:\/\/www.design-award.cz\/?portfolio=soukromy-interier-detsky-pokoj","og_locale":"cs_CZ","og_type":"article","og_title":"Soukrom\u00fd interi\u00e9r - Pokoj pro mal\u00e9ho hokejistu - design-award.cz","og_description":"Roz\u00e1lie Jon\u00e1kov\u00e1 Michael \u2013 St\u0159edn\u00ed \u0161kola a Vy\u0161\u0161\u00ed odborn\u00e1 \u0161kola reklamn\u00ed a um\u011bleck\u00e9 tvorby V d\u011btsk\u00e9m pokoji jsem se p\u0159edev\u0161\u00edm zam\u011b\u0159ila na p\u0159\u00edrodn\u00ed materi\u00e1ly jako bukov\u00e9 d\u0159evo a p\u0159ekli\u017eka, kter\u00e9 daj\u00ed prostoru strukturu a \u00fatulnost. Do p\u0159\u00edrodn\u00edho materi\u00e1lu jsem zakombinovala p\u0159\u00edjemn\u011b modrou barvu a m\u00edsty tmav\u0161\u00ed \u0161edou pro kontrast se sv\u011btl\u00fdm d\u0159evem. Zdi jsou vymalovan\u00e9 [&hellip;]","og_url":"https:\/\/www.design-award.cz\/?portfolio=soukromy-interier-detsky-pokoj","og_site_name":"design-award.cz","article_modified_time":"2022-04-16T10:13:30+00:00","og_image":[{"width":2560,"height":1939,"url":"http:\/\/www.design-award.cz\/wp-content\/uploads\/2022\/02\/scan22021014520-scaled-e1645103636805.jpg","type":"image\/jpeg"}],"twitter_card":"summary_large_image","twitter_misc":{"Odhadovan\u00e1 doba \u010dten\u00ed":"3 minuty"},"schema":{"@context":"https:\/\/schema.org","@graph":[{"@type":"WebPage","@id":"https:\/\/www.design-award.cz\/?portfolio=soukromy-interier-detsky-pokoj","url":"https:\/\/www.design-award.cz\/?portfolio=soukromy-interier-detsky-pokoj","name":"Soukrom\u00fd interi\u00e9r - Pokoj pro mal\u00e9ho hokejistu - design-award.cz","isPartOf":{"@id":"https:\/\/www.design-award.cz\/#website"},"primaryImageOfPage":{"@id":"https:\/\/www.design-award.cz\/?portfolio=soukromy-interier-detsky-pokoj#primaryimage"},"image":{"@id":"https:\/\/www.design-award.cz\/?portfolio=soukromy-interier-detsky-pokoj#primaryimage"},"thumbnailUrl":"https:\/\/www.design-award.cz\/wp-content\/uploads\/2022\/02\/scan22021014520-scaled-e1645103636805.jpg","datePublished":"2022-02-17T13:10:55+00:00","dateModified":"2022-04-16T10:13:30+00:00","breadcrumb":{"@id":"https:\/\/www.design-award.cz\/?portfolio=soukromy-interier-detsky-pokoj#breadcrumb"},"inLanguage":"cs","potentialAction":[{"@type":"ReadAction","target":["https:\/\/www.design-award.cz\/?portfolio=soukromy-interier-detsky-pokoj"]}]},{"@type":"ImageObject","inLanguage":"cs","@id":"https:\/\/www.design-award.cz\/?portfolio=soukromy-interier-detsky-pokoj#primaryimage","url":"https:\/\/www.design-award.cz\/wp-content\/uploads\/2022\/02\/scan22021014520-scaled-e1645103636805.jpg","contentUrl":"https:\/\/www.design-award.cz\/wp-content\/uploads\/2022\/02\/scan22021014520-scaled-e1645103636805.jpg","width":2560,"height":1939},{"@type":"BreadcrumbList","@id":"https:\/\/www.design-award.cz\/?portfolio=soukromy-interier-detsky-pokoj#breadcrumb","itemListElement":[{"@type":"ListItem","position":1,"name":"Dom\u016f","item":"https:\/\/www.design-award.cz\/"},{"@type":"ListItem","position":2,"name":"Portfolio Items","item":"https:\/\/www.design-award.cz\/?post_type=portfolio"},{"@type":"ListItem","position":3,"name":"Soukrom\u00fd interi\u00e9r &#8211; Pokoj pro mal\u00e9ho hokejistu"}]},{"@type":"WebSite","@id":"https:\/\/www.design-award.cz\/#website","url":"https:\/\/www.design-award.cz\/","name":"design-award.cz","description":"WARD vznikla v roce 2022. Je ur\u010dena p\u0159edev\u0161\u00edm student\u016fm st\u0159edn\u00edch um\u011bleck\u00fdch \u0161kol (S\u0160 a VO\u0160), kte\u0159\u00ed mohou bezplatn\u011b zaslat sv\u00e9 n\u00e1vrhy v uveden\u00fdch kategori\u00ed a tak pom\u011b\u0159it sv\u00e9 n\u00e1pady s konkurenc\u00ed sv\u00fdch vrstevn\u00edk\u016f. N\u00e1vrhy jsou n\u00e1sledn\u011b posouzeny nez\u00e1vislou porotou z \u0159ad v\u00fdtvarn\u00edk\u016f, pedagog\u016f a profesion\u00e1l\u016f z oboru.","publisher":{"@id":"https:\/\/www.design-award.cz\/#organization"},"potentialAction":[{"@type":"SearchAction","target":{"@type":"EntryPoint","urlTemplate":"https:\/\/www.design-award.cz\/?s={search_term_string}"},"query-input":{"@type":"PropertyValueSpecification","valueRequired":true,"valueName":"search_term_string"}}],"inLanguage":"cs"},{"@type":"Organization","@id":"https:\/\/www.design-award.cz\/#organization","name":"Design Award","url":"https:\/\/www.design-award.cz\/","logo":{"@type":"ImageObject","inLanguage":"cs","@id":"https:\/\/www.design-award.cz\/#\/schema\/logo\/image\/","url":"http:\/\/www.design-award.cz\/wp-content\/uploads\/2021\/12\/hornilogo_design-award.png","contentUrl":"http:\/\/www.design-award.cz\/wp-content\/uploads\/2021\/12\/hornilogo_design-award.png","width":800,"height":600,"caption":"Design Award"},"image":{"@id":"https:\/\/www.design-award.cz\/#\/schema\/logo\/image\/"},"sameAs":["https:\/\/www.instagram.com\/design_award\/"]}]}},"_links":{"self":[{"href":"https:\/\/www.design-award.cz\/index.php?rest_route=\/wp\/v2\/portfolio\/438","targetHints":{"allow":["GET"]}}],"collection":[{"href":"https:\/\/www.design-award.cz\/index.php?rest_route=\/wp\/v2\/portfolio"}],"about":[{"href":"https:\/\/www.design-award.cz\/index.php?rest_route=\/wp\/v2\/types\/portfolio"}],"author":[{"embeddable":true,"href":"https:\/\/www.design-award.cz\/index.php?rest_route=\/wp\/v2\/users\/1"}],"replies":[{"embeddable":true,"href":"https:\/\/www.design-award.cz\/index.php?rest_route=%2Fwp%2Fv2%2Fcomments&post=438"}],"version-history":[{"count":6,"href":"https:\/\/www.design-award.cz\/index.php?rest_route=\/wp\/v2\/portfolio\/438\/revisions"}],"predecessor-version":[{"id":614,"href":"https:\/\/www.design-award.cz\/index.php?rest_route=\/wp\/v2\/portfolio\/438\/revisions\/614"}],"wp:featuredmedia":[{"embeddable":true,"href":"https:\/\/www.design-award.cz\/index.php?rest_route=\/wp\/v2\/media\/443"}],"wp:attachment":[{"href":"https:\/\/www.design-award.cz\/index.php?rest_route=%2Fwp%2Fv2%2Fmedia&parent=438"}],"wp:term":[{"taxonomy":"portfolio_category","embeddable":true,"href":"https:\/\/www.design-award.cz\/index.php?rest_route=%2Fwp%2Fv2%2Fportfolio_category&post=438"},{"taxonomy":"portfolio_tag","embeddable":true,"href":"https:\/\/www.design-award.cz\/index.php?rest_route=%2Fwp%2Fv2%2Fportfolio_tag&post=438"}],"curies":[{"name":"wp","href":"https:\/\/api.w.org\/{rel}","templated":true}]}}