{"id":4382,"date":"2024-07-22T07:33:55","date_gmt":"2024-07-22T07:33:55","guid":{"rendered":"https:\/\/www.design-award.cz\/?post_type=portfolio&#038;p=4382"},"modified":"2024-07-22T07:34:49","modified_gmt":"2024-07-22T07:34:49","slug":"produktovy-design-osto","status":"publish","type":"portfolio","link":"https:\/\/www.design-award.cz\/?portfolio=produktovy-design-osto","title":{"rendered":"Produktov\u00fd design &#8211; Osto"},"content":{"rendered":"\n<p><strong>Vojt\u011bch Piroch<\/strong><\/p>\n\n\n\n<p>St\u0159edn\u00ed \u0161kola designu interi\u00e9ru Kate\u0159inky &#8211; Liberec, s.r.o.<\/p>\n\n\n\n<p>OSTO je netradi\u010dn\u00ed spojen\u00ed n\u00e1bytkov\u00fdch soliter\u016f v jeden celek.<br>Sedm funkc\u00ed &#8211; jedna st\u011bna.<br>Z\u00e1kladn\u00ed prvek tvo\u0159\u00ed jasanov\u00e9 nosn\u00edky, pravideln\u011b rozm\u00edst\u011bny po cel\u00e9 plo\u0161e st\u011bny. Jsou se\u0159\u00edznuty pod p\u011bta\u010dty\u0159iceti stupni. Protikusy v podob\u011b odj\u00edmateln\u00fdch polic se do nich d\u00edky opa\u010dn\u00e9 poloze stejn\u00e9ho \u00fahlu zakl\u00edn\u00ed.<br>D\u00edky tomuto principu lze polici zav\u011bsit na jak\u00e9koliv t\u0159i nosn\u00edky po cel\u00e9 st\u011bn\u011b.<br>Police funguj\u00ed jako z\u00e1kladny pro dal\u0161\u00ed produkty. Tyto produkty kop\u00edruj\u00ed jejich vnit\u0159n\u00ed tvar a up\u00ednaj\u00ed se k nim pomoc\u00ed popruhu a r\u00e1\u010dny. T\u00edmto zp\u016fsobem lze velmi snadno a rychle m\u011bnit funkci polic. Na z\u00e1kladn\u00ed polici lze upnout nikovou \u010di z\u00e1suvkovou sk\u0159\u00ed\u0148ku (sk\u0159\u00ed\u0148ky lze kombinovat a \u0161tosovat na sebe), kv\u011btin\u00e1\u010d \u010di st\u016fl. Na druh\u00fd, nosn\u011bj\u0161\u00ed typ police (vis\u00edc\u00ed na \u0161esti nosn\u00edc\u00edch) je mo\u017eno upnout \u017eidli, nebo pomoc\u00ed dvou stol\u016f vytvo\u0159it jednoduchou postel. U ka\u017ed\u00e9ho produktu lze zvolit variantu v jedn\u00e9 ze t\u0159\u00ed barev. U produkt\u016f s kombinacemi libovolnou variaci. N\u00e1bytkov\u00e1 st\u011bna Osto nab\u00edz\u00ed d\u00edky sv\u00e9 modularit\u011b obrovskou svobodu. To jak bude va\u0161e konkr\u00e9tn\u00ed st\u011bna vypadat a jak\u00e9mu \u00fa\u010delu bude slou\u017eit, z\u00e1le\u017e\u00ed pouze na v\u00e1s. Osto se p\u0159izp\u016fsob\u00ed va\u0161im pot\u0159eb\u00e1m.<\/p>\n\n\n\n<figure class=\"wp-block-image size-large\"><img decoding=\"async\" width=\"717\" height=\"1024\" data-src=\"http:\/\/www.design-award.cz\/wp-content\/uploads\/2024\/07\/Osto_poster1-717x1024.jpg\" alt=\"\" class=\"wp-image-4384 lazyload\" data-srcset=\"https:\/\/www.design-award.cz\/wp-content\/uploads\/2024\/07\/Osto_poster1-717x1024.jpg 717w, https:\/\/www.design-award.cz\/wp-content\/uploads\/2024\/07\/Osto_poster1-210x300.jpg 210w, https:\/\/www.design-award.cz\/wp-content\/uploads\/2024\/07\/Osto_poster1-768x1097.jpg 768w, https:\/\/www.design-award.cz\/wp-content\/uploads\/2024\/07\/Osto_poster1-1076x1536.jpg 1076w, https:\/\/www.design-award.cz\/wp-content\/uploads\/2024\/07\/Osto_poster1-1434x2048.jpg 1434w, https:\/\/www.design-award.cz\/wp-content\/uploads\/2024\/07\/Osto_poster1-500x714.jpg 500w, https:\/\/www.design-award.cz\/wp-content\/uploads\/2024\/07\/Osto_poster1-800x1142.jpg 800w, https:\/\/www.design-award.cz\/wp-content\/uploads\/2024\/07\/Osto_poster1-1280x1828.jpg 1280w, https:\/\/www.design-award.cz\/wp-content\/uploads\/2024\/07\/Osto_poster1-1920x2742.jpg 1920w, https:\/\/www.design-award.cz\/wp-content\/uploads\/2024\/07\/Osto_poster1-scaled.jpg 1793w\" data-sizes=\"(max-width: 717px) 100vw, 717px\" src=\"data:image\/svg+xml;base64,PHN2ZyB3aWR0aD0iMSIgaGVpZ2h0PSIxIiB4bWxucz0iaHR0cDovL3d3dy53My5vcmcvMjAwMC9zdmciPjwvc3ZnPg==\" style=\"--smush-placeholder-width: 717px; --smush-placeholder-aspect-ratio: 717\/1024;\" \/><\/figure>\n\n\n\n<figure class=\"wp-block-image size-large\"><img decoding=\"async\" width=\"1024\" height=\"655\" data-src=\"http:\/\/www.design-award.cz\/wp-content\/uploads\/2024\/07\/Snimek-obrazovky-2024-07-04-232236-1024x655.jpg\" alt=\"\" class=\"wp-image-4388 lazyload\" data-srcset=\"https:\/\/www.design-award.cz\/wp-content\/uploads\/2024\/07\/Snimek-obrazovky-2024-07-04-232236-1024x655.jpg 1024w, https:\/\/www.design-award.cz\/wp-content\/uploads\/2024\/07\/Snimek-obrazovky-2024-07-04-232236-300x192.jpg 300w, https:\/\/www.design-award.cz\/wp-content\/uploads\/2024\/07\/Snimek-obrazovky-2024-07-04-232236-768x491.jpg 768w, https:\/\/www.design-award.cz\/wp-content\/uploads\/2024\/07\/Snimek-obrazovky-2024-07-04-232236-500x320.jpg 500w, https:\/\/www.design-award.cz\/wp-content\/uploads\/2024\/07\/Snimek-obrazovky-2024-07-04-232236-800x512.jpg 800w, https:\/\/www.design-award.cz\/wp-content\/uploads\/2024\/07\/Snimek-obrazovky-2024-07-04-232236.jpg 1132w\" data-sizes=\"(max-width: 1024px) 100vw, 1024px\" src=\"data:image\/svg+xml;base64,PHN2ZyB3aWR0aD0iMSIgaGVpZ2h0PSIxIiB4bWxucz0iaHR0cDovL3d3dy53My5vcmcvMjAwMC9zdmciPjwvc3ZnPg==\" style=\"--smush-placeholder-width: 1024px; --smush-placeholder-aspect-ratio: 1024\/655;\" \/><\/figure>\n\n\n\n<figure class=\"wp-block-image size-large\"><img decoding=\"async\" width=\"1024\" height=\"576\" data-src=\"http:\/\/www.design-award.cz\/wp-content\/uploads\/2024\/07\/Osto_rozmery-1024x576.png\" alt=\"\" class=\"wp-image-4385 lazyload\" data-srcset=\"https:\/\/www.design-award.cz\/wp-content\/uploads\/2024\/07\/Osto_rozmery-1024x576.png 1024w, https:\/\/www.design-award.cz\/wp-content\/uploads\/2024\/07\/Osto_rozmery-300x169.png 300w, https:\/\/www.design-award.cz\/wp-content\/uploads\/2024\/07\/Osto_rozmery-768x432.png 768w, https:\/\/www.design-award.cz\/wp-content\/uploads\/2024\/07\/Osto_rozmery-1536x864.png 1536w, https:\/\/www.design-award.cz\/wp-content\/uploads\/2024\/07\/Osto_rozmery-500x281.png 500w, https:\/\/www.design-award.cz\/wp-content\/uploads\/2024\/07\/Osto_rozmery-800x450.png 800w, https:\/\/www.design-award.cz\/wp-content\/uploads\/2024\/07\/Osto_rozmery-1280x720.png 1280w, https:\/\/www.design-award.cz\/wp-content\/uploads\/2024\/07\/Osto_rozmery.png 1920w\" data-sizes=\"(max-width: 1024px) 100vw, 1024px\" src=\"data:image\/svg+xml;base64,PHN2ZyB3aWR0aD0iMSIgaGVpZ2h0PSIxIiB4bWxucz0iaHR0cDovL3d3dy53My5vcmcvMjAwMC9zdmciPjwvc3ZnPg==\" style=\"--smush-placeholder-width: 1024px; --smush-placeholder-aspect-ratio: 1024\/576;\" \/><\/figure>\n\n\n\n<figure class=\"wp-block-image size-large\"><img decoding=\"async\" width=\"1024\" height=\"619\" data-src=\"http:\/\/www.design-award.cz\/wp-content\/uploads\/2024\/07\/Snimek-obrazovky-2024-07-04-232033-1024x619.jpg\" alt=\"\" class=\"wp-image-4387 lazyload\" data-srcset=\"https:\/\/www.design-award.cz\/wp-content\/uploads\/2024\/07\/Snimek-obrazovky-2024-07-04-232033-1024x619.jpg 1024w, https:\/\/www.design-award.cz\/wp-content\/uploads\/2024\/07\/Snimek-obrazovky-2024-07-04-232033-300x181.jpg 300w, https:\/\/www.design-award.cz\/wp-content\/uploads\/2024\/07\/Snimek-obrazovky-2024-07-04-232033-768x465.jpg 768w, https:\/\/www.design-award.cz\/wp-content\/uploads\/2024\/07\/Snimek-obrazovky-2024-07-04-232033-500x302.jpg 500w, https:\/\/www.design-award.cz\/wp-content\/uploads\/2024\/07\/Snimek-obrazovky-2024-07-04-232033-800x484.jpg 800w, https:\/\/www.design-award.cz\/wp-content\/uploads\/2024\/07\/Snimek-obrazovky-2024-07-04-232033.jpg 1053w\" data-sizes=\"(max-width: 1024px) 100vw, 1024px\" src=\"data:image\/svg+xml;base64,PHN2ZyB3aWR0aD0iMSIgaGVpZ2h0PSIxIiB4bWxucz0iaHR0cDovL3d3dy53My5vcmcvMjAwMC9zdmciPjwvc3ZnPg==\" style=\"--smush-placeholder-width: 1024px; --smush-placeholder-aspect-ratio: 1024\/619;\" \/><\/figure>\n\n\n\n<figure class=\"wp-block-image size-large\"><img decoding=\"async\" width=\"1024\" height=\"589\" data-src=\"http:\/\/www.design-award.cz\/wp-content\/uploads\/2024\/07\/06-1-1024x589.jpg\" alt=\"\" class=\"wp-image-4383 lazyload\" data-srcset=\"https:\/\/www.design-award.cz\/wp-content\/uploads\/2024\/07\/06-1-1024x589.jpg 1024w, https:\/\/www.design-award.cz\/wp-content\/uploads\/2024\/07\/06-1-300x173.jpg 300w, https:\/\/www.design-award.cz\/wp-content\/uploads\/2024\/07\/06-1-768x442.jpg 768w, https:\/\/www.design-award.cz\/wp-content\/uploads\/2024\/07\/06-1-1536x884.jpg 1536w, https:\/\/www.design-award.cz\/wp-content\/uploads\/2024\/07\/06-1-500x288.jpg 500w, https:\/\/www.design-award.cz\/wp-content\/uploads\/2024\/07\/06-1-800x460.jpg 800w, https:\/\/www.design-award.cz\/wp-content\/uploads\/2024\/07\/06-1-1280x736.jpg 1280w, https:\/\/www.design-award.cz\/wp-content\/uploads\/2024\/07\/06-1.jpg 1559w\" data-sizes=\"(max-width: 1024px) 100vw, 1024px\" src=\"data:image\/svg+xml;base64,PHN2ZyB3aWR0aD0iMSIgaGVpZ2h0PSIxIiB4bWxucz0iaHR0cDovL3d3dy53My5vcmcvMjAwMC9zdmciPjwvc3ZnPg==\" style=\"--smush-placeholder-width: 1024px; --smush-placeholder-aspect-ratio: 1024\/589;\" \/><\/figure>\n","protected":false},"excerpt":{"rendered":"<p>Vojt\u011bch Piroch St\u0159edn\u00ed \u0161kola designu interi\u00e9ru Kate\u0159inky &#8211; Liberec, s.r.o. OSTO je netradi\u010dn\u00ed spojen\u00ed n\u00e1bytkov\u00fdch soliter\u016f v jeden celek.Sedm funkc\u00ed &#8211; jedna st\u011bna.Z\u00e1kladn\u00ed prvek tvo\u0159\u00ed jasanov\u00e9 nosn\u00edky, pravideln\u011b rozm\u00edst\u011bny po cel\u00e9 plo\u0161e st\u011bny. Jsou se\u0159\u00edznuty pod p\u011bta\u010dty\u0159iceti stupni. Protikusy v podob\u011b odj\u00edmateln\u00fdch polic se do nich d\u00edky opa\u010dn\u00e9 poloze stejn\u00e9ho \u00fahlu zakl\u00edn\u00ed.D\u00edky tomuto principu lze [&hellip;]<\/p>\n","protected":false},"author":2,"featured_media":4386,"menu_order":0,"comment_status":"open","ping_status":"closed","template":"","format":"standard","meta":{"ngg_post_thumbnail":0,"ocean_post_layout":"","ocean_both_sidebars_style":"","ocean_both_sidebars_content_width":0,"ocean_both_sidebars_sidebars_width":0,"ocean_sidebar":"","ocean_second_sidebar":"","ocean_disable_margins":"enable","ocean_add_body_class":"","ocean_shortcode_before_top_bar":"","ocean_shortcode_after_top_bar":"","ocean_shortcode_before_header":"","ocean_shortcode_after_header":"","ocean_has_shortcode":"","ocean_shortcode_after_title":"","ocean_shortcode_before_footer_widgets":"","ocean_shortcode_after_footer_widgets":"","ocean_shortcode_before_footer_bottom":"","ocean_shortcode_after_footer_bottom":"","ocean_display_top_bar":"default","ocean_display_header":"default","ocean_header_style":"","ocean_center_header_left_menu":"","ocean_custom_header_template":"","ocean_custom_logo":0,"ocean_custom_retina_logo":0,"ocean_custom_logo_max_width":0,"ocean_custom_logo_tablet_max_width":0,"ocean_custom_logo_mobile_max_width":0,"ocean_custom_logo_max_height":0,"ocean_custom_logo_tablet_max_height":0,"ocean_custom_logo_mobile_max_height":0,"ocean_header_custom_menu":"","ocean_menu_typo_font_family":"","ocean_menu_typo_font_subset":"","ocean_menu_typo_font_size":0,"ocean_menu_typo_font_size_tablet":0,"ocean_menu_typo_font_size_mobile":0,"ocean_menu_typo_font_size_unit":"px","ocean_menu_typo_font_weight":"","ocean_menu_typo_font_weight_tablet":"","ocean_menu_typo_font_weight_mobile":"","ocean_menu_typo_transform":"","ocean_menu_typo_transform_tablet":"","ocean_menu_typo_transform_mobile":"","ocean_menu_typo_line_height":0,"ocean_menu_typo_line_height_tablet":0,"ocean_menu_typo_line_height_mobile":0,"ocean_menu_typo_line_height_unit":"","ocean_menu_typo_spacing":0,"ocean_menu_typo_spacing_tablet":0,"ocean_menu_typo_spacing_mobile":0,"ocean_menu_typo_spacing_unit":"","ocean_menu_link_color":"","ocean_menu_link_color_hover":"","ocean_menu_link_color_active":"","ocean_menu_link_background":"","ocean_menu_link_hover_background":"","ocean_menu_link_active_background":"","ocean_menu_social_links_bg":"","ocean_menu_social_hover_links_bg":"","ocean_menu_social_links_color":"","ocean_menu_social_hover_links_color":"","ocean_disable_title":"default","ocean_disable_heading":"default","ocean_post_title":"","ocean_post_subheading":"","ocean_post_title_style":"","ocean_post_title_background_color":"","ocean_post_title_background":0,"ocean_post_title_bg_image_position":"","ocean_post_title_bg_image_attachment":"","ocean_post_title_bg_image_repeat":"","ocean_post_title_bg_image_size":"","ocean_post_title_height":0,"ocean_post_title_bg_overlay":0.5,"ocean_post_title_bg_overlay_color":"","ocean_disable_breadcrumbs":"default","ocean_breadcrumbs_color":"","ocean_breadcrumbs_separator_color":"","ocean_breadcrumbs_links_color":"","ocean_breadcrumbs_links_hover_color":"","ocean_display_footer_widgets":"default","ocean_display_footer_bottom":"default","ocean_custom_footer_template":"","_vp_format_video_url":"","_vp_image_focal_point":[],"footnotes":""},"portfolio_category":[],"portfolio_tag":[],"class_list":["post-4382","portfolio","type-portfolio","status-publish","format-standard","has-post-thumbnail","hentry","entry","has-media"],"yoast_head":"<!-- This site is optimized with the Yoast SEO plugin v25.2 - https:\/\/yoast.com\/wordpress\/plugins\/seo\/ -->\n<title>Produktov\u00fd design - Osto - design-award.cz<\/title>\n<meta name=\"robots\" content=\"index, follow, max-snippet:-1, max-image-preview:large, max-video-preview:-1\" \/>\n<link rel=\"canonical\" href=\"https:\/\/www.design-award.cz\/?portfolio=produktovy-design-osto\" \/>\n<meta property=\"og:locale\" content=\"cs_CZ\" \/>\n<meta property=\"og:type\" content=\"article\" \/>\n<meta property=\"og:title\" content=\"Produktov\u00fd design - Osto - design-award.cz\" \/>\n<meta property=\"og:description\" content=\"Vojt\u011bch Piroch St\u0159edn\u00ed \u0161kola designu interi\u00e9ru Kate\u0159inky &#8211; Liberec, s.r.o. OSTO je netradi\u010dn\u00ed spojen\u00ed n\u00e1bytkov\u00fdch soliter\u016f v jeden celek.Sedm funkc\u00ed &#8211; jedna st\u011bna.Z\u00e1kladn\u00ed prvek tvo\u0159\u00ed jasanov\u00e9 nosn\u00edky, pravideln\u011b rozm\u00edst\u011bny po cel\u00e9 plo\u0161e st\u011bny. Jsou se\u0159\u00edznuty pod p\u011bta\u010dty\u0159iceti stupni. Protikusy v podob\u011b odj\u00edmateln\u00fdch polic se do nich d\u00edky opa\u010dn\u00e9 poloze stejn\u00e9ho \u00fahlu zakl\u00edn\u00ed.D\u00edky tomuto principu lze [&hellip;]\" \/>\n<meta property=\"og:url\" content=\"https:\/\/www.design-award.cz\/?portfolio=produktovy-design-osto\" \/>\n<meta property=\"og:site_name\" content=\"design-award.cz\" \/>\n<meta property=\"article:modified_time\" content=\"2024-07-22T07:34:49+00:00\" \/>\n<meta property=\"og:image\" content=\"http:\/\/www.design-award.cz\/wp-content\/uploads\/2024\/07\/Osto_vizualizace-1024x576.png\" \/>\n\t<meta property=\"og:image:width\" content=\"1024\" \/>\n\t<meta property=\"og:image:height\" content=\"576\" \/>\n\t<meta property=\"og:image:type\" content=\"image\/png\" \/>\n<meta name=\"twitter:card\" content=\"summary_large_image\" \/>\n<meta name=\"twitter:label1\" content=\"Odhadovan\u00e1 doba \u010dten\u00ed\" \/>\n\t<meta name=\"twitter:data1\" content=\"1 minuta\" \/>\n<script type=\"application\/ld+json\" class=\"yoast-schema-graph\">{\"@context\":\"https:\/\/schema.org\",\"@graph\":[{\"@type\":\"WebPage\",\"@id\":\"https:\/\/www.design-award.cz\/?portfolio=produktovy-design-osto\",\"url\":\"https:\/\/www.design-award.cz\/?portfolio=produktovy-design-osto\",\"name\":\"Produktov\u00fd design - Osto - design-award.cz\",\"isPartOf\":{\"@id\":\"https:\/\/www.design-award.cz\/#website\"},\"primaryImageOfPage\":{\"@id\":\"https:\/\/www.design-award.cz\/?portfolio=produktovy-design-osto#primaryimage\"},\"image\":{\"@id\":\"https:\/\/www.design-award.cz\/?portfolio=produktovy-design-osto#primaryimage\"},\"thumbnailUrl\":\"https:\/\/www.design-award.cz\/wp-content\/uploads\/2024\/07\/Osto_vizualizace.png\",\"datePublished\":\"2024-07-22T07:33:55+00:00\",\"dateModified\":\"2024-07-22T07:34:49+00:00\",\"breadcrumb\":{\"@id\":\"https:\/\/www.design-award.cz\/?portfolio=produktovy-design-osto#breadcrumb\"},\"inLanguage\":\"cs\",\"potentialAction\":[{\"@type\":\"ReadAction\",\"target\":[\"https:\/\/www.design-award.cz\/?portfolio=produktovy-design-osto\"]}]},{\"@type\":\"ImageObject\",\"inLanguage\":\"cs\",\"@id\":\"https:\/\/www.design-award.cz\/?portfolio=produktovy-design-osto#primaryimage\",\"url\":\"https:\/\/www.design-award.cz\/wp-content\/uploads\/2024\/07\/Osto_vizualizace.png\",\"contentUrl\":\"https:\/\/www.design-award.cz\/wp-content\/uploads\/2024\/07\/Osto_vizualizace.png\",\"width\":1901,\"height\":1069},{\"@type\":\"BreadcrumbList\",\"@id\":\"https:\/\/www.design-award.cz\/?portfolio=produktovy-design-osto#breadcrumb\",\"itemListElement\":[{\"@type\":\"ListItem\",\"position\":1,\"name\":\"Dom\u016f\",\"item\":\"https:\/\/www.design-award.cz\/\"},{\"@type\":\"ListItem\",\"position\":2,\"name\":\"Portfolio Items\",\"item\":\"https:\/\/www.design-award.cz\/?post_type=portfolio\"},{\"@type\":\"ListItem\",\"position\":3,\"name\":\"Produktov\u00fd design &#8211; Osto\"}]},{\"@type\":\"WebSite\",\"@id\":\"https:\/\/www.design-award.cz\/#website\",\"url\":\"https:\/\/www.design-award.cz\/\",\"name\":\"design-award.cz\",\"description\":\"WARD vznikla v roce 2022. Je ur\u010dena p\u0159edev\u0161\u00edm student\u016fm st\u0159edn\u00edch um\u011bleck\u00fdch \u0161kol (S\u0160 a VO\u0160), kte\u0159\u00ed mohou bezplatn\u011b zaslat sv\u00e9 n\u00e1vrhy v uveden\u00fdch kategori\u00ed a tak pom\u011b\u0159it sv\u00e9 n\u00e1pady s konkurenc\u00ed sv\u00fdch vrstevn\u00edk\u016f. N\u00e1vrhy jsou n\u00e1sledn\u011b posouzeny nez\u00e1vislou porotou z \u0159ad v\u00fdtvarn\u00edk\u016f, pedagog\u016f a profesion\u00e1l\u016f z oboru.\",\"publisher\":{\"@id\":\"https:\/\/www.design-award.cz\/#organization\"},\"potentialAction\":[{\"@type\":\"SearchAction\",\"target\":{\"@type\":\"EntryPoint\",\"urlTemplate\":\"https:\/\/www.design-award.cz\/?s={search_term_string}\"},\"query-input\":{\"@type\":\"PropertyValueSpecification\",\"valueRequired\":true,\"valueName\":\"search_term_string\"}}],\"inLanguage\":\"cs\"},{\"@type\":\"Organization\",\"@id\":\"https:\/\/www.design-award.cz\/#organization\",\"name\":\"Design Award\",\"url\":\"https:\/\/www.design-award.cz\/\",\"logo\":{\"@type\":\"ImageObject\",\"inLanguage\":\"cs\",\"@id\":\"https:\/\/www.design-award.cz\/#\/schema\/logo\/image\/\",\"url\":\"http:\/\/www.design-award.cz\/wp-content\/uploads\/2021\/12\/hornilogo_design-award.png\",\"contentUrl\":\"http:\/\/www.design-award.cz\/wp-content\/uploads\/2021\/12\/hornilogo_design-award.png\",\"width\":800,\"height\":600,\"caption\":\"Design Award\"},\"image\":{\"@id\":\"https:\/\/www.design-award.cz\/#\/schema\/logo\/image\/\"},\"sameAs\":[\"https:\/\/www.instagram.com\/design_award\/\"]}]}<\/script>\n<!-- \/ Yoast SEO plugin. -->","yoast_head_json":{"title":"Produktov\u00fd design - Osto - design-award.cz","robots":{"index":"index","follow":"follow","max-snippet":"max-snippet:-1","max-image-preview":"max-image-preview:large","max-video-preview":"max-video-preview:-1"},"canonical":"https:\/\/www.design-award.cz\/?portfolio=produktovy-design-osto","og_locale":"cs_CZ","og_type":"article","og_title":"Produktov\u00fd design - Osto - design-award.cz","og_description":"Vojt\u011bch Piroch St\u0159edn\u00ed \u0161kola designu interi\u00e9ru Kate\u0159inky &#8211; Liberec, s.r.o. OSTO je netradi\u010dn\u00ed spojen\u00ed n\u00e1bytkov\u00fdch soliter\u016f v jeden celek.Sedm funkc\u00ed &#8211; jedna st\u011bna.Z\u00e1kladn\u00ed prvek tvo\u0159\u00ed jasanov\u00e9 nosn\u00edky, pravideln\u011b rozm\u00edst\u011bny po cel\u00e9 plo\u0161e st\u011bny. Jsou se\u0159\u00edznuty pod p\u011bta\u010dty\u0159iceti stupni. Protikusy v podob\u011b odj\u00edmateln\u00fdch polic se do nich d\u00edky opa\u010dn\u00e9 poloze stejn\u00e9ho \u00fahlu zakl\u00edn\u00ed.D\u00edky tomuto principu lze [&hellip;]","og_url":"https:\/\/www.design-award.cz\/?portfolio=produktovy-design-osto","og_site_name":"design-award.cz","article_modified_time":"2024-07-22T07:34:49+00:00","og_image":[{"width":1024,"height":576,"url":"http:\/\/www.design-award.cz\/wp-content\/uploads\/2024\/07\/Osto_vizualizace-1024x576.png","type":"image\/png"}],"twitter_card":"summary_large_image","twitter_misc":{"Odhadovan\u00e1 doba \u010dten\u00ed":"1 minuta"},"schema":{"@context":"https:\/\/schema.org","@graph":[{"@type":"WebPage","@id":"https:\/\/www.design-award.cz\/?portfolio=produktovy-design-osto","url":"https:\/\/www.design-award.cz\/?portfolio=produktovy-design-osto","name":"Produktov\u00fd design - Osto - design-award.cz","isPartOf":{"@id":"https:\/\/www.design-award.cz\/#website"},"primaryImageOfPage":{"@id":"https:\/\/www.design-award.cz\/?portfolio=produktovy-design-osto#primaryimage"},"image":{"@id":"https:\/\/www.design-award.cz\/?portfolio=produktovy-design-osto#primaryimage"},"thumbnailUrl":"https:\/\/www.design-award.cz\/wp-content\/uploads\/2024\/07\/Osto_vizualizace.png","datePublished":"2024-07-22T07:33:55+00:00","dateModified":"2024-07-22T07:34:49+00:00","breadcrumb":{"@id":"https:\/\/www.design-award.cz\/?portfolio=produktovy-design-osto#breadcrumb"},"inLanguage":"cs","potentialAction":[{"@type":"ReadAction","target":["https:\/\/www.design-award.cz\/?portfolio=produktovy-design-osto"]}]},{"@type":"ImageObject","inLanguage":"cs","@id":"https:\/\/www.design-award.cz\/?portfolio=produktovy-design-osto#primaryimage","url":"https:\/\/www.design-award.cz\/wp-content\/uploads\/2024\/07\/Osto_vizualizace.png","contentUrl":"https:\/\/www.design-award.cz\/wp-content\/uploads\/2024\/07\/Osto_vizualizace.png","width":1901,"height":1069},{"@type":"BreadcrumbList","@id":"https:\/\/www.design-award.cz\/?portfolio=produktovy-design-osto#breadcrumb","itemListElement":[{"@type":"ListItem","position":1,"name":"Dom\u016f","item":"https:\/\/www.design-award.cz\/"},{"@type":"ListItem","position":2,"name":"Portfolio Items","item":"https:\/\/www.design-award.cz\/?post_type=portfolio"},{"@type":"ListItem","position":3,"name":"Produktov\u00fd design &#8211; Osto"}]},{"@type":"WebSite","@id":"https:\/\/www.design-award.cz\/#website","url":"https:\/\/www.design-award.cz\/","name":"design-award.cz","description":"WARD vznikla v roce 2022. Je ur\u010dena p\u0159edev\u0161\u00edm student\u016fm st\u0159edn\u00edch um\u011bleck\u00fdch \u0161kol (S\u0160 a VO\u0160), kte\u0159\u00ed mohou bezplatn\u011b zaslat sv\u00e9 n\u00e1vrhy v uveden\u00fdch kategori\u00ed a tak pom\u011b\u0159it sv\u00e9 n\u00e1pady s konkurenc\u00ed sv\u00fdch vrstevn\u00edk\u016f. N\u00e1vrhy jsou n\u00e1sledn\u011b posouzeny nez\u00e1vislou porotou z \u0159ad v\u00fdtvarn\u00edk\u016f, pedagog\u016f a profesion\u00e1l\u016f z oboru.","publisher":{"@id":"https:\/\/www.design-award.cz\/#organization"},"potentialAction":[{"@type":"SearchAction","target":{"@type":"EntryPoint","urlTemplate":"https:\/\/www.design-award.cz\/?s={search_term_string}"},"query-input":{"@type":"PropertyValueSpecification","valueRequired":true,"valueName":"search_term_string"}}],"inLanguage":"cs"},{"@type":"Organization","@id":"https:\/\/www.design-award.cz\/#organization","name":"Design Award","url":"https:\/\/www.design-award.cz\/","logo":{"@type":"ImageObject","inLanguage":"cs","@id":"https:\/\/www.design-award.cz\/#\/schema\/logo\/image\/","url":"http:\/\/www.design-award.cz\/wp-content\/uploads\/2021\/12\/hornilogo_design-award.png","contentUrl":"http:\/\/www.design-award.cz\/wp-content\/uploads\/2021\/12\/hornilogo_design-award.png","width":800,"height":600,"caption":"Design Award"},"image":{"@id":"https:\/\/www.design-award.cz\/#\/schema\/logo\/image\/"},"sameAs":["https:\/\/www.instagram.com\/design_award\/"]}]}},"_links":{"self":[{"href":"https:\/\/www.design-award.cz\/index.php?rest_route=\/wp\/v2\/portfolio\/4382","targetHints":{"allow":["GET"]}}],"collection":[{"href":"https:\/\/www.design-award.cz\/index.php?rest_route=\/wp\/v2\/portfolio"}],"about":[{"href":"https:\/\/www.design-award.cz\/index.php?rest_route=\/wp\/v2\/types\/portfolio"}],"author":[{"embeddable":true,"href":"https:\/\/www.design-award.cz\/index.php?rest_route=\/wp\/v2\/users\/2"}],"replies":[{"embeddable":true,"href":"https:\/\/www.design-award.cz\/index.php?rest_route=%2Fwp%2Fv2%2Fcomments&post=4382"}],"version-history":[{"count":1,"href":"https:\/\/www.design-award.cz\/index.php?rest_route=\/wp\/v2\/portfolio\/4382\/revisions"}],"predecessor-version":[{"id":4389,"href":"https:\/\/www.design-award.cz\/index.php?rest_route=\/wp\/v2\/portfolio\/4382\/revisions\/4389"}],"wp:featuredmedia":[{"embeddable":true,"href":"https:\/\/www.design-award.cz\/index.php?rest_route=\/wp\/v2\/media\/4386"}],"wp:attachment":[{"href":"https:\/\/www.design-award.cz\/index.php?rest_route=%2Fwp%2Fv2%2Fmedia&parent=4382"}],"wp:term":[{"taxonomy":"portfolio_category","embeddable":true,"href":"https:\/\/www.design-award.cz\/index.php?rest_route=%2Fwp%2Fv2%2Fportfolio_category&post=4382"},{"taxonomy":"portfolio_tag","embeddable":true,"href":"https:\/\/www.design-award.cz\/index.php?rest_route=%2Fwp%2Fv2%2Fportfolio_tag&post=4382"}],"curies":[{"name":"wp","href":"https:\/\/api.w.org\/{rel}","templated":true}]}}