{"id":4467,"date":"2025-05-08T14:39:10","date_gmt":"2025-05-08T14:39:10","guid":{"rendered":"https:\/\/www.design-award.cz\/?post_type=portfolio&#038;p=4467"},"modified":"2025-05-28T08:09:21","modified_gmt":"2025-05-28T08:09:21","slug":"interierovy-design-loft","status":"publish","type":"portfolio","link":"https:\/\/www.design-award.cz\/?portfolio=interierovy-design-loft","title":{"rendered":"Interi\u00e9rov\u00fd design &#8211; Loft"},"content":{"rendered":"\n<p><strong>Ane\u017eka Truchl\u00edkov\u00e1<\/strong><\/p>\n\n\n\n<p>St\u0159edn\u00ed \u0161kola designu a m\u00f3dy, Prost\u011bjov<\/p>\n\n\n\n<p>Loftov\u00e9 bydlen\u00ed \u00fazce souvis\u00ed s rekonverz\u00ed, a proto tomu nen\u00ed jinak ani v tomto projektu. P\u016fdorys bytu poch\u00e1z\u00ed z nov\u00e9ho n\u00e1vrhu v Praze, kde architektonick\u00e9 studio Mas\u00e1k &amp; Partner renovuje nevyu\u017eit\u00e9 prostory b\u00fdval\u00e9 \u010cKD tov\u00e1rny.<\/p>\n\n\n\n<p>V dne\u0161n\u00ed dob\u011b se sna\u017e\u00edme naj\u00edt vyu\u017eit\u00ed pro star\u00e9 v\u011bci, nejen kv\u016fli pen\u011bz\u016fm, ale i kv\u016fli \u017eivotn\u00edmu prost\u0159ed\u00ed. Pro\u010d sem ale nezakomponovat i ostatn\u00ed nevyu\u017eit\u00e9 v\u011bci, kter\u00fdch m\u00e1me po cel\u00e9m sv\u011bt\u011b spousty? Pr\u00e1v\u011b z tohoto d\u016fvodu je hlavn\u00edm t\u00e9matem m\u00e9 maturitn\u00ed pr\u00e1ce recyklace. Kombinuji recyklovanou l\u00e1tku a plast s tradi\u010dn\u00edmi materi\u00e1ly. V interi\u00e9ru je p\u0159iznan\u00fd tr\u00e1mov\u00fd strop a \u017eelezobetonov\u00e1 konstrukce.<\/p>\n\n\n\n<p>Abych se sezn\u00e1mila s jedn\u00edm z materi\u00e1l\u016f, nav\u0161t\u00edvila jsem brn\u011bnskou firmu Plastic Guys.<\/p>\n\n\n\n<p>Prostory jsou navr\u017eeny pro mlad\u00fd p\u00e1r s kreativn\u00edm zam\u011bstn\u00e1n\u00edm. \u010cinnosti, kter\u00fdm se rezidenti v\u011bnuj\u00ed, zahrnuj\u00ed hudbu, fotografov\u00e1n\u00ed v exteri\u00e9ru a po\u010d\u00edta\u010dovou grafiku.<\/p>\n\n\n\n<p>V byt\u011b se nach\u00e1z\u00ed p\u0159eds\u00ed\u0148, kuchy\u0148 propojena s j\u00eddelnou a ob\u00fdvac\u00edm prostorem, lo\u017enice, koupelna s toaletou, samostatn\u00e9 WC v pat\u0159e, dom\u00e1c\u00ed zku\u0161ebna a men\u0161\u00ed pracovna s po\u010d\u00edta\u010dem.<\/p>\n\n\n\n<figure class=\"wp-block-image size-large\"><img decoding=\"async\" width=\"717\" height=\"1024\" data-src=\"http:\/\/www.design-award.cz\/wp-content\/uploads\/2025\/05\/plakat_-717x1024.jpg\" alt=\"\" class=\"wp-image-4471 lazyload\" data-srcset=\"https:\/\/www.design-award.cz\/wp-content\/uploads\/2025\/05\/plakat_-717x1024.jpg 717w, https:\/\/www.design-award.cz\/wp-content\/uploads\/2025\/05\/plakat_-210x300.jpg 210w, https:\/\/www.design-award.cz\/wp-content\/uploads\/2025\/05\/plakat_-768x1097.jpg 768w, https:\/\/www.design-award.cz\/wp-content\/uploads\/2025\/05\/plakat_-1075x1536.jpg 1075w, https:\/\/www.design-award.cz\/wp-content\/uploads\/2025\/05\/plakat_-1433x2048.jpg 1433w, https:\/\/www.design-award.cz\/wp-content\/uploads\/2025\/05\/plakat_-500x714.jpg 500w, https:\/\/www.design-award.cz\/wp-content\/uploads\/2025\/05\/plakat_-800x1143.jpg 800w, https:\/\/www.design-award.cz\/wp-content\/uploads\/2025\/05\/plakat_-1280x1829.jpg 1280w, https:\/\/www.design-award.cz\/wp-content\/uploads\/2025\/05\/plakat_-1920x2743.jpg 1920w, https:\/\/www.design-award.cz\/wp-content\/uploads\/2025\/05\/plakat_-scaled.jpg 1792w\" data-sizes=\"(max-width: 717px) 100vw, 717px\" src=\"data:image\/svg+xml;base64,PHN2ZyB3aWR0aD0iMSIgaGVpZ2h0PSIxIiB4bWxucz0iaHR0cDovL3d3dy53My5vcmcvMjAwMC9zdmciPjwvc3ZnPg==\" style=\"--smush-placeholder-width: 717px; --smush-placeholder-aspect-ratio: 717\/1024;\" \/><\/figure>\n\n\n\n<figure class=\"wp-block-image size-large\"><img decoding=\"async\" width=\"1024\" height=\"728\" data-src=\"http:\/\/www.design-award.cz\/wp-content\/uploads\/2025\/05\/moodboard_-1024x728.jpg\" alt=\"\" class=\"wp-image-4470 lazyload\" data-srcset=\"https:\/\/www.design-award.cz\/wp-content\/uploads\/2025\/05\/moodboard_-1024x728.jpg 1024w, https:\/\/www.design-award.cz\/wp-content\/uploads\/2025\/05\/moodboard_-300x213.jpg 300w, https:\/\/www.design-award.cz\/wp-content\/uploads\/2025\/05\/moodboard_-768x546.jpg 768w, https:\/\/www.design-award.cz\/wp-content\/uploads\/2025\/05\/moodboard_-1536x1092.jpg 1536w, https:\/\/www.design-award.cz\/wp-content\/uploads\/2025\/05\/moodboard_-2048x1457.jpg 2048w, https:\/\/www.design-award.cz\/wp-content\/uploads\/2025\/05\/moodboard_-500x356.jpg 500w, https:\/\/www.design-award.cz\/wp-content\/uploads\/2025\/05\/moodboard_-800x569.jpg 800w, https:\/\/www.design-award.cz\/wp-content\/uploads\/2025\/05\/moodboard_-1280x910.jpg 1280w, https:\/\/www.design-award.cz\/wp-content\/uploads\/2025\/05\/moodboard_-1920x1366.jpg 1920w\" data-sizes=\"(max-width: 1024px) 100vw, 1024px\" src=\"data:image\/svg+xml;base64,PHN2ZyB3aWR0aD0iMSIgaGVpZ2h0PSIxIiB4bWxucz0iaHR0cDovL3d3dy53My5vcmcvMjAwMC9zdmciPjwvc3ZnPg==\" style=\"--smush-placeholder-width: 1024px; --smush-placeholder-aspect-ratio: 1024\/728;\" \/><\/figure>\n\n\n\n<figure class=\"wp-block-image size-large\"><img decoding=\"async\" width=\"1024\" height=\"848\" data-src=\"http:\/\/www.design-award.cz\/wp-content\/uploads\/2025\/05\/HiPaint_17435205427992-1024x848.jpg\" alt=\"\" class=\"wp-image-4469 lazyload\" data-srcset=\"https:\/\/www.design-award.cz\/wp-content\/uploads\/2025\/05\/HiPaint_17435205427992-1024x848.jpg 1024w, https:\/\/www.design-award.cz\/wp-content\/uploads\/2025\/05\/HiPaint_17435205427992-300x248.jpg 300w, https:\/\/www.design-award.cz\/wp-content\/uploads\/2025\/05\/HiPaint_17435205427992-768x636.jpg 768w, https:\/\/www.design-award.cz\/wp-content\/uploads\/2025\/05\/HiPaint_17435205427992-1536x1272.jpg 1536w, https:\/\/www.design-award.cz\/wp-content\/uploads\/2025\/05\/HiPaint_17435205427992-2048x1696.jpg 2048w, https:\/\/www.design-award.cz\/wp-content\/uploads\/2025\/05\/HiPaint_17435205427992-500x414.jpg 500w, https:\/\/www.design-award.cz\/wp-content\/uploads\/2025\/05\/HiPaint_17435205427992-800x662.jpg 800w, https:\/\/www.design-award.cz\/wp-content\/uploads\/2025\/05\/HiPaint_17435205427992-1280x1060.jpg 1280w, https:\/\/www.design-award.cz\/wp-content\/uploads\/2025\/05\/HiPaint_17435205427992-1920x1590.jpg 1920w\" data-sizes=\"(max-width: 1024px) 100vw, 1024px\" src=\"data:image\/svg+xml;base64,PHN2ZyB3aWR0aD0iMSIgaGVpZ2h0PSIxIiB4bWxucz0iaHR0cDovL3d3dy53My5vcmcvMjAwMC9zdmciPjwvc3ZnPg==\" style=\"--smush-placeholder-width: 1024px; --smush-placeholder-aspect-ratio: 1024\/848;\" \/><\/figure>\n\n\n\n<figure class=\"wp-block-image size-large\"><img decoding=\"async\" width=\"1024\" height=\"911\" data-src=\"http:\/\/www.design-award.cz\/wp-content\/uploads\/2025\/05\/pudory1-1024x911.jpg\" alt=\"\" class=\"wp-image-4472 lazyload\" data-srcset=\"https:\/\/www.design-award.cz\/wp-content\/uploads\/2025\/05\/pudory1-1024x911.jpg 1024w, https:\/\/www.design-award.cz\/wp-content\/uploads\/2025\/05\/pudory1-300x267.jpg 300w, https:\/\/www.design-award.cz\/wp-content\/uploads\/2025\/05\/pudory1-768x683.jpg 768w, https:\/\/www.design-award.cz\/wp-content\/uploads\/2025\/05\/pudory1-1536x1366.jpg 1536w, https:\/\/www.design-award.cz\/wp-content\/uploads\/2025\/05\/pudory1-2048x1821.jpg 2048w, https:\/\/www.design-award.cz\/wp-content\/uploads\/2025\/05\/pudory1-500x445.jpg 500w, https:\/\/www.design-award.cz\/wp-content\/uploads\/2025\/05\/pudory1-800x711.jpg 800w, https:\/\/www.design-award.cz\/wp-content\/uploads\/2025\/05\/pudory1-1280x1138.jpg 1280w, https:\/\/www.design-award.cz\/wp-content\/uploads\/2025\/05\/pudory1-1920x1707.jpg 1920w\" data-sizes=\"(max-width: 1024px) 100vw, 1024px\" src=\"data:image\/svg+xml;base64,PHN2ZyB3aWR0aD0iMSIgaGVpZ2h0PSIxIiB4bWxucz0iaHR0cDovL3d3dy53My5vcmcvMjAwMC9zdmciPjwvc3ZnPg==\" style=\"--smush-placeholder-width: 1024px; --smush-placeholder-aspect-ratio: 1024\/911;\" \/><\/figure>\n","protected":false},"excerpt":{"rendered":"<p>Ane\u017eka Truchl\u00edkov\u00e1 St\u0159edn\u00ed \u0161kola designu a m\u00f3dy, Prost\u011bjov Loftov\u00e9 bydlen\u00ed \u00fazce souvis\u00ed s rekonverz\u00ed, a proto tomu nen\u00ed jinak ani v tomto projektu. P\u016fdorys bytu poch\u00e1z\u00ed z nov\u00e9ho n\u00e1vrhu v Praze, kde architektonick\u00e9 studio Mas\u00e1k &amp; Partner renovuje nevyu\u017eit\u00e9 prostory b\u00fdval\u00e9 \u010cKD tov\u00e1rny. V dne\u0161n\u00ed dob\u011b se sna\u017e\u00edme naj\u00edt vyu\u017eit\u00ed pro star\u00e9 v\u011bci, nejen kv\u016fli [&hellip;]<\/p>\n","protected":false},"author":2,"featured_media":4468,"menu_order":0,"comment_status":"closed","ping_status":"closed","template":"","format":"standard","meta":{"ngg_post_thumbnail":0,"ocean_post_layout":"","ocean_both_sidebars_style":"","ocean_both_sidebars_content_width":0,"ocean_both_sidebars_sidebars_width":0,"ocean_sidebar":"","ocean_second_sidebar":"","ocean_disable_margins":"enable","ocean_add_body_class":"","ocean_shortcode_before_top_bar":"","ocean_shortcode_after_top_bar":"","ocean_shortcode_before_header":"","ocean_shortcode_after_header":"","ocean_has_shortcode":"","ocean_shortcode_after_title":"","ocean_shortcode_before_footer_widgets":"","ocean_shortcode_after_footer_widgets":"","ocean_shortcode_before_footer_bottom":"","ocean_shortcode_after_footer_bottom":"","ocean_display_top_bar":"default","ocean_display_header":"default","ocean_header_style":"","ocean_center_header_left_menu":"","ocean_custom_header_template":"","ocean_custom_logo":0,"ocean_custom_retina_logo":0,"ocean_custom_logo_max_width":0,"ocean_custom_logo_tablet_max_width":0,"ocean_custom_logo_mobile_max_width":0,"ocean_custom_logo_max_height":0,"ocean_custom_logo_tablet_max_height":0,"ocean_custom_logo_mobile_max_height":0,"ocean_header_custom_menu":"","ocean_menu_typo_font_family":"","ocean_menu_typo_font_subset":"","ocean_menu_typo_font_size":0,"ocean_menu_typo_font_size_tablet":0,"ocean_menu_typo_font_size_mobile":0,"ocean_menu_typo_font_size_unit":"px","ocean_menu_typo_font_weight":"","ocean_menu_typo_font_weight_tablet":"","ocean_menu_typo_font_weight_mobile":"","ocean_menu_typo_transform":"","ocean_menu_typo_transform_tablet":"","ocean_menu_typo_transform_mobile":"","ocean_menu_typo_line_height":0,"ocean_menu_typo_line_height_tablet":0,"ocean_menu_typo_line_height_mobile":0,"ocean_menu_typo_line_height_unit":"","ocean_menu_typo_spacing":0,"ocean_menu_typo_spacing_tablet":0,"ocean_menu_typo_spacing_mobile":0,"ocean_menu_typo_spacing_unit":"","ocean_menu_link_color":"","ocean_menu_link_color_hover":"","ocean_menu_link_color_active":"","ocean_menu_link_background":"","ocean_menu_link_hover_background":"","ocean_menu_link_active_background":"","ocean_menu_social_links_bg":"","ocean_menu_social_hover_links_bg":"","ocean_menu_social_links_color":"","ocean_menu_social_hover_links_color":"","ocean_disable_title":"default","ocean_disable_heading":"default","ocean_post_title":"","ocean_post_subheading":"","ocean_post_title_style":"","ocean_post_title_background_color":"","ocean_post_title_background":0,"ocean_post_title_bg_image_position":"","ocean_post_title_bg_image_attachment":"","ocean_post_title_bg_image_repeat":"","ocean_post_title_bg_image_size":"","ocean_post_title_height":0,"ocean_post_title_bg_overlay":0.5,"ocean_post_title_bg_overlay_color":"","ocean_disable_breadcrumbs":"default","ocean_breadcrumbs_color":"","ocean_breadcrumbs_separator_color":"","ocean_breadcrumbs_links_color":"","ocean_breadcrumbs_links_hover_color":"","ocean_display_footer_widgets":"default","ocean_display_footer_bottom":"default","ocean_custom_footer_template":"","_vp_format_video_url":"","_vp_image_focal_point":[],"footnotes":""},"portfolio_category":[],"portfolio_tag":[],"class_list":["post-4467","portfolio","type-portfolio","status-publish","format-standard","has-post-thumbnail","hentry","entry","has-media"],"yoast_head":"<!-- This site is optimized with the Yoast SEO plugin v25.2 - https:\/\/yoast.com\/wordpress\/plugins\/seo\/ -->\n<title>Interi\u00e9rov\u00fd design - Loft - design-award.cz<\/title>\n<meta name=\"robots\" content=\"index, follow, max-snippet:-1, max-image-preview:large, max-video-preview:-1\" \/>\n<link rel=\"canonical\" href=\"https:\/\/www.design-award.cz\/?portfolio=interierovy-design-loft\" \/>\n<meta property=\"og:locale\" content=\"cs_CZ\" \/>\n<meta property=\"og:type\" content=\"article\" \/>\n<meta property=\"og:title\" content=\"Interi\u00e9rov\u00fd design - Loft - design-award.cz\" \/>\n<meta property=\"og:description\" content=\"Ane\u017eka Truchl\u00edkov\u00e1 St\u0159edn\u00ed \u0161kola designu a m\u00f3dy, Prost\u011bjov Loftov\u00e9 bydlen\u00ed \u00fazce souvis\u00ed s rekonverz\u00ed, a proto tomu nen\u00ed jinak ani v tomto projektu. P\u016fdorys bytu poch\u00e1z\u00ed z nov\u00e9ho n\u00e1vrhu v Praze, kde architektonick\u00e9 studio Mas\u00e1k &amp; Partner renovuje nevyu\u017eit\u00e9 prostory b\u00fdval\u00e9 \u010cKD tov\u00e1rny. V dne\u0161n\u00ed dob\u011b se sna\u017e\u00edme naj\u00edt vyu\u017eit\u00ed pro star\u00e9 v\u011bci, nejen kv\u016fli [&hellip;]\" \/>\n<meta property=\"og:url\" content=\"https:\/\/www.design-award.cz\/?portfolio=interierovy-design-loft\" \/>\n<meta property=\"og:site_name\" content=\"design-award.cz\" \/>\n<meta property=\"article:modified_time\" content=\"2025-05-28T08:09:21+00:00\" \/>\n<meta property=\"og:image\" content=\"http:\/\/www.design-award.cz\/wp-content\/uploads\/2025\/05\/HiPaint_17435202110051-scaled.jpg\" \/>\n\t<meta property=\"og:image:width\" content=\"2560\" \/>\n\t<meta property=\"og:image:height\" content=\"1920\" \/>\n\t<meta property=\"og:image:type\" content=\"image\/jpeg\" \/>\n<meta name=\"twitter:card\" content=\"summary_large_image\" \/>\n<meta name=\"twitter:label1\" content=\"Odhadovan\u00e1 doba \u010dten\u00ed\" \/>\n\t<meta name=\"twitter:data1\" content=\"2 minuty\" \/>\n<script type=\"application\/ld+json\" class=\"yoast-schema-graph\">{\"@context\":\"https:\/\/schema.org\",\"@graph\":[{\"@type\":\"WebPage\",\"@id\":\"https:\/\/www.design-award.cz\/?portfolio=interierovy-design-loft\",\"url\":\"https:\/\/www.design-award.cz\/?portfolio=interierovy-design-loft\",\"name\":\"Interi\u00e9rov\u00fd design - Loft - design-award.cz\",\"isPartOf\":{\"@id\":\"https:\/\/www.design-award.cz\/#website\"},\"primaryImageOfPage\":{\"@id\":\"https:\/\/www.design-award.cz\/?portfolio=interierovy-design-loft#primaryimage\"},\"image\":{\"@id\":\"https:\/\/www.design-award.cz\/?portfolio=interierovy-design-loft#primaryimage\"},\"thumbnailUrl\":\"https:\/\/www.design-award.cz\/wp-content\/uploads\/2025\/05\/HiPaint_17435202110051-scaled.jpg\",\"datePublished\":\"2025-05-08T14:39:10+00:00\",\"dateModified\":\"2025-05-28T08:09:21+00:00\",\"breadcrumb\":{\"@id\":\"https:\/\/www.design-award.cz\/?portfolio=interierovy-design-loft#breadcrumb\"},\"inLanguage\":\"cs\",\"potentialAction\":[{\"@type\":\"ReadAction\",\"target\":[\"https:\/\/www.design-award.cz\/?portfolio=interierovy-design-loft\"]}]},{\"@type\":\"ImageObject\",\"inLanguage\":\"cs\",\"@id\":\"https:\/\/www.design-award.cz\/?portfolio=interierovy-design-loft#primaryimage\",\"url\":\"https:\/\/www.design-award.cz\/wp-content\/uploads\/2025\/05\/HiPaint_17435202110051-scaled.jpg\",\"contentUrl\":\"https:\/\/www.design-award.cz\/wp-content\/uploads\/2025\/05\/HiPaint_17435202110051-scaled.jpg\",\"width\":2560,\"height\":1920},{\"@type\":\"BreadcrumbList\",\"@id\":\"https:\/\/www.design-award.cz\/?portfolio=interierovy-design-loft#breadcrumb\",\"itemListElement\":[{\"@type\":\"ListItem\",\"position\":1,\"name\":\"Dom\u016f\",\"item\":\"https:\/\/www.design-award.cz\/\"},{\"@type\":\"ListItem\",\"position\":2,\"name\":\"Portfolio Items\",\"item\":\"https:\/\/www.design-award.cz\/?post_type=portfolio\"},{\"@type\":\"ListItem\",\"position\":3,\"name\":\"Interi\u00e9rov\u00fd design &#8211; Loft\"}]},{\"@type\":\"WebSite\",\"@id\":\"https:\/\/www.design-award.cz\/#website\",\"url\":\"https:\/\/www.design-award.cz\/\",\"name\":\"design-award.cz\",\"description\":\"WARD vznikla v roce 2022. Je ur\u010dena p\u0159edev\u0161\u00edm student\u016fm st\u0159edn\u00edch um\u011bleck\u00fdch \u0161kol (S\u0160 a VO\u0160), kte\u0159\u00ed mohou bezplatn\u011b zaslat sv\u00e9 n\u00e1vrhy v uveden\u00fdch kategori\u00ed a tak pom\u011b\u0159it sv\u00e9 n\u00e1pady s konkurenc\u00ed sv\u00fdch vrstevn\u00edk\u016f. N\u00e1vrhy jsou n\u00e1sledn\u011b posouzeny nez\u00e1vislou porotou z \u0159ad v\u00fdtvarn\u00edk\u016f, pedagog\u016f a profesion\u00e1l\u016f z oboru.\",\"publisher\":{\"@id\":\"https:\/\/www.design-award.cz\/#organization\"},\"potentialAction\":[{\"@type\":\"SearchAction\",\"target\":{\"@type\":\"EntryPoint\",\"urlTemplate\":\"https:\/\/www.design-award.cz\/?s={search_term_string}\"},\"query-input\":{\"@type\":\"PropertyValueSpecification\",\"valueRequired\":true,\"valueName\":\"search_term_string\"}}],\"inLanguage\":\"cs\"},{\"@type\":\"Organization\",\"@id\":\"https:\/\/www.design-award.cz\/#organization\",\"name\":\"Design Award\",\"url\":\"https:\/\/www.design-award.cz\/\",\"logo\":{\"@type\":\"ImageObject\",\"inLanguage\":\"cs\",\"@id\":\"https:\/\/www.design-award.cz\/#\/schema\/logo\/image\/\",\"url\":\"http:\/\/www.design-award.cz\/wp-content\/uploads\/2021\/12\/hornilogo_design-award.png\",\"contentUrl\":\"http:\/\/www.design-award.cz\/wp-content\/uploads\/2021\/12\/hornilogo_design-award.png\",\"width\":800,\"height\":600,\"caption\":\"Design Award\"},\"image\":{\"@id\":\"https:\/\/www.design-award.cz\/#\/schema\/logo\/image\/\"},\"sameAs\":[\"https:\/\/www.instagram.com\/design_award\/\"]}]}<\/script>\n<!-- \/ Yoast SEO plugin. -->","yoast_head_json":{"title":"Interi\u00e9rov\u00fd design - Loft - design-award.cz","robots":{"index":"index","follow":"follow","max-snippet":"max-snippet:-1","max-image-preview":"max-image-preview:large","max-video-preview":"max-video-preview:-1"},"canonical":"https:\/\/www.design-award.cz\/?portfolio=interierovy-design-loft","og_locale":"cs_CZ","og_type":"article","og_title":"Interi\u00e9rov\u00fd design - Loft - design-award.cz","og_description":"Ane\u017eka Truchl\u00edkov\u00e1 St\u0159edn\u00ed \u0161kola designu a m\u00f3dy, Prost\u011bjov Loftov\u00e9 bydlen\u00ed \u00fazce souvis\u00ed s rekonverz\u00ed, a proto tomu nen\u00ed jinak ani v tomto projektu. P\u016fdorys bytu poch\u00e1z\u00ed z nov\u00e9ho n\u00e1vrhu v Praze, kde architektonick\u00e9 studio Mas\u00e1k &amp; Partner renovuje nevyu\u017eit\u00e9 prostory b\u00fdval\u00e9 \u010cKD tov\u00e1rny. V dne\u0161n\u00ed dob\u011b se sna\u017e\u00edme naj\u00edt vyu\u017eit\u00ed pro star\u00e9 v\u011bci, nejen kv\u016fli [&hellip;]","og_url":"https:\/\/www.design-award.cz\/?portfolio=interierovy-design-loft","og_site_name":"design-award.cz","article_modified_time":"2025-05-28T08:09:21+00:00","og_image":[{"width":2560,"height":1920,"url":"http:\/\/www.design-award.cz\/wp-content\/uploads\/2025\/05\/HiPaint_17435202110051-scaled.jpg","type":"image\/jpeg"}],"twitter_card":"summary_large_image","twitter_misc":{"Odhadovan\u00e1 doba \u010dten\u00ed":"2 minuty"},"schema":{"@context":"https:\/\/schema.org","@graph":[{"@type":"WebPage","@id":"https:\/\/www.design-award.cz\/?portfolio=interierovy-design-loft","url":"https:\/\/www.design-award.cz\/?portfolio=interierovy-design-loft","name":"Interi\u00e9rov\u00fd design - Loft - design-award.cz","isPartOf":{"@id":"https:\/\/www.design-award.cz\/#website"},"primaryImageOfPage":{"@id":"https:\/\/www.design-award.cz\/?portfolio=interierovy-design-loft#primaryimage"},"image":{"@id":"https:\/\/www.design-award.cz\/?portfolio=interierovy-design-loft#primaryimage"},"thumbnailUrl":"https:\/\/www.design-award.cz\/wp-content\/uploads\/2025\/05\/HiPaint_17435202110051-scaled.jpg","datePublished":"2025-05-08T14:39:10+00:00","dateModified":"2025-05-28T08:09:21+00:00","breadcrumb":{"@id":"https:\/\/www.design-award.cz\/?portfolio=interierovy-design-loft#breadcrumb"},"inLanguage":"cs","potentialAction":[{"@type":"ReadAction","target":["https:\/\/www.design-award.cz\/?portfolio=interierovy-design-loft"]}]},{"@type":"ImageObject","inLanguage":"cs","@id":"https:\/\/www.design-award.cz\/?portfolio=interierovy-design-loft#primaryimage","url":"https:\/\/www.design-award.cz\/wp-content\/uploads\/2025\/05\/HiPaint_17435202110051-scaled.jpg","contentUrl":"https:\/\/www.design-award.cz\/wp-content\/uploads\/2025\/05\/HiPaint_17435202110051-scaled.jpg","width":2560,"height":1920},{"@type":"BreadcrumbList","@id":"https:\/\/www.design-award.cz\/?portfolio=interierovy-design-loft#breadcrumb","itemListElement":[{"@type":"ListItem","position":1,"name":"Dom\u016f","item":"https:\/\/www.design-award.cz\/"},{"@type":"ListItem","position":2,"name":"Portfolio Items","item":"https:\/\/www.design-award.cz\/?post_type=portfolio"},{"@type":"ListItem","position":3,"name":"Interi\u00e9rov\u00fd design &#8211; Loft"}]},{"@type":"WebSite","@id":"https:\/\/www.design-award.cz\/#website","url":"https:\/\/www.design-award.cz\/","name":"design-award.cz","description":"WARD vznikla v roce 2022. Je ur\u010dena p\u0159edev\u0161\u00edm student\u016fm st\u0159edn\u00edch um\u011bleck\u00fdch \u0161kol (S\u0160 a VO\u0160), kte\u0159\u00ed mohou bezplatn\u011b zaslat sv\u00e9 n\u00e1vrhy v uveden\u00fdch kategori\u00ed a tak pom\u011b\u0159it sv\u00e9 n\u00e1pady s konkurenc\u00ed sv\u00fdch vrstevn\u00edk\u016f. N\u00e1vrhy jsou n\u00e1sledn\u011b posouzeny nez\u00e1vislou porotou z \u0159ad v\u00fdtvarn\u00edk\u016f, pedagog\u016f a profesion\u00e1l\u016f z oboru.","publisher":{"@id":"https:\/\/www.design-award.cz\/#organization"},"potentialAction":[{"@type":"SearchAction","target":{"@type":"EntryPoint","urlTemplate":"https:\/\/www.design-award.cz\/?s={search_term_string}"},"query-input":{"@type":"PropertyValueSpecification","valueRequired":true,"valueName":"search_term_string"}}],"inLanguage":"cs"},{"@type":"Organization","@id":"https:\/\/www.design-award.cz\/#organization","name":"Design Award","url":"https:\/\/www.design-award.cz\/","logo":{"@type":"ImageObject","inLanguage":"cs","@id":"https:\/\/www.design-award.cz\/#\/schema\/logo\/image\/","url":"http:\/\/www.design-award.cz\/wp-content\/uploads\/2021\/12\/hornilogo_design-award.png","contentUrl":"http:\/\/www.design-award.cz\/wp-content\/uploads\/2021\/12\/hornilogo_design-award.png","width":800,"height":600,"caption":"Design Award"},"image":{"@id":"https:\/\/www.design-award.cz\/#\/schema\/logo\/image\/"},"sameAs":["https:\/\/www.instagram.com\/design_award\/"]}]}},"_links":{"self":[{"href":"https:\/\/www.design-award.cz\/index.php?rest_route=\/wp\/v2\/portfolio\/4467","targetHints":{"allow":["GET"]}}],"collection":[{"href":"https:\/\/www.design-award.cz\/index.php?rest_route=\/wp\/v2\/portfolio"}],"about":[{"href":"https:\/\/www.design-award.cz\/index.php?rest_route=\/wp\/v2\/types\/portfolio"}],"author":[{"embeddable":true,"href":"https:\/\/www.design-award.cz\/index.php?rest_route=\/wp\/v2\/users\/2"}],"replies":[{"embeddable":true,"href":"https:\/\/www.design-award.cz\/index.php?rest_route=%2Fwp%2Fv2%2Fcomments&post=4467"}],"version-history":[{"count":1,"href":"https:\/\/www.design-award.cz\/index.php?rest_route=\/wp\/v2\/portfolio\/4467\/revisions"}],"predecessor-version":[{"id":4473,"href":"https:\/\/www.design-award.cz\/index.php?rest_route=\/wp\/v2\/portfolio\/4467\/revisions\/4473"}],"wp:featuredmedia":[{"embeddable":true,"href":"https:\/\/www.design-award.cz\/index.php?rest_route=\/wp\/v2\/media\/4468"}],"wp:attachment":[{"href":"https:\/\/www.design-award.cz\/index.php?rest_route=%2Fwp%2Fv2%2Fmedia&parent=4467"}],"wp:term":[{"taxonomy":"portfolio_category","embeddable":true,"href":"https:\/\/www.design-award.cz\/index.php?rest_route=%2Fwp%2Fv2%2Fportfolio_category&post=4467"},{"taxonomy":"portfolio_tag","embeddable":true,"href":"https:\/\/www.design-award.cz\/index.php?rest_route=%2Fwp%2Fv2%2Fportfolio_tag&post=4467"}],"curies":[{"name":"wp","href":"https:\/\/api.w.org\/{rel}","templated":true}]}}