{"id":4513,"date":"2025-05-28T07:57:28","date_gmt":"2025-05-28T07:57:28","guid":{"rendered":"https:\/\/www.design-award.cz\/?post_type=portfolio&#038;p=4513"},"modified":"2025-05-28T08:09:26","modified_gmt":"2025-05-28T08:09:26","slug":"produktovy-design-sedaci-souprava-azulejos","status":"publish","type":"portfolio","link":"https:\/\/www.design-award.cz\/?portfolio=produktovy-design-sedaci-souprava-azulejos","title":{"rendered":"Produktov\u00fd design &#8211; Sedac\u00ed souprava Azulejos"},"content":{"rendered":"\n<p><strong>B\u00e1ra Abrah\u00e1mkov\u00e1<\/strong><\/p>\n\n\n\n<p>Michael-St\u0159edn\u00ed \u0161kola, Gymn\u00e1zium a Vy\u0161\u0161\u00ed odborn\u00e1 \u0161kola, s.r.o.<\/p>\n\n\n\n<p><strong>Sedac\u00ed souprava Azulejos<\/strong> je zahradn\u00ed souprava ur\u010den\u00e1 pro d\u011bti i dosp\u011bl\u00e9. Svou barevnou kombinac\u00ed odkazuje na tradi\u010dn\u00ed portugalsk\u00e9 kachli\u010dky. Vynik\u00e1 jednoduch\u00fdmi liniemi a zaoblen\u00fdmi tvary, kter\u00e9 chr\u00e1n\u00ed d\u011bti p\u0159ed mo\u017en\u00fdm poran\u011bn\u00edm o ostr\u00e9 hrany.<\/p>\n\n\n\n<p>Souprava se skl\u00e1d\u00e1 ze t\u0159\u00ed stohovateln\u00fdch kus\u016f, tak\u017ee ji lze snadno uklidit. Prvn\u00edm prvkem je 45 cm vysok\u00e1 seda\u010dka, vhodn\u00e1 jak pro d\u011bti, tak pro dosp\u011bl\u00e9. Druh\u00fd d\u00edl m\u00e1 stejn\u00fd tvar a lze jej snadno zasunout do seda\u010dky. T\u0159et\u00ed, nejmen\u0161\u00ed kus, je ur\u010den p\u0159edev\u0161\u00edm pro d\u011bti \u2013 m\u016f\u017ee v\u0161ak poslou\u017eit tak\u00e9 jako plov\u00e1k do vody, proto\u017ee je dut\u00fd.<\/p>\n\n\n\n<p>Cel\u00fd n\u00e1bytek je vyroben z plastu, a proto je lehk\u00fd, snadno p\u0159enositeln\u00fd a omyvateln\u00fd.<\/p>\n\n\n\n<figure class=\"wp-block-image size-full\"><img decoding=\"async\" width=\"565\" height=\"800\" data-src=\"http:\/\/www.design-award.cz\/wp-content\/uploads\/2025\/05\/azulejos-final.jpg\" alt=\"\" class=\"wp-image-4518 lazyload\" data-srcset=\"https:\/\/www.design-award.cz\/wp-content\/uploads\/2025\/05\/azulejos-final.jpg 565w, https:\/\/www.design-award.cz\/wp-content\/uploads\/2025\/05\/azulejos-final-212x300.jpg 212w, https:\/\/www.design-award.cz\/wp-content\/uploads\/2025\/05\/azulejos-final-500x708.jpg 500w\" data-sizes=\"(max-width: 565px) 100vw, 565px\" src=\"data:image\/svg+xml;base64,PHN2ZyB3aWR0aD0iMSIgaGVpZ2h0PSIxIiB4bWxucz0iaHR0cDovL3d3dy53My5vcmcvMjAwMC9zdmciPjwvc3ZnPg==\" style=\"--smush-placeholder-width: 565px; --smush-placeholder-aspect-ratio: 565\/800;\" \/><\/figure>\n\n\n\n<figure class=\"wp-block-image size-full\"><img decoding=\"async\" width=\"735\" height=\"490\" data-src=\"http:\/\/www.design-award.cz\/wp-content\/uploads\/2025\/05\/Azulejos-zahrada.jpg\" alt=\"\" class=\"wp-image-4514 lazyload\" data-srcset=\"https:\/\/www.design-award.cz\/wp-content\/uploads\/2025\/05\/Azulejos-zahrada.jpg 735w, https:\/\/www.design-award.cz\/wp-content\/uploads\/2025\/05\/Azulejos-zahrada-300x200.jpg 300w, https:\/\/www.design-award.cz\/wp-content\/uploads\/2025\/05\/Azulejos-zahrada-500x333.jpg 500w\" data-sizes=\"(max-width: 735px) 100vw, 735px\" src=\"data:image\/svg+xml;base64,PHN2ZyB3aWR0aD0iMSIgaGVpZ2h0PSIxIiB4bWxucz0iaHR0cDovL3d3dy53My5vcmcvMjAwMC9zdmciPjwvc3ZnPg==\" style=\"--smush-placeholder-width: 735px; --smush-placeholder-aspect-ratio: 735\/490;\" \/><\/figure>\n\n\n\n<figure class=\"wp-block-image size-large\"><img decoding=\"async\" width=\"1024\" height=\"576\" data-src=\"http:\/\/www.design-award.cz\/wp-content\/uploads\/2025\/05\/render-2-1024x576.jpg\" alt=\"\" class=\"wp-image-4515 lazyload\" data-srcset=\"https:\/\/www.design-award.cz\/wp-content\/uploads\/2025\/05\/render-2-1024x576.jpg 1024w, https:\/\/www.design-award.cz\/wp-content\/uploads\/2025\/05\/render-2-300x169.jpg 300w, https:\/\/www.design-award.cz\/wp-content\/uploads\/2025\/05\/render-2-768x432.jpg 768w, https:\/\/www.design-award.cz\/wp-content\/uploads\/2025\/05\/render-2-1536x864.jpg 1536w, https:\/\/www.design-award.cz\/wp-content\/uploads\/2025\/05\/render-2-800x450.jpg 800w, https:\/\/www.design-award.cz\/wp-content\/uploads\/2025\/05\/render-2-500x281.jpg 500w, https:\/\/www.design-award.cz\/wp-content\/uploads\/2025\/05\/render-2-1280x720.jpg 1280w, https:\/\/www.design-award.cz\/wp-content\/uploads\/2025\/05\/render-2.jpg 1920w\" data-sizes=\"(max-width: 1024px) 100vw, 1024px\" src=\"data:image\/svg+xml;base64,PHN2ZyB3aWR0aD0iMSIgaGVpZ2h0PSIxIiB4bWxucz0iaHR0cDovL3d3dy53My5vcmcvMjAwMC9zdmciPjwvc3ZnPg==\" style=\"--smush-placeholder-width: 1024px; --smush-placeholder-aspect-ratio: 1024\/576;\" \/><\/figure>\n\n\n\n<figure class=\"wp-block-image size-full\"><img decoding=\"async\" width=\"902\" height=\"632\" data-src=\"http:\/\/www.design-award.cz\/wp-content\/uploads\/2025\/05\/Technicky-nakres-azulejos.jpg\" alt=\"\" class=\"wp-image-4517 lazyload\" data-srcset=\"https:\/\/www.design-award.cz\/wp-content\/uploads\/2025\/05\/Technicky-nakres-azulejos.jpg 902w, https:\/\/www.design-award.cz\/wp-content\/uploads\/2025\/05\/Technicky-nakres-azulejos-300x210.jpg 300w, https:\/\/www.design-award.cz\/wp-content\/uploads\/2025\/05\/Technicky-nakres-azulejos-768x538.jpg 768w, https:\/\/www.design-award.cz\/wp-content\/uploads\/2025\/05\/Technicky-nakres-azulejos-500x350.jpg 500w, https:\/\/www.design-award.cz\/wp-content\/uploads\/2025\/05\/Technicky-nakres-azulejos-800x561.jpg 800w\" data-sizes=\"(max-width: 902px) 100vw, 902px\" src=\"data:image\/svg+xml;base64,PHN2ZyB3aWR0aD0iMSIgaGVpZ2h0PSIxIiB4bWxucz0iaHR0cDovL3d3dy53My5vcmcvMjAwMC9zdmciPjwvc3ZnPg==\" style=\"--smush-placeholder-width: 902px; --smush-placeholder-aspect-ratio: 902\/632;\" \/><\/figure>\n","protected":false},"excerpt":{"rendered":"<p>B\u00e1ra Abrah\u00e1mkov\u00e1 Michael-St\u0159edn\u00ed \u0161kola, Gymn\u00e1zium a Vy\u0161\u0161\u00ed odborn\u00e1 \u0161kola, s.r.o. Sedac\u00ed souprava Azulejos je zahradn\u00ed souprava ur\u010den\u00e1 pro d\u011bti i dosp\u011bl\u00e9. Svou barevnou kombinac\u00ed odkazuje na tradi\u010dn\u00ed portugalsk\u00e9 kachli\u010dky. Vynik\u00e1 jednoduch\u00fdmi liniemi a zaoblen\u00fdmi tvary, kter\u00e9 chr\u00e1n\u00ed d\u011bti p\u0159ed mo\u017en\u00fdm poran\u011bn\u00edm o ostr\u00e9 hrany. Souprava se skl\u00e1d\u00e1 ze t\u0159\u00ed stohovateln\u00fdch kus\u016f, tak\u017ee ji lze snadno [&hellip;]<\/p>\n","protected":false},"author":2,"featured_media":4516,"menu_order":0,"comment_status":"closed","ping_status":"closed","template":"","format":"standard","meta":{"ngg_post_thumbnail":0,"ocean_post_layout":"","ocean_both_sidebars_style":"","ocean_both_sidebars_content_width":0,"ocean_both_sidebars_sidebars_width":0,"ocean_sidebar":"","ocean_second_sidebar":"","ocean_disable_margins":"enable","ocean_add_body_class":"","ocean_shortcode_before_top_bar":"","ocean_shortcode_after_top_bar":"","ocean_shortcode_before_header":"","ocean_shortcode_after_header":"","ocean_has_shortcode":"","ocean_shortcode_after_title":"","ocean_shortcode_before_footer_widgets":"","ocean_shortcode_after_footer_widgets":"","ocean_shortcode_before_footer_bottom":"","ocean_shortcode_after_footer_bottom":"","ocean_display_top_bar":"default","ocean_display_header":"default","ocean_header_style":"","ocean_center_header_left_menu":"","ocean_custom_header_template":"","ocean_custom_logo":0,"ocean_custom_retina_logo":0,"ocean_custom_logo_max_width":0,"ocean_custom_logo_tablet_max_width":0,"ocean_custom_logo_mobile_max_width":0,"ocean_custom_logo_max_height":0,"ocean_custom_logo_tablet_max_height":0,"ocean_custom_logo_mobile_max_height":0,"ocean_header_custom_menu":"","ocean_menu_typo_font_family":"","ocean_menu_typo_font_subset":"","ocean_menu_typo_font_size":0,"ocean_menu_typo_font_size_tablet":0,"ocean_menu_typo_font_size_mobile":0,"ocean_menu_typo_font_size_unit":"px","ocean_menu_typo_font_weight":"","ocean_menu_typo_font_weight_tablet":"","ocean_menu_typo_font_weight_mobile":"","ocean_menu_typo_transform":"","ocean_menu_typo_transform_tablet":"","ocean_menu_typo_transform_mobile":"","ocean_menu_typo_line_height":0,"ocean_menu_typo_line_height_tablet":0,"ocean_menu_typo_line_height_mobile":0,"ocean_menu_typo_line_height_unit":"","ocean_menu_typo_spacing":0,"ocean_menu_typo_spacing_tablet":0,"ocean_menu_typo_spacing_mobile":0,"ocean_menu_typo_spacing_unit":"","ocean_menu_link_color":"","ocean_menu_link_color_hover":"","ocean_menu_link_color_active":"","ocean_menu_link_background":"","ocean_menu_link_hover_background":"","ocean_menu_link_active_background":"","ocean_menu_social_links_bg":"","ocean_menu_social_hover_links_bg":"","ocean_menu_social_links_color":"","ocean_menu_social_hover_links_color":"","ocean_disable_title":"default","ocean_disable_heading":"default","ocean_post_title":"","ocean_post_subheading":"","ocean_post_title_style":"","ocean_post_title_background_color":"","ocean_post_title_background":0,"ocean_post_title_bg_image_position":"","ocean_post_title_bg_image_attachment":"","ocean_post_title_bg_image_repeat":"","ocean_post_title_bg_image_size":"","ocean_post_title_height":0,"ocean_post_title_bg_overlay":0.5,"ocean_post_title_bg_overlay_color":"","ocean_disable_breadcrumbs":"default","ocean_breadcrumbs_color":"","ocean_breadcrumbs_separator_color":"","ocean_breadcrumbs_links_color":"","ocean_breadcrumbs_links_hover_color":"","ocean_display_footer_widgets":"default","ocean_display_footer_bottom":"default","ocean_custom_footer_template":"","_vp_format_video_url":"","_vp_image_focal_point":[],"footnotes":""},"portfolio_category":[],"portfolio_tag":[],"class_list":["post-4513","portfolio","type-portfolio","status-publish","format-standard","has-post-thumbnail","hentry","entry","has-media"],"yoast_head":"<!-- This site is optimized with the Yoast SEO plugin v25.2 - https:\/\/yoast.com\/wordpress\/plugins\/seo\/ -->\n<title>Produktov\u00fd design - Sedac\u00ed souprava Azulejos - design-award.cz<\/title>\n<meta name=\"robots\" content=\"index, follow, max-snippet:-1, max-image-preview:large, max-video-preview:-1\" \/>\n<link rel=\"canonical\" href=\"https:\/\/www.design-award.cz\/?portfolio=produktovy-design-sedaci-souprava-azulejos\" \/>\n<meta property=\"og:locale\" content=\"cs_CZ\" \/>\n<meta property=\"og:type\" content=\"article\" \/>\n<meta property=\"og:title\" content=\"Produktov\u00fd design - Sedac\u00ed souprava Azulejos - design-award.cz\" \/>\n<meta property=\"og:description\" content=\"B\u00e1ra Abrah\u00e1mkov\u00e1 Michael-St\u0159edn\u00ed \u0161kola, Gymn\u00e1zium a Vy\u0161\u0161\u00ed odborn\u00e1 \u0161kola, s.r.o. Sedac\u00ed souprava Azulejos je zahradn\u00ed souprava ur\u010den\u00e1 pro d\u011bti i dosp\u011bl\u00e9. Svou barevnou kombinac\u00ed odkazuje na tradi\u010dn\u00ed portugalsk\u00e9 kachli\u010dky. Vynik\u00e1 jednoduch\u00fdmi liniemi a zaoblen\u00fdmi tvary, kter\u00e9 chr\u00e1n\u00ed d\u011bti p\u0159ed mo\u017en\u00fdm poran\u011bn\u00edm o ostr\u00e9 hrany. Souprava se skl\u00e1d\u00e1 ze t\u0159\u00ed stohovateln\u00fdch kus\u016f, tak\u017ee ji lze snadno [&hellip;]\" \/>\n<meta property=\"og:url\" content=\"https:\/\/www.design-award.cz\/?portfolio=produktovy-design-sedaci-souprava-azulejos\" \/>\n<meta property=\"og:site_name\" content=\"design-award.cz\" \/>\n<meta property=\"article:modified_time\" content=\"2025-05-28T08:09:26+00:00\" \/>\n<meta property=\"og:image\" content=\"http:\/\/www.design-award.cz\/wp-content\/uploads\/2025\/05\/render-samostatne-maly.jpg\" \/>\n\t<meta property=\"og:image:width\" content=\"1920\" \/>\n\t<meta property=\"og:image:height\" content=\"1080\" \/>\n\t<meta property=\"og:image:type\" content=\"image\/jpeg\" \/>\n<meta name=\"twitter:card\" content=\"summary_large_image\" \/>\n<meta name=\"twitter:label1\" content=\"Odhadovan\u00e1 doba \u010dten\u00ed\" \/>\n\t<meta name=\"twitter:data1\" content=\"2 minuty\" \/>\n<script type=\"application\/ld+json\" class=\"yoast-schema-graph\">{\"@context\":\"https:\/\/schema.org\",\"@graph\":[{\"@type\":\"WebPage\",\"@id\":\"https:\/\/www.design-award.cz\/?portfolio=produktovy-design-sedaci-souprava-azulejos\",\"url\":\"https:\/\/www.design-award.cz\/?portfolio=produktovy-design-sedaci-souprava-azulejos\",\"name\":\"Produktov\u00fd design - Sedac\u00ed souprava Azulejos - design-award.cz\",\"isPartOf\":{\"@id\":\"https:\/\/www.design-award.cz\/#website\"},\"primaryImageOfPage\":{\"@id\":\"https:\/\/www.design-award.cz\/?portfolio=produktovy-design-sedaci-souprava-azulejos#primaryimage\"},\"image\":{\"@id\":\"https:\/\/www.design-award.cz\/?portfolio=produktovy-design-sedaci-souprava-azulejos#primaryimage\"},\"thumbnailUrl\":\"https:\/\/www.design-award.cz\/wp-content\/uploads\/2025\/05\/render-samostatne-maly.jpg\",\"datePublished\":\"2025-05-28T07:57:28+00:00\",\"dateModified\":\"2025-05-28T08:09:26+00:00\",\"breadcrumb\":{\"@id\":\"https:\/\/www.design-award.cz\/?portfolio=produktovy-design-sedaci-souprava-azulejos#breadcrumb\"},\"inLanguage\":\"cs\",\"potentialAction\":[{\"@type\":\"ReadAction\",\"target\":[\"https:\/\/www.design-award.cz\/?portfolio=produktovy-design-sedaci-souprava-azulejos\"]}]},{\"@type\":\"ImageObject\",\"inLanguage\":\"cs\",\"@id\":\"https:\/\/www.design-award.cz\/?portfolio=produktovy-design-sedaci-souprava-azulejos#primaryimage\",\"url\":\"https:\/\/www.design-award.cz\/wp-content\/uploads\/2025\/05\/render-samostatne-maly.jpg\",\"contentUrl\":\"https:\/\/www.design-award.cz\/wp-content\/uploads\/2025\/05\/render-samostatne-maly.jpg\",\"width\":1920,\"height\":1080},{\"@type\":\"BreadcrumbList\",\"@id\":\"https:\/\/www.design-award.cz\/?portfolio=produktovy-design-sedaci-souprava-azulejos#breadcrumb\",\"itemListElement\":[{\"@type\":\"ListItem\",\"position\":1,\"name\":\"Dom\u016f\",\"item\":\"https:\/\/www.design-award.cz\/\"},{\"@type\":\"ListItem\",\"position\":2,\"name\":\"Portfolio Items\",\"item\":\"https:\/\/www.design-award.cz\/?post_type=portfolio\"},{\"@type\":\"ListItem\",\"position\":3,\"name\":\"Produktov\u00fd design &#8211; Sedac\u00ed souprava Azulejos\"}]},{\"@type\":\"WebSite\",\"@id\":\"https:\/\/www.design-award.cz\/#website\",\"url\":\"https:\/\/www.design-award.cz\/\",\"name\":\"design-award.cz\",\"description\":\"WARD vznikla v roce 2022. Je ur\u010dena p\u0159edev\u0161\u00edm student\u016fm st\u0159edn\u00edch um\u011bleck\u00fdch \u0161kol (S\u0160 a VO\u0160), kte\u0159\u00ed mohou bezplatn\u011b zaslat sv\u00e9 n\u00e1vrhy v uveden\u00fdch kategori\u00ed a tak pom\u011b\u0159it sv\u00e9 n\u00e1pady s konkurenc\u00ed sv\u00fdch vrstevn\u00edk\u016f. N\u00e1vrhy jsou n\u00e1sledn\u011b posouzeny nez\u00e1vislou porotou z \u0159ad v\u00fdtvarn\u00edk\u016f, pedagog\u016f a profesion\u00e1l\u016f z oboru.\",\"publisher\":{\"@id\":\"https:\/\/www.design-award.cz\/#organization\"},\"potentialAction\":[{\"@type\":\"SearchAction\",\"target\":{\"@type\":\"EntryPoint\",\"urlTemplate\":\"https:\/\/www.design-award.cz\/?s={search_term_string}\"},\"query-input\":{\"@type\":\"PropertyValueSpecification\",\"valueRequired\":true,\"valueName\":\"search_term_string\"}}],\"inLanguage\":\"cs\"},{\"@type\":\"Organization\",\"@id\":\"https:\/\/www.design-award.cz\/#organization\",\"name\":\"Design Award\",\"url\":\"https:\/\/www.design-award.cz\/\",\"logo\":{\"@type\":\"ImageObject\",\"inLanguage\":\"cs\",\"@id\":\"https:\/\/www.design-award.cz\/#\/schema\/logo\/image\/\",\"url\":\"http:\/\/www.design-award.cz\/wp-content\/uploads\/2021\/12\/hornilogo_design-award.png\",\"contentUrl\":\"http:\/\/www.design-award.cz\/wp-content\/uploads\/2021\/12\/hornilogo_design-award.png\",\"width\":800,\"height\":600,\"caption\":\"Design Award\"},\"image\":{\"@id\":\"https:\/\/www.design-award.cz\/#\/schema\/logo\/image\/\"},\"sameAs\":[\"https:\/\/www.instagram.com\/design_award\/\"]}]}<\/script>\n<!-- \/ Yoast SEO plugin. -->","yoast_head_json":{"title":"Produktov\u00fd design - Sedac\u00ed souprava Azulejos - design-award.cz","robots":{"index":"index","follow":"follow","max-snippet":"max-snippet:-1","max-image-preview":"max-image-preview:large","max-video-preview":"max-video-preview:-1"},"canonical":"https:\/\/www.design-award.cz\/?portfolio=produktovy-design-sedaci-souprava-azulejos","og_locale":"cs_CZ","og_type":"article","og_title":"Produktov\u00fd design - Sedac\u00ed souprava Azulejos - design-award.cz","og_description":"B\u00e1ra Abrah\u00e1mkov\u00e1 Michael-St\u0159edn\u00ed \u0161kola, Gymn\u00e1zium a Vy\u0161\u0161\u00ed odborn\u00e1 \u0161kola, s.r.o. Sedac\u00ed souprava Azulejos je zahradn\u00ed souprava ur\u010den\u00e1 pro d\u011bti i dosp\u011bl\u00e9. Svou barevnou kombinac\u00ed odkazuje na tradi\u010dn\u00ed portugalsk\u00e9 kachli\u010dky. Vynik\u00e1 jednoduch\u00fdmi liniemi a zaoblen\u00fdmi tvary, kter\u00e9 chr\u00e1n\u00ed d\u011bti p\u0159ed mo\u017en\u00fdm poran\u011bn\u00edm o ostr\u00e9 hrany. Souprava se skl\u00e1d\u00e1 ze t\u0159\u00ed stohovateln\u00fdch kus\u016f, tak\u017ee ji lze snadno [&hellip;]","og_url":"https:\/\/www.design-award.cz\/?portfolio=produktovy-design-sedaci-souprava-azulejos","og_site_name":"design-award.cz","article_modified_time":"2025-05-28T08:09:26+00:00","og_image":[{"width":1920,"height":1080,"url":"http:\/\/www.design-award.cz\/wp-content\/uploads\/2025\/05\/render-samostatne-maly.jpg","type":"image\/jpeg"}],"twitter_card":"summary_large_image","twitter_misc":{"Odhadovan\u00e1 doba \u010dten\u00ed":"2 minuty"},"schema":{"@context":"https:\/\/schema.org","@graph":[{"@type":"WebPage","@id":"https:\/\/www.design-award.cz\/?portfolio=produktovy-design-sedaci-souprava-azulejos","url":"https:\/\/www.design-award.cz\/?portfolio=produktovy-design-sedaci-souprava-azulejos","name":"Produktov\u00fd design - Sedac\u00ed souprava Azulejos - design-award.cz","isPartOf":{"@id":"https:\/\/www.design-award.cz\/#website"},"primaryImageOfPage":{"@id":"https:\/\/www.design-award.cz\/?portfolio=produktovy-design-sedaci-souprava-azulejos#primaryimage"},"image":{"@id":"https:\/\/www.design-award.cz\/?portfolio=produktovy-design-sedaci-souprava-azulejos#primaryimage"},"thumbnailUrl":"https:\/\/www.design-award.cz\/wp-content\/uploads\/2025\/05\/render-samostatne-maly.jpg","datePublished":"2025-05-28T07:57:28+00:00","dateModified":"2025-05-28T08:09:26+00:00","breadcrumb":{"@id":"https:\/\/www.design-award.cz\/?portfolio=produktovy-design-sedaci-souprava-azulejos#breadcrumb"},"inLanguage":"cs","potentialAction":[{"@type":"ReadAction","target":["https:\/\/www.design-award.cz\/?portfolio=produktovy-design-sedaci-souprava-azulejos"]}]},{"@type":"ImageObject","inLanguage":"cs","@id":"https:\/\/www.design-award.cz\/?portfolio=produktovy-design-sedaci-souprava-azulejos#primaryimage","url":"https:\/\/www.design-award.cz\/wp-content\/uploads\/2025\/05\/render-samostatne-maly.jpg","contentUrl":"https:\/\/www.design-award.cz\/wp-content\/uploads\/2025\/05\/render-samostatne-maly.jpg","width":1920,"height":1080},{"@type":"BreadcrumbList","@id":"https:\/\/www.design-award.cz\/?portfolio=produktovy-design-sedaci-souprava-azulejos#breadcrumb","itemListElement":[{"@type":"ListItem","position":1,"name":"Dom\u016f","item":"https:\/\/www.design-award.cz\/"},{"@type":"ListItem","position":2,"name":"Portfolio Items","item":"https:\/\/www.design-award.cz\/?post_type=portfolio"},{"@type":"ListItem","position":3,"name":"Produktov\u00fd design &#8211; Sedac\u00ed souprava Azulejos"}]},{"@type":"WebSite","@id":"https:\/\/www.design-award.cz\/#website","url":"https:\/\/www.design-award.cz\/","name":"design-award.cz","description":"WARD vznikla v roce 2022. Je ur\u010dena p\u0159edev\u0161\u00edm student\u016fm st\u0159edn\u00edch um\u011bleck\u00fdch \u0161kol (S\u0160 a VO\u0160), kte\u0159\u00ed mohou bezplatn\u011b zaslat sv\u00e9 n\u00e1vrhy v uveden\u00fdch kategori\u00ed a tak pom\u011b\u0159it sv\u00e9 n\u00e1pady s konkurenc\u00ed sv\u00fdch vrstevn\u00edk\u016f. N\u00e1vrhy jsou n\u00e1sledn\u011b posouzeny nez\u00e1vislou porotou z \u0159ad v\u00fdtvarn\u00edk\u016f, pedagog\u016f a profesion\u00e1l\u016f z oboru.","publisher":{"@id":"https:\/\/www.design-award.cz\/#organization"},"potentialAction":[{"@type":"SearchAction","target":{"@type":"EntryPoint","urlTemplate":"https:\/\/www.design-award.cz\/?s={search_term_string}"},"query-input":{"@type":"PropertyValueSpecification","valueRequired":true,"valueName":"search_term_string"}}],"inLanguage":"cs"},{"@type":"Organization","@id":"https:\/\/www.design-award.cz\/#organization","name":"Design Award","url":"https:\/\/www.design-award.cz\/","logo":{"@type":"ImageObject","inLanguage":"cs","@id":"https:\/\/www.design-award.cz\/#\/schema\/logo\/image\/","url":"http:\/\/www.design-award.cz\/wp-content\/uploads\/2021\/12\/hornilogo_design-award.png","contentUrl":"http:\/\/www.design-award.cz\/wp-content\/uploads\/2021\/12\/hornilogo_design-award.png","width":800,"height":600,"caption":"Design Award"},"image":{"@id":"https:\/\/www.design-award.cz\/#\/schema\/logo\/image\/"},"sameAs":["https:\/\/www.instagram.com\/design_award\/"]}]}},"_links":{"self":[{"href":"https:\/\/www.design-award.cz\/index.php?rest_route=\/wp\/v2\/portfolio\/4513","targetHints":{"allow":["GET"]}}],"collection":[{"href":"https:\/\/www.design-award.cz\/index.php?rest_route=\/wp\/v2\/portfolio"}],"about":[{"href":"https:\/\/www.design-award.cz\/index.php?rest_route=\/wp\/v2\/types\/portfolio"}],"author":[{"embeddable":true,"href":"https:\/\/www.design-award.cz\/index.php?rest_route=\/wp\/v2\/users\/2"}],"replies":[{"embeddable":true,"href":"https:\/\/www.design-award.cz\/index.php?rest_route=%2Fwp%2Fv2%2Fcomments&post=4513"}],"version-history":[{"count":1,"href":"https:\/\/www.design-award.cz\/index.php?rest_route=\/wp\/v2\/portfolio\/4513\/revisions"}],"predecessor-version":[{"id":4519,"href":"https:\/\/www.design-award.cz\/index.php?rest_route=\/wp\/v2\/portfolio\/4513\/revisions\/4519"}],"wp:featuredmedia":[{"embeddable":true,"href":"https:\/\/www.design-award.cz\/index.php?rest_route=\/wp\/v2\/media\/4516"}],"wp:attachment":[{"href":"https:\/\/www.design-award.cz\/index.php?rest_route=%2Fwp%2Fv2%2Fmedia&parent=4513"}],"wp:term":[{"taxonomy":"portfolio_category","embeddable":true,"href":"https:\/\/www.design-award.cz\/index.php?rest_route=%2Fwp%2Fv2%2Fportfolio_category&post=4513"},{"taxonomy":"portfolio_tag","embeddable":true,"href":"https:\/\/www.design-award.cz\/index.php?rest_route=%2Fwp%2Fv2%2Fportfolio_tag&post=4513"}],"curies":[{"name":"wp","href":"https:\/\/api.w.org\/{rel}","templated":true}]}}