{"id":4521,"date":"2025-05-28T08:06:04","date_gmt":"2025-05-28T08:06:04","guid":{"rendered":"https:\/\/www.design-award.cz\/?post_type=portfolio&#038;p=4521"},"modified":"2025-05-28T08:09:55","modified_gmt":"2025-05-28T08:09:55","slug":"produktovy-design-kreslo-mycer","status":"publish","type":"portfolio","link":"https:\/\/www.design-award.cz\/?portfolio=produktovy-design-kreslo-mycer","title":{"rendered":"Produktov\u00fd design &#8211; K\u0159eslo MYCER"},"content":{"rendered":"\n<p><strong>Nat\u00e1lie Hlav\u00e1\u010dkov\u00e1<\/strong><\/p>\n\n\n\n<p>MICHAEL &#8211; S\u0160 a VO\u0160 reklamn\u00ed a um\u011bleck\u00e9 tvorby, s.r.o.<\/p>\n\n\n\n<p>K\u0159eslo je navr\u017eeno tak, aby bylo pohodln\u00e9 k sezen\u00ed a z\u00e1rove\u0148 vizu\u00e1ln\u011b zaj\u00edmav\u00e9 \u2013 dopl\u0148uje tak v\u011bt\u0161inu interi\u00e9r\u016f. Jeho nejv\u00fdrazn\u011bj\u0161\u00ed vlastnost\u00ed je konstrukce slo\u017een\u00e1 z jednotliv\u00fdch d\u00edl\u016f, kter\u00e9 se samostatn\u011b nasazuj\u00ed na st\u0159edov\u00fd v\u00e1lec.<\/p>\n\n\n\n<p>Materi\u00e1lem pou\u017eit\u00fdm pro v\u00fdrobu hlavn\u00edch \u010d\u00e1st\u00ed k\u0159esla je <strong>mycelium<\/strong>. Konstruk\u010dn\u00ed prvky, kter\u00e9 k\u0159eslo zpev\u0148uj\u00ed a dr\u017e\u00ed pohromad\u011b, zahrnuj\u00ed st\u0159edov\u00fd v\u00e1lec, oh\u00fdban\u00e9 d\u0159evo veden\u00e9 po horn\u00ed \u010d\u00e1sti vysok\u00fdch d\u00edl\u016f, a dv\u011b kruhov\u00e9 plo\u0161iny um\u00edst\u011bn\u00e9 pod sed\u00e1kem a na spodn\u00ed \u010d\u00e1sti k\u0159esla. Tyto \u010d\u00e1sti jsou vyrobeny z p\u0159ekli\u017eky, kter\u00e1 umoc\u0148uje p\u0159\u00edrodn\u00ed charakter cel\u00e9ho objektu.<\/p>\n\n\n\n<h3 class=\"wp-block-heading\">Co je mycelium?<\/h3>\n\n\n\n<p><strong>Mycelium<\/strong>, neboli podhoub\u00ed, je syst\u00e9m propleten\u00fdch vl\u00e1ken hub, kter\u00e9 pror\u016fstaj\u00ed p\u016fdu v s\u00edt\u00edch dlouh\u00fdch a\u017e des\u00edtky kilometr\u016f. Lze si jej p\u0159edstavit jako podzemn\u00ed s\u00ed\u0165 podobnou ko\u0159en\u016fm rostlin \u2013 s t\u00edm rozd\u00edlem, \u017ee v jednom krychlov\u00e9m centimetru p\u016fdy m\u016f\u017ee m\u00edt mycelium stovky metr\u016f vl\u00e1ken, zat\u00edmco ko\u0159eny pouze n\u011bkolik.<\/p>\n\n\n\n<p>Jedine\u010dnou vlastnost\u00ed mycelia je jeho schopnost regenerace \u2013 i po rozm\u011bln\u011bn\u00ed z\u016fst\u00e1v\u00e1 \u017eiv\u00e9. Vlo\u017een\u00e9 do formy znovu sroste do kompaktn\u00edho celku, \u010d\u00edm\u017e z\u00edsk\u00e1 p\u0159esn\u011b dan\u00fd tvar. Po vysu\u0161en\u00ed se r\u016fst zastav\u00ed a vznikne pevn\u00fd materi\u00e1l, p\u0159ipraven\u00fd k dal\u0161\u00edmu zpracov\u00e1n\u00ed, jako je impregnace nebo barven\u00ed.<\/p>\n\n\n\n<p><em>(Zdroj informac\u00ed o myceliu: <a class=\"\" href=\"https:\/\/inovaceodburinky.cz\">inovaceodburinky.cz<\/a>)<\/em><\/p>\n\n\n\n<p>m\u016fj instagram: https:\/\/www.instagram.com\/n.hlavackovaa <\/p>\n\n\n\n<figure class=\"wp-block-image size-full\"><img decoding=\"async\" width=\"7016\" height=\"9933\" data-src=\"http:\/\/www.design-award.cz\/wp-content\/uploads\/2025\/05\/plakat-.jpg\" alt=\"\" class=\"wp-image-4523 lazyload\" src=\"data:image\/svg+xml;base64,PHN2ZyB3aWR0aD0iMSIgaGVpZ2h0PSIxIiB4bWxucz0iaHR0cDovL3d3dy53My5vcmcvMjAwMC9zdmciPjwvc3ZnPg==\" style=\"--smush-placeholder-width: 7016px; --smush-placeholder-aspect-ratio: 7016\/9933;\" \/><\/figure>\n\n\n\n<figure class=\"wp-block-image size-full\"><img decoding=\"async\" width=\"736\" height=\"981\" data-src=\"http:\/\/www.design-award.cz\/wp-content\/uploads\/2025\/05\/render-maly-1.jpg\" alt=\"\" class=\"wp-image-4525 lazyload\" data-srcset=\"https:\/\/www.design-award.cz\/wp-content\/uploads\/2025\/05\/render-maly-1.jpg 736w, https:\/\/www.design-award.cz\/wp-content\/uploads\/2025\/05\/render-maly-1-225x300.jpg 225w, https:\/\/www.design-award.cz\/wp-content\/uploads\/2025\/05\/render-maly-1-500x666.jpg 500w\" data-sizes=\"(max-width: 736px) 100vw, 736px\" src=\"data:image\/svg+xml;base64,PHN2ZyB3aWR0aD0iMSIgaGVpZ2h0PSIxIiB4bWxucz0iaHR0cDovL3d3dy53My5vcmcvMjAwMC9zdmciPjwvc3ZnPg==\" style=\"--smush-placeholder-width: 736px; --smush-placeholder-aspect-ratio: 736\/981;\" \/><\/figure>\n\n\n\n<figure class=\"wp-block-image size-large\"><img decoding=\"async\" width=\"1024\" height=\"724\" data-src=\"http:\/\/www.design-award.cz\/wp-content\/uploads\/2025\/05\/kreslo-tech.-vykres-1024x724.jpg\" alt=\"\" class=\"wp-image-4522 lazyload\" data-srcset=\"https:\/\/www.design-award.cz\/wp-content\/uploads\/2025\/05\/kreslo-tech.-vykres-1024x724.jpg 1024w, https:\/\/www.design-award.cz\/wp-content\/uploads\/2025\/05\/kreslo-tech.-vykres-300x212.jpg 300w, https:\/\/www.design-award.cz\/wp-content\/uploads\/2025\/05\/kreslo-tech.-vykres-768x543.jpg 768w, https:\/\/www.design-award.cz\/wp-content\/uploads\/2025\/05\/kreslo-tech.-vykres-500x353.jpg 500w, https:\/\/www.design-award.cz\/wp-content\/uploads\/2025\/05\/kreslo-tech.-vykres-800x565.jpg 800w, https:\/\/www.design-award.cz\/wp-content\/uploads\/2025\/05\/kreslo-tech.-vykres.jpg 1190w\" data-sizes=\"(max-width: 1024px) 100vw, 1024px\" src=\"data:image\/svg+xml;base64,PHN2ZyB3aWR0aD0iMSIgaGVpZ2h0PSIxIiB4bWxucz0iaHR0cDovL3d3dy53My5vcmcvMjAwMC9zdmciPjwvc3ZnPg==\" style=\"--smush-placeholder-width: 1024px; --smush-placeholder-aspect-ratio: 1024\/724;\" \/><\/figure>\n","protected":false},"excerpt":{"rendered":"<p>Nat\u00e1lie Hlav\u00e1\u010dkov\u00e1 MICHAEL &#8211; S\u0160 a VO\u0160 reklamn\u00ed a um\u011bleck\u00e9 tvorby, s.r.o. K\u0159eslo je navr\u017eeno tak, aby bylo pohodln\u00e9 k sezen\u00ed a z\u00e1rove\u0148 vizu\u00e1ln\u011b zaj\u00edmav\u00e9 \u2013 dopl\u0148uje tak v\u011bt\u0161inu interi\u00e9r\u016f. Jeho nejv\u00fdrazn\u011bj\u0161\u00ed vlastnost\u00ed je konstrukce slo\u017een\u00e1 z jednotliv\u00fdch d\u00edl\u016f, kter\u00e9 se samostatn\u011b nasazuj\u00ed na st\u0159edov\u00fd v\u00e1lec. Materi\u00e1lem pou\u017eit\u00fdm pro v\u00fdrobu hlavn\u00edch \u010d\u00e1st\u00ed k\u0159esla je mycelium. [&hellip;]<\/p>\n","protected":false},"author":2,"featured_media":4524,"menu_order":0,"comment_status":"closed","ping_status":"closed","template":"","format":"standard","meta":{"ngg_post_thumbnail":0,"ocean_post_layout":"","ocean_both_sidebars_style":"","ocean_both_sidebars_content_width":0,"ocean_both_sidebars_sidebars_width":0,"ocean_sidebar":"","ocean_second_sidebar":"","ocean_disable_margins":"enable","ocean_add_body_class":"","ocean_shortcode_before_top_bar":"","ocean_shortcode_after_top_bar":"","ocean_shortcode_before_header":"","ocean_shortcode_after_header":"","ocean_has_shortcode":"","ocean_shortcode_after_title":"","ocean_shortcode_before_footer_widgets":"","ocean_shortcode_after_footer_widgets":"","ocean_shortcode_before_footer_bottom":"","ocean_shortcode_after_footer_bottom":"","ocean_display_top_bar":"default","ocean_display_header":"default","ocean_header_style":"","ocean_center_header_left_menu":"","ocean_custom_header_template":"","ocean_custom_logo":0,"ocean_custom_retina_logo":0,"ocean_custom_logo_max_width":0,"ocean_custom_logo_tablet_max_width":0,"ocean_custom_logo_mobile_max_width":0,"ocean_custom_logo_max_height":0,"ocean_custom_logo_tablet_max_height":0,"ocean_custom_logo_mobile_max_height":0,"ocean_header_custom_menu":"","ocean_menu_typo_font_family":"","ocean_menu_typo_font_subset":"","ocean_menu_typo_font_size":0,"ocean_menu_typo_font_size_tablet":0,"ocean_menu_typo_font_size_mobile":0,"ocean_menu_typo_font_size_unit":"px","ocean_menu_typo_font_weight":"","ocean_menu_typo_font_weight_tablet":"","ocean_menu_typo_font_weight_mobile":"","ocean_menu_typo_transform":"","ocean_menu_typo_transform_tablet":"","ocean_menu_typo_transform_mobile":"","ocean_menu_typo_line_height":0,"ocean_menu_typo_line_height_tablet":0,"ocean_menu_typo_line_height_mobile":0,"ocean_menu_typo_line_height_unit":"","ocean_menu_typo_spacing":0,"ocean_menu_typo_spacing_tablet":0,"ocean_menu_typo_spacing_mobile":0,"ocean_menu_typo_spacing_unit":"","ocean_menu_link_color":"","ocean_menu_link_color_hover":"","ocean_menu_link_color_active":"","ocean_menu_link_background":"","ocean_menu_link_hover_background":"","ocean_menu_link_active_background":"","ocean_menu_social_links_bg":"","ocean_menu_social_hover_links_bg":"","ocean_menu_social_links_color":"","ocean_menu_social_hover_links_color":"","ocean_disable_title":"default","ocean_disable_heading":"default","ocean_post_title":"","ocean_post_subheading":"","ocean_post_title_style":"","ocean_post_title_background_color":"","ocean_post_title_background":0,"ocean_post_title_bg_image_position":"","ocean_post_title_bg_image_attachment":"","ocean_post_title_bg_image_repeat":"","ocean_post_title_bg_image_size":"","ocean_post_title_height":0,"ocean_post_title_bg_overlay":0.5,"ocean_post_title_bg_overlay_color":"","ocean_disable_breadcrumbs":"default","ocean_breadcrumbs_color":"","ocean_breadcrumbs_separator_color":"","ocean_breadcrumbs_links_color":"","ocean_breadcrumbs_links_hover_color":"","ocean_display_footer_widgets":"default","ocean_display_footer_bottom":"default","ocean_custom_footer_template":"","_vp_format_video_url":"","_vp_image_focal_point":[],"footnotes":""},"portfolio_category":[],"portfolio_tag":[],"class_list":["post-4521","portfolio","type-portfolio","status-publish","format-standard","has-post-thumbnail","hentry","entry","has-media"],"yoast_head":"<!-- This site is optimized with the Yoast SEO plugin v25.2 - https:\/\/yoast.com\/wordpress\/plugins\/seo\/ -->\n<title>Produktov\u00fd design - K\u0159eslo MYCER - design-award.cz<\/title>\n<meta name=\"robots\" content=\"index, follow, max-snippet:-1, max-image-preview:large, max-video-preview:-1\" \/>\n<link rel=\"canonical\" href=\"https:\/\/www.design-award.cz\/?portfolio=produktovy-design-kreslo-mycer\" \/>\n<meta property=\"og:locale\" content=\"cs_CZ\" \/>\n<meta property=\"og:type\" content=\"article\" \/>\n<meta property=\"og:title\" content=\"Produktov\u00fd design - K\u0159eslo MYCER - design-award.cz\" \/>\n<meta property=\"og:description\" content=\"Nat\u00e1lie Hlav\u00e1\u010dkov\u00e1 MICHAEL &#8211; S\u0160 a VO\u0160 reklamn\u00ed a um\u011bleck\u00e9 tvorby, s.r.o. K\u0159eslo je navr\u017eeno tak, aby bylo pohodln\u00e9 k sezen\u00ed a z\u00e1rove\u0148 vizu\u00e1ln\u011b zaj\u00edmav\u00e9 \u2013 dopl\u0148uje tak v\u011bt\u0161inu interi\u00e9r\u016f. Jeho nejv\u00fdrazn\u011bj\u0161\u00ed vlastnost\u00ed je konstrukce slo\u017een\u00e1 z jednotliv\u00fdch d\u00edl\u016f, kter\u00e9 se samostatn\u011b nasazuj\u00ed na st\u0159edov\u00fd v\u00e1lec. Materi\u00e1lem pou\u017eit\u00fdm pro v\u00fdrobu hlavn\u00edch \u010d\u00e1st\u00ed k\u0159esla je mycelium. [&hellip;]\" \/>\n<meta property=\"og:url\" content=\"https:\/\/www.design-award.cz\/?portfolio=produktovy-design-kreslo-mycer\" \/>\n<meta property=\"og:site_name\" content=\"design-award.cz\" \/>\n<meta property=\"article:modified_time\" content=\"2025-05-28T08:09:55+00:00\" \/>\n<meta property=\"og:image\" content=\"http:\/\/www.design-award.cz\/wp-content\/uploads\/2025\/05\/render-maly-.jpg\" \/>\n\t<meta property=\"og:image:width\" content=\"1727\" \/>\n\t<meta property=\"og:image:height\" content=\"844\" \/>\n\t<meta property=\"og:image:type\" content=\"image\/jpeg\" \/>\n<meta name=\"twitter:card\" content=\"summary_large_image\" \/>\n<meta name=\"twitter:label1\" content=\"Odhadovan\u00e1 doba \u010dten\u00ed\" \/>\n\t<meta name=\"twitter:data1\" content=\"2 minuty\" \/>\n<script type=\"application\/ld+json\" class=\"yoast-schema-graph\">{\"@context\":\"https:\/\/schema.org\",\"@graph\":[{\"@type\":\"WebPage\",\"@id\":\"https:\/\/www.design-award.cz\/?portfolio=produktovy-design-kreslo-mycer\",\"url\":\"https:\/\/www.design-award.cz\/?portfolio=produktovy-design-kreslo-mycer\",\"name\":\"Produktov\u00fd design - K\u0159eslo MYCER - design-award.cz\",\"isPartOf\":{\"@id\":\"https:\/\/www.design-award.cz\/#website\"},\"primaryImageOfPage\":{\"@id\":\"https:\/\/www.design-award.cz\/?portfolio=produktovy-design-kreslo-mycer#primaryimage\"},\"image\":{\"@id\":\"https:\/\/www.design-award.cz\/?portfolio=produktovy-design-kreslo-mycer#primaryimage\"},\"thumbnailUrl\":\"https:\/\/www.design-award.cz\/wp-content\/uploads\/2025\/05\/render-maly-.jpg\",\"datePublished\":\"2025-05-28T08:06:04+00:00\",\"dateModified\":\"2025-05-28T08:09:55+00:00\",\"breadcrumb\":{\"@id\":\"https:\/\/www.design-award.cz\/?portfolio=produktovy-design-kreslo-mycer#breadcrumb\"},\"inLanguage\":\"cs\",\"potentialAction\":[{\"@type\":\"ReadAction\",\"target\":[\"https:\/\/www.design-award.cz\/?portfolio=produktovy-design-kreslo-mycer\"]}]},{\"@type\":\"ImageObject\",\"inLanguage\":\"cs\",\"@id\":\"https:\/\/www.design-award.cz\/?portfolio=produktovy-design-kreslo-mycer#primaryimage\",\"url\":\"https:\/\/www.design-award.cz\/wp-content\/uploads\/2025\/05\/render-maly-.jpg\",\"contentUrl\":\"https:\/\/www.design-award.cz\/wp-content\/uploads\/2025\/05\/render-maly-.jpg\",\"width\":1727,\"height\":844},{\"@type\":\"BreadcrumbList\",\"@id\":\"https:\/\/www.design-award.cz\/?portfolio=produktovy-design-kreslo-mycer#breadcrumb\",\"itemListElement\":[{\"@type\":\"ListItem\",\"position\":1,\"name\":\"Dom\u016f\",\"item\":\"https:\/\/www.design-award.cz\/\"},{\"@type\":\"ListItem\",\"position\":2,\"name\":\"Portfolio Items\",\"item\":\"https:\/\/www.design-award.cz\/?post_type=portfolio\"},{\"@type\":\"ListItem\",\"position\":3,\"name\":\"Produktov\u00fd design &#8211; K\u0159eslo MYCER\"}]},{\"@type\":\"WebSite\",\"@id\":\"https:\/\/www.design-award.cz\/#website\",\"url\":\"https:\/\/www.design-award.cz\/\",\"name\":\"design-award.cz\",\"description\":\"WARD vznikla v roce 2022. Je ur\u010dena p\u0159edev\u0161\u00edm student\u016fm st\u0159edn\u00edch um\u011bleck\u00fdch \u0161kol (S\u0160 a VO\u0160), kte\u0159\u00ed mohou bezplatn\u011b zaslat sv\u00e9 n\u00e1vrhy v uveden\u00fdch kategori\u00ed a tak pom\u011b\u0159it sv\u00e9 n\u00e1pady s konkurenc\u00ed sv\u00fdch vrstevn\u00edk\u016f. N\u00e1vrhy jsou n\u00e1sledn\u011b posouzeny nez\u00e1vislou porotou z \u0159ad v\u00fdtvarn\u00edk\u016f, pedagog\u016f a profesion\u00e1l\u016f z oboru.\",\"publisher\":{\"@id\":\"https:\/\/www.design-award.cz\/#organization\"},\"potentialAction\":[{\"@type\":\"SearchAction\",\"target\":{\"@type\":\"EntryPoint\",\"urlTemplate\":\"https:\/\/www.design-award.cz\/?s={search_term_string}\"},\"query-input\":{\"@type\":\"PropertyValueSpecification\",\"valueRequired\":true,\"valueName\":\"search_term_string\"}}],\"inLanguage\":\"cs\"},{\"@type\":\"Organization\",\"@id\":\"https:\/\/www.design-award.cz\/#organization\",\"name\":\"Design Award\",\"url\":\"https:\/\/www.design-award.cz\/\",\"logo\":{\"@type\":\"ImageObject\",\"inLanguage\":\"cs\",\"@id\":\"https:\/\/www.design-award.cz\/#\/schema\/logo\/image\/\",\"url\":\"http:\/\/www.design-award.cz\/wp-content\/uploads\/2021\/12\/hornilogo_design-award.png\",\"contentUrl\":\"http:\/\/www.design-award.cz\/wp-content\/uploads\/2021\/12\/hornilogo_design-award.png\",\"width\":800,\"height\":600,\"caption\":\"Design Award\"},\"image\":{\"@id\":\"https:\/\/www.design-award.cz\/#\/schema\/logo\/image\/\"},\"sameAs\":[\"https:\/\/www.instagram.com\/design_award\/\"]}]}<\/script>\n<!-- \/ Yoast SEO plugin. -->","yoast_head_json":{"title":"Produktov\u00fd design - K\u0159eslo MYCER - design-award.cz","robots":{"index":"index","follow":"follow","max-snippet":"max-snippet:-1","max-image-preview":"max-image-preview:large","max-video-preview":"max-video-preview:-1"},"canonical":"https:\/\/www.design-award.cz\/?portfolio=produktovy-design-kreslo-mycer","og_locale":"cs_CZ","og_type":"article","og_title":"Produktov\u00fd design - K\u0159eslo MYCER - design-award.cz","og_description":"Nat\u00e1lie Hlav\u00e1\u010dkov\u00e1 MICHAEL &#8211; S\u0160 a VO\u0160 reklamn\u00ed a um\u011bleck\u00e9 tvorby, s.r.o. K\u0159eslo je navr\u017eeno tak, aby bylo pohodln\u00e9 k sezen\u00ed a z\u00e1rove\u0148 vizu\u00e1ln\u011b zaj\u00edmav\u00e9 \u2013 dopl\u0148uje tak v\u011bt\u0161inu interi\u00e9r\u016f. Jeho nejv\u00fdrazn\u011bj\u0161\u00ed vlastnost\u00ed je konstrukce slo\u017een\u00e1 z jednotliv\u00fdch d\u00edl\u016f, kter\u00e9 se samostatn\u011b nasazuj\u00ed na st\u0159edov\u00fd v\u00e1lec. Materi\u00e1lem pou\u017eit\u00fdm pro v\u00fdrobu hlavn\u00edch \u010d\u00e1st\u00ed k\u0159esla je mycelium. [&hellip;]","og_url":"https:\/\/www.design-award.cz\/?portfolio=produktovy-design-kreslo-mycer","og_site_name":"design-award.cz","article_modified_time":"2025-05-28T08:09:55+00:00","og_image":[{"width":1727,"height":844,"url":"http:\/\/www.design-award.cz\/wp-content\/uploads\/2025\/05\/render-maly-.jpg","type":"image\/jpeg"}],"twitter_card":"summary_large_image","twitter_misc":{"Odhadovan\u00e1 doba \u010dten\u00ed":"2 minuty"},"schema":{"@context":"https:\/\/schema.org","@graph":[{"@type":"WebPage","@id":"https:\/\/www.design-award.cz\/?portfolio=produktovy-design-kreslo-mycer","url":"https:\/\/www.design-award.cz\/?portfolio=produktovy-design-kreslo-mycer","name":"Produktov\u00fd design - K\u0159eslo MYCER - design-award.cz","isPartOf":{"@id":"https:\/\/www.design-award.cz\/#website"},"primaryImageOfPage":{"@id":"https:\/\/www.design-award.cz\/?portfolio=produktovy-design-kreslo-mycer#primaryimage"},"image":{"@id":"https:\/\/www.design-award.cz\/?portfolio=produktovy-design-kreslo-mycer#primaryimage"},"thumbnailUrl":"https:\/\/www.design-award.cz\/wp-content\/uploads\/2025\/05\/render-maly-.jpg","datePublished":"2025-05-28T08:06:04+00:00","dateModified":"2025-05-28T08:09:55+00:00","breadcrumb":{"@id":"https:\/\/www.design-award.cz\/?portfolio=produktovy-design-kreslo-mycer#breadcrumb"},"inLanguage":"cs","potentialAction":[{"@type":"ReadAction","target":["https:\/\/www.design-award.cz\/?portfolio=produktovy-design-kreslo-mycer"]}]},{"@type":"ImageObject","inLanguage":"cs","@id":"https:\/\/www.design-award.cz\/?portfolio=produktovy-design-kreslo-mycer#primaryimage","url":"https:\/\/www.design-award.cz\/wp-content\/uploads\/2025\/05\/render-maly-.jpg","contentUrl":"https:\/\/www.design-award.cz\/wp-content\/uploads\/2025\/05\/render-maly-.jpg","width":1727,"height":844},{"@type":"BreadcrumbList","@id":"https:\/\/www.design-award.cz\/?portfolio=produktovy-design-kreslo-mycer#breadcrumb","itemListElement":[{"@type":"ListItem","position":1,"name":"Dom\u016f","item":"https:\/\/www.design-award.cz\/"},{"@type":"ListItem","position":2,"name":"Portfolio Items","item":"https:\/\/www.design-award.cz\/?post_type=portfolio"},{"@type":"ListItem","position":3,"name":"Produktov\u00fd design &#8211; K\u0159eslo MYCER"}]},{"@type":"WebSite","@id":"https:\/\/www.design-award.cz\/#website","url":"https:\/\/www.design-award.cz\/","name":"design-award.cz","description":"WARD vznikla v roce 2022. Je ur\u010dena p\u0159edev\u0161\u00edm student\u016fm st\u0159edn\u00edch um\u011bleck\u00fdch \u0161kol (S\u0160 a VO\u0160), kte\u0159\u00ed mohou bezplatn\u011b zaslat sv\u00e9 n\u00e1vrhy v uveden\u00fdch kategori\u00ed a tak pom\u011b\u0159it sv\u00e9 n\u00e1pady s konkurenc\u00ed sv\u00fdch vrstevn\u00edk\u016f. N\u00e1vrhy jsou n\u00e1sledn\u011b posouzeny nez\u00e1vislou porotou z \u0159ad v\u00fdtvarn\u00edk\u016f, pedagog\u016f a profesion\u00e1l\u016f z oboru.","publisher":{"@id":"https:\/\/www.design-award.cz\/#organization"},"potentialAction":[{"@type":"SearchAction","target":{"@type":"EntryPoint","urlTemplate":"https:\/\/www.design-award.cz\/?s={search_term_string}"},"query-input":{"@type":"PropertyValueSpecification","valueRequired":true,"valueName":"search_term_string"}}],"inLanguage":"cs"},{"@type":"Organization","@id":"https:\/\/www.design-award.cz\/#organization","name":"Design Award","url":"https:\/\/www.design-award.cz\/","logo":{"@type":"ImageObject","inLanguage":"cs","@id":"https:\/\/www.design-award.cz\/#\/schema\/logo\/image\/","url":"http:\/\/www.design-award.cz\/wp-content\/uploads\/2021\/12\/hornilogo_design-award.png","contentUrl":"http:\/\/www.design-award.cz\/wp-content\/uploads\/2021\/12\/hornilogo_design-award.png","width":800,"height":600,"caption":"Design Award"},"image":{"@id":"https:\/\/www.design-award.cz\/#\/schema\/logo\/image\/"},"sameAs":["https:\/\/www.instagram.com\/design_award\/"]}]}},"_links":{"self":[{"href":"https:\/\/www.design-award.cz\/index.php?rest_route=\/wp\/v2\/portfolio\/4521","targetHints":{"allow":["GET"]}}],"collection":[{"href":"https:\/\/www.design-award.cz\/index.php?rest_route=\/wp\/v2\/portfolio"}],"about":[{"href":"https:\/\/www.design-award.cz\/index.php?rest_route=\/wp\/v2\/types\/portfolio"}],"author":[{"embeddable":true,"href":"https:\/\/www.design-award.cz\/index.php?rest_route=\/wp\/v2\/users\/2"}],"replies":[{"embeddable":true,"href":"https:\/\/www.design-award.cz\/index.php?rest_route=%2Fwp%2Fv2%2Fcomments&post=4521"}],"version-history":[{"count":1,"href":"https:\/\/www.design-award.cz\/index.php?rest_route=\/wp\/v2\/portfolio\/4521\/revisions"}],"predecessor-version":[{"id":4526,"href":"https:\/\/www.design-award.cz\/index.php?rest_route=\/wp\/v2\/portfolio\/4521\/revisions\/4526"}],"wp:featuredmedia":[{"embeddable":true,"href":"https:\/\/www.design-award.cz\/index.php?rest_route=\/wp\/v2\/media\/4524"}],"wp:attachment":[{"href":"https:\/\/www.design-award.cz\/index.php?rest_route=%2Fwp%2Fv2%2Fmedia&parent=4521"}],"wp:term":[{"taxonomy":"portfolio_category","embeddable":true,"href":"https:\/\/www.design-award.cz\/index.php?rest_route=%2Fwp%2Fv2%2Fportfolio_category&post=4521"},{"taxonomy":"portfolio_tag","embeddable":true,"href":"https:\/\/www.design-award.cz\/index.php?rest_route=%2Fwp%2Fv2%2Fportfolio_tag&post=4521"}],"curies":[{"name":"wp","href":"https:\/\/api.w.org\/{rel}","templated":true}]}}