{"id":4539,"date":"2025-05-29T06:50:02","date_gmt":"2025-05-29T06:50:02","guid":{"rendered":"https:\/\/www.design-award.cz\/?post_type=portfolio&#038;p=4539"},"modified":"2025-05-29T07:07:29","modified_gmt":"2025-05-29T07:07:29","slug":"interierovy-design-navrh-kuchynskeho-prostoru-when-less-is-more","status":"publish","type":"portfolio","link":"https:\/\/www.design-award.cz\/?portfolio=interierovy-design-navrh-kuchynskeho-prostoru-when-less-is-more","title":{"rendered":"Interi\u00e9rov\u00fd design &#8211; N\u00c1VRH KUCHY\u0147SK\u00c9HO PROSTORU WHEN LESS IS MORE"},"content":{"rendered":"\n<p><strong>Melisa Palochov\u00e1<\/strong><\/p>\n\n\n\n<p>MICHAEL &#8211; S\u0160 a VO\u0160 reklamn\u00ed a um\u011bleck\u00e9 tvorby, s.r.o.<\/p>\n\n\n\n<p>Zad\u00e1n\u00edm klauzurn\u00ed pr\u00e1ce byl n\u00e1vrh interi\u00e9ru kuchyn\u011b. Klientem je mlad\u00fd nezadan\u00fd mu\u017e, kter\u00fd r\u00e1d host\u00ed p\u0159\u00e1tele u ve\u010de\u0159e. \u010c\u00e1st m\u00edstnosti o rozm\u011brech 4 900 \u00d7 3 200 mm s v\u00fdklenkem m\u00e1 p\u0159irozen\u00fd zdroj sv\u011btla v okn\u011b o \u0161\u00ed\u0159ce 1 500 mm. Na kuchy\u0148 navazuje ob\u00fdvac\u00ed \u010d\u00e1st, jen\u017e m\u00e1 dva vstupy \u2013 klasick\u00e9 dve\u0159e a prosklen\u00fd vchod do exteri\u00e9ru.<\/p>\n\n\n\n<p>N\u00e1vrh je inspirovan\u00fd n\u011bmeckou \u0161kolou Bauhaus, zn\u00e1mou pro sv\u016fj d\u016fraz na funk\u010dnost, minimalismus a propojen\u00ed architektury s \u0159emeslem. Motto Bauhausu \u201em\u00e9n\u011b je v\u00edce\u201c se projevuje v jednoduchosti a \u010distot\u011b designu. \u010cist\u00fd b\u00edl\u00fd interi\u00e9r akcentuje barvy a geometrick\u00e9 tvary, kter\u00e9 charakterizuj\u00ed tento styl Bauhausu.<\/p>\n\n\n\n<p>C\u00edlem bylo vytvo\u0159it praktick\u00fd a otev\u0159en\u00fd prostor, kter\u00fd umo\u017en\u00ed hostiteli b\u00fdt v kontaktu s hosty i b\u011bhem va\u0159en\u00ed. Pracovn\u00ed deska je z odoln\u00e9ho um\u011bl\u00e9ho kamene bez sp\u00e1r, dv\u00ed\u0159ka jsou lakovan\u00e1 v matn\u00e9m proveden\u00ed a na podlaze je modern\u00ed betonov\u00e1 st\u011brka. V\u00fdsledkem je modern\u00ed a funk\u010dn\u00ed interi\u00e9r, kter\u00fd podporuje spole\u010densk\u00fd charakter klientova \u017eivota.<\/p>\n\n\n\n<figure class=\"wp-block-image size-full\"><img decoding=\"async\" width=\"684\" height=\"973\" data-src=\"http:\/\/www.design-award.cz\/wp-content\/uploads\/2025\/05\/MelisaPalochova_kuchyn-plakat.jpg\" alt=\"\" class=\"wp-image-4541 lazyload\" data-srcset=\"https:\/\/www.design-award.cz\/wp-content\/uploads\/2025\/05\/MelisaPalochova_kuchyn-plakat.jpg 684w, https:\/\/www.design-award.cz\/wp-content\/uploads\/2025\/05\/MelisaPalochova_kuchyn-plakat-211x300.jpg 211w, https:\/\/www.design-award.cz\/wp-content\/uploads\/2025\/05\/MelisaPalochova_kuchyn-plakat-500x711.jpg 500w\" data-sizes=\"(max-width: 684px) 100vw, 684px\" src=\"data:image\/svg+xml;base64,PHN2ZyB3aWR0aD0iMSIgaGVpZ2h0PSIxIiB4bWxucz0iaHR0cDovL3d3dy53My5vcmcvMjAwMC9zdmciPjwvc3ZnPg==\" style=\"--smush-placeholder-width: 684px; --smush-placeholder-aspect-ratio: 684\/973;\" \/><\/figure>\n\n\n\n<figure class=\"wp-block-image size-large\"><img decoding=\"async\" width=\"768\" height=\"1024\" data-src=\"http:\/\/www.design-award.cz\/wp-content\/uploads\/2025\/05\/MelisaPalochova_kuchyn-top-768x1024.jpg\" alt=\"\" class=\"wp-image-4542 lazyload\" data-srcset=\"https:\/\/www.design-award.cz\/wp-content\/uploads\/2025\/05\/MelisaPalochova_kuchyn-top-768x1024.jpg 768w, https:\/\/www.design-award.cz\/wp-content\/uploads\/2025\/05\/MelisaPalochova_kuchyn-top-225x300.jpg 225w, https:\/\/www.design-award.cz\/wp-content\/uploads\/2025\/05\/MelisaPalochova_kuchyn-top-500x667.jpg 500w, https:\/\/www.design-award.cz\/wp-content\/uploads\/2025\/05\/MelisaPalochova_kuchyn-top-800x1067.jpg 800w, https:\/\/www.design-award.cz\/wp-content\/uploads\/2025\/05\/MelisaPalochova_kuchyn-top.jpg 810w\" data-sizes=\"(max-width: 768px) 100vw, 768px\" src=\"data:image\/svg+xml;base64,PHN2ZyB3aWR0aD0iMSIgaGVpZ2h0PSIxIiB4bWxucz0iaHR0cDovL3d3dy53My5vcmcvMjAwMC9zdmciPjwvc3ZnPg==\" style=\"--smush-placeholder-width: 768px; --smush-placeholder-aspect-ratio: 768\/1024;\" \/><\/figure>\n\n\n\n<figure class=\"wp-block-image size-large\"><img decoding=\"async\" width=\"1024\" height=\"768\" data-src=\"http:\/\/www.design-award.cz\/wp-content\/uploads\/2025\/05\/MelisaPalochova_kuchyn-bok-1024x768.jpg\" alt=\"\" class=\"wp-image-4544 lazyload\" data-srcset=\"https:\/\/www.design-award.cz\/wp-content\/uploads\/2025\/05\/MelisaPalochova_kuchyn-bok-1024x768.jpg 1024w, https:\/\/www.design-award.cz\/wp-content\/uploads\/2025\/05\/MelisaPalochova_kuchyn-bok-300x225.jpg 300w, https:\/\/www.design-award.cz\/wp-content\/uploads\/2025\/05\/MelisaPalochova_kuchyn-bok-768x576.jpg 768w, https:\/\/www.design-award.cz\/wp-content\/uploads\/2025\/05\/MelisaPalochova_kuchyn-bok-500x375.jpg 500w, https:\/\/www.design-award.cz\/wp-content\/uploads\/2025\/05\/MelisaPalochova_kuchyn-bok-800x600.jpg 800w, https:\/\/www.design-award.cz\/wp-content\/uploads\/2025\/05\/MelisaPalochova_kuchyn-bok.jpg 1134w\" data-sizes=\"(max-width: 1024px) 100vw, 1024px\" src=\"data:image\/svg+xml;base64,PHN2ZyB3aWR0aD0iMSIgaGVpZ2h0PSIxIiB4bWxucz0iaHR0cDovL3d3dy53My5vcmcvMjAwMC9zdmciPjwvc3ZnPg==\" style=\"--smush-placeholder-width: 1024px; --smush-placeholder-aspect-ratio: 1024\/768;\" \/><\/figure>\n\n\n\n<figure class=\"wp-block-image size-large\"><img decoding=\"async\" width=\"1024\" height=\"672\" data-src=\"http:\/\/www.design-award.cz\/wp-content\/uploads\/2025\/05\/MelisaPalochova_kuchyn-dis-1024x672.jpg\" alt=\"\" class=\"wp-image-4540 lazyload\" data-srcset=\"https:\/\/www.design-award.cz\/wp-content\/uploads\/2025\/05\/MelisaPalochova_kuchyn-dis-1024x672.jpg 1024w, https:\/\/www.design-award.cz\/wp-content\/uploads\/2025\/05\/MelisaPalochova_kuchyn-dis-300x197.jpg 300w, https:\/\/www.design-award.cz\/wp-content\/uploads\/2025\/05\/MelisaPalochova_kuchyn-dis-768x504.jpg 768w, https:\/\/www.design-award.cz\/wp-content\/uploads\/2025\/05\/MelisaPalochova_kuchyn-dis-500x328.jpg 500w, https:\/\/www.design-award.cz\/wp-content\/uploads\/2025\/05\/MelisaPalochova_kuchyn-dis-800x525.jpg 800w, https:\/\/www.design-award.cz\/wp-content\/uploads\/2025\/05\/MelisaPalochova_kuchyn-dis-1280x840.jpg 1280w, https:\/\/www.design-award.cz\/wp-content\/uploads\/2025\/05\/MelisaPalochova_kuchyn-dis.jpg 1440w\" data-sizes=\"(max-width: 1024px) 100vw, 1024px\" src=\"data:image\/svg+xml;base64,PHN2ZyB3aWR0aD0iMSIgaGVpZ2h0PSIxIiB4bWxucz0iaHR0cDovL3d3dy53My5vcmcvMjAwMC9zdmciPjwvc3ZnPg==\" style=\"--smush-placeholder-width: 1024px; --smush-placeholder-aspect-ratio: 1024\/672;\" \/><\/figure>\n","protected":false},"excerpt":{"rendered":"<p>Melisa Palochov\u00e1 MICHAEL &#8211; S\u0160 a VO\u0160 reklamn\u00ed a um\u011bleck\u00e9 tvorby, s.r.o. Zad\u00e1n\u00edm klauzurn\u00ed pr\u00e1ce byl n\u00e1vrh interi\u00e9ru kuchyn\u011b. Klientem je mlad\u00fd nezadan\u00fd mu\u017e, kter\u00fd r\u00e1d host\u00ed p\u0159\u00e1tele u ve\u010de\u0159e. \u010c\u00e1st m\u00edstnosti o rozm\u011brech 4 900 \u00d7 3 200 mm s v\u00fdklenkem m\u00e1 p\u0159irozen\u00fd zdroj sv\u011btla v okn\u011b o \u0161\u00ed\u0159ce 1 500 mm. Na kuchy\u0148 [&hellip;]<\/p>\n","protected":false},"author":2,"featured_media":4543,"menu_order":0,"comment_status":"closed","ping_status":"closed","template":"","format":"standard","meta":{"ngg_post_thumbnail":0,"ocean_post_layout":"","ocean_both_sidebars_style":"","ocean_both_sidebars_content_width":0,"ocean_both_sidebars_sidebars_width":0,"ocean_sidebar":"","ocean_second_sidebar":"","ocean_disable_margins":"enable","ocean_add_body_class":"","ocean_shortcode_before_top_bar":"","ocean_shortcode_after_top_bar":"","ocean_shortcode_before_header":"","ocean_shortcode_after_header":"","ocean_has_shortcode":"","ocean_shortcode_after_title":"","ocean_shortcode_before_footer_widgets":"","ocean_shortcode_after_footer_widgets":"","ocean_shortcode_before_footer_bottom":"","ocean_shortcode_after_footer_bottom":"","ocean_display_top_bar":"default","ocean_display_header":"default","ocean_header_style":"","ocean_center_header_left_menu":"","ocean_custom_header_template":"","ocean_custom_logo":0,"ocean_custom_retina_logo":0,"ocean_custom_logo_max_width":0,"ocean_custom_logo_tablet_max_width":0,"ocean_custom_logo_mobile_max_width":0,"ocean_custom_logo_max_height":0,"ocean_custom_logo_tablet_max_height":0,"ocean_custom_logo_mobile_max_height":0,"ocean_header_custom_menu":"","ocean_menu_typo_font_family":"","ocean_menu_typo_font_subset":"","ocean_menu_typo_font_size":0,"ocean_menu_typo_font_size_tablet":0,"ocean_menu_typo_font_size_mobile":0,"ocean_menu_typo_font_size_unit":"px","ocean_menu_typo_font_weight":"","ocean_menu_typo_font_weight_tablet":"","ocean_menu_typo_font_weight_mobile":"","ocean_menu_typo_transform":"","ocean_menu_typo_transform_tablet":"","ocean_menu_typo_transform_mobile":"","ocean_menu_typo_line_height":0,"ocean_menu_typo_line_height_tablet":0,"ocean_menu_typo_line_height_mobile":0,"ocean_menu_typo_line_height_unit":"","ocean_menu_typo_spacing":0,"ocean_menu_typo_spacing_tablet":0,"ocean_menu_typo_spacing_mobile":0,"ocean_menu_typo_spacing_unit":"","ocean_menu_link_color":"","ocean_menu_link_color_hover":"","ocean_menu_link_color_active":"","ocean_menu_link_background":"","ocean_menu_link_hover_background":"","ocean_menu_link_active_background":"","ocean_menu_social_links_bg":"","ocean_menu_social_hover_links_bg":"","ocean_menu_social_links_color":"","ocean_menu_social_hover_links_color":"","ocean_disable_title":"default","ocean_disable_heading":"default","ocean_post_title":"","ocean_post_subheading":"","ocean_post_title_style":"","ocean_post_title_background_color":"","ocean_post_title_background":0,"ocean_post_title_bg_image_position":"","ocean_post_title_bg_image_attachment":"","ocean_post_title_bg_image_repeat":"","ocean_post_title_bg_image_size":"","ocean_post_title_height":0,"ocean_post_title_bg_overlay":0.5,"ocean_post_title_bg_overlay_color":"","ocean_disable_breadcrumbs":"default","ocean_breadcrumbs_color":"","ocean_breadcrumbs_separator_color":"","ocean_breadcrumbs_links_color":"","ocean_breadcrumbs_links_hover_color":"","ocean_display_footer_widgets":"default","ocean_display_footer_bottom":"default","ocean_custom_footer_template":"","_vp_format_video_url":"","_vp_image_focal_point":[],"footnotes":""},"portfolio_category":[],"portfolio_tag":[],"class_list":["post-4539","portfolio","type-portfolio","status-publish","format-standard","has-post-thumbnail","hentry","entry","has-media"],"yoast_head":"<!-- This site is optimized with the Yoast SEO plugin v25.2 - https:\/\/yoast.com\/wordpress\/plugins\/seo\/ -->\n<title>Interi\u00e9rov\u00fd design - N\u00c1VRH KUCHY\u0147SK\u00c9HO PROSTORU WHEN LESS IS MORE - design-award.cz<\/title>\n<meta name=\"robots\" content=\"index, follow, max-snippet:-1, max-image-preview:large, max-video-preview:-1\" \/>\n<link rel=\"canonical\" href=\"https:\/\/www.design-award.cz\/?portfolio=interierovy-design-navrh-kuchynskeho-prostoru-when-less-is-more\" \/>\n<meta property=\"og:locale\" content=\"cs_CZ\" \/>\n<meta property=\"og:type\" content=\"article\" \/>\n<meta property=\"og:title\" content=\"Interi\u00e9rov\u00fd design - N\u00c1VRH KUCHY\u0147SK\u00c9HO PROSTORU WHEN LESS IS MORE - design-award.cz\" \/>\n<meta property=\"og:description\" content=\"Melisa Palochov\u00e1 MICHAEL &#8211; S\u0160 a VO\u0160 reklamn\u00ed a um\u011bleck\u00e9 tvorby, s.r.o. Zad\u00e1n\u00edm klauzurn\u00ed pr\u00e1ce byl n\u00e1vrh interi\u00e9ru kuchyn\u011b. Klientem je mlad\u00fd nezadan\u00fd mu\u017e, kter\u00fd r\u00e1d host\u00ed p\u0159\u00e1tele u ve\u010de\u0159e. \u010c\u00e1st m\u00edstnosti o rozm\u011brech 4 900 \u00d7 3 200 mm s v\u00fdklenkem m\u00e1 p\u0159irozen\u00fd zdroj sv\u011btla v okn\u011b o \u0161\u00ed\u0159ce 1 500 mm. Na kuchy\u0148 [&hellip;]\" \/>\n<meta property=\"og:url\" content=\"https:\/\/www.design-award.cz\/?portfolio=interierovy-design-navrh-kuchynskeho-prostoru-when-less-is-more\" \/>\n<meta property=\"og:site_name\" content=\"design-award.cz\" \/>\n<meta property=\"article:modified_time\" content=\"2025-05-29T07:07:29+00:00\" \/>\n<meta property=\"og:image\" content=\"http:\/\/www.design-award.cz\/wp-content\/uploads\/2025\/05\/MelisaPalochova_kuchyn_linka.jpg\" \/>\n\t<meta property=\"og:image:width\" content=\"1134\" \/>\n\t<meta property=\"og:image:height\" content=\"850\" \/>\n\t<meta property=\"og:image:type\" content=\"image\/jpeg\" \/>\n<meta name=\"twitter:card\" content=\"summary_large_image\" \/>\n<meta name=\"twitter:label1\" content=\"Odhadovan\u00e1 doba \u010dten\u00ed\" \/>\n\t<meta name=\"twitter:data1\" content=\"2 minuty\" \/>\n<script type=\"application\/ld+json\" class=\"yoast-schema-graph\">{\"@context\":\"https:\/\/schema.org\",\"@graph\":[{\"@type\":\"WebPage\",\"@id\":\"https:\/\/www.design-award.cz\/?portfolio=interierovy-design-navrh-kuchynskeho-prostoru-when-less-is-more\",\"url\":\"https:\/\/www.design-award.cz\/?portfolio=interierovy-design-navrh-kuchynskeho-prostoru-when-less-is-more\",\"name\":\"Interi\u00e9rov\u00fd design - N\u00c1VRH KUCHY\u0147SK\u00c9HO PROSTORU WHEN LESS IS MORE - design-award.cz\",\"isPartOf\":{\"@id\":\"https:\/\/www.design-award.cz\/#website\"},\"primaryImageOfPage\":{\"@id\":\"https:\/\/www.design-award.cz\/?portfolio=interierovy-design-navrh-kuchynskeho-prostoru-when-less-is-more#primaryimage\"},\"image\":{\"@id\":\"https:\/\/www.design-award.cz\/?portfolio=interierovy-design-navrh-kuchynskeho-prostoru-when-less-is-more#primaryimage\"},\"thumbnailUrl\":\"https:\/\/www.design-award.cz\/wp-content\/uploads\/2025\/05\/MelisaPalochova_kuchyn_linka.jpg\",\"datePublished\":\"2025-05-29T06:50:02+00:00\",\"dateModified\":\"2025-05-29T07:07:29+00:00\",\"breadcrumb\":{\"@id\":\"https:\/\/www.design-award.cz\/?portfolio=interierovy-design-navrh-kuchynskeho-prostoru-when-less-is-more#breadcrumb\"},\"inLanguage\":\"cs\",\"potentialAction\":[{\"@type\":\"ReadAction\",\"target\":[\"https:\/\/www.design-award.cz\/?portfolio=interierovy-design-navrh-kuchynskeho-prostoru-when-less-is-more\"]}]},{\"@type\":\"ImageObject\",\"inLanguage\":\"cs\",\"@id\":\"https:\/\/www.design-award.cz\/?portfolio=interierovy-design-navrh-kuchynskeho-prostoru-when-less-is-more#primaryimage\",\"url\":\"https:\/\/www.design-award.cz\/wp-content\/uploads\/2025\/05\/MelisaPalochova_kuchyn_linka.jpg\",\"contentUrl\":\"https:\/\/www.design-award.cz\/wp-content\/uploads\/2025\/05\/MelisaPalochova_kuchyn_linka.jpg\",\"width\":1134,\"height\":850},{\"@type\":\"BreadcrumbList\",\"@id\":\"https:\/\/www.design-award.cz\/?portfolio=interierovy-design-navrh-kuchynskeho-prostoru-when-less-is-more#breadcrumb\",\"itemListElement\":[{\"@type\":\"ListItem\",\"position\":1,\"name\":\"Dom\u016f\",\"item\":\"https:\/\/www.design-award.cz\/\"},{\"@type\":\"ListItem\",\"position\":2,\"name\":\"Portfolio Items\",\"item\":\"https:\/\/www.design-award.cz\/?post_type=portfolio\"},{\"@type\":\"ListItem\",\"position\":3,\"name\":\"Interi\u00e9rov\u00fd design &#8211; N\u00c1VRH KUCHY\u0147SK\u00c9HO PROSTORU WHEN LESS IS MORE\"}]},{\"@type\":\"WebSite\",\"@id\":\"https:\/\/www.design-award.cz\/#website\",\"url\":\"https:\/\/www.design-award.cz\/\",\"name\":\"design-award.cz\",\"description\":\"WARD vznikla v roce 2022. Je ur\u010dena p\u0159edev\u0161\u00edm student\u016fm st\u0159edn\u00edch um\u011bleck\u00fdch \u0161kol (S\u0160 a VO\u0160), kte\u0159\u00ed mohou bezplatn\u011b zaslat sv\u00e9 n\u00e1vrhy v uveden\u00fdch kategori\u00ed a tak pom\u011b\u0159it sv\u00e9 n\u00e1pady s konkurenc\u00ed sv\u00fdch vrstevn\u00edk\u016f. N\u00e1vrhy jsou n\u00e1sledn\u011b posouzeny nez\u00e1vislou porotou z \u0159ad v\u00fdtvarn\u00edk\u016f, pedagog\u016f a profesion\u00e1l\u016f z oboru.\",\"publisher\":{\"@id\":\"https:\/\/www.design-award.cz\/#organization\"},\"potentialAction\":[{\"@type\":\"SearchAction\",\"target\":{\"@type\":\"EntryPoint\",\"urlTemplate\":\"https:\/\/www.design-award.cz\/?s={search_term_string}\"},\"query-input\":{\"@type\":\"PropertyValueSpecification\",\"valueRequired\":true,\"valueName\":\"search_term_string\"}}],\"inLanguage\":\"cs\"},{\"@type\":\"Organization\",\"@id\":\"https:\/\/www.design-award.cz\/#organization\",\"name\":\"Design Award\",\"url\":\"https:\/\/www.design-award.cz\/\",\"logo\":{\"@type\":\"ImageObject\",\"inLanguage\":\"cs\",\"@id\":\"https:\/\/www.design-award.cz\/#\/schema\/logo\/image\/\",\"url\":\"http:\/\/www.design-award.cz\/wp-content\/uploads\/2021\/12\/hornilogo_design-award.png\",\"contentUrl\":\"http:\/\/www.design-award.cz\/wp-content\/uploads\/2021\/12\/hornilogo_design-award.png\",\"width\":800,\"height\":600,\"caption\":\"Design Award\"},\"image\":{\"@id\":\"https:\/\/www.design-award.cz\/#\/schema\/logo\/image\/\"},\"sameAs\":[\"https:\/\/www.instagram.com\/design_award\/\"]}]}<\/script>\n<!-- \/ Yoast SEO plugin. -->","yoast_head_json":{"title":"Interi\u00e9rov\u00fd design - N\u00c1VRH KUCHY\u0147SK\u00c9HO PROSTORU WHEN LESS IS MORE - design-award.cz","robots":{"index":"index","follow":"follow","max-snippet":"max-snippet:-1","max-image-preview":"max-image-preview:large","max-video-preview":"max-video-preview:-1"},"canonical":"https:\/\/www.design-award.cz\/?portfolio=interierovy-design-navrh-kuchynskeho-prostoru-when-less-is-more","og_locale":"cs_CZ","og_type":"article","og_title":"Interi\u00e9rov\u00fd design - N\u00c1VRH KUCHY\u0147SK\u00c9HO PROSTORU WHEN LESS IS MORE - design-award.cz","og_description":"Melisa Palochov\u00e1 MICHAEL &#8211; S\u0160 a VO\u0160 reklamn\u00ed a um\u011bleck\u00e9 tvorby, s.r.o. Zad\u00e1n\u00edm klauzurn\u00ed pr\u00e1ce byl n\u00e1vrh interi\u00e9ru kuchyn\u011b. Klientem je mlad\u00fd nezadan\u00fd mu\u017e, kter\u00fd r\u00e1d host\u00ed p\u0159\u00e1tele u ve\u010de\u0159e. \u010c\u00e1st m\u00edstnosti o rozm\u011brech 4 900 \u00d7 3 200 mm s v\u00fdklenkem m\u00e1 p\u0159irozen\u00fd zdroj sv\u011btla v okn\u011b o \u0161\u00ed\u0159ce 1 500 mm. Na kuchy\u0148 [&hellip;]","og_url":"https:\/\/www.design-award.cz\/?portfolio=interierovy-design-navrh-kuchynskeho-prostoru-when-less-is-more","og_site_name":"design-award.cz","article_modified_time":"2025-05-29T07:07:29+00:00","og_image":[{"width":1134,"height":850,"url":"http:\/\/www.design-award.cz\/wp-content\/uploads\/2025\/05\/MelisaPalochova_kuchyn_linka.jpg","type":"image\/jpeg"}],"twitter_card":"summary_large_image","twitter_misc":{"Odhadovan\u00e1 doba \u010dten\u00ed":"2 minuty"},"schema":{"@context":"https:\/\/schema.org","@graph":[{"@type":"WebPage","@id":"https:\/\/www.design-award.cz\/?portfolio=interierovy-design-navrh-kuchynskeho-prostoru-when-less-is-more","url":"https:\/\/www.design-award.cz\/?portfolio=interierovy-design-navrh-kuchynskeho-prostoru-when-less-is-more","name":"Interi\u00e9rov\u00fd design - N\u00c1VRH KUCHY\u0147SK\u00c9HO PROSTORU WHEN LESS IS MORE - design-award.cz","isPartOf":{"@id":"https:\/\/www.design-award.cz\/#website"},"primaryImageOfPage":{"@id":"https:\/\/www.design-award.cz\/?portfolio=interierovy-design-navrh-kuchynskeho-prostoru-when-less-is-more#primaryimage"},"image":{"@id":"https:\/\/www.design-award.cz\/?portfolio=interierovy-design-navrh-kuchynskeho-prostoru-when-less-is-more#primaryimage"},"thumbnailUrl":"https:\/\/www.design-award.cz\/wp-content\/uploads\/2025\/05\/MelisaPalochova_kuchyn_linka.jpg","datePublished":"2025-05-29T06:50:02+00:00","dateModified":"2025-05-29T07:07:29+00:00","breadcrumb":{"@id":"https:\/\/www.design-award.cz\/?portfolio=interierovy-design-navrh-kuchynskeho-prostoru-when-less-is-more#breadcrumb"},"inLanguage":"cs","potentialAction":[{"@type":"ReadAction","target":["https:\/\/www.design-award.cz\/?portfolio=interierovy-design-navrh-kuchynskeho-prostoru-when-less-is-more"]}]},{"@type":"ImageObject","inLanguage":"cs","@id":"https:\/\/www.design-award.cz\/?portfolio=interierovy-design-navrh-kuchynskeho-prostoru-when-less-is-more#primaryimage","url":"https:\/\/www.design-award.cz\/wp-content\/uploads\/2025\/05\/MelisaPalochova_kuchyn_linka.jpg","contentUrl":"https:\/\/www.design-award.cz\/wp-content\/uploads\/2025\/05\/MelisaPalochova_kuchyn_linka.jpg","width":1134,"height":850},{"@type":"BreadcrumbList","@id":"https:\/\/www.design-award.cz\/?portfolio=interierovy-design-navrh-kuchynskeho-prostoru-when-less-is-more#breadcrumb","itemListElement":[{"@type":"ListItem","position":1,"name":"Dom\u016f","item":"https:\/\/www.design-award.cz\/"},{"@type":"ListItem","position":2,"name":"Portfolio Items","item":"https:\/\/www.design-award.cz\/?post_type=portfolio"},{"@type":"ListItem","position":3,"name":"Interi\u00e9rov\u00fd design &#8211; N\u00c1VRH KUCHY\u0147SK\u00c9HO PROSTORU WHEN LESS IS MORE"}]},{"@type":"WebSite","@id":"https:\/\/www.design-award.cz\/#website","url":"https:\/\/www.design-award.cz\/","name":"design-award.cz","description":"WARD vznikla v roce 2022. Je ur\u010dena p\u0159edev\u0161\u00edm student\u016fm st\u0159edn\u00edch um\u011bleck\u00fdch \u0161kol (S\u0160 a VO\u0160), kte\u0159\u00ed mohou bezplatn\u011b zaslat sv\u00e9 n\u00e1vrhy v uveden\u00fdch kategori\u00ed a tak pom\u011b\u0159it sv\u00e9 n\u00e1pady s konkurenc\u00ed sv\u00fdch vrstevn\u00edk\u016f. N\u00e1vrhy jsou n\u00e1sledn\u011b posouzeny nez\u00e1vislou porotou z \u0159ad v\u00fdtvarn\u00edk\u016f, pedagog\u016f a profesion\u00e1l\u016f z oboru.","publisher":{"@id":"https:\/\/www.design-award.cz\/#organization"},"potentialAction":[{"@type":"SearchAction","target":{"@type":"EntryPoint","urlTemplate":"https:\/\/www.design-award.cz\/?s={search_term_string}"},"query-input":{"@type":"PropertyValueSpecification","valueRequired":true,"valueName":"search_term_string"}}],"inLanguage":"cs"},{"@type":"Organization","@id":"https:\/\/www.design-award.cz\/#organization","name":"Design Award","url":"https:\/\/www.design-award.cz\/","logo":{"@type":"ImageObject","inLanguage":"cs","@id":"https:\/\/www.design-award.cz\/#\/schema\/logo\/image\/","url":"http:\/\/www.design-award.cz\/wp-content\/uploads\/2021\/12\/hornilogo_design-award.png","contentUrl":"http:\/\/www.design-award.cz\/wp-content\/uploads\/2021\/12\/hornilogo_design-award.png","width":800,"height":600,"caption":"Design Award"},"image":{"@id":"https:\/\/www.design-award.cz\/#\/schema\/logo\/image\/"},"sameAs":["https:\/\/www.instagram.com\/design_award\/"]}]}},"_links":{"self":[{"href":"https:\/\/www.design-award.cz\/index.php?rest_route=\/wp\/v2\/portfolio\/4539","targetHints":{"allow":["GET"]}}],"collection":[{"href":"https:\/\/www.design-award.cz\/index.php?rest_route=\/wp\/v2\/portfolio"}],"about":[{"href":"https:\/\/www.design-award.cz\/index.php?rest_route=\/wp\/v2\/types\/portfolio"}],"author":[{"embeddable":true,"href":"https:\/\/www.design-award.cz\/index.php?rest_route=\/wp\/v2\/users\/2"}],"replies":[{"embeddable":true,"href":"https:\/\/www.design-award.cz\/index.php?rest_route=%2Fwp%2Fv2%2Fcomments&post=4539"}],"version-history":[{"count":2,"href":"https:\/\/www.design-award.cz\/index.php?rest_route=\/wp\/v2\/portfolio\/4539\/revisions"}],"predecessor-version":[{"id":4546,"href":"https:\/\/www.design-award.cz\/index.php?rest_route=\/wp\/v2\/portfolio\/4539\/revisions\/4546"}],"wp:featuredmedia":[{"embeddable":true,"href":"https:\/\/www.design-award.cz\/index.php?rest_route=\/wp\/v2\/media\/4543"}],"wp:attachment":[{"href":"https:\/\/www.design-award.cz\/index.php?rest_route=%2Fwp%2Fv2%2Fmedia&parent=4539"}],"wp:term":[{"taxonomy":"portfolio_category","embeddable":true,"href":"https:\/\/www.design-award.cz\/index.php?rest_route=%2Fwp%2Fv2%2Fportfolio_category&post=4539"},{"taxonomy":"portfolio_tag","embeddable":true,"href":"https:\/\/www.design-award.cz\/index.php?rest_route=%2Fwp%2Fv2%2Fportfolio_tag&post=4539"}],"curies":[{"name":"wp","href":"https:\/\/api.w.org\/{rel}","templated":true}]}}