{"id":4547,"date":"2025-05-29T07:04:44","date_gmt":"2025-05-29T07:04:44","guid":{"rendered":"https:\/\/www.design-award.cz\/?post_type=portfolio&#038;p=4547"},"modified":"2025-05-29T07:07:21","modified_gmt":"2025-05-29T07:07:21","slug":"interierovy-design-navrh-malometrazniho-bytu-inspirovaneho-ladislavem-sutnarem","status":"publish","type":"portfolio","link":"https:\/\/www.design-award.cz\/?portfolio=interierovy-design-navrh-malometrazniho-bytu-inspirovaneho-ladislavem-sutnarem","title":{"rendered":"Interi\u00e9rov\u00fd design &#8211; N\u00c1VRH MALOMETR\u00c1\u017dN\u00cdHO BYTU INSPIROVAN\u00c9HO LADISLAVEM SUTNAREM"},"content":{"rendered":"\n<p><strong>J\u00e1chym Tolar<\/strong><\/p>\n\n\n\n<p>MICHAEL &#8211; S\u0160 a VO\u0160 reklamn\u00ed a um\u011bleck\u00e9 tvorby, s.r.o.<\/p>\n\n\n\n<p>Byt v pra\u017esk\u00e9m Karl\u00edn\u011b je ur\u010den ke st\u0159edn\u011b a\u017e dlouhodob\u00e9mu pron\u00e1jmu. V cel\u00e9m prostoru se prol\u00edn\u00e1 inspirace v\u00fdznamn\u00fdm \u010desk\u00fdm grafikem Ladislavem Sutnarem, a to p\u0159edev\u0161\u00edm jeho volnou mal\u00ed\u0159skou s\u00e9ri\u00ed zn\u00e1mou jako americk\u00e9 Venu\u0161e. Tyto figur\u00e1ln\u00ed malby stript\u00fdzov\u00fdch tane\u010dnic oslavuj\u00ed \u017eenskou kr\u00e1su a bezprost\u0159edn\u00ed radost ze \u017eivota.<\/p>\n\n\n\n<p>Atmosf\u00e9ru bytu utv\u00e1\u0159\u00ed nejen prom\u011bnliv\u00e9 um\u011bl\u00e9 osv\u011btlen\u00ed, kter\u00e9 umo\u017e\u0148uje barevn\u00e9 variace, ale tak\u00e9 v\u00fdrazn\u00e9 tvary interi\u00e9rov\u00fdch prvk\u016f evokuj\u00edc\u00ed no\u010dn\u00ed \u017eivot velkom\u011bsta. Celkov\u00e1 barevn\u00e1 koncepce vych\u00e1z\u00ed z velkoform\u00e1tov\u00fdch Sutnarov\u00fdch Venu\u0161\u00ed, je\u017e dominuj\u00ed st\u011bn\u00e1m obytn\u00e9ho prostoru. V\u00fdrazn\u00fdm prvkem je ikonick\u00e1 \u010derven\u00e1 pohovka ve tvaru rt\u016f. V interi\u00e9ru p\u0159eva\u017euje tvar kruhu, kter\u00fd je typick\u00fd pro grafick\u00fd styl Ladislava Sutnara. \u010celn\u00fd pohled na kuchy\u0148sk\u00fd ostr\u016fvek s digesto\u0159\u00ed a sv\u011btly m\u016f\u017ee p\u0159ipom\u00ednat obli\u010dej a spole\u010dn\u011b s americk\u00fdmi Venu\u0161emi vn\u00e1\u0161\u00ed do interi\u00e9ru hravost.<\/p>\n\n\n\n<p>Tento byt nen\u00ed jen m\u00edstem k bydlen\u00ed, ale i vizu\u00e1ln\u00edm a emocion\u00e1ln\u00edm z\u00e1\u017eitkem, na kter\u00fd budou jeho obyvatel\u00e9 vzpom\u00ednat jako na v\u00fdjime\u010dn\u00fd \u010das str\u00e1ven\u00fd v inspirativn\u00edm prostoru.<\/p>\n\n\n\n<figure class=\"wp-block-image size-full\"><img decoding=\"async\" width=\"684\" height=\"973\" data-src=\"http:\/\/www.design-award.cz\/wp-content\/uploads\/2025\/05\/JachymTolar_plakat.jpg\" alt=\"\" class=\"wp-image-4553 lazyload\" data-srcset=\"https:\/\/www.design-award.cz\/wp-content\/uploads\/2025\/05\/JachymTolar_plakat.jpg 684w, https:\/\/www.design-award.cz\/wp-content\/uploads\/2025\/05\/JachymTolar_plakat-211x300.jpg 211w, https:\/\/www.design-award.cz\/wp-content\/uploads\/2025\/05\/JachymTolar_plakat-500x711.jpg 500w\" data-sizes=\"(max-width: 684px) 100vw, 684px\" src=\"data:image\/svg+xml;base64,PHN2ZyB3aWR0aD0iMSIgaGVpZ2h0PSIxIiB4bWxucz0iaHR0cDovL3d3dy53My5vcmcvMjAwMC9zdmciPjwvc3ZnPg==\" style=\"--smush-placeholder-width: 684px; --smush-placeholder-aspect-ratio: 684\/973;\" \/><\/figure>\n\n\n\n<figure class=\"wp-block-image size-large\"><img decoding=\"async\" width=\"1024\" height=\"768\" data-src=\"http:\/\/www.design-award.cz\/wp-content\/uploads\/2025\/05\/JachymTolar_jidelna-1024x768.jpg\" alt=\"\" class=\"wp-image-4550 lazyload\" data-srcset=\"https:\/\/www.design-award.cz\/wp-content\/uploads\/2025\/05\/JachymTolar_jidelna-1024x768.jpg 1024w, https:\/\/www.design-award.cz\/wp-content\/uploads\/2025\/05\/JachymTolar_jidelna-300x225.jpg 300w, https:\/\/www.design-award.cz\/wp-content\/uploads\/2025\/05\/JachymTolar_jidelna-768x576.jpg 768w, https:\/\/www.design-award.cz\/wp-content\/uploads\/2025\/05\/JachymTolar_jidelna-500x375.jpg 500w, https:\/\/www.design-award.cz\/wp-content\/uploads\/2025\/05\/JachymTolar_jidelna-800x600.jpg 800w, https:\/\/www.design-award.cz\/wp-content\/uploads\/2025\/05\/JachymTolar_jidelna.jpg 1134w\" data-sizes=\"(max-width: 1024px) 100vw, 1024px\" src=\"data:image\/svg+xml;base64,PHN2ZyB3aWR0aD0iMSIgaGVpZ2h0PSIxIiB4bWxucz0iaHR0cDovL3d3dy53My5vcmcvMjAwMC9zdmciPjwvc3ZnPg==\" style=\"--smush-placeholder-width: 1024px; --smush-placeholder-aspect-ratio: 1024\/768;\" \/><\/figure>\n\n\n\n<figure class=\"wp-block-image size-full\"><img decoding=\"async\" width=\"910\" height=\"850\" data-src=\"http:\/\/www.design-award.cz\/wp-content\/uploads\/2025\/05\/JachymTolar_koup.jpg\" alt=\"\" class=\"wp-image-4551 lazyload\" data-srcset=\"https:\/\/www.design-award.cz\/wp-content\/uploads\/2025\/05\/JachymTolar_koup.jpg 910w, https:\/\/www.design-award.cz\/wp-content\/uploads\/2025\/05\/JachymTolar_koup-300x280.jpg 300w, https:\/\/www.design-award.cz\/wp-content\/uploads\/2025\/05\/JachymTolar_koup-768x717.jpg 768w, https:\/\/www.design-award.cz\/wp-content\/uploads\/2025\/05\/JachymTolar_koup-500x467.jpg 500w, https:\/\/www.design-award.cz\/wp-content\/uploads\/2025\/05\/JachymTolar_koup-800x747.jpg 800w\" data-sizes=\"(max-width: 910px) 100vw, 910px\" src=\"data:image\/svg+xml;base64,PHN2ZyB3aWR0aD0iMSIgaGVpZ2h0PSIxIiB4bWxucz0iaHR0cDovL3d3dy53My5vcmcvMjAwMC9zdmciPjwvc3ZnPg==\" style=\"--smush-placeholder-width: 910px; --smush-placeholder-aspect-ratio: 910\/850;\" \/><\/figure>\n\n\n\n<figure class=\"wp-block-image size-large\"><img decoding=\"async\" width=\"1024\" height=\"865\" data-src=\"http:\/\/www.design-award.cz\/wp-content\/uploads\/2025\/05\/JachymTolar_dis-1024x865.jpg\" alt=\"\" class=\"wp-image-4549 lazyload\" data-srcset=\"https:\/\/www.design-award.cz\/wp-content\/uploads\/2025\/05\/JachymTolar_dis-1024x865.jpg 1024w, https:\/\/www.design-award.cz\/wp-content\/uploads\/2025\/05\/JachymTolar_dis-300x253.jpg 300w, https:\/\/www.design-award.cz\/wp-content\/uploads\/2025\/05\/JachymTolar_dis-768x649.jpg 768w, https:\/\/www.design-award.cz\/wp-content\/uploads\/2025\/05\/JachymTolar_dis-500x422.jpg 500w, https:\/\/www.design-award.cz\/wp-content\/uploads\/2025\/05\/JachymTolar_dis-800x676.jpg 800w, https:\/\/www.design-award.cz\/wp-content\/uploads\/2025\/05\/JachymTolar_dis.jpg 1254w\" data-sizes=\"(max-width: 1024px) 100vw, 1024px\" src=\"data:image\/svg+xml;base64,PHN2ZyB3aWR0aD0iMSIgaGVpZ2h0PSIxIiB4bWxucz0iaHR0cDovL3d3dy53My5vcmcvMjAwMC9zdmciPjwvc3ZnPg==\" style=\"--smush-placeholder-width: 1024px; --smush-placeholder-aspect-ratio: 1024\/865;\" \/><\/figure>\n","protected":false},"excerpt":{"rendered":"<p>J\u00e1chym Tolar MICHAEL &#8211; S\u0160 a VO\u0160 reklamn\u00ed a um\u011bleck\u00e9 tvorby, s.r.o. Byt v pra\u017esk\u00e9m Karl\u00edn\u011b je ur\u010den ke st\u0159edn\u011b a\u017e dlouhodob\u00e9mu pron\u00e1jmu. V cel\u00e9m prostoru se prol\u00edn\u00e1 inspirace v\u00fdznamn\u00fdm \u010desk\u00fdm grafikem Ladislavem Sutnarem, a to p\u0159edev\u0161\u00edm jeho volnou mal\u00ed\u0159skou s\u00e9ri\u00ed zn\u00e1mou jako americk\u00e9 Venu\u0161e. Tyto figur\u00e1ln\u00ed malby stript\u00fdzov\u00fdch tane\u010dnic oslavuj\u00ed \u017eenskou kr\u00e1su a bezprost\u0159edn\u00ed [&hellip;]<\/p>\n","protected":false},"author":2,"featured_media":4552,"menu_order":0,"comment_status":"closed","ping_status":"closed","template":"","format":"standard","meta":{"ngg_post_thumbnail":0,"ocean_post_layout":"","ocean_both_sidebars_style":"","ocean_both_sidebars_content_width":0,"ocean_both_sidebars_sidebars_width":0,"ocean_sidebar":"","ocean_second_sidebar":"","ocean_disable_margins":"enable","ocean_add_body_class":"","ocean_shortcode_before_top_bar":"","ocean_shortcode_after_top_bar":"","ocean_shortcode_before_header":"","ocean_shortcode_after_header":"","ocean_has_shortcode":"","ocean_shortcode_after_title":"","ocean_shortcode_before_footer_widgets":"","ocean_shortcode_after_footer_widgets":"","ocean_shortcode_before_footer_bottom":"","ocean_shortcode_after_footer_bottom":"","ocean_display_top_bar":"default","ocean_display_header":"default","ocean_header_style":"","ocean_center_header_left_menu":"","ocean_custom_header_template":"","ocean_custom_logo":0,"ocean_custom_retina_logo":0,"ocean_custom_logo_max_width":0,"ocean_custom_logo_tablet_max_width":0,"ocean_custom_logo_mobile_max_width":0,"ocean_custom_logo_max_height":0,"ocean_custom_logo_tablet_max_height":0,"ocean_custom_logo_mobile_max_height":0,"ocean_header_custom_menu":"","ocean_menu_typo_font_family":"","ocean_menu_typo_font_subset":"","ocean_menu_typo_font_size":0,"ocean_menu_typo_font_size_tablet":0,"ocean_menu_typo_font_size_mobile":0,"ocean_menu_typo_font_size_unit":"px","ocean_menu_typo_font_weight":"","ocean_menu_typo_font_weight_tablet":"","ocean_menu_typo_font_weight_mobile":"","ocean_menu_typo_transform":"","ocean_menu_typo_transform_tablet":"","ocean_menu_typo_transform_mobile":"","ocean_menu_typo_line_height":0,"ocean_menu_typo_line_height_tablet":0,"ocean_menu_typo_line_height_mobile":0,"ocean_menu_typo_line_height_unit":"","ocean_menu_typo_spacing":0,"ocean_menu_typo_spacing_tablet":0,"ocean_menu_typo_spacing_mobile":0,"ocean_menu_typo_spacing_unit":"","ocean_menu_link_color":"","ocean_menu_link_color_hover":"","ocean_menu_link_color_active":"","ocean_menu_link_background":"","ocean_menu_link_hover_background":"","ocean_menu_link_active_background":"","ocean_menu_social_links_bg":"","ocean_menu_social_hover_links_bg":"","ocean_menu_social_links_color":"","ocean_menu_social_hover_links_color":"","ocean_disable_title":"default","ocean_disable_heading":"default","ocean_post_title":"","ocean_post_subheading":"","ocean_post_title_style":"","ocean_post_title_background_color":"","ocean_post_title_background":0,"ocean_post_title_bg_image_position":"","ocean_post_title_bg_image_attachment":"","ocean_post_title_bg_image_repeat":"","ocean_post_title_bg_image_size":"","ocean_post_title_height":0,"ocean_post_title_bg_overlay":0.5,"ocean_post_title_bg_overlay_color":"","ocean_disable_breadcrumbs":"default","ocean_breadcrumbs_color":"","ocean_breadcrumbs_separator_color":"","ocean_breadcrumbs_links_color":"","ocean_breadcrumbs_links_hover_color":"","ocean_display_footer_widgets":"default","ocean_display_footer_bottom":"default","ocean_custom_footer_template":"","_vp_format_video_url":"","_vp_image_focal_point":[],"footnotes":""},"portfolio_category":[],"portfolio_tag":[],"class_list":["post-4547","portfolio","type-portfolio","status-publish","format-standard","has-post-thumbnail","hentry","entry","has-media"],"yoast_head":"<!-- This site is optimized with the Yoast SEO plugin v25.2 - https:\/\/yoast.com\/wordpress\/plugins\/seo\/ -->\n<title>Interi\u00e9rov\u00fd design - N\u00c1VRH MALOMETR\u00c1\u017dN\u00cdHO BYTU INSPIROVAN\u00c9HO LADISLAVEM SUTNAREM - design-award.cz<\/title>\n<meta name=\"robots\" content=\"index, follow, max-snippet:-1, max-image-preview:large, max-video-preview:-1\" \/>\n<link rel=\"canonical\" href=\"https:\/\/www.design-award.cz\/?portfolio=interierovy-design-navrh-malometrazniho-bytu-inspirovaneho-ladislavem-sutnarem\" \/>\n<meta property=\"og:locale\" content=\"cs_CZ\" \/>\n<meta property=\"og:type\" content=\"article\" \/>\n<meta property=\"og:title\" content=\"Interi\u00e9rov\u00fd design - N\u00c1VRH MALOMETR\u00c1\u017dN\u00cdHO BYTU INSPIROVAN\u00c9HO LADISLAVEM SUTNAREM - design-award.cz\" \/>\n<meta property=\"og:description\" content=\"J\u00e1chym Tolar MICHAEL &#8211; S\u0160 a VO\u0160 reklamn\u00ed a um\u011bleck\u00e9 tvorby, s.r.o. Byt v pra\u017esk\u00e9m Karl\u00edn\u011b je ur\u010den ke st\u0159edn\u011b a\u017e dlouhodob\u00e9mu pron\u00e1jmu. V cel\u00e9m prostoru se prol\u00edn\u00e1 inspirace v\u00fdznamn\u00fdm \u010desk\u00fdm grafikem Ladislavem Sutnarem, a to p\u0159edev\u0161\u00edm jeho volnou mal\u00ed\u0159skou s\u00e9ri\u00ed zn\u00e1mou jako americk\u00e9 Venu\u0161e. Tyto figur\u00e1ln\u00ed malby stript\u00fdzov\u00fdch tane\u010dnic oslavuj\u00ed \u017eenskou kr\u00e1su a bezprost\u0159edn\u00ed [&hellip;]\" \/>\n<meta property=\"og:url\" content=\"https:\/\/www.design-award.cz\/?portfolio=interierovy-design-navrh-malometrazniho-bytu-inspirovaneho-ladislavem-sutnarem\" \/>\n<meta property=\"og:site_name\" content=\"design-award.cz\" \/>\n<meta property=\"article:modified_time\" content=\"2025-05-29T07:07:21+00:00\" \/>\n<meta property=\"og:image\" content=\"http:\/\/www.design-award.cz\/wp-content\/uploads\/2025\/05\/JachymTolar_obyt.jpg\" \/>\n\t<meta property=\"og:image:width\" content=\"1136\" \/>\n\t<meta property=\"og:image:height\" content=\"850\" \/>\n\t<meta property=\"og:image:type\" content=\"image\/jpeg\" \/>\n<meta name=\"twitter:card\" content=\"summary_large_image\" \/>\n<meta name=\"twitter:label1\" content=\"Odhadovan\u00e1 doba \u010dten\u00ed\" \/>\n\t<meta name=\"twitter:data1\" content=\"2 minuty\" \/>\n<script type=\"application\/ld+json\" class=\"yoast-schema-graph\">{\"@context\":\"https:\/\/schema.org\",\"@graph\":[{\"@type\":\"WebPage\",\"@id\":\"https:\/\/www.design-award.cz\/?portfolio=interierovy-design-navrh-malometrazniho-bytu-inspirovaneho-ladislavem-sutnarem\",\"url\":\"https:\/\/www.design-award.cz\/?portfolio=interierovy-design-navrh-malometrazniho-bytu-inspirovaneho-ladislavem-sutnarem\",\"name\":\"Interi\u00e9rov\u00fd design - N\u00c1VRH MALOMETR\u00c1\u017dN\u00cdHO BYTU INSPIROVAN\u00c9HO LADISLAVEM SUTNAREM - design-award.cz\",\"isPartOf\":{\"@id\":\"https:\/\/www.design-award.cz\/#website\"},\"primaryImageOfPage\":{\"@id\":\"https:\/\/www.design-award.cz\/?portfolio=interierovy-design-navrh-malometrazniho-bytu-inspirovaneho-ladislavem-sutnarem#primaryimage\"},\"image\":{\"@id\":\"https:\/\/www.design-award.cz\/?portfolio=interierovy-design-navrh-malometrazniho-bytu-inspirovaneho-ladislavem-sutnarem#primaryimage\"},\"thumbnailUrl\":\"https:\/\/www.design-award.cz\/wp-content\/uploads\/2025\/05\/JachymTolar_obyt.jpg\",\"datePublished\":\"2025-05-29T07:04:44+00:00\",\"dateModified\":\"2025-05-29T07:07:21+00:00\",\"breadcrumb\":{\"@id\":\"https:\/\/www.design-award.cz\/?portfolio=interierovy-design-navrh-malometrazniho-bytu-inspirovaneho-ladislavem-sutnarem#breadcrumb\"},\"inLanguage\":\"cs\",\"potentialAction\":[{\"@type\":\"ReadAction\",\"target\":[\"https:\/\/www.design-award.cz\/?portfolio=interierovy-design-navrh-malometrazniho-bytu-inspirovaneho-ladislavem-sutnarem\"]}]},{\"@type\":\"ImageObject\",\"inLanguage\":\"cs\",\"@id\":\"https:\/\/www.design-award.cz\/?portfolio=interierovy-design-navrh-malometrazniho-bytu-inspirovaneho-ladislavem-sutnarem#primaryimage\",\"url\":\"https:\/\/www.design-award.cz\/wp-content\/uploads\/2025\/05\/JachymTolar_obyt.jpg\",\"contentUrl\":\"https:\/\/www.design-award.cz\/wp-content\/uploads\/2025\/05\/JachymTolar_obyt.jpg\",\"width\":1136,\"height\":850},{\"@type\":\"BreadcrumbList\",\"@id\":\"https:\/\/www.design-award.cz\/?portfolio=interierovy-design-navrh-malometrazniho-bytu-inspirovaneho-ladislavem-sutnarem#breadcrumb\",\"itemListElement\":[{\"@type\":\"ListItem\",\"position\":1,\"name\":\"Dom\u016f\",\"item\":\"https:\/\/www.design-award.cz\/\"},{\"@type\":\"ListItem\",\"position\":2,\"name\":\"Portfolio Items\",\"item\":\"https:\/\/www.design-award.cz\/?post_type=portfolio\"},{\"@type\":\"ListItem\",\"position\":3,\"name\":\"Interi\u00e9rov\u00fd design &#8211; N\u00c1VRH MALOMETR\u00c1\u017dN\u00cdHO BYTU INSPIROVAN\u00c9HO LADISLAVEM SUTNAREM\"}]},{\"@type\":\"WebSite\",\"@id\":\"https:\/\/www.design-award.cz\/#website\",\"url\":\"https:\/\/www.design-award.cz\/\",\"name\":\"design-award.cz\",\"description\":\"WARD vznikla v roce 2022. Je ur\u010dena p\u0159edev\u0161\u00edm student\u016fm st\u0159edn\u00edch um\u011bleck\u00fdch \u0161kol (S\u0160 a VO\u0160), kte\u0159\u00ed mohou bezplatn\u011b zaslat sv\u00e9 n\u00e1vrhy v uveden\u00fdch kategori\u00ed a tak pom\u011b\u0159it sv\u00e9 n\u00e1pady s konkurenc\u00ed sv\u00fdch vrstevn\u00edk\u016f. N\u00e1vrhy jsou n\u00e1sledn\u011b posouzeny nez\u00e1vislou porotou z \u0159ad v\u00fdtvarn\u00edk\u016f, pedagog\u016f a profesion\u00e1l\u016f z oboru.\",\"publisher\":{\"@id\":\"https:\/\/www.design-award.cz\/#organization\"},\"potentialAction\":[{\"@type\":\"SearchAction\",\"target\":{\"@type\":\"EntryPoint\",\"urlTemplate\":\"https:\/\/www.design-award.cz\/?s={search_term_string}\"},\"query-input\":{\"@type\":\"PropertyValueSpecification\",\"valueRequired\":true,\"valueName\":\"search_term_string\"}}],\"inLanguage\":\"cs\"},{\"@type\":\"Organization\",\"@id\":\"https:\/\/www.design-award.cz\/#organization\",\"name\":\"Design Award\",\"url\":\"https:\/\/www.design-award.cz\/\",\"logo\":{\"@type\":\"ImageObject\",\"inLanguage\":\"cs\",\"@id\":\"https:\/\/www.design-award.cz\/#\/schema\/logo\/image\/\",\"url\":\"http:\/\/www.design-award.cz\/wp-content\/uploads\/2021\/12\/hornilogo_design-award.png\",\"contentUrl\":\"http:\/\/www.design-award.cz\/wp-content\/uploads\/2021\/12\/hornilogo_design-award.png\",\"width\":800,\"height\":600,\"caption\":\"Design Award\"},\"image\":{\"@id\":\"https:\/\/www.design-award.cz\/#\/schema\/logo\/image\/\"},\"sameAs\":[\"https:\/\/www.instagram.com\/design_award\/\"]}]}<\/script>\n<!-- \/ Yoast SEO plugin. -->","yoast_head_json":{"title":"Interi\u00e9rov\u00fd design - N\u00c1VRH MALOMETR\u00c1\u017dN\u00cdHO BYTU INSPIROVAN\u00c9HO LADISLAVEM SUTNAREM - design-award.cz","robots":{"index":"index","follow":"follow","max-snippet":"max-snippet:-1","max-image-preview":"max-image-preview:large","max-video-preview":"max-video-preview:-1"},"canonical":"https:\/\/www.design-award.cz\/?portfolio=interierovy-design-navrh-malometrazniho-bytu-inspirovaneho-ladislavem-sutnarem","og_locale":"cs_CZ","og_type":"article","og_title":"Interi\u00e9rov\u00fd design - N\u00c1VRH MALOMETR\u00c1\u017dN\u00cdHO BYTU INSPIROVAN\u00c9HO LADISLAVEM SUTNAREM - design-award.cz","og_description":"J\u00e1chym Tolar MICHAEL &#8211; S\u0160 a VO\u0160 reklamn\u00ed a um\u011bleck\u00e9 tvorby, s.r.o. Byt v pra\u017esk\u00e9m Karl\u00edn\u011b je ur\u010den ke st\u0159edn\u011b a\u017e dlouhodob\u00e9mu pron\u00e1jmu. V cel\u00e9m prostoru se prol\u00edn\u00e1 inspirace v\u00fdznamn\u00fdm \u010desk\u00fdm grafikem Ladislavem Sutnarem, a to p\u0159edev\u0161\u00edm jeho volnou mal\u00ed\u0159skou s\u00e9ri\u00ed zn\u00e1mou jako americk\u00e9 Venu\u0161e. Tyto figur\u00e1ln\u00ed malby stript\u00fdzov\u00fdch tane\u010dnic oslavuj\u00ed \u017eenskou kr\u00e1su a bezprost\u0159edn\u00ed [&hellip;]","og_url":"https:\/\/www.design-award.cz\/?portfolio=interierovy-design-navrh-malometrazniho-bytu-inspirovaneho-ladislavem-sutnarem","og_site_name":"design-award.cz","article_modified_time":"2025-05-29T07:07:21+00:00","og_image":[{"width":1136,"height":850,"url":"http:\/\/www.design-award.cz\/wp-content\/uploads\/2025\/05\/JachymTolar_obyt.jpg","type":"image\/jpeg"}],"twitter_card":"summary_large_image","twitter_misc":{"Odhadovan\u00e1 doba \u010dten\u00ed":"2 minuty"},"schema":{"@context":"https:\/\/schema.org","@graph":[{"@type":"WebPage","@id":"https:\/\/www.design-award.cz\/?portfolio=interierovy-design-navrh-malometrazniho-bytu-inspirovaneho-ladislavem-sutnarem","url":"https:\/\/www.design-award.cz\/?portfolio=interierovy-design-navrh-malometrazniho-bytu-inspirovaneho-ladislavem-sutnarem","name":"Interi\u00e9rov\u00fd design - N\u00c1VRH MALOMETR\u00c1\u017dN\u00cdHO BYTU INSPIROVAN\u00c9HO LADISLAVEM SUTNAREM - design-award.cz","isPartOf":{"@id":"https:\/\/www.design-award.cz\/#website"},"primaryImageOfPage":{"@id":"https:\/\/www.design-award.cz\/?portfolio=interierovy-design-navrh-malometrazniho-bytu-inspirovaneho-ladislavem-sutnarem#primaryimage"},"image":{"@id":"https:\/\/www.design-award.cz\/?portfolio=interierovy-design-navrh-malometrazniho-bytu-inspirovaneho-ladislavem-sutnarem#primaryimage"},"thumbnailUrl":"https:\/\/www.design-award.cz\/wp-content\/uploads\/2025\/05\/JachymTolar_obyt.jpg","datePublished":"2025-05-29T07:04:44+00:00","dateModified":"2025-05-29T07:07:21+00:00","breadcrumb":{"@id":"https:\/\/www.design-award.cz\/?portfolio=interierovy-design-navrh-malometrazniho-bytu-inspirovaneho-ladislavem-sutnarem#breadcrumb"},"inLanguage":"cs","potentialAction":[{"@type":"ReadAction","target":["https:\/\/www.design-award.cz\/?portfolio=interierovy-design-navrh-malometrazniho-bytu-inspirovaneho-ladislavem-sutnarem"]}]},{"@type":"ImageObject","inLanguage":"cs","@id":"https:\/\/www.design-award.cz\/?portfolio=interierovy-design-navrh-malometrazniho-bytu-inspirovaneho-ladislavem-sutnarem#primaryimage","url":"https:\/\/www.design-award.cz\/wp-content\/uploads\/2025\/05\/JachymTolar_obyt.jpg","contentUrl":"https:\/\/www.design-award.cz\/wp-content\/uploads\/2025\/05\/JachymTolar_obyt.jpg","width":1136,"height":850},{"@type":"BreadcrumbList","@id":"https:\/\/www.design-award.cz\/?portfolio=interierovy-design-navrh-malometrazniho-bytu-inspirovaneho-ladislavem-sutnarem#breadcrumb","itemListElement":[{"@type":"ListItem","position":1,"name":"Dom\u016f","item":"https:\/\/www.design-award.cz\/"},{"@type":"ListItem","position":2,"name":"Portfolio Items","item":"https:\/\/www.design-award.cz\/?post_type=portfolio"},{"@type":"ListItem","position":3,"name":"Interi\u00e9rov\u00fd design &#8211; N\u00c1VRH MALOMETR\u00c1\u017dN\u00cdHO BYTU INSPIROVAN\u00c9HO LADISLAVEM SUTNAREM"}]},{"@type":"WebSite","@id":"https:\/\/www.design-award.cz\/#website","url":"https:\/\/www.design-award.cz\/","name":"design-award.cz","description":"WARD vznikla v roce 2022. Je ur\u010dena p\u0159edev\u0161\u00edm student\u016fm st\u0159edn\u00edch um\u011bleck\u00fdch \u0161kol (S\u0160 a VO\u0160), kte\u0159\u00ed mohou bezplatn\u011b zaslat sv\u00e9 n\u00e1vrhy v uveden\u00fdch kategori\u00ed a tak pom\u011b\u0159it sv\u00e9 n\u00e1pady s konkurenc\u00ed sv\u00fdch vrstevn\u00edk\u016f. N\u00e1vrhy jsou n\u00e1sledn\u011b posouzeny nez\u00e1vislou porotou z \u0159ad v\u00fdtvarn\u00edk\u016f, pedagog\u016f a profesion\u00e1l\u016f z oboru.","publisher":{"@id":"https:\/\/www.design-award.cz\/#organization"},"potentialAction":[{"@type":"SearchAction","target":{"@type":"EntryPoint","urlTemplate":"https:\/\/www.design-award.cz\/?s={search_term_string}"},"query-input":{"@type":"PropertyValueSpecification","valueRequired":true,"valueName":"search_term_string"}}],"inLanguage":"cs"},{"@type":"Organization","@id":"https:\/\/www.design-award.cz\/#organization","name":"Design Award","url":"https:\/\/www.design-award.cz\/","logo":{"@type":"ImageObject","inLanguage":"cs","@id":"https:\/\/www.design-award.cz\/#\/schema\/logo\/image\/","url":"http:\/\/www.design-award.cz\/wp-content\/uploads\/2021\/12\/hornilogo_design-award.png","contentUrl":"http:\/\/www.design-award.cz\/wp-content\/uploads\/2021\/12\/hornilogo_design-award.png","width":800,"height":600,"caption":"Design Award"},"image":{"@id":"https:\/\/www.design-award.cz\/#\/schema\/logo\/image\/"},"sameAs":["https:\/\/www.instagram.com\/design_award\/"]}]}},"_links":{"self":[{"href":"https:\/\/www.design-award.cz\/index.php?rest_route=\/wp\/v2\/portfolio\/4547","targetHints":{"allow":["GET"]}}],"collection":[{"href":"https:\/\/www.design-award.cz\/index.php?rest_route=\/wp\/v2\/portfolio"}],"about":[{"href":"https:\/\/www.design-award.cz\/index.php?rest_route=\/wp\/v2\/types\/portfolio"}],"author":[{"embeddable":true,"href":"https:\/\/www.design-award.cz\/index.php?rest_route=\/wp\/v2\/users\/2"}],"replies":[{"embeddable":true,"href":"https:\/\/www.design-award.cz\/index.php?rest_route=%2Fwp%2Fv2%2Fcomments&post=4547"}],"version-history":[{"count":1,"href":"https:\/\/www.design-award.cz\/index.php?rest_route=\/wp\/v2\/portfolio\/4547\/revisions"}],"predecessor-version":[{"id":4554,"href":"https:\/\/www.design-award.cz\/index.php?rest_route=\/wp\/v2\/portfolio\/4547\/revisions\/4554"}],"wp:featuredmedia":[{"embeddable":true,"href":"https:\/\/www.design-award.cz\/index.php?rest_route=\/wp\/v2\/media\/4552"}],"wp:attachment":[{"href":"https:\/\/www.design-award.cz\/index.php?rest_route=%2Fwp%2Fv2%2Fmedia&parent=4547"}],"wp:term":[{"taxonomy":"portfolio_category","embeddable":true,"href":"https:\/\/www.design-award.cz\/index.php?rest_route=%2Fwp%2Fv2%2Fportfolio_category&post=4547"},{"taxonomy":"portfolio_tag","embeddable":true,"href":"https:\/\/www.design-award.cz\/index.php?rest_route=%2Fwp%2Fv2%2Fportfolio_tag&post=4547"}],"curies":[{"name":"wp","href":"https:\/\/api.w.org\/{rel}","templated":true}]}}