{"id":4571,"date":"2025-05-29T07:48:56","date_gmt":"2025-05-29T07:48:56","guid":{"rendered":"https:\/\/www.design-award.cz\/?post_type=portfolio&#038;p=4571"},"modified":"2025-05-29T07:54:30","modified_gmt":"2025-05-29T07:54:30","slug":"interierovy-design-malometrazni-byt-inspirovany-zahradou-j-trnky","status":"publish","type":"portfolio","link":"https:\/\/www.design-award.cz\/?portfolio=interierovy-design-malometrazni-byt-inspirovany-zahradou-j-trnky","title":{"rendered":"Interi\u00e9rov\u00fd design &#8211; Malometr\u00e1\u017en\u00ed byt inspirovan\u00fd Zahradou J. Trnky"},"content":{"rendered":"\n<p><strong>Am\u00e1lie Kol\u00e1torov\u00e1<\/strong><\/p>\n\n\n\n<p>MICHAEL &#8211; S\u0160 a VO\u0160 reklamn\u00ed a um\u011bleck\u00e9 tvorby, s.r.o.<\/p>\n\n\n\n<p>Zad\u00e1n\u00edm tohoto projektu je n\u00e1vrh interi\u00e9ru malometr\u00e1\u017en\u00edho bytu v bytov\u00e9m komplexu, kter\u00fd se nach\u00e1z\u00ed v Praze, v m\u011bstsk\u00e9 \u010d\u00e1sti Karl\u00edn. Byt je ur\u010den pro st\u0159edn\u011b a dlouhodob\u00fd pron\u00e1jem.<\/p>\n\n\n\n<p>Inspirac\u00ed pro tento n\u00e1vrh je d\u00edlo Ji\u0159\u00edho Trnky, a to p\u0159edev\u0161\u00edm skrze barevnost a celkovou estetiku, kter\u00e1 je v Trnkov\u00fdch ilustrac\u00edch patrn\u00e1. N\u00e1vrh pracuje s jemn\u00fdmi odst\u00edny sv\u011btle zelen\u00e9, \u017elut\u00e9, modr\u00e9 a tak\u00e9 s v\u00fdrazn\u011bj\u0161\u00edmi t\u00f3ny \u010derven\u00e9, tmav\u011b zelen\u00e9 a tmav\u011b modr\u00e9. V interi\u00e9ru jsou vyu\u017eity Trnkovy samotn\u00e9 origin\u00e1ln\u00ed ilustrace \u2013 bu\u010f ve form\u011b tapety, nebo jako skryt\u00e9 prvky na vnit\u0159n\u00edch stran\u00e1ch vestav\u011bn\u00fdch sk\u0159\u00edn\u00ed.<\/p>\n\n\n\n<p>C\u00edlem projektu bylo vytvo\u0159it komfortn\u00ed byt s p\u0159\u00edjemnou atmosf\u00e9rou, kter\u00fd \u2013 i p\u0159es to, \u017ee Trnkova tvorba je \u010dasto spojov\u00e1na s d\u011btsk\u00fdm publikem \u2013 bude pln\u011b vyhovovat dosp\u011bl\u00e9mu \u010dlov\u011bku.<\/p>\n\n\n\n<figure class=\"wp-block-image size-full\"><img decoding=\"async\" width=\"684\" height=\"975\" data-src=\"http:\/\/www.design-award.cz\/wp-content\/uploads\/2025\/05\/AmalieKolatorova_plakat_malometraznibyt.jpg\" alt=\"\" class=\"wp-image-4572 lazyload\" data-srcset=\"https:\/\/www.design-award.cz\/wp-content\/uploads\/2025\/05\/AmalieKolatorova_plakat_malometraznibyt.jpg 684w, https:\/\/www.design-award.cz\/wp-content\/uploads\/2025\/05\/AmalieKolatorova_plakat_malometraznibyt-210x300.jpg 210w, https:\/\/www.design-award.cz\/wp-content\/uploads\/2025\/05\/AmalieKolatorova_plakat_malometraznibyt-500x713.jpg 500w\" data-sizes=\"(max-width: 684px) 100vw, 684px\" src=\"data:image\/svg+xml;base64,PHN2ZyB3aWR0aD0iMSIgaGVpZ2h0PSIxIiB4bWxucz0iaHR0cDovL3d3dy53My5vcmcvMjAwMC9zdmciPjwvc3ZnPg==\" style=\"--smush-placeholder-width: 684px; --smush-placeholder-aspect-ratio: 684\/975;\" \/><\/figure>\n\n\n\n<figure class=\"wp-block-image size-full\"><img decoding=\"async\" width=\"800\" height=\"800\" data-src=\"http:\/\/www.design-award.cz\/wp-content\/uploads\/2025\/05\/AmalieKolatorova_viz_Kuchyn.jpg\" alt=\"\" class=\"wp-image-4573 lazyload\" data-srcset=\"https:\/\/www.design-award.cz\/wp-content\/uploads\/2025\/05\/AmalieKolatorova_viz_Kuchyn.jpg 800w, https:\/\/www.design-award.cz\/wp-content\/uploads\/2025\/05\/AmalieKolatorova_viz_Kuchyn-300x300.jpg 300w, https:\/\/www.design-award.cz\/wp-content\/uploads\/2025\/05\/AmalieKolatorova_viz_Kuchyn-150x150.jpg 150w, https:\/\/www.design-award.cz\/wp-content\/uploads\/2025\/05\/AmalieKolatorova_viz_Kuchyn-768x768.jpg 768w, https:\/\/www.design-award.cz\/wp-content\/uploads\/2025\/05\/AmalieKolatorova_viz_Kuchyn-600x600.jpg 600w, https:\/\/www.design-award.cz\/wp-content\/uploads\/2025\/05\/AmalieKolatorova_viz_Kuchyn-500x500.jpg 500w\" data-sizes=\"(max-width: 800px) 100vw, 800px\" src=\"data:image\/svg+xml;base64,PHN2ZyB3aWR0aD0iMSIgaGVpZ2h0PSIxIiB4bWxucz0iaHR0cDovL3d3dy53My5vcmcvMjAwMC9zdmciPjwvc3ZnPg==\" style=\"--smush-placeholder-width: 800px; --smush-placeholder-aspect-ratio: 800\/800;\" \/><\/figure>\n\n\n\n<figure class=\"wp-block-image size-full\"><img decoding=\"async\" width=\"882\" height=\"906\" data-src=\"http:\/\/www.design-award.cz\/wp-content\/uploads\/2025\/05\/AmelieKolatorova_disp.jpg\" alt=\"\" class=\"wp-image-4574 lazyload\" data-srcset=\"https:\/\/www.design-award.cz\/wp-content\/uploads\/2025\/05\/AmelieKolatorova_disp.jpg 882w, https:\/\/www.design-award.cz\/wp-content\/uploads\/2025\/05\/AmelieKolatorova_disp-292x300.jpg 292w, https:\/\/www.design-award.cz\/wp-content\/uploads\/2025\/05\/AmelieKolatorova_disp-768x789.jpg 768w, https:\/\/www.design-award.cz\/wp-content\/uploads\/2025\/05\/AmelieKolatorova_disp-500x514.jpg 500w, https:\/\/www.design-award.cz\/wp-content\/uploads\/2025\/05\/AmelieKolatorova_disp-800x822.jpg 800w\" data-sizes=\"(max-width: 882px) 100vw, 882px\" src=\"data:image\/svg+xml;base64,PHN2ZyB3aWR0aD0iMSIgaGVpZ2h0PSIxIiB4bWxucz0iaHR0cDovL3d3dy53My5vcmcvMjAwMC9zdmciPjwvc3ZnPg==\" style=\"--smush-placeholder-width: 882px; --smush-placeholder-aspect-ratio: 882\/906;\" \/><\/figure>\n","protected":false},"excerpt":{"rendered":"<p>Am\u00e1lie Kol\u00e1torov\u00e1 MICHAEL &#8211; S\u0160 a VO\u0160 reklamn\u00ed a um\u011bleck\u00e9 tvorby, s.r.o. Zad\u00e1n\u00edm tohoto projektu je n\u00e1vrh interi\u00e9ru malometr\u00e1\u017en\u00edho bytu v bytov\u00e9m komplexu, kter\u00fd se nach\u00e1z\u00ed v Praze, v m\u011bstsk\u00e9 \u010d\u00e1sti Karl\u00edn. Byt je ur\u010den pro st\u0159edn\u011b a dlouhodob\u00fd pron\u00e1jem. Inspirac\u00ed pro tento n\u00e1vrh je d\u00edlo Ji\u0159\u00edho Trnky, a to p\u0159edev\u0161\u00edm skrze barevnost a celkovou [&hellip;]<\/p>\n","protected":false},"author":2,"featured_media":4575,"menu_order":0,"comment_status":"closed","ping_status":"closed","template":"","format":"standard","meta":{"ngg_post_thumbnail":0,"ocean_post_layout":"","ocean_both_sidebars_style":"","ocean_both_sidebars_content_width":0,"ocean_both_sidebars_sidebars_width":0,"ocean_sidebar":"","ocean_second_sidebar":"","ocean_disable_margins":"enable","ocean_add_body_class":"","ocean_shortcode_before_top_bar":"","ocean_shortcode_after_top_bar":"","ocean_shortcode_before_header":"","ocean_shortcode_after_header":"","ocean_has_shortcode":"","ocean_shortcode_after_title":"","ocean_shortcode_before_footer_widgets":"","ocean_shortcode_after_footer_widgets":"","ocean_shortcode_before_footer_bottom":"","ocean_shortcode_after_footer_bottom":"","ocean_display_top_bar":"default","ocean_display_header":"default","ocean_header_style":"","ocean_center_header_left_menu":"","ocean_custom_header_template":"","ocean_custom_logo":0,"ocean_custom_retina_logo":0,"ocean_custom_logo_max_width":0,"ocean_custom_logo_tablet_max_width":0,"ocean_custom_logo_mobile_max_width":0,"ocean_custom_logo_max_height":0,"ocean_custom_logo_tablet_max_height":0,"ocean_custom_logo_mobile_max_height":0,"ocean_header_custom_menu":"","ocean_menu_typo_font_family":"","ocean_menu_typo_font_subset":"","ocean_menu_typo_font_size":0,"ocean_menu_typo_font_size_tablet":0,"ocean_menu_typo_font_size_mobile":0,"ocean_menu_typo_font_size_unit":"px","ocean_menu_typo_font_weight":"","ocean_menu_typo_font_weight_tablet":"","ocean_menu_typo_font_weight_mobile":"","ocean_menu_typo_transform":"","ocean_menu_typo_transform_tablet":"","ocean_menu_typo_transform_mobile":"","ocean_menu_typo_line_height":0,"ocean_menu_typo_line_height_tablet":0,"ocean_menu_typo_line_height_mobile":0,"ocean_menu_typo_line_height_unit":"","ocean_menu_typo_spacing":0,"ocean_menu_typo_spacing_tablet":0,"ocean_menu_typo_spacing_mobile":0,"ocean_menu_typo_spacing_unit":"","ocean_menu_link_color":"","ocean_menu_link_color_hover":"","ocean_menu_link_color_active":"","ocean_menu_link_background":"","ocean_menu_link_hover_background":"","ocean_menu_link_active_background":"","ocean_menu_social_links_bg":"","ocean_menu_social_hover_links_bg":"","ocean_menu_social_links_color":"","ocean_menu_social_hover_links_color":"","ocean_disable_title":"default","ocean_disable_heading":"default","ocean_post_title":"","ocean_post_subheading":"","ocean_post_title_style":"","ocean_post_title_background_color":"","ocean_post_title_background":0,"ocean_post_title_bg_image_position":"","ocean_post_title_bg_image_attachment":"","ocean_post_title_bg_image_repeat":"","ocean_post_title_bg_image_size":"","ocean_post_title_height":0,"ocean_post_title_bg_overlay":0.5,"ocean_post_title_bg_overlay_color":"","ocean_disable_breadcrumbs":"default","ocean_breadcrumbs_color":"","ocean_breadcrumbs_separator_color":"","ocean_breadcrumbs_links_color":"","ocean_breadcrumbs_links_hover_color":"","ocean_display_footer_widgets":"default","ocean_display_footer_bottom":"default","ocean_custom_footer_template":"","_vp_format_video_url":"","_vp_image_focal_point":{"x":0.5,"y":0.5},"footnotes":""},"portfolio_category":[],"portfolio_tag":[],"class_list":["post-4571","portfolio","type-portfolio","status-publish","format-standard","has-post-thumbnail","hentry","entry","has-media"],"yoast_head":"<!-- This site is optimized with the Yoast SEO plugin v25.2 - https:\/\/yoast.com\/wordpress\/plugins\/seo\/ -->\n<title>Interi\u00e9rov\u00fd design - Malometr\u00e1\u017en\u00ed byt inspirovan\u00fd Zahradou J. Trnky - design-award.cz<\/title>\n<meta name=\"robots\" content=\"index, follow, max-snippet:-1, max-image-preview:large, max-video-preview:-1\" \/>\n<link rel=\"canonical\" href=\"https:\/\/www.design-award.cz\/?portfolio=interierovy-design-malometrazni-byt-inspirovany-zahradou-j-trnky\" \/>\n<meta property=\"og:locale\" content=\"cs_CZ\" \/>\n<meta property=\"og:type\" content=\"article\" \/>\n<meta property=\"og:title\" content=\"Interi\u00e9rov\u00fd design - Malometr\u00e1\u017en\u00ed byt inspirovan\u00fd Zahradou J. Trnky - design-award.cz\" \/>\n<meta property=\"og:description\" content=\"Am\u00e1lie Kol\u00e1torov\u00e1 MICHAEL &#8211; S\u0160 a VO\u0160 reklamn\u00ed a um\u011bleck\u00e9 tvorby, s.r.o. Zad\u00e1n\u00edm tohoto projektu je n\u00e1vrh interi\u00e9ru malometr\u00e1\u017en\u00edho bytu v bytov\u00e9m komplexu, kter\u00fd se nach\u00e1z\u00ed v Praze, v m\u011bstsk\u00e9 \u010d\u00e1sti Karl\u00edn. Byt je ur\u010den pro st\u0159edn\u011b a dlouhodob\u00fd pron\u00e1jem. Inspirac\u00ed pro tento n\u00e1vrh je d\u00edlo Ji\u0159\u00edho Trnky, a to p\u0159edev\u0161\u00edm skrze barevnost a celkovou [&hellip;]\" \/>\n<meta property=\"og:url\" content=\"https:\/\/www.design-award.cz\/?portfolio=interierovy-design-malometrazni-byt-inspirovany-zahradou-j-trnky\" \/>\n<meta property=\"og:site_name\" content=\"design-award.cz\" \/>\n<meta property=\"article:modified_time\" content=\"2025-05-29T07:54:30+00:00\" \/>\n<meta property=\"og:image\" content=\"http:\/\/www.design-award.cz\/wp-content\/uploads\/2025\/05\/AmelieKolatorova_obyt.jpg\" \/>\n\t<meta property=\"og:image:width\" content=\"800\" \/>\n\t<meta property=\"og:image:height\" content=\"800\" \/>\n\t<meta property=\"og:image:type\" content=\"image\/jpeg\" \/>\n<meta name=\"twitter:card\" content=\"summary_large_image\" \/>\n<meta name=\"twitter:label1\" content=\"Odhadovan\u00e1 doba \u010dten\u00ed\" \/>\n\t<meta name=\"twitter:data1\" content=\"2 minuty\" \/>\n<script type=\"application\/ld+json\" class=\"yoast-schema-graph\">{\"@context\":\"https:\/\/schema.org\",\"@graph\":[{\"@type\":\"WebPage\",\"@id\":\"https:\/\/www.design-award.cz\/?portfolio=interierovy-design-malometrazni-byt-inspirovany-zahradou-j-trnky\",\"url\":\"https:\/\/www.design-award.cz\/?portfolio=interierovy-design-malometrazni-byt-inspirovany-zahradou-j-trnky\",\"name\":\"Interi\u00e9rov\u00fd design - Malometr\u00e1\u017en\u00ed byt inspirovan\u00fd Zahradou J. Trnky - design-award.cz\",\"isPartOf\":{\"@id\":\"https:\/\/www.design-award.cz\/#website\"},\"primaryImageOfPage\":{\"@id\":\"https:\/\/www.design-award.cz\/?portfolio=interierovy-design-malometrazni-byt-inspirovany-zahradou-j-trnky#primaryimage\"},\"image\":{\"@id\":\"https:\/\/www.design-award.cz\/?portfolio=interierovy-design-malometrazni-byt-inspirovany-zahradou-j-trnky#primaryimage\"},\"thumbnailUrl\":\"https:\/\/www.design-award.cz\/wp-content\/uploads\/2025\/05\/AmelieKolatorova_obyt.jpg\",\"datePublished\":\"2025-05-29T07:48:56+00:00\",\"dateModified\":\"2025-05-29T07:54:30+00:00\",\"breadcrumb\":{\"@id\":\"https:\/\/www.design-award.cz\/?portfolio=interierovy-design-malometrazni-byt-inspirovany-zahradou-j-trnky#breadcrumb\"},\"inLanguage\":\"cs\",\"potentialAction\":[{\"@type\":\"ReadAction\",\"target\":[\"https:\/\/www.design-award.cz\/?portfolio=interierovy-design-malometrazni-byt-inspirovany-zahradou-j-trnky\"]}]},{\"@type\":\"ImageObject\",\"inLanguage\":\"cs\",\"@id\":\"https:\/\/www.design-award.cz\/?portfolio=interierovy-design-malometrazni-byt-inspirovany-zahradou-j-trnky#primaryimage\",\"url\":\"https:\/\/www.design-award.cz\/wp-content\/uploads\/2025\/05\/AmelieKolatorova_obyt.jpg\",\"contentUrl\":\"https:\/\/www.design-award.cz\/wp-content\/uploads\/2025\/05\/AmelieKolatorova_obyt.jpg\",\"width\":800,\"height\":800},{\"@type\":\"BreadcrumbList\",\"@id\":\"https:\/\/www.design-award.cz\/?portfolio=interierovy-design-malometrazni-byt-inspirovany-zahradou-j-trnky#breadcrumb\",\"itemListElement\":[{\"@type\":\"ListItem\",\"position\":1,\"name\":\"Dom\u016f\",\"item\":\"https:\/\/www.design-award.cz\/\"},{\"@type\":\"ListItem\",\"position\":2,\"name\":\"Portfolio Items\",\"item\":\"https:\/\/www.design-award.cz\/?post_type=portfolio\"},{\"@type\":\"ListItem\",\"position\":3,\"name\":\"Interi\u00e9rov\u00fd design &#8211; Malometr\u00e1\u017en\u00ed byt inspirovan\u00fd Zahradou J. Trnky\"}]},{\"@type\":\"WebSite\",\"@id\":\"https:\/\/www.design-award.cz\/#website\",\"url\":\"https:\/\/www.design-award.cz\/\",\"name\":\"design-award.cz\",\"description\":\"WARD vznikla v roce 2022. Je ur\u010dena p\u0159edev\u0161\u00edm student\u016fm st\u0159edn\u00edch um\u011bleck\u00fdch \u0161kol (S\u0160 a VO\u0160), kte\u0159\u00ed mohou bezplatn\u011b zaslat sv\u00e9 n\u00e1vrhy v uveden\u00fdch kategori\u00ed a tak pom\u011b\u0159it sv\u00e9 n\u00e1pady s konkurenc\u00ed sv\u00fdch vrstevn\u00edk\u016f. N\u00e1vrhy jsou n\u00e1sledn\u011b posouzeny nez\u00e1vislou porotou z \u0159ad v\u00fdtvarn\u00edk\u016f, pedagog\u016f a profesion\u00e1l\u016f z oboru.\",\"publisher\":{\"@id\":\"https:\/\/www.design-award.cz\/#organization\"},\"potentialAction\":[{\"@type\":\"SearchAction\",\"target\":{\"@type\":\"EntryPoint\",\"urlTemplate\":\"https:\/\/www.design-award.cz\/?s={search_term_string}\"},\"query-input\":{\"@type\":\"PropertyValueSpecification\",\"valueRequired\":true,\"valueName\":\"search_term_string\"}}],\"inLanguage\":\"cs\"},{\"@type\":\"Organization\",\"@id\":\"https:\/\/www.design-award.cz\/#organization\",\"name\":\"Design Award\",\"url\":\"https:\/\/www.design-award.cz\/\",\"logo\":{\"@type\":\"ImageObject\",\"inLanguage\":\"cs\",\"@id\":\"https:\/\/www.design-award.cz\/#\/schema\/logo\/image\/\",\"url\":\"http:\/\/www.design-award.cz\/wp-content\/uploads\/2021\/12\/hornilogo_design-award.png\",\"contentUrl\":\"http:\/\/www.design-award.cz\/wp-content\/uploads\/2021\/12\/hornilogo_design-award.png\",\"width\":800,\"height\":600,\"caption\":\"Design Award\"},\"image\":{\"@id\":\"https:\/\/www.design-award.cz\/#\/schema\/logo\/image\/\"},\"sameAs\":[\"https:\/\/www.instagram.com\/design_award\/\"]}]}<\/script>\n<!-- \/ Yoast SEO plugin. -->","yoast_head_json":{"title":"Interi\u00e9rov\u00fd design - Malometr\u00e1\u017en\u00ed byt inspirovan\u00fd Zahradou J. Trnky - design-award.cz","robots":{"index":"index","follow":"follow","max-snippet":"max-snippet:-1","max-image-preview":"max-image-preview:large","max-video-preview":"max-video-preview:-1"},"canonical":"https:\/\/www.design-award.cz\/?portfolio=interierovy-design-malometrazni-byt-inspirovany-zahradou-j-trnky","og_locale":"cs_CZ","og_type":"article","og_title":"Interi\u00e9rov\u00fd design - Malometr\u00e1\u017en\u00ed byt inspirovan\u00fd Zahradou J. Trnky - design-award.cz","og_description":"Am\u00e1lie Kol\u00e1torov\u00e1 MICHAEL &#8211; S\u0160 a VO\u0160 reklamn\u00ed a um\u011bleck\u00e9 tvorby, s.r.o. Zad\u00e1n\u00edm tohoto projektu je n\u00e1vrh interi\u00e9ru malometr\u00e1\u017en\u00edho bytu v bytov\u00e9m komplexu, kter\u00fd se nach\u00e1z\u00ed v Praze, v m\u011bstsk\u00e9 \u010d\u00e1sti Karl\u00edn. Byt je ur\u010den pro st\u0159edn\u011b a dlouhodob\u00fd pron\u00e1jem. Inspirac\u00ed pro tento n\u00e1vrh je d\u00edlo Ji\u0159\u00edho Trnky, a to p\u0159edev\u0161\u00edm skrze barevnost a celkovou [&hellip;]","og_url":"https:\/\/www.design-award.cz\/?portfolio=interierovy-design-malometrazni-byt-inspirovany-zahradou-j-trnky","og_site_name":"design-award.cz","article_modified_time":"2025-05-29T07:54:30+00:00","og_image":[{"width":800,"height":800,"url":"http:\/\/www.design-award.cz\/wp-content\/uploads\/2025\/05\/AmelieKolatorova_obyt.jpg","type":"image\/jpeg"}],"twitter_card":"summary_large_image","twitter_misc":{"Odhadovan\u00e1 doba \u010dten\u00ed":"2 minuty"},"schema":{"@context":"https:\/\/schema.org","@graph":[{"@type":"WebPage","@id":"https:\/\/www.design-award.cz\/?portfolio=interierovy-design-malometrazni-byt-inspirovany-zahradou-j-trnky","url":"https:\/\/www.design-award.cz\/?portfolio=interierovy-design-malometrazni-byt-inspirovany-zahradou-j-trnky","name":"Interi\u00e9rov\u00fd design - Malometr\u00e1\u017en\u00ed byt inspirovan\u00fd Zahradou J. Trnky - design-award.cz","isPartOf":{"@id":"https:\/\/www.design-award.cz\/#website"},"primaryImageOfPage":{"@id":"https:\/\/www.design-award.cz\/?portfolio=interierovy-design-malometrazni-byt-inspirovany-zahradou-j-trnky#primaryimage"},"image":{"@id":"https:\/\/www.design-award.cz\/?portfolio=interierovy-design-malometrazni-byt-inspirovany-zahradou-j-trnky#primaryimage"},"thumbnailUrl":"https:\/\/www.design-award.cz\/wp-content\/uploads\/2025\/05\/AmelieKolatorova_obyt.jpg","datePublished":"2025-05-29T07:48:56+00:00","dateModified":"2025-05-29T07:54:30+00:00","breadcrumb":{"@id":"https:\/\/www.design-award.cz\/?portfolio=interierovy-design-malometrazni-byt-inspirovany-zahradou-j-trnky#breadcrumb"},"inLanguage":"cs","potentialAction":[{"@type":"ReadAction","target":["https:\/\/www.design-award.cz\/?portfolio=interierovy-design-malometrazni-byt-inspirovany-zahradou-j-trnky"]}]},{"@type":"ImageObject","inLanguage":"cs","@id":"https:\/\/www.design-award.cz\/?portfolio=interierovy-design-malometrazni-byt-inspirovany-zahradou-j-trnky#primaryimage","url":"https:\/\/www.design-award.cz\/wp-content\/uploads\/2025\/05\/AmelieKolatorova_obyt.jpg","contentUrl":"https:\/\/www.design-award.cz\/wp-content\/uploads\/2025\/05\/AmelieKolatorova_obyt.jpg","width":800,"height":800},{"@type":"BreadcrumbList","@id":"https:\/\/www.design-award.cz\/?portfolio=interierovy-design-malometrazni-byt-inspirovany-zahradou-j-trnky#breadcrumb","itemListElement":[{"@type":"ListItem","position":1,"name":"Dom\u016f","item":"https:\/\/www.design-award.cz\/"},{"@type":"ListItem","position":2,"name":"Portfolio Items","item":"https:\/\/www.design-award.cz\/?post_type=portfolio"},{"@type":"ListItem","position":3,"name":"Interi\u00e9rov\u00fd design &#8211; Malometr\u00e1\u017en\u00ed byt inspirovan\u00fd Zahradou J. Trnky"}]},{"@type":"WebSite","@id":"https:\/\/www.design-award.cz\/#website","url":"https:\/\/www.design-award.cz\/","name":"design-award.cz","description":"WARD vznikla v roce 2022. Je ur\u010dena p\u0159edev\u0161\u00edm student\u016fm st\u0159edn\u00edch um\u011bleck\u00fdch \u0161kol (S\u0160 a VO\u0160), kte\u0159\u00ed mohou bezplatn\u011b zaslat sv\u00e9 n\u00e1vrhy v uveden\u00fdch kategori\u00ed a tak pom\u011b\u0159it sv\u00e9 n\u00e1pady s konkurenc\u00ed sv\u00fdch vrstevn\u00edk\u016f. N\u00e1vrhy jsou n\u00e1sledn\u011b posouzeny nez\u00e1vislou porotou z \u0159ad v\u00fdtvarn\u00edk\u016f, pedagog\u016f a profesion\u00e1l\u016f z oboru.","publisher":{"@id":"https:\/\/www.design-award.cz\/#organization"},"potentialAction":[{"@type":"SearchAction","target":{"@type":"EntryPoint","urlTemplate":"https:\/\/www.design-award.cz\/?s={search_term_string}"},"query-input":{"@type":"PropertyValueSpecification","valueRequired":true,"valueName":"search_term_string"}}],"inLanguage":"cs"},{"@type":"Organization","@id":"https:\/\/www.design-award.cz\/#organization","name":"Design Award","url":"https:\/\/www.design-award.cz\/","logo":{"@type":"ImageObject","inLanguage":"cs","@id":"https:\/\/www.design-award.cz\/#\/schema\/logo\/image\/","url":"http:\/\/www.design-award.cz\/wp-content\/uploads\/2021\/12\/hornilogo_design-award.png","contentUrl":"http:\/\/www.design-award.cz\/wp-content\/uploads\/2021\/12\/hornilogo_design-award.png","width":800,"height":600,"caption":"Design Award"},"image":{"@id":"https:\/\/www.design-award.cz\/#\/schema\/logo\/image\/"},"sameAs":["https:\/\/www.instagram.com\/design_award\/"]}]}},"_links":{"self":[{"href":"https:\/\/www.design-award.cz\/index.php?rest_route=\/wp\/v2\/portfolio\/4571","targetHints":{"allow":["GET"]}}],"collection":[{"href":"https:\/\/www.design-award.cz\/index.php?rest_route=\/wp\/v2\/portfolio"}],"about":[{"href":"https:\/\/www.design-award.cz\/index.php?rest_route=\/wp\/v2\/types\/portfolio"}],"author":[{"embeddable":true,"href":"https:\/\/www.design-award.cz\/index.php?rest_route=\/wp\/v2\/users\/2"}],"replies":[{"embeddable":true,"href":"https:\/\/www.design-award.cz\/index.php?rest_route=%2Fwp%2Fv2%2Fcomments&post=4571"}],"version-history":[{"count":1,"href":"https:\/\/www.design-award.cz\/index.php?rest_route=\/wp\/v2\/portfolio\/4571\/revisions"}],"predecessor-version":[{"id":4576,"href":"https:\/\/www.design-award.cz\/index.php?rest_route=\/wp\/v2\/portfolio\/4571\/revisions\/4576"}],"wp:featuredmedia":[{"embeddable":true,"href":"https:\/\/www.design-award.cz\/index.php?rest_route=\/wp\/v2\/media\/4575"}],"wp:attachment":[{"href":"https:\/\/www.design-award.cz\/index.php?rest_route=%2Fwp%2Fv2%2Fmedia&parent=4571"}],"wp:term":[{"taxonomy":"portfolio_category","embeddable":true,"href":"https:\/\/www.design-award.cz\/index.php?rest_route=%2Fwp%2Fv2%2Fportfolio_category&post=4571"},{"taxonomy":"portfolio_tag","embeddable":true,"href":"https:\/\/www.design-award.cz\/index.php?rest_route=%2Fwp%2Fv2%2Fportfolio_tag&post=4571"}],"curies":[{"name":"wp","href":"https:\/\/api.w.org\/{rel}","templated":true}]}}