{"id":4635,"date":"2025-06-01T18:19:26","date_gmt":"2025-06-01T18:19:26","guid":{"rendered":"https:\/\/www.design-award.cz\/?post_type=portfolio&#038;p=4635"},"modified":"2025-06-06T09:02:31","modified_gmt":"2025-06-06T09:02:31","slug":"interierovy-design-fixpoint","status":"publish","type":"portfolio","link":"https:\/\/www.design-award.cz\/?portfolio=interierovy-design-fixpoint","title":{"rendered":"Interi\u00e9rov\u00fd design &#8211; FIXPOINT"},"content":{"rendered":"\n<p><strong>Kamila Ji\u0159i\u0161tov\u00e1<\/strong><br><br>St\u0159edn\u00ed \u0161kola designu interi\u00e9ru Kate\u0159inky \u2013 Liberec, s.r.o.<br><br>Renovace prostoru pal\u00e1ce Dunaj v Liberci. Mou nejv\u011bt\u0161\u00ed inspirac\u00ed bylo repair caf\u00e9 (<a href=\"https:\/\/www.repaircafe.org\/en\/\" target=\"_blank\" rel=\"noreferrer noopener\">https:\/\/www.repaircafe.org\/en\/<\/a>) kter\u00e9 m\u00e1 mnoho pobo\u010dek po cel\u00e9m sv\u011bt\u011b, bohu\u017eel ani jednu zde, ale brzy by m\u011bla b\u00fdt otev\u0159ena jedna v Hole\u0161ovic\u00edch v Praze. Prob\u00edhaly zde pouze workshopy, ale nemaj\u00ed pevn\u00e9 m\u00edsto na provoz. A vyu\u017eit\u00ed pr\u00e1v\u011b prostor pal\u00e1ce Dunaj by byla skv\u011bl\u00e1 p\u0159\u00edle\u017eitost k realizaci. Ve stru\u010dnosti: kdokoliv p\u0159ijde, oprav\u00ed si rozbitou v\u011bc s pomoc\u00ed zam\u011bstnanc\u016f, a p\u0159itom se ob\u010derstv\u00ed dobrou k\u00e1vou.<\/p>\n\n\n\n<figure class=\"wp-block-image size-large\"><img decoding=\"async\" width=\"724\" height=\"1024\" data-src=\"http:\/\/www.design-award.cz\/wp-content\/uploads\/2025\/06\/plakat-dunaj-Jiristova-724x1024.jpg\" alt=\"\" class=\"wp-image-4636 lazyload\" data-srcset=\"https:\/\/www.design-award.cz\/wp-content\/uploads\/2025\/06\/plakat-dunaj-Jiristova-724x1024.jpg 724w, https:\/\/www.design-award.cz\/wp-content\/uploads\/2025\/06\/plakat-dunaj-Jiristova-212x300.jpg 212w, https:\/\/www.design-award.cz\/wp-content\/uploads\/2025\/06\/plakat-dunaj-Jiristova-768x1086.jpg 768w, https:\/\/www.design-award.cz\/wp-content\/uploads\/2025\/06\/plakat-dunaj-Jiristova-1086x1536.jpg 1086w, https:\/\/www.design-award.cz\/wp-content\/uploads\/2025\/06\/plakat-dunaj-Jiristova-1448x2048.jpg 1448w, https:\/\/www.design-award.cz\/wp-content\/uploads\/2025\/06\/plakat-dunaj-Jiristova-500x707.jpg 500w, https:\/\/www.design-award.cz\/wp-content\/uploads\/2025\/06\/plakat-dunaj-Jiristova-800x1131.jpg 800w, https:\/\/www.design-award.cz\/wp-content\/uploads\/2025\/06\/plakat-dunaj-Jiristova-1280x1810.jpg 1280w, https:\/\/www.design-award.cz\/wp-content\/uploads\/2025\/06\/plakat-dunaj-Jiristova-1920x2715.jpg 1920w, https:\/\/www.design-award.cz\/wp-content\/uploads\/2025\/06\/plakat-dunaj-Jiristova-scaled.jpg 1810w\" data-sizes=\"(max-width: 724px) 100vw, 724px\" src=\"data:image\/svg+xml;base64,PHN2ZyB3aWR0aD0iMSIgaGVpZ2h0PSIxIiB4bWxucz0iaHR0cDovL3d3dy53My5vcmcvMjAwMC9zdmciPjwvc3ZnPg==\" style=\"--smush-placeholder-width: 724px; --smush-placeholder-aspect-ratio: 724\/1024;\" \/><\/figure>\n\n\n\n<figure class=\"wp-block-image size-large\"><img decoding=\"async\" width=\"1024\" height=\"576\" data-src=\"http:\/\/www.design-award.cz\/wp-content\/uploads\/2025\/06\/Image21-1024x576.png\" alt=\"\" class=\"wp-image-4639 lazyload\" data-srcset=\"https:\/\/www.design-award.cz\/wp-content\/uploads\/2025\/06\/Image21-1024x576.png 1024w, https:\/\/www.design-award.cz\/wp-content\/uploads\/2025\/06\/Image21-300x169.png 300w, https:\/\/www.design-award.cz\/wp-content\/uploads\/2025\/06\/Image21-768x432.png 768w, https:\/\/www.design-award.cz\/wp-content\/uploads\/2025\/06\/Image21-1536x864.png 1536w, https:\/\/www.design-award.cz\/wp-content\/uploads\/2025\/06\/Image21-800x450.png 800w, https:\/\/www.design-award.cz\/wp-content\/uploads\/2025\/06\/Image21-500x281.png 500w, https:\/\/www.design-award.cz\/wp-content\/uploads\/2025\/06\/Image21-1280x720.png 1280w, https:\/\/www.design-award.cz\/wp-content\/uploads\/2025\/06\/Image21.png 1920w\" data-sizes=\"(max-width: 1024px) 100vw, 1024px\" src=\"data:image\/svg+xml;base64,PHN2ZyB3aWR0aD0iMSIgaGVpZ2h0PSIxIiB4bWxucz0iaHR0cDovL3d3dy53My5vcmcvMjAwMC9zdmciPjwvc3ZnPg==\" style=\"--smush-placeholder-width: 1024px; --smush-placeholder-aspect-ratio: 1024\/576;\" \/><\/figure>\n\n\n\n<figure class=\"wp-block-image size-large\"><img decoding=\"async\" width=\"1024\" height=\"506\" data-src=\"http:\/\/www.design-award.cz\/wp-content\/uploads\/2025\/06\/pudorys-dunaj-1024x506.jpg\" alt=\"\" class=\"wp-image-4637 lazyload\" data-srcset=\"https:\/\/www.design-award.cz\/wp-content\/uploads\/2025\/06\/pudorys-dunaj-1024x506.jpg 1024w, https:\/\/www.design-award.cz\/wp-content\/uploads\/2025\/06\/pudorys-dunaj-300x148.jpg 300w, https:\/\/www.design-award.cz\/wp-content\/uploads\/2025\/06\/pudorys-dunaj-768x379.jpg 768w, https:\/\/www.design-award.cz\/wp-content\/uploads\/2025\/06\/pudorys-dunaj-1536x759.jpg 1536w, https:\/\/www.design-award.cz\/wp-content\/uploads\/2025\/06\/pudorys-dunaj-500x247.jpg 500w, https:\/\/www.design-award.cz\/wp-content\/uploads\/2025\/06\/pudorys-dunaj-800x395.jpg 800w, https:\/\/www.design-award.cz\/wp-content\/uploads\/2025\/06\/pudorys-dunaj-1280x632.jpg 1280w, https:\/\/www.design-award.cz\/wp-content\/uploads\/2025\/06\/pudorys-dunaj.jpg 1792w\" data-sizes=\"(max-width: 1024px) 100vw, 1024px\" src=\"data:image\/svg+xml;base64,PHN2ZyB3aWR0aD0iMSIgaGVpZ2h0PSIxIiB4bWxucz0iaHR0cDovL3d3dy53My5vcmcvMjAwMC9zdmciPjwvc3ZnPg==\" style=\"--smush-placeholder-width: 1024px; --smush-placeholder-aspect-ratio: 1024\/506;\" \/><\/figure>\n","protected":false},"excerpt":{"rendered":"<p>Kamila Ji\u0159i\u0161tov\u00e1 St\u0159edn\u00ed \u0161kola designu interi\u00e9ru Kate\u0159inky \u2013 Liberec, s.r.o. Renovace prostoru pal\u00e1ce Dunaj v Liberci. Mou nejv\u011bt\u0161\u00ed inspirac\u00ed bylo repair caf\u00e9 (https:\/\/www.repaircafe.org\/en\/) kter\u00e9 m\u00e1 mnoho pobo\u010dek po cel\u00e9m sv\u011bt\u011b, bohu\u017eel ani jednu zde, ale brzy by m\u011bla b\u00fdt otev\u0159ena jedna v Hole\u0161ovic\u00edch v Praze. Prob\u00edhaly zde pouze workshopy, ale nemaj\u00ed pevn\u00e9 m\u00edsto na provoz. [&hellip;]<\/p>\n","protected":false},"author":2,"featured_media":4638,"menu_order":0,"comment_status":"closed","ping_status":"closed","template":"","format":"standard","meta":{"ngg_post_thumbnail":0,"ocean_post_layout":"","ocean_both_sidebars_style":"","ocean_both_sidebars_content_width":0,"ocean_both_sidebars_sidebars_width":0,"ocean_sidebar":"","ocean_second_sidebar":"","ocean_disable_margins":"enable","ocean_add_body_class":"","ocean_shortcode_before_top_bar":"","ocean_shortcode_after_top_bar":"","ocean_shortcode_before_header":"","ocean_shortcode_after_header":"","ocean_has_shortcode":"","ocean_shortcode_after_title":"","ocean_shortcode_before_footer_widgets":"","ocean_shortcode_after_footer_widgets":"","ocean_shortcode_before_footer_bottom":"","ocean_shortcode_after_footer_bottom":"","ocean_display_top_bar":"default","ocean_display_header":"default","ocean_header_style":"","ocean_center_header_left_menu":"","ocean_custom_header_template":"","ocean_custom_logo":0,"ocean_custom_retina_logo":0,"ocean_custom_logo_max_width":0,"ocean_custom_logo_tablet_max_width":0,"ocean_custom_logo_mobile_max_width":0,"ocean_custom_logo_max_height":0,"ocean_custom_logo_tablet_max_height":0,"ocean_custom_logo_mobile_max_height":0,"ocean_header_custom_menu":"","ocean_menu_typo_font_family":"","ocean_menu_typo_font_subset":"","ocean_menu_typo_font_size":0,"ocean_menu_typo_font_size_tablet":0,"ocean_menu_typo_font_size_mobile":0,"ocean_menu_typo_font_size_unit":"px","ocean_menu_typo_font_weight":"","ocean_menu_typo_font_weight_tablet":"","ocean_menu_typo_font_weight_mobile":"","ocean_menu_typo_transform":"","ocean_menu_typo_transform_tablet":"","ocean_menu_typo_transform_mobile":"","ocean_menu_typo_line_height":0,"ocean_menu_typo_line_height_tablet":0,"ocean_menu_typo_line_height_mobile":0,"ocean_menu_typo_line_height_unit":"","ocean_menu_typo_spacing":0,"ocean_menu_typo_spacing_tablet":0,"ocean_menu_typo_spacing_mobile":0,"ocean_menu_typo_spacing_unit":"","ocean_menu_link_color":"","ocean_menu_link_color_hover":"","ocean_menu_link_color_active":"","ocean_menu_link_background":"","ocean_menu_link_hover_background":"","ocean_menu_link_active_background":"","ocean_menu_social_links_bg":"","ocean_menu_social_hover_links_bg":"","ocean_menu_social_links_color":"","ocean_menu_social_hover_links_color":"","ocean_disable_title":"default","ocean_disable_heading":"default","ocean_post_title":"","ocean_post_subheading":"","ocean_post_title_style":"","ocean_post_title_background_color":"","ocean_post_title_background":0,"ocean_post_title_bg_image_position":"","ocean_post_title_bg_image_attachment":"","ocean_post_title_bg_image_repeat":"","ocean_post_title_bg_image_size":"","ocean_post_title_height":0,"ocean_post_title_bg_overlay":0.5,"ocean_post_title_bg_overlay_color":"","ocean_disable_breadcrumbs":"default","ocean_breadcrumbs_color":"","ocean_breadcrumbs_separator_color":"","ocean_breadcrumbs_links_color":"","ocean_breadcrumbs_links_hover_color":"","ocean_display_footer_widgets":"default","ocean_display_footer_bottom":"default","ocean_custom_footer_template":"","_vp_format_video_url":"","_vp_image_focal_point":[],"footnotes":""},"portfolio_category":[],"portfolio_tag":[],"class_list":["post-4635","portfolio","type-portfolio","status-publish","format-standard","has-post-thumbnail","hentry","entry","has-media"],"yoast_head":"<!-- This site is optimized with the Yoast SEO plugin v25.2 - https:\/\/yoast.com\/wordpress\/plugins\/seo\/ -->\n<title>Interi\u00e9rov\u00fd design - FIXPOINT - design-award.cz<\/title>\n<meta name=\"robots\" content=\"index, follow, max-snippet:-1, max-image-preview:large, max-video-preview:-1\" \/>\n<link rel=\"canonical\" href=\"https:\/\/www.design-award.cz\/?portfolio=interierovy-design-fixpoint\" \/>\n<meta property=\"og:locale\" content=\"cs_CZ\" \/>\n<meta property=\"og:type\" content=\"article\" \/>\n<meta property=\"og:title\" content=\"Interi\u00e9rov\u00fd design - FIXPOINT - design-award.cz\" \/>\n<meta property=\"og:description\" content=\"Kamila Ji\u0159i\u0161tov\u00e1 St\u0159edn\u00ed \u0161kola designu interi\u00e9ru Kate\u0159inky \u2013 Liberec, s.r.o. Renovace prostoru pal\u00e1ce Dunaj v Liberci. Mou nejv\u011bt\u0161\u00ed inspirac\u00ed bylo repair caf\u00e9 (https:\/\/www.repaircafe.org\/en\/) kter\u00e9 m\u00e1 mnoho pobo\u010dek po cel\u00e9m sv\u011bt\u011b, bohu\u017eel ani jednu zde, ale brzy by m\u011bla b\u00fdt otev\u0159ena jedna v Hole\u0161ovic\u00edch v Praze. Prob\u00edhaly zde pouze workshopy, ale nemaj\u00ed pevn\u00e9 m\u00edsto na provoz. [&hellip;]\" \/>\n<meta property=\"og:url\" content=\"https:\/\/www.design-award.cz\/?portfolio=interierovy-design-fixpoint\" \/>\n<meta property=\"og:site_name\" content=\"design-award.cz\" \/>\n<meta property=\"article:modified_time\" content=\"2025-06-06T09:02:31+00:00\" \/>\n<meta property=\"og:image\" content=\"http:\/\/www.design-award.cz\/wp-content\/uploads\/2025\/06\/Image4-1024x576.png\" \/>\n\t<meta property=\"og:image:width\" content=\"1024\" \/>\n\t<meta property=\"og:image:height\" content=\"576\" \/>\n\t<meta property=\"og:image:type\" content=\"image\/png\" \/>\n<meta name=\"twitter:card\" content=\"summary_large_image\" \/>\n<meta name=\"twitter:label1\" content=\"Odhadovan\u00e1 doba \u010dten\u00ed\" \/>\n\t<meta name=\"twitter:data1\" content=\"2 minuty\" \/>\n<script type=\"application\/ld+json\" class=\"yoast-schema-graph\">{\"@context\":\"https:\/\/schema.org\",\"@graph\":[{\"@type\":\"WebPage\",\"@id\":\"https:\/\/www.design-award.cz\/?portfolio=interierovy-design-fixpoint\",\"url\":\"https:\/\/www.design-award.cz\/?portfolio=interierovy-design-fixpoint\",\"name\":\"Interi\u00e9rov\u00fd design - FIXPOINT - design-award.cz\",\"isPartOf\":{\"@id\":\"https:\/\/www.design-award.cz\/#website\"},\"primaryImageOfPage\":{\"@id\":\"https:\/\/www.design-award.cz\/?portfolio=interierovy-design-fixpoint#primaryimage\"},\"image\":{\"@id\":\"https:\/\/www.design-award.cz\/?portfolio=interierovy-design-fixpoint#primaryimage\"},\"thumbnailUrl\":\"https:\/\/www.design-award.cz\/wp-content\/uploads\/2025\/06\/Image4.png\",\"datePublished\":\"2025-06-01T18:19:26+00:00\",\"dateModified\":\"2025-06-06T09:02:31+00:00\",\"breadcrumb\":{\"@id\":\"https:\/\/www.design-award.cz\/?portfolio=interierovy-design-fixpoint#breadcrumb\"},\"inLanguage\":\"cs\",\"potentialAction\":[{\"@type\":\"ReadAction\",\"target\":[\"https:\/\/www.design-award.cz\/?portfolio=interierovy-design-fixpoint\"]}]},{\"@type\":\"ImageObject\",\"inLanguage\":\"cs\",\"@id\":\"https:\/\/www.design-award.cz\/?portfolio=interierovy-design-fixpoint#primaryimage\",\"url\":\"https:\/\/www.design-award.cz\/wp-content\/uploads\/2025\/06\/Image4.png\",\"contentUrl\":\"https:\/\/www.design-award.cz\/wp-content\/uploads\/2025\/06\/Image4.png\",\"width\":1920,\"height\":1080},{\"@type\":\"BreadcrumbList\",\"@id\":\"https:\/\/www.design-award.cz\/?portfolio=interierovy-design-fixpoint#breadcrumb\",\"itemListElement\":[{\"@type\":\"ListItem\",\"position\":1,\"name\":\"Dom\u016f\",\"item\":\"https:\/\/www.design-award.cz\/\"},{\"@type\":\"ListItem\",\"position\":2,\"name\":\"Portfolio Items\",\"item\":\"https:\/\/www.design-award.cz\/?post_type=portfolio\"},{\"@type\":\"ListItem\",\"position\":3,\"name\":\"Interi\u00e9rov\u00fd design &#8211; FIXPOINT\"}]},{\"@type\":\"WebSite\",\"@id\":\"https:\/\/www.design-award.cz\/#website\",\"url\":\"https:\/\/www.design-award.cz\/\",\"name\":\"design-award.cz\",\"description\":\"WARD vznikla v roce 2022. Je ur\u010dena p\u0159edev\u0161\u00edm student\u016fm st\u0159edn\u00edch um\u011bleck\u00fdch \u0161kol (S\u0160 a VO\u0160), kte\u0159\u00ed mohou bezplatn\u011b zaslat sv\u00e9 n\u00e1vrhy v uveden\u00fdch kategori\u00ed a tak pom\u011b\u0159it sv\u00e9 n\u00e1pady s konkurenc\u00ed sv\u00fdch vrstevn\u00edk\u016f. N\u00e1vrhy jsou n\u00e1sledn\u011b posouzeny nez\u00e1vislou porotou z \u0159ad v\u00fdtvarn\u00edk\u016f, pedagog\u016f a profesion\u00e1l\u016f z oboru.\",\"publisher\":{\"@id\":\"https:\/\/www.design-award.cz\/#organization\"},\"potentialAction\":[{\"@type\":\"SearchAction\",\"target\":{\"@type\":\"EntryPoint\",\"urlTemplate\":\"https:\/\/www.design-award.cz\/?s={search_term_string}\"},\"query-input\":{\"@type\":\"PropertyValueSpecification\",\"valueRequired\":true,\"valueName\":\"search_term_string\"}}],\"inLanguage\":\"cs\"},{\"@type\":\"Organization\",\"@id\":\"https:\/\/www.design-award.cz\/#organization\",\"name\":\"Design Award\",\"url\":\"https:\/\/www.design-award.cz\/\",\"logo\":{\"@type\":\"ImageObject\",\"inLanguage\":\"cs\",\"@id\":\"https:\/\/www.design-award.cz\/#\/schema\/logo\/image\/\",\"url\":\"http:\/\/www.design-award.cz\/wp-content\/uploads\/2021\/12\/hornilogo_design-award.png\",\"contentUrl\":\"http:\/\/www.design-award.cz\/wp-content\/uploads\/2021\/12\/hornilogo_design-award.png\",\"width\":800,\"height\":600,\"caption\":\"Design Award\"},\"image\":{\"@id\":\"https:\/\/www.design-award.cz\/#\/schema\/logo\/image\/\"},\"sameAs\":[\"https:\/\/www.instagram.com\/design_award\/\"]}]}<\/script>\n<!-- \/ Yoast SEO plugin. -->","yoast_head_json":{"title":"Interi\u00e9rov\u00fd design - FIXPOINT - design-award.cz","robots":{"index":"index","follow":"follow","max-snippet":"max-snippet:-1","max-image-preview":"max-image-preview:large","max-video-preview":"max-video-preview:-1"},"canonical":"https:\/\/www.design-award.cz\/?portfolio=interierovy-design-fixpoint","og_locale":"cs_CZ","og_type":"article","og_title":"Interi\u00e9rov\u00fd design - FIXPOINT - design-award.cz","og_description":"Kamila Ji\u0159i\u0161tov\u00e1 St\u0159edn\u00ed \u0161kola designu interi\u00e9ru Kate\u0159inky \u2013 Liberec, s.r.o. Renovace prostoru pal\u00e1ce Dunaj v Liberci. Mou nejv\u011bt\u0161\u00ed inspirac\u00ed bylo repair caf\u00e9 (https:\/\/www.repaircafe.org\/en\/) kter\u00e9 m\u00e1 mnoho pobo\u010dek po cel\u00e9m sv\u011bt\u011b, bohu\u017eel ani jednu zde, ale brzy by m\u011bla b\u00fdt otev\u0159ena jedna v Hole\u0161ovic\u00edch v Praze. Prob\u00edhaly zde pouze workshopy, ale nemaj\u00ed pevn\u00e9 m\u00edsto na provoz. [&hellip;]","og_url":"https:\/\/www.design-award.cz\/?portfolio=interierovy-design-fixpoint","og_site_name":"design-award.cz","article_modified_time":"2025-06-06T09:02:31+00:00","og_image":[{"width":1024,"height":576,"url":"http:\/\/www.design-award.cz\/wp-content\/uploads\/2025\/06\/Image4-1024x576.png","type":"image\/png"}],"twitter_card":"summary_large_image","twitter_misc":{"Odhadovan\u00e1 doba \u010dten\u00ed":"2 minuty"},"schema":{"@context":"https:\/\/schema.org","@graph":[{"@type":"WebPage","@id":"https:\/\/www.design-award.cz\/?portfolio=interierovy-design-fixpoint","url":"https:\/\/www.design-award.cz\/?portfolio=interierovy-design-fixpoint","name":"Interi\u00e9rov\u00fd design - FIXPOINT - design-award.cz","isPartOf":{"@id":"https:\/\/www.design-award.cz\/#website"},"primaryImageOfPage":{"@id":"https:\/\/www.design-award.cz\/?portfolio=interierovy-design-fixpoint#primaryimage"},"image":{"@id":"https:\/\/www.design-award.cz\/?portfolio=interierovy-design-fixpoint#primaryimage"},"thumbnailUrl":"https:\/\/www.design-award.cz\/wp-content\/uploads\/2025\/06\/Image4.png","datePublished":"2025-06-01T18:19:26+00:00","dateModified":"2025-06-06T09:02:31+00:00","breadcrumb":{"@id":"https:\/\/www.design-award.cz\/?portfolio=interierovy-design-fixpoint#breadcrumb"},"inLanguage":"cs","potentialAction":[{"@type":"ReadAction","target":["https:\/\/www.design-award.cz\/?portfolio=interierovy-design-fixpoint"]}]},{"@type":"ImageObject","inLanguage":"cs","@id":"https:\/\/www.design-award.cz\/?portfolio=interierovy-design-fixpoint#primaryimage","url":"https:\/\/www.design-award.cz\/wp-content\/uploads\/2025\/06\/Image4.png","contentUrl":"https:\/\/www.design-award.cz\/wp-content\/uploads\/2025\/06\/Image4.png","width":1920,"height":1080},{"@type":"BreadcrumbList","@id":"https:\/\/www.design-award.cz\/?portfolio=interierovy-design-fixpoint#breadcrumb","itemListElement":[{"@type":"ListItem","position":1,"name":"Dom\u016f","item":"https:\/\/www.design-award.cz\/"},{"@type":"ListItem","position":2,"name":"Portfolio Items","item":"https:\/\/www.design-award.cz\/?post_type=portfolio"},{"@type":"ListItem","position":3,"name":"Interi\u00e9rov\u00fd design &#8211; FIXPOINT"}]},{"@type":"WebSite","@id":"https:\/\/www.design-award.cz\/#website","url":"https:\/\/www.design-award.cz\/","name":"design-award.cz","description":"WARD vznikla v roce 2022. Je ur\u010dena p\u0159edev\u0161\u00edm student\u016fm st\u0159edn\u00edch um\u011bleck\u00fdch \u0161kol (S\u0160 a VO\u0160), kte\u0159\u00ed mohou bezplatn\u011b zaslat sv\u00e9 n\u00e1vrhy v uveden\u00fdch kategori\u00ed a tak pom\u011b\u0159it sv\u00e9 n\u00e1pady s konkurenc\u00ed sv\u00fdch vrstevn\u00edk\u016f. N\u00e1vrhy jsou n\u00e1sledn\u011b posouzeny nez\u00e1vislou porotou z \u0159ad v\u00fdtvarn\u00edk\u016f, pedagog\u016f a profesion\u00e1l\u016f z oboru.","publisher":{"@id":"https:\/\/www.design-award.cz\/#organization"},"potentialAction":[{"@type":"SearchAction","target":{"@type":"EntryPoint","urlTemplate":"https:\/\/www.design-award.cz\/?s={search_term_string}"},"query-input":{"@type":"PropertyValueSpecification","valueRequired":true,"valueName":"search_term_string"}}],"inLanguage":"cs"},{"@type":"Organization","@id":"https:\/\/www.design-award.cz\/#organization","name":"Design Award","url":"https:\/\/www.design-award.cz\/","logo":{"@type":"ImageObject","inLanguage":"cs","@id":"https:\/\/www.design-award.cz\/#\/schema\/logo\/image\/","url":"http:\/\/www.design-award.cz\/wp-content\/uploads\/2021\/12\/hornilogo_design-award.png","contentUrl":"http:\/\/www.design-award.cz\/wp-content\/uploads\/2021\/12\/hornilogo_design-award.png","width":800,"height":600,"caption":"Design Award"},"image":{"@id":"https:\/\/www.design-award.cz\/#\/schema\/logo\/image\/"},"sameAs":["https:\/\/www.instagram.com\/design_award\/"]}]}},"_links":{"self":[{"href":"https:\/\/www.design-award.cz\/index.php?rest_route=\/wp\/v2\/portfolio\/4635","targetHints":{"allow":["GET"]}}],"collection":[{"href":"https:\/\/www.design-award.cz\/index.php?rest_route=\/wp\/v2\/portfolio"}],"about":[{"href":"https:\/\/www.design-award.cz\/index.php?rest_route=\/wp\/v2\/types\/portfolio"}],"author":[{"embeddable":true,"href":"https:\/\/www.design-award.cz\/index.php?rest_route=\/wp\/v2\/users\/2"}],"replies":[{"embeddable":true,"href":"https:\/\/www.design-award.cz\/index.php?rest_route=%2Fwp%2Fv2%2Fcomments&post=4635"}],"version-history":[{"count":1,"href":"https:\/\/www.design-award.cz\/index.php?rest_route=\/wp\/v2\/portfolio\/4635\/revisions"}],"predecessor-version":[{"id":4640,"href":"https:\/\/www.design-award.cz\/index.php?rest_route=\/wp\/v2\/portfolio\/4635\/revisions\/4640"}],"wp:featuredmedia":[{"embeddable":true,"href":"https:\/\/www.design-award.cz\/index.php?rest_route=\/wp\/v2\/media\/4638"}],"wp:attachment":[{"href":"https:\/\/www.design-award.cz\/index.php?rest_route=%2Fwp%2Fv2%2Fmedia&parent=4635"}],"wp:term":[{"taxonomy":"portfolio_category","embeddable":true,"href":"https:\/\/www.design-award.cz\/index.php?rest_route=%2Fwp%2Fv2%2Fportfolio_category&post=4635"},{"taxonomy":"portfolio_tag","embeddable":true,"href":"https:\/\/www.design-award.cz\/index.php?rest_route=%2Fwp%2Fv2%2Fportfolio_tag&post=4635"}],"curies":[{"name":"wp","href":"https:\/\/api.w.org\/{rel}","templated":true}]}}