{"id":4641,"date":"2025-06-01T18:27:17","date_gmt":"2025-06-01T18:27:17","guid":{"rendered":"https:\/\/www.design-award.cz\/?post_type=portfolio&#038;p=4641"},"modified":"2025-06-12T07:54:09","modified_gmt":"2025-06-12T07:54:09","slug":"interierovy-design-rekreacni-objekt-tyson","status":"publish","type":"portfolio","link":"https:\/\/www.design-award.cz\/?portfolio=interierovy-design-rekreacni-objekt-tyson","title":{"rendered":"Interi\u00e9rov\u00fd design &#8211; Rekrea\u010dn\u00ed objekt Tyson"},"content":{"rendered":"\n<p><strong>Luk\u00e1\u0161 Chlad<br><\/strong><br>Akademie Sv\u011btl\u00e1 nad S\u00e1zavou, st\u0159edn\u00ed \u0161kola a vy\u0161\u0161\u00ed odborn\u00e1 \u0161kola<br><br>Chata je ur\u010dena pro plnohodnotn\u00e9 \u00fa\u010dely v\u011bt\u0161\u00edho rekrea\u010dn\u00edho objektu. D\u016fm m\u00e1 obd\u00e9ln\u00edkov\u00fd p\u016fdorys se sedlovou st\u0159echou, dispozice 3+kk. Velk\u00e9 okna kr\u00e1sn\u011b prosv\u011btluj\u00ed cel\u00fd interi\u00e9r a z\u00e1rove\u0148 poskytuj\u00ed p\u0159\u00edm\u00e9 spojen\u00ed s venkovn\u00ed terasou. Centr\u00e1ln\u00ed m\u00edstnost tvo\u0159\u00ed ob\u00fdvac\u00ed pokoj, kter\u00fd je spojen s kuchyn\u00ed. Tento prostor je otev\u0159en do krovu, \u010d\u00edm\u017e dod\u00e1v\u00e1 pocit vzdu\u0161nosti cel\u00e9mu domu. Ze z\u00e1dve\u0159\u00ed je p\u0159\u00edstupn\u00e1 prostorn\u00e1 koupelna s toaletou a schodi\u0161t\u011b do podkrov\u00ed. V podkrov\u00ed je um\u00edst\u011bna odpo\u010dinkov\u00e1 \u010d\u00e1st domu s kinem.<br><br>Interi\u00e9r m\u00e9 rekrea\u010dn\u00ed horsk\u00e9 rekrea\u010dn\u00ed chaty je navr\u017een v duchu High-tech estetiky, kter\u00e1 stav\u00ed na technologick\u00e9 jednoduchosti, geometrick\u00e9 \u010distot\u011b a efektivn\u00edm vyu\u017eit\u00ed prostoru. Cel\u00fd objekt je sjednocen sv\u011bteln\u00fdm konceptem zalo\u017een\u00fdm na LED p\u00e1sk\u00e1ch, kter\u00e9 tvo\u0159\u00ed hlavn\u00ed zdroj osv\u011btlen\u00ed a z\u00e1rove\u0148 zv\u00fdraz\u0148uj\u00ed architektonick\u00e9 linie i n\u00e1bytkov\u00e9 detaily. Sv\u011btlo se dynamicky m\u011bn\u00ed podle z\u00f3n, \u010d\u00edm\u017e podtrhuje atmosf\u00e9ru a funkci jednotliv\u00fdch \u010d\u00e1st\u00ed interi\u00e9ru.<br><br>Barevn\u00e1 paleta interi\u00e9ru vych\u00e1z\u00ed z principu RGB \u2013 z\u00e1kladn\u00edch slo\u017eek barevn\u00e9ho modelu vyu\u017e\u00edvan\u00e9ho v digit\u00e1ln\u00ed technologii (Red, Green, Blue). Tyto t\u0159i barvy se prom\u00edtaj\u00ed do podsv\u00edcen\u00ed a akcent\u016f v jednotliv\u00fdch \u010d\u00e1stech interi\u00e9ru, nap\u0159\u00edklad: zelen\u00e1 v koupeln\u011b, modr\u00e1 v kuchyni a \u010derven\u00e1 v lo\u017enici. Tento koncept nejen odkazuje na technologick\u00e9 prost\u0159ed\u00ed, ale z\u00e1rove\u0148 pom\u00e1h\u00e1 prostorov\u011b a pocitov\u011b odli\u0161it jednotliv\u00e9 z\u00f3ny.<br><br>V interi\u00e9ru se propojuj\u00ed kontrastn\u00ed materi\u00e1ly a barvy \u2013 p\u0159evl\u00e1daj\u00ed odst\u00edny b\u00edl\u00e9, \u010dern\u00e9 a \u0161ed\u00e9, dopln\u011bn\u00e9 pr\u00e1v\u011b RGB akcenty. N\u00e1bytek je tvarov\u011b v\u00fdrazn\u00fd, \u010dasto se zaoblen\u00fdmi hranami a prvky futuristick\u00e9ho designu. Dispozice objektu zahrnuje t\u0159i lo\u017enice, centr\u00e1ln\u00ed obytn\u00fd prostor s kuchy\u0148skou a j\u00eddeln\u00ed \u010d\u00e1st\u00ed a koupelnu s integrovanou pra\u010dkou, kter\u00e1 je zasazena do neobvykl\u00e9ho tvaru koupelnov\u00e9 sk\u0159\u00ed\u0148ky. Interi\u00e9r je navrhnut z materi\u00e1l\u016f, kter\u00e9 jsou \u010dast\u00e9 pro styl High-tech, jedn\u00e1 se o &nbsp;sklo, plast, plexisklo, kov a MDF desky, kter\u00e9 se daj\u00ed velice dob\u0159e oh\u00fdbat.<\/p>\n\n\n\n<figure class=\"wp-block-image size-large\"><img decoding=\"async\" width=\"723\" height=\"1024\" data-src=\"http:\/\/www.design-award.cz\/wp-content\/uploads\/2025\/06\/chlad_lukas_plakat-tyson-723x1024.jpg\" alt=\"\" class=\"wp-image-4642 lazyload\" data-srcset=\"https:\/\/www.design-award.cz\/wp-content\/uploads\/2025\/06\/chlad_lukas_plakat-tyson-723x1024.jpg 723w, https:\/\/www.design-award.cz\/wp-content\/uploads\/2025\/06\/chlad_lukas_plakat-tyson-212x300.jpg 212w, https:\/\/www.design-award.cz\/wp-content\/uploads\/2025\/06\/chlad_lukas_plakat-tyson-768x1087.jpg 768w, https:\/\/www.design-award.cz\/wp-content\/uploads\/2025\/06\/chlad_lukas_plakat-tyson-1085x1536.jpg 1085w, https:\/\/www.design-award.cz\/wp-content\/uploads\/2025\/06\/chlad_lukas_plakat-tyson-1446x2048.jpg 1446w, https:\/\/www.design-award.cz\/wp-content\/uploads\/2025\/06\/chlad_lukas_plakat-tyson-500x708.jpg 500w, https:\/\/www.design-award.cz\/wp-content\/uploads\/2025\/06\/chlad_lukas_plakat-tyson-800x1133.jpg 800w, https:\/\/www.design-award.cz\/wp-content\/uploads\/2025\/06\/chlad_lukas_plakat-tyson-1280x1812.jpg 1280w, https:\/\/www.design-award.cz\/wp-content\/uploads\/2025\/06\/chlad_lukas_plakat-tyson-1920x2719.jpg 1920w, https:\/\/www.design-award.cz\/wp-content\/uploads\/2025\/06\/chlad_lukas_plakat-tyson-scaled.jpg 1808w\" data-sizes=\"(max-width: 723px) 100vw, 723px\" src=\"data:image\/svg+xml;base64,PHN2ZyB3aWR0aD0iMSIgaGVpZ2h0PSIxIiB4bWxucz0iaHR0cDovL3d3dy53My5vcmcvMjAwMC9zdmciPjwvc3ZnPg==\" style=\"--smush-placeholder-width: 723px; --smush-placeholder-aspect-ratio: 723\/1024;\" \/><\/figure>\n\n\n\n<figure class=\"wp-block-image size-large\"><img decoding=\"async\" width=\"1024\" height=\"576\" data-src=\"http:\/\/www.design-award.cz\/wp-content\/uploads\/2025\/06\/ren30-1024x576.jpg\" alt=\"\" class=\"wp-image-4802 lazyload\" data-srcset=\"https:\/\/www.design-award.cz\/wp-content\/uploads\/2025\/06\/ren30-1024x576.jpg 1024w, https:\/\/www.design-award.cz\/wp-content\/uploads\/2025\/06\/ren30-300x169.jpg 300w, https:\/\/www.design-award.cz\/wp-content\/uploads\/2025\/06\/ren30-768x432.jpg 768w, https:\/\/www.design-award.cz\/wp-content\/uploads\/2025\/06\/ren30-800x450.jpg 800w, https:\/\/www.design-award.cz\/wp-content\/uploads\/2025\/06\/ren30-500x281.jpg 500w, https:\/\/www.design-award.cz\/wp-content\/uploads\/2025\/06\/ren30-1280x720.jpg 1280w, https:\/\/www.design-award.cz\/wp-content\/uploads\/2025\/06\/ren30.jpg 1500w\" data-sizes=\"(max-width: 1024px) 100vw, 1024px\" src=\"data:image\/svg+xml;base64,PHN2ZyB3aWR0aD0iMSIgaGVpZ2h0PSIxIiB4bWxucz0iaHR0cDovL3d3dy53My5vcmcvMjAwMC9zdmciPjwvc3ZnPg==\" style=\"--smush-placeholder-width: 1024px; --smush-placeholder-aspect-ratio: 1024\/576;\" \/><\/figure>\n\n\n\n<figure class=\"wp-block-image size-large\"><img decoding=\"async\" width=\"1024\" height=\"576\" data-src=\"http:\/\/www.design-award.cz\/wp-content\/uploads\/2025\/06\/ren13b-1024x576.jpg\" alt=\"\" class=\"wp-image-4644 lazyload\" data-srcset=\"https:\/\/www.design-award.cz\/wp-content\/uploads\/2025\/06\/ren13b-1024x576.jpg 1024w, https:\/\/www.design-award.cz\/wp-content\/uploads\/2025\/06\/ren13b-300x169.jpg 300w, https:\/\/www.design-award.cz\/wp-content\/uploads\/2025\/06\/ren13b-768x432.jpg 768w, https:\/\/www.design-award.cz\/wp-content\/uploads\/2025\/06\/ren13b-800x450.jpg 800w, https:\/\/www.design-award.cz\/wp-content\/uploads\/2025\/06\/ren13b-500x281.jpg 500w, https:\/\/www.design-award.cz\/wp-content\/uploads\/2025\/06\/ren13b-1280x720.jpg 1280w, https:\/\/www.design-award.cz\/wp-content\/uploads\/2025\/06\/ren13b.jpg 1500w\" data-sizes=\"(max-width: 1024px) 100vw, 1024px\" src=\"data:image\/svg+xml;base64,PHN2ZyB3aWR0aD0iMSIgaGVpZ2h0PSIxIiB4bWxucz0iaHR0cDovL3d3dy53My5vcmcvMjAwMC9zdmciPjwvc3ZnPg==\" style=\"--smush-placeholder-width: 1024px; --smush-placeholder-aspect-ratio: 1024\/576;\" \/><\/figure>\n\n\n\n<figure class=\"wp-block-image size-large\"><img decoding=\"async\" width=\"1024\" height=\"576\" data-src=\"http:\/\/www.design-award.cz\/wp-content\/uploads\/2025\/06\/ren11b-1024x576.jpg\" alt=\"\" class=\"wp-image-4643 lazyload\" data-srcset=\"https:\/\/www.design-award.cz\/wp-content\/uploads\/2025\/06\/ren11b-1024x576.jpg 1024w, https:\/\/www.design-award.cz\/wp-content\/uploads\/2025\/06\/ren11b-300x169.jpg 300w, https:\/\/www.design-award.cz\/wp-content\/uploads\/2025\/06\/ren11b-768x432.jpg 768w, https:\/\/www.design-award.cz\/wp-content\/uploads\/2025\/06\/ren11b-800x450.jpg 800w, https:\/\/www.design-award.cz\/wp-content\/uploads\/2025\/06\/ren11b-500x281.jpg 500w, https:\/\/www.design-award.cz\/wp-content\/uploads\/2025\/06\/ren11b-1280x720.jpg 1280w, https:\/\/www.design-award.cz\/wp-content\/uploads\/2025\/06\/ren11b.jpg 1500w\" data-sizes=\"(max-width: 1024px) 100vw, 1024px\" src=\"data:image\/svg+xml;base64,PHN2ZyB3aWR0aD0iMSIgaGVpZ2h0PSIxIiB4bWxucz0iaHR0cDovL3d3dy53My5vcmcvMjAwMC9zdmciPjwvc3ZnPg==\" style=\"--smush-placeholder-width: 1024px; --smush-placeholder-aspect-ratio: 1024\/576;\" \/><\/figure>\n\n\n\n<figure class=\"wp-block-image size-large\"><img decoding=\"async\" width=\"1024\" height=\"576\" data-src=\"http:\/\/www.design-award.cz\/wp-content\/uploads\/2025\/06\/ren37b-1024x576.jpg\" alt=\"\" class=\"wp-image-4645 lazyload\" data-srcset=\"https:\/\/www.design-award.cz\/wp-content\/uploads\/2025\/06\/ren37b-1024x576.jpg 1024w, https:\/\/www.design-award.cz\/wp-content\/uploads\/2025\/06\/ren37b-300x169.jpg 300w, https:\/\/www.design-award.cz\/wp-content\/uploads\/2025\/06\/ren37b-768x432.jpg 768w, https:\/\/www.design-award.cz\/wp-content\/uploads\/2025\/06\/ren37b-800x450.jpg 800w, https:\/\/www.design-award.cz\/wp-content\/uploads\/2025\/06\/ren37b-500x281.jpg 500w, https:\/\/www.design-award.cz\/wp-content\/uploads\/2025\/06\/ren37b-1280x720.jpg 1280w, https:\/\/www.design-award.cz\/wp-content\/uploads\/2025\/06\/ren37b.jpg 1500w\" data-sizes=\"(max-width: 1024px) 100vw, 1024px\" src=\"data:image\/svg+xml;base64,PHN2ZyB3aWR0aD0iMSIgaGVpZ2h0PSIxIiB4bWxucz0iaHR0cDovL3d3dy53My5vcmcvMjAwMC9zdmciPjwvc3ZnPg==\" style=\"--smush-placeholder-width: 1024px; --smush-placeholder-aspect-ratio: 1024\/576;\" \/><\/figure>\n\n\n\n<figure class=\"wp-block-image size-large\"><img decoding=\"async\" width=\"1024\" height=\"724\" data-src=\"http:\/\/www.design-award.cz\/wp-content\/uploads\/2025\/06\/tech_vykres-1024x724.jpg\" alt=\"\" class=\"wp-image-4646 lazyload\" data-srcset=\"https:\/\/www.design-award.cz\/wp-content\/uploads\/2025\/06\/tech_vykres-1024x724.jpg 1024w, https:\/\/www.design-award.cz\/wp-content\/uploads\/2025\/06\/tech_vykres-300x212.jpg 300w, https:\/\/www.design-award.cz\/wp-content\/uploads\/2025\/06\/tech_vykres-768x543.jpg 768w, https:\/\/www.design-award.cz\/wp-content\/uploads\/2025\/06\/tech_vykres-1536x1086.jpg 1536w, https:\/\/www.design-award.cz\/wp-content\/uploads\/2025\/06\/tech_vykres-2048x1448.jpg 2048w, https:\/\/www.design-award.cz\/wp-content\/uploads\/2025\/06\/tech_vykres-500x354.jpg 500w, https:\/\/www.design-award.cz\/wp-content\/uploads\/2025\/06\/tech_vykres-800x566.jpg 800w, https:\/\/www.design-award.cz\/wp-content\/uploads\/2025\/06\/tech_vykres-1280x905.jpg 1280w, https:\/\/www.design-award.cz\/wp-content\/uploads\/2025\/06\/tech_vykres-1920x1358.jpg 1920w\" data-sizes=\"(max-width: 1024px) 100vw, 1024px\" src=\"data:image\/svg+xml;base64,PHN2ZyB3aWR0aD0iMSIgaGVpZ2h0PSIxIiB4bWxucz0iaHR0cDovL3d3dy53My5vcmcvMjAwMC9zdmciPjwvc3ZnPg==\" style=\"--smush-placeholder-width: 1024px; --smush-placeholder-aspect-ratio: 1024\/724;\" \/><\/figure>\n","protected":false},"excerpt":{"rendered":"<p>Luk\u00e1\u0161 ChladAkademie Sv\u011btl\u00e1 nad S\u00e1zavou, st\u0159edn\u00ed \u0161kola a vy\u0161\u0161\u00ed odborn\u00e1 \u0161kola Chata je ur\u010dena pro plnohodnotn\u00e9 \u00fa\u010dely v\u011bt\u0161\u00edho rekrea\u010dn\u00edho objektu. D\u016fm m\u00e1 obd\u00e9ln\u00edkov\u00fd p\u016fdorys se sedlovou st\u0159echou, dispozice 3+kk. Velk\u00e9 okna kr\u00e1sn\u011b prosv\u011btluj\u00ed cel\u00fd interi\u00e9r a z\u00e1rove\u0148 poskytuj\u00ed p\u0159\u00edm\u00e9 spojen\u00ed s venkovn\u00ed terasou. Centr\u00e1ln\u00ed m\u00edstnost tvo\u0159\u00ed ob\u00fdvac\u00ed pokoj, kter\u00fd je spojen s kuchyn\u00ed. Tento prostor [&hellip;]<\/p>\n","protected":false},"author":2,"featured_media":4801,"menu_order":0,"comment_status":"closed","ping_status":"closed","template":"","format":"standard","meta":{"ngg_post_thumbnail":0,"ocean_post_layout":"","ocean_both_sidebars_style":"","ocean_both_sidebars_content_width":0,"ocean_both_sidebars_sidebars_width":0,"ocean_sidebar":"","ocean_second_sidebar":"","ocean_disable_margins":"enable","ocean_add_body_class":"","ocean_shortcode_before_top_bar":"","ocean_shortcode_after_top_bar":"","ocean_shortcode_before_header":"","ocean_shortcode_after_header":"","ocean_has_shortcode":"","ocean_shortcode_after_title":"","ocean_shortcode_before_footer_widgets":"","ocean_shortcode_after_footer_widgets":"","ocean_shortcode_before_footer_bottom":"","ocean_shortcode_after_footer_bottom":"","ocean_display_top_bar":"default","ocean_display_header":"default","ocean_header_style":"","ocean_center_header_left_menu":"","ocean_custom_header_template":"","ocean_custom_logo":0,"ocean_custom_retina_logo":0,"ocean_custom_logo_max_width":0,"ocean_custom_logo_tablet_max_width":0,"ocean_custom_logo_mobile_max_width":0,"ocean_custom_logo_max_height":0,"ocean_custom_logo_tablet_max_height":0,"ocean_custom_logo_mobile_max_height":0,"ocean_header_custom_menu":"","ocean_menu_typo_font_family":"","ocean_menu_typo_font_subset":"","ocean_menu_typo_font_size":0,"ocean_menu_typo_font_size_tablet":0,"ocean_menu_typo_font_size_mobile":0,"ocean_menu_typo_font_size_unit":"px","ocean_menu_typo_font_weight":"","ocean_menu_typo_font_weight_tablet":"","ocean_menu_typo_font_weight_mobile":"","ocean_menu_typo_transform":"","ocean_menu_typo_transform_tablet":"","ocean_menu_typo_transform_mobile":"","ocean_menu_typo_line_height":0,"ocean_menu_typo_line_height_tablet":0,"ocean_menu_typo_line_height_mobile":0,"ocean_menu_typo_line_height_unit":"","ocean_menu_typo_spacing":0,"ocean_menu_typo_spacing_tablet":0,"ocean_menu_typo_spacing_mobile":0,"ocean_menu_typo_spacing_unit":"","ocean_menu_link_color":"","ocean_menu_link_color_hover":"","ocean_menu_link_color_active":"","ocean_menu_link_background":"","ocean_menu_link_hover_background":"","ocean_menu_link_active_background":"","ocean_menu_social_links_bg":"","ocean_menu_social_hover_links_bg":"","ocean_menu_social_links_color":"","ocean_menu_social_hover_links_color":"","ocean_disable_title":"default","ocean_disable_heading":"default","ocean_post_title":"","ocean_post_subheading":"","ocean_post_title_style":"","ocean_post_title_background_color":"","ocean_post_title_background":0,"ocean_post_title_bg_image_position":"","ocean_post_title_bg_image_attachment":"","ocean_post_title_bg_image_repeat":"","ocean_post_title_bg_image_size":"","ocean_post_title_height":0,"ocean_post_title_bg_overlay":0.5,"ocean_post_title_bg_overlay_color":"","ocean_disable_breadcrumbs":"default","ocean_breadcrumbs_color":"","ocean_breadcrumbs_separator_color":"","ocean_breadcrumbs_links_color":"","ocean_breadcrumbs_links_hover_color":"","ocean_display_footer_widgets":"default","ocean_display_footer_bottom":"default","ocean_custom_footer_template":"","_vp_format_video_url":"","_vp_image_focal_point":[],"footnotes":""},"portfolio_category":[],"portfolio_tag":[],"class_list":["post-4641","portfolio","type-portfolio","status-publish","format-standard","has-post-thumbnail","hentry","entry","has-media"],"yoast_head":"<!-- This site is optimized with the Yoast SEO plugin v25.2 - https:\/\/yoast.com\/wordpress\/plugins\/seo\/ -->\n<title>Interi\u00e9rov\u00fd design - Rekrea\u010dn\u00ed objekt Tyson - design-award.cz<\/title>\n<meta name=\"robots\" content=\"index, follow, max-snippet:-1, max-image-preview:large, max-video-preview:-1\" \/>\n<link rel=\"canonical\" href=\"https:\/\/www.design-award.cz\/?portfolio=interierovy-design-rekreacni-objekt-tyson\" \/>\n<meta property=\"og:locale\" content=\"cs_CZ\" \/>\n<meta property=\"og:type\" content=\"article\" \/>\n<meta property=\"og:title\" content=\"Interi\u00e9rov\u00fd design - Rekrea\u010dn\u00ed objekt Tyson - design-award.cz\" \/>\n<meta property=\"og:description\" content=\"Luk\u00e1\u0161 ChladAkademie Sv\u011btl\u00e1 nad S\u00e1zavou, st\u0159edn\u00ed \u0161kola a vy\u0161\u0161\u00ed odborn\u00e1 \u0161kola Chata je ur\u010dena pro plnohodnotn\u00e9 \u00fa\u010dely v\u011bt\u0161\u00edho rekrea\u010dn\u00edho objektu. D\u016fm m\u00e1 obd\u00e9ln\u00edkov\u00fd p\u016fdorys se sedlovou st\u0159echou, dispozice 3+kk. Velk\u00e9 okna kr\u00e1sn\u011b prosv\u011btluj\u00ed cel\u00fd interi\u00e9r a z\u00e1rove\u0148 poskytuj\u00ed p\u0159\u00edm\u00e9 spojen\u00ed s venkovn\u00ed terasou. Centr\u00e1ln\u00ed m\u00edstnost tvo\u0159\u00ed ob\u00fdvac\u00ed pokoj, kter\u00fd je spojen s kuchyn\u00ed. Tento prostor [&hellip;]\" \/>\n<meta property=\"og:url\" content=\"https:\/\/www.design-award.cz\/?portfolio=interierovy-design-rekreacni-objekt-tyson\" \/>\n<meta property=\"og:site_name\" content=\"design-award.cz\" \/>\n<meta property=\"article:modified_time\" content=\"2025-06-12T07:54:09+00:00\" \/>\n<meta property=\"og:image\" content=\"http:\/\/www.design-award.cz\/wp-content\/uploads\/2025\/06\/ren10b.jpg\" \/>\n\t<meta property=\"og:image:width\" content=\"1500\" \/>\n\t<meta property=\"og:image:height\" content=\"844\" \/>\n\t<meta property=\"og:image:type\" content=\"image\/jpeg\" \/>\n<meta name=\"twitter:card\" content=\"summary_large_image\" \/>\n<meta name=\"twitter:label1\" content=\"Odhadovan\u00e1 doba \u010dten\u00ed\" \/>\n\t<meta name=\"twitter:data1\" content=\"3 minuty\" \/>\n<script type=\"application\/ld+json\" class=\"yoast-schema-graph\">{\"@context\":\"https:\/\/schema.org\",\"@graph\":[{\"@type\":\"WebPage\",\"@id\":\"https:\/\/www.design-award.cz\/?portfolio=interierovy-design-rekreacni-objekt-tyson\",\"url\":\"https:\/\/www.design-award.cz\/?portfolio=interierovy-design-rekreacni-objekt-tyson\",\"name\":\"Interi\u00e9rov\u00fd design - Rekrea\u010dn\u00ed objekt Tyson - design-award.cz\",\"isPartOf\":{\"@id\":\"https:\/\/www.design-award.cz\/#website\"},\"primaryImageOfPage\":{\"@id\":\"https:\/\/www.design-award.cz\/?portfolio=interierovy-design-rekreacni-objekt-tyson#primaryimage\"},\"image\":{\"@id\":\"https:\/\/www.design-award.cz\/?portfolio=interierovy-design-rekreacni-objekt-tyson#primaryimage\"},\"thumbnailUrl\":\"https:\/\/www.design-award.cz\/wp-content\/uploads\/2025\/06\/ren10b.jpg\",\"datePublished\":\"2025-06-01T18:27:17+00:00\",\"dateModified\":\"2025-06-12T07:54:09+00:00\",\"breadcrumb\":{\"@id\":\"https:\/\/www.design-award.cz\/?portfolio=interierovy-design-rekreacni-objekt-tyson#breadcrumb\"},\"inLanguage\":\"cs\",\"potentialAction\":[{\"@type\":\"ReadAction\",\"target\":[\"https:\/\/www.design-award.cz\/?portfolio=interierovy-design-rekreacni-objekt-tyson\"]}]},{\"@type\":\"ImageObject\",\"inLanguage\":\"cs\",\"@id\":\"https:\/\/www.design-award.cz\/?portfolio=interierovy-design-rekreacni-objekt-tyson#primaryimage\",\"url\":\"https:\/\/www.design-award.cz\/wp-content\/uploads\/2025\/06\/ren10b.jpg\",\"contentUrl\":\"https:\/\/www.design-award.cz\/wp-content\/uploads\/2025\/06\/ren10b.jpg\",\"width\":1500,\"height\":844},{\"@type\":\"BreadcrumbList\",\"@id\":\"https:\/\/www.design-award.cz\/?portfolio=interierovy-design-rekreacni-objekt-tyson#breadcrumb\",\"itemListElement\":[{\"@type\":\"ListItem\",\"position\":1,\"name\":\"Dom\u016f\",\"item\":\"https:\/\/www.design-award.cz\/\"},{\"@type\":\"ListItem\",\"position\":2,\"name\":\"Portfolio Items\",\"item\":\"https:\/\/www.design-award.cz\/?post_type=portfolio\"},{\"@type\":\"ListItem\",\"position\":3,\"name\":\"Interi\u00e9rov\u00fd design &#8211; Rekrea\u010dn\u00ed objekt Tyson\"}]},{\"@type\":\"WebSite\",\"@id\":\"https:\/\/www.design-award.cz\/#website\",\"url\":\"https:\/\/www.design-award.cz\/\",\"name\":\"design-award.cz\",\"description\":\"WARD vznikla v roce 2022. Je ur\u010dena p\u0159edev\u0161\u00edm student\u016fm st\u0159edn\u00edch um\u011bleck\u00fdch \u0161kol (S\u0160 a VO\u0160), kte\u0159\u00ed mohou bezplatn\u011b zaslat sv\u00e9 n\u00e1vrhy v uveden\u00fdch kategori\u00ed a tak pom\u011b\u0159it sv\u00e9 n\u00e1pady s konkurenc\u00ed sv\u00fdch vrstevn\u00edk\u016f. N\u00e1vrhy jsou n\u00e1sledn\u011b posouzeny nez\u00e1vislou porotou z \u0159ad v\u00fdtvarn\u00edk\u016f, pedagog\u016f a profesion\u00e1l\u016f z oboru.\",\"publisher\":{\"@id\":\"https:\/\/www.design-award.cz\/#organization\"},\"potentialAction\":[{\"@type\":\"SearchAction\",\"target\":{\"@type\":\"EntryPoint\",\"urlTemplate\":\"https:\/\/www.design-award.cz\/?s={search_term_string}\"},\"query-input\":{\"@type\":\"PropertyValueSpecification\",\"valueRequired\":true,\"valueName\":\"search_term_string\"}}],\"inLanguage\":\"cs\"},{\"@type\":\"Organization\",\"@id\":\"https:\/\/www.design-award.cz\/#organization\",\"name\":\"Design Award\",\"url\":\"https:\/\/www.design-award.cz\/\",\"logo\":{\"@type\":\"ImageObject\",\"inLanguage\":\"cs\",\"@id\":\"https:\/\/www.design-award.cz\/#\/schema\/logo\/image\/\",\"url\":\"http:\/\/www.design-award.cz\/wp-content\/uploads\/2021\/12\/hornilogo_design-award.png\",\"contentUrl\":\"http:\/\/www.design-award.cz\/wp-content\/uploads\/2021\/12\/hornilogo_design-award.png\",\"width\":800,\"height\":600,\"caption\":\"Design Award\"},\"image\":{\"@id\":\"https:\/\/www.design-award.cz\/#\/schema\/logo\/image\/\"},\"sameAs\":[\"https:\/\/www.instagram.com\/design_award\/\"]}]}<\/script>\n<!-- \/ Yoast SEO plugin. -->","yoast_head_json":{"title":"Interi\u00e9rov\u00fd design - Rekrea\u010dn\u00ed objekt Tyson - design-award.cz","robots":{"index":"index","follow":"follow","max-snippet":"max-snippet:-1","max-image-preview":"max-image-preview:large","max-video-preview":"max-video-preview:-1"},"canonical":"https:\/\/www.design-award.cz\/?portfolio=interierovy-design-rekreacni-objekt-tyson","og_locale":"cs_CZ","og_type":"article","og_title":"Interi\u00e9rov\u00fd design - Rekrea\u010dn\u00ed objekt Tyson - design-award.cz","og_description":"Luk\u00e1\u0161 ChladAkademie Sv\u011btl\u00e1 nad S\u00e1zavou, st\u0159edn\u00ed \u0161kola a vy\u0161\u0161\u00ed odborn\u00e1 \u0161kola Chata je ur\u010dena pro plnohodnotn\u00e9 \u00fa\u010dely v\u011bt\u0161\u00edho rekrea\u010dn\u00edho objektu. D\u016fm m\u00e1 obd\u00e9ln\u00edkov\u00fd p\u016fdorys se sedlovou st\u0159echou, dispozice 3+kk. Velk\u00e9 okna kr\u00e1sn\u011b prosv\u011btluj\u00ed cel\u00fd interi\u00e9r a z\u00e1rove\u0148 poskytuj\u00ed p\u0159\u00edm\u00e9 spojen\u00ed s venkovn\u00ed terasou. Centr\u00e1ln\u00ed m\u00edstnost tvo\u0159\u00ed ob\u00fdvac\u00ed pokoj, kter\u00fd je spojen s kuchyn\u00ed. Tento prostor [&hellip;]","og_url":"https:\/\/www.design-award.cz\/?portfolio=interierovy-design-rekreacni-objekt-tyson","og_site_name":"design-award.cz","article_modified_time":"2025-06-12T07:54:09+00:00","og_image":[{"width":1500,"height":844,"url":"http:\/\/www.design-award.cz\/wp-content\/uploads\/2025\/06\/ren10b.jpg","type":"image\/jpeg"}],"twitter_card":"summary_large_image","twitter_misc":{"Odhadovan\u00e1 doba \u010dten\u00ed":"3 minuty"},"schema":{"@context":"https:\/\/schema.org","@graph":[{"@type":"WebPage","@id":"https:\/\/www.design-award.cz\/?portfolio=interierovy-design-rekreacni-objekt-tyson","url":"https:\/\/www.design-award.cz\/?portfolio=interierovy-design-rekreacni-objekt-tyson","name":"Interi\u00e9rov\u00fd design - Rekrea\u010dn\u00ed objekt Tyson - design-award.cz","isPartOf":{"@id":"https:\/\/www.design-award.cz\/#website"},"primaryImageOfPage":{"@id":"https:\/\/www.design-award.cz\/?portfolio=interierovy-design-rekreacni-objekt-tyson#primaryimage"},"image":{"@id":"https:\/\/www.design-award.cz\/?portfolio=interierovy-design-rekreacni-objekt-tyson#primaryimage"},"thumbnailUrl":"https:\/\/www.design-award.cz\/wp-content\/uploads\/2025\/06\/ren10b.jpg","datePublished":"2025-06-01T18:27:17+00:00","dateModified":"2025-06-12T07:54:09+00:00","breadcrumb":{"@id":"https:\/\/www.design-award.cz\/?portfolio=interierovy-design-rekreacni-objekt-tyson#breadcrumb"},"inLanguage":"cs","potentialAction":[{"@type":"ReadAction","target":["https:\/\/www.design-award.cz\/?portfolio=interierovy-design-rekreacni-objekt-tyson"]}]},{"@type":"ImageObject","inLanguage":"cs","@id":"https:\/\/www.design-award.cz\/?portfolio=interierovy-design-rekreacni-objekt-tyson#primaryimage","url":"https:\/\/www.design-award.cz\/wp-content\/uploads\/2025\/06\/ren10b.jpg","contentUrl":"https:\/\/www.design-award.cz\/wp-content\/uploads\/2025\/06\/ren10b.jpg","width":1500,"height":844},{"@type":"BreadcrumbList","@id":"https:\/\/www.design-award.cz\/?portfolio=interierovy-design-rekreacni-objekt-tyson#breadcrumb","itemListElement":[{"@type":"ListItem","position":1,"name":"Dom\u016f","item":"https:\/\/www.design-award.cz\/"},{"@type":"ListItem","position":2,"name":"Portfolio Items","item":"https:\/\/www.design-award.cz\/?post_type=portfolio"},{"@type":"ListItem","position":3,"name":"Interi\u00e9rov\u00fd design &#8211; Rekrea\u010dn\u00ed objekt Tyson"}]},{"@type":"WebSite","@id":"https:\/\/www.design-award.cz\/#website","url":"https:\/\/www.design-award.cz\/","name":"design-award.cz","description":"WARD vznikla v roce 2022. Je ur\u010dena p\u0159edev\u0161\u00edm student\u016fm st\u0159edn\u00edch um\u011bleck\u00fdch \u0161kol (S\u0160 a VO\u0160), kte\u0159\u00ed mohou bezplatn\u011b zaslat sv\u00e9 n\u00e1vrhy v uveden\u00fdch kategori\u00ed a tak pom\u011b\u0159it sv\u00e9 n\u00e1pady s konkurenc\u00ed sv\u00fdch vrstevn\u00edk\u016f. N\u00e1vrhy jsou n\u00e1sledn\u011b posouzeny nez\u00e1vislou porotou z \u0159ad v\u00fdtvarn\u00edk\u016f, pedagog\u016f a profesion\u00e1l\u016f z oboru.","publisher":{"@id":"https:\/\/www.design-award.cz\/#organization"},"potentialAction":[{"@type":"SearchAction","target":{"@type":"EntryPoint","urlTemplate":"https:\/\/www.design-award.cz\/?s={search_term_string}"},"query-input":{"@type":"PropertyValueSpecification","valueRequired":true,"valueName":"search_term_string"}}],"inLanguage":"cs"},{"@type":"Organization","@id":"https:\/\/www.design-award.cz\/#organization","name":"Design Award","url":"https:\/\/www.design-award.cz\/","logo":{"@type":"ImageObject","inLanguage":"cs","@id":"https:\/\/www.design-award.cz\/#\/schema\/logo\/image\/","url":"http:\/\/www.design-award.cz\/wp-content\/uploads\/2021\/12\/hornilogo_design-award.png","contentUrl":"http:\/\/www.design-award.cz\/wp-content\/uploads\/2021\/12\/hornilogo_design-award.png","width":800,"height":600,"caption":"Design Award"},"image":{"@id":"https:\/\/www.design-award.cz\/#\/schema\/logo\/image\/"},"sameAs":["https:\/\/www.instagram.com\/design_award\/"]}]}},"_links":{"self":[{"href":"https:\/\/www.design-award.cz\/index.php?rest_route=\/wp\/v2\/portfolio\/4641","targetHints":{"allow":["GET"]}}],"collection":[{"href":"https:\/\/www.design-award.cz\/index.php?rest_route=\/wp\/v2\/portfolio"}],"about":[{"href":"https:\/\/www.design-award.cz\/index.php?rest_route=\/wp\/v2\/types\/portfolio"}],"author":[{"embeddable":true,"href":"https:\/\/www.design-award.cz\/index.php?rest_route=\/wp\/v2\/users\/2"}],"replies":[{"embeddable":true,"href":"https:\/\/www.design-award.cz\/index.php?rest_route=%2Fwp%2Fv2%2Fcomments&post=4641"}],"version-history":[{"count":2,"href":"https:\/\/www.design-award.cz\/index.php?rest_route=\/wp\/v2\/portfolio\/4641\/revisions"}],"predecessor-version":[{"id":4803,"href":"https:\/\/www.design-award.cz\/index.php?rest_route=\/wp\/v2\/portfolio\/4641\/revisions\/4803"}],"wp:featuredmedia":[{"embeddable":true,"href":"https:\/\/www.design-award.cz\/index.php?rest_route=\/wp\/v2\/media\/4801"}],"wp:attachment":[{"href":"https:\/\/www.design-award.cz\/index.php?rest_route=%2Fwp%2Fv2%2Fmedia&parent=4641"}],"wp:term":[{"taxonomy":"portfolio_category","embeddable":true,"href":"https:\/\/www.design-award.cz\/index.php?rest_route=%2Fwp%2Fv2%2Fportfolio_category&post=4641"},{"taxonomy":"portfolio_tag","embeddable":true,"href":"https:\/\/www.design-award.cz\/index.php?rest_route=%2Fwp%2Fv2%2Fportfolio_tag&post=4641"}],"curies":[{"name":"wp","href":"https:\/\/api.w.org\/{rel}","templated":true}]}}